{"id":1308,"date":"2024-06-18T08:46:49","date_gmt":"2024-06-18T11:46:49","guid":{"rendered":"https:\/\/www2.uepg.br\/computacaoaplicada\/?page_id=1308"},"modified":"2026-03-13T11:12:19","modified_gmt":"2026-03-13T14:12:19","slug":"egressos","status":"publish","type":"page","link":"https:\/\/www2.uepg.br\/computacaoaplicada\/egressos\/","title":{"rendered":"Egressos"},"content":{"rendered":"<table style=\"width: 100%;border-collapse: collapse\">\n<tbody><!-- Linha 1 --><\/p>\n<tr><!-- Coluna 1: Imagem, Nome e Demais Informa\u00e7\u00f5es --><\/p>\n<td style=\"width: 33.33%;text-align: center;vertical-align: middle;padding: 10px\">\n<div><\/div>\n<\/td>\n<p><!-- Coluna 2: Imagem, Nome e Demais Informa\u00e7\u00f5es --><\/p>\n<td style=\"width: 33.33%;text-align: center;vertical-align: middle;padding: 10px\">\n<div style=\"flex-direction: column;align-items: center\"><\/div>\n<div>\n<div>\n<div style=\"flex-direction: column;align-items: center\"><span style=\"color: #008000\"><img style=\"width: 100px;height: 100px;object-fit: cover;border-radius: 50%\" src=\"https:\/\/www2.uepg.br\/computacaoaplicada\/wp-content\/uploads\/sites\/219\/2026\/03\/WhatsApp-Image-2026-03-13-at-10.26.46.jpeg\" alt=\"Imagem do Aluno\" \/><\/span><br \/>\n<span style=\"color: #008000\"><b>106. Mateus Felipe Ribeiro<\/b><\/span><strong style=\"font-family: inherit;font-size: inherit\"><span style=\"color: #008000\">: <\/span><\/strong><\/div>\n<div style=\"flex-direction: column;align-items: center\"><strong style=\"font-family: inherit;font-size: inherit\"><span style=\"color: #008000\">Disserta\u00e7\u00e3o: <\/span><\/strong><span style=\"color: #008000\">Da Floresta Secund\u00e1ria \u00e0 agricultura: Machine Learning e bioinform\u00e1tica na <\/span><span style=\"color: #008000\">avalia\u00e7\u00e3o dos efeitos do uso do solo sobre o microbioma ed\u00e1fico no estado do Paran\u00e1<\/span><\/div>\n<div><span style=\"color: #008000\"><strong>Orientador:<\/strong> Dr. Rafael Mazer Etto<\/span><\/div>\n<div><span style=\"color: #008000\"><span style=\"font-family: inherit;font-size: inherit\"><strong>Ocupa\u00e7\u00e3o atual:<\/strong> <span data-sheets-root=\"1\">Doutorando em Agronomia pela Universidade Estadual de Ponta Grossa.\u00a0\u00a0<\/span><\/span><\/span><\/div>\n<div><a href=\"https:\/\/lattes.cnpq.br\/9150508842184546\"><strong><span style=\"color: #008000\">Curr\u00edculo Lattes<\/span><\/strong><\/a><\/div>\n<\/div>\n<\/div>\n<\/td>\n<p><!-- Coluna 3: Imagem, Nome e Demais Informa\u00e7\u00f5es --><\/p>\n<td style=\"width: 33.33%;text-align: center;vertical-align: middle;padding: 10px\">\n<div style=\"flex-direction: column;align-items: center\"><\/div>\n<div>\n<div><\/div>\n<\/div>\n<\/td>\n<\/tr>\n<\/tbody>\n<tbody><!-- Linha 1 --><\/p>\n<tr><!-- Coluna 1: Imagem, Nome e Demais Informa\u00e7\u00f5es --><\/p>\n<td style=\"width: 33.33%;text-align: center;vertical-align: middle;padding: 10px\">\n<div style=\"flex-direction: column;align-items: center\"><span style=\"color: #008000\"><img style=\"width: 100px;height: 100px;object-fit: cover;border-radius: 50%\" src=\"https:\/\/www2.uepg.br\/computacaoaplicada\/wp-content\/uploads\/sites\/219\/2024\/06\/imagem_2024-06-20_194202180.png\" alt=\"Imagem do Aluno\" \/><\/span><br \/>\n<span style=\"color: #008000\"><b>103.Sullivan Louren\u00e7o da Silva<\/b><\/span><\/div>\n<div style=\"flex-direction: column;align-items: center\"><strong><span style=\"color: #008000\">Disserta\u00e7\u00e3o:\u00a0<\/span><\/strong><span style=\"color: #008000\"><a style=\"color: #008000\" href=\"https:\/\/tede2.uepg.br\/jspui\/handle\/prefix\/4526\">Fus\u00e3o de sensores na autolocaliza\u00e7\u00e3o de agrobots em ambientes internos: Uso combinado do algoritmo YOLO\u00a0e\u00a0dados\u00a0de\u00a0RSSI<\/a><\/span><\/div>\n<div><span style=\"color: #008000\"><strong>Orientador:<\/strong> Dr. Jos\u00e9 Carlos Ferreira da Rocha<\/span><\/div>\n<div><span style=\"color: #008000\"><span style=\"font-family: inherit;font-size: inherit\"><strong>Ocupa\u00e7\u00e3o atual:<\/strong> <span data-sheets-root=\"1\">\u200bAtua como Analista de Requisitos na KMM Sistemas.\u00a0\u00a0<\/span><\/span><\/span><\/div>\n<div><strong><span style=\"color: #008000\"><a style=\"font-family: inherit;font-size: inherit;color: #008000\" href=\"http:\/\/lattes.cnpq.br\/9771302033093443\">Curr\u00edculo Lattes<\/a><\/span><\/strong><\/div>\n<\/td>\n<p><!-- Coluna 2: Imagem, Nome e Demais Informa\u00e7\u00f5es --><\/p>\n<td style=\"width: 33.33%;text-align: center;vertical-align: middle;padding: 10px\">\n<div style=\"flex-direction: column;align-items: center\"><\/div>\n<div>\n<div><img style=\"flex-shrink: 0;margin-right: 10px;width: 100px;height: 100px;object-fit: cover;border-radius: 50%\" src=\"https:\/\/www2.uepg.br\/computacaoaplicada\/wp-content\/uploads\/sites\/219\/2025\/07\/emili..jpg\" alt=\"\" \/><br \/>\n<span style=\"color: #008000\"><b>104.Emili Everz Golombi\u00e9ski<\/b><\/span><\/div>\n<div><span style=\"color: #008000\"><strong>Disserta\u00e7\u00e3o:<\/strong> <a style=\"color: #008000\" href=\"https:\/\/tede2.uepg.br\/jspui\/handle\/prefix\/4449\">Modelo de integra\u00e7\u00e3o de dados clim\u00e1ticos e imagens na gest\u00e3o agr\u00edcola<\/a><\/span><br \/>\n<span style=\"color: #008000\"><strong>Orientadora:<\/strong> Dr\u00aa. Maria Salete Marcon Gomes Vaz<\/span><\/div>\n<div><span style=\"color: #008000\"><strong>Ocupa\u00e7\u00e3o Atual:<\/strong> <span data-sheets-root=\"1\">\u200bAtua como docente na UniCesumar e como engenheira rec\u00e9m-formada do projeto de extens\u00e3o \u201cTecnologias no Campo e Capacita\u00e7\u00e3o de Pequenos e M\u00e9dios Produtores Rurais\u201d, promovido pela UEPG,.\u00a0<\/span><\/span><\/div>\n<div><strong><span style=\"color: #008000\"><a style=\"color: #008000\" href=\"http:\/\/lattes.cnpq.br\/9358129710040186\">Curr\u00edculo Lattes<\/a><\/span><\/strong><\/div>\n<\/div>\n<\/td>\n<p><!-- Coluna 3: Imagem, Nome e Demais Informa\u00e7\u00f5es --><\/p>\n<td style=\"width: 33.33%;text-align: center;vertical-align: middle;padding: 10px\">\n<div style=\"flex-direction: column;align-items: center\"><\/div>\n<div>\n<div><img style=\"flex-shrink: 0;margin-right: 10px;width: 100px;height: 100px;object-fit: cover;border-radius: 50%\" src=\"https:\/\/www2.uepg.br\/computacaoaplicada\/wp-content\/uploads\/sites\/219\/2024\/06\/imagem_2024-06-20_192425758.png\" alt=\"\" \/><br \/>\n<span style=\"color: #008000\"><b>105.Gabriel Passos de Jesus<\/b><\/span><\/div>\n<div><span style=\"color: #008000\"><strong>Disserta\u00e7\u00e3o: <\/strong> <a style=\"color: #008000\" href=\"https:\/\/tede2.uepg.br\/jspui\/handle\/prefix\/4557\">Aprendizado de m\u00e1quina em dados de espectroscopia do infravermelho p\u0155oximo para estimativa do teor de carbono org\u00e2nico total no solo<\/a><\/span><br \/>\n<span style=\"color: #008000\"><strong>Orientador:<\/strong> Dr. Eduardo F\u00e1vero Caires<\/span><\/div>\n<div><span style=\"color: #008000\"><strong>Ocupa\u00e7\u00e3o Atual:<\/strong> Atua como docente na UniCesumar.\u00a0<\/span><\/div>\n<div><strong><span style=\"color: #008000\"><a style=\"color: #008000\" href=\"http:\/\/lattes.cnpq.br\/9928924222649468\">Curr\u00edculo Lattes<\/a><\/span><\/strong><\/div>\n<\/div>\n<\/td>\n<\/tr>\n<\/tbody>\n<tbody><!-- Linha 1 --><\/p>\n<tr><!-- Coluna 1: Imagem, Nome e Demais Informa\u00e7\u00f5es --><\/p>\n<td style=\"width: 33.33%;text-align: center;vertical-align: middle;padding: 10px\"><span style=\"color: #008000\"><img style=\"width: 100px;height: 100px;object-fit: cover;border-radius: 50%\" src=\"https:\/\/www2.uepg.br\/computacaoaplicada\/wp-content\/uploads\/sites\/219\/2024\/06\/joao.jpg\" alt=\"Imagem do Aluno\" \/><\/span><br \/>\n<span style=\"color: #008000\"><strong>100. Jo\u00e3o Paulo Mendes de Almeida<\/strong><\/span><br \/>\n<span style=\"color: #008000\"><strong>Disserta\u00e7\u00e3o<\/strong>: <a style=\"color: #008000\" href=\"https:\/\/tede2.uepg.br\/jspui\/handle\/prefix\/4094\">M\u00e9todos cl\u00e1ssicos e baseados em aprendizado de m\u00e1quina para previs\u00e3o de pre\u00e7o de tomate in natura<\/a><strong><br \/>\n<\/strong><strong style=\"font-family: inherit;font-size: inherit\">Orientadora:<\/strong><span style=\"font-family: inherit;font-size: inherit\"> Dr\u00aa. Alaine Margarete Guimar\u00e3es<\/span><\/span><br \/>\n<span style=\"color: #008000\"><strong>Ocupa\u00e7\u00e3o Atual:<\/strong> <span data-sheets-root=\"1\">Atua como Profissional T\u00e9cnico no Instituto de Desenvolvimento Rural do Paran\u00e1 (IDR-Paran\u00e1).\u00a0<\/span><\/span><br \/>\n<span style=\"color: #008000\"><a style=\"color: #008000\" href=\"http:\/\/lattes.cnpq.br\/7154305009303428\"><strong>Curr\u00edculo Lattes<\/strong><\/a><\/span><\/td>\n<p><!-- Coluna 2: Imagem, Nome e Demais Informa\u00e7\u00f5es --><\/p>\n<td style=\"width: 33.33%;text-align: center;vertical-align: middle;padding: 10px\">\n<div style=\"flex-direction: column;align-items: center\"><span style=\"color: #008000\"><img style=\"width: 100px;height: 100px;object-fit: cover;border-radius: 50%\" src=\"https:\/\/www2.uepg.br\/computacaoaplicada\/wp-content\/uploads\/sites\/219\/2024\/06\/imagem_2024-06-20_194106094.png\" alt=\"Imagem do Aluno\" \/><\/span><br \/>\n<span style=\"color: #008000\"><strong>101. Rovilson Endrigo Moraes<\/strong><\/span><br \/>\n<span style=\"color: #008000\"><strong>Disserta\u00e7\u00e3o<\/strong>: <a style=\"color: #008000\" href=\"https:\/\/tede2.uepg.br\/jspui\/handle\/prefix\/4276\">Avalia\u00e7\u00e3o do few shot learning para classifica\u00e7\u00e3o de imagens de produtividade da soja obtidas por aeronave remotamente pilotada<\/a><\/span><br \/>\n<span style=\"color: #008000\"><strong style=\"font-family: inherit;font-size: inherit\">Orientadora:<\/strong><span style=\"font-family: inherit;font-size: inherit\"> Dr\u00aa. Alaine Margarete Guimar\u00e3es<br \/>\n<\/span><strong style=\"font-family: inherit;font-size: inherit\">Ocupa\u00e7\u00e3o Atual:<\/strong><span style=\"font-family: inherit;font-size: inherit\"> <span data-sheets-root=\"1\">Atua como T\u00e9cnico de Tecnologia da Informa\u00e7\u00e3o no Instituto Federal do Paran\u00e1 (IFPR).<\/span><br \/>\n<\/span><a style=\"font-family: inherit;font-size: inherit;color: #008000\" href=\"http:\/\/lattes.cnpq.br\/9284734528180649\"><strong>Curr\u00edculo Lattes<\/strong><\/a><\/span><\/div>\n<\/td>\n<p><!-- Coluna 3: Imagem, Nome e Demais Informa\u00e7\u00f5es --><\/p>\n<td style=\"width: 33.33%;text-align: center;vertical-align: middle;padding: 10px\">\n<div style=\"flex-direction: column;align-items: center\">\n<div style=\"flex-direction: column;align-items: center\"><span style=\"color: #008000\"><img style=\"width: 100px;height: 100px;object-fit: cover;border-radius: 50%\" src=\"https:\/\/www2.uepg.br\/computacaoaplicada\/wp-content\/uploads\/sites\/219\/2024\/06\/imagem_2024-06-20_192601923.png\" alt=\"Imagem do Aluno\" \/><\/span><br \/>\n<span style=\"color: #008000\"><b>102.Bruno Seixas Bonfati<\/b><\/span><\/div>\n<div style=\"flex-direction: column;align-items: center\"><span style=\"color: #008000\"><strong>Disserta\u00e7\u00e3o<\/strong>: <a style=\"color: #008000\" href=\"https:\/\/tede2.uepg.br\/jspui\/handle\/prefix\/4409\">Classifica\u00e7\u00e3o de defeitos em pavimentos utilizando redes neurais artificiais convolucionais<\/a><\/span><\/div>\n<div style=\"flex-direction: column;align-items: center\"><span style=\"color: #008000\"><strong style=\"font-family: inherit;font-size: inherit\">Orientador:<\/strong><span style=\"font-family: inherit;font-size: inherit\"> Dr. Luciano Jos\u00e9 Senger<br \/>\n<\/span><strong style=\"font-family: inherit;font-size: inherit\">Ocupa\u00e7\u00e3o Atual:<\/strong><span style=\"font-family: inherit;font-size: inherit\"> <span data-sheets-root=\"1\">\u200bAtua como Engenheiro de Vis\u00e3o Computacional na Universidade Federal de Santa Catarina (UFSC).\u00a0<\/span><br \/>\n<\/span><strong><a style=\"font-family: inherit;font-size: inherit;color: #008000\" href=\"http:\/\/lattes.cnpq.br\/9771302033093443\">Curr\u00edculo Lattes<\/a><\/strong><\/span><\/div>\n<\/div>\n<\/td>\n<\/tr>\n<p><!-- Linha 1 --><\/p>\n<tr><!-- Coluna 1: Imagem, Nome e Demais Informa\u00e7\u00f5es --><\/p>\n<td style=\"width: 33.33%;text-align: center;vertical-align: middle;padding: 10px\"><span style=\"color: #008000\"><img style=\"width: 100px;height: 100px;object-fit: cover;border-radius: 50%\" src=\"https:\/\/www2.uepg.br\/computacaoaplicada\/wp-content\/uploads\/sites\/219\/2024\/06\/daniele.png\" alt=\"Imagem do Aluno\" \/><\/span><br \/>\n<span style=\"color: #008000\"><strong>97. Daniele Aparecida Antunes<\/strong><\/span><br \/>\n<span style=\"color: #008000\"><strong>Disserta\u00e7\u00e3o<\/strong>:<a style=\"color: #008000\" href=\"https:\/\/tede2.uepg.br\/jspui\/handle\/prefix\/3753\">Integra\u00e7\u00e3o de Funcionalidades para Rastreabilidade de Produtos Org\u00e2nicos no Rastrogr\u00e3o<\/a><strong><br \/>\n<\/strong><strong style=\"font-family: inherit;font-size: inherit\">Orientadora:<\/strong><span style=\"font-family: inherit;font-size: inherit\"> Dr\u00aa. Maria Salete Marcon Gomes Vaz<\/span><\/span><br \/>\n<span style=\"color: #008000\"><strong>Ocupa\u00e7\u00e3o Atual: <\/strong><span data-sheets-root=\"1\">\u00a0Atua como Analytics Engineer no Grupo Botic\u00e1rio.<\/span><\/span><br \/>\n<strong><span style=\"color: #008000\"><a style=\"color: #008000\" href=\"http:\/\/lattes.cnpq.br\/5662797217884385\">Curr\u00edculo Lattes<\/a><\/span><\/strong><\/td>\n<p><!-- Coluna 2: Imagem, Nome e Demais Informa\u00e7\u00f5es --><\/p>\n<td style=\"width: 33.33%;text-align: center;vertical-align: middle;padding: 10px\">\n<div style=\"flex-direction: column;align-items: center\"><span style=\"color: #008000\"><img style=\"width: 100px;height: 100px;object-fit: cover;border-radius: 50%\" src=\"https:\/\/www2.uepg.br\/computacaoaplicada\/wp-content\/uploads\/sites\/219\/2024\/06\/alan.jpg\" alt=\"Imagem do Aluno\" \/><\/span><br \/>\n<span style=\"color: #008000\"><strong>98. Alan Fernando Coelho Garcia<\/strong><\/span><br \/>\n<span style=\"color: #008000\"><strong>Disserta\u00e7\u00e3o<\/strong>: <a style=\"color: #008000\" href=\"https:\/\/tede2.uepg.br\/jspui\/handle\/prefix\/4038\">Sistema de nariz eletr\u00f4nico aplicado na an\u00e1lise da flora\u00e7\u00e3o e raleio em pessegueiros<\/a><\/span><br \/>\n<span style=\"color: #008000\"><strong style=\"font-family: inherit;font-size: inherit\">Orientador:<\/strong><span style=\"font-family: inherit;font-size: inherit\"> Dr. Sergio Luiz Stevan Junior<br \/>\n<\/span><strong style=\"font-family: inherit;font-size: inherit\">Ocupa\u00e7\u00e3o Atual:<\/strong><span style=\"font-family: inherit;font-size: inherit\"> <span data-sheets-root=\"1\">\u200bAtua como desenvolvedor Full Stack na Funda\u00e7\u00e3o ABC.\u00a0<\/span><br \/>\n<\/span><strong><a style=\"font-family: inherit;font-size: inherit;color: #008000\" href=\"http:\/\/lattes.cnpq.br\/7707736456071442\">Curr\u00edculo Lattes<\/a><\/strong><\/span><\/div>\n<\/td>\n<p><!-- Coluna 3: Imagem, Nome e Demais Informa\u00e7\u00f5es --><\/p>\n<td style=\"width: 33.33%;text-align: center;vertical-align: middle;padding: 10px\">\n<div style=\"flex-direction: column;align-items: center\"><span style=\"color: #008000\"><img style=\"width: 100px;height: 100px;object-fit: cover;border-radius: 50%\" src=\"https:\/\/www2.uepg.br\/computacaoaplicada\/wp-content\/uploads\/sites\/219\/2024\/06\/oyama.jpg\" alt=\"Imagem do Aluno\" \/><\/span><br \/>\n<span style=\"color: #008000\"><strong>99. Luiz Ot\u00e1vio Oyama<br \/>\n<\/strong><\/span><\/div>\n<div style=\"flex-direction: column;align-items: center\"><span style=\"color: #008000\"><strong>Disserta\u00e7\u00e3o:<\/strong><a style=\"color: #008000\" href=\"https:\/\/tede2.uepg.br\/jspui\/handle\/prefix\/4059\">Desenvolvimento de uma ferramenta para identificar prote\u00ednas ribossomais em espectro de massa do tipo MALDI-TOF<\/a><\/span><br \/>\n<span style=\"color: #008000\"><strong style=\"font-family: inherit;font-size: inherit\">Orientador:<\/strong><span style=\"font-family: inherit;font-size: inherit\"> Dr. Rafael Mazer Etto<\/span><\/span><br \/>\n<span style=\"color: #008000\"><strong>Ocupa\u00e7\u00e3o Atual:<\/strong> <span data-sheets-root=\"1\">Atua como Analista de Inform\u00e1tica no Hospital Universit\u00e1rio Regional dos Campos Gerais.\u00a0<\/span><\/span><br \/>\n<strong><span style=\"color: #008000\"><a style=\"color: #008000\" href=\"http:\/\/lattes.cnpq.br\/3539531921295605\">Curr\u00edculo Lattes<\/a><\/span><\/strong><\/div>\n<\/td>\n<\/tr>\n<p><!-- Linha 1 --><\/p>\n<tr><!-- Coluna 1: Imagem, Nome e Demais Informa\u00e7\u00f5es --><\/p>\n<td style=\"width: 33.33%;text-align: center;vertical-align: middle;padding: 10px\"><span style=\"color: #008000\"><img style=\"width: 100px;height: 100px;object-fit: cover;border-radius: 50%\" src=\"https:\/\/www2.uepg.br\/computacaoaplicada\/wp-content\/uploads\/sites\/219\/2024\/06\/diego-1.png\" alt=\"Imagem do Aluno\" \/><\/span><br \/>\n<span style=\"color: #008000\"><strong>94. Diego Henrique Presner<\/strong><\/span><br \/>\n<span style=\"color: #008000\"><strong>Disserta\u00e7\u00e3o<\/strong>:<a style=\"color: #008000\" href=\"https:\/\/tede2.uepg.br\/jspui\/handle\/prefix\/3691\">Identifica\u00e7\u00e3o de esp\u00e9cies de plantas utilizando autoencoder convolucional e aprendizagem n\u00e3o supervisionada<\/a><strong><br \/>\n<\/strong><strong>Orientador:<\/strong> Dr. Alceu de Souza Britto Junior<\/span><br \/>\n<span style=\"color: #008000\"><strong>Ocupa\u00e7\u00e3o Atual: <\/strong>Atua como\u00a0Desenvolvedor de TI no Ex\u00e9rcito Brasileiro<\/span><br \/>\n<span style=\"color: #008000\"><a style=\"color: #008000\" href=\"http:\/\/lattes.cnpq.br\/3995638435449363\"><strong>Curr\u00edculo Lattes<\/strong><\/a><\/span><\/td>\n<p><!-- Coluna 2: Imagem, Nome e Demais Informa\u00e7\u00f5es --><\/p>\n<td style=\"width: 33.33%;text-align: center;vertical-align: middle;padding: 10px\">\n<div style=\"flex-direction: column;align-items: center\"><span style=\"color: #008000\"><img style=\"width: 100px;height: 100px;object-fit: cover;border-radius: 50%\" src=\"https:\/\/www2.uepg.br\/computacaoaplicada\/wp-content\/uploads\/sites\/219\/2024\/06\/matheus.jpg\" alt=\"Imagem do Aluno\" \/><\/span><br \/>\n<span style=\"color: #008000\"><strong>95. Matheus Moresco<\/strong><\/span><br \/>\n<span style=\"color: #008000\"><strong>Disserta\u00e7\u00e3o<\/strong>:<a style=\"color: #008000\" href=\"https:\/\/tede2.uepg.br\/jspui\/handle\/prefix\/3650\">An\u00e1lise de arquiteturas de redes neurais siamesas para a classifica\u00e7\u00e3o de esp\u00e9cies de plantas<\/a><\/span><br \/>\n<span style=\"color: #008000\"><strong style=\"font-family: inherit;font-size: inherit\">Orientador:<\/strong><span style=\"font-family: inherit;font-size: inherit\"> Dr. Alceu de Souza Britto Junior<br \/>\n<\/span><strong style=\"font-family: inherit;font-size: inherit\">Ocupa\u00e7\u00e3o Atual:<\/strong><span style=\"font-family: inherit;font-size: inherit\"> Atua como Desenvolvedor de Software na Mindsight.<br \/>\n<\/span><a style=\"font-family: inherit;font-size: inherit;color: #008000\" href=\"http:\/\/lattes.cnpq.br\/6000417750742951\"><strong>Curr\u00edculo Lattes<\/strong><\/a><\/span><\/div>\n<\/td>\n<p><!-- Coluna 3: Imagem, Nome e Demais Informa\u00e7\u00f5es --><\/p>\n<td style=\"width: 33.33%;text-align: center;vertical-align: middle;padding: 10px\">\n<div style=\"flex-direction: column;align-items: center\"><span style=\"color: #008000\"><img style=\"width: 100px;height: 100px;object-fit: cover;border-radius: 50%\" src=\"https:\/\/www2.uepg.br\/computacaoaplicada\/wp-content\/uploads\/sites\/219\/2024\/06\/jociane.jpg\" alt=\"Imagem do Aluno\" \/><\/span><br \/>\n<span style=\"color: #008000\"><strong>96. Jociane Dias Batista<\/strong><\/span><\/div>\n<div style=\"flex-direction: column;align-items: center\"><span style=\"color: #008000\"><strong>Disserta\u00e7\u00e3o:<\/strong><a style=\"color: #008000\" href=\"https:\/\/tede2.uepg.br\/jspui\/handle\/prefix\/3724\">Ontologia aplicada ao sistema de cultivo da soja<\/a><\/span><br \/>\n<span style=\"color: #008000\"><strong style=\"font-family: inherit;font-size: inherit\">Orientadora:<\/strong><span style=\"font-family: inherit;font-size: inherit\"> Dr\u00aa. Maria Salete Marcon Gomes Vaz<\/span><\/span><br \/>\n<span style=\"color: #008000\"><strong>Ocupa\u00e7\u00e3o Atual:<\/strong> <span data-sheets-root=\"1\">\u200bAtua na \u00e1rea administrativa do Servi\u00e7o Social do Com\u00e9rcio (SESC) no Paran\u00e1.\u00a0<\/span><\/span><br \/>\n<span style=\"color: #008000\"><a style=\"color: #008000\" href=\"http:\/\/lattes.cnpq.br\/8932948210944720\"><strong>Curr\u00edculo Lattes<\/strong><\/a><\/span><\/div>\n<\/td>\n<\/tr>\n<p><!-- Linha 1 --><\/p>\n<tr><!-- Coluna 1: Imagem, Nome e Demais Informa\u00e7\u00f5es --><\/p>\n<td style=\"width: 33.33%;text-align: center;vertical-align: middle;padding: 10px\"><span style=\"color: #008000\"><img style=\"width: 100px;height: 100px;object-fit: cover;border-radius: 50%\" src=\"https:\/\/www2.uepg.br\/computacaoaplicada\/wp-content\/uploads\/sites\/219\/2024\/06\/ricardo.png\" alt=\"Imagem do Aluno\" \/><\/span><br \/>\n<span style=\"color: #008000\"><strong>91. Ricardo Kwiatkowski da Silva<\/strong><\/span><br \/>\n<span style=\"color: #008000\"><strong>Disserta\u00e7\u00e3o<\/strong>:<a style=\"color: #008000\" href=\"https:\/\/tede2.uepg.br\/jspui\/handle\/prefix\/3567\">An\u00e1lise do desenvolvimento do milho por meio do processamento de imagens obtidas a partir de aeronave remotamente pilotada<\/a><strong><br \/>\n<\/strong><strong>Orientadora:<\/strong> Dr\u00aa. Selma Regina Aranha Ribeiro<\/span><br \/>\n<span style=\"color: #008000\"><strong>Ocupa\u00e7\u00e3o Atual:<\/strong> <span data-sheets-root=\"1\">Atua como pesquisador t\u00e9cnico no Projeto PROAGRO, financiado pela Funda\u00e7\u00e3o Arauc\u00e1ria.<\/span><\/span><br \/>\n<strong><span style=\"color: #008000\"><a style=\"color: #008000\" href=\"http:\/\/lattes.cnpq.br\/4371625633157544\">Curr\u00edculo Lattes<\/a><\/span><\/strong><\/td>\n<p><!-- Coluna 2: Imagem, Nome e Demais Informa\u00e7\u00f5es --><\/p>\n<td style=\"width: 33.33%;text-align: center;vertical-align: middle;padding: 10px\">\n<div style=\"flex-direction: column;align-items: center\"><span style=\"color: #008000\"><img style=\"width: 100px;height: 100px;object-fit: cover;border-radius: 50%\" src=\"https:\/\/www2.uepg.br\/computacaoaplicada\/wp-content\/uploads\/sites\/219\/2024\/06\/yasmin.png\" alt=\"Imagem do Aluno\" \/><\/span><br \/>\n<span style=\"color: #008000\"><strong>92. Yasmin Volmer Tullio<\/strong><\/span><br \/>\n<span style=\"color: #008000\"><strong>Disserta\u00e7\u00e3o<\/strong>:<a style=\"color: #008000\" href=\"https:\/\/tede2.uepg.br\/jspui\/handle\/prefix\/3591\">Avalia\u00e7\u00e3o da qualidade posicional de pontos de controle para gera\u00e7\u00e3o de modelos digitais agr\u00edcolas<\/a><\/span><br \/>\n<span style=\"color: #008000\"><strong style=\"font-family: inherit;font-size: inherit\">Orientadora:<\/strong><span style=\"font-family: inherit;font-size: inherit\"> Dr\u00aa. Selma Regina Aranha Ribeiro<br \/>\n<\/span><strong style=\"font-family: inherit;font-size: inherit\">Ocupa\u00e7\u00e3o Atual:<\/strong><span style=\"font-family: inherit;font-size: inherit\"> <span data-sheets-root=\"1\">\u200bAtua como docente do curso de Mobile no programa Edutech. Al\u00e9m de sua atua\u00e7\u00e3o docente, mant\u00e9m um perfil ativo no GitHub, onde compartilha projetos relacionados ao desenvolvimento m\u00f3vel.\u00a0<\/span><br \/>\n<\/span><strong><a style=\"font-family: inherit;font-size: inherit;color: #008000\" href=\"http:\/\/lattes.cnpq.br\/9172305151525488\">Curr\u00edculo Lattes<\/a><\/strong><\/span><\/div>\n<\/td>\n<p><!-- Coluna 3: Imagem, Nome e Demais Informa\u00e7\u00f5es --><\/p>\n<td style=\"width: 33.33%;text-align: center;vertical-align: middle;padding: 10px\">\n<div style=\"flex-direction: column;align-items: center\"><span style=\"color: #008000\"><img style=\"width: 100px;height: 100px;object-fit: cover;border-radius: 50%\" src=\"https:\/\/www2.uepg.br\/computacaoaplicada\/wp-content\/uploads\/sites\/219\/2024\/06\/guilherme.png\" alt=\"Imagem do Aluno\" \/><\/span><br \/>\n<span style=\"color: #008000\"><strong>93. Guilherme Antunes<\/strong><\/span><\/div>\n<div style=\"flex-direction: column;align-items: center\"><span style=\"color: #008000\"><strong>Disserta\u00e7\u00e3o:<\/strong><a style=\"color: #008000\" href=\"https:\/\/tede2.uepg.br\/jspui\/handle\/prefix\/3594\">Classifica\u00e7\u00e3o de esp\u00e9cies de plantas a partir de imagens das componentes folha e flor<\/a><\/span><br \/>\n<span style=\"color: #008000\"><strong style=\"font-family: inherit;font-size: inherit\">Orientador:<\/strong><span style=\"font-family: inherit;font-size: inherit\"> Dr. Alceu de Souza Britto Junior<\/span><\/span><br \/>\n<span style=\"color: #008000\"><strong>Ocupa\u00e7\u00e3o Atual:<\/strong> Atua como Cientista de Dados no Grupo Botic\u00e1rio.<\/span><br \/>\n<strong><span style=\"color: #008000\"><a style=\"color: #008000\" href=\"http:\/\/lattes.cnpq.br\/4275155671563023\">Curr\u00edculo Lattes<\/a><\/span><\/strong><\/div>\n<\/td>\n<\/tr>\n<p><!-- Linha 1 --><\/p>\n<tr><!-- Coluna 1: Imagem, Nome e Demais Informa\u00e7\u00f5es --><\/p>\n<td style=\"width: 33.33%;text-align: center;vertical-align: middle;padding: 10px\"><span style=\"color: #008000\"><img style=\"width: 100px;height: 100px;object-fit: cover;border-radius: 50%\" src=\"https:\/\/www2.uepg.br\/computacaoaplicada\/wp-content\/uploads\/sites\/219\/2024\/06\/george.png\" alt=\"Imagem do Aluno\" \/><\/span><br \/>\n<span style=\"color: #008000\"><strong>88. George Wilber de Bessa Oliveira<\/strong><\/span><br \/>\n<span style=\"color: #008000\"><strong>Disserta\u00e7\u00e3o<\/strong>:<a style=\"color: #008000\" href=\"https:\/\/tede2.uepg.br\/jspui\/handle\/prefix\/3432\">Redes neurais convolucionais e amplia\u00e7\u00e3o de dados para detec\u00e7\u00e3o de antracnose em folhas de feijoeiro<\/a><strong><br \/>\n<\/strong><strong>Orientador:<\/strong> Dr. Marcelo Giovanetti Canteri<\/span><br \/>\n<span style=\"color: #008000\"><strong>Ocupa\u00e7\u00e3o Atual:<\/strong> <span data-sheets-root=\"1\">\u200bAtua como desenvolvedor de software na CI&amp;T.\u00a0<\/span><\/span><br \/>\n<span style=\"color: #008000\"><a style=\"color: #008000\" href=\"http:\/\/lattes.cnpq.br\/0013314221290688\"><strong>Curr\u00edculo Lattes<\/strong><\/a><\/span><\/td>\n<p><!-- Coluna 2: Imagem, Nome e Demais Informa\u00e7\u00f5es --><\/p>\n<td style=\"width: 33.33%;text-align: center;vertical-align: middle;padding: 10px\">\n<div style=\"flex-direction: column;align-items: center\"><span style=\"color: #008000\"><img style=\"width: 100px;height: 100px;object-fit: cover;border-radius: 50%\" src=\"https:\/\/www2.uepg.br\/computacaoaplicada\/wp-content\/uploads\/sites\/219\/2024\/06\/bruna.png\" alt=\"Imagem do Aluno\" \/><\/span><br \/>\n<span style=\"color: #008000\"><strong>89. Bruna Neves Machado<\/strong><\/span><br \/>\n<span style=\"color: #008000\"><strong>Disserta\u00e7\u00e3o<\/strong>:<a style=\"color: #008000\" href=\"https:\/\/tede2.uepg.br\/jspui\/handle\/prefix\/3449\">Rede neural convolucional e padr\u00e3o de metadados na classifica\u00e7\u00e3o de gr\u00e3os de soja<\/a><\/span><br \/>\n<span style=\"color: #008000\"><strong style=\"font-family: inherit;font-size: inherit\">Orientadora:<\/strong><span style=\"font-family: inherit;font-size: inherit\"> Dr\u00aa. Maria Salete Marcon Gomes Vaz<br \/>\n<\/span><strong style=\"font-family: inherit;font-size: inherit\">Ocupa\u00e7\u00e3o Atual:<\/strong><span style=\"font-family: inherit;font-size: inherit\"> <span data-sheets-root=\"1\">\u200bAtua como Quality Assurance Engineer na Hei Dingo, na Finl\u00e2ndia.<\/span><br \/>\n<\/span><strong><a style=\"font-family: inherit;font-size: inherit;color: #008000\" href=\"http:\/\/lattes.cnpq.br\/6232861855830254\">Curr\u00edculo Lattes<\/a><\/strong><\/span><\/div>\n<\/td>\n<p><!-- Coluna 3: Imagem, Nome e Demais Informa\u00e7\u00f5es --><\/p>\n<td style=\"width: 33.33%;text-align: center;vertical-align: middle;padding: 10px\">\n<div style=\"flex-direction: column;align-items: center\"><span style=\"color: #008000\"><img style=\"width: 100px;height: 100px;object-fit: cover;border-radius: 50%\" src=\"https:\/\/www2.uepg.br\/computacaoaplicada\/wp-content\/uploads\/sites\/219\/2024\/06\/rogerio.png\" alt=\"Imagem do Aluno\" \/><\/span><br \/>\n<span style=\"color: #008000\"><strong>90. Rog\u00e9rio Kraft Kohler<\/strong><\/span><\/div>\n<div style=\"flex-direction: column;align-items: center\"><span style=\"color: #008000\"><strong>Disserta\u00e7\u00e3o:<\/strong><a style=\"color: #008000\" href=\"https:\/\/tede2.uepg.br\/jspui\/handle\/prefix\/3486\">Classifica\u00e7\u00e3o de agregados de rochas \u00edgneas quanto a sua altera\u00e7\u00e3o por meio de processamento digital de imagens<\/a><\/span><br \/>\n<span style=\"color: #008000\"><strong style=\"font-family: inherit;font-size: inherit\">Orientador:<\/strong><span style=\"font-family: inherit;font-size: inherit\"> Dr. Luciano Jos\u00e9 Senger<\/span><\/span><br \/>\n<span style=\"color: #008000\"><strong>Ocupa\u00e7\u00e3o Atual:<\/strong> Atua como Analista de Redes na Prefeitura Municipal de Ponta Grossa<\/span><br \/>\n<strong><span style=\"color: #008000\"><a style=\"color: #008000\" href=\"http:\/\/lattes.cnpq.br\/7685195248939053\">Curr\u00edculo Lattes<\/a><\/span><\/strong><\/div>\n<\/td>\n<\/tr>\n<p><!-- Linha 1 --><\/p>\n<tr><!-- Coluna 1: Imagem, Nome e Demais Informa\u00e7\u00f5es --><\/p>\n<td style=\"width: 33.33%;text-align: center;vertical-align: middle;padding: 10px\"><span style=\"color: #008000\"><img style=\"width: 100px;height: 100px;object-fit: cover;border-radius: 50%\" src=\"https:\/\/www2.uepg.br\/computacaoaplicada\/wp-content\/uploads\/sites\/219\/2024\/06\/alisson.jpg\" alt=\"Imagem do Aluno\" \/><\/span><br \/>\n<span style=\"color: #008000\"><strong>85. Alisson Felipe Coelho Garcia<\/strong><\/span><br \/>\n<span style=\"color: #008000\"><strong>Disserta\u00e7\u00e3o<\/strong>:<a style=\"color: #008000\" href=\"https:\/\/tede2.uepg.br\/jspui\/handle\/prefix\/3318\">Sistema de irriga\u00e7\u00e3o para cultura de alface crespa baseado em l\u00f3gica fuzzy<\/a><strong><br \/>\n<\/strong><strong>Orientadora:<\/strong> Dr\u00aa. Rosane Falate<\/span><br \/>\n<span style=\"color: #008000\"><strong>Ocupa\u00e7\u00e3o Atual:<\/strong> <span data-sheets-root=\"1\">\u200bAtua como desenvolvedor FullStack na Funda\u00e7\u00e3o ABC.\u00a0<\/span><\/span><br \/>\n<strong><span style=\"color: #008000\"><a style=\"color: #008000\" href=\"http:\/\/lattes.cnpq.br\/6668185279645449\">Curr\u00edculo Lattes<\/a><\/span><\/strong><\/td>\n<p><!-- Coluna 2: Imagem, Nome e Demais Informa\u00e7\u00f5es --><\/p>\n<td style=\"width: 33.33%;text-align: center;vertical-align: middle;padding: 10px\">\n<div style=\"flex-direction: column;align-items: center\"><span style=\"color: #008000\"><img style=\"width: 100px;height: 100px;object-fit: cover;border-radius: 50%\" src=\"https:\/\/www2.uepg.br\/computacaoaplicada\/wp-content\/uploads\/sites\/219\/2024\/06\/maria.png\" alt=\"Imagem do Aluno\" \/><\/span><br \/>\n<span style=\"color: #008000\"><strong>86. Maria Carolina de Oliveira<\/strong><\/span><br \/>\n<span style=\"color: #008000\"><strong>Disserta\u00e7\u00e3o<\/strong>:<a style=\"color: #008000\" href=\"https:\/\/tede2.uepg.br\/jspui\/handle\/prefix\/3335\">Influ\u00eancia da varia\u00e7\u00e3o de limiar de segmenta\u00e7\u00e3o em sistemas de mensura\u00e7\u00e3o de par\u00e2metros radicular<\/a><\/span><br \/>\n<span style=\"color: #008000\"><strong style=\"font-family: inherit;font-size: inherit\">Orientadora:<\/strong><span style=\"font-family: inherit;font-size: inherit\"> Dr\u00aa. Rosane Falate<br \/>\n<\/span><strong style=\"font-family: inherit;font-size: inherit\">Ocupa\u00e7\u00e3o Atual:<\/strong><span style=\"font-family: inherit;font-size: inherit\"> <span data-sheets-root=\"1\">\u200bAtua como Analista de Inform\u00e1tica na Universidade Estadual do Centro-Oeste (UNICENTRO).Tamb\u00e9m, exerce a fun\u00e7\u00e3o de docente na UniCesumar.\u00a0<\/span><br \/>\n<\/span><strong><a style=\"font-family: inherit;font-size: inherit;color: #008000\" href=\"http:\/\/lattes.cnpq.br\/2477789089978654\">Curr\u00edculo Lattes<\/a><\/strong><\/span><\/div>\n<\/td>\n<p><!-- Coluna 3: Imagem, Nome e Demais Informa\u00e7\u00f5es --><\/p>\n<td style=\"width: 33.33%;text-align: center;vertical-align: middle;padding: 10px\">\n<div style=\"flex-direction: column;align-items: center\"><span style=\"color: #008000\"><img style=\"width: 100px;height: 100px;object-fit: cover;border-radius: 50%\" src=\"https:\/\/www2.uepg.br\/computacaoaplicada\/wp-content\/uploads\/sites\/219\/2024\/06\/renann.png\" alt=\"Imagem do Aluno\" \/><\/span><br \/>\n<span style=\"color: #008000\"><strong>87. Renann Rodrigues da Silva<\/strong><\/span><\/div>\n<div style=\"flex-direction: column;align-items: center\"><span style=\"color: #008000\"><strong>Disserta\u00e7\u00e3o:<\/strong><a style=\"color: #008000\" href=\"https:\/\/tede2.uepg.br\/jspui\/handle\/prefix\/3320\">Classifica\u00e7\u00e3o bacteriana baseada em prote\u00ednas ribossomais oriundas de dados gen\u00f4micos<\/a><\/span><br \/>\n<span style=\"color: #008000\"><strong style=\"font-family: inherit;font-size: inherit\">Orientador:<\/strong><span style=\"font-family: inherit;font-size: inherit\"> Dr. Rafael Mazer Etto<\/span><\/span><br \/>\n<span style=\"color: #008000\"><strong>Ocupa\u00e7\u00e3o Atual:<span data-sheets-root=\"1\">\u200b<\/span><\/strong>Atua como Gerente de Tecnologia e Inova\u00e7\u00e3o no Grupo Mercado M\u00f3veis e\u00a0 exerce a fun\u00e7\u00e3o de docente UniCesumar.\u00a0<\/span><br \/>\n<strong><span style=\"color: #008000\"><a style=\"color: #008000\" href=\"http:\/\/lattes.cnpq.br\/4651224943693594\">Curr\u00edculo Lattes<\/a><\/span><\/strong><\/div>\n<\/td>\n<\/tr>\n<p><!-- Linha 1 --><\/p>\n<tr><!-- Coluna 1: Imagem, Nome e Demais Informa\u00e7\u00f5es --><\/p>\n<td style=\"width: 33.33%;text-align: center;vertical-align: middle;padding: 10px\"><span style=\"color: #008000\"><img style=\"width: 100px;height: 100px;object-fit: cover;border-radius: 50%\" src=\"https:\/\/www2.uepg.br\/computacaoaplicada\/wp-content\/uploads\/sites\/219\/2024\/06\/gabriel-1.png\" alt=\"Imagem do Aluno\" \/><\/span><br \/>\n<span style=\"color: #008000\"><strong>82. Gabriel Lucas Fedacz<\/strong><\/span><br \/>\n<span style=\"color: #008000\"><strong>Disserta\u00e7\u00e3o: <\/strong><a style=\"color: #008000\" href=\"https:\/\/tede2.uepg.br\/jspui\/handle\/prefix\/3251\">Aprendizagem de Classificadores para Identifica\u00e7\u00e3o de Bact\u00e9rias: rela\u00e7\u00e3o entre as medidas de complexidade de dados e o desempenho dos classificadores<\/a><strong><br \/>\n<\/strong><strong>Orientador:<\/strong> Dr. Alceu de Souza Britto Junior<\/span><br \/>\n<span style=\"color: #008000\"><strong>Ocupa\u00e7\u00e3o Atual:<\/strong> <span data-sheets-root=\"1\">\u200bAtua como Desenvolvedor de Software na empresa Gofind.\u00a0<\/span><\/span><br \/>\n<strong><span style=\"color: #008000\"><a style=\"color: #008000\" href=\"http:\/\/lattes.cnpq.br\/4576205891351422\">Curr\u00edculo Lattes<\/a><\/span><\/strong><\/td>\n<p><!-- Coluna 2: Imagem, Nome e Demais Informa\u00e7\u00f5es --><\/p>\n<td style=\"width: 33.33%;text-align: center;vertical-align: middle;padding: 10px\">\n<div style=\"flex-direction: column;align-items: center\"><span style=\"color: #008000\"><img style=\"width: 100px;height: 100px;object-fit: cover;border-radius: 50%\" src=\"https:\/\/www2.uepg.br\/computacaoaplicada\/wp-content\/uploads\/sites\/219\/2024\/06\/luiz-1.jpg\" alt=\"Imagem do Aluno\" \/><\/span><br \/>\n<span style=\"color: #008000\"><strong>83. Luis Guilherme Ribeiro<\/strong><\/span><br \/>\n<span style=\"color: #008000\"><strong>Disserta\u00e7\u00e3o: <\/strong><a style=\"color: #008000\" href=\"https:\/\/tede2.uepg.br\/jspui\/handle\/prefix\/3197\">Esquemas de sele\u00e7\u00e3o din\u00e2mica para a identifica\u00e7\u00e3o de bact\u00e9rias a partir de dados de m\/z virtuais de prote\u00ednas ribossomais<\/a><\/span><br \/>\n<span style=\"color: #008000\"><strong style=\"font-family: inherit;font-size: inherit\">Orientador:<\/strong><span style=\"font-family: inherit;font-size: inherit\"> Dr. Jos\u00e9 Carlos Ferreira da Rocha<br \/>\n<\/span><strong style=\"font-family: inherit;font-size: inherit\">Ocupa\u00e7\u00e3o Atual:<\/strong><span style=\"font-family: inherit;font-size: inherit\"> <span data-sheets-root=\"1\">Atua como cientista de dados na empresa Trizy.\u00a0<\/span><br \/>\n<\/span><strong><a style=\"font-family: inherit;font-size: inherit;color: #008000\" href=\"http:\/\/lattes.cnpq.br\/2677352253946216\">Curr\u00edculo Lattes<\/a><\/strong><\/span><\/div>\n<\/td>\n<p><!-- Coluna 3: Imagem, Nome e Demais Informa\u00e7\u00f5es --><\/p>\n<td style=\"width: 33.33%;text-align: center;vertical-align: middle;padding: 10px\"><span style=\"color: #008000\"><img style=\"width: 100px;height: 100px;object-fit: cover;border-radius: 50%\" src=\"https:\/\/www2.uepg.br\/computacaoaplicada\/wp-content\/uploads\/sites\/219\/2024\/06\/cristopher.png\" alt=\"Imagem do Aluno\" \/><\/span><br \/>\n<span style=\"color: #008000\"><strong>84. Christopher Djonny Pereira Prestes<\/strong><\/span><br \/>\n<span style=\"color: #008000\"><strong>Disserta\u00e7\u00e3o: <\/strong><a style=\"color: #008000\" href=\"https:\/\/tede2.uepg.br\/jspui\/handle\/prefix\/3276\">Predi\u00e7\u00e3o de produtividade de trigo por meio de dados espectrais e altura estimada da planta obtidos por meio de aeronave remotamente pilotada<\/a><\/span><br \/>\n<span style=\"color: #008000\"><strong style=\"font-family: inherit;font-size: inherit\">Orientador:<\/strong><span style=\"font-family: inherit;font-size: inherit\"> Dr. Eduardo F\u00e1vero Caires<\/span><\/span><br \/>\n<span style=\"color: #008000\"><strong>Ocupa\u00e7\u00e3o Atual:<\/strong> <span data-sheets-root=\"1\">Atua como docente na Secretaria de Estado da Educa\u00e7\u00e3o do Paran\u00e1 (SEED\/PR).\u00a0<\/span><\/span><br \/>\n<strong><span style=\"color: #008000\"><a style=\"color: #008000\" href=\"http:\/\/lattes.cnpq.br\/5271580916259460\">Curr\u00edculo Lattes<\/a><\/span><\/strong><\/td>\n<\/tr>\n<p><!-- Linha 1 --><\/p>\n<tr><!-- Coluna 1: Imagem, Nome e Demais Informa\u00e7\u00f5es --><\/p>\n<td style=\"width: 33.33%;text-align: center;vertical-align: middle;padding: 10px\"><span style=\"color: #008000\"><img style=\"width: 100px;height: 100px;object-fit: cover;border-radius: 50%\" src=\"https:\/\/www2.uepg.br\/computacaoaplicada\/wp-content\/uploads\/sites\/219\/2024\/06\/diego.png\" alt=\"Imagem do Aluno\" \/><\/span><br \/>\n<span style=\"color: #008000\"><strong>79. Diego Braga Santi<\/strong><\/span><br \/>\n<span style=\"color: #008000\"><strong>Disserta\u00e7\u00e3o: <\/strong><a style=\"color: #008000\" href=\"https:\/\/tede2.uepg.br\/jspui\/handle\/prefix\/3048\">An\u00e1lise metataxon\u00f4mica de comunidades microbianas da rizosfera do milho ap\u00f3s aplica\u00e7\u00e3o de nitrog\u00eanio e inocula\u00e7\u00e3o com bact\u00e9rias<\/a><strong><br \/>\n<\/strong><strong>Orientadora:<\/strong> Dr. Rafael Mazer Etto<\/span><br \/>\n<span style=\"color: #008000\"><strong>Ocupa\u00e7\u00e3o Atual:<\/strong> <span data-sheets-root=\"1\">\u200bAtua em grupos de pesquisa com colabora\u00e7\u00f5es entre a UTFPR e o Laborat\u00f3rio Nacional de Computa\u00e7\u00e3o Cient\u00edfica (LNCC). <\/span><\/span><span style=\"color: #008000\"><a style=\"color: #008000\" href=\"http:\/\/lattes.cnpq.br\/6217724407974046\"><strong>Curr\u00edculo Lattes<\/strong><\/a><\/span><\/td>\n<p><!-- Coluna 2: Imagem, Nome e Demais Informa\u00e7\u00f5es --><\/p>\n<td style=\"width: 33.33%;text-align: center;vertical-align: middle;padding: 10px\">\n<div style=\"flex-direction: column;align-items: center\"><span style=\"color: #008000\"><img style=\"width: 100px;height: 100px;object-fit: cover;border-radius: 50%\" src=\"https:\/\/www2.uepg.br\/computacaoaplicada\/wp-content\/uploads\/sites\/219\/2024\/06\/giovane.png\" alt=\"Imagem do Aluno\" \/><\/span><br \/>\n<span style=\"color: #008000\"><strong>80. Giovane Galv\u00e3o<\/strong><\/span><br \/>\n<span style=\"color: #008000\"><strong>Disserta\u00e7\u00e3o: <\/strong><a style=\"color: #008000\" href=\"https:\/\/tede2.uepg.br\/jspui\/handle\/prefix\/3113\">Hortiprice: framework de dom\u00ednio para forma\u00e7\u00e3o de pre\u00e7o de venda da horticultura<\/a><\/span><br \/>\n<span style=\"color: #008000\"><strong style=\"font-family: inherit;font-size: inherit\">Orientadora:<\/strong><span style=\"font-family: inherit;font-size: inherit\"> Dr\u00aa. Simone Nasser Matos<br \/>\n<\/span><strong style=\"font-family: inherit;font-size: inherit\">Ocupa\u00e7\u00e3o Atual:<\/strong><span style=\"font-family: inherit;font-size: inherit\"> <span data-sheets-root=\"1\">Atua como docente no Departamento de Ci\u00eancia da Computa\u00e7\u00e3o da Universidade Estadual do Centro-Oeste (UNICENTRO).\u00a0\u00a0<\/span><br \/>\n<\/span><strong><a style=\"font-family: inherit;font-size: inherit;color: #008000\" href=\"http:\/\/lattes.cnpq.br\/2294070244426158\">Curr\u00edculo Lattes<\/a><\/strong><\/span><\/div>\n<\/td>\n<p><!-- Coluna 3: Imagem, Nome e Demais Informa\u00e7\u00f5es --><\/p>\n<td style=\"width: 33.33%;text-align: center;vertical-align: middle;padding: 10px\"><span style=\"color: #008000\"><img style=\"width: 100px;height: 100px;object-fit: cover;border-radius: 50%\" src=\"https:\/\/www2.uepg.br\/computacaoaplicada\/wp-content\/uploads\/sites\/219\/2024\/06\/hugo.png\" alt=\"Imagem do Aluno\" \/><\/span><br \/>\n<span style=\"color: #008000\"><strong>81. Hugo Leonardo Petla Silva<\/strong><\/span><br \/>\n<span style=\"color: #008000\"><strong>Disserta\u00e7\u00e3o: <\/strong><a style=\"color: #008000\" href=\"https:\/\/tede2.uepg.br\/jspui\/handle\/prefix\/3340\">M\u00e9todo de rastreabilidade de produtos agr\u00edcolas com a utiliza\u00e7\u00e3o de blockchain<\/a><\/span><br \/>\n<span style=\"color: #008000\"><strong style=\"font-family: inherit;font-size: inherit\">Orientadora:<\/strong><span style=\"font-family: inherit;font-size: inherit\"> Dr\u00aa. Maria Salete Marcon Gomes Vaz<\/span><\/span><br \/>\n<span style=\"color: #008000\"><strong>Ocupa\u00e7\u00e3o Atual:<\/strong> <span data-sheets-root=\"1\">Atua como Senior Frontend Engineer na Compass UOL.<\/span><\/span><br \/>\n<strong><span style=\"color: #008000\"><a style=\"color: #008000\" href=\"http:\/\/lattes.cnpq.br\/0008113240153466\">Curr\u00edculo Lattes<\/a><\/span><\/strong><\/td>\n<\/tr>\n<p><!-- Linha 1 --><\/p>\n<tr><!-- Coluna 1: Imagem, Nome e Demais Informa\u00e7\u00f5es --><\/p>\n<td style=\"width: 33.33%;text-align: center;vertical-align: middle;padding: 10px\"><span style=\"color: #008000\"><img style=\"width: 100px;height: 100px;object-fit: cover;border-radius: 50%\" src=\"https:\/\/www2.uepg.br\/computacaoaplicada\/wp-content\/uploads\/sites\/219\/2024\/06\/willian.png\" alt=\"Imagem do Aluno\" \/><\/span><br \/>\n<span style=\"color: #008000\"><strong>76. William Xavier Maukoski<\/strong><\/span><br \/>\n<span style=\"color: #008000\"><strong>Disserta\u00e7\u00e3o:<\/strong><a style=\"color: #008000\" href=\"https:\/\/tede2.uepg.br\/jspui\/handle\/prefix\/2991\">Algoritmo k-means em ambiente manycore para redu\u00e7\u00e3o do tempo de resposta da minera\u00e7\u00e3o de dados<\/a><strong><br \/>\n<\/strong><strong>Orientadora:<\/strong> Dr. Luciano Jos\u00e9 Senger<\/span><br \/>\n<span style=\"color: #008000\"><strong>Ocupa\u00e7\u00e3o Atual:<\/strong> Atua como docente na UniCesumar<\/span><br \/>\n<span style=\"color: #008000\"><a style=\"color: #008000\" href=\"http:\/\/lattes.cnpq.br\/2820024183539287\"><strong>Curr\u00edculo Lattes<\/strong><\/a><\/span><\/td>\n<p><!-- Coluna 2: Imagem, Nome e Demais Informa\u00e7\u00f5es --><\/p>\n<td style=\"width: 33.33%;text-align: center;vertical-align: middle;padding: 10px\">\n<div style=\"flex-direction: column;align-items: center\"><span style=\"color: #008000\"><img style=\"width: 100px;height: 100px;object-fit: cover;border-radius: 50%\" src=\"https:\/\/www2.uepg.br\/computacaoaplicada\/wp-content\/uploads\/sites\/219\/2024\/06\/luma.png\" alt=\"Imagem do Aluno\" \/><\/span><br \/>\n<span style=\"color: #008000\"><strong>77. Luma Alves Lopes<\/strong><\/span><br \/>\n<span style=\"color: #008000\"><strong>Disserta\u00e7\u00e3o:<\/strong><a style=\"color: #008000\" href=\"https:\/\/tede2.uepg.br\/jspui\/handle\/prefix\/2923\">Qualidade de dados e Internet das coisas no framework de rastreabilidade de gr\u00e3os<\/a><\/span><br \/>\n<span style=\"color: #008000\"><strong style=\"font-family: inherit;font-size: inherit\">Orientadora:<\/strong><span style=\"font-family: inherit;font-size: inherit\"> Dr\u00aa. Maria Salete Marcon Gomes Vaz<br \/>\n<\/span><strong style=\"font-family: inherit;font-size: inherit\">Ocupa\u00e7\u00e3o Atual:<\/strong><span style=\"font-family: inherit;font-size: inherit\"> Atua como Analista de Neg\u00f3cios em TI S\u00eanior na DAF<br \/>\n<\/span><strong><a style=\"font-family: inherit;font-size: inherit;color: #008000\" href=\"http:\/\/lattes.cnpq.br\/5897598174487619\">Curr\u00edculo Lattes<\/a><\/strong><\/span><\/div>\n<\/td>\n<p><!-- Coluna 3: Imagem, Nome e Demais Informa\u00e7\u00f5es --><\/p>\n<td style=\"width: 33.33%;text-align: center;vertical-align: middle;padding: 10px\"><span style=\"color: #008000\"><img style=\"width: 100px;height: 100px;object-fit: cover;border-radius: 50%\" src=\"https:\/\/www2.uepg.br\/computacaoaplicada\/wp-content\/uploads\/sites\/219\/2024\/06\/rodrigo.png\" alt=\"Imagem do Aluno\" \/><\/span><br \/>\n<span style=\"color: #008000\"><strong>78. Rodrigo da Silva Nascimento<\/strong><\/span><br \/>\n<span style=\"color: #008000\"><strong>Disserta\u00e7\u00e3o:<\/strong><a style=\"color: #008000\" href=\"https:\/\/tede2.uepg.br\/jspui\/handle\/prefix\/3013\">Identifica\u00e7\u00e3o de prote\u00ednas ribossomais em espectro de massa do tipo Maldi-Tof<\/a><\/span><br \/>\n<span style=\"color: #008000\"><strong>Orientador:<\/strong> Dr. Arion de Campos Junior<\/span><br \/>\n<span style=\"color: #008000\"><strong>Ocupa\u00e7\u00e3o Atual:<\/strong> Atua como docente Assistente no Centro Universit\u00e1rio Dombosco.<\/span><br \/>\n<strong><span style=\"color: #008000\"><a style=\"color: #008000\" href=\"http:\/\/lattes.cnpq.br\/6996959006300426\">Curr\u00edculo Lattes<\/a><\/span><\/strong><\/td>\n<\/tr>\n<p><!-- Linha 1 --><\/p>\n<tr><!-- Coluna 1: Imagem, Nome e Demais Informa\u00e7\u00f5es --><\/p>\n<td style=\"width: 33.33%;text-align: center;vertical-align: middle;padding: 10px\"><span style=\"color: #008000\"><img style=\"width: 100px;height: 100px;object-fit: cover;border-radius: 50%\" src=\"https:\/\/www2.uepg.br\/computacaoaplicada\/wp-content\/uploads\/sites\/219\/2024\/06\/henike.png\" alt=\"Imagem do Aluno\" \/><\/span><br \/>\n<span style=\"color: #008000\"><strong>73. Henike Guilherme Jordan Voss<\/strong><\/span><br \/>\n<span style=\"color: #008000\"><strong>Disserta\u00e7\u00e3o:<\/strong><a style=\"color: #008000\" href=\"https:\/\/tede2.uepg.br\/jspui\/handle\/prefix\/2832\">Desenvolvimento de um Nariz Eletr\u00f4nico aplicado \u00e0 determina\u00e7\u00e3o do est\u00e1gio de matura\u00e7\u00e3o em pessegueiros<\/a><strong><br \/>\n<\/strong><strong>Orientadora:<\/strong> Dr. Sergio Luiz Stevan Junior<\/span><br \/>\n<span style=\"color: #008000\"><strong>Ocupa\u00e7\u00e3o Atual:<\/strong> <span data-sheets-root=\"1\">\u200bAtua como Desenvolvedor Full Stack na Funda\u00e7\u00e3o ABC.\u00a0\u00a0<\/span><\/span><br \/>\n<strong><span style=\"color: #008000\"><a style=\"color: #008000\" href=\"http:\/\/lattes.cnpq.br\/8690555051278784\">Curr\u00edculo Lattes<\/a><\/span><\/strong><\/td>\n<p><!-- Coluna 2: Imagem, Nome e Demais Informa\u00e7\u00f5es --><\/p>\n<td style=\"width: 33.33%;text-align: center;vertical-align: middle;padding: 10px\">\n<div style=\"flex-direction: column;align-items: center\"><span style=\"color: #008000\"><img style=\"width: 100px;height: 100px;object-fit: cover;border-radius: 50%\" src=\"https:\/\/www2.uepg.br\/computacaoaplicada\/wp-content\/uploads\/sites\/219\/2024\/06\/rafael-1.jpg\" alt=\"Imagem do Aluno\" \/><\/span><br \/>\n<span style=\"color: #008000\"><strong>74. Rafael Molina Ferrari<\/strong><\/span><br \/>\n<span style=\"color: #008000\"><strong>Disserta\u00e7\u00e3o:<\/strong><a style=\"color: #008000\" href=\"https:\/\/tede2.uepg.br\/jspui\/handle\/prefix\/2847\">An\u00e1lise do cultivo de alface crespa em ambiente protegido baseada em grandezas f\u00edsicas e processamento digital de imagens<\/a><\/span><br \/>\n<span style=\"color: #008000\"><strong style=\"font-family: inherit;font-size: inherit\">Orientadora:<\/strong><span style=\"font-family: inherit;font-size: inherit\"> Dr\u00aa. Rosane Falate<br \/>\n<\/span><strong style=\"font-family: inherit;font-size: inherit\">Ocupa\u00e7\u00e3o Atual:<\/strong><span style=\"font-family: inherit;font-size: inherit\"> Atua como Analista de TI na UFFS.<br \/>\n<\/span><strong><a style=\"font-family: inherit;font-size: inherit;color: #008000\" href=\"http:\/\/lattes.cnpq.br\/5897598174487619\">Curr\u00edculo Lattes<\/a><\/strong><\/span><\/div>\n<\/td>\n<p><!-- Coluna 3: Imagem, Nome e Demais Informa\u00e7\u00f5es --><\/p>\n<td style=\"width: 33.33%;text-align: center;vertical-align: middle;padding: 10px\"><span style=\"color: #008000\"><img style=\"width: 100px;height: 100px;object-fit: cover;border-radius: 50%\" src=\"https:\/\/www2.uepg.br\/computacaoaplicada\/wp-content\/uploads\/sites\/219\/2024\/06\/jessyka.jpg\" alt=\"Imagem do Aluno\" \/><\/span><br \/>\n<span style=\"color: #008000\"><strong>75. Jessyca Kawana Franquitto<\/strong><\/span><br \/>\n<span style=\"color: #008000\"><strong>Disserta\u00e7\u00e3o:<\/strong><a style=\"color: #008000\" href=\"https:\/\/tede2.uepg.br\/jspui\/handle\/prefix\/2998\">Gera\u00e7\u00e3o de modelos e \u00edndices digitais para para diagn\u00f3stico da eros\u00e3o de \u00e1rea agr\u00edcola<\/a><\/span><br \/>\n<span style=\"color: #008000\"><strong>Orientadora:<\/strong> Dr\u00aa. Selma Regina Aranha Ribeiro<\/span><br \/>\n<span style=\"color: #008000\"><strong>Ocupa\u00e7\u00e3o Atual:<\/strong> Atua como docente no Col\u00e9gio Santo \u00c2ngelo.<\/span><br \/>\n<strong><span style=\"color: #008000\"><a style=\"color: #008000\" href=\"http:\/\/lattes.cnpq.br\/6600131680822777\">Curr\u00edculo Lattes<\/a><\/span><\/strong><\/td>\n<\/tr>\n<p><!-- Linha 1 --><\/p>\n<tr><!-- Coluna 1: Imagem, Nome e Demais Informa\u00e7\u00f5es --><\/p>\n<td style=\"width: 33.33%;text-align: center;vertical-align: middle;padding: 10px\"><span style=\"color: #008000\"><img style=\"width: 100px;height: 100px;object-fit: cover;border-radius: 50%\" src=\"https:\/\/www2.uepg.br\/computacaoaplicada\/wp-content\/uploads\/sites\/219\/2024\/06\/giancarlo.png\" alt=\"Imagem do Aluno\" \/><\/span><br \/>\n<span style=\"color: #008000\"><strong>70. Giancarlo Rodrigues<\/strong><\/span><br \/>\n<span style=\"color: #008000\"><strong>Disserta\u00e7\u00e3o:<\/strong><a style=\"color: #008000\" href=\"https:\/\/tede2.uepg.br\/jspui\/handle\/prefix\/2666\">Sele\u00e7\u00e3o de bandas espectrais apoiada pela metaheur\u00edstica PSO para predi\u00e7\u00e3o do teor de alum\u00ednio troc\u00e1vel de amostras de solo<\/a><strong><br \/>\n<\/strong><strong>Orientadora:<\/strong> Dr. Arion de Campos J\u00fanior<\/span><br \/>\n<span style=\"color: #008000\"><strong>Ocupa\u00e7\u00e3o Atual:<\/strong> Atua como Desenvolvedor FullStack S\u00eanior na MMTech<\/span><br \/>\n<span style=\"color: #008000\"><a style=\"color: #008000\" href=\"http:\/\/lattes.cnpq.br\/0501102305295489\"><strong>Curr\u00edculo Lattes<\/strong><\/a><\/span><\/td>\n<p><!-- Coluna 2: Imagem, Nome e Demais Informa\u00e7\u00f5es --><\/p>\n<td style=\"width: 33.33%;text-align: center;vertical-align: middle;padding: 10px\">\n<div style=\"flex-direction: column;align-items: center\"><span style=\"color: #008000\"><img style=\"width: 100px;height: 100px;object-fit: cover;border-radius: 50%\" src=\"https:\/\/www2.uepg.br\/computacaoaplicada\/wp-content\/uploads\/sites\/219\/2024\/06\/fabio.png\" alt=\"Imagem do Aluno\" \/><\/span><br \/>\n<span style=\"color: #008000\"><strong>71. F\u00e1bio dos Santos<\/strong><\/span><br \/>\n<span style=\"color: #008000\"><strong>Disserta\u00e7\u00e3o:<\/strong><a style=\"color: #008000\" href=\"https:\/\/tede2.uepg.br\/jspui\/handle\/prefix\/2665\">Algoritmo kNN na imputa\u00e7\u00e3o de dados de espectros de massa do tipo MALDI-TOF: uma an\u00e1lise da influ\u00eancia da imputa\u00e7\u00e3o com kNN sobre o desempenho de classificadores log\u00edsticos para identifica\u00e7\u00e3o de bact\u00e9rias<\/a><\/span><br \/>\n<span style=\"color: #008000\"><strong style=\"font-family: inherit;font-size: inherit\">Orientador:<\/strong><span style=\"font-family: inherit;font-size: inherit\"> Dr. Jos\u00e9 Carlos Ferreira da Rocha<br \/>\n<\/span><strong style=\"font-family: inherit;font-size: inherit\">Ocupa\u00e7\u00e3o Atual:<\/strong><span style=\"font-family: inherit;font-size: inherit\"> <span data-sheets-root=\"1\">Atua como Engenheiro de Software na Empresa\u00a0 Mercado Livre.\u00a0<\/span><br \/>\n<\/span><strong><a style=\"color: #008000\" href=\"http:\/\/lattes.cnpq.br\/1707068112188729\">Curr\u00edculo Lattes<\/a><\/strong><\/span><\/div>\n<\/td>\n<p><!-- Coluna 3: Imagem, Nome e Demais Informa\u00e7\u00f5es --><\/p>\n<td style=\"width: 33.33%;text-align: center;vertical-align: middle;padding: 10px\"><span style=\"color: #008000\"><img style=\"width: 100px;height: 100px;object-fit: cover;border-radius: 50%\" src=\"https:\/\/www2.uepg.br\/computacaoaplicada\/wp-content\/uploads\/sites\/219\/2024\/06\/renan.png\" alt=\"Imagem do Aluno\" \/><\/span><br \/>\n<span style=\"color: #008000\"><strong>72. Renan de Paula Rosa<\/strong><\/span><br \/>\n<span style=\"color: #008000\"><strong>Disserta\u00e7\u00e3o: <\/strong><a style=\"font-family: inherit;font-size: inherit;color: #008000\" href=\"https:\/\/tede2.uepg.br\/jspui\/handle\/prefix\/2747\">M\u00e9todo de classifica\u00e7\u00e3o de pragas por meio de rede neural convolucional profunda<\/a><\/span><br \/>\n<span style=\"color: #008000\"><strong>Orientadora:<\/strong> Dr\u00aa. Maria Salete Marcon Gomes Vaz<\/span><br \/>\n<span style=\"color: #008000\"><strong>Ocupa\u00e7\u00e3o Atual:<\/strong> <span data-sheets-root=\"1\">\u200bAtua como empres\u00e1rio do setor de tecnologia em Ponta Grossa, Paran\u00e1.\u00a0<\/span><\/span><br \/>\n<strong><span style=\"color: #008000\"><a style=\"color: #008000\" href=\"http:\/\/lattes.cnpq.br\/2385486208629601\">Curr\u00edculo Lattes<\/a><\/span><\/strong><\/td>\n<\/tr>\n<p><!-- Linha 1 --><\/p>\n<tr><!-- Coluna 1: Imagem, Nome e Demais Informa\u00e7\u00f5es --><\/p>\n<td style=\"width: 33.33%;text-align: center;vertical-align: middle;padding: 10px\"><span style=\"color: #008000\"><img style=\"width: 100px;height: 100px;object-fit: cover;border-radius: 50%\" src=\"https:\/\/www2.uepg.br\/computacaoaplicada\/wp-content\/uploads\/sites\/219\/2024\/06\/pedro.png\" alt=\"Imagem do Aluno\" \/><\/span><br \/>\n<span style=\"color: #008000\"><strong>67. Pedro Henrique Soares de Almeida<\/strong><\/span><br \/>\n<span style=\"color: #008000\"><strong>Disserta\u00e7\u00e3o: <\/strong><a style=\"font-family: inherit;font-size: inherit;color: #008000\" href=\"https:\/\/tede2.uepg.br\/jspui\/handle\/prefix\/2543\">Avalia\u00e7\u00e3o de m\u00e9todos de mosaico de imagens aplicados em imagens agr\u00edcolas obtidas por meio de RPA<\/a><strong><br \/>\n<\/strong><strong>Orientadora:<\/strong> Dr. Luciano Jos\u00e9 Senger<\/span><br \/>\n<span style=\"color: #008000\"><strong>Ocupa\u00e7\u00e3o Atual:<\/strong> <span data-sheets-root=\"1\">Atua como Consultor de TI na empresa Aubay, em Portugal.\u00a0<\/span><\/span><br \/>\n<span style=\"color: #008000\"><a style=\"color: #008000\" href=\"http:\/\/lattes.cnpq.br\/4284335904800240\">Curr\u00edculo Lattes<\/a><\/span><\/td>\n<p><!-- Coluna 2: Imagem, Nome e Demais Informa\u00e7\u00f5es --><\/p>\n<td style=\"width: 33.33%;text-align: center;vertical-align: middle;padding: 10px\">\n<div style=\"flex-direction: column;align-items: center\"><span style=\"color: #008000\"><img style=\"width: 100px;height: 100px;object-fit: cover;border-radius: 50%\" src=\"https:\/\/www2.uepg.br\/computacaoaplicada\/wp-content\/uploads\/sites\/219\/2024\/06\/ricardo.jpg\" alt=\"Imagem do Aluno\" \/><\/span><br \/>\n<span style=\"color: #008000\"><strong>68. Ricardo Dalacort<\/strong><\/span><br \/>\n<span style=\"color: #008000\"><strong>Disserta\u00e7\u00e3o:<\/strong><a style=\"color: #008000\" href=\"https:\/\/tede2.uepg.br\/jspui\/handle\/prefix\/2600\">Desenvolvimento de sensor capacitivo helicoidal m\u00f3vel para an\u00e1lise da distribui\u00e7\u00e3o de fertilizantes minerais s\u00f3lidos<\/a><\/span><br \/>\n<span style=\"color: #008000\"><strong style=\"font-family: inherit;font-size: inherit\">Orientador:<\/strong><span style=\"font-family: inherit;font-size: inherit\"> Dr. Sergio Luiz Stevan Junior<br \/>\n<\/span><strong style=\"font-family: inherit;font-size: inherit\">Ocupa\u00e7\u00e3o Atual:<\/strong><span style=\"font-family: inherit;font-size: inherit\"> Atua como Docente na UniSEP<br \/>\n<\/span><a style=\"font-family: inherit;font-size: inherit;color: #008000\" href=\"http:\/\/lattes.cnpq.br\/5764548461038676\"><strong>Curr\u00edculo Lattes<\/strong><\/a><\/span><\/div>\n<\/td>\n<p><!-- Coluna 3: Imagem, Nome e Demais Informa\u00e7\u00f5es --><\/p>\n<td style=\"width: 33.33%;text-align: center;vertical-align: middle;padding: 10px\"><span style=\"color: #008000\"><img style=\"width: 100px;height: 100px;object-fit: cover;border-radius: 50%\" src=\"https:\/\/www2.uepg.br\/computacaoaplicada\/wp-content\/uploads\/sites\/219\/2024\/06\/joel.png\" alt=\"Imagem do Aluno\" \/><\/span><br \/>\n<span style=\"color: #008000\"><strong>69. Joel Zubek Rosa<\/strong><\/span><br \/>\n<span style=\"color: #008000\"><strong>Disserta\u00e7\u00e3o:<\/strong> <a style=\"color: #008000\" href=\"https:\/\/tede2.uepg.br\/jspui\/handle\/prefix\/2689\">Diagn\u00f3stico de processos erosivos em solos agr\u00edcolas mediante an\u00e1lise de modelos num\u00e9ricos do terreno<\/a><\/span><br \/>\n<span style=\"color: #008000\"><strong>Orientadora:<\/strong> Dr\u00aa. Selma Regina Aranha Ribeiro<\/span><br \/>\n<span style=\"color: #008000\"><strong>Ocupa\u00e7\u00e3o Atual:<\/strong> <span data-sheets-root=\"1\">\u200bAtua como Docente no Departamento de Geoci\u00eancias da UEPG e \u00e9 doutorando em Geografia.<\/span><\/span><br \/>\n<strong><span style=\"color: #008000\"><a style=\"color: #008000\" href=\"http:\/\/lattes.cnpq.br\/5503005537493445\">Curr\u00edculo Lattes<\/a><\/span><\/strong><\/td>\n<\/tr>\n<p><!-- Linha 1 --><\/p>\n<tr><!-- Coluna 1: Imagem, Nome e Demais Informa\u00e7\u00f5es --><\/p>\n<td style=\"width: 33.33%;text-align: center;vertical-align: middle;padding: 10px\"><span style=\"color: #008000\"><img style=\"width: 100px;height: 100px;object-fit: cover;border-radius: 50%\" src=\"https:\/\/www2.uepg.br\/computacaoaplicada\/wp-content\/uploads\/sites\/219\/2024\/06\/alessandro.png\" alt=\"Imagem do Aluno\" \/><\/span><br \/>\n<span style=\"color: #008000\"><strong>64. Alessandro Stachak<\/strong><\/span><br \/>\n<span style=\"color: #008000\"><strong>Disserta\u00e7\u00e3o: <\/strong><a style=\"color: #008000\" href=\"https:\/\/tede2.uepg.br\/jspui\/handle\/prefix\/2494\">Avalia\u00e7\u00e3o do estado nutricional de nitrog\u00eanio e estimativa da produtividade de biomassa de trigo por meio de minera\u00e7\u00e3o de dados de sensoriamento remoto<\/a><strong><br \/>\n<\/strong><strong>Orientadora:<\/strong> Dr. Eduardo F\u00e1vero Caires<\/span><br \/>\n<span style=\"color: #008000\"><strong>Ocupa\u00e7\u00e3o Atual:<\/strong> Atua como Analista de Suporte de TI na escola Santo \u00c2ngelo<\/span><br \/>\n<strong><span style=\"color: #008000\"><a style=\"color: #008000\" href=\"http:\/\/lattes.cnpq.br\/8558667305506415\">Curr\u00edculo Lattes<\/a><\/span><\/strong><\/td>\n<p><!-- Coluna 2: Imagem, Nome e Demais Informa\u00e7\u00f5es --><\/p>\n<td style=\"width: 33.33%;text-align: center;vertical-align: middle;padding: 10px\">\n<div style=\"flex-direction: column;align-items: center\"><span style=\"color: #008000\"><img style=\"width: 100px;height: 100px;object-fit: cover;border-radius: 50%\" src=\"https:\/\/www2.uepg.br\/computacaoaplicada\/wp-content\/uploads\/sites\/219\/2024\/06\/antonio.png\" alt=\"Imagem do Aluno\" \/><\/span><br \/>\n<span style=\"color: #008000\"><strong>65. Ant\u00f4nio David Viniski<\/strong><\/span><br \/>\n<span style=\"color: #008000\"><strong>Disserta\u00e7\u00e3o:<\/strong><a style=\"color: #008000\" href=\"https:\/\/tede2.uepg.br\/jspui\/handle\/prefix\/2490\">Avalia\u00e7\u00e3o da efici\u00eancia do uso da minera\u00e7\u00e3o de dados cl\u00e1ssica e espacial na estimativa de produtividade de gr\u00e3os em imagens obtidas por meio de aeronave remotamente pilotada<\/a><\/span><br \/>\n<span style=\"color: #008000\"><strong style=\"font-family: inherit;font-size: inherit\">Orientadora:<\/strong><span style=\"font-family: inherit;font-size: inherit\"> Dr\u00aa. Alaine Margarete Guimar\u00e3es<br \/>\n<\/span><strong style=\"font-family: inherit;font-size: inherit\">Ocupa\u00e7\u00e3o Atual:<\/strong><span style=\"font-family: inherit;font-size: inherit\"> Atua como Coordenador de Projetos e Melhoria Cont\u00ednua e Professor na PUCPR<br \/>\n<\/span><strong><a style=\"font-family: inherit;font-size: inherit;color: #008000\" href=\"http:\/\/lattes.cnpq.br\/5764548461038676\">Curr\u00edculo Lattes<\/a><\/strong><\/span><\/div>\n<\/td>\n<p><!-- Coluna 3: Imagem, Nome e Demais Informa\u00e7\u00f5es --><\/p>\n<td style=\"width: 33.33%;text-align: center;vertical-align: middle;padding: 10px\"><span style=\"color: #008000\"><img style=\"width: 100px;height: 100px;object-fit: cover;border-radius: 50%\" src=\"https:\/\/www2.uepg.br\/computacaoaplicada\/wp-content\/uploads\/sites\/219\/2024\/06\/jose.png\" alt=\"Imagem do Aluno\" \/><\/span><br \/>\n<span style=\"color: #008000\"><strong>66. Jos\u00e9 Amande da Silva<\/strong><\/span><br \/>\n<span style=\"color: #008000\"><strong>Disserta\u00e7\u00e3o: <\/strong><a style=\"font-family: inherit;font-size: inherit;color: #008000\" href=\"https:\/\/tede2.uepg.br\/jspui\/handle\/prefix\/2489\">Ontologia na rastreabilidade de dados agr\u00edcolas<\/a><\/span><br \/>\n<span style=\"color: #008000\"><strong>Orientadora:<\/strong> Dr\u00aa. Maria Salete Marcon Gomes Vaz<\/span><br \/>\n<span style=\"color: #008000\"><strong>Ocupa\u00e7\u00e3o Atual:<\/strong> Atua como T\u00e9cnico de Forma\u00e7\u00e3o Profissional no SENAC.<\/span><br \/>\n<span style=\"color: #008000\"><a style=\"color: #008000\" href=\"http:\/\/lattes.cnpq.br\/0181042391982996\"><strong>Curr\u00edculo Lattes<\/strong><\/a><\/span><\/td>\n<\/tr>\n<p><!-- Linha 1 --><\/p>\n<tr><!-- Coluna 1: Imagem, Nome e Demais Informa\u00e7\u00f5es --><\/p>\n<td style=\"width: 33.33%;text-align: center;vertical-align: middle;padding: 10px\"><span style=\"color: #008000\"><img style=\"width: 100px;height: 100px;object-fit: cover;border-radius: 50%\" src=\"https:\/\/www2.uepg.br\/computacaoaplicada\/wp-content\/uploads\/sites\/219\/2024\/06\/silvia.jpg\" alt=\"Imagem do Aluno\" \/><\/span><br \/>\n<span style=\"color: #008000\"><strong>61. Silvia Ribeiro Mantuani<\/strong><\/span><br \/>\n<span style=\"color: #008000\"><strong>Disserta\u00e7\u00e3o:<\/strong><a style=\"color: #008000\" href=\"https:\/\/tede2.uepg.br\/jspui\/handle\/prefix\/2356\">Integra\u00e7\u00e3o de geoinforma\u00e7\u00e3o no framework de rastreabilidade de gr\u00e3os<\/a><strong><br \/>\n<\/strong><strong>Orientadora:<\/strong> Dr\u00aa. Maria Salete Marcon Gomes Vaz<\/span><br \/>\n<span style=\"color: #008000\"><strong>Ocupa\u00e7\u00e3o Atual:<\/strong> <span data-sheets-root=\"1\">\u200bAtua como microempres\u00e1ria individual.\u00a0<\/span><\/span><br \/>\n<span style=\"color: #008000\"><a style=\"color: #008000\" href=\"http:\/\/lattes.cnpq.br\/0396548638928975\">Curr\u00edculo Lattes<\/a><\/span><\/td>\n<p><!-- Coluna 2: Imagem, Nome e Demais Informa\u00e7\u00f5es --><\/p>\n<td style=\"width: 33.33%;text-align: center;vertical-align: middle;padding: 10px\">\n<div style=\"flex-direction: column;align-items: center\"><span style=\"color: #008000\"><img style=\"width: 100px;height: 100px;object-fit: cover;border-radius: 50%\" src=\"https:\/\/www2.uepg.br\/computacaoaplicada\/wp-content\/uploads\/sites\/219\/2024\/06\/douglas.png\" alt=\"Imagem do Aluno\" \/><\/span><br \/>\n<span style=\"color: #008000\"><strong>62. Douglas Tomachewski<\/strong><\/span><br \/>\n<span style=\"color: #008000\"><strong>Disserta\u00e7\u00e3o:<\/strong><a style=\"color: #008000\" href=\"https:\/\/tede2.uepg.br\/jspui\/handle\/prefix\/2408\">Utiliza\u00e7\u00e3o de aprendizado de m\u00e1quina para classifica\u00e7\u00e3o de bact\u00e9rias atrav\u00e9s de prote\u00ednas ribossomais<\/a><\/span><br \/>\n<span style=\"color: #008000\"><strong style=\"font-family: inherit;font-size: inherit\">Orientador:<\/strong><span style=\"font-family: inherit;font-size: inherit\"> Dr. Arion de Campos J\u00fanior<br \/>\n<\/span><strong style=\"font-family: inherit;font-size: inherit\">Ocupa\u00e7\u00e3o Atual:<\/strong><span style=\"font-family: inherit;font-size: inherit\"> Atua como CEO da Okla Support.<br \/>\n<\/span><a style=\"font-family: inherit;font-size: inherit;color: #008000\" href=\"http:\/\/lattes.cnpq.br\/2894314830884675\">Curr\u00edculo Lattes<\/a><\/span><\/div>\n<\/td>\n<p><!-- Coluna 3: Imagem, Nome e Demais Informa\u00e7\u00f5es --><\/p>\n<td style=\"width: 33.33%;text-align: center;vertical-align: middle;padding: 10px\"><span style=\"color: #008000\"><img style=\"width: 100px;height: 100px;object-fit: cover;border-radius: 50%\" src=\"https:\/\/www2.uepg.br\/computacaoaplicada\/wp-content\/uploads\/sites\/219\/2024\/06\/denise.png\" alt=\"Imagem do Aluno\" \/><\/span><br \/>\n<span style=\"color: #008000\"><strong>63. Denise do Rocio Maciel<\/strong><\/span><br \/>\n<span style=\"color: #008000\"><strong>Disserta\u00e7\u00e3o: <\/strong><a style=\"font-family: inherit;font-size: inherit;color: #008000\" href=\"https:\/\/tede2.uepg.br\/jspui\/handle\/prefix\/2563\">Usageo: m\u00e9todo para avalia\u00e7\u00e3o de usabilidade em sistemas agr\u00edcolas<\/a><\/span><br \/>\n<span style=\"color: #008000\"><strong>Orientadora:<\/strong> Dr\u00aa. Simone Nasser Matos<\/span><br \/>\n<span style=\"color: #008000\"><strong>Ocupa\u00e7\u00e3o Atual: <\/strong>Atua como Programadora Zim na XADM.<\/span><br \/>\n<span style=\"color: #008000\"><a style=\"color: #008000\" href=\"http:\/\/lattes.cnpq.br\/8425914987871151\">Curr\u00edculo Lattes<\/a><\/span><\/td>\n<\/tr>\n<p><!-- Linha 1 --><\/p>\n<tr><!-- Coluna 1: Imagem, Nome e Demais Informa\u00e7\u00f5es --><\/p>\n<td style=\"width: 33.33%;text-align: center;vertical-align: middle;padding: 10px\"><span style=\"color: #008000\"><img style=\"width: 100px;height: 100px;object-fit: cover;border-radius: 50%\" src=\"https:\/\/www2.uepg.br\/computacaoaplicada\/wp-content\/uploads\/sites\/219\/2024\/06\/evelaine.jpg\" alt=\"Imagem do Aluno\" \/><\/span><br \/>\n<span style=\"color: #008000\"><strong>58. Evelaine Berger Ribeiro<\/strong><\/span><br \/>\n<span style=\"color: #008000\"><strong>Disserta\u00e7\u00e3o:<\/strong><a style=\"color: #008000\" href=\"https:\/\/tede2.uepg.br\/jspui\/handle\/prefix\/2327\">Classifica\u00e7\u00e3o de Imagem Orbital Rapideye utilizando banco de dados NOSQL e m\u00e9todo GEOBIA<\/a><strong><br \/>\n<\/strong><strong>Orientadora:<\/strong> Dr\u00aa. Selma Regina Aranha Ribeiro<\/span><br \/>\n<span style=\"color: #008000\"><strong>Ocupa\u00e7\u00e3o Atual:<\/strong> Atua como Scrum Master na Bsoft by Nstech.<\/span><br \/>\n<span style=\"color: #008000\"><a style=\"color: #008000\" href=\"http:\/\/lattes.cnpq.br\/8911872962871812\"><strong>Curr\u00edculo Lattes<\/strong><\/a><\/span><\/td>\n<p><!-- Coluna 2: Imagem, Nome e Demais Informa\u00e7\u00f5es --><\/p>\n<td style=\"width: 33.33%;text-align: center;vertical-align: middle;padding: 10px\">\n<div style=\"flex-direction: column;align-items: center\"><span style=\"color: #008000\"><img style=\"width: 100px;height: 100px;object-fit: cover;border-radius: 50%\" src=\"https:\/\/www2.uepg.br\/computacaoaplicada\/wp-content\/uploads\/sites\/219\/2024\/06\/jaqueline.png\" alt=\"Imagem do Aluno\" \/><\/span><br \/>\n<span style=\"color: #008000\"><strong>59. Jaqueline Rissa Franco<\/strong><\/span><br \/>\n<span style=\"color: #008000\"><strong>Disserta\u00e7\u00e3o:<\/strong><a style=\"color: #008000\" href=\"https:\/\/tede2.uepg.br\/jspui\/handle\/prefix\/146\">M\u00e9todo computacional para identifica\u00e7\u00e3o do fungo Cercospora Kikuchii em sementes de soja<\/a><\/span><br \/>\n<span style=\"color: #008000\"><strong style=\"font-family: inherit;font-size: inherit\">Orientadora:<\/strong><span style=\"font-family: inherit;font-size: inherit\"> Dr\u00aa. Rosane Falate<br \/>\n<\/span><strong style=\"font-family: inherit;font-size: inherit\">Ocupa\u00e7\u00e3o Atual:<\/strong><span style=\"font-family: inherit;font-size: inherit\"> Atua como Analista de TI na UFPR.<br \/>\n<\/span><strong><a style=\"font-family: inherit;font-size: inherit;color: #008000\" href=\"http:\/\/lattes.cnpq.br\/2537878046664424\">Curr\u00edculo Lattes<\/a><\/strong><\/span><\/div>\n<\/td>\n<p><!-- Coluna 3: Imagem, Nome e Demais Informa\u00e7\u00f5es --><\/p>\n<td style=\"width: 33.33%;text-align: center;vertical-align: middle;padding: 10px\"><span style=\"color: #008000\"><img style=\"width: 100px;height: 100px;object-fit: cover;border-radius: 50%\" src=\"https:\/\/www2.uepg.br\/computacaoaplicada\/wp-content\/uploads\/sites\/219\/2024\/06\/felipe.jpg\" alt=\"Imagem do Aluno\" \/><\/span><br \/>\n<span style=\"color: #008000\"><strong>60. Felipe Tozetto Costa<\/strong><\/span><br \/>\n<span style=\"color: #008000\"><strong>Disserta\u00e7\u00e3o:<\/strong><a style=\"color: #008000\" href=\"https:\/\/tede2.uepg.br\/jspui\/handle\/prefix\/2407\">Metodologia de desenvolvimento baseado em modelos e sua aplica\u00e7\u00e3o em m\u00e1quinas agr\u00edcolas<\/a><\/span><br \/>\n<span style=\"color: #008000\"><strong>Orientador:<\/strong> Dr. Sergio Luiz Stevan Junior<\/span><br \/>\n<span style=\"color: #008000\"><strong>Ocupa\u00e7\u00e3o Atual:<\/strong> Atua como Gerente de Projetos na MMTech.<\/span><br \/>\n<strong><span style=\"color: #008000\"><a style=\"color: #008000\" href=\"http:\/\/lattes.cnpq.br\/0557634810517934\">Curr\u00edculo Lattes<\/a><\/span><\/strong><\/td>\n<\/tr>\n<p><!-- Linha 1 --><\/p>\n<tr><!-- Coluna 1: Imagem, Nome e Demais Informa\u00e7\u00f5es --><\/p>\n<td style=\"width: 33.33%;text-align: center;vertical-align: middle;padding: 10px\"><span style=\"color: #008000\"><img style=\"width: 100px;height: 100px;object-fit: cover;border-radius: 50%\" src=\"https:\/\/www2.uepg.br\/computacaoaplicada\/wp-content\/uploads\/sites\/219\/2024\/06\/luizp.jpg\" alt=\"Imagem do Aluno\" \/><\/span><br \/>\n<span style=\"color: #008000\"><strong>55. Luiz Pedro Petroski<\/strong><\/span><br \/>\n<span style=\"color: #008000\"><strong>Disserta\u00e7\u00e3o: <\/strong><a style=\"color: #008000\" href=\"https:\/\/tede2.uepg.br\/jspui\/handle\/prefix\/143\">Uma arquitetura para integra\u00e7\u00e3o de ambientes data warehouse, espacial e agricultura de precis\u00e3o<\/a><strong><br \/>\n<\/strong><strong>Orientadora:<\/strong> Dr\u00aa. Maria Salete Marcon Gomes Vaz<\/span><br \/>\n<span style=\"color: #008000\"><strong>Ocupa\u00e7\u00e3o Atual:<\/strong> \u00c9 Doutorando em Ci\u00eancias da Sa\u00fade na \u00e1rea de Bioinform\u00e1tica pela PUCPR.<\/span><br \/>\n<span style=\"color: #008000\"><a style=\"color: #008000\" href=\"http:\/\/lattes.cnpq.br\/3629415473382582\"><strong>Curr\u00edculo Lattes<\/strong><\/a><\/span><\/td>\n<p><!-- Coluna 2: Imagem, Nome e Demais Informa\u00e7\u00f5es --><\/p>\n<td style=\"width: 33.33%;text-align: center;vertical-align: middle;padding: 10px\">\n<div style=\"flex-direction: column;align-items: center\"><span style=\"color: #008000\"><img style=\"width: 100px;height: 100px;object-fit: cover;border-radius: 50%\" src=\"https:\/\/www2.uepg.br\/computacaoaplicada\/wp-content\/uploads\/sites\/219\/2024\/06\/malcom.jpg\" alt=\"Imagem do Aluno\" \/><\/span><br \/>\n<span style=\"color: #008000\"><strong>56. Malcon Miranda Mikami<\/strong><\/span><br \/>\n<span style=\"color: #008000\"><strong>Disserta\u00e7\u00e3o: <\/strong><a style=\"font-family: inherit;font-size: inherit;color: #008000\" href=\"https:\/\/tede2.uepg.br\/jspui\/handle\/prefix\/145\">Arquitetura de software para otimiza\u00e7\u00e3o do uso de aeronaves remotamente pilotadas na agricultura de precis\u00e3o utilizando racioc\u00ednio baseado em casos<\/a><\/span><br \/>\n<span style=\"color: #008000\"><strong style=\"font-family: inherit;font-size: inherit\">Orientadora:<\/strong><span style=\"font-family: inherit;font-size: inherit\"> Dr\u00aa. Alaine Margarete Guimar\u00e3es<br \/>\n<\/span><strong style=\"font-family: inherit;font-size: inherit\">Ocupa\u00e7\u00e3o Atual:<\/strong><span style=\"font-family: inherit;font-size: inherit\"> Atua como Analista de Sistemas no Banco Rendimento.<br \/>\n<\/span><a style=\"font-family: inherit;font-size: inherit;color: #008000\" href=\"http:\/\/lattes.cnpq.br\/9662588848182807\"><strong>Curr\u00edculo Lattes<\/strong><\/a><\/span><\/div>\n<\/td>\n<p><!-- Coluna 3: Imagem, Nome e Demais Informa\u00e7\u00f5es --><\/p>\n<td style=\"width: 33.33%;text-align: center;vertical-align: middle;padding: 10px\"><span style=\"color: #008000\"><img style=\"width: 100px;height: 100px;object-fit: cover;border-radius: 50%\" src=\"https:\/\/www2.uepg.br\/computacaoaplicada\/wp-content\/uploads\/sites\/219\/2024\/06\/pablo.png\" alt=\"Imagem do Aluno\" \/><\/span><br \/>\n<span style=\"color: #008000\"><strong>57. Pablo Henrique Ferreira<\/strong><\/span><br \/>\n<span style=\"color: #008000\"><strong>Disserta\u00e7\u00e3o:<\/strong><a style=\"color: #008000\" href=\"https:\/\/tede2.uepg.br\/jspui\/handle\/prefix\/2409\">Redu\u00e7\u00e3o da dimensionalidade para estimativa de teores de nutrientes em folhas e gr\u00e3os de soja com espectroscopia no infravermelho<\/a><\/span><br \/>\n<span style=\"color: #008000\"><strong>Orientadora:<\/strong> Dr\u00aa. Alaine Margarete Guimar\u00e3es<\/span><br \/>\n<span style=\"color: #008000\"><strong>Ocupa\u00e7\u00e3o Atual:<\/strong> <span data-sheets-root=\"1\">Atua como representante comercial.\u00a0<\/span><\/span><br \/>\n<strong><span style=\"color: #008000\"><a style=\"color: #008000\" href=\"http:\/\/lattes.cnpq.br\/3793360023274043\">Curr\u00edculo Lattes<\/a><\/span><\/strong><\/td>\n<\/tr>\n<p><!-- Linha 1 --><\/p>\n<tr><!-- Coluna 1: Imagem, Nome e Demais Informa\u00e7\u00f5es --><\/p>\n<td style=\"width: 33.33%;text-align: center;vertical-align: middle;padding: 10px\"><span style=\"color: #008000\"><img style=\"width: 100px;height: 100px;object-fit: cover;border-radius: 50%\" src=\"https:\/\/www2.uepg.br\/computacaoaplicada\/wp-content\/uploads\/sites\/219\/2024\/06\/willian.jpg\" alt=\"Imagem do Aluno\" \/><\/span><br \/>\n<span style=\"color: #008000\"><strong>52. Wilian Diogo Pasternak<\/strong><\/span><br \/>\n<span style=\"color: #008000\"><strong>Disserta\u00e7\u00e3o: <\/strong><a style=\"font-family: inherit;font-size: inherit;color: #008000\" href=\"https:\/\/tede2.uepg.br\/jspui\/handle\/prefix\/144\">Esta\u00e7\u00e3o agrometeorol\u00f3gica experimental automatizada e integrada a softwares para c\u00e1lculo de estimativas de dorm\u00eancia em pessegueiros e videiras<\/a><strong><br \/>\n<\/strong><strong>Orientador:<\/strong> Dr. Ricardo Antonio Ayub<\/span><br \/>\n<span style=\"color: #008000\"><strong>Ocupa\u00e7\u00e3o Atual:<\/strong> \u00c9 Propriet\u00e1rio da Maxxi Inform\u00e1tica e Consultor de Inova\u00e7\u00e3o na Engie Brasil.<\/span><br \/>\n<strong><span style=\"color: #008000\"><a style=\"color: #008000\" href=\"http:\/\/lattes.cnpq.br\/9681871511389593\">Curr\u00edculo Lattes<\/a><\/span><\/strong><\/td>\n<p><!-- Coluna 2: Imagem, Nome e Demais Informa\u00e7\u00f5es --><\/p>\n<td style=\"width: 33.33%;text-align: center;vertical-align: middle;padding: 10px\">\n<div style=\"flex-direction: column;align-items: center\"><span style=\"color: #008000\"><img style=\"width: 100px;height: 100px;object-fit: cover;border-radius: 50%\" src=\"https:\/\/www2.uepg.br\/computacaoaplicada\/wp-content\/uploads\/sites\/219\/2024\/06\/victor.jpg\" alt=\"Imagem do Aluno\" \/><\/span><br \/>\n<span style=\"color: #008000\"><strong>53. Victor Schnepper Lacerda<\/strong><\/span><br \/>\n<span style=\"color: #008000\"><strong>Disserta\u00e7\u00e3o: <\/strong><a style=\"font-family: inherit;font-size: inherit;color: #008000\" href=\"https:\/\/tede2.uepg.br\/jspui\/handle\/prefix\/142\">Estimativa do \u00edndice de severidade de ferrugem asi\u00e1tica na cultura da soja por meio de imagens obtidas com aeronave remotamente pilotada<\/a><\/span><br \/>\n<span style=\"color: #008000\"><strong style=\"font-family: inherit;font-size: inherit\">Orientador:<\/strong><span style=\"font-family: inherit;font-size: inherit\"> Dr. Marcelo Giovanetti Canteri<br \/>\n<\/span><strong style=\"font-family: inherit;font-size: inherit\">Ocupa\u00e7\u00e3o Atual:<\/strong><span style=\"font-family: inherit;font-size: inherit\"> Atua como Docente Colaborador na UEPG<\/span><\/span><br \/>\n<strong><span style=\"color: #008000\"><a style=\"font-family: inherit;font-size: inherit;color: #008000\" href=\"http:\/\/lattes.cnpq.br\/029750666800775\">Curr\u00edculo Lattes<\/a><\/span><\/strong><\/div>\n<\/td>\n<p><!-- Coluna 3: Imagem, Nome e Demais Informa\u00e7\u00f5es --><\/p>\n<td style=\"width: 33.33%;text-align: center;vertical-align: middle;padding: 10px\"><span style=\"color: #008000\"><img style=\"width: 100px;height: 100px;object-fit: cover;border-radius: 50%\" src=\"https:\/\/www2.uepg.br\/computacaoaplicada\/wp-content\/uploads\/sites\/219\/2024\/06\/tiago.jpg\" alt=\"Imagem do Aluno\" \/><\/span><br \/>\n<span style=\"color: #008000\"><strong>54. Tiago Gerke<\/strong><\/span><br \/>\n<span style=\"color: #008000\"><strong>Disserta\u00e7\u00e3o: <\/strong><a style=\"font-family: inherit;font-size: inherit;color: #008000\" href=\"https:\/\/tede2.uepg.br\/jspui\/handle\/prefix\/141\">Minera\u00e7\u00e3o de dados de imagens obtidas com aeronave remotamente pilotada para estimativa de produtividade do trigo<\/a><\/span><br \/>\n<span style=\"color: #008000\"><strong>Orientadora:<\/strong> Dr\u00aa. Alaine Margarete Guimar\u00e3es<\/span><br \/>\n<span style=\"color: #008000\"><strong>Ocupa\u00e7\u00e3o Atual:<\/strong> Atua como Docente EBTT no IFPR.<\/span><br \/>\n<strong><span style=\"color: #008000\"><a style=\"color: #008000\" href=\"http:\/\/lattes.cnpq.br\/3752846962211460\">Curr\u00edculo Lattes<\/a><\/span><\/strong><\/td>\n<\/tr>\n<p><!-- Linha 1 --><\/p>\n<tr><!-- Coluna 1: Imagem, Nome e Demais Informa\u00e7\u00f5es --><\/p>\n<td style=\"width: 33.33%;text-align: center;vertical-align: middle;padding: 10px\"><span style=\"color: #008000\"><img style=\"width: 100px;height: 100px;object-fit: cover;border-radius: 50%\" src=\"https:\/\/www2.uepg.br\/computacaoaplicada\/wp-content\/uploads\/sites\/219\/2024\/06\/voncarlos.jpg\" alt=\"Imagem do Aluno\" \/><\/span><br \/>\n<span style=\"color: #008000\"><strong>49. Voncarlos Marcelo de Ara\u00fajo<\/strong><\/span><br \/>\n<span style=\"color: #008000\"><strong>Disserta\u00e7\u00e3o: <\/strong><a style=\"font-family: inherit;font-size: inherit;color: #008000\" href=\"https:\/\/tede2.uepg.br\/jspui\/handle\/prefix\/136\">Identifica\u00e7\u00e3o de esp\u00e9cies de plantas utilizando combina\u00e7\u00e3o de classificadores<\/a><strong><br \/>\n<\/strong><strong>Orientador:<\/strong> Dr. Alceu de Souza Britto Junior<\/span><br \/>\n<span style=\"color: #008000\"><strong>Ocupa\u00e7\u00e3o Atual:<\/strong> \u00c9 Doutorando na \u00c9cole de technologie sup\u00e9rieure (Canad\u00e1)<\/span><br \/>\n<strong><span style=\"color: #008000\"><a style=\"color: #008000\" href=\"http:\/\/lattes.cnpq.br\/5238483224961665\">Curr\u00edculo Lattes<\/a><\/span><\/strong><\/td>\n<p><!-- Coluna 2: Imagem, Nome e Demais Informa\u00e7\u00f5es --><\/p>\n<td style=\"width: 33.33%;text-align: center;vertical-align: middle;padding: 10px\">\n<div style=\"flex-direction: column;align-items: center\"><span style=\"color: #008000\"><img style=\"width: 100px;height: 100px;object-fit: cover;border-radius: 50%\" src=\"https:\/\/www2.uepg.br\/computacaoaplicada\/wp-content\/uploads\/sites\/219\/2024\/06\/barbara.jpg\" alt=\"Imagem do Aluno\" \/><\/span><br \/>\n<span style=\"color: #008000\"><strong>50. Barbara Schaedler Fidelis Schneider<\/strong><\/span><br \/>\n<span style=\"color: #008000\"><strong>Disserta\u00e7\u00e3o: <\/strong><a style=\"font-family: inherit;font-size: inherit;color: #008000\" href=\"https:\/\/tede2.uepg.br\/jspui\/handle\/prefix\/140\">An\u00e1lise metagen\u00f4mica de bact\u00e9rias diazotr\u00f3ficas de solos org\u00e2nicos do estado do paran\u00e1<\/a><strong><br \/>\n<\/strong><strong>Orientador:<\/strong> Dr. Rafael Mazer Etto<\/span><br \/>\n<span style=\"color: #008000\"><strong>Ocupa\u00e7\u00e3o Atual:<\/strong> Atua como Docente na SEED\/PR<\/span><br \/>\n<strong><span style=\"color: #008000\"><a style=\"color: #008000\" href=\"http:\/\/lattes.cnpq.br\/5550241308420441\">Curr\u00edculo Lattes<\/a><\/span><\/strong><\/div>\n<\/td>\n<p><!-- Coluna 3: Imagem, Nome e Demais Informa\u00e7\u00f5es --><\/p>\n<td style=\"width: 33.33%;text-align: center;vertical-align: middle;padding: 10px\"><span style=\"color: #008000\"><img style=\"width: 100px;height: 100px;object-fit: cover;border-radius: 50%\" src=\"https:\/\/www2.uepg.br\/computacaoaplicada\/wp-content\/uploads\/sites\/219\/2024\/06\/teruo.jpg\" alt=\"Imagem do Aluno\" \/><\/span><br \/>\n<span style=\"color: #008000\"><strong>51. Teruo Matos Maruyama<\/strong><\/span><br \/>\n<span style=\"color: #008000\"><strong>Disserta\u00e7\u00e3o: <\/strong><a style=\"font-family: inherit;font-size: inherit;color: #008000\" href=\"https:\/\/tede2.uepg.br\/jspui\/handle\/prefix\/139\">Avalia\u00e7\u00e3o de comprimento e di\u00e2metro radicular do milho por t\u00e9cnicas de processamento digital de imagens<\/a><\/span><br \/>\n<span style=\"color: #008000\"><strong>Orientadora:<\/strong> Dr\u00aa. Rosane Falate<\/span><br \/>\n<span style=\"color: #008000\"><strong>Ocupa\u00e7\u00e3o Atual:<\/strong> Atua como Docente<\/span><span style=\"color: #008000\"> Substituto na UTFPR.<\/span><br \/>\n<strong><span style=\"color: #008000\"><a style=\"color: #008000\" href=\"http:\/\/lattes.cnpq.br\/3983675944265911\">Curr\u00edculo Lattes<\/a><\/span><\/strong><\/td>\n<\/tr>\n<p><!-- Linha 1 --><\/p>\n<tr><!-- Coluna 1: Imagem, Nome e Demais Informa\u00e7\u00f5es --><\/p>\n<td style=\"width: 33.33%;text-align: center;vertical-align: middle;padding: 10px\"><span style=\"color: #008000\"><img style=\"width: 100px;height: 100px;object-fit: cover;border-radius: 50%\" src=\"https:\/\/www2.uepg.br\/computacaoaplicada\/wp-content\/uploads\/sites\/219\/2024\/06\/giuvane.jpg\" alt=\"Imagem do Aluno\" \/><\/span><br \/>\n<span style=\"color: #008000\"><strong>46. Giuvane Conti<\/strong><\/span><br \/>\n<span style=\"color: #008000\"><strong>Disserta\u00e7\u00e3o: <\/strong><a style=\"font-family: inherit;font-size: inherit;color: #008000\" href=\"https:\/\/tede2.uepg.br\/jspui\/handle\/prefix\/133\">Arquitetura e implementa\u00e7\u00e3o de sig m\u00f3vel embasado em conceitos da internet das coisas<\/a><strong><br \/>\n<\/strong><strong>Orientador:<\/strong> Dr\u00aa. Selma Regina Aranha Ribeiro<\/span><br \/>\n<span style=\"color: #008000\"><strong>Ocupa\u00e7\u00e3o Atual:<\/strong> Atua como Docente\u00a0 na UTFPR.<\/span><br \/>\n<strong><span style=\"color: #008000\"><a style=\"color: #008000\" href=\"http:\/\/lattes.cnpq.br\/0414927195795995\">Curr\u00edculo Lattes<\/a><\/span><\/strong><\/td>\n<p><!-- Coluna 2: Imagem, Nome e Demais Informa\u00e7\u00f5es --><\/p>\n<td style=\"width: 33.33%;text-align: center;vertical-align: middle;padding: 10px\">\n<div style=\"flex-direction: column;align-items: center\"><span style=\"color: #008000\"><img style=\"width: 100px;height: 100px;object-fit: cover;border-radius: 50%\" src=\"https:\/\/www2.uepg.br\/computacaoaplicada\/wp-content\/uploads\/sites\/219\/2024\/06\/rafael.jpg\" alt=\"Imagem do Aluno\" \/><\/span><br \/>\n<span style=\"color: #008000\"><strong>47. Rafael Poltronieri<\/strong><\/span><br \/>\n<span style=\"color: #008000\"><strong>Disserta\u00e7\u00e3o: <\/strong><a style=\"font-family: inherit;font-size: inherit;color: #008000\" href=\"https:\/\/tede2.uepg.br\/jspui\/handle\/prefix\/138\">Modelos matem\u00e1ticos e computacionais para avalia\u00e7\u00e3o do estado nutricional da soja por meio de diagnose em folhas e gr\u00e3os<\/a><strong><br \/>\n<\/strong><strong>Orientador:<\/strong> Dr. Eduardo Favero Caires<\/span><br \/>\n<span style=\"color: #008000\"><strong>Ocupa\u00e7\u00e3o Atual:<\/strong> Atua como Docente no IFPR.<\/span><br \/>\n<strong><span style=\"color: #008000\"><a style=\"color: #008000\" href=\"http:\/\/lattes.cnpq.br\/4270832485610925\">Curr\u00edculo Lattes<\/a><\/span><\/strong><\/div>\n<\/td>\n<p><!-- Coluna 3: Imagem, Nome e Demais Informa\u00e7\u00f5es --><\/p>\n<td style=\"width: 33.33%;text-align: center;vertical-align: middle;padding: 10px\"><span style=\"color: #008000\"><img style=\"width: 100px;height: 100px;object-fit: cover;border-radius: 50%\" src=\"https:\/\/www2.uepg.br\/computacaoaplicada\/wp-content\/uploads\/sites\/219\/2024\/06\/luiz.jpg\" alt=\"Imagem do Aluno\" \/><\/span><br \/>\n<span style=\"color: #008000\"><strong>48. Luiz Ant\u00f4nio Zanlorensi Junior<\/strong><\/span><br \/>\n<span style=\"color: #008000\"><strong>Disserta\u00e7\u00e3o: <\/strong><a style=\"font-family: inherit;font-size: inherit;color: #008000\" href=\"https:\/\/tede2.uepg.br\/jspui\/handle\/prefix\/135\">Desenvolvimento de um biorreator de imers\u00e3o tempor\u00e1ria com sistema de software e hardware para manipula\u00e7\u00e3o e gerenciamento dos dados<\/a><\/span><br \/>\n<span style=\"color: #008000\"><strong>Orientador:<\/strong> Dr. Alceu de Souza Britto Junior<\/span><br \/>\n<span style=\"color: #008000\"><strong>Ocupa\u00e7\u00e3o Atual:<\/strong> Atua como Cientista de Dados na Infant.ID.<\/span><br \/>\n<span style=\"color: #008000\"><a style=\"color: #008000\" href=\"http:\/\/lattes.cnpq.br\/0304183886743513\"><strong>Curr\u00edculo Lattes<\/strong><\/a><\/span><\/td>\n<\/tr>\n<p><!-- Linha 1 --><\/p>\n<tr><!-- Coluna 1: Imagem, Nome e Demais Informa\u00e7\u00f5es --><\/p>\n<td style=\"width: 33.33%;text-align: center;vertical-align: middle;padding: 10px\"><span style=\"color: #008000\"><img style=\"width: 100px;height: 100px;object-fit: cover;border-radius: 50%\" src=\"https:\/\/www2.uepg.br\/computacaoaplicada\/wp-content\/uploads\/sites\/219\/2024\/06\/andrey.jpg\" alt=\"Imagem do Aluno\" \/><\/span><br \/>\n<span style=\"color: #008000\"><strong>43. Andrey Orloski<\/strong><\/span><br \/>\n<span style=\"color: #008000\"><strong>Disserta\u00e7\u00e3o: <\/strong><a style=\"font-family: inherit;font-size: inherit;color: #008000\" href=\"https:\/\/tede2.uepg.br\/jspui\/handle\/prefix\/130\">Procedimento para autolocaliza\u00e7\u00e3o de rob\u00f4s em casas de vegeta\u00e7\u00e3o utilizando descritores surf: implementa\u00e7\u00e3o sequencial e paralela<\/a><strong><br \/>\n<\/strong><strong>Orientador:<\/strong> Dr. Jos\u00e9 Carlos Ferreira da Rocha<\/span><br \/>\n<span style=\"color: #008000\"><strong>Ocupa\u00e7\u00e3o Atual: <\/strong>Atua como Diretor na <\/span><span style=\"color: #008000\"><span class=\"t-14 t-normal\"><span aria-hidden=\"true\">Orloski Desenvolvimento Humano.<\/span><\/span><\/span><br \/>\n<strong><span style=\"color: #008000\"><a style=\"color: #008000\" href=\"http:\/\/lattes.cnpq.br\/362575754644752\">Curr\u00edculo Lattes<\/a><\/span><\/strong><\/td>\n<p><!-- Coluna 2: Imagem, Nome e Demais Informa\u00e7\u00f5es --><\/p>\n<td style=\"width: 33.33%;text-align: center;vertical-align: middle;padding: 10px\">\n<div style=\"flex-direction: column;align-items: center\"><span style=\"color: #008000\"><img style=\"width: 100px;height: 100px;object-fit: cover;border-radius: 50%\" src=\"https:\/\/www2.uepg.br\/computacaoaplicada\/wp-content\/uploads\/sites\/219\/2024\/06\/elvis.jpg\" alt=\"Imagem do Aluno\" \/><\/span><br \/>\n<span style=\"color: #008000\"><strong>44. Elvis Canteri de Andrade<\/strong><\/span><br \/>\n<span style=\"color: #008000\"><strong>Disserta\u00e7\u00e3o: <\/strong><a style=\"font-family: inherit;font-size: inherit;color: #008000\" href=\"https:\/\/tede2.uepg.br\/jspui\/handle\/prefix\/134\">Processamento digital de imagens como estimativa de teor de n foliar na cultura do milho<\/a><strong><br \/>\n<\/strong><strong>Orientador:<\/strong> Dr. Luciano Jos\u00e9 Senger<\/span><br \/>\n<span style=\"color: #008000\"><strong>Ocupa\u00e7\u00e3o Atual:<\/strong> Atua como Docente no IFPR.<\/span><br \/>\n<strong><span style=\"color: #008000\"><a style=\"color: #008000\" href=\"http:\/\/lattes.cnpq.br\/1471640782689003\">Curr\u00edculo Lattes<\/a><\/span><\/strong><\/div>\n<\/td>\n<p><!-- Coluna 3: Imagem, Nome e Demais Informa\u00e7\u00f5es --><\/p>\n<td style=\"width: 33.33%;text-align: center;vertical-align: middle;padding: 10px\"><span style=\"color: #008000\"><img style=\"width: 100px;height: 100px;object-fit: cover;border-radius: 50%\" src=\"https:\/\/www2.uepg.br\/computacaoaplicada\/wp-content\/uploads\/sites\/219\/2024\/06\/roberson.jpg\" alt=\"Imagem do Aluno\" \/><\/span><br \/>\n<span style=\"color: #008000\"><strong>45. Roberson Junior Fernandes Alves<\/strong><\/span><br \/>\n<span style=\"color: #008000\"><strong>Disserta\u00e7\u00e3o: <\/strong><a style=\"font-family: inherit;font-size: inherit;color: #008000\" href=\"https:\/\/tede2.uepg.br\/jspui\/handle\/prefix\/132\">Rastreamento de agrobots em estufas agr\u00edcolas usando modelos ocultos de markov: compara\u00e7\u00e3o do desempenho e da corre\u00e7\u00e3o dos algoritmos de viterbi e viterbi com janela de observa\u00e7\u00f5es deslizante<\/a><\/span><br \/>\n<span style=\"color: #008000\"><strong>Orientador:<\/strong> Dr. Jos\u00e9 Carlos Ferreira da Rocha<\/span><br \/>\n<span style=\"color: #008000\"><strong>Ocupa\u00e7\u00e3o Atual:<\/strong> Atua como Docente na UNOESC.<\/span><br \/>\n<strong><span style=\"color: #008000\"><a style=\"color: #008000\" href=\"http:\/\/lattes.cnpq.br\/0134024638281538\">Curr\u00edculo Lattes<\/a><\/span><\/strong><\/td>\n<\/tr>\n<p><!-- Linha 1 --><\/p>\n<tr><!-- Coluna 1: Imagem, Nome e Demais Informa\u00e7\u00f5es --><\/p>\n<td style=\"width: 33.33%;text-align: center;vertical-align: middle;padding: 10px\"><span style=\"color: #008000\"><img style=\"width: 100px;height: 100px;object-fit: cover;border-radius: 50%\" src=\"https:\/\/www2.uepg.br\/computacaoaplicada\/wp-content\/uploads\/sites\/219\/2024\/06\/lays.jpg\" alt=\"Imagem do Aluno\" \/><\/span><br \/>\n<span style=\"color: #008000\"><strong>40. Lays Helena Lopes Veloso<\/strong><\/span><br \/>\n<span style=\"color: #008000\"><strong>Disserta\u00e7\u00e3o: <\/strong><a style=\"font-family: inherit;font-size: inherit;color: #008000\" href=\"https:\/\/tede2.uepg.br\/jspui\/handle\/prefix\/127\">Algoritmo k-means paralelo baseado em hadoop-mapreduce para minera\u00e7\u00e3o de dados agr\u00edcolas<\/a><strong><br \/>\n<\/strong><strong>Orientador:<\/strong> Dr. Luciano Jos\u00e9 Senger<\/span><br \/>\n<span style=\"color: #008000\"><strong>Ocupa\u00e7\u00e3o Atual:<\/strong> Atua como Software Architect na CI&amp;T.<\/span><br \/>\n<strong><span style=\"color: #008000\"><a style=\"color: #008000\" href=\"http:\/\/lattes.cnpq.br\/6798949648402022\">Curr\u00edculo Lattes<\/a><\/span><\/strong><\/td>\n<p><!-- Coluna 2: Imagem, Nome e Demais Informa\u00e7\u00f5es --><\/p>\n<td style=\"width: 33.33%;text-align: center;vertical-align: middle;padding: 10px\">\n<div style=\"flex-direction: column;align-items: center\"><span style=\"color: #008000\"><img style=\"width: 100px;height: 100px;object-fit: cover;border-radius: 50%\" src=\"https:\/\/www2.uepg.br\/computacaoaplicada\/wp-content\/uploads\/sites\/219\/2024\/06\/geisla.jpg\" alt=\"Imagem do Aluno\" \/><\/span><br \/>\n<span style=\"color: #008000\"><strong>41. Geisla de Albuquerque Melo Laskoski<\/strong><\/span><br \/>\n<span style=\"color: #008000\"><strong>Disserta\u00e7\u00e3o: <\/strong><a style=\"font-family: inherit;font-size: inherit;color: #008000\" href=\"https:\/\/tede2.uepg.br\/jspui\/handle\/prefix\/129\">Utiliza\u00e7\u00e3o de processamento digital de imagens e redes neurais artificiais para o reconhecimento de \u00edndices de severidade da ferrugem asi\u00e1tica da soja<\/a><strong><br \/>\n<\/strong><strong>Orientador:<\/strong> Dr. Ivo Mario Mathias<\/span><br \/>\n<span style=\"color: #008000\"><strong>Ocupa\u00e7\u00e3o Atual:<\/strong> Atua como Analista de TI no SENAC.<\/span><br \/>\n<strong><span style=\"color: #008000\"><a style=\"color: #008000\" href=\"http:\/\/lattes.cnpq.br\/3010717952580020\">Curr\u00edculo Lattes<\/a><\/span><\/strong><\/div>\n<\/td>\n<p><!-- Coluna 3: Imagem, Nome e Demais Informa\u00e7\u00f5es --><\/p>\n<td style=\"width: 33.33%;text-align: center;vertical-align: middle;padding: 10px\"><span style=\"color: #008000\"><img style=\"width: 100px;height: 100px;object-fit: cover;border-radius: 50%\" src=\"https:\/\/www2.uepg.br\/computacaoaplicada\/wp-content\/uploads\/sites\/219\/2024\/06\/marcos.jpg\" alt=\"Imagem do Aluno\" \/><\/span><br \/>\n<span style=\"color: #008000\"><strong>42. Marcos Monteiro Junior<\/strong><\/span><br \/>\n<span style=\"color: #008000\"><strong>Disserta\u00e7\u00e3o: <\/strong><a style=\"font-family: inherit;font-size: inherit;color: #008000\" href=\"https:\/\/tede2.uepg.br\/jspui\/handle\/prefix\/131\">M\u00e9todo de c\u00e1lculo de trajet\u00f3ria de m\u00e1quinas agr\u00edcolas utilizando processamento de imagens em smartphones<\/a><\/span><br \/>\n<span style=\"color: #008000\"><strong>Orientadora:<\/strong> Dr\u00aa. Maria Salete Marcon Gomes Vaz<\/span><br \/>\n<span style=\"color: #008000\"><strong>Ocupa\u00e7\u00e3o Atual:<\/strong> Atua como Docente Colaborador na UEPG.<\/span><br \/>\n<span style=\"color: #008000\"><a style=\"color: #008000\" href=\"http:\/\/lattes.cnpq.br\/2270170938759712\"><strong>Curr\u00edculo Lattes<\/strong><\/a><\/span><\/td>\n<\/tr>\n<p><!-- Linha 1 --><\/p>\n<tr><!-- Coluna 1: Imagem, Nome e Demais Informa\u00e7\u00f5es --><\/p>\n<td style=\"width: 33.33%;text-align: center;vertical-align: middle;padding: 10px\"><span style=\"color: #008000\"><img style=\"width: 100px;height: 100px;object-fit: cover;border-radius: 50%\" src=\"https:\/\/www2.uepg.br\/computacaoaplicada\/wp-content\/uploads\/sites\/219\/2024\/06\/sergio.jpg\" alt=\"Imagem do Aluno\" \/><\/span><br \/>\n<span style=\"color: #008000\"><strong>37. Sergio Silva Ribeiro<\/strong><\/span><br \/>\n<span style=\"color: #008000\"><strong>Disserta\u00e7\u00e3o: <\/strong><a style=\"font-family: inherit;font-size: inherit;color: #008000\" href=\"https:\/\/tede2.uepg.br\/jspui\/handle\/prefix\/125\">Extra\u00e7\u00e3o de caracter\u00edsticas de imagens aplicada \u00e0 detec\u00e7\u00e3o de gr\u00e3os ardidos de milho<\/a><strong><br \/>\n<\/strong><strong>Orientadora:<\/strong> Dr\u00aa. Rosane Falate<\/span><br \/>\n<span style=\"color: #008000\"><strong>Ocupa\u00e7\u00e3o Atual:<\/strong> Atua como Docente Assistente na Crandall University (Canad\u00e1).<\/span><br \/>\n<strong><span style=\"color: #008000\"><a style=\"color: #008000\" href=\"http:\/\/lattes.cnpq.br\/1073336028136265\">Curr\u00edculo Lattes<\/a><\/span><\/strong><\/td>\n<p><!-- Coluna 2: Imagem, Nome e Demais Informa\u00e7\u00f5es --><\/p>\n<td style=\"width: 33.33%;text-align: center;vertical-align: middle;padding: 10px\">\n<div style=\"flex-direction: column;align-items: center\"><span style=\"color: #008000\"><img style=\"width: 100px;height: 100px;object-fit: cover;border-radius: 50%\" src=\"https:\/\/www2.uepg.br\/computacaoaplicada\/wp-content\/uploads\/sites\/219\/2024\/06\/bruna.jpg\" alt=\"Imagem do Aluno\" \/><\/span><br \/>\n<span style=\"color: #008000\"><strong>38. Bruna Rossetto Delazeri<\/strong><\/span><br \/>\n<span style=\"color: #008000\"><strong>Disserta\u00e7\u00e3o: <\/strong><a style=\"font-family: inherit;font-size: inherit;color: #008000\" href=\"https:\/\/tede2.uepg.br\/jspui\/handle\/prefix\/137\">Visualiza\u00e7\u00e3o hierarquica aplicada \u00e0 metan\u00e1lise da efici\u00eancia do fungicida fluquinconazol em sementes de soja para o controle da ferrugem asi\u00e1tica<\/a><strong><br \/>\n<\/strong><strong>Orientador:<\/strong> Dr. Marcelo Giovanetti Canteri<\/span><br \/>\n<span style=\"color: #008000\"><strong>Ocupa\u00e7\u00e3o Atual: <\/strong>Atua como Coordenadora de Curso e Suporte T\u00e9cnico no SEED\/PR.<\/span><br \/>\n<span style=\"color: #008000\"><a style=\"color: #008000\" href=\"http:\/\/lattes.cnpq.br\/0524167307905393\"><strong>Curr\u00edculo Lattes<\/strong><\/a><\/span><\/div>\n<\/td>\n<p><!-- Coluna 3: Imagem, Nome e Demais Informa\u00e7\u00f5es --><\/p>\n<td style=\"width: 33.33%;text-align: center;vertical-align: middle;padding: 10px\"><span style=\"color: #008000\"><img style=\"width: 100px;height: 100px;object-fit: cover;border-radius: 50%\" src=\"https:\/\/www2.uepg.br\/computacaoaplicada\/wp-content\/uploads\/sites\/219\/2024\/06\/suelen.jpg\" alt=\"Imagem do Aluno\" \/><\/span><br \/>\n<span style=\"color: #008000\"><strong>39. Suelyn Fernanda da Silva<\/strong><\/span><br \/>\n<span style=\"color: #008000\"><strong>Disserta\u00e7\u00e3o: <\/strong><a style=\"font-family: inherit;font-size: inherit;color: #008000\" href=\"https:\/\/tede2.uepg.br\/jspui\/handle\/prefix\/128\">Metan\u00e1lise para valida\u00e7\u00e3o de escalas diagram\u00e1ticas em doen\u00e7as de plantas e proposta de sistema de software assistente<\/a><\/span><br \/>\n<span style=\"color: #008000\"><strong>Orientador:<\/strong> Dr. Marcelo Giovanetti Canteri<\/span><br \/>\n<span style=\"color: #008000\"><strong>Ocupa\u00e7\u00e3o Atual:<\/strong> Atua como Docente no IFPR.<\/span><br \/>\n<strong><span style=\"color: #008000\"><a style=\"color: #008000\" href=\"http:\/\/lattes.cnpq.br\/3817150560669223\">Curr\u00edculo Lattes<\/a><\/span><\/strong><\/td>\n<\/tr>\n<p><!-- Linha 1 --><\/p>\n<tr><!-- Coluna 1: Imagem, Nome e Demais Informa\u00e7\u00f5es --><\/p>\n<td style=\"width: 33.33%;text-align: center;vertical-align: middle;padding: 10px\"><span style=\"color: #008000\"><img style=\"width: 100px;height: 100px;object-fit: cover;border-radius: 50%\" src=\"https:\/\/www2.uepg.br\/computacaoaplicada\/wp-content\/uploads\/sites\/219\/2024\/06\/kelly.png\" alt=\"Imagem do Aluno\" \/><\/span><br \/>\n<span style=\"color: #008000\"><strong>34. Kelly Lais Wiggers<\/strong><\/span><br \/>\n<span style=\"color: #008000\"><strong>Disserta\u00e7\u00e3o: <\/strong><a style=\"font-family: inherit;font-size: inherit;color: #008000\" href=\"https:\/\/tede2.uepg.br\/jspui\/handle\/prefix\/126\">An\u00e1lise em uma imagem orbital de alta resolu\u00e7\u00e3o para classifica\u00e7\u00e3o do uso e cobertura da terra de uma \u00e1rea da bacia do pitangui &#8211; PR<\/a><strong><br \/>\n<\/strong><strong>Orientadora:<\/strong> Dr\u00aa. Selma Regina Aranha Ribeiro<\/span><br \/>\n<span style=\"color: #008000\"><strong>Ocupa\u00e7\u00e3o Atual:<\/strong> Atua como Docente na UTFPR.<\/span><br \/>\n<strong><span style=\"color: #008000\"><a style=\"color: #008000\" href=\"http:\/\/lattes.cnpq.br\/4553731210869761\">Curr\u00edculo Lattes<\/a><\/span><\/strong><\/td>\n<p><!-- Coluna 2: Imagem, Nome e Demais Informa\u00e7\u00f5es --><\/p>\n<td style=\"width: 33.33%;text-align: center;vertical-align: middle;padding: 10px\">\n<div style=\"flex-direction: column;align-items: center\"><span style=\"color: #008000\"><img style=\"width: 100px;height: 100px;object-fit: cover;border-radius: 50%\" src=\"https:\/\/www2.uepg.br\/computacaoaplicada\/wp-content\/uploads\/sites\/219\/2024\/06\/Albino.jpg\" alt=\"Imagem do Aluno\" \/><\/span><br \/>\n<span style=\"color: #008000\"><strong>35. Albino Szesz Junior<\/strong><\/span><br \/>\n<span style=\"color: #008000\"><strong>Disserta\u00e7\u00e3o: <\/strong><a style=\"font-family: inherit;font-size: inherit;color: #008000\" href=\"https:\/\/tede2.uepg.br\/jspui\/handle\/prefix\/124\">Metodologia computacional para defini\u00e7\u00e3o de per\u00edodos de semeadura de culturas agr\u00edcolas<\/a><strong><br \/>\n<\/strong><strong>Orientadora:<\/strong> Dr\u00aa. Maria Salete Marcon Gomes Vaz<\/span><br \/>\n<span style=\"color: #008000\"><strong>Ocupa\u00e7\u00e3o Atual:<\/strong> Atua como\u00a0 CEO da PISIGMA.<\/span><br \/>\n<strong><span style=\"color: #008000\"><a style=\"color: #008000\" href=\"http:\/\/lattes.cnpq.br\/5815701082782172\">Curr\u00edculo Lattes<\/a><\/span><\/strong><\/div>\n<\/td>\n<p><!-- Coluna 3: Imagem, Nome e Demais Informa\u00e7\u00f5es --><\/p>\n<td style=\"width: 33.33%;text-align: center;vertical-align: middle;padding: 10px\"><span style=\"color: #008000\"><img style=\"width: 100px;height: 100px;object-fit: cover;border-radius: 50%\" src=\"https:\/\/www2.uepg.br\/computacaoaplicada\/wp-content\/uploads\/sites\/219\/2024\/06\/Valter.jpg\" alt=\"Imagem do Aluno\" \/><\/span><br \/>\n<span style=\"color: #008000\"><strong>36. Valter Lu\u00eds Estevam Junior<\/strong><\/span><br \/>\n<span style=\"color: #008000\"><strong>Disserta\u00e7\u00e3o: <\/strong><a style=\"font-family: inherit;font-size: inherit;color: #008000\" href=\"https:\/\/tede2.uepg.br\/jspui\/handle\/prefix\/121\">Interessabilidade de modelos de regress\u00e3o em minera\u00e7\u00e3o de dados agr\u00edcolas<\/a><\/span><br \/>\n<span style=\"color: #008000\"><strong>Orientadora:<\/strong> Dr\u00aa. Alaine Margarete Guimar\u00e3es<\/span><br \/>\n<span style=\"color: #008000\"><strong>Ocupa\u00e7\u00e3o Atual:<\/strong> Atua como Docente no IFPR.<\/span><br \/>\n<strong><span style=\"color: #008000\"><a style=\"color: #008000\" href=\"http:\/\/lattes.cnpq.br\/3834930747265724\">Curr\u00edculo Lattes<\/a><\/span><\/strong><\/td>\n<\/tr>\n<p><!-- Linha 1 --><\/p>\n<tr><!-- Coluna 1: Imagem, Nome e Demais Informa\u00e7\u00f5es --><\/p>\n<td style=\"width: 33.33%;text-align: center;vertical-align: middle;padding: 10px\"><span style=\"color: #008000\"><img style=\"width: 100px;height: 100px;object-fit: cover;border-radius: 50%\" src=\"https:\/\/www2.uepg.br\/computacaoaplicada\/wp-content\/uploads\/sites\/219\/2024\/06\/selma.png\" alt=\"Imagem do Aluno\" \/><\/span><br \/>\n<span style=\"color: #008000\"><strong>31. Selma Josette Silveira Debtil<\/strong><\/span><br \/>\n<span style=\"color: #008000\"><strong>Disserta\u00e7\u00e3o:<\/strong><a style=\"color: #008000\" href=\"https:\/\/tede2.uepg.br\/jspui\/handle\/prefix\/171\">Especifica\u00e7\u00e3o de um framework para rastreabilidade da cadeia produtiva de gr\u00e3os<\/a><strong><br \/>\n<\/strong><strong>Orientadora:<\/strong> Dr\u00aa. Maria Salete Marcon Gomes Vaz<\/span><br \/>\n<span style=\"color: #008000\"><strong>Ocupa\u00e7\u00e3o Atual:<\/strong> Atua como T\u00e9cnica Administrativa na UEPG.<\/span><br \/>\n<strong><span style=\"color: #008000\"><a style=\"color: #008000\" href=\"http:\/\/lattes.cnpq.br\/5111051809858965\">Curr\u00edculo Lattes<\/a><\/span><\/strong><\/td>\n<p><!-- Coluna 2: Imagem, Nome e Demais Informa\u00e7\u00f5es --><\/p>\n<td style=\"width: 33.33%;text-align: center;vertical-align: middle;padding: 10px\">\n<div style=\"flex-direction: column;align-items: center\"><span style=\"color: #008000\"><img style=\"width: 100px;height: 100px;object-fit: cover;border-radius: 50%\" src=\"https:\/\/www2.uepg.br\/computacaoaplicada\/wp-content\/uploads\/sites\/219\/2024\/06\/sandro.png\" alt=\"Imagem do Aluno\" \/><\/span><br \/>\n<span style=\"color: #008000\"><strong>32. Sandro Teixeira<\/strong><\/span><br \/>\n<span style=\"color: #008000\"><strong>Disserta\u00e7\u00e3o: <\/strong><a style=\"font-family: inherit;font-size: inherit;color: #008000\" href=\"https:\/\/tede2.uepg.br\/jspui\/handle\/prefix\/122\">Determina\u00e7\u00e3o de modelo de estimativa de teores de carbono em solos utilizando m\u00e1quina de vetor de suporte e reflect\u00e2ncia espectral<\/a><strong><br \/>\n<\/strong><strong>Orientadora:<\/strong> Dr\u00aa. Alaine Margarete Guimar\u00e3es<\/span><br \/>\n<span style=\"color: #008000\"><strong>Ocupa\u00e7\u00e3o Atual:<\/strong> Atua como Analista de Sistemas na UEPG.<\/span><br \/>\n<strong><span style=\"color: #008000\"><a style=\"color: #008000\" href=\"http:\/\/lattes.cnpq.br\/5440698737198108\">Curr\u00edculo Lattes<\/a><\/span><\/strong><\/div>\n<\/td>\n<p><!-- Coluna 3: Imagem, Nome e Demais Informa\u00e7\u00f5es --><\/p>\n<td style=\"width: 33.33%;text-align: center;vertical-align: middle;padding: 10px\"><span style=\"color: #008000\"><img style=\"width: 100px;height: 100px;object-fit: cover;border-radius: 50%\" src=\"https:\/\/www2.uepg.br\/computacaoaplicada\/wp-content\/uploads\/sites\/219\/2024\/06\/gregory.png\" alt=\"Imagem do Aluno\" \/><\/span><br \/>\n<span style=\"color: #008000\"><strong>33. Gregory Vin\u00edcius Conor Figueiredo<\/strong><\/span><br \/>\n<span style=\"color: #008000\"><strong>Disserta\u00e7\u00e3o: <\/strong><a style=\"color: #008000\" href=\"https:\/\/tede2.uepg.br\/jspui\/handle\/prefix\/177\">Modelo Probabil\u00edstico Bayesiano para Simular o Conhecimento de Especialistas no Controle da Ferrugem Asi\u00e1tica da Soja no Estado do Paran\u00e1<\/a><strong><br \/>\n<\/strong><strong>Orientador:<\/strong> Dr. Marcelo Giovanetti Canteri<\/span><br \/>\n<span style=\"color: #008000\"><strong>Ocupa\u00e7\u00e3o Atual:<\/strong> Atua como Docente no IFPR.<\/span><br \/>\n<strong><span style=\"color: #008000\"><a style=\"color: #008000\" href=\"http:\/\/lattes.cnpq.br\/6314156306818152\">Curr\u00edculo Lattes<\/a><\/span><\/strong><\/td>\n<\/tr>\n<p><!-- Linha 1 --><\/p>\n<tr><!-- Coluna 1: Imagem, Nome e Demais Informa\u00e7\u00f5es --><\/p>\n<td style=\"width: 33.33%;text-align: center;vertical-align: middle;padding: 10px\"><span style=\"color: #008000\"><img style=\"width: 100px;height: 100px;object-fit: cover;border-radius: 50%\" src=\"https:\/\/www2.uepg.br\/computacaoaplicada\/wp-content\/uploads\/sites\/219\/2024\/06\/monica.png\" alt=\"Imagem do Aluno\" \/><\/span><br \/>\n<span style=\"color: #008000\"><strong>28. Monica Cristine Scherer Vaz<\/strong><\/span><br \/>\n<span style=\"color: #008000\"><strong>Disserta\u00e7\u00e3o:<\/strong><a style=\"color: #008000\" href=\"https:\/\/tede2.uepg.br\/jspui\/handle\/prefix\/171\">Especifica\u00e7\u00e3o de um framework para rastreabilidade da cadeia produtiva de gr\u00e3os<\/a><strong><br \/>\n<\/strong><strong>Orientadora:<\/strong> Dr\u00aa. Maria Salete Marcon Gomes Vaz<\/span><br \/>\n<span style=\"color: #008000\"><strong>Ocupa\u00e7\u00e3o Atual: <\/strong>\u00a0Atua como Coordenadora de Opera\u00e7\u00f5es do Banco PACCAR.<\/span><br \/>\n<span style=\"color: #008000\"><a style=\"color: #008000\" href=\"http:\/\/lattes.cnpq.br\/9007114034667637\"><strong>Curr\u00edculo Lattes<\/strong><\/a><\/span><\/td>\n<p><!-- Coluna 2: Imagem, Nome e Demais Informa\u00e7\u00f5es --><\/p>\n<td style=\"width: 33.33%;text-align: center;vertical-align: middle;padding: 10px\">\n<div style=\"flex-direction: column;align-items: center\"><span style=\"color: #008000\"><img style=\"width: 100px;height: 100px;object-fit: cover;border-radius: 50%\" src=\"https:\/\/www2.uepg.br\/computacaoaplicada\/wp-content\/uploads\/sites\/219\/2024\/06\/ciro.jpg\" alt=\"Imagem do Aluno\" \/><\/span><br \/>\n<span style=\"color: #008000\"><strong>29. Ciro Baron Neto<\/strong><\/span><br \/>\n<span style=\"color: #008000\"><strong>Disserta\u00e7\u00e3o: <\/strong><a style=\"font-family: inherit;font-size: inherit;color: #008000\" href=\"https:\/\/tede2.uepg.br\/jspui\/handle\/prefix\/166\">M\u00e9todo computacional para avalia\u00e7\u00e3o do crescimento radicular da cultura da soja<\/a><strong><br \/>\n<\/strong><strong>Orientador:<\/strong> Dr. Adriel Ferreira da Fonseca<\/span><br \/>\n<span style=\"color: #008000\"><strong>Ocupa\u00e7\u00e3o Atual:<\/strong> Atua como Engenheiro de Software na Shopify, do Canad\u00e1.\u00a0<\/span><br \/>\n<strong><span style=\"color: #008000\"><a style=\"color: #008000\" href=\"http:\/\/lattes.cnpq.br\/3589844515659314\">Curr\u00edculo Lattes<\/a><\/span><\/strong><\/div>\n<\/td>\n<p><!-- Coluna 3: Imagem, Nome e Demais Informa\u00e7\u00f5es --><\/p>\n<td style=\"width: 33.33%;text-align: center;vertical-align: middle;padding: 10px\"><span style=\"color: #008000\"><img style=\"width: 100px;height: 100px;object-fit: cover;border-radius: 50%\" src=\"https:\/\/www2.uepg.br\/computacaoaplicada\/wp-content\/uploads\/sites\/219\/2024\/06\/robson.png\" alt=\"Imagem do Aluno\" \/><\/span><br \/>\n<span style=\"color: #008000\"><strong>30. Robson Fernando Duda<\/strong><\/span><br \/>\n<span style=\"color: #008000\"><strong>Disserta\u00e7\u00e3o: <\/strong><a style=\"font-family: inherit;font-size: inherit;color: #008000\" href=\"https:\/\/tede2.uepg.br\/jspui\/handle\/prefix\/169\">Aplica\u00e7\u00e3o De Heur\u00edsticas E Meta-Heur\u00edsticas No Desenvolvimento De Um Sistema De Apoio A Decis\u00e3o Para Resolu\u00e7\u00e3o De Problemas De Roteamento De Ve\u00edculos Aplicados \u00c0 Agricultura<\/a><strong><br \/>\n<\/strong><\/span><span style=\"color: #008000\"><strong>Orientadora:<\/strong> Dr\u00aa. Rosane Falate<\/span><br \/>\n<span style=\"color: #008000\"><strong>Ocupa\u00e7\u00e3o Atual:<\/strong> Atua como Analista de TI na UFSC.<\/span><br \/>\n<strong><span style=\"color: #008000\"><a style=\"color: #008000\" href=\"http:\/\/lattes.cnpq.br\/7814299867942521\">Curr\u00edculo Lattes<\/a><\/span><\/strong><\/td>\n<\/tr>\n<p><!-- Linha 1 --><\/p>\n<tr><!-- Coluna 1: Imagem, Nome e Demais Informa\u00e7\u00f5es --><\/p>\n<td style=\"width: 33.33%;text-align: center;vertical-align: middle;padding: 10px\"><span style=\"color: #008000\"><img style=\"width: 100px;height: 100px;object-fit: cover;border-radius: 50%\" src=\"https:\/\/www2.uepg.br\/computacaoaplicada\/wp-content\/uploads\/sites\/219\/2024\/06\/marinaldo.png\" alt=\"Imagem do Aluno\" \/><\/span><br \/>\n<span style=\"color: #008000\"><strong>25. Marinaldo Jose Gaspareto<\/strong><\/span><br \/>\n<span style=\"color: #008000\"><strong>Disserta\u00e7\u00e3o: <\/strong><a style=\"font-family: inherit;font-size: inherit;color: #008000\" href=\"https:\/\/tede2.uepg.br\/jspui\/handle\/prefix\/172\">Sele\u00e7\u00e3o de atributos em imagens coletadas sob condi\u00e7\u00f5es de ilumina\u00e7\u00e3o n\u00e3o controlada e sua influ\u00eancia no desempenho de classificadores naive bayes para identifica\u00e7\u00e3o de objetos em estufas agr\u00edcolas<\/a><strong><br \/>\n<\/strong><strong>Orientador:<\/strong> Dr. Jos\u00e9 Carlos Ferreira da Rocha<\/span><br \/>\n<span style=\"color: #008000\"><strong>Ocupa\u00e7\u00e3o Atual:<\/strong> Atua como Agente Administrativo na UTFPR.<\/span><br \/>\n<strong><span style=\"color: #008000\"><a style=\"color: #008000\" href=\"http:\/\/lattes.cnpq.br\/8553383846631663\">Curr\u00edculo Lattes<\/a><\/span><\/strong><\/td>\n<p><!-- Coluna 2: Imagem, Nome e Demais Informa\u00e7\u00f5es --><\/p>\n<td style=\"width: 33.33%;text-align: center;vertical-align: middle;padding: 10px\">\n<div style=\"flex-direction: column;align-items: center\"><span style=\"color: #008000\"><img style=\"width: 100px;height: 100px;object-fit: cover;border-radius: 50%\" src=\"https:\/\/www2.uepg.br\/computacaoaplicada\/wp-content\/uploads\/sites\/219\/2024\/06\/name.jpg\" alt=\"Imagem do Aluno\" \/><\/span><br \/>\n<span style=\"color: #008000\"><strong>26. Marcio Hosoya Name<\/strong><\/span><br \/>\n<span style=\"color: #008000\"><strong>Disserta\u00e7\u00e3o: <\/strong><a style=\"font-family: inherit;font-size: inherit;color: #008000\" href=\"https:\/\/tede2.uepg.br\/jspui\/handle\/prefix\/166\">M\u00e9todo computacional para avalia\u00e7\u00e3o do crescimento radicular da cultura da soja<\/a><strong><br \/>\n<\/strong><strong>Orientador:<\/strong> Dr. Adriel Ferreira da Fonseca<\/span><br \/>\n<span style=\"color: #008000\"><strong>Ocupa\u00e7\u00e3o Atual:<\/strong> Atua como Docente da UFPR.<\/span><br \/>\n<strong><span style=\"color: #008000\"><a style=\"color: #008000\" href=\"http:\/\/lattes.cnpq.br\/5806067174457918\">Curr\u00edculo Lattes<\/a><\/span><\/strong><\/div>\n<\/td>\n<p><!-- Coluna 3: Imagem, Nome e Demais Informa\u00e7\u00f5es --><\/p>\n<td style=\"width: 33.33%;text-align: center;vertical-align: middle;padding: 10px\"><span style=\"color: #008000\"><img style=\"width: 100px;height: 100px;object-fit: cover;border-radius: 50%\" src=\"https:\/\/www2.uepg.br\/computacaoaplicada\/wp-content\/uploads\/sites\/219\/2024\/06\/evanise.png\" alt=\"Imagem do Aluno\" \/><\/span><br \/>\n<span style=\"color: #008000\"><strong>27. Evanise Araujo Caldas Ruiz<\/strong><\/span><br \/>\n<span style=\"color: #008000\"><strong>Disserta\u00e7\u00e3o: <\/strong><a style=\"font-family: inherit;font-size: inherit;color: #008000\" href=\"https:\/\/tede2.uepg.br\/jspui\/handle\/prefix\/178\">Avalia\u00e7\u00e3o de metodologias de aquisi\u00e7\u00e3o de imagens para fins de an\u00e1lise de qualidade de sementes de milho<\/a><\/span><br \/>\n<span style=\"color: #008000\"><strong>Orientadora:<\/strong> Dr\u00aa. Rosane Falate<\/span><br \/>\n<span style=\"color: #008000\"><strong>Ocupa\u00e7\u00e3o Atual:<\/strong> Atua como Docente Assistente na UFGD.<\/span><br \/>\n<strong><span style=\"color: #008000\"><a style=\"color: #008000\" href=\"http:\/\/lattes.cnpq.br\/3472136204676445\">Curr\u00edculo Lattes<\/a><\/span><\/strong><\/td>\n<\/tr>\n<p><!-- Linha 1 --><\/p>\n<tr><!-- Coluna 1: Imagem, Nome e Demais Informa\u00e7\u00f5es --><\/p>\n<td style=\"width: 33.33%;text-align: center;vertical-align: middle;padding: 10px\"><span style=\"color: #008000\"><img style=\"width: 100px;height: 100px;object-fit: cover;border-radius: 50%\" src=\"https:\/\/www2.uepg.br\/computacaoaplicada\/wp-content\/uploads\/sites\/219\/2024\/06\/regiane.png\" alt=\"Imagem do Aluno\" \/><\/span><br \/>\n<span style=\"color: #008000\"><strong>22. Regiane Orlovski<\/strong><\/span><br \/>\n<span style=\"color: #008000\"><strong>Disserta\u00e7\u00e3o:<\/strong><a style=\"color: #008000\" href=\"https:\/\/tede2.uepg.br\/jspui\/handle\/prefix\/165\">Avalia\u00e7\u00e3o de espa\u00e7amentos das coletas de solo para a modelagem de granulometria com aplica\u00e7\u00e3o na agricultura de precis\u00e3o<\/a><strong><br \/>\n<\/strong><strong>Orientadora:<\/strong> Dr\u00aa. Selma Regina Ribeiro Aranha<\/span><br \/>\n<span style=\"color: #008000\"><strong>Ocupa\u00e7\u00e3o Atual:<\/strong> Atua como Docente na Universidade Estadual do Centro-Oeste.<\/span><br \/>\n<span style=\"color: #008000\"><a style=\"color: #008000\" href=\"http:\/\/lattes.cnpq.br\/7133467181826366\"><strong>Curr\u00edculo Lattes<\/strong><\/a><\/span><\/td>\n<p><!-- Coluna 2: Imagem, Nome e Demais Informa\u00e7\u00f5es --><\/p>\n<td style=\"width: 33.33%;text-align: center;vertical-align: middle;padding: 10px\">\n<div style=\"flex-direction: column;align-items: center\"><span style=\"color: #008000\"><img style=\"width: 100px;height: 100px;object-fit: cover;border-radius: 50%\" src=\"https:\/\/www2.uepg.br\/computacaoaplicada\/wp-content\/uploads\/sites\/219\/2022\/03\/LogoIcone.png\" alt=\"Imagem do Aluno\" \/><\/span><br \/>\n<span style=\"color: #008000\"><strong>23. Jo\u00e3o Alexandre Batista da Cruz<\/strong><\/span><br \/>\n<span style=\"color: #008000\"><strong>Disserta\u00e7\u00e3o:<\/strong><a style=\"color: #008000\" href=\"https:\/\/tede2.uepg.br\/jspui\/handle\/prefix\/164\">Desenvolvimento de um sensor de umidade do solo para determina\u00e7\u00e3o da frente de molhamento<\/a><strong><br \/>\n<\/strong><strong>Orientador:<\/strong> Dr. Ivo Mario Mathias<\/span><br \/>\n<span style=\"color: #008000\"><strong>Ocupa\u00e7\u00e3o Atual:<\/strong> Atua como Docente no IFPR.<\/span><br \/>\n<strong><span style=\"color: #008000\"><a style=\"color: #008000\" href=\"http:\/\/lattes.cnpq.br\/7530972371026932\">Curr\u00edculo Lattes<\/a><\/span><\/strong><\/div>\n<\/td>\n<p><!-- Coluna 3: Imagem, Nome e Demais Informa\u00e7\u00f5es --><\/p>\n<td style=\"width: 33.33%;text-align: center;vertical-align: middle;padding: 10px\"><span style=\"color: #008000\"><img style=\"width: 100px;height: 100px;object-fit: cover;border-radius: 50%\" src=\"https:\/\/www2.uepg.br\/computacaoaplicada\/wp-content\/uploads\/sites\/219\/2024\/06\/wellington.png\" alt=\"Imagem do Aluno\" \/><\/span><br \/>\n<span style=\"color: #008000\"><strong>24. Wellington Cesar Dias<\/strong><\/span><br \/>\n<span style=\"color: #008000\"><strong>Disserta\u00e7\u00e3o: <\/strong><a style=\"font-family: inherit;font-size: inherit;color: #008000\" href=\"https:\/\/tede2.uepg.br\/jspui\/handle\/prefix\/170\">Uso de processamento digital de imagens para o desenvolvimento de um ambiente automatizado para testes de plantabilidade de sementes de milho<\/a><\/span><br \/>\n<span style=\"color: #008000\"><strong>Orientadora:<\/strong> Dr\u00aa. Alaine Margarete Guimar\u00e3es<\/span><br \/>\n<span style=\"color: #008000\"><strong>Ocupa\u00e7\u00e3o Atual:<\/strong> Atua como Analista de Sistemas na Castrolanda.<\/span><br \/>\n<span style=\"color: #008000\"><a style=\"color: #008000\" href=\"http:\/\/lattes.cnpq.br\/9056031764120439\"><strong>Curr\u00edculo Lattes<\/strong><\/a><\/span><\/td>\n<\/tr>\n<p><!-- Linha 1 --><\/p>\n<tr><!-- Coluna 1: Imagem, Nome e Demais Informa\u00e7\u00f5es --><\/p>\n<td style=\"width: 33.33%;text-align: center;vertical-align: middle;padding: 10px\"><span style=\"color: #008000\"><img style=\"width: 100px;height: 100px;object-fit: cover;border-radius: 50%\" src=\"https:\/\/www2.uepg.br\/computacaoaplicada\/wp-content\/uploads\/sites\/219\/2024\/06\/rodrigo.jpg\" alt=\"Imagem do Aluno\" \/><\/span><br \/>\n<span style=\"color: #008000\"><strong>19. Rodrigo Souza D&#8217;\u00c1vila<\/strong><\/span><br \/>\n<span style=\"color: #008000\"><strong>Disserta\u00e7\u00e3o: <\/strong><a style=\"font-family: inherit;font-size: inherit;color: #008000\" href=\"https:\/\/tede2.uepg.br\/jspui\/handle\/prefix\/123\">Aplica\u00e7\u00e3o de regress\u00e3o linear m\u00faltipla na an\u00e1lise da din\u00e2mica de c\u00e1tions troc\u00e1veis em um sistema solo-planta irrigado com \u00e1gua residu\u00e1ria<\/a><strong><br \/>\n<\/strong><strong>Orientador:<\/strong> Dr. Adriel Ferreira da Fonseca<\/span><br \/>\n<span style=\"color: #008000\"><strong>Ocupa\u00e7\u00e3o Atual:<\/strong> Atua como Analista Infraestrutura S\u00eanior no Banco Votorantim.<\/span><br \/>\n<span style=\"color: #008000\"><a style=\"color: #008000\" href=\"http:\/\/lattes.cnpq.br\/3304944385307276\"><strong>Curr\u00edculo Lattes<\/strong><\/a><\/span><\/td>\n<p><!-- Coluna 2: Imagem, Nome e Demais Informa\u00e7\u00f5es --><\/p>\n<td style=\"width: 33.33%;text-align: center;vertical-align: middle;padding: 10px\">\n<div style=\"flex-direction: column;align-items: center\"><span style=\"color: #008000\"><img style=\"width: 100px;height: 100px;object-fit: cover;border-radius: 50%\" src=\"https:\/\/www2.uepg.br\/computacaoaplicada\/wp-content\/uploads\/sites\/219\/2024\/06\/luis.jpg\" alt=\"Imagem do Aluno\" \/><\/span><br \/>\n<span style=\"color: #008000\"><strong>20. Luiz Gustavo Barros<\/strong><\/span><br \/>\n<span style=\"color: #008000\"><strong>Disserta\u00e7\u00e3o: <\/strong><a style=\"font-family: inherit;font-size: inherit;color: #008000\" href=\"https:\/\/tede2.uepg.br\/jspui\/handle\/prefix\/176\">Impacto da an\u00e1lise da nitidez em m\u00e9todos de classifica\u00e7\u00e3o de imagens de madeira<\/a><strong><br \/>\n<\/strong><strong>Orientador:<\/strong> Dr. Alceu de Souza Britto Junior<\/span><br \/>\n<span style=\"color: #008000\"><strong>Ocupa\u00e7\u00e3o Atual:<\/strong> Atua como Analista de Sistemas e Chefe do NTI na UEPG.<\/span><br \/>\n<strong><span style=\"color: #008000\"><a style=\"color: #008000\" href=\"http:\/\/lattes.cnpq.br\/9922522465810292\">Curr\u00edculo Lattes<\/a><\/span><\/strong><\/div>\n<\/td>\n<p><!-- Coluna 3: Imagem, Nome e Demais Informa\u00e7\u00f5es --><\/p>\n<td style=\"width: 33.33%;text-align: center;vertical-align: middle;padding: 10px\"><span style=\"color: #008000\"><img style=\"width: 100px;height: 100px;object-fit: cover;border-radius: 50%\" src=\"https:\/\/www2.uepg.br\/computacaoaplicada\/wp-content\/uploads\/sites\/219\/2024\/06\/daurimar.jpg\" alt=\"Imagem do Aluno\" \/><\/span><br \/>\n<span style=\"color: #008000\"><strong>21. Daurimar Mendes da Silva<\/strong><\/span><br \/>\n<span style=\"color: #008000\"><strong>Disserta\u00e7\u00e3o:<\/strong> <a style=\"color: #008000\" href=\"https:\/\/tede2.uepg.br\/jspui\/handle\/prefix\/175\">NAVIGO \u2013 Rob\u00f4 aut\u00f4nomo para navega\u00e7\u00e3o agr\u00edcola<\/a><\/span><br \/>\n<span style=\"color: #008000\"><strong>Orientador:<\/strong> Dr. Ariangelo Hauer Dias<\/span><br \/>\n<span style=\"color: #008000\"><strong>Ocupa\u00e7\u00e3o Atual:<\/strong> Atua na Assessoria Agr\u00edcola como Consultor em Agricultura de Precis\u00e3o.<\/span><br \/>\n<strong><span style=\"color: #008000\"><a style=\"color: #008000\" href=\"http:\/\/lattes.cnpq.br\/0572855241332012\">Curr\u00edculo Lattes<\/a><\/span><\/strong><\/td>\n<\/tr>\n<p><!-- Linha 1 --><\/p>\n<tr><!-- Coluna 1: Imagem, Nome e Demais Informa\u00e7\u00f5es --><\/p>\n<td style=\"width: 33.33%;text-align: center;vertical-align: middle;padding: 10px\"><span style=\"color: #008000\"><img style=\"width: 100px;height: 100px;object-fit: cover;border-radius: 50%\" src=\"https:\/\/www2.uepg.br\/computacaoaplicada\/wp-content\/uploads\/sites\/219\/2024\/06\/karine.png\" alt=\"Imagem do Aluno\" \/><\/span><br \/>\n<span style=\"color: #008000\"><strong>16. Karine Sato da Silva<\/strong><\/span><br \/>\n<span style=\"color: #008000\"><strong>Disserta\u00e7\u00e3o: <\/strong><a style=\"font-family: inherit;font-size: inherit;color: #008000\" href=\"https:\/\/tede2.uepg.br\/jspui\/handle\/prefix\/160\">Uso da minera\u00e7\u00e3o de dados para extra\u00e7\u00e3o de conhecimento agron\u00f4mico envolvendo o uso de gesso agr\u00edcola<\/a><strong><br \/>\n<\/strong><strong>Orientadora:<\/strong> Dr\u00aa. Alaine Margarete Guimar\u00e3es<\/span><br \/>\n<span style=\"color: #008000\"><strong>Ocupa\u00e7\u00e3o Atual:<\/strong> Atuou como Docente Colaboradora d<\/span><br \/>\n<strong><span style=\"color: #008000\"><a style=\"color: #008000\" href=\"http:\/\/lattes.cnpq.br\/3052354846579607\">Curr\u00edculo Lattes<\/a><\/span><\/strong><\/td>\n<p><!-- Coluna 2: Imagem, Nome e Demais Informa\u00e7\u00f5es --><\/p>\n<td style=\"width: 33.33%;text-align: center;vertical-align: middle;padding: 10px\">\n<div style=\"flex-direction: column;align-items: center\"><span style=\"color: #008000\"><img style=\"width: 100px;height: 100px;object-fit: cover;border-radius: 50%\" src=\"https:\/\/www2.uepg.br\/computacaoaplicada\/wp-content\/uploads\/sites\/219\/2024\/07\/kapp.png\" alt=\"Imagem do Aluno\" \/><\/span><br \/>\n<span style=\"color: #008000\"><strong>17. Claudio Kapp Junior<br \/>\n<\/strong><\/span><span style=\"color: #008000\"><strong>Disserta\u00e7\u00e3o:\u00a0<\/strong>Sensores de Refletancia Espectral e Desempenho da Cultura do Trigo<br \/>\nem Respeito a Aduba\u00e7\u00e3o Nitrogenada em Plantio Direto<\/span><br \/>\n<span style=\"color: #008000\"><strong>Orientador:<\/strong> Dr. Eduardo F\u00e1vero Caires<\/span><br \/>\n<span style=\"color: #008000\"><span style=\"color: #008000\"><strong>Ocupa\u00e7\u00e3o Atual: <\/strong>Atua como Pesquisador da Funda\u00e7\u00e3o ABC e \u00e9 <\/span><\/span><span style=\"color: #008000\" aria-hidden=\"true\">S\u00f3cio fundador da <\/span><span style=\"color: #008000;font-family: inherit;font-size: inherit\">Agrobenchmark.<\/span><\/p>\n<div class=\"display-flex flex-wrap align-items-center full-height\">\n<div class=\"display-flex \">\n<div class=\" display-flex full-width\">\n<div class=\"display-flex align-items-center mr1 t-bold\"><strong><a style=\"color: #008000\" href=\"http:\/\/lattes.cnpq.br\/8524635545004209\">Curr\u00edculo Lattes<\/a><\/strong><\/div>\n<\/div>\n<\/div>\n<\/div>\n<\/div>\n<\/td>\n<p><!-- Coluna 3: Imagem, Nome e Demais Informa\u00e7\u00f5es --><\/p>\n<td style=\"width: 33.33%;text-align: center;vertical-align: middle;padding: 10px\"><span style=\"color: #008000\"><img style=\"width: 100px;height: 100px;object-fit: cover;border-radius: 50%\" src=\"https:\/\/www2.uepg.br\/computacaoaplicada\/wp-content\/uploads\/sites\/219\/2024\/06\/cristian.png\" alt=\"Imagem do Aluno\" \/><\/span><br \/>\n<span style=\"color: #008000\"><strong>18. Cristian Cosmoski Rangel de Abreu<\/strong><\/span><br \/>\n<span style=\"color: #008000\"><strong>Disserta\u00e7\u00e3o:<\/strong> <a style=\"color: #008000\" href=\"https:\/\/tede2.uepg.br\/jspui\/handle\/prefix\/162\">Computa\u00e7\u00e3o paralela para reduzir o tempo de resposta da minera\u00e7\u00e3o de dados agr\u00edcolas<\/a><\/span><br \/>\n<span style=\"color: #008000\"><strong>Orientador:<\/strong> Dr. Luciano Jos\u00e9 Senger<\/span><br \/>\n<span style=\"color: #008000\"><strong>Ocupa\u00e7\u00e3o Atual: <\/strong>Atua como Diretor administrativo na CRAW Sistemas.<\/span><br \/>\n<strong><span style=\"color: #008000\"><a style=\"color: #008000\" href=\"http:\/\/lattes.cnpq.br\/1994120313283086\">Curr\u00edculo Lattes<\/a><\/span><\/strong><\/td>\n<\/tr>\n<p><!-- Linha 1 --><\/p>\n<tr><!-- Coluna 1: Imagem, Nome e Demais Informa\u00e7\u00f5es --><\/p>\n<td style=\"width: 33.33%;text-align: center;vertical-align: middle;padding: 10px\"><span style=\"color: #008000\"><img style=\"width: 100px;height: 100px;object-fit: cover;border-radius: 50%\" src=\"https:\/\/www2.uepg.br\/computacaoaplicada\/wp-content\/uploads\/sites\/219\/2024\/06\/marcos.png\" alt=\"Imagem do Aluno\" \/><\/span><br \/>\n<span style=\"color: #008000\"><strong>13. Marcos Roberto de Ramos<\/strong><\/span><br \/>\n<span style=\"color: #008000\"><strong>Disserta\u00e7\u00e3o: <\/strong><a style=\"font-family: inherit;font-size: inherit;color: #008000\" href=\"https:\/\/tede2.uepg.br\/jspui\/handle\/prefix\/158\">Uso do sensor kinect para medir a regularidade na distribui\u00e7\u00e3o de fertilizantes s\u00f3lidos<\/a><\/span><br \/>\n<span style=\"color: #008000\"><strong>Orientador:<\/strong> Dr. Eduardo F\u00e1vero Caires<\/span><br \/>\n<span style=\"color: #008000\"><strong>Ocupa\u00e7\u00e3o Atual:<\/strong> Atua como Gerente de Projetos na TOTVS.<\/span><br \/>\n<strong><span style=\"color: #008000\"><a style=\"color: #008000\" href=\"http:\/\/lattes.cnpq.br\/4294847777331037\">Curr\u00edculo Lattes<\/a><\/span><\/strong><\/td>\n<p><!-- Coluna 2: Imagem, Nome e Demais Informa\u00e7\u00f5es --><\/p>\n<td style=\"width: 33.33%;text-align: center;vertical-align: middle;padding: 10px\">\n<div style=\"flex-direction: column;align-items: center\"><span style=\"color: #008000\"><img style=\"width: 100px;height: 100px;object-fit: cover;border-radius: 50%\" src=\"https:\/\/www2.uepg.br\/computacaoaplicada\/wp-content\/uploads\/sites\/219\/2024\/06\/fabricio.png\" alt=\"Imagem do Aluno\" \/><\/span><br \/>\n<span style=\"color: #008000\"><strong>14. Fabr\u00edcio Barbosa Ribas<\/strong><\/span><br \/>\n<span style=\"color: #008000\"><strong>Disserta\u00e7\u00e3o: \u00a0<\/strong><a style=\"font-family: inherit;font-size: inherit;color: #008000\" href=\"https:\/\/tede2.uepg.br\/jspui\/handle\/prefix\/173\">An\u00e1lise de t\u00e9cnicas de limiariza\u00e7\u00e3o em programas de an\u00e1lise de cart\u00f5es hidrossens\u00edveis<\/a><\/span><br \/>\n<span style=\"color: #008000\"><strong>Orientador:<\/strong> Dr. Marcelo Giovanetti Canteri<\/span><br \/>\n<span style=\"color: #008000\"><strong>Ocupa\u00e7\u00e3o Atual:<\/strong> Atua como Docente da UNICENTRO.<\/span><br \/>\n<span style=\"color: #008000\"><a style=\"color: #008000\" href=\"http:\/\/lattes.cnpq.br\/2135289981034597\"><strong>Curr\u00edculo Lattes<\/strong><\/a><\/span><\/div>\n<\/td>\n<p><!-- Coluna 3: Imagem, Nome e Demais Informa\u00e7\u00f5es --><\/p>\n<td style=\"width: 33.33%;text-align: center;vertical-align: middle;padding: 10px\"><span style=\"color: #008000\"><img style=\"width: 100px;height: 100px;object-fit: cover;border-radius: 50%\" src=\"https:\/\/www2.uepg.br\/computacaoaplicada\/wp-content\/uploads\/sites\/219\/2024\/06\/thalita-1.png\" alt=\"Imagem do Aluno\" \/><\/span><br \/>\n<span style=\"color: #008000\"><strong>15. Thalita Scharr Rodrigues Pimenta<\/strong><\/span><br \/>\n<span style=\"color: #008000\"><strong>Disserta\u00e7\u00e3o: <\/strong><a style=\"font-family: inherit;font-size: inherit;color: #008000\" href=\"https:\/\/tede2.uepg.br\/jspui\/handle\/prefix\/159\">Avalia\u00e7\u00e3o de \u00edndices de vegeta\u00e7\u00e3o em imagens orbitais<\/a><\/span><br \/>\n<span style=\"color: #008000\"><strong>Orientadora:<\/strong> Dr\u00aa. Maria Salete Marcon Gomes Vaz<\/span><br \/>\n<span style=\"color: #008000\"><strong>Ocupa\u00e7\u00e3o Atual:<\/strong> Atua como Docente no IFPR.<\/span><br \/>\n<strong><span style=\"color: #008000\"><a style=\"color: #008000\" href=\"http:\/\/lattes.cnpq.br\/8946398534507416\">Curr\u00edculo Lattes<\/a><\/span><\/strong><\/td>\n<\/tr>\n<p><!-- Linha 1 --><\/p>\n<tr><!-- Coluna 1: Imagem, Nome e Demais Informa\u00e7\u00f5es --><\/p>\n<td style=\"width: 33.33%;text-align: center;vertical-align: middle;padding: 10px\"><span style=\"color: #008000\"><img style=\"width: 100px;height: 100px;object-fit: cover;border-radius: 50%\" src=\"https:\/\/www2.uepg.br\/computacaoaplicada\/wp-content\/uploads\/sites\/219\/2024\/06\/ronan.png\" alt=\"Imagem do Aluno\" \/><\/span><br \/>\n<span style=\"color: #008000\"><strong>10. Ronan Assump\u00e7\u00e3o Silva<\/strong><\/span><br \/>\n<span style=\"color: #008000\"><strong>Disserta\u00e7\u00e3o: <\/strong><a style=\"color: #008000\" href=\"https:\/\/tede2.uepg.br\/jspui\/handle\/prefix\/163\">Dager: uma ferramenta computacional para agrupamentos em minera\u00e7\u00e3o de dados agr\u00edcolas georreferenciados<\/a><\/span><br \/>\n<span style=\"color: #008000\"><strong>Orientador:<\/strong> Dr. Petraq J. Paparogji<\/span><br \/>\n<span style=\"color: #008000\"><strong>Ocupa\u00e7\u00e3o Atual:<\/strong> Atua como Docente no IFPR.<\/span><br \/>\n<strong><span style=\"color: #008000\"><a style=\"color: #008000\" href=\"http:\/\/lattes.cnpq.br\/8507504842408344\">Curr\u00edculo Lattes<\/a><\/span><\/strong><\/td>\n<p><!-- Coluna 2: Imagem, Nome e Demais Informa\u00e7\u00f5es --><\/p>\n<td style=\"width: 33.33%;text-align: center;vertical-align: middle;padding: 10px\">\n<div style=\"flex-direction: column;align-items: center\"><span style=\"color: #008000\"><img style=\"width: 100px;height: 100px;object-fit: cover;border-radius: 50%\" src=\"https:\/\/www2.uepg.br\/computacaoaplicada\/wp-content\/uploads\/sites\/219\/2024\/06\/joaquim.png\" alt=\"Imagem do Aluno\" \/><\/span><br \/>\n<span style=\"color: #008000\"><strong>11. Joaquim Jos\u00e9 Honorio de Lima<\/strong><\/span><br \/>\n<span style=\"color: #008000\"><strong>Disserta\u00e7\u00e3o: <\/strong><a style=\"font-family: inherit;font-size: inherit;color: #008000\" href=\"https:\/\/tede2.uepg.br\/jspui\/handle\/prefix\/155\">Uso de regress\u00e3o m\u00faltipla no estudo da din\u00e2mica de carbono, nitrog\u00eanio e f\u00f3sforo em um sistema solo-planta irrigado com \u00e1gua residu\u00e1ria<\/a><\/span><br \/>\n<span style=\"color: #008000\"><strong>Orientador:<\/strong> Dr. Adriel Ferreira da Fonseca<\/span><br \/>\n<span style=\"color: #008000\"><strong>Ocupa\u00e7\u00e3o Atual:<\/strong> Atua como Docednte no IFPR.<\/span><br \/>\n<span style=\"color: #008000\"><a style=\"color: #008000\" href=\"http:\/\/lattes.cnpq.br\/0667836154911126\"><strong>Curr\u00edculo Lattes<\/strong><\/a><\/span><\/div>\n<\/td>\n<p><!-- Coluna 3: Imagem, Nome e Demais Informa\u00e7\u00f5es --><\/p>\n<td style=\"width: 33.33%;text-align: center;vertical-align: middle;padding: 10px\"><span style=\"color: #008000\"><img style=\"width: 100px;height: 100px;object-fit: cover;border-radius: 50%\" src=\"https:\/\/www2.uepg.br\/computacaoaplicada\/wp-content\/uploads\/sites\/219\/2024\/06\/Rodrigo.png\" alt=\"Imagem do Aluno\" \/><\/span><br \/>\n<span style=\"color: #008000\"><strong>12. Rodrigo Viecheneski<\/strong><\/span><br \/>\n<span style=\"color: #008000\"><strong>Disserta\u00e7\u00e3o: <\/strong><a style=\"font-family: inherit;font-size: inherit;color: #008000\" href=\"https:\/\/tede2.uepg.br\/jspui\/handle\/prefix\/157\">Aplica\u00e7\u00e3o de redes neurais artificiais no tratamento de dados\u00a0 agrometeorol\u00f3gicos visando a corre\u00e7\u00e3o de s\u00e9ries temporais<\/a><\/span><br \/>\n<span style=\"color: #008000\"><strong>Orientador:<\/strong> Dr. Ivo Mario Mathias<\/span><br \/>\n<span style=\"color: #008000\"><strong>Ocupa\u00e7\u00e3o Atual: <\/strong>Atua como Docente no SEED\/PR<\/span><br \/>\n<strong><span style=\"color: #008000\"><a style=\"color: #008000\" href=\"http:\/\/lattes.cnpq.br\/1532013895323919\">Curr\u00edculo Lattes<\/a><\/span><\/strong><\/td>\n<\/tr>\n<p><!-- Linha 1 --><\/p>\n<tr><!-- Coluna 1: Imagem, Nome e Demais Informa\u00e7\u00f5es --><\/p>\n<td style=\"width: 33.33%;text-align: center;vertical-align: middle;padding: 10px\"><span style=\"color: #008000\"><img style=\"width: 100px;height: 100px;object-fit: cover;border-radius: 50%\" src=\"https:\/\/www2.uepg.br\/computacaoaplicada\/wp-content\/uploads\/sites\/219\/2024\/06\/baba.png\" alt=\"Imagem do Aluno\" \/><\/span><br \/>\n<span style=\"color: #008000\"><strong>7. Ricardo Kazuo Baba<\/strong><\/span><br \/>\n<span style=\"color: #008000\"><strong>Disserta\u00e7\u00e3o: <\/strong><a style=\"font-family: inherit;font-size: inherit;color: #008000\" href=\"https:\/\/tede2.uepg.br\/jspui\/handle\/prefix\/149\">Corre\u00e7\u00e3o de dados agrometeorol\u00f3gicos utilizando m\u00e9todos estat\u00edsticos<\/a><\/span><br \/>\n<span style=\"color: #008000\"><strong>Orientadora:<\/strong> Dr\u00aa. Maria Salete Marcon Gomes Vaz<\/span><br \/>\n<span style=\"color: #008000\"><strong>Ocupa\u00e7\u00e3o Atual:<\/strong> Atua como Analista de TI na DAF.<\/span><br \/>\n<span style=\"color: #008000\"><a style=\"color: #008000\" href=\"http:\/\/lattes.cnpq.br\/9724858439532243\"><strong>Curr\u00edculo Lattes<\/strong><\/a><\/span><\/td>\n<p><!-- Coluna 2: Imagem, Nome e Demais Informa\u00e7\u00f5es --><\/p>\n<td style=\"width: 33.33%;text-align: center;vertical-align: middle;padding: 10px\">\n<div style=\"flex-direction: column;align-items: center\"><span style=\"color: #008000\"><img style=\"width: 100px;height: 100px;object-fit: cover;border-radius: 50%\" src=\"https:\/\/www2.uepg.br\/computacaoaplicada\/wp-content\/uploads\/sites\/219\/2024\/06\/alison.png\" alt=\"Imagem do Aluno\" \/><\/span><br \/>\n<span style=\"color: #008000\"><strong>8. Alison Roger Hajo Weber<\/strong><\/span><br \/>\n<span style=\"color: #008000\"><strong>Disserta\u00e7\u00e3o: <\/strong><a style=\"font-family: inherit;font-size: inherit;color: #008000\" href=\"https:\/\/tede2.uepg.br\/jspui\/handle\/prefix\/156\">Solu\u00e7\u00e3o eletr\u00f4nica microcontrolada para a determina\u00e7\u00e3o da distribui\u00e7\u00e3o longitudinal de sementes de milho<\/a><\/span><br \/>\n<span style=\"color: #008000\"><strong>Orientadora:<\/strong> Dr\u00aa. Aurora Trinidad Ramirez<\/span><br \/>\n<span style=\"color: #008000\"><strong>Ocupa\u00e7\u00e3o Atual:<\/strong> Atua como Gerente de Projetos na CRAW Sistemas.<\/span><br \/>\n<strong><span style=\"color: #008000\"><a style=\"color: #008000\" href=\"http:\/\/lattes.cnpq.br\/0916863398304561\">Curr\u00edculo Lattes<\/a><\/span><\/strong><\/div>\n<\/td>\n<p><!-- Coluna 3: Imagem, Nome e Demais Informa\u00e7\u00f5es --><\/p>\n<td style=\"width: 33.33%;text-align: center;vertical-align: middle;padding: 10px\"><span style=\"color: #008000\"><img style=\"width: 100px;height: 100px;object-fit: cover;border-radius: 50%\" src=\"https:\/\/www2.uepg.br\/computacaoaplicada\/wp-content\/uploads\/sites\/219\/2024\/06\/carlos.png\" alt=\"Imagem do Aluno\" \/><\/span><br \/>\n<span style=\"color: #008000\"><strong>9. Carlos Alberto Proen\u00e7a<\/strong><\/span><br \/>\n<span style=\"color: #008000\"><strong>Disserta\u00e7\u00e3o:<\/strong><a style=\"color: #008000\" href=\"https:\/\/tede2.uepg.br\/jspui\/handle\/prefix\/168\">Redes neurais artificiais para predi\u00e7\u00e3o dos teores de mat\u00e9ria org\u00e2nica e argila do solo na regi\u00e3o dos Campos Gerais utilizando espectroscopia de reflect\u00e2ncia difusa<\/a><\/span><br \/>\n<span style=\"color: #008000\"><strong>Orientadora:<\/strong> Dr\u00aa. Alaine Margarete Guimar\u00e3es<\/span><br \/>\n<span style=\"color: #008000\"><strong>Ocupa\u00e7\u00e3o Atual:<\/strong> Atua como Coordenador de Inform\u00e1tica na Funda\u00e7\u00e3o ABC.<\/span><br \/>\n<strong><span style=\"color: #008000\"><a style=\"color: #008000\" href=\"http:\/\/lattes.cnpq.br\/0880513801187194\">Curr\u00edculo Lattes<\/a><\/span><\/strong><\/td>\n<\/tr>\n<p><!-- Linha 1 --><\/p>\n<tr><!-- Coluna 1: Imagem, Nome e Demais Informa\u00e7\u00f5es --><\/p>\n<td style=\"width: 33.33%;text-align: center;vertical-align: middle;padding: 10px\"><span style=\"color: #008000\"><img style=\"width: 100px;height: 100px;object-fit: cover;border-radius: 50%\" src=\"https:\/\/www2.uepg.br\/computacaoaplicada\/wp-content\/uploads\/sites\/219\/2024\/06\/luiz-rafael.png\" alt=\"Imagem do Aluno\" \/><\/span><br \/>\n<span style=\"color: #008000\"><strong>4. Luiz Rafael Shmitke<\/strong><\/span><br \/>\n<span style=\"color: #008000\"><strong>Disserta\u00e7\u00e3o:<\/strong> <a style=\"color: #008000\" href=\"https:\/\/tede2.uepg.br\/jspui\/handle\/prefix\/150\">Preenchimento De Falhas De S\u00e9ries De Dados Clim\u00e1ticos Utilizando Redes P2P<\/a><\/span><br \/>\n<span style=\"color: #008000\"><strong>Orientador:<\/strong> Dr. Luciano Jos\u00e9 Senger<\/span><br \/>\n<span style=\"color: #008000\"><strong>Ocupa\u00e7\u00e3o Atual:<\/strong> Atua como Docente da UTFPR.<\/span><br \/>\n<strong><span style=\"color: #008000\"><a style=\"color: #008000\" href=\"http:\/\/lattes.cnpq.br\/0572855241332012\">Curr\u00edculo Lattes<\/a><\/span><\/strong><\/td>\n<p><!-- Coluna 2: Imagem, Nome e Demais Informa\u00e7\u00f5es --><\/p>\n<td style=\"width: 33.33%;text-align: center;vertical-align: middle;padding: 10px\">\n<div style=\"flex-direction: column;align-items: center\"><span style=\"color: #008000\"><img style=\"width: 100px;height: 100px;object-fit: cover;border-radius: 50%\" src=\"https:\/\/www2.uepg.br\/computacaoaplicada\/wp-content\/uploads\/sites\/219\/2024\/06\/deividson.png\" alt=\"Imagem do Aluno\" \/><\/span><br \/>\n<span style=\"color: #008000\"><strong>5. Deividson Luis Okopnik<\/strong><\/span><br \/>\n<span style=\"color: #008000\"><strong>Disserta\u00e7\u00e3o: <\/strong><a style=\"font-family: inherit;font-size: inherit;color: #008000\" href=\"https:\/\/tede2.uepg.br\/jspui\/handle\/prefix\/156\">Solu\u00e7\u00e3o eletr\u00f4nica microcontrolada para a determina\u00e7\u00e3o da distribui\u00e7\u00e3o longitudinal de sementes de milho<\/a><\/span><br \/>\n<span style=\"color: #008000\"><strong>Orientadora:<\/strong> Dr\u00aa. Rosane Falate<\/span><br \/>\n<span style=\"color: #008000\"><strong>Ocupa\u00e7\u00e3o Atual:<\/strong> Atua como Diretor Geral do IFPR.<\/span><br \/>\n<span style=\"color: #008000\"><a style=\"color: #008000\" href=\"http:\/\/lattes.cnpq.br\/6646897589665694\"><strong>Curr\u00edculo Lattes<\/strong><\/a><\/span><\/div>\n<\/td>\n<p><!-- Coluna 3: Imagem, Nome e Demais Informa\u00e7\u00f5es --><\/p>\n<td style=\"width: 33.33%;text-align: center;vertical-align: middle;padding: 10px\"><span style=\"color: #008000\"><img style=\"width: 100px;height: 100px;object-fit: cover;border-radius: 50%\" src=\"https:\/\/www2.uepg.br\/computacaoaplicada\/wp-content\/uploads\/sites\/219\/2024\/06\/juscelino.png\" alt=\"Imagem do Aluno\" \/><\/span><br \/>\n<span style=\"color: #008000\"><strong>6. Juscelino Izidoro de Oliveira Jr.<\/strong><\/span><br \/>\n<span style=\"color: #008000\"><strong>Disserta\u00e7\u00e3o: <\/strong><a style=\"font-family: inherit;font-size: inherit;color: #008000\" href=\"https:\/\/tede2.uepg.br\/jspui\/handle\/prefix\/152\">Sele\u00e7\u00e3o de vari\u00e1veis na minera\u00e7\u00e3o de dados agr\u00edcolas:uma abordagem baseada em an\u00e1lise de componentes principais<\/a><\/span><br \/>\n<span style=\"color: #008000\"><strong>Orientador:<\/strong> Dr. Jos\u00e9 Carlos Ferreira da Rocha<\/span><br \/>\n<span style=\"color: #008000\"><strong>Ocupa\u00e7\u00e3o Atual:<\/strong> Atua como Pesquisador na Funda\u00e7\u00e3o ABC.<\/span><br \/>\n<strong><span style=\"color: #008000\"><a style=\"color: #008000\" href=\"http:\/\/lattes.cnpq.br\/3819194490760863\">Curr\u00edculo Lattes<\/a><\/span><\/strong><\/td>\n<\/tr>\n<p><!-- Linha 2 --><\/p>\n<tr><!-- Coluna 1: Imagem, Nome e Demais Informa\u00e7\u00f5es --><\/p>\n<td style=\"width: 33.33%;text-align: center;vertical-align: middle;padding: 10px\">\n<div style=\"flex-direction: column;align-items: center\"><span style=\"color: #008000\"><img style=\"width: 100px;height: 100px;object-fit: cover;border-radius: 50%\" src=\"https:\/\/www2.uepg.br\/computacaoaplicada\/wp-content\/uploads\/sites\/219\/2024\/06\/adriano.png\" alt=\"Imagem do Aluno\" \/><\/span><br \/>\n<span style=\"color: #008000\"><strong>1. Adriano Serckumecka<\/strong><\/span><br \/>\n<span style=\"color: #008000\"><strong>Disserta\u00e7\u00e3o:<\/strong> <a style=\"color: #008000\" href=\"https:\/\/tede2.uepg.br\/jspui\/handle\/prefix\/148\">Avalia\u00e7\u00e3o Do Uso De Computa\u00e7\u00e3o Paralela Utilizando Uma Rede P2P Na Simula\u00e7\u00e3o De Dados Clim\u00e1ticos: Velocidade E Dire\u00e7\u00e3o Do Vento<\/a><\/span><br \/>\n<span style=\"color: #008000\"><strong>Orientador:<\/strong> Dr. Luciano Jos\u00e9 Senger<\/span><br \/>\n<span style=\"color: #008000\"><strong>Ocupa\u00e7\u00e3o Atual:<\/strong> Atua como Professor na UTFPR.<\/span><br \/>\n<span style=\"color: #008000\"><a style=\"color: #008000\" href=\"http:\/\/lattes.cnpq.br\/4313094198245410\"><strong>Curr\u00edculo Lattes<\/strong><\/a><\/span><\/div>\n<\/td>\n<p><!-- Coluna 2: Imagem, Nome e Demais Informa\u00e7\u00f5es --><\/p>\n<td style=\"width: 33.33%;text-align: center;vertical-align: middle;padding: 10px\">\n<div style=\"flex-direction: column;align-items: center\"><span style=\"color: #008000\"><img style=\"width: 100px;height: 100px;object-fit: cover;border-radius: 50%\" src=\"https:\/\/www2.uepg.br\/computacaoaplicada\/wp-content\/uploads\/sites\/219\/2024\/06\/anderson.png\" alt=\"Imagem do Aluno\" \/><\/span><br \/>\n<span style=\"color: #008000\"><strong>2. Anderson Estevam da Rosa<\/strong><\/span><br \/>\n<span style=\"color: #008000\"><strong>Disserta\u00e7\u00e3o:<\/strong> <a style=\"color: #008000\" href=\"https:\/\/tede2.uepg.br\/jspui\/handle\/prefix\/153\">Sistema De Navega\u00e7\u00e3o Por Georreferenciamento Com Corre\u00e7\u00e3o De Rota Por L\u00f3gica Fuzzy Aplicado \u00c0 Rob\u00f3tica Agr\u00edcola<\/a><\/span><br \/>\n<span style=\"color: #008000\"><strong>Orientador:<\/strong> Dr. Ariangelo Hauer Dias<\/span><br \/>\n<span style=\"color: #008000\"><strong>Ocupa\u00e7\u00e3o Atual:<\/strong> Atua como Gerente de TI nas Lojas MM.<\/span><br \/>\n<strong><span style=\"color: #008000\"><a style=\"color: #008000\" href=\"http:\/\/lattes.cnpq.br\/8259820540608982\">Curr\u00edculo Lattes<\/a><\/span><\/strong><\/div>\n<\/td>\n<p><!-- Coluna 3: Imagem, Nome e Demais Informa\u00e7\u00f5es --><\/p>\n<td style=\"width: 33.33%;text-align: center;vertical-align: middle;padding: 10px\"><span style=\"color: #008000\"><img style=\"width: 100px;height: 100px;object-fit: cover;border-radius: 50%\" src=\"https:\/\/www2.uepg.br\/computacaoaplicada\/wp-content\/uploads\/sites\/219\/2024\/06\/IDOMAR.png\" alt=\"Imagem do Aluno\" \/><\/span><br \/>\n<span style=\"color: #008000\"><strong>3. Idomar Augusto Cerutti<\/strong><\/span><br \/>\n<span style=\"color: #008000\"><strong>Disserta\u00e7\u00e3o:<\/strong> <a style=\"font-family: inherit;font-size: inherit;color: #008000\" href=\"https:\/\/tede2.uepg.br\/jspui\/handle\/prefix\/154\">Precis\u00e3o E Acur\u00e1cia Planim\u00e9trica Do Receptor Gps Gstar Gs-87: Aplicabilidade Em Tecnologia De Informa\u00e7\u00e3o Embarcada Para Sistemas Agr\u00edcolas<\/a><\/span><br \/>\n<span style=\"color: #008000\"><strong>Orientador:<\/strong> Dr. Ariangelo Hauer Dias<\/span><br \/>\n<span style=\"color: #008000\"><strong>Ocupa\u00e7\u00e3o Atual:<\/strong> Atua como Professor na UEPG.<\/span><br \/>\n<strong><span style=\"color: #008000\"><a style=\"color: #008000\" href=\"http:\/\/lattes.cnpq.br\/8259820540608982\">Curr\u00edculo Lattes<\/a><\/span><\/strong><\/td>\n<\/tr>\n<\/tbody>\n<\/table>\n","protected":false},"excerpt":{"rendered":"<p>106. Mateus Felipe Ribeiro: Disserta\u00e7\u00e3o: Da Floresta Secund\u00e1ria \u00e0 agricultura: Machine Learning e bioinform\u00e1tica na avalia\u00e7\u00e3o dos efeitos do uso do solo sobre o microbioma ed\u00e1fico no estado do Paran\u00e1 Orientador: Dr. Rafael Mazer Etto Ocupa\u00e7\u00e3o atual: Doutorando em Agronomia pela Universidade Estadual de Ponta Grossa.\u00a0\u00a0 Curr\u00edculo Lattes 103.Sullivan Louren\u00e7o da Silva Disserta\u00e7\u00e3o:\u00a0Fus\u00e3o de sensores&nbsp;&hellip;<\/p>\n","protected":false},"author":321,"featured_media":1519,"parent":0,"menu_order":0,"comment_status":"closed","ping_status":"closed","template":"","meta":[],"_links":{"self":[{"href":"https:\/\/www2.uepg.br\/computacaoaplicada\/wp-json\/wp\/v2\/pages\/1308"}],"collection":[{"href":"https:\/\/www2.uepg.br\/computacaoaplicada\/wp-json\/wp\/v2\/pages"}],"about":[{"href":"https:\/\/www2.uepg.br\/computacaoaplicada\/wp-json\/wp\/v2\/types\/page"}],"author":[{"embeddable":true,"href":"https:\/\/www2.uepg.br\/computacaoaplicada\/wp-json\/wp\/v2\/users\/321"}],"replies":[{"embeddable":true,"href":"https:\/\/www2.uepg.br\/computacaoaplicada\/wp-json\/wp\/v2\/comments?post=1308"}],"version-history":[{"count":148,"href":"https:\/\/www2.uepg.br\/computacaoaplicada\/wp-json\/wp\/v2\/pages\/1308\/revisions"}],"predecessor-version":[{"id":3542,"href":"https:\/\/www2.uepg.br\/computacaoaplicada\/wp-json\/wp\/v2\/pages\/1308\/revisions\/3542"}],"wp:featuredmedia":[{"embeddable":true,"href":"https:\/\/www2.uepg.br\/computacaoaplicada\/wp-json\/wp\/v2\/media\/1519"}],"wp:attachment":[{"href":"https:\/\/www2.uepg.br\/computacaoaplicada\/wp-json\/wp\/v2\/media?parent=1308"}],"curies":[{"name":"wp","href":"https:\/\/api.w.org\/{rel}","templated":true}]}}