{"id":145,"date":"2022-04-25T10:00:56","date_gmt":"2022-04-25T13:00:56","guid":{"rendered":"https:\/\/www2.uepg.br\/dema\/?page_id=145"},"modified":"2022-04-25T10:28:17","modified_gmt":"2022-04-25T13:28:17","slug":"estrutura","status":"publish","type":"page","link":"https:\/\/www2.uepg.br\/dema\/estrutura\/","title":{"rendered":"Estrutura"},"content":{"rendered":"<p style=\"text-align: center;\" align=\"center\"><strong><span style=\"font-size: small;\">ESTRUTURA ADMINISTRATIVA<\/span><\/strong><\/p>\n<p style=\"text-align: center;\" align=\"center\">Chefe de Departamento<br \/>\nM\u00e1rcio Ferreira Hupalo<\/p>\n<p style=\"text-align: center;\">Chefe adjunto<br \/>\nFilomena Maria da Costa N\u00f3brega Nadal<br \/>\n<a title=\"mailto:fnadal@uepg.br\" href=\"mailto:fnadal@uepg.br\" target=\"_blank\" rel=\"noopener\">fnadal@uepg.br<\/a><\/p>\n<p style=\"text-align: center;\">Coordenador de Curso de Engenharia de Materiais<br \/>\nLu\u00eds Antonio Pinheiro<br \/>\n<a href=\"mailto:lapinheiro@uepg.br\">lapinheiro@uepg.br<\/a><\/p>\n<p style=\"text-align: center;\">Vice-Coordenador<br \/>\nLucas M\u00e1ximo Alves<br \/>\n<a href=\"mailto:lucasmaximoalves@gmail.com\">lucasmaximoalves@gmail.com<\/a><\/p>\n","protected":false},"excerpt":{"rendered":"<p>ESTRUTURA ADMINISTRATIVA Chefe de Departamento M\u00e1rcio Ferreira Hupalo Chefe adjunto Filomena Maria da Costa N\u00f3brega Nadal fnadal@uepg.br Coordenador de Curso de Engenharia de Materiais Lu\u00eds Antonio Pinheiro lapinheiro@uepg.br Vice-Coordenador Lucas M\u00e1ximo Alves lucasmaximoalves@gmail.com<\/p>\n","protected":false},"author":378,"featured_media":0,"parent":0,"menu_order":0,"comment_status":"closed","ping_status":"closed","template":"","meta":[],"_links":{"self":[{"href":"https:\/\/www2.uepg.br\/dema\/wp-json\/wp\/v2\/pages\/145"}],"collection":[{"href":"https:\/\/www2.uepg.br\/dema\/wp-json\/wp\/v2\/pages"}],"about":[{"href":"https:\/\/www2.uepg.br\/dema\/wp-json\/wp\/v2\/types\/page"}],"author":[{"embeddable":true,"href":"https:\/\/www2.uepg.br\/dema\/wp-json\/wp\/v2\/users\/378"}],"replies":[{"embeddable":true,"href":"https:\/\/www2.uepg.br\/dema\/wp-json\/wp\/v2\/comments?post=145"}],"version-history":[{"count":3,"href":"https:\/\/www2.uepg.br\/dema\/wp-json\/wp\/v2\/pages\/145\/revisions"}],"predecessor-version":[{"id":193,"href":"https:\/\/www2.uepg.br\/dema\/wp-json\/wp\/v2\/pages\/145\/revisions\/193"}],"wp:attachment":[{"href":"https:\/\/www2.uepg.br\/dema\/wp-json\/wp\/v2\/media?parent=145"}],"curies":[{"name":"wp","href":"https:\/\/api.w.org\/{rel}","templated":true}]}}