{"id":159,"date":"2020-02-04T21:19:10","date_gmt":"2020-02-05T00:19:10","guid":{"rendered":"http:\/\/www2.uepg.br\/testes\/?page_id=159"},"modified":"2021-11-16T19:44:07","modified_gmt":"2021-11-16T22:44:07","slug":"bacharelado-em-direito-projetos-de-pesquisa-e-extensao","status":"publish","type":"page","link":"https:\/\/www2.uepg.br\/direito\/bacharelado-em-direito-projetos-de-pesquisa-e-extensao\/","title":{"rendered":"Bacharelado em Direito &#8211; Projetos de Pesquisa e Extens\u00e3o"},"content":{"rendered":"<div id=\"pl-159\"  class=\"panel-layout\" ><div id=\"pg-159-0\"  class=\"panel-grid panel-no-style\" ><div id=\"pgc-159-0-0\"  class=\"panel-grid-cell\" ><div id=\"panel-159-0-0-0\" class=\"so-panel widget widget_sow-accordion panel-first-child panel-last-child\" data-index=\"0\" ><div\n\t\t\t\n\t\t\tclass=\"so-widget-sow-accordion so-widget-sow-accordion-default-bb786459c5e7-159\"\n\t\t\t\n\t\t><div>\n\t<div class=\"sow-accordion\">\n\t\t\t<div class=\"sow-accordion-panel\"\n\t\t\t data-anchor=\"numape-n%c3%bacleo-maria-da-penha\">\n\t\t\t\t<div class=\"sow-accordion-panel-header-container\" role=\"heading\" aria-level=\"2\">\n\t\t\t\t\t<div class=\"sow-accordion-panel-header\" tabindex=\"0\" role=\"button\" id=\"accordion-label-numape-n%c3%bacleo-maria-da-penha\" aria-controls=\"accordion-content-numape-n%c3%bacleo-maria-da-penha\" aria-expanded=\"false\">\n\t\t\t\t\t\t<div class=\"sow-accordion-title sow-accordion-title-icon-left\">\n\t\t\t\t\t\t\t\t\t\t\t\t\t\tNUMAPE - N\u00facleo Maria da Penha\t\t\t\t\t\t\t\t\t\t\t\t\t<\/div>\n\t\t\t\t\t\t<div class=\"sow-accordion-open-close-button\">\n\t\t\t\t\t\t\t<div class=\"sow-accordion-open-button\">\n\t\t\t\t\t\t\t\t<span class=\"sow-icon-ionicons\" data-sow-icon=\"&#xf218;\"\n\t\t \n\t\taria-hidden=\"true\"><\/span>\t\t\t\t\t\t\t<\/div>\n\t\t\t\t\t\t\t<div class=\"sow-accordion-close-button\">\n\t\t\t\t\t\t\t\t<span class=\"sow-icon-ionicons\" data-sow-icon=\"&#xf209;\"\n\t\t \n\t\taria-hidden=\"true\"><\/span>\t\t\t\t\t\t\t<\/div>\n\t\t\t\t\t\t<\/div>\n\t\t\t\t\t<\/div>\n\t\t\t\t<\/div>\n\n\t\t\t<div\n\t\t\t\tclass=\"sow-accordion-panel-content\"\n\t\t\t\trole=\"region\"\n\t\t\t\taria-labelledby=\"accordion-label-numape-n%c3%bacleo-maria-da-penha\"\n\t\t\t\tid=\"accordion-content-numape-n%c3%bacleo-maria-da-penha\"\n\t\t\t\tstyle=\"display: none;\"\t\t\t>\n\t\t\t\t<div class=\"sow-accordion-panel-border\" tabindex=\"0\">\n\t\t\t\t\t<p>Professora Coordenadora: Brunna Rabelo Santiago<\/p>\n<p>Professora Supervisora: Roseni In\u00eas Marconato Pinto (Bruna Miranda)<\/p>\n<p>Implantado em janeiro do ano de 2018.<\/p>\n<p>Equipe T\u00e9cnica:<\/p>\n<ul>\n<li>Advogada: Bruna Balsano e\u00a0 Bruna Lern<\/li>\n<li>Assistente Social: Adriele Vieira<\/li>\n<\/ul>\n<p>Estagi\u00e1rias<\/p>\n<ul>\n<li>Curso de Direito: Alice Cabral do Carmo e Artemis Distefano<\/li>\n<li>Curso de Servi\u00e7o Social:Luiza Gaspar Ienke<\/li>\n<\/ul>\n<p>Endere\u00e7os redes sociais<\/p>\n<p>Instagram: @NUMAPEUEPG<\/p>\n<p>Hor\u00e1rio de Atendimento:<\/p>\n<p>(42) 2102-8614 - Assistente Social<\/p>\n<p>(42) 2102-8615 e 3220-3475 - Advogadas<\/p>\n<p>&nbsp;<\/p>\n\t\t\t\t<\/div>\n\t\t\t<\/div>\n\t\t<\/div>\n\t\t\t<div class=\"sow-accordion-panel\"\n\t\t\t data-anchor=\"neddij-n%c3%bacleo-de-estudos-e-defesa-dos-direitos-da-inf%c3%a2ncia-e-juventude\">\n\t\t\t\t<div class=\"sow-accordion-panel-header-container\" role=\"heading\" aria-level=\"2\">\n\t\t\t\t\t<div class=\"sow-accordion-panel-header\" tabindex=\"0\" role=\"button\" id=\"accordion-label-neddij-n%c3%bacleo-de-estudos-e-defesa-dos-direitos-da-inf%c3%a2ncia-e-juventude\" aria-controls=\"accordion-content-neddij-n%c3%bacleo-de-estudos-e-defesa-dos-direitos-da-inf%c3%a2ncia-e-juventude\" aria-expanded=\"false\">\n\t\t\t\t\t\t<div class=\"sow-accordion-title sow-accordion-title-icon-left\">\n\t\t\t\t\t\t\t\t\t\t\t\t\t\tNEDDIJ - N\u00facleo de Estudos e Defesa dos Direitos da Inf\u00e2ncia e Juventude\t\t\t\t\t\t\t\t\t\t\t\t\t<\/div>\n\t\t\t\t\t\t<div class=\"sow-accordion-open-close-button\">\n\t\t\t\t\t\t\t<div class=\"sow-accordion-open-button\">\n\t\t\t\t\t\t\t\t<span class=\"sow-icon-ionicons\" data-sow-icon=\"&#xf218;\"\n\t\t \n\t\taria-hidden=\"true\"><\/span>\t\t\t\t\t\t\t<\/div>\n\t\t\t\t\t\t\t<div class=\"sow-accordion-close-button\">\n\t\t\t\t\t\t\t\t<span class=\"sow-icon-ionicons\" data-sow-icon=\"&#xf209;\"\n\t\t \n\t\taria-hidden=\"true\"><\/span>\t\t\t\t\t\t\t<\/div>\n\t\t\t\t\t\t<\/div>\n\t\t\t\t\t<\/div>\n\t\t\t\t<\/div>\n\n\t\t\t<div\n\t\t\t\tclass=\"sow-accordion-panel-content\"\n\t\t\t\trole=\"region\"\n\t\t\t\taria-labelledby=\"accordion-label-neddij-n%c3%bacleo-de-estudos-e-defesa-dos-direitos-da-inf%c3%a2ncia-e-juventude\"\n\t\t\t\tid=\"accordion-content-neddij-n%c3%bacleo-de-estudos-e-defesa-dos-direitos-da-inf%c3%a2ncia-e-juventude\"\n\t\t\t\tstyle=\"display: none;\"\t\t\t>\n\t\t\t\t<div class=\"sow-accordion-panel-border\" tabindex=\"0\">\n\t\t\t\t\t<p>Professor Coordenador: Alexandre Almeida Rocha<\/p>\n<p>Professora Supervisora: Cleide Lavoratti<\/p>\n<p>Equipe T\u00e9cnica<\/p>\n<ul>\n<li>Advogada: Renata Casasotti Almeida e Tatiane Moreira<\/li>\n<li>Assistente Social: Rafaela Karoline Batista<\/li>\n<\/ul>\n<p>Estagi\u00e1rios:<\/p>\n<ul>\n<li>Curso Servi\u00e7o Social: Luiza Stelle Linhares da Rocha e Matheus Dums<\/li>\n<li>Curso de Direito: Let\u00edcia Fornazari Nunes Ferreira e Maria Eduarda Insabraldi Fraccaroli<\/li>\n<\/ul>\n<p>Contatos:<\/p>\n<p>E-mail: neddij@uepg.br<\/p>\n<p>Endere\u00e7os redes sociais:<\/p>\n<p>Facebook:\u00a0<a href=\"https:\/\/www.facebook.com\/neddijpg\/\" target=\"_blank\" rel=\"noopener\">https:\/\/www.facebook.com\/neddijpg\/<\/a><\/p>\n<p>Instagram:<a href=\"https:\/\/www.instagram.com\/neddijpontagrossa\/\" target=\"_blank\" rel=\"noopener\">\u00a0https:\/\/www.instagram.com\/neddijpontagrossa\/<\/a><\/p>\n<p>Telefones:<\/p>\n<p>Servi\u00e7o Social: 3220-3303<\/p>\n<p>Direito: (42) 3220-3448 e (42) 2102-8942<\/p>\n<p>OBS: Todos os telefones atendem via whatsapp, das 09h00 \u00e0s 11h30 e das 13h00 \u00e0s 16h00. Liga\u00e7\u00f5es s\u00e3o direcionadas ao telefone da advogada Tatiane, atendimento somente no per\u00edodo da manh\u00e3 nos telefones 3220-3303 e 3220-3448<\/p>\n<p>&nbsp;<\/p>\n\t\t\t\t<\/div>\n\t\t\t<\/div>\n\t\t<\/div>\n\t\t\t<div class=\"sow-accordion-panel\"\n\t\t\t data-anchor=\"cejusc-centro-judici%c3%a1rio-de-solu%c3%a7%c3%b5es-de-conflitos-e-cidadania\">\n\t\t\t\t<div class=\"sow-accordion-panel-header-container\" role=\"heading\" aria-level=\"2\">\n\t\t\t\t\t<div class=\"sow-accordion-panel-header\" tabindex=\"0\" role=\"button\" id=\"accordion-label-cejusc-centro-judici%c3%a1rio-de-solu%c3%a7%c3%b5es-de-conflitos-e-cidadania\" aria-controls=\"accordion-content-cejusc-centro-judici%c3%a1rio-de-solu%c3%a7%c3%b5es-de-conflitos-e-cidadania\" aria-expanded=\"false\">\n\t\t\t\t\t\t<div class=\"sow-accordion-title sow-accordion-title-icon-left\">\n\t\t\t\t\t\t\t\t\t\t\t\t\t\tCEJUSC - Centro Judici\u00e1rio de Solu\u00e7\u00f5es de Conflitos e Cidadania \t\t\t\t\t\t\t\t\t\t\t\t\t<\/div>\n\t\t\t\t\t\t<div class=\"sow-accordion-open-close-button\">\n\t\t\t\t\t\t\t<div class=\"sow-accordion-open-button\">\n\t\t\t\t\t\t\t\t<span class=\"sow-icon-ionicons\" data-sow-icon=\"&#xf218;\"\n\t\t \n\t\taria-hidden=\"true\"><\/span>\t\t\t\t\t\t\t<\/div>\n\t\t\t\t\t\t\t<div class=\"sow-accordion-close-button\">\n\t\t\t\t\t\t\t\t<span class=\"sow-icon-ionicons\" data-sow-icon=\"&#xf209;\"\n\t\t \n\t\taria-hidden=\"true\"><\/span>\t\t\t\t\t\t\t<\/div>\n\t\t\t\t\t\t<\/div>\n\t\t\t\t\t<\/div>\n\t\t\t\t<\/div>\n\n\t\t\t<div\n\t\t\t\tclass=\"sow-accordion-panel-content\"\n\t\t\t\trole=\"region\"\n\t\t\t\taria-labelledby=\"accordion-label-cejusc-centro-judici%c3%a1rio-de-solu%c3%a7%c3%b5es-de-conflitos-e-cidadania\"\n\t\t\t\tid=\"accordion-content-cejusc-centro-judici%c3%a1rio-de-solu%c3%a7%c3%b5es-de-conflitos-e-cidadania\"\n\t\t\t\tstyle=\"display: none;\"\t\t\t>\n\t\t\t\t<div class=\"sow-accordion-panel-border\" tabindex=\"0\">\n\t\t\t\t\t<p>Professora Coordenadora: Adriana Timoteo dos Santos<\/p>\n<p>Professora Supervisora: Luana M\u00e1rcia de Oliveira Billerbeck<\/p>\n<p>Estagi\u00e1rias: Gabriela Medeiros do Nascimento<\/p>\n<p>Endere\u00e7os redes sociais:<\/p>\n<p>Instagram: @projetomediacaouepg<\/p>\n<p>Telefone: (42) 2102-8928 CEJUSC - NPJ\/UEPG<\/p>\n<p>CEJUSC: telefone e whatsapp - (42) 3309-1915 e (42) 3309-1912<\/p>\n<p>Hor\u00e1rio de atendimento: das 12h00 \u00e0s 18h00<\/p>\n<p>&nbsp;<\/p>\n\t\t\t\t<\/div>\n\t\t\t<\/div>\n\t\t<\/div>\n\t\t\t<div class=\"sow-accordion-panel\"\n\t\t\t data-anchor=\"n%c3%bacleo-de-estudo-e-acompanhamento-das-execu%c3%a7%c3%b5es-na-vara-de-execu%c3%a7%c3%a3o-penal-na-comarca-de-ponta-grossa-4%c2%aa-edi%c3%a7%c3%a3o\">\n\t\t\t\t<div class=\"sow-accordion-panel-header-container\" role=\"heading\" aria-level=\"2\">\n\t\t\t\t\t<div class=\"sow-accordion-panel-header\" tabindex=\"0\" role=\"button\" id=\"accordion-label-n%c3%bacleo-de-estudo-e-acompanhamento-das-execu%c3%a7%c3%b5es-na-vara-de-execu%c3%a7%c3%a3o-penal-na-comarca-de-ponta-grossa-4%c2%aa-edi%c3%a7%c3%a3o\" aria-controls=\"accordion-content-n%c3%bacleo-de-estudo-e-acompanhamento-das-execu%c3%a7%c3%b5es-na-vara-de-execu%c3%a7%c3%a3o-penal-na-comarca-de-ponta-grossa-4%c2%aa-edi%c3%a7%c3%a3o\" aria-expanded=\"false\">\n\t\t\t\t\t\t<div class=\"sow-accordion-title sow-accordion-title-icon-left\">\n\t\t\t\t\t\t\t\t\t\t\t\t\t\tN\u00daCLEO DE ESTUDO E  ACOMPANHAMENTO DAS EXECU\u00c7\u00d5ES NA VARA DE EXECU\u00c7\u00c3O PENAL NA COMARCA DE PONTA GROSSA - 4\u00aa Edi\u00e7\u00e3o\t\t\t\t\t\t\t\t\t\t\t\t\t<\/div>\n\t\t\t\t\t\t<div class=\"sow-accordion-open-close-button\">\n\t\t\t\t\t\t\t<div class=\"sow-accordion-open-button\">\n\t\t\t\t\t\t\t\t<span class=\"sow-icon-ionicons\" data-sow-icon=\"&#xf218;\"\n\t\t \n\t\taria-hidden=\"true\"><\/span>\t\t\t\t\t\t\t<\/div>\n\t\t\t\t\t\t\t<div class=\"sow-accordion-close-button\">\n\t\t\t\t\t\t\t\t<span class=\"sow-icon-ionicons\" data-sow-icon=\"&#xf209;\"\n\t\t \n\t\taria-hidden=\"true\"><\/span>\t\t\t\t\t\t\t<\/div>\n\t\t\t\t\t\t<\/div>\n\t\t\t\t\t<\/div>\n\t\t\t\t<\/div>\n\n\t\t\t<div\n\t\t\t\tclass=\"sow-accordion-panel-content\"\n\t\t\t\trole=\"region\"\n\t\t\t\taria-labelledby=\"accordion-label-n%c3%bacleo-de-estudo-e-acompanhamento-das-execu%c3%a7%c3%b5es-na-vara-de-execu%c3%a7%c3%a3o-penal-na-comarca-de-ponta-grossa-4%c2%aa-edi%c3%a7%c3%a3o\"\n\t\t\t\tid=\"accordion-content-n%c3%bacleo-de-estudo-e-acompanhamento-das-execu%c3%a7%c3%b5es-na-vara-de-execu%c3%a7%c3%a3o-penal-na-comarca-de-ponta-grossa-4%c2%aa-edi%c3%a7%c3%a3o\"\n\t\t\t\tstyle=\"display: none;\"\t\t\t>\n\t\t\t\t<div class=\"sow-accordion-panel-border\" tabindex=\"0\">\n\t\t\t\t\t<p>Coordenador: prof. RAULI GROSS JUNIOR<\/p>\n<p>Professores supervisores: VICENTE PAULO HAJAKI RIBAS e prof. GUILHERME AMARAL ALVES<\/p>\n<p>email:\u00a0 rgjunior@uepg.br<\/p>\n<p>Telefones:\u00a0 (42)\u00a0 3220-3232 e (42) 99102-1656<\/p>\n<p>Profissionais: agente JOSU\u00c9 LINHARES DE LARA, Lotado na PRECAM na Diretoria de Seguran\u00e7a e Apoio<\/p>\n<p>prof. EDUARDO PEREIRA e prof. ELIAS PEREIRA (PRECAM)<\/p>\n<p>&nbsp;<\/p>\n\t\t\t\t<\/div>\n\t\t\t<\/div>\n\t\t<\/div>\n\t\t\t<div class=\"sow-accordion-panel\"\n\t\t\t data-anchor=\"observat%c3%b3rio-processual-do-stj\">\n\t\t\t\t<div class=\"sow-accordion-panel-header-container\" role=\"heading\" aria-level=\"2\">\n\t\t\t\t\t<div class=\"sow-accordion-panel-header\" tabindex=\"0\" role=\"button\" id=\"accordion-label-observat%c3%b3rio-processual-do-stj\" aria-controls=\"accordion-content-observat%c3%b3rio-processual-do-stj\" aria-expanded=\"false\">\n\t\t\t\t\t\t<div class=\"sow-accordion-title sow-accordion-title-icon-left\">\n\t\t\t\t\t\t\t\t\t\t\t\t\t\tOBSERVAT\u00d3RIO PROCESSUAL DO STJ \t\t\t\t\t\t\t\t\t\t\t\t\t<\/div>\n\t\t\t\t\t\t<div class=\"sow-accordion-open-close-button\">\n\t\t\t\t\t\t\t<div class=\"sow-accordion-open-button\">\n\t\t\t\t\t\t\t\t<span class=\"sow-icon-ionicons\" data-sow-icon=\"&#xf218;\"\n\t\t \n\t\taria-hidden=\"true\"><\/span>\t\t\t\t\t\t\t<\/div>\n\t\t\t\t\t\t\t<div class=\"sow-accordion-close-button\">\n\t\t\t\t\t\t\t\t<span class=\"sow-icon-ionicons\" data-sow-icon=\"&#xf209;\"\n\t\t \n\t\taria-hidden=\"true\"><\/span>\t\t\t\t\t\t\t<\/div>\n\t\t\t\t\t\t<\/div>\n\t\t\t\t\t<\/div>\n\t\t\t\t<\/div>\n\n\t\t\t<div\n\t\t\t\tclass=\"sow-accordion-panel-content\"\n\t\t\t\trole=\"region\"\n\t\t\t\taria-labelledby=\"accordion-label-observat%c3%b3rio-processual-do-stj\"\n\t\t\t\tid=\"accordion-content-observat%c3%b3rio-processual-do-stj\"\n\t\t\t\tstyle=\"display: none;\"\t\t\t>\n\t\t\t\t<div class=\"sow-accordion-panel-border\" tabindex=\"0\">\n\t\t\t\t\t<p>Professores: Ren\u00ea Francisco Hellman (coordenador); Paola Damo Comel Gormanns, Luana M\u00e1rcia de Oliveira Billerbeck; Ludmilo Sene, Kleber Cazzaro, Maria Raquel Bacovis, Rafaella Martins de Oliveira (membros).<\/p>\n<p>Contato: rfhellman@uepg.br<\/p>\n\t\t\t\t<\/div>\n\t\t\t<\/div>\n\t\t<\/div>\n\t\t<\/div>\n<\/div>\n<\/div><\/div><\/div><\/div><\/div>","protected":false},"excerpt":{"rendered":"<p>NUMAPE &#8211; N\u00facleo Maria da Penha Professora Coordenadora: Brunna Rabelo Santiago Professora Supervisora: Roseni In\u00eas Marconato Pinto (Bruna Miranda) Implantado em janeiro do ano de 2018. Equipe T\u00e9cnica: Advogada: Bruna Balsano e\u00a0 Bruna Lern Assistente Social: Adriele Vieira Estagi\u00e1rias Curso de Direito: Alice Cabral do Carmo e Artemis Distefano Curso de Servi\u00e7o Social:Luiza Gaspar Ienke&nbsp;&hellip;<\/p>\n","protected":false},"author":24,"featured_media":0,"parent":0,"menu_order":0,"comment_status":"closed","ping_status":"closed","template":"","meta":[],"_links":{"self":[{"href":"https:\/\/www2.uepg.br\/direito\/wp-json\/wp\/v2\/pages\/159"}],"collection":[{"href":"https:\/\/www2.uepg.br\/direito\/wp-json\/wp\/v2\/pages"}],"about":[{"href":"https:\/\/www2.uepg.br\/direito\/wp-json\/wp\/v2\/types\/page"}],"author":[{"embeddable":true,"href":"https:\/\/www2.uepg.br\/direito\/wp-json\/wp\/v2\/users\/24"}],"replies":[{"embeddable":true,"href":"https:\/\/www2.uepg.br\/direito\/wp-json\/wp\/v2\/comments?post=159"}],"version-history":[{"count":5,"href":"https:\/\/www2.uepg.br\/direito\/wp-json\/wp\/v2\/pages\/159\/revisions"}],"predecessor-version":[{"id":1341,"href":"https:\/\/www2.uepg.br\/direito\/wp-json\/wp\/v2\/pages\/159\/revisions\/1341"}],"wp:attachment":[{"href":"https:\/\/www2.uepg.br\/direito\/wp-json\/wp\/v2\/media?parent=159"}],"curies":[{"name":"wp","href":"https:\/\/api.w.org\/{rel}","templated":true}]}}