{"id":480,"date":"2021-10-18T08:57:02","date_gmt":"2021-10-18T11:57:02","guid":{"rendered":"https:\/\/www2.uepg.br\/eleicao\/?page_id=480"},"modified":"2021-10-28T16:49:22","modified_gmt":"2021-10-28T19:49:22","slug":"ca-e-cepe-discente-graduacao-2021","status":"publish","type":"page","link":"https:\/\/www2.uepg.br\/eleicao\/ca-e-cepe-discente-graduacao-2021\/","title":{"rendered":"Representante do Corpo Discente dos Cursos de Gradua\u00e7\u00e3o para representa\u00e7\u00e3o junto ao Conselho de Ensino, Pesquisa e Extens\u00e3o \u2013 CEPE e Conselho de Administra\u00e7\u00e3o &#8211; CA"},"content":{"rendered":"<div id=\"pl-480\"  class=\"panel-layout\" ><div id=\"pg-480-0\"  class=\"panel-grid panel-no-style\" ><div id=\"pgc-480-0-0\"  class=\"panel-grid-cell\" ><div id=\"panel-480-0-0-0\" class=\"so-panel widget widget_sow-editor panel-first-child\" data-index=\"0\" ><div\n\t\t\t\n\t\t\tclass=\"so-widget-sow-editor so-widget-sow-editor-base\"\n\t\t\t\n\t\t>\n<div class=\"siteorigin-widget-tinymce textwidget\">\n\t<p>Caso o link para o acesso ou download do arquivo n\u00e3o funcione, use os navegadores Mozilla Firefox e\/ou Microsoft Edge.<\/p>\n<\/div>\n<\/div><\/div><div id=\"panel-480-0-0-1\" class=\"so-panel widget widget_listcategorypostswidget panel-last-child\" data-index=\"1\" ><h3 class=\"widget-title\"> <\/h3><ul class=\"lcp_catlist\" id=\"lcp_instance_listcategorypostswidget-1\"><li><a href=\"https:\/\/www2.uepg.br\/eleicao\/edital-03-2021-deferimento-e-indeferimento-de-chapas\/\">Edital 03\/2021 Deferimento e Indeferimento de chapas<\/a>  24 de novembro de 2021<\/li><li><a href=\"https:\/\/www2.uepg.br\/eleicao\/edital-02-2021-prorrogacao-de-inscricoes\/\">Edital 02\/2021 &#8211; Prorroga\u00e7\u00e3o de Inscri\u00e7\u00f5es<\/a>  17 de novembro de 2021<\/li><li><a href=\"https:\/\/www2.uepg.br\/eleicao\/anexo-1-ficha-de-inscricao-de-chapa\/\">ANEXO 1 \u2013 FICHA DE INSCRI\u00c7\u00c3O DE CHAPA<\/a>  28 de outubro de 2021<\/li><li><a href=\"https:\/\/www2.uepg.br\/eleicao\/edital-01-2021-comissao-eleitoral-para-a-escolha-de-representantes-discentes\/\">Edital 01\/2021 &#8211; Comiss\u00e3o Eleitoral para a escolha de Representantes Discentes<\/a>  28 de outubro de 2021<\/li><\/ul><a href=\"https:\/\/www2.uepg.br\/eleicao\/category\/ca-e-cepe-discente-graduacao-2021\/\"> <\/a><\/div><\/div><\/div><\/div>","protected":false},"excerpt":{"rendered":"<p>Caso o link para o acesso ou download do arquivo n\u00e3o funcione, use os navegadores Mozilla Firefox e\/ou Microsoft Edge.<\/p>\n","protected":false},"author":378,"featured_media":0,"parent":0,"menu_order":0,"comment_status":"closed","ping_status":"closed","template":"","meta":[],"_links":{"self":[{"href":"https:\/\/www2.uepg.br\/eleicao\/wp-json\/wp\/v2\/pages\/480"}],"collection":[{"href":"https:\/\/www2.uepg.br\/eleicao\/wp-json\/wp\/v2\/pages"}],"about":[{"href":"https:\/\/www2.uepg.br\/eleicao\/wp-json\/wp\/v2\/types\/page"}],"author":[{"embeddable":true,"href":"https:\/\/www2.uepg.br\/eleicao\/wp-json\/wp\/v2\/users\/378"}],"replies":[{"embeddable":true,"href":"https:\/\/www2.uepg.br\/eleicao\/wp-json\/wp\/v2\/comments?post=480"}],"version-history":[{"count":7,"href":"https:\/\/www2.uepg.br\/eleicao\/wp-json\/wp\/v2\/pages\/480\/revisions"}],"predecessor-version":[{"id":512,"href":"https:\/\/www2.uepg.br\/eleicao\/wp-json\/wp\/v2\/pages\/480\/revisions\/512"}],"wp:attachment":[{"href":"https:\/\/www2.uepg.br\/eleicao\/wp-json\/wp\/v2\/media?parent=480"}],"curies":[{"name":"wp","href":"https:\/\/api.w.org\/{rel}","templated":true}]}}