{"id":6,"date":"2020-04-20T14:56:52","date_gmt":"2020-04-20T17:56:52","guid":{"rendered":"http:\/\/www2.uepg.br\/elos\/?page_id=6"},"modified":"2026-03-17T20:09:56","modified_gmt":"2026-03-17T23:09:56","slug":"home","status":"publish","type":"page","link":"https:\/\/www2.uepg.br\/elos\/","title":{"rendered":"In\u00edcio"},"content":{"rendered":"<div id=\"pl-6\"  class=\"panel-layout\" ><div id=\"pg-6-0\"  class=\"panel-grid panel-has-style\" ><div class=\"siteorigin-panels-stretch panel-row-style panel-row-style-for-6-0\" data-stretch-type=\"full\" ><div id=\"pgc-6-0-0\"  class=\"panel-grid-cell\" ><div id=\"panel-6-0-0-0\" class=\"so-panel widget widget_sow-post-carousel panel-first-child panel-last-child\" data-index=\"0\" ><div\n\t\t\t\n\t\t\tclass=\"so-widget-sow-post-carousel so-widget-sow-post-carousel-base-98f8b54e4e8b-6\"\n\t\t\t\n\t\t>\t<div\n\t\tclass=\"sow-post-carousel-wrapper sow-post-carousel-theme-base\"\n\t\tstyle=\"overflow: hidden; max-width: 100%; min-height: 375px\"\n\t>\n\t\t<div class=\"sow-carousel-title has-title\">\n\t<h3 class=\"widget-title\">Destaques:<\/h3>\t\t<div class=\"sow-carousel-navigation \">\n\t\t\t\t\t\t<a href=\"#\" class=\"sow-carousel-next\" title=\"Pr\u00f3ximo\" aria-label=\"Next Posts\" role=\"button\"><\/a>\n\t\t\t\t\t\t<a href=\"#\" class=\"sow-carousel-previous\" title=\"Anterior\" aria-label=\"Previous Posts\" role=\"button\"><\/a>\n\t\t\t\t\t<\/div>\n\t<\/div>\n\n<div class=\"sow-carousel-container \">\n\t\t<div class=\"sow-carousel-wrapper\"\n\t\tdata-dir=\"ltr\"\n\t\tstyle=\"opacity: 0;\"\n\t\tdata-widget=\"post\" data-fetching=\"false\" data-page=\"1\" data-ajax-url=\"https:\/\/www2.uepg.br\/elos\/wp-admin\/admin-ajax.php?_widgets_nonce=07627e991c\" data-item_count=\"5\" data-carousel_settings=\"{&quot;loop&quot;:true,&quot;animation&quot;:&quot;ease&quot;,&quot;animation_speed&quot;:800,&quot;autoplay&quot;:false,&quot;pauseOnHover&quot;:false,&quot;autoplaySpeed&quot;:8000,&quot;item_overflow&quot;:true,&quot;autoplay_continuous_scroll&quot;:false}\" data-responsive=\"{&quot;desktop_slides_to_scroll&quot;:1,&quot;tablet_landscape_breakpoint&quot;:1366,&quot;tablet_landscape_slides_to_scroll&quot;:2,&quot;tablet_portrait_breakpoint&quot;:1025,&quot;tablet_portrait_slides_to_scroll&quot;:2,&quot;mobile_breakpoint&quot;:480,&quot;mobile_slides_to_scroll&quot;:1}\" data-variable_width=\"true\" \t>\n\t\t<div\n\t\t\tclass=\"sow-carousel-items\"\n\t\t\t\t\t>\n\t\t\t\t<div class=\"sow-carousel-item\" tabindex=\"-1\" style=\"float: left;\">\n\t\t<div class=\"sow-carousel-thumbnail\">\n\t\t\t\t\t\t\t<a\n\t\t\t\thref=\"https:\/\/www2.uepg.br\/elos\/autores-independentes-enfrentam-desafios-para-publicar-e-conquistar-leitores\/\"\n\t\t\t\t\t\t\t\t\t\tstyle=\"background-image: url( https:\/\/www2.uepg.br\/elos\/wp-content\/uploads\/sites\/285\/2026\/09\/Design-sem-nome-1-375x375.png )\"\n\t\t\t\t\taria-labelledby=\"sow-carousel-id-7430\"\n\t\t\t\t\ttabindex=\"-1\"\n\t\t\t\t>\n\t\t\t\t\t<span class=\"overlay\"><\/span>\n\t\t\t\t<\/a>\n\t\t\t\t\t<\/div>\n\t\t<h3 class=\"sow-carousel-item-title\">\n\t\t\t<a\n\t\t\t\thref=\"https:\/\/www2.uepg.br\/elos\/autores-independentes-enfrentam-desafios-para-publicar-e-conquistar-leitores\/\"\n\t\t\t\tid=\"sow-carousel-id-7430\"\n\t\t\t\t\t\t\t\ttabindex=\"-1\"\n\t\t\t>\n\n\t\t\t\tAutores independentes enfrentam desafios para publicar e conquistar leitores\t\t\t<\/a>\n\t\t<\/h3>\n\t<\/div>\n\t<div class=\"sow-carousel-item\" tabindex=\"-1\" style=\"float: left;\">\n\t\t<div class=\"sow-carousel-thumbnail\">\n\t\t\t\t\t\t\t<a\n\t\t\t\thref=\"https:\/\/www2.uepg.br\/elos\/novas-regras-da-cbv-proibem-a-participacao-de-atletas-trans-no-volei-feminino\/\"\n\t\t\t\t\t\t\t\t\t\tstyle=\"background-image: url( https:\/\/www2.uepg.br\/elos\/wp-content\/uploads\/sites\/285\/2026\/08\/IMG_20260813_192449_739-375x375.jpg )\"\n\t\t\t\t\taria-labelledby=\"sow-carousel-id-7425\"\n\t\t\t\t\ttabindex=\"-1\"\n\t\t\t\t>\n\t\t\t\t\t<span class=\"overlay\"><\/span>\n\t\t\t\t<\/a>\n\t\t\t\t\t<\/div>\n\t\t<h3 class=\"sow-carousel-item-title\">\n\t\t\t<a\n\t\t\t\thref=\"https:\/\/www2.uepg.br\/elos\/novas-regras-da-cbv-proibem-a-participacao-de-atletas-trans-no-volei-feminino\/\"\n\t\t\t\tid=\"sow-carousel-id-7425\"\n\t\t\t\t\t\t\t\ttabindex=\"-1\"\n\t\t\t>\n\n\t\t\t\tNovas regras da CBV pro\u00edbem a participa\u00e7\u00e3o de atletas trans no v\u00f4lei feminino\t\t\t<\/a>\n\t\t<\/h3>\n\t<\/div>\n\t<div class=\"sow-carousel-item\" tabindex=\"-1\" style=\"float: left;\">\n\t\t<div class=\"sow-carousel-thumbnail\">\n\t\t\t\t\t\t\t<a\n\t\t\t\thref=\"https:\/\/www2.uepg.br\/elos\/banco-de-leite-humano-da-uepg-compoe-rede-de-doacao-em-ponta-grossa\/\"\n\t\t\t\t\t\t\t\t\t\tstyle=\"background-image: url( https:\/\/www2.uepg.br\/elos\/wp-content\/uploads\/sites\/285\/2026\/08\/Tierri-Angeluci-da-uepg-375x375.png )\"\n\t\t\t\t\taria-labelledby=\"sow-carousel-id-7421\"\n\t\t\t\t\ttabindex=\"-1\"\n\t\t\t\t>\n\t\t\t\t\t<span class=\"overlay\"><\/span>\n\t\t\t\t<\/a>\n\t\t\t\t\t<\/div>\n\t\t<h3 class=\"sow-carousel-item-title\">\n\t\t\t<a\n\t\t\t\thref=\"https:\/\/www2.uepg.br\/elos\/banco-de-leite-humano-da-uepg-compoe-rede-de-doacao-em-ponta-grossa\/\"\n\t\t\t\tid=\"sow-carousel-id-7421\"\n\t\t\t\t\t\t\t\ttabindex=\"-1\"\n\t\t\t>\n\n\t\t\t\tBanco de Leite Humano da UEPG comp\u00f5e rede de doa\u00e7\u00e3o em Ponta Grossa\t\t\t<\/a>\n\t\t<\/h3>\n\t<\/div>\n\t<div class=\"sow-carousel-item\" tabindex=\"-1\" style=\"float: left;\">\n\t\t<div class=\"sow-carousel-thumbnail\">\n\t\t\t\t\t\t\t<a\n\t\t\t\thref=\"https:\/\/www2.uepg.br\/elos\/grupos-de-reeducacao-para-homens-sao-discutidos-como-estrategia-de-enfrentamento-a-violencia-domestica\/\"\n\t\t\t\t\t\t\t\t\t\tstyle=\"background-image: url( https:\/\/www2.uepg.br\/elos\/wp-content\/uploads\/sites\/285\/2026\/08\/IMG-20260818-WA0002-375x375.jpg )\"\n\t\t\t\t\taria-labelledby=\"sow-carousel-id-7418\"\n\t\t\t\t\ttabindex=\"-1\"\n\t\t\t\t>\n\t\t\t\t\t<span class=\"overlay\"><\/span>\n\t\t\t\t<\/a>\n\t\t\t\t\t<\/div>\n\t\t<h3 class=\"sow-carousel-item-title\">\n\t\t\t<a\n\t\t\t\thref=\"https:\/\/www2.uepg.br\/elos\/grupos-de-reeducacao-para-homens-sao-discutidos-como-estrategia-de-enfrentamento-a-violencia-domestica\/\"\n\t\t\t\tid=\"sow-carousel-id-7418\"\n\t\t\t\t\t\t\t\ttabindex=\"-1\"\n\t\t\t>\n\n\t\t\t\tGrupos de reeduca\u00e7\u00e3o para homens s\u00e3o discutidos como estrat\u00e9gia de enfrentamento \u00e0 viol\u00eancia dom\u00e9stica\t\t\t<\/a>\n\t\t<\/h3>\n\t<\/div>\n\t<div class=\"sow-carousel-item\" tabindex=\"-1\" style=\"float: left;\">\n\t\t<div class=\"sow-carousel-thumbnail\">\n\t\t\t\t\t\t\t<a\n\t\t\t\thref=\"https:\/\/www2.uepg.br\/elos\/blitz-da-inclusao-leva-orientacao-sobre-acessibilidade-ao-calcadao-de-ponta-grossa\/\"\n\t\t\t\t\t\t\t\t\t\tstyle=\"background-image: url( https:\/\/www2.uepg.br\/elos\/wp-content\/uploads\/sites\/285\/2026\/08\/LEO-1-375x375.jpg )\"\n\t\t\t\t\taria-labelledby=\"sow-carousel-id-7415\"\n\t\t\t\t\ttabindex=\"-1\"\n\t\t\t\t>\n\t\t\t\t\t<span class=\"overlay\"><\/span>\n\t\t\t\t<\/a>\n\t\t\t\t\t<\/div>\n\t\t<h3 class=\"sow-carousel-item-title\">\n\t\t\t<a\n\t\t\t\thref=\"https:\/\/www2.uepg.br\/elos\/blitz-da-inclusao-leva-orientacao-sobre-acessibilidade-ao-calcadao-de-ponta-grossa\/\"\n\t\t\t\tid=\"sow-carousel-id-7415\"\n\t\t\t\t\t\t\t\ttabindex=\"-1\"\n\t\t\t>\n\n\t\t\t\tBlitz da Inclus\u00e3o leva orienta\u00e7\u00e3o sobre acessibilidade ao cal\u00e7ad\u00e3o de Ponta Grossa\t\t\t<\/a>\n\t\t<\/h3>\n\t<\/div>\n\t<div class=\"sow-carousel-item\" tabindex=\"-1\" style=\"float: left;\">\n\t\t<div class=\"sow-carousel-thumbnail\">\n\t\t\t\t\t\t\t<a\n\t\t\t\thref=\"https:\/\/www2.uepg.br\/elos\/a-importancia-do-psicologo-um-profissional-que-atua-em-diferentes-areas\/\"\n\t\t\t\t\t\t\t\t\t\tstyle=\"background-image: url( https:\/\/www2.uepg.br\/elos\/wp-content\/uploads\/sites\/285\/2026\/08\/dia-do-psicologo-375x375.png )\"\n\t\t\t\t\taria-labelledby=\"sow-carousel-id-7405\"\n\t\t\t\t\ttabindex=\"-1\"\n\t\t\t\t>\n\t\t\t\t\t<span class=\"overlay\"><\/span>\n\t\t\t\t<\/a>\n\t\t\t\t\t<\/div>\n\t\t<h3 class=\"sow-carousel-item-title\">\n\t\t\t<a\n\t\t\t\thref=\"https:\/\/www2.uepg.br\/elos\/a-importancia-do-psicologo-um-profissional-que-atua-em-diferentes-areas\/\"\n\t\t\t\tid=\"sow-carousel-id-7405\"\n\t\t\t\t\t\t\t\ttabindex=\"-1\"\n\t\t\t>\n\n\t\t\t\tA import\u00e2ncia do psic\u00f3logo: um profissional que atua em diferentes \u00e1reas\t\t\t<\/a>\n\t\t<\/h3>\n\t<\/div>\n\t<div class=\"sow-carousel-item\" tabindex=\"-1\" style=\"float: left;\">\n\t\t<div class=\"sow-carousel-thumbnail\">\n\t\t\t\t\t\t\t<a\n\t\t\t\thref=\"https:\/\/www2.uepg.br\/elos\/o-horror-que-uma-crianca-aprende-a-chamar-de-casa\/\"\n\t\t\t\t\t\t\t\t\t\tstyle=\"background-image: url( https:\/\/www2.uepg.br\/elos\/wp-content\/uploads\/sites\/285\/2026\/08\/Credito_-Foto-de-arquivo-de-Lucy-Rose-375x375.jpg )\"\n\t\t\t\t\taria-labelledby=\"sow-carousel-id-7402\"\n\t\t\t\t\ttabindex=\"-1\"\n\t\t\t\t>\n\t\t\t\t\t<span class=\"overlay\"><\/span>\n\t\t\t\t<\/a>\n\t\t\t\t\t<\/div>\n\t\t<h3 class=\"sow-carousel-item-title\">\n\t\t\t<a\n\t\t\t\thref=\"https:\/\/www2.uepg.br\/elos\/o-horror-que-uma-crianca-aprende-a-chamar-de-casa\/\"\n\t\t\t\tid=\"sow-carousel-id-7402\"\n\t\t\t\t\t\t\t\ttabindex=\"-1\"\n\t\t\t>\n\n\t\t\t\tO horror que uma crian\u00e7a aprende a chamar de casa\t\t\t<\/a>\n\t\t<\/h3>\n\t<\/div>\n\t<div class=\"sow-carousel-item\" tabindex=\"-1\" style=\"float: left;\">\n\t\t<div class=\"sow-carousel-thumbnail\">\n\t\t\t\t\t\t\t<a\n\t\t\t\thref=\"https:\/\/www2.uepg.br\/elos\/formatura-do-projeto-coletivizando-parto-humanizado-celebra-capacitacao-e-geracao-de-renda\/\"\n\t\t\t\t\t\t\t\t\t\tstyle=\"background-image: url( https:\/\/www2.uepg.br\/elos\/wp-content\/uploads\/sites\/285\/2026\/08\/LEO-CAPA-375x375.jpg )\"\n\t\t\t\t\taria-labelledby=\"sow-carousel-id-7396\"\n\t\t\t\t\ttabindex=\"-1\"\n\t\t\t\t>\n\t\t\t\t\t<span class=\"overlay\"><\/span>\n\t\t\t\t<\/a>\n\t\t\t\t\t<\/div>\n\t\t<h3 class=\"sow-carousel-item-title\">\n\t\t\t<a\n\t\t\t\thref=\"https:\/\/www2.uepg.br\/elos\/formatura-do-projeto-coletivizando-parto-humanizado-celebra-capacitacao-e-geracao-de-renda\/\"\n\t\t\t\tid=\"sow-carousel-id-7396\"\n\t\t\t\t\t\t\t\ttabindex=\"-1\"\n\t\t\t>\n\n\t\t\t\tFormatura do projeto Coletivizando Parto Humanizado celebra capacita\u00e7\u00e3o e gera\u00e7\u00e3o de renda\t\t\t<\/a>\n\t\t<\/h3>\n\t<\/div>\n\t<div class=\"sow-carousel-item\" tabindex=\"-1\" style=\"float: left;\">\n\t\t<div class=\"sow-carousel-thumbnail\">\n\t\t\t\t\t\t\t<a\n\t\t\t\thref=\"https:\/\/www2.uepg.br\/elos\/mulheres-com-deficiencia-e-a-comunidade-lgbtqiapn-vulnerabilidades-direitos-e-violencia-intrafamiliar-em-debate\/\"\n\t\t\t\t\t\t\t\t\t\tstyle=\"background-image: url( https:\/\/www2.uepg.br\/elos\/wp-content\/uploads\/sites\/285\/2026\/08\/Arte-oficina-sexta-feira-375x375.png )\"\n\t\t\t\t\taria-labelledby=\"sow-carousel-id-7391\"\n\t\t\t\t\ttabindex=\"-1\"\n\t\t\t\t>\n\t\t\t\t\t<span class=\"overlay\"><\/span>\n\t\t\t\t<\/a>\n\t\t\t\t\t<\/div>\n\t\t<h3 class=\"sow-carousel-item-title\">\n\t\t\t<a\n\t\t\t\thref=\"https:\/\/www2.uepg.br\/elos\/mulheres-com-deficiencia-e-a-comunidade-lgbtqiapn-vulnerabilidades-direitos-e-violencia-intrafamiliar-em-debate\/\"\n\t\t\t\tid=\"sow-carousel-id-7391\"\n\t\t\t\t\t\t\t\ttabindex=\"-1\"\n\t\t\t>\n\n\t\t\t\tMulheres com defici\u00eancia e a comunidade LGBTQIAPN+: vulnerabilidades, direitos e viol\u00eancia intrafamiliar em debate\t\t\t<\/a>\n\t\t<\/h3>\n\t<\/div>\n\t<div class=\"sow-carousel-item\" tabindex=\"-1\" style=\"float: left;\">\n\t\t<div class=\"sow-carousel-thumbnail\">\n\t\t\t\t\t\t\t<a\n\t\t\t\thref=\"https:\/\/www2.uepg.br\/elos\/regulamentacao-do-trabalho-no-comercio-em-feriados-recebe-novas-regras\/\"\n\t\t\t\t\t\t\t\t\t\tstyle=\"background-image: url( https:\/\/www2.uepg.br\/elos\/wp-content\/uploads\/sites\/285\/2026\/08\/foto-capa-375x375.png )\"\n\t\t\t\t\taria-labelledby=\"sow-carousel-id-7386\"\n\t\t\t\t\ttabindex=\"-1\"\n\t\t\t\t>\n\t\t\t\t\t<span class=\"overlay\"><\/span>\n\t\t\t\t<\/a>\n\t\t\t\t\t<\/div>\n\t\t<h3 class=\"sow-carousel-item-title\">\n\t\t\t<a\n\t\t\t\thref=\"https:\/\/www2.uepg.br\/elos\/regulamentacao-do-trabalho-no-comercio-em-feriados-recebe-novas-regras\/\"\n\t\t\t\tid=\"sow-carousel-id-7386\"\n\t\t\t\t\t\t\t\ttabindex=\"-1\"\n\t\t\t>\n\n\t\t\t\tRegulamenta\u00e7\u00e3o do trabalho no com\u00e9rcio em feriados recebe novas regras\t\t\t<\/a>\n\t\t<\/h3>\n\t<\/div>\n\t<div class=\"sow-carousel-item\" tabindex=\"-1\" style=\"float: left;\">\n\t\t<div class=\"sow-carousel-thumbnail\">\n\t\t\t\t\t\t\t<a\n\t\t\t\thref=\"https:\/\/www2.uepg.br\/elos\/apos-meses-de-interdicao-alunos-retornam-a-escola-jose-pinto-rosas\/\"\n\t\t\t\t\t\t\t\t\t\tstyle=\"background-image: url( https:\/\/www2.uepg.br\/elos\/wp-content\/uploads\/sites\/285\/2026\/08\/Leonardo-Correia-375x375.jpg )\"\n\t\t\t\t\taria-labelledby=\"sow-carousel-id-7384\"\n\t\t\t\t\ttabindex=\"-1\"\n\t\t\t\t>\n\t\t\t\t\t<span class=\"overlay\"><\/span>\n\t\t\t\t<\/a>\n\t\t\t\t\t<\/div>\n\t\t<h3 class=\"sow-carousel-item-title\">\n\t\t\t<a\n\t\t\t\thref=\"https:\/\/www2.uepg.br\/elos\/apos-meses-de-interdicao-alunos-retornam-a-escola-jose-pinto-rosas\/\"\n\t\t\t\tid=\"sow-carousel-id-7384\"\n\t\t\t\t\t\t\t\ttabindex=\"-1\"\n\t\t\t>\n\n\t\t\t\tAp\u00f3s meses de interdi\u00e7\u00e3o, alunos retornam \u00e0 Escola Jos\u00e9 Pinto Rosas\t\t\t<\/a>\n\t\t<\/h3>\n\t<\/div>\n\t<div class=\"sow-carousel-item\" tabindex=\"-1\" style=\"float: left;\">\n\t\t<div class=\"sow-carousel-thumbnail\">\n\t\t\t\t\t\t\t<a\n\t\t\t\thref=\"https:\/\/www2.uepg.br\/elos\/enfrentar-a-violencia-tambem-e-impedir-que-ela-se-repita\/\"\n\t\t\t\t\t\t\t\t\t\tstyle=\"background-image: url( https:\/\/www2.uepg.br\/elos\/wp-content\/uploads\/sites\/285\/2026\/08\/Credito_-Maria-Gallinea-375x375.jpg )\"\n\t\t\t\t\taria-labelledby=\"sow-carousel-id-7378\"\n\t\t\t\t\ttabindex=\"-1\"\n\t\t\t\t>\n\t\t\t\t\t<span class=\"overlay\"><\/span>\n\t\t\t\t<\/a>\n\t\t\t\t\t<\/div>\n\t\t<h3 class=\"sow-carousel-item-title\">\n\t\t\t<a\n\t\t\t\thref=\"https:\/\/www2.uepg.br\/elos\/enfrentar-a-violencia-tambem-e-impedir-que-ela-se-repita\/\"\n\t\t\t\tid=\"sow-carousel-id-7378\"\n\t\t\t\t\t\t\t\ttabindex=\"-1\"\n\t\t\t>\n\n\t\t\t\tEnfrentar a viol\u00eancia tamb\u00e9m \u00e9 impedir que ela se repita\t\t\t<\/a>\n\t\t<\/h3>\n\t<\/div>\n\t<div class=\"sow-carousel-item\" tabindex=\"-1\" style=\"float: left;\">\n\t\t<div class=\"sow-carousel-thumbnail\">\n\t\t\t\t\t\t\t<a\n\t\t\t\thref=\"https:\/\/www2.uepg.br\/elos\/imposicao-de-padroes-esteticos-segue-presente-no-cotidiano-das-mulheres\/\"\n\t\t\t\t\t\t\t\t\t\tstyle=\"background-image: url( https:\/\/www2.uepg.br\/elos\/wp-content\/uploads\/sites\/285\/2026\/08\/Arte-por-Bruna-Sluzala-375x375.png )\"\n\t\t\t\t\taria-labelledby=\"sow-carousel-id-7373\"\n\t\t\t\t\ttabindex=\"-1\"\n\t\t\t\t>\n\t\t\t\t\t<span class=\"overlay\"><\/span>\n\t\t\t\t<\/a>\n\t\t\t\t\t<\/div>\n\t\t<h3 class=\"sow-carousel-item-title\">\n\t\t\t<a\n\t\t\t\thref=\"https:\/\/www2.uepg.br\/elos\/imposicao-de-padroes-esteticos-segue-presente-no-cotidiano-das-mulheres\/\"\n\t\t\t\tid=\"sow-carousel-id-7373\"\n\t\t\t\t\t\t\t\ttabindex=\"-1\"\n\t\t\t>\n\n\t\t\t\tImposi\u00e7\u00e3o de padr\u00f5es est\u00e9ticos segue presente no cotidiano das mulheres\t\t\t<\/a>\n\t\t<\/h3>\n\t<\/div>\n\t<div class=\"sow-carousel-item\" tabindex=\"-1\" style=\"float: left;\">\n\t\t<div class=\"sow-carousel-thumbnail\">\n\t\t\t\t\t\t\t<a\n\t\t\t\thref=\"https:\/\/www2.uepg.br\/elos\/ponta-grossa-apresenta-1o-plano-municipal-de-politicas-para-as-mulheres\/\"\n\t\t\t\t\t\t\t\t\t\tstyle=\"background-image: url( https:\/\/www2.uepg.br\/elos\/wp-content\/uploads\/sites\/285\/2026\/08\/Leo-375x375.jpg )\"\n\t\t\t\t\taria-labelledby=\"sow-carousel-id-7368\"\n\t\t\t\t\ttabindex=\"-1\"\n\t\t\t\t>\n\t\t\t\t\t<span class=\"overlay\"><\/span>\n\t\t\t\t<\/a>\n\t\t\t\t\t<\/div>\n\t\t<h3 class=\"sow-carousel-item-title\">\n\t\t\t<a\n\t\t\t\thref=\"https:\/\/www2.uepg.br\/elos\/ponta-grossa-apresenta-1o-plano-municipal-de-politicas-para-as-mulheres\/\"\n\t\t\t\tid=\"sow-carousel-id-7368\"\n\t\t\t\t\t\t\t\ttabindex=\"-1\"\n\t\t\t>\n\n\t\t\t\tPonta Grossa apresenta 1\u00ba Plano Municipal de Pol\u00edticas para as Mulheres\u00a0\t\t\t<\/a>\n\t\t<\/h3>\n\t<\/div>\n\t<div class=\"sow-carousel-item\" tabindex=\"-1\" style=\"float: left;\">\n\t\t<div class=\"sow-carousel-thumbnail\">\n\t\t\t\t\t\t\t<a\n\t\t\t\thref=\"https:\/\/www2.uepg.br\/elos\/testemunhos-de-fe-iv-mostra-religiosa-reforca-pluralidade-de-cultos-em-ponta-grossa\/\"\n\t\t\t\t\t\t\t\t\t\tstyle=\"background-image: url( https:\/\/www2.uepg.br\/elos\/wp-content\/uploads\/sites\/285\/2026\/08\/IMG_2898-375x375.jpg )\"\n\t\t\t\t\taria-labelledby=\"sow-carousel-id-7362\"\n\t\t\t\t\ttabindex=\"-1\"\n\t\t\t\t>\n\t\t\t\t\t<span class=\"overlay\"><\/span>\n\t\t\t\t<\/a>\n\t\t\t\t\t<\/div>\n\t\t<h3 class=\"sow-carousel-item-title\">\n\t\t\t<a\n\t\t\t\thref=\"https:\/\/www2.uepg.br\/elos\/testemunhos-de-fe-iv-mostra-religiosa-reforca-pluralidade-de-cultos-em-ponta-grossa\/\"\n\t\t\t\tid=\"sow-carousel-id-7362\"\n\t\t\t\t\t\t\t\ttabindex=\"-1\"\n\t\t\t>\n\n\t\t\t\tTestemunhos de f\u00e9: IV Mostra Religiosa refor\u00e7a pluralidade de cultos em Ponta Grossa\t\t\t<\/a>\n\t\t<\/h3>\n\t<\/div>\n\t<div class=\"sow-carousel-item\" tabindex=\"-1\" style=\"float: left;\">\n\t\t<div class=\"sow-carousel-thumbnail\">\n\t\t\t\t\t\t\t<a\n\t\t\t\thref=\"https:\/\/www2.uepg.br\/elos\/apae-de-ponta-grossa-promove-acao-solidaria-para-a-5a-edicao-da-festa-julina\/\"\n\t\t\t\t\t\t\t\t\t\tstyle=\"background-image: url( https:\/\/www2.uepg.br\/elos\/wp-content\/uploads\/sites\/285\/2026\/07\/Lucas-Barbato-1-375x375.jpg )\"\n\t\t\t\t\taria-labelledby=\"sow-carousel-id-7353\"\n\t\t\t\t\ttabindex=\"-1\"\n\t\t\t\t>\n\t\t\t\t\t<span class=\"overlay\"><\/span>\n\t\t\t\t<\/a>\n\t\t\t\t\t<\/div>\n\t\t<h3 class=\"sow-carousel-item-title\">\n\t\t\t<a\n\t\t\t\thref=\"https:\/\/www2.uepg.br\/elos\/apae-de-ponta-grossa-promove-acao-solidaria-para-a-5a-edicao-da-festa-julina\/\"\n\t\t\t\tid=\"sow-carousel-id-7353\"\n\t\t\t\t\t\t\t\ttabindex=\"-1\"\n\t\t\t>\n\n\t\t\t\tAPAE de Ponta Grossa promove a\u00e7\u00e3o solid\u00e1ria para a 5\u00aa edi\u00e7\u00e3o da Festa Julina\t\t\t<\/a>\n\t\t<\/h3>\n\t<\/div>\n\t<div class=\"sow-carousel-item\" tabindex=\"-1\" style=\"float: left;\">\n\t\t<div class=\"sow-carousel-thumbnail\">\n\t\t\t\t\t\t\t<a\n\t\t\t\thref=\"https:\/\/www2.uepg.br\/elos\/campanha-junho-violeta-aborda-envelhecimento-populacional\/\"\n\t\t\t\t\t\t\t\t\t\tstyle=\"background-image: url( https:\/\/www2.uepg.br\/elos\/wp-content\/uploads\/sites\/285\/2026\/06\/Foto-de-capa-375x375.jpg )\"\n\t\t\t\t\taria-labelledby=\"sow-carousel-id-7348\"\n\t\t\t\t\ttabindex=\"-1\"\n\t\t\t\t>\n\t\t\t\t\t<span class=\"overlay\"><\/span>\n\t\t\t\t<\/a>\n\t\t\t\t\t<\/div>\n\t\t<h3 class=\"sow-carousel-item-title\">\n\t\t\t<a\n\t\t\t\thref=\"https:\/\/www2.uepg.br\/elos\/campanha-junho-violeta-aborda-envelhecimento-populacional\/\"\n\t\t\t\tid=\"sow-carousel-id-7348\"\n\t\t\t\t\t\t\t\ttabindex=\"-1\"\n\t\t\t>\n\n\t\t\t\tCampanha Junho Violeta aborda envelhecimento populacional\t\t\t<\/a>\n\t\t<\/h3>\n\t<\/div>\n\t<div class=\"sow-carousel-item\" tabindex=\"-1\" style=\"float: left;\">\n\t\t<div class=\"sow-carousel-thumbnail\">\n\t\t\t\t\t\t\t<a\n\t\t\t\thref=\"https:\/\/www2.uepg.br\/elos\/ii-forum-municipal-dos-direitos-lgbtqia-reuniu-comunidade-e-elegeu-nova-gestao-do-conselho\/\"\n\t\t\t\t\t\t\t\t\t\tstyle=\"background-image: url( https:\/\/www2.uepg.br\/elos\/wp-content\/uploads\/sites\/285\/2026\/06\/Joao-Pimentel-1-375x375.jpg )\"\n\t\t\t\t\taria-labelledby=\"sow-carousel-id-7344\"\n\t\t\t\t\ttabindex=\"-1\"\n\t\t\t\t>\n\t\t\t\t\t<span class=\"overlay\"><\/span>\n\t\t\t\t<\/a>\n\t\t\t\t\t<\/div>\n\t\t<h3 class=\"sow-carousel-item-title\">\n\t\t\t<a\n\t\t\t\thref=\"https:\/\/www2.uepg.br\/elos\/ii-forum-municipal-dos-direitos-lgbtqia-reuniu-comunidade-e-elegeu-nova-gestao-do-conselho\/\"\n\t\t\t\tid=\"sow-carousel-id-7344\"\n\t\t\t\t\t\t\t\ttabindex=\"-1\"\n\t\t\t>\n\n\t\t\t\tII F\u00f3rum Municipal dos Direitos LGBTQIA+ reuniu comunidade e elegeu nova gest\u00e3o do Conselho\t\t\t<\/a>\n\t\t<\/h3>\n\t<\/div>\n\t<div class=\"sow-carousel-item\" tabindex=\"-1\" style=\"float: left;\">\n\t\t<div class=\"sow-carousel-thumbnail\">\n\t\t\t\t\t\t\t<a\n\t\t\t\thref=\"https:\/\/www2.uepg.br\/elos\/uepg-promove-acao-em-alusao-ao-junho-branco\/\"\n\t\t\t\t\t\t\t\t\t\tstyle=\"background-image: url( https:\/\/www2.uepg.br\/elos\/wp-content\/uploads\/sites\/285\/2026\/06\/IMG_0016-375x375.jpeg )\"\n\t\t\t\t\taria-labelledby=\"sow-carousel-id-7338\"\n\t\t\t\t\ttabindex=\"-1\"\n\t\t\t\t>\n\t\t\t\t\t<span class=\"overlay\"><\/span>\n\t\t\t\t<\/a>\n\t\t\t\t\t<\/div>\n\t\t<h3 class=\"sow-carousel-item-title\">\n\t\t\t<a\n\t\t\t\thref=\"https:\/\/www2.uepg.br\/elos\/uepg-promove-acao-em-alusao-ao-junho-branco\/\"\n\t\t\t\tid=\"sow-carousel-id-7338\"\n\t\t\t\t\t\t\t\ttabindex=\"-1\"\n\t\t\t>\n\n\t\t\t\tUEPG promove a\u00e7\u00e3o em alus\u00e3o ao Junho Branco\t\t\t<\/a>\n\t\t<\/h3>\n\t<\/div>\n\t<div class=\"sow-carousel-item\" tabindex=\"-1\" style=\"float: left;\">\n\t\t<div class=\"sow-carousel-thumbnail\">\n\t\t\t\t\t\t\t<a\n\t\t\t\thref=\"https:\/\/www2.uepg.br\/elos\/clube-de-ciencias-camaradas-do-cascudo-conquista-1o-lugar-no-vale-da-ciencia-com-projeto-de-podcast\/\"\n\t\t\t\t\t\t\t\t\t\tstyle=\"background-image: url( https:\/\/www2.uepg.br\/elos\/wp-content\/uploads\/sites\/285\/2026\/06\/foto-Simone-Carvalho-375x375.jpg )\"\n\t\t\t\t\taria-labelledby=\"sow-carousel-id-7332\"\n\t\t\t\t\ttabindex=\"-1\"\n\t\t\t\t>\n\t\t\t\t\t<span class=\"overlay\"><\/span>\n\t\t\t\t<\/a>\n\t\t\t\t\t<\/div>\n\t\t<h3 class=\"sow-carousel-item-title\">\n\t\t\t<a\n\t\t\t\thref=\"https:\/\/www2.uepg.br\/elos\/clube-de-ciencias-camaradas-do-cascudo-conquista-1o-lugar-no-vale-da-ciencia-com-projeto-de-podcast\/\"\n\t\t\t\tid=\"sow-carousel-id-7332\"\n\t\t\t\t\t\t\t\ttabindex=\"-1\"\n\t\t\t>\n\n\t\t\t\tClube de ci\u00eancias Camaradas do Cascudo conquista 1\u00ba lugar no Vale da Ci\u00eancia com projeto de podcast\t\t\t<\/a>\n\t\t<\/h3>\n\t<\/div>\n\t<div class=\"sow-carousel-item\" tabindex=\"-1\" style=\"float: left;\">\n\t\t<div class=\"sow-carousel-thumbnail\">\n\t\t\t\t\t\t\t<a\n\t\t\t\thref=\"https:\/\/www2.uepg.br\/elos\/ato-em-ponta-grossa-reune-protestos-contra-decisao-do-senado-que-dificulta-aborto-legal-para-criancas-e-adolescentes\/\"\n\t\t\t\t\t\t\t\t\t\tstyle=\"background-image: url( https:\/\/www2.uepg.br\/elos\/wp-content\/uploads\/sites\/285\/2026\/06\/POR_-Manuela-Furstenberger-1-375x375.jpg )\"\n\t\t\t\t\taria-labelledby=\"sow-carousel-id-7328\"\n\t\t\t\t\ttabindex=\"-1\"\n\t\t\t\t>\n\t\t\t\t\t<span class=\"overlay\"><\/span>\n\t\t\t\t<\/a>\n\t\t\t\t\t<\/div>\n\t\t<h3 class=\"sow-carousel-item-title\">\n\t\t\t<a\n\t\t\t\thref=\"https:\/\/www2.uepg.br\/elos\/ato-em-ponta-grossa-reune-protestos-contra-decisao-do-senado-que-dificulta-aborto-legal-para-criancas-e-adolescentes\/\"\n\t\t\t\tid=\"sow-carousel-id-7328\"\n\t\t\t\t\t\t\t\ttabindex=\"-1\"\n\t\t\t>\n\n\t\t\t\tAto em Ponta Grossa re\u00fane protestos contra decis\u00e3o do Senado que dificulta aborto legal para crian\u00e7as e adolescentes\t\t\t<\/a>\n\t\t<\/h3>\n\t<\/div>\n\t<div class=\"sow-carousel-item\" tabindex=\"-1\" style=\"float: left;\">\n\t\t<div class=\"sow-carousel-thumbnail\">\n\t\t\t\t\t\t\t<a\n\t\t\t\thref=\"https:\/\/www2.uepg.br\/elos\/mesa-vozes-em-resistencia-raca-genero-e-midia-debate-racialidade-na-20a-semana-de-integracao-e-resistencia\/\"\n\t\t\t\t\t\t\t\t\t\tstyle=\"background-image: url( https:\/\/www2.uepg.br\/elos\/wp-content\/uploads\/sites\/285\/2026\/06\/Por_-Emanuelle-Nunes-375x375.jpg )\"\n\t\t\t\t\taria-labelledby=\"sow-carousel-id-7295\"\n\t\t\t\t\ttabindex=\"-1\"\n\t\t\t\t>\n\t\t\t\t\t<span class=\"overlay\"><\/span>\n\t\t\t\t<\/a>\n\t\t\t\t\t<\/div>\n\t\t<h3 class=\"sow-carousel-item-title\">\n\t\t\t<a\n\t\t\t\thref=\"https:\/\/www2.uepg.br\/elos\/mesa-vozes-em-resistencia-raca-genero-e-midia-debate-racialidade-na-20a-semana-de-integracao-e-resistencia\/\"\n\t\t\t\tid=\"sow-carousel-id-7295\"\n\t\t\t\t\t\t\t\ttabindex=\"-1\"\n\t\t\t>\n\n\t\t\t\tMesa \u201cVozes em resist\u00eancia: Ra\u00e7a, G\u00eanero e M\u00eddia\u201d debate racialidade na 20\u00aa Semana de Integra\u00e7\u00e3o e Resist\u00eancia\t\t\t<\/a>\n\t\t<\/h3>\n\t<\/div>\n\t<div class=\"sow-carousel-item\" tabindex=\"-1\" style=\"float: left;\">\n\t\t<div class=\"sow-carousel-thumbnail\">\n\t\t\t\t\t\t\t<a\n\t\t\t\thref=\"https:\/\/www2.uepg.br\/elos\/falta-de-publico-transforma-audiencia-publica-contra-o-feminicidio-em-debate-restrito-na-camara\/\"\n\t\t\t\t\t\t\t\t\t\tstyle=\"background-image: url( https:\/\/www2.uepg.br\/elos\/wp-content\/uploads\/sites\/285\/2026\/06\/Por_-Manuela-Furstenberger-375x375.jpg )\"\n\t\t\t\t\taria-labelledby=\"sow-carousel-id-7291\"\n\t\t\t\t\ttabindex=\"-1\"\n\t\t\t\t>\n\t\t\t\t\t<span class=\"overlay\"><\/span>\n\t\t\t\t<\/a>\n\t\t\t\t\t<\/div>\n\t\t<h3 class=\"sow-carousel-item-title\">\n\t\t\t<a\n\t\t\t\thref=\"https:\/\/www2.uepg.br\/elos\/falta-de-publico-transforma-audiencia-publica-contra-o-feminicidio-em-debate-restrito-na-camara\/\"\n\t\t\t\tid=\"sow-carousel-id-7291\"\n\t\t\t\t\t\t\t\ttabindex=\"-1\"\n\t\t\t>\n\n\t\t\t\tFalta de p\u00fablico transforma Audi\u00eancia P\u00fablica contra o Feminic\u00eddio em debate restrito na C\u00e2mara\t\t\t<\/a>\n\t\t<\/h3>\n\t<\/div>\n\t<div class=\"sow-carousel-item\" tabindex=\"-1\" style=\"float: left;\">\n\t\t<div class=\"sow-carousel-thumbnail\">\n\t\t\t\t\t\t\t<a\n\t\t\t\thref=\"https:\/\/www2.uepg.br\/elos\/prudentopolis-celebra-a-diversidade-cultural-no-6o-encontro-de-tradicoes\/\"\n\t\t\t\t\t\t\t\t\t\tstyle=\"background-image: url( https:\/\/www2.uepg.br\/elos\/wp-content\/uploads\/sites\/285\/2026\/06\/maria-eduarda-almeida-1-375x375.jpg )\"\n\t\t\t\t\taria-labelledby=\"sow-carousel-id-7274\"\n\t\t\t\t\ttabindex=\"-1\"\n\t\t\t\t>\n\t\t\t\t\t<span class=\"overlay\"><\/span>\n\t\t\t\t<\/a>\n\t\t\t\t\t<\/div>\n\t\t<h3 class=\"sow-carousel-item-title\">\n\t\t\t<a\n\t\t\t\thref=\"https:\/\/www2.uepg.br\/elos\/prudentopolis-celebra-a-diversidade-cultural-no-6o-encontro-de-tradicoes\/\"\n\t\t\t\tid=\"sow-carousel-id-7274\"\n\t\t\t\t\t\t\t\ttabindex=\"-1\"\n\t\t\t>\n\n\t\t\t\tPrudent\u00f3polis celebra a diversidade cultural no 6\u00ba Encontro de Tradi\u00e7\u00f5es\t\t\t<\/a>\n\t\t<\/h3>\n\t<\/div>\n\t<div class=\"sow-carousel-item\" tabindex=\"-1\" style=\"float: left;\">\n\t\t<div class=\"sow-carousel-thumbnail\">\n\t\t\t\t\t\t\t<a\n\t\t\t\thref=\"https:\/\/www2.uepg.br\/elos\/eca-digital-como-funciona-a-nova-atualizacao\/\"\n\t\t\t\t\t\t\t\t\t\tstyle=\"background-image: url( https:\/\/www2.uepg.br\/elos\/wp-content\/uploads\/sites\/285\/2026\/06\/Foto_-Ana-Luisa--375x375.jpg )\"\n\t\t\t\t\taria-labelledby=\"sow-carousel-id-7271\"\n\t\t\t\t\ttabindex=\"-1\"\n\t\t\t\t>\n\t\t\t\t\t<span class=\"overlay\"><\/span>\n\t\t\t\t<\/a>\n\t\t\t\t\t<\/div>\n\t\t<h3 class=\"sow-carousel-item-title\">\n\t\t\t<a\n\t\t\t\thref=\"https:\/\/www2.uepg.br\/elos\/eca-digital-como-funciona-a-nova-atualizacao\/\"\n\t\t\t\tid=\"sow-carousel-id-7271\"\n\t\t\t\t\t\t\t\ttabindex=\"-1\"\n\t\t\t>\n\n\t\t\t\tECA Digital: como funciona a nova atualiza\u00e7\u00e3o\t\t\t<\/a>\n\t\t<\/h3>\n\t<\/div>\n\t<div class=\"sow-carousel-item\" tabindex=\"-1\" style=\"float: left;\">\n\t\t<div class=\"sow-carousel-thumbnail\">\n\t\t\t\t\t\t\t<a\n\t\t\t\thref=\"https:\/\/www2.uepg.br\/elos\/projeto-elos-inicia-atividades-no-colegio-polivalente-com-foco-no-resgate-historico-da-instituicao\/\"\n\t\t\t\t\t\t\t\t\t\tstyle=\"background-image: url( https:\/\/www2.uepg.br\/elos\/wp-content\/uploads\/sites\/285\/2026\/05\/Foto-Capa-Kamille-Vidal-1-375x375.jpg )\"\n\t\t\t\t\taria-labelledby=\"sow-carousel-id-7266\"\n\t\t\t\t\ttabindex=\"-1\"\n\t\t\t\t>\n\t\t\t\t\t<span class=\"overlay\"><\/span>\n\t\t\t\t<\/a>\n\t\t\t\t\t<\/div>\n\t\t<h3 class=\"sow-carousel-item-title\">\n\t\t\t<a\n\t\t\t\thref=\"https:\/\/www2.uepg.br\/elos\/projeto-elos-inicia-atividades-no-colegio-polivalente-com-foco-no-resgate-historico-da-instituicao\/\"\n\t\t\t\tid=\"sow-carousel-id-7266\"\n\t\t\t\t\t\t\t\ttabindex=\"-1\"\n\t\t\t>\n\n\t\t\t\tProjeto Elos inicia atividades no Col\u00e9gio Polivalente com foco no resgate hist\u00f3rico da institui\u00e7\u00e3o\t\t\t<\/a>\n\t\t<\/h3>\n\t<\/div>\n\t<div class=\"sow-carousel-item\" tabindex=\"-1\" style=\"float: left;\">\n\t\t<div class=\"sow-carousel-thumbnail\">\n\t\t\t\t\t\t\t<a\n\t\t\t\thref=\"https:\/\/www2.uepg.br\/elos\/ocupacao-ericson-john-duarte-completa-1-600-dias-de-resistencia-com-debate-sobre-moradia-digna-em-ponta-grossa\/\"\n\t\t\t\t\t\t\t\t\t\tstyle=\"background-image: url( https:\/\/www2.uepg.br\/elos\/wp-content\/uploads\/sites\/285\/2026\/05\/Capa-2-375x375.jpg )\"\n\t\t\t\t\taria-labelledby=\"sow-carousel-id-7259\"\n\t\t\t\t\ttabindex=\"-1\"\n\t\t\t\t>\n\t\t\t\t\t<span class=\"overlay\"><\/span>\n\t\t\t\t<\/a>\n\t\t\t\t\t<\/div>\n\t\t<h3 class=\"sow-carousel-item-title\">\n\t\t\t<a\n\t\t\t\thref=\"https:\/\/www2.uepg.br\/elos\/ocupacao-ericson-john-duarte-completa-1-600-dias-de-resistencia-com-debate-sobre-moradia-digna-em-ponta-grossa\/\"\n\t\t\t\tid=\"sow-carousel-id-7259\"\n\t\t\t\t\t\t\t\ttabindex=\"-1\"\n\t\t\t>\n\n\t\t\t\tOcupa\u00e7\u00e3o Ericson John Duarte completa 1.600 dias de resist\u00eancia com debate sobre moradia digna em Ponta Grossa\t\t\t<\/a>\n\t\t<\/h3>\n\t<\/div>\n\t<div class=\"sow-carousel-item\" tabindex=\"-1\" style=\"float: left;\">\n\t\t<div class=\"sow-carousel-thumbnail\">\n\t\t\t\t\t\t\t<a\n\t\t\t\thref=\"https:\/\/www2.uepg.br\/elos\/imigrantes-compartilham-trajetorias-de-acolhimento-e-reconstrucao-em-ponta-grossa\/\"\n\t\t\t\t\t\t\t\t\t\tstyle=\"background-image: url( https:\/\/www2.uepg.br\/elos\/wp-content\/uploads\/sites\/285\/2026\/05\/Screenshot_20260524_201646_Drive-375x375.jpg )\"\n\t\t\t\t\taria-labelledby=\"sow-carousel-id-7256\"\n\t\t\t\t\ttabindex=\"-1\"\n\t\t\t\t>\n\t\t\t\t\t<span class=\"overlay\"><\/span>\n\t\t\t\t<\/a>\n\t\t\t\t\t<\/div>\n\t\t<h3 class=\"sow-carousel-item-title\">\n\t\t\t<a\n\t\t\t\thref=\"https:\/\/www2.uepg.br\/elos\/imigrantes-compartilham-trajetorias-de-acolhimento-e-reconstrucao-em-ponta-grossa\/\"\n\t\t\t\tid=\"sow-carousel-id-7256\"\n\t\t\t\t\t\t\t\ttabindex=\"-1\"\n\t\t\t>\n\n\t\t\t\tImigrantes compartilham trajet\u00f3rias de acolhimento e reconstru\u00e7\u00e3o em Ponta Grossa\t\t\t<\/a>\n\t\t<\/h3>\n\t<\/div>\n\t<div class=\"sow-carousel-item\" tabindex=\"-1\" style=\"float: left;\">\n\t\t<div class=\"sow-carousel-thumbnail\">\n\t\t\t\t\t\t\t<a\n\t\t\t\thref=\"https:\/\/www2.uepg.br\/elos\/preservacao-da-memoria-e-direitos-ciganos-marcam-debate-na-camara-municipal\/\"\n\t\t\t\t\t\t\t\t\t\tstyle=\"background-image: url( https:\/\/www2.uepg.br\/elos\/wp-content\/uploads\/sites\/285\/2026\/05\/por_-Lincoln-Morais-CAPA-375x375.jpg )\"\n\t\t\t\t\taria-labelledby=\"sow-carousel-id-7249\"\n\t\t\t\t\ttabindex=\"-1\"\n\t\t\t\t>\n\t\t\t\t\t<span class=\"overlay\"><\/span>\n\t\t\t\t<\/a>\n\t\t\t\t\t<\/div>\n\t\t<h3 class=\"sow-carousel-item-title\">\n\t\t\t<a\n\t\t\t\thref=\"https:\/\/www2.uepg.br\/elos\/preservacao-da-memoria-e-direitos-ciganos-marcam-debate-na-camara-municipal\/\"\n\t\t\t\tid=\"sow-carousel-id-7249\"\n\t\t\t\t\t\t\t\ttabindex=\"-1\"\n\t\t\t>\n\n\t\t\t\tPreserva\u00e7\u00e3o da mem\u00f3ria e direitos ciganos marcam debate na C\u00e2mara Municipal\t\t\t<\/a>\n\t\t<\/h3>\n\t<\/div>\n\t<div class=\"sow-carousel-item\" tabindex=\"-1\" style=\"float: left;\">\n\t\t<div class=\"sow-carousel-thumbnail\">\n\t\t\t\t\t\t\t<a\n\t\t\t\thref=\"https:\/\/www2.uepg.br\/elos\/passeata-leva-servidores-municipais-as-ruas-em-ponta-grossa-apos-repressao-a-greve-por-parte-da-prefeitura\/\"\n\t\t\t\t\t\t\t\t\t\tstyle=\"background-image: url( https:\/\/www2.uepg.br\/elos\/wp-content\/uploads\/sites\/285\/2026\/05\/Foto-capa-1-375x375.jpg )\"\n\t\t\t\t\taria-labelledby=\"sow-carousel-id-7246\"\n\t\t\t\t\ttabindex=\"-1\"\n\t\t\t\t>\n\t\t\t\t\t<span class=\"overlay\"><\/span>\n\t\t\t\t<\/a>\n\t\t\t\t\t<\/div>\n\t\t<h3 class=\"sow-carousel-item-title\">\n\t\t\t<a\n\t\t\t\thref=\"https:\/\/www2.uepg.br\/elos\/passeata-leva-servidores-municipais-as-ruas-em-ponta-grossa-apos-repressao-a-greve-por-parte-da-prefeitura\/\"\n\t\t\t\tid=\"sow-carousel-id-7246\"\n\t\t\t\t\t\t\t\ttabindex=\"-1\"\n\t\t\t>\n\n\t\t\t\tPasseata leva servidores municipais \u00e0s ruas em Ponta Grossa ap\u00f3s repress\u00e3o \u00e0 greve por parte da Prefeitura\t\t\t<\/a>\n\t\t<\/h3>\n\t<\/div>\n\t<div class=\"sow-carousel-item\" tabindex=\"-1\" style=\"float: left;\">\n\t\t<div class=\"sow-carousel-thumbnail\">\n\t\t\t\t\t\t\t<a\n\t\t\t\thref=\"https:\/\/www2.uepg.br\/elos\/17-de-maio-a-data-que-significa-resistir-para-existir-comunidade-lgbtqiapn-permanece-em-disputa-pelos-seus-direitos\/\"\n\t\t\t\t\t\t\t\t\t\tstyle=\"background-image: url( https:\/\/www2.uepg.br\/elos\/wp-content\/uploads\/sites\/285\/2026\/05\/Foto-de-Bruna-Sluzala-375x375.jpg )\"\n\t\t\t\t\taria-labelledby=\"sow-carousel-id-7212\"\n\t\t\t\t\ttabindex=\"-1\"\n\t\t\t\t>\n\t\t\t\t\t<span class=\"overlay\"><\/span>\n\t\t\t\t<\/a>\n\t\t\t\t\t<\/div>\n\t\t<h3 class=\"sow-carousel-item-title\">\n\t\t\t<a\n\t\t\t\thref=\"https:\/\/www2.uepg.br\/elos\/17-de-maio-a-data-que-significa-resistir-para-existir-comunidade-lgbtqiapn-permanece-em-disputa-pelos-seus-direitos\/\"\n\t\t\t\tid=\"sow-carousel-id-7212\"\n\t\t\t\t\t\t\t\ttabindex=\"-1\"\n\t\t\t>\n\n\t\t\t\t17 de maio: a data que significa Resistir para Existir Comunidade LGBTQIAPN+ permanece em disputa pelos seus direitos\t\t\t<\/a>\n\t\t<\/h3>\n\t<\/div>\n\t<div class=\"sow-carousel-item\" tabindex=\"-1\" style=\"float: left;\">\n\t\t<div class=\"sow-carousel-thumbnail\">\n\t\t\t\t\t\t\t<a\n\t\t\t\thref=\"https:\/\/www2.uepg.br\/elos\/pretos-velhos-resistem-13-de-maio-marca-a-luta-viva-e-ancestral-das-religioes-de-matriz-africana\/\"\n\t\t\t\t\t\t\t\t\t\tstyle=\"background-image: url( https:\/\/www2.uepg.br\/elos\/wp-content\/uploads\/sites\/285\/2026\/05\/capa-1-375x375.jpg )\"\n\t\t\t\t\taria-labelledby=\"sow-carousel-id-7207\"\n\t\t\t\t\ttabindex=\"-1\"\n\t\t\t\t>\n\t\t\t\t\t<span class=\"overlay\"><\/span>\n\t\t\t\t<\/a>\n\t\t\t\t\t<\/div>\n\t\t<h3 class=\"sow-carousel-item-title\">\n\t\t\t<a\n\t\t\t\thref=\"https:\/\/www2.uepg.br\/elos\/pretos-velhos-resistem-13-de-maio-marca-a-luta-viva-e-ancestral-das-religioes-de-matriz-africana\/\"\n\t\t\t\tid=\"sow-carousel-id-7207\"\n\t\t\t\t\t\t\t\ttabindex=\"-1\"\n\t\t\t>\n\n\t\t\t\tPretos Velhos resistem: 13 de maio marca a luta viva e ancestral das religi\u00f5es de matriz africana\t\t\t<\/a>\n\t\t<\/h3>\n\t<\/div>\n\t<div class=\"sow-carousel-item\" tabindex=\"-1\" style=\"float: left;\">\n\t\t<div class=\"sow-carousel-thumbnail\">\n\t\t\t\t\t\t\t<a\n\t\t\t\thref=\"https:\/\/www2.uepg.br\/elos\/as-cotas-abrem-portas-audiencia-publica-pela-lei-de-cotas-e-realizada-em-ponta-grossa\/\"\n\t\t\t\t\t\t\t\t\t\tstyle=\"background-image: url( https:\/\/www2.uepg.br\/elos\/wp-content\/uploads\/sites\/285\/2026\/05\/capa-375x375.jpg )\"\n\t\t\t\t\taria-labelledby=\"sow-carousel-id-7196\"\n\t\t\t\t\ttabindex=\"-1\"\n\t\t\t\t>\n\t\t\t\t\t<span class=\"overlay\"><\/span>\n\t\t\t\t<\/a>\n\t\t\t\t\t<\/div>\n\t\t<h3 class=\"sow-carousel-item-title\">\n\t\t\t<a\n\t\t\t\thref=\"https:\/\/www2.uepg.br\/elos\/as-cotas-abrem-portas-audiencia-publica-pela-lei-de-cotas-e-realizada-em-ponta-grossa\/\"\n\t\t\t\tid=\"sow-carousel-id-7196\"\n\t\t\t\t\t\t\t\ttabindex=\"-1\"\n\t\t\t>\n\n\t\t\t\t\u201cAs cotas abrem portas!\u201d: Audi\u00eancia P\u00fablica pela Lei de Cotas \u00e9 realizada em Ponta Grossa\t\t\t<\/a>\n\t\t<\/h3>\n\t<\/div>\n\t<div class=\"sow-carousel-item\" tabindex=\"-1\" style=\"float: left;\">\n\t\t<div class=\"sow-carousel-thumbnail\">\n\t\t\t\t\t\t\t<a\n\t\t\t\thref=\"https:\/\/www2.uepg.br\/elos\/falta-de-politicas-publicas-para-mulheres-expoe-fragilidades-em-ponta-grossa\/\"\n\t\t\t\t\t\t\t\t\t\tstyle=\"background-image: url( https:\/\/www2.uepg.br\/elos\/wp-content\/uploads\/sites\/285\/2026\/05\/foto-para-a-materia-sobre-protagonismo-feminino-375x375.jpg )\"\n\t\t\t\t\taria-labelledby=\"sow-carousel-id-7188\"\n\t\t\t\t\ttabindex=\"-1\"\n\t\t\t\t>\n\t\t\t\t\t<span class=\"overlay\"><\/span>\n\t\t\t\t<\/a>\n\t\t\t\t\t<\/div>\n\t\t<h3 class=\"sow-carousel-item-title\">\n\t\t\t<a\n\t\t\t\thref=\"https:\/\/www2.uepg.br\/elos\/falta-de-politicas-publicas-para-mulheres-expoe-fragilidades-em-ponta-grossa\/\"\n\t\t\t\tid=\"sow-carousel-id-7188\"\n\t\t\t\t\t\t\t\ttabindex=\"-1\"\n\t\t\t>\n\n\t\t\t\tFalta de pol\u00edticas p\u00fablicas para mulheres exp\u00f5e fragilidades em Ponta Grossa\t\t\t<\/a>\n\t\t<\/h3>\n\t<\/div>\n\t<div class=\"sow-carousel-item\" tabindex=\"-1\" style=\"float: left;\">\n\t\t<div class=\"sow-carousel-thumbnail\">\n\t\t\t\t\t\t\t<a\n\t\t\t\thref=\"https:\/\/www2.uepg.br\/elos\/servidores-de-ponta-grossa-rejeitam-contraproposta-e-confirmam-greve-geral-para-4-de-maio\/\"\n\t\t\t\t\t\t\t\t\t\tstyle=\"background-image: url( https:\/\/www2.uepg.br\/elos\/wp-content\/uploads\/sites\/285\/2026\/04\/CAPA-375x375.jpg )\"\n\t\t\t\t\taria-labelledby=\"sow-carousel-id-7142\"\n\t\t\t\t\ttabindex=\"-1\"\n\t\t\t\t>\n\t\t\t\t\t<span class=\"overlay\"><\/span>\n\t\t\t\t<\/a>\n\t\t\t\t\t<\/div>\n\t\t<h3 class=\"sow-carousel-item-title\">\n\t\t\t<a\n\t\t\t\thref=\"https:\/\/www2.uepg.br\/elos\/servidores-de-ponta-grossa-rejeitam-contraproposta-e-confirmam-greve-geral-para-4-de-maio\/\"\n\t\t\t\tid=\"sow-carousel-id-7142\"\n\t\t\t\t\t\t\t\ttabindex=\"-1\"\n\t\t\t>\n\n\t\t\t\tServidores de Ponta Grossa rejeitam contraproposta e confirmam greve geral para 4 de maio\t\t\t<\/a>\n\t\t<\/h3>\n\t<\/div>\n\t<div class=\"sow-carousel-item\" tabindex=\"-1\" style=\"float: left;\">\n\t\t<div class=\"sow-carousel-thumbnail\">\n\t\t\t\t\t\t\t<a\n\t\t\t\thref=\"https:\/\/www2.uepg.br\/elos\/documentario-debate-imprensa-alternativa-na-ditadura\/\"\n\t\t\t\t\t\t\t\t\t\tstyle=\"background-image: url( https:\/\/www2.uepg.br\/elos\/wp-content\/uploads\/sites\/285\/2026\/04\/primeira-foto-375x375.jpg )\"\n\t\t\t\t\taria-labelledby=\"sow-carousel-id-7094\"\n\t\t\t\t\ttabindex=\"-1\"\n\t\t\t\t>\n\t\t\t\t\t<span class=\"overlay\"><\/span>\n\t\t\t\t<\/a>\n\t\t\t\t\t<\/div>\n\t\t<h3 class=\"sow-carousel-item-title\">\n\t\t\t<a\n\t\t\t\thref=\"https:\/\/www2.uepg.br\/elos\/documentario-debate-imprensa-alternativa-na-ditadura\/\"\n\t\t\t\tid=\"sow-carousel-id-7094\"\n\t\t\t\t\t\t\t\ttabindex=\"-1\"\n\t\t\t>\n\n\t\t\t\tDocument\u00e1rio debate imprensa alternativa na ditadura\t\t\t<\/a>\n\t\t<\/h3>\n\t<\/div>\n\t<div class=\"sow-carousel-item\" tabindex=\"-1\" style=\"float: left;\">\n\t\t<div class=\"sow-carousel-thumbnail\">\n\t\t\t\t\t\t\t<a\n\t\t\t\thref=\"https:\/\/www2.uepg.br\/elos\/reforma-de-escola-destruida-por-chuvas-em-ponta-grossa-atrasa-e-gera-indignacao-de-pais\/\"\n\t\t\t\t\t\t\t\t\t\tstyle=\"background-image: url( https:\/\/www2.uepg.br\/elos\/wp-content\/uploads\/sites\/285\/2026\/04\/IMG-1-375x375.jpg )\"\n\t\t\t\t\taria-labelledby=\"sow-carousel-id-7083\"\n\t\t\t\t\ttabindex=\"-1\"\n\t\t\t\t>\n\t\t\t\t\t<span class=\"overlay\"><\/span>\n\t\t\t\t<\/a>\n\t\t\t\t\t<\/div>\n\t\t<h3 class=\"sow-carousel-item-title\">\n\t\t\t<a\n\t\t\t\thref=\"https:\/\/www2.uepg.br\/elos\/reforma-de-escola-destruida-por-chuvas-em-ponta-grossa-atrasa-e-gera-indignacao-de-pais\/\"\n\t\t\t\tid=\"sow-carousel-id-7083\"\n\t\t\t\t\t\t\t\ttabindex=\"-1\"\n\t\t\t>\n\n\t\t\t\tReforma de escola destru\u00edda por chuvas em Ponta Grossa atrasa e gera indigna\u00e7\u00e3o de pais\t\t\t<\/a>\n\t\t<\/h3>\n\t<\/div>\n\t<div class=\"sow-carousel-item\" tabindex=\"-1\" style=\"float: left;\">\n\t\t<div class=\"sow-carousel-thumbnail\">\n\t\t\t\t\t\t\t<a\n\t\t\t\thref=\"https:\/\/www2.uepg.br\/elos\/a-desconstrucao-do-preconceito-contra-pessoas-com-doencas-cronicas\/\"\n\t\t\t\t\t\t\t\t\t\tstyle=\"background-image: url( https:\/\/www2.uepg.br\/elos\/wp-content\/uploads\/sites\/285\/2026\/04\/Foto-CAPS-375x375.png )\"\n\t\t\t\t\taria-labelledby=\"sow-carousel-id-7079\"\n\t\t\t\t\ttabindex=\"-1\"\n\t\t\t\t>\n\t\t\t\t\t<span class=\"overlay\"><\/span>\n\t\t\t\t<\/a>\n\t\t\t\t\t<\/div>\n\t\t<h3 class=\"sow-carousel-item-title\">\n\t\t\t<a\n\t\t\t\thref=\"https:\/\/www2.uepg.br\/elos\/a-desconstrucao-do-preconceito-contra-pessoas-com-doencas-cronicas\/\"\n\t\t\t\tid=\"sow-carousel-id-7079\"\n\t\t\t\t\t\t\t\ttabindex=\"-1\"\n\t\t\t>\n\n\t\t\t\tA desconstru\u00e7\u00e3o do preconceito contra pessoas com doen\u00e7as cr\u00f4nicas\t\t\t<\/a>\n\t\t<\/h3>\n\t<\/div>\n\t<div class=\"sow-carousel-item\" tabindex=\"-1\" style=\"float: left;\">\n\t\t<div class=\"sow-carousel-thumbnail\">\n\t\t\t\t\t\t\t<a\n\t\t\t\thref=\"https:\/\/www2.uepg.br\/elos\/ataques-a-imprensa-seguem-como-desafio-no-dia-do-jornalista\/\"\n\t\t\t\t\t\t\t\t\t\tstyle=\"background-image: url( https:\/\/www2.uepg.br\/elos\/wp-content\/uploads\/sites\/285\/2026\/04\/TABELA-375x375.png )\"\n\t\t\t\t\taria-labelledby=\"sow-carousel-id-7064\"\n\t\t\t\t\ttabindex=\"-1\"\n\t\t\t\t>\n\t\t\t\t\t<span class=\"overlay\"><\/span>\n\t\t\t\t<\/a>\n\t\t\t\t\t<\/div>\n\t\t<h3 class=\"sow-carousel-item-title\">\n\t\t\t<a\n\t\t\t\thref=\"https:\/\/www2.uepg.br\/elos\/ataques-a-imprensa-seguem-como-desafio-no-dia-do-jornalista\/\"\n\t\t\t\tid=\"sow-carousel-id-7064\"\n\t\t\t\t\t\t\t\ttabindex=\"-1\"\n\t\t\t>\n\n\t\t\t\tAtaques \u00e0 imprensa seguem como desafio no Dia do Jornalista\t\t\t<\/a>\n\t\t<\/h3>\n\t<\/div>\n\t<div class=\"sow-carousel-item\" tabindex=\"-1\" style=\"float: left;\">\n\t\t<div class=\"sow-carousel-thumbnail\">\n\t\t\t\t\t\t\t<a\n\t\t\t\thref=\"https:\/\/www2.uepg.br\/elos\/dia-nacional-de-combate-ao-bullying-e-a-violencia-escolar-completa-10-anos\/\"\n\t\t\t\t\t\t\t\t\t\tstyle=\"background-image: url( https:\/\/www2.uepg.br\/elos\/wp-content\/uploads\/sites\/285\/2026\/04\/Combate-ao-Bullying-375x375.png )\"\n\t\t\t\t\taria-labelledby=\"sow-carousel-id-7055\"\n\t\t\t\t\ttabindex=\"-1\"\n\t\t\t\t>\n\t\t\t\t\t<span class=\"overlay\"><\/span>\n\t\t\t\t<\/a>\n\t\t\t\t\t<\/div>\n\t\t<h3 class=\"sow-carousel-item-title\">\n\t\t\t<a\n\t\t\t\thref=\"https:\/\/www2.uepg.br\/elos\/dia-nacional-de-combate-ao-bullying-e-a-violencia-escolar-completa-10-anos\/\"\n\t\t\t\tid=\"sow-carousel-id-7055\"\n\t\t\t\t\t\t\t\ttabindex=\"-1\"\n\t\t\t>\n\n\t\t\t\tDia Nacional de Combate ao Bullying e \u00e0 Viol\u00eancia Escolar completa 10 anos\t\t\t<\/a>\n\t\t<\/h3>\n\t<\/div>\n\t<div class=\"sow-carousel-item\" tabindex=\"-1\" style=\"float: left;\">\n\t\t<div class=\"sow-carousel-thumbnail\">\n\t\t\t\t\t\t\t<a\n\t\t\t\thref=\"https:\/\/www2.uepg.br\/elos\/sabatina-marca-disputa-a-reitoria-da-uepg\/\"\n\t\t\t\t\t\t\t\t\t\tstyle=\"background-image: url( https:\/\/www2.uepg.br\/elos\/wp-content\/uploads\/sites\/285\/2026\/04\/Credito_-Lorena-Santana--375x375.jpg )\"\n\t\t\t\t\taria-labelledby=\"sow-carousel-id-7045\"\n\t\t\t\t\ttabindex=\"-1\"\n\t\t\t\t>\n\t\t\t\t\t<span class=\"overlay\"><\/span>\n\t\t\t\t<\/a>\n\t\t\t\t\t<\/div>\n\t\t<h3 class=\"sow-carousel-item-title\">\n\t\t\t<a\n\t\t\t\thref=\"https:\/\/www2.uepg.br\/elos\/sabatina-marca-disputa-a-reitoria-da-uepg\/\"\n\t\t\t\tid=\"sow-carousel-id-7045\"\n\t\t\t\t\t\t\t\ttabindex=\"-1\"\n\t\t\t>\n\n\t\t\t\tSabatina marca disputa \u00e0 Reitoria da UEPG\t\t\t<\/a>\n\t\t<\/h3>\n\t<\/div>\n\t<div class=\"sow-carousel-item\" tabindex=\"-1\" style=\"float: left;\">\n\t\t<div class=\"sow-carousel-thumbnail\">\n\t\t\t\t\t\t\t<a\n\t\t\t\thref=\"https:\/\/www2.uepg.br\/elos\/caminhada-reune-a-comunidade-pontagrossense-para-celebrar-o-dia-mundial-da-conscientizacao-do-autismo\/\"\n\t\t\t\t\t\t\t\t\t\tstyle=\"background-image: url( https:\/\/www2.uepg.br\/elos\/wp-content\/uploads\/sites\/285\/2026\/04\/foto-capa-375x375.jpg )\"\n\t\t\t\t\taria-labelledby=\"sow-carousel-id-7038\"\n\t\t\t\t\ttabindex=\"-1\"\n\t\t\t\t>\n\t\t\t\t\t<span class=\"overlay\"><\/span>\n\t\t\t\t<\/a>\n\t\t\t\t\t<\/div>\n\t\t<h3 class=\"sow-carousel-item-title\">\n\t\t\t<a\n\t\t\t\thref=\"https:\/\/www2.uepg.br\/elos\/caminhada-reune-a-comunidade-pontagrossense-para-celebrar-o-dia-mundial-da-conscientizacao-do-autismo\/\"\n\t\t\t\tid=\"sow-carousel-id-7038\"\n\t\t\t\t\t\t\t\ttabindex=\"-1\"\n\t\t\t>\n\n\t\t\t\tCaminhada re\u00fane a comunidade pontagrossense para celebrar o Dia Mundial da Conscientiza\u00e7\u00e3o do Autismo\t\t\t<\/a>\n\t\t<\/h3>\n\t<\/div>\n\t<div class=\"sow-carousel-item\" tabindex=\"-1\" style=\"float: left;\">\n\t\t<div class=\"sow-carousel-thumbnail\">\n\t\t\t\t\t\t\t<a\n\t\t\t\thref=\"https:\/\/www2.uepg.br\/elos\/audiencia-publica-em-ponta-grossa-debate-prevencao-ao-feminicidio\/\"\n\t\t\t\t\t\t\t\t\t\tstyle=\"background-image: url( https:\/\/www2.uepg.br\/elos\/wp-content\/uploads\/sites\/285\/2026\/04\/WhatsApp-Image-2026-04-01-at-18.40.56-375x375.jpeg )\"\n\t\t\t\t\taria-labelledby=\"sow-carousel-id-7033\"\n\t\t\t\t\ttabindex=\"-1\"\n\t\t\t\t>\n\t\t\t\t\t<span class=\"overlay\"><\/span>\n\t\t\t\t<\/a>\n\t\t\t\t\t<\/div>\n\t\t<h3 class=\"sow-carousel-item-title\">\n\t\t\t<a\n\t\t\t\thref=\"https:\/\/www2.uepg.br\/elos\/audiencia-publica-em-ponta-grossa-debate-prevencao-ao-feminicidio\/\"\n\t\t\t\tid=\"sow-carousel-id-7033\"\n\t\t\t\t\t\t\t\ttabindex=\"-1\"\n\t\t\t>\n\n\t\t\t\tAudi\u00eancia P\u00fablica em Ponta Grossa debate preven\u00e7\u00e3o ao feminic\u00eddio\t\t\t<\/a>\n\t\t<\/h3>\n\t<\/div>\n\t<div class=\"sow-carousel-item\" tabindex=\"-1\" style=\"float: left;\">\n\t\t<div class=\"sow-carousel-thumbnail\">\n\t\t\t\t\t\t\t<a\n\t\t\t\thref=\"https:\/\/www2.uepg.br\/elos\/iniciativa-cultural-promove-visibilidade-a-historia-negra-de-ponta-grossa\/\"\n\t\t\t\t\t\t\t\t\t\tstyle=\"background-image: url( https:\/\/www2.uepg.br\/elos\/wp-content\/uploads\/sites\/285\/2026\/03\/c7acd839-0dc4-493b-a37e-5f94a3acaa26-375x375.jpg )\"\n\t\t\t\t\taria-labelledby=\"sow-carousel-id-7026\"\n\t\t\t\t\ttabindex=\"-1\"\n\t\t\t\t>\n\t\t\t\t\t<span class=\"overlay\"><\/span>\n\t\t\t\t<\/a>\n\t\t\t\t\t<\/div>\n\t\t<h3 class=\"sow-carousel-item-title\">\n\t\t\t<a\n\t\t\t\thref=\"https:\/\/www2.uepg.br\/elos\/iniciativa-cultural-promove-visibilidade-a-historia-negra-de-ponta-grossa\/\"\n\t\t\t\tid=\"sow-carousel-id-7026\"\n\t\t\t\t\t\t\t\ttabindex=\"-1\"\n\t\t\t>\n\n\t\t\t\tIniciativa cultural promove visibilidade \u00e0 hist\u00f3ria negra de Ponta Grossa\t\t\t<\/a>\n\t\t<\/h3>\n\t<\/div>\n\t<div class=\"sow-carousel-item\" tabindex=\"-1\" style=\"float: left;\">\n\t\t<div class=\"sow-carousel-thumbnail\">\n\t\t\t\t\t\t\t<a\n\t\t\t\thref=\"https:\/\/www2.uepg.br\/elos\/benzimento-na-rua-reafirma-tradicao-e-ancestralidade-em-ponta-grossa\/\"\n\t\t\t\t\t\t\t\t\t\tstyle=\"background-image: url( https:\/\/www2.uepg.br\/elos\/wp-content\/uploads\/sites\/285\/2026\/03\/f2932e30-f42c-48c4-9658-88d91718c1a8-375x375.jpg )\"\n\t\t\t\t\taria-labelledby=\"sow-carousel-id-7013\"\n\t\t\t\t\ttabindex=\"-1\"\n\t\t\t\t>\n\t\t\t\t\t<span class=\"overlay\"><\/span>\n\t\t\t\t<\/a>\n\t\t\t\t\t<\/div>\n\t\t<h3 class=\"sow-carousel-item-title\">\n\t\t\t<a\n\t\t\t\thref=\"https:\/\/www2.uepg.br\/elos\/benzimento-na-rua-reafirma-tradicao-e-ancestralidade-em-ponta-grossa\/\"\n\t\t\t\tid=\"sow-carousel-id-7013\"\n\t\t\t\t\t\t\t\ttabindex=\"-1\"\n\t\t\t>\n\n\t\t\t\tBenzimento na rua reafirma tradi\u00e7\u00e3o e ancestralidade em Ponta Grossa\t\t\t<\/a>\n\t\t<\/h3>\n\t<\/div>\n\t<div class=\"sow-carousel-item\" tabindex=\"-1\" style=\"float: left;\">\n\t\t<div class=\"sow-carousel-thumbnail\">\n\t\t\t\t\t\t\t<a\n\t\t\t\thref=\"https:\/\/www2.uepg.br\/elos\/mulheres-na-fotografia-relato-e-geracoes\/\"\n\t\t\t\t\t\t\t\t\t\tstyle=\"background-image: url( https:\/\/www2.uepg.br\/elos\/wp-content\/uploads\/sites\/285\/2025\/05\/Mulheres-na-fotografia-1-375x375.png )\"\n\t\t\t\t\taria-labelledby=\"sow-carousel-id-6610\"\n\t\t\t\t\ttabindex=\"-1\"\n\t\t\t\t>\n\t\t\t\t\t<span class=\"overlay\"><\/span>\n\t\t\t\t<\/a>\n\t\t\t\t\t<\/div>\n\t\t<h3 class=\"sow-carousel-item-title\">\n\t\t\t<a\n\t\t\t\thref=\"https:\/\/www2.uepg.br\/elos\/mulheres-na-fotografia-relato-e-geracoes\/\"\n\t\t\t\tid=\"sow-carousel-id-6610\"\n\t\t\t\t\t\t\t\ttabindex=\"-1\"\n\t\t\t>\n\n\t\t\t\tMulheres na fotografia; relato e gera\u00e7\u00f5es\t\t\t<\/a>\n\t\t<\/h3>\n\t<\/div>\n\t<div class=\"sow-carousel-item\" tabindex=\"-1\" style=\"float: left;\">\n\t\t<div class=\"sow-carousel-thumbnail\">\n\t\t\t\t\t\t\t<a\n\t\t\t\thref=\"https:\/\/www2.uepg.br\/elos\/piquenique-reune-familias-em-comemoracao-ao-dia-nacional-da-adocao\/\"\n\t\t\t\t\t\t\t\t\t\tstyle=\"background-image: url( https:\/\/www2.uepg.br\/elos\/wp-content\/uploads\/sites\/285\/2025\/05\/DSC_0325-1-scaled-1-375x375.png )\"\n\t\t\t\t\taria-labelledby=\"sow-carousel-id-6575\"\n\t\t\t\t\ttabindex=\"-1\"\n\t\t\t\t>\n\t\t\t\t\t<span class=\"overlay\"><\/span>\n\t\t\t\t<\/a>\n\t\t\t\t\t<\/div>\n\t\t<h3 class=\"sow-carousel-item-title\">\n\t\t\t<a\n\t\t\t\thref=\"https:\/\/www2.uepg.br\/elos\/piquenique-reune-familias-em-comemoracao-ao-dia-nacional-da-adocao\/\"\n\t\t\t\tid=\"sow-carousel-id-6575\"\n\t\t\t\t\t\t\t\ttabindex=\"-1\"\n\t\t\t>\n\n\t\t\t\tPiquenique re\u00fane fam\u00edlias em comemora\u00e7\u00e3o ao Dia Nacional da Ado\u00e7\u00e3o\t\t\t<\/a>\n\t\t<\/h3>\n\t<\/div>\n\t<div class=\"sow-carousel-item\" tabindex=\"-1\" style=\"float: left;\">\n\t\t<div class=\"sow-carousel-thumbnail\">\n\t\t\t\t\t\t\t<a\n\t\t\t\thref=\"https:\/\/www2.uepg.br\/elos\/painel-sobre-violencias-veladas-marca-inicio-da-19-semana-de-integracao-e-resistencia\/\"\n\t\t\t\t\t\t\t\t\t\tstyle=\"background-image: url( https:\/\/www2.uepg.br\/elos\/wp-content\/uploads\/sites\/285\/2025\/05\/Pietra-Gasparini-scaled-1-375x375.png )\"\n\t\t\t\t\taria-labelledby=\"sow-carousel-id-6572\"\n\t\t\t\t\ttabindex=\"-1\"\n\t\t\t\t>\n\t\t\t\t\t<span class=\"overlay\"><\/span>\n\t\t\t\t<\/a>\n\t\t\t\t\t<\/div>\n\t\t<h3 class=\"sow-carousel-item-title\">\n\t\t\t<a\n\t\t\t\thref=\"https:\/\/www2.uepg.br\/elos\/painel-sobre-violencias-veladas-marca-inicio-da-19-semana-de-integracao-e-resistencia\/\"\n\t\t\t\tid=\"sow-carousel-id-6572\"\n\t\t\t\t\t\t\t\ttabindex=\"-1\"\n\t\t\t>\n\n\t\t\t\tPainel sobre viol\u00eancias veladas marca in\u00edcio da 19\u00b0 Semana de Integra\u00e7\u00e3o e Resist\u00eancia\t\t\t<\/a>\n\t\t<\/h3>\n\t<\/div>\n\t<div class=\"sow-carousel-item\" tabindex=\"-1\" style=\"float: left;\">\n\t\t<div class=\"sow-carousel-thumbnail\">\n\t\t\t\t\t\t\t<a\n\t\t\t\thref=\"https:\/\/www2.uepg.br\/elos\/encerramento-da-10a-semana-de-enfrentamento-as-violencias-contra-criancas-e-adolescentes-abordou-parentalidade-positiva\/\"\n\t\t\t\t\t\t\t\t\t\tstyle=\"background-image: url(  )\"\n\t\t\t\t\taria-labelledby=\"sow-carousel-id-6566\"\n\t\t\t\t\ttabindex=\"-1\"\n\t\t\t\t>\n\t\t\t\t\t<span class=\"overlay\"><\/span>\n\t\t\t\t<\/a>\n\t\t\t\t\t<\/div>\n\t\t<h3 class=\"sow-carousel-item-title\">\n\t\t\t<a\n\t\t\t\thref=\"https:\/\/www2.uepg.br\/elos\/encerramento-da-10a-semana-de-enfrentamento-as-violencias-contra-criancas-e-adolescentes-abordou-parentalidade-positiva\/\"\n\t\t\t\tid=\"sow-carousel-id-6566\"\n\t\t\t\t\t\t\t\ttabindex=\"-1\"\n\t\t\t>\n\n\t\t\t\tEncerramento da 10\u00aa Semana de Enfrentamento \u00e0s Viol\u00eancias Contra Crian\u00e7as e Adolescentes abordou parentalidade positiva\t\t\t<\/a>\n\t\t<\/h3>\n\t<\/div>\n\t<div class=\"sow-carousel-item\" tabindex=\"-1\" style=\"float: left;\">\n\t\t<div class=\"sow-carousel-thumbnail\">\n\t\t\t\t\t\t\t<a\n\t\t\t\thref=\"https:\/\/www2.uepg.br\/elos\/parana-e-o-estado-com-maior-numero-de-doacoes-de-orgaos-do-brasil\/\"\n\t\t\t\t\t\t\t\t\t\tstyle=\"background-image: url(  )\"\n\t\t\t\t\taria-labelledby=\"sow-carousel-id-6008\"\n\t\t\t\t\ttabindex=\"-1\"\n\t\t\t\t>\n\t\t\t\t\t<span class=\"overlay\"><\/span>\n\t\t\t\t<\/a>\n\t\t\t\t\t<\/div>\n\t\t<h3 class=\"sow-carousel-item-title\">\n\t\t\t<a\n\t\t\t\thref=\"https:\/\/www2.uepg.br\/elos\/parana-e-o-estado-com-maior-numero-de-doacoes-de-orgaos-do-brasil\/\"\n\t\t\t\tid=\"sow-carousel-id-6008\"\n\t\t\t\t\t\t\t\ttabindex=\"-1\"\n\t\t\t>\n\n\t\t\t\tParan\u00e1 \u00e9 o estado com maior n\u00famero de doa\u00e7\u00f5es de \u00f3rg\u00e3os do Brasil\u00a0\t\t\t<\/a>\n\t\t<\/h3>\n\t<\/div>\n\t\t<\/div>\n\t\t\t<\/div>\n\n\t<\/div>\n\t\t<input type=\"hidden\" name=\"instance_hash\" value=\"817128ed\"\/>\n\t<\/div>\n<\/div><\/div><\/div><\/div><\/div><div id=\"pg-6-1\"  class=\"panel-grid panel-has-style\" ><div class=\"siteorigin-panels-stretch panel-row-style panel-row-style-for-6-1\" data-stretch-type=\"full\" ><div id=\"pgc-6-1-0\"  class=\"panel-grid-cell\" ><div id=\"panel-6-1-0-0\" class=\"so-panel widget widget_sow-social-media-buttons panel-first-child panel-last-child\" data-index=\"1\" ><div\n\t\t\t\n\t\t\tclass=\"so-widget-sow-social-media-buttons so-widget-sow-social-media-buttons-wire-046fb14409a4-6008\"\n\t\t\t\n\t\t>\n<h3 class=\"widget-title\">Confira nossas redes sociais:<\/h3>\n<div class=\"social-media-button-container\">\n\t\n\t\t<a class=\"ow-button-hover sow-social-media-button-instagram-0 sow-social-media-button\" title=\"Nosso Instagram:\" aria-label=\"Nosso Instagram:\" target=\"_blank\" rel=\"noopener noreferrer\" href=\"https:\/\/www.instagram.com\/elosuepg\/\" >\n\t\t\t<span>\n\t\t\t\t\t\t\t\t<span class=\"sow-icon-fontawesome sow-fab\" data-sow-icon=\"&#xf16d;\"\n\t\t \n\t\taria-hidden=\"true\"><\/span>\t\t\t\t\t\t\t<\/span>\n\t\t<\/a>\n\t\n\t\t<a class=\"ow-button-hover sow-social-media-button-youtube-0 sow-social-media-button\" title=\"Elos - Jornalismo, Direitos Humanos e Forma\u00e7\u00e3o Cidad\u00e3 em Youtube\" aria-label=\"Elos - Jornalismo, Direitos Humanos e Forma\u00e7\u00e3o Cidad\u00e3 em Youtube\" target=\"_blank\" rel=\"noopener noreferrer\" href=\"https:\/\/www.youtube.com\/@elosuepg7590\" >\n\t\t\t<span>\n\t\t\t\t\t\t\t\t<span class=\"sow-icon-fontawesome sow-fab\" data-sow-icon=\"&#xf167;\"\n\t\t \n\t\taria-hidden=\"true\"><\/span>\t\t\t\t\t\t\t<\/span>\n\t\t<\/a>\n\t\n\t\t<a class=\"ow-button-hover sow-social-media-button-facebook-0 sow-social-media-button\" title=\"Elos - Jornalismo, Direitos Humanos e Forma\u00e7\u00e3o Cidad\u00e3 em Facebook\" aria-label=\"Elos - Jornalismo, Direitos Humanos e Forma\u00e7\u00e3o Cidad\u00e3 em Facebook\" target=\"_blank\" rel=\"noopener noreferrer\" href=\"https:\/\/www.facebook.com\/uepgELOS\" >\n\t\t\t<span>\n\t\t\t\t\t\t\t\t<span class=\"sow-icon-fontawesome sow-fab\" data-sow-icon=\"&#xf39e;\"\n\t\t \n\t\taria-hidden=\"true\"><\/span>\t\t\t\t\t\t\t<\/span>\n\t\t<\/a>\n\t\n\t\t<a class=\"ow-button-hover sow-social-media-button-twitter-0 sow-social-media-button\" title=\"Elos - Jornalismo, Direitos Humanos e Forma\u00e7\u00e3o Cidad\u00e3 em Twitter\" aria-label=\"Elos - Jornalismo, Direitos Humanos e Forma\u00e7\u00e3o Cidad\u00e3 em Twitter\" target=\"_blank\" rel=\"noopener noreferrer\" href=\"https:\/\/x.com\/elosuepg\" >\n\t\t\t<span>\n\t\t\t\t\t\t\t\t<span class=\"sow-icon-fontawesome sow-fab\" data-sow-icon=\"&#xf099;\"\n\t\t \n\t\taria-hidden=\"true\"><\/span>\t\t\t\t\t\t\t<\/span>\n\t\t<\/a>\n\t<\/div>\n<\/div><\/div><\/div><div id=\"pgc-6-1-1\"  class=\"panel-grid-cell panel-grid-cell-empty\" ><\/div><div id=\"pgc-6-1-2\"  class=\"panel-grid-cell\" ><div id=\"panel-6-1-2-0\" class=\"so-panel widget widget_media_video panel-first-child panel-last-child\" data-index=\"2\" ><h3 class=\"widget-title\">Nosso v\u00eddeo mais recente:<\/h3><div style=\"width:100%;\" class=\"wp-video\"><!--[if lt IE 9]><script>document.createElement('video');<\/script><![endif]-->\n<video class=\"wp-video-shortcode\" id=\"video-6008-1\" preload=\"metadata\" controls=\"controls\"><source type=\"video\/youtube\" src=\"https:\/\/www.youtube.com\/watch?v=dtBaKq-8SfI&#038;_=1\" \/><a href=\"https:\/\/www.youtube.com\/watch?v=dtBaKq-8SfI\">https:\/\/www.youtube.com\/watch?v=dtBaKq-8SfI<\/a><\/video><\/div><\/div><\/div><\/div><\/div><div id=\"pg-6-2\"  class=\"panel-grid panel-no-style\" ><div id=\"pgc-6-2-0\"  class=\"panel-grid-cell panel-grid-cell-empty\" ><\/div><\/div><div id=\"pg-6-3\"  class=\"panel-grid panel-no-style\" ><div id=\"pgc-6-3-0\"  class=\"panel-grid-cell\" ><div id=\"panel-6-3-0-0\" class=\"so-panel widget widget_sow-blog panel-first-child panel-last-child\" data-index=\"3\" ><div\n\t\t\t\n\t\t\tclass=\"so-widget-sow-blog so-widget-sow-blog-alternate-ff38a5a7aa4b-6008\"\n\t\t\t\n\t\t>\t<h3 class=\"widget-title\">Mat\u00e9rias recentes:<\/h3>\t<div\n\t\tclass=\"sow-blog sow-blog-layout-alternate\"\n\t\tdata-template=\"alternate\"\n\t\tdata-settings=\"{&quot;columns&quot;:3,&quot;featured_image&quot;:true,&quot;content&quot;:&quot;excerpt&quot;,&quot;read_more&quot;:true,&quot;excerpt_length&quot;:100,&quot;date&quot;:true,&quot;author&quot;:true,&quot;filter_categories&quot;:true,&quot;categories&quot;:true,&quot;so_field_container_state&quot;:&quot;open&quot;,&quot;comment_count&quot;:false}\"\n\t\tdata-paged=\"1\"\n\t\tdata-total-pages=\"197\"\n\t\tdata-hash=\"c9c7c2ea\"\n\t>\n\t\t\n\t\t<div class=\"sow-blog-posts\">\n\t\t\t\t\t\t\t<article id=\"post-7430\" class=\"sow-blog-columns  post-7430 post type-post status-publish format-standard has-post-thumbnail hentry category-destaques category-diversos category-elos category-materia tag-autores-independentes tag-lancamento-de-livros tag-livros\" style=\"display: flex; flex-wrap: wrap; justify-content: space-between; margin-bottom: 30px;\">\n\t\t\t\t<div class=\"sow-entry-thumbnail\">\n\t\t\t\t\t\t\t\t<a href=\"https:\/\/www2.uepg.br\/elos\/autores-independentes-enfrentam-desafios-para-publicar-e-conquistar-leitores\/\">\n\t\t\t\t\t<img width=\"1080\" height=\"1350\" src=\"https:\/\/www2.uepg.br\/elos\/wp-content\/uploads\/sites\/285\/2026\/09\/Design-sem-nome-1.png\" class=\"attachment-post-thumbnail size-post-thumbnail wp-post-image\" alt=\"\" loading=\"lazy\" srcset=\"https:\/\/www2.uepg.br\/elos\/wp-content\/uploads\/sites\/285\/2026\/09\/Design-sem-nome-1.png 1080w, https:\/\/www2.uepg.br\/elos\/wp-content\/uploads\/sites\/285\/2026\/09\/Design-sem-nome-1-240x300.png 240w, https:\/\/www2.uepg.br\/elos\/wp-content\/uploads\/sites\/285\/2026\/09\/Design-sem-nome-1-819x1024.png 819w, https:\/\/www2.uepg.br\/elos\/wp-content\/uploads\/sites\/285\/2026\/09\/Design-sem-nome-1-768x960.png 768w, https:\/\/www2.uepg.br\/elos\/wp-content\/uploads\/sites\/285\/2026\/09\/Design-sem-nome-1-864x1080.png 864w\" sizes=\"(max-width: 1080px) 100vw, 1080px\" \/>\t\t\t\t<\/a>\n\t\t\t<\/div>\n\t\t\t\t<div class=\"sow-blog-content-wrapper\">\n\t\t<header class=\"sow-entry-header\" style=\"margin-bottom: 18px;\">\n\t\t\t<h2 class=\"sow-entry-title\" style=\"margin: 0 0 5px;\"><a href=\"https:\/\/www2.uepg.br\/elos\/autores-independentes-enfrentam-desafios-para-publicar-e-conquistar-leitores\/\" rel=\"bookmark\">Autores independentes enfrentam desafios para publicar e conquistar leitores<\/a><\/h2>\t\t\t<div class=\"sow-entry-meta\">\n\t\t\t\t\t\t\t<span class=\"sow-featured-post\">Sticky<\/span>\n\t\t\t\t\t\t<span class=\"sow-entry-date\">\n\t\t\t\t<a href=\"https:\/\/www2.uepg.br\/elos\/autores-independentes-enfrentam-desafios-para-publicar-e-conquistar-leitores\/\" rel=\"bookmark\">\n\t\t\t\t\t<time class=\"published\" datetime=\"2026-09-01T18:18:31-03:00\">\n\t\t\t\t\t\t1 de setembro de 2026\t\t\t\t\t<\/time>\n\t\t\t\t\t<time class=\"updated\" datetime=\"2026-09-01T18:18:31-03:00\">\n\t\t\t\t\t\t1 de setembro de 2026\t\t\t\t\t<\/time>\n\t\t\t\t<\/a>\n\t\t\t<\/span>\n\t\t\n\t\t\t\t\t<span class=\"sow-entry-author-link byline\">\n\t\t\t\t\t\t\t\t\t<span class=\"sow-author author vcard\">\n\t\t\t\t\t\t<a class=\"url fn n\" href=\"https:\/\/www2.uepg.br\/elos\/author\/pmrocha\/\" rel=\"author\">\n\t\t\t\t\t\t\tElos - Jornalismo, Direitos Humanos e Forma\u00e7\u00e3o Cidad\u00e3\t\t\t\t\t\t<\/a>\n\t\t\t\t\t<\/span>\n\t\t\t\t\t\t\t<\/span>\n\t\t\n\t\t\t\t\t<span class=\"sow-entry-categories\">\n\t\t\t\t<a href=\"https:\/\/www2.uepg.br\/elos\/category\/destaques\/\" rel=\"category tag\">Destaques<\/a>, <a href=\"https:\/\/www2.uepg.br\/elos\/category\/diversos\/\" rel=\"category tag\">Diversos<\/a>, <a href=\"https:\/\/www2.uepg.br\/elos\/category\/elos\/\" rel=\"category tag\">Elos<\/a>, <a href=\"https:\/\/www2.uepg.br\/elos\/category\/materia\/\" rel=\"category tag\">Mat\u00e9ria<\/a>\t\t\t<\/span>\n\t\t\n\t\t\t\t\t<\/div>\n\t\t<\/header>\n\n\t\t<div class=\"sow-entry-content\">\n\t\t\t<p>Custos altos e preconceito est\u00e3o entre as dificuldades Por Ticyane Almeida Voc\u00ea gosta de escrever livros? Tem vontade de publicar suas hist\u00f3rias? Para muitos escritores independentes, transformar um manuscrito em livro ainda \u00e9 um caminho cheio de obst\u00e1culos. Al\u00e9m de escrever, o autor precisa lidar com revis\u00e3o, edi\u00e7\u00e3o, diagrama\u00e7\u00e3o, capa, impress\u00e3o, divulga\u00e7\u00e3o e vendas, muitas vezes sem o apoio de uma editora. A dificuldade aumenta quando as obras abordam temas relacionados aos direitos humanos, como desigualdade, racismo, viol\u00eancia, preconceito e quest\u00f5es de g\u00eanero. Apesar da relev\u00e2ncia social dessas hist\u00f3rias, grandes editoras tamb\u00e9m consideram o potencial comercial dos livros, o que...<a class=\"sow-more-link more-link excerpt\" href=\"https:\/\/www2.uepg.br\/elos\/autores-independentes-enfrentam-desafios-para-publicar-e-conquistar-leitores\/\">\n\t\t\tContinue reading<span class=\"sow-more-link-arrow\">&rarr;<\/span><\/a><\/p>\t\t<\/div>\n\t<\/div>\n<\/article>\n\t\t\t\t\t\t\t<article id=\"post-7425\" class=\"sow-blog-columns  post-7425 post type-post status-publish format-standard has-post-thumbnail hentry category-destaques category-direito-lgbtqiapn category-elos category-genero tag-esporte tag-trans tag-voleibol\" style=\"display: flex; flex-wrap: wrap; justify-content: space-between; margin-bottom: 30px;\">\n\t\t\t\t<div class=\"sow-entry-thumbnail\">\n\t\t\t\t\t\t\t\t<a href=\"https:\/\/www2.uepg.br\/elos\/novas-regras-da-cbv-proibem-a-participacao-de-atletas-trans-no-volei-feminino\/\">\n\t\t\t\t\t<img width=\"1179\" height=\"1769\" src=\"https:\/\/www2.uepg.br\/elos\/wp-content\/uploads\/sites\/285\/2026\/08\/IMG_20260813_192449_739.jpg\" class=\"attachment-post-thumbnail size-post-thumbnail wp-post-image\" alt=\"\" loading=\"lazy\" srcset=\"https:\/\/www2.uepg.br\/elos\/wp-content\/uploads\/sites\/285\/2026\/08\/IMG_20260813_192449_739.jpg 1179w, https:\/\/www2.uepg.br\/elos\/wp-content\/uploads\/sites\/285\/2026\/08\/IMG_20260813_192449_739-200x300.jpg 200w, https:\/\/www2.uepg.br\/elos\/wp-content\/uploads\/sites\/285\/2026\/08\/IMG_20260813_192449_739-682x1024.jpg 682w, https:\/\/www2.uepg.br\/elos\/wp-content\/uploads\/sites\/285\/2026\/08\/IMG_20260813_192449_739-768x1152.jpg 768w, https:\/\/www2.uepg.br\/elos\/wp-content\/uploads\/sites\/285\/2026\/08\/IMG_20260813_192449_739-1024x1536.jpg 1024w, https:\/\/www2.uepg.br\/elos\/wp-content\/uploads\/sites\/285\/2026\/08\/IMG_20260813_192449_739-720x1080.jpg 720w\" sizes=\"(max-width: 1179px) 100vw, 1179px\" \/>\t\t\t\t<\/a>\n\t\t\t<\/div>\n\t\t\t\t<div class=\"sow-blog-content-wrapper\">\n\t\t<header class=\"sow-entry-header\" style=\"margin-bottom: 18px;\">\n\t\t\t<h2 class=\"sow-entry-title\" style=\"margin: 0 0 5px;\"><a href=\"https:\/\/www2.uepg.br\/elos\/novas-regras-da-cbv-proibem-a-participacao-de-atletas-trans-no-volei-feminino\/\" rel=\"bookmark\">Novas regras da CBV pro\u00edbem a participa\u00e7\u00e3o de atletas trans no v\u00f4lei feminino<\/a><\/h2>\t\t\t<div class=\"sow-entry-meta\">\n\t\t\t\t\t\t\t<span class=\"sow-featured-post\">Sticky<\/span>\n\t\t\t\t\t\t<span class=\"sow-entry-date\">\n\t\t\t\t<a href=\"https:\/\/www2.uepg.br\/elos\/novas-regras-da-cbv-proibem-a-participacao-de-atletas-trans-no-volei-feminino\/\" rel=\"bookmark\">\n\t\t\t\t\t<time class=\"published\" datetime=\"2026-08-31T17:50:30-03:00\">\n\t\t\t\t\t\t31 de agosto de 2026\t\t\t\t\t<\/time>\n\t\t\t\t\t<time class=\"updated\" datetime=\"2026-08-31T17:51:33-03:00\">\n\t\t\t\t\t\t31 de agosto de 2026\t\t\t\t\t<\/time>\n\t\t\t\t<\/a>\n\t\t\t<\/span>\n\t\t\n\t\t\t\t\t<span class=\"sow-entry-author-link byline\">\n\t\t\t\t\t\t\t\t\t<span class=\"sow-author author vcard\">\n\t\t\t\t\t\t<a class=\"url fn n\" href=\"https:\/\/www2.uepg.br\/elos\/author\/pmrocha\/\" rel=\"author\">\n\t\t\t\t\t\t\tElos - Jornalismo, Direitos Humanos e Forma\u00e7\u00e3o Cidad\u00e3\t\t\t\t\t\t<\/a>\n\t\t\t\t\t<\/span>\n\t\t\t\t\t\t\t<\/span>\n\t\t\n\t\t\t\t\t<span class=\"sow-entry-categories\">\n\t\t\t\t<a href=\"https:\/\/www2.uepg.br\/elos\/category\/destaques\/\" rel=\"category tag\">Destaques<\/a>, <a href=\"https:\/\/www2.uepg.br\/elos\/category\/direito-lgbtqiapn\/\" rel=\"category tag\">Direito LGBTQIAPN+<\/a>, <a href=\"https:\/\/www2.uepg.br\/elos\/category\/elos\/\" rel=\"category tag\">Elos<\/a>, <a href=\"https:\/\/www2.uepg.br\/elos\/category\/genero\/\" rel=\"category tag\">G\u00eanero<\/a>\t\t\t<\/span>\n\t\t\n\t\t\t\t\t<\/div>\n\t\t<\/header>\n\n\t\t<div class=\"sow-entry-content\">\n\t\t\t<p>Enquanto a Confedera\u00e7\u00e3o Brasileira de Voleibol passa a exigir teste gen\u00e9tico e sexo biol\u00f3gico para a categoria feminina, revis\u00f5es m\u00e9dicas apontam aus\u00eancia de vantagem esportiva para atletas trans por Leonardo Correia A Confedera\u00e7\u00e3o Brasileira de Voleibol (CBV) passa a adotar em suas competi\u00e7\u00f5es nacionais de quadra e praia os crit\u00e9rios da nova pol\u00edtica do Comit\u00ea Ol\u00edmpico Internacional (COI), para a elegibilidade na categoria feminina. A medida restringe a participa\u00e7\u00e3o a atletas trans e estabelece a realiza\u00e7\u00e3o de triagem gen\u00e9tica para identificar a presen\u00e7a do gene SRY, associado ao desenvolvimento sexual masculino.\u00a0 A mudan\u00e7a substitui os crit\u00e9rios anteriores da CBV, que...<a class=\"sow-more-link more-link excerpt\" href=\"https:\/\/www2.uepg.br\/elos\/novas-regras-da-cbv-proibem-a-participacao-de-atletas-trans-no-volei-feminino\/\">\n\t\t\tContinue reading<span class=\"sow-more-link-arrow\">&rarr;<\/span><\/a><\/p>\t\t<\/div>\n\t<\/div>\n<\/article>\n\t\t\t\t\t\t\t<article id=\"post-7421\" class=\"sow-blog-columns  post-7421 post type-post status-publish format-standard has-post-thumbnail hentry category-destaques category-materia category-noticias category-posts category-saude tag-banco-de-leite tag-direitos-humanos tag-saude\" style=\"display: flex; flex-wrap: wrap; justify-content: space-between; margin-bottom: 30px;\">\n\t\t\t\t<div class=\"sow-entry-thumbnail\">\n\t\t\t\t\t\t\t\t<a href=\"https:\/\/www2.uepg.br\/elos\/banco-de-leite-humano-da-uepg-compoe-rede-de-doacao-em-ponta-grossa\/\">\n\t\t\t\t\t<img width=\"1232\" height=\"821\" src=\"https:\/\/www2.uepg.br\/elos\/wp-content\/uploads\/sites\/285\/2026\/08\/Tierri-Angeluci-da-uepg-1232x821.png\" class=\"attachment-post-thumbnail size-post-thumbnail wp-post-image\" alt=\"\" loading=\"lazy\" srcset=\"https:\/\/www2.uepg.br\/elos\/wp-content\/uploads\/sites\/285\/2026\/08\/Tierri-Angeluci-da-uepg-1232x821.png 1232w, https:\/\/www2.uepg.br\/elos\/wp-content\/uploads\/sites\/285\/2026\/08\/Tierri-Angeluci-da-uepg-300x200.png 300w, https:\/\/www2.uepg.br\/elos\/wp-content\/uploads\/sites\/285\/2026\/08\/Tierri-Angeluci-da-uepg-1024x683.png 1024w, https:\/\/www2.uepg.br\/elos\/wp-content\/uploads\/sites\/285\/2026\/08\/Tierri-Angeluci-da-uepg-768x512.png 768w, https:\/\/www2.uepg.br\/elos\/wp-content\/uploads\/sites\/285\/2026\/08\/Tierri-Angeluci-da-uepg-1536x1024.png 1536w, https:\/\/www2.uepg.br\/elos\/wp-content\/uploads\/sites\/285\/2026\/08\/Tierri-Angeluci-da-uepg-2048x1365.png 2048w, https:\/\/www2.uepg.br\/elos\/wp-content\/uploads\/sites\/285\/2026\/08\/Tierri-Angeluci-da-uepg-1620x1080.png 1620w, https:\/\/www2.uepg.br\/elos\/wp-content\/uploads\/sites\/285\/2026\/08\/Tierri-Angeluci-da-uepg-272x182.png 272w\" sizes=\"(max-width: 1232px) 100vw, 1232px\" \/>\t\t\t\t<\/a>\n\t\t\t<\/div>\n\t\t\t\t<div class=\"sow-blog-content-wrapper\">\n\t\t<header class=\"sow-entry-header\" style=\"margin-bottom: 18px;\">\n\t\t\t<h2 class=\"sow-entry-title\" style=\"margin: 0 0 5px;\"><a href=\"https:\/\/www2.uepg.br\/elos\/banco-de-leite-humano-da-uepg-compoe-rede-de-doacao-em-ponta-grossa\/\" rel=\"bookmark\">Banco de Leite Humano da UEPG comp\u00f5e rede de doa\u00e7\u00e3o em Ponta Grossa<\/a><\/h2>\t\t\t<div class=\"sow-entry-meta\">\n\t\t\t\t\t\t\t<span class=\"sow-featured-post\">Sticky<\/span>\n\t\t\t\t\t\t<span class=\"sow-entry-date\">\n\t\t\t\t<a href=\"https:\/\/www2.uepg.br\/elos\/banco-de-leite-humano-da-uepg-compoe-rede-de-doacao-em-ponta-grossa\/\" rel=\"bookmark\">\n\t\t\t\t\t<time class=\"published\" datetime=\"2026-08-29T11:43:28-03:00\">\n\t\t\t\t\t\t29 de agosto de 2026\t\t\t\t\t<\/time>\n\t\t\t\t\t<time class=\"updated\" datetime=\"2026-08-29T11:46:06-03:00\">\n\t\t\t\t\t\t29 de agosto de 2026\t\t\t\t\t<\/time>\n\t\t\t\t<\/a>\n\t\t\t<\/span>\n\t\t\n\t\t\t\t\t<span class=\"sow-entry-author-link byline\">\n\t\t\t\t\t\t\t\t\t<span class=\"sow-author author vcard\">\n\t\t\t\t\t\t<a class=\"url fn n\" href=\"https:\/\/www2.uepg.br\/elos\/author\/pmrocha\/\" rel=\"author\">\n\t\t\t\t\t\t\tElos - Jornalismo, Direitos Humanos e Forma\u00e7\u00e3o Cidad\u00e3\t\t\t\t\t\t<\/a>\n\t\t\t\t\t<\/span>\n\t\t\t\t\t\t\t<\/span>\n\t\t\n\t\t\t\t\t<span class=\"sow-entry-categories\">\n\t\t\t\t<a href=\"https:\/\/www2.uepg.br\/elos\/category\/destaques\/\" rel=\"category tag\">Destaques<\/a>, <a href=\"https:\/\/www2.uepg.br\/elos\/category\/materia\/\" rel=\"category tag\">Mat\u00e9ria<\/a>, <a href=\"https:\/\/www2.uepg.br\/elos\/category\/noticias\/\" rel=\"category tag\">Not\u00edcias<\/a>, <a href=\"https:\/\/www2.uepg.br\/elos\/category\/posts\/\" rel=\"category tag\">Posts<\/a>, <a href=\"https:\/\/www2.uepg.br\/elos\/category\/saude\/\" rel=\"category tag\">Sa\u00fade<\/a>\t\t\t<\/span>\n\t\t\n\t\t\t\t\t<\/div>\n\t\t<\/header>\n\n\t\t<div class=\"sow-entry-content\">\n\t\t\t<p>O processo inclui cadastro, coleta, armazenamento, an\u00e1lise e pasteuriza\u00e7\u00e3o antes do leite chegar aos beb\u00eas\u00a0 Por Isabelly Costalonga e Malu Dip Agosto \u00e9 o m\u00eas marcado pela campanha Agosto Dourado, que visa conscientizar e dar maior visibilidade ao aleitamento materno, (confira mais informa\u00e7\u00f5es sobre a campanha aqui!). Por\u00e9m, o trabalho realizado pelo Banco de Leite Humano do Hospital Universit\u00e1rio da Universidade Estadual de Ponta Grossa (UEPG) acontece o ano todo, ajudando m\u00e3es que n\u00e3o possuem leite a amamentarem seus filhos com esse alimento que \u00e9 recomendado pelo Minist\u00e9rio da Sa\u00fade (MS) e Organiza\u00e7\u00e3o Mundial de Sa\u00fade at\u00e9 os dois anos...<a class=\"sow-more-link more-link excerpt\" href=\"https:\/\/www2.uepg.br\/elos\/banco-de-leite-humano-da-uepg-compoe-rede-de-doacao-em-ponta-grossa\/\">\n\t\t\tContinue reading<span class=\"sow-more-link-arrow\">&rarr;<\/span><\/a><\/p>\t\t<\/div>\n\t<\/div>\n<\/article>\n\t\t\t\t\t\t\t<article id=\"post-7418\" class=\"sow-blog-columns  post-7418 post type-post status-publish format-standard has-post-thumbnail hentry category-destaques category-genero category-materia category-noticias category-posts tag-direitos-humanos tag-genero\" style=\"display: flex; flex-wrap: wrap; justify-content: space-between; margin-bottom: 30px;\">\n\t\t\t\t<div class=\"sow-entry-thumbnail\">\n\t\t\t\t\t\t\t\t<a href=\"https:\/\/www2.uepg.br\/elos\/grupos-de-reeducacao-para-homens-sao-discutidos-como-estrategia-de-enfrentamento-a-violencia-domestica\/\">\n\t\t\t\t\t<img width=\"1226\" height=\"905\" src=\"https:\/\/www2.uepg.br\/elos\/wp-content\/uploads\/sites\/285\/2026\/08\/IMG-20260818-WA0002.jpg\" class=\"attachment-post-thumbnail size-post-thumbnail wp-post-image\" alt=\"\" loading=\"lazy\" srcset=\"https:\/\/www2.uepg.br\/elos\/wp-content\/uploads\/sites\/285\/2026\/08\/IMG-20260818-WA0002.jpg 1226w, https:\/\/www2.uepg.br\/elos\/wp-content\/uploads\/sites\/285\/2026\/08\/IMG-20260818-WA0002-300x221.jpg 300w, https:\/\/www2.uepg.br\/elos\/wp-content\/uploads\/sites\/285\/2026\/08\/IMG-20260818-WA0002-1024x756.jpg 1024w, https:\/\/www2.uepg.br\/elos\/wp-content\/uploads\/sites\/285\/2026\/08\/IMG-20260818-WA0002-768x567.jpg 768w\" sizes=\"(max-width: 1226px) 100vw, 1226px\" \/>\t\t\t\t<\/a>\n\t\t\t<\/div>\n\t\t\t\t<div class=\"sow-blog-content-wrapper\">\n\t\t<header class=\"sow-entry-header\" style=\"margin-bottom: 18px;\">\n\t\t\t<h2 class=\"sow-entry-title\" style=\"margin: 0 0 5px;\"><a href=\"https:\/\/www2.uepg.br\/elos\/grupos-de-reeducacao-para-homens-sao-discutidos-como-estrategia-de-enfrentamento-a-violencia-domestica\/\" rel=\"bookmark\">Grupos de reeduca\u00e7\u00e3o para homens s\u00e3o discutidos como estrat\u00e9gia de enfrentamento \u00e0 viol\u00eancia dom\u00e9stica<\/a><\/h2>\t\t\t<div class=\"sow-entry-meta\">\n\t\t\t\t\t\t\t<span class=\"sow-featured-post\">Sticky<\/span>\n\t\t\t\t\t\t<span class=\"sow-entry-date\">\n\t\t\t\t<a href=\"https:\/\/www2.uepg.br\/elos\/grupos-de-reeducacao-para-homens-sao-discutidos-como-estrategia-de-enfrentamento-a-violencia-domestica\/\" rel=\"bookmark\">\n\t\t\t\t\t<time class=\"published\" datetime=\"2026-08-28T20:03:45-03:00\">\n\t\t\t\t\t\t28 de agosto de 2026\t\t\t\t\t<\/time>\n\t\t\t\t\t<time class=\"updated\" datetime=\"2026-08-28T20:04:06-03:00\">\n\t\t\t\t\t\t28 de agosto de 2026\t\t\t\t\t<\/time>\n\t\t\t\t<\/a>\n\t\t\t<\/span>\n\t\t\n\t\t\t\t\t<span class=\"sow-entry-author-link byline\">\n\t\t\t\t\t\t\t\t\t<span class=\"sow-author author vcard\">\n\t\t\t\t\t\t<a class=\"url fn n\" href=\"https:\/\/www2.uepg.br\/elos\/author\/pmrocha\/\" rel=\"author\">\n\t\t\t\t\t\t\tElos - Jornalismo, Direitos Humanos e Forma\u00e7\u00e3o Cidad\u00e3\t\t\t\t\t\t<\/a>\n\t\t\t\t\t<\/span>\n\t\t\t\t\t\t\t<\/span>\n\t\t\n\t\t\t\t\t<span class=\"sow-entry-categories\">\n\t\t\t\t<a href=\"https:\/\/www2.uepg.br\/elos\/category\/destaques\/\" rel=\"category tag\">Destaques<\/a>, <a href=\"https:\/\/www2.uepg.br\/elos\/category\/genero\/\" rel=\"category tag\">G\u00eanero<\/a>, <a href=\"https:\/\/www2.uepg.br\/elos\/category\/materia\/\" rel=\"category tag\">Mat\u00e9ria<\/a>, <a href=\"https:\/\/www2.uepg.br\/elos\/category\/noticias\/\" rel=\"category tag\">Not\u00edcias<\/a>, <a href=\"https:\/\/www2.uepg.br\/elos\/category\/posts\/\" rel=\"category tag\">Posts<\/a>\t\t\t<\/span>\n\t\t\n\t\t\t\t\t<\/div>\n\t\t<\/header>\n\n\t\t<div class=\"sow-entry-content\">\n\t\t\t<p>Mesa-redonda encerrou a II Semana de Enfrentamento \u00e0 Viol\u00eancia Intrafamiliar da UEPG e debateu responsabiliza\u00e7\u00e3o, preven\u00e7\u00e3o da reincid\u00eancia e pol\u00edticas p\u00fablicas Por: Lorena Santana e Lucas Barbato\u00a0 A atua\u00e7\u00e3o de grupos reflexivos para homens autores de viol\u00eancia dom\u00e9stica foi tema da mesa-redonda que encerrou, na noite do \u00faltimo dia 17, a II Semana de Enfrentamento \u00e0 Viol\u00eancia Intrafamiliar da Universidade Estadual de Ponta Grossa (UEPG), com promo\u00e7\u00e3o dos cursos de Direito, Psicologia e Servi\u00e7o Social. O encontro ocorreu no Grande Audit\u00f3rio do Campus Central e reuniu profissionais e pesquisadores para discutir estrat\u00e9gias de responsabiliza\u00e7\u00e3o e preven\u00e7\u00e3o da reincid\u00eancia. Mediado pela...<a class=\"sow-more-link more-link excerpt\" href=\"https:\/\/www2.uepg.br\/elos\/grupos-de-reeducacao-para-homens-sao-discutidos-como-estrategia-de-enfrentamento-a-violencia-domestica\/\">\n\t\t\tContinue reading<span class=\"sow-more-link-arrow\">&rarr;<\/span><\/a><\/p>\t\t<\/div>\n\t<\/div>\n<\/article>\n\t\t\t\t\t\t\t<article id=\"post-7415\" class=\"sow-blog-columns  post-7415 post type-post status-publish format-standard has-post-thumbnail hentry category-destaques category-direito-lgbtqiapn category-materia category-noticias category-posts tag-direitos-humanos tag-inclusao tag-jornalismo\" style=\"display: flex; flex-wrap: wrap; justify-content: space-between; margin-bottom: 30px;\">\n\t\t\t\t<div class=\"sow-entry-thumbnail\">\n\t\t\t\t\t\t\t\t<a href=\"https:\/\/www2.uepg.br\/elos\/blitz-da-inclusao-leva-orientacao-sobre-acessibilidade-ao-calcadao-de-ponta-grossa\/\">\n\t\t\t\t\t<img width=\"1232\" height=\"924\" src=\"https:\/\/www2.uepg.br\/elos\/wp-content\/uploads\/sites\/285\/2026\/08\/LEO-1-1232x924.jpg\" class=\"attachment-post-thumbnail size-post-thumbnail wp-post-image\" alt=\"\" loading=\"lazy\" srcset=\"https:\/\/www2.uepg.br\/elos\/wp-content\/uploads\/sites\/285\/2026\/08\/LEO-1-1232x924.jpg 1232w, https:\/\/www2.uepg.br\/elos\/wp-content\/uploads\/sites\/285\/2026\/08\/LEO-1-300x225.jpg 300w, https:\/\/www2.uepg.br\/elos\/wp-content\/uploads\/sites\/285\/2026\/08\/LEO-1-1024x768.jpg 1024w, https:\/\/www2.uepg.br\/elos\/wp-content\/uploads\/sites\/285\/2026\/08\/LEO-1-768x576.jpg 768w, https:\/\/www2.uepg.br\/elos\/wp-content\/uploads\/sites\/285\/2026\/08\/LEO-1-1536x1152.jpg 1536w, https:\/\/www2.uepg.br\/elos\/wp-content\/uploads\/sites\/285\/2026\/08\/LEO-1-2048x1536.jpg 2048w, https:\/\/www2.uepg.br\/elos\/wp-content\/uploads\/sites\/285\/2026\/08\/LEO-1-1440x1080.jpg 1440w\" sizes=\"(max-width: 1232px) 100vw, 1232px\" \/>\t\t\t\t<\/a>\n\t\t\t<\/div>\n\t\t\t\t<div class=\"sow-blog-content-wrapper\">\n\t\t<header class=\"sow-entry-header\" style=\"margin-bottom: 18px;\">\n\t\t\t<h2 class=\"sow-entry-title\" style=\"margin: 0 0 5px;\"><a href=\"https:\/\/www2.uepg.br\/elos\/blitz-da-inclusao-leva-orientacao-sobre-acessibilidade-ao-calcadao-de-ponta-grossa\/\" rel=\"bookmark\">Blitz da Inclus\u00e3o leva orienta\u00e7\u00e3o sobre acessibilidade ao cal\u00e7ad\u00e3o de Ponta Grossa<\/a><\/h2>\t\t\t<div class=\"sow-entry-meta\">\n\t\t\t\t\t\t\t<span class=\"sow-featured-post\">Sticky<\/span>\n\t\t\t\t\t\t<span class=\"sow-entry-date\">\n\t\t\t\t<a href=\"https:\/\/www2.uepg.br\/elos\/blitz-da-inclusao-leva-orientacao-sobre-acessibilidade-ao-calcadao-de-ponta-grossa\/\" rel=\"bookmark\">\n\t\t\t\t\t<time class=\"published\" datetime=\"2026-08-28T15:50:52-03:00\">\n\t\t\t\t\t\t28 de agosto de 2026\t\t\t\t\t<\/time>\n\t\t\t\t\t<time class=\"updated\" datetime=\"2026-08-28T15:51:24-03:00\">\n\t\t\t\t\t\t28 de agosto de 2026\t\t\t\t\t<\/time>\n\t\t\t\t<\/a>\n\t\t\t<\/span>\n\t\t\n\t\t\t\t\t<span class=\"sow-entry-author-link byline\">\n\t\t\t\t\t\t\t\t\t<span class=\"sow-author author vcard\">\n\t\t\t\t\t\t<a class=\"url fn n\" href=\"https:\/\/www2.uepg.br\/elos\/author\/pmrocha\/\" rel=\"author\">\n\t\t\t\t\t\t\tElos - Jornalismo, Direitos Humanos e Forma\u00e7\u00e3o Cidad\u00e3\t\t\t\t\t\t<\/a>\n\t\t\t\t\t<\/span>\n\t\t\t\t\t\t\t<\/span>\n\t\t\n\t\t\t\t\t<span class=\"sow-entry-categories\">\n\t\t\t\t<a href=\"https:\/\/www2.uepg.br\/elos\/category\/destaques\/\" rel=\"category tag\">Destaques<\/a>, <a href=\"https:\/\/www2.uepg.br\/elos\/category\/direito-lgbtqiapn\/\" rel=\"category tag\">Direito LGBTQIAPN+<\/a>, <a href=\"https:\/\/www2.uepg.br\/elos\/category\/materia\/\" rel=\"category tag\">Mat\u00e9ria<\/a>, <a href=\"https:\/\/www2.uepg.br\/elos\/category\/noticias\/\" rel=\"category tag\">Not\u00edcias<\/a>, <a href=\"https:\/\/www2.uepg.br\/elos\/category\/posts\/\" rel=\"category tag\">Posts<\/a>\t\t\t<\/span>\n\t\t\n\t\t\t\t\t<\/div>\n\t\t<\/header>\n\n\t\t<div class=\"sow-entry-content\">\n\t\t\t<p>Iniciativa busca ampliar a visibilidade sobre os direitos e as dificuldades enfrentadas por pessoas com defici\u00eancia Por Leonardo Correia No \u00faltimo s\u00e1bado (21) ocorreu, das 10h \u00e0s 12h, a Blitz da Inclus\u00e3o no cal\u00e7ad\u00e3o de Ponta Grossa, organizada pelo o Conselho Municipal dos Direitos da Pessoa com Defici\u00eancia. A a\u00e7\u00e3o contou com a distribui\u00e7\u00e3o de materiais educativos e orienta\u00e7\u00f5es sobre vagas preferenciais e acessibilidade, visando ampliar a visibilidade sobre o tema e orientar a popula\u00e7\u00e3o.A atividade integra a programa\u00e7\u00e3o da Semana Nacional da Pessoa com Defici\u00eancia, realizada at\u00e9 o dia 28 em diferentes pontos da cidade. Segundo o presidente do...<a class=\"sow-more-link more-link excerpt\" href=\"https:\/\/www2.uepg.br\/elos\/blitz-da-inclusao-leva-orientacao-sobre-acessibilidade-ao-calcadao-de-ponta-grossa\/\">\n\t\t\tContinue reading<span class=\"sow-more-link-arrow\">&rarr;<\/span><\/a><\/p>\t\t<\/div>\n\t<\/div>\n<\/article>\n\t\t\t\t\t\t\t<article id=\"post-7405\" class=\"sow-blog-columns  post-7405 post type-post status-publish format-standard has-post-thumbnail hentry category-destaques category-diversos category-materia category-noticias category-posts tag-direitos-humanos tag-jornalismo tag-psicologia\" style=\"display: flex; flex-wrap: wrap; justify-content: space-between; margin-bottom: 30px;\">\n\t\t\t\t<div class=\"sow-entry-thumbnail\">\n\t\t\t\t\t\t\t\t<a href=\"https:\/\/www2.uepg.br\/elos\/a-importancia-do-psicologo-um-profissional-que-atua-em-diferentes-areas\/\">\n\t\t\t\t\t<img width=\"1080\" height=\"1350\" src=\"https:\/\/www2.uepg.br\/elos\/wp-content\/uploads\/sites\/285\/2026\/08\/dia-do-psicologo.png\" class=\"attachment-post-thumbnail size-post-thumbnail wp-post-image\" alt=\"\" loading=\"lazy\" srcset=\"https:\/\/www2.uepg.br\/elos\/wp-content\/uploads\/sites\/285\/2026\/08\/dia-do-psicologo.png 1080w, https:\/\/www2.uepg.br\/elos\/wp-content\/uploads\/sites\/285\/2026\/08\/dia-do-psicologo-240x300.png 240w, https:\/\/www2.uepg.br\/elos\/wp-content\/uploads\/sites\/285\/2026\/08\/dia-do-psicologo-819x1024.png 819w, https:\/\/www2.uepg.br\/elos\/wp-content\/uploads\/sites\/285\/2026\/08\/dia-do-psicologo-768x960.png 768w, https:\/\/www2.uepg.br\/elos\/wp-content\/uploads\/sites\/285\/2026\/08\/dia-do-psicologo-864x1080.png 864w\" sizes=\"(max-width: 1080px) 100vw, 1080px\" \/>\t\t\t\t<\/a>\n\t\t\t<\/div>\n\t\t\t\t<div class=\"sow-blog-content-wrapper\">\n\t\t<header class=\"sow-entry-header\" style=\"margin-bottom: 18px;\">\n\t\t\t<h2 class=\"sow-entry-title\" style=\"margin: 0 0 5px;\"><a href=\"https:\/\/www2.uepg.br\/elos\/a-importancia-do-psicologo-um-profissional-que-atua-em-diferentes-areas\/\" rel=\"bookmark\">A import\u00e2ncia do psic\u00f3logo: um profissional que atua em diferentes \u00e1reas<\/a><\/h2>\t\t\t<div class=\"sow-entry-meta\">\n\t\t\t\t\t\t\t<span class=\"sow-featured-post\">Sticky<\/span>\n\t\t\t\t\t\t<span class=\"sow-entry-date\">\n\t\t\t\t<a href=\"https:\/\/www2.uepg.br\/elos\/a-importancia-do-psicologo-um-profissional-que-atua-em-diferentes-areas\/\" rel=\"bookmark\">\n\t\t\t\t\t<time class=\"published\" datetime=\"2026-08-27T14:12:36-03:00\">\n\t\t\t\t\t\t27 de agosto de 2026\t\t\t\t\t<\/time>\n\t\t\t\t\t<time class=\"updated\" datetime=\"2026-08-27T14:35:39-03:00\">\n\t\t\t\t\t\t27 de agosto de 2026\t\t\t\t\t<\/time>\n\t\t\t\t<\/a>\n\t\t\t<\/span>\n\t\t\n\t\t\t\t\t<span class=\"sow-entry-author-link byline\">\n\t\t\t\t\t\t\t\t\t<span class=\"sow-author author vcard\">\n\t\t\t\t\t\t<a class=\"url fn n\" href=\"https:\/\/www2.uepg.br\/elos\/author\/pmrocha\/\" rel=\"author\">\n\t\t\t\t\t\t\tElos - Jornalismo, Direitos Humanos e Forma\u00e7\u00e3o Cidad\u00e3\t\t\t\t\t\t<\/a>\n\t\t\t\t\t<\/span>\n\t\t\t\t\t\t\t<\/span>\n\t\t\n\t\t\t\t\t<span class=\"sow-entry-categories\">\n\t\t\t\t<a href=\"https:\/\/www2.uepg.br\/elos\/category\/destaques\/\" rel=\"category tag\">Destaques<\/a>, <a href=\"https:\/\/www2.uepg.br\/elos\/category\/diversos\/\" rel=\"category tag\">Diversos<\/a>, <a href=\"https:\/\/www2.uepg.br\/elos\/category\/materia\/\" rel=\"category tag\">Mat\u00e9ria<\/a>, <a href=\"https:\/\/www2.uepg.br\/elos\/category\/noticias\/\" rel=\"category tag\">Not\u00edcias<\/a>, <a href=\"https:\/\/www2.uepg.br\/elos\/category\/posts\/\" rel=\"category tag\">Posts<\/a>\t\t\t<\/span>\n\t\t\n\t\t\t\t\t<\/div>\n\t\t<\/header>\n\n\t\t<div class=\"sow-entry-content\">\n\t\t\t<p>Paran\u00e1 contabiliza 35,9 mil psic\u00f3logos; o dado mostra a for\u00e7a dos profissionais no campo da psicologia em suas distintas especialidades Por Lucas Barbato No dia 27 de agosto \u00e9 comemorado o Dia do Psic\u00f3logo no Brasil. A data n\u00e3o lembra apenas a regulamenta\u00e7\u00e3o da profiss\u00e3o, em 1962, mas a import\u00e2ncia de um profissional que atualmente ocupa diferentes espa\u00e7os e \u00e1reas de atua\u00e7\u00e3o, do consult\u00f3rio ao \u00e2mbito educacional, do hospital \u00e0 psicologia jur\u00eddica.\u00a0 Essa presen\u00e7a em v\u00e1rias \u00e1reas \u00e9 garantida tamb\u00e9m pelo C\u00f3digo de \u00c9tica da categoria. Surgiu como uma ferramenta de reflex\u00e3o, de autoconhecimento do que um conjunto de normas...<a class=\"sow-more-link more-link excerpt\" href=\"https:\/\/www2.uepg.br\/elos\/a-importancia-do-psicologo-um-profissional-que-atua-em-diferentes-areas\/\">\n\t\t\tContinue reading<span class=\"sow-more-link-arrow\">&rarr;<\/span><\/a><\/p>\t\t<\/div>\n\t<\/div>\n<\/article>\n\t\t\t\t\t\t\t<article id=\"post-7402\" class=\"sow-blog-columns  post-7402 post type-post status-publish format-standard has-post-thumbnail hentry category-diversos category-materia category-noticias category-posts tag-direitos-humanos tag-infancia\" style=\"display: flex; flex-wrap: wrap; justify-content: space-between; margin-bottom: 30px;\">\n\t\t\t\t<div class=\"sow-entry-thumbnail\">\n\t\t\t\t\t\t\t\t<a href=\"https:\/\/www2.uepg.br\/elos\/o-horror-que-uma-crianca-aprende-a-chamar-de-casa\/\">\n\t\t\t\t\t<img width=\"828\" height=\"954\" src=\"https:\/\/www2.uepg.br\/elos\/wp-content\/uploads\/sites\/285\/2026\/08\/Credito_-Foto-de-arquivo-de-Lucy-Rose.jpg\" class=\"attachment-post-thumbnail size-post-thumbnail wp-post-image\" alt=\"\" loading=\"lazy\" srcset=\"https:\/\/www2.uepg.br\/elos\/wp-content\/uploads\/sites\/285\/2026\/08\/Credito_-Foto-de-arquivo-de-Lucy-Rose.jpg 828w, https:\/\/www2.uepg.br\/elos\/wp-content\/uploads\/sites\/285\/2026\/08\/Credito_-Foto-de-arquivo-de-Lucy-Rose-260x300.jpg 260w, https:\/\/www2.uepg.br\/elos\/wp-content\/uploads\/sites\/285\/2026\/08\/Credito_-Foto-de-arquivo-de-Lucy-Rose-768x885.jpg 768w\" sizes=\"(max-width: 828px) 100vw, 828px\" \/>\t\t\t\t<\/a>\n\t\t\t<\/div>\n\t\t\t\t<div class=\"sow-blog-content-wrapper\">\n\t\t<header class=\"sow-entry-header\" style=\"margin-bottom: 18px;\">\n\t\t\t<h2 class=\"sow-entry-title\" style=\"margin: 0 0 5px;\"><a href=\"https:\/\/www2.uepg.br\/elos\/o-horror-que-uma-crianca-aprende-a-chamar-de-casa\/\" rel=\"bookmark\">O horror que uma crian\u00e7a aprende a chamar de casa<\/a><\/h2>\t\t\t<div class=\"sow-entry-meta\">\n\t\t\t\t\t\t\t<span class=\"sow-featured-post\">Sticky<\/span>\n\t\t\t\t\t\t<span class=\"sow-entry-date\">\n\t\t\t\t<a href=\"https:\/\/www2.uepg.br\/elos\/o-horror-que-uma-crianca-aprende-a-chamar-de-casa\/\" rel=\"bookmark\">\n\t\t\t\t\t<time class=\"published\" datetime=\"2026-08-25T12:50:15-03:00\">\n\t\t\t\t\t\t25 de agosto de 2026\t\t\t\t\t<\/time>\n\t\t\t\t\t<time class=\"updated\" datetime=\"2026-08-25T12:55:43-03:00\">\n\t\t\t\t\t\t25 de agosto de 2026\t\t\t\t\t<\/time>\n\t\t\t\t<\/a>\n\t\t\t<\/span>\n\t\t\n\t\t\t\t\t<span class=\"sow-entry-author-link byline\">\n\t\t\t\t\t\t\t\t\t<span class=\"sow-author author vcard\">\n\t\t\t\t\t\t<a class=\"url fn n\" href=\"https:\/\/www2.uepg.br\/elos\/author\/pmrocha\/\" rel=\"author\">\n\t\t\t\t\t\t\tElos - Jornalismo, Direitos Humanos e Forma\u00e7\u00e3o Cidad\u00e3\t\t\t\t\t\t<\/a>\n\t\t\t\t\t<\/span>\n\t\t\t\t\t\t\t<\/span>\n\t\t\n\t\t\t\t\t<span class=\"sow-entry-categories\">\n\t\t\t\t<a href=\"https:\/\/www2.uepg.br\/elos\/category\/diversos\/\" rel=\"category tag\">Diversos<\/a>, <a href=\"https:\/\/www2.uepg.br\/elos\/category\/materia\/\" rel=\"category tag\">Mat\u00e9ria<\/a>, <a href=\"https:\/\/www2.uepg.br\/elos\/category\/noticias\/\" rel=\"category tag\">Not\u00edcias<\/a>, <a href=\"https:\/\/www2.uepg.br\/elos\/category\/posts\/\" rel=\"category tag\">Posts<\/a>\t\t\t<\/span>\n\t\t\n\t\t\t\t\t<\/div>\n\t\t<\/header>\n\n\t\t<div class=\"sow-entry-content\">\n\t\t\t<p>Lucy Rose, autora de A Cordeirinha, revela em entrevista como transformou viol\u00eancia intrafamiliar e controle sobre o corpo em uma hist\u00f3ria sobre inf\u00e2ncia, sobreviv\u00eancia e a coragem de imaginar uma vida para al\u00e9m da viol\u00eancia Por Maria Gallinea Existe um tipo de horror que n\u00e3o precisa de monstros para assustar. Ele pode morar na cozinha, sentar \u00e0 mesa, preparar o jantar e chamar a pr\u00f3pria viol\u00eancia de cuidado. \u00c9 esse horror, muito mais \u00edntimo do que sobrenatural, que Lucy Rose coloca no centro de A Cordeirinha, t\u00edtulo brasileiro de The Lamb. O romance de estreia da escritora e cineasta brit\u00e2nica...<a class=\"sow-more-link more-link excerpt\" href=\"https:\/\/www2.uepg.br\/elos\/o-horror-que-uma-crianca-aprende-a-chamar-de-casa\/\">\n\t\t\tContinue reading<span class=\"sow-more-link-arrow\">&rarr;<\/span><\/a><\/p>\t\t<\/div>\n\t<\/div>\n<\/article>\n\t\t\t\t\t\t\t<article id=\"post-7396\" class=\"sow-blog-columns  post-7396 post type-post status-publish format-standard has-post-thumbnail hentry category-genero category-materia category-noticias category-posts tag-coletivizando-parto-humanizado tag-direitos-humanos tag-genero\" style=\"display: flex; flex-wrap: wrap; justify-content: space-between; margin-bottom: 30px;\">\n\t\t\t\t<div class=\"sow-entry-thumbnail\">\n\t\t\t\t\t\t\t\t<a href=\"https:\/\/www2.uepg.br\/elos\/formatura-do-projeto-coletivizando-parto-humanizado-celebra-capacitacao-e-geracao-de-renda\/\">\n\t\t\t\t\t<img width=\"1232\" height=\"825\" src=\"https:\/\/www2.uepg.br\/elos\/wp-content\/uploads\/sites\/285\/2026\/08\/LEO-CAPA-1232x825.jpg\" class=\"attachment-post-thumbnail size-post-thumbnail wp-post-image\" alt=\"\" loading=\"lazy\" srcset=\"https:\/\/www2.uepg.br\/elos\/wp-content\/uploads\/sites\/285\/2026\/08\/LEO-CAPA-1232x825.jpg 1232w, https:\/\/www2.uepg.br\/elos\/wp-content\/uploads\/sites\/285\/2026\/08\/LEO-CAPA-300x201.jpg 300w, https:\/\/www2.uepg.br\/elos\/wp-content\/uploads\/sites\/285\/2026\/08\/LEO-CAPA-1024x685.jpg 1024w, https:\/\/www2.uepg.br\/elos\/wp-content\/uploads\/sites\/285\/2026\/08\/LEO-CAPA-768x514.jpg 768w, https:\/\/www2.uepg.br\/elos\/wp-content\/uploads\/sites\/285\/2026\/08\/LEO-CAPA-1536x1028.jpg 1536w, https:\/\/www2.uepg.br\/elos\/wp-content\/uploads\/sites\/285\/2026\/08\/LEO-CAPA-2048x1371.jpg 2048w, https:\/\/www2.uepg.br\/elos\/wp-content\/uploads\/sites\/285\/2026\/08\/LEO-CAPA-1613x1080.jpg 1613w, https:\/\/www2.uepg.br\/elos\/wp-content\/uploads\/sites\/285\/2026\/08\/LEO-CAPA-272x182.jpg 272w\" sizes=\"(max-width: 1232px) 100vw, 1232px\" \/>\t\t\t\t<\/a>\n\t\t\t<\/div>\n\t\t\t\t<div class=\"sow-blog-content-wrapper\">\n\t\t<header class=\"sow-entry-header\" style=\"margin-bottom: 18px;\">\n\t\t\t<h2 class=\"sow-entry-title\" style=\"margin: 0 0 5px;\"><a href=\"https:\/\/www2.uepg.br\/elos\/formatura-do-projeto-coletivizando-parto-humanizado-celebra-capacitacao-e-geracao-de-renda\/\" rel=\"bookmark\">Formatura do projeto Coletivizando Parto Humanizado celebra capacita\u00e7\u00e3o e gera\u00e7\u00e3o de renda<\/a><\/h2>\t\t\t<div class=\"sow-entry-meta\">\n\t\t\t\t\t\t\t<span class=\"sow-featured-post\">Sticky<\/span>\n\t\t\t\t\t\t<span class=\"sow-entry-date\">\n\t\t\t\t<a href=\"https:\/\/www2.uepg.br\/elos\/formatura-do-projeto-coletivizando-parto-humanizado-celebra-capacitacao-e-geracao-de-renda\/\" rel=\"bookmark\">\n\t\t\t\t\t<time class=\"published\" datetime=\"2026-08-21T14:26:23-03:00\">\n\t\t\t\t\t\t21 de agosto de 2026\t\t\t\t\t<\/time>\n\t\t\t\t\t<time class=\"updated\" datetime=\"2026-08-21T14:31:37-03:00\">\n\t\t\t\t\t\t21 de agosto de 2026\t\t\t\t\t<\/time>\n\t\t\t\t<\/a>\n\t\t\t<\/span>\n\t\t\n\t\t\t\t\t<span class=\"sow-entry-author-link byline\">\n\t\t\t\t\t\t\t\t\t<span class=\"sow-author author vcard\">\n\t\t\t\t\t\t<a class=\"url fn n\" href=\"https:\/\/www2.uepg.br\/elos\/author\/pmrocha\/\" rel=\"author\">\n\t\t\t\t\t\t\tElos - Jornalismo, Direitos Humanos e Forma\u00e7\u00e3o Cidad\u00e3\t\t\t\t\t\t<\/a>\n\t\t\t\t\t<\/span>\n\t\t\t\t\t\t\t<\/span>\n\t\t\n\t\t\t\t\t<span class=\"sow-entry-categories\">\n\t\t\t\t<a href=\"https:\/\/www2.uepg.br\/elos\/category\/genero\/\" rel=\"category tag\">G\u00eanero<\/a>, <a href=\"https:\/\/www2.uepg.br\/elos\/category\/materia\/\" rel=\"category tag\">Mat\u00e9ria<\/a>, <a href=\"https:\/\/www2.uepg.br\/elos\/category\/noticias\/\" rel=\"category tag\">Not\u00edcias<\/a>, <a href=\"https:\/\/www2.uepg.br\/elos\/category\/posts\/\" rel=\"category tag\">Posts<\/a>\t\t\t<\/span>\n\t\t\n\t\t\t\t\t<\/div>\n\t\t<\/header>\n\n\t\t<div class=\"sow-entry-content\">\n\t\t\t<p>Iniciativa da Associa\u00e7\u00e3o das Mulheres dos Campos Gerais uniu capacita\u00e7\u00e3o profissional em costura, apoio ao parto e doa\u00e7\u00e3o de kits produzidos pelas pr\u00f3prias alunas por Leonardo Correia No \u00faltimo s\u00e1bado (15), ocorreu a cerim\u00f4nia de formatura das integrantes do projeto Coletivizando Parto Humanizado, \u00e0s 16 horas, no Centro Social Casa do Pi\u00e1. O projeto oferece forma\u00e7\u00e3o gratuita para gestantes e mulheres, com atividades voltadas ao cuidado, ao conhecimento e \u00e0 gera\u00e7\u00e3o de renda solid\u00e1ria.\u00a0 Como parte da forma\u00e7\u00e3o, as integrantes participaram de oficinas de costura realizadas \u00e0s ter\u00e7as e quintas-feiras, das 13h30 \u00e0s 16 horas, na Casa do Pi\u00e1. Durante...<a class=\"sow-more-link more-link excerpt\" href=\"https:\/\/www2.uepg.br\/elos\/formatura-do-projeto-coletivizando-parto-humanizado-celebra-capacitacao-e-geracao-de-renda\/\">\n\t\t\tContinue reading<span class=\"sow-more-link-arrow\">&rarr;<\/span><\/a><\/p>\t\t<\/div>\n\t<\/div>\n<\/article>\n\t\t\t\t\t\t\t<article id=\"post-7391\" class=\"sow-blog-columns  post-7391 post type-post status-publish format-standard has-post-thumbnail hentry category-destaques category-genero category-materia category-noticias tag-direitos-humanos tag-genero tag-jornalismo\" style=\"display: flex; flex-wrap: wrap; justify-content: space-between; margin-bottom: 30px;\">\n\t\t\t\t<div class=\"sow-entry-thumbnail\">\n\t\t\t\t\t\t\t\t<a href=\"https:\/\/www2.uepg.br\/elos\/mulheres-com-deficiencia-e-a-comunidade-lgbtqiapn-vulnerabilidades-direitos-e-violencia-intrafamiliar-em-debate\/\">\n\t\t\t\t\t<img width=\"1080\" height=\"1350\" src=\"https:\/\/www2.uepg.br\/elos\/wp-content\/uploads\/sites\/285\/2026\/08\/Arte-oficina-sexta-feira.png\" class=\"attachment-post-thumbnail size-post-thumbnail wp-post-image\" alt=\"\" loading=\"lazy\" srcset=\"https:\/\/www2.uepg.br\/elos\/wp-content\/uploads\/sites\/285\/2026\/08\/Arte-oficina-sexta-feira.png 1080w, https:\/\/www2.uepg.br\/elos\/wp-content\/uploads\/sites\/285\/2026\/08\/Arte-oficina-sexta-feira-240x300.png 240w, https:\/\/www2.uepg.br\/elos\/wp-content\/uploads\/sites\/285\/2026\/08\/Arte-oficina-sexta-feira-819x1024.png 819w, https:\/\/www2.uepg.br\/elos\/wp-content\/uploads\/sites\/285\/2026\/08\/Arte-oficina-sexta-feira-768x960.png 768w, https:\/\/www2.uepg.br\/elos\/wp-content\/uploads\/sites\/285\/2026\/08\/Arte-oficina-sexta-feira-864x1080.png 864w\" sizes=\"(max-width: 1080px) 100vw, 1080px\" \/>\t\t\t\t<\/a>\n\t\t\t<\/div>\n\t\t\t\t<div class=\"sow-blog-content-wrapper\">\n\t\t<header class=\"sow-entry-header\" style=\"margin-bottom: 18px;\">\n\t\t\t<h2 class=\"sow-entry-title\" style=\"margin: 0 0 5px;\"><a href=\"https:\/\/www2.uepg.br\/elos\/mulheres-com-deficiencia-e-a-comunidade-lgbtqiapn-vulnerabilidades-direitos-e-violencia-intrafamiliar-em-debate\/\" rel=\"bookmark\">Mulheres com defici\u00eancia e a comunidade LGBTQIAPN+: vulnerabilidades, direitos e viol\u00eancia intrafamiliar em debate<\/a><\/h2>\t\t\t<div class=\"sow-entry-meta\">\n\t\t\t\t\t\t\t<span class=\"sow-featured-post\">Sticky<\/span>\n\t\t\t\t\t\t<span class=\"sow-entry-date\">\n\t\t\t\t<a href=\"https:\/\/www2.uepg.br\/elos\/mulheres-com-deficiencia-e-a-comunidade-lgbtqiapn-vulnerabilidades-direitos-e-violencia-intrafamiliar-em-debate\/\" rel=\"bookmark\">\n\t\t\t\t\t<time class=\"published\" datetime=\"2026-08-20T17:14:03-03:00\">\n\t\t\t\t\t\t20 de agosto de 2026\t\t\t\t\t<\/time>\n\t\t\t\t\t<time class=\"updated\" datetime=\"2026-08-20T17:18:46-03:00\">\n\t\t\t\t\t\t20 de agosto de 2026\t\t\t\t\t<\/time>\n\t\t\t\t<\/a>\n\t\t\t<\/span>\n\t\t\n\t\t\t\t\t<span class=\"sow-entry-author-link byline\">\n\t\t\t\t\t\t\t\t\t<span class=\"sow-author author vcard\">\n\t\t\t\t\t\t<a class=\"url fn n\" href=\"https:\/\/www2.uepg.br\/elos\/author\/pmrocha\/\" rel=\"author\">\n\t\t\t\t\t\t\tElos - Jornalismo, Direitos Humanos e Forma\u00e7\u00e3o Cidad\u00e3\t\t\t\t\t\t<\/a>\n\t\t\t\t\t<\/span>\n\t\t\t\t\t\t\t<\/span>\n\t\t\n\t\t\t\t\t<span class=\"sow-entry-categories\">\n\t\t\t\t<a href=\"https:\/\/www2.uepg.br\/elos\/category\/destaques\/\" rel=\"category tag\">Destaques<\/a>, <a href=\"https:\/\/www2.uepg.br\/elos\/category\/genero\/\" rel=\"category tag\">G\u00eanero<\/a>, <a href=\"https:\/\/www2.uepg.br\/elos\/category\/materia\/\" rel=\"category tag\">Mat\u00e9ria<\/a>, <a href=\"https:\/\/www2.uepg.br\/elos\/category\/noticias\/\" rel=\"category tag\">Not\u00edcias<\/a>\t\t\t<\/span>\n\t\t\n\t\t\t\t\t<\/div>\n\t\t<\/header>\n\n\t\t<div class=\"sow-entry-content\">\n\t\t\t<p>No Agosto Lil\u00e1s, o evento Enfrentamento \u00e0 Viol\u00eancia Intrafamiliar prop\u00f5e atividades de preven\u00e7\u00e3o \u00e0 viol\u00eancia contra as mulheres Por Lucas Barbato A Semana Municipal de Enfrentamento \u00e0 Viol\u00eancia Intrafamiliar surgiu em 2025, a partir do projeto de extens\u00e3o N\u00facleo de Estudos da Viol\u00eancia Intrafamiliar (NEVIN) da Universidade Estadual de Ponta Grossa (UEPG), ligado ao curso de Direito e \u00e0 disciplina de mestrado &#8220;Viol\u00eancia Intrafamiliar&#8221;. A primeira edi\u00e7\u00e3o foi reconhecida e institu\u00edda por lei na cidade de Ponta Grossa. A professora Maria Cristina Rauch Baranoski, organizadora do evento, destaca a import\u00e2ncia da lei e do marco para o m\u00eas de agosto....<a class=\"sow-more-link more-link excerpt\" href=\"https:\/\/www2.uepg.br\/elos\/mulheres-com-deficiencia-e-a-comunidade-lgbtqiapn-vulnerabilidades-direitos-e-violencia-intrafamiliar-em-debate\/\">\n\t\t\tContinue reading<span class=\"sow-more-link-arrow\">&rarr;<\/span><\/a><\/p>\t\t<\/div>\n\t<\/div>\n<\/article>\n\t\t\t\t\t\t\t<article id=\"post-7386\" class=\"sow-blog-columns  post-7386 post type-post status-publish format-standard has-post-thumbnail hentry category-noticias\" style=\"display: flex; flex-wrap: wrap; justify-content: space-between; margin-bottom: 30px;\">\n\t\t\t\t<div class=\"sow-entry-thumbnail\">\n\t\t\t\t\t\t\t\t<a href=\"https:\/\/www2.uepg.br\/elos\/regulamentacao-do-trabalho-no-comercio-em-feriados-recebe-novas-regras\/\">\n\t\t\t\t\t<img width=\"1232\" height=\"924\" src=\"https:\/\/www2.uepg.br\/elos\/wp-content\/uploads\/sites\/285\/2026\/08\/foto-capa-1232x924.png\" class=\"attachment-post-thumbnail size-post-thumbnail wp-post-image\" alt=\"\" loading=\"lazy\" srcset=\"https:\/\/www2.uepg.br\/elos\/wp-content\/uploads\/sites\/285\/2026\/08\/foto-capa-1232x924.png 1232w, https:\/\/www2.uepg.br\/elos\/wp-content\/uploads\/sites\/285\/2026\/08\/foto-capa-300x225.png 300w, https:\/\/www2.uepg.br\/elos\/wp-content\/uploads\/sites\/285\/2026\/08\/foto-capa-1024x768.png 1024w, https:\/\/www2.uepg.br\/elos\/wp-content\/uploads\/sites\/285\/2026\/08\/foto-capa-768x576.png 768w, https:\/\/www2.uepg.br\/elos\/wp-content\/uploads\/sites\/285\/2026\/08\/foto-capa-1536x1151.png 1536w, https:\/\/www2.uepg.br\/elos\/wp-content\/uploads\/sites\/285\/2026\/08\/foto-capa-1441x1080.png 1441w, https:\/\/www2.uepg.br\/elos\/wp-content\/uploads\/sites\/285\/2026\/08\/foto-capa.png 1921w\" sizes=\"(max-width: 1232px) 100vw, 1232px\" \/>\t\t\t\t<\/a>\n\t\t\t<\/div>\n\t\t\t\t<div class=\"sow-blog-content-wrapper\">\n\t\t<header class=\"sow-entry-header\" style=\"margin-bottom: 18px;\">\n\t\t\t<h2 class=\"sow-entry-title\" style=\"margin: 0 0 5px;\"><a href=\"https:\/\/www2.uepg.br\/elos\/regulamentacao-do-trabalho-no-comercio-em-feriados-recebe-novas-regras\/\" rel=\"bookmark\">Regulamenta\u00e7\u00e3o do trabalho no com\u00e9rcio em feriados recebe novas regras<\/a><\/h2>\t\t\t<div class=\"sow-entry-meta\">\n\t\t\t\t\t\t\t<span class=\"sow-featured-post\">Sticky<\/span>\n\t\t\t\t\t\t<span class=\"sow-entry-date\">\n\t\t\t\t<a href=\"https:\/\/www2.uepg.br\/elos\/regulamentacao-do-trabalho-no-comercio-em-feriados-recebe-novas-regras\/\" rel=\"bookmark\">\n\t\t\t\t\t<time class=\"published\" datetime=\"2026-08-18T10:48:08-03:00\">\n\t\t\t\t\t\t18 de agosto de 2026\t\t\t\t\t<\/time>\n\t\t\t\t\t<time class=\"updated\" datetime=\"2026-08-18T10:48:08-03:00\">\n\t\t\t\t\t\t18 de agosto de 2026\t\t\t\t\t<\/time>\n\t\t\t\t<\/a>\n\t\t\t<\/span>\n\t\t\n\t\t\t\t\t<span class=\"sow-entry-author-link byline\">\n\t\t\t\t\t\t\t\t\t<span class=\"sow-author author vcard\">\n\t\t\t\t\t\t<a class=\"url fn n\" href=\"https:\/\/www2.uepg.br\/elos\/author\/pmrocha\/\" rel=\"author\">\n\t\t\t\t\t\t\tElos - Jornalismo, Direitos Humanos e Forma\u00e7\u00e3o Cidad\u00e3\t\t\t\t\t\t<\/a>\n\t\t\t\t\t<\/span>\n\t\t\t\t\t\t\t<\/span>\n\t\t\n\t\t\t\t\t<span class=\"sow-entry-categories\">\n\t\t\t\t<a href=\"https:\/\/www2.uepg.br\/elos\/category\/noticias\/\" rel=\"category tag\">Not\u00edcias<\/a>\t\t\t<\/span>\n\t\t\n\t\t\t\t\t<\/div>\n\t\t<\/header>\n\n\t\t<div class=\"sow-entry-content\">\n\t\t\t<p>Decis\u00e3o firmada pelo Minist\u00e9rio do Trabalho exige negocia\u00e7\u00e3o coletiva para o trabalho em feriados e amplia a participa\u00e7\u00e3o dos sindicatos nas defini\u00e7\u00f5es &nbsp; Por: Celyne Stefani e Guilherme Roza O acordo que regulamenta o trabalho no com\u00e9rcio em feriados foi formalizado pelo Minist\u00e9rio do Trabalho e Emprego (MTE) no dia 21 de julho. As novas regras foram estabelecidas entre empregadores e representantes dos trabalhadores, sendo agora exigida autoriza\u00e7\u00e3o prevista em conven\u00e7\u00e3o coletiva, acertada entre os sindicatos de trabalhadores e empregadores.\u00a0\u00a0 As mudan\u00e7as foram determinadas pela Portaria MTE n\u00ba 1.316\/2026, que modificou a Portaria MTP 671\/2021 para adequar ao que est\u00e1...<a class=\"sow-more-link more-link excerpt\" href=\"https:\/\/www2.uepg.br\/elos\/regulamentacao-do-trabalho-no-comercio-em-feriados-recebe-novas-regras\/\">\n\t\t\tContinue reading<span class=\"sow-more-link-arrow\">&rarr;<\/span><\/a><\/p>\t\t<\/div>\n\t<\/div>\n<\/article>\n\t\t\t\t\t\t\t<article id=\"post-7384\" class=\"sow-blog-columns  post-7384 post type-post status-publish format-standard has-post-thumbnail hentry category-elos category-noticias category-posts tag-chuvas tag-escolas tag-retorno-de-aulas\" style=\"display: flex; flex-wrap: wrap; justify-content: space-between; margin-bottom: 30px;\">\n\t\t\t\t<div class=\"sow-entry-thumbnail\">\n\t\t\t\t\t\t\t\t<a href=\"https:\/\/www2.uepg.br\/elos\/apos-meses-de-interdicao-alunos-retornam-a-escola-jose-pinto-rosas\/\">\n\t\t\t\t\t<img width=\"1232\" height=\"924\" src=\"https:\/\/www2.uepg.br\/elos\/wp-content\/uploads\/sites\/285\/2026\/08\/Leonardo-Correia-1232x924.jpg\" class=\"attachment-post-thumbnail size-post-thumbnail wp-post-image\" alt=\"\" loading=\"lazy\" srcset=\"https:\/\/www2.uepg.br\/elos\/wp-content\/uploads\/sites\/285\/2026\/08\/Leonardo-Correia-1232x924.jpg 1232w, https:\/\/www2.uepg.br\/elos\/wp-content\/uploads\/sites\/285\/2026\/08\/Leonardo-Correia-300x225.jpg 300w, https:\/\/www2.uepg.br\/elos\/wp-content\/uploads\/sites\/285\/2026\/08\/Leonardo-Correia-1024x768.jpg 1024w, https:\/\/www2.uepg.br\/elos\/wp-content\/uploads\/sites\/285\/2026\/08\/Leonardo-Correia-768x576.jpg 768w, https:\/\/www2.uepg.br\/elos\/wp-content\/uploads\/sites\/285\/2026\/08\/Leonardo-Correia-1536x1152.jpg 1536w, https:\/\/www2.uepg.br\/elos\/wp-content\/uploads\/sites\/285\/2026\/08\/Leonardo-Correia-1440x1080.jpg 1440w, https:\/\/www2.uepg.br\/elos\/wp-content\/uploads\/sites\/285\/2026\/08\/Leonardo-Correia.jpg 1600w\" sizes=\"(max-width: 1232px) 100vw, 1232px\" \/>\t\t\t\t<\/a>\n\t\t\t<\/div>\n\t\t\t\t<div class=\"sow-blog-content-wrapper\">\n\t\t<header class=\"sow-entry-header\" style=\"margin-bottom: 18px;\">\n\t\t\t<h2 class=\"sow-entry-title\" style=\"margin: 0 0 5px;\"><a href=\"https:\/\/www2.uepg.br\/elos\/apos-meses-de-interdicao-alunos-retornam-a-escola-jose-pinto-rosas\/\" rel=\"bookmark\">Ap\u00f3s meses de interdi\u00e7\u00e3o, alunos retornam \u00e0 Escola Jos\u00e9 Pinto Rosas<\/a><\/h2>\t\t\t<div class=\"sow-entry-meta\">\n\t\t\t\t\t\t\t<span class=\"sow-featured-post\">Sticky<\/span>\n\t\t\t\t\t\t<span class=\"sow-entry-date\">\n\t\t\t\t<a href=\"https:\/\/www2.uepg.br\/elos\/apos-meses-de-interdicao-alunos-retornam-a-escola-jose-pinto-rosas\/\" rel=\"bookmark\">\n\t\t\t\t\t<time class=\"published\" datetime=\"2026-08-15T21:14:26-03:00\">\n\t\t\t\t\t\t15 de agosto de 2026\t\t\t\t\t<\/time>\n\t\t\t\t\t<time class=\"updated\" datetime=\"2026-08-18T10:49:58-03:00\">\n\t\t\t\t\t\t18 de agosto de 2026\t\t\t\t\t<\/time>\n\t\t\t\t<\/a>\n\t\t\t<\/span>\n\t\t\n\t\t\t\t\t<span class=\"sow-entry-author-link byline\">\n\t\t\t\t\t\t\t\t\t<span class=\"sow-author author vcard\">\n\t\t\t\t\t\t<a class=\"url fn n\" href=\"https:\/\/www2.uepg.br\/elos\/author\/pmrocha\/\" rel=\"author\">\n\t\t\t\t\t\t\tElos - Jornalismo, Direitos Humanos e Forma\u00e7\u00e3o Cidad\u00e3\t\t\t\t\t\t<\/a>\n\t\t\t\t\t<\/span>\n\t\t\t\t\t\t\t<\/span>\n\t\t\n\t\t\t\t\t<span class=\"sow-entry-categories\">\n\t\t\t\t<a href=\"https:\/\/www2.uepg.br\/elos\/category\/elos\/\" rel=\"category tag\">Elos<\/a>, <a href=\"https:\/\/www2.uepg.br\/elos\/category\/noticias\/\" rel=\"category tag\">Not\u00edcias<\/a>, <a href=\"https:\/\/www2.uepg.br\/elos\/category\/posts\/\" rel=\"category tag\">Posts<\/a>\t\t\t<\/span>\n\t\t\n\t\t\t\t\t<\/div>\n\t\t<\/header>\n\n\t\t<div class=\"sow-entry-content\">\n\t\t\t<p>Estudantes passaram parte do ano letivo em outras institui\u00e7\u00f5es devido aos danos causados pelas fortes chuvas de setembro de 2025 por Leonardo Correia Na primeira semana de agosto, estudantes e professores da Escola Municipal Dr. Jos\u00e9 Pinto Rosas, localizada no N\u00facleo Bonsucesso, retomaram suas atividades ap\u00f3s a interdi\u00e7\u00e3o da unidade, causada pelos danos provocados pelas fortes chuvas de setembro do ano passado. O temporal danificou os telhados do pr\u00e9dio principal e da quadra de esportes, deixando a escola sem condi\u00e7\u00f5es de funcionamento.\u00a0 A situa\u00e7\u00e3o foi denunciada pela equipe do ELOS em reportagem publicada em 9 de abril deste ano, que...<a class=\"sow-more-link more-link excerpt\" href=\"https:\/\/www2.uepg.br\/elos\/apos-meses-de-interdicao-alunos-retornam-a-escola-jose-pinto-rosas\/\">\n\t\t\tContinue reading<span class=\"sow-more-link-arrow\">&rarr;<\/span><\/a><\/p>\t\t<\/div>\n\t<\/div>\n<\/article>\n\t\t\t\t\t\t\t<article id=\"post-7378\" class=\"sow-blog-columns  post-7378 post type-post status-publish format-standard has-post-thumbnail hentry category-noticias\" style=\"display: flex; flex-wrap: wrap; justify-content: space-between; margin-bottom: 30px;\">\n\t\t\t\t<div class=\"sow-entry-thumbnail\">\n\t\t\t\t\t\t\t\t<a href=\"https:\/\/www2.uepg.br\/elos\/enfrentar-a-violencia-tambem-e-impedir-que-ela-se-repita\/\">\n\t\t\t\t\t<img width=\"821\" height=\"550\" src=\"https:\/\/www2.uepg.br\/elos\/wp-content\/uploads\/sites\/285\/2026\/08\/Credito_-Maria-Gallinea.jpg\" class=\"attachment-post-thumbnail size-post-thumbnail wp-post-image\" alt=\"\" loading=\"lazy\" srcset=\"https:\/\/www2.uepg.br\/elos\/wp-content\/uploads\/sites\/285\/2026\/08\/Credito_-Maria-Gallinea.jpg 821w, https:\/\/www2.uepg.br\/elos\/wp-content\/uploads\/sites\/285\/2026\/08\/Credito_-Maria-Gallinea-300x201.jpg 300w, https:\/\/www2.uepg.br\/elos\/wp-content\/uploads\/sites\/285\/2026\/08\/Credito_-Maria-Gallinea-768x514.jpg 768w, https:\/\/www2.uepg.br\/elos\/wp-content\/uploads\/sites\/285\/2026\/08\/Credito_-Maria-Gallinea-272x182.jpg 272w\" sizes=\"(max-width: 821px) 100vw, 821px\" \/>\t\t\t\t<\/a>\n\t\t\t<\/div>\n\t\t\t\t<div class=\"sow-blog-content-wrapper\">\n\t\t<header class=\"sow-entry-header\" style=\"margin-bottom: 18px;\">\n\t\t\t<h2 class=\"sow-entry-title\" style=\"margin: 0 0 5px;\"><a href=\"https:\/\/www2.uepg.br\/elos\/enfrentar-a-violencia-tambem-e-impedir-que-ela-se-repita\/\" rel=\"bookmark\">Enfrentar a viol\u00eancia tamb\u00e9m \u00e9 impedir que ela se repita<\/a><\/h2>\t\t\t<div class=\"sow-entry-meta\">\n\t\t\t\t\t\t\t<span class=\"sow-featured-post\">Sticky<\/span>\n\t\t\t\t\t\t<span class=\"sow-entry-date\">\n\t\t\t\t<a href=\"https:\/\/www2.uepg.br\/elos\/enfrentar-a-violencia-tambem-e-impedir-que-ela-se-repita\/\" rel=\"bookmark\">\n\t\t\t\t\t<time class=\"published\" datetime=\"2026-08-13T19:01:53-03:00\">\n\t\t\t\t\t\t13 de agosto de 2026\t\t\t\t\t<\/time>\n\t\t\t\t\t<time class=\"updated\" datetime=\"2026-08-18T10:49:30-03:00\">\n\t\t\t\t\t\t18 de agosto de 2026\t\t\t\t\t<\/time>\n\t\t\t\t<\/a>\n\t\t\t<\/span>\n\t\t\n\t\t\t\t\t<span class=\"sow-entry-author-link byline\">\n\t\t\t\t\t\t\t\t\t<span class=\"sow-author author vcard\">\n\t\t\t\t\t\t<a class=\"url fn n\" href=\"https:\/\/www2.uepg.br\/elos\/author\/pmrocha\/\" rel=\"author\">\n\t\t\t\t\t\t\tElos - Jornalismo, Direitos Humanos e Forma\u00e7\u00e3o Cidad\u00e3\t\t\t\t\t\t<\/a>\n\t\t\t\t\t<\/span>\n\t\t\t\t\t\t\t<\/span>\n\t\t\n\t\t\t\t\t<span class=\"sow-entry-categories\">\n\t\t\t\t<a href=\"https:\/\/www2.uepg.br\/elos\/category\/noticias\/\" rel=\"category tag\">Not\u00edcias<\/a>\t\t\t<\/span>\n\t\t\n\t\t\t\t\t<\/div>\n\t\t<\/header>\n\n\t\t<div class=\"sow-entry-content\">\n\t\t\t<p>Oficinas da II Semana de Enfrentamento \u00e0 Viol\u00eancia Intrafamiliar discutem responsabiliza\u00e7\u00e3o de autores, preven\u00e7\u00e3o e rompimento do sil\u00eancio Por: Maria Gallinea\u00a0 A viol\u00eancia contra a mulher n\u00e3o termina quando uma agress\u00e3o chega ao conhecimento da justi\u00e7a. Antes dela, existe uma cadeia de comportamentos, sil\u00eancios, rela\u00e7\u00f5es de poder e mecanismos de controle que podem permanecer invis\u00edveis por anos. Depois que a viol\u00eancia acontece, existe o desafio de proteger a v\u00edtima, responsabilizar quem praticou a viol\u00eancia e impedir que o ciclo continue. \u00c9 justamente entre esses dois momentos que se concentra a programa\u00e7\u00e3o da II Semana de Enfrentamento \u00e0 Viol\u00eancia Intrafamiliar, realizada...<a class=\"sow-more-link more-link excerpt\" href=\"https:\/\/www2.uepg.br\/elos\/enfrentar-a-violencia-tambem-e-impedir-que-ela-se-repita\/\">\n\t\t\tContinue reading<span class=\"sow-more-link-arrow\">&rarr;<\/span><\/a><\/p>\t\t<\/div>\n\t<\/div>\n<\/article>\n\t\t\t\t\t\t\t<article id=\"post-7373\" class=\"sow-blog-columns  post-7373 post type-post status-publish format-standard has-post-thumbnail hentry category-noticias\" style=\"display: flex; flex-wrap: wrap; justify-content: space-between; margin-bottom: 30px;\">\n\t\t\t\t<div class=\"sow-entry-thumbnail\">\n\t\t\t\t\t\t\t\t<a href=\"https:\/\/www2.uepg.br\/elos\/imposicao-de-padroes-esteticos-segue-presente-no-cotidiano-das-mulheres\/\">\n\t\t\t\t\t<img width=\"1080\" height=\"1350\" src=\"https:\/\/www2.uepg.br\/elos\/wp-content\/uploads\/sites\/285\/2026\/08\/Arte-por-Bruna-Sluzala.png\" class=\"attachment-post-thumbnail size-post-thumbnail wp-post-image\" alt=\"\" loading=\"lazy\" srcset=\"https:\/\/www2.uepg.br\/elos\/wp-content\/uploads\/sites\/285\/2026\/08\/Arte-por-Bruna-Sluzala.png 1080w, https:\/\/www2.uepg.br\/elos\/wp-content\/uploads\/sites\/285\/2026\/08\/Arte-por-Bruna-Sluzala-240x300.png 240w, https:\/\/www2.uepg.br\/elos\/wp-content\/uploads\/sites\/285\/2026\/08\/Arte-por-Bruna-Sluzala-819x1024.png 819w, https:\/\/www2.uepg.br\/elos\/wp-content\/uploads\/sites\/285\/2026\/08\/Arte-por-Bruna-Sluzala-768x960.png 768w, https:\/\/www2.uepg.br\/elos\/wp-content\/uploads\/sites\/285\/2026\/08\/Arte-por-Bruna-Sluzala-864x1080.png 864w\" sizes=\"(max-width: 1080px) 100vw, 1080px\" \/>\t\t\t\t<\/a>\n\t\t\t<\/div>\n\t\t\t\t<div class=\"sow-blog-content-wrapper\">\n\t\t<header class=\"sow-entry-header\" style=\"margin-bottom: 18px;\">\n\t\t\t<h2 class=\"sow-entry-title\" style=\"margin: 0 0 5px;\"><a href=\"https:\/\/www2.uepg.br\/elos\/imposicao-de-padroes-esteticos-segue-presente-no-cotidiano-das-mulheres\/\" rel=\"bookmark\">Imposi\u00e7\u00e3o de padr\u00f5es est\u00e9ticos segue presente no cotidiano das mulheres<\/a><\/h2>\t\t\t<div class=\"sow-entry-meta\">\n\t\t\t\t\t\t\t<span class=\"sow-featured-post\">Sticky<\/span>\n\t\t\t\t\t\t<span class=\"sow-entry-date\">\n\t\t\t\t<a href=\"https:\/\/www2.uepg.br\/elos\/imposicao-de-padroes-esteticos-segue-presente-no-cotidiano-das-mulheres\/\" rel=\"bookmark\">\n\t\t\t\t\t<time class=\"published\" datetime=\"2026-08-13T14:44:38-03:00\">\n\t\t\t\t\t\t13 de agosto de 2026\t\t\t\t\t<\/time>\n\t\t\t\t\t<time class=\"updated\" datetime=\"2026-08-13T14:44:54-03:00\">\n\t\t\t\t\t\t13 de agosto de 2026\t\t\t\t\t<\/time>\n\t\t\t\t<\/a>\n\t\t\t<\/span>\n\t\t\n\t\t\t\t\t<span class=\"sow-entry-author-link byline\">\n\t\t\t\t\t\t\t\t\t<span class=\"sow-author author vcard\">\n\t\t\t\t\t\t<a class=\"url fn n\" href=\"https:\/\/www2.uepg.br\/elos\/author\/pmrocha\/\" rel=\"author\">\n\t\t\t\t\t\t\tElos - Jornalismo, Direitos Humanos e Forma\u00e7\u00e3o Cidad\u00e3\t\t\t\t\t\t<\/a>\n\t\t\t\t\t<\/span>\n\t\t\t\t\t\t\t<\/span>\n\t\t\n\t\t\t\t\t<span class=\"sow-entry-categories\">\n\t\t\t\t<a href=\"https:\/\/www2.uepg.br\/elos\/category\/noticias\/\" rel=\"category tag\">Not\u00edcias<\/a>\t\t\t<\/span>\n\t\t\n\t\t\t\t\t<\/div>\n\t\t<\/header>\n\n\t\t<div class=\"sow-entry-content\">\n\t\t\t<p>Influ\u00eancias socioculturais e exposi\u00e7\u00e3o excessiva a internet contribuem para a normaliza\u00e7\u00e3o de comportamentos de risco e distor\u00e7\u00e3o da autoimagem Por Bruna Sluzala De acordo com o Instituto Locomotiva, 62% dos brasileiros conhecem algu\u00e9m que j\u00e1 usou ou utiliza canetas emagrecedoras. Ozempic e Mounjaro, usadas no tratamento para diabetes mellitus tipo 2, s\u00e3o as mais presentes no cotidiano. Al\u00e9m dos impactos diretos \u00e0 sa\u00fade, h\u00e1 efeitos sociais. O desaparecimento do movimento do Body Positive \u00e9 um deles.\u00a0 &nbsp; O que \u00e9 o movimento Body Positive? O Body Positive \u00e9 uma corrente que difunde a ideia da liberdade corporal e foi popularizado...<a class=\"sow-more-link more-link excerpt\" href=\"https:\/\/www2.uepg.br\/elos\/imposicao-de-padroes-esteticos-segue-presente-no-cotidiano-das-mulheres\/\">\n\t\t\tContinue reading<span class=\"sow-more-link-arrow\">&rarr;<\/span><\/a><\/p>\t\t<\/div>\n\t<\/div>\n<\/article>\n\t\t\t\t\t\t\t<article id=\"post-7368\" class=\"sow-blog-columns  post-7368 post type-post status-publish format-standard has-post-thumbnail hentry category-destaques category-posts\" style=\"display: flex; flex-wrap: wrap; justify-content: space-between; margin-bottom: 30px;\">\n\t\t\t\t<div class=\"sow-entry-thumbnail\">\n\t\t\t\t\t\t\t\t<a href=\"https:\/\/www2.uepg.br\/elos\/ponta-grossa-apresenta-1o-plano-municipal-de-politicas-para-as-mulheres\/\">\n\t\t\t\t\t<img width=\"1232\" height=\"924\" src=\"https:\/\/www2.uepg.br\/elos\/wp-content\/uploads\/sites\/285\/2026\/08\/Leo-1232x924.jpg\" class=\"attachment-post-thumbnail size-post-thumbnail wp-post-image\" alt=\"\" loading=\"lazy\" srcset=\"https:\/\/www2.uepg.br\/elos\/wp-content\/uploads\/sites\/285\/2026\/08\/Leo-1232x924.jpg 1232w, https:\/\/www2.uepg.br\/elos\/wp-content\/uploads\/sites\/285\/2026\/08\/Leo-300x225.jpg 300w, https:\/\/www2.uepg.br\/elos\/wp-content\/uploads\/sites\/285\/2026\/08\/Leo-1024x768.jpg 1024w, https:\/\/www2.uepg.br\/elos\/wp-content\/uploads\/sites\/285\/2026\/08\/Leo-768x576.jpg 768w, https:\/\/www2.uepg.br\/elos\/wp-content\/uploads\/sites\/285\/2026\/08\/Leo-1536x1152.jpg 1536w, https:\/\/www2.uepg.br\/elos\/wp-content\/uploads\/sites\/285\/2026\/08\/Leo-1440x1080.jpg 1440w, https:\/\/www2.uepg.br\/elos\/wp-content\/uploads\/sites\/285\/2026\/08\/Leo.jpg 1600w\" sizes=\"(max-width: 1232px) 100vw, 1232px\" \/>\t\t\t\t<\/a>\n\t\t\t<\/div>\n\t\t\t\t<div class=\"sow-blog-content-wrapper\">\n\t\t<header class=\"sow-entry-header\" style=\"margin-bottom: 18px;\">\n\t\t\t<h2 class=\"sow-entry-title\" style=\"margin: 0 0 5px;\"><a href=\"https:\/\/www2.uepg.br\/elos\/ponta-grossa-apresenta-1o-plano-municipal-de-politicas-para-as-mulheres\/\" rel=\"bookmark\">Ponta Grossa apresenta 1\u00ba Plano Municipal de Pol\u00edticas para as Mulheres\u00a0<\/a><\/h2>\t\t\t<div class=\"sow-entry-meta\">\n\t\t\t\t\t\t\t<span class=\"sow-featured-post\">Sticky<\/span>\n\t\t\t\t\t\t<span class=\"sow-entry-date\">\n\t\t\t\t<a href=\"https:\/\/www2.uepg.br\/elos\/ponta-grossa-apresenta-1o-plano-municipal-de-politicas-para-as-mulheres\/\" rel=\"bookmark\">\n\t\t\t\t\t<time class=\"published\" datetime=\"2026-08-05T16:04:42-03:00\">\n\t\t\t\t\t\t5 de agosto de 2026\t\t\t\t\t<\/time>\n\t\t\t\t\t<time class=\"updated\" datetime=\"2026-08-05T16:10:28-03:00\">\n\t\t\t\t\t\t5 de agosto de 2026\t\t\t\t\t<\/time>\n\t\t\t\t<\/a>\n\t\t\t<\/span>\n\t\t\n\t\t\t\t\t<span class=\"sow-entry-author-link byline\">\n\t\t\t\t\t\t\t\t\t<span class=\"sow-author author vcard\">\n\t\t\t\t\t\t<a class=\"url fn n\" href=\"https:\/\/www2.uepg.br\/elos\/author\/pmrocha\/\" rel=\"author\">\n\t\t\t\t\t\t\tElos - Jornalismo, Direitos Humanos e Forma\u00e7\u00e3o Cidad\u00e3\t\t\t\t\t\t<\/a>\n\t\t\t\t\t<\/span>\n\t\t\t\t\t\t\t<\/span>\n\t\t\n\t\t\t\t\t<span class=\"sow-entry-categories\">\n\t\t\t\t<a href=\"https:\/\/www2.uepg.br\/elos\/category\/destaques\/\" rel=\"category tag\">Destaques<\/a>, <a href=\"https:\/\/www2.uepg.br\/elos\/category\/posts\/\" rel=\"category tag\">Posts<\/a>\t\t\t<\/span>\n\t\t\n\t\t\t\t\t<\/div>\n\t\t<\/header>\n\n\t\t<div class=\"sow-entry-content\">\n\t\t\t<p>&nbsp; Elaborado de forma coletiva, o documento re\u00fane seis eixos estrat\u00e9gicos para orientar as a\u00e7\u00f5es do munic\u00edpio entre 2026 e 2035 e marca o lan\u00e7amento do CRMB Itinerante\u00a0 Por Leonardo Correia e Malu Dip Nesta segunda-feira (3), ocorreu\u00a0 o lan\u00e7amento oficial do 1o Plano Municipal de Pol\u00edticas para as Mulheres e do Centro de Refer\u00eancia da Mulher Brasileira (CRMB) &#8211; Itinerante, na C\u00e2mara Municipal dos Vereadores. Para compor a mesa de apresenta\u00e7\u00e3o do evento estavam presentes a prefeita Elizabeth Schmidt, a Secret\u00e1ria Municipal da Fam\u00edlia e Desenvolvimento Social, Camila Sanches, a procuradora da Mulher, vereadora Marisleidy, a presidente do Conselho...<a class=\"sow-more-link more-link excerpt\" href=\"https:\/\/www2.uepg.br\/elos\/ponta-grossa-apresenta-1o-plano-municipal-de-politicas-para-as-mulheres\/\">\n\t\t\tContinue reading<span class=\"sow-more-link-arrow\">&rarr;<\/span><\/a><\/p>\t\t<\/div>\n\t<\/div>\n<\/article>\n\t\t\t\t\t\t\t<article id=\"post-7362\" class=\"sow-blog-columns  post-7362 post type-post status-publish format-standard has-post-thumbnail hentry category-destaques category-diversos category-materia category-noticias category-posts tag-cultura tag-direitos-humanos tag-diversidade-religiosa\" style=\"display: flex; flex-wrap: wrap; justify-content: space-between; margin-bottom: 30px;\">\n\t\t\t\t<div class=\"sow-entry-thumbnail\">\n\t\t\t\t\t\t\t\t<a href=\"https:\/\/www2.uepg.br\/elos\/testemunhos-de-fe-iv-mostra-religiosa-reforca-pluralidade-de-cultos-em-ponta-grossa\/\">\n\t\t\t\t\t<img width=\"1232\" height=\"821\" src=\"https:\/\/www2.uepg.br\/elos\/wp-content\/uploads\/sites\/285\/2026\/08\/IMG_2898-1232x821.jpg\" class=\"attachment-post-thumbnail size-post-thumbnail wp-post-image\" alt=\"\" loading=\"lazy\" srcset=\"https:\/\/www2.uepg.br\/elos\/wp-content\/uploads\/sites\/285\/2026\/08\/IMG_2898-1232x821.jpg 1232w, https:\/\/www2.uepg.br\/elos\/wp-content\/uploads\/sites\/285\/2026\/08\/IMG_2898-300x200.jpg 300w, https:\/\/www2.uepg.br\/elos\/wp-content\/uploads\/sites\/285\/2026\/08\/IMG_2898-1024x683.jpg 1024w, https:\/\/www2.uepg.br\/elos\/wp-content\/uploads\/sites\/285\/2026\/08\/IMG_2898-768x512.jpg 768w, https:\/\/www2.uepg.br\/elos\/wp-content\/uploads\/sites\/285\/2026\/08\/IMG_2898-1536x1024.jpg 1536w, https:\/\/www2.uepg.br\/elos\/wp-content\/uploads\/sites\/285\/2026\/08\/IMG_2898-2048x1365.jpg 2048w, https:\/\/www2.uepg.br\/elos\/wp-content\/uploads\/sites\/285\/2026\/08\/IMG_2898-1620x1080.jpg 1620w, https:\/\/www2.uepg.br\/elos\/wp-content\/uploads\/sites\/285\/2026\/08\/IMG_2898-272x182.jpg 272w\" sizes=\"(max-width: 1232px) 100vw, 1232px\" \/>\t\t\t\t<\/a>\n\t\t\t<\/div>\n\t\t\t\t<div class=\"sow-blog-content-wrapper\">\n\t\t<header class=\"sow-entry-header\" style=\"margin-bottom: 18px;\">\n\t\t\t<h2 class=\"sow-entry-title\" style=\"margin: 0 0 5px;\"><a href=\"https:\/\/www2.uepg.br\/elos\/testemunhos-de-fe-iv-mostra-religiosa-reforca-pluralidade-de-cultos-em-ponta-grossa\/\" rel=\"bookmark\">Testemunhos de f\u00e9: IV Mostra Religiosa refor\u00e7a pluralidade de cultos em Ponta Grossa<\/a><\/h2>\t\t\t<div class=\"sow-entry-meta\">\n\t\t\t\t\t\t\t<span class=\"sow-featured-post\">Sticky<\/span>\n\t\t\t\t\t\t<span class=\"sow-entry-date\">\n\t\t\t\t<a href=\"https:\/\/www2.uepg.br\/elos\/testemunhos-de-fe-iv-mostra-religiosa-reforca-pluralidade-de-cultos-em-ponta-grossa\/\" rel=\"bookmark\">\n\t\t\t\t\t<time class=\"published\" datetime=\"2026-08-04T13:33:42-03:00\">\n\t\t\t\t\t\t4 de agosto de 2026\t\t\t\t\t<\/time>\n\t\t\t\t\t<time class=\"updated\" datetime=\"2026-08-04T13:55:30-03:00\">\n\t\t\t\t\t\t4 de agosto de 2026\t\t\t\t\t<\/time>\n\t\t\t\t<\/a>\n\t\t\t<\/span>\n\t\t\n\t\t\t\t\t<span class=\"sow-entry-author-link byline\">\n\t\t\t\t\t\t\t\t\t<span class=\"sow-author author vcard\">\n\t\t\t\t\t\t<a class=\"url fn n\" href=\"https:\/\/www2.uepg.br\/elos\/author\/pmrocha\/\" rel=\"author\">\n\t\t\t\t\t\t\tElos - Jornalismo, Direitos Humanos e Forma\u00e7\u00e3o Cidad\u00e3\t\t\t\t\t\t<\/a>\n\t\t\t\t\t<\/span>\n\t\t\t\t\t\t\t<\/span>\n\t\t\n\t\t\t\t\t<span class=\"sow-entry-categories\">\n\t\t\t\t<a href=\"https:\/\/www2.uepg.br\/elos\/category\/destaques\/\" rel=\"category tag\">Destaques<\/a>, <a href=\"https:\/\/www2.uepg.br\/elos\/category\/diversos\/\" rel=\"category tag\">Diversos<\/a>, <a href=\"https:\/\/www2.uepg.br\/elos\/category\/materia\/\" rel=\"category tag\">Mat\u00e9ria<\/a>, <a href=\"https:\/\/www2.uepg.br\/elos\/category\/noticias\/\" rel=\"category tag\">Not\u00edcias<\/a>, <a href=\"https:\/\/www2.uepg.br\/elos\/category\/posts\/\" rel=\"category tag\">Posts<\/a>\t\t\t<\/span>\n\t\t\n\t\t\t\t\t<\/div>\n\t\t<\/header>\n\n\t\t<div class=\"sow-entry-content\">\n\t\t\t<p>Evento reuniu relatos espirituais de diferentes religi\u00f5es que integram a cultura da cidade Por Ana Lu\u00edsa Runho Na sexta-feira (24), a IV Mostra Religiosa recebeu os Testemunhos de F\u00e9, em que foram convidados fi\u00e9is de sete religi\u00f5es para compartilharem suas experi\u00eancias com a espiritualidade, em um evento que reafirma a diversidade cultural e promove a integra\u00e7\u00e3o entre religi\u00f5es. O evento, assim como as outras apresenta\u00e7\u00f5es da Mostra, aconteceu no Cine PG, no centro de Ponta Grossa. Os testemunhos trouxeram experi\u00eancias diversificadas e vis\u00f5es singulares sobre o mundo e a espiritualidade. Foram apresentadas falas das seguintes religi\u00f5es: Juda\u00edsmo, Espiritismo, Candombl\u00e9, Umbanda,...<a class=\"sow-more-link more-link excerpt\" href=\"https:\/\/www2.uepg.br\/elos\/testemunhos-de-fe-iv-mostra-religiosa-reforca-pluralidade-de-cultos-em-ponta-grossa\/\">\n\t\t\tContinue reading<span class=\"sow-more-link-arrow\">&rarr;<\/span><\/a><\/p>\t\t<\/div>\n\t<\/div>\n<\/article>\n\t\t\t\t\t\t\t<article id=\"post-7353\" class=\"sow-blog-columns  post-7353 post type-post status-publish format-standard has-post-thumbnail hentry category-destaques category-direito-pcd category-diversos category-materia category-noticias category-posts tag-direitos-humanos tag-jornalismo\" style=\"display: flex; flex-wrap: wrap; justify-content: space-between; margin-bottom: 30px;\">\n\t\t\t\t<div class=\"sow-entry-thumbnail\">\n\t\t\t\t\t\t\t\t<a href=\"https:\/\/www2.uepg.br\/elos\/apae-de-ponta-grossa-promove-acao-solidaria-para-a-5a-edicao-da-festa-julina\/\">\n\t\t\t\t\t<img width=\"1232\" height=\"1643\" src=\"https:\/\/www2.uepg.br\/elos\/wp-content\/uploads\/sites\/285\/2026\/07\/Lucas-Barbato-1-1232x1643.jpg\" class=\"attachment-post-thumbnail size-post-thumbnail wp-post-image\" alt=\"\" loading=\"lazy\" srcset=\"https:\/\/www2.uepg.br\/elos\/wp-content\/uploads\/sites\/285\/2026\/07\/Lucas-Barbato-1-1232x1643.jpg 1232w, https:\/\/www2.uepg.br\/elos\/wp-content\/uploads\/sites\/285\/2026\/07\/Lucas-Barbato-1-225x300.jpg 225w, https:\/\/www2.uepg.br\/elos\/wp-content\/uploads\/sites\/285\/2026\/07\/Lucas-Barbato-1-768x1024.jpg 768w, https:\/\/www2.uepg.br\/elos\/wp-content\/uploads\/sites\/285\/2026\/07\/Lucas-Barbato-1-1152x1536.jpg 1152w, https:\/\/www2.uepg.br\/elos\/wp-content\/uploads\/sites\/285\/2026\/07\/Lucas-Barbato-1-1536x2048.jpg 1536w, https:\/\/www2.uepg.br\/elos\/wp-content\/uploads\/sites\/285\/2026\/07\/Lucas-Barbato-1-810x1080.jpg 810w, https:\/\/www2.uepg.br\/elos\/wp-content\/uploads\/sites\/285\/2026\/07\/Lucas-Barbato-1-scaled.jpg 1920w\" sizes=\"(max-width: 1232px) 100vw, 1232px\" \/>\t\t\t\t<\/a>\n\t\t\t<\/div>\n\t\t\t\t<div class=\"sow-blog-content-wrapper\">\n\t\t<header class=\"sow-entry-header\" style=\"margin-bottom: 18px;\">\n\t\t\t<h2 class=\"sow-entry-title\" style=\"margin: 0 0 5px;\"><a href=\"https:\/\/www2.uepg.br\/elos\/apae-de-ponta-grossa-promove-acao-solidaria-para-a-5a-edicao-da-festa-julina\/\" rel=\"bookmark\">APAE de Ponta Grossa promove a\u00e7\u00e3o solid\u00e1ria para a 5\u00aa edi\u00e7\u00e3o da Festa Julina<\/a><\/h2>\t\t\t<div class=\"sow-entry-meta\">\n\t\t\t\t\t\t\t<span class=\"sow-featured-post\">Sticky<\/span>\n\t\t\t\t\t\t<span class=\"sow-entry-date\">\n\t\t\t\t<a href=\"https:\/\/www2.uepg.br\/elos\/apae-de-ponta-grossa-promove-acao-solidaria-para-a-5a-edicao-da-festa-julina\/\" rel=\"bookmark\">\n\t\t\t\t\t<time class=\"published\" datetime=\"2026-07-02T17:32:12-03:00\">\n\t\t\t\t\t\t2 de julho de 2026\t\t\t\t\t<\/time>\n\t\t\t\t\t<time class=\"updated\" datetime=\"2026-07-02T17:32:40-03:00\">\n\t\t\t\t\t\t2 de julho de 2026\t\t\t\t\t<\/time>\n\t\t\t\t<\/a>\n\t\t\t<\/span>\n\t\t\n\t\t\t\t\t<span class=\"sow-entry-author-link byline\">\n\t\t\t\t\t\t\t\t\t<span class=\"sow-author author vcard\">\n\t\t\t\t\t\t<a class=\"url fn n\" href=\"https:\/\/www2.uepg.br\/elos\/author\/pmrocha\/\" rel=\"author\">\n\t\t\t\t\t\t\tElos - Jornalismo, Direitos Humanos e Forma\u00e7\u00e3o Cidad\u00e3\t\t\t\t\t\t<\/a>\n\t\t\t\t\t<\/span>\n\t\t\t\t\t\t\t<\/span>\n\t\t\n\t\t\t\t\t<span class=\"sow-entry-categories\">\n\t\t\t\t<a href=\"https:\/\/www2.uepg.br\/elos\/category\/destaques\/\" rel=\"category tag\">Destaques<\/a>, <a href=\"https:\/\/www2.uepg.br\/elos\/category\/direito-pcd\/\" rel=\"category tag\">Direito PCD<\/a>, <a href=\"https:\/\/www2.uepg.br\/elos\/category\/diversos\/\" rel=\"category tag\">Diversos<\/a>, <a href=\"https:\/\/www2.uepg.br\/elos\/category\/materia\/\" rel=\"category tag\">Mat\u00e9ria<\/a>, <a href=\"https:\/\/www2.uepg.br\/elos\/category\/noticias\/\" rel=\"category tag\">Not\u00edcias<\/a>, <a href=\"https:\/\/www2.uepg.br\/elos\/category\/posts\/\" rel=\"category tag\">Posts<\/a>\t\t\t<\/span>\n\t\t\n\t\t\t\t\t<\/div>\n\t\t<\/header>\n\n\t\t<div class=\"sow-entry-content\">\n\t\t\t<p>Por Lucas Barbato A institui\u00e7\u00e3o Associa\u00e7\u00e3o de Pa\u00eds e Amigos dos Excepcionais de Ponta Grossa (APAE) realiza arrecada\u00e7\u00f5es desde o dia 17 de junho para a 5\u00aa edi\u00e7\u00e3o da Festa Julina. O evento ser\u00e1 realizado no dia 4 de julho, das 10h \u00e0s 17h30, com o objetivo de promover a inclus\u00e3o social, fortalecer os la\u00e7os com a comunidade e arrecadar recursos para a institui\u00e7\u00e3o. A primeira Festa Julina da APAE aconteceu em 2022. Desde ent\u00e3o, o evento se consolidou e chega agora \u00e0 sua quinta edi\u00e7\u00e3o. Uma das novidades deste ano \u00e9 a oferta de 5 horas complementares para estudantes...<a class=\"sow-more-link more-link excerpt\" href=\"https:\/\/www2.uepg.br\/elos\/apae-de-ponta-grossa-promove-acao-solidaria-para-a-5a-edicao-da-festa-julina\/\">\n\t\t\tContinue reading<span class=\"sow-more-link-arrow\">&rarr;<\/span><\/a><\/p>\t\t<\/div>\n\t<\/div>\n<\/article>\n\t\t\t\t\t\t\t<article id=\"post-7348\" class=\"sow-blog-columns  post-7348 post type-post status-publish format-standard has-post-thumbnail hentry category-destaques category-direito-dos-idosos category-materia category-noticias category-posts\" style=\"display: flex; flex-wrap: wrap; justify-content: space-between; margin-bottom: 30px;\">\n\t\t\t\t<div class=\"sow-entry-thumbnail\">\n\t\t\t\t\t\t\t\t<a href=\"https:\/\/www2.uepg.br\/elos\/campanha-junho-violeta-aborda-envelhecimento-populacional\/\">\n\t\t\t\t\t<img width=\"1232\" height=\"825\" src=\"https:\/\/www2.uepg.br\/elos\/wp-content\/uploads\/sites\/285\/2026\/06\/Foto-de-capa-1232x825.jpg\" class=\"attachment-post-thumbnail size-post-thumbnail wp-post-image\" alt=\"\" loading=\"lazy\" srcset=\"https:\/\/www2.uepg.br\/elos\/wp-content\/uploads\/sites\/285\/2026\/06\/Foto-de-capa-1232x825.jpg 1232w, https:\/\/www2.uepg.br\/elos\/wp-content\/uploads\/sites\/285\/2026\/06\/Foto-de-capa-300x201.jpg 300w, https:\/\/www2.uepg.br\/elos\/wp-content\/uploads\/sites\/285\/2026\/06\/Foto-de-capa-1024x685.jpg 1024w, https:\/\/www2.uepg.br\/elos\/wp-content\/uploads\/sites\/285\/2026\/06\/Foto-de-capa-768x514.jpg 768w, https:\/\/www2.uepg.br\/elos\/wp-content\/uploads\/sites\/285\/2026\/06\/Foto-de-capa-1536x1028.jpg 1536w, https:\/\/www2.uepg.br\/elos\/wp-content\/uploads\/sites\/285\/2026\/06\/Foto-de-capa-2048x1371.jpg 2048w, https:\/\/www2.uepg.br\/elos\/wp-content\/uploads\/sites\/285\/2026\/06\/Foto-de-capa-1613x1080.jpg 1613w, https:\/\/www2.uepg.br\/elos\/wp-content\/uploads\/sites\/285\/2026\/06\/Foto-de-capa-272x182.jpg 272w\" sizes=\"(max-width: 1232px) 100vw, 1232px\" \/>\t\t\t\t<\/a>\n\t\t\t<\/div>\n\t\t\t\t<div class=\"sow-blog-content-wrapper\">\n\t\t<header class=\"sow-entry-header\" style=\"margin-bottom: 18px;\">\n\t\t\t<h2 class=\"sow-entry-title\" style=\"margin: 0 0 5px;\"><a href=\"https:\/\/www2.uepg.br\/elos\/campanha-junho-violeta-aborda-envelhecimento-populacional\/\" rel=\"bookmark\">Campanha Junho Violeta aborda envelhecimento populacional<\/a><\/h2>\t\t\t<div class=\"sow-entry-meta\">\n\t\t\t\t\t\t\t<span class=\"sow-featured-post\">Sticky<\/span>\n\t\t\t\t\t\t<span class=\"sow-entry-date\">\n\t\t\t\t<a href=\"https:\/\/www2.uepg.br\/elos\/campanha-junho-violeta-aborda-envelhecimento-populacional\/\" rel=\"bookmark\">\n\t\t\t\t\t<time class=\"published\" datetime=\"2026-06-30T15:04:03-03:00\">\n\t\t\t\t\t\t30 de junho de 2026\t\t\t\t\t<\/time>\n\t\t\t\t\t<time class=\"updated\" datetime=\"2026-06-30T17:20:54-03:00\">\n\t\t\t\t\t\t30 de junho de 2026\t\t\t\t\t<\/time>\n\t\t\t\t<\/a>\n\t\t\t<\/span>\n\t\t\n\t\t\t\t\t<span class=\"sow-entry-author-link byline\">\n\t\t\t\t\t\t\t\t\t<span class=\"sow-author author vcard\">\n\t\t\t\t\t\t<a class=\"url fn n\" href=\"https:\/\/www2.uepg.br\/elos\/author\/pmrocha\/\" rel=\"author\">\n\t\t\t\t\t\t\tElos - Jornalismo, Direitos Humanos e Forma\u00e7\u00e3o Cidad\u00e3\t\t\t\t\t\t<\/a>\n\t\t\t\t\t<\/span>\n\t\t\t\t\t\t\t<\/span>\n\t\t\n\t\t\t\t\t<span class=\"sow-entry-categories\">\n\t\t\t\t<a href=\"https:\/\/www2.uepg.br\/elos\/category\/destaques\/\" rel=\"category tag\">Destaques<\/a>, <a href=\"https:\/\/www2.uepg.br\/elos\/category\/direito-dos-idosos\/\" rel=\"category tag\">Direito dos Idosos<\/a>, <a href=\"https:\/\/www2.uepg.br\/elos\/category\/materia\/\" rel=\"category tag\">Mat\u00e9ria<\/a>, <a href=\"https:\/\/www2.uepg.br\/elos\/category\/noticias\/\" rel=\"category tag\">Not\u00edcias<\/a>, <a href=\"https:\/\/www2.uepg.br\/elos\/category\/posts\/\" rel=\"category tag\">Posts<\/a>\t\t\t<\/span>\n\t\t\n\t\t\t\t\t<\/div>\n\t\t<\/header>\n\n\t\t<div class=\"sow-entry-content\">\n\t\t\t<p>Novas medidas federais marcam o m\u00eas de conscientiza\u00e7\u00e3o, mas a falta de articula\u00e7\u00e3o nas pol\u00edticas p\u00fablicas limita o amparo aos idosos Por: Guilherme Roza Junho Violeta \u00e9 uma campanha anual dedicada ao combate \u00e0 viol\u00eancia contra a pessoa idosa, cujo dia mundial de conscientiza\u00e7\u00e3o, institu\u00eddo pela Organiza\u00e7\u00e3o das Na\u00e7\u00f5es Unidas (ONU), \u00e9 celebrado em 15 de junho. O debate sobre o tema ganha relev\u00e2ncia no Paran\u00e1 diante de proje\u00e7\u00f5es do Instituto Paranaense de Desenvolvimento Econ\u00f4mico e Social (Ipardes), que estima que, em 2027, a popula\u00e7\u00e3o com mais de 60 anos superar\u00e1 o n\u00famero de jovens com menos de 15 anos...<a class=\"sow-more-link more-link excerpt\" href=\"https:\/\/www2.uepg.br\/elos\/campanha-junho-violeta-aborda-envelhecimento-populacional\/\">\n\t\t\tContinue reading<span class=\"sow-more-link-arrow\">&rarr;<\/span><\/a><\/p>\t\t<\/div>\n\t<\/div>\n<\/article>\n\t\t\t\t\t\t\t<article id=\"post-7344\" class=\"sow-blog-columns  post-7344 post type-post status-publish format-standard has-post-thumbnail hentry category-noticias\" style=\"display: flex; flex-wrap: wrap; justify-content: space-between; margin-bottom: 30px;\">\n\t\t\t\t<div class=\"sow-entry-thumbnail\">\n\t\t\t\t\t\t\t\t<a href=\"https:\/\/www2.uepg.br\/elos\/ii-forum-municipal-dos-direitos-lgbtqia-reuniu-comunidade-e-elegeu-nova-gestao-do-conselho\/\">\n\t\t\t\t\t<img width=\"1232\" height=\"821\" src=\"https:\/\/www2.uepg.br\/elos\/wp-content\/uploads\/sites\/285\/2026\/06\/Joao-Pimentel-1-1232x821.jpg\" class=\"attachment-post-thumbnail size-post-thumbnail wp-post-image\" alt=\"\" loading=\"lazy\" srcset=\"https:\/\/www2.uepg.br\/elos\/wp-content\/uploads\/sites\/285\/2026\/06\/Joao-Pimentel-1-1232x821.jpg 1232w, https:\/\/www2.uepg.br\/elos\/wp-content\/uploads\/sites\/285\/2026\/06\/Joao-Pimentel-1-300x200.jpg 300w, https:\/\/www2.uepg.br\/elos\/wp-content\/uploads\/sites\/285\/2026\/06\/Joao-Pimentel-1-1024x683.jpg 1024w, https:\/\/www2.uepg.br\/elos\/wp-content\/uploads\/sites\/285\/2026\/06\/Joao-Pimentel-1-768x512.jpg 768w, https:\/\/www2.uepg.br\/elos\/wp-content\/uploads\/sites\/285\/2026\/06\/Joao-Pimentel-1-1536x1024.jpg 1536w, https:\/\/www2.uepg.br\/elos\/wp-content\/uploads\/sites\/285\/2026\/06\/Joao-Pimentel-1-2048x1365.jpg 2048w, https:\/\/www2.uepg.br\/elos\/wp-content\/uploads\/sites\/285\/2026\/06\/Joao-Pimentel-1-1620x1080.jpg 1620w, https:\/\/www2.uepg.br\/elos\/wp-content\/uploads\/sites\/285\/2026\/06\/Joao-Pimentel-1-272x182.jpg 272w\" sizes=\"(max-width: 1232px) 100vw, 1232px\" \/>\t\t\t\t<\/a>\n\t\t\t<\/div>\n\t\t\t\t<div class=\"sow-blog-content-wrapper\">\n\t\t<header class=\"sow-entry-header\" style=\"margin-bottom: 18px;\">\n\t\t\t<h2 class=\"sow-entry-title\" style=\"margin: 0 0 5px;\"><a href=\"https:\/\/www2.uepg.br\/elos\/ii-forum-municipal-dos-direitos-lgbtqia-reuniu-comunidade-e-elegeu-nova-gestao-do-conselho\/\" rel=\"bookmark\">II F\u00f3rum Municipal dos Direitos LGBTQIA+ reuniu comunidade e elegeu nova gest\u00e3o do Conselho<\/a><\/h2>\t\t\t<div class=\"sow-entry-meta\">\n\t\t\t\t\t\t\t<span class=\"sow-featured-post\">Sticky<\/span>\n\t\t\t\t\t\t<span class=\"sow-entry-date\">\n\t\t\t\t<a href=\"https:\/\/www2.uepg.br\/elos\/ii-forum-municipal-dos-direitos-lgbtqia-reuniu-comunidade-e-elegeu-nova-gestao-do-conselho\/\" rel=\"bookmark\">\n\t\t\t\t\t<time class=\"published\" datetime=\"2026-06-27T17:10:09-03:00\">\n\t\t\t\t\t\t27 de junho de 2026\t\t\t\t\t<\/time>\n\t\t\t\t\t<time class=\"updated\" datetime=\"2026-06-27T17:11:03-03:00\">\n\t\t\t\t\t\t27 de junho de 2026\t\t\t\t\t<\/time>\n\t\t\t\t<\/a>\n\t\t\t<\/span>\n\t\t\n\t\t\t\t\t<span class=\"sow-entry-author-link byline\">\n\t\t\t\t\t\t\t\t\t<span class=\"sow-author author vcard\">\n\t\t\t\t\t\t<a class=\"url fn n\" href=\"https:\/\/www2.uepg.br\/elos\/author\/pmrocha\/\" rel=\"author\">\n\t\t\t\t\t\t\tElos - Jornalismo, Direitos Humanos e Forma\u00e7\u00e3o Cidad\u00e3\t\t\t\t\t\t<\/a>\n\t\t\t\t\t<\/span>\n\t\t\t\t\t\t\t<\/span>\n\t\t\n\t\t\t\t\t<span class=\"sow-entry-categories\">\n\t\t\t\t<a href=\"https:\/\/www2.uepg.br\/elos\/category\/noticias\/\" rel=\"category tag\">Not\u00edcias<\/a>\t\t\t<\/span>\n\t\t\n\t\t\t\t\t<\/div>\n\t\t<\/header>\n\n\t\t<div class=\"sow-entry-content\">\n\t\t\t<p>Evento realizado na C\u00e2mara Municipal promoveu palestra sobre diversidade de g\u00eanero e definiu as entidades que compor\u00e3o o Conselho no bi\u00eanio 2026-2028\u00a0 por: Leonardo Correia Na \u00faltima sexta-feira (19), a C\u00e2mara Municipal sediou o II F\u00f3rum Municipal dos Direitos LGBTQIA+, organizado pelo Conselho Municipal dos Direitos LGBTQIA+ de Ponta Grossa. O roteiro do evento incluiu a composi\u00e7\u00e3o da mesa de abertura, uma palestra ministrada pela Dra. Luna Saraiva Marques e, por \u00faltimo, a elei\u00e7\u00e3o das entidades que assumem a gest\u00e3o do Conselho no bi\u00eanio 2026-2028.\u00a0 Para compor a mesa de abertura, estiveram presentes a presidente do Conselho Municipal dos Direitos...<a class=\"sow-more-link more-link excerpt\" href=\"https:\/\/www2.uepg.br\/elos\/ii-forum-municipal-dos-direitos-lgbtqia-reuniu-comunidade-e-elegeu-nova-gestao-do-conselho\/\">\n\t\t\tContinue reading<span class=\"sow-more-link-arrow\">&rarr;<\/span><\/a><\/p>\t\t<\/div>\n\t<\/div>\n<\/article>\n\t\t\t\t\t\t\t<article id=\"post-7338\" class=\"sow-blog-columns  post-7338 post type-post status-publish format-standard has-post-thumbnail hentry category-noticias\" style=\"display: flex; flex-wrap: wrap; justify-content: space-between; margin-bottom: 30px;\">\n\t\t\t\t<div class=\"sow-entry-thumbnail\">\n\t\t\t\t\t\t\t\t<a href=\"https:\/\/www2.uepg.br\/elos\/uepg-promove-acao-em-alusao-ao-junho-branco\/\">\n\t\t\t\t\t<img width=\"1232\" height=\"821\" src=\"https:\/\/www2.uepg.br\/elos\/wp-content\/uploads\/sites\/285\/2026\/06\/IMG_0016-1232x821.jpeg\" class=\"attachment-post-thumbnail size-post-thumbnail wp-post-image\" alt=\"\" loading=\"lazy\" srcset=\"https:\/\/www2.uepg.br\/elos\/wp-content\/uploads\/sites\/285\/2026\/06\/IMG_0016-1232x821.jpeg 1232w, https:\/\/www2.uepg.br\/elos\/wp-content\/uploads\/sites\/285\/2026\/06\/IMG_0016-300x200.jpeg 300w, https:\/\/www2.uepg.br\/elos\/wp-content\/uploads\/sites\/285\/2026\/06\/IMG_0016-1024x683.jpeg 1024w, https:\/\/www2.uepg.br\/elos\/wp-content\/uploads\/sites\/285\/2026\/06\/IMG_0016-768x512.jpeg 768w, https:\/\/www2.uepg.br\/elos\/wp-content\/uploads\/sites\/285\/2026\/06\/IMG_0016-1536x1024.jpeg 1536w, https:\/\/www2.uepg.br\/elos\/wp-content\/uploads\/sites\/285\/2026\/06\/IMG_0016-2048x1365.jpeg 2048w, https:\/\/www2.uepg.br\/elos\/wp-content\/uploads\/sites\/285\/2026\/06\/IMG_0016-1620x1080.jpeg 1620w, https:\/\/www2.uepg.br\/elos\/wp-content\/uploads\/sites\/285\/2026\/06\/IMG_0016-272x182.jpeg 272w\" sizes=\"(max-width: 1232px) 100vw, 1232px\" \/>\t\t\t\t<\/a>\n\t\t\t<\/div>\n\t\t\t\t<div class=\"sow-blog-content-wrapper\">\n\t\t<header class=\"sow-entry-header\" style=\"margin-bottom: 18px;\">\n\t\t\t<h2 class=\"sow-entry-title\" style=\"margin: 0 0 5px;\"><a href=\"https:\/\/www2.uepg.br\/elos\/uepg-promove-acao-em-alusao-ao-junho-branco\/\" rel=\"bookmark\">UEPG promove a\u00e7\u00e3o em alus\u00e3o ao Junho Branco<\/a><\/h2>\t\t\t<div class=\"sow-entry-meta\">\n\t\t\t\t\t\t\t<span class=\"sow-featured-post\">Sticky<\/span>\n\t\t\t\t\t\t<span class=\"sow-entry-date\">\n\t\t\t\t<a href=\"https:\/\/www2.uepg.br\/elos\/uepg-promove-acao-em-alusao-ao-junho-branco\/\" rel=\"bookmark\">\n\t\t\t\t\t<time class=\"published\" datetime=\"2026-06-25T14:17:41-03:00\">\n\t\t\t\t\t\t25 de junho de 2026\t\t\t\t\t<\/time>\n\t\t\t\t\t<time class=\"updated\" datetime=\"2026-06-25T14:17:41-03:00\">\n\t\t\t\t\t\t25 de junho de 2026\t\t\t\t\t<\/time>\n\t\t\t\t<\/a>\n\t\t\t<\/span>\n\t\t\n\t\t\t\t\t<span class=\"sow-entry-author-link byline\">\n\t\t\t\t\t\t\t\t\t<span class=\"sow-author author vcard\">\n\t\t\t\t\t\t<a class=\"url fn n\" href=\"https:\/\/www2.uepg.br\/elos\/author\/pmrocha\/\" rel=\"author\">\n\t\t\t\t\t\t\tElos - Jornalismo, Direitos Humanos e Forma\u00e7\u00e3o Cidad\u00e3\t\t\t\t\t\t<\/a>\n\t\t\t\t\t<\/span>\n\t\t\t\t\t\t\t<\/span>\n\t\t\n\t\t\t\t\t<span class=\"sow-entry-categories\">\n\t\t\t\t<a href=\"https:\/\/www2.uepg.br\/elos\/category\/noticias\/\" rel=\"category tag\">Not\u00edcias<\/a>\t\t\t<\/span>\n\t\t\n\t\t\t\t\t<\/div>\n\t\t<\/header>\n\n\t\t<div class=\"sow-entry-content\">\n\t\t\t<p>Profissionais da sa\u00fade discutiram conceitos e pr\u00e1ticas para a preven\u00e7\u00e3o do uso de drogas Por Ana Lu\u00edsa Runho e Maria Eduarda Almeida No dia 15 de junho, a Universidade Estadual de Ponta Grossa (UEPG) promoveu uma atividade de conscientiza\u00e7\u00e3o sobre \u00e1lcool e outras drogas. A a\u00e7\u00e3o foi desenvolvida em parceria com a Pr\u00f3-Reitoria de Assuntos Estudantis (PRAE) e a Pr\u00f3-Reitoria de Gest\u00e3o de Pessoas (Progesp). Foram realizadas duas palestras no Grande Audit\u00f3rio do campus central da UEPG, voltadas \u00e0 comunidade universit\u00e1ria e externa. A atividade faz alus\u00e3o ao Junho Branco, campanha de conscientiza\u00e7\u00e3o sobre o combate ao uso abusivo de...<a class=\"sow-more-link more-link excerpt\" href=\"https:\/\/www2.uepg.br\/elos\/uepg-promove-acao-em-alusao-ao-junho-branco\/\">\n\t\t\tContinue reading<span class=\"sow-more-link-arrow\">&rarr;<\/span><\/a><\/p>\t\t<\/div>\n\t<\/div>\n<\/article>\n\t\t\t\t\t\t\t<article id=\"post-7332\" class=\"sow-blog-columns  post-7332 post type-post status-publish format-standard has-post-thumbnail hentry category-noticias\" style=\"display: flex; flex-wrap: wrap; justify-content: space-between; margin-bottom: 30px;\">\n\t\t\t\t<div class=\"sow-entry-thumbnail\">\n\t\t\t\t\t\t\t\t<a href=\"https:\/\/www2.uepg.br\/elos\/clube-de-ciencias-camaradas-do-cascudo-conquista-1o-lugar-no-vale-da-ciencia-com-projeto-de-podcast\/\">\n\t\t\t\t\t<img width=\"1232\" height=\"924\" src=\"https:\/\/www2.uepg.br\/elos\/wp-content\/uploads\/sites\/285\/2026\/06\/foto-Simone-Carvalho-1232x924.jpg\" class=\"attachment-post-thumbnail size-post-thumbnail wp-post-image\" alt=\"\" loading=\"lazy\" srcset=\"https:\/\/www2.uepg.br\/elos\/wp-content\/uploads\/sites\/285\/2026\/06\/foto-Simone-Carvalho-1232x924.jpg 1232w, https:\/\/www2.uepg.br\/elos\/wp-content\/uploads\/sites\/285\/2026\/06\/foto-Simone-Carvalho-300x225.jpg 300w, https:\/\/www2.uepg.br\/elos\/wp-content\/uploads\/sites\/285\/2026\/06\/foto-Simone-Carvalho-1024x768.jpg 1024w, https:\/\/www2.uepg.br\/elos\/wp-content\/uploads\/sites\/285\/2026\/06\/foto-Simone-Carvalho-768x576.jpg 768w, https:\/\/www2.uepg.br\/elos\/wp-content\/uploads\/sites\/285\/2026\/06\/foto-Simone-Carvalho-1536x1152.jpg 1536w, https:\/\/www2.uepg.br\/elos\/wp-content\/uploads\/sites\/285\/2026\/06\/foto-Simone-Carvalho-1440x1080.jpg 1440w, https:\/\/www2.uepg.br\/elos\/wp-content\/uploads\/sites\/285\/2026\/06\/foto-Simone-Carvalho.jpg 1600w\" sizes=\"(max-width: 1232px) 100vw, 1232px\" \/>\t\t\t\t<\/a>\n\t\t\t<\/div>\n\t\t\t\t<div class=\"sow-blog-content-wrapper\">\n\t\t<header class=\"sow-entry-header\" style=\"margin-bottom: 18px;\">\n\t\t\t<h2 class=\"sow-entry-title\" style=\"margin: 0 0 5px;\"><a href=\"https:\/\/www2.uepg.br\/elos\/clube-de-ciencias-camaradas-do-cascudo-conquista-1o-lugar-no-vale-da-ciencia-com-projeto-de-podcast\/\" rel=\"bookmark\">Clube de ci\u00eancias Camaradas do Cascudo conquista 1\u00ba lugar no Vale da Ci\u00eancia com projeto de podcast<\/a><\/h2>\t\t\t<div class=\"sow-entry-meta\">\n\t\t\t\t\t\t\t<span class=\"sow-featured-post\">Sticky<\/span>\n\t\t\t\t\t\t<span class=\"sow-entry-date\">\n\t\t\t\t<a href=\"https:\/\/www2.uepg.br\/elos\/clube-de-ciencias-camaradas-do-cascudo-conquista-1o-lugar-no-vale-da-ciencia-com-projeto-de-podcast\/\" rel=\"bookmark\">\n\t\t\t\t\t<time class=\"published\" datetime=\"2026-06-20T11:32:05-03:00\">\n\t\t\t\t\t\t20 de junho de 2026\t\t\t\t\t<\/time>\n\t\t\t\t\t<time class=\"updated\" datetime=\"2026-06-20T11:34:40-03:00\">\n\t\t\t\t\t\t20 de junho de 2026\t\t\t\t\t<\/time>\n\t\t\t\t<\/a>\n\t\t\t<\/span>\n\t\t\n\t\t\t\t\t<span class=\"sow-entry-author-link byline\">\n\t\t\t\t\t\t\t\t\t<span class=\"sow-author author vcard\">\n\t\t\t\t\t\t<a class=\"url fn n\" href=\"https:\/\/www2.uepg.br\/elos\/author\/pmrocha\/\" rel=\"author\">\n\t\t\t\t\t\t\tElos - Jornalismo, Direitos Humanos e Forma\u00e7\u00e3o Cidad\u00e3\t\t\t\t\t\t<\/a>\n\t\t\t\t\t<\/span>\n\t\t\t\t\t\t\t<\/span>\n\t\t\n\t\t\t\t\t<span class=\"sow-entry-categories\">\n\t\t\t\t<a href=\"https:\/\/www2.uepg.br\/elos\/category\/noticias\/\" rel=\"category tag\">Not\u00edcias<\/a>\t\t\t<\/span>\n\t\t\n\t\t\t\t\t<\/div>\n\t\t<\/header>\n\n\t\t<div class=\"sow-entry-content\">\n\t\t\t<p>Foto: Simone Carvalho Projeto desenvolvido por clubistas utiliza o podcast para contar hist\u00f3rias de vida e fortalecer a cultura local por: Leonardo Correia e Malu Dip No dia 29 de maio, o Clube de Ci\u00eancias Camaradas do Cascudo conquistou o primeiro lugar na categoria Ensino Fundamental 2, na 6\u00aa edi\u00e7\u00e3o da Feira Vale da Ci\u00eancia. O evento foi realizado no campus da Universidade Federal do Paran\u00e1 (UFPR) em Jandaia do Sul e o Clube competiu a categoria com outros 60 grupos. A vit\u00f3ria foi garantida com o projeto Cultura local, Hist\u00f3rias de vida e Constru\u00e7\u00e3o de Podcast. Sediado no Centro...<a class=\"sow-more-link more-link excerpt\" href=\"https:\/\/www2.uepg.br\/elos\/clube-de-ciencias-camaradas-do-cascudo-conquista-1o-lugar-no-vale-da-ciencia-com-projeto-de-podcast\/\">\n\t\t\tContinue reading<span class=\"sow-more-link-arrow\">&rarr;<\/span><\/a><\/p>\t\t<\/div>\n\t<\/div>\n<\/article>\n\t\t\t\t\t\t\t<article id=\"post-7328\" class=\"sow-blog-columns  post-7328 post type-post status-publish format-standard has-post-thumbnail hentry category-genero category-materia category-noticias category-posts tag-direitos-humanos tag-feminismo tag-jornalismo tag-politica\" style=\"display: flex; flex-wrap: wrap; justify-content: space-between; margin-bottom: 30px;\">\n\t\t\t\t<div class=\"sow-entry-thumbnail\">\n\t\t\t\t\t\t\t\t<a href=\"https:\/\/www2.uepg.br\/elos\/ato-em-ponta-grossa-reune-protestos-contra-decisao-do-senado-que-dificulta-aborto-legal-para-criancas-e-adolescentes\/\">\n\t\t\t\t\t<img width=\"1232\" height=\"821\" src=\"https:\/\/www2.uepg.br\/elos\/wp-content\/uploads\/sites\/285\/2026\/06\/POR_-Manuela-Furstenberger-1-1232x821.jpg\" class=\"attachment-post-thumbnail size-post-thumbnail wp-post-image\" alt=\"\" loading=\"lazy\" srcset=\"https:\/\/www2.uepg.br\/elos\/wp-content\/uploads\/sites\/285\/2026\/06\/POR_-Manuela-Furstenberger-1-1232x821.jpg 1232w, https:\/\/www2.uepg.br\/elos\/wp-content\/uploads\/sites\/285\/2026\/06\/POR_-Manuela-Furstenberger-1-300x200.jpg 300w, https:\/\/www2.uepg.br\/elos\/wp-content\/uploads\/sites\/285\/2026\/06\/POR_-Manuela-Furstenberger-1-1024x682.jpg 1024w, https:\/\/www2.uepg.br\/elos\/wp-content\/uploads\/sites\/285\/2026\/06\/POR_-Manuela-Furstenberger-1-768x512.jpg 768w, https:\/\/www2.uepg.br\/elos\/wp-content\/uploads\/sites\/285\/2026\/06\/POR_-Manuela-Furstenberger-1-272x182.jpg 272w, https:\/\/www2.uepg.br\/elos\/wp-content\/uploads\/sites\/285\/2026\/06\/POR_-Manuela-Furstenberger-1.jpg 1280w\" sizes=\"(max-width: 1232px) 100vw, 1232px\" \/>\t\t\t\t<\/a>\n\t\t\t<\/div>\n\t\t\t\t<div class=\"sow-blog-content-wrapper\">\n\t\t<header class=\"sow-entry-header\" style=\"margin-bottom: 18px;\">\n\t\t\t<h2 class=\"sow-entry-title\" style=\"margin: 0 0 5px;\"><a href=\"https:\/\/www2.uepg.br\/elos\/ato-em-ponta-grossa-reune-protestos-contra-decisao-do-senado-que-dificulta-aborto-legal-para-criancas-e-adolescentes\/\" rel=\"bookmark\">Ato em Ponta Grossa re\u00fane protestos contra decis\u00e3o do Senado que dificulta aborto legal para crian\u00e7as e adolescentes<\/a><\/h2>\t\t\t<div class=\"sow-entry-meta\">\n\t\t\t\t\t\t\t<span class=\"sow-featured-post\">Sticky<\/span>\n\t\t\t\t\t\t<span class=\"sow-entry-date\">\n\t\t\t\t<a href=\"https:\/\/www2.uepg.br\/elos\/ato-em-ponta-grossa-reune-protestos-contra-decisao-do-senado-que-dificulta-aborto-legal-para-criancas-e-adolescentes\/\" rel=\"bookmark\">\n\t\t\t\t\t<time class=\"published\" datetime=\"2026-06-14T18:44:28-03:00\">\n\t\t\t\t\t\t14 de junho de 2026\t\t\t\t\t<\/time>\n\t\t\t\t\t<time class=\"updated\" datetime=\"2026-06-14T18:44:53-03:00\">\n\t\t\t\t\t\t14 de junho de 2026\t\t\t\t\t<\/time>\n\t\t\t\t<\/a>\n\t\t\t<\/span>\n\t\t\n\t\t\t\t\t<span class=\"sow-entry-author-link byline\">\n\t\t\t\t\t\t\t\t\t<span class=\"sow-author author vcard\">\n\t\t\t\t\t\t<a class=\"url fn n\" href=\"https:\/\/www2.uepg.br\/elos\/author\/pmrocha\/\" rel=\"author\">\n\t\t\t\t\t\t\tElos - Jornalismo, Direitos Humanos e Forma\u00e7\u00e3o Cidad\u00e3\t\t\t\t\t\t<\/a>\n\t\t\t\t\t<\/span>\n\t\t\t\t\t\t\t<\/span>\n\t\t\n\t\t\t\t\t<span class=\"sow-entry-categories\">\n\t\t\t\t<a href=\"https:\/\/www2.uepg.br\/elos\/category\/genero\/\" rel=\"category tag\">G\u00eanero<\/a>, <a href=\"https:\/\/www2.uepg.br\/elos\/category\/materia\/\" rel=\"category tag\">Mat\u00e9ria<\/a>, <a href=\"https:\/\/www2.uepg.br\/elos\/category\/noticias\/\" rel=\"category tag\">Not\u00edcias<\/a>, <a href=\"https:\/\/www2.uepg.br\/elos\/category\/posts\/\" rel=\"category tag\">Posts<\/a>\t\t\t<\/span>\n\t\t\n\t\t\t\t\t<\/div>\n\t\t<\/header>\n\n\t\t<div class=\"sow-entry-content\">\n\t\t\t<p>Manifesta\u00e7\u00e3o criticou o PDL n\u00ba 3\/2025; ativistas locais apontam barreiras na mobiliza\u00e7\u00e3o social e denunciam uso de pautas morais como &#8220;cortina de fuma\u00e7a&#8221; pol\u00edtica Por Leonardo Correia Na \u00faltima ter\u00e7a-feira (9), ocorreu a mobiliza\u00e7\u00e3o \u201cCrian\u00e7a n\u00e3o \u00e9 m\u00e3e e estuprador n\u00e3o \u00e9 pai\u201d, representada por um ato p\u00fablico na Pra\u00e7a Bar\u00e3o de Guara\u00fana. Convocada pelo coletivo Levante Mulheres Vivas, a manifesta\u00e7\u00e3o fez parte da mobiliza\u00e7\u00e3o nacional \u201cPela Vida de Meninas e Mulheres\u201d e teve como objetivo protestar contra a aprova\u00e7\u00e3o do Projeto de Decreto Legislativo (PDL) n\u00ba 3\/2025 pelo Senado. O PDL dificulta o acesso de crian\u00e7as e adolescentes ao...<a class=\"sow-more-link more-link excerpt\" href=\"https:\/\/www2.uepg.br\/elos\/ato-em-ponta-grossa-reune-protestos-contra-decisao-do-senado-que-dificulta-aborto-legal-para-criancas-e-adolescentes\/\">\n\t\t\tContinue reading<span class=\"sow-more-link-arrow\">&rarr;<\/span><\/a><\/p>\t\t<\/div>\n\t<\/div>\n<\/article>\n\t\t\t\t\t\t\t<article id=\"post-7295\" class=\"sow-blog-columns  post-7295 post type-post status-publish format-standard has-post-thumbnail hentry category-destaques category-direito-racial category-diversos category-genero category-materia category-noticias category-posts tag-direito-racial tag-direitos-humanos tag-genero\" style=\"display: flex; flex-wrap: wrap; justify-content: space-between; margin-bottom: 30px;\">\n\t\t\t\t<div class=\"sow-entry-thumbnail\">\n\t\t\t\t\t\t\t\t<a href=\"https:\/\/www2.uepg.br\/elos\/mesa-vozes-em-resistencia-raca-genero-e-midia-debate-racialidade-na-20a-semana-de-integracao-e-resistencia\/\">\n\t\t\t\t\t<img width=\"1232\" height=\"827\" src=\"https:\/\/www2.uepg.br\/elos\/wp-content\/uploads\/sites\/285\/2026\/06\/Por_-Emanuelle-Nunes-1232x827.jpg\" class=\"attachment-post-thumbnail size-post-thumbnail wp-post-image\" alt=\"\" loading=\"lazy\" srcset=\"https:\/\/www2.uepg.br\/elos\/wp-content\/uploads\/sites\/285\/2026\/06\/Por_-Emanuelle-Nunes-1232x827.jpg 1232w, https:\/\/www2.uepg.br\/elos\/wp-content\/uploads\/sites\/285\/2026\/06\/Por_-Emanuelle-Nunes-300x201.jpg 300w, https:\/\/www2.uepg.br\/elos\/wp-content\/uploads\/sites\/285\/2026\/06\/Por_-Emanuelle-Nunes-1024x687.jpg 1024w, https:\/\/www2.uepg.br\/elos\/wp-content\/uploads\/sites\/285\/2026\/06\/Por_-Emanuelle-Nunes-768x516.jpg 768w, https:\/\/www2.uepg.br\/elos\/wp-content\/uploads\/sites\/285\/2026\/06\/Por_-Emanuelle-Nunes-1536x1031.jpg 1536w, https:\/\/www2.uepg.br\/elos\/wp-content\/uploads\/sites\/285\/2026\/06\/Por_-Emanuelle-Nunes-2048x1375.jpg 2048w, https:\/\/www2.uepg.br\/elos\/wp-content\/uploads\/sites\/285\/2026\/06\/Por_-Emanuelle-Nunes-1609x1080.jpg 1609w, https:\/\/www2.uepg.br\/elos\/wp-content\/uploads\/sites\/285\/2026\/06\/Por_-Emanuelle-Nunes-272x182.jpg 272w\" sizes=\"(max-width: 1232px) 100vw, 1232px\" \/>\t\t\t\t<\/a>\n\t\t\t<\/div>\n\t\t\t\t<div class=\"sow-blog-content-wrapper\">\n\t\t<header class=\"sow-entry-header\" style=\"margin-bottom: 18px;\">\n\t\t\t<h2 class=\"sow-entry-title\" style=\"margin: 0 0 5px;\"><a href=\"https:\/\/www2.uepg.br\/elos\/mesa-vozes-em-resistencia-raca-genero-e-midia-debate-racialidade-na-20a-semana-de-integracao-e-resistencia\/\" rel=\"bookmark\">Mesa \u201cVozes em resist\u00eancia: Ra\u00e7a, G\u00eanero e M\u00eddia\u201d debate racialidade na 20\u00aa Semana de Integra\u00e7\u00e3o e Resist\u00eancia<\/a><\/h2>\t\t\t<div class=\"sow-entry-meta\">\n\t\t\t\t\t\t\t<span class=\"sow-featured-post\">Sticky<\/span>\n\t\t\t\t\t\t<span class=\"sow-entry-date\">\n\t\t\t\t<a href=\"https:\/\/www2.uepg.br\/elos\/mesa-vozes-em-resistencia-raca-genero-e-midia-debate-racialidade-na-20a-semana-de-integracao-e-resistencia\/\" rel=\"bookmark\">\n\t\t\t\t\t<time class=\"published\" datetime=\"2026-06-12T12:09:41-03:00\">\n\t\t\t\t\t\t12 de junho de 2026\t\t\t\t\t<\/time>\n\t\t\t\t\t<time class=\"updated\" datetime=\"2026-06-12T12:10:18-03:00\">\n\t\t\t\t\t\t12 de junho de 2026\t\t\t\t\t<\/time>\n\t\t\t\t<\/a>\n\t\t\t<\/span>\n\t\t\n\t\t\t\t\t<span class=\"sow-entry-author-link byline\">\n\t\t\t\t\t\t\t\t\t<span class=\"sow-author author vcard\">\n\t\t\t\t\t\t<a class=\"url fn n\" href=\"https:\/\/www2.uepg.br\/elos\/author\/pmrocha\/\" rel=\"author\">\n\t\t\t\t\t\t\tElos - Jornalismo, Direitos Humanos e Forma\u00e7\u00e3o Cidad\u00e3\t\t\t\t\t\t<\/a>\n\t\t\t\t\t<\/span>\n\t\t\t\t\t\t\t<\/span>\n\t\t\n\t\t\t\t\t<span class=\"sow-entry-categories\">\n\t\t\t\t<a href=\"https:\/\/www2.uepg.br\/elos\/category\/destaques\/\" rel=\"category tag\">Destaques<\/a>, <a href=\"https:\/\/www2.uepg.br\/elos\/category\/direito-racial\/\" rel=\"category tag\">Direito racial<\/a>, <a href=\"https:\/\/www2.uepg.br\/elos\/category\/diversos\/\" rel=\"category tag\">Diversos<\/a>, <a href=\"https:\/\/www2.uepg.br\/elos\/category\/genero\/\" rel=\"category tag\">G\u00eanero<\/a>, <a href=\"https:\/\/www2.uepg.br\/elos\/category\/materia\/\" rel=\"category tag\">Mat\u00e9ria<\/a>, <a href=\"https:\/\/www2.uepg.br\/elos\/category\/noticias\/\" rel=\"category tag\">Not\u00edcias<\/a>, <a href=\"https:\/\/www2.uepg.br\/elos\/category\/posts\/\" rel=\"category tag\">Posts<\/a>\t\t\t<\/span>\n\t\t\n\t\t\t\t\t<\/div>\n\t\t<\/header>\n\n\t\t<div class=\"sow-entry-content\">\n\t\t\t<p>Atividade reuniu profissionais para refletir sobre o papel da m\u00eddia na reprodu\u00e7\u00e3o de estere\u00f3tipos, a valoriza\u00e7\u00e3o de refer\u00eancias negras e a constru\u00e7\u00e3o de narrativas antirracistas por: Leonardo Correia e Malu Dip Na \u00faltima quarta-feira (10), ocorreu a mesa \u201cVozes em resist\u00eancia: Ra\u00e7a, G\u00eanero e M\u00eddia\u201d, atividade que integra a programa\u00e7\u00e3o da 20\u00aa Semana de Integra\u00e7\u00e3o da Resist\u00eancia. Participaram do debate a jornalista e mestranda do Programa de P\u00f3s-Gradua\u00e7\u00e3o em Jornalismo da Universidade Estadual de Ponta Grossa (UEPG), Elaine Barcellos; a integrante do Instituto Sorriso Negro dos Campos Gerais, vice-presidente do Conselho Municipal de Promo\u00e7\u00e3o da Igualdade Racial (COMPIR) e vice-presidente...<a class=\"sow-more-link more-link excerpt\" href=\"https:\/\/www2.uepg.br\/elos\/mesa-vozes-em-resistencia-raca-genero-e-midia-debate-racialidade-na-20a-semana-de-integracao-e-resistencia\/\">\n\t\t\tContinue reading<span class=\"sow-more-link-arrow\">&rarr;<\/span><\/a><\/p>\t\t<\/div>\n\t<\/div>\n<\/article>\n\t\t\t\t\t\t\t<article id=\"post-7291\" class=\"sow-blog-columns  post-7291 post type-post status-publish format-standard has-post-thumbnail hentry category-destaques category-diversos category-genero category-materia category-noticias category-posts\" style=\"display: flex; flex-wrap: wrap; justify-content: space-between; margin-bottom: 30px;\">\n\t\t\t\t<div class=\"sow-entry-thumbnail\">\n\t\t\t\t\t\t\t\t<a href=\"https:\/\/www2.uepg.br\/elos\/falta-de-publico-transforma-audiencia-publica-contra-o-feminicidio-em-debate-restrito-na-camara\/\">\n\t\t\t\t\t<img width=\"1232\" height=\"821\" src=\"https:\/\/www2.uepg.br\/elos\/wp-content\/uploads\/sites\/285\/2026\/06\/Por_-Manuela-Furstenberger-1232x821.jpg\" class=\"attachment-post-thumbnail size-post-thumbnail wp-post-image\" alt=\"\" loading=\"lazy\" srcset=\"https:\/\/www2.uepg.br\/elos\/wp-content\/uploads\/sites\/285\/2026\/06\/Por_-Manuela-Furstenberger-1232x821.jpg 1232w, https:\/\/www2.uepg.br\/elos\/wp-content\/uploads\/sites\/285\/2026\/06\/Por_-Manuela-Furstenberger-300x200.jpg 300w, https:\/\/www2.uepg.br\/elos\/wp-content\/uploads\/sites\/285\/2026\/06\/Por_-Manuela-Furstenberger-1024x683.jpg 1024w, https:\/\/www2.uepg.br\/elos\/wp-content\/uploads\/sites\/285\/2026\/06\/Por_-Manuela-Furstenberger-768x512.jpg 768w, https:\/\/www2.uepg.br\/elos\/wp-content\/uploads\/sites\/285\/2026\/06\/Por_-Manuela-Furstenberger-1536x1024.jpg 1536w, https:\/\/www2.uepg.br\/elos\/wp-content\/uploads\/sites\/285\/2026\/06\/Por_-Manuela-Furstenberger-2048x1365.jpg 2048w, https:\/\/www2.uepg.br\/elos\/wp-content\/uploads\/sites\/285\/2026\/06\/Por_-Manuela-Furstenberger-1620x1080.jpg 1620w, https:\/\/www2.uepg.br\/elos\/wp-content\/uploads\/sites\/285\/2026\/06\/Por_-Manuela-Furstenberger-272x182.jpg 272w\" sizes=\"(max-width: 1232px) 100vw, 1232px\" \/>\t\t\t\t<\/a>\n\t\t\t<\/div>\n\t\t\t\t<div class=\"sow-blog-content-wrapper\">\n\t\t<header class=\"sow-entry-header\" style=\"margin-bottom: 18px;\">\n\t\t\t<h2 class=\"sow-entry-title\" style=\"margin: 0 0 5px;\"><a href=\"https:\/\/www2.uepg.br\/elos\/falta-de-publico-transforma-audiencia-publica-contra-o-feminicidio-em-debate-restrito-na-camara\/\" rel=\"bookmark\">Falta de p\u00fablico transforma Audi\u00eancia P\u00fablica contra o Feminic\u00eddio em debate restrito na C\u00e2mara<\/a><\/h2>\t\t\t<div class=\"sow-entry-meta\">\n\t\t\t\t\t\t\t<span class=\"sow-featured-post\">Sticky<\/span>\n\t\t\t\t\t\t<span class=\"sow-entry-date\">\n\t\t\t\t<a href=\"https:\/\/www2.uepg.br\/elos\/falta-de-publico-transforma-audiencia-publica-contra-o-feminicidio-em-debate-restrito-na-camara\/\" rel=\"bookmark\">\n\t\t\t\t\t<time class=\"published\" datetime=\"2026-06-09T14:43:43-03:00\">\n\t\t\t\t\t\t9 de junho de 2026\t\t\t\t\t<\/time>\n\t\t\t\t\t<time class=\"updated\" datetime=\"2026-06-09T14:44:05-03:00\">\n\t\t\t\t\t\t9 de junho de 2026\t\t\t\t\t<\/time>\n\t\t\t\t<\/a>\n\t\t\t<\/span>\n\t\t\n\t\t\t\t\t<span class=\"sow-entry-author-link byline\">\n\t\t\t\t\t\t\t\t\t<span class=\"sow-author author vcard\">\n\t\t\t\t\t\t<a class=\"url fn n\" href=\"https:\/\/www2.uepg.br\/elos\/author\/pmrocha\/\" rel=\"author\">\n\t\t\t\t\t\t\tElos - Jornalismo, Direitos Humanos e Forma\u00e7\u00e3o Cidad\u00e3\t\t\t\t\t\t<\/a>\n\t\t\t\t\t<\/span>\n\t\t\t\t\t\t\t<\/span>\n\t\t\n\t\t\t\t\t<span class=\"sow-entry-categories\">\n\t\t\t\t<a href=\"https:\/\/www2.uepg.br\/elos\/category\/destaques\/\" rel=\"category tag\">Destaques<\/a>, <a href=\"https:\/\/www2.uepg.br\/elos\/category\/diversos\/\" rel=\"category tag\">Diversos<\/a>, <a href=\"https:\/\/www2.uepg.br\/elos\/category\/genero\/\" rel=\"category tag\">G\u00eanero<\/a>, <a href=\"https:\/\/www2.uepg.br\/elos\/category\/materia\/\" rel=\"category tag\">Mat\u00e9ria<\/a>, <a href=\"https:\/\/www2.uepg.br\/elos\/category\/noticias\/\" rel=\"category tag\">Not\u00edcias<\/a>, <a href=\"https:\/\/www2.uepg.br\/elos\/category\/posts\/\" rel=\"category tag\">Posts<\/a>\t\t\t<\/span>\n\t\t\n\t\t\t\t\t<\/div>\n\t\t<\/header>\n\n\t\t<div class=\"sow-entry-content\">\n\t\t\t<p>Encontro cobrou integra\u00e7\u00e3o de dados da seguran\u00e7a p\u00fablica e terminou com posicionamento un\u00e2nime das entidades contra o PDL n\u00ba 3\/2025 Por: Leonardo Correia Na \u00faltima quarta-feira (03), \u00e0s 18 horas, a C\u00e2mara Municipal de Vereadores sediou a 2\u00aa Audi\u00eancia P\u00fablica contra o Feminic\u00eddio de Ponta Grossa. O objetivo do encontro foi discutir a amplia\u00e7\u00e3o das pol\u00edticas p\u00fablicas voltadas \u00e0 prote\u00e7\u00e3o das mulheres e ao combate \u00e0 viol\u00eancia de g\u00eanero no munic\u00edpio. A mesa de debate foi composta pela vereadora Marisleidy Ferreira, representando a Procuradoria da Mulher, Cristiane Zelensky, pelo Conselho Municipal dos Direitos da Mulher (CMDM-PG), Pamela Arruda e Kelly...<a class=\"sow-more-link more-link excerpt\" href=\"https:\/\/www2.uepg.br\/elos\/falta-de-publico-transforma-audiencia-publica-contra-o-feminicidio-em-debate-restrito-na-camara\/\">\n\t\t\tContinue reading<span class=\"sow-more-link-arrow\">&rarr;<\/span><\/a><\/p>\t\t<\/div>\n\t<\/div>\n<\/article>\n\t\t\t\t\t\t\t<article id=\"post-7274\" class=\"sow-blog-columns  post-7274 post type-post status-publish format-standard has-post-thumbnail hentry category-noticias\" style=\"display: flex; flex-wrap: wrap; justify-content: space-between; margin-bottom: 30px;\">\n\t\t\t\t<div class=\"sow-entry-thumbnail\">\n\t\t\t\t\t\t\t\t<a href=\"https:\/\/www2.uepg.br\/elos\/prudentopolis-celebra-a-diversidade-cultural-no-6o-encontro-de-tradicoes\/\">\n\t\t\t\t\t<img width=\"1232\" height=\"822\" src=\"https:\/\/www2.uepg.br\/elos\/wp-content\/uploads\/sites\/285\/2026\/06\/maria-eduarda-almeida-1-1232x822.jpg\" class=\"attachment-post-thumbnail size-post-thumbnail wp-post-image\" alt=\"\" loading=\"lazy\" srcset=\"https:\/\/www2.uepg.br\/elos\/wp-content\/uploads\/sites\/285\/2026\/06\/maria-eduarda-almeida-1-1232x822.jpg 1232w, https:\/\/www2.uepg.br\/elos\/wp-content\/uploads\/sites\/285\/2026\/06\/maria-eduarda-almeida-1-300x200.jpg 300w, https:\/\/www2.uepg.br\/elos\/wp-content\/uploads\/sites\/285\/2026\/06\/maria-eduarda-almeida-1-1024x683.jpg 1024w, https:\/\/www2.uepg.br\/elos\/wp-content\/uploads\/sites\/285\/2026\/06\/maria-eduarda-almeida-1-768x512.jpg 768w, https:\/\/www2.uepg.br\/elos\/wp-content\/uploads\/sites\/285\/2026\/06\/maria-eduarda-almeida-1-1536x1024.jpg 1536w, https:\/\/www2.uepg.br\/elos\/wp-content\/uploads\/sites\/285\/2026\/06\/maria-eduarda-almeida-1-2048x1366.jpg 2048w, https:\/\/www2.uepg.br\/elos\/wp-content\/uploads\/sites\/285\/2026\/06\/maria-eduarda-almeida-1-1620x1080.jpg 1620w, https:\/\/www2.uepg.br\/elos\/wp-content\/uploads\/sites\/285\/2026\/06\/maria-eduarda-almeida-1-272x182.jpg 272w\" sizes=\"(max-width: 1232px) 100vw, 1232px\" \/>\t\t\t\t<\/a>\n\t\t\t<\/div>\n\t\t\t\t<div class=\"sow-blog-content-wrapper\">\n\t\t<header class=\"sow-entry-header\" style=\"margin-bottom: 18px;\">\n\t\t\t<h2 class=\"sow-entry-title\" style=\"margin: 0 0 5px;\"><a href=\"https:\/\/www2.uepg.br\/elos\/prudentopolis-celebra-a-diversidade-cultural-no-6o-encontro-de-tradicoes\/\" rel=\"bookmark\">Prudent\u00f3polis celebra a diversidade cultural no 6\u00ba Encontro de Tradi\u00e7\u00f5es<\/a><\/h2>\t\t\t<div class=\"sow-entry-meta\">\n\t\t\t\t\t\t\t<span class=\"sow-featured-post\">Sticky<\/span>\n\t\t\t\t\t\t<span class=\"sow-entry-date\">\n\t\t\t\t<a href=\"https:\/\/www2.uepg.br\/elos\/prudentopolis-celebra-a-diversidade-cultural-no-6o-encontro-de-tradicoes\/\" rel=\"bookmark\">\n\t\t\t\t\t<time class=\"published\" datetime=\"2026-06-02T11:57:50-03:00\">\n\t\t\t\t\t\t2 de junho de 2026\t\t\t\t\t<\/time>\n\t\t\t\t\t<time class=\"updated\" datetime=\"2026-06-02T11:58:27-03:00\">\n\t\t\t\t\t\t2 de junho de 2026\t\t\t\t\t<\/time>\n\t\t\t\t<\/a>\n\t\t\t<\/span>\n\t\t\n\t\t\t\t\t<span class=\"sow-entry-author-link byline\">\n\t\t\t\t\t\t\t\t\t<span class=\"sow-author author vcard\">\n\t\t\t\t\t\t<a class=\"url fn n\" href=\"https:\/\/www2.uepg.br\/elos\/author\/pmrocha\/\" rel=\"author\">\n\t\t\t\t\t\t\tElos - Jornalismo, Direitos Humanos e Forma\u00e7\u00e3o Cidad\u00e3\t\t\t\t\t\t<\/a>\n\t\t\t\t\t<\/span>\n\t\t\t\t\t\t\t<\/span>\n\t\t\n\t\t\t\t\t<span class=\"sow-entry-categories\">\n\t\t\t\t<a href=\"https:\/\/www2.uepg.br\/elos\/category\/noticias\/\" rel=\"category tag\">Not\u00edcias<\/a>\t\t\t<\/span>\n\t\t\n\t\t\t\t\t<\/div>\n\t\t<\/header>\n\n\t\t<div class=\"sow-entry-content\">\n\t\t\t<p>Com oficinas, exposi\u00e7\u00f5es e feiras, iniciativa da produtora Olaria consolida trajet\u00f3ria de valoriza\u00e7\u00e3o do patrim\u00f4nio cultural\u00a0 &nbsp; Por: Bebel Costalonga e Leonardo Correia Na \u00faltima sexta-feira (29) encerrou a 6\u00aa edi\u00e7\u00e3o do Encontro de Tradi\u00e7\u00f5es em Prudent\u00f3polis &#8211; PR. Entre os dias 27 e 29 de maio, o munic\u00edpio foi palco de uma celebra\u00e7\u00e3o que reuniu apresenta\u00e7\u00f5es de grupos culturais de diversas regi\u00f5es do Brasil, al\u00e9m de oficinas, exposi\u00e7\u00f5es e feiras de artesanato que destacaram a pluralidade de diferentes culturas.\u00a0 Para a ex-banc\u00e1ria e atualmente aposentada, Dorot\u00e9ia Oliveira, o encontro \u00e9 justamente para que tradi\u00e7\u00f5es, principalmente da cultura afro, n\u00e3o...<a class=\"sow-more-link more-link excerpt\" href=\"https:\/\/www2.uepg.br\/elos\/prudentopolis-celebra-a-diversidade-cultural-no-6o-encontro-de-tradicoes\/\">\n\t\t\tContinue reading<span class=\"sow-more-link-arrow\">&rarr;<\/span><\/a><\/p>\t\t<\/div>\n\t<\/div>\n<\/article>\n\t\t\t\t\t\t\t<article id=\"post-7271\" class=\"sow-blog-columns  post-7271 post type-post status-publish format-standard has-post-thumbnail hentry category-noticias\" style=\"display: flex; flex-wrap: wrap; justify-content: space-between; margin-bottom: 30px;\">\n\t\t\t\t<div class=\"sow-entry-thumbnail\">\n\t\t\t\t\t\t\t\t<a href=\"https:\/\/www2.uepg.br\/elos\/eca-digital-como-funciona-a-nova-atualizacao\/\">\n\t\t\t\t\t<img width=\"1232\" height=\"825\" src=\"https:\/\/www2.uepg.br\/elos\/wp-content\/uploads\/sites\/285\/2026\/06\/Foto_-Ana-Luisa--1232x825.jpg\" class=\"attachment-post-thumbnail size-post-thumbnail wp-post-image\" alt=\"\" loading=\"lazy\" srcset=\"https:\/\/www2.uepg.br\/elos\/wp-content\/uploads\/sites\/285\/2026\/06\/Foto_-Ana-Luisa--1232x825.jpg 1232w, https:\/\/www2.uepg.br\/elos\/wp-content\/uploads\/sites\/285\/2026\/06\/Foto_-Ana-Luisa--300x201.jpg 300w, https:\/\/www2.uepg.br\/elos\/wp-content\/uploads\/sites\/285\/2026\/06\/Foto_-Ana-Luisa--1024x685.jpg 1024w, https:\/\/www2.uepg.br\/elos\/wp-content\/uploads\/sites\/285\/2026\/06\/Foto_-Ana-Luisa--768x514.jpg 768w, https:\/\/www2.uepg.br\/elos\/wp-content\/uploads\/sites\/285\/2026\/06\/Foto_-Ana-Luisa--1536x1028.jpg 1536w, https:\/\/www2.uepg.br\/elos\/wp-content\/uploads\/sites\/285\/2026\/06\/Foto_-Ana-Luisa--2048x1371.jpg 2048w, https:\/\/www2.uepg.br\/elos\/wp-content\/uploads\/sites\/285\/2026\/06\/Foto_-Ana-Luisa--1613x1080.jpg 1613w, https:\/\/www2.uepg.br\/elos\/wp-content\/uploads\/sites\/285\/2026\/06\/Foto_-Ana-Luisa--272x182.jpg 272w\" sizes=\"(max-width: 1232px) 100vw, 1232px\" \/>\t\t\t\t<\/a>\n\t\t\t<\/div>\n\t\t\t\t<div class=\"sow-blog-content-wrapper\">\n\t\t<header class=\"sow-entry-header\" style=\"margin-bottom: 18px;\">\n\t\t\t<h2 class=\"sow-entry-title\" style=\"margin: 0 0 5px;\"><a href=\"https:\/\/www2.uepg.br\/elos\/eca-digital-como-funciona-a-nova-atualizacao\/\" rel=\"bookmark\">ECA Digital: como funciona a nova atualiza\u00e7\u00e3o<\/a><\/h2>\t\t\t<div class=\"sow-entry-meta\">\n\t\t\t\t\t\t\t<span class=\"sow-featured-post\">Sticky<\/span>\n\t\t\t\t\t\t<span class=\"sow-entry-date\">\n\t\t\t\t<a href=\"https:\/\/www2.uepg.br\/elos\/eca-digital-como-funciona-a-nova-atualizacao\/\" rel=\"bookmark\">\n\t\t\t\t\t<time class=\"published\" datetime=\"2026-06-01T19:59:16-03:00\">\n\t\t\t\t\t\t1 de junho de 2026\t\t\t\t\t<\/time>\n\t\t\t\t\t<time class=\"updated\" datetime=\"2026-06-01T19:59:16-03:00\">\n\t\t\t\t\t\t1 de junho de 2026\t\t\t\t\t<\/time>\n\t\t\t\t<\/a>\n\t\t\t<\/span>\n\t\t\n\t\t\t\t\t<span class=\"sow-entry-author-link byline\">\n\t\t\t\t\t\t\t\t\t<span class=\"sow-author author vcard\">\n\t\t\t\t\t\t<a class=\"url fn n\" href=\"https:\/\/www2.uepg.br\/elos\/author\/pmrocha\/\" rel=\"author\">\n\t\t\t\t\t\t\tElos - Jornalismo, Direitos Humanos e Forma\u00e7\u00e3o Cidad\u00e3\t\t\t\t\t\t<\/a>\n\t\t\t\t\t<\/span>\n\t\t\t\t\t\t\t<\/span>\n\t\t\n\t\t\t\t\t<span class=\"sow-entry-categories\">\n\t\t\t\t<a href=\"https:\/\/www2.uepg.br\/elos\/category\/noticias\/\" rel=\"category tag\">Not\u00edcias<\/a>\t\t\t<\/span>\n\t\t\n\t\t\t\t\t<\/div>\n\t\t<\/header>\n\n\t\t<div class=\"sow-entry-content\">\n\t\t\t<p>Lei visa prote\u00e7\u00e3o de crian\u00e7as e adolescentes no meio digital Por Ticyane Almeida e Ana Lu\u00edsa Runho Entrou em vigor, em 17 de mar\u00e7o de 2026, a atualiza\u00e7\u00e3o da Lei n\u00b0 15.211\/25, que institui o Estatuto Digital da Crian\u00e7a e do Adolescente. O ECA Digital refor\u00e7a a prote\u00e7\u00e3o de crian\u00e7as e adolescentes no ambiente online e amplia a responsabilidade das plataformas sobre os conte\u00fados que circulam, especialmente em situa\u00e7\u00f5es que envolvem riscos, como exposi\u00e7\u00e3o indevida, explora\u00e7\u00e3o, viol\u00eancia ou desafios perigosos. A lei passa a entender que a seguran\u00e7a das crian\u00e7as e adolescentes no meio digital \u00e9 uma responsabilidade compartilhada entre...<a class=\"sow-more-link more-link excerpt\" href=\"https:\/\/www2.uepg.br\/elos\/eca-digital-como-funciona-a-nova-atualizacao\/\">\n\t\t\tContinue reading<span class=\"sow-more-link-arrow\">&rarr;<\/span><\/a><\/p>\t\t<\/div>\n\t<\/div>\n<\/article>\n\t\t\t\t\t\t\t<article id=\"post-7266\" class=\"sow-blog-columns  post-7266 post type-post status-publish format-standard has-post-thumbnail hentry category-noticias\" style=\"display: flex; flex-wrap: wrap; justify-content: space-between; margin-bottom: 30px;\">\n\t\t\t\t<div class=\"sow-entry-thumbnail\">\n\t\t\t\t\t\t\t\t<a href=\"https:\/\/www2.uepg.br\/elos\/projeto-elos-inicia-atividades-no-colegio-polivalente-com-foco-no-resgate-historico-da-instituicao\/\">\n\t\t\t\t\t<img width=\"1232\" height=\"821\" src=\"https:\/\/www2.uepg.br\/elos\/wp-content\/uploads\/sites\/285\/2026\/05\/Foto-Capa-Kamille-Vidal-1-1232x821.jpg\" class=\"attachment-post-thumbnail size-post-thumbnail wp-post-image\" alt=\"\" loading=\"lazy\" srcset=\"https:\/\/www2.uepg.br\/elos\/wp-content\/uploads\/sites\/285\/2026\/05\/Foto-Capa-Kamille-Vidal-1-1232x821.jpg 1232w, https:\/\/www2.uepg.br\/elos\/wp-content\/uploads\/sites\/285\/2026\/05\/Foto-Capa-Kamille-Vidal-1-300x200.jpg 300w, https:\/\/www2.uepg.br\/elos\/wp-content\/uploads\/sites\/285\/2026\/05\/Foto-Capa-Kamille-Vidal-1-1024x683.jpg 1024w, https:\/\/www2.uepg.br\/elos\/wp-content\/uploads\/sites\/285\/2026\/05\/Foto-Capa-Kamille-Vidal-1-768x512.jpg 768w, https:\/\/www2.uepg.br\/elos\/wp-content\/uploads\/sites\/285\/2026\/05\/Foto-Capa-Kamille-Vidal-1-1536x1024.jpg 1536w, https:\/\/www2.uepg.br\/elos\/wp-content\/uploads\/sites\/285\/2026\/05\/Foto-Capa-Kamille-Vidal-1-2048x1365.jpg 2048w, https:\/\/www2.uepg.br\/elos\/wp-content\/uploads\/sites\/285\/2026\/05\/Foto-Capa-Kamille-Vidal-1-1620x1080.jpg 1620w, https:\/\/www2.uepg.br\/elos\/wp-content\/uploads\/sites\/285\/2026\/05\/Foto-Capa-Kamille-Vidal-1-272x182.jpg 272w\" sizes=\"(max-width: 1232px) 100vw, 1232px\" \/>\t\t\t\t<\/a>\n\t\t\t<\/div>\n\t\t\t\t<div class=\"sow-blog-content-wrapper\">\n\t\t<header class=\"sow-entry-header\" style=\"margin-bottom: 18px;\">\n\t\t\t<h2 class=\"sow-entry-title\" style=\"margin: 0 0 5px;\"><a href=\"https:\/\/www2.uepg.br\/elos\/projeto-elos-inicia-atividades-no-colegio-polivalente-com-foco-no-resgate-historico-da-instituicao\/\" rel=\"bookmark\">Projeto Elos inicia atividades no Col\u00e9gio Polivalente com foco no resgate hist\u00f3rico da institui\u00e7\u00e3o<\/a><\/h2>\t\t\t<div class=\"sow-entry-meta\">\n\t\t\t\t\t\t\t<span class=\"sow-featured-post\">Sticky<\/span>\n\t\t\t\t\t\t<span class=\"sow-entry-date\">\n\t\t\t\t<a href=\"https:\/\/www2.uepg.br\/elos\/projeto-elos-inicia-atividades-no-colegio-polivalente-com-foco-no-resgate-historico-da-instituicao\/\" rel=\"bookmark\">\n\t\t\t\t\t<time class=\"published\" datetime=\"2026-05-30T17:55:30-03:00\">\n\t\t\t\t\t\t30 de maio de 2026\t\t\t\t\t<\/time>\n\t\t\t\t\t<time class=\"updated\" datetime=\"2026-05-30T18:03:36-03:00\">\n\t\t\t\t\t\t30 de maio de 2026\t\t\t\t\t<\/time>\n\t\t\t\t<\/a>\n\t\t\t<\/span>\n\t\t\n\t\t\t\t\t<span class=\"sow-entry-author-link byline\">\n\t\t\t\t\t\t\t\t\t<span class=\"sow-author author vcard\">\n\t\t\t\t\t\t<a class=\"url fn n\" href=\"https:\/\/www2.uepg.br\/elos\/author\/pmrocha\/\" rel=\"author\">\n\t\t\t\t\t\t\tElos - Jornalismo, Direitos Humanos e Forma\u00e7\u00e3o Cidad\u00e3\t\t\t\t\t\t<\/a>\n\t\t\t\t\t<\/span>\n\t\t\t\t\t\t\t<\/span>\n\t\t\n\t\t\t\t\t<span class=\"sow-entry-categories\">\n\t\t\t\t<a href=\"https:\/\/www2.uepg.br\/elos\/category\/noticias\/\" rel=\"category tag\">Not\u00edcias<\/a>\t\t\t<\/span>\n\t\t\n\t\t\t\t\t<\/div>\n\t\t<\/header>\n\n\t\t<div class=\"sow-entry-content\">\n\t\t\t<p>Parceria visa engajar a comunidade escolar nas celebra\u00e7\u00f5es dos 50 anos da escola, e o primeiro encontro com estudantes contou com palestra sobre as trajet\u00f3rias vivenciadas no col\u00e9gio\u00a0 Por:Isabelly Costalonga, Leonardo Correia e Malu Dip A equipe do projeto de extens\u00e3o e da pesquisa aplicada desenvolvida pelo Elos &#8211; Jornalismo, Direitos Humanos e Forma\u00e7\u00e3o Cidad\u00e3, deu in\u00edcio, nesta quarta-feira (27), \u00e0s atividades pr\u00e1ticas junto aos estudantes do Col\u00e9gio Estadual Polivalente. Coordenada pelas professoras Paula Melani Rocha, Karina Janz Woitowicz e Graziela Bianchi, a iniciativa conta com a atua\u00e7\u00e3o direta da professora da escola, Eloni Santos, e das bolsistas de pesquisa...<a class=\"sow-more-link more-link excerpt\" href=\"https:\/\/www2.uepg.br\/elos\/projeto-elos-inicia-atividades-no-colegio-polivalente-com-foco-no-resgate-historico-da-instituicao\/\">\n\t\t\tContinue reading<span class=\"sow-more-link-arrow\">&rarr;<\/span><\/a><\/p>\t\t<\/div>\n\t<\/div>\n<\/article>\n\t\t\t\t\t\t\t<article id=\"post-7259\" class=\"sow-blog-columns  post-7259 post type-post status-publish format-standard has-post-thumbnail hentry category-noticias\" style=\"display: flex; flex-wrap: wrap; justify-content: space-between; margin-bottom: 30px;\">\n\t\t\t\t<div class=\"sow-entry-thumbnail\">\n\t\t\t\t\t\t\t\t<a href=\"https:\/\/www2.uepg.br\/elos\/ocupacao-ericson-john-duarte-completa-1-600-dias-de-resistencia-com-debate-sobre-moradia-digna-em-ponta-grossa\/\">\n\t\t\t\t\t<img width=\"1232\" height=\"821\" src=\"https:\/\/www2.uepg.br\/elos\/wp-content\/uploads\/sites\/285\/2026\/05\/Capa-2-1232x821.jpg\" class=\"attachment-post-thumbnail size-post-thumbnail wp-post-image\" alt=\"\" loading=\"lazy\" srcset=\"https:\/\/www2.uepg.br\/elos\/wp-content\/uploads\/sites\/285\/2026\/05\/Capa-2-1232x821.jpg 1232w, https:\/\/www2.uepg.br\/elos\/wp-content\/uploads\/sites\/285\/2026\/05\/Capa-2-300x200.jpg 300w, https:\/\/www2.uepg.br\/elos\/wp-content\/uploads\/sites\/285\/2026\/05\/Capa-2-1024x683.jpg 1024w, https:\/\/www2.uepg.br\/elos\/wp-content\/uploads\/sites\/285\/2026\/05\/Capa-2-768x512.jpg 768w, https:\/\/www2.uepg.br\/elos\/wp-content\/uploads\/sites\/285\/2026\/05\/Capa-2-1536x1024.jpg 1536w, https:\/\/www2.uepg.br\/elos\/wp-content\/uploads\/sites\/285\/2026\/05\/Capa-2-2048x1365.jpg 2048w, https:\/\/www2.uepg.br\/elos\/wp-content\/uploads\/sites\/285\/2026\/05\/Capa-2-1620x1080.jpg 1620w, https:\/\/www2.uepg.br\/elos\/wp-content\/uploads\/sites\/285\/2026\/05\/Capa-2-272x182.jpg 272w\" sizes=\"(max-width: 1232px) 100vw, 1232px\" \/>\t\t\t\t<\/a>\n\t\t\t<\/div>\n\t\t\t\t<div class=\"sow-blog-content-wrapper\">\n\t\t<header class=\"sow-entry-header\" style=\"margin-bottom: 18px;\">\n\t\t\t<h2 class=\"sow-entry-title\" style=\"margin: 0 0 5px;\"><a href=\"https:\/\/www2.uepg.br\/elos\/ocupacao-ericson-john-duarte-completa-1-600-dias-de-resistencia-com-debate-sobre-moradia-digna-em-ponta-grossa\/\" rel=\"bookmark\">Ocupa\u00e7\u00e3o Ericson John Duarte completa 1.600 dias de resist\u00eancia com debate sobre moradia digna em Ponta Grossa<\/a><\/h2>\t\t\t<div class=\"sow-entry-meta\">\n\t\t\t\t\t\t\t<span class=\"sow-featured-post\">Sticky<\/span>\n\t\t\t\t\t\t<span class=\"sow-entry-date\">\n\t\t\t\t<a href=\"https:\/\/www2.uepg.br\/elos\/ocupacao-ericson-john-duarte-completa-1-600-dias-de-resistencia-com-debate-sobre-moradia-digna-em-ponta-grossa\/\" rel=\"bookmark\">\n\t\t\t\t\t<time class=\"published\" datetime=\"2026-05-26T19:56:05-03:00\">\n\t\t\t\t\t\t26 de maio de 2026\t\t\t\t\t<\/time>\n\t\t\t\t\t<time class=\"updated\" datetime=\"2026-05-26T19:56:17-03:00\">\n\t\t\t\t\t\t26 de maio de 2026\t\t\t\t\t<\/time>\n\t\t\t\t<\/a>\n\t\t\t<\/span>\n\t\t\n\t\t\t\t\t<span class=\"sow-entry-author-link byline\">\n\t\t\t\t\t\t\t\t\t<span class=\"sow-author author vcard\">\n\t\t\t\t\t\t<a class=\"url fn n\" href=\"https:\/\/www2.uepg.br\/elos\/author\/pmrocha\/\" rel=\"author\">\n\t\t\t\t\t\t\tElos - Jornalismo, Direitos Humanos e Forma\u00e7\u00e3o Cidad\u00e3\t\t\t\t\t\t<\/a>\n\t\t\t\t\t<\/span>\n\t\t\t\t\t\t\t<\/span>\n\t\t\n\t\t\t\t\t<span class=\"sow-entry-categories\">\n\t\t\t\t<a href=\"https:\/\/www2.uepg.br\/elos\/category\/noticias\/\" rel=\"category tag\">Not\u00edcias<\/a>\t\t\t<\/span>\n\t\t\n\t\t\t\t\t<\/div>\n\t\t<\/header>\n\n\t\t<div class=\"sow-entry-content\">\n\t\t\t<p>Comunidade do bairro Neves celebrou os quase cinco anos da ocupa\u00e7\u00e3o com debates sobre direito \u00e0 moradia, fun\u00e7\u00e3o social da propriedade, regulariza\u00e7\u00e3o fundi\u00e1ria e resist\u00eancia popular em Ponta Grossa Por: Guilherme Roza e Lorena Santana\u00a0 A comunidade Ocupa\u00e7\u00e3o Ericson John Duarte recebeu, no \u00faltimo domingo (24), uma s\u00e9rie de atividades promovidas pelo Movimento Popular de Luta (MPL) em refer\u00eancia aos 1.600 dias de ocupa\u00e7\u00e3o do terreno localizado no bairro Neves, em Ponta Grossa. A programa\u00e7\u00e3o reuniu moradores, apoiadores, movimentos sociais, representantes pol\u00edticos e lideran\u00e7as ligadas \u00e0 luta por moradia. A abertura do evento contou com a mesa-redonda \u201cA luta pelo...<a class=\"sow-more-link more-link excerpt\" href=\"https:\/\/www2.uepg.br\/elos\/ocupacao-ericson-john-duarte-completa-1-600-dias-de-resistencia-com-debate-sobre-moradia-digna-em-ponta-grossa\/\">\n\t\t\tContinue reading<span class=\"sow-more-link-arrow\">&rarr;<\/span><\/a><\/p>\t\t<\/div>\n\t<\/div>\n<\/article>\n\t\t\t\t\t\t\t<article id=\"post-7256\" class=\"sow-blog-columns  post-7256 post type-post status-publish format-standard has-post-thumbnail hentry category-noticias\" style=\"display: flex; flex-wrap: wrap; justify-content: space-between; margin-bottom: 30px;\">\n\t\t\t\t<div class=\"sow-entry-thumbnail\">\n\t\t\t\t\t\t\t\t<a href=\"https:\/\/www2.uepg.br\/elos\/imigrantes-compartilham-trajetorias-de-acolhimento-e-reconstrucao-em-ponta-grossa\/\">\n\t\t\t\t\t<img width=\"1080\" height=\"648\" src=\"https:\/\/www2.uepg.br\/elos\/wp-content\/uploads\/sites\/285\/2026\/05\/Screenshot_20260524_201646_Drive.jpg\" class=\"attachment-post-thumbnail size-post-thumbnail wp-post-image\" alt=\"\" loading=\"lazy\" srcset=\"https:\/\/www2.uepg.br\/elos\/wp-content\/uploads\/sites\/285\/2026\/05\/Screenshot_20260524_201646_Drive.jpg 1080w, https:\/\/www2.uepg.br\/elos\/wp-content\/uploads\/sites\/285\/2026\/05\/Screenshot_20260524_201646_Drive-300x180.jpg 300w, https:\/\/www2.uepg.br\/elos\/wp-content\/uploads\/sites\/285\/2026\/05\/Screenshot_20260524_201646_Drive-1024x614.jpg 1024w, https:\/\/www2.uepg.br\/elos\/wp-content\/uploads\/sites\/285\/2026\/05\/Screenshot_20260524_201646_Drive-768x461.jpg 768w\" sizes=\"(max-width: 1080px) 100vw, 1080px\" \/>\t\t\t\t<\/a>\n\t\t\t<\/div>\n\t\t\t\t<div class=\"sow-blog-content-wrapper\">\n\t\t<header class=\"sow-entry-header\" style=\"margin-bottom: 18px;\">\n\t\t\t<h2 class=\"sow-entry-title\" style=\"margin: 0 0 5px;\"><a href=\"https:\/\/www2.uepg.br\/elos\/imigrantes-compartilham-trajetorias-de-acolhimento-e-reconstrucao-em-ponta-grossa\/\" rel=\"bookmark\">Imigrantes compartilham trajet\u00f3rias de acolhimento e reconstru\u00e7\u00e3o em Ponta Grossa<\/a><\/h2>\t\t\t<div class=\"sow-entry-meta\">\n\t\t\t\t\t\t\t<span class=\"sow-featured-post\">Sticky<\/span>\n\t\t\t\t\t\t<span class=\"sow-entry-date\">\n\t\t\t\t<a href=\"https:\/\/www2.uepg.br\/elos\/imigrantes-compartilham-trajetorias-de-acolhimento-e-reconstrucao-em-ponta-grossa\/\" rel=\"bookmark\">\n\t\t\t\t\t<time class=\"published\" datetime=\"2026-05-24T20:19:58-03:00\">\n\t\t\t\t\t\t24 de maio de 2026\t\t\t\t\t<\/time>\n\t\t\t\t\t<time class=\"updated\" datetime=\"2026-05-24T20:19:58-03:00\">\n\t\t\t\t\t\t24 de maio de 2026\t\t\t\t\t<\/time>\n\t\t\t\t<\/a>\n\t\t\t<\/span>\n\t\t\n\t\t\t\t\t<span class=\"sow-entry-author-link byline\">\n\t\t\t\t\t\t\t\t\t<span class=\"sow-author author vcard\">\n\t\t\t\t\t\t<a class=\"url fn n\" href=\"https:\/\/www2.uepg.br\/elos\/author\/pmrocha\/\" rel=\"author\">\n\t\t\t\t\t\t\tElos - Jornalismo, Direitos Humanos e Forma\u00e7\u00e3o Cidad\u00e3\t\t\t\t\t\t<\/a>\n\t\t\t\t\t<\/span>\n\t\t\t\t\t\t\t<\/span>\n\t\t\n\t\t\t\t\t<span class=\"sow-entry-categories\">\n\t\t\t\t<a href=\"https:\/\/www2.uepg.br\/elos\/category\/noticias\/\" rel=\"category tag\">Not\u00edcias<\/a>\t\t\t<\/span>\n\t\t\n\t\t\t\t\t<\/div>\n\t\t<\/header>\n\n\t\t<div class=\"sow-entry-content\">\n\t\t\t<p>Mesa-redonda no Museu Campos Gerais reuniu relatos de refugiados, estudantes e trabalhadores estrangeiros durante a Semana Nacional de Museus. Por: Celyne Stefani, Lorena Santana e Natalia Almeida\u00a0 O Museu Campos Gerais sediou, na noite de ter\u00e7a-feira (20), a mesa-redonda \u201cMuseu Escuta: Ponta Grossa, Vozes e Encontros do Mundo\u201d, atividade integrante da 24\u00aa Semana Nacional de Museus. Realizado em parceria com a C\u00e1ritas Ponta Grossa, o evento reuniu imigrantes residentes na cidade para compartilhar hist\u00f3rias de deslocamento, acolhimento e reconstru\u00e7\u00e3o de vida. A media\u00e7\u00e3o foi realizada pelo professor Felipe Soares e pela professora Merylin Ricieli, docentes do curso de Hist\u00f3ria da...<a class=\"sow-more-link more-link excerpt\" href=\"https:\/\/www2.uepg.br\/elos\/imigrantes-compartilham-trajetorias-de-acolhimento-e-reconstrucao-em-ponta-grossa\/\">\n\t\t\tContinue reading<span class=\"sow-more-link-arrow\">&rarr;<\/span><\/a><\/p>\t\t<\/div>\n\t<\/div>\n<\/article>\n\t\t\t\t\t\t\t<article id=\"post-7249\" class=\"sow-blog-columns  post-7249 post type-post status-publish format-standard has-post-thumbnail hentry category-diversos category-elos category-materia tag-camara-municipal tag-ciganas tag-coletivo-mulheres\" style=\"display: flex; flex-wrap: wrap; justify-content: space-between; margin-bottom: 30px;\">\n\t\t\t\t<div class=\"sow-entry-thumbnail\">\n\t\t\t\t\t\t\t\t<a href=\"https:\/\/www2.uepg.br\/elos\/preservacao-da-memoria-e-direitos-ciganos-marcam-debate-na-camara-municipal\/\">\n\t\t\t\t\t<img width=\"1232\" height=\"821\" src=\"https:\/\/www2.uepg.br\/elos\/wp-content\/uploads\/sites\/285\/2026\/05\/por_-Lincoln-Morais-CAPA-1232x821.jpg\" class=\"attachment-post-thumbnail size-post-thumbnail wp-post-image\" alt=\"\" loading=\"lazy\" srcset=\"https:\/\/www2.uepg.br\/elos\/wp-content\/uploads\/sites\/285\/2026\/05\/por_-Lincoln-Morais-CAPA-1232x821.jpg 1232w, https:\/\/www2.uepg.br\/elos\/wp-content\/uploads\/sites\/285\/2026\/05\/por_-Lincoln-Morais-CAPA-300x200.jpg 300w, https:\/\/www2.uepg.br\/elos\/wp-content\/uploads\/sites\/285\/2026\/05\/por_-Lincoln-Morais-CAPA-1024x683.jpg 1024w, https:\/\/www2.uepg.br\/elos\/wp-content\/uploads\/sites\/285\/2026\/05\/por_-Lincoln-Morais-CAPA-768x512.jpg 768w, https:\/\/www2.uepg.br\/elos\/wp-content\/uploads\/sites\/285\/2026\/05\/por_-Lincoln-Morais-CAPA-1536x1024.jpg 1536w, https:\/\/www2.uepg.br\/elos\/wp-content\/uploads\/sites\/285\/2026\/05\/por_-Lincoln-Morais-CAPA-2048x1365.jpg 2048w, https:\/\/www2.uepg.br\/elos\/wp-content\/uploads\/sites\/285\/2026\/05\/por_-Lincoln-Morais-CAPA-1620x1080.jpg 1620w, https:\/\/www2.uepg.br\/elos\/wp-content\/uploads\/sites\/285\/2026\/05\/por_-Lincoln-Morais-CAPA-272x182.jpg 272w\" sizes=\"(max-width: 1232px) 100vw, 1232px\" \/>\t\t\t\t<\/a>\n\t\t\t<\/div>\n\t\t\t\t<div class=\"sow-blog-content-wrapper\">\n\t\t<header class=\"sow-entry-header\" style=\"margin-bottom: 18px;\">\n\t\t\t<h2 class=\"sow-entry-title\" style=\"margin: 0 0 5px;\"><a href=\"https:\/\/www2.uepg.br\/elos\/preservacao-da-memoria-e-direitos-ciganos-marcam-debate-na-camara-municipal\/\" rel=\"bookmark\">Preserva\u00e7\u00e3o da mem\u00f3ria e direitos ciganos marcam debate na C\u00e2mara Municipal<\/a><\/h2>\t\t\t<div class=\"sow-entry-meta\">\n\t\t\t\t\t\t\t<span class=\"sow-featured-post\">Sticky<\/span>\n\t\t\t\t\t\t<span class=\"sow-entry-date\">\n\t\t\t\t<a href=\"https:\/\/www2.uepg.br\/elos\/preservacao-da-memoria-e-direitos-ciganos-marcam-debate-na-camara-municipal\/\" rel=\"bookmark\">\n\t\t\t\t\t<time class=\"published\" datetime=\"2026-05-23T17:13:02-03:00\">\n\t\t\t\t\t\t23 de maio de 2026\t\t\t\t\t<\/time>\n\t\t\t\t\t<time class=\"updated\" datetime=\"2026-05-23T17:13:02-03:00\">\n\t\t\t\t\t\t23 de maio de 2026\t\t\t\t\t<\/time>\n\t\t\t\t<\/a>\n\t\t\t<\/span>\n\t\t\n\t\t\t\t\t<span class=\"sow-entry-author-link byline\">\n\t\t\t\t\t\t\t\t\t<span class=\"sow-author author vcard\">\n\t\t\t\t\t\t<a class=\"url fn n\" href=\"https:\/\/www2.uepg.br\/elos\/author\/pmrocha\/\" rel=\"author\">\n\t\t\t\t\t\t\tElos - Jornalismo, Direitos Humanos e Forma\u00e7\u00e3o Cidad\u00e3\t\t\t\t\t\t<\/a>\n\t\t\t\t\t<\/span>\n\t\t\t\t\t\t\t<\/span>\n\t\t\n\t\t\t\t\t<span class=\"sow-entry-categories\">\n\t\t\t\t<a href=\"https:\/\/www2.uepg.br\/elos\/category\/diversos\/\" rel=\"category tag\">Diversos<\/a>, <a href=\"https:\/\/www2.uepg.br\/elos\/category\/elos\/\" rel=\"category tag\">Elos<\/a>, <a href=\"https:\/\/www2.uepg.br\/elos\/category\/materia\/\" rel=\"category tag\">Mat\u00e9ria<\/a>\t\t\t<\/span>\n\t\t\n\t\t\t\t\t<\/div>\n\t\t<\/header>\n\n\t\t<div class=\"sow-entry-content\">\n\t\t\t<p>Primeira advogada da etnia Rom no Paran\u00e1, Hayanne Iovanovitchi defende a ocupa\u00e7\u00e3o de espa\u00e7os de poder e a visibilidade para a comunidade cigana Por Leonardo Correia Nesta sexta-feira (22), a fundadora do Coletivo das Mulheres Ciganas do Brasil (COMCIB), Hayanne Iovanovitchi, realizou uma palestra sobre o povo cigano na C\u00e2mara Municipal de Ponta Grossa. O evento foi marcado pelo di\u00e1logo, pela escuta a valoriza\u00e7\u00e3o da cultura cigana e pela apresenta\u00e7\u00e3o do Museu Romano de Curitiba. Hayanne, que \u00e9 da etnia Rom e a primeira advogada cigana do estado do Paran\u00e1, revelou um cen\u00e1rio preocupante sobre a representatividade de seu povo....<a class=\"sow-more-link more-link excerpt\" href=\"https:\/\/www2.uepg.br\/elos\/preservacao-da-memoria-e-direitos-ciganos-marcam-debate-na-camara-municipal\/\">\n\t\t\tContinue reading<span class=\"sow-more-link-arrow\">&rarr;<\/span><\/a><\/p>\t\t<\/div>\n\t<\/div>\n<\/article>\n\t\t\t\t\t\t\t<article id=\"post-7246\" class=\"sow-blog-columns  post-7246 post type-post status-publish format-standard has-post-thumbnail hentry category-elos category-materia category-noticias tag-dia-do-silencio tag-servidores-publicos tag-sindicato-dos-servidores\" style=\"display: flex; flex-wrap: wrap; justify-content: space-between; margin-bottom: 30px;\">\n\t\t\t\t<div class=\"sow-entry-thumbnail\">\n\t\t\t\t\t\t\t\t<a href=\"https:\/\/www2.uepg.br\/elos\/passeata-leva-servidores-municipais-as-ruas-em-ponta-grossa-apos-repressao-a-greve-por-parte-da-prefeitura\/\">\n\t\t\t\t\t<img width=\"1232\" height=\"821\" src=\"https:\/\/www2.uepg.br\/elos\/wp-content\/uploads\/sites\/285\/2026\/05\/Foto-capa-1-1232x821.jpg\" class=\"attachment-post-thumbnail size-post-thumbnail wp-post-image\" alt=\"\" loading=\"lazy\" srcset=\"https:\/\/www2.uepg.br\/elos\/wp-content\/uploads\/sites\/285\/2026\/05\/Foto-capa-1-1232x821.jpg 1232w, https:\/\/www2.uepg.br\/elos\/wp-content\/uploads\/sites\/285\/2026\/05\/Foto-capa-1-300x200.jpg 300w, https:\/\/www2.uepg.br\/elos\/wp-content\/uploads\/sites\/285\/2026\/05\/Foto-capa-1-1024x683.jpg 1024w, https:\/\/www2.uepg.br\/elos\/wp-content\/uploads\/sites\/285\/2026\/05\/Foto-capa-1-768x512.jpg 768w, https:\/\/www2.uepg.br\/elos\/wp-content\/uploads\/sites\/285\/2026\/05\/Foto-capa-1-1536x1024.jpg 1536w, https:\/\/www2.uepg.br\/elos\/wp-content\/uploads\/sites\/285\/2026\/05\/Foto-capa-1-2048x1365.jpg 2048w, https:\/\/www2.uepg.br\/elos\/wp-content\/uploads\/sites\/285\/2026\/05\/Foto-capa-1-1620x1080.jpg 1620w, https:\/\/www2.uepg.br\/elos\/wp-content\/uploads\/sites\/285\/2026\/05\/Foto-capa-1-272x182.jpg 272w\" sizes=\"(max-width: 1232px) 100vw, 1232px\" \/>\t\t\t\t<\/a>\n\t\t\t<\/div>\n\t\t\t\t<div class=\"sow-blog-content-wrapper\">\n\t\t<header class=\"sow-entry-header\" style=\"margin-bottom: 18px;\">\n\t\t\t<h2 class=\"sow-entry-title\" style=\"margin: 0 0 5px;\"><a href=\"https:\/\/www2.uepg.br\/elos\/passeata-leva-servidores-municipais-as-ruas-em-ponta-grossa-apos-repressao-a-greve-por-parte-da-prefeitura\/\" rel=\"bookmark\">Passeata leva servidores municipais \u00e0s ruas em Ponta Grossa ap\u00f3s repress\u00e3o \u00e0 greve por parte da Prefeitura<\/a><\/h2>\t\t\t<div class=\"sow-entry-meta\">\n\t\t\t\t\t\t\t<span class=\"sow-featured-post\">Sticky<\/span>\n\t\t\t\t\t\t<span class=\"sow-entry-date\">\n\t\t\t\t<a href=\"https:\/\/www2.uepg.br\/elos\/passeata-leva-servidores-municipais-as-ruas-em-ponta-grossa-apos-repressao-a-greve-por-parte-da-prefeitura\/\" rel=\"bookmark\">\n\t\t\t\t\t<time class=\"published\" datetime=\"2026-05-23T11:14:35-03:00\">\n\t\t\t\t\t\t23 de maio de 2026\t\t\t\t\t<\/time>\n\t\t\t\t\t<time class=\"updated\" datetime=\"2026-05-23T11:14:35-03:00\">\n\t\t\t\t\t\t23 de maio de 2026\t\t\t\t\t<\/time>\n\t\t\t\t<\/a>\n\t\t\t<\/span>\n\t\t\n\t\t\t\t\t<span class=\"sow-entry-author-link byline\">\n\t\t\t\t\t\t\t\t\t<span class=\"sow-author author vcard\">\n\t\t\t\t\t\t<a class=\"url fn n\" href=\"https:\/\/www2.uepg.br\/elos\/author\/pmrocha\/\" rel=\"author\">\n\t\t\t\t\t\t\tElos - Jornalismo, Direitos Humanos e Forma\u00e7\u00e3o Cidad\u00e3\t\t\t\t\t\t<\/a>\n\t\t\t\t\t<\/span>\n\t\t\t\t\t\t\t<\/span>\n\t\t\n\t\t\t\t\t<span class=\"sow-entry-categories\">\n\t\t\t\t<a href=\"https:\/\/www2.uepg.br\/elos\/category\/elos\/\" rel=\"category tag\">Elos<\/a>, <a href=\"https:\/\/www2.uepg.br\/elos\/category\/materia\/\" rel=\"category tag\">Mat\u00e9ria<\/a>, <a href=\"https:\/\/www2.uepg.br\/elos\/category\/noticias\/\" rel=\"category tag\">Not\u00edcias<\/a>\t\t\t<\/span>\n\t\t\n\t\t\t\t\t<\/div>\n\t\t<\/header>\n\n\t\t<div class=\"sow-entry-content\">\n\t\t\t<p>Ato reuniu mais de 70 servidores municipais, que reivindicam reajuste da data-base e aumento no vale-alimenta\u00e7\u00e3o Por Leonardo Correia e Malu Dip \u00a0 Na \u00faltima quinta-feira (21), ocorreu a caminhada em defesa aos servidores municipais, organizada pelo Sindicato dos Servidores P\u00fablicos de Ponta Grossa (SindServ-PG). A concentra\u00e7\u00e3o teve in\u00edcio \u00e0s 17h na pra\u00e7a Bar\u00e3o do Guara\u00fana e partiu \u00e0s 18h30 com destino ao Parque Ambiental. O ato ainda \u00e9 parte dos protestos relacionados ao dia 4 de maio de 2026, intitulado pelos pr\u00f3prios servidores p\u00fablicos como \u201cDia do Sil\u00eancio\u201d. Na data, os servidores e servidoras iniciaram uma greve ao reivindicar...<a class=\"sow-more-link more-link excerpt\" href=\"https:\/\/www2.uepg.br\/elos\/passeata-leva-servidores-municipais-as-ruas-em-ponta-grossa-apos-repressao-a-greve-por-parte-da-prefeitura\/\">\n\t\t\tContinue reading<span class=\"sow-more-link-arrow\">&rarr;<\/span><\/a><\/p>\t\t<\/div>\n\t<\/div>\n<\/article>\n\t\t\t\t\t\t\t<article id=\"post-7212\" class=\"sow-blog-columns  post-7212 post type-post status-publish format-standard has-post-thumbnail hentry category-destaques category-direito-lgbtqiapn category-materia category-noticias category-posts tag-direitos-humanos tag-lgbtqiapn\" style=\"display: flex; flex-wrap: wrap; justify-content: space-between; margin-bottom: 30px;\">\n\t\t\t\t<div class=\"sow-entry-thumbnail\">\n\t\t\t\t\t\t\t\t<a href=\"https:\/\/www2.uepg.br\/elos\/17-de-maio-a-data-que-significa-resistir-para-existir-comunidade-lgbtqiapn-permanece-em-disputa-pelos-seus-direitos\/\">\n\t\t\t\t\t<img width=\"1080\" height=\"1350\" src=\"https:\/\/www2.uepg.br\/elos\/wp-content\/uploads\/sites\/285\/2026\/05\/Foto-de-Bruna-Sluzala.jpg\" class=\"attachment-post-thumbnail size-post-thumbnail wp-post-image\" alt=\"\" loading=\"lazy\" srcset=\"https:\/\/www2.uepg.br\/elos\/wp-content\/uploads\/sites\/285\/2026\/05\/Foto-de-Bruna-Sluzala.jpg 1080w, https:\/\/www2.uepg.br\/elos\/wp-content\/uploads\/sites\/285\/2026\/05\/Foto-de-Bruna-Sluzala-240x300.jpg 240w, https:\/\/www2.uepg.br\/elos\/wp-content\/uploads\/sites\/285\/2026\/05\/Foto-de-Bruna-Sluzala-819x1024.jpg 819w, https:\/\/www2.uepg.br\/elos\/wp-content\/uploads\/sites\/285\/2026\/05\/Foto-de-Bruna-Sluzala-768x960.jpg 768w, https:\/\/www2.uepg.br\/elos\/wp-content\/uploads\/sites\/285\/2026\/05\/Foto-de-Bruna-Sluzala-864x1080.jpg 864w\" sizes=\"(max-width: 1080px) 100vw, 1080px\" \/>\t\t\t\t<\/a>\n\t\t\t<\/div>\n\t\t\t\t<div class=\"sow-blog-content-wrapper\">\n\t\t<header class=\"sow-entry-header\" style=\"margin-bottom: 18px;\">\n\t\t\t<h2 class=\"sow-entry-title\" style=\"margin: 0 0 5px;\"><a href=\"https:\/\/www2.uepg.br\/elos\/17-de-maio-a-data-que-significa-resistir-para-existir-comunidade-lgbtqiapn-permanece-em-disputa-pelos-seus-direitos\/\" rel=\"bookmark\">17 de maio: a data que significa Resistir para Existir Comunidade LGBTQIAPN+ permanece em disputa pelos seus direitos<\/a><\/h2>\t\t\t<div class=\"sow-entry-meta\">\n\t\t\t\t\t\t\t<span class=\"sow-featured-post\">Sticky<\/span>\n\t\t\t\t\t\t<span class=\"sow-entry-date\">\n\t\t\t\t<a href=\"https:\/\/www2.uepg.br\/elos\/17-de-maio-a-data-que-significa-resistir-para-existir-comunidade-lgbtqiapn-permanece-em-disputa-pelos-seus-direitos\/\" rel=\"bookmark\">\n\t\t\t\t\t<time class=\"published\" datetime=\"2026-05-17T14:32:55-03:00\">\n\t\t\t\t\t\t17 de maio de 2026\t\t\t\t\t<\/time>\n\t\t\t\t\t<time class=\"updated\" datetime=\"2026-05-17T15:00:24-03:00\">\n\t\t\t\t\t\t17 de maio de 2026\t\t\t\t\t<\/time>\n\t\t\t\t<\/a>\n\t\t\t<\/span>\n\t\t\n\t\t\t\t\t<span class=\"sow-entry-author-link byline\">\n\t\t\t\t\t\t\t\t\t<span class=\"sow-author author vcard\">\n\t\t\t\t\t\t<a class=\"url fn n\" href=\"https:\/\/www2.uepg.br\/elos\/author\/pmrocha\/\" rel=\"author\">\n\t\t\t\t\t\t\tElos - Jornalismo, Direitos Humanos e Forma\u00e7\u00e3o Cidad\u00e3\t\t\t\t\t\t<\/a>\n\t\t\t\t\t<\/span>\n\t\t\t\t\t\t\t<\/span>\n\t\t\n\t\t\t\t\t<span class=\"sow-entry-categories\">\n\t\t\t\t<a href=\"https:\/\/www2.uepg.br\/elos\/category\/destaques\/\" rel=\"category tag\">Destaques<\/a>, <a href=\"https:\/\/www2.uepg.br\/elos\/category\/direito-lgbtqiapn\/\" rel=\"category tag\">Direito LGBTQIAPN+<\/a>, <a href=\"https:\/\/www2.uepg.br\/elos\/category\/materia\/\" rel=\"category tag\">Mat\u00e9ria<\/a>, <a href=\"https:\/\/www2.uepg.br\/elos\/category\/noticias\/\" rel=\"category tag\">Not\u00edcias<\/a>, <a href=\"https:\/\/www2.uepg.br\/elos\/category\/posts\/\" rel=\"category tag\">Posts<\/a>\t\t\t<\/span>\n\t\t\n\t\t\t\t\t<\/div>\n\t\t<\/header>\n\n\t\t<div class=\"sow-entry-content\">\n\t\t\t<p>\u201cNingu\u00e9m na sociedade tem o direito de nos amea\u00e7ar, de anular nossa ess\u00eancia, exist\u00eancia e identidade\u201d, diz Elena Leone Por Lucas Barbato No dia 17 de maio de 1990, a Organiza\u00e7\u00e3o Mundial da Sa\u00fade teve um papel importante ao destacar que ser homossexual n\u00e3o \u00e9 doen\u00e7a, tirando finalmente a homossexualidade da lista de transtornos mentais. Mas foi no ano de 2004, por iniciativa de uma campanha da IDAHO, lan\u00e7ada na Fran\u00e7a pelo acad\u00eamico e ativista Louis Georges Tin com a finalidade de marcar a data como um dia de resist\u00eancia, que se instituiu o Dia Internacional contra a Homofobia. Em...<a class=\"sow-more-link more-link excerpt\" href=\"https:\/\/www2.uepg.br\/elos\/17-de-maio-a-data-que-significa-resistir-para-existir-comunidade-lgbtqiapn-permanece-em-disputa-pelos-seus-direitos\/\">\n\t\t\tContinue reading<span class=\"sow-more-link-arrow\">&rarr;<\/span><\/a><\/p>\t\t<\/div>\n\t<\/div>\n<\/article>\n\t\t\t\t\t\t\t<article id=\"post-7207\" class=\"sow-blog-columns  post-7207 post type-post status-publish format-standard has-post-thumbnail hentry category-destaques category-direito-racial category-diversos category-materia category-noticias category-posts tag-direitos-humanos tag-jornalismo\" style=\"display: flex; flex-wrap: wrap; justify-content: space-between; margin-bottom: 30px;\">\n\t\t\t\t<div class=\"sow-entry-thumbnail\">\n\t\t\t\t\t\t\t\t<a href=\"https:\/\/www2.uepg.br\/elos\/pretos-velhos-resistem-13-de-maio-marca-a-luta-viva-e-ancestral-das-religioes-de-matriz-africana\/\">\n\t\t\t\t\t<img width=\"455\" height=\"607\" src=\"https:\/\/www2.uepg.br\/elos\/wp-content\/uploads\/sites\/285\/2026\/05\/capa-1.jpg\" class=\"attachment-post-thumbnail size-post-thumbnail wp-post-image\" alt=\"\" loading=\"lazy\" srcset=\"https:\/\/www2.uepg.br\/elos\/wp-content\/uploads\/sites\/285\/2026\/05\/capa-1.jpg 455w, https:\/\/www2.uepg.br\/elos\/wp-content\/uploads\/sites\/285\/2026\/05\/capa-1-225x300.jpg 225w\" sizes=\"(max-width: 455px) 100vw, 455px\" \/>\t\t\t\t<\/a>\n\t\t\t<\/div>\n\t\t\t\t<div class=\"sow-blog-content-wrapper\">\n\t\t<header class=\"sow-entry-header\" style=\"margin-bottom: 18px;\">\n\t\t\t<h2 class=\"sow-entry-title\" style=\"margin: 0 0 5px;\"><a href=\"https:\/\/www2.uepg.br\/elos\/pretos-velhos-resistem-13-de-maio-marca-a-luta-viva-e-ancestral-das-religioes-de-matriz-africana\/\" rel=\"bookmark\">Pretos Velhos resistem: 13 de maio marca a luta viva e ancestral das religi\u00f5es de matriz africana<\/a><\/h2>\t\t\t<div class=\"sow-entry-meta\">\n\t\t\t\t\t\t\t<span class=\"sow-featured-post\">Sticky<\/span>\n\t\t\t\t\t\t<span class=\"sow-entry-date\">\n\t\t\t\t<a href=\"https:\/\/www2.uepg.br\/elos\/pretos-velhos-resistem-13-de-maio-marca-a-luta-viva-e-ancestral-das-religioes-de-matriz-africana\/\" rel=\"bookmark\">\n\t\t\t\t\t<time class=\"published\" datetime=\"2026-05-13T12:33:23-03:00\">\n\t\t\t\t\t\t13 de maio de 2026\t\t\t\t\t<\/time>\n\t\t\t\t\t<time class=\"updated\" datetime=\"2026-05-13T12:35:12-03:00\">\n\t\t\t\t\t\t13 de maio de 2026\t\t\t\t\t<\/time>\n\t\t\t\t<\/a>\n\t\t\t<\/span>\n\t\t\n\t\t\t\t\t<span class=\"sow-entry-author-link byline\">\n\t\t\t\t\t\t\t\t\t<span class=\"sow-author author vcard\">\n\t\t\t\t\t\t<a class=\"url fn n\" href=\"https:\/\/www2.uepg.br\/elos\/author\/pmrocha\/\" rel=\"author\">\n\t\t\t\t\t\t\tElos - Jornalismo, Direitos Humanos e Forma\u00e7\u00e3o Cidad\u00e3\t\t\t\t\t\t<\/a>\n\t\t\t\t\t<\/span>\n\t\t\t\t\t\t\t<\/span>\n\t\t\n\t\t\t\t\t<span class=\"sow-entry-categories\">\n\t\t\t\t<a href=\"https:\/\/www2.uepg.br\/elos\/category\/destaques\/\" rel=\"category tag\">Destaques<\/a>, <a href=\"https:\/\/www2.uepg.br\/elos\/category\/direito-racial\/\" rel=\"category tag\">Direito racial<\/a>, <a href=\"https:\/\/www2.uepg.br\/elos\/category\/diversos\/\" rel=\"category tag\">Diversos<\/a>, <a href=\"https:\/\/www2.uepg.br\/elos\/category\/materia\/\" rel=\"category tag\">Mat\u00e9ria<\/a>, <a href=\"https:\/\/www2.uepg.br\/elos\/category\/noticias\/\" rel=\"category tag\">Not\u00edcias<\/a>, <a href=\"https:\/\/www2.uepg.br\/elos\/category\/posts\/\" rel=\"category tag\">Posts<\/a>\t\t\t<\/span>\n\t\t\n\t\t\t\t\t<\/div>\n\t\t<\/header>\n\n\t\t<div class=\"sow-entry-content\">\n\t\t\t<p>A data simb\u00f3lica para a resist\u00eancia dos povos escravizados \u00e9 tamb\u00e9m comemorada nas religi\u00f5es que cultuam a ancestralidade africana do Brasil Por Ana Lu\u00edsa Runho e Lucas Barbato Desde 2025, Ponta Grossa comemora em 13 de maio o Dia Municipal das Religi\u00f5es de Matriz Africana. A data foi inclu\u00edda no calend\u00e1rio municipal em 2024, institu\u00edda pela lei n\u00ba 15.248\/2024. A resist\u00eancia destas religi\u00f5es \u00e9 intensa e viva no munic\u00edpio h\u00e1 muito antes; diariamente, pessoas lutam para exercer sua liberdade religiosa plenamente, e enfrentam no caminho julgamentos, intoler\u00e2ncia, ataques e viol\u00eancia.\u00a0 De acordo com o IBGE, em 2022, cerca de 0,69%...<a class=\"sow-more-link more-link excerpt\" href=\"https:\/\/www2.uepg.br\/elos\/pretos-velhos-resistem-13-de-maio-marca-a-luta-viva-e-ancestral-das-religioes-de-matriz-africana\/\">\n\t\t\tContinue reading<span class=\"sow-more-link-arrow\">&rarr;<\/span><\/a><\/p>\t\t<\/div>\n\t<\/div>\n<\/article>\n\t\t\t\t\t\t\t<article id=\"post-7196\" class=\"sow-blog-columns  post-7196 post type-post status-publish format-standard has-post-thumbnail hentry category-destaques category-educacao category-materia category-noticias category-posts tag-elos tag-jornalismo tag-politicas-de-cotas\" style=\"display: flex; flex-wrap: wrap; justify-content: space-between; margin-bottom: 30px;\">\n\t\t\t\t<div class=\"sow-entry-thumbnail\">\n\t\t\t\t\t\t\t\t<a href=\"https:\/\/www2.uepg.br\/elos\/as-cotas-abrem-portas-audiencia-publica-pela-lei-de-cotas-e-realizada-em-ponta-grossa\/\">\n\t\t\t\t\t<img width=\"1232\" height=\"821\" src=\"https:\/\/www2.uepg.br\/elos\/wp-content\/uploads\/sites\/285\/2026\/05\/capa-1232x821.jpg\" class=\"attachment-post-thumbnail size-post-thumbnail wp-post-image\" alt=\"\" loading=\"lazy\" srcset=\"https:\/\/www2.uepg.br\/elos\/wp-content\/uploads\/sites\/285\/2026\/05\/capa-1232x821.jpg 1232w, https:\/\/www2.uepg.br\/elos\/wp-content\/uploads\/sites\/285\/2026\/05\/capa-300x200.jpg 300w, https:\/\/www2.uepg.br\/elos\/wp-content\/uploads\/sites\/285\/2026\/05\/capa-1024x683.jpg 1024w, https:\/\/www2.uepg.br\/elos\/wp-content\/uploads\/sites\/285\/2026\/05\/capa-768x512.jpg 768w, https:\/\/www2.uepg.br\/elos\/wp-content\/uploads\/sites\/285\/2026\/05\/capa-1536x1024.jpg 1536w, https:\/\/www2.uepg.br\/elos\/wp-content\/uploads\/sites\/285\/2026\/05\/capa-2048x1365.jpg 2048w, https:\/\/www2.uepg.br\/elos\/wp-content\/uploads\/sites\/285\/2026\/05\/capa-1620x1080.jpg 1620w, https:\/\/www2.uepg.br\/elos\/wp-content\/uploads\/sites\/285\/2026\/05\/capa-272x182.jpg 272w\" sizes=\"(max-width: 1232px) 100vw, 1232px\" \/>\t\t\t\t<\/a>\n\t\t\t<\/div>\n\t\t\t\t<div class=\"sow-blog-content-wrapper\">\n\t\t<header class=\"sow-entry-header\" style=\"margin-bottom: 18px;\">\n\t\t\t<h2 class=\"sow-entry-title\" style=\"margin: 0 0 5px;\"><a href=\"https:\/\/www2.uepg.br\/elos\/as-cotas-abrem-portas-audiencia-publica-pela-lei-de-cotas-e-realizada-em-ponta-grossa\/\" rel=\"bookmark\">\u201cAs cotas abrem portas!\u201d: Audi\u00eancia P\u00fablica pela Lei de Cotas \u00e9 realizada em Ponta Grossa<\/a><\/h2>\t\t\t<div class=\"sow-entry-meta\">\n\t\t\t\t\t\t\t<span class=\"sow-featured-post\">Sticky<\/span>\n\t\t\t\t\t\t<span class=\"sow-entry-date\">\n\t\t\t\t<a href=\"https:\/\/www2.uepg.br\/elos\/as-cotas-abrem-portas-audiencia-publica-pela-lei-de-cotas-e-realizada-em-ponta-grossa\/\" rel=\"bookmark\">\n\t\t\t\t\t<time class=\"published\" datetime=\"2026-05-12T12:25:06-03:00\">\n\t\t\t\t\t\t12 de maio de 2026\t\t\t\t\t<\/time>\n\t\t\t\t\t<time class=\"updated\" datetime=\"2026-05-12T12:40:44-03:00\">\n\t\t\t\t\t\t12 de maio de 2026\t\t\t\t\t<\/time>\n\t\t\t\t<\/a>\n\t\t\t<\/span>\n\t\t\n\t\t\t\t\t<span class=\"sow-entry-author-link byline\">\n\t\t\t\t\t\t\t\t\t<span class=\"sow-author author vcard\">\n\t\t\t\t\t\t<a class=\"url fn n\" href=\"https:\/\/www2.uepg.br\/elos\/author\/pmrocha\/\" rel=\"author\">\n\t\t\t\t\t\t\tElos - Jornalismo, Direitos Humanos e Forma\u00e7\u00e3o Cidad\u00e3\t\t\t\t\t\t<\/a>\n\t\t\t\t\t<\/span>\n\t\t\t\t\t\t\t<\/span>\n\t\t\n\t\t\t\t\t<span class=\"sow-entry-categories\">\n\t\t\t\t<a href=\"https:\/\/www2.uepg.br\/elos\/category\/destaques\/\" rel=\"category tag\">Destaques<\/a>, <a href=\"https:\/\/www2.uepg.br\/elos\/category\/educacao\/\" rel=\"category tag\">Educa\u00e7\u00e3o<\/a>, <a href=\"https:\/\/www2.uepg.br\/elos\/category\/materia\/\" rel=\"category tag\">Mat\u00e9ria<\/a>, <a href=\"https:\/\/www2.uepg.br\/elos\/category\/noticias\/\" rel=\"category tag\">Not\u00edcias<\/a>, <a href=\"https:\/\/www2.uepg.br\/elos\/category\/posts\/\" rel=\"category tag\">Posts<\/a>\t\t\t<\/span>\n\t\t\n\t\t\t\t\t<\/div>\n\t\t<\/header>\n\n\t\t<div class=\"sow-entry-content\">\n\t\t\t<p>Ato de resist\u00eancia mobilizou ativistas e estudantes de institui\u00e7\u00f5es p\u00fablicas paranaenses Por Ana Lu\u00edsa Runho e Maria Eduarda Almeida Na \u00faltima sexta-feira (08), a comunidade universit\u00e1ria participou de uma Audi\u00eancia P\u00fablica pela Lei de Cotas, no Campus Central da Universidade Estadual de Ponta Grossa (UEPG). A organiza\u00e7\u00e3o foi realizada pela Uni\u00e3o Paranaense dos Estudantes (UPE) em parceria com o Diret\u00f3rio Central dos Estudantes (DCE) da UEPG. Durante o evento, foram apresentadas falas de representantes da luta racial, que se reuniram com o objetivo de cobrar um posicionamento do Poder Legislativo do Paran\u00e1 acerca da aprova\u00e7\u00e3o da Lei de Cotas, Projeto...<a class=\"sow-more-link more-link excerpt\" href=\"https:\/\/www2.uepg.br\/elos\/as-cotas-abrem-portas-audiencia-publica-pela-lei-de-cotas-e-realizada-em-ponta-grossa\/\">\n\t\t\tContinue reading<span class=\"sow-more-link-arrow\">&rarr;<\/span><\/a><\/p>\t\t<\/div>\n\t<\/div>\n<\/article>\n\t\t\t\t\t\t\t<article id=\"post-7188\" class=\"sow-blog-columns  post-7188 post type-post status-publish format-standard has-post-thumbnail hentry category-noticias\" style=\"display: flex; flex-wrap: wrap; justify-content: space-between; margin-bottom: 30px;\">\n\t\t\t\t<div class=\"sow-entry-thumbnail\">\n\t\t\t\t\t\t\t\t<a href=\"https:\/\/www2.uepg.br\/elos\/falta-de-politicas-publicas-para-mulheres-expoe-fragilidades-em-ponta-grossa\/\">\n\t\t\t\t\t<img width=\"600\" height=\"600\" src=\"https:\/\/www2.uepg.br\/elos\/wp-content\/uploads\/sites\/285\/2026\/05\/foto-para-a-materia-sobre-protagonismo-feminino.jpg\" class=\"attachment-post-thumbnail size-post-thumbnail wp-post-image\" alt=\"\" loading=\"lazy\" srcset=\"https:\/\/www2.uepg.br\/elos\/wp-content\/uploads\/sites\/285\/2026\/05\/foto-para-a-materia-sobre-protagonismo-feminino.jpg 600w, https:\/\/www2.uepg.br\/elos\/wp-content\/uploads\/sites\/285\/2026\/05\/foto-para-a-materia-sobre-protagonismo-feminino-300x300.jpg 300w, https:\/\/www2.uepg.br\/elos\/wp-content\/uploads\/sites\/285\/2026\/05\/foto-para-a-materia-sobre-protagonismo-feminino-150x150.jpg 150w, https:\/\/www2.uepg.br\/elos\/wp-content\/uploads\/sites\/285\/2026\/05\/foto-para-a-materia-sobre-protagonismo-feminino-375x375.jpg 375w\" sizes=\"(max-width: 600px) 100vw, 600px\" \/>\t\t\t\t<\/a>\n\t\t\t<\/div>\n\t\t\t\t<div class=\"sow-blog-content-wrapper\">\n\t\t<header class=\"sow-entry-header\" style=\"margin-bottom: 18px;\">\n\t\t\t<h2 class=\"sow-entry-title\" style=\"margin: 0 0 5px;\"><a href=\"https:\/\/www2.uepg.br\/elos\/falta-de-politicas-publicas-para-mulheres-expoe-fragilidades-em-ponta-grossa\/\" rel=\"bookmark\">Falta de pol\u00edticas p\u00fablicas para mulheres exp\u00f5e fragilidades em Ponta Grossa<\/a><\/h2>\t\t\t<div class=\"sow-entry-meta\">\n\t\t\t\t\t\t\t<span class=\"sow-featured-post\">Sticky<\/span>\n\t\t\t\t\t\t<span class=\"sow-entry-date\">\n\t\t\t\t<a href=\"https:\/\/www2.uepg.br\/elos\/falta-de-politicas-publicas-para-mulheres-expoe-fragilidades-em-ponta-grossa\/\" rel=\"bookmark\">\n\t\t\t\t\t<time class=\"published\" datetime=\"2026-05-09T12:02:47-03:00\">\n\t\t\t\t\t\t9 de maio de 2026\t\t\t\t\t<\/time>\n\t\t\t\t\t<time class=\"updated\" datetime=\"2026-05-09T12:02:47-03:00\">\n\t\t\t\t\t\t9 de maio de 2026\t\t\t\t\t<\/time>\n\t\t\t\t<\/a>\n\t\t\t<\/span>\n\t\t\n\t\t\t\t\t<span class=\"sow-entry-author-link byline\">\n\t\t\t\t\t\t\t\t\t<span class=\"sow-author author vcard\">\n\t\t\t\t\t\t<a class=\"url fn n\" href=\"https:\/\/www2.uepg.br\/elos\/author\/pmrocha\/\" rel=\"author\">\n\t\t\t\t\t\t\tElos - Jornalismo, Direitos Humanos e Forma\u00e7\u00e3o Cidad\u00e3\t\t\t\t\t\t<\/a>\n\t\t\t\t\t<\/span>\n\t\t\t\t\t\t\t<\/span>\n\t\t\n\t\t\t\t\t<span class=\"sow-entry-categories\">\n\t\t\t\t<a href=\"https:\/\/www2.uepg.br\/elos\/category\/noticias\/\" rel=\"category tag\">Not\u00edcias<\/a>\t\t\t<\/span>\n\t\t\n\t\t\t\t\t<\/div>\n\t\t<\/header>\n\n\t\t<div class=\"sow-entry-content\">\n\t\t\t<p>Em entrevista, a ativista Ligiane de Meira aponta aus\u00eancia de integra\u00e7\u00e3o entre \u00f3rg\u00e3os, falta de dados e pouca atua\u00e7\u00e3o da gest\u00e3o municipal no enfrentamento \u00e0 viol\u00eancia de g\u00eanero. por: Maith\u00ea Galdino Com base em dados levantados, o munic\u00edpio manteve \u00edndices preocupantes de viol\u00eancia contra a mulher em 2024 e no in\u00edcio de 2025. Ponta Grossa figura entre os destaques negativos no Paran\u00e1, com altos registros de viol\u00eancia sexual e casos de feminic\u00eddio. Entre 2023 e 2024, a cidade ocupou a 34\u00aa posi\u00e7\u00e3o entre as 50 do pa\u00eds com mais ocorr\u00eancias de estupro, com m\u00e9dia de 69,8 casos por 100 mil...<a class=\"sow-more-link more-link excerpt\" href=\"https:\/\/www2.uepg.br\/elos\/falta-de-politicas-publicas-para-mulheres-expoe-fragilidades-em-ponta-grossa\/\">\n\t\t\tContinue reading<span class=\"sow-more-link-arrow\">&rarr;<\/span><\/a><\/p>\t\t<\/div>\n\t<\/div>\n<\/article>\n\t\t\t\t\t\t\t<article id=\"post-7142\" class=\"sow-blog-columns  post-7142 post type-post status-publish format-standard has-post-thumbnail hentry category-elos category-materia category-noticias tag-greve tag-politica tag-servidores-publicos\" style=\"display: flex; flex-wrap: wrap; justify-content: space-between; margin-bottom: 30px;\">\n\t\t\t\t<div class=\"sow-entry-thumbnail\">\n\t\t\t\t\t\t\t\t<a href=\"https:\/\/www2.uepg.br\/elos\/servidores-de-ponta-grossa-rejeitam-contraproposta-e-confirmam-greve-geral-para-4-de-maio\/\">\n\t\t\t\t\t<img width=\"1232\" height=\"825\" src=\"https:\/\/www2.uepg.br\/elos\/wp-content\/uploads\/sites\/285\/2026\/04\/CAPA-1232x825.jpg\" class=\"attachment-post-thumbnail size-post-thumbnail wp-post-image\" alt=\"\" loading=\"lazy\" srcset=\"https:\/\/www2.uepg.br\/elos\/wp-content\/uploads\/sites\/285\/2026\/04\/CAPA-1232x825.jpg 1232w, https:\/\/www2.uepg.br\/elos\/wp-content\/uploads\/sites\/285\/2026\/04\/CAPA-300x201.jpg 300w, https:\/\/www2.uepg.br\/elos\/wp-content\/uploads\/sites\/285\/2026\/04\/CAPA-1024x685.jpg 1024w, https:\/\/www2.uepg.br\/elos\/wp-content\/uploads\/sites\/285\/2026\/04\/CAPA-768x514.jpg 768w, https:\/\/www2.uepg.br\/elos\/wp-content\/uploads\/sites\/285\/2026\/04\/CAPA-1536x1028.jpg 1536w, https:\/\/www2.uepg.br\/elos\/wp-content\/uploads\/sites\/285\/2026\/04\/CAPA-2048x1371.jpg 2048w, https:\/\/www2.uepg.br\/elos\/wp-content\/uploads\/sites\/285\/2026\/04\/CAPA-1613x1080.jpg 1613w, https:\/\/www2.uepg.br\/elos\/wp-content\/uploads\/sites\/285\/2026\/04\/CAPA-272x182.jpg 272w\" sizes=\"(max-width: 1232px) 100vw, 1232px\" \/>\t\t\t\t<\/a>\n\t\t\t<\/div>\n\t\t\t\t<div class=\"sow-blog-content-wrapper\">\n\t\t<header class=\"sow-entry-header\" style=\"margin-bottom: 18px;\">\n\t\t\t<h2 class=\"sow-entry-title\" style=\"margin: 0 0 5px;\"><a href=\"https:\/\/www2.uepg.br\/elos\/servidores-de-ponta-grossa-rejeitam-contraproposta-e-confirmam-greve-geral-para-4-de-maio\/\" rel=\"bookmark\">Servidores de Ponta Grossa rejeitam contraproposta e confirmam greve geral para 4 de maio<\/a><\/h2>\t\t\t<div class=\"sow-entry-meta\">\n\t\t\t\t\t\t\t<span class=\"sow-featured-post\">Sticky<\/span>\n\t\t\t\t\t\t<span class=\"sow-entry-date\">\n\t\t\t\t<a href=\"https:\/\/www2.uepg.br\/elos\/servidores-de-ponta-grossa-rejeitam-contraproposta-e-confirmam-greve-geral-para-4-de-maio\/\" rel=\"bookmark\">\n\t\t\t\t\t<time class=\"published\" datetime=\"2026-04-29T18:01:19-03:00\">\n\t\t\t\t\t\t29 de abril de 2026\t\t\t\t\t<\/time>\n\t\t\t\t\t<time class=\"updated\" datetime=\"2026-04-29T18:01:19-03:00\">\n\t\t\t\t\t\t29 de abril de 2026\t\t\t\t\t<\/time>\n\t\t\t\t<\/a>\n\t\t\t<\/span>\n\t\t\n\t\t\t\t\t<span class=\"sow-entry-author-link byline\">\n\t\t\t\t\t\t\t\t\t<span class=\"sow-author author vcard\">\n\t\t\t\t\t\t<a class=\"url fn n\" href=\"https:\/\/www2.uepg.br\/elos\/author\/pmrocha\/\" rel=\"author\">\n\t\t\t\t\t\t\tElos - Jornalismo, Direitos Humanos e Forma\u00e7\u00e3o Cidad\u00e3\t\t\t\t\t\t<\/a>\n\t\t\t\t\t<\/span>\n\t\t\t\t\t\t\t<\/span>\n\t\t\n\t\t\t\t\t<span class=\"sow-entry-categories\">\n\t\t\t\t<a href=\"https:\/\/www2.uepg.br\/elos\/category\/elos\/\" rel=\"category tag\">Elos<\/a>, <a href=\"https:\/\/www2.uepg.br\/elos\/category\/materia\/\" rel=\"category tag\">Mat\u00e9ria<\/a>, <a href=\"https:\/\/www2.uepg.br\/elos\/category\/noticias\/\" rel=\"category tag\">Not\u00edcias<\/a>\t\t\t<\/span>\n\t\t\n\t\t\t\t\t<\/div>\n\t\t<\/header>\n\n\t\t<div class=\"sow-entry-content\">\n\t\t\t<p>Categoria nega oferta da Prefeitura que mantinha reajuste de 5% e vale-alimenta\u00e7\u00e3o de R$ 650, e reivindicam 8% de aumento e benef\u00edcio de R$ 800 Por: Leonardo Correia e Malu Dip Em assembleia realizada \u00e0s 17h45 desta segunda-feira (28), aproximadamente 200 servidores municipais de Ponta Grossa rejeitaram, por ampla maioria, a contraproposta da Prefeitura Municipal. Ap\u00f3s a categoria ter enviado na \u00faltima quinta-feira (23) o pedido de 8% de reajuste e vale alimenta\u00e7\u00e3o de 800,00, o Executivo respondeu mantendo os 5% de reajuste (por\u00e9m agora sem parcelamento), o vale de 650,00 e o abono das horas da paralisa\u00e7\u00e3o do dia...<a class=\"sow-more-link more-link excerpt\" href=\"https:\/\/www2.uepg.br\/elos\/servidores-de-ponta-grossa-rejeitam-contraproposta-e-confirmam-greve-geral-para-4-de-maio\/\">\n\t\t\tContinue reading<span class=\"sow-more-link-arrow\">&rarr;<\/span><\/a><\/p>\t\t<\/div>\n\t<\/div>\n<\/article>\n\t\t\t\t\t\t\t<article id=\"post-7094\" class=\"sow-blog-columns  post-7094 post type-post status-publish format-standard has-post-thumbnail hentry category-noticias\" style=\"display: flex; flex-wrap: wrap; justify-content: space-between; margin-bottom: 30px;\">\n\t\t\t\t<div class=\"sow-entry-thumbnail\">\n\t\t\t\t\t\t\t\t<a href=\"https:\/\/www2.uepg.br\/elos\/documentario-debate-imprensa-alternativa-na-ditadura\/\">\n\t\t\t\t\t<img width=\"1232\" height=\"827\" src=\"https:\/\/www2.uepg.br\/elos\/wp-content\/uploads\/sites\/285\/2026\/04\/primeira-foto-1232x827.jpg\" class=\"attachment-post-thumbnail size-post-thumbnail wp-post-image\" alt=\"\" loading=\"lazy\" srcset=\"https:\/\/www2.uepg.br\/elos\/wp-content\/uploads\/sites\/285\/2026\/04\/primeira-foto-1232x827.jpg 1232w, https:\/\/www2.uepg.br\/elos\/wp-content\/uploads\/sites\/285\/2026\/04\/primeira-foto-300x201.jpg 300w, https:\/\/www2.uepg.br\/elos\/wp-content\/uploads\/sites\/285\/2026\/04\/primeira-foto-1024x687.jpg 1024w, https:\/\/www2.uepg.br\/elos\/wp-content\/uploads\/sites\/285\/2026\/04\/primeira-foto-768x516.jpg 768w, https:\/\/www2.uepg.br\/elos\/wp-content\/uploads\/sites\/285\/2026\/04\/primeira-foto-1536x1031.jpg 1536w, https:\/\/www2.uepg.br\/elos\/wp-content\/uploads\/sites\/285\/2026\/04\/primeira-foto-2048x1375.jpg 2048w, https:\/\/www2.uepg.br\/elos\/wp-content\/uploads\/sites\/285\/2026\/04\/primeira-foto-1609x1080.jpg 1609w, https:\/\/www2.uepg.br\/elos\/wp-content\/uploads\/sites\/285\/2026\/04\/primeira-foto-272x182.jpg 272w\" sizes=\"(max-width: 1232px) 100vw, 1232px\" \/>\t\t\t\t<\/a>\n\t\t\t<\/div>\n\t\t\t\t<div class=\"sow-blog-content-wrapper\">\n\t\t<header class=\"sow-entry-header\" style=\"margin-bottom: 18px;\">\n\t\t\t<h2 class=\"sow-entry-title\" style=\"margin: 0 0 5px;\"><a href=\"https:\/\/www2.uepg.br\/elos\/documentario-debate-imprensa-alternativa-na-ditadura\/\" rel=\"bookmark\">Document\u00e1rio debate imprensa alternativa na ditadura<\/a><\/h2>\t\t\t<div class=\"sow-entry-meta\">\n\t\t\t\t\t\t\t<span class=\"sow-featured-post\">Sticky<\/span>\n\t\t\t\t\t\t<span class=\"sow-entry-date\">\n\t\t\t\t<a href=\"https:\/\/www2.uepg.br\/elos\/documentario-debate-imprensa-alternativa-na-ditadura\/\" rel=\"bookmark\">\n\t\t\t\t\t<time class=\"published\" datetime=\"2026-04-11T16:15:09-03:00\">\n\t\t\t\t\t\t11 de abril de 2026\t\t\t\t\t<\/time>\n\t\t\t\t\t<time class=\"updated\" datetime=\"2026-08-20T18:04:50-03:00\">\n\t\t\t\t\t\t20 de agosto de 2026\t\t\t\t\t<\/time>\n\t\t\t\t<\/a>\n\t\t\t<\/span>\n\t\t\n\t\t\t\t\t<span class=\"sow-entry-author-link byline\">\n\t\t\t\t\t\t\t\t\t<span class=\"sow-author author vcard\">\n\t\t\t\t\t\t<a class=\"url fn n\" href=\"https:\/\/www2.uepg.br\/elos\/author\/pmrocha\/\" rel=\"author\">\n\t\t\t\t\t\t\tElos - Jornalismo, Direitos Humanos e Forma\u00e7\u00e3o Cidad\u00e3\t\t\t\t\t\t<\/a>\n\t\t\t\t\t<\/span>\n\t\t\t\t\t\t\t<\/span>\n\t\t\n\t\t\t\t\t<span class=\"sow-entry-categories\">\n\t\t\t\t<a href=\"https:\/\/www2.uepg.br\/elos\/category\/noticias\/\" rel=\"category tag\">Not\u00edcias<\/a>\t\t\t<\/span>\n\t\t\n\t\t\t\t\t<\/div>\n\t\t<\/header>\n\n\t\t<div class=\"sow-entry-content\">\n\t\t\t<p>A atividade reuniu estudantes e professores do curso de Jornalismo para discutir o papel da imprensa alternativa durante o regime militar brasileiro. &nbsp; Por Kamille Vidal A exibi\u00e7\u00e3o do document\u00e1rio \u201cM\u00e3o na M\u00e1quina\u201d marcou a programa\u00e7\u00e3o do terceiro dia do VII Ciclo Descomemorar Golpes realizado no dia 08, no miniaudit\u00f3rio Secisa (A17), no Campus Central da Universidade Estadual de Ponta Grossa (UEPG). A atividade relembra experi\u00eancias da imprensa alternativa no Paran\u00e1 em meio \u00e0 ditadura militar. Produzido como Trabalho de Conclus\u00e3o de Curso (TCC), o document\u00e1rio \u00e9 assinado pela jornalista Mariana Borba Taras, egressa do curso de Jornalismo, formada em...<a class=\"sow-more-link more-link excerpt\" href=\"https:\/\/www2.uepg.br\/elos\/documentario-debate-imprensa-alternativa-na-ditadura\/\">\n\t\t\tContinue reading<span class=\"sow-more-link-arrow\">&rarr;<\/span><\/a><\/p>\t\t<\/div>\n\t<\/div>\n<\/article>\n\t\t\t\t\t\t\t<article id=\"post-7083\" class=\"sow-blog-columns  post-7083 post type-post status-publish format-standard has-post-thumbnail hentry category-noticias\" style=\"display: flex; flex-wrap: wrap; justify-content: space-between; margin-bottom: 30px;\">\n\t\t\t\t<div class=\"sow-entry-thumbnail\">\n\t\t\t\t\t\t\t\t<a href=\"https:\/\/www2.uepg.br\/elos\/reforma-de-escola-destruida-por-chuvas-em-ponta-grossa-atrasa-e-gera-indignacao-de-pais\/\">\n\t\t\t\t\t<img width=\"1232\" height=\"924\" src=\"https:\/\/www2.uepg.br\/elos\/wp-content\/uploads\/sites\/285\/2026\/04\/IMG-1-1232x924.jpg\" class=\"attachment-post-thumbnail size-post-thumbnail wp-post-image\" alt=\"\" loading=\"lazy\" srcset=\"https:\/\/www2.uepg.br\/elos\/wp-content\/uploads\/sites\/285\/2026\/04\/IMG-1-1232x924.jpg 1232w, https:\/\/www2.uepg.br\/elos\/wp-content\/uploads\/sites\/285\/2026\/04\/IMG-1-300x225.jpg 300w, https:\/\/www2.uepg.br\/elos\/wp-content\/uploads\/sites\/285\/2026\/04\/IMG-1-1024x768.jpg 1024w, https:\/\/www2.uepg.br\/elos\/wp-content\/uploads\/sites\/285\/2026\/04\/IMG-1-768x576.jpg 768w, https:\/\/www2.uepg.br\/elos\/wp-content\/uploads\/sites\/285\/2026\/04\/IMG-1.jpg 1280w\" sizes=\"(max-width: 1232px) 100vw, 1232px\" \/>\t\t\t\t<\/a>\n\t\t\t<\/div>\n\t\t\t\t<div class=\"sow-blog-content-wrapper\">\n\t\t<header class=\"sow-entry-header\" style=\"margin-bottom: 18px;\">\n\t\t\t<h2 class=\"sow-entry-title\" style=\"margin: 0 0 5px;\"><a href=\"https:\/\/www2.uepg.br\/elos\/reforma-de-escola-destruida-por-chuvas-em-ponta-grossa-atrasa-e-gera-indignacao-de-pais\/\" rel=\"bookmark\">Reforma de escola destru\u00edda por chuvas em Ponta Grossa atrasa e gera indigna\u00e7\u00e3o de pais<\/a><\/h2>\t\t\t<div class=\"sow-entry-meta\">\n\t\t\t\t\t\t\t<span class=\"sow-featured-post\">Sticky<\/span>\n\t\t\t\t\t\t<span class=\"sow-entry-date\">\n\t\t\t\t<a href=\"https:\/\/www2.uepg.br\/elos\/reforma-de-escola-destruida-por-chuvas-em-ponta-grossa-atrasa-e-gera-indignacao-de-pais\/\" rel=\"bookmark\">\n\t\t\t\t\t<time class=\"published\" datetime=\"2026-04-09T16:10:46-03:00\">\n\t\t\t\t\t\t9 de abril de 2026\t\t\t\t\t<\/time>\n\t\t\t\t\t<time class=\"updated\" datetime=\"2026-04-09T16:13:52-03:00\">\n\t\t\t\t\t\t9 de abril de 2026\t\t\t\t\t<\/time>\n\t\t\t\t<\/a>\n\t\t\t<\/span>\n\t\t\n\t\t\t\t\t<span class=\"sow-entry-author-link byline\">\n\t\t\t\t\t\t\t\t\t<span class=\"sow-author author vcard\">\n\t\t\t\t\t\t<a class=\"url fn n\" href=\"https:\/\/www2.uepg.br\/elos\/author\/pmrocha\/\" rel=\"author\">\n\t\t\t\t\t\t\tElos - Jornalismo, Direitos Humanos e Forma\u00e7\u00e3o Cidad\u00e3\t\t\t\t\t\t<\/a>\n\t\t\t\t\t<\/span>\n\t\t\t\t\t\t\t<\/span>\n\t\t\n\t\t\t\t\t<span class=\"sow-entry-categories\">\n\t\t\t\t<a href=\"https:\/\/www2.uepg.br\/elos\/category\/noticias\/\" rel=\"category tag\">Not\u00edcias<\/a>\t\t\t<\/span>\n\t\t\n\t\t\t\t\t<\/div>\n\t\t<\/header>\n\n\t\t<div class=\"sow-entry-content\">\n\t\t\t<p>Ap\u00f3s promessa de entrega para fevereiro, obras na unidade do Parque Bonsucesso s\u00f3 devem terminar em julho; alunos enfrentam rotina exaustiva de locomo\u00e7\u00e3o por: Leonardo Correia\u00a0 No m\u00eas de setembro de 2025, a Escola Municipal Dr. Jos\u00e9 Pinto Rosas, localizada no Parque Bonsucesso, foi severamente atingida por fortes chuvas que causaram o destelhamento e a destrui\u00e7\u00e3o parcial da unidade. Na ocasi\u00e3o, o desabamento da cobertura da quadra de esportes comprometeu a estrutura do pr\u00e9dio e a seguran\u00e7a da institui\u00e7\u00e3o. De acordo com relatos de pais e respons\u00e1veis, a prefeita Elizabeth Schmidt visitou o bairro ap\u00f3s o incidente e comprometeu-se a...<a class=\"sow-more-link more-link excerpt\" href=\"https:\/\/www2.uepg.br\/elos\/reforma-de-escola-destruida-por-chuvas-em-ponta-grossa-atrasa-e-gera-indignacao-de-pais\/\">\n\t\t\tContinue reading<span class=\"sow-more-link-arrow\">&rarr;<\/span><\/a><\/p>\t\t<\/div>\n\t<\/div>\n<\/article>\n\t\t\t\t\t\t\t<article id=\"post-7079\" class=\"sow-blog-columns  post-7079 post type-post status-publish format-standard has-post-thumbnail hentry category-noticias\" style=\"display: flex; flex-wrap: wrap; justify-content: space-between; margin-bottom: 30px;\">\n\t\t\t\t<div class=\"sow-entry-thumbnail\">\n\t\t\t\t\t\t\t\t<a href=\"https:\/\/www2.uepg.br\/elos\/a-desconstrucao-do-preconceito-contra-pessoas-com-doencas-cronicas\/\">\n\t\t\t\t\t<img width=\"1232\" height=\"1643\" src=\"https:\/\/www2.uepg.br\/elos\/wp-content\/uploads\/sites\/285\/2026\/04\/Foto-CAPS-1232x1643.png\" class=\"attachment-post-thumbnail size-post-thumbnail wp-post-image\" alt=\"\" loading=\"lazy\" srcset=\"https:\/\/www2.uepg.br\/elos\/wp-content\/uploads\/sites\/285\/2026\/04\/Foto-CAPS-1232x1643.png 1232w, https:\/\/www2.uepg.br\/elos\/wp-content\/uploads\/sites\/285\/2026\/04\/Foto-CAPS-225x300.png 225w, https:\/\/www2.uepg.br\/elos\/wp-content\/uploads\/sites\/285\/2026\/04\/Foto-CAPS-768x1024.png 768w, https:\/\/www2.uepg.br\/elos\/wp-content\/uploads\/sites\/285\/2026\/04\/Foto-CAPS-1152x1536.png 1152w, https:\/\/www2.uepg.br\/elos\/wp-content\/uploads\/sites\/285\/2026\/04\/Foto-CAPS-1536x2048.png 1536w, https:\/\/www2.uepg.br\/elos\/wp-content\/uploads\/sites\/285\/2026\/04\/Foto-CAPS-810x1080.png 810w\" sizes=\"(max-width: 1232px) 100vw, 1232px\" \/>\t\t\t\t<\/a>\n\t\t\t<\/div>\n\t\t\t\t<div class=\"sow-blog-content-wrapper\">\n\t\t<header class=\"sow-entry-header\" style=\"margin-bottom: 18px;\">\n\t\t\t<h2 class=\"sow-entry-title\" style=\"margin: 0 0 5px;\"><a href=\"https:\/\/www2.uepg.br\/elos\/a-desconstrucao-do-preconceito-contra-pessoas-com-doencas-cronicas\/\" rel=\"bookmark\">A desconstru\u00e7\u00e3o do preconceito contra pessoas com doen\u00e7as cr\u00f4nicas<\/a><\/h2>\t\t\t<div class=\"sow-entry-meta\">\n\t\t\t\t\t\t\t<span class=\"sow-featured-post\">Sticky<\/span>\n\t\t\t\t\t\t<span class=\"sow-entry-date\">\n\t\t\t\t<a href=\"https:\/\/www2.uepg.br\/elos\/a-desconstrucao-do-preconceito-contra-pessoas-com-doencas-cronicas\/\" rel=\"bookmark\">\n\t\t\t\t\t<time class=\"published\" datetime=\"2026-04-09T11:10:09-03:00\">\n\t\t\t\t\t\t9 de abril de 2026\t\t\t\t\t<\/time>\n\t\t\t\t\t<time class=\"updated\" datetime=\"2026-04-09T11:10:09-03:00\">\n\t\t\t\t\t\t9 de abril de 2026\t\t\t\t\t<\/time>\n\t\t\t\t<\/a>\n\t\t\t<\/span>\n\t\t\n\t\t\t\t\t<span class=\"sow-entry-author-link byline\">\n\t\t\t\t\t\t\t\t\t<span class=\"sow-author author vcard\">\n\t\t\t\t\t\t<a class=\"url fn n\" href=\"https:\/\/www2.uepg.br\/elos\/author\/pmrocha\/\" rel=\"author\">\n\t\t\t\t\t\t\tElos - Jornalismo, Direitos Humanos e Forma\u00e7\u00e3o Cidad\u00e3\t\t\t\t\t\t<\/a>\n\t\t\t\t\t<\/span>\n\t\t\t\t\t\t\t<\/span>\n\t\t\n\t\t\t\t\t<span class=\"sow-entry-categories\">\n\t\t\t\t<a href=\"https:\/\/www2.uepg.br\/elos\/category\/noticias\/\" rel=\"category tag\">Not\u00edcias<\/a>\t\t\t<\/span>\n\t\t\n\t\t\t\t\t<\/div>\n\t\t<\/header>\n\n\t\t<div class=\"sow-entry-content\">\n\t\t\t<p>Segundo o psic\u00f3logo Samuel Santos \u00e9 necess\u00e1rio trabalhar para que o paciente entenda que a identidade de algu\u00e9m \u00e9 muito maior que qualquer diagn\u00f3stico de transtorno &nbsp; Por Lucas Barbato\u00a0 &nbsp; A sa\u00fade mental no Brasil passou a ser mais discutida\u00a0 a partir de 2020 devido a pandemia da Covid 19 que afetou a estabilidade psicol\u00f3gica de muitas pessoas, incluindo aquelas que j\u00e1 lidam com doen\u00e7as cr\u00f4nicas, como ( esquizofrenia, transtorno bipolar e T.O.C). Em \u00e2mbito mundial, de acordo com estimativa da Organiza\u00e7\u00e3o Mundial de Sa\u00fade aumentou em 25% a preval\u00eancia global de ansiedade e depress\u00e3o no primeiro ano da...<a class=\"sow-more-link more-link excerpt\" href=\"https:\/\/www2.uepg.br\/elos\/a-desconstrucao-do-preconceito-contra-pessoas-com-doencas-cronicas\/\">\n\t\t\tContinue reading<span class=\"sow-more-link-arrow\">&rarr;<\/span><\/a><\/p>\t\t<\/div>\n\t<\/div>\n<\/article>\n\t\t\t\t\t\t\t<article id=\"post-7064\" class=\"sow-blog-columns  post-7064 post type-post status-publish format-standard has-post-thumbnail hentry category-noticias\" style=\"display: flex; flex-wrap: wrap; justify-content: space-between; margin-bottom: 30px;\">\n\t\t\t\t<div class=\"sow-entry-thumbnail\">\n\t\t\t\t\t\t\t\t<a href=\"https:\/\/www2.uepg.br\/elos\/ataques-a-imprensa-seguem-como-desafio-no-dia-do-jornalista\/\">\n\t\t\t\t\t<img width=\"1232\" height=\"1741\" src=\"https:\/\/www2.uepg.br\/elos\/wp-content\/uploads\/sites\/285\/2026\/04\/TABELA-1232x1741.png\" class=\"attachment-post-thumbnail size-post-thumbnail wp-post-image\" alt=\"\" loading=\"lazy\" srcset=\"https:\/\/www2.uepg.br\/elos\/wp-content\/uploads\/sites\/285\/2026\/04\/TABELA-1232x1741.png 1232w, https:\/\/www2.uepg.br\/elos\/wp-content\/uploads\/sites\/285\/2026\/04\/TABELA-212x300.png 212w, https:\/\/www2.uepg.br\/elos\/wp-content\/uploads\/sites\/285\/2026\/04\/TABELA-724x1024.png 724w, https:\/\/www2.uepg.br\/elos\/wp-content\/uploads\/sites\/285\/2026\/04\/TABELA-768x1086.png 768w, https:\/\/www2.uepg.br\/elos\/wp-content\/uploads\/sites\/285\/2026\/04\/TABELA-1087x1536.png 1087w, https:\/\/www2.uepg.br\/elos\/wp-content\/uploads\/sites\/285\/2026\/04\/TABELA-1449x2048.png 1449w, https:\/\/www2.uepg.br\/elos\/wp-content\/uploads\/sites\/285\/2026\/04\/TABELA-764x1080.png 764w, https:\/\/www2.uepg.br\/elos\/wp-content\/uploads\/sites\/285\/2026\/04\/TABELA.png 1654w\" sizes=\"(max-width: 1232px) 100vw, 1232px\" \/>\t\t\t\t<\/a>\n\t\t\t<\/div>\n\t\t\t\t<div class=\"sow-blog-content-wrapper\">\n\t\t<header class=\"sow-entry-header\" style=\"margin-bottom: 18px;\">\n\t\t\t<h2 class=\"sow-entry-title\" style=\"margin: 0 0 5px;\"><a href=\"https:\/\/www2.uepg.br\/elos\/ataques-a-imprensa-seguem-como-desafio-no-dia-do-jornalista\/\" rel=\"bookmark\">Ataques \u00e0 imprensa seguem como desafio no Dia do Jornalista<\/a><\/h2>\t\t\t<div class=\"sow-entry-meta\">\n\t\t\t\t\t\t\t<span class=\"sow-featured-post\">Sticky<\/span>\n\t\t\t\t\t\t<span class=\"sow-entry-date\">\n\t\t\t\t<a href=\"https:\/\/www2.uepg.br\/elos\/ataques-a-imprensa-seguem-como-desafio-no-dia-do-jornalista\/\" rel=\"bookmark\">\n\t\t\t\t\t<time class=\"published\" datetime=\"2026-04-07T21:19:59-03:00\">\n\t\t\t\t\t\t7 de abril de 2026\t\t\t\t\t<\/time>\n\t\t\t\t\t<time class=\"updated\" datetime=\"2026-04-07T21:22:02-03:00\">\n\t\t\t\t\t\t7 de abril de 2026\t\t\t\t\t<\/time>\n\t\t\t\t<\/a>\n\t\t\t<\/span>\n\t\t\n\t\t\t\t\t<span class=\"sow-entry-author-link byline\">\n\t\t\t\t\t\t\t\t\t<span class=\"sow-author author vcard\">\n\t\t\t\t\t\t<a class=\"url fn n\" href=\"https:\/\/www2.uepg.br\/elos\/author\/pmrocha\/\" rel=\"author\">\n\t\t\t\t\t\t\tElos - Jornalismo, Direitos Humanos e Forma\u00e7\u00e3o Cidad\u00e3\t\t\t\t\t\t<\/a>\n\t\t\t\t\t<\/span>\n\t\t\t\t\t\t\t<\/span>\n\t\t\n\t\t\t\t\t<span class=\"sow-entry-categories\">\n\t\t\t\t<a href=\"https:\/\/www2.uepg.br\/elos\/category\/noticias\/\" rel=\"category tag\">Not\u00edcias<\/a>\t\t\t<\/span>\n\t\t\n\t\t\t\t\t<\/div>\n\t\t<\/header>\n\n\t\t<div class=\"sow-entry-content\">\n\t\t\t<p>\u00a0Mesmo com redu\u00e7\u00e3o nos n\u00fameros, relat\u00f3rio da Federa\u00e7\u00e3o Nacional dos Jornalistas revela cen\u00e1rio ainda cr\u00edtico, com aumento de casos no Paran\u00e1 e relatos de viol\u00eancia f\u00edsica, verbal e institucional Por Lorena Santana, Maith\u00ea Galdino e Natalia Almeida No dia 7 de abril \u00e9 comemorado o Dia do Jornalista no Brasil em homenagem ao m\u00e9dico e jornalista Giovanni Battista L\u00edbero Badar\u00f3, assassinado nesta data em 1830 por inimigos pol\u00edticos. A data foi criada como uma forma de legitimar a atua\u00e7\u00e3o e assegurar os direitos dos e das jornalistas. Por\u00e9m, ainda nos dias atuais, o cen\u00e1rio de ataques contra a categoria se...<a class=\"sow-more-link more-link excerpt\" href=\"https:\/\/www2.uepg.br\/elos\/ataques-a-imprensa-seguem-como-desafio-no-dia-do-jornalista\/\">\n\t\t\tContinue reading<span class=\"sow-more-link-arrow\">&rarr;<\/span><\/a><\/p>\t\t<\/div>\n\t<\/div>\n<\/article>\n\t\t\t\t\t\t\t<article id=\"post-7055\" class=\"sow-blog-columns  post-7055 post type-post status-publish format-standard has-post-thumbnail hentry category-noticias\" style=\"display: flex; flex-wrap: wrap; justify-content: space-between; margin-bottom: 30px;\">\n\t\t\t\t<div class=\"sow-entry-thumbnail\">\n\t\t\t\t\t\t\t\t<a href=\"https:\/\/www2.uepg.br\/elos\/dia-nacional-de-combate-ao-bullying-e-a-violencia-escolar-completa-10-anos\/\">\n\t\t\t\t\t<img width=\"1080\" height=\"1080\" src=\"https:\/\/www2.uepg.br\/elos\/wp-content\/uploads\/sites\/285\/2026\/04\/Combate-ao-Bullying.png\" class=\"attachment-post-thumbnail size-post-thumbnail wp-post-image\" alt=\"\" loading=\"lazy\" srcset=\"https:\/\/www2.uepg.br\/elos\/wp-content\/uploads\/sites\/285\/2026\/04\/Combate-ao-Bullying.png 1080w, https:\/\/www2.uepg.br\/elos\/wp-content\/uploads\/sites\/285\/2026\/04\/Combate-ao-Bullying-300x300.png 300w, https:\/\/www2.uepg.br\/elos\/wp-content\/uploads\/sites\/285\/2026\/04\/Combate-ao-Bullying-1024x1024.png 1024w, https:\/\/www2.uepg.br\/elos\/wp-content\/uploads\/sites\/285\/2026\/04\/Combate-ao-Bullying-150x150.png 150w, https:\/\/www2.uepg.br\/elos\/wp-content\/uploads\/sites\/285\/2026\/04\/Combate-ao-Bullying-768x768.png 768w, https:\/\/www2.uepg.br\/elos\/wp-content\/uploads\/sites\/285\/2026\/04\/Combate-ao-Bullying-375x375.png 375w\" sizes=\"(max-width: 1080px) 100vw, 1080px\" \/>\t\t\t\t<\/a>\n\t\t\t<\/div>\n\t\t\t\t<div class=\"sow-blog-content-wrapper\">\n\t\t<header class=\"sow-entry-header\" style=\"margin-bottom: 18px;\">\n\t\t\t<h2 class=\"sow-entry-title\" style=\"margin: 0 0 5px;\"><a href=\"https:\/\/www2.uepg.br\/elos\/dia-nacional-de-combate-ao-bullying-e-a-violencia-escolar-completa-10-anos\/\" rel=\"bookmark\">Dia Nacional de Combate ao Bullying e \u00e0 Viol\u00eancia Escolar completa 10 anos<\/a><\/h2>\t\t\t<div class=\"sow-entry-meta\">\n\t\t\t\t\t\t\t<span class=\"sow-featured-post\">Sticky<\/span>\n\t\t\t\t\t\t<span class=\"sow-entry-date\">\n\t\t\t\t<a href=\"https:\/\/www2.uepg.br\/elos\/dia-nacional-de-combate-ao-bullying-e-a-violencia-escolar-completa-10-anos\/\" rel=\"bookmark\">\n\t\t\t\t\t<time class=\"published\" datetime=\"2026-04-07T12:12:14-03:00\">\n\t\t\t\t\t\t7 de abril de 2026\t\t\t\t\t<\/time>\n\t\t\t\t\t<time class=\"updated\" datetime=\"2026-04-07T13:26:13-03:00\">\n\t\t\t\t\t\t7 de abril de 2026\t\t\t\t\t<\/time>\n\t\t\t\t<\/a>\n\t\t\t<\/span>\n\t\t\n\t\t\t\t\t<span class=\"sow-entry-author-link byline\">\n\t\t\t\t\t\t\t\t\t<span class=\"sow-author author vcard\">\n\t\t\t\t\t\t<a class=\"url fn n\" href=\"https:\/\/www2.uepg.br\/elos\/author\/pmrocha\/\" rel=\"author\">\n\t\t\t\t\t\t\tElos - Jornalismo, Direitos Humanos e Forma\u00e7\u00e3o Cidad\u00e3\t\t\t\t\t\t<\/a>\n\t\t\t\t\t<\/span>\n\t\t\t\t\t\t\t<\/span>\n\t\t\n\t\t\t\t\t<span class=\"sow-entry-categories\">\n\t\t\t\t<a href=\"https:\/\/www2.uepg.br\/elos\/category\/noticias\/\" rel=\"category tag\">Not\u00edcias<\/a>\t\t\t<\/span>\n\t\t\n\t\t\t\t\t<\/div>\n\t\t<\/header>\n\n\t\t<div class=\"sow-entry-content\">\n\t\t\t<p>A data tem o prop\u00f3sito de debater e conscientizar sobre agress\u00f5es f\u00edsicas e psicol\u00f3gicas nas institui\u00e7\u00f5es de ensino &nbsp; Por Bruna Sluzala e Lucas Barbato &nbsp; No dia 07 de abril de 2011, \u00e0s 8h30 da manh\u00e3, Wellington Menezes de Oliveira invadiu a Escola Municipal Tasso da Silveira, na cidade de Rio de Janeiro, com dois rev\u00f3lveres e disparou contra os alunos que estavam no local. No total, 12 crian\u00e7as foram assassinadas: 10 meninas e 2 meninos. O caso ficou conhecido como o Massacre de Realengo em refer\u00eancia ao bairro em que a escola est\u00e1 localizada. Considerado um feminic\u00eddio por...<a class=\"sow-more-link more-link excerpt\" href=\"https:\/\/www2.uepg.br\/elos\/dia-nacional-de-combate-ao-bullying-e-a-violencia-escolar-completa-10-anos\/\">\n\t\t\tContinue reading<span class=\"sow-more-link-arrow\">&rarr;<\/span><\/a><\/p>\t\t<\/div>\n\t<\/div>\n<\/article>\n\t\t\t\t\t\t\t<article id=\"post-7045\" class=\"sow-blog-columns  post-7045 post type-post status-publish format-standard has-post-thumbnail hentry category-noticias\" style=\"display: flex; flex-wrap: wrap; justify-content: space-between; margin-bottom: 30px;\">\n\t\t\t\t<div class=\"sow-entry-thumbnail\">\n\t\t\t\t\t\t\t\t<a href=\"https:\/\/www2.uepg.br\/elos\/sabatina-marca-disputa-a-reitoria-da-uepg\/\">\n\t\t\t\t\t<img width=\"1232\" height=\"706\" src=\"https:\/\/www2.uepg.br\/elos\/wp-content\/uploads\/sites\/285\/2026\/04\/Credito_-Lorena-Santana--1232x706.jpg\" class=\"attachment-post-thumbnail size-post-thumbnail wp-post-image\" alt=\"\" loading=\"lazy\" srcset=\"https:\/\/www2.uepg.br\/elos\/wp-content\/uploads\/sites\/285\/2026\/04\/Credito_-Lorena-Santana--1232x706.jpg 1232w, https:\/\/www2.uepg.br\/elos\/wp-content\/uploads\/sites\/285\/2026\/04\/Credito_-Lorena-Santana--300x172.jpg 300w, https:\/\/www2.uepg.br\/elos\/wp-content\/uploads\/sites\/285\/2026\/04\/Credito_-Lorena-Santana--1024x587.jpg 1024w, https:\/\/www2.uepg.br\/elos\/wp-content\/uploads\/sites\/285\/2026\/04\/Credito_-Lorena-Santana--768x440.jpg 768w, https:\/\/www2.uepg.br\/elos\/wp-content\/uploads\/sites\/285\/2026\/04\/Credito_-Lorena-Santana--1536x880.jpg 1536w, https:\/\/www2.uepg.br\/elos\/wp-content\/uploads\/sites\/285\/2026\/04\/Credito_-Lorena-Santana--2048x1173.jpg 2048w, https:\/\/www2.uepg.br\/elos\/wp-content\/uploads\/sites\/285\/2026\/04\/Credito_-Lorena-Santana--1885x1080.jpg 1885w\" sizes=\"(max-width: 1232px) 100vw, 1232px\" \/>\t\t\t\t<\/a>\n\t\t\t<\/div>\n\t\t\t\t<div class=\"sow-blog-content-wrapper\">\n\t\t<header class=\"sow-entry-header\" style=\"margin-bottom: 18px;\">\n\t\t\t<h2 class=\"sow-entry-title\" style=\"margin: 0 0 5px;\"><a href=\"https:\/\/www2.uepg.br\/elos\/sabatina-marca-disputa-a-reitoria-da-uepg\/\" rel=\"bookmark\">Sabatina marca disputa \u00e0 Reitoria da UEPG<\/a><\/h2>\t\t\t<div class=\"sow-entry-meta\">\n\t\t\t\t\t\t\t<span class=\"sow-featured-post\">Sticky<\/span>\n\t\t\t\t\t\t<span class=\"sow-entry-date\">\n\t\t\t\t<a href=\"https:\/\/www2.uepg.br\/elos\/sabatina-marca-disputa-a-reitoria-da-uepg\/\" rel=\"bookmark\">\n\t\t\t\t\t<time class=\"published\" datetime=\"2026-04-03T18:44:04-03:00\">\n\t\t\t\t\t\t3 de abril de 2026\t\t\t\t\t<\/time>\n\t\t\t\t\t<time class=\"updated\" datetime=\"2026-04-03T18:45:42-03:00\">\n\t\t\t\t\t\t3 de abril de 2026\t\t\t\t\t<\/time>\n\t\t\t\t<\/a>\n\t\t\t<\/span>\n\t\t\n\t\t\t\t\t<span class=\"sow-entry-author-link byline\">\n\t\t\t\t\t\t\t\t\t<span class=\"sow-author author vcard\">\n\t\t\t\t\t\t<a class=\"url fn n\" href=\"https:\/\/www2.uepg.br\/elos\/author\/pmrocha\/\" rel=\"author\">\n\t\t\t\t\t\t\tElos - Jornalismo, Direitos Humanos e Forma\u00e7\u00e3o Cidad\u00e3\t\t\t\t\t\t<\/a>\n\t\t\t\t\t<\/span>\n\t\t\t\t\t\t\t<\/span>\n\t\t\n\t\t\t\t\t<span class=\"sow-entry-categories\">\n\t\t\t\t<a href=\"https:\/\/www2.uepg.br\/elos\/category\/noticias\/\" rel=\"category tag\">Not\u00edcias<\/a>\t\t\t<\/span>\n\t\t\n\t\t\t\t\t<\/div>\n\t\t<\/header>\n\n\t\t<div class=\"sow-entry-content\">\n\t\t\t<p>Com aus\u00eancia da chapa 2, evento foca em propostas da chapa 1 e temas estruturais da universidade Por: Lorena Santana, Lucas Barbato e Nat\u00e1lia Almeida\u00a0 O dia 1\u00ba de abril previa um debate entre as chapas 1 e 2 \u00e0 reitoria da Universidade Estadual de Ponta Grossa, organizado pelo Sindicato dos Docentes da UEPG (SINDUEPG), Diret\u00f3rio Central dos Estudantes (DCE) e centros acad\u00eamicos. Por\u00e9m, devido \u00e0 aus\u00eancia da chapa 2, Ser UEPG, a din\u00e2mica se alterou e acabou assumindo formato de sabatina com a chapa 1, UEPG Sem Medo. A mesa foi mediada pela jornalista Mareli Martins, com a participa\u00e7\u00e3o...<a class=\"sow-more-link more-link excerpt\" href=\"https:\/\/www2.uepg.br\/elos\/sabatina-marca-disputa-a-reitoria-da-uepg\/\">\n\t\t\tContinue reading<span class=\"sow-more-link-arrow\">&rarr;<\/span><\/a><\/p>\t\t<\/div>\n\t<\/div>\n<\/article>\n\t\t\t\t\t\t\t<article id=\"post-7038\" class=\"sow-blog-columns  post-7038 post type-post status-publish format-standard has-post-thumbnail hentry category-educacao category-elos category-materia category-posts tag-autismo tag-luta tag-respeito\" style=\"display: flex; flex-wrap: wrap; justify-content: space-between; margin-bottom: 30px;\">\n\t\t\t\t<div class=\"sow-entry-thumbnail\">\n\t\t\t\t\t\t\t\t<a href=\"https:\/\/www2.uepg.br\/elos\/caminhada-reune-a-comunidade-pontagrossense-para-celebrar-o-dia-mundial-da-conscientizacao-do-autismo\/\">\n\t\t\t\t\t<img width=\"1232\" height=\"825\" src=\"https:\/\/www2.uepg.br\/elos\/wp-content\/uploads\/sites\/285\/2026\/04\/foto-capa-1232x825.jpg\" class=\"attachment-post-thumbnail size-post-thumbnail wp-post-image\" alt=\"\" loading=\"lazy\" srcset=\"https:\/\/www2.uepg.br\/elos\/wp-content\/uploads\/sites\/285\/2026\/04\/foto-capa-1232x825.jpg 1232w, https:\/\/www2.uepg.br\/elos\/wp-content\/uploads\/sites\/285\/2026\/04\/foto-capa-300x201.jpg 300w, https:\/\/www2.uepg.br\/elos\/wp-content\/uploads\/sites\/285\/2026\/04\/foto-capa-1024x685.jpg 1024w, https:\/\/www2.uepg.br\/elos\/wp-content\/uploads\/sites\/285\/2026\/04\/foto-capa-768x514.jpg 768w, https:\/\/www2.uepg.br\/elos\/wp-content\/uploads\/sites\/285\/2026\/04\/foto-capa-1536x1028.jpg 1536w, https:\/\/www2.uepg.br\/elos\/wp-content\/uploads\/sites\/285\/2026\/04\/foto-capa-2048x1371.jpg 2048w, https:\/\/www2.uepg.br\/elos\/wp-content\/uploads\/sites\/285\/2026\/04\/foto-capa-1613x1080.jpg 1613w, https:\/\/www2.uepg.br\/elos\/wp-content\/uploads\/sites\/285\/2026\/04\/foto-capa-272x182.jpg 272w\" sizes=\"(max-width: 1232px) 100vw, 1232px\" \/>\t\t\t\t<\/a>\n\t\t\t<\/div>\n\t\t\t\t<div class=\"sow-blog-content-wrapper\">\n\t\t<header class=\"sow-entry-header\" style=\"margin-bottom: 18px;\">\n\t\t\t<h2 class=\"sow-entry-title\" style=\"margin: 0 0 5px;\"><a href=\"https:\/\/www2.uepg.br\/elos\/caminhada-reune-a-comunidade-pontagrossense-para-celebrar-o-dia-mundial-da-conscientizacao-do-autismo\/\" rel=\"bookmark\">Caminhada re\u00fane a comunidade pontagrossense para celebrar o Dia Mundial da Conscientiza\u00e7\u00e3o do Autismo<\/a><\/h2>\t\t\t<div class=\"sow-entry-meta\">\n\t\t\t\t\t\t\t<span class=\"sow-featured-post\">Sticky<\/span>\n\t\t\t\t\t\t<span class=\"sow-entry-date\">\n\t\t\t\t<a href=\"https:\/\/www2.uepg.br\/elos\/caminhada-reune-a-comunidade-pontagrossense-para-celebrar-o-dia-mundial-da-conscientizacao-do-autismo\/\" rel=\"bookmark\">\n\t\t\t\t\t<time class=\"published\" datetime=\"2026-04-02T18:39:09-03:00\">\n\t\t\t\t\t\t2 de abril de 2026\t\t\t\t\t<\/time>\n\t\t\t\t\t<time class=\"updated\" datetime=\"2026-04-02T18:39:09-03:00\">\n\t\t\t\t\t\t2 de abril de 2026\t\t\t\t\t<\/time>\n\t\t\t\t<\/a>\n\t\t\t<\/span>\n\t\t\n\t\t\t\t\t<span class=\"sow-entry-author-link byline\">\n\t\t\t\t\t\t\t\t\t<span class=\"sow-author author vcard\">\n\t\t\t\t\t\t<a class=\"url fn n\" href=\"https:\/\/www2.uepg.br\/elos\/author\/pmrocha\/\" rel=\"author\">\n\t\t\t\t\t\t\tElos - Jornalismo, Direitos Humanos e Forma\u00e7\u00e3o Cidad\u00e3\t\t\t\t\t\t<\/a>\n\t\t\t\t\t<\/span>\n\t\t\t\t\t\t\t<\/span>\n\t\t\n\t\t\t\t\t<span class=\"sow-entry-categories\">\n\t\t\t\t<a href=\"https:\/\/www2.uepg.br\/elos\/category\/educacao\/\" rel=\"category tag\">Educa\u00e7\u00e3o<\/a>, <a href=\"https:\/\/www2.uepg.br\/elos\/category\/elos\/\" rel=\"category tag\">Elos<\/a>, <a href=\"https:\/\/www2.uepg.br\/elos\/category\/materia\/\" rel=\"category tag\">Mat\u00e9ria<\/a>, <a href=\"https:\/\/www2.uepg.br\/elos\/category\/posts\/\" rel=\"category tag\">Posts<\/a>\t\t\t<\/span>\n\t\t\n\t\t\t\t\t<\/div>\n\t\t<\/header>\n\n\t\t<div class=\"sow-entry-content\">\n\t\t\t<p>Passeata incentiva respeito e inclus\u00e3o aos autistas Por: Ana Lu\u00edsa Runho e Maria Eduarda Almeida\u00a0 &nbsp; &nbsp; Aconteceu nesta quinta-feira (02) a 13\u00aa Caminhada da Associa\u00e7\u00e3o de Prote\u00e7\u00e3o dos Autistas (APROAUT) em decorr\u00eancia do Dia Mundial da Conscientiza\u00e7\u00e3o do Autismo. Participaram do evento profissionais da associa\u00e7\u00e3o, m\u00e3es, pais, pessoas com autismo e apoiadores da causa. O ato iniciou na Pra\u00e7a da Igreja Sagrado Cora\u00e7\u00e3o de Jesus e seguiu at\u00e9 o Gin\u00e1sio Jamal Farjallah Bazzi. O diagn\u00f3stico precoce e o atendimento adequado foram as principais pautas. O dia 2 de Abril \u00e9 dedicado a informar a popula\u00e7\u00e3o que uma pessoa com...<a class=\"sow-more-link more-link excerpt\" href=\"https:\/\/www2.uepg.br\/elos\/caminhada-reune-a-comunidade-pontagrossense-para-celebrar-o-dia-mundial-da-conscientizacao-do-autismo\/\">\n\t\t\tContinue reading<span class=\"sow-more-link-arrow\">&rarr;<\/span><\/a><\/p>\t\t<\/div>\n\t<\/div>\n<\/article>\n\t\t\t\t\t\t\t<article id=\"post-7033\" class=\"sow-blog-columns  post-7033 post type-post status-publish format-standard has-post-thumbnail hentry category-elos category-materia tag-feminicidio tag-mulher tag-politica\" style=\"display: flex; flex-wrap: wrap; justify-content: space-between; margin-bottom: 30px;\">\n\t\t\t\t<div class=\"sow-entry-thumbnail\">\n\t\t\t\t\t\t\t\t<a href=\"https:\/\/www2.uepg.br\/elos\/audiencia-publica-em-ponta-grossa-debate-prevencao-ao-feminicidio\/\">\n\t\t\t\t\t<img width=\"1232\" height=\"924\" src=\"https:\/\/www2.uepg.br\/elos\/wp-content\/uploads\/sites\/285\/2026\/04\/WhatsApp-Image-2026-04-01-at-18.40.56-1232x924.jpeg\" class=\"attachment-post-thumbnail size-post-thumbnail wp-post-image\" alt=\"\" loading=\"lazy\" srcset=\"https:\/\/www2.uepg.br\/elos\/wp-content\/uploads\/sites\/285\/2026\/04\/WhatsApp-Image-2026-04-01-at-18.40.56-1232x924.jpeg 1232w, https:\/\/www2.uepg.br\/elos\/wp-content\/uploads\/sites\/285\/2026\/04\/WhatsApp-Image-2026-04-01-at-18.40.56-300x225.jpeg 300w, https:\/\/www2.uepg.br\/elos\/wp-content\/uploads\/sites\/285\/2026\/04\/WhatsApp-Image-2026-04-01-at-18.40.56-1024x768.jpeg 1024w, https:\/\/www2.uepg.br\/elos\/wp-content\/uploads\/sites\/285\/2026\/04\/WhatsApp-Image-2026-04-01-at-18.40.56-768x576.jpeg 768w, https:\/\/www2.uepg.br\/elos\/wp-content\/uploads\/sites\/285\/2026\/04\/WhatsApp-Image-2026-04-01-at-18.40.56.jpeg 1280w\" sizes=\"(max-width: 1232px) 100vw, 1232px\" \/>\t\t\t\t<\/a>\n\t\t\t<\/div>\n\t\t\t\t<div class=\"sow-blog-content-wrapper\">\n\t\t<header class=\"sow-entry-header\" style=\"margin-bottom: 18px;\">\n\t\t\t<h2 class=\"sow-entry-title\" style=\"margin: 0 0 5px;\"><a href=\"https:\/\/www2.uepg.br\/elos\/audiencia-publica-em-ponta-grossa-debate-prevencao-ao-feminicidio\/\" rel=\"bookmark\">Audi\u00eancia P\u00fablica em Ponta Grossa debate preven\u00e7\u00e3o ao feminic\u00eddio<\/a><\/h2>\t\t\t<div class=\"sow-entry-meta\">\n\t\t\t\t\t\t\t<span class=\"sow-featured-post\">Sticky<\/span>\n\t\t\t\t\t\t<span class=\"sow-entry-date\">\n\t\t\t\t<a href=\"https:\/\/www2.uepg.br\/elos\/audiencia-publica-em-ponta-grossa-debate-prevencao-ao-feminicidio\/\" rel=\"bookmark\">\n\t\t\t\t\t<time class=\"published\" datetime=\"2026-04-01T18:55:12-03:00\">\n\t\t\t\t\t\t1 de abril de 2026\t\t\t\t\t<\/time>\n\t\t\t\t\t<time class=\"updated\" datetime=\"2026-04-02T13:02:27-03:00\">\n\t\t\t\t\t\t2 de abril de 2026\t\t\t\t\t<\/time>\n\t\t\t\t<\/a>\n\t\t\t<\/span>\n\t\t\n\t\t\t\t\t<span class=\"sow-entry-author-link byline\">\n\t\t\t\t\t\t\t\t\t<span class=\"sow-author author vcard\">\n\t\t\t\t\t\t<a class=\"url fn n\" href=\"https:\/\/www2.uepg.br\/elos\/author\/pmrocha\/\" rel=\"author\">\n\t\t\t\t\t\t\tElos - Jornalismo, Direitos Humanos e Forma\u00e7\u00e3o Cidad\u00e3\t\t\t\t\t\t<\/a>\n\t\t\t\t\t<\/span>\n\t\t\t\t\t\t\t<\/span>\n\t\t\n\t\t\t\t\t<span class=\"sow-entry-categories\">\n\t\t\t\t<a href=\"https:\/\/www2.uepg.br\/elos\/category\/elos\/\" rel=\"category tag\">Elos<\/a>, <a href=\"https:\/\/www2.uepg.br\/elos\/category\/materia\/\" rel=\"category tag\">Mat\u00e9ria<\/a>\t\t\t<\/span>\n\t\t\n\t\t\t\t\t<\/div>\n\t\t<\/header>\n\n\t\t<div class=\"sow-entry-content\">\n\t\t\t<p>O evento teve como objetivo planejar a\u00e7\u00f5es concretas de enfrentamento \u00e0 viol\u00eancia dom\u00e9stica. Por: Celyne Stefani, Isabelly Costalonga, Leonardo Correia, Lorena Santana,\u00a0 Malu Dip. Na \u00faltima segunda-feira (30) ocorreu a Audi\u00eancia P\u00fablica de Preven\u00e7\u00e3o ao Feminic\u00eddio e Prote\u00e7\u00e3o das Mulheres na C\u00e2mara Municipal de Ponta Grossa. A Audi\u00eancia dialoga com as diretrizes do Pacto Nacional de Preven\u00e7\u00e3o aos Feminic\u00eddios, voltadas \u00e0 redu\u00e7\u00e3o dos casos no pa\u00eds, o qual n\u00e3o foi assinado pelo estado do Paran\u00e1. Segundo dados do F\u00f3rum Brasileiro de Seguran\u00e7a P\u00fablica, s\u00f3 em 2025, foram 1.568 mulheres v\u00edtimas de feminic\u00eddio no Brasil. O n\u00famero corresponde, em m\u00e9dia, a...<a class=\"sow-more-link more-link excerpt\" href=\"https:\/\/www2.uepg.br\/elos\/audiencia-publica-em-ponta-grossa-debate-prevencao-ao-feminicidio\/\">\n\t\t\tContinue reading<span class=\"sow-more-link-arrow\">&rarr;<\/span><\/a><\/p>\t\t<\/div>\n\t<\/div>\n<\/article>\n\t\t\t\t\t\t\t<article id=\"post-7026\" class=\"sow-blog-columns  post-7026 post type-post status-publish format-standard has-post-thumbnail hentry category-genero category-noticias category-posts tag-cultura tag-historia-negra tag-rota-preta-pg\" style=\"display: flex; flex-wrap: wrap; justify-content: space-between; margin-bottom: 30px;\">\n\t\t\t\t<div class=\"sow-entry-thumbnail\">\n\t\t\t\t\t\t\t\t<a href=\"https:\/\/www2.uepg.br\/elos\/iniciativa-cultural-promove-visibilidade-a-historia-negra-de-ponta-grossa\/\">\n\t\t\t\t\t<img width=\"1232\" height=\"822\" src=\"https:\/\/www2.uepg.br\/elos\/wp-content\/uploads\/sites\/285\/2026\/03\/c7acd839-0dc4-493b-a37e-5f94a3acaa26-1232x822.jpg\" class=\"attachment-post-thumbnail size-post-thumbnail wp-post-image\" alt=\"\" loading=\"lazy\" srcset=\"https:\/\/www2.uepg.br\/elos\/wp-content\/uploads\/sites\/285\/2026\/03\/c7acd839-0dc4-493b-a37e-5f94a3acaa26-1232x822.jpg 1232w, https:\/\/www2.uepg.br\/elos\/wp-content\/uploads\/sites\/285\/2026\/03\/c7acd839-0dc4-493b-a37e-5f94a3acaa26-300x200.jpg 300w, https:\/\/www2.uepg.br\/elos\/wp-content\/uploads\/sites\/285\/2026\/03\/c7acd839-0dc4-493b-a37e-5f94a3acaa26-1024x683.jpg 1024w, https:\/\/www2.uepg.br\/elos\/wp-content\/uploads\/sites\/285\/2026\/03\/c7acd839-0dc4-493b-a37e-5f94a3acaa26-768x512.jpg 768w, https:\/\/www2.uepg.br\/elos\/wp-content\/uploads\/sites\/285\/2026\/03\/c7acd839-0dc4-493b-a37e-5f94a3acaa26-1536x1024.jpg 1536w, https:\/\/www2.uepg.br\/elos\/wp-content\/uploads\/sites\/285\/2026\/03\/c7acd839-0dc4-493b-a37e-5f94a3acaa26-2048x1366.jpg 2048w, https:\/\/www2.uepg.br\/elos\/wp-content\/uploads\/sites\/285\/2026\/03\/c7acd839-0dc4-493b-a37e-5f94a3acaa26-1619x1080.jpg 1619w, https:\/\/www2.uepg.br\/elos\/wp-content\/uploads\/sites\/285\/2026\/03\/c7acd839-0dc4-493b-a37e-5f94a3acaa26-272x182.jpg 272w\" sizes=\"(max-width: 1232px) 100vw, 1232px\" \/>\t\t\t\t<\/a>\n\t\t\t<\/div>\n\t\t\t\t<div class=\"sow-blog-content-wrapper\">\n\t\t<header class=\"sow-entry-header\" style=\"margin-bottom: 18px;\">\n\t\t\t<h2 class=\"sow-entry-title\" style=\"margin: 0 0 5px;\"><a href=\"https:\/\/www2.uepg.br\/elos\/iniciativa-cultural-promove-visibilidade-a-historia-negra-de-ponta-grossa\/\" rel=\"bookmark\">Iniciativa cultural promove visibilidade \u00e0 hist\u00f3ria negra de Ponta Grossa<\/a><\/h2>\t\t\t<div class=\"sow-entry-meta\">\n\t\t\t\t\t\t\t<span class=\"sow-featured-post\">Sticky<\/span>\n\t\t\t\t\t\t<span class=\"sow-entry-date\">\n\t\t\t\t<a href=\"https:\/\/www2.uepg.br\/elos\/iniciativa-cultural-promove-visibilidade-a-historia-negra-de-ponta-grossa\/\" rel=\"bookmark\">\n\t\t\t\t\t<time class=\"published\" datetime=\"2026-03-30T17:48:25-03:00\">\n\t\t\t\t\t\t30 de mar\u00e7o de 2026\t\t\t\t\t<\/time>\n\t\t\t\t\t<time class=\"updated\" datetime=\"2026-04-02T13:02:01-03:00\">\n\t\t\t\t\t\t2 de abril de 2026\t\t\t\t\t<\/time>\n\t\t\t\t<\/a>\n\t\t\t<\/span>\n\t\t\n\t\t\t\t\t<span class=\"sow-entry-author-link byline\">\n\t\t\t\t\t\t\t\t\t<span class=\"sow-author author vcard\">\n\t\t\t\t\t\t<a class=\"url fn n\" href=\"https:\/\/www2.uepg.br\/elos\/author\/pmrocha\/\" rel=\"author\">\n\t\t\t\t\t\t\tElos - Jornalismo, Direitos Humanos e Forma\u00e7\u00e3o Cidad\u00e3\t\t\t\t\t\t<\/a>\n\t\t\t\t\t<\/span>\n\t\t\t\t\t\t\t<\/span>\n\t\t\n\t\t\t\t\t<span class=\"sow-entry-categories\">\n\t\t\t\t<a href=\"https:\/\/www2.uepg.br\/elos\/category\/genero\/\" rel=\"category tag\">G\u00eanero<\/a>, <a href=\"https:\/\/www2.uepg.br\/elos\/category\/noticias\/\" rel=\"category tag\">Not\u00edcias<\/a>, <a href=\"https:\/\/www2.uepg.br\/elos\/category\/posts\/\" rel=\"category tag\">Posts<\/a>\t\t\t<\/span>\n\t\t\n\t\t\t\t\t<\/div>\n\t\t<\/header>\n\n\t\t<div class=\"sow-entry-content\">\n\t\t\t<p>Percurso realizado evidencia a presen\u00e7a negra no munic\u00edpio Por: Julia Smaka e Guilherme Roza\u00a0 &nbsp; Na \u00faltima quarta-feira (25), a Assembleia Geral da Organiza\u00e7\u00e3o das Na\u00e7\u00f5es Unidas (ONU) aprovou uma resolu\u00e7\u00e3o que declara a escravid\u00e3o como o mais grave crime contra a humanidade. Em Ponta Grossa, na manh\u00e3 desse s\u00e1bado (28), o Rota Preta, iniciativa extensionista da Universidade Estadual de Ponta Grossa (UEPG) realizada com apoio do Museu Campos Gerais (MCG), realizou mais um percurso cultural da a\u00e7\u00e3o que tem como objetivo reconhecer locais que fazem parte da hist\u00f3ria negra do munic\u00edpio.\u00a0 O trajeto abrangeu cerca de quinze pontos da...<a class=\"sow-more-link more-link excerpt\" href=\"https:\/\/www2.uepg.br\/elos\/iniciativa-cultural-promove-visibilidade-a-historia-negra-de-ponta-grossa\/\">\n\t\t\tContinue reading<span class=\"sow-more-link-arrow\">&rarr;<\/span><\/a><\/p>\t\t<\/div>\n\t<\/div>\n<\/article>\n\t\t\t\t\t\t\t<article id=\"post-7013\" class=\"sow-blog-columns  post-7013 post type-post status-publish format-standard has-post-thumbnail hentry category-noticias\" style=\"display: flex; flex-wrap: wrap; justify-content: space-between; margin-bottom: 30px;\">\n\t\t\t\t<div class=\"sow-entry-thumbnail\">\n\t\t\t\t\t\t\t\t<a href=\"https:\/\/www2.uepg.br\/elos\/benzimento-na-rua-reafirma-tradicao-e-ancestralidade-em-ponta-grossa\/\">\n\t\t\t\t\t<img width=\"1232\" height=\"875\" src=\"https:\/\/www2.uepg.br\/elos\/wp-content\/uploads\/sites\/285\/2026\/03\/f2932e30-f42c-48c4-9658-88d91718c1a8-1232x875.jpg\" class=\"attachment-post-thumbnail size-post-thumbnail wp-post-image\" alt=\"\" loading=\"lazy\" srcset=\"https:\/\/www2.uepg.br\/elos\/wp-content\/uploads\/sites\/285\/2026\/03\/f2932e30-f42c-48c4-9658-88d91718c1a8-1232x875.jpg 1232w, https:\/\/www2.uepg.br\/elos\/wp-content\/uploads\/sites\/285\/2026\/03\/f2932e30-f42c-48c4-9658-88d91718c1a8-300x213.jpg 300w, https:\/\/www2.uepg.br\/elos\/wp-content\/uploads\/sites\/285\/2026\/03\/f2932e30-f42c-48c4-9658-88d91718c1a8-1024x727.jpg 1024w, https:\/\/www2.uepg.br\/elos\/wp-content\/uploads\/sites\/285\/2026\/03\/f2932e30-f42c-48c4-9658-88d91718c1a8-768x545.jpg 768w, https:\/\/www2.uepg.br\/elos\/wp-content\/uploads\/sites\/285\/2026\/03\/f2932e30-f42c-48c4-9658-88d91718c1a8-1536x1091.jpg 1536w, https:\/\/www2.uepg.br\/elos\/wp-content\/uploads\/sites\/285\/2026\/03\/f2932e30-f42c-48c4-9658-88d91718c1a8-2048x1454.jpg 2048w, https:\/\/www2.uepg.br\/elos\/wp-content\/uploads\/sites\/285\/2026\/03\/f2932e30-f42c-48c4-9658-88d91718c1a8-1521x1080.jpg 1521w\" sizes=\"(max-width: 1232px) 100vw, 1232px\" \/>\t\t\t\t<\/a>\n\t\t\t<\/div>\n\t\t\t\t<div class=\"sow-blog-content-wrapper\">\n\t\t<header class=\"sow-entry-header\" style=\"margin-bottom: 18px;\">\n\t\t\t<h2 class=\"sow-entry-title\" style=\"margin: 0 0 5px;\"><a href=\"https:\/\/www2.uepg.br\/elos\/benzimento-na-rua-reafirma-tradicao-e-ancestralidade-em-ponta-grossa\/\" rel=\"bookmark\">Benzimento na rua reafirma tradi\u00e7\u00e3o e ancestralidade em Ponta Grossa<\/a><\/h2>\t\t\t<div class=\"sow-entry-meta\">\n\t\t\t\t\t\t\t<span class=\"sow-featured-post\">Sticky<\/span>\n\t\t\t\t\t\t<span class=\"sow-entry-date\">\n\t\t\t\t<a href=\"https:\/\/www2.uepg.br\/elos\/benzimento-na-rua-reafirma-tradicao-e-ancestralidade-em-ponta-grossa\/\" rel=\"bookmark\">\n\t\t\t\t\t<time class=\"published\" datetime=\"2026-03-22T17:13:03-03:00\">\n\t\t\t\t\t\t22 de mar\u00e7o de 2026\t\t\t\t\t<\/time>\n\t\t\t\t\t<time class=\"updated\" datetime=\"2026-03-22T18:14:56-03:00\">\n\t\t\t\t\t\t22 de mar\u00e7o de 2026\t\t\t\t\t<\/time>\n\t\t\t\t<\/a>\n\t\t\t<\/span>\n\t\t\n\t\t\t\t\t<span class=\"sow-entry-author-link byline\">\n\t\t\t\t\t\t\t\t\t<span class=\"sow-author author vcard\">\n\t\t\t\t\t\t<a class=\"url fn n\" href=\"https:\/\/www2.uepg.br\/elos\/author\/pmrocha\/\" rel=\"author\">\n\t\t\t\t\t\t\tElos - Jornalismo, Direitos Humanos e Forma\u00e7\u00e3o Cidad\u00e3\t\t\t\t\t\t<\/a>\n\t\t\t\t\t<\/span>\n\t\t\t\t\t\t\t<\/span>\n\t\t\n\t\t\t\t\t<span class=\"sow-entry-categories\">\n\t\t\t\t<a href=\"https:\/\/www2.uepg.br\/elos\/category\/noticias\/\" rel=\"category tag\">Not\u00edcias<\/a>\t\t\t<\/span>\n\t\t\n\t\t\t\t\t<\/div>\n\t\t<\/header>\n\n\t\t<div class=\"sow-entry-content\">\n\t\t\t<p>Ato realizado no Cal\u00e7ad\u00e3o une cultura, f\u00e9 e den\u00fancia contra a intoler\u00e2ncia religiosa Por Guilherme Roza e Maria Gallinea 21 de mar\u00e7o \u00e9 marcado como Dia Internacional Contra a Discrimina\u00e7\u00e3o Racial e Dia Nacional das Tradi\u00e7\u00f5es das Ra\u00edzes de Matrizes Africanas e Na\u00e7\u00f5es do Candombl\u00e9. Neste s\u00e1bado (21), \u00e0s 14 horas, foi realizado um benzimento na rua com a participa\u00e7\u00e3o de uma roda de capoeira no Cal\u00e7ad\u00e3o de Ponta Grossa para celebrar a data. Dados do Disque 100, canal de den\u00fancias do Minist\u00e9rio dos Direitos Humanos e da Cidadania (MDHC), registram que no Brasil, entre janeiro de 2025 e 2026,...<a class=\"sow-more-link more-link excerpt\" href=\"https:\/\/www2.uepg.br\/elos\/benzimento-na-rua-reafirma-tradicao-e-ancestralidade-em-ponta-grossa\/\">\n\t\t\tContinue reading<span class=\"sow-more-link-arrow\">&rarr;<\/span><\/a><\/p>\t\t<\/div>\n\t<\/div>\n<\/article>\n\t\t\t\t\t<\/div>\n\t\t\t\t\t<nav class=\"sow-post-navigation\">\n\t\t\t\t<h2 class=\"screen-reader-text\">Post navigation<\/h2>\n\t\t\t\t<div class=\"sow-nav-links\">\n\t\t\t\t\t<span aria-current=\"page\" class=\"page-numbers current\">1<\/span>\n<a class=\"page-numbers\" href=\"https:\/\/www2.uepg.br\/elos\/wp-json\/wp\/v2\/pages\/6\/?sow-40455=2\">2<\/a>\n<a class=\"page-numbers\" href=\"https:\/\/www2.uepg.br\/elos\/wp-json\/wp\/v2\/pages\/6\/?sow-40455=3\">3<\/a>\n<span class=\"page-numbers dots\">&hellip;<\/span>\n<a class=\"page-numbers\" href=\"https:\/\/www2.uepg.br\/elos\/wp-json\/wp\/v2\/pages\/6\/?sow-40455=197\">197<\/a>\n<a class=\"next page-numbers\" href=\"https:\/\/www2.uepg.br\/elos\/wp-json\/wp\/v2\/pages\/6\/?sow-40455=2\">&rarr;<\/a>\t\t\t\t<\/div>\n\t\t\t<\/nav>\n\t\t\t\t\t\t<\/div>\n\t<\/div><\/div><\/div><\/div><div id=\"pg-6-4\"  class=\"panel-grid panel-has-style\" ><div class=\"siteorigin-panels-stretch panel-row-style panel-row-style-for-6-4\" data-stretch-type=\"full-stretched-padded\" ><div id=\"pgc-6-4-0\"  class=\"panel-grid-cell\" ><div class=\"panel-cell-style panel-cell-style-for-6-4-0\" ><div id=\"panel-6-4-0-0\" class=\"so-panel widget widget_text panel-first-child\" data-index=\"4\" ><div class=\"panel-widget-style panel-widget-style-for-6-4-0-0\" ><h3 class=\"widget-title\">Confira nossas produ\u00e7\u00f5es audiovisuais em destaque:<\/h3>\t\t\t<div class=\"textwidget\"><\/div>\n\t\t<\/div><\/div><div id=\"panel-6-4-0-1\" class=\"so-panel widget widget_media_video panel-last-child\" data-index=\"5\" ><div class=\"panel-widget-style panel-widget-style-for-6-4-0-1\" ><div style=\"width:100%;\" class=\"wp-video\"><video class=\"wp-video-shortcode\" id=\"video-7013-2\" preload=\"metadata\" controls=\"controls\"><source type=\"video\/youtube\" src=\"https:\/\/youtube.com\/watch?v=YA7TRjbdAKc&#038;_=2\" \/><a href=\"https:\/\/youtube.com\/watch?v=YA7TRjbdAKc\">https:\/\/youtube.com\/watch?v=YA7TRjbdAKc<\/a><\/video><\/div><\/div><\/div><\/div><\/div><div id=\"pgc-6-4-1\"  class=\"panel-grid-cell\" ><div id=\"panel-6-4-1-0\" class=\"so-panel widget widget_text panel-first-child\" data-index=\"6\" ><div class=\"panel-widget-style panel-widget-style-for-6-4-1-0\" >\t\t\t<div class=\"textwidget\"><\/div>\n\t\t<\/div><\/div><div id=\"panel-6-4-1-1\" class=\"so-panel widget widget_text panel-last-child\" data-index=\"7\" ><div class=\"panel-widget-style panel-widget-style-for-6-4-1-1\" >\t\t\t<div class=\"textwidget\"><p>O document\u00e1rio trata da trajet\u00f3ria das primeiras travestis de Ponta Grossa\/PR (Debora Lee e Fernanda Riquelme) e da milit\u00e2ncia que exercem junto \u00e0 popula\u00e7\u00e3o LGBTQIA+. As narrativas revelam como as travestis sobreviveram \u00e0 repress\u00e3o, \u00e0 epidemia de HIV\/Aids e \u00e0s m\u00faltiplas viol\u00eancias que marcaram suas vidas. O document\u00e1rio \u00e9 uma produ\u00e7\u00e3o do projeto de extens\u00e3o Elos \u2013 Jornalismo, Direitos Humanos e Forma\u00e7\u00e3o Cidad\u00e3, do Curso de Jornalismo da Universidade Estadual de Ponta Grossa (UEPG), em parceria com a ONG Renascer.<\/p>\n<\/div>\n\t\t<\/div><\/div><\/div><\/div><\/div><div id=\"pg-6-5\"  class=\"panel-grid panel-has-style\" ><div class=\"siteorigin-panels-stretch panel-row-style panel-row-style-for-6-5\" data-stretch-type=\"full-stretched-padded\" ><div id=\"pgc-6-5-0\"  class=\"panel-grid-cell\" ><div id=\"panel-6-5-0-0\" class=\"so-panel widget widget_text panel-first-child panel-last-child\" data-index=\"8\" ><div class=\"panel-widget-style panel-widget-style-for-6-5-0-0\" >\t\t\t<div class=\"textwidget\"><p>O Elos Em Fluxo \u00e9 um mesacast produzido pelos estudantes de Jornalismo da Universidade Estadual de Ponta Grossa, atrav\u00e9s do projeto de extens\u00e3o Elos &#8211; Jornalismo, Direitos Humanos e Forma\u00e7\u00e3o Cidad\u00e3. Em nosso terceiro epis\u00f3dio, a mestranda Sofia Villagra traz o debate sobre como o jornalismo \u00e9 afetado por um governo de extrema-direita, em especial as m\u00eddias comunit\u00e1rias que d\u00e3o voz a pessoas que, de outra forma, n\u00e3o teriam espa\u00e7o de fala.<\/p>\n<\/div>\n\t\t<\/div><\/div><\/div><div id=\"pgc-6-5-1\"  class=\"panel-grid-cell\" ><div id=\"panel-6-5-1-0\" class=\"so-panel widget widget_media_video panel-first-child panel-last-child\" data-index=\"9\" ><div style=\"width:100%;\" class=\"wp-video\"><video class=\"wp-video-shortcode\" id=\"video-7013-3\" preload=\"metadata\" controls=\"controls\"><source type=\"video\/youtube\" src=\"https:\/\/www.youtube.com\/watch?v=dtBaKq-8SfI&#038;t=8s&#038;_=3\" \/><a href=\"https:\/\/www.youtube.com\/watch?v=dtBaKq-8SfI&#038;t=8s\">https:\/\/www.youtube.com\/watch?v=dtBaKq-8SfI&#038;t=8s<\/a><\/video><\/div><\/div><\/div><\/div><\/div><div id=\"pg-6-6\"  class=\"panel-grid panel-no-style\" ><div id=\"pgc-6-6-0\"  class=\"panel-grid-cell panel-grid-cell-empty\" ><\/div><\/div><\/div>","protected":false},"excerpt":{"rendered":"<p>Confira nossas produ\u00e7\u00f5es audiovisuais em destaque: O document\u00e1rio trata da trajet\u00f3ria das primeiras travestis de Ponta Grossa\/PR (Debora Lee e Fernanda Riquelme) e da milit\u00e2ncia que exercem junto \u00e0 popula\u00e7\u00e3o LGBTQIA+. As narrativas revelam como as travestis sobreviveram \u00e0 repress\u00e3o, \u00e0 epidemia de HIV\/Aids e \u00e0s m\u00faltiplas viol\u00eancias que marcaram suas vidas. O document\u00e1rio \u00e9 uma produ\u00e7\u00e3o do projeto de extens\u00e3o Elos \u2013 Jornalismo, Direitos Humanos e Forma\u00e7\u00e3o Cidad\u00e3, do Curso de Jornalismo da Universidade Estadual de Ponta Grossa (UEPG), em parceria com a ONG Renascer. O Elos Em Fluxo \u00e9 um mesacast produzido pelos estudantes de Jornalismo da Universidade&#8230;<\/p>\n","protected":false},"author":24,"featured_media":0,"parent":0,"menu_order":0,"comment_status":"closed","ping_status":"closed","template":"","meta":[],"_links":{"self":[{"href":"https:\/\/www2.uepg.br\/elos\/wp-json\/wp\/v2\/pages\/6"}],"collection":[{"href":"https:\/\/www2.uepg.br\/elos\/wp-json\/wp\/v2\/pages"}],"about":[{"href":"https:\/\/www2.uepg.br\/elos\/wp-json\/wp\/v2\/types\/page"}],"author":[{"embeddable":true,"href":"https:\/\/www2.uepg.br\/elos\/wp-json\/wp\/v2\/users\/24"}],"replies":[{"embeddable":true,"href":"https:\/\/www2.uepg.br\/elos\/wp-json\/wp\/v2\/comments?post=6"}],"version-history":[{"count":155,"href":"https:\/\/www2.uepg.br\/elos\/wp-json\/wp\/v2\/pages\/6\/revisions"}],"predecessor-version":[{"id":6965,"href":"https:\/\/www2.uepg.br\/elos\/wp-json\/wp\/v2\/pages\/6\/revisions\/6965"}],"wp:attachment":[{"href":"https:\/\/www2.uepg.br\/elos\/wp-json\/wp\/v2\/media?parent=6"}],"curies":[{"name":"wp","href":"https:\/\/api.w.org\/{rel}","templated":true}]}}