{"id":163,"date":"2020-12-09T09:21:51","date_gmt":"2020-12-09T12:21:51","guid":{"rendered":"http:\/\/www2.uepg.br\/fasca\/?page_id=163"},"modified":"2020-12-21T18:42:48","modified_gmt":"2020-12-21T21:42:48","slug":"pesquisadores","status":"publish","type":"page","link":"https:\/\/www2.uepg.br\/fasca\/pesquisadores\/","title":{"rendered":"Pesquisadores"},"content":{"rendered":"<div id=\"pl-163\"  class=\"panel-layout\" ><div id=\"pg-163-0\"  class=\"panel-grid panel-no-style\" ><div id=\"pgc-163-0-0\"  class=\"panel-grid-cell\" ><div id=\"panel-163-0-0-0\" class=\"so-panel widget widget_sow-accordion panel-first-child panel-last-child\" data-index=\"0\" ><div\n\t\t\t\n\t\t\tclass=\"so-widget-sow-accordion so-widget-sow-accordion-default-818752f61983-163\"\n\t\t\t\n\t\t><h3 class=\"widget-title\">Pesquisadores<\/h3><div>\n\t<div class=\"sow-accordion\">\n\t\t\t<div class=\"sow-accordion-panel\"\n\t\t\t data-anchor=\"prof-dr-andr%c3%a9-maur%c3%adcio-brinatti\">\n\t\t\t\t<div class=\"sow-accordion-panel-header-container\" role=\"heading\" aria-level=\"2\">\n\t\t\t\t\t<div class=\"sow-accordion-panel-header\" tabindex=\"0\" role=\"button\" id=\"accordion-label-prof-dr-andr%c3%a9-maur%c3%adcio-brinatti\" aria-controls=\"accordion-content-prof-dr-andr%c3%a9-maur%c3%adcio-brinatti\" aria-expanded=\"false\">\n\t\t\t\t\t\t<div class=\"sow-accordion-title sow-accordion-title-icon-left\">\n\t\t\t\t\t\t\t\t\t\t\t\t\t\tProf. Dr. Andr\u00e9 Maur\u00edcio Brinatti \t\t\t\t\t\t\t\t\t\t\t\t\t<\/div>\n\t\t\t\t\t\t<div class=\"sow-accordion-open-close-button\">\n\t\t\t\t\t\t\t<div class=\"sow-accordion-open-button\">\n\t\t\t\t\t\t\t\t<span class=\"sow-icon-ionicons\" data-sow-icon=\"&#xf218;\"\n\t\t \n\t\taria-hidden=\"true\"><\/span>\t\t\t\t\t\t\t<\/div>\n\t\t\t\t\t\t\t<div class=\"sow-accordion-close-button\">\n\t\t\t\t\t\t\t\t<span class=\"sow-icon-ionicons\" data-sow-icon=\"&#xf209;\"\n\t\t \n\t\taria-hidden=\"true\"><\/span>\t\t\t\t\t\t\t<\/div>\n\t\t\t\t\t\t<\/div>\n\t\t\t\t\t<\/div>\n\t\t\t\t<\/div>\n\n\t\t\t<div\n\t\t\t\tclass=\"sow-accordion-panel-content\"\n\t\t\t\trole=\"region\"\n\t\t\t\taria-labelledby=\"accordion-label-prof-dr-andr%c3%a9-maur%c3%adcio-brinatti\"\n\t\t\t\tid=\"accordion-content-prof-dr-andr%c3%a9-maur%c3%adcio-brinatti\"\n\t\t\t\tstyle=\"display: none;\"\t\t\t>\n\t\t\t\t<div class=\"sow-accordion-panel-border\" tabindex=\"0\">\n\t\t\t\t\t<p>Licenciado em F\u00edsica pela Universidade Estadual Paulista J\u00falio de Mesquita Filho - UNESP - Rio Claro (1988), Mestre em Ci\u00eancias, \u00c1rea de Concentra\u00e7\u00e3o: F\u00edsica Aplicada, pela Universidade de S\u00e3o Paulo - Instituto de F\u00edsica e Qu\u00edmica de S\u00e3o Carlos - USP-IFQSC - S\u00e3o Carlos (1993) e Doutor em Ci\u00eancias, \u00c1rea de Concentra\u00e7\u00e3o: F\u00edsica Aplicada, pela Universidade de S\u00e3o Paulo - Instituto de F\u00edsica de S\u00e3o Carlos - USP-IFSC - S\u00e3o Carlos (2001). Professor do Departamento de F\u00edsica da Universidade Estadual de Ponta Grossa - UEPG: como colaborador em 1993; como efetivo a partir de 1994 e Professor Associado a partir de 2009. Professor Permanente dos Programas de P\u00f3s-Gradua\u00e7\u00e3o: em Qu\u00edmica Aplicada - UEPG de 2005 a 2012; em Ci\u00eancias\/F\u00edsica - UEPG a partir de 2013; em Ensino de F\u00edsica do Mestrado Nacional Profissional em Ensino de F\u00edsica - MNPEF-SBF, Polo 35 - UEPG a partir de 2014. Professor Colaborador do Programa de P\u00f3s-Gradua\u00e7\u00e3o em Ensino de Ci\u00eancias e Educa\u00e7\u00e3o Matem\u00e1tica - UEPG a partir de 2017. Tem experi\u00eancia em: ensino superior (forma\u00e7\u00e3o inicial e continuada); pesquisa em f\u00edsica aplicada (cristalografia, mineralogia, solos, difra\u00e7\u00e3o de raios X e m\u00e9todo de Rietveld); pesquisa em ensino de f\u00edsica (instrumenta\u00e7\u00e3o para o ensino de f\u00edsica e de ci\u00eancias, ensino de f\u00edsica e ci\u00eancias na educa\u00e7\u00e3o b\u00e1sica); em extens\u00e3o (clubes de ci\u00eancias).<span class=\"texto\">\u00a0<\/span><\/p>\n<p><a href=\"http:\/\/lattes.cnpq.br\/6646179684977811\" target=\"_blank\" rel=\"noopener\">Clique aqui para visualizar o CV Lattes do pesquisador<\/a><\/p>\n<p><a href=\"https:\/\/orcid.org\/0000-0001-5625-3865\" target=\"_blank\" rel=\"noopener\">Clique aqui para visualizar o ORCID do pesquisador<\/a><\/p>\n\t\t\t\t<\/div>\n\t\t\t<\/div>\n\t\t<\/div>\n\t\t\t<div class=\"sow-accordion-panel\"\n\t\t\t data-anchor=\"prof-dr-fabio-augusto-meira-c%c3%a1ssaro\">\n\t\t\t\t<div class=\"sow-accordion-panel-header-container\" role=\"heading\" aria-level=\"2\">\n\t\t\t\t\t<div class=\"sow-accordion-panel-header\" tabindex=\"0\" role=\"button\" id=\"accordion-label-prof-dr-fabio-augusto-meira-c%c3%a1ssaro\" aria-controls=\"accordion-content-prof-dr-fabio-augusto-meira-c%c3%a1ssaro\" aria-expanded=\"false\">\n\t\t\t\t\t\t<div class=\"sow-accordion-title sow-accordion-title-icon-left\">\n\t\t\t\t\t\t\t\t\t\t\t\t\t\tProf. Dr. Fabio Augusto Meira C\u00e1ssaro \t\t\t\t\t\t\t\t\t\t\t\t\t<\/div>\n\t\t\t\t\t\t<div class=\"sow-accordion-open-close-button\">\n\t\t\t\t\t\t\t<div class=\"sow-accordion-open-button\">\n\t\t\t\t\t\t\t\t<span class=\"sow-icon-ionicons\" data-sow-icon=\"&#xf218;\"\n\t\t \n\t\taria-hidden=\"true\"><\/span>\t\t\t\t\t\t\t<\/div>\n\t\t\t\t\t\t\t<div class=\"sow-accordion-close-button\">\n\t\t\t\t\t\t\t\t<span class=\"sow-icon-ionicons\" data-sow-icon=\"&#xf209;\"\n\t\t \n\t\taria-hidden=\"true\"><\/span>\t\t\t\t\t\t\t<\/div>\n\t\t\t\t\t\t<\/div>\n\t\t\t\t\t<\/div>\n\t\t\t\t<\/div>\n\n\t\t\t<div\n\t\t\t\tclass=\"sow-accordion-panel-content\"\n\t\t\t\trole=\"region\"\n\t\t\t\taria-labelledby=\"accordion-label-prof-dr-fabio-augusto-meira-c%c3%a1ssaro\"\n\t\t\t\tid=\"accordion-content-prof-dr-fabio-augusto-meira-c%c3%a1ssaro\"\n\t\t\t\tstyle=\"display: none;\"\t\t\t>\n\t\t\t\t<div class=\"sow-accordion-panel-border\" tabindex=\"0\">\n\t\t\t\t\t<p>\u00c9 bacharel em F\u00edsica pelo IFQSC\/USP (1991). Durante a gradua\u00e7\u00e3o foi bolsista Fapesp na modalidade IC sob orienta\u00e7\u00e3o da Profa. Dra. Maria Cristina Terrile. Obteve seu Mestrado pelo IFSC\/USP (1994) sob orienta\u00e7\u00e3o do pesquisador Dr. S\u00edlvio Crestana do CNPDIA\/Embrapa de S\u00e3o Carlos e, Doutorado\u00a0 sob orienta\u00e7\u00e3o do Prof. Dr. Klaus Reichardt no Centro de Energia Nuclear na Agricultura - CENA\/USP (2002). Entre os anos de 1999 e 2001 esteve como pesquisador visitante na Rutgers - The State University of New Jersey, na modalidade de doutorado sandu\u00edche, com a supervis\u00e3o do Prof. Dr. Daniel Gim\u00e8nez. Entre 2011 e 2012 fez P\u00f3s-Doutorado no CNPDIA\/Embrapa de s\u00e3o Carlos, sob supervis\u00e3o do pesquisador Dr. Carlos Manoel Pedro Vaz. \u00c9 professor Associado do Departamento de F\u00edsica da UEPG desde 2010. Possui experi\u00eancia na \u00e1rea de F\u00edsica, com \u00eanfase na investiga\u00e7\u00e3o do Solo: simula\u00e7\u00e3o computacional da estrutura de solos, estudos sobre a condutividade hidr\u00e1ulica e a curva reten\u00e7\u00e3o de \u00e1gua pelo solo.<\/p>\n<p><a href=\"http:\/\/lattes.cnpq.br\/2614592183393648\" target=\"_blank\" rel=\"noopener\">Clique aqui para visualizar o CV Lattes do pesquisador<\/a><\/p>\n<p><a href=\"https:\/\/orcid.org\/0000-0002-7240-3947\" target=\"_blank\" rel=\"noopener\">Clique aqui para visualizar o ORCID do pesquisador<\/a><\/p>\n\t\t\t\t<\/div>\n\t\t\t<\/div>\n\t\t<\/div>\n\t\t\t<div class=\"sow-accordion-panel\"\n\t\t\t data-anchor=\"prof-dr-luiz-fernando-pires\">\n\t\t\t\t<div class=\"sow-accordion-panel-header-container\" role=\"heading\" aria-level=\"2\">\n\t\t\t\t\t<div class=\"sow-accordion-panel-header\" tabindex=\"0\" role=\"button\" id=\"accordion-label-prof-dr-luiz-fernando-pires\" aria-controls=\"accordion-content-prof-dr-luiz-fernando-pires\" aria-expanded=\"false\">\n\t\t\t\t\t\t<div class=\"sow-accordion-title sow-accordion-title-icon-left\">\n\t\t\t\t\t\t\t\t\t\t\t\t\t\tProf. Dr. Luiz Fernando Pires \t\t\t\t\t\t\t\t\t\t\t\t\t<\/div>\n\t\t\t\t\t\t<div class=\"sow-accordion-open-close-button\">\n\t\t\t\t\t\t\t<div class=\"sow-accordion-open-button\">\n\t\t\t\t\t\t\t\t<span class=\"sow-icon-ionicons\" data-sow-icon=\"&#xf218;\"\n\t\t \n\t\taria-hidden=\"true\"><\/span>\t\t\t\t\t\t\t<\/div>\n\t\t\t\t\t\t\t<div class=\"sow-accordion-close-button\">\n\t\t\t\t\t\t\t\t<span class=\"sow-icon-ionicons\" data-sow-icon=\"&#xf209;\"\n\t\t \n\t\taria-hidden=\"true\"><\/span>\t\t\t\t\t\t\t<\/div>\n\t\t\t\t\t\t<\/div>\n\t\t\t\t\t<\/div>\n\t\t\t\t<\/div>\n\n\t\t\t<div\n\t\t\t\tclass=\"sow-accordion-panel-content\"\n\t\t\t\trole=\"region\"\n\t\t\t\taria-labelledby=\"accordion-label-prof-dr-luiz-fernando-pires\"\n\t\t\t\tid=\"accordion-content-prof-dr-luiz-fernando-pires\"\n\t\t\t\tstyle=\"display: none;\"\t\t\t>\n\t\t\t\t<div class=\"sow-accordion-panel-border\" tabindex=\"0\">\n\t\t\t\t\t<p><img class=\"size-medium wp-image-286 alignleft\" src=\"http:\/\/www2.uepg.br\/fasca\/wp-content\/uploads\/sites\/159\/2020\/12\/8BC2105C-A964-4D32-9203-ABB2B8432E8B-225x300.jpeg\" alt=\"\" width=\"225\" height=\"300\" \/>Graduado em F\u00edsica pela Universidade Estadual de Ponta Grossa (1999), Mestrado e Doutorado em Ci\u00eancias (Energia Nuclear na Agricultura e no Ambiente) pela Universidade de S\u00e3o Paulo (2002) e (2006). Professor associado junto ao Departamento de F\u00edsica da Universidade Estadual de Ponta Grossa (UEPG). Docente permanente dos Programas de P\u00f3s-Gradua\u00e7\u00e3o em F\u00edsica e Geografia (UEPG). Atua como pesquisador nas \u00e1reas de F\u00edsica do Solo, Aplica\u00e7\u00f5es de Radiois\u00f3topos e F\u00edsica Ambiental. Integra v\u00e1rios grupos de pesquisa certificados pelo CNPq. Atua como coordenador de projetos de pesquisa institucionais (Finep) e tamb\u00e9m projetos individuais (CNPq, Funda\u00e7\u00e3o Arauc\u00e1ria, Capes, LNLS). Atualmente \u00e9 bolsista do CNPq (n\u00edvel 1D) e atua como consultor de v\u00e1rias revistas cient\u00edficas e ag\u00eancias de fomento nacionais e internacionais. Foi membro associado do Centro Internacional de F\u00edsica Te\u00f3rica (2011-2016), Trieste, It\u00e1lia, pesquisador visitante do CENA\/USP (2007-2013), Piracicaba, Brasil, e professor visitante na Universidade de Nottingham (2017-2018), Reino Unido. Possui colabora\u00e7\u00e3o cient\u00edfica com v\u00e1rias institui\u00e7\u00f5es \u00a0nacionais e internacionais.<\/p>\n<p><a href=\"http:\/\/lattes.cnpq.br\/8442535263392473\">Clique aqui para visualizar o CV Lattes do pesquisador<\/a><\/p>\n<p><a href=\"https:\/\/orcid.org\/0000-0001-5073-5900\">Clique aqui para visualizar o ORCID do pesquisador<\/a><\/p>\n\t\t\t\t<\/div>\n\t\t\t<\/div>\n\t\t<\/div>\n\t\t\t<div class=\"sow-accordion-panel\"\n\t\t\t data-anchor=\"prof-dr-s%c3%a9rgio-da-costa-saab\">\n\t\t\t\t<div class=\"sow-accordion-panel-header-container\" role=\"heading\" aria-level=\"2\">\n\t\t\t\t\t<div class=\"sow-accordion-panel-header\" tabindex=\"0\" role=\"button\" id=\"accordion-label-prof-dr-s%c3%a9rgio-da-costa-saab\" aria-controls=\"accordion-content-prof-dr-s%c3%a9rgio-da-costa-saab\" aria-expanded=\"false\">\n\t\t\t\t\t\t<div class=\"sow-accordion-title sow-accordion-title-icon-left\">\n\t\t\t\t\t\t\t\t\t\t\t\t\t\tProf. Dr. S\u00e9rgio da Costa Saab \t\t\t\t\t\t\t\t\t\t\t\t\t<\/div>\n\t\t\t\t\t\t<div class=\"sow-accordion-open-close-button\">\n\t\t\t\t\t\t\t<div class=\"sow-accordion-open-button\">\n\t\t\t\t\t\t\t\t<span class=\"sow-icon-ionicons\" data-sow-icon=\"&#xf218;\"\n\t\t \n\t\taria-hidden=\"true\"><\/span>\t\t\t\t\t\t\t<\/div>\n\t\t\t\t\t\t\t<div class=\"sow-accordion-close-button\">\n\t\t\t\t\t\t\t\t<span class=\"sow-icon-ionicons\" data-sow-icon=\"&#xf209;\"\n\t\t \n\t\taria-hidden=\"true\"><\/span>\t\t\t\t\t\t\t<\/div>\n\t\t\t\t\t\t<\/div>\n\t\t\t\t\t<\/div>\n\t\t\t\t<\/div>\n\n\t\t\t<div\n\t\t\t\tclass=\"sow-accordion-panel-content\"\n\t\t\t\trole=\"region\"\n\t\t\t\taria-labelledby=\"accordion-label-prof-dr-s%c3%a9rgio-da-costa-saab\"\n\t\t\t\tid=\"accordion-content-prof-dr-s%c3%a9rgio-da-costa-saab\"\n\t\t\t\tstyle=\"display: none;\"\t\t\t>\n\t\t\t\t<div class=\"sow-accordion-panel-border\" tabindex=\"0\">\n\t\t\t\t\t<p><img class=\"alignleft size-medium wp-image-304\" src=\"http:\/\/www2.uepg.br\/fasca\/wp-content\/uploads\/sites\/159\/2020\/12\/foto-sergio-2019-site-e1608476258396-300x216.jpg\" alt=\"\" width=\"300\" height=\"216\" \/>Possui gradua\u00e7\u00e3o em F\u00edsica pela Universidade Federal de Mato Grosso do Sul (1989), Mestrado em F\u00edsica Aplicada pela Universidade de S\u00e3o Paulo (1992) e Doutorado em Ci\u00eancias USP S\u00e3o Carlos (1999). P\u00f3s Doutorado na Embrapa Instrumenta\u00e7\u00e3o Agropecu\u00e1ria (2008\/2009). Foi vice coordenador do programa de P\u00f3s gradua\u00e7\u00e3o em Ci\u00eancias\/F\u00edsica da UEPG nos anos de 2007-2008 e 2010 a 2012. Foi coordenador do programa de P\u00f3s gradua\u00e7\u00e3o em Ci\u00eancias\/F\u00edsica da UEPG nos anos de 2012-2014 e 2014 a 2016. Atualmente \u00e9 professor associado do departamento de F\u00edsica da Universidade Estadual de Ponta Grossa. Tem experi\u00eancia na \u00e1rea de F\u00edsica, com \u00eanfase em F\u00edsica Ambiental, atuando principalmente nos seguintes temas: Espectroscopias, Difra\u00e7\u00e3o de Raio X e Microscopia de For\u00e7a At\u00f4mica aplicada a solos, suas fra\u00e7\u00f5es por tamanho de part\u00edculas e mat\u00e9ria org\u00e2nica humificada do solo.<span class=\"texto\">\u00a0<\/span><\/p>\n<p><a href=\"http:\/\/lattes.cnpq.br\/9976947941481444\" target=\"_blank\" rel=\"noopener\">Clique aqui para visualizar o CV Lattes do pesquisador<\/a><\/p>\n<p><a href=\"https:\/\/orcid.org\/0000-0003-3842-8574\" target=\"_blank\" rel=\"noopener\">Clique aqui para visualizar o ORCID do pesquisador<\/a><\/p>\n\t\t\t\t<\/div>\n\t\t\t<\/div>\n\t\t<\/div>\n\t\t<\/div>\n<\/div>\n<\/div><\/div><\/div><\/div><\/div>","protected":false},"excerpt":{"rendered":"<p>Pesquisadores Prof. Dr. Andr\u00e9 Maur\u00edcio Brinatti Licenciado em F\u00edsica pela Universidade Estadual Paulista J\u00falio de Mesquita Filho &#8211; UNESP &#8211; Rio Claro (1988), Mestre em Ci\u00eancias, \u00c1rea de Concentra\u00e7\u00e3o: F\u00edsica Aplicada, pela Universidade de S\u00e3o Paulo &#8211; Instituto de F\u00edsica e Qu\u00edmica de S\u00e3o Carlos &#8211; USP-IFQSC &#8211; S\u00e3o Carlos (1993) e Doutor em Ci\u00eancias,&nbsp;&hellip;<\/p>\n","protected":false},"author":204,"featured_media":0,"parent":0,"menu_order":0,"comment_status":"closed","ping_status":"closed","template":"","meta":[],"_links":{"self":[{"href":"https:\/\/www2.uepg.br\/fasca\/wp-json\/wp\/v2\/pages\/163"}],"collection":[{"href":"https:\/\/www2.uepg.br\/fasca\/wp-json\/wp\/v2\/pages"}],"about":[{"href":"https:\/\/www2.uepg.br\/fasca\/wp-json\/wp\/v2\/types\/page"}],"author":[{"embeddable":true,"href":"https:\/\/www2.uepg.br\/fasca\/wp-json\/wp\/v2\/users\/204"}],"replies":[{"embeddable":true,"href":"https:\/\/www2.uepg.br\/fasca\/wp-json\/wp\/v2\/comments?post=163"}],"version-history":[{"count":17,"href":"https:\/\/www2.uepg.br\/fasca\/wp-json\/wp\/v2\/pages\/163\/revisions"}],"predecessor-version":[{"id":358,"href":"https:\/\/www2.uepg.br\/fasca\/wp-json\/wp\/v2\/pages\/163\/revisions\/358"}],"wp:attachment":[{"href":"https:\/\/www2.uepg.br\/fasca\/wp-json\/wp\/v2\/media?parent=163"}],"curies":[{"name":"wp","href":"https:\/\/api.w.org\/{rel}","templated":true}]}}