{"id":167,"date":"2020-12-09T09:22:26","date_gmt":"2020-12-09T12:22:26","guid":{"rendered":"http:\/\/www2.uepg.br\/fasca\/?page_id=167"},"modified":"2024-03-15T22:48:33","modified_gmt":"2024-03-16T01:48:33","slug":"iniciacao-cientifica","status":"publish","type":"page","link":"https:\/\/www2.uepg.br\/fasca\/iniciacao-cientifica\/","title":{"rendered":"Inicia\u00e7\u00e3o Cient\u00edfica"},"content":{"rendered":"<div id=\"pl-167\"  class=\"panel-layout\" ><div id=\"pg-167-0\"  class=\"panel-grid panel-no-style\" ><div id=\"pgc-167-0-0\"  class=\"panel-grid-cell\" ><div id=\"panel-167-0-0-0\" class=\"so-panel widget widget_sow-accordion panel-first-child panel-last-child\" data-index=\"0\" ><div\n\t\t\t\n\t\t\tclass=\"so-widget-sow-accordion so-widget-sow-accordion-default-818752f61983-167\"\n\t\t\t\n\t\t><h3 class=\"widget-title\">Orienta\u00e7\u00f5es em andamento - IC<\/h3><div>\n\t<div class=\"sow-accordion\">\n\t\t\t<div class=\"sow-accordion-panel\"\n\t\t\t data-anchor=\"prof-dr-andr%c3%a9-maur%c3%adcio-brinatti\">\n\t\t\t\t<div class=\"sow-accordion-panel-header-container\" role=\"heading\" aria-level=\"2\">\n\t\t\t\t\t<div class=\"sow-accordion-panel-header\" tabindex=\"0\" role=\"button\" id=\"accordion-label-prof-dr-andr%c3%a9-maur%c3%adcio-brinatti\" aria-controls=\"accordion-content-prof-dr-andr%c3%a9-maur%c3%adcio-brinatti\" aria-expanded=\"false\">\n\t\t\t\t\t\t<div class=\"sow-accordion-title sow-accordion-title-icon-left\">\n\t\t\t\t\t\t\t\t\t\t\t\t\t\tProf. Dr. Andr\u00e9 Maur\u00edcio Brinatti\t\t\t\t\t\t\t\t\t\t\t\t\t<\/div>\n\t\t\t\t\t\t<div class=\"sow-accordion-open-close-button\">\n\t\t\t\t\t\t\t<div class=\"sow-accordion-open-button\">\n\t\t\t\t\t\t\t\t<span class=\"sow-icon-ionicons\" data-sow-icon=\"&#xf218;\"\n\t\t \n\t\taria-hidden=\"true\"><\/span>\t\t\t\t\t\t\t<\/div>\n\t\t\t\t\t\t\t<div class=\"sow-accordion-close-button\">\n\t\t\t\t\t\t\t\t<span class=\"sow-icon-ionicons\" data-sow-icon=\"&#xf209;\"\n\t\t \n\t\taria-hidden=\"true\"><\/span>\t\t\t\t\t\t\t<\/div>\n\t\t\t\t\t\t<\/div>\n\t\t\t\t\t<\/div>\n\t\t\t\t<\/div>\n\n\t\t\t<div\n\t\t\t\tclass=\"sow-accordion-panel-content\"\n\t\t\t\trole=\"region\"\n\t\t\t\taria-labelledby=\"accordion-label-prof-dr-andr%c3%a9-maur%c3%adcio-brinatti\"\n\t\t\t\tid=\"accordion-content-prof-dr-andr%c3%a9-maur%c3%adcio-brinatti\"\n\t\t\t\tstyle=\"display: none;\"\t\t\t>\n\t\t\t\t<div class=\"sow-accordion-panel-border\" tabindex=\"0\">\n\t\t\t\t\t<div class=\"layout-cell layout-cell-1 text-align-right\">\n<div class=\"layout-cell-pad-5 text-align-right\"><b>1. <\/b>Alessandro de Melo. Caracteriza\u00e7\u00e3o de goethita e de caulinita por espectroscopias e difra\u00e7\u00e3o de raios X. In\u00edcio: 2019. Inicia\u00e7\u00e3o cient\u00edfica (Graduando em Licenciatura em F\u00edsica) - Universidade Estadual de Ponta Grossa, Funda\u00e7\u00e3o Arauc\u00e1ria.<\/div>\n<\/div>\n<div class=\"layout-cell layout-cell-1 text-align-right\">\n<div class=\"layout-cell-pad-5 text-align-right\"><b>2. <\/b>Thalisson C\u00e9sar Wiertel. Composi\u00e7\u00e3o mineral da fra\u00e7\u00e3o argila de amostras de um Latossolo pelo M\u00e9todo de Rietveld com dados de difra\u00e7\u00e3o de raios X. In\u00edcio: 2019. Inicia\u00e7\u00e3o cient\u00edfica (Graduando em Bacharelado em F\u00edsica) - Universidade Estadual de Ponta Grossa, Conselho Nacional de Desenvolvimento Cient\u00edfico e Tecnol\u00f3gico.<\/div>\n<\/div>\n\t\t\t\t<\/div>\n\t\t\t<\/div>\n\t\t<\/div>\n\t\t\t<div class=\"sow-accordion-panel\"\n\t\t\t data-anchor=\"prof-dr-f%c3%a1bio-augusto-meira-c%c3%a1ssaro\">\n\t\t\t\t<div class=\"sow-accordion-panel-header-container\" role=\"heading\" aria-level=\"2\">\n\t\t\t\t\t<div class=\"sow-accordion-panel-header\" tabindex=\"0\" role=\"button\" id=\"accordion-label-prof-dr-f%c3%a1bio-augusto-meira-c%c3%a1ssaro\" aria-controls=\"accordion-content-prof-dr-f%c3%a1bio-augusto-meira-c%c3%a1ssaro\" aria-expanded=\"false\">\n\t\t\t\t\t\t<div class=\"sow-accordion-title sow-accordion-title-icon-left\">\n\t\t\t\t\t\t\t\t\t\t\t\t\t\tProf. Dr. F\u00e1bio Augusto Meira C\u00e1ssaro\t\t\t\t\t\t\t\t\t\t\t\t\t<\/div>\n\t\t\t\t\t\t<div class=\"sow-accordion-open-close-button\">\n\t\t\t\t\t\t\t<div class=\"sow-accordion-open-button\">\n\t\t\t\t\t\t\t\t<span class=\"sow-icon-ionicons\" data-sow-icon=\"&#xf218;\"\n\t\t \n\t\taria-hidden=\"true\"><\/span>\t\t\t\t\t\t\t<\/div>\n\t\t\t\t\t\t\t<div class=\"sow-accordion-close-button\">\n\t\t\t\t\t\t\t\t<span class=\"sow-icon-ionicons\" data-sow-icon=\"&#xf209;\"\n\t\t \n\t\taria-hidden=\"true\"><\/span>\t\t\t\t\t\t\t<\/div>\n\t\t\t\t\t\t<\/div>\n\t\t\t\t\t<\/div>\n\t\t\t\t<\/div>\n\n\t\t\t<div\n\t\t\t\tclass=\"sow-accordion-panel-content\"\n\t\t\t\trole=\"region\"\n\t\t\t\taria-labelledby=\"accordion-label-prof-dr-f%c3%a1bio-augusto-meira-c%c3%a1ssaro\"\n\t\t\t\tid=\"accordion-content-prof-dr-f%c3%a1bio-augusto-meira-c%c3%a1ssaro\"\n\t\t\t\tstyle=\"display: none;\"\t\t\t>\n\t\t\t\t<div class=\"sow-accordion-panel-border\" tabindex=\"0\">\n\t\t\t\t\t<p>Sem orienta\u00e7\u00f5es de IC no momento.<\/p>\n\t\t\t\t<\/div>\n\t\t\t<\/div>\n\t\t<\/div>\n\t\t\t<div class=\"sow-accordion-panel\"\n\t\t\t data-anchor=\"prof-dr-luiz-fernando-pires\">\n\t\t\t\t<div class=\"sow-accordion-panel-header-container\" role=\"heading\" aria-level=\"2\">\n\t\t\t\t\t<div class=\"sow-accordion-panel-header\" tabindex=\"0\" role=\"button\" id=\"accordion-label-prof-dr-luiz-fernando-pires\" aria-controls=\"accordion-content-prof-dr-luiz-fernando-pires\" aria-expanded=\"false\">\n\t\t\t\t\t\t<div class=\"sow-accordion-title sow-accordion-title-icon-left\">\n\t\t\t\t\t\t\t\t\t\t\t\t\t\tProf. Dr. Luiz Fernando Pires\t\t\t\t\t\t\t\t\t\t\t\t\t<\/div>\n\t\t\t\t\t\t<div class=\"sow-accordion-open-close-button\">\n\t\t\t\t\t\t\t<div class=\"sow-accordion-open-button\">\n\t\t\t\t\t\t\t\t<span class=\"sow-icon-ionicons\" data-sow-icon=\"&#xf218;\"\n\t\t \n\t\taria-hidden=\"true\"><\/span>\t\t\t\t\t\t\t<\/div>\n\t\t\t\t\t\t\t<div class=\"sow-accordion-close-button\">\n\t\t\t\t\t\t\t\t<span class=\"sow-icon-ionicons\" data-sow-icon=\"&#xf209;\"\n\t\t \n\t\taria-hidden=\"true\"><\/span>\t\t\t\t\t\t\t<\/div>\n\t\t\t\t\t\t<\/div>\n\t\t\t\t\t<\/div>\n\t\t\t\t<\/div>\n\n\t\t\t<div\n\t\t\t\tclass=\"sow-accordion-panel-content\"\n\t\t\t\trole=\"region\"\n\t\t\t\taria-labelledby=\"accordion-label-prof-dr-luiz-fernando-pires\"\n\t\t\t\tid=\"accordion-content-prof-dr-luiz-fernando-pires\"\n\t\t\t\tstyle=\"display: none;\"\t\t\t>\n\t\t\t\t<div class=\"sow-accordion-panel-border\" tabindex=\"0\">\n\t\t\t\t\t<p>1. Milena Cola\u00e7o Borges. <strong>Influ\u00eancia dos tamanhos de agregados do solo na composi\u00e7\u00e3o de \u00f3xidos e coeficiente de atenua\u00e7\u00e3o da radia\u00e7\u00e3o<\/strong>. In\u00edcio: 2023. Inicia\u00e7\u00e3o cient\u00edfica (Graduando em F\u00edsica) - Universidade Estadual de Ponta Grossa, Conselho Nacional de Desenvolvimento Cient\u00edfico e Tecnol\u00f3gico.<\/p>\n\t\t\t\t<\/div>\n\t\t\t<\/div>\n\t\t<\/div>\n\t\t\t<div class=\"sow-accordion-panel\"\n\t\t\t data-anchor=\"prof-dr-s%c3%a9rgio-da-costa-saab\">\n\t\t\t\t<div class=\"sow-accordion-panel-header-container\" role=\"heading\" aria-level=\"2\">\n\t\t\t\t\t<div class=\"sow-accordion-panel-header\" tabindex=\"0\" role=\"button\" id=\"accordion-label-prof-dr-s%c3%a9rgio-da-costa-saab\" aria-controls=\"accordion-content-prof-dr-s%c3%a9rgio-da-costa-saab\" aria-expanded=\"false\">\n\t\t\t\t\t\t<div class=\"sow-accordion-title sow-accordion-title-icon-left\">\n\t\t\t\t\t\t\t\t\t\t\t\t\t\tProf. Dr. S\u00e9rgio da Costa Saab\t\t\t\t\t\t\t\t\t\t\t\t\t<\/div>\n\t\t\t\t\t\t<div class=\"sow-accordion-open-close-button\">\n\t\t\t\t\t\t\t<div class=\"sow-accordion-open-button\">\n\t\t\t\t\t\t\t\t<span class=\"sow-icon-ionicons\" data-sow-icon=\"&#xf218;\"\n\t\t \n\t\taria-hidden=\"true\"><\/span>\t\t\t\t\t\t\t<\/div>\n\t\t\t\t\t\t\t<div class=\"sow-accordion-close-button\">\n\t\t\t\t\t\t\t\t<span class=\"sow-icon-ionicons\" data-sow-icon=\"&#xf209;\"\n\t\t \n\t\taria-hidden=\"true\"><\/span>\t\t\t\t\t\t\t<\/div>\n\t\t\t\t\t\t<\/div>\n\t\t\t\t\t<\/div>\n\t\t\t\t<\/div>\n\n\t\t\t<div\n\t\t\t\tclass=\"sow-accordion-panel-content\"\n\t\t\t\trole=\"region\"\n\t\t\t\taria-labelledby=\"accordion-label-prof-dr-s%c3%a9rgio-da-costa-saab\"\n\t\t\t\tid=\"accordion-content-prof-dr-s%c3%a9rgio-da-costa-saab\"\n\t\t\t\tstyle=\"display: none;\"\t\t\t>\n\t\t\t\t<div class=\"sow-accordion-panel-border\" tabindex=\"0\">\n\t\t\t\t\t<div class=\"layout-cell layout-cell-1 text-align-right\">\n<div class=\"layout-cell-pad-5 text-align-right\"><b>1. <\/b>\u00c9rika Pupo. <strong>Caracteriza\u00e7\u00e3o de amostra de solo por espectroscopia de floresc\u00eancia de raio X<\/strong>. In\u00edcio: 2020. Inicia\u00e7\u00e3o cient\u00edfica (Graduando em F\u00edsica) - Universidade Estadual de Ponta Grossa, Conselho Nacional de Desenvolvimento Cient\u00edfico e Tecnol\u00f3gico.<\/div>\n<div><strong>2<\/strong>. <b> <\/b>\u00c9rika Pupo. <strong>Caracteriza\u00e7\u00e3o das fra\u00e7\u00f5es por tamanho de part\u00edculas do solo por espectroscopia de floresc\u00eancia de raio X por dispers\u00e3o de comprimento de onda<\/strong>. In\u00edcio: 2021. Inicia\u00e7\u00e3o cient\u00edfica (Graduando em F\u00edsica) - Universidade Estadual de Ponta Grossa, Conselho Nacional de Desenvolvimento Cient\u00edfico e Tecnol\u00f3gico.<\/div>\n<\/div>\n\t\t\t\t<\/div>\n\t\t\t<\/div>\n\t\t<\/div>\n\t\t<\/div>\n<\/div>\n<\/div><\/div><\/div><\/div><\/div>","protected":false},"excerpt":{"rendered":"<p>Orienta\u00e7\u00f5es em andamento &#8211; IC Prof. Dr. Andr\u00e9 Maur\u00edcio Brinatti 1. Alessandro de Melo. Caracteriza\u00e7\u00e3o de goethita e de caulinita por espectroscopias e difra\u00e7\u00e3o de raios X. In\u00edcio: 2019. Inicia\u00e7\u00e3o cient\u00edfica (Graduando em Licenciatura em F\u00edsica) &#8211; Universidade Estadual de Ponta Grossa, Funda\u00e7\u00e3o Arauc\u00e1ria. 2. Thalisson C\u00e9sar Wiertel. Composi\u00e7\u00e3o mineral da fra\u00e7\u00e3o argila de amostras&nbsp;&hellip;<\/p>\n","protected":false},"author":204,"featured_media":0,"parent":0,"menu_order":0,"comment_status":"closed","ping_status":"closed","template":"","meta":[],"_links":{"self":[{"href":"https:\/\/www2.uepg.br\/fasca\/wp-json\/wp\/v2\/pages\/167"}],"collection":[{"href":"https:\/\/www2.uepg.br\/fasca\/wp-json\/wp\/v2\/pages"}],"about":[{"href":"https:\/\/www2.uepg.br\/fasca\/wp-json\/wp\/v2\/types\/page"}],"author":[{"embeddable":true,"href":"https:\/\/www2.uepg.br\/fasca\/wp-json\/wp\/v2\/users\/204"}],"replies":[{"embeddable":true,"href":"https:\/\/www2.uepg.br\/fasca\/wp-json\/wp\/v2\/comments?post=167"}],"version-history":[{"count":13,"href":"https:\/\/www2.uepg.br\/fasca\/wp-json\/wp\/v2\/pages\/167\/revisions"}],"predecessor-version":[{"id":949,"href":"https:\/\/www2.uepg.br\/fasca\/wp-json\/wp\/v2\/pages\/167\/revisions\/949"}],"wp:attachment":[{"href":"https:\/\/www2.uepg.br\/fasca\/wp-json\/wp\/v2\/media?parent=167"}],"curies":[{"name":"wp","href":"https:\/\/api.w.org\/{rel}","templated":true}]}}