{"id":172,"date":"2020-12-09T09:23:15","date_gmt":"2020-12-09T12:23:15","guid":{"rendered":"http:\/\/www2.uepg.br\/fasca\/?page_id=172"},"modified":"2020-12-22T20:47:06","modified_gmt":"2020-12-22T23:47:06","slug":"linhas-de-pesquisas","status":"publish","type":"page","link":"https:\/\/www2.uepg.br\/fasca\/linhas-de-pesquisas\/","title":{"rendered":"Linhas de pesquisa"},"content":{"rendered":"<div id=\"pl-172\"  class=\"panel-layout\" ><div id=\"pg-172-0\"  class=\"panel-grid panel-no-style\" ><div id=\"pgc-172-0-0\"  class=\"panel-grid-cell\" ><div id=\"panel-172-0-0-0\" class=\"so-panel widget widget_sow-accordion panel-first-child panel-last-child\" data-index=\"0\" ><div\n\t\t\t\n\t\t\tclass=\"so-widget-sow-accordion so-widget-sow-accordion-default-818752f61983-172\"\n\t\t\t\n\t\t><h3 class=\"widget-title\">Grupos de pesquisa aos quais os pesquisadores do FASCA est\u00e3o vinculados<\/h3><div>\n\t<div class=\"sow-accordion\">\n\t\t\t<div class=\"sow-accordion-panel\"\n\t\t\t data-anchor=\"f%c3%adsica-aplicada-a-solos-e-ci%c3%aancias-ambientais\">\n\t\t\t\t<div class=\"sow-accordion-panel-header-container\" role=\"heading\" aria-level=\"2\">\n\t\t\t\t\t<div class=\"sow-accordion-panel-header\" tabindex=\"0\" role=\"button\" id=\"accordion-label-f%c3%adsica-aplicada-a-solos-e-ci%c3%aancias-ambientais\" aria-controls=\"accordion-content-f%c3%adsica-aplicada-a-solos-e-ci%c3%aancias-ambientais\" aria-expanded=\"false\">\n\t\t\t\t\t\t<div class=\"sow-accordion-title sow-accordion-title-icon-left\">\n\t\t\t\t\t\t\t\t\t\t\t\t\t\tF\u00edsica Aplicada a Solos e Ci\u00eancias Ambientais\t\t\t\t\t\t\t\t\t\t\t\t\t<\/div>\n\t\t\t\t\t\t<div class=\"sow-accordion-open-close-button\">\n\t\t\t\t\t\t\t<div class=\"sow-accordion-open-button\">\n\t\t\t\t\t\t\t\t<span class=\"sow-icon-ionicons\" data-sow-icon=\"&#xf218;\"\n\t\t \n\t\taria-hidden=\"true\"><\/span>\t\t\t\t\t\t\t<\/div>\n\t\t\t\t\t\t\t<div class=\"sow-accordion-close-button\">\n\t\t\t\t\t\t\t\t<span class=\"sow-icon-ionicons\" data-sow-icon=\"&#xf209;\"\n\t\t \n\t\taria-hidden=\"true\"><\/span>\t\t\t\t\t\t\t<\/div>\n\t\t\t\t\t\t<\/div>\n\t\t\t\t\t<\/div>\n\t\t\t\t<\/div>\n\n\t\t\t<div\n\t\t\t\tclass=\"sow-accordion-panel-content\"\n\t\t\t\trole=\"region\"\n\t\t\t\taria-labelledby=\"accordion-label-f%c3%adsica-aplicada-a-solos-e-ci%c3%aancias-ambientais\"\n\t\t\t\tid=\"accordion-content-f%c3%adsica-aplicada-a-solos-e-ci%c3%aancias-ambientais\"\n\t\t\t\tstyle=\"display: none;\"\t\t\t>\n\t\t\t\t<div class=\"sow-accordion-panel-border\" tabindex=\"0\">\n\t\t\t\t\t<p>Ano de forma\u00e7\u00e3o: 1998<\/p>\n<p>L\u00edderes: S\u00e9rgio da Costa Saab e Andr\u00e9 Maur\u00edcio Brinati<\/p>\n<p>Participantes do FASCA: F\u00e1bio Augusto Meira C\u00e1ssaro e Luiz Fernando Pires<\/p>\n<p><a href=\"http:\/\/dgp.cnpq.br\/dgp\/espelhogrupo\/3170\" target=\"_blank\" rel=\"noopener\">Link para o diret\u00f3rio dos grupos de pesquisa do CNPq<\/a><\/p>\n\t\t\t\t<\/div>\n\t\t\t<\/div>\n\t\t<\/div>\n\t\t\t<div class=\"sow-accordion-panel\"\n\t\t\t data-anchor=\"f%c3%adsica-aplicada-%c3%a0-conserva%c3%a7%c3%a3o-do-solo\">\n\t\t\t\t<div class=\"sow-accordion-panel-header-container\" role=\"heading\" aria-level=\"2\">\n\t\t\t\t\t<div class=\"sow-accordion-panel-header\" tabindex=\"0\" role=\"button\" id=\"accordion-label-f%c3%adsica-aplicada-%c3%a0-conserva%c3%a7%c3%a3o-do-solo\" aria-controls=\"accordion-content-f%c3%adsica-aplicada-%c3%a0-conserva%c3%a7%c3%a3o-do-solo\" aria-expanded=\"false\">\n\t\t\t\t\t\t<div class=\"sow-accordion-title sow-accordion-title-icon-left\">\n\t\t\t\t\t\t\t\t\t\t\t\t\t\tF\u00edsica Aplicada \u00e0 Conserva\u00e7\u00e3o do Solo\t\t\t\t\t\t\t\t\t\t\t\t\t<\/div>\n\t\t\t\t\t\t<div class=\"sow-accordion-open-close-button\">\n\t\t\t\t\t\t\t<div class=\"sow-accordion-open-button\">\n\t\t\t\t\t\t\t\t<span class=\"sow-icon-ionicons\" data-sow-icon=\"&#xf218;\"\n\t\t \n\t\taria-hidden=\"true\"><\/span>\t\t\t\t\t\t\t<\/div>\n\t\t\t\t\t\t\t<div class=\"sow-accordion-close-button\">\n\t\t\t\t\t\t\t\t<span class=\"sow-icon-ionicons\" data-sow-icon=\"&#xf209;\"\n\t\t \n\t\taria-hidden=\"true\"><\/span>\t\t\t\t\t\t\t<\/div>\n\t\t\t\t\t\t<\/div>\n\t\t\t\t\t<\/div>\n\t\t\t\t<\/div>\n\n\t\t\t<div\n\t\t\t\tclass=\"sow-accordion-panel-content\"\n\t\t\t\trole=\"region\"\n\t\t\t\taria-labelledby=\"accordion-label-f%c3%adsica-aplicada-%c3%a0-conserva%c3%a7%c3%a3o-do-solo\"\n\t\t\t\tid=\"accordion-content-f%c3%adsica-aplicada-%c3%a0-conserva%c3%a7%c3%a3o-do-solo\"\n\t\t\t\tstyle=\"display: none;\"\t\t\t>\n\t\t\t\t<div class=\"sow-accordion-panel-border\" tabindex=\"0\">\n\t\t\t\t\t<p>Ano de forma\u00e7\u00e3o: 2007<\/p>\n<p>L\u00edder: Vladia Correchel<\/p>\n<p>Participante do FASCA: Luiz Fernando Pires<\/p>\n<p><a href=\"http:\/\/dgp.cnpq.br\/dgp\/espelhogrupo\/185818\" target=\"_blank\" rel=\"noopener\">Link para o diret\u00f3rio dos grupos de pesquisa do CNPq<\/a><\/p>\n\t\t\t\t<\/div>\n\t\t\t<\/div>\n\t\t<\/div>\n\t\t\t<div class=\"sow-accordion-panel\"\n\t\t\t data-anchor=\"microtomografia-no-estudo-do-solo\">\n\t\t\t\t<div class=\"sow-accordion-panel-header-container\" role=\"heading\" aria-level=\"2\">\n\t\t\t\t\t<div class=\"sow-accordion-panel-header\" tabindex=\"0\" role=\"button\" id=\"accordion-label-microtomografia-no-estudo-do-solo\" aria-controls=\"accordion-content-microtomografia-no-estudo-do-solo\" aria-expanded=\"false\">\n\t\t\t\t\t\t<div class=\"sow-accordion-title sow-accordion-title-icon-left\">\n\t\t\t\t\t\t\t\t\t\t\t\t\t\tMicrotomografia no estudo do solo\t\t\t\t\t\t\t\t\t\t\t\t\t<\/div>\n\t\t\t\t\t\t<div class=\"sow-accordion-open-close-button\">\n\t\t\t\t\t\t\t<div class=\"sow-accordion-open-button\">\n\t\t\t\t\t\t\t\t<span class=\"sow-icon-ionicons\" data-sow-icon=\"&#xf218;\"\n\t\t \n\t\taria-hidden=\"true\"><\/span>\t\t\t\t\t\t\t<\/div>\n\t\t\t\t\t\t\t<div class=\"sow-accordion-close-button\">\n\t\t\t\t\t\t\t\t<span class=\"sow-icon-ionicons\" data-sow-icon=\"&#xf209;\"\n\t\t \n\t\taria-hidden=\"true\"><\/span>\t\t\t\t\t\t\t<\/div>\n\t\t\t\t\t\t<\/div>\n\t\t\t\t\t<\/div>\n\t\t\t\t<\/div>\n\n\t\t\t<div\n\t\t\t\tclass=\"sow-accordion-panel-content\"\n\t\t\t\trole=\"region\"\n\t\t\t\taria-labelledby=\"accordion-label-microtomografia-no-estudo-do-solo\"\n\t\t\t\tid=\"accordion-content-microtomografia-no-estudo-do-solo\"\n\t\t\t\tstyle=\"display: none;\"\t\t\t>\n\t\t\t\t<div class=\"sow-accordion-panel-border\" tabindex=\"0\">\n\t\t\t\t\t<p>Ano de forma\u00e7\u00e3o: 2019<\/p>\n<p>L\u00edder: Luiz Fernando Pires<\/p>\n<p>Participante do FASCA: Fabio Augusto Meira C\u00e1ssaro<\/p>\n<p><a href=\"http:\/\/dgp.cnpq.br\/dgp\/espelhogrupo\/500977\" target=\"_blank\" rel=\"noopener\">Link para o diret\u00f3rio dos grupos de pesquisa do CNPq<\/a><\/p>\n\t\t\t\t<\/div>\n\t\t\t<\/div>\n\t\t<\/div>\n\t\t\t<div class=\"sow-accordion-panel\"\n\t\t\t data-anchor=\"t%c3%a9cnicas-nucleares-e-convencionais-no-estudo-da-estrutura-do-solo\">\n\t\t\t\t<div class=\"sow-accordion-panel-header-container\" role=\"heading\" aria-level=\"2\">\n\t\t\t\t\t<div class=\"sow-accordion-panel-header\" tabindex=\"0\" role=\"button\" id=\"accordion-label-t%c3%a9cnicas-nucleares-e-convencionais-no-estudo-da-estrutura-do-solo\" aria-controls=\"accordion-content-t%c3%a9cnicas-nucleares-e-convencionais-no-estudo-da-estrutura-do-solo\" aria-expanded=\"false\">\n\t\t\t\t\t\t<div class=\"sow-accordion-title sow-accordion-title-icon-left\">\n\t\t\t\t\t\t\t\t\t\t\t\t\t\tT\u00e9cnicas Nucleares e Convencionais no Estudo da Estrutura do Solo\t\t\t\t\t\t\t\t\t\t\t\t\t<\/div>\n\t\t\t\t\t\t<div class=\"sow-accordion-open-close-button\">\n\t\t\t\t\t\t\t<div class=\"sow-accordion-open-button\">\n\t\t\t\t\t\t\t\t<span class=\"sow-icon-ionicons\" data-sow-icon=\"&#xf218;\"\n\t\t \n\t\taria-hidden=\"true\"><\/span>\t\t\t\t\t\t\t<\/div>\n\t\t\t\t\t\t\t<div class=\"sow-accordion-close-button\">\n\t\t\t\t\t\t\t\t<span class=\"sow-icon-ionicons\" data-sow-icon=\"&#xf209;\"\n\t\t \n\t\taria-hidden=\"true\"><\/span>\t\t\t\t\t\t\t<\/div>\n\t\t\t\t\t\t<\/div>\n\t\t\t\t\t<\/div>\n\t\t\t\t<\/div>\n\n\t\t\t<div\n\t\t\t\tclass=\"sow-accordion-panel-content\"\n\t\t\t\trole=\"region\"\n\t\t\t\taria-labelledby=\"accordion-label-t%c3%a9cnicas-nucleares-e-convencionais-no-estudo-da-estrutura-do-solo\"\n\t\t\t\tid=\"accordion-content-t%c3%a9cnicas-nucleares-e-convencionais-no-estudo-da-estrutura-do-solo\"\n\t\t\t\tstyle=\"display: none;\"\t\t\t>\n\t\t\t\t<div class=\"sow-accordion-panel-border\" tabindex=\"0\">\n\t\t\t\t\t<p>Ano de forma\u00e7\u00e3o: 2013<\/p>\n<p>L\u00edder: Luiz Fernando Pires<\/p>\n<p>Participantes do FASCA: Andr\u00e9 Maur\u00edcio Brinati, Fabio Augusto Meira C\u00e1ssaro e S\u00e9rgio da Costa Saab<\/p>\n<p><a href=\"http:\/\/dgp.cnpq.br\/dgp\/espelhogrupo\/41394\" target=\"_blank\" rel=\"noopener\">Link para o diret\u00f3rio dos grupos de pesquisa do CNPq<\/a><\/p>\n\t\t\t\t<\/div>\n\t\t\t<\/div>\n\t\t<\/div>\n\t\t\t<div class=\"sow-accordion-panel\"\n\t\t\t data-anchor=\"din%c3%a2mica-da-mat%c3%a9ria-org%c3%a2nica-em-sistemas-de-manejo-do-solo\">\n\t\t\t\t<div class=\"sow-accordion-panel-header-container\" role=\"heading\" aria-level=\"2\">\n\t\t\t\t\t<div class=\"sow-accordion-panel-header\" tabindex=\"0\" role=\"button\" id=\"accordion-label-din%c3%a2mica-da-mat%c3%a9ria-org%c3%a2nica-em-sistemas-de-manejo-do-solo\" aria-controls=\"accordion-content-din%c3%a2mica-da-mat%c3%a9ria-org%c3%a2nica-em-sistemas-de-manejo-do-solo\" aria-expanded=\"false\">\n\t\t\t\t\t\t<div class=\"sow-accordion-title sow-accordion-title-icon-left\">\n\t\t\t\t\t\t\t\t\t\t\t\t\t\tDin\u00e2mica da mat\u00e9ria org\u00e2nica em sistemas de manejo do solo\t\t\t\t\t\t\t\t\t\t\t\t\t<\/div>\n\t\t\t\t\t\t<div class=\"sow-accordion-open-close-button\">\n\t\t\t\t\t\t\t<div class=\"sow-accordion-open-button\">\n\t\t\t\t\t\t\t\t<span class=\"sow-icon-ionicons\" data-sow-icon=\"&#xf218;\"\n\t\t \n\t\taria-hidden=\"true\"><\/span>\t\t\t\t\t\t\t<\/div>\n\t\t\t\t\t\t\t<div class=\"sow-accordion-close-button\">\n\t\t\t\t\t\t\t\t<span class=\"sow-icon-ionicons\" data-sow-icon=\"&#xf209;\"\n\t\t \n\t\taria-hidden=\"true\"><\/span>\t\t\t\t\t\t\t<\/div>\n\t\t\t\t\t\t<\/div>\n\t\t\t\t\t<\/div>\n\t\t\t\t<\/div>\n\n\t\t\t<div\n\t\t\t\tclass=\"sow-accordion-panel-content\"\n\t\t\t\trole=\"region\"\n\t\t\t\taria-labelledby=\"accordion-label-din%c3%a2mica-da-mat%c3%a9ria-org%c3%a2nica-em-sistemas-de-manejo-do-solo\"\n\t\t\t\tid=\"accordion-content-din%c3%a2mica-da-mat%c3%a9ria-org%c3%a2nica-em-sistemas-de-manejo-do-solo\"\n\t\t\t\tstyle=\"display: none;\"\t\t\t>\n\t\t\t\t<div class=\"sow-accordion-panel-border\" tabindex=\"0\">\n\t\t\t\t\t<p>Ano de forma\u00e7\u00e3o: 2009<\/p>\n<p>L\u00edderes: Jo\u00e3o Carlos de Moraes S\u00e1 e Ademir de Oliveira Ferreira<\/p>\n<p>Participante do FASCA:\u00a0 S\u00e9rgio da Costa Saab<\/p>\n<p><a href=\"http:\/\/dgp.cnpq.br\/dgp\/espelhogrupo\/33901\" target=\"_blank\" rel=\"noopener\">Link para o diret\u00f3rio dos grupos de pesquisa do CNPq<\/a><\/p>\n\t\t\t\t<\/div>\n\t\t\t<\/div>\n\t\t<\/div>\n\t\t<\/div>\n<\/div>\n<\/div><\/div><\/div><\/div><\/div>","protected":false},"excerpt":{"rendered":"<p>Grupos de pesquisa aos quais os pesquisadores do FASCA est\u00e3o vinculados F\u00edsica Aplicada a Solos e Ci\u00eancias Ambientais Ano de forma\u00e7\u00e3o: 1998 L\u00edderes: S\u00e9rgio da Costa Saab e Andr\u00e9 Maur\u00edcio Brinati Participantes do FASCA: F\u00e1bio Augusto Meira C\u00e1ssaro e Luiz Fernando Pires Link para o diret\u00f3rio dos grupos de pesquisa do CNPq F\u00edsica Aplicada \u00e0&nbsp;&hellip;<\/p>\n","protected":false},"author":204,"featured_media":0,"parent":0,"menu_order":0,"comment_status":"closed","ping_status":"closed","template":"","meta":[],"_links":{"self":[{"href":"https:\/\/www2.uepg.br\/fasca\/wp-json\/wp\/v2\/pages\/172"}],"collection":[{"href":"https:\/\/www2.uepg.br\/fasca\/wp-json\/wp\/v2\/pages"}],"about":[{"href":"https:\/\/www2.uepg.br\/fasca\/wp-json\/wp\/v2\/types\/page"}],"author":[{"embeddable":true,"href":"https:\/\/www2.uepg.br\/fasca\/wp-json\/wp\/v2\/users\/204"}],"replies":[{"embeddable":true,"href":"https:\/\/www2.uepg.br\/fasca\/wp-json\/wp\/v2\/comments?post=172"}],"version-history":[{"count":8,"href":"https:\/\/www2.uepg.br\/fasca\/wp-json\/wp\/v2\/pages\/172\/revisions"}],"predecessor-version":[{"id":362,"href":"https:\/\/www2.uepg.br\/fasca\/wp-json\/wp\/v2\/pages\/172\/revisions\/362"}],"wp:attachment":[{"href":"https:\/\/www2.uepg.br\/fasca\/wp-json\/wp\/v2\/media?parent=172"}],"curies":[{"name":"wp","href":"https:\/\/api.w.org\/{rel}","templated":true}]}}