{"id":173,"date":"2020-12-09T09:25:04","date_gmt":"2020-12-09T12:25:04","guid":{"rendered":"http:\/\/www2.uepg.br\/fasca\/?page_id=173"},"modified":"2024-03-15T22:53:59","modified_gmt":"2024-03-16T01:53:59","slug":"dissertacoes","status":"publish","type":"page","link":"https:\/\/www2.uepg.br\/fasca\/dissertacoes\/","title":{"rendered":"Disserta\u00e7\u00f5es"},"content":{"rendered":"<div id=\"pl-173\"  class=\"panel-layout\" ><div id=\"pg-173-0\"  class=\"panel-grid panel-no-style\" ><div id=\"pgc-173-0-0\"  class=\"panel-grid-cell\" ><div id=\"panel-173-0-0-0\" class=\"so-panel widget widget_sow-accordion panel-first-child panel-last-child\" data-index=\"0\" ><div\n\t\t\t\n\t\t\tclass=\"so-widget-sow-accordion so-widget-sow-accordion-default-075667ec8b28-173\"\n\t\t\t\n\t\t><h3 class=\"widget-title\">Disserta\u00e7\u00f5es Defendidas<\/h3><div>\n\t<div class=\"sow-accordion\">\n\t\t\t<div class=\"sow-accordion-panel\"\n\t\t\t data-anchor=\"2024\">\n\t\t\t\t<div class=\"sow-accordion-panel-header-container\" role=\"heading\" aria-level=\"2\">\n\t\t\t\t\t<div class=\"sow-accordion-panel-header\" tabindex=\"0\" role=\"button\" id=\"accordion-label-2024\" aria-controls=\"accordion-content-2024\" aria-expanded=\"false\">\n\t\t\t\t\t\t<div class=\"sow-accordion-title sow-accordion-title-icon-left\">\n\t\t\t\t\t\t\t\t\t\t\t\t\t\t2024\t\t\t\t\t\t\t\t\t\t\t\t\t<\/div>\n\t\t\t\t\t\t<div class=\"sow-accordion-open-close-button\">\n\t\t\t\t\t\t\t<div class=\"sow-accordion-open-button\">\n\t\t\t\t\t\t\t\t<span class=\"sow-icon-ionicons\" data-sow-icon=\"&#xf218;\"\n\t\t \n\t\taria-hidden=\"true\"><\/span>\t\t\t\t\t\t\t<\/div>\n\t\t\t\t\t\t\t<div class=\"sow-accordion-close-button\">\n\t\t\t\t\t\t\t\t<span class=\"sow-icon-ionicons\" data-sow-icon=\"&#xf209;\"\n\t\t \n\t\taria-hidden=\"true\"><\/span>\t\t\t\t\t\t\t<\/div>\n\t\t\t\t\t\t<\/div>\n\t\t\t\t\t<\/div>\n\t\t\t\t<\/div>\n\n\t\t\t<div\n\t\t\t\tclass=\"sow-accordion-panel-content\"\n\t\t\t\trole=\"region\"\n\t\t\t\taria-labelledby=\"accordion-label-2024\"\n\t\t\t\tid=\"accordion-content-2024\"\n\t\t\t\tstyle=\"display: none;\"\t\t\t>\n\t\t\t\t<div class=\"sow-accordion-panel-border\" tabindex=\"0\">\n\t\t\t\t\t<ul>\n<li><strong>Jos\u00e9 Valdirino Gaspareto<\/strong> - T\u00edtulo da disserta\u00e7\u00e3o: <strong>Microtomografia na caracteriza\u00e7\u00e3o do sistema poroso de solos sob integra\u00e7\u00e3o lavoura-pecu\u00e1ria<\/strong>. Mestrado em Ci\u00eancias\/F\u00edsica. Universidade Estadual de Ponta Grossa. Bolsista da Comiss\u00e3o Nacional de Energia Nuclear (CNEN). Orientador: Prof. Dr. Luiz Fernando Pires. Link para o trabalho de disserta\u00e7\u00e3o:<\/li>\n<\/ul>\n\t\t\t\t<\/div>\n\t\t\t<\/div>\n\t\t<\/div>\n\t\t\t<div class=\"sow-accordion-panel\"\n\t\t\t data-anchor=\"2021\">\n\t\t\t\t<div class=\"sow-accordion-panel-header-container\" role=\"heading\" aria-level=\"2\">\n\t\t\t\t\t<div class=\"sow-accordion-panel-header\" tabindex=\"0\" role=\"button\" id=\"accordion-label-2021\" aria-controls=\"accordion-content-2021\" aria-expanded=\"false\">\n\t\t\t\t\t\t<div class=\"sow-accordion-title sow-accordion-title-icon-left\">\n\t\t\t\t\t\t\t\t\t\t\t\t\t\t2021\t\t\t\t\t\t\t\t\t\t\t\t\t<\/div>\n\t\t\t\t\t\t<div class=\"sow-accordion-open-close-button\">\n\t\t\t\t\t\t\t<div class=\"sow-accordion-open-button\">\n\t\t\t\t\t\t\t\t<span class=\"sow-icon-ionicons\" data-sow-icon=\"&#xf218;\"\n\t\t \n\t\taria-hidden=\"true\"><\/span>\t\t\t\t\t\t\t<\/div>\n\t\t\t\t\t\t\t<div class=\"sow-accordion-close-button\">\n\t\t\t\t\t\t\t\t<span class=\"sow-icon-ionicons\" data-sow-icon=\"&#xf209;\"\n\t\t \n\t\taria-hidden=\"true\"><\/span>\t\t\t\t\t\t\t<\/div>\n\t\t\t\t\t\t<\/div>\n\t\t\t\t\t<\/div>\n\t\t\t\t<\/div>\n\n\t\t\t<div\n\t\t\t\tclass=\"sow-accordion-panel-content\"\n\t\t\t\trole=\"region\"\n\t\t\t\taria-labelledby=\"accordion-label-2021\"\n\t\t\t\tid=\"accordion-content-2021\"\n\t\t\t\tstyle=\"display: none;\"\t\t\t>\n\t\t\t\t<div class=\"sow-accordion-panel-border\" tabindex=\"0\">\n\t\t\t\t\t<ul>\n<li><strong>Karuane Schechtel Kodum<\/strong> - T\u00edtulo da disserta\u00e7\u00e3o: <strong>Caracteriza\u00e7\u00e3o de solos da caverna abrigo da areia solta GO-BR por t\u00e9cnica de espectroscopia e simula\u00e7\u00e3o de par\u00e2metros de intera\u00e7\u00e3o com a radia\u00e7\u00e3o<\/strong>. Mestrado em Ci\u00eancias\/F\u00edsica. Universidade Estadual de Ponta Grossa. Bolsista da Coordena\u00e7\u00e3o de Aperfei\u00e7oamento de Pessoal de N\u00edvel Superior. Orientador: Prof. Dr. S\u00e9rgio da Costa Saab e Coorientador Prof. Dr. Luiz Fernando Pires. Link para o trabalho de disserta\u00e7\u00e3o:<a href=\"https:\/\/tede2.uepg.br\/jspui\/handle\/prefix\/2524\">https:\/\/tede2.uepg.br\/jspui\/handle\/prefix\/2524<\/a><\/li>\n<\/ul>\n<p>&nbsp;<\/p>\n<ul>\n<li><strong>Everton de Andrade<\/strong> -\u00a0T\u00edtulo da disserta\u00e7\u00e3o: <strong>Caracteriza\u00e7\u00e3o mineral\u00f3gica de um gleissolo sob cultivo de duas esp\u00e9cies de bambus por t\u00e9cnicas de espectroscopia e difra\u00e7\u00e3o de raios X<\/strong>. Mestrado em Ci\u00eancias\/F\u00edsica. Universidade Estadual de Ponta Grossa. Bolsista da Coordena\u00e7\u00e3o de Aperfei\u00e7oamento de Pessoal de N\u00edvel Superior. Orientador: Prof. Dr. Andr\u00e9 Maur\u00edcio Brinatti. Link para o trabalho de disserta\u00e7\u00e3o:\u00a0<a href=\"http:\/\/tede2.uepg.br\/jspui\/handle\/prefix\/3441\">http:\/\/tede2.uepg.br\/jspui\/handle\/prefix\/3441<\/a><\/li>\n<\/ul>\n\t\t\t\t<\/div>\n\t\t\t<\/div>\n\t\t<\/div>\n\t\t\t<div class=\"sow-accordion-panel\"\n\t\t\t data-anchor=\"2018\">\n\t\t\t\t<div class=\"sow-accordion-panel-header-container\" role=\"heading\" aria-level=\"2\">\n\t\t\t\t\t<div class=\"sow-accordion-panel-header\" tabindex=\"0\" role=\"button\" id=\"accordion-label-2018\" aria-controls=\"accordion-content-2018\" aria-expanded=\"false\">\n\t\t\t\t\t\t<div class=\"sow-accordion-title sow-accordion-title-icon-left\">\n\t\t\t\t\t\t\t\t\t\t\t\t\t\t2018\t\t\t\t\t\t\t\t\t\t\t\t\t<\/div>\n\t\t\t\t\t\t<div class=\"sow-accordion-open-close-button\">\n\t\t\t\t\t\t\t<div class=\"sow-accordion-open-button\">\n\t\t\t\t\t\t\t\t<span class=\"sow-icon-ionicons\" data-sow-icon=\"&#xf218;\"\n\t\t \n\t\taria-hidden=\"true\"><\/span>\t\t\t\t\t\t\t<\/div>\n\t\t\t\t\t\t\t<div class=\"sow-accordion-close-button\">\n\t\t\t\t\t\t\t\t<span class=\"sow-icon-ionicons\" data-sow-icon=\"&#xf209;\"\n\t\t \n\t\taria-hidden=\"true\"><\/span>\t\t\t\t\t\t\t<\/div>\n\t\t\t\t\t\t<\/div>\n\t\t\t\t\t<\/div>\n\t\t\t\t<\/div>\n\n\t\t\t<div\n\t\t\t\tclass=\"sow-accordion-panel-content\"\n\t\t\t\trole=\"region\"\n\t\t\t\taria-labelledby=\"accordion-label-2018\"\n\t\t\t\tid=\"accordion-content-2018\"\n\t\t\t\tstyle=\"display: none;\"\t\t\t>\n\t\t\t\t<div class=\"sow-accordion-panel-border\" tabindex=\"0\">\n\t\t\t\t\t<div>\n<ul>\n<li><strong>Lohane Tech <\/strong>- T\u00edtulo da disserta\u00e7\u00e3o: <strong>Propriedades de atenua\u00e7\u00e3o da radia\u00e7\u00e3o: influ\u00eancia da textura e do tamanho de agregado do solo<\/strong>. Mestrado em Ci\u00eancias\/F\u00edsica. Universidade Estadual de Ponta Grossa. Bolsista da Coordena\u00e7\u00e3o de Aperfei\u00e7oamento de Pessoal de N\u00edvel Superior. Orientador: Prof. Dr. Luiz F. Pires. Co-Orientador: Prof. Dr. Andr\u00e9 M. Brinatti. Link para o trabalho de disserta\u00e7\u00e3o:\u00a0<a href=\"http:\/\/tede2.uepg.br\/jspui\/handle\/prefix\/2527\">http:\/\/tede2.uepg.br\/jspui\/handle\/prefix\/2527<\/a><\/li>\n<\/ul>\n<p>&nbsp;<\/p>\n<ul>\n<li><strong>Janaina Schardosin<\/strong> - T\u00edtulo da disserta\u00e7\u00e3o: <strong>Caracteriza\u00e7\u00e3o da mat\u00e9ria org\u00e2nica humificada (\u00e1cido h\u00famico) de solo por t\u00e9cnicas espectrosc\u00f3picas, an\u00e1lise t\u00e9rmica e microscopia eletr\u00f4nica<\/strong>. Mestrado em Ci\u00eancias\/F\u00edsica.\u00a0Universidade Estadual de Ponta Grossa. Bolsista da Coordena\u00e7\u00e3o de Aperfei\u00e7oamento de Pessoal de N\u00edvel Superior. Orientador: Prof. Dr. S\u00e9rgio da Costa Saab. Link para o trabalho de disserta\u00e7\u00e3o:<a href=\"https:\/\/tede2.uepg.br\/jspui\/handle\/prefix\/2524\">https:\/\/tede2.uepg.br\/jspui\/handle\/prefix\/2524<\/a><\/li>\n<\/ul>\n<\/div>\n\t\t\t\t<\/div>\n\t\t\t<\/div>\n\t\t<\/div>\n\t\t\t<div class=\"sow-accordion-panel\"\n\t\t\t data-anchor=\"2017\">\n\t\t\t\t<div class=\"sow-accordion-panel-header-container\" role=\"heading\" aria-level=\"2\">\n\t\t\t\t\t<div class=\"sow-accordion-panel-header\" tabindex=\"0\" role=\"button\" id=\"accordion-label-2017\" aria-controls=\"accordion-content-2017\" aria-expanded=\"false\">\n\t\t\t\t\t\t<div class=\"sow-accordion-title sow-accordion-title-icon-left\">\n\t\t\t\t\t\t\t\t\t\t\t\t\t\t2017\t\t\t\t\t\t\t\t\t\t\t\t\t<\/div>\n\t\t\t\t\t\t<div class=\"sow-accordion-open-close-button\">\n\t\t\t\t\t\t\t<div class=\"sow-accordion-open-button\">\n\t\t\t\t\t\t\t\t<span class=\"sow-icon-ionicons\" data-sow-icon=\"&#xf218;\"\n\t\t \n\t\taria-hidden=\"true\"><\/span>\t\t\t\t\t\t\t<\/div>\n\t\t\t\t\t\t\t<div class=\"sow-accordion-close-button\">\n\t\t\t\t\t\t\t\t<span class=\"sow-icon-ionicons\" data-sow-icon=\"&#xf209;\"\n\t\t \n\t\taria-hidden=\"true\"><\/span>\t\t\t\t\t\t\t<\/div>\n\t\t\t\t\t\t<\/div>\n\t\t\t\t\t<\/div>\n\t\t\t\t<\/div>\n\n\t\t\t<div\n\t\t\t\tclass=\"sow-accordion-panel-content\"\n\t\t\t\trole=\"region\"\n\t\t\t\taria-labelledby=\"accordion-label-2017\"\n\t\t\t\tid=\"accordion-content-2017\"\n\t\t\t\tstyle=\"display: none;\"\t\t\t>\n\t\t\t\t<div class=\"sow-accordion-panel-border\" tabindex=\"0\">\n\t\t\t\t\t<ul>\n<li><strong>Aline Mari Huf dos Reis<\/strong> - T\u00edtulo da disserta\u00e7\u00e3o de mestrado:\u00a0<strong>Micromorfologia e fun\u00e7\u00f5es hidr\u00e1ulico-energ\u00e9ticas na an\u00e1lise estrutural do solo sob sistema integrado de produ\u00e7\u00e3o agropecu\u00e1ria<\/strong>. Mestrado em Agronomia. Universidade Estadual de Ponta Grossa. Bolsista da Coordena\u00e7\u00e3o de Aperfei\u00e7oamento de Pessoal de N\u00edvel Superior. Orientador: Prof. Dr. Luiz F. Pires. Link para o trabalho de disserta\u00e7\u00e3o: <a href=\"http:\/\/tede2.uepg.br\/jspui\/handle\/prefix\/2504\">http:\/\/tede2.uepg.br\/jspui\/handle\/prefix\/2504<\/a><\/li>\n<\/ul>\n<p>&nbsp;<\/p>\n<ul>\n<li><strong>Karllas Stival Freitas<\/strong> - T\u00edtulo da disserta\u00e7\u00e3o de mestrado:\u00a0<strong>Modelo para estimativa da densidade do solo seco<\/strong>.Mestrado em Ci\u00eancia do Solo. Universidade Federal do Paran\u00e1 (UFPR). Bolsista da Coordena\u00e7\u00e3o de Aperfei\u00e7oamento de Pessoal de N\u00edvel Superior. Orientador: Prof. Dr. Robson A. Armindo. Co-Orientador: Prof. Dr. Luiz F. Pires. Link para o trabalho de disserta\u00e7\u00e3o: <a href=\"https:\/\/hdl.handle.net\/1884\/64049\">https:\/\/hdl.handle.net\/1884\/64049<\/a><\/li>\n<\/ul>\n\t\t\t\t<\/div>\n\t\t\t<\/div>\n\t\t<\/div>\n\t\t\t<div class=\"sow-accordion-panel\"\n\t\t\t data-anchor=\"2016\">\n\t\t\t\t<div class=\"sow-accordion-panel-header-container\" role=\"heading\" aria-level=\"2\">\n\t\t\t\t\t<div class=\"sow-accordion-panel-header\" tabindex=\"0\" role=\"button\" id=\"accordion-label-2016\" aria-controls=\"accordion-content-2016\" aria-expanded=\"false\">\n\t\t\t\t\t\t<div class=\"sow-accordion-title sow-accordion-title-icon-left\">\n\t\t\t\t\t\t\t\t\t\t\t\t\t\t2016\t\t\t\t\t\t\t\t\t\t\t\t\t<\/div>\n\t\t\t\t\t\t<div class=\"sow-accordion-open-close-button\">\n\t\t\t\t\t\t\t<div class=\"sow-accordion-open-button\">\n\t\t\t\t\t\t\t\t<span class=\"sow-icon-ionicons\" data-sow-icon=\"&#xf218;\"\n\t\t \n\t\taria-hidden=\"true\"><\/span>\t\t\t\t\t\t\t<\/div>\n\t\t\t\t\t\t\t<div class=\"sow-accordion-close-button\">\n\t\t\t\t\t\t\t\t<span class=\"sow-icon-ionicons\" data-sow-icon=\"&#xf209;\"\n\t\t \n\t\taria-hidden=\"true\"><\/span>\t\t\t\t\t\t\t<\/div>\n\t\t\t\t\t\t<\/div>\n\t\t\t\t\t<\/div>\n\t\t\t\t<\/div>\n\n\t\t\t<div\n\t\t\t\tclass=\"sow-accordion-panel-content\"\n\t\t\t\trole=\"region\"\n\t\t\t\taria-labelledby=\"accordion-label-2016\"\n\t\t\t\tid=\"accordion-content-2016\"\n\t\t\t\tstyle=\"display: none;\"\t\t\t>\n\t\t\t\t<div class=\"sow-accordion-panel-border\" tabindex=\"0\">\n\t\t\t\t\t<ul>\n<li><strong>Rafael Domingues<\/strong> - T\u00edtulo da disserta\u00e7\u00e3o: <strong>Atributos f\u00edsicos do solo, regime h\u00eddrico e resposta biol\u00f3gica do feijoeiro (<em>Phaseolus vulgaris<\/em>) em ambiente protegido<\/strong>. Mestrado em Agronomia. Universidade Estadual de Ponta Grossa. Bolsista da Coordena\u00e7\u00e3o de Aperfei\u00e7oamento de Pessoal de N\u00edvel Superior. Orientador: Prof. Dr. Andr\u00e9 B. Pereira. Co-Orientador: Prof. Dr. Luiz F. Pires. Link para o trabalho de disserta\u00e7\u00e3o: <a href=\"http:\/\/tede2.uepg.br\/jspui\/handle\/prefix\/2300\">http:\/\/tede2.uepg.br\/jspui\/handle\/prefix\/2300<\/a><\/li>\n<\/ul>\n\t\t\t\t<\/div>\n\t\t\t<\/div>\n\t\t<\/div>\n\t\t\t<div class=\"sow-accordion-panel\"\n\t\t\t data-anchor=\"2014\">\n\t\t\t\t<div class=\"sow-accordion-panel-header-container\" role=\"heading\" aria-level=\"2\">\n\t\t\t\t\t<div class=\"sow-accordion-panel-header\" tabindex=\"0\" role=\"button\" id=\"accordion-label-2014\" aria-controls=\"accordion-content-2014\" aria-expanded=\"false\">\n\t\t\t\t\t\t<div class=\"sow-accordion-title sow-accordion-title-icon-left\">\n\t\t\t\t\t\t\t\t\t\t\t\t\t\t2014\t\t\t\t\t\t\t\t\t\t\t\t\t<\/div>\n\t\t\t\t\t\t<div class=\"sow-accordion-open-close-button\">\n\t\t\t\t\t\t\t<div class=\"sow-accordion-open-button\">\n\t\t\t\t\t\t\t\t<span class=\"sow-icon-ionicons\" data-sow-icon=\"&#xf218;\"\n\t\t \n\t\taria-hidden=\"true\"><\/span>\t\t\t\t\t\t\t<\/div>\n\t\t\t\t\t\t\t<div class=\"sow-accordion-close-button\">\n\t\t\t\t\t\t\t\t<span class=\"sow-icon-ionicons\" data-sow-icon=\"&#xf209;\"\n\t\t \n\t\taria-hidden=\"true\"><\/span>\t\t\t\t\t\t\t<\/div>\n\t\t\t\t\t\t<\/div>\n\t\t\t\t\t<\/div>\n\t\t\t\t<\/div>\n\n\t\t\t<div\n\t\t\t\tclass=\"sow-accordion-panel-content\"\n\t\t\t\trole=\"region\"\n\t\t\t\taria-labelledby=\"accordion-label-2014\"\n\t\t\t\tid=\"accordion-content-2014\"\n\t\t\t\tstyle=\"display: none;\"\t\t\t>\n\t\t\t\t<div class=\"sow-accordion-panel-border\" tabindex=\"0\">\n\t\t\t\t\t<ul>\n<li><strong>Andr\u00e9 Carlos Auler<\/strong> - T\u00edtulo da disserta\u00e7\u00e3o de mestrado:\u00a0<strong>Atributos f\u00edsico-h\u00eddricos de um Cambissolo H\u00e1plico Alum\u00ednico em fun\u00e7\u00e3o dos modos de aplica\u00e7\u00e3o de calc\u00e1rio<\/strong>. Mestrado em Agronomia. Universidade Estadual de Ponta Grossa. Bolsista da Coordena\u00e7\u00e3o de Aperfei\u00e7oamento de Pessoal de N\u00edvel Superior. Orientador: Prof. Dr. Luiz F. Pires. Link para o trabalho de disserta\u00e7\u00e3o: <a href=\"http:\/\/tede2.uepg.br\/jspui\/handle\/prefix\/2249\">http:\/\/tede2.uepg.br\/jspui\/handle\/prefix\/2249<\/a><\/li>\n<\/ul>\n<p>&nbsp;<\/p>\n<ul>\n<li><strong>Jocenei Antonio Teodoro de Oliveira<\/strong> - T\u00edtulo da disserta\u00e7\u00e3o de mestrado:<strong>A curva<\/strong><strong>\u00a0de distribui\u00e7\u00e3o de poros obtida por simula\u00e7\u00e3o computacional em imagens tomogr\u00e1ficas<\/strong>. Mestrado em Ci\u00eancias\/F\u00edsica. Universidade Estadual de Ponta Grossa. Bolsista da Coordena\u00e7\u00e3o de Aperfei\u00e7oamento de Pessoal de N\u00edvel Superior. Orientador: Prof. Dr. F\u00e1bio A.M. C\u00e1ssaro. Link para o trabalho de disserta\u00e7\u00e3o:\u00a0<a href=\"http:\/\/tede2.uepg.br\/jspui\/handle\/prefix\/922\">http:\/\/tede2.uepg.br\/jspui\/handle\/prefix\/922<\/a><\/li>\n<\/ul>\n<p>&nbsp;<\/p>\n<ul>\n<li><strong>Rosana Ales<\/strong>\u00a0- T\u00edtulo da disserta\u00e7\u00e3o:\u00a0<strong>Metodologia para obten\u00e7\u00e3o de imagens de \u00e1cido h\u00famico por meio da t\u00e9cnica de microscopia de for\u00e7a at\u00f4mica.<\/strong>\u00a0Mestrado em Ci\u00eancias\/F\u00edsica. Universidade Estadual de Ponta Grossa. Orientador:\u00a0Prof. Dr. S\u00e9rgio da Costa Saab. Link para o trabalho de disserta\u00e7\u00e3o:\u00a0<a href=\"https:\/\/tede2.uepg.br\/jspui\/handle\/prefix\/918\">https:\/\/tede2.uepg.br\/jspui\/handle\/prefix\/918<\/a><\/li>\n<\/ul>\n<p>&nbsp;<\/p>\n<ul>\n<li><strong>Talita Rosas Ferreira<\/strong> - T\u00edtulo da disserta\u00e7\u00e3o de mestrado: <strong>\u00c1rea elementar representativa da densidade do solo de amostras coletadas em an\u00e9is volum\u00e9tricos via an\u00e1lise tomogr\u00e1fica<\/strong>. Mestrado em Ci\u00eancias\/F\u00edsica. Universidade Estadual de Ponta Grossa. Bolsista da Coordena\u00e7\u00e3o de Aperfei\u00e7oamento de Pessoal de N\u00edvel Superior. Orientador: Prof. Dr. Luiz F. Pires. Co-Orientador: Prof. Dr. Andr\u00e9 M. Brinatti. Link para o trabalho de disserta\u00e7\u00e3o:\u00a0<a href=\"http:\/\/tede2.uepg.br\/jspui\/handle\/prefix\/916\">http:\/\/tede2.uepg.br\/jspui\/handle\/prefix\/916<\/a><\/li>\n<\/ul>\n\t\t\t\t<\/div>\n\t\t\t<\/div>\n\t\t<\/div>\n\t\t\t<div class=\"sow-accordion-panel\"\n\t\t\t data-anchor=\"2013\">\n\t\t\t\t<div class=\"sow-accordion-panel-header-container\" role=\"heading\" aria-level=\"2\">\n\t\t\t\t\t<div class=\"sow-accordion-panel-header\" tabindex=\"0\" role=\"button\" id=\"accordion-label-2013\" aria-controls=\"accordion-content-2013\" aria-expanded=\"false\">\n\t\t\t\t\t\t<div class=\"sow-accordion-title sow-accordion-title-icon-left\">\n\t\t\t\t\t\t\t\t\t\t\t\t\t\t2013\t\t\t\t\t\t\t\t\t\t\t\t\t<\/div>\n\t\t\t\t\t\t<div class=\"sow-accordion-open-close-button\">\n\t\t\t\t\t\t\t<div class=\"sow-accordion-open-button\">\n\t\t\t\t\t\t\t\t<span class=\"sow-icon-ionicons\" data-sow-icon=\"&#xf218;\"\n\t\t \n\t\taria-hidden=\"true\"><\/span>\t\t\t\t\t\t\t<\/div>\n\t\t\t\t\t\t\t<div class=\"sow-accordion-close-button\">\n\t\t\t\t\t\t\t\t<span class=\"sow-icon-ionicons\" data-sow-icon=\"&#xf209;\"\n\t\t \n\t\taria-hidden=\"true\"><\/span>\t\t\t\t\t\t\t<\/div>\n\t\t\t\t\t\t<\/div>\n\t\t\t\t\t<\/div>\n\t\t\t\t<\/div>\n\n\t\t\t<div\n\t\t\t\tclass=\"sow-accordion-panel-content\"\n\t\t\t\trole=\"region\"\n\t\t\t\taria-labelledby=\"accordion-label-2013\"\n\t\t\t\tid=\"accordion-content-2013\"\n\t\t\t\tstyle=\"display: none;\"\t\t\t>\n\t\t\t\t<div class=\"sow-accordion-panel-border\" tabindex=\"0\">\n\t\t\t\t\t<ul>\n<li><strong>Sabrina Passoni<\/strong> - T\u00edtulo da disserta\u00e7\u00e3o: <strong>Microtomografia de raios X na caracteriza\u00e7\u00e3o micromorfol\u00f3gica de solos submetidos a diferentes manejos<\/strong>. Mestrado em Ci\u00eancias\/F\u00edsica. Universidade Estadual de Ponta Grossa. Bolsista da Coordena\u00e7\u00e3o de Aperfei\u00e7oamento de Pessoal de N\u00edvel Superior. Orientador: Prof. Dr. Luiz F. Pires. Link para o trabalho de disserta\u00e7\u00e3o:\u00a0<a href=\"http:\/\/tede2.uepg.br\/jspui\/handle\/prefix\/911\">http:\/\/tede2.uepg.br\/jspui\/handle\/prefix\/911<\/a><\/li>\n<\/ul>\n<p>&nbsp;<\/p>\n<ul>\n<li><strong>Simone Miara<\/strong> - T\u00edtulo da disserta\u00e7\u00e3o: <strong>Atributos f\u00edsico-h\u00eddricos de um Latossolo Bruno sob integra\u00e7\u00e3o lavoura-pecu\u00e1ria<\/strong>. Mestrado em Agronomia. Universidade Estadual de Ponta Grossa. Bolsista da Coordena\u00e7\u00e3o de Aperfei\u00e7oamento de Pessoal de N\u00edvel Superior. Orientador: Prof. Dr. Luiz F. Pires. Link para o trabalho de disserta\u00e7\u00e3o: (n\u00e3o consta)<\/li>\n<\/ul>\n<p>&nbsp;<\/p>\n<ul>\n<li><strong>Fabiano Meira de Moura Luz<\/strong> - T\u00edtulo de disserta\u00e7\u00e3o: <strong>T\u00e9cnicas espectrosc\u00f3picas na an\u00e1lise da humifica\u00e7\u00e3o da mat\u00e9ria org\u00e2nica de solo de V\u00e1rzea<\/strong>. Universidade Estadual de Ponta Grossa. Bolsista da Coordena\u00e7\u00e3o de Aperfei\u00e7oamento de Pessoal de N\u00edvel Superior. Orientador: Prof. Dr. S\u00e9rgio da Costa Saab. Link para o trabalho de disserta\u00e7\u00e3o:<a href=\"https:\/\/tede2.uepg.br\/jspui\/handle\/prefix\/907\">https:\/\/tede2.uepg.br\/jspui\/handle\/prefix\/907<\/a><\/li>\n<\/ul>\n\t\t\t\t<\/div>\n\t\t\t<\/div>\n\t\t<\/div>\n\t\t\t<div class=\"sow-accordion-panel\"\n\t\t\t data-anchor=\"2012\">\n\t\t\t\t<div class=\"sow-accordion-panel-header-container\" role=\"heading\" aria-level=\"2\">\n\t\t\t\t\t<div class=\"sow-accordion-panel-header\" tabindex=\"0\" role=\"button\" id=\"accordion-label-2012\" aria-controls=\"accordion-content-2012\" aria-expanded=\"false\">\n\t\t\t\t\t\t<div class=\"sow-accordion-title sow-accordion-title-icon-left\">\n\t\t\t\t\t\t\t\t\t\t\t\t\t\t2012\t\t\t\t\t\t\t\t\t\t\t\t\t<\/div>\n\t\t\t\t\t\t<div class=\"sow-accordion-open-close-button\">\n\t\t\t\t\t\t\t<div class=\"sow-accordion-open-button\">\n\t\t\t\t\t\t\t\t<span class=\"sow-icon-ionicons\" data-sow-icon=\"&#xf218;\"\n\t\t \n\t\taria-hidden=\"true\"><\/span>\t\t\t\t\t\t\t<\/div>\n\t\t\t\t\t\t\t<div class=\"sow-accordion-close-button\">\n\t\t\t\t\t\t\t\t<span class=\"sow-icon-ionicons\" data-sow-icon=\"&#xf209;\"\n\t\t \n\t\taria-hidden=\"true\"><\/span>\t\t\t\t\t\t\t<\/div>\n\t\t\t\t\t\t<\/div>\n\t\t\t\t\t<\/div>\n\t\t\t\t<\/div>\n\n\t\t\t<div\n\t\t\t\tclass=\"sow-accordion-panel-content\"\n\t\t\t\trole=\"region\"\n\t\t\t\taria-labelledby=\"accordion-label-2012\"\n\t\t\t\tid=\"accordion-content-2012\"\n\t\t\t\tstyle=\"display: none;\"\t\t\t>\n\t\t\t\t<div class=\"sow-accordion-panel-border\" tabindex=\"0\">\n\t\t\t\t\t<ul>\n<li><strong>Wellington Claiton Leite<\/strong> - T\u00edtulo da disserta\u00e7\u00e3o: <b>Qualidade de refinamento do m\u00e9todo de Rietveld em amostra de solo<\/b>. Mestrado em Ci\u00eancias\/F\u00edsica. Universidade Estadual de Ponta Grossa. Bolsista da Coordena\u00e7\u00e3o de Aperfei\u00e7oamento de Pessoal de N\u00edvel Superior. Orientador: Prof. Dr. S\u00e9rgio da Costa Saab Link para o trabalho de disserta\u00e7\u00e3o:\u00a0<a href=\"https:\/\/tede2.uepg.br\/jspui\/handle\/prefix\/898\">https:\/\/tede2.uepg.br\/jspui\/handle\/prefix\/898<\/a><\/li>\n<\/ul>\n\t\t\t\t<\/div>\n\t\t\t<\/div>\n\t\t<\/div>\n\t\t\t<div class=\"sow-accordion-panel\"\n\t\t\t data-anchor=\"2011\">\n\t\t\t\t<div class=\"sow-accordion-panel-header-container\" role=\"heading\" aria-level=\"2\">\n\t\t\t\t\t<div class=\"sow-accordion-panel-header\" tabindex=\"0\" role=\"button\" id=\"accordion-label-2011\" aria-controls=\"accordion-content-2011\" aria-expanded=\"false\">\n\t\t\t\t\t\t<div class=\"sow-accordion-title sow-accordion-title-icon-left\">\n\t\t\t\t\t\t\t\t\t\t\t\t\t\t2011\t\t\t\t\t\t\t\t\t\t\t\t\t<\/div>\n\t\t\t\t\t\t<div class=\"sow-accordion-open-close-button\">\n\t\t\t\t\t\t\t<div class=\"sow-accordion-open-button\">\n\t\t\t\t\t\t\t\t<span class=\"sow-icon-ionicons\" data-sow-icon=\"&#xf218;\"\n\t\t \n\t\taria-hidden=\"true\"><\/span>\t\t\t\t\t\t\t<\/div>\n\t\t\t\t\t\t\t<div class=\"sow-accordion-close-button\">\n\t\t\t\t\t\t\t\t<span class=\"sow-icon-ionicons\" data-sow-icon=\"&#xf209;\"\n\t\t \n\t\taria-hidden=\"true\"><\/span>\t\t\t\t\t\t\t<\/div>\n\t\t\t\t\t\t<\/div>\n\t\t\t\t\t<\/div>\n\t\t\t\t<\/div>\n\n\t\t\t<div\n\t\t\t\tclass=\"sow-accordion-panel-content\"\n\t\t\t\trole=\"region\"\n\t\t\t\taria-labelledby=\"accordion-label-2011\"\n\t\t\t\tid=\"accordion-content-2011\"\n\t\t\t\tstyle=\"display: none;\"\t\t\t>\n\t\t\t\t<div class=\"sow-accordion-panel-border\" tabindex=\"0\">\n\t\t\t\t\t<ul>\n<li><strong>Jaqueline Ribaski Borges<\/strong> - T\u00edtulo da disserta\u00e7\u00e3o de mestrado:\u00a0<strong>Tomografia Computadorizada de Raios Gama na An\u00e1lise da \u00c1rea Elementar Representativa em Medidas da Densidade do Solo<\/strong>. Mestrado em Ci\u00eancias\/F\u00edsica. Universidade Estadual de Ponta Grossa. Bolsista da Coordena\u00e7\u00e3o de Aperfei\u00e7oamento de Pessoal de N\u00edvel Superior. Orientador: Prof. Dr. Luiz F. Pires. Link para o trabalho de disserta\u00e7\u00e3o: <a href=\"http:\/\/tede2.uepg.br\/jspui\/handle\/prefix\/888\">http:\/\/tede2.uepg.br\/jspui\/handle\/prefix\/888<\/a><\/li>\n<\/ul>\n<p>&nbsp;<\/p>\n<ul>\n<li><strong>Jonathan Cristiano Costa<\/strong> - T\u00edtulo da disserta\u00e7\u00e3o de mestrado:\u00a0<strong>Tamanho do colimador e espessura da amostra em medidas do coeficiente de atenua\u00e7\u00e3o de raios gama do solo<\/strong>. Mestrado em Ci\u00eancias\/F\u00edsica. Universidade Estadual de Ponta Grossa. Bolsista da Coordena\u00e7\u00e3o de Aperfei\u00e7oamento de Pessoal de N\u00edvel Superior. Orientador: Prof. Dr. Luiz F. Pires. Link para o trabalho de disserta\u00e7\u00e3o: <a href=\"http:\/\/tede2.uepg.br\/jspui\/handle\/prefix\/891\">http:\/\/tede2.uepg.br\/jspui\/handle\/prefix\/891<\/a><\/li>\n<\/ul>\n\t\t\t\t<\/div>\n\t\t\t<\/div>\n\t\t<\/div>\n\t\t\t<div class=\"sow-accordion-panel\"\n\t\t\t data-anchor=\"2010\">\n\t\t\t\t<div class=\"sow-accordion-panel-header-container\" role=\"heading\" aria-level=\"2\">\n\t\t\t\t\t<div class=\"sow-accordion-panel-header\" tabindex=\"0\" role=\"button\" id=\"accordion-label-2010\" aria-controls=\"accordion-content-2010\" aria-expanded=\"false\">\n\t\t\t\t\t\t<div class=\"sow-accordion-title sow-accordion-title-icon-left\">\n\t\t\t\t\t\t\t\t\t\t\t\t\t\t2010\t\t\t\t\t\t\t\t\t\t\t\t\t<\/div>\n\t\t\t\t\t\t<div class=\"sow-accordion-open-close-button\">\n\t\t\t\t\t\t\t<div class=\"sow-accordion-open-button\">\n\t\t\t\t\t\t\t\t<span class=\"sow-icon-ionicons\" data-sow-icon=\"&#xf218;\"\n\t\t \n\t\taria-hidden=\"true\"><\/span>\t\t\t\t\t\t\t<\/div>\n\t\t\t\t\t\t\t<div class=\"sow-accordion-close-button\">\n\t\t\t\t\t\t\t\t<span class=\"sow-icon-ionicons\" data-sow-icon=\"&#xf209;\"\n\t\t \n\t\taria-hidden=\"true\"><\/span>\t\t\t\t\t\t\t<\/div>\n\t\t\t\t\t\t<\/div>\n\t\t\t\t\t<\/div>\n\t\t\t\t<\/div>\n\n\t\t\t<div\n\t\t\t\tclass=\"sow-accordion-panel-content\"\n\t\t\t\trole=\"region\"\n\t\t\t\taria-labelledby=\"accordion-label-2010\"\n\t\t\t\tid=\"accordion-content-2010\"\n\t\t\t\tstyle=\"display: none;\"\t\t\t>\n\t\t\t\t<div class=\"sow-accordion-panel-border\" tabindex=\"0\">\n\t\t\t\t\t<ul>\n<li><strong>M\u00e1rio Augusto Camargo<\/strong> - T\u00edtulo da disserta\u00e7\u00e3o: <strong>Medida te\u00f3rico-experimental da condutividade de meios porosos usando o m\u00e9todo de Boltzmann<\/strong>. Mestrado em Ci\u00eancias\/F\u00edsica. Universidade Estadual de Ponta Grossa. Bolsista da Coordena\u00e7\u00e3o de Aperfei\u00e7oamento de Pessoal de N\u00edvel Superior. Orientador: Prof. Dr. Luiz F. Pires. Link para o trabalho de disserta\u00e7\u00e3o: <a href=\"http:\/\/tede2.uepg.br\/jspui\/handle\/prefix\/884\">http:\/\/tede2.uepg.br\/jspui\/handle\/prefix\/884<\/a><\/li>\n<\/ul>\n<p>&nbsp;<\/p>\n<ul>\n<li><strong>Vanessa Elvira Bonometo<\/strong> - T\u00edtulo da disserta\u00e7\u00e3o: <strong>Estudo da humifica\u00e7\u00e3o da mat\u00e9ria org\u00e2nica de um latossolo em diferentes sistemas de manejo por meio de t\u00e9cnicas espectrosc\u00f3picas<\/strong>.\u00a0Bolsista da Coordena\u00e7\u00e3o de Aperfei\u00e7oamento de Pessoal de N\u00edvel Superior. Orientador: Prof. Dr. S\u00e9rgio da Costa Saab. Link para o trabalho de disserta\u00e7\u00e3o:<a href=\"https:\/\/tede2.uepg.br\/jspui\/handle\/prefix\/886\">https:\/\/tede2.uepg.br\/jspui\/handle\/prefix\/886<\/a><\/li>\n<\/ul>\n\t\t\t\t<\/div>\n\t\t\t<\/div>\n\t\t<\/div>\n\t\t\t<div class=\"sow-accordion-panel\"\n\t\t\t data-anchor=\"2008\">\n\t\t\t\t<div class=\"sow-accordion-panel-header-container\" role=\"heading\" aria-level=\"2\">\n\t\t\t\t\t<div class=\"sow-accordion-panel-header\" tabindex=\"0\" role=\"button\" id=\"accordion-label-2008\" aria-controls=\"accordion-content-2008\" aria-expanded=\"false\">\n\t\t\t\t\t\t<div class=\"sow-accordion-title sow-accordion-title-icon-left\">\n\t\t\t\t\t\t\t\t\t\t\t\t\t\t2008\t\t\t\t\t\t\t\t\t\t\t\t\t<\/div>\n\t\t\t\t\t\t<div class=\"sow-accordion-open-close-button\">\n\t\t\t\t\t\t\t<div class=\"sow-accordion-open-button\">\n\t\t\t\t\t\t\t\t<span class=\"sow-icon-ionicons\" data-sow-icon=\"&#xf218;\"\n\t\t \n\t\taria-hidden=\"true\"><\/span>\t\t\t\t\t\t\t<\/div>\n\t\t\t\t\t\t\t<div class=\"sow-accordion-close-button\">\n\t\t\t\t\t\t\t\t<span class=\"sow-icon-ionicons\" data-sow-icon=\"&#xf209;\"\n\t\t \n\t\taria-hidden=\"true\"><\/span>\t\t\t\t\t\t\t<\/div>\n\t\t\t\t\t\t<\/div>\n\t\t\t\t\t<\/div>\n\t\t\t\t<\/div>\n\n\t\t\t<div\n\t\t\t\tclass=\"sow-accordion-panel-content\"\n\t\t\t\trole=\"region\"\n\t\t\t\taria-labelledby=\"accordion-label-2008\"\n\t\t\t\tid=\"accordion-content-2008\"\n\t\t\t\tstyle=\"display: none;\"\t\t\t>\n\t\t\t\t<div class=\"sow-accordion-panel-border\" tabindex=\"0\">\n\t\t\t\t\t<ul>\n<li><strong>Rosilene dos Santos<\/strong> - T\u00edtulo da disserta\u00e7\u00e3o: <strong>Propriedades de reten\u00e7\u00e3o e condu\u00e7\u00e3o de \u00e1gua em solo sob condi\u00e7\u00f5es de campo e em forma de agregados, submetidos aos plantios direto e convencional<\/strong>. Mestrado em Ci\u00eancias\/F\u00edsica. Universidade Estadual de Ponta Grossa. Bolsista da Coordena\u00e7\u00e3o de Aperfei\u00e7oamento de Pessoal de N\u00edvel Superior. Orientador: Prof. Dr. F\u00e1bio A.M. C\u00e1ssaro. Link para o trabalho de disserta\u00e7\u00e3o: <a href=\"http:\/\/tede2.uepg.br\/jspui\/handle\/prefix\/861\">http:\/\/tede2.uepg.br\/jspui\/handle\/prefix\/861<\/a><\/li>\n<\/ul>\n<p>&nbsp;<\/p>\n<ul>\n<li><strong>Silvana Travinski Ferreira<\/strong> - T\u00edtulo da disserta\u00e7\u00e3o: <strong>Avalia\u00e7\u00e3o da rela\u00e7\u00e3o entre a condutividade hidr\u00e1ulica do solo saturado com par\u00e2metros f\u00edsicos de um latos solo vermelho distr\u00f3fico submetido a dois diferentes manejos<\/strong>. Mestrado em Ci\u00eancias\/F\u00edsica. Universidade Estadual de Ponta Grossa. Bolsista da Coordena\u00e7\u00e3o de Aperfei\u00e7oamento de Pessoal de N\u00edvel Superior. Orientador: Prof. Dr. F\u00e1bio A.M. C\u00e1ssaro. Link para o trabalho de disserta\u00e7\u00e3o: <a href=\"http:\/\/tede2.uepg.br\/jspui\/handle\/prefix\/874\">http:\/\/tede2.uepg.br\/jspui\/handle\/prefix\/874<\/a><\/li>\n<\/ul>\n<p>&nbsp;<\/p>\n<ul>\n<li><b>Sandra L\u00facia Cogo -\u00a0<\/b>T\u00edtulo da disserta\u00e7\u00e3o: <strong>Um estudo dos subprodutos de xisto por Resson\u00e2ncia Paramagn\u00e9tica Eletr\u00f4nica<\/strong>. Mestrado em Ci\u00eancias\/F\u00edsica. Universidade Estadual de Ponta Grossa. Orientador: Prof. Dr. S\u00e9rgio da Costa Saab. Link para o trabalho\u00a0de disserta\u00e7\u00e3o: <a href=\"https:\/\/tede2.uepg.br\/jspui\/handle\/prefix\/873\">https:\/\/tede2.uepg.br\/jspui\/handle\/prefix\/873<\/a><\/li>\n<\/ul>\n\t\t\t\t<\/div>\n\t\t\t<\/div>\n\t\t<\/div>\n\t\t\t<div class=\"sow-accordion-panel\"\n\t\t\t data-anchor=\"2009\">\n\t\t\t\t<div class=\"sow-accordion-panel-header-container\" role=\"heading\" aria-level=\"2\">\n\t\t\t\t\t<div class=\"sow-accordion-panel-header\" tabindex=\"0\" role=\"button\" id=\"accordion-label-2009\" aria-controls=\"accordion-content-2009\" aria-expanded=\"false\">\n\t\t\t\t\t\t<div class=\"sow-accordion-title sow-accordion-title-icon-left\">\n\t\t\t\t\t\t\t\t\t\t\t\t\t\t2009\t\t\t\t\t\t\t\t\t\t\t\t\t<\/div>\n\t\t\t\t\t\t<div class=\"sow-accordion-open-close-button\">\n\t\t\t\t\t\t\t<div class=\"sow-accordion-open-button\">\n\t\t\t\t\t\t\t\t<span class=\"sow-icon-ionicons\" data-sow-icon=\"&#xf218;\"\n\t\t \n\t\taria-hidden=\"true\"><\/span>\t\t\t\t\t\t\t<\/div>\n\t\t\t\t\t\t\t<div class=\"sow-accordion-close-button\">\n\t\t\t\t\t\t\t\t<span class=\"sow-icon-ionicons\" data-sow-icon=\"&#xf209;\"\n\t\t \n\t\taria-hidden=\"true\"><\/span>\t\t\t\t\t\t\t<\/div>\n\t\t\t\t\t\t<\/div>\n\t\t\t\t\t<\/div>\n\t\t\t\t<\/div>\n\n\t\t\t<div\n\t\t\t\tclass=\"sow-accordion-panel-content\"\n\t\t\t\trole=\"region\"\n\t\t\t\taria-labelledby=\"accordion-label-2009\"\n\t\t\t\tid=\"accordion-content-2009\"\n\t\t\t\tstyle=\"display: none;\"\t\t\t>\n\t\t\t\t<div class=\"sow-accordion-panel-border\" tabindex=\"0\">\n\t\t\t\t\t<ul>\n<li><strong>Angelo Kuhn Borkowski<\/strong> - T\u00edtulo da disserta\u00e7\u00e3o: <strong>An\u00e1lise de curvas de reten\u00e7\u00e3o e distribui\u00e7\u00e3o de poros de um latossolo vermelho distr\u00f3fico submetido aos sistemas de plantio convencional e direto<\/strong>. Mestrado em Ci\u00eancias\/F\u00edsica. Universidade Estadual de Ponta Grossa. Bolsista da Coordena\u00e7\u00e3o de Aperfei\u00e7oamento de Pessoal de N\u00edvel Superior. Orientador: Prof. Dr. F\u00e1bio A.M. C\u00e1ssaro. Link para o trabalho de disserta\u00e7\u00e3o:<a href=\"http:\/\/tede2.uepg.br\/jspui\/handle\/prefix\/878\">http:\/\/tede2.uepg.br\/jspui\/handle\/prefix\/878<\/a><\/li>\n<\/ul>\n<p>&nbsp;<\/p>\n<ul>\n<li><strong>Talita Martins<\/strong> - T\u00edtulo da disserta\u00e7\u00e3o: <b>Caracteriza\u00e7\u00e3o mineral\u00f3gica e da mat\u00e9ria org\u00e2nica do solo por t\u00e9cnicas espectrosc\u00f3picas<\/b>. Mestrado em Ci\u00eancias\/F\u00edsica. Universidade Estadual de Ponta Grossa. Bolsista da Coordena\u00e7\u00e3o de Aperfei\u00e7oamento de Pessoal de N\u00edvel Superior. Orientador: Prof. Dr. S\u00e9rgio da Costa Saab. Link para o trabalho de disserta\u00e7\u00e3o:<a href=\"https:\/\/tede2.uepg.br\/jspui\/handle\/prefix\/2071\">https:\/\/tede2.uepg.br\/jspui\/handle\/prefix\/2071<\/a><\/li>\n<\/ul>\n\t\t\t\t<\/div>\n\t\t\t<\/div>\n\t\t<\/div>\n\t\t\t<div class=\"sow-accordion-panel\"\n\t\t\t data-anchor=\"2007\">\n\t\t\t\t<div class=\"sow-accordion-panel-header-container\" role=\"heading\" aria-level=\"2\">\n\t\t\t\t\t<div class=\"sow-accordion-panel-header\" tabindex=\"0\" role=\"button\" id=\"accordion-label-2007\" aria-controls=\"accordion-content-2007\" aria-expanded=\"false\">\n\t\t\t\t\t\t<div class=\"sow-accordion-title sow-accordion-title-icon-left\">\n\t\t\t\t\t\t\t\t\t\t\t\t\t\t2007\t\t\t\t\t\t\t\t\t\t\t\t\t<\/div>\n\t\t\t\t\t\t<div class=\"sow-accordion-open-close-button\">\n\t\t\t\t\t\t\t<div class=\"sow-accordion-open-button\">\n\t\t\t\t\t\t\t\t<span class=\"sow-icon-ionicons\" data-sow-icon=\"&#xf218;\"\n\t\t \n\t\taria-hidden=\"true\"><\/span>\t\t\t\t\t\t\t<\/div>\n\t\t\t\t\t\t\t<div class=\"sow-accordion-close-button\">\n\t\t\t\t\t\t\t\t<span class=\"sow-icon-ionicons\" data-sow-icon=\"&#xf209;\"\n\t\t \n\t\taria-hidden=\"true\"><\/span>\t\t\t\t\t\t\t<\/div>\n\t\t\t\t\t\t<\/div>\n\t\t\t\t\t<\/div>\n\t\t\t\t<\/div>\n\n\t\t\t<div\n\t\t\t\tclass=\"sow-accordion-panel-content\"\n\t\t\t\trole=\"region\"\n\t\t\t\taria-labelledby=\"accordion-label-2007\"\n\t\t\t\tid=\"accordion-content-2007\"\n\t\t\t\tstyle=\"display: none;\"\t\t\t>\n\t\t\t\t<div class=\"sow-accordion-panel-border\" tabindex=\"0\">\n\t\t\t\t\t<ul>\n<li><strong>C\u00e9lia Mara Favoretto<\/strong> - T\u00edtulo da disserta\u00e7\u00e3o: <strong>Caracteriza\u00e7\u00e3o da mat\u00e9ria org\u00e2nica humificada de um latossolo vermelho distr\u00f3fico atrav\u00e9s da espectroscopia de fluoresc\u00eancia induzida por laser<\/strong>. Mestrado em Qu\u00edmica Aplicada. Universidade Estadual de Ponta Grossa. Orientador: Prof. Dr. S\u00e9rgio da Costa Saab. Link para o trabalho de disserta\u00e7\u00e3o:<a href=\"https:\/\/tede2.uepg.br\/jspui\/handle\/prefix\/2130\">https:\/\/tede2.uepg.br\/jspui\/handle\/prefix\/2130<\/a><\/li>\n<\/ul>\n\t\t\t\t<\/div>\n\t\t\t<\/div>\n\t\t<\/div>\n\t\t\t<div class=\"sow-accordion-panel\"\n\t\t\t data-anchor=\"2005\">\n\t\t\t\t<div class=\"sow-accordion-panel-header-container\" role=\"heading\" aria-level=\"2\">\n\t\t\t\t\t<div class=\"sow-accordion-panel-header\" tabindex=\"0\" role=\"button\" id=\"accordion-label-2005\" aria-controls=\"accordion-content-2005\" aria-expanded=\"false\">\n\t\t\t\t\t\t<div class=\"sow-accordion-title sow-accordion-title-icon-left\">\n\t\t\t\t\t\t\t\t\t\t\t\t\t\t2005\t\t\t\t\t\t\t\t\t\t\t\t\t<\/div>\n\t\t\t\t\t\t<div class=\"sow-accordion-open-close-button\">\n\t\t\t\t\t\t\t<div class=\"sow-accordion-open-button\">\n\t\t\t\t\t\t\t\t<span class=\"sow-icon-ionicons\" data-sow-icon=\"&#xf218;\"\n\t\t \n\t\taria-hidden=\"true\"><\/span>\t\t\t\t\t\t\t<\/div>\n\t\t\t\t\t\t\t<div class=\"sow-accordion-close-button\">\n\t\t\t\t\t\t\t\t<span class=\"sow-icon-ionicons\" data-sow-icon=\"&#xf209;\"\n\t\t \n\t\taria-hidden=\"true\"><\/span>\t\t\t\t\t\t\t<\/div>\n\t\t\t\t\t\t<\/div>\n\t\t\t\t\t<\/div>\n\t\t\t\t<\/div>\n\n\t\t\t<div\n\t\t\t\tclass=\"sow-accordion-panel-content\"\n\t\t\t\trole=\"region\"\n\t\t\t\taria-labelledby=\"accordion-label-2005\"\n\t\t\t\tid=\"accordion-content-2005\"\n\t\t\t\tstyle=\"display: none;\"\t\t\t>\n\t\t\t\t<div class=\"sow-accordion-panel-border\" tabindex=\"0\">\n\t\t\t\t\t<ul>\n<li><strong>Rosiane Antunes dos Santos<\/strong> - T\u00edtulo da disserta\u00e7\u00e3o de mestrado:\u00a0<strong>Proproeades de reten\u00e7\u00e3o de \u00e1gua por espa\u00e7os porosos n\u00e3o homog\u00eaneos: experimentos de laborat\u00f3rio e simula\u00e7\u00e3o computacional.<\/strong>. Mestrado em Ci\u00eancias\/F\u00edsica. Universidade Estadual de Ponta Grossa. Bolsista da Coordena\u00e7\u00e3o de Aperfei\u00e7oamento de Pessoal de N\u00edvel Superior. Orientador: Prof. Dr. F\u00e1bio A.M. C\u00e1ssaro. Link para o trabalho de disserta\u00e7\u00e3o: (n\u00e3o consta)<\/li>\n<\/ul>\n\t\t\t\t<\/div>\n\t\t\t<\/div>\n\t\t<\/div>\n\t\t<\/div>\n<\/div>\n<\/div><\/div><\/div><\/div><\/div>","protected":false},"excerpt":{"rendered":"<p>Disserta\u00e7\u00f5es Defendidas 2024 Jos\u00e9 Valdirino Gaspareto &#8211; T\u00edtulo da disserta\u00e7\u00e3o: Microtomografia na caracteriza\u00e7\u00e3o do sistema poroso de solos sob integra\u00e7\u00e3o lavoura-pecu\u00e1ria. Mestrado em Ci\u00eancias\/F\u00edsica. Universidade Estadual de Ponta Grossa. Bolsista da Comiss\u00e3o Nacional de Energia Nuclear (CNEN). Orientador: Prof. Dr. Luiz Fernando Pires. Link para o trabalho de disserta\u00e7\u00e3o: 2021 Karuane Schechtel Kodum &#8211; T\u00edtulo&nbsp;&hellip;<\/p>\n","protected":false},"author":204,"featured_media":0,"parent":0,"menu_order":0,"comment_status":"closed","ping_status":"closed","template":"","meta":[],"_links":{"self":[{"href":"https:\/\/www2.uepg.br\/fasca\/wp-json\/wp\/v2\/pages\/173"}],"collection":[{"href":"https:\/\/www2.uepg.br\/fasca\/wp-json\/wp\/v2\/pages"}],"about":[{"href":"https:\/\/www2.uepg.br\/fasca\/wp-json\/wp\/v2\/types\/page"}],"author":[{"embeddable":true,"href":"https:\/\/www2.uepg.br\/fasca\/wp-json\/wp\/v2\/users\/204"}],"replies":[{"embeddable":true,"href":"https:\/\/www2.uepg.br\/fasca\/wp-json\/wp\/v2\/comments?post=173"}],"version-history":[{"count":32,"href":"https:\/\/www2.uepg.br\/fasca\/wp-json\/wp\/v2\/pages\/173\/revisions"}],"predecessor-version":[{"id":952,"href":"https:\/\/www2.uepg.br\/fasca\/wp-json\/wp\/v2\/pages\/173\/revisions\/952"}],"wp:attachment":[{"href":"https:\/\/www2.uepg.br\/fasca\/wp-json\/wp\/v2\/media?parent=173"}],"curies":[{"name":"wp","href":"https:\/\/api.w.org\/{rel}","templated":true}]}}