{"id":318,"date":"2022-04-01T16:32:45","date_gmt":"2022-04-01T19:32:45","guid":{"rendered":"https:\/\/www2.uepg.br\/gedhi\/?page_id=318"},"modified":"2022-10-04T11:31:22","modified_gmt":"2022-10-04T14:31:22","slug":"3as-jornadas-programacao","status":"publish","type":"page","link":"https:\/\/www2.uepg.br\/gedhi\/3as-jornadas-programacao\/","title":{"rendered":"3as. Jornadas &#8211; programa\u00e7\u00e3o"},"content":{"rendered":"<p><img loading=\"lazy\" class=\"aligncenter wp-image-299 \" src=\"http:\/\/www2.uepg.br\/gedhi\/wp-content\/uploads\/sites\/128\/2022\/01\/Jornadas3-cabecalho.png\" alt=\"Logo 3as. Jornadas\" width=\"336\" height=\"111\" srcset=\"https:\/\/www2.uepg.br\/gedhi\/wp-content\/uploads\/sites\/128\/2022\/01\/Jornadas3-cabecalho.png 1952w, https:\/\/www2.uepg.br\/gedhi\/wp-content\/uploads\/sites\/128\/2022\/01\/Jornadas3-cabecalho-300x99.png 300w, https:\/\/www2.uepg.br\/gedhi\/wp-content\/uploads\/sites\/128\/2022\/01\/Jornadas3-cabecalho-1024x338.png 1024w, https:\/\/www2.uepg.br\/gedhi\/wp-content\/uploads\/sites\/128\/2022\/01\/Jornadas3-cabecalho-768x253.png 768w, https:\/\/www2.uepg.br\/gedhi\/wp-content\/uploads\/sites\/128\/2022\/01\/Jornadas3-cabecalho-1536x507.png 1536w, https:\/\/www2.uepg.br\/gedhi\/wp-content\/uploads\/sites\/128\/2022\/01\/Jornadas3-cabecalho-1232x406.png 1232w, https:\/\/www2.uepg.br\/gedhi\/wp-content\/uploads\/sites\/128\/2022\/01\/Jornadas3-cabecalho-1920x633.png 1920w\" sizes=\"(max-width: 336px) 100vw, 336px\" \/><\/p>\n<h3 style=\"text-align: center\">PROGRAMA\u00c7\u00c3O DOS PAIN\u00c9IS DE DI\u00c1LOGO<\/h3>\n<p>Link para os trabalhos completos: <a href=\"http:\/\/www2.uepg.br\/gedhi\/wp-content\/uploads\/sites\/128\/2022\/10\/Anais-3as-Jornadasc.pdf\">Anais 3as Jornadasc<\/a>.<\/p>\n<ol>\n<li><strong>Quest\u00f5es dos curr\u00edculos de Hist\u00f3ria e Ci\u00eancias Sociais (27\/04\/22 &#8211; 14 \u00e0s 17h. &#8211; Audit\u00f3rio)<br \/>\nCoordena\u00e7\u00e3o: Marta Poggi, Sandra Oliveira, Laura S\u00e1nchez. Suporte: Giuvane.<br \/>\n<\/strong>&#8211; \u00c9der Cristiano de Souza. Pensamento hist\u00f3rico e cultura digital:\u00a0 itiner\u00e1rios did\u00e1ticos e desafios para a forma\u00e7\u00e3o de professores &#8211; experi\u00eancias do PIBID-UNILA.<br \/>\n&#8211; Marisa C. D\u00b4AQUINO. Cambios y continuidades en los dise\u00f1os curriculares de la escuela secundaria superior de la Provincia de Buenos Aires.<br \/>\n&#8211; Tiago Costa Sanches, Ana Cl\u00e1udia Urban. Dos PCN\u00b4S A BNCC: um olhar para o ensino de hist\u00f3ria nos anos iniciais.<br \/>\n&#8211; Ana Cristina Kunz, Bruno Antonio Picoli. Forma\u00e7\u00e3o de professores de hist\u00f3ria e a reforma curricular para forma\u00e7\u00e3o inicial de professores da educa\u00e7\u00e3o b\u00e1sica de 2019: uma an\u00e1lise da an\u00e1lise da literatura especializada publicada entre os anos de 2020 e 2021.<br \/>\n&#8211; Gustavo Alfonso Monrroy Anco. La construcci\u00f3n del estado en la rep\u00fablica inicial del Per\u00fa desde los textos escolares de ciencias sociales: valoraciones, omisiones de informaci\u00f3n y de posibilidades.<br \/>\n&#8211; Gabriel Eduardo Gr\u00e9goire. Buscando a Latinoam\u00e9rica en la historia ense\u00f1ada en la escuela secundaria argentina.<\/p>\n<hr \/>\n<\/li>\n<li><strong>\u00a0Ensino de Hist\u00f3ria, democracia e autoritarismo (27\/04\/22 &#8211; 14 \u00e0s 17h. &#8211; sala do PPGH)<\/strong><br \/>\n<strong>Coordena\u00e7\u00e3o:\u00a0 Juliana Pirola, Alexandre Fi\u00faza, R\u00fabia Janz. Suporte: Jana\u00edna.<\/strong><br \/>\n&#8211; Ana Paula Rodrigues Carvalho. \u201cA pr\u00f3pria ideia da democracia \u00e9 falha, ela d\u00e1 a possibilidade pra qualquer um falar\u201d: ideias hist\u00f3ricas de estudantes do ensino m\u00e9dio sobre liberdade de express\u00e3o, dissenso e fake news.<br \/>\n&#8211; Juliana Pirola da Concei\u00e7\u00e3o. Ensino de hist\u00f3ria e ditaduras: oficinas para a forma\u00e7\u00e3o de professores.<br \/>\n&#8211; Federico Urriquelci. La propuesta del programa educativo \u201cla escuela va a los juicios\u201d: ense\u00f1anza de la historia reciente y nuevos puentes de significado con el presente y el futuro.<br \/>\n&#8211; R\u00fabia Caroline Janz. A dimens\u00e3o cognitiva da cultura hist\u00f3rica: utilidade do conhecimento hist\u00f3rico x posicionamento acerca dos governos militares.<br \/>\n&#8211; Elvira Cejas, Cecilia Jimena Os\u00e1n Ram\u00edrez, Leticia Beatriz Codazzi. Un aporte a la construcci\u00f3n de pr\u00e1cticas pedag\u00f3gicas de la historia para la formaci\u00f3n del pensamiento hist\u00f3rico.<\/p>\n<hr \/>\n<\/li>\n<li><strong>Mem\u00f3ria(s) e sujeitos (28\/04 &#8211; 9 \u00e0s 12h. &#8211; sala do PPGH)<br \/>\n<\/strong><strong>Coordena\u00e7\u00e3o: Federico Alvez, Matheus Cruz. Suporte: Giuvane<\/strong><br \/>\n&#8211; Matheus Mendanha da Cruz. Como escutar essa hist\u00f3ria? Reflex\u00f5es sobre ensino de hist\u00f3ria para estudantes surdos.<br \/>\n&#8211; Luiz Eduardo Ferreira Palma. Ocupa\u00e7\u00f5es dos col\u00e9gios p\u00fablicos em 2016: \u201cningu\u00e9m tira o trono do estudar\u201d.<br \/>\n&#8211; Lilyan Almeida Cordeiro. A educa\u00e7\u00e3o hist\u00f3rica em alguns aspectos da rela\u00e7\u00e3o de mem\u00f3ria e envelhecimento saud\u00e1vel<br \/>\n&#8211; Federico Alvez Cavanna. Gabriel Quirici. Los muchos panteones posibles para la ense\u00f1anza de la historia uruguaya. \u00bfHacia la formaci\u00f3n de un pante\u00f3n republicano?<\/p>\n<hr \/>\n<\/li>\n<li><strong>Ensino e aprendizagem na pandemia\/ Linguagens e meios de comunica\u00e7\u00e3o (28\/04 &#8211; 14 \u00e0s 17h. &#8211; Audit\u00f3rio)<br \/>\nCoordena\u00e7\u00e3o: Gonzalo, Laura Sanchez, Jana\u00edna de Paula. Suporte: Cerri<\/strong><br \/>\n&#8211; Laura del Valle, Gonzalo de Am\u00e9zola. Narrativas sobre Historia argentina en tiempos de pandemia en escuelas secundarias de Bah\u00eda Blanca (Provincia de Buenos Aires).<br \/>\n&#8211; Eliana Maria Scinto, Agustina Solari. \u00bfQu\u00e9 priorizamos cuando priorizamos?<br \/>\n&#8211; Analia Beatriz Merlo. Universidad y pr\u00e1cticas virtuales: el estudio de caso como estrategia.<br \/>\n&#8211; Janaina de Paula do Esp\u00edrito Santo. Cultura midi\u00e1tica, cultura hist\u00f3rica e mem\u00f3ria: algumas considera\u00e7\u00f5es.<br \/>\n&#8211; Carolina Melita. La televisi\u00f3n estatal en las aulas del nivel primario.\u00a0 El uso de \u201cla asombrosa excursi\u00f3n de zamba\u201d en la ense\u00f1anza de las ciencias sociales.<br \/>\n&#8211; Ros\u00e2ngela Maria Silva Petuba, Luis Fernando Cerri. A edi\u00e7\u00e3o did\u00e1tica de filmes: tr\u00e2nsitos e apropria\u00e7\u00f5es da cultura hist\u00f3rica na m\u00eddia e na escola.<\/p>\n<hr \/>\n<\/li>\n<li><strong>Interculturalidade <\/strong><strong>(28\/04 &#8211; 14 \u00e0s 17h. &#8211; sala do PPGH)<br \/>\nCoordena\u00e7\u00e3o: Sebasti\u00e1n Pl\u00e1, Ana Molina, Jean Moreno. Suporte:\u00a0 Ariana<\/strong><br \/>\n&#8211; Jaqueline Ap. M Zarbato. Ensino de hist\u00f3ria, mulheres negras e museus: di\u00e1logos educativos.<br \/>\n&#8211; Jean Carlos Moreno, Ana Carolina Sim\u00e3o Zeferino. Mulheres populares latino-americanas: invisibiliza\u00e7\u00e3o e ensino de hist\u00f3ria.<br \/>\n&#8211; J\u00falio C\u00e9sar Virg\u00ednio da Costa. O ensino de hist\u00f3ria a partir de quest\u00f5es sens\u00edveis: a festa da consci\u00eancia negra.<br \/>\n&#8211; Erivelton Pessin, Ricardo Bastianelli. Curr\u00edculo multicultural: ensino culturalmente relevante.<br \/>\n&#8211; Bettina d&#8217;Amato. La ense\u00f1anza de la historia afroporte\u00f1a como puerta de ingreso a una educaci\u00f3n basada en la diversidad cultural.\u00a0\u00a0 Entrevistas y biograf\u00edas en el nivel medio como recurso para reescribir nuestra propia historia.<\/p>\n<hr \/>\n<\/li>\n<li><strong>Consci\u00eancia hist\u00f3rica e ensino de hist\u00f3ria (29\/04 &#8211; 9 \u00e0s 12h. &#8211; sala do PPGH)<br \/>\nCoordena\u00e7\u00e3o: Wilian Barom, Mayra Rodr\u00edguez, Laura S\u00e1nchez. Suporte: Wilian<\/strong><br \/>\n&#8211; Fernando Bagiotto Botton. Breves apontamentos cr\u00edticos sobre a recep\u00e7\u00e3o brasileira dos estudos r\u00fcsenianos.<br \/>\n&#8211; Silm\u00e1ria Reis dos Santos. Inser\u00e7\u00e3o e recep\u00e7\u00e3o da did\u00e1tica da hist\u00f3ria r\u00fcseniana na historiografia brasileira: o que dizem nossos(as) pesquisadores(as)?<br \/>\n&#8211; Paulina Latap\u00ed Escalante, Emma Delfina Rivas Serv\u00edn. Generaci\u00f3n de sentido en j\u00f3venes queretanos. Cultura y conciencia hist\u00f3ricas.<br \/>\n&#8211; Gustavo Luis Gotbeter. Explicar las acciones de los sujetos en el pasado. Algunas reflexiones did\u00e1cticas.<br \/>\n&#8211; Mayra Rodr\u00edguez. Historiadores frente al futuro: Avances de una investigaci\u00f3n en curso.<\/p>\n<hr \/>\n<\/li>\n<li><strong>Professores: forma\u00e7\u00e3o e experi\u00eancias 1 (29\/04 &#8211; 14 \u00e0s 17h. &#8211; Audit\u00f3rio)<br \/>\nCoordena\u00e7\u00e3o: Ana Zavala, Wilian. Suporte: Wilian<\/strong><br \/>\n&#8211; Isabele Foga\u00e7a de Almeida. Ser e pertencer: uma experi\u00eancia de ensino de hist\u00f3ria regional.<br \/>\n&#8211; Adriana Angelita da Concei\u00e7\u00e3o. Viv\u00eancias docente, pensamento decolonial e educa\u00e7\u00e3o do campo: reflex\u00f5es envolvendo o ensino das rela\u00e7\u00f5es \u00e9tnico-raciais.<br \/>\n&#8211; Joselene Ieda dos Santos Lopes de Carvalho. A forma\u00e7\u00e3o de professores e o est\u00e1gio supervisionado em hist\u00f3ria.<br \/>\n&#8211; Stella Maris Viviana G\u00f3mez, Nicol\u00e1s Ferrari. Formaci\u00f3n docente y ense\u00f1anza de la historia. Reflexiones de la c\u00e1tedra de historia antigua de oriente de la UNS.<\/p>\n<hr \/>\n<p>8.<strong> Professores: forma\u00e7\u00e3o e experi\u00eancias 2 (29\/04 &#8211; 14 \u00e0s 17h. &#8211; sala do PPGH)<br \/>\nCoordena\u00e7\u00e3o: Rog\u00e9rio Silva, Laura S\u00e1nchez. Suporte: Jana<\/strong><br \/>\n&#8211; Lorena Zomer. Por uma pr\u00e1tica docente decolonial no ensino de am\u00e9rica: experi\u00eancia e reflex\u00e3o.<br \/>\n&#8211; Rog\u00e9rio Anderson da Silva. Forma\u00e7\u00e3o docente e est\u00e1gio obrigat\u00f3rio: contribui\u00e7\u00f5es da disciplina para a forma\u00e7\u00e3o e a pr\u00e1tica profissional de professores de hist\u00f3ria.<br \/>\n&#8211; Ethel Hayd\u00e9e Rodr\u00edguez \u00bfQu\u00e9 pasa en el aula de la educaci\u00f3n primaria con la ense\u00f1anza de la historia dentro de las ciencias sociales? \u00bfparticipa ese nivel educativo de actualizaci\u00f3n en el conocimiento hist\u00f3rico?<br \/>\n&#8211; Mat\u00edas Alberto Bidone. \u00bfQu\u00e9 historia ense\u00f1an los practicantes del profesorado?: la problem\u00e1tica experiencia de seleccionar, organizar y secuenciar contenidos para las clases de historia en la escuela secundaria bonaerense.<br \/>\n&#8211; Mar\u00eda Claudia Garc\u00eda. La conciencia hist\u00f3rica puntos de partida y de llegada para el aprendizaje hist\u00f3rico.<\/li>\n<\/ol>\n","protected":false},"excerpt":{"rendered":"<p>PROGRAMA\u00c7\u00c3O DOS PAIN\u00c9IS DE DI\u00c1LOGO Link para os trabalhos completos: Anais 3as Jornadasc. Quest\u00f5es dos curr\u00edculos de Hist\u00f3ria e Ci\u00eancias Sociais (27\/04\/22 &#8211; 14 \u00e0s 17h. &#8211; Audit\u00f3rio) Coordena\u00e7\u00e3o: Marta Poggi, Sandra Oliveira, Laura S\u00e1nchez. Suporte: Giuvane. &#8211; \u00c9der Cristiano de Souza. Pensamento hist\u00f3rico e cultura digital:\u00a0 itiner\u00e1rios did\u00e1ticos e desafios para a forma\u00e7\u00e3o de&nbsp;&hellip;<\/p>\n","protected":false},"author":188,"featured_media":0,"parent":0,"menu_order":0,"comment_status":"closed","ping_status":"closed","template":"","meta":[],"_links":{"self":[{"href":"https:\/\/www2.uepg.br\/gedhi\/wp-json\/wp\/v2\/pages\/318"}],"collection":[{"href":"https:\/\/www2.uepg.br\/gedhi\/wp-json\/wp\/v2\/pages"}],"about":[{"href":"https:\/\/www2.uepg.br\/gedhi\/wp-json\/wp\/v2\/types\/page"}],"author":[{"embeddable":true,"href":"https:\/\/www2.uepg.br\/gedhi\/wp-json\/wp\/v2\/users\/188"}],"replies":[{"embeddable":true,"href":"https:\/\/www2.uepg.br\/gedhi\/wp-json\/wp\/v2\/comments?post=318"}],"version-history":[{"count":11,"href":"https:\/\/www2.uepg.br\/gedhi\/wp-json\/wp\/v2\/pages\/318\/revisions"}],"predecessor-version":[{"id":354,"href":"https:\/\/www2.uepg.br\/gedhi\/wp-json\/wp\/v2\/pages\/318\/revisions\/354"}],"wp:attachment":[{"href":"https:\/\/www2.uepg.br\/gedhi\/wp-json\/wp\/v2\/media?parent=318"}],"curies":[{"name":"wp","href":"https:\/\/api.w.org\/{rel}","templated":true}]}}