{"id":104,"date":"2020-11-11T09:08:15","date_gmt":"2020-11-11T12:08:15","guid":{"rendered":"http:\/\/www2.uepg.br\/lama\/?page_id=104"},"modified":"2020-11-11T09:08:16","modified_gmt":"2020-11-11T12:08:16","slug":"pagina-inicial","status":"publish","type":"page","link":"https:\/\/www2.uepg.br\/lama\/","title":{"rendered":"P\u00c1GINA INICIAL"},"content":{"rendered":"<div id=\"pl-104\"  class=\"panel-layout\" ><div id=\"pg-104-0\"  class=\"panel-grid panel-no-style\" ><div id=\"pgc-104-0-0\"  class=\"panel-grid-cell\" ><div id=\"panel-104-0-0-0\" class=\"so-panel widget widget_sow-editor panel-first-child panel-last-child\" data-index=\"0\" ><div class=\"panel-widget-style panel-widget-style-for-104-0-0-0\" ><div\n\t\t\t\n\t\t\tclass=\"so-widget-sow-editor so-widget-sow-editor-base\"\n\t\t\t\n\t\t>\n<div class=\"siteorigin-widget-tinymce textwidget\">\n\t<h4 style=\"text-align: center\"><strong>\u00daltimas Not\u00edcias<\/strong><\/h4>\n\t\t<div class=\"wppsac-slick-carousel-wrp wppsac-clearfix \">\r\n\t\t\t<div id=\"wppsac-post-carousel-1\" class=\"wppsac-post-slider-init wppsac-post-carousel design-1\">\r\n\t\t\t\t\r\n<div class=\"wppsac-carousel-slides\">\r\n\t\t\t<div class=\"wppsac-post-image-bg\">\r\n\t\t\t<a href=\"https:\/\/www2.uepg.br\/lama\/lama-uepg-recebe-a-vista-de-professor-da-escola-rural-na-espanha\/\">\r\n\t\t\t\t<img class=\"wppsac-post-image-bg\"  src=\"https:\/\/www2.uepg.br\/lama\/wp-content\/uploads\/sites\/7\/2026\/04\/Imagem-1-2.jpg\" alt=\"Lama\/UEPG recebe a vista de Professor da Escola Rural na Espanha\" \/>\r\n\t\t\t<\/a>\r\n\t\t<\/div>\r\n\t\t<div class=\"wppsac-post-content-position\">\r\n\t\t\t\t\t<div class=\"wppsac-post-categories\"><ul class=\"wppsac-post-categories-list\"><li><a href=\"https:\/\/www2.uepg.br\/lama\/category\/noticias\/\" rel=\"category\"> Not\u00edcias <\/a><\/li><\/ul><\/div>\r\n\t\t\t  \t<h2 class=\"wppsac-post-title\">\r\n\t\t\t<a href=\"https:\/\/www2.uepg.br\/lama\/lama-uepg-recebe-a-vista-de-professor-da-escola-rural-na-espanha\/\">Lama\/UEPG recebe a vista de Professor da Escola Rural na Espanha<\/a>\r\n\t\t<\/h2>\r\n\t\t\t\t\t<div class=\"wppsac-post-date\">\r\n\t\t\t\t24 de abril de 2026\t\t\t<\/div>\r\n\t\t\t\t\t<\/div>\r\n<\/div>\r\n<div class=\"wppsac-carousel-slides\">\r\n\t\t\t<div class=\"wppsac-post-image-bg\">\r\n\t\t\t<a href=\"https:\/\/www2.uepg.br\/lama\/lama-uepg-parabeniza-o-engenheiro-agronomo-anderson-farias-pela-100a-protecao-de-fonte-realizada\/\">\r\n\t\t\t\t<img class=\"wppsac-post-image-bg\"  src=\"https:\/\/www2.uepg.br\/lama\/wp-content\/uploads\/sites\/7\/2026\/04\/Imagem-1.png\" alt=\"Lama\/UEPG parabeniza o Engenheiro Agr\u00f4nomo Anderson Farias pela 100\u00aa prote\u00e7\u00e3o de fonte realizada\" \/>\r\n\t\t\t<\/a>\r\n\t\t<\/div>\r\n\t\t<div class=\"wppsac-post-content-position\">\r\n\t\t\t\t\t<div class=\"wppsac-post-categories\"><ul class=\"wppsac-post-categories-list\"><li><a href=\"https:\/\/www2.uepg.br\/lama\/category\/noticias\/\" rel=\"category\"> Not\u00edcias <\/a><\/li><\/ul><\/div>\r\n\t\t\t  \t<h2 class=\"wppsac-post-title\">\r\n\t\t\t<a href=\"https:\/\/www2.uepg.br\/lama\/lama-uepg-parabeniza-o-engenheiro-agronomo-anderson-farias-pela-100a-protecao-de-fonte-realizada\/\">Lama\/UEPG parabeniza o Engenheiro Agr\u00f4nomo Anderson Farias pela 100\u00aa prote\u00e7\u00e3o de fonte realizada<\/a>\r\n\t\t<\/h2>\r\n\t\t\t\t\t<div class=\"wppsac-post-date\">\r\n\t\t\t\t24 de abril de 2026\t\t\t<\/div>\r\n\t\t\t\t\t<\/div>\r\n<\/div>\r\n<div class=\"wppsac-carousel-slides\">\r\n\t\t\t<div class=\"wppsac-post-image-bg\">\r\n\t\t\t<a href=\"https:\/\/www2.uepg.br\/lama\/lama-uepg-apresenta-trabalhos-para-graduandos-da-universite-du-quebec-en-outaouais\/\">\r\n\t\t\t\t<img class=\"wppsac-post-image-bg\"  src=\"https:\/\/www2.uepg.br\/lama\/wp-content\/uploads\/sites\/7\/2026\/04\/Imagem-5.png\" alt=\"Lama\/UEPG apresenta trabalhos para graduandos da Universit\u00e9 du Qu\u00e9bec en Outaouais\" \/>\r\n\t\t\t<\/a>\r\n\t\t<\/div>\r\n\t\t<div class=\"wppsac-post-content-position\">\r\n\t\t\t\t\t<div class=\"wppsac-post-categories\"><ul class=\"wppsac-post-categories-list\"><li><a href=\"https:\/\/www2.uepg.br\/lama\/category\/noticias\/\" rel=\"category\"> Not\u00edcias <\/a><\/li><\/ul><\/div>\r\n\t\t\t  \t<h2 class=\"wppsac-post-title\">\r\n\t\t\t<a href=\"https:\/\/www2.uepg.br\/lama\/lama-uepg-apresenta-trabalhos-para-graduandos-da-universite-du-quebec-en-outaouais\/\">Lama\/UEPG apresenta trabalhos para graduandos da Universit\u00e9 du Qu\u00e9bec en Outaouais<\/a>\r\n\t\t<\/h2>\r\n\t\t\t\t\t<div class=\"wppsac-post-date\">\r\n\t\t\t\t22 de abril de 2026\t\t\t<\/div>\r\n\t\t\t\t\t<\/div>\r\n<\/div>\r\n<div class=\"wppsac-carousel-slides\">\r\n\t\t\t<div class=\"wppsac-post-image-bg\">\r\n\t\t\t<a href=\"https:\/\/www2.uepg.br\/lama\/lama-uepg-apoia-evento-sobre-bioenergia-do-2o-ano-de-agronomia\/\">\r\n\t\t\t\t<img class=\"wppsac-post-image-bg\"  src=\"https:\/\/www2.uepg.br\/lama\/wp-content\/uploads\/sites\/7\/2026\/04\/Captura-de-tela-2026-04-14-154750-1.png\" alt=\"Lama\/UEPG apoia evento sobre Bioenergia do 2\u00ba ano de Agronomia\" \/>\r\n\t\t\t<\/a>\r\n\t\t<\/div>\r\n\t\t<div class=\"wppsac-post-content-position\">\r\n\t\t\t\t\t<div class=\"wppsac-post-categories\"><ul class=\"wppsac-post-categories-list\"><li><a href=\"https:\/\/www2.uepg.br\/lama\/category\/noticias\/\" rel=\"category\"> Not\u00edcias <\/a><\/li><\/ul><\/div>\r\n\t\t\t  \t<h2 class=\"wppsac-post-title\">\r\n\t\t\t<a href=\"https:\/\/www2.uepg.br\/lama\/lama-uepg-apoia-evento-sobre-bioenergia-do-2o-ano-de-agronomia\/\">Lama\/UEPG apoia evento sobre Bioenergia do 2\u00ba ano de Agronomia<\/a>\r\n\t\t<\/h2>\r\n\t\t\t\t\t<div class=\"wppsac-post-date\">\r\n\t\t\t\t14 de abril de 2026\t\t\t<\/div>\r\n\t\t\t\t\t<\/div>\r\n<\/div>\r\n<div class=\"wppsac-carousel-slides\">\r\n\t\t\t<div class=\"wppsac-post-image-bg\">\r\n\t\t\t<a href=\"https:\/\/www2.uepg.br\/lama\/lama-uepg-tem-participacao-no-forum-global-sobre-seguranca-alimentar-para-jovens-cientistas-em-xangai-china\/\">\r\n\t\t\t\t<img class=\"wppsac-post-image-bg\"  src=\"https:\/\/www2.uepg.br\/lama\/wp-content\/uploads\/sites\/7\/2026\/01\/Imagem-2.jpg\" alt=\"Lama\/UEPG tem participa\u00e7\u00e3o no F\u00f3rum Global sobre Seguran\u00e7a Alimentar para Jovens Cientistas em Xangai \u2013 China\" \/>\r\n\t\t\t<\/a>\r\n\t\t<\/div>\r\n\t\t<div class=\"wppsac-post-content-position\">\r\n\t\t\t\t\t<div class=\"wppsac-post-categories\"><ul class=\"wppsac-post-categories-list\"><li><a href=\"https:\/\/www2.uepg.br\/lama\/category\/noticias\/\" rel=\"category\"> Not\u00edcias <\/a><\/li><\/ul><\/div>\r\n\t\t\t  \t<h2 class=\"wppsac-post-title\">\r\n\t\t\t<a href=\"https:\/\/www2.uepg.br\/lama\/lama-uepg-tem-participacao-no-forum-global-sobre-seguranca-alimentar-para-jovens-cientistas-em-xangai-china\/\">Lama\/UEPG tem participa\u00e7\u00e3o no F\u00f3rum Global sobre Seguran\u00e7a Alimentar para Jovens Cientistas em Xangai \u2013 China<\/a>\r\n\t\t<\/h2>\r\n\t\t\t\t\t<div class=\"wppsac-post-date\">\r\n\t\t\t\t20 de janeiro de 2026\t\t\t<\/div>\r\n\t\t\t\t\t<\/div>\r\n<\/div>\r\n<div class=\"wppsac-carousel-slides\">\r\n\t\t\t<div class=\"wppsac-post-image-bg\">\r\n\t\t\t<a href=\"https:\/\/www2.uepg.br\/lama\/lama-uepg-participa-do-i-encontro-regional-de-olericultura-e-agroecologia-do-idr\/\">\r\n\t\t\t\t<img class=\"wppsac-post-image-bg\"  src=\"https:\/\/www2.uepg.br\/lama\/wp-content\/uploads\/sites\/7\/2025\/12\/Imagem-1.png\" alt=\"Lama\/UEPG participa do I Encontro Regional de Olericultura e Agroecologia do IDR\" \/>\r\n\t\t\t<\/a>\r\n\t\t<\/div>\r\n\t\t<div class=\"wppsac-post-content-position\">\r\n\t\t\t\t\t<div class=\"wppsac-post-categories\"><ul class=\"wppsac-post-categories-list\"><li><a href=\"https:\/\/www2.uepg.br\/lama\/category\/noticias\/\" rel=\"category\"> Not\u00edcias <\/a><\/li><\/ul><\/div>\r\n\t\t\t  \t<h2 class=\"wppsac-post-title\">\r\n\t\t\t<a href=\"https:\/\/www2.uepg.br\/lama\/lama-uepg-participa-do-i-encontro-regional-de-olericultura-e-agroecologia-do-idr\/\">Lama\/UEPG participa do I Encontro Regional de Olericultura e Agroecologia do IDR<\/a>\r\n\t\t<\/h2>\r\n\t\t\t\t\t<div class=\"wppsac-post-date\">\r\n\t\t\t\t22 de dezembro de 2025\t\t\t<\/div>\r\n\t\t\t\t\t<\/div>\r\n<\/div>\r\n<div class=\"wppsac-carousel-slides\">\r\n\t\t\t<div class=\"wppsac-post-image-bg\">\r\n\t\t\t<a href=\"https:\/\/www2.uepg.br\/lama\/lama-uepg-participa-de-encontro-de-feijao-em-prudentopolis\/\">\r\n\t\t\t\t<img class=\"wppsac-post-image-bg\"  src=\"https:\/\/www2.uepg.br\/lama\/wp-content\/uploads\/sites\/7\/2025\/12\/Imagem-1.jpeg\" alt=\"Lama\/UEPG participa de Encontro de Feij\u00e3o em Prudent\u00f3polis\" \/>\r\n\t\t\t<\/a>\r\n\t\t<\/div>\r\n\t\t<div class=\"wppsac-post-content-position\">\r\n\t\t\t\t\t<div class=\"wppsac-post-categories\"><ul class=\"wppsac-post-categories-list\"><li><a href=\"https:\/\/www2.uepg.br\/lama\/category\/noticias\/\" rel=\"category\"> Not\u00edcias <\/a><\/li><\/ul><\/div>\r\n\t\t\t  \t<h2 class=\"wppsac-post-title\">\r\n\t\t\t<a href=\"https:\/\/www2.uepg.br\/lama\/lama-uepg-participa-de-encontro-de-feijao-em-prudentopolis\/\">Lama\/UEPG participa de Encontro de Feij\u00e3o em Prudent\u00f3polis<\/a>\r\n\t\t<\/h2>\r\n\t\t\t\t\t<div class=\"wppsac-post-date\">\r\n\t\t\t\t15 de dezembro de 2025\t\t\t<\/div>\r\n\t\t\t\t\t<\/div>\r\n<\/div>\r\n<div class=\"wppsac-carousel-slides\">\r\n\t\t\t<div class=\"wppsac-post-image-bg\">\r\n\t\t\t<a href=\"https:\/\/www2.uepg.br\/lama\/lama-uepg-fala-sobre-sustentabilidade-no-instituto-federal-catarinense-campus-araquari\/\">\r\n\t\t\t\t<img class=\"wppsac-post-image-bg\"  src=\"https:\/\/www2.uepg.br\/lama\/wp-content\/uploads\/sites\/7\/2025\/12\/Imagem-6-1.jpeg\" alt=\"Lama\/UEPG fala sobre sustentabilidade no Instituto Federal Catarinense \u2013 Campus Araquari\" \/>\r\n\t\t\t<\/a>\r\n\t\t<\/div>\r\n\t\t<div class=\"wppsac-post-content-position\">\r\n\t\t\t\t\t<div class=\"wppsac-post-categories\"><ul class=\"wppsac-post-categories-list\"><li><a href=\"https:\/\/www2.uepg.br\/lama\/category\/noticias\/\" rel=\"category\"> Not\u00edcias <\/a><\/li><\/ul><\/div>\r\n\t\t\t  \t<h2 class=\"wppsac-post-title\">\r\n\t\t\t<a href=\"https:\/\/www2.uepg.br\/lama\/lama-uepg-fala-sobre-sustentabilidade-no-instituto-federal-catarinense-campus-araquari\/\">Lama\/UEPG fala sobre sustentabilidade no Instituto Federal Catarinense \u2013 Campus Araquari<\/a>\r\n\t\t<\/h2>\r\n\t\t\t\t\t<div class=\"wppsac-post-date\">\r\n\t\t\t\t2 de dezembro de 2025\t\t\t<\/div>\r\n\t\t\t\t\t<\/div>\r\n<\/div>\r\n<div class=\"wppsac-carousel-slides\">\r\n\t\t\t<div class=\"wppsac-post-image-bg\">\r\n\t\t\t<a href=\"https:\/\/www2.uepg.br\/lama\/lama-uepg-fala-de-conservacao-de-solo-e-agua-no-haiti\/\">\r\n\t\t\t\t<img class=\"wppsac-post-image-bg\"  src=\"https:\/\/www2.uepg.br\/lama\/wp-content\/uploads\/sites\/7\/2025\/09\/Imagem-4.jpg\" alt=\"Lama\/UEPG fala de conserva\u00e7\u00e3o de solo e \u00e1gua no Haiti\" \/>\r\n\t\t\t<\/a>\r\n\t\t<\/div>\r\n\t\t<div class=\"wppsac-post-content-position\">\r\n\t\t\t\t\t<div class=\"wppsac-post-categories\"><ul class=\"wppsac-post-categories-list\"><li><a href=\"https:\/\/www2.uepg.br\/lama\/category\/noticias\/\" rel=\"category\"> Not\u00edcias <\/a><\/li><\/ul><\/div>\r\n\t\t\t  \t<h2 class=\"wppsac-post-title\">\r\n\t\t\t<a href=\"https:\/\/www2.uepg.br\/lama\/lama-uepg-fala-de-conservacao-de-solo-e-agua-no-haiti\/\">Lama\/UEPG fala de conserva\u00e7\u00e3o de solo e \u00e1gua no Haiti<\/a>\r\n\t\t<\/h2>\r\n\t\t\t\t\t<div class=\"wppsac-post-date\">\r\n\t\t\t\t19 de setembro de 2025\t\t\t<\/div>\r\n\t\t\t\t\t<\/div>\r\n<\/div>\r\n<div class=\"wppsac-carousel-slides\">\r\n\t\t\t<div class=\"wppsac-post-image-bg\">\r\n\t\t\t<a href=\"https:\/\/www2.uepg.br\/lama\/lama-uepg-marca-presenca-no-world-food-forum-com-aluna-selecionada-para-o-young-scientists-group-ysg-wff\/\">\r\n\t\t\t\t<img class=\"wppsac-post-image-bg\"  src=\"https:\/\/www2.uepg.br\/lama\/wp-content\/uploads\/sites\/7\/2025\/06\/4.jpg\" alt=\"Lama\/UEPG marca presen\u00e7a no World Food Forum com aluna selecionada para o Young Scientists Group (YSG\/WFF)\" \/>\r\n\t\t\t<\/a>\r\n\t\t<\/div>\r\n\t\t<div class=\"wppsac-post-content-position\">\r\n\t\t\t\t\t<div class=\"wppsac-post-categories\"><ul class=\"wppsac-post-categories-list\"><li><a href=\"https:\/\/www2.uepg.br\/lama\/category\/noticias\/\" rel=\"category\"> Not\u00edcias <\/a><\/li><\/ul><\/div>\r\n\t\t\t  \t<h2 class=\"wppsac-post-title\">\r\n\t\t\t<a href=\"https:\/\/www2.uepg.br\/lama\/lama-uepg-marca-presenca-no-world-food-forum-com-aluna-selecionada-para-o-young-scientists-group-ysg-wff\/\">Lama\/UEPG marca presen\u00e7a no World Food Forum com aluna selecionada para o Young Scientists Group (YSG\/WFF)<\/a>\r\n\t\t<\/h2>\r\n\t\t\t\t\t<div class=\"wppsac-post-date\">\r\n\t\t\t\t23 de junho de 2025\t\t\t<\/div>\r\n\t\t\t\t\t<\/div>\r\n<\/div>\r\n<div class=\"wppsac-carousel-slides\">\r\n\t\t\t<div class=\"wppsac-post-image-bg\">\r\n\t\t\t<a href=\"https:\/\/www2.uepg.br\/lama\/lama-uepg-recebe-visita-de-alunos-de-mestrado-e-doutorado-em-bioenergia\/\">\r\n\t\t\t\t<img class=\"wppsac-post-image-bg\"  src=\"https:\/\/www2.uepg.br\/lama\/wp-content\/uploads\/sites\/7\/2025\/05\/1-1.jpg\" alt=\"Lama\/UEPG recebe visita de alunos de Mestrado e Doutorado em Bioenergia\" \/>\r\n\t\t\t<\/a>\r\n\t\t<\/div>\r\n\t\t<div class=\"wppsac-post-content-position\">\r\n\t\t\t\t\t<div class=\"wppsac-post-categories\"><ul class=\"wppsac-post-categories-list\"><li><a href=\"https:\/\/www2.uepg.br\/lama\/category\/noticias\/\" rel=\"category\"> Not\u00edcias <\/a><\/li><\/ul><\/div>\r\n\t\t\t  \t<h2 class=\"wppsac-post-title\">\r\n\t\t\t<a href=\"https:\/\/www2.uepg.br\/lama\/lama-uepg-recebe-visita-de-alunos-de-mestrado-e-doutorado-em-bioenergia\/\">Lama\/UEPG recebe visita de alunos de Mestrado e Doutorado em Bioenergia<\/a>\r\n\t\t<\/h2>\r\n\t\t\t\t\t<div class=\"wppsac-post-date\">\r\n\t\t\t\t26 de maio de 2025\t\t\t<\/div>\r\n\t\t\t\t\t<\/div>\r\n<\/div>\r\n<div class=\"wppsac-carousel-slides\">\r\n\t\t\t<div class=\"wppsac-post-image-bg\">\r\n\t\t\t<a href=\"https:\/\/www2.uepg.br\/lama\/lama-uepg-e-secretaria-de-agricultura-de-guamiranga-realizam-6o-dia-de-campo-de-batata-doce\/\">\r\n\t\t\t\t<img class=\"wppsac-post-image-bg\"  src=\"https:\/\/www2.uepg.br\/lama\/wp-content\/uploads\/sites\/7\/2025\/05\/Dia-de-Campo-Batata-Doce-Guamiranga-1.png\" alt=\"Lama\/UEPG e Secretaria de Agricultura de Guamiranga realizam 6\u00ba dia de Campo de Batata-doce\" \/>\r\n\t\t\t<\/a>\r\n\t\t<\/div>\r\n\t\t<div class=\"wppsac-post-content-position\">\r\n\t\t\t\t\t<div class=\"wppsac-post-categories\"><ul class=\"wppsac-post-categories-list\"><li><a href=\"https:\/\/www2.uepg.br\/lama\/category\/noticias\/\" rel=\"category\"> Not\u00edcias <\/a><\/li><\/ul><\/div>\r\n\t\t\t  \t<h2 class=\"wppsac-post-title\">\r\n\t\t\t<a href=\"https:\/\/www2.uepg.br\/lama\/lama-uepg-e-secretaria-de-agricultura-de-guamiranga-realizam-6o-dia-de-campo-de-batata-doce\/\">Lama\/UEPG e Secretaria de Agricultura de Guamiranga realizam 6\u00ba dia de Campo de Batata-doce<\/a>\r\n\t\t<\/h2>\r\n\t\t\t\t\t<div class=\"wppsac-post-date\">\r\n\t\t\t\t5 de maio de 2025\t\t\t<\/div>\r\n\t\t\t\t\t<\/div>\r\n<\/div>\r\n<div class=\"wppsac-carousel-slides\">\r\n\t\t\t<div class=\"wppsac-post-image-bg\">\r\n\t\t\t<a href=\"https:\/\/www2.uepg.br\/lama\/lama-uepg-recebe-visita-do-secretario-de-agricultura-de-prudentopolis\/\">\r\n\t\t\t\t<img class=\"wppsac-post-image-bg\"  src=\"https:\/\/www2.uepg.br\/lama\/wp-content\/uploads\/sites\/7\/2025\/04\/4.jpg\" alt=\"Lama\/UEPG recebe visita do Secret\u00e1rio de Agricultura de Prudent\u00f3polis\" \/>\r\n\t\t\t<\/a>\r\n\t\t<\/div>\r\n\t\t<div class=\"wppsac-post-content-position\">\r\n\t\t\t\t\t<div class=\"wppsac-post-categories\"><ul class=\"wppsac-post-categories-list\"><li><a href=\"https:\/\/www2.uepg.br\/lama\/category\/noticias\/\" rel=\"category\"> Not\u00edcias <\/a><\/li><\/ul><\/div>\r\n\t\t\t  \t<h2 class=\"wppsac-post-title\">\r\n\t\t\t<a href=\"https:\/\/www2.uepg.br\/lama\/lama-uepg-recebe-visita-do-secretario-de-agricultura-de-prudentopolis\/\">Lama\/UEPG recebe visita do Secret\u00e1rio de Agricultura de Prudent\u00f3polis<\/a>\r\n\t\t<\/h2>\r\n\t\t\t\t\t<div class=\"wppsac-post-date\">\r\n\t\t\t\t22 de abril de 2025\t\t\t<\/div>\r\n\t\t\t\t\t<\/div>\r\n<\/div>\r\n<div class=\"wppsac-carousel-slides\">\r\n\t\t\t<div class=\"wppsac-post-image-bg\">\r\n\t\t\t<a href=\"https:\/\/www2.uepg.br\/lama\/lama-uepg-recebe-visita-do-secretario-de-agricultura-de-ponta-grossa\/\">\r\n\t\t\t\t<img class=\"wppsac-post-image-bg\"  src=\"https:\/\/www2.uepg.br\/lama\/wp-content\/uploads\/sites\/7\/2025\/04\/Imagem-5.jpg\" alt=\"Lama\/UEPG recebe visita do Secret\u00e1rio de Agricultura de Ponta Grossa\" \/>\r\n\t\t\t<\/a>\r\n\t\t<\/div>\r\n\t\t<div class=\"wppsac-post-content-position\">\r\n\t\t\t\t\t<div class=\"wppsac-post-categories\"><ul class=\"wppsac-post-categories-list\"><li><a href=\"https:\/\/www2.uepg.br\/lama\/category\/noticias\/\" rel=\"category\"> Not\u00edcias <\/a><\/li><\/ul><\/div>\r\n\t\t\t  \t<h2 class=\"wppsac-post-title\">\r\n\t\t\t<a href=\"https:\/\/www2.uepg.br\/lama\/lama-uepg-recebe-visita-do-secretario-de-agricultura-de-ponta-grossa\/\">Lama\/UEPG recebe visita do Secret\u00e1rio de Agricultura de Ponta Grossa<\/a>\r\n\t\t<\/h2>\r\n\t\t\t\t\t<div class=\"wppsac-post-date\">\r\n\t\t\t\t14 de abril de 2025\t\t\t<\/div>\r\n\t\t\t\t\t<\/div>\r\n<\/div>\r\n<div class=\"wppsac-carousel-slides\">\r\n\t\t\t<div class=\"wppsac-post-image-bg\">\r\n\t\t\t<a href=\"https:\/\/www2.uepg.br\/lama\/lama-uepg-recebe-o-nucleo-regional-do-idr-extensao\/\">\r\n\t\t\t\t<img class=\"wppsac-post-image-bg\"  src=\"https:\/\/www2.uepg.br\/lama\/wp-content\/uploads\/sites\/7\/2025\/03\/Imagem-do-WhatsApp-de-2025-03-31-as-11.42.23_12961fca.jpg\" alt=\"Lama\/UEPG recebe o N\u00facleo Regional do IDR\/Extens\u00e3o\" \/>\r\n\t\t\t<\/a>\r\n\t\t<\/div>\r\n\t\t<div class=\"wppsac-post-content-position\">\r\n\t\t\t\t\t<div class=\"wppsac-post-categories\"><ul class=\"wppsac-post-categories-list\"><li><a href=\"https:\/\/www2.uepg.br\/lama\/category\/noticias\/\" rel=\"category\"> Not\u00edcias <\/a><\/li><\/ul><\/div>\r\n\t\t\t  \t<h2 class=\"wppsac-post-title\">\r\n\t\t\t<a href=\"https:\/\/www2.uepg.br\/lama\/lama-uepg-recebe-o-nucleo-regional-do-idr-extensao\/\">Lama\/UEPG recebe o N\u00facleo Regional do IDR\/Extens\u00e3o<\/a>\r\n\t\t<\/h2>\r\n\t\t\t\t\t<div class=\"wppsac-post-date\">\r\n\t\t\t\t31 de mar\u00e7o de 2025\t\t\t<\/div>\r\n\t\t\t\t\t<\/div>\r\n<\/div>\t\t\t<\/div>\r\n\t\t\t<div class=\"wppsac-carousel-conf wppsac-hide\" data-conf=\"{&quot;slides_to_show&quot;:&quot;4&quot;,&quot;slides_to_scroll&quot;:1,&quot;dots&quot;:&quot;false&quot;,&quot;arrows&quot;:&quot;true&quot;,&quot;autoplay&quot;:&quot;true&quot;,&quot;autoplay_interval&quot;:&quot;19500&quot;,&quot;speed&quot;:500,&quot;rtl&quot;:&quot;false&quot;,&quot;lazyload&quot;:&quot;&quot;}\"><\/div>\r\n\t\t<\/div>\r\n\t\n<\/div>\n<\/div><\/div><\/div><\/div><\/div><div id=\"pg-104-1\"  class=\"panel-grid panel-no-style\" ><div id=\"pgc-104-1-0\"  class=\"panel-grid-cell\" ><div id=\"panel-104-1-0-0\" class=\"so-panel widget widget_sow-button panel-first-child panel-last-child\" data-index=\"1\" ><div class=\"panel-widget-style panel-widget-style-for-104-1-0-0\" ><div\n\t\t\t\n\t\t\tclass=\"so-widget-sow-button so-widget-sow-button-atom-e3fb5f625a07-750\"\n\t\t\t\n\t\t><div class=\"ow-button-base ow-button-align-center\">\n\t<a href=\"https:\/\/www2.uepg.br\/lama\/noticias\/\" class=\"ow-icon-placement-left ow-button-hover\" \t\t>\n\t\t<span>\n\t\t\t\n\t\t\tveja todas as not\u00edcias\t\t<\/span>\n\t<\/a>\n<\/div>\n<\/div><\/div><\/div><\/div><\/div><div id=\"pg-104-2\"  class=\"panel-grid panel-no-style\" ><div id=\"pgc-104-2-0\"  class=\"panel-grid-cell panel-grid-cell-empty\" ><\/div><\/div><\/div>","protected":false},"excerpt":{"rendered":"<p>\u00daltimas Not\u00edcias<\/p>\n","protected":false},"author":24,"featured_media":0,"parent":0,"menu_order":0,"comment_status":"closed","ping_status":"closed","template":"","meta":[],"_links":{"self":[{"href":"https:\/\/www2.uepg.br\/lama\/wp-json\/wp\/v2\/pages\/104"}],"collection":[{"href":"https:\/\/www2.uepg.br\/lama\/wp-json\/wp\/v2\/pages"}],"about":[{"href":"https:\/\/www2.uepg.br\/lama\/wp-json\/wp\/v2\/types\/page"}],"author":[{"embeddable":true,"href":"https:\/\/www2.uepg.br\/lama\/wp-json\/wp\/v2\/users\/24"}],"replies":[{"embeddable":true,"href":"https:\/\/www2.uepg.br\/lama\/wp-json\/wp\/v2\/comments?post=104"}],"version-history":[{"count":2,"href":"https:\/\/www2.uepg.br\/lama\/wp-json\/wp\/v2\/pages\/104\/revisions"}],"predecessor-version":[{"id":106,"href":"https:\/\/www2.uepg.br\/lama\/wp-json\/wp\/v2\/pages\/104\/revisions\/106"}],"wp:attachment":[{"href":"https:\/\/www2.uepg.br\/lama\/wp-json\/wp\/v2\/media?parent=104"}],"curies":[{"name":"wp","href":"https:\/\/api.w.org\/{rel}","templated":true}]}}