{"id":110,"date":"2020-11-11T09:12:19","date_gmt":"2020-11-11T12:12:19","guid":{"rendered":"http:\/\/www2.uepg.br\/lama\/?page_id=110"},"modified":"2026-04-14T16:54:10","modified_gmt":"2026-04-14T19:54:10","slug":"editais","status":"publish","type":"page","link":"https:\/\/www2.uepg.br\/lama\/editais\/","title":{"rendered":"Editais"},"content":{"rendered":"<div id=\"pl-110\"  class=\"panel-layout\" ><div id=\"pg-110-0\"  class=\"panel-grid panel-no-style\" ><div id=\"pgc-110-0-0\"  class=\"panel-grid-cell\" ><div id=\"panel-110-0-0-0\" class=\"so-panel widget widget_sow-accordion panel-first-child panel-last-child\" data-index=\"0\" ><div\n\t\t\t\n\t\t\tclass=\"so-widget-sow-accordion so-widget-sow-accordion-default-7f158b849c7f-110\"\n\t\t\t\n\t\t><div>\n\t<div class=\"sow-accordion\">\n\t\t\t<div class=\"sow-accordion-panel\"\n\t\t\t data-anchor=\"2026\">\n\t\t\t\t<div class=\"sow-accordion-panel-header-container\" role=\"heading\" aria-level=\"2\">\n\t\t\t\t\t<div class=\"sow-accordion-panel-header\" tabindex=\"0\" role=\"button\" id=\"accordion-label-2026\" aria-controls=\"accordion-content-2026\" aria-expanded=\"false\">\n\t\t\t\t\t\t<div class=\"sow-accordion-title sow-accordion-title-icon-left\">\n\t\t\t\t\t\t\t\t\t\t\t\t\t\t2026\t\t\t\t\t\t\t\t\t\t\t\t\t<\/div>\n\t\t\t\t\t\t<div class=\"sow-accordion-open-close-button\">\n\t\t\t\t\t\t\t<div class=\"sow-accordion-open-button\">\n\t\t\t\t\t\t\t\t<span class=\"sow-icon-ionicons\" data-sow-icon=\"&#xf218;\"\n\t\t \n\t\taria-hidden=\"true\"><\/span>\t\t\t\t\t\t\t<\/div>\n\t\t\t\t\t\t\t<div class=\"sow-accordion-close-button\">\n\t\t\t\t\t\t\t\t<span class=\"sow-icon-ionicons\" data-sow-icon=\"&#xf209;\"\n\t\t \n\t\taria-hidden=\"true\"><\/span>\t\t\t\t\t\t\t<\/div>\n\t\t\t\t\t\t<\/div>\n\t\t\t\t\t<\/div>\n\t\t\t\t<\/div>\n\n\t\t\t<div\n\t\t\t\tclass=\"sow-accordion-panel-content\"\n\t\t\t\trole=\"region\"\n\t\t\t\taria-labelledby=\"accordion-label-2026\"\n\t\t\t\tid=\"accordion-content-2026\"\n\t\t\t\tstyle=\"display: none;\"\t\t\t>\n\t\t\t\t<div class=\"sow-accordion-panel-border\" tabindex=\"0\">\n\t\t\t\t\t<p><a href=\"http:\/\/www2.uepg.br\/lama\/wp-content\/uploads\/sites\/7\/2026\/04\/Edital_Lama_PMO_UEPG_03_26_Selecao_graduado.pdf\">Edital_Lama_PMO_UEPG_03_26_Sele\u00e7\u00e3o_graduado<\/a><\/p>\n<p><a href=\"http:\/\/www2.uepg.br\/lama\/wp-content\/uploads\/sites\/7\/2025\/12\/Edital_Lama_PMO_UEPG_18_25_Selecao_graduado.pdf\">Edital_Lama_PMO_UEPG_18_25_Sele\u00e7\u00e3o_graduado<\/a><\/p>\n<p><a href=\"http:\/\/www2.uepg.br\/lama\/wp-content\/uploads\/sites\/7\/2025\/12\/Edital_Lama_PMO_UEPG_12_25_Selecao_graduado-1.pdf\">Edital_Lama_PMO_UEPG_12_25_Sele\u00e7\u00e3o_graduado (1)<\/a><\/p>\n<p><a href=\"http:\/\/www2.uepg.br\/lama\/wp-content\/uploads\/sites\/7\/2025\/12\/Edital_Lama_PMO_UEPG_13_25_Selecao_graduando.pdf\">Edital_Lama_PMO_UEPG_13_25_Sele\u00e7\u00e3o_graduando<\/a><\/p>\n\t\t\t\t<\/div>\n\t\t\t<\/div>\n\t\t<\/div>\n\t\t\t<div class=\"sow-accordion-panel\"\n\t\t\t data-anchor=\"2025\">\n\t\t\t\t<div class=\"sow-accordion-panel-header-container\" role=\"heading\" aria-level=\"2\">\n\t\t\t\t\t<div class=\"sow-accordion-panel-header\" tabindex=\"0\" role=\"button\" id=\"accordion-label-2025\" aria-controls=\"accordion-content-2025\" aria-expanded=\"false\">\n\t\t\t\t\t\t<div class=\"sow-accordion-title sow-accordion-title-icon-left\">\n\t\t\t\t\t\t\t\t\t\t\t\t\t\t2025\t\t\t\t\t\t\t\t\t\t\t\t\t<\/div>\n\t\t\t\t\t\t<div class=\"sow-accordion-open-close-button\">\n\t\t\t\t\t\t\t<div class=\"sow-accordion-open-button\">\n\t\t\t\t\t\t\t\t<span class=\"sow-icon-ionicons\" data-sow-icon=\"&#xf218;\"\n\t\t \n\t\taria-hidden=\"true\"><\/span>\t\t\t\t\t\t\t<\/div>\n\t\t\t\t\t\t\t<div class=\"sow-accordion-close-button\">\n\t\t\t\t\t\t\t\t<span class=\"sow-icon-ionicons\" data-sow-icon=\"&#xf209;\"\n\t\t \n\t\taria-hidden=\"true\"><\/span>\t\t\t\t\t\t\t<\/div>\n\t\t\t\t\t\t<\/div>\n\t\t\t\t\t<\/div>\n\t\t\t\t<\/div>\n\n\t\t\t<div\n\t\t\t\tclass=\"sow-accordion-panel-content\"\n\t\t\t\trole=\"region\"\n\t\t\t\taria-labelledby=\"accordion-label-2025\"\n\t\t\t\tid=\"accordion-content-2025\"\n\t\t\t\tstyle=\"display: none;\"\t\t\t>\n\t\t\t\t<div class=\"sow-accordion-panel-border\" tabindex=\"0\">\n\t\t\t\t\t<p><a href=\"http:\/\/www2.uepg.br\/lama\/wp-content\/uploads\/sites\/7\/2025\/10\/Edital-Lama-09-25_Selecao-de-bolsistas_graduado_PMO-UEPG.pdf\">Edital-Lama -09-25_Sele\u00e7\u00e3o-de-bolsistas_graduado_PMO-UEPG<\/a><\/p>\n<p><a href=\"http:\/\/www2.uepg.br\/lama\/wp-content\/uploads\/sites\/7\/2025\/08\/Edital-Lama-07-25_Selecao-de-bolsistas_graduacao_PMO-UEPG.pdf\">Edital-Lama -07-25_Sele\u00e7\u00e3o-de-bolsistas_gradua\u00e7\u00e3o_PMO-UEPG<\/a><\/p>\n<p><a href=\"http:\/\/www2.uepg.br\/lama\/wp-content\/uploads\/sites\/7\/2025\/07\/Edital-Lama-06-25_Selecao-de-bolsistas_graduacao_PMO-UEPG.pdf\">Edital-Lama -06-25_Sele\u00e7\u00e3o-de-bolsistas_gradua\u00e7\u00e3o_PMO-UEPG<\/a><\/p>\n<p><a href=\"http:\/\/www2.uepg.br\/lama\/wp-content\/uploads\/sites\/7\/2025\/02\/Edital_Lama_03_25_resulatdo_edital_01_25.pdf\">Edital_Lama_03_25_resulatdo_edital_01_25<\/a><\/p>\n<p><a href=\"http:\/\/www2.uepg.br\/lama\/wp-content\/uploads\/sites\/7\/2025\/02\/Edital-Lama-02-25_Selecao-de-bolsistas_graduacao_PMO-UEPG.pdf\">Edital-Lama -02-25_Sele\u00e7\u00e3o-de-bolsistas_gradua\u00e7\u00e3o_PMO-UEPG<\/a><\/p>\n<p><a href=\"http:\/\/www2.uepg.br\/lama\/wp-content\/uploads\/sites\/7\/2025\/01\/Edital-Lama-01-25-Selecao-de-bolsistas-PMO-UEPG.pdf\">Edital-Lama -01-25 - Sele\u00e7\u00e3o-de-bolsistas-PMO-UEPG<\/a><\/p>\n<p>&nbsp;<\/p>\n<p>&nbsp;<\/p>\n\t\t\t\t<\/div>\n\t\t\t<\/div>\n\t\t<\/div>\n\t\t\t<div class=\"sow-accordion-panel\"\n\t\t\t data-anchor=\"2024\">\n\t\t\t\t<div class=\"sow-accordion-panel-header-container\" role=\"heading\" aria-level=\"2\">\n\t\t\t\t\t<div class=\"sow-accordion-panel-header\" tabindex=\"0\" role=\"button\" id=\"accordion-label-2024\" aria-controls=\"accordion-content-2024\" aria-expanded=\"false\">\n\t\t\t\t\t\t<div class=\"sow-accordion-title sow-accordion-title-icon-left\">\n\t\t\t\t\t\t\t\t\t\t\t\t\t\t2024\t\t\t\t\t\t\t\t\t\t\t\t\t<\/div>\n\t\t\t\t\t\t<div class=\"sow-accordion-open-close-button\">\n\t\t\t\t\t\t\t<div class=\"sow-accordion-open-button\">\n\t\t\t\t\t\t\t\t<span class=\"sow-icon-ionicons\" data-sow-icon=\"&#xf218;\"\n\t\t \n\t\taria-hidden=\"true\"><\/span>\t\t\t\t\t\t\t<\/div>\n\t\t\t\t\t\t\t<div class=\"sow-accordion-close-button\">\n\t\t\t\t\t\t\t\t<span class=\"sow-icon-ionicons\" data-sow-icon=\"&#xf209;\"\n\t\t \n\t\taria-hidden=\"true\"><\/span>\t\t\t\t\t\t\t<\/div>\n\t\t\t\t\t\t<\/div>\n\t\t\t\t\t<\/div>\n\t\t\t\t<\/div>\n\n\t\t\t<div\n\t\t\t\tclass=\"sow-accordion-panel-content\"\n\t\t\t\trole=\"region\"\n\t\t\t\taria-labelledby=\"accordion-label-2024\"\n\t\t\t\tid=\"accordion-content-2024\"\n\t\t\t\tstyle=\"display: none;\"\t\t\t>\n\t\t\t\t<div class=\"sow-accordion-panel-border\" tabindex=\"0\">\n\t\t\t\t\t<p><a href=\"http:\/\/www2.uepg.br\/lama\/wp-content\/uploads\/sites\/7\/2024\/11\/Edital-Lama-06-24-Selecao-de-bolsistas-PMO-UEPG.pdf\">Edital-Lama -06-24 - Sele\u00e7\u00e3o-de-bolsistas-PMO-UEPG<\/a><\/p>\n<p><a href=\"http:\/\/www2.uepg.br\/lama\/wp-content\/uploads\/sites\/7\/2024\/10\/EDITAL-006-Resultado-Final-pos-graduado-PNCG-2024.pdf\">EDITAL 006 - Resultado Final p\u00f3s-graduado - PNCG 2024<\/a><\/p>\n<p><a href=\"http:\/\/www2.uepg.br\/lama\/wp-content\/uploads\/sites\/7\/2024\/10\/EDITAL-005-2024-Resultado-Final-PNCG-2024.pdf\">EDITAL - 005 2024 - Resultado Final - PNCG 2024<\/a><\/p>\n<p><a href=\"http:\/\/www2.uepg.br\/lama\/wp-content\/uploads\/sites\/7\/2024\/10\/EDITAL-de-entrevista-gbg-PNCG-2024.pdf\">EDITAL - Entrevista - gbg - PNCG - 2024<\/a><\/p>\n<p><a href=\"http:\/\/www2.uepg.br\/lama\/wp-content\/uploads\/sites\/7\/2024\/10\/EDITAL-No-002-2024-bolsa-2024-2.pdf\">EDITAL-No-002-2024-bolsa-2024-2.pdf<\/a><\/p>\n<p><a href=\"http:\/\/www2.uepg.br\/lama\/wp-content\/uploads\/sites\/7\/2024\/10\/Edital-PNCG.pdf\">Edital-Lama-01-24-Sele\u00e7\u00e3o-de-bolsistas-PNCG<\/a><\/p>\n<p><a href=\"http:\/\/www2.uepg.br\/lama\/wp-content\/uploads\/sites\/7\/2024\/10\/Edital-Lama-05-24-Selecao-de-bolsistas-PMO-UEPG.pdf\">Edital-Lama -05-24 - Sele\u00e7\u00e3o-de-bolsistas-PMO-UEPG<\/a><a href=\"http:\/\/www2.uepg.br\/lama\/wp-content\/uploads\/sites\/7\/2024\/10\/EDITAL-No-002-2024-bolsa-2024-2.pdf\">EDITAL N\u00ba 002-2024 - bolsa 2024 (2)<\/a><\/p>\n<p><a href=\"http:\/\/www2.uepg.br\/lama\/wp-content\/uploads\/sites\/7\/2024\/05\/Edital-Lama-04-23-Resultado-PMO-UEPG.pdf\">Edital-Lama -04-23 - Resultado-PMO-UEPG<\/a><\/p>\n<p><a href=\"http:\/\/www2.uepg.br\/lama\/wp-content\/uploads\/sites\/7\/2024\/04\/Edital-Lama-02-24-Selecao-de-bolsistas-PMO-UEPG.pdf\">Edital-Lama-02-24 - Sele\u00e7\u00e3o-de-bolsistas-PMO-UEPG<\/a><\/p>\n<p><a href=\"http:\/\/www2.uepg.br\/lama\/wp-content\/uploads\/sites\/7\/2024\/04\/Edital_01-24_Resultado-1.pdf\">Edital_01-24_Resultado<\/a><\/p>\n<p><a href=\"http:\/\/www2.uepg.br\/lama\/wp-content\/uploads\/sites\/7\/2024\/01\/Edital-Lama-01-24-Selecao-de-bolsistas-PMO-UEPG.pdf\">Edital-Lama -01-24 - Sele\u00e7\u00e3o-de-bolsistas-PMO-UEPG<\/a><\/p>\n<p>&nbsp;<\/p>\n\t\t\t\t<\/div>\n\t\t\t<\/div>\n\t\t<\/div>\n\t\t\t<div class=\"sow-accordion-panel\"\n\t\t\t data-anchor=\"2023\">\n\t\t\t\t<div class=\"sow-accordion-panel-header-container\" role=\"heading\" aria-level=\"2\">\n\t\t\t\t\t<div class=\"sow-accordion-panel-header\" tabindex=\"0\" role=\"button\" id=\"accordion-label-2023\" aria-controls=\"accordion-content-2023\" aria-expanded=\"false\">\n\t\t\t\t\t\t<div class=\"sow-accordion-title sow-accordion-title-icon-left\">\n\t\t\t\t\t\t\t\t\t\t\t\t\t\t2023\t\t\t\t\t\t\t\t\t\t\t\t\t<\/div>\n\t\t\t\t\t\t<div class=\"sow-accordion-open-close-button\">\n\t\t\t\t\t\t\t<div class=\"sow-accordion-open-button\">\n\t\t\t\t\t\t\t\t<span class=\"sow-icon-ionicons\" data-sow-icon=\"&#xf218;\"\n\t\t \n\t\taria-hidden=\"true\"><\/span>\t\t\t\t\t\t\t<\/div>\n\t\t\t\t\t\t\t<div class=\"sow-accordion-close-button\">\n\t\t\t\t\t\t\t\t<span class=\"sow-icon-ionicons\" data-sow-icon=\"&#xf209;\"\n\t\t \n\t\taria-hidden=\"true\"><\/span>\t\t\t\t\t\t\t<\/div>\n\t\t\t\t\t\t<\/div>\n\t\t\t\t\t<\/div>\n\t\t\t\t<\/div>\n\n\t\t\t<div\n\t\t\t\tclass=\"sow-accordion-panel-content\"\n\t\t\t\trole=\"region\"\n\t\t\t\taria-labelledby=\"accordion-label-2023\"\n\t\t\t\tid=\"accordion-content-2023\"\n\t\t\t\tstyle=\"display: none;\"\t\t\t>\n\t\t\t\t<div class=\"sow-accordion-panel-border\" tabindex=\"0\">\n\t\t\t\t\t<p><a href=\"http:\/\/www2.uepg.br\/lama\/wp-content\/uploads\/sites\/7\/2023\/11\/EDITAL-No-004-2023-Resultado.pdf\">EDITAL N\u00ba 004-2023 Resultado<\/a><\/p>\n<p><a href=\"http:\/\/www2.uepg.br\/lama\/wp-content\/uploads\/sites\/7\/2023\/11\/EDITAL-No-004-2023-Homologacao.pdf\">Edital Lama N\u00ba 004-2023 Homologa\u00e7\u00e3o<\/a><\/p>\n<p><a href=\"http:\/\/www2.uepg.br\/lama\/wp-content\/uploads\/sites\/7\/2023\/11\/edital-Lama-04-2023-PNCG.pdf\">Edital Lama <\/a><a href=\"http:\/\/www2.uepg.br\/lama\/wp-content\/uploads\/sites\/7\/2023\/11\/EDITAL-No-004-2023-Homologacao.pdf\">N\u00ba<\/a><a href=\"http:\/\/www2.uepg.br\/lama\/wp-content\/uploads\/sites\/7\/2023\/11\/edital-Lama-04-2023-PNCG.pdf\">004-2023 PNCG<\/a><\/p>\n<p><a href=\"http:\/\/www2.uepg.br\/lama\/wp-content\/uploads\/sites\/7\/2023\/09\/Edital-Lama_03_23_CEO_UEPG_Resultado-2-1.pdf\">Edital-Lama_03_23_CEO_UEPG_Resultado <\/a><\/p>\n<p><a href=\"http:\/\/www2.uepg.br\/lama\/wp-content\/uploads\/sites\/7\/2023\/09\/edital-Lama_-003-23-Homologacao-das-inscricoes-processo-seletivo_CEO_UEPG.pdf\">edital-Lama-003-23-Homologacao-das-inscricoes-processo-seletivo_CEO_UEPG<\/a><\/p>\n<p><a href=\"http:\/\/www2.uepg.br\/lama\/wp-content\/uploads\/sites\/7\/2023\/09\/Edital-de-Prorrogacao-Lama-03-23-Selecao-de-bolsistas-CEO-Central-especializada-em-distribuicao-de-produtos-organicos-2.pdf\">Edital de Prorroga\u00e7\u00e3o Lama- 03-23-Selecao-de-bolsistas- CEO- Central especializada em distribui\u00e7\u00e3o de produtos org\u00e2nicos <\/a><\/p>\n<p><a href=\"http:\/\/www2.uepg.br\/lama\/wp-content\/uploads\/sites\/7\/2023\/09\/Edital-Lama-03-23-Selecao-de-bolsistas-CEO-Central-especializada-em-distribuicao-de-produtos-organicos-1-1.pdf\">Edital-Lama-03-23-Selecao-de-bolsistas-CEO-Central-especializada-em-distribuicao-de-produtos-organicos <\/a><\/p>\n<p><a href=\"http:\/\/www2.uepg.br\/lama\/wp-content\/uploads\/sites\/7\/2023\/07\/Edital-Lama_002_23_PARANAMAISORGANICO_UEPG_Resultado.pdf\">Edital-Lama-002-23-_PARANAMAISORGANICO-UEPG-Resultado<\/a><\/p>\n<p><a href=\"http:\/\/www2.uepg.br\/lama\/wp-content\/uploads\/sites\/7\/2023\/06\/edital-Lama_002-23-Homologacao-das-inscricoes-processo-seletivo_PMO_UEPG.pdf\">Edital-Lama-002-23-Homologa\u00e7\u00e3o-das-inscri\u00e7\u00f5es-processo-seletivo_PMO_UEPG<\/a><\/p>\n<p><a href=\"http:\/\/www2.uepg.br\/lama\/wp-content\/uploads\/sites\/7\/2023\/06\/Edital-02-23-Selecao-de-bolsistas-PMO-UEPG-CORRIGIDO.pdf\">Edital-002-23-Selecao-de-bolsistas-PMO-UEPG<\/a><\/p>\n<p><a href=\"http:\/\/www2.uepg.br\/lama\/wp-content\/uploads\/sites\/7\/2023\/01\/edital-Lama-01-23-Selecao-de-bolsistas-CEO-Central-especializada-em-distribuicao-de-produtos-organicos-1.pdf\">Edital-Lama-01-23-Selecao-de-bolsistas-CEO-Central especializada em distribui\u00e7\u00e3o de produtos org\u00e2nicos<\/a><\/p>\n<p><a href=\"http:\/\/www2.uepg.br\/lama\/wp-content\/uploads\/sites\/7\/2023\/01\/edital-Lama_-001-23-Homologacao-das-inscricoes-processo-seletivo_CEO_UEPG.pdf\">Edital-Lama-01-23-Homologa\u00e7\u00e3o-das-inscri\u00e7\u00f5es-processo-seletivo_CEO_UEPG<\/a><\/p>\n<p><a href=\"http:\/\/www2.uepg.br\/lama\/wp-content\/uploads\/sites\/7\/2023\/01\/Edital-Lama_001_23_CEO_UEPG_Resultado.pdf\">Edital-Lama_01_23_CEO_UEPG_Resultado<\/a><\/p>\n\t\t\t\t<\/div>\n\t\t\t<\/div>\n\t\t<\/div>\n\t\t\t<div class=\"sow-accordion-panel\"\n\t\t\t data-anchor=\"2022\">\n\t\t\t\t<div class=\"sow-accordion-panel-header-container\" role=\"heading\" aria-level=\"2\">\n\t\t\t\t\t<div class=\"sow-accordion-panel-header\" tabindex=\"0\" role=\"button\" id=\"accordion-label-2022\" aria-controls=\"accordion-content-2022\" aria-expanded=\"false\">\n\t\t\t\t\t\t<div class=\"sow-accordion-title sow-accordion-title-icon-left\">\n\t\t\t\t\t\t\t\t\t\t\t\t\t\t2022\t\t\t\t\t\t\t\t\t\t\t\t\t<\/div>\n\t\t\t\t\t\t<div class=\"sow-accordion-open-close-button\">\n\t\t\t\t\t\t\t<div class=\"sow-accordion-open-button\">\n\t\t\t\t\t\t\t\t<span class=\"sow-icon-ionicons\" data-sow-icon=\"&#xf218;\"\n\t\t \n\t\taria-hidden=\"true\"><\/span>\t\t\t\t\t\t\t<\/div>\n\t\t\t\t\t\t\t<div class=\"sow-accordion-close-button\">\n\t\t\t\t\t\t\t\t<span class=\"sow-icon-ionicons\" data-sow-icon=\"&#xf209;\"\n\t\t \n\t\taria-hidden=\"true\"><\/span>\t\t\t\t\t\t\t<\/div>\n\t\t\t\t\t\t<\/div>\n\t\t\t\t\t<\/div>\n\t\t\t\t<\/div>\n\n\t\t\t<div\n\t\t\t\tclass=\"sow-accordion-panel-content\"\n\t\t\t\trole=\"region\"\n\t\t\t\taria-labelledby=\"accordion-label-2022\"\n\t\t\t\tid=\"accordion-content-2022\"\n\t\t\t\tstyle=\"display: none;\"\t\t\t>\n\t\t\t\t<div class=\"sow-accordion-panel-border\" tabindex=\"0\">\n\t\t\t\t\t<p><a href=\"http:\/\/www2.uepg.br\/lama\/wp-content\/uploads\/sites\/7\/2020\/11\/edital-Lama_-02-22-Homologa\u00e7\u00e3o-das-inscri\u00e7\u00f5es-processo-seletivo_-PMO_-UEPG.pdf\">edital Lama_ 02-22 Homologa\u00e7\u00e3o das inscri\u00e7\u00f5es processo seletivo_ PMO_ UEPG<\/a><\/p>\n<p><a href=\"http:\/\/www2.uepg.br\/lama\/wp-content\/uploads\/sites\/7\/2022\/10\/Edital-Lama_03_22_PARANAMAISORGANICO_UEPG_Resultado-1.pdf\">Edital Lama_03_22_PARAN\u00c1MAISORG\u00c2NICO_UEPG_Resultado<\/a><\/p>\n<p><a href=\"http:\/\/www2.uepg.br\/lama\/wp-content\/uploads\/sites\/7\/2022\/11\/edital-Lama_-01-22-Selecao-de-bolsistas-PNCG.pdf\">Edital-Lama_-04-22-Sele\u00e7\u00e3o-de-bolsistas-PNCG<\/a><\/p>\n<p><a href=\"http:\/\/www2.uepg.br\/lama\/wp-content\/uploads\/sites\/7\/2022\/12\/edital-Lama_-04-22-Homologacao-das-inscricoes-processo-seletivo_PNCG_UEPG.pdf\">edital-Lama_-04-22-Homologa\u00e7\u00e3o-das-inscri\u00e7\u00f5es-processo-seletivo_PNCG_UEPG<\/a><\/p>\n<p><a href=\"http:\/\/www2.uepg.br\/lama\/wp-content\/uploads\/sites\/7\/2022\/12\/Edital-Lama_04_22_PNCG_UEPG_Resultado.pdf\">Edital-Lama_04_22_PNCG_UEPG_Resultado<\/a><\/p>\n<p>&nbsp;<\/p>\n\t\t\t\t<\/div>\n\t\t\t<\/div>\n\t\t<\/div>\n\t\t\t<div class=\"sow-accordion-panel\"\n\t\t\t data-anchor=\"2021\">\n\t\t\t\t<div class=\"sow-accordion-panel-header-container\" role=\"heading\" aria-level=\"2\">\n\t\t\t\t\t<div class=\"sow-accordion-panel-header\" tabindex=\"0\" role=\"button\" id=\"accordion-label-2021\" aria-controls=\"accordion-content-2021\" aria-expanded=\"false\">\n\t\t\t\t\t\t<div class=\"sow-accordion-title sow-accordion-title-icon-left\">\n\t\t\t\t\t\t\t\t\t\t\t\t\t\t2021\t\t\t\t\t\t\t\t\t\t\t\t\t<\/div>\n\t\t\t\t\t\t<div class=\"sow-accordion-open-close-button\">\n\t\t\t\t\t\t\t<div class=\"sow-accordion-open-button\">\n\t\t\t\t\t\t\t\t<span class=\"sow-icon-ionicons\" data-sow-icon=\"&#xf218;\"\n\t\t \n\t\taria-hidden=\"true\"><\/span>\t\t\t\t\t\t\t<\/div>\n\t\t\t\t\t\t\t<div class=\"sow-accordion-close-button\">\n\t\t\t\t\t\t\t\t<span class=\"sow-icon-ionicons\" data-sow-icon=\"&#xf209;\"\n\t\t \n\t\taria-hidden=\"true\"><\/span>\t\t\t\t\t\t\t<\/div>\n\t\t\t\t\t\t<\/div>\n\t\t\t\t\t<\/div>\n\t\t\t\t<\/div>\n\n\t\t\t<div\n\t\t\t\tclass=\"sow-accordion-panel-content\"\n\t\t\t\trole=\"region\"\n\t\t\t\taria-labelledby=\"accordion-label-2021\"\n\t\t\t\tid=\"accordion-content-2021\"\n\t\t\t\tstyle=\"display: none;\"\t\t\t>\n\t\t\t\t<div class=\"sow-accordion-panel-border\" tabindex=\"0\">\n\t\t\t\t\t<p><a href=\"http:\/\/www2.uepg.br\/lama\/wp-content\/uploads\/sites\/7\/2021\/01\/Edital-FAUEPG-No-01-2021-RESULTADO-FINAL-SELECAO-GESTOR-ADMINISTRADOR-COM-EXPERIENCIA-EM-AGROECOLOGIA-E-AGRICULTURA-SEGUNDO-EDITAL-FAUEPG-No-84-2020..pdf\">Edital FAUEPG N\u00ba 01 2021 - RESULTADO FINAL SELE\u00c7\u00c3O GESTOR - ADMINISTRADOR - COM EXPERI\u00caNCIA EM AGROECOLOGIA E AGRICULTURA , SEGUNDO EDITAL FAUEPG N\u00ba 84 2020.<\/a><\/p>\n<p><a href=\"http:\/\/www2.uepg.br\/lama\/wp-content\/uploads\/sites\/7\/2021\/02\/Edital-02-21-Selecao-de-bolsistas-PMO-2021-23-UEPG.pdf\">Edital 02-21 Sele\u00e7\u00e3o de bolsistas PMO 2021-23 UEPG<\/a><\/p>\n<p><a href=\"http:\/\/www2.uepg.br\/lama\/wp-content\/uploads\/sites\/7\/2021\/03\/Edital03_21_PARANAMAISORGANICO_UEPG_Resultado.pdf\">Edital03_21_PARAN\u00c1MAISORG\u00c2NICO_UEPG_Resultado<\/a><\/p>\n<p><a href=\"http:\/\/www2.uepg.br\/lama\/wp-content\/uploads\/sites\/7\/2021\/04\/edital-04-21-Selecao-de-bolsistas-PMO_-UEPG.pdf\">edital 04-21 Sele\u00e7\u00e3o de bolsistas PMO_ UEPG<\/a><\/p>\n<p><a href=\"http:\/\/www2.uepg.br\/lama\/wp-content\/uploads\/sites\/7\/2021\/05\/Edital05_21_PARANAMAISORGANICO_UEPG_Resultado.pdf\">Edital05_21_PARAN\u00c1MAISORG\u00c2NICO_UEPG_Resultado<\/a><\/p>\n<p><a href=\"http:\/\/www2.uepg.br\/lama\/wp-content\/uploads\/sites\/7\/2021\/06\/Edital-FAUEPG-20-2021-SELECAO-DE-TECNICO-PARA-ASSISTENCIA-TECNICA-E-EXTENSAO-RURAL.pdf\">Edital FAUEPG 20 2021 - SELE\u00c7\u00c3O DE T\u00c9CNICO PARA ASSIST\u00caNCIA T\u00c9CNICA E EXTENS\u00c3O RURAL<\/a><\/p>\n<p><a href=\"http:\/\/www2.uepg.br\/lama\/wp-content\/uploads\/sites\/7\/2021\/06\/Edital-FAUEPG-23-2021-DIVULGACAO-DA-RELACAO-DE-CANDIDATOS-APTOS-PARA-REALIZACAO-DE-PROVA-PARA-A-SELECAO-DE-TECNICOS-PARA-ASSISTENCIA-TE.pdf\">Edital-FAUEPG-23-2021-DIVULGACAO-DA-RELACAO-DE-CANDIDATOS-APTOS-PARA-REALIZACAO-DE-PROVA-PARA-A-SELECAO-DE-TECNICOS-PARA-ASSISTENCIA-TE<\/a><\/p>\n<p><a href=\"http:\/\/www2.uepg.br\/lama\/wp-content\/uploads\/sites\/7\/2021\/06\/Edital-FAUEPG-24-2021-DIVULGACAO-DO-RESULTADO-DA-PROVA-E-RELACAO-DE-CANDIDATO-APTO-PARA-REALIZACAO-DA-ENTREVISTA-PARA-A-SELECAO-DE-TECNICOS-PARA-ASSISTE.pdf\">Edital-FAUEPG-24-2021-DIVULGACAO-DO-RESULTADO-DA-PROVA-E-RELACAO-DE-CANDIDATO-APTO-PARA-REALIZACAO-DA-ENTREVISTA-PARA-A-SELECAO-DE-TECNICOS-PARA-ASSISTE<\/a><\/p>\n<p><a href=\"http:\/\/www2.uepg.br\/lama\/wp-content\/uploads\/sites\/7\/2021\/09\/Edital-FAUEPG-53-2021-TESTE-SELETIVO-DE-TECNICO-PARA-ASSISTENCIA-TECNICA-E-EXTENSAO-RURAL.pdf\">Edital FAUEPG 53 2021 - TESTE SELETIVO DE T\u00c9CNICO PARA ASSIST\u00caNCIA T\u00c9CNICA E EXTENS\u00c3O RURAL<\/a><\/p>\n<p><a href=\"http:\/\/www2.uepg.br\/lama\/wp-content\/uploads\/sites\/7\/2021\/10\/Edital-FAUEPG-57-2021-HOMOLOGACAO-DAS-INSCRICOES-PARA-O-TESTE-SELETIVO-DE-TECNICO-PARA-ASSISTENCIA-TECNICA-E-EXTENSAO-RURAL-CONFORME-EDITAL-FAUEPG-No-53-2021.pdf\">Edital FAUEPG 57 2021 - HOMOLOGA\u00c7\u00c3O DAS INSCRI\u00c7\u00d5ES PARA O TESTE SELETIVO DE T\u00c9CNICO PARA ASSIST\u00caNCIA T\u00c9CNICA E EXTENS\u00c3O RURAL, CONFORME EDITAL FAUEPG N\u00ba 53-2021<\/a><\/p>\n<p><a href=\"http:\/\/www2.uepg.br\/lama\/wp-content\/uploads\/sites\/7\/2021\/10\/Edital-FAUEPG-59-2021-RESULTADO-DA-PROVA-ESCRITA-DO-TESTE-SELETIVO-DE-TECNICO-PARA-ASSISTENCIA-TECNICA-E-EXTENSAO-RURAL-CONFORME-EDITAL-FAUEPG-No-53-2021.pdf\">Edital FAUEPG 59 2021 - RESULTADO DA PROVA ESCRITA DO TESTE SELETIVO DE T\u00c9CNICO PARA ASSIST\u00caNCIA T\u00c9CNICA E EXTENS\u00c3O RURAL, CONFORME EDITAL FAUEPG N\u00ba 53-2021<\/a><\/p>\n<p><a href=\"http:\/\/www2.uepg.br\/lama\/wp-content\/uploads\/sites\/7\/2021\/10\/edital-Lama_-06-21-Selecao-de-bolsistas-PMO_-UEPG.pdf\">edital Lama_ 06-21 Sele\u00e7\u00e3o de bolsistas PMO_ UEPG<\/a><\/p>\n<p><a href=\"http:\/\/www2.uepg.br\/lama\/wp-content\/uploads\/sites\/7\/2021\/11\/Edital-Lama_07_21_PARANAMAISORGANICO_UEPG_Resultado.pdf\">Edital Lama_07_21_PARAN\u00c1MAISORG\u00c2NICO_UEPG_Resultado<\/a><\/p>\n<p><a href=\"http:\/\/www2.uepg.br\/lama\/wp-content\/uploads\/sites\/7\/2021\/12\/edital-Lama_-08-21-Selecao-de-bolsistas-PMO_-UEPG.pdf\">edital Lama_ 08-21 Sele\u00e7\u00e3o de bolsistas PMO_ UEPG<\/a><\/p>\n<p><a href=\"http:\/\/www2.uepg.br\/lama\/wp-content\/uploads\/sites\/7\/2020\/11\/Edital-Lama_09_21_PARAN\u00c1MAISORG\u00c2NICO_UEPG_Resultado.pdf\">Edital Lama_09_21_PARAN\u00c1MAISORG\u00c2NICO_UEPG_Resultado<\/a><\/p>\n\t\t\t\t<\/div>\n\t\t\t<\/div>\n\t\t<\/div>\n\t\t\t<div class=\"sow-accordion-panel\"\n\t\t\t data-anchor=\"2020\">\n\t\t\t\t<div class=\"sow-accordion-panel-header-container\" role=\"heading\" aria-level=\"2\">\n\t\t\t\t\t<div class=\"sow-accordion-panel-header\" tabindex=\"0\" role=\"button\" id=\"accordion-label-2020\" aria-controls=\"accordion-content-2020\" aria-expanded=\"false\">\n\t\t\t\t\t\t<div class=\"sow-accordion-title sow-accordion-title-icon-left\">\n\t\t\t\t\t\t\t\t\t\t\t\t\t\t2020\t\t\t\t\t\t\t\t\t\t\t\t\t<\/div>\n\t\t\t\t\t\t<div class=\"sow-accordion-open-close-button\">\n\t\t\t\t\t\t\t<div class=\"sow-accordion-open-button\">\n\t\t\t\t\t\t\t\t<span class=\"sow-icon-ionicons\" data-sow-icon=\"&#xf218;\"\n\t\t \n\t\taria-hidden=\"true\"><\/span>\t\t\t\t\t\t\t<\/div>\n\t\t\t\t\t\t\t<div class=\"sow-accordion-close-button\">\n\t\t\t\t\t\t\t\t<span class=\"sow-icon-ionicons\" data-sow-icon=\"&#xf209;\"\n\t\t \n\t\taria-hidden=\"true\"><\/span>\t\t\t\t\t\t\t<\/div>\n\t\t\t\t\t\t<\/div>\n\t\t\t\t\t<\/div>\n\t\t\t\t<\/div>\n\n\t\t\t<div\n\t\t\t\tclass=\"sow-accordion-panel-content\"\n\t\t\t\trole=\"region\"\n\t\t\t\taria-labelledby=\"accordion-label-2020\"\n\t\t\t\tid=\"accordion-content-2020\"\n\t\t\t\tstyle=\"display: none;\"\t\t\t>\n\t\t\t\t<div class=\"sow-accordion-panel-border\" tabindex=\"0\">\n\t\t\t\t\t<p><a href=\"http:\/\/www2.uepg.br\/lama\/wp-content\/uploads\/sites\/7\/2020\/12\/Edital-LAMA-no-012020-Edital-de-Selecao-do-Projeto-Parana-mais-organico.pdf\">Edital LAMA n\u00ba 012020 - Edital de Sele\u00e7\u00e3o do Projeto Paran\u00e1 mais org\u00e2nico<\/a><\/p>\n<p><a href=\"http:\/\/www2.uepg.br\/lama\/wp-content\/uploads\/sites\/7\/2020\/12\/Edital02_20_PARANAMAISORGANICO_UEPG_2021_23_Resultado.pdf\">Edital02_20_PARAN\u00c1MAISORG\u00c2NICO_UEPG_2021_23_Resultado<\/a><\/p>\n<p><a href=\"http:\/\/www2.uepg.br\/lama\/wp-content\/uploads\/sites\/7\/2020\/12\/Edital-FAUEPG-No-84-2020-SELECAO-DE-GESTOR-REDE-ANUNCIACAO-DE-AGROEOLOGIA.pdf\">Edital FAUEPG N\u00ba 84 2020 - SELE\u00c7\u00c3O DE GESTOR REDE ANUNCIA\u00c7\u00c3O DE AGROEOLOGIA<\/a><\/p>\n<p>&nbsp;<\/p>\n<p>&nbsp;<\/p>\n<p>&nbsp;<\/p>\n\t\t\t\t<\/div>\n\t\t\t<\/div>\n\t\t<\/div>\n\t\t<\/div>\n<\/div>\n<\/div><\/div><\/div><\/div><\/div>","protected":false},"excerpt":{"rendered":"<p>2026 Edital_Lama_PMO_UEPG_03_26_Sele\u00e7\u00e3o_graduado Edital_Lama_PMO_UEPG_18_25_Sele\u00e7\u00e3o_graduado Edital_Lama_PMO_UEPG_12_25_Sele\u00e7\u00e3o_graduado (1) Edital_Lama_PMO_UEPG_13_25_Sele\u00e7\u00e3o_graduando 2025 Edital-Lama -09-25_Sele\u00e7\u00e3o-de-bolsistas_graduado_PMO-UEPG Edital-Lama -07-25_Sele\u00e7\u00e3o-de-bolsistas_gradua\u00e7\u00e3o_PMO-UEPG Edital-Lama -06-25_Sele\u00e7\u00e3o-de-bolsistas_gradua\u00e7\u00e3o_PMO-UEPG Edital_Lama_03_25_resulatdo_edital_01_25 Edital-Lama -02-25_Sele\u00e7\u00e3o-de-bolsistas_gradua\u00e7\u00e3o_PMO-UEPG Edital-Lama -01-25 &#8211; Sele\u00e7\u00e3o-de-bolsistas-PMO-UEPG &nbsp; &nbsp; 2024 Edital-Lama -06-24 &#8211; Sele\u00e7\u00e3o-de-bolsistas-PMO-UEPG EDITAL 006 &#8211; Resultado Final p\u00f3s-graduado &#8211; PNCG 2024 EDITAL &#8211; 005 2024 &#8211; Resultado Final &#8211; PNCG 2024 EDITAL &#8211; Entrevista &#8211; gbg &#8211; PNCG &#8211; 2024&nbsp;&hellip;<\/p>\n","protected":false},"author":24,"featured_media":356,"parent":0,"menu_order":0,"comment_status":"closed","ping_status":"closed","template":"","meta":[],"_links":{"self":[{"href":"https:\/\/www2.uepg.br\/lama\/wp-json\/wp\/v2\/pages\/110"}],"collection":[{"href":"https:\/\/www2.uepg.br\/lama\/wp-json\/wp\/v2\/pages"}],"about":[{"href":"https:\/\/www2.uepg.br\/lama\/wp-json\/wp\/v2\/types\/page"}],"author":[{"embeddable":true,"href":"https:\/\/www2.uepg.br\/lama\/wp-json\/wp\/v2\/users\/24"}],"replies":[{"embeddable":true,"href":"https:\/\/www2.uepg.br\/lama\/wp-json\/wp\/v2\/comments?post=110"}],"version-history":[{"count":97,"href":"https:\/\/www2.uepg.br\/lama\/wp-json\/wp\/v2\/pages\/110\/revisions"}],"predecessor-version":[{"id":978,"href":"https:\/\/www2.uepg.br\/lama\/wp-json\/wp\/v2\/pages\/110\/revisions\/978"}],"wp:featuredmedia":[{"embeddable":true,"href":"https:\/\/www2.uepg.br\/lama\/wp-json\/wp\/v2\/media\/356"}],"wp:attachment":[{"href":"https:\/\/www2.uepg.br\/lama\/wp-json\/wp\/v2\/media?parent=110"}],"curies":[{"name":"wp","href":"https:\/\/api.w.org\/{rel}","templated":true}]}}