{"id":44,"date":"2020-08-31T17:54:25","date_gmt":"2020-08-31T20:54:25","guid":{"rendered":"http:\/\/www2.uepg.br\/pet-historia\/?page_id=44"},"modified":"2026-02-11T16:52:22","modified_gmt":"2026-02-11T19:52:22","slug":"quem-somos","status":"publish","type":"page","link":"https:\/\/www2.uepg.br\/pet-historia\/quem-somos\/","title":{"rendered":"Quem somos"},"content":{"rendered":"<p style=\"text-align: justify\"><span data-contrast=\"auto\">Os cursos de Hist\u00f3ria da UEPG s\u00e3o uns dos mais antigos da institui\u00e7\u00e3o, com origem na Faculdade de Filosofia, Ci\u00eancias e Letras de Ponta Grossa. Com a cria\u00e7\u00e3o da Universidade Estadual de Ponta Grossa (UEPG), em 1969, se d\u00e1 o processo de <\/span><span data-contrast=\"auto\">departamentaliza\u00e7\u00e3o<\/span><span data-contrast=\"auto\">\u00a0dos cursos. Desde ent\u00e3o o Departamento de Hist\u00f3ria (DEHIS) integra o Setor de Ci\u00eancias Humanas, Letras e Artes (<\/span><span data-contrast=\"auto\">SECIHLA<\/span><span data-contrast=\"auto\">).<\/span><span data-ccp-props=\"{&quot;201341983&quot;:0,&quot;335559739&quot;:160,&quot;335559740&quot;:259}\">\u00a0<\/span><\/p>\n<p style=\"text-align: justify\"><span data-contrast=\"auto\">O DEHIS possu\u00ed dois Colegiados de curso, um para Bacharelado em Hist\u00f3ria (vespertino) e outro para Licenciatura em Hist\u00f3ria (noturno). At\u00e9 o in\u00edcio de 2010 o curso se localizava no pr\u00e9dio central da Universidade, com o aumento do acervo foi necess\u00e1rio um lugar maior, sendo assim o curso foi transferido para o Campus <\/span><span data-contrast=\"auto\">Uvaranas<\/span><span data-contrast=\"auto\">, desde ent\u00e3o os cursos de Hist\u00f3ria funcionam no pr\u00e9dio da Central de Salas, Campus\u00a0<\/span><span data-contrast=\"auto\">Uvaranas<\/span><span data-contrast=\"auto\"> &#8211; UEPG &#8211;\u00a0<\/span><span data-contrast=\"auto\">Ponta Grossa \u2013 PR.<\/span><span data-ccp-props=\"{&quot;201341983&quot;:0,&quot;335559739&quot;:160,&quot;335559740&quot;:259}\">\u00a0<\/span><\/p>\n<p style=\"text-align: justify\"><span data-contrast=\"auto\">O PET Hist\u00f3ria UEPG iniciou em 2010, pelo professor <\/span><span data-contrast=\"auto\">Luis<\/span><span data-contrast=\"auto\">\u00a0Fernando\u00a0<\/span><span data-contrast=\"auto\">Cerri<\/span><span data-contrast=\"auto\">, e integra os cursos Bacharelado e Licenciatura em Hist\u00f3ria.\u00a0<\/span><\/p>\n<h2 style=\"text-align: center\"><span style=\"color: #c20cc2\"><strong><span style=\"color: #c20cc2\">TUTORAS<\/span> <span style=\"color: #c20cc2\">ATUAIS<\/span><\/strong><\/span><\/h2>\n<h4><span style=\"color: #c20cc2\"><a style=\"color: #c20cc2\" href=\"http:\/\/lattes.cnpq.br\/6859254801887234\">Georgiane Garabely Heil V\u00e1zquez<\/a><\/span><\/h4>\n<p><img loading=\"lazy\" class=\"wp-image-706 alignleft\" src=\"http:\/\/www2.uepg.br\/pet-historia\/wp-content\/uploads\/sites\/141\/2024\/03\/Dehis-do-bem-Copia-2.jpg\" alt=\"\" width=\"155\" height=\"218\" \/><\/p>\n<p style=\"text-align: justify\">\u00c9 licenciada em Hist\u00f3ria pela Universidade Estadual de Ponta Grossa (2002), Doutora (2015) e Mestra (2005) em Hist\u00f3ria pela Universidade Federal do Paran\u00e1- UFPR, com pesquisas na \u00e1rea de Estudos de G\u00eanero. Professora Adjunta do Departamento de Hist\u00f3ria da Universidade Estadual de Ponta Grossa- UEPG e professora dos Programas de P\u00f3s-Gradua\u00e7\u00e3o &#8211; Mestrado Acad\u00eamico &#8211; Hist\u00f3ria, Cultura e Identidades (PPGH\/UEPG) e no Mestrado Profissional em Ensino de Hist\u00f3ria (PROFHIST\u00d3RIA-UEPG).Tutora respons\u00e1vel pelo Programa de Educa\u00e7\u00e3o Tutorial do grupo PET Hist\u00f3ria UEPG (Educa\u00e7\u00e3o e Diversidade). L\u00edder no grupo Laborat\u00f3rio de Estudos de G\u00eanero, Diversidade, Inf\u00e2ncia e Subjetividades (LAGEDIS\/CNPq), da Universidade Estadual de Ponta Grossa e pesquisadora vinculada ao grupo Hist\u00f3ria da assist\u00eancia \u00e0 sa\u00fade COC\/FIOCRUZ\/CNPq. Desenvolve pesquisas vinculadas aos debates sobre Estudos de G\u00eanero, Hist\u00f3ria das Mulheres, Medicina e Cultura, Hist\u00f3ria da Medicina, Maternidade, Mem\u00f3rias, Sexualidades e Diversidade.<\/p>\n<p>&nbsp;<\/p>\n<h4><\/h4>\n<h4><span style=\"color: #c20cc2\"><a style=\"color: #c20cc2\" href=\"http:\/\/lattes.cnpq.br\/3848461237618025\">Angela Ribeiro Ferreira<\/a><\/span><\/h4>\n<p style=\"text-align: justify\"><img loading=\"lazy\" class=\"wp-image-707 alignleft\" src=\"http:\/\/www2.uepg.br\/pet-historia\/wp-content\/uploads\/sites\/141\/2024\/03\/eu.jpeg\" alt=\"\" width=\"150\" height=\"210\" \/>Doutora e Mestre em Educa\u00e7\u00e3o pela Universidade Estadual de Ponta Grossa. Especialista em Hist\u00f3ria e Cultura pela UEPG. Graduada em Licenciatura em Hist\u00f3ria. Atualmente \u00e9 Professora Adjunta do Departamento de Hist\u00f3ria da Universidade Estadual de Ponta Grossa. Atua como professora na \u00e1rea de Pr\u00e1tica de Ensino de Hist\u00f3ria e Est\u00e1gio Supervisionado em Hist\u00f3ria, Professora no Mestrado Profissional em Ensino de Hist\u00f3ria &#8211; PROFHIST\u00d3RIA-UEPG\/UFRJ. Vice-coordenadora ProfHist\u00f3ria de 2016-2021, Coordenadora do ProfHist\u00f3ria 2021-2023, Vice-Coordenadora ProfHist\u00f3ria 2023-2025. \u00c9 L\u00edder do Laborat\u00f3rio de Estudos de G\u00eanero, Diversidade, Inf\u00e2ncia e Subjetividades &#8211; LAGEDIS (CNPq). Vice-L\u00edder do Laborat\u00f3rio de Estudos sobre Forma\u00e7\u00e3o de Professores e Ensino de Hist\u00f3ria &#8211; LEFOPEH (CNPq). Co-Tutora do PET &#8211; Programa de Educa\u00e7\u00e3o Tutorial de Hist\u00f3ria: Educa\u00e7\u00e3o e Diversidade. Coordenadora de \u00c1rea do PIBID-Hist\u00f3ria\/UEPG. A pesquisa e a produ\u00e7\u00e3o atual est\u00e1 em torno da \u00e1rea de forma\u00e7\u00e3o de professores de hist\u00f3ria, curr\u00edculo, ensino de hist\u00f3ria, livro did\u00e1tico, g\u00eanero e ensino de Hist\u00f3ria e g\u00eanero<\/p>\n<p>&nbsp;<\/p>\n<p>&nbsp;<\/p>\n<h2 style=\"text-align: center\"><span style=\"color: #800080\"><strong><span style=\"color: #c20cc2\">PETIANOS ATUAIS\u00a0<\/span><\/strong><\/span><\/h2>\n<h4><span style=\"color: #c20cc2\">Ana Caroline Boscardin de Almeida <\/span><\/h4>\n<p><img loading=\"lazy\" class=\"size-full wp-image-888 alignleft\" src=\"http:\/\/www2.uepg.br\/pet-historia\/wp-content\/uploads\/sites\/141\/2026\/02\/1.png\" alt=\"\" width=\"150\" height=\"210\" \/><\/p>\n<p>e-mail: 25016189@uepg.br<\/p>\n<p>Graduanda do curso de Licenciatura em Hist\u00f3ria. Bolsista do PET-Hist\u00f3ria desde 2025.<\/p>\n<p>&nbsp;<\/p>\n<p>&nbsp;<\/p>\n<p>&nbsp;<\/p>\n<p>&nbsp;<\/p>\n<p>&nbsp;<\/p>\n<h4><a href=\"http:\/\/lattes.cnpq.br\/2403628976766194\"><span style=\"color: #c20cc2\">Brayan Gaud\u00eancio Rocha <\/span><\/a><\/h4>\n<p><img loading=\"lazy\" class=\"alignleft wp-image-781\" src=\"http:\/\/www2.uepg.br\/pet-historia\/wp-content\/uploads\/sites\/141\/2024\/08\/Design-sem-nome-2.png\" alt=\"\" width=\"150\" height=\"210\" \/><\/p>\n<p style=\"text-align: justify\">e-mail: 20003490@uepg.br<\/p>\n<p style=\"text-align: justify\">Graduando do curso de Bacharelado em Hist\u00f3ria. Bolsista do PET-Hist\u00f3ria desde 2023. Volunt\u00e1rio do Programa de Inicia\u00e7\u00e3o Cient\u00edfica (2024-2025), com a pesquisa &#8220;Escarlate, a cor da loucura: Feiticeira Escarlate e as representa\u00e7\u00f5es das mulheres estadunidenses (1985\/1989)&#8221;, orientado pela prof. Dra. Angela Ribeiro Ferreira. Volunt\u00e1rio do Programa de Inicia\u00e7\u00e3o Cient\u00edfica (2025-2026), orientado pela prof. Dra. Janaina de Paula do Esp\u00edrito Santo. Tem interesse na \u00e1rea de Hist\u00f3ria e G\u00eanero, Hist\u00f3ria dos Estados Unidos, Cultura Pop e na utiliza\u00e7\u00e3o de quadrinhos de super-her\u00f3is enquanto fontes hist\u00f3ricas.<\/p>\n<p>&nbsp;<\/p>\n<p>&nbsp;<\/p>\n<h4><a href=\"http:\/\/lattes.cnpq.br\/1550204984548184\"><span style=\"color: #c20cc2\">Bruno Ribeiro Leal\u00a0<\/span><\/a><\/h4>\n<p style=\"text-align: justify\"><img loading=\"lazy\" class=\"size-full wp-image-889 alignleft\" src=\"http:\/\/www2.uepg.br\/pet-historia\/wp-content\/uploads\/sites\/141\/2026\/02\/2.png\" alt=\"\" width=\"150\" height=\"210\" \/>e-mail: 24001990@uepg.br<\/p>\n<p style=\"text-align: justify\">Graduando do curso de Bacharelado em Hist\u00f3ria. Bolsista do PET-Hist\u00f3ria desde 2025. Tem interesse nas \u00e1reas de Hist\u00f3ria Oral e Patrim\u00f4nio Cultural.<\/p>\n<p>&nbsp;<\/p>\n<p>&nbsp;<\/p>\n<p>&nbsp;<\/p>\n<p>&nbsp;<\/p>\n<p>&nbsp;<\/p>\n<h4><a href=\"http:\/\/lattes.cnpq.br\/5360348930062588\"><span style=\"color: #c20cc2\">Deisy Anne Coimbra de Araujo<br \/>\n<\/span><\/a><\/h4>\n<p><img loading=\"lazy\" class=\"size-full wp-image-890 alignleft\" src=\"http:\/\/www2.uepg.br\/pet-historia\/wp-content\/uploads\/sites\/141\/2026\/02\/3.png\" alt=\"\" width=\"150\" height=\"210\" \/>e-mail: 24002190@uepg.br<\/p>\n<p style=\"text-align: justify\">Graduanda do curso de Bacharelado em Hist\u00f3ria. Bolsista do PET-Hist\u00f3ria desde 2025 e do Programa de Forma\u00e7\u00e3o Estudante Empreendedor (PFEE). Atua\u00e7\u00e3o na extens\u00e3o &#8211; Gest\u00e3o de acervos museol\u00f3gicos, arrolamento e cataloga\u00e7\u00e3o do acervo tridimensional do Museu Municipal Aristides Sp\u00f3sito Mans\u00e3o Vila Hilda (2024 &#8211; 2025). Tem interesse nas \u00e1reas de Hist\u00f3ria do Brasil, Hist\u00f3ria e G\u00eanero, Hist\u00f3ria e Oralidade.<\/p>\n<p>&nbsp;<\/p>\n<p>&nbsp;<\/p>\n<p>&nbsp;<\/p>\n<h4><span style=\"color: #c20cc2\">Diana Karoliny Popvavisqui<\/span><\/h4>\n<p><img loading=\"lazy\" class=\"size-full wp-image-785 alignleft\" src=\"http:\/\/www2.uepg.br\/pet-historia\/wp-content\/uploads\/sites\/141\/2024\/08\/3.png\" alt=\"\" width=\"150\" height=\"210\" \/><\/p>\n<p style=\"text-align: justify\">e-mail: 24009389@uepg.br<\/p>\n<p style=\"text-align: justify\">Graduanda do curso de Licenciatura em Hist\u00f3ria. Volunt\u00e1ria do PET-Hist\u00f3ria desde 2024.<\/p>\n<p>&nbsp;<\/p>\n<p>&nbsp;<\/p>\n<p>&nbsp;<\/p>\n<p>&nbsp;<\/p>\n<h4><\/h4>\n<h4><a href=\"http:\/\/lattes.cnpq.br\/6722441057874430\"><span style=\"color: #c20cc2\">Gabriel Rickelme Giebeluka<\/span><\/a><\/h4>\n<p><img loading=\"lazy\" class=\"size-full wp-image-891 alignleft\" src=\"http:\/\/www2.uepg.br\/pet-historia\/wp-content\/uploads\/sites\/141\/2026\/02\/4.png\" alt=\"\" width=\"150\" height=\"210\" \/>e-mail: 24002890@uepg.br<\/p>\n<p style=\"text-align: justify\">Graduando do curso de Bacharelado em Hist\u00f3ria. Bolsista do PET-Hist\u00f3ria desde 2025.<\/p>\n<p>&nbsp;<\/p>\n<p>&nbsp;<\/p>\n<p>&nbsp;<\/p>\n<p>&nbsp;<\/p>\n<p>&nbsp;<\/p>\n<h4><span style=\"color: #c20cc2\">Henrique de Almeida Lopes\u00a0<\/span><\/h4>\n<p><img loading=\"lazy\" class=\"size-full wp-image-892 alignleft\" src=\"http:\/\/www2.uepg.br\/pet-historia\/wp-content\/uploads\/sites\/141\/2026\/02\/5.png\" alt=\"\" width=\"150\" height=\"210\" \/>e-mail:<\/p>\n<p>Graduando do curso de Licenciatura em Hist\u00f3ria. Bolsista do PET-Hist\u00f3ria desde 2025.<\/p>\n<p>&nbsp;<\/p>\n<p>&nbsp;<\/p>\n<p>&nbsp;<\/p>\n<p>&nbsp;<\/p>\n<p>&nbsp;<\/p>\n<h4><a href=\"https:\/\/lattes.cnpq.br\/8286474176432080\"><span style=\"color: #c20cc2\">Kamila Leal de Paula\u00a0<\/span><\/a><\/h4>\n<p><img loading=\"lazy\" class=\"size-full wp-image-893 alignleft\" src=\"http:\/\/www2.uepg.br\/pet-historia\/wp-content\/uploads\/sites\/141\/2026\/02\/6.png\" alt=\"\" width=\"150\" height=\"210\" \/>e-mail: 25019289@uepg.br<\/p>\n<p>Graduanda do curso de Licenciatura em Hist\u00f3ria. Bolsista do PET-Hist\u00f3ria desde 2025.<\/p>\n<h4><\/h4>\n<p>&nbsp;<\/p>\n<p>&nbsp;<\/p>\n<p>&nbsp;<\/p>\n<p>&nbsp;<\/p>\n<h4><span style=\"color: #c20cc2\">Larissa Schnaider da Silva<\/span><\/h4>\n<p><span style=\"color: #c20cc2\"><span style=\"color: #000000\"><img loading=\"lazy\" class=\"size-full wp-image-894 alignleft\" src=\"http:\/\/www2.uepg.br\/pet-historia\/wp-content\/uploads\/sites\/141\/2026\/02\/7.png\" alt=\"\" width=\"150\" height=\"210\" \/>e-mail: 25019589@uepg.br<\/span><\/span><\/p>\n<p><span style=\"color: #000000\">Graduanda do curso de Licenciatura em Hist\u00f3ria. Bolsista do PET-Hist\u00f3ria desde 2025.<\/span><\/p>\n<p>&nbsp;<\/p>\n<p>&nbsp;<\/p>\n<p>&nbsp;<\/p>\n<p>&nbsp;<\/p>\n<p>&nbsp;<\/p>\n<h4><span style=\"color: #c20cc2\">Manuela de Oliveira Marcondes\u00a0<\/span><\/h4>\n<p><img loading=\"lazy\" class=\"size-full wp-image-794 alignleft\" src=\"http:\/\/www2.uepg.br\/pet-historia\/wp-content\/uploads\/sites\/141\/2024\/08\/12.png\" alt=\"\" width=\"150\" height=\"210\" \/><\/p>\n<p style=\"text-align: justify\">e<span data-ccp-props=\"{&quot;201341983&quot;:0,&quot;335559685&quot;:708,&quot;335559739&quot;:160,&quot;335559740&quot;:259}\">-mail: 23000590@uepg.br<\/span><\/p>\n<p style=\"text-align: justify\">Graduanda do curso de Bacharelado em Hist\u00f3ria. Bolsista do PET-Hist\u00f3ria desde 2023. Volunt\u00e1ria do Programa de Inicia\u00e7\u00e3o Cient\u00edfica (2024-2025), com a pesquisa &#8220;Maternidade e tradi\u00e7\u00e3o: Representa\u00e7\u00f5es no filme Red: Crescer \u00e9 uma Fera&#8221;, orientada pela prof. Dra. Georgiane Garabely Heil V\u00e1zquez. Volunt\u00e1ria do Programa de Inicia\u00e7\u00e3o Cient\u00edfica (2025-2026), orientada pela prof. Dra. Janaina de Paula do Esp\u00edrito Santo. Tem interesse em pesquisas de anima\u00e7\u00f5es enquanto fontes hist\u00f3ricas.<\/p>\n<p>&nbsp;<\/p>\n<p style=\"text-align: justify\"><span data-contrast=\"auto\">\u00a0<\/span><\/p>\n<h4><span style=\"color: #c20cc2\">Ronald Silva dos Santos<\/span><\/h4>\n<p><img loading=\"lazy\" class=\"size-full wp-image-895 alignleft\" src=\"http:\/\/www2.uepg.br\/pet-historia\/wp-content\/uploads\/sites\/141\/2026\/02\/8.png\" alt=\"\" width=\"150\" height=\"210\" \/>e-mail: 25022989@uepg.br<\/p>\n<p><span style=\"color: #c20cc2\"><span style=\"color: #000000\">Graduando do curso de Licenciatura em Hist\u00f3ria. Bolsista do PET-Hist\u00f3ria, desde 2025<\/span><\/span><span style=\"color: #c20cc2\"><span style=\"color: #000000\">.<\/span><\/span><\/p>\n","protected":false},"excerpt":{"rendered":"<p>Os cursos de Hist\u00f3ria da UEPG s\u00e3o uns dos mais antigos da institui\u00e7\u00e3o, com origem na Faculdade de Filosofia, Ci\u00eancias e Letras de Ponta Grossa. Com a cria\u00e7\u00e3o da Universidade Estadual de Ponta Grossa (UEPG), em 1969, se d\u00e1 o processo de departamentaliza\u00e7\u00e3o\u00a0dos cursos. Desde ent\u00e3o o Departamento de Hist\u00f3ria (DEHIS) integra o Setor de&nbsp;&hellip;<\/p>\n","protected":false},"author":204,"featured_media":695,"parent":0,"menu_order":0,"comment_status":"closed","ping_status":"closed","template":"","meta":[],"_links":{"self":[{"href":"https:\/\/www2.uepg.br\/pet-historia\/wp-json\/wp\/v2\/pages\/44"}],"collection":[{"href":"https:\/\/www2.uepg.br\/pet-historia\/wp-json\/wp\/v2\/pages"}],"about":[{"href":"https:\/\/www2.uepg.br\/pet-historia\/wp-json\/wp\/v2\/types\/page"}],"author":[{"embeddable":true,"href":"https:\/\/www2.uepg.br\/pet-historia\/wp-json\/wp\/v2\/users\/204"}],"replies":[{"embeddable":true,"href":"https:\/\/www2.uepg.br\/pet-historia\/wp-json\/wp\/v2\/comments?post=44"}],"version-history":[{"count":88,"href":"https:\/\/www2.uepg.br\/pet-historia\/wp-json\/wp\/v2\/pages\/44\/revisions"}],"predecessor-version":[{"id":887,"href":"https:\/\/www2.uepg.br\/pet-historia\/wp-json\/wp\/v2\/pages\/44\/revisions\/887"}],"wp:featuredmedia":[{"embeddable":true,"href":"https:\/\/www2.uepg.br\/pet-historia\/wp-json\/wp\/v2\/media\/695"}],"wp:attachment":[{"href":"https:\/\/www2.uepg.br\/pet-historia\/wp-json\/wp\/v2\/media?parent=44"}],"curies":[{"name":"wp","href":"https:\/\/api.w.org\/{rel}","templated":true}]}}