{"id":46,"date":"2020-08-31T17:54:44","date_gmt":"2020-08-31T20:54:44","guid":{"rendered":"http:\/\/www2.uepg.br\/pet-historia\/?page_id=46"},"modified":"2026-02-11T16:55:03","modified_gmt":"2026-02-11T19:55:03","slug":"nossa-historia","status":"publish","type":"page","link":"https:\/\/www2.uepg.br\/pet-historia\/nossa-historia\/","title":{"rendered":"Historiando PET"},"content":{"rendered":"<h1 style=\"text-align: center\"><strong><img loading=\"lazy\" class=\"alignnone wp-image-708\" src=\"http:\/\/www2.uepg.br\/pet-historia\/wp-content\/uploads\/sites\/141\/2024\/03\/Logo-PET-.jpg\" alt=\"\" width=\"466\" height=\"350\" \/><\/strong><\/h1>\n<h1 style=\"text-align: center\"><span style=\"color: #c20cc2\"><strong>HISTORIANDO O PET\u00a0<\/strong><\/span><\/h1>\n<p style=\"text-align: justify\">Assim como a <em>&#8220;Hist\u00f3ria \u00e9 feita de pessoas&#8221;<\/em> a hist\u00f3ria do nosso PET\u00a0 tamb\u00e9m \u00e9, sendo composta por v\u00e1rios nomes e rostos o <em>&#8220;Historiando PET&#8221;<\/em> \u00e9 uma homenagem para todos que fizeram parte dessa trajet\u00f3ria de dez anos de dedica\u00e7\u00e3o, empenho, amor pelo aprendizado e de resist\u00eancia.<\/p>\n<p style=\"text-align: justify\">O projeto historiando teve seu in\u00edcio no ano de 2020 com a inten\u00e7\u00e3o de homenagear o grupo PET Hist\u00f3ria UEPG pelos seus 10 anos de exist\u00eancia. Aqui est\u00e3o todos os respons\u00e1veis pela exist\u00eancia do PET (tutores e alunos) e os nossos projetos, desde os finalizados at\u00e9 alguns em desenvolvimento.\u00a0 Mantendo um lugarzinho reservado \u00e0 todos que j\u00e1 fizeram parte da nossa hist\u00f3ria.<\/p>\n<p>&nbsp;<\/p>\n<h2 style=\"text-align: center\"><span style=\"color: #c20cc2\"><strong>SURGIMENTO DO PET HIST\u00d3RIA UEPG<\/strong><\/span><\/h2>\n<p style=\"text-align: justify\"><img loading=\"lazy\" class=\" wp-image-403 alignleft\" src=\"http:\/\/www2.uepg.br\/pet-historia\/wp-content\/uploads\/sites\/141\/2021\/03\/unnamed-240x300.jpg\" alt=\"\" width=\"150\" height=\"188\" srcset=\"https:\/\/www2.uepg.br\/pet-historia\/wp-content\/uploads\/sites\/141\/2021\/03\/unnamed-240x300.jpg 240w, https:\/\/www2.uepg.br\/pet-historia\/wp-content\/uploads\/sites\/141\/2021\/03\/unnamed.jpg 410w\" sizes=\"(max-width: 150px) 100vw, 150px\" \/>Foi em 2010 que o Minist\u00e9rio da Educa\u00e7\u00e3o, atrav\u00e9s da Secretaria de Educa\u00e7\u00e3o Superior e da Secretaria de Educa\u00e7\u00e3o Continuada, Alfabetiza\u00e7\u00e3o e Diversidade, tornou p\u00fablico o resultado do Edital n\u00ba 09 SESu\/SECAD referente a cria\u00e7\u00e3o dos novos grupos PET. Foi com essa publica\u00e7\u00e3o que o PET Hist\u00f3ria UEPG teve seu inicio, tendo o Doutor Professor Luiz Fernando Cerri como o primeiro tutor. Confira o edital <a href=\"http:\/\/portal.mec.gov.br\/index.php?option=com_docman&amp;view=download&amp;alias=7138-publicacao-resultado-final-edital-pet2010-301110&amp;category_slug=novembro-2010-pdf&amp;Itemid=30192\" target=\"_blank\" rel=\"noopener\">aqui<\/a>.<\/p>\n<p style=\"text-align: justify\"><img loading=\"lazy\" class=\"wp-image-356 alignright\" src=\"http:\/\/www2.uepg.br\/pet-historia\/wp-content\/uploads\/sites\/141\/2021\/03\/logo-1-copia.jpg\" alt=\"\" width=\"200\" height=\"258\" \/>O PET Hist\u00f3ria UEPG consiste num programa de atividades de forma\u00e7\u00e3o, centrado na produ\u00e7\u00e3o compartilhada de conhecimento sobre a hist\u00f3ria comunit\u00e1ria, local e regional, a produ\u00e7\u00e3o de m\u00eddias e espa\u00e7os para divulga\u00e7\u00e3o cient\u00edfica dos conhecimentos e sua utiliza\u00e7\u00e3o did\u00e1tica na educa\u00e7\u00e3o p\u00fablica e comunit\u00e1ria. \u00c9 formado por alunos de todas as s\u00e9ries dos Cursos de Licenciatura e Bacharelado em Hist\u00f3ria e por um professor (tutor) do Departamento de Hist\u00f3ria, que exerce a fun\u00e7\u00e3o de orientador das atividades. Os resultados dessas atividades dever\u00e3o suprir as demandas de forma\u00e7\u00e3o dos graduandos em Hist\u00f3ria dos cursos da UEPG, ao mesmo tempo em que suprem necessidades de conhecimento da Rede P\u00fablica Municipal Estadual de Educa\u00e7\u00e3o, bem como de entidades comunit\u00e1rias, movimentos sociais e culturais em Ponta Grossa e na regi\u00e3o de abrang\u00eancia da UEPG.<\/p>\n<p style=\"text-align: justify\">O PET Hist\u00f3ria j\u00e1 atuou e tem atuado em escolas p\u00fablicas, algumas delas rurais, comunidades quilombolas, bairros populares, assentamentos de trabalhadores rurais, sempre buscando criar e refor\u00e7ar os v\u00ednculos entre a Universidade e a Comunidade. Atua tamb\u00e9m dentro da universidade, promovendo clubes de leitura e CineDebates, bem como recepcionando e instruindo os novos acad\u00eamicos do curso, al\u00e9m de outras atividades.<\/p>\n<p style=\"text-align: justify\">Os projetos seguem os tr\u00eas pilares fundamentais da universidade: pesquisa, ensino e extens\u00e3o. Promovendo atividades que ampliam os debates feitos nas salas de aula ou promovendo atividades complementares, buscando ampliar e diversificar o curr\u00edculo dos alunos (integrantes ou n\u00e3o do PET), al\u00e9m de possibilitar um dialogo com a comunidade.<\/p>\n<p style=\"text-align: justify\">O V Ciclo de Semin\u00e1rios em Did\u00e1tica da Hist\u00f3ria, em julho de 2011, foi um dos primeiros projetos do PET Hist\u00f3ria, no qual participou da organiza\u00e7\u00e3o e das atividades, junto com o Grupo de Estudos em Did\u00e1tica da Hist\u00f3ria (GEDHI), tendo como tema <em>&#8220;Hist\u00f3ria recente e identidades no MERCOSUL&#8221;.<\/em>(<a href=\"https:\/\/get.google.com\/albumarchive\/103078464453428264103\/album\/AF1QipOACA5-u1FmsFYmndT0sh0qiszgk-7UHotGP3AA?feat=embedwebsite\" target=\"_blank\" rel=\"noopener\">Clique aqui para ver o \u00e1lbum completo<\/a>)<img loading=\"lazy\" class=\"wp-image-407 aligncenter\" src=\"http:\/\/www2.uepg.br\/pet-historia\/wp-content\/uploads\/sites\/141\/2021\/03\/DSC_1965-300x137.jpg\" alt=\"\" width=\"501\" height=\"229\" srcset=\"https:\/\/www2.uepg.br\/pet-historia\/wp-content\/uploads\/sites\/141\/2021\/03\/DSC_1965-300x137.jpg 300w, https:\/\/www2.uepg.br\/pet-historia\/wp-content\/uploads\/sites\/141\/2021\/03\/DSC_1965-768x350.jpg 768w, https:\/\/www2.uepg.br\/pet-historia\/wp-content\/uploads\/sites\/141\/2021\/03\/DSC_1965.jpg 1024w\" sizes=\"(max-width: 501px) 100vw, 501px\" \/><\/p>\n<p>&nbsp;<\/p>\n<p style=\"text-align: justify\">Entre as outras atividades realizadas pelo PET em sua primeira tutoria podemos citar:<\/p>\n<p style=\"text-align: justify\">Visita ao Parque Hist\u00f3rico de Carambe\u00ed;<\/p>\n<p style=\"text-align: justify\"><img loading=\"lazy\" class=\"wp-image-431 aligncenter\" src=\"http:\/\/www2.uepg.br\/pet-historia\/wp-content\/uploads\/sites\/141\/2021\/03\/DSC01695-300x225.jpg\" alt=\"\" width=\"583\" height=\"437\" srcset=\"https:\/\/www2.uepg.br\/pet-historia\/wp-content\/uploads\/sites\/141\/2021\/03\/DSC01695-300x225.jpg 300w, https:\/\/www2.uepg.br\/pet-historia\/wp-content\/uploads\/sites\/141\/2021\/03\/DSC01695.jpg 640w\" sizes=\"(max-width: 583px) 100vw, 583px\" \/><\/p>\n<p>&nbsp;<\/p>\n<p style=\"text-align: justify\">E a participa\u00e7\u00e3o na organiza\u00e7\u00e3o da Semana da Consci\u00eancia Negra.<br \/>\n<span style=\"font-weight: 400\"><img loading=\"lazy\" class=\" wp-image-430 aligncenter\" src=\"http:\/\/www2.uepg.br\/pet-historia\/wp-content\/uploads\/sites\/141\/2021\/03\/P1030510-300x225.jpg\" alt=\"\" width=\"617\" height=\"463\" srcset=\"https:\/\/www2.uepg.br\/pet-historia\/wp-content\/uploads\/sites\/141\/2021\/03\/P1030510-300x225.jpg 300w, https:\/\/www2.uepg.br\/pet-historia\/wp-content\/uploads\/sites\/141\/2021\/03\/P1030510.jpg 320w\" sizes=\"(max-width: 617px) 100vw, 617px\" \/><\/span><\/p>\n<p>&nbsp;<\/p>\n<p style=\"text-align: justify\">Confira a lista completa de atividades realizadas pelo PET Hist\u00f3ria em 2011 <a href=\"https:\/\/docs.google.com\/document\/d\/1ZSiiFH2LmS6MaWuyF2-Amtg5OFAhTDPD_u3mnbp2S_Y\/edit\" target=\"_blank\" rel=\"noopener\">clicando aqui<\/a>.<\/p>\n<p style=\"text-align: justify\"><strong><img loading=\"lazy\" class=\"size-medium wp-image-404 alignleft\" src=\"http:\/\/www2.uepg.br\/pet-historia\/wp-content\/uploads\/sites\/141\/2021\/03\/capa-212x300.jpg\" alt=\"\" width=\"212\" height=\"300\" srcset=\"https:\/\/www2.uepg.br\/pet-historia\/wp-content\/uploads\/sites\/141\/2021\/03\/capa-212x300.jpg 212w, https:\/\/www2.uepg.br\/pet-historia\/wp-content\/uploads\/sites\/141\/2021\/03\/capa-724x1024.jpg 724w, https:\/\/www2.uepg.br\/pet-historia\/wp-content\/uploads\/sites\/141\/2021\/03\/capa-768x1086.jpg 768w, https:\/\/www2.uepg.br\/pet-historia\/wp-content\/uploads\/sites\/141\/2021\/03\/capa-763x1080.jpg 763w, https:\/\/www2.uepg.br\/pet-historia\/wp-content\/uploads\/sites\/141\/2021\/03\/capa.jpg 984w\" sizes=\"(max-width: 212px) 100vw, 212px\" \/>Histo\u00c9<\/strong> foi o boletim elaborado pelo grupo PET Hist\u00f3ria UEPG e distribu\u00eddo aos alunos de licenciatura e bacharelado em Hist\u00f3ria. Publicado pela primeira vez em 9 de maio de 2013, atuava como um pequeno jornal apresentando um pouco sobre o pr\u00f3prio grupo, os editais de inicia\u00e7\u00e3o cientifica e um pouco sobre os professores para que os alunos interessados em pesquisa pudessem se preparar, al\u00e9m de divulgar eventos e comentar temas como politica, defesa do ensino e da pesquisa al\u00e9m de apresentar um pouco das pesquisas dos Petianos.<\/p>\n<p style=\"text-align: justify\">Confira as primeiras edi\u00e7\u00f5es da Histo\u00c9\u00a0 ( <a href=\"https:\/\/docs.google.com\/file\/d\/0B_i4bU1MqAMGSkJGQkotRFo4VnM\/edit\" target=\"_blank\" rel=\"noopener\">Primeira edi\u00e7\u00e3o<\/a> &amp;<a href=\"https:\/\/docs.google.com\/file\/d\/0B_i4bU1MqAMGMl9FOTFsT1RSWmM\/edit\" target=\"_blank\" rel=\"noopener\"> Segunda edi\u00e7\u00e3o<\/a>)<\/p>\n<p style=\"text-align: justify\">Uma das primeiras atividades realizadas pelo grupo PET Hist\u00f3ria da UEPG, das quais temos registradas, foi a visita, no dia 12 de junho de 2013, a Casa Familiar Rural (CFR), na cidade de Reserva &#8211; PR, e o assentamento Guanabara, vinculado ao Movimento dos Sem Terra (MST) em Imba\u00fa &#8211; PR. A CFR trabalha com filhos de pequenos agricultores e assentados da reforma agr\u00e1ria na regi\u00e3o, por meio da pedagogia da altern\u00e2ncia. Leia a mat\u00e9ria completa no <a href=\"http:\/\/pethistoriauepg.blogspot.com\/\" target=\"_blank\" rel=\"noopener\">site original do PET<\/a>.<\/p>\n<p><img loading=\"lazy\" class=\"wp-image-428 aligncenter\" src=\"http:\/\/www2.uepg.br\/pet-historia\/wp-content\/uploads\/sites\/141\/2021\/03\/Foto0004-300x225.jpg\" alt=\"\" width=\"400\" height=\"300\" srcset=\"https:\/\/www2.uepg.br\/pet-historia\/wp-content\/uploads\/sites\/141\/2021\/03\/Foto0004-300x225.jpg 300w, https:\/\/www2.uepg.br\/pet-historia\/wp-content\/uploads\/sites\/141\/2021\/03\/Foto0004-1024x768.jpg 1024w, https:\/\/www2.uepg.br\/pet-historia\/wp-content\/uploads\/sites\/141\/2021\/03\/Foto0004-768x576.jpg 768w, https:\/\/www2.uepg.br\/pet-historia\/wp-content\/uploads\/sites\/141\/2021\/03\/Foto0004-1536x1152.jpg 1536w, https:\/\/www2.uepg.br\/pet-historia\/wp-content\/uploads\/sites\/141\/2021\/03\/Foto0004-1232x924.jpg 1232w, https:\/\/www2.uepg.br\/pet-historia\/wp-content\/uploads\/sites\/141\/2021\/03\/Foto0004-1440x1080.jpg 1440w, https:\/\/www2.uepg.br\/pet-historia\/wp-content\/uploads\/sites\/141\/2021\/03\/Foto0004.jpg 1600w\" sizes=\"(max-width: 400px) 100vw, 400px\" \/><\/p>\n<p>&nbsp;<\/p>\n<p>&nbsp;<\/p>\n<h2 style=\"text-align: center\"><span style=\"color: #c20cc2\"><strong>TUTORES<\/strong><\/span><\/h2>\n<h4><span style=\"color: #c20cc2\"><strong>\u00a0<\/strong><a style=\"color: #c20cc2\" href=\"http:\/\/buscatextual.cnpq.br\/buscatextual\/visualizacv.do?id=K4791435E2\" target=\"_blank\" rel=\"noopener\"><strong>Luiz Fernando Cerri <\/strong><\/a><\/span><\/h4>\n<p style=\"text-align: justify\"><img loading=\"lazy\" class=\" wp-image-437 alignleft\" src=\"http:\/\/www2.uepg.br\/pet-historia\/wp-content\/uploads\/sites\/141\/2021\/03\/download-2.jpg\" alt=\"\" width=\"170\" height=\"170\" srcset=\"https:\/\/www2.uepg.br\/pet-historia\/wp-content\/uploads\/sites\/141\/2021\/03\/download-2.jpg 200w, https:\/\/www2.uepg.br\/pet-historia\/wp-content\/uploads\/sites\/141\/2021\/03\/download-2-150x150.jpg 150w\" sizes=\"(max-width: 170px) 100vw, 170px\" \/>Possui gradua\u00e7\u00e3o em Hist\u00f3ria (1992), mestrado (1996) e doutorado (2000) em Educa\u00e7\u00e3o pela Universidade Estadual de Campinas. \u00c9 professor associado no Departamento de Hist\u00f3ria da Universidade Estadual de Ponta Grossa. Atua no mestrado acad\u00eamico de Hist\u00f3ria da UEPG e na Maestr\u00eda en Ense\u00f1anza de la Historia da UNTREF e da UNR (Argentina). Tem experi\u00eancia na \u00e1rea de Hist\u00f3ria, com \u00eanfase em ensino de Hist\u00f3ria, atuando principalmente nos seguintes temas: cultura hist\u00f3rica, did\u00e1tica da hist\u00f3ria, consci\u00eancia hist\u00f3rica, identidade social, ensino de hist\u00f3ria. \u00c9 l\u00edder do Grupo de Estudos em Did\u00e1tica da Hist\u00f3ria (GEDHI) desde 2003 e vide-coordenador do Mestrado Acad\u00eamico em Hist\u00f3ria da UEPG. Foi presidente da ANPUH-Paran\u00e1 (2006-2008), membro da coordena\u00e7\u00e3o do GT de Ensino de Hist\u00f3ria da ANPUH Brasil (2007-2009), membro da diretoria da ANPUH Brasil (2009-2011) e presidente da Associa\u00e7\u00e3o Brasileira de Pesquisa em Ensino de Hist\u00f3ria (mandato 2019-2021 e 2022-2023).<\/p>\n<p>&nbsp;<\/p>\n<p>&nbsp;<\/p>\n<h4><span style=\"color: #c20cc2\"><a style=\"color: #c20cc2\" href=\"http:\/\/buscatextual.cnpq.br\/buscatextual\/visualizacv.do?id=K4767724H8\" target=\"_blank\" rel=\"noopener\"><strong>Rosangela Maria Silva Petuba<\/strong><\/a><\/span><\/h4>\n<p style=\"text-align: justify\"><img loading=\"lazy\" class=\"wp-image-438 alignleft\" src=\"http:\/\/www2.uepg.br\/pet-historia\/wp-content\/uploads\/sites\/141\/2021\/03\/70b69a44-b318-4726-ad8a-2fb478a933b8-300x300.jpg\" alt=\"\" width=\"170\" height=\"170\" srcset=\"https:\/\/www2.uepg.br\/pet-historia\/wp-content\/uploads\/sites\/141\/2021\/03\/70b69a44-b318-4726-ad8a-2fb478a933b8-300x300.jpg 300w, https:\/\/www2.uepg.br\/pet-historia\/wp-content\/uploads\/sites\/141\/2021\/03\/70b69a44-b318-4726-ad8a-2fb478a933b8-150x150.jpg 150w, https:\/\/www2.uepg.br\/pet-historia\/wp-content\/uploads\/sites\/141\/2021\/03\/70b69a44-b318-4726-ad8a-2fb478a933b8.jpg 720w\" sizes=\"(max-width: 170px) 100vw, 170px\" \/>Possui Bacharelado e Licenciatura Plena em Hist\u00f3ria (1997) e Mestrado em Hist\u00f3ria Social (2001) pela Universidade Federal de Uberl\u00e2ndia e Doutorado em Hist\u00f3ria Cultural pela Universidade Federal de Santa Catarina. Atualmente \u00e9 Professora Associada da Universidade Estadual de Ponta Grossa. Possui experi\u00eancia na \u00e1rea de Hist\u00f3ria, com \u00eanfase em Historia Social do Trabalho e Movimentos Sociais etambem desenvolve estudos na \u00e1rea de Cinema Brasileiro atuando principalmente nos seguintes temas: trabalhadores rurais e urbanos, cidade, ferrovia e fontes orais e cinema na investiga\u00e7\u00e3o em hist\u00f3ria social.<\/p>\n<p>&nbsp;<\/p>\n<p>&nbsp;<\/p>\n<h4><span style=\"color: #c20cc2\"><strong><a style=\"color: #c20cc2\" href=\"http:\/\/buscatextual.cnpq.br\/buscatextual\/visualizacv.do?id=K4794564Y1\" target=\"_blank\" rel=\"noopener\">Robson Laverdi<\/a><\/strong><\/span><\/h4>\n<p style=\"text-align: justify\"><img loading=\"lazy\" class=\" wp-image-439 alignleft\" src=\"http:\/\/www2.uepg.br\/pet-historia\/wp-content\/uploads\/sites\/141\/2021\/03\/robson.jpg\" alt=\"\" width=\"170\" height=\"170\" srcset=\"https:\/\/www2.uepg.br\/pet-historia\/wp-content\/uploads\/sites\/141\/2021\/03\/robson.jpg 200w, https:\/\/www2.uepg.br\/pet-historia\/wp-content\/uploads\/sites\/141\/2021\/03\/robson-150x150.jpg 150w\" sizes=\"(max-width: 170px) 100vw, 170px\" \/>Bacharel e licenciado em Hist\u00f3ria pela Universidade Federal de Uberl\u00e2ndia-UFU (1995), mestre em Hist\u00f3ria Social pela Pontif\u00edcia Universidade Cat\u00f3lica de S\u00e3o Paulo-PUC\/SP (1998) e doutor em Hist\u00f3ria Social pela Universidade Federal Fluminense-UFF (2003). Realizou est\u00e1gio de p\u00f3s-doutorado em Hist\u00f3ria Cultural pela Universidade Federal de Santa Catarina-UFSC (2010). Entre os anos 1997 e 2012 foi professor da Universidade Estadual do Oeste do Paran\u00e1-UNIOESTE. Hoje \u00e9 professor do Departamento de Hist\u00f3ria da Universidade Estadual de Ponta Grossa-UEPG. Coordena o Laborat\u00f3rio de Pesquisa Mem\u00f3ria, Cultura e Natureza. Desde 2013 desenvolve pesquisa continuada sobre Mem\u00f3ria, Oralidade e Cultura Ordin\u00e1ria. \u00c9 s\u00f3cio da Associa\u00e7\u00e3o Brasileira de Hist\u00f3ria Oral desde 2007, tendo feito parte de sua diretoria na gest\u00e3o 2012-2014; e desde 2010 da Red Latino-americana de Hist\u00f3ria Oral. Desenvolveu atividades como professor visitante na Universidad Nacional de San Juan Bosco (Patag\u00f4nia\/Argentina, 2008), na Universidad de Buenos (Argentina, 2009), Univesidad de la Rep\u00fablica (Uruguai, 2014). Professor pesquisador convidado da C\u00e1tedra UNESCO\/UFGD G\u00eanero, Diversidade Cultural e Fronteiras (Desde 2014).<\/p>\n<p>&nbsp;<\/p>\n<h4><span style=\"color: #c20cc2\"><strong><a style=\"color: #c20cc2\" href=\"http:\/\/buscatextual.cnpq.br\/buscatextual\/visualizacv.do?id=K4790634U4\" target=\"_blank\" rel=\"noopener\">Alessandra Izabel de Carvalho<\/a>\u00a0<\/strong><\/span><\/h4>\n<p style=\"text-align: justify\"><img loading=\"lazy\" class=\"wp-image-440 alignleft\" src=\"http:\/\/www2.uepg.br\/pet-historia\/wp-content\/uploads\/sites\/141\/2021\/03\/43ab39d9-7c4e-44a9-90de-de0fe64c522a-300x300.jpg\" alt=\"\" width=\"170\" height=\"170\" srcset=\"https:\/\/www2.uepg.br\/pet-historia\/wp-content\/uploads\/sites\/141\/2021\/03\/43ab39d9-7c4e-44a9-90de-de0fe64c522a-300x300.jpg 300w, https:\/\/www2.uepg.br\/pet-historia\/wp-content\/uploads\/sites\/141\/2021\/03\/43ab39d9-7c4e-44a9-90de-de0fe64c522a-150x150.jpg 150w, https:\/\/www2.uepg.br\/pet-historia\/wp-content\/uploads\/sites\/141\/2021\/03\/43ab39d9-7c4e-44a9-90de-de0fe64c522a.jpg 480w\" sizes=\"(max-width: 170px) 100vw, 170px\" \/>Bacharel, licenciada e mestre em Hist\u00f3ria pela Universidade Federal do Paran\u00e1 e doutora em Hist\u00f3ria pela Universidade Estadual de Campinas. Professora associada do Departamento Hist\u00f3ria (UEPG). Coordenadora do Programa de P\u00f3s-Gradua\u00e7\u00e3o em Hist\u00f3ria (Mestrado) da Universidade Estadual de Ponta Grossa entre 2018-2021 e entre 2023-2025. Editora da Revista de Hist\u00f3ria Regional (RHR). Coordenadora do N\u00facleo\/Laborat\u00f3rio de pesquisas Mem\u00f3ria, Cultura e Natureza. Tutora do PET Hist\u00f3ria Ambi\u00eancias e Sensibilidades (DEHIS\/UEPG) entre 2017-2022. Coordenadora do grupo de pesquisa do CNPq Hist\u00f3ria, Cultura e Natureza. Membra da SOLCHA &#8211; Sociedade Latino Americana e Caribenha de Hist\u00f3ria Ambiental. Pesquisadora desta \u00e1rea, com \u00eanfase nas intera\u00e7\u00f5es entre pessoas e montanhas, hist\u00f3ria das florestas com arauc\u00e1ria e sistemas tradicionais e agroecol\u00f3gicos de produ\u00e7\u00e3o da erva mate.<\/p>\n<p>&nbsp;<\/p>\n<h4><strong><span style=\"color: #c20cc2\"><a style=\"color: #c20cc2\" href=\"http:\/\/lattes.cnpq.br\/6859254801887234\">Georgiane Garabely Heil V\u00e1zquez<\/a><\/span><\/strong><\/h4>\n<p><img loading=\"lazy\" class=\"alignleft wp-image-706\" src=\"http:\/\/www2.uepg.br\/pet-historia\/wp-content\/uploads\/sites\/141\/2024\/03\/Dehis-do-bem-Copia-2.jpg\" alt=\"\" width=\"149\" height=\"210\" \/><\/p>\n<p style=\"text-align: justify\">Professora Adjunta do Departamento de Hist\u00f3ria da Universidade Estadual de Ponta Grossa- UEPG e professora dos Programas de P\u00f3s-Gradua\u00e7\u00e3o &#8211; Mestrado Acad\u00eamico &#8211; Hist\u00f3ria, Cultura e Identidades (PPGH\/UEPG) e no Mestrado Profissional em Ensino de Hist\u00f3ria (PROFHIST\u00d3RIA-UEPG). \u00c9 licenciada em Hist\u00f3ria pela Universidade Estadual de Ponta Grossa (2002), Doutora (2015) e Mestra (2005) em Hist\u00f3ria pela Universidade Federal do Paran\u00e1- UFPR, com pesquisas na \u00e1rea de Estudos de G\u00eanero. Tutora respons\u00e1vel pelo Programa de Educa\u00e7\u00e3o Tutorial do grupo PET Hist\u00f3ria UEPG (Educa\u00e7\u00e3o e Diversidade). L\u00edder no grupo Laborat\u00f3rio de Estudos de G\u00eanero, Diversidade, Inf\u00e2ncia e Subjetividades (LAGEDIS\/CNPq), da Universidade Estadual de Ponta Grossa e pesquisadora vinculada ao grupo Hist\u00f3ria da assist\u00eancia \u00e0 sa\u00fade COC\/FIOCRUZ\/CNPq. Desenvolve pesquisas vinculadas aos debates sobre Estudos de G\u00eanero, Hist\u00f3ria das Mulheres, Medicina e Cultura, Hist\u00f3ria da Medicina, Maternidade, Mem\u00f3rias, Sexualidades e Diversidade.<\/p>\n<p>&nbsp;<\/p>\n<h4><strong><span style=\"color: #c20cc2\"><a style=\"color: #c20cc2\" href=\"http:\/\/lattes.cnpq.br\/3848461237618025\">Angela Ribeiro Ferreira<\/a><\/span><\/strong><\/h4>\n<p><img loading=\"lazy\" class=\"alignleft wp-image-707\" src=\"http:\/\/www2.uepg.br\/pet-historia\/wp-content\/uploads\/sites\/141\/2024\/03\/eu.jpeg\" alt=\"\" width=\"150\" height=\"210\" \/><\/p>\n<p class=\"resumo\" style=\"text-align: justify\">Doutora e Mestre em Educa\u00e7\u00e3o pela Universidade Estadual de Ponta Grossa. Especialista em Hist\u00f3ria e Cultura pela UEPG. Graduada em Licenciatura em Hist\u00f3ria. Atualmente \u00e9 Professora Adjunta do Departamento de Hist\u00f3ria da Universidade Estadual de Ponta Grossa. Atua como professora na \u00e1rea de Pr\u00e1tica de Ensino de Hist\u00f3ria e Est\u00e1gio Supervisionado em Hist\u00f3ria, Professora no Mestrado Profissional em Ensino de Hist\u00f3ria &#8211; PROFHIST\u00d3RIA-UEPG\/UFRJ. Vice-coordenadora ProfHist\u00f3ria de 2016-2021, Coordenadora do ProfHist\u00f3ria 2021-2023, Vice-Coordenadora ProfHist\u00f3ria 2023-2025. \u00c9 L\u00edder do Laborat\u00f3rio de Estudos de G\u00eanero, Diversidade, Inf\u00e2ncia e Subjetividades &#8211; LAGEDIS (CNPq). Vice-L\u00edder do Laborat\u00f3rio de Estudos sobre Forma\u00e7\u00e3o de Professores e Ensino de Hist\u00f3ria &#8211; LEFOPEH (CNPq). Co-Tutora do PET &#8211; Programa de Educa\u00e7\u00e3o Tutorial de Hist\u00f3ria: Educa\u00e7\u00e3o e Diversidade. Coordenadora de \u00c1rea do PIBID-Hist\u00f3ria\/UEPG. A pesquisa e a produ\u00e7\u00e3o atual est\u00e1 em torno da \u00e1rea de forma\u00e7\u00e3o de professores de hist\u00f3ria, curr\u00edculo, ensino de hist\u00f3ria, livro did\u00e1tico, g\u00eanero e ensino de Hist\u00f3ria e g\u00eanero.<span class=\"texto\">\u00a0<\/span><\/p>\n<p>&nbsp;<\/p>\n<p>&nbsp;<\/p>\n<h2 style=\"text-align: center\"><span style=\"color: #c20cc2\"><strong>LISTA DE DEPETIANOS QUE J\u00c1 FIZERAM PARTE DA NOSSA HIST\u00d3RIA<\/strong><\/span><\/h2>\n<table>\n<tbody>\n<tr>\n<td width=\"227\">\n<p style=\"text-align: center\"><strong>Nome dos Petianos<\/strong><\/p>\n<\/td>\n<td style=\"text-align: center\" width=\"189\"><strong>Dia de entrada<\/strong><\/td>\n<td width=\"189\">\n<p style=\"text-align: center\"><strong>Dia de sa\u00edda<\/strong><\/p>\n<\/td>\n<\/tr>\n<tr>\n<td width=\"227\">MARCUS VINICIUS ADAMOWICZ FILHO<\/td>\n<td width=\"189\">07\/12\/2010<\/td>\n<td width=\"189\">08\/09\/2011<\/td>\n<\/tr>\n<tr>\n<td width=\"227\">JAKELINE FRANCIELE RIBEIRO DA LUZ<\/td>\n<td width=\"189\">07\/12\/2010<\/td>\n<td width=\"189\">31\/01\/2012<\/td>\n<\/tr>\n<tr>\n<td width=\"227\">MARCOS PHELIPE MAKOSKI TRANCOSO<\/td>\n<td width=\"189\">07\/12\/2010<\/td>\n<td width=\"189\">24\/02\/2014<\/td>\n<\/tr>\n<tr>\n<td width=\"227\">SABRINA RIBEIRO PORSCH<\/td>\n<td width=\"189\">08\/12\/2010<\/td>\n<td width=\"189\">28\/02\/2013<\/td>\n<\/tr>\n<tr>\n<td width=\"227\">EDILAINE GRZYGORCZYK<\/td>\n<td width=\"189\">08\/12\/2010<\/td>\n<td width=\"189\">19\/06\/2013<\/td>\n<\/tr>\n<tr>\n<td width=\"227\">ANA RUBIA PEDROSO<\/td>\n<td width=\"189\">10\/12\/2010<\/td>\n<td width=\"189\">31\/01\/2012<\/td>\n<\/tr>\n<tr>\n<td width=\"227\">ALANA RASINSKI DE MELLO<\/td>\n<td width=\"189\">15\/12\/2010<\/td>\n<td width=\"189\">31\/01\/2012<\/td>\n<\/tr>\n<tr>\n<td width=\"227\">ANA FLAVIA BRAUN VIEIRA<\/td>\n<td width=\"189\">15\/12\/2010<\/td>\n<td width=\"189\">31\/01\/2013<\/td>\n<\/tr>\n<tr>\n<td width=\"227\">MERYLIN RICIELI DOS SANTOS<\/td>\n<td width=\"189\">14\/01\/2011<\/td>\n<td width=\"189\">08\/07\/2013<\/td>\n<\/tr>\n<tr>\n<td width=\"227\">ANA PAULA MIERZEJEWSKI SPASIUK<\/td>\n<td width=\"189\">15\/01\/2011<\/td>\n<td width=\"189\">04\/07\/2011<\/td>\n<\/tr>\n<tr>\n<td width=\"227\">EVLIN APARECIDA FRANDOLOSO<\/td>\n<td width=\"189\">17\/01\/2011<\/td>\n<td width=\"189\">02\/02\/2011<\/td>\n<\/tr>\n<tr>\n<td width=\"227\">PRISCIELLI DO CARMO ROZO CERDEIRA DA ROSA<\/td>\n<td width=\"189\">06\/04\/2011<\/td>\n<td width=\"189\">24\/09\/2012<\/td>\n<\/tr>\n<tr>\n<td width=\"227\">ANDERSON DOS SANTOS<\/td>\n<td width=\"189\">03\/10\/2011<\/td>\n<td width=\"189\">31\/01\/2015<\/td>\n<\/tr>\n<tr>\n<td width=\"227\">THIAGO DA SILVA BERGER<\/td>\n<td width=\"189\">06\/10\/2011<\/td>\n<td width=\"189\">28\/02\/2015<\/td>\n<\/tr>\n<tr>\n<td width=\"227\">LILYAN ALMEIDA CORDEIRO<\/td>\n<td width=\"189\">07\/10\/2011<\/td>\n<td width=\"189\">28\/02\/2015<\/td>\n<\/tr>\n<tr>\n<td width=\"227\">VINICIUS MARTINS HRUSCHKA<\/td>\n<td width=\"189\">01\/04\/2012<\/td>\n<td width=\"189\">15\/02\/2013<\/td>\n<\/tr>\n<tr>\n<td width=\"227\">GUILHERME ALVES PEDLOWSKI<\/td>\n<td width=\"189\">03\/04\/2012<\/td>\n<td width=\"189\">24\/03\/2014<\/td>\n<\/tr>\n<tr>\n<td width=\"227\">JULIANE ROBERTA SANTOS MOREIRA<\/td>\n<td width=\"189\">03\/04\/2012<\/td>\n<td width=\"189\">14\/08\/2012<\/td>\n<\/tr>\n<tr>\n<td width=\"227\">GIULIANO BOREK RIBEIRO<\/td>\n<td width=\"189\">04\/04\/2012<\/td>\n<td width=\"189\">01\/02\/2014<\/td>\n<\/tr>\n<tr>\n<td width=\"227\">PAMELLA LOUISE CAMARGO<\/td>\n<td width=\"189\">09\/03\/2013<\/td>\n<td width=\"189\">24\/02\/2014<\/td>\n<\/tr>\n<tr>\n<td width=\"227\">VILMAR FELIPE BATISTA DE CARVALHO<\/td>\n<td width=\"189\">11\/03\/2013<\/td>\n<td width=\"189\">09\/05\/2014<\/td>\n<\/tr>\n<tr>\n<td width=\"227\">CAROLINE APARECIDA GUEBERT<\/td>\n<td width=\"189\">11\/03\/2013<\/td>\n<td width=\"189\">31\/01\/2015<\/td>\n<\/tr>\n<tr>\n<td width=\"227\">ANA BEATRIZ DE BIASSIO CARNEIRO<\/td>\n<td width=\"189\">15\/08\/2013<\/td>\n<td width=\"189\">31\/01\/2015<\/td>\n<\/tr>\n<tr>\n<td width=\"227\">RAFAEL ANDRE MARCON<\/td>\n<td width=\"189\">15\/08\/2013<\/td>\n<td width=\"189\">22\/02\/2017<\/td>\n<\/tr>\n<tr>\n<td width=\"227\">AUDREY FRANCINY BARBOSA<\/td>\n<td width=\"189\">02\/09\/2013<\/td>\n<td width=\"189\">30\/05\/2015<\/td>\n<\/tr>\n<tr>\n<td width=\"227\">JOAO ELTER BORGES MIRANDA<\/td>\n<td width=\"189\">14\/03\/2014<\/td>\n<td width=\"189\">30\/05\/2015<\/td>\n<\/tr>\n<tr>\n<td width=\"227\">KAREN CRISTINA BARROS DOS SANTOS<\/td>\n<td width=\"189\">14\/03\/2014<\/td>\n<td width=\"189\">22\/02\/2017<\/td>\n<\/tr>\n<tr>\n<td width=\"227\">JORGE GABRIEL MANOSSO<\/td>\n<td width=\"189\">14\/03\/2014<\/td>\n<td width=\"189\">22\/02\/2017<\/td>\n<\/tr>\n<tr>\n<td width=\"227\">MARIANA SCHULTZ PUSCH<\/td>\n<td width=\"189\">01\/09\/2014<\/td>\n<td width=\"189\">30\/08\/2015<\/td>\n<\/tr>\n<tr>\n<td width=\"227\">ANA CAROLINA SPRENGER VALUS<\/td>\n<td width=\"189\">01\/09\/2014<\/td>\n<td width=\"189\">11\/08\/2016<\/td>\n<\/tr>\n<tr>\n<td width=\"227\">FERNANDA HOMANN HRYCYNA<\/td>\n<td width=\"189\">01\/09\/2014<\/td>\n<td width=\"189\">27\/02\/2015<\/td>\n<\/tr>\n<tr>\n<td width=\"227\">PABLO KYOSHI ROCHA<\/td>\n<td width=\"189\">02\/09\/2014<\/td>\n<td width=\"189\">10\/05\/2016<\/td>\n<\/tr>\n<tr>\n<td width=\"227\">GUSTAVO FERREIRA<\/td>\n<td width=\"189\">02\/09\/2014<\/td>\n<td width=\"189\">08\/06\/2017<\/td>\n<\/tr>\n<tr>\n<td width=\"227\">FERNANDA HOMANN HRYCYNA<\/td>\n<td width=\"189\">01\/03\/2015<\/td>\n<td width=\"189\">17\/09\/2015<\/td>\n<\/tr>\n<tr>\n<td width=\"227\">LIRIANE VALERIA PEREIRA SOARES<\/td>\n<td width=\"189\">01\/03\/2015<\/td>\n<td width=\"189\">10\/05\/2016<\/td>\n<\/tr>\n<tr>\n<td width=\"227\">JESSICA ALMEIDA SACHS<\/td>\n<td width=\"189\">01\/03\/2015<\/td>\n<td width=\"189\">10\/05\/2016<\/td>\n<\/tr>\n<tr>\n<td width=\"227\">HENRIQUE SERRA MARCONDES<\/td>\n<td width=\"189\">01\/08\/2015<\/td>\n<td width=\"189\">10\/05\/2016<\/td>\n<\/tr>\n<tr>\n<td width=\"227\">KEVIN LUIZ DA SILVA<\/td>\n<td width=\"189\">01\/08\/2015<\/td>\n<td width=\"189\">22\/02\/2017<\/td>\n<\/tr>\n<tr>\n<td width=\"227\">DALLESKA DE FATIMA LOPES<\/td>\n<td width=\"189\">01\/10\/2015<\/td>\n<td width=\"189\">16\/03\/2017<\/td>\n<\/tr>\n<tr>\n<td width=\"227\">LUANA CAMARGO<\/td>\n<td width=\"189\">13\/05\/2016<\/td>\n<td width=\"189\">01\/03\/2018<\/td>\n<\/tr>\n<tr>\n<td width=\"227\">JOAO ANTONIO MACHADO<\/td>\n<td width=\"189\">13\/05\/2016<\/td>\n<td width=\"189\">08\/06\/2017<\/td>\n<\/tr>\n<tr>\n<td width=\"227\">ANA KARLA DE ALMEIDA MAINARDES<\/td>\n<td width=\"189\">13\/05\/2016<\/td>\n<td width=\"189\">17\/12\/2018<\/td>\n<\/tr>\n<tr>\n<td width=\"227\">LUIZ FERNANDO PEREIRA DO PRADO<\/td>\n<td width=\"189\">03\/06\/2016<\/td>\n<td width=\"189\">17\/12\/2018<\/td>\n<\/tr>\n<tr>\n<td width=\"227\">RAYSSA SCHNEIDER<\/td>\n<td width=\"189\">06\/06\/2016<\/td>\n<td width=\"189\">29\/04\/2019<\/td>\n<\/tr>\n<tr>\n<td width=\"227\">ANA PAULA BARABACH<\/td>\n<td width=\"189\">30\/08\/2016<\/td>\n<td width=\"189\">27\/04\/2018<\/td>\n<\/tr>\n<tr>\n<td width=\"227\">THAIS DA SILVA OSGA<\/td>\n<td width=\"189\">03\/03\/2017<\/td>\n<td width=\"189\">14\/06\/2017<\/td>\n<\/tr>\n<tr>\n<td width=\"227\">JANAINE CAROLINE MEIRA<\/td>\n<td width=\"189\">06\/03\/2017<\/td>\n<td width=\"189\">20\/12\/2019<\/td>\n<\/tr>\n<tr>\n<td width=\"227\">HUGO FRANCISCO GARCIA PINHEIRO DE OLIVEIRA<\/td>\n<td width=\"189\">16\/03\/2017<\/td>\n<td width=\"189\">20\/12\/2019<\/td>\n<\/tr>\n<tr>\n<td width=\"227\">JENNIFER CAROLINE DIAS<\/td>\n<td width=\"189\">15\/06\/2017<\/td>\n<td width=\"189\">11\/09\/2019<\/td>\n<\/tr>\n<tr>\n<td width=\"227\">SAMILLY FERNANDES<\/td>\n<td width=\"189\">17\/06\/2017<\/td>\n<td width=\"189\">07\/09\/2017<\/td>\n<\/tr>\n<tr>\n<td width=\"227\">LAJILA CHANDRA FILIPAKI CARNEIRO<\/td>\n<td width=\"189\">20\/06\/2017<\/td>\n<td width=\"189\">17\/12\/2018<\/td>\n<\/tr>\n<tr>\n<td width=\"227\">ELISON NOGUEIRA<\/td>\n<td width=\"189\">30\/01\/2018<\/td>\n<td width=\"189\">29\/04\/2019<\/td>\n<\/tr>\n<tr>\n<td width=\"227\">BRENDA CAROLINA BUSATO ROTTER<\/td>\n<td width=\"189\">02\/03\/2018<\/td>\n<td width=\"189\">20\/12\/2019<\/td>\n<\/tr>\n<tr>\n<td width=\"227\">HELOISE HELENA DOS SANTOS SOUZA<\/td>\n<td width=\"189\">28\/04\/2018<\/td>\n<td width=\"189\">20\/12\/2019<\/td>\n<\/tr>\n<tr>\n<td width=\"227\">ALEXANDRE WITKOWSKI<\/td>\n<td width=\"189\">07\/12\/2018<\/td>\n<td width=\"189\">20\/12\/2019<\/td>\n<\/tr>\n<tr>\n<td width=\"227\">CAROLINA KRZYZANOSKI DOS SANTOS<\/td>\n<td width=\"189\">18\/12\/2018<\/td>\n<td width=\"189\">10\/02\/2020<\/td>\n<\/tr>\n<tr>\n<td width=\"227\">GIOVANA RODRIGUES MARTINS<\/td>\n<td width=\"189\">18\/12\/2018<\/td>\n<td width=\"189\">11\/11\/2020<\/td>\n<\/tr>\n<tr>\n<td width=\"227\">BRUNO EDUARDO CORDEIRO PAULA E SILVA<\/td>\n<td width=\"189\">29\/04\/2019<\/td>\n<td width=\"189\">12\/09\/2019<\/td>\n<\/tr>\n<tr>\n<td width=\"227\">THUANY CRISTINA DE OLIVEIRA<\/td>\n<td width=\"189\">06\/05\/2019<\/td>\n<td width=\"189\">11\/09\/2019<\/td>\n<\/tr>\n<tr>\n<td width=\"227\">MURILO STEFANO DE OLIVEIRA ARAUJO<\/td>\n<td width=\"189\">07\/11\/2019<\/td>\n<td width=\"189\">07\/11\/2019<\/td>\n<\/tr>\n<tr>\n<td width=\"227\">AMANDA DOVORAK<\/td>\n<td width=\"189\">22\/06\/2020<\/td>\n<td width=\"189\">07\/09\/2020<\/td>\n<\/tr>\n<tr>\n<td width=\"227\">GABRIELA FERNANDA PRADA<\/td>\n<td width=\"189\">22\/06\/2020<\/td>\n<td width=\"189\">04\/11\/2020<\/td>\n<\/tr>\n<tr>\n<td width=\"227\">JAQUELINE DE FATIMA PIETRALA<\/td>\n<td width=\"189\">11\/03\/2020<\/td>\n<td width=\"189\">08\/09\/2020<\/td>\n<\/tr>\n<tr>\n<td width=\"227\">LARISSA DE F\u00c1TIMA PRZYBYSZSWSKI<\/td>\n<td width=\"189\">11\/03\/2020<\/td>\n<td width=\"189\">16\/09\/2020<\/td>\n<\/tr>\n<\/tbody>\n<\/table>\n<p>&nbsp;<\/p>\n<p>&nbsp;<\/p>\n<h2 style=\"text-align: center\"><span style=\"color: #c20cc2\"><strong>COMO O PET INFLUENCIOU OS EX-PETIANOS<\/strong><\/span><\/h2>\n<p style=\"text-align: justify\">Convidamos os ex-petianos para compartilharem conosco a sua experi\u00eancia pessoal como petiano e para nos contar como o PET agregou na sua trajet\u00f3ria acad\u00eamica.<\/p>\n<p style=\"text-align: justify\">Leia a seguir algumas das experi\u00eancias compartilhadas:<\/p>\n<blockquote>\n<h4 style=\"text-align: justify\">&#8220;O PET me proporcionou muitas experi\u00eancias boas. Em meu primeiro projeto como petiano realizamos uma atividade de extens\u00e3o nas escolas p\u00fablicas e essa foi a minha primeira atividade ap\u00f3s entrar na gradua\u00e7\u00e3o em uma escola, a empatia que este projeto exigia foi algo que me mudou. Foram muitas experi\u00eancias, mas gostaria de ressaltar apenas mais uma, meu primeiro evento acad\u00eamico fora da UEPG foi algo m\u00e1gico e uma alegria imensur\u00e1vel.&#8221;<\/h4>\n<h4 style=\"text-align: justify\">&#8220;A partir do acesso a diferentes projetos e atividades, o PetHist\u00f3ria abriu meus olhos para diferentes mundos e me colocou em contato direto com eles. Me tornou uma pessoa muito mais aberta e sens\u00edvel para diferentes situa\u00e7\u00f5es, me trouxe for\u00e7a para lutar por um mundo melhor, mais igualit\u00e1rio e tamb\u00e9m inspirou a seguir meus sonhos. Conheci pessoas incr\u00edveis e de diferentes hist\u00f3rias, que me ajudaram no crescimento pessoal e tamb\u00e9m profissional.&#8221;<\/h4>\n<\/blockquote>\n<p>&nbsp;<\/p>\n<h2 style=\"text-align: center\"><span style=\"color: #c20cc2\"><strong>PETIANOS ATUAIS<\/strong><\/span><\/h2>\n<table dir=\"ltr\" style=\"height: 474px\" border=\"1\" width=\"488\" cellspacing=\"0\" cellpadding=\"0\" data-sheets-root=\"1\" data-sheets-baot=\"1\">\n<colgroup>\n<col width=\"261\" \/>\n<col width=\"94\" \/><\/colgroup>\n<tbody>\n<tr>\n<td><strong>Petianos<\/strong><\/td>\n<td><strong>Dia de entrada<\/strong><\/td>\n<\/tr>\n<tr>\n<td>JEFERSON OSNI DE SOUZA JUNIOR<\/td>\n<td>22\/08\/2022<\/td>\n<\/tr>\n<tr>\n<td>BRAYAN GAUDENCIO ROCHA<\/td>\n<td>09\/05\/2023<\/td>\n<\/tr>\n<tr>\n<td>MANUELA DE OLIVEIRA MARCONDES<\/td>\n<td>09\/05\/2023<\/td>\n<\/tr>\n<tr>\n<td>EMILLY APARECIDA DE DEUS<\/td>\n<td>04\/04\/2024<\/td>\n<\/tr>\n<tr>\n<td>DIANA KAROLINY POPVAVISQUI<\/td>\n<td>04\/04\/2024<\/td>\n<\/tr>\n<tr>\n<td>ANA CAROLINE BOSCARDIN DE ALMEIDA<\/td>\n<td>17\/04\/2025<\/td>\n<\/tr>\n<tr>\n<td>BRUNO RIBEIRO LEAL<\/td>\n<td>17\/04\/2025<\/td>\n<\/tr>\n<tr>\n<td>KAMILA LEAL DE PAULA<\/td>\n<td>17\/04\/2025<\/td>\n<\/tr>\n<tr>\n<td>DEISY ANNE COIMBRA DE ARAUJO<\/td>\n<td>17\/04\/2025<\/td>\n<\/tr>\n<tr>\n<td>HENRIQUE DE ALMEIDA LOPES<\/td>\n<td>17\/04\/2025<\/td>\n<\/tr>\n<tr>\n<td>LARISSA SCHNAIDER DA SILVA<\/td>\n<td>17\/04\/2025<\/td>\n<\/tr>\n<tr>\n<td>RONALD SILVA DOS SANTOS<\/td>\n<td>17\/04\/2025<\/td>\n<\/tr>\n<tr>\n<td>GABRIEL RICKELME GIEBELUKA<\/td>\n<td>17\/04\/2025<\/td>\n<\/tr>\n<\/tbody>\n<\/table>\n<p><strong>\u00a0<\/strong><\/p>\n<p>&nbsp;<\/p>\n<h2 style=\"text-align: center\"><span style=\"color: #c20cc2\"><strong>ATIVIDADES J\u00c1 REALIZADAS<\/strong><\/span><\/h2>\n<p style=\"text-align: justify\">Dentre as atividades j\u00e1 realizadas pelo grupo PET atual, podemos citar:\u00a0\u00a0Cine Pet, Clube da Leitura, Apresentando a UEPG , Arquivo dos P\u00e9s, PETcast, Atividades administrativas do PET, A\u00e7\u00f5es integradas do InterPET UEPG.<\/p>\n<p style=\"text-align: justify\">Infelizmente no ano de comemora\u00e7\u00e3o dos 10 anos do PET, nossas atividades foram interrompidas devido a pandemia de Coronav\u00edrus, mas, mesmo assim, continuamos mantendo nossas discuss\u00f5es e encontros de forma remota. Al\u00e9m de termos a possibilidade de utilizar os meios de comunica\u00e7\u00e3o online para podermos discutir com um publico mais vasto, como \u00e9 o caso do nosso <a href=\"https:\/\/www.instagram.com\/pethistoriauepg\/\" target=\"_blank\" rel=\"noopener\">Instagram<\/a> pelo qual fizemos indica\u00e7\u00f5es de livros, filmes e document\u00e1rios para que nossos seguidores, sendo grande parte deles acad\u00eamicos do curso de Hist\u00f3ria, pudessem ter marial para estudar e se entreter durante o per\u00edodo de distanciamento social.<\/p>\n<p style=\"text-align: justify\">Uma das atividades realizadas nessa per\u00edodo foi o Clube de Leitura realizado em julho de 2020, onde discutimos <em>&#8220;Apologia da Hist\u00f3ria&#8221;,<\/em> de <em>Marc Bloch. <\/em>Al\u00e9m dos alunos da UEPG, contamos com a presen\u00e7a de acad\u00eamicos de outros estados, possibilitando a diversidade, n\u00e3o apenas de sotaques e rostos novos, mas tamb\u00e9m de viv\u00eancias e ideias, tornando essa experi\u00eancia muito enriquecedora.<\/p>\n<p style=\"text-align: justify\">Isso acabou abrindo portas para novos projetos, como o nosso <em>PODCAST<\/em> (ou <em>PETCAST<\/em>), projeto voltado a dividir com o p\u00fablico mais amplo nossas discuss\u00f5es realizadas em grupo dentro da academia. Al\u00e9m de nos motivar a criar um Grupo de Estudos voltado para quest\u00f5es \u00e9tnico-raciais, que foi um dos assuntos mais debatido por nosso grupo em 2020.<\/p>\n<p>&nbsp;<\/p>\n<h2 style=\"text-align: center\"><span style=\"color: #c20cc2\"><strong>PET AL\u00c9M DAS FRONTEIRAS\u00a0<\/strong><\/span><\/h2>\n<p style=\"text-align: justify\">Mesmo com a pandemia e o distanciamento social as nossas atividades continuaram,\u00a0 nosso grupo foi estimulado pelos nossos tutores\u00a0 a fazer discuss\u00f5es de maneira remota. Tais discuss\u00f5es, que n\u00e3o ter\u00edamos na grade regular da gradua\u00e7\u00e3o, possibilitaram o exerc\u00edcio de ler, debater e nos fazer refletir a respeito dos temas que tiveram muita repercuss\u00e3o em 2020.<\/p>\n<p style=\"text-align: justify\">O Clube de Leitura foi uma forma de exercitar, n\u00e3o apenas o dialogo com acad\u00eamicos de outras institui\u00e7\u00f5es, mas tamb\u00e9m para derrubar algumas barreiras internas, como a timidez e falar em p\u00fablico.<\/p>\n<p style=\"text-align: justify\">Outro elemento que foi al\u00e9m das fronteiras do distanciamento social foi o PETcast, no qual tivemos v\u00e1rios convidados e gerou a possibilidade dos acad\u00eamicos de Hist\u00f3ria poderem estudar e ter contato com esses debates.<\/p>\n<p style=\"text-align: justify\">O pr\u00f3ximo projeto do PET Hist\u00f3ria \u00e9 realiza\u00e7\u00e3o do Grupo de Estudos L\u00e9lia Gonz\u00e1les, que ter\u00e1 como objetivo debater assuntos relacionados a quest\u00f5es \u00e9tnicos-raciais no Brasil.<\/p>\n<p>&nbsp;<\/p>\n<h2 style=\"text-align: center\"><span style=\"color: #c20cc2\"><strong>CONCLUS\u00c3O E PLANOS PARA O FUTURO<\/strong><\/span><\/h2>\n<p style=\"text-align: justify\">N\u00e3o foi poss\u00edvel ter acesso ou registro de todas as atividades que o grupo PET Hist\u00f3ria realizou em todos esses 10 anos de exist\u00eancia, mas mesmo assim esperamos que esse pequeno memorial sirva de homenagem para todos acad\u00eamicos e professores que fizeram parte da nossa hist\u00f3ria.<\/p>\n<p style=\"text-align: justify\">Gostar\u00edamos de agradecer cada um pelo seu trabalho dentro do grupo e pelo seu tempo de dedica\u00e7\u00e3o, n\u00e3o apenas por manterem o grupo PET Hist\u00f3ria unido, mas tamb\u00e9m pelo suporte fornecido aos outros acad\u00eamicos e, tamb\u00e9m, pelos projetos de extens\u00e3o que possibilitaram as pessoas de fora da Universidade a nos conhecer um pouco.<\/p>\n<p style=\"text-align: justify\">Apesar da pandemia e de outros desafios o grupo PET Hist\u00f3ria tem planos para que suas atividades permane\u00e7am enriquecendo nossas experi\u00eancias como grupo e contribuindo para a forma\u00e7\u00e3o de nossos outros colegas de gradua\u00e7\u00e3o para dar continuidade ao legado dos nossos ex-colegas petianos. Embora o futuro seja incerto estamos aqui, n\u00e3o apenas, para celebrar esses dez anos, mas tamb\u00e9m para desejar felicidade, sucesso, sa\u00fade e esperan\u00e7a nesses tempos dif\u00edceis&#8230;<\/p>\n<p><img loading=\"lazy\" class=\"wp-image-360 aligncenter\" src=\"http:\/\/www2.uepg.br\/pet-historia\/wp-content\/uploads\/sites\/141\/2021\/03\/39bed025-d79c-40d5-b0d1-1fc095fa77ae-300x198.jpg\" alt=\"\" width=\"867\" height=\"572\" srcset=\"https:\/\/www2.uepg.br\/pet-historia\/wp-content\/uploads\/sites\/141\/2021\/03\/39bed025-d79c-40d5-b0d1-1fc095fa77ae-300x198.jpg 300w, https:\/\/www2.uepg.br\/pet-historia\/wp-content\/uploads\/sites\/141\/2021\/03\/39bed025-d79c-40d5-b0d1-1fc095fa77ae.jpg 720w\" sizes=\"(max-width: 867px) 100vw, 867px\" \/><\/p>\n<h1 style=\"text-align: center\"><span style=\"color: #c20cc2\"><strong>Que venham mais dez anos!!!<\/strong><\/span><\/h1>\n","protected":false},"excerpt":{"rendered":"<p>HISTORIANDO O PET\u00a0 Assim como a &#8220;Hist\u00f3ria \u00e9 feita de pessoas&#8221; a hist\u00f3ria do nosso PET\u00a0 tamb\u00e9m \u00e9, sendo composta por v\u00e1rios nomes e rostos o &#8220;Historiando PET&#8221; \u00e9 uma homenagem para todos que fizeram parte dessa trajet\u00f3ria de dez anos de dedica\u00e7\u00e3o, empenho, amor pelo aprendizado e de resist\u00eancia. O projeto historiando teve seu&nbsp;&hellip;<\/p>\n","protected":false},"author":204,"featured_media":695,"parent":0,"menu_order":0,"comment_status":"closed","ping_status":"closed","template":"","meta":[],"_links":{"self":[{"href":"https:\/\/www2.uepg.br\/pet-historia\/wp-json\/wp\/v2\/pages\/46"}],"collection":[{"href":"https:\/\/www2.uepg.br\/pet-historia\/wp-json\/wp\/v2\/pages"}],"about":[{"href":"https:\/\/www2.uepg.br\/pet-historia\/wp-json\/wp\/v2\/types\/page"}],"author":[{"embeddable":true,"href":"https:\/\/www2.uepg.br\/pet-historia\/wp-json\/wp\/v2\/users\/204"}],"replies":[{"embeddable":true,"href":"https:\/\/www2.uepg.br\/pet-historia\/wp-json\/wp\/v2\/comments?post=46"}],"version-history":[{"count":72,"href":"https:\/\/www2.uepg.br\/pet-historia\/wp-json\/wp\/v2\/pages\/46\/revisions"}],"predecessor-version":[{"id":897,"href":"https:\/\/www2.uepg.br\/pet-historia\/wp-json\/wp\/v2\/pages\/46\/revisions\/897"}],"wp:featuredmedia":[{"embeddable":true,"href":"https:\/\/www2.uepg.br\/pet-historia\/wp-json\/wp\/v2\/media\/695"}],"wp:attachment":[{"href":"https:\/\/www2.uepg.br\/pet-historia\/wp-json\/wp\/v2\/media?parent=46"}],"curies":[{"name":"wp","href":"https:\/\/api.w.org\/{rel}","templated":true}]}}