{"id":43,"date":"2019-11-21T14:15:23","date_gmt":"2019-11-21T17:15:23","guid":{"rendered":"http:\/\/www2.uepg.br\/ppgcs\/?page_id=43"},"modified":"2026-03-17T20:56:06","modified_gmt":"2026-03-17T23:56:06","slug":"editais","status":"publish","type":"page","link":"https:\/\/www2.uepg.br\/ppgcs\/editais\/","title":{"rendered":"Editais"},"content":{"rendered":"<div id=\"pl-43\"  class=\"panel-layout\" ><div id=\"pg-43-0\"  class=\"panel-grid panel-no-style\" ><div id=\"pgc-43-0-0\"  class=\"panel-grid-cell\" ><div id=\"panel-43-0-0-0\" class=\"so-panel widget widget_sow-accordion panel-first-child panel-last-child\" data-index=\"0\" ><div\n\t\t\t\n\t\t\tclass=\"so-widget-sow-accordion so-widget-sow-accordion-default-a9f16f41d4be-43\"\n\t\t\t\n\t\t><div>\n\t<div class=\"sow-accordion\">\n\t\t\t<div class=\"sow-accordion-panel\"\n\t\t\t data-anchor=\"2026\">\n\t\t\t\t<div class=\"sow-accordion-panel-header-container\" role=\"heading\" aria-level=\"2\">\n\t\t\t\t\t<div class=\"sow-accordion-panel-header\" tabindex=\"0\" role=\"button\" id=\"accordion-label-2026\" aria-controls=\"accordion-content-2026\" aria-expanded=\"false\">\n\t\t\t\t\t\t<div class=\"sow-accordion-title sow-accordion-title-icon-left\">\n\t\t\t\t\t\t\t\t\t\t\t\t\t\t2026\t\t\t\t\t\t\t\t\t\t\t\t\t<\/div>\n\t\t\t\t\t\t<div class=\"sow-accordion-open-close-button\">\n\t\t\t\t\t\t\t<div class=\"sow-accordion-open-button\">\n\t\t\t\t\t\t\t\t<span class=\"sow-icon-ionicons\" data-sow-icon=\"&#xf218;\"\n\t\t \n\t\taria-hidden=\"true\"><\/span>\t\t\t\t\t\t\t<\/div>\n\t\t\t\t\t\t\t<div class=\"sow-accordion-close-button\">\n\t\t\t\t\t\t\t\t<span class=\"sow-icon-ionicons\" data-sow-icon=\"&#xf209;\"\n\t\t \n\t\taria-hidden=\"true\"><\/span>\t\t\t\t\t\t\t<\/div>\n\t\t\t\t\t\t<\/div>\n\t\t\t\t\t<\/div>\n\t\t\t\t<\/div>\n\n\t\t\t<div\n\t\t\t\tclass=\"sow-accordion-panel-content\"\n\t\t\t\trole=\"region\"\n\t\t\t\taria-labelledby=\"accordion-label-2026\"\n\t\t\t\tid=\"accordion-content-2026\"\n\t\t\t\tstyle=\"display: none;\"\t\t\t>\n\t\t\t\t<div class=\"sow-accordion-panel-border\" tabindex=\"0\">\n\t\t\t\t\t<p><a href=\"http:\/\/www2.uepg.br\/ppgcs\/wp-content\/uploads\/sites\/44\/2026\/03\/EDITAL-No-09_2026-Inscricoes-Aprovadas-para-Aluno-Especial-ass.docx-2.pdf\">EDITAL N\u00ba 09_2026-Inscricoes Aprovadas para Aluno Especial<\/a><\/p>\n<p><a href=\"http:\/\/www2.uepg.br\/ppgcs\/wp-content\/uploads\/sites\/44\/2026\/03\/EDITAL-08_2026-Resultado-da-classificacao-dos-bolsistas-MESTRADO.docx-1-1.pdf\">EDITAL 08_2026 - Resultado da classificacao dos bolsistas MESTRADO.docx (1)<\/a><\/p>\n<p><a href=\"http:\/\/www2.uepg.br\/ppgcs\/wp-content\/uploads\/sites\/44\/2026\/03\/EDITAL-07_2026-Edital-de-Bolsistas.pdf\">EDITAL 07_2026 Edital de Bolsistas<\/a><\/p>\n<p><a href=\"http:\/\/www2.uepg.br\/ppgcs\/wp-content\/uploads\/sites\/44\/2026\/03\/EDITAL-No-06-2026-Inscric\u0327o\u0303es-alunos-especiais-1o-Semestre.docx.pdf\">EDITAL N\u00ba 06-2026 Inscric\u0327o\u0303es alunos especiais 1\u00ba Semestre.docx<\/a><\/p>\n<p><a href=\"http:\/\/www2.uepg.br\/ppgcs\/wp-content\/uploads\/sites\/44\/2026\/03\/EDITAL-No-05-2026-Resultado-Final-Selecao-DOUTORADO.docx.pdf\">EDITAL N\u00ba 05 2026 - Resultado Final - Sele\u00e7\u00e3o DOUTORADO.docx<\/a><\/p>\n<p><a href=\"http:\/\/www2.uepg.br\/ppgcs\/wp-content\/uploads\/sites\/44\/2026\/03\/EDITAL-No-04-2026-Resultado-Final-Selecao-MESTRADO.docx.pdf\">EDITAL N\u00ba 04 2026 - Resultado Final - Sele\u00e7\u00e3o MESTRADO.docx<\/a><\/p>\n<p><a href=\"http:\/\/www2.uepg.br\/ppgcs\/wp-content\/uploads\/sites\/44\/2026\/03\/EDITAL-No-03-2026-APROVADOS-NA-DEFESA-DO-PRE-PROJETO-E-ARGUICAO.docx-3.pdf\">EDITAL N\u00ba 03 2026 - APROVADOS NA DEFESA DO PR\u00c9-PROJETO E ARGUI\u00c7\u00c3O.docx<\/a><\/p>\n<p><a href=\"http:\/\/www2.uepg.br\/ppgcs\/wp-content\/uploads\/sites\/44\/2026\/02\/EDITAL-No-01-2026-Links-de-defesa-do-projeto-e-arguicao-mestrado..pdf\">EDITAL N\u00ba 01 2026 - Links de defesa do projeto e argui\u00e7\u00e3o mestrado.<\/a><\/p>\n<p><a href=\"http:\/\/www2.uepg.br\/ppgcs\/wp-content\/uploads\/sites\/44\/2026\/02\/EDITAL-No-02-2026-Links-de-defesa-do-projeto-e-arguicao-doutorado..pdf\">EDITAL N\u00ba 02 2026 - Links de defesa do projeto e argui\u00e7\u00e3o doutorado.<\/a><\/p>\n\t\t\t\t<\/div>\n\t\t\t<\/div>\n\t\t<\/div>\n\t\t\t<div class=\"sow-accordion-panel\"\n\t\t\t data-anchor=\"2025\">\n\t\t\t\t<div class=\"sow-accordion-panel-header-container\" role=\"heading\" aria-level=\"2\">\n\t\t\t\t\t<div class=\"sow-accordion-panel-header\" tabindex=\"0\" role=\"button\" id=\"accordion-label-2025\" aria-controls=\"accordion-content-2025\" aria-expanded=\"false\">\n\t\t\t\t\t\t<div class=\"sow-accordion-title sow-accordion-title-icon-left\">\n\t\t\t\t\t\t\t\t\t\t\t\t\t\t2025\t\t\t\t\t\t\t\t\t\t\t\t\t<\/div>\n\t\t\t\t\t\t<div class=\"sow-accordion-open-close-button\">\n\t\t\t\t\t\t\t<div class=\"sow-accordion-open-button\">\n\t\t\t\t\t\t\t\t<span class=\"sow-icon-ionicons\" data-sow-icon=\"&#xf218;\"\n\t\t \n\t\taria-hidden=\"true\"><\/span>\t\t\t\t\t\t\t<\/div>\n\t\t\t\t\t\t\t<div class=\"sow-accordion-close-button\">\n\t\t\t\t\t\t\t\t<span class=\"sow-icon-ionicons\" data-sow-icon=\"&#xf209;\"\n\t\t \n\t\taria-hidden=\"true\"><\/span>\t\t\t\t\t\t\t<\/div>\n\t\t\t\t\t\t<\/div>\n\t\t\t\t\t<\/div>\n\t\t\t\t<\/div>\n\n\t\t\t<div\n\t\t\t\tclass=\"sow-accordion-panel-content\"\n\t\t\t\trole=\"region\"\n\t\t\t\taria-labelledby=\"accordion-label-2025\"\n\t\t\t\tid=\"accordion-content-2025\"\n\t\t\t\tstyle=\"display: none;\"\t\t\t>\n\t\t\t\t<div class=\"sow-accordion-panel-border\" tabindex=\"0\">\n\t\t\t\t\t<p><a href=\"http:\/\/www2.uepg.br\/ppgcs\/wp-content\/uploads\/sites\/44\/2025\/12\/EDITAL-N-34-2025-APROVADOS-NA-1a-ESTAPA-DA-SELECAO-DE-MESTRADO-E-DOUTORADO-1.pdf\">EDITAL-N-34-2025- RESULTADO FINAL APROVADOS NA PROVA TE\u00d3RICA -NA-1a-ESTAPA-DA-SELECAO-DE-MESTRADO-E-DOUTORADO <\/a><\/p>\n<p><a href=\"http:\/\/www2.uepg.br\/ppgcs\/wp-content\/uploads\/sites\/44\/2025\/12\/EDITAL-N-33-2025-APROVADOS-NA-1a-ESTAPA-DA-SELECAO-DE-MESTRADO-E-DOUTORADO.pdf\">EDITAL N 33 2025 APROVADOS NA 1\u00aa ESTAPA DA SELE\u00c7\u00c3O DE MESTRADO E DOUTORADO<\/a><\/p>\n<p><a href=\"http:\/\/www2.uepg.br\/ppgcs\/wp-content\/uploads\/sites\/44\/2025\/12\/Gabarito-Provas-para-ingresso-2026.pdf\">EDITAL N\u00ba 32 2025 - GABARITO PROVAS INGRESSO \u00a02026<\/a><\/p>\n<p><a href=\"http:\/\/www2.uepg.br\/ppgcs\/wp-content\/uploads\/sites\/44\/2025\/12\/EDITAL-No-31-2025-ENSALAMENTO.docx.pdf\">EDITAL N\u00ba 31- 2025 - ENSALAMENTO MESTRADO E DOUTORADO.docx<\/a><\/p>\n<p><a href=\"http:\/\/www2.uepg.br\/ppgcs\/wp-content\/uploads\/sites\/44\/2025\/12\/EDITAL-No-30-2025.pdf\">EDITAL N\u00ba 30-2025 RESULTADO PDSE 2026 SEGUNDA CHAMADA<\/a><\/p>\n<p><a href=\"http:\/\/www2.uepg.br\/ppgcs\/wp-content\/uploads\/sites\/44\/2025\/11\/EDITAL-No-29_2025-PDSE-2026-segunda-chamada.docx-Documentos-Google.pdf\">EDITAL N\u00ba 29_2025 PDSE 2026 -segunda chamada.docx - Documentos Google<\/a><\/p>\n<p><a href=\"http:\/\/www2.uepg.br\/ppgcs\/wp-content\/uploads\/sites\/44\/2025\/11\/EDITAL-No-28_2025-INSCRICOES-HOMOLOGADAS-DOUTORADO-2026.pdf\">EDITAL N\u00ba 28_2025 - INSCRI\u00c7\u00d5ES HOMOLOGADAS - DOUTORADO 2026<\/a><\/p>\n<p><a href=\"http:\/\/www2.uepg.br\/ppgcs\/wp-content\/uploads\/sites\/44\/2025\/11\/EDITAL-No-27_2025-INSCRICOES-HOMOLOGADAS-MESTRADO-2026.docx.pdf\">EDITAL N\u00ba 27_2025 - INSCRI\u00c7\u00d5ES HOMOLOGADAS - MESTRADO 2026<\/a><\/p>\n<p><a href=\"http:\/\/www2.uepg.br\/ppgcs\/wp-content\/uploads\/sites\/44\/2025\/11\/RETIFICACAO-DO-EDITAL-No-26_2025-Abertura-de-Inscricoes-doutorado-ingresso-2026.pdf\">RETIFICA\u00c7\u00c3O DO EDITAL N\u00ba 26_2025 - Abertura de Inscri\u00e7\u00f5es doutorado ingresso 2026<\/a><\/p>\n<p><a href=\"http:\/\/www2.uepg.br\/ppgcs\/wp-content\/uploads\/sites\/44\/2025\/11\/RETIFICACAO-DO-EDITAL-No-25-_2025-Abertura-de-Inscricoes-para-mestrado-ingresso-2026.docx.pdf\">RETIFICA\u00c7\u00c3O DO EDITAL N\u00ba 25 _2025 - Abertura de Inscri\u00e7\u00f5es para mestrado ingresso 2026.docx<\/a><\/p>\n<p><a href=\"http:\/\/www2.uepg.br\/ppgcs\/wp-content\/uploads\/sites\/44\/2025\/10\/EDITAL-No-26-2025-Abertura-de-Inscric\u0327o\u0303es-para-Doutorado-ingresso-2026.docx-2-7.pdf\">EDITAL N\u00ba 26 2025 - Abertura de Inscric\u0327o\u0303es para Doutorado ingresso 2026.docx-2 (7)<\/a><\/p>\n<p><a href=\"http:\/\/www2.uepg.br\/ppgcs\/wp-content\/uploads\/sites\/44\/2025\/10\/EDITAL-No25-2025-Abertura-de-Inscric\u0327o\u0303es-para-mestrado-ingresso-2026.docx.pdf\">EDITAL N\u00ba25 2025 - Abertura de Inscric\u0327o\u0303es para mestrado ingresso 2026.docx<\/a><\/p>\n<p><a href=\"http:\/\/www2.uepg.br\/ppgcs\/wp-content\/uploads\/sites\/44\/2025\/10\/EDITAL-N-24_2025-Resultado-Representante-Discente-no-Colegiado.docx-Documentos-Google-1.pdf\">EDITAL N 24_2025 Resultado Representante Discente no Colegiado.docx -<\/a><a href=\"http:\/\/www2.uepg.br\/ppgcs\/wp-content\/uploads\/sites\/44\/2025\/10\/EDITAL-N-24_2025-Resultado-Representante-Discente-no-Colegiado.docx-Documentos-Google-1.pdf\"> Documentos Google <\/a><\/p>\n<p><a href=\"http:\/\/www2.uepg.br\/ppgcs\/wp-content\/uploads\/sites\/44\/2025\/10\/Edital-23_2025-para-eleicao-de-representante-colegiado.pdf\">Edital 23_2025 para eleicao de representante colegiado<\/a><\/p>\n<p><a href=\"http:\/\/www2.uepg.br\/ppgcs\/wp-content\/uploads\/sites\/44\/2025\/09\/EDITAL-No-22-2025-.docx.pdf\">EDITAL N\u00ba 22-2025<\/a><\/p>\n<p><a href=\"http:\/\/www2.uepg.br\/ppgcs\/wp-content\/uploads\/sites\/44\/2025\/09\/Retificacao-n1-edital-n212025-PPGCS.pdf\">Retificacao n1 edital n212025 -PPGCS<\/a><\/p>\n<p><a href=\"http:\/\/www2.uepg.br\/ppgcs\/wp-content\/uploads\/sites\/44\/2025\/09\/EDITAL-No-21-2025-PROCESSO-DE-SELECAO-DE-CANDIDATOS-A-BOLSA-DO-PROGRAMA-INSTITUCIONAL-DE-DOUTORADO-SANDUICHE-NO-EXTERIOR-.pdf\">EDITAL N\u00ba 21-2025 - PROCESSO DE SELE\u00c7\u00c3O DE CANDIDATOS \u00c0 BOLSA DO PROGRAMA INSTITUCIONAL DE DOUTORADO SANDU\u00cdCHE NO EXTERIOR<\/a><\/p>\n<p><a href=\"http:\/\/www2.uepg.br\/ppgcs\/wp-content\/uploads\/sites\/44\/2025\/08\/EDITAL-No-20-2025-Inscricoes-Aprovadas-para-Aluno-Especial-Vagas-Remanescentes-2o-Semestre-pdf.pdf\">EDITAL N\u00ba 20 2025 - Inscri\u00e7\u00f5es Aprovadas para Aluno Especial Vagas Remanescentes 2\u00ba Semestre pdf<\/a><\/p>\n<p><a href=\"http:\/\/www2.uepg.br\/ppgcs\/wp-content\/uploads\/sites\/44\/2025\/08\/EDITAL-N-19-2025-vagas-remanescentes-Semestre-alunos-especiais.pdf\">EDITAL N 19 2025 vagas remanescentes Semestre - alunos especiais<\/a><\/p>\n<p><a href=\"http:\/\/www2.uepg.br\/ppgcs\/wp-content\/uploads\/sites\/44\/2025\/08\/EDITAL-N-182025-Inscricoes-Aprovadas-para-Aluno-Especial.pdf\">EDITAL N 18:2025 Inscricoes Aprovadas para Aluno Especial<\/a><\/p>\n<p><a href=\"http:\/\/www2.uepg.br\/ppgcs\/wp-content\/uploads\/sites\/44\/2025\/07\/EDITAL-No-17-2025-Inscricoes-alunos-especiais-2o-Semestre.docx-1.pdf\">EDITAL N\u00ba 17-2025 Inscri\u00e7\u00f5es alunos especiais 2\u00ba Semestre.docx<\/a><\/p>\n<p><a href=\"http:\/\/www2.uepg.br\/ppgcs\/wp-content\/uploads\/sites\/44\/2025\/06\/EDITAL-N-16_2025-Resultado-Representante-Discente-no-Colegiado.docx.pdf\">EDITAL N 16 2025 Resultado Representante Discente no Colegiado \u00a0 \u00a0<\/a><\/p>\n<p><a href=\"http:\/\/www2.uepg.br\/ppgcs\/wp-content\/uploads\/sites\/44\/2025\/05\/Anexo-EDITAL-N-15-2025-Ficha-de-inscricao-representante-discente.pdf\">Anexo EDITAL N 15 2025 Ficha de inscri\u00e7\u00e3o representante discente<\/a><\/p>\n<p><a href=\"http:\/\/www2.uepg.br\/ppgcs\/wp-content\/uploads\/sites\/44\/2025\/05\/Edital-15_2025-para-eleicao-de-representante-colegiado.docx.pdf\">Edital 15_2025 para eleicao de representante colegiado<\/a><\/p>\n<p><a href=\"http:\/\/www2.uepg.br\/ppgcs\/wp-content\/uploads\/sites\/44\/2025\/04\/EDITAL-N-14-2025-Inscricoes-Alunos-Especiais-1oS-2025-Epidemiologia-vagas-remanescentes_assinado.pdf\">EDITAL N 14-2025 Inscricoes Alunos Especiais 1\u00baS-2025 - Epidemiologia (vagas remanescentes)<\/a><\/p>\n<p><a href=\"http:\/\/www2.uepg.br\/ppgcs\/wp-content\/uploads\/sites\/44\/2025\/04\/EDITAL-N13-2025-Resultado-Alunos-Especiais-vagas_remanescentes-ass.pdf\">EDITAL N\u00aa13 2025 - Resultado Alunos Especiais (vagas_remanescentes)<\/a><\/p>\n<p><a href=\"http:\/\/www2.uepg.br\/ppgcs\/wp-content\/uploads\/sites\/44\/2025\/04\/EDITAL-No-12-2025-Inscricoes-alunos-especiais-1oSemestre-vagas-remanescentes_assinado.pdf\">EDITAL N\u00ba 12 2025 - Inscricoes alunos especiais 1\u00baSemestre (vagas remanescentes)<\/a><\/p>\n<p><a href=\"http:\/\/www2.uepg.br\/ppgcs\/wp-content\/uploads\/sites\/44\/2025\/04\/EDITAL-No11-2025-Inscricoes-Aprovadas-para-Aluno-Especial-ass.pdf\">EDITAL N\u00ba11 2025 - Inscricoes Aprovadas para Aluno Especial<\/a><\/p>\n<p><a href=\"http:\/\/www2.uepg.br\/ppgcs\/wp-content\/uploads\/sites\/44\/2025\/04\/EDITAL-10-2025-Resultado-classificacao-bolsistas-doutorado-ass.pdf\">EDITAL 10 2025 - Resultado classificacao bolsistas doutorado<\/a><\/p>\n<p><a href=\"http:\/\/www2.uepg.br\/ppgcs\/wp-content\/uploads\/sites\/44\/2025\/03\/EDITAL-No09-2025-Inscricoes-Alunos-Especiais-1o-Semestre.pdf\">EDITAL N\u00ba09 2025 - Inscri\u00e7\u00f5es Alunos Especiais 1\u00ba Semestre<\/a><\/p>\n<p><a href=\"http:\/\/www2.uepg.br\/ppgcs\/wp-content\/uploads\/sites\/44\/2025\/03\/EDITAL_08-2025_-_BOLSISTAS_Doutorado_assinado.pdf\">EDITAL N\u00ba08 2025 - SELE\u00c7\u00c3O BOLSISTAS DOUTORADO (Bolsas Remanescentes)<\/a><\/p>\n<p><a href=\"http:\/\/www2.uepg.br\/ppgcs\/wp-content\/uploads\/sites\/44\/2025\/03\/EDITAL_07-2025-Resultado-da-classificacao-dos-bolsistas_assinado.pdf\">EDITAL N\u00ba07 2025 - Resultado da classifica\u00e7\u00e3o dos bolsistas<\/a><\/p>\n<p><a href=\"http:\/\/www2.uepg.br\/ppgcs\/wp-content\/uploads\/sites\/44\/2025\/03\/EDITAL_06-2025_-_SELECAO_DE_BOLSISTAS_assinado.pdf\">EDITAL N\u00ba06 2025 - SELECAO DE BOLSISTAS PARA 2025<\/a><\/p>\n<p><a href=\"http:\/\/www2.uepg.br\/ppgcs\/wp-content\/uploads\/sites\/44\/2025\/02\/EDITAL-No-05-2025-Resultado-Final-Selecao-DOUTORADO-ass.pdf\">EDITAL N\u00ba 05 2025 - Resultado Final Selecao DOUTORADO<\/a><\/p>\n<p><a href=\"http:\/\/www2.uepg.br\/ppgcs\/wp-content\/uploads\/sites\/44\/2025\/02\/EDITAL-No-04-2025-Resultado-Final-Selecao-MESTRADO-ass.pdf\">EDITAL N\u00ba 04 2025 - Resultado Final Selecao MESTRADO<\/a><\/p>\n<p><a href=\"http:\/\/www2.uepg.br\/ppgcs\/wp-content\/uploads\/sites\/44\/2025\/02\/EDITAL-No-03-2025-Aprovados-na-defesa-do-pre-projeto-e-arguicao-ass.pdf\">EDITAL N\u00ba 03 2025 - Aprovados na defesa do pr\u00e9-projeto e argui\u00e7\u00e3o<\/a><\/p>\n<p><a href=\"http:\/\/www2.uepg.br\/ppgcs\/wp-content\/uploads\/sites\/44\/2025\/02\/EDITAL-No02-2025-Defesa-do-Projeto-de-Pesquisa-e-Arguicao-DOUTORADO.pdf\">EDITAL N\u00ba02 2025 - Defesa do Projeto de Pesquisa e Argui\u00e7\u00e3o DOUTORADO<\/a><\/p>\n<p><a href=\"http:\/\/www2.uepg.br\/ppgcs\/wp-content\/uploads\/sites\/44\/2025\/02\/EDITAL-No01-2025-Defesa-do-Projeto-de-Pesquisa-e-Arguicao-MESTRADO.pdf\">EDITAL N\u00ba01 2025 - Defesa do Projeto de Pesquisa e Argui\u00e7\u00e3o MESTRADO<\/a><\/p>\n\t\t\t\t<\/div>\n\t\t\t<\/div>\n\t\t<\/div>\n\t\t\t<div class=\"sow-accordion-panel\"\n\t\t\t data-anchor=\"2024\">\n\t\t\t\t<div class=\"sow-accordion-panel-header-container\" role=\"heading\" aria-level=\"2\">\n\t\t\t\t\t<div class=\"sow-accordion-panel-header\" tabindex=\"0\" role=\"button\" id=\"accordion-label-2024\" aria-controls=\"accordion-content-2024\" aria-expanded=\"false\">\n\t\t\t\t\t\t<div class=\"sow-accordion-title sow-accordion-title-icon-left\">\n\t\t\t\t\t\t\t\t\t\t\t\t\t\t2024\t\t\t\t\t\t\t\t\t\t\t\t\t<\/div>\n\t\t\t\t\t\t<div class=\"sow-accordion-open-close-button\">\n\t\t\t\t\t\t\t<div class=\"sow-accordion-open-button\">\n\t\t\t\t\t\t\t\t<span class=\"sow-icon-ionicons\" data-sow-icon=\"&#xf218;\"\n\t\t \n\t\taria-hidden=\"true\"><\/span>\t\t\t\t\t\t\t<\/div>\n\t\t\t\t\t\t\t<div class=\"sow-accordion-close-button\">\n\t\t\t\t\t\t\t\t<span class=\"sow-icon-ionicons\" data-sow-icon=\"&#xf209;\"\n\t\t \n\t\taria-hidden=\"true\"><\/span>\t\t\t\t\t\t\t<\/div>\n\t\t\t\t\t\t<\/div>\n\t\t\t\t\t<\/div>\n\t\t\t\t<\/div>\n\n\t\t\t<div\n\t\t\t\tclass=\"sow-accordion-panel-content\"\n\t\t\t\trole=\"region\"\n\t\t\t\taria-labelledby=\"accordion-label-2024\"\n\t\t\t\tid=\"accordion-content-2024\"\n\t\t\t\tstyle=\"display: none;\"\t\t\t>\n\t\t\t\t<div class=\"sow-accordion-panel-border\" tabindex=\"0\">\n\t\t\t\t\t<p><a href=\"http:\/\/www2.uepg.br\/ppgcs\/wp-content\/uploads\/sites\/44\/2024\/12\/EDITAL-N-38-2024-APROVADOS-NA-1o-ETAPA-DO-PROCESSO-DE-SELECAO.pdf\">EDITAL N 38-2024 - APROVADOS NA 1\u00ba ETAPA DO PROCESSO DE SELECAO<\/a><\/p>\n<p><a href=\"http:\/\/www2.uepg.br\/ppgcs\/wp-content\/uploads\/sites\/44\/2024\/12\/EDITAL-No-37-2024-RESULTADO-RECURSO-GABARITO-PROVA-DOUTORADO.pdf\">EDITAL N\u00ba 37 2024 - RESULTADO RECURSO GABARITO PROVA DOUTORADO<\/a><\/p>\n<p><a href=\"http:\/\/www2.uepg.br\/ppgcs\/wp-content\/uploads\/sites\/44\/2024\/12\/EDITAL-No-36-2024-GABARITO-DAS-PROVAS.pdf\">EDITAL N\u00ba 36 2024 - GABARITO DAS PROVAS<\/a><\/p>\n<p><a href=\"http:\/\/www2.uepg.br\/ppgcs\/wp-content\/uploads\/sites\/44\/2024\/12\/EDITAL-No-35-2024-ENSALAMENTO.pdf\">EDITAL N\u00ba 35 2024 - ENSALAMENTO<\/a><\/p>\n<p><a href=\"http:\/\/www2.uepg.br\/ppgcs\/wp-content\/uploads\/sites\/44\/2024\/12\/EDITAL-No-34-2024-INSCRICOES-HOMOLOGADAS-DOUTORADO-2025.pdf\">EDITAL N\u00ba 34 2024 - INSCRI\u00c7\u00d5ES HOMOLOGADAS - DOUTORADO 2025<\/a><\/p>\n<p><a href=\"http:\/\/www2.uepg.br\/ppgcs\/wp-content\/uploads\/sites\/44\/2024\/12\/EDITAL-No-33-2024-INSCRICOES-HOMOLOGADAS-MESTRADO-2025.pdf\">EDITAL N\u00ba 33 2024 - INSCRI\u00c7\u00d5ES HOMOLOGADAS - MESTRADO 2025<\/a><\/p>\n<p><a href=\"http:\/\/www2.uepg.br\/ppgcs\/wp-content\/uploads\/sites\/44\/2024\/11\/EDITAL-No-32-2024-Inscricoes-Aprovadas-para-Aluno-Especial-Vagas-Remanescentes-II.pdf\">EDITAL N\u00ba 32 2024 - Inscri\u00e7\u00f5es Aprovadas para Aluno Especial - Vagas Remanescentes II<\/a><\/p>\n<p><a href=\"http:\/\/www2.uepg.br\/ppgcs\/wp-content\/uploads\/sites\/44\/2024\/11\/EDITAL-No-31-2024-Alunos-especiais-vagas-remanescentes.pdf\">EDITAL N\u00ba 31 2024 Alunos especiais - vagas remanescentes<\/a><\/p>\n<p><a href=\"http:\/\/www2.uepg.br\/ppgcs\/wp-content\/uploads\/sites\/44\/2024\/10\/EDITAL-No30-2024-Abertura-de-inscricoes-para-Doutorado-ingresso-2025-assinado.pdf\">EDITAL N\u00ba30 2024 - Abertura de inscricoes para Doutorado ingresso 2025 assinado<\/a><\/p>\n<p><a href=\"http:\/\/www2.uepg.br\/ppgcs\/wp-content\/uploads\/sites\/44\/2024\/10\/EDITAL-No-29-2024-Abertura-de-inscricoes-para-mestrado-ingresso-2025-assinado.pdf\">EDITAL N\u00ba 29 2024 - Abertura de inscricoes para mestrado ingresso 2025 assinado<\/a><\/p>\n<p><a href=\"http:\/\/www2.uepg.br\/ppgcs\/wp-content\/uploads\/sites\/44\/2024\/10\/EDITAL-N-28-2024-Resultado-do-Recredenciamento-de-Docentes.pdf\">EDITAL N 28-2024 Resultado do Recredenciamento de Docentes<\/a><\/p>\n<p><a href=\"http:\/\/www2.uepg.br\/ppgcs\/wp-content\/uploads\/sites\/44\/2024\/10\/EDITAL-N-27-2024-Anexo-1.docx\">EDITAL N 27 2024 Anexo 1<\/a><\/p>\n<p><a href=\"http:\/\/www2.uepg.br\/ppgcs\/wp-content\/uploads\/sites\/44\/2024\/10\/EDITAL-N-27-2024-Anexo-2.docx\">EDITAL N 27 2024 Anexo 2<\/a><\/p>\n<p><a href=\"http:\/\/www2.uepg.br\/ppgcs\/wp-content\/uploads\/sites\/44\/2024\/10\/EDITAL-N-27-2024-Recredenciamento-de-Docentes.pdf\">EDITAL N 27 2024 Recredenciamento de Docentes<\/a><\/p>\n<p><a href=\"http:\/\/www2.uepg.br\/ppgcs\/wp-content\/uploads\/sites\/44\/2024\/09\/EDITAL-N-26-2024-Resultado-Representante-Discente-no-Colegiado.pdf\">EDITAL N 26 2024 Resultado Representante Discente no Colegiado<\/a><\/p>\n<p><a href=\"http:\/\/www2.uepg.br\/ppgcs\/wp-content\/uploads\/sites\/44\/2024\/09\/EDITAL-N-25-2024-Resultado-Representante-Docente-no-Colegiado.pdf\">EDITAL N 25 2024 Resultado Representante Docente no Colegiado<\/a><\/p>\n<p><a href=\"http:\/\/www2.uepg.br\/ppgcs\/wp-content\/uploads\/sites\/44\/2024\/09\/EDITAL-N-24-2024-Representacao-Discente-no-Colegiado-PPGCS.pdf\">EDITAL N 24 2024 Representa\u00e7\u00e3o Discente no Colegiado PPGCS<\/a><\/p>\n<p><a href=\"http:\/\/www2.uepg.br\/ppgcs\/wp-content\/uploads\/sites\/44\/2024\/09\/EDITAL-N-23-2024-Representacao-Docente-no-Colegiado-PPGCS.pdf\">EDITAL N 23 2024 Representa\u00e7\u00e3o Docente no Colegiado PPGCS<\/a><\/p>\n<p><a href=\"http:\/\/www2.uepg.br\/ppgcs\/wp-content\/uploads\/sites\/44\/2024\/07\/EDITAL-No-22-2024-Inscricoes-Aprovadas-para-Aluno-Especial-Vagas-Remanescentes.pdf\">EDITAL N\u00ba 22 2024 - Inscri\u00e7\u00f5es Aprovadas para Aluno Especial - Vagas Remanescentes<\/a><\/p>\n<p><a href=\"http:\/\/www2.uepg.br\/ppgcs\/wp-content\/uploads\/sites\/44\/2024\/07\/EDITAL-No-21-2024-Alunos-especiais-vagas-remanescentes.pdf\">EDITAL N\u00ba 21 2024 - Alunos especiais - vagas remanescentes<\/a><\/p>\n<p><a href=\"http:\/\/www2.uepg.br\/ppgcs\/wp-content\/uploads\/sites\/44\/2024\/07\/EDITAL-No-20-2024-Inscricoes-Aprovadas-para-Aluno-Especial.pdf\">EDITAL N\u00ba 20 2024 - Inscri\u00e7\u00f5es Aprovadas para Aluno Especial<\/a><\/p>\n<p><a href=\"http:\/\/www2.uepg.br\/ppgcs\/wp-content\/uploads\/sites\/44\/2024\/06\/EDITAL-No-19_2024-Inscricoes-alunos-especiais.docx.pdf\">EDITAL N\u00ba 19_2024 Inscri\u00e7\u00f5es alunos especiais<\/a><\/p>\n<p><a href=\"http:\/\/www2.uepg.br\/ppgcs\/wp-content\/uploads\/sites\/44\/2024\/05\/EDITAL-18-2024-Resultado-da-classificacao-dos-bolsistas.pdf\">EDITAL 18-2024-Resultado-da-classificacao-dos-bolsistas<\/a><\/p>\n<p><a href=\"http:\/\/www2.uepg.br\/ppgcs\/wp-content\/uploads\/sites\/44\/2024\/05\/EDITAL_17-2024_-_BOLSISTAS-MESTRADO_assinado.pdf\">EDITAL_17-2024_-_BOLSISTAS MESTRADO_assinado<\/a><\/p>\n<p><a href=\"http:\/\/www2.uepg.br\/ppgcs\/wp-content\/uploads\/sites\/44\/2024\/04\/EDITAL-No16-2024-CLASSIFICACAO-PARA-BOLSISTA-DOUTORADO.pdf\">EDITAL N\u00ba16 2024 - CLASSIFICA\u00c7\u00c3O PARA BOLSISTA - DOUTORADO<\/a><\/p>\n<p><a href=\"http:\/\/www2.uepg.br\/ppgcs\/wp-content\/uploads\/sites\/44\/2024\/05\/EDITAL-No15-2024-Resultado-Final-DOUTORADO.pdf\">EDITAL N\u00ba15 2024 - Resultado Final - DOUTORADO<\/a><\/p>\n<p><a href=\"http:\/\/www2.uepg.br\/ppgcs\/wp-content\/uploads\/sites\/44\/2024\/03\/EDITAL-No14-2024-Gabarito-Provas-DOUTORADO.docx\">EDITAL N\u00ba14 2024 - Gabarito Provas DOUTORADO<\/a><\/p>\n<p><a href=\"http:\/\/www2.uepg.br\/ppgcs\/wp-content\/uploads\/sites\/44\/2024\/03\/EDITAL-No13-2024-Links-defesa-do-projeto-e-arguicao-DOUTORADO.pdf\">EDITAL N\u00ba13 2024 - Links defesa do projeto e argui\u00e7\u00e3o DOUTORADO<\/a><\/p>\n<p><a href=\"http:\/\/www2.uepg.br\/ppgcs\/wp-content\/uploads\/sites\/44\/2024\/03\/EDITAL-No-12-2024-Convocacao-defesa-do-projeto-e-arguicao.pdf\">EDITAL N\u00ba 12 2024 - Convoca\u00e7\u00e3o defesa do projeto e argui\u00e7\u00e3o<\/a><\/p>\n<p><a href=\"http:\/\/www2.uepg.br\/ppgcs\/wp-content\/uploads\/sites\/44\/2024\/03\/EDITAL-No-11-2024-Inscricoes-homologadas-retificacao-DOUTORADO.pdf\">EDITAL N\u00ba 11 2024 - Inscri\u00e7\u00f5es homologadas retifica\u00e7\u00e3o DOUTORADO<\/a><\/p>\n<p><a href=\"http:\/\/www2.uepg.br\/ppgcs\/wp-content\/uploads\/sites\/44\/2024\/03\/EDITAL-No-10-2024-Incricoes-homologadas-DOUTORADO.pdf\">EDITAL N\u00ba 10 2024 - Inscri\u00e7\u00f5es homologadas DOUTORADO<\/a><\/p>\n<p><a href=\"http:\/\/www2.uepg.br\/ppgcs\/wp-content\/uploads\/sites\/44\/2024\/03\/EDITAL-No-09-2024-Resultado-Final-Selecao-MESTRADO.pdf\">EDITAL N\u00ba 09 2024 - Resultado Final - Sele\u00e7\u00e3o MESTRADO<\/a><\/p>\n<p><a href=\"http:\/\/www2.uepg.br\/ppgcs\/wp-content\/uploads\/sites\/44\/2024\/03\/EDITAL-No-08-2024-Links-defesa-do-projeto-e-arguicao.docx\">EDITAL N\u00ba 08 2024 - Links defesa do projeto e argui\u00e7\u00e3o<\/a><\/p>\n<p><a href=\"http:\/\/www2.uepg.br\/ppgcs\/wp-content\/uploads\/sites\/44\/2024\/05\/EDITAL-No-07-2024-Abertura-de-Inscricoes-Doutorado.pdf\">EDITAL N\u00ba 07 2024 - Abertura de Inscri\u00e7\u00f5es Doutorado<\/a><\/p>\n<p><a href=\"http:\/\/www2.uepg.br\/ppgcs\/wp-content\/uploads\/sites\/44\/2024\/03\/EDITAL-No-06-2024-Convocacao-defesa-do-pre-projeto-e-arguicao.pdf\">EDITAL N\u00ba 06 2024 - Convoca\u00e7\u00e3o defesa do pr\u00e9-projeto e argui\u00e7\u00e3o<\/a><\/p>\n<p><a href=\"http:\/\/www2.uepg.br\/ppgcs\/wp-content\/uploads\/sites\/44\/2024\/02\/EDITAL-No-05-2024-Aprovados-na-1o-Etapa-Final-Apos-analise-dos-recursos.pdf\">EDITAL N\u00ba 05 2024 - Aprovados na 1\u00ba Etapa - Final -Apos analise dos recursos<\/a><\/p>\n<p><a href=\"http:\/\/www2.uepg.br\/ppgcs\/wp-content\/uploads\/sites\/44\/2024\/02\/EDITAL-No-04-2024-Gabarito-final-com-anulacao-da-questao-4.pdf\">EDITAL N\u00ba 04 2024 - Gabarito final com anula\u00e7\u00e3o da quest\u00e3o 4<\/a><\/p>\n<p><a href=\"http:\/\/www2.uepg.br\/ppgcs\/wp-content\/uploads\/sites\/44\/2024\/02\/EDITAL-No-03-2024-Divulgacao-dos-Aprovados-na-1o-Etapa.pdf\">EDITAL N\u00ba 03 2024 - Divulga\u00e7\u00e3o dos Aprovados na 1\u00ba Etapa<\/a><\/p>\n<p><a href=\"http:\/\/www2.uepg.br\/ppgcs\/wp-content\/uploads\/sites\/44\/2024\/02\/EDITAL-No-02-2024-Divulgacao-do-Gabarito.pdf\">EDITAL N\u00ba 02 2024 - Divulga\u00e7\u00e3o do Gabarito<\/a><\/p>\n<p><a href=\"http:\/\/www2.uepg.br\/ppgcs\/wp-content\/uploads\/sites\/44\/2024\/02\/EDITAL-01-2024-HOMOLOGACAO-DAS-INSCRICOES.pdf\">EDITAL 01-2024 - HOMOLOGA\u00c7\u00c3O DAS INSCRI\u00c7\u00d5ES<\/a><\/p>\n<p>Referente ao processo de sele\u00e7\u00e3o de Mestrado em Ci\u00eancias da Sa\u00fade (Edital 19\/2023 - PPGCS), com ingresso no ano letivo de 2024.<\/p>\n\t\t\t\t<\/div>\n\t\t\t<\/div>\n\t\t<\/div>\n\t\t\t<div class=\"sow-accordion-panel\"\n\t\t\t data-anchor=\"2023\">\n\t\t\t\t<div class=\"sow-accordion-panel-header-container\" role=\"heading\" aria-level=\"2\">\n\t\t\t\t\t<div class=\"sow-accordion-panel-header\" tabindex=\"0\" role=\"button\" id=\"accordion-label-2023\" aria-controls=\"accordion-content-2023\" aria-expanded=\"false\">\n\t\t\t\t\t\t<div class=\"sow-accordion-title sow-accordion-title-icon-left\">\n\t\t\t\t\t\t\t\t\t\t\t\t\t\t2023\t\t\t\t\t\t\t\t\t\t\t\t\t<\/div>\n\t\t\t\t\t\t<div class=\"sow-accordion-open-close-button\">\n\t\t\t\t\t\t\t<div class=\"sow-accordion-open-button\">\n\t\t\t\t\t\t\t\t<span class=\"sow-icon-ionicons\" data-sow-icon=\"&#xf218;\"\n\t\t \n\t\taria-hidden=\"true\"><\/span>\t\t\t\t\t\t\t<\/div>\n\t\t\t\t\t\t\t<div class=\"sow-accordion-close-button\">\n\t\t\t\t\t\t\t\t<span class=\"sow-icon-ionicons\" data-sow-icon=\"&#xf209;\"\n\t\t \n\t\taria-hidden=\"true\"><\/span>\t\t\t\t\t\t\t<\/div>\n\t\t\t\t\t\t<\/div>\n\t\t\t\t\t<\/div>\n\t\t\t\t<\/div>\n\n\t\t\t<div\n\t\t\t\tclass=\"sow-accordion-panel-content\"\n\t\t\t\trole=\"region\"\n\t\t\t\taria-labelledby=\"accordion-label-2023\"\n\t\t\t\tid=\"accordion-content-2023\"\n\t\t\t\tstyle=\"display: none;\"\t\t\t>\n\t\t\t\t<div class=\"sow-accordion-panel-border\" tabindex=\"0\">\n\t\t\t\t\t<p><a href=\"http:\/\/www2.uepg.br\/ppgcs\/wp-content\/uploads\/sites\/44\/2023\/11\/EDITAL-No-20-2023-Retificacao-do-Edital-19-2023-assinado.pdf\">EDITAL N\u00ba 20 2023- Retificacao do Edital 19-2023 (Vagas para ingresso 2024)<\/a><\/p>\n<p><a href=\"http:\/\/www2.uepg.br\/ppgcs\/wp-content\/uploads\/sites\/44\/2023\/11\/Anexos-editaveis-Edital-No-19-2023.docx\">Anexos editaveis - Edital N\u00ba 19-2023<\/a><\/p>\n<p><a href=\"http:\/\/www2.uepg.br\/ppgcs\/wp-content\/uploads\/sites\/44\/2023\/11\/EDITAL-No-19-2023-Inscricoes-para-selecao-Mestrado-com-ingresso-2024.pdf\">EDITAL N\u00ba 19 2023 - Inscri\u00e7\u00f5es para sele\u00e7\u00e3o Mestrado com ingresso 2024<\/a><\/p>\n<p><a href=\"http:\/\/www2.uepg.br\/ppgcs\/wp-content\/uploads\/sites\/44\/2023\/07\/EDITAL18-2023-RESULTADO-SELECAO-ALUNO-ESPECIAL-PPGCS.pdf\">EDITAL18 2023 - RESULTADO SELE\u00c7\u00c3O ALUNO ESPECIAL PPGCS<\/a><\/p>\n<p><a href=\"http:\/\/www2.uepg.br\/ppgcs\/wp-content\/uploads\/sites\/44\/2023\/07\/EDITAL-No-17-2023-Inscricoes-alunos-especiais.docx.pdf\">EDITAL N\u00ba 17 2023 Inscri\u00e7\u00f5es alunos especiais<\/a><\/p>\n<p><a href=\"http:\/\/www2.uepg.br\/ppgcs\/wp-content\/uploads\/sites\/44\/2023\/06\/EDITAL-No16-2023-REPRESENTANTE-DOCENTE-PPGCS.pdf\">EDITAL N\u00ba16-2023 REPRESENTANTE DOCENTE PPGCS<\/a><\/p>\n<p><a href=\"http:\/\/www2.uepg.br\/ppgcs\/wp-content\/uploads\/sites\/44\/2023\/06\/EDITAL-No15-2023-REPRESENTANTE-DISCENTE-PPGCS.pdf\">EDITAL N\u00ba15-2023 REPRESENTANTE DISCENTE PPGCS<\/a><\/p>\n<p><a href=\"http:\/\/www2.uepg.br\/ppgcs\/wp-content\/uploads\/sites\/44\/2023\/06\/EDITAL-N-14-2023-Representacao-Discente-Colegiado-PPGCS.pdf\">EDITAL N\u00ba14\/2023 - Representa\u00e7\u00e3o Discente junto ao Colegiado PPGCS<\/a><\/p>\n<p><a href=\"http:\/\/www2.uepg.br\/ppgcs\/wp-content\/uploads\/sites\/44\/2023\/06\/EDITAL-N-13-2023-Representacao-Docente-Colegiado-PPGCS.pdf\">EDITAL N\u00ba13\/2023 - Representa\u00e7\u00e3o Docente junto ao Colegiado PPGCS<\/a><\/p>\n<p><a href=\"http:\/\/www2.uepg.br\/ppgcs\/wp-content\/uploads\/sites\/44\/2023\/05\/EDITAL-No-12-2023-Resultado-da-classificacao-dos-bolsistas.pdf\">EDITAL-No-12-2023-Resultado-da-classificacao-dos-bolsistas<\/a><\/p>\n<p><a href=\"http:\/\/www2.uepg.br\/ppgcs\/wp-content\/uploads\/sites\/44\/2023\/05\/EDITAL-No11-2023-BOLSISTAS.pdf\">EDITAL N\u00ba11 2023 - BOLSISTAS<\/a><\/p>\n<p><a href=\"http:\/\/www2.uepg.br\/ppgcs\/wp-content\/uploads\/sites\/44\/2023\/04\/EDITAL-No-10-2023-Resultado-da-classificacao-dos-bolsistas.pdf\">EDITAL-No-10-2023-Resultado-da-classificacao-dos-bolsistas<\/a><\/p>\n<p><a href=\"http:\/\/www2.uepg.br\/ppgcs\/wp-content\/uploads\/sites\/44\/2023\/04\/EDITAL_09_BOLSISTAS.docx.pdf\">EDITAL_09_BOLSISTAS.docx<\/a><\/p>\n<p><a href=\"http:\/\/www2.uepg.br\/ppgcs\/wp-content\/uploads\/sites\/44\/2023\/03\/EDITAL-No-08-2023_RESULTADO-FINAL-DO-PROCESSO-DE-SELECAO.docx.pdf\">EDITAL N\u00ba 08 2023_RESULTADO FINAL DO PROCESSO DE SELE\u00c7\u00c3O.docx<\/a><\/p>\n<p><a href=\"http:\/\/www2.uepg.br\/ppgcs\/wp-content\/uploads\/sites\/44\/2023\/03\/EDITAL-No-7-2023_DIVULGACAO-DOS-LINKS-DE-ACESSO-.pdf\">EDITAL N\u00ba 7 2023_DIVULGA\u00c7\u00c3O DOS LINKS DE ACESSO<\/a><\/p>\n<p><a href=\"http:\/\/www2.uepg.br\/ppgcs\/wp-content\/uploads\/sites\/44\/2023\/03\/EDITAL-No-6-2022-Convocacao-para-bancas.pdf\">EDITAL N\u00ba 6 2022 Convoca\u00e7\u00e3o para bancas<\/a><\/p>\n<p><a href=\"http:\/\/www2.uepg.br\/ppgcs\/wp-content\/uploads\/sites\/44\/2023\/03\/EDITAL-No-5-2023-RESULTADO-DAS-PROVAS.pdf\">EDITAL N\u00ba 5 2023 RESULTADO DAS PROVAS<\/a><\/p>\n<p><a href=\"http:\/\/www2.uepg.br\/ppgcs\/wp-content\/uploads\/sites\/44\/2023\/03\/EDITAL-No-4-2023-DIVULGACAO-DAS-PROVAS-E-GABARITOS-FINAIS.pdf\">EDITAL N\u00ba 4 2023 DIVULGA\u00c7\u00c3O DAS PROVAS E GABARITOS FINAIS<\/a><\/p>\n<p><a href=\"http:\/\/www2.uepg.br\/ppgcs\/wp-content\/uploads\/sites\/44\/2023\/03\/Prova-de-Selecao-Ingles-2023-1-Errata.pdf\">Prova de Sele\u00e7\u00e3o Ingl\u00eas 2023 (1) - Errata<\/a><\/p>\n<p><a href=\"http:\/\/www2.uepg.br\/ppgcs\/wp-content\/uploads\/sites\/44\/2023\/03\/EDITAL-No-3-2023-DIVULGACAO-DAS-PROVAS-E-GABARITOS-PRELIMINARES.pdf\">EDITAL N\u00ba 3 2023 DIVULGA\u00c7\u00c3O DAS PROVAS E GABARITOS PRELIMINARES<\/a><\/p>\n<p><a href=\"http:\/\/www2.uepg.br\/ppgcs\/wp-content\/uploads\/sites\/44\/2023\/03\/EDITAL_02_2023_ENSALAMENTO.pdf\">EDITAL_02_2023_ENSALAMENTO<\/a><\/p>\n<p><a href=\"http:\/\/www2.uepg.br\/ppgcs\/wp-content\/uploads\/sites\/44\/2023\/02\/EDITAL-No-1-2023-HOMOLOGACAO-DAS-INSCRICOES-NO-PROCESSO-DE-SELECAO.pdf\">EDITAL N\u00ba 1 2023 HOMOLOGA\u00c7\u00c3O DAS INSCRI\u00c7\u00d5ES NO PROCESSO DE SELE\u00c7\u00c3O<\/a><\/p>\n\t\t\t\t<\/div>\n\t\t\t<\/div>\n\t\t<\/div>\n\t\t\t<div class=\"sow-accordion-panel\"\n\t\t\t data-anchor=\"2022\">\n\t\t\t\t<div class=\"sow-accordion-panel-header-container\" role=\"heading\" aria-level=\"2\">\n\t\t\t\t\t<div class=\"sow-accordion-panel-header\" tabindex=\"0\" role=\"button\" id=\"accordion-label-2022\" aria-controls=\"accordion-content-2022\" aria-expanded=\"false\">\n\t\t\t\t\t\t<div class=\"sow-accordion-title sow-accordion-title-icon-left\">\n\t\t\t\t\t\t\t\t\t\t\t\t\t\t2022\t\t\t\t\t\t\t\t\t\t\t\t\t<\/div>\n\t\t\t\t\t\t<div class=\"sow-accordion-open-close-button\">\n\t\t\t\t\t\t\t<div class=\"sow-accordion-open-button\">\n\t\t\t\t\t\t\t\t<span class=\"sow-icon-ionicons\" data-sow-icon=\"&#xf218;\"\n\t\t \n\t\taria-hidden=\"true\"><\/span>\t\t\t\t\t\t\t<\/div>\n\t\t\t\t\t\t\t<div class=\"sow-accordion-close-button\">\n\t\t\t\t\t\t\t\t<span class=\"sow-icon-ionicons\" data-sow-icon=\"&#xf209;\"\n\t\t \n\t\taria-hidden=\"true\"><\/span>\t\t\t\t\t\t\t<\/div>\n\t\t\t\t\t\t<\/div>\n\t\t\t\t\t<\/div>\n\t\t\t\t<\/div>\n\n\t\t\t<div\n\t\t\t\tclass=\"sow-accordion-panel-content\"\n\t\t\t\trole=\"region\"\n\t\t\t\taria-labelledby=\"accordion-label-2022\"\n\t\t\t\tid=\"accordion-content-2022\"\n\t\t\t\tstyle=\"display: none;\"\t\t\t>\n\t\t\t\t<div class=\"sow-accordion-panel-border\" tabindex=\"0\">\n\t\t\t\t\t<p><a href=\"http:\/\/www2.uepg.br\/ppgcs\/wp-content\/uploads\/sites\/44\/2022\/11\/Inscricao-mestrado-PPGCS-2023.pdf\">Inscri\u00e7\u00e3o mestrado PPGCS 2023<\/a><\/p>\n<p><a href=\"http:\/\/www2.uepg.br\/ppgcs\/wp-content\/uploads\/sites\/44\/2022\/11\/EDITAL-No-21_2022_-PPGCS_UEPG_Retificacao-do-Edital-No-21_2022.pdf\">EDITAL N\u00ba 21_2022_ PPGCS_UEPG_Retifica\u00e7\u00e3o do Edital N\u00ba 21_2022<\/a><\/p>\n<p><a href=\"http:\/\/www2.uepg.br\/ppgcs\/wp-content\/uploads\/sites\/44\/2022\/10\/EDITAL-No-20_2022_-PPGCS_UEPG_Abertura-de-Inscric\u0327o\u0303es-para-o-Mestrado-2.docx.pdf\">EDITAL N\u00ba 20_2022_ PPGCS_UEPG_Abertura de Inscric\u0327o\u0303es para o Mestrado (2).docx<\/a><\/p>\n<p><a href=\"http:\/\/www2.uepg.br\/ppgcs\/wp-content\/uploads\/sites\/44\/2019\/11\/EDITAL_19_ALUNO-ESPECIAL-PPGCS-segundo-semestre-2022.pdf\">EDITAL_19_ALUNO ESPECIAL PPGCS- segundo semestre 2022<\/a><\/p>\n<p><a href=\"http:\/\/www2.uepg.br\/ppgcs\/wp-content\/uploads\/sites\/44\/2022\/08\/EDITAL_18_ALUNO-ESPECIAL-PPGCS.pdf\">EDITAL_18_ALUNO ESPECIAL PPGCS<\/a><\/p>\n<p><a href=\"http:\/\/www2.uepg.br\/ppgcs\/wp-content\/uploads\/sites\/44\/2022\/05\/EDITAL_17_RESULTADO_-SELECAO_ALUNO-ESPECIAL-PPGCS-1.pdf\">EDITAL_17_RESULTADO_ SELE\u00c7\u00c3O_ALUNO ESPECIAL PPGCS<\/a><\/p>\n<p><a href=\"http:\/\/www2.uepg.br\/ppgcs\/wp-content\/uploads\/sites\/44\/2022\/05\/EDITAL_16_ALUNO-ESPECIAL-PPGCS.docx.pdf\">EDITAL_16_ALUNO ESPECIAL PPGCS.docx<\/a><\/p>\n<p><a href=\"http:\/\/www2.uepg.br\/ppgcs\/wp-content\/uploads\/sites\/44\/2022\/04\/EDITAL_15_RESULTADO_CLASSIFICACAO_CONCESSAO_-BOLSA-DE-ESTUDO_-PPGCS.docx\">EDITAL_15_RESULTADO_CLASSIFICA\u00c7\u00c3O_CONCESS\u00c3O_ BOLSA DE ESTUDO_ PPGCS<\/a><\/p>\n<p><a href=\"http:\/\/www2.uepg.br\/ppgcs\/wp-content\/uploads\/sites\/44\/2022\/04\/EDITAL_14_BOLSISTAS.pdf\">EDITAL_14_BOLSISTAS<\/a><\/p>\n<p><a href=\"http:\/\/www2.uepg.br\/ppgcs\/wp-content\/uploads\/sites\/44\/2022\/04\/EDITAL_13_REPRESENTANTE-DISCENTE-PPGCS.docx\">EDITAL_13_REPRESENTANTE DISCENTE PPGCS<\/a><\/p>\n<p><a href=\"http:\/\/www2.uepg.br\/ppgcs\/wp-content\/uploads\/sites\/44\/2022\/04\/EDITAL_12_REPRESENTANTE-DOCENTE-PPGCS.docx\">EDITAL_12_REPRESENTANTE DOCENTE PPGCS<\/a><\/p>\n<p><a href=\"http:\/\/www2.uepg.br\/ppgcs\/wp-content\/uploads\/sites\/44\/2022\/03\/EDITAL-No-11-2022-RESULTADO-FINAL-DO-PROCESSO-DE-SELECAO-1.pdf\">EDITAL N\u00ba 11 2022- RESULTADO FINAL DO PROCESSO DE SELE\u00c7\u00c3O<\/a><\/p>\n<p><a href=\"http:\/\/www2.uepg.br\/ppgcs\/wp-content\/uploads\/sites\/44\/2022\/03\/EDITAL-No-10_2022-PPGCS-Representacao-Discente.doc\">EDITAL N\u00ba 10_2022 PPGCS Representa\u00e7\u00e3o Discente<\/a><\/p>\n<p><a href=\"http:\/\/www2.uepg.br\/ppgcs\/wp-content\/uploads\/sites\/44\/2022\/03\/EDITAL-No-09_2022-PPGCS-Representacao-Docente.pdf\">EDITAL N\u00ba 09_2022 PPGCS Representa\u00e7\u00e3o Docente<\/a><\/p>\n<p><a href=\"http:\/\/www2.uepg.br\/ppgcs\/wp-content\/uploads\/sites\/44\/2022\/03\/EDITAL-No-8-2022-Convocacao-para-bancas.pdf\">EDITAL N\u00ba 8 2022 Convoca\u00e7\u00e3o para bancas<\/a><\/p>\n<p><a href=\"http:\/\/www2.uepg.br\/ppgcs\/wp-content\/uploads\/sites\/44\/2022\/03\/Edital-No-7-2022-Resultado-das-provas.pdf\">Edital N\u00ba 7 2022 Resultado das provas<\/a><\/p>\n<p><a href=\"http:\/\/www2.uepg.br\/ppgcs\/wp-content\/uploads\/sites\/44\/2022\/03\/EDITAL-No-6-2022-DIVULGACAO-DAS-PROVAS-E-GABARITOS-FINAIS.doc.pdf\">EDITAL N\u00ba 6 2022 DIVULGA\u00c7\u00c3O DAS PROVAS E GABARITOS FINAIS.doc<\/a><\/p>\n<p><a href=\"http:\/\/www2.uepg.br\/ppgcs\/wp-content\/uploads\/sites\/44\/2022\/03\/EDITAL-No-5-2022-DIVULGACAO-DAS-PROVAS-E-GABARITOS-PRELIMINARES.pdf\">EDITAL N\u00ba 5 2022 DIVULGA\u00c7\u00c3O DAS PROVAS E GABARITOS PRELIMINARES<\/a><\/p>\n<p><a href=\"http:\/\/www2.uepg.br\/ppgcs\/wp-content\/uploads\/sites\/44\/2022\/03\/EDITAL-No-4-2022-SALA-PROVA-PROCESSO-DE-SELECAO.pdf\">EDITAL N\u00ba 4 2022 SALA PROVA PROCESSO DE SELE\u00c7\u00c2O<\/a><\/p>\n<p><a href=\"http:\/\/www2.uepg.br\/ppgcs\/wp-content\/uploads\/sites\/44\/2022\/02\/EDITAL-No-3-2022-PRAZO-RELATORIOS-PARCIAIS.pdf\">EDITAL N\u00ba 3 2022 PRAZO RELAT\u00d3RIOS PARCIAIS<\/a><\/p>\n<p><a href=\"http:\/\/www2.uepg.br\/ppgcs\/wp-content\/uploads\/sites\/44\/2022\/02\/EDITAL-No-2-2022-HOMOLOGACAO-DAS-INSCRICOES-NO-PROCESSO-DE-SELECAO.pdf\">EDITAL N\u00ba 2 2022 HOMOLOGA\u00c7\u00c3O DAS INSCRI\u00c7\u00d5ES NO PROCESSO DE SELE\u00c7\u00c3O<\/a><\/p>\n<p><a href=\"http:\/\/www2.uepg.br\/ppgcs\/wp-content\/uploads\/sites\/44\/2022\/01\/artigo.pdf\">artigo<\/a><\/p>\n\t\t\t\t<\/div>\n\t\t\t<\/div>\n\t\t<\/div>\n\t\t\t<div class=\"sow-accordion-panel\"\n\t\t\t data-anchor=\"2021\">\n\t\t\t\t<div class=\"sow-accordion-panel-header-container\" role=\"heading\" aria-level=\"2\">\n\t\t\t\t\t<div class=\"sow-accordion-panel-header\" tabindex=\"0\" role=\"button\" id=\"accordion-label-2021\" aria-controls=\"accordion-content-2021\" aria-expanded=\"false\">\n\t\t\t\t\t\t<div class=\"sow-accordion-title sow-accordion-title-icon-left\">\n\t\t\t\t\t\t\t\t\t\t\t\t\t\t2021\t\t\t\t\t\t\t\t\t\t\t\t\t<\/div>\n\t\t\t\t\t\t<div class=\"sow-accordion-open-close-button\">\n\t\t\t\t\t\t\t<div class=\"sow-accordion-open-button\">\n\t\t\t\t\t\t\t\t<span class=\"sow-icon-ionicons\" data-sow-icon=\"&#xf218;\"\n\t\t \n\t\taria-hidden=\"true\"><\/span>\t\t\t\t\t\t\t<\/div>\n\t\t\t\t\t\t\t<div class=\"sow-accordion-close-button\">\n\t\t\t\t\t\t\t\t<span class=\"sow-icon-ionicons\" data-sow-icon=\"&#xf209;\"\n\t\t \n\t\taria-hidden=\"true\"><\/span>\t\t\t\t\t\t\t<\/div>\n\t\t\t\t\t\t<\/div>\n\t\t\t\t\t<\/div>\n\t\t\t\t<\/div>\n\n\t\t\t<div\n\t\t\t\tclass=\"sow-accordion-panel-content\"\n\t\t\t\trole=\"region\"\n\t\t\t\taria-labelledby=\"accordion-label-2021\"\n\t\t\t\tid=\"accordion-content-2021\"\n\t\t\t\tstyle=\"display: none;\"\t\t\t>\n\t\t\t\t<div class=\"sow-accordion-panel-border\" tabindex=\"0\">\n\t\t\t\t\t<p><a href=\"http:\/\/www2.uepg.br\/ppgcs\/wp-content\/uploads\/sites\/44\/2021\/12\/EDITAL-No-25-2021-Abertura-de-inscric\u0327o\u0303es-2021.pdf\">EDITAL N\u00ba 25 2021 Abertura de inscric\u0327o\u0303es- 2021<\/a><\/p>\n<p><a href=\"http:\/\/www2.uepg.br\/ppgcs\/wp-content\/uploads\/sites\/44\/2021\/10\/EDITAL-No-23-2021-Resultado-da-classificacao-dos-bolsistas.pdf\">E<\/a><a href=\"http:\/\/www2.uepg.br\/ppgcs\/wp-content\/uploads\/sites\/44\/2021\/10\/EDITAL-No-24-Resultado-do-credenciamento.pdf\">EDITAL N\u00ba 24- Resultado do credenciamento<\/a><\/p>\n<p><a href=\"http:\/\/www2.uepg.br\/ppgcs\/wp-content\/uploads\/sites\/44\/2021\/10\/EDITAL-No-23-2021-Resultado-da-classificacao-dos-bolsistas.pdf\">DITAL N\u00ba 23 2021 Resultado da classifica\u00e7\u00e3o dos bolsistas<\/a><\/p>\n<p><a href=\"http:\/\/www2.uepg.br\/ppgcs\/wp-content\/uploads\/sites\/44\/2021\/10\/EDITAL-No-22-2021-Inscricao-para-bolsistas.pdf\">EDITAL N\u00ba 22 2021 Inscri\u00e7\u00e3o para bolsistas<\/a><\/p>\n<p><a href=\"http:\/\/www2.uepg.br\/ppgcs\/wp-content\/uploads\/sites\/44\/2021\/10\/EDITAL-No-21-2021-PPGCS-UEPG-Homologacao-Alunos-especiais.pdf\">EDITAL N\u00ba 21 2021 PPGCS UEPG Homologa\u00e7\u00e3o Alunos especiais<\/a><\/p>\n<p><a href=\"http:\/\/www2.uepg.br\/ppgcs\/wp-content\/uploads\/sites\/44\/2021\/09\/EDITAL-No-20-2021-Errata-do-edital-19-2021Credenciamento-de-docentes-PPGCS.pdf\">EDITAL N\u00ba 20 2021- Errata do edital 19 2021<\/a><\/p>\n<p><a href=\"http:\/\/www2.uepg.br\/ppgcs\/wp-content\/uploads\/sites\/44\/2021\/09\/EDITAL-No-20-2021-Errata-do-edital-19-2021Credenciamento-de-docentes-PPGCS.pdf\">Credenciamento de docentes PPGCS<\/a><\/p>\n<p><a href=\"http:\/\/www2.uepg.br\/ppgcs\/wp-content\/uploads\/sites\/44\/2021\/09\/EDITAL-No-19-2021-Credenciamento-de-docentes-PPGCS.pdf\">EDITAL N\u00ba 19 2021- Credenciamento de docentes PPGCS<\/a><\/p>\n<p><a href=\"http:\/\/www2.uepg.br\/ppgcs\/wp-content\/uploads\/sites\/44\/2021\/09\/EDITAL-No-18-2021-Inscricoes-alunos-especiais.pdf\">EDITAL N\u00ba 18 2021 Inscri\u00e7\u00f5es alunos especiais<\/a><\/p>\n<p><a href=\"http:\/\/www2.uepg.br\/ppgcs\/wp-content\/uploads\/sites\/44\/2021\/09\/EDITAL-No-17-2021-Resultado-da-classificacao-dos-bolsistas.pdf\">EDITAL N\u00ba 17 2021 Resultado da classifica\u00e7\u00e3o dos bolsistas<\/a><\/p>\n<p><a href=\"http:\/\/www2.uepg.br\/ppgcs\/wp-content\/uploads\/sites\/44\/2021\/09\/EDITAL-No-16-2021-Inscricao-para-bolsistas.pdf\">EDITAL N\u00ba 16 2021 Inscri\u00e7\u00e3o para bolsistas<\/a><\/p>\n<p><a href=\"http:\/\/www2.uepg.br\/ppgcs\/wp-content\/uploads\/sites\/44\/2021\/05\/EDITAL-No-15-2021-Resultado-eleicao-representante-discente-2.pdf\">EDITAL N\u00ba 15 2021 Resultado elei\u00e7\u00e3o representante discente<\/a><\/p>\n<p><a href=\"http:\/\/www2.uepg.br\/ppgcs\/wp-content\/uploads\/sites\/44\/2021\/05\/EDITAL-No-14-2021-Resultado-eleicao-representante-docente.pdf\">EDITAL N\u00ba 14 2021 Resultado elei\u00e7\u00e3o representante docente<\/a><\/p>\n<p><a href=\"http:\/\/www2.uepg.br\/ppgcs\/wp-content\/uploads\/sites\/44\/2021\/04\/EDITAL-No-13-2021-Inscricao-representante-discente.pdf\">EDITAL N\u00ba 13 2021- Inscri\u00e7\u00e3o representante discente<\/a><\/p>\n<p><a href=\"http:\/\/www2.uepg.br\/ppgcs\/wp-content\/uploads\/sites\/44\/2021\/04\/EDITAL-No-12-2021-Eleicao-discente.pdf\">EDITAL N\u00ba 12 2021- Elei\u00e7\u00e3o discente<\/a><\/p>\n<p><a href=\"http:\/\/www2.uepg.br\/ppgcs\/wp-content\/uploads\/sites\/44\/2021\/04\/EDITAL-No-11-2021-PPGCS-UEPG-Homologacao-Alunos-especiais.pdf\">EDITAL N\u00ba 11 2021 PPGCS UEPG Homologa\u00e7\u00e3o Alunos especiais<\/a><\/p>\n<p><a href=\"http:\/\/www2.uepg.br\/ppgcs\/wp-content\/uploads\/sites\/44\/2021\/04\/EDITAL-No-10-2021-Inscricoes-alunos-especiais-Errata.pdf\">EDITAL N\u00ba 10 2021 Inscri\u00e7\u00f5es alunos especiais - Errata<\/a><\/p>\n<p><a href=\"http:\/\/www2.uepg.br\/ppgcs\/wp-content\/uploads\/sites\/44\/2021\/04\/EDITAL-No-09-2021-Inscricoes-alunos-especiais.pdf\">EDITAL N\u00ba 09 2021 Inscri\u00e7\u00f5es alunos especiais<\/a><\/p>\n<p><a href=\"http:\/\/www2.uepg.br\/ppgcs\/wp-content\/uploads\/sites\/44\/2021\/03\/EDITAL-No-8-2021-RESULTADO-FINAL-DO-PROCESSO-DE-SELECAO.pdf\">EDITAL N\u00ba 8 2021- RESULTADO FINAL DO PROCESSO DE SELE\u00c7\u00c3O<\/a><\/p>\n<p><a href=\"http:\/\/www2.uepg.br\/ppgcs\/wp-content\/uploads\/sites\/44\/2021\/03\/EDITAL-No-7-2021-Convocacao-para-bancas.pdf\">EDITAL N\u00ba 7 2021 Convoca\u00e7\u00e3o para bancas<\/a><\/p>\n<p><a href=\"http:\/\/www2.uepg.br\/ppgcs\/wp-content\/uploads\/sites\/44\/2021\/03\/EDITAL-No-6-2021-ERRATA.pdf\">EDITAL N\u00ba 6 2021 ERRATA<\/a><\/p>\n<p><a href=\"http:\/\/www2.uepg.br\/ppgcs\/wp-content\/uploads\/sites\/44\/2021\/03\/EDITAL-No-5-2021-Resultado-das-provas.pdf\">EDITAL N\u00ba 5 2021 Resultado das provas<\/a><\/p>\n<p><a href=\"http:\/\/www2.uepg.br\/ppgcs\/wp-content\/uploads\/sites\/44\/2021\/03\/EDITAL-No-4-2021-GABARITOS-FINAIS.pdf\">EDITAL N\u00ba 4 2021 GABARITOS FINAIS<\/a><\/p>\n<p><a href=\"http:\/\/www2.uepg.br\/ppgcs\/wp-content\/uploads\/sites\/44\/2021\/03\/EDITAL-No-3-2021-DIVULGACAO-DAS-PROVAS-E-GABARITOS-PRELIMINARES.pdf\">EDITAL N\u00ba 3 2021 DIVULGA\u00c7\u00c3O DAS PROVAS E GABARITOS PRELIMINARES<\/a><\/p>\n<p><a href=\"http:\/\/www2.uepg.br\/ppgcs\/wp-content\/uploads\/sites\/44\/2021\/02\/EDITAL-No-2-2021-HOMOLOGACAO-DAS-INSCRICOES-NO-PROCESSO-DE-SELECAO.pdf\">EDITAL N\u00ba 2 2021 HOMOLOGA\u00c7\u00c3O DAS INSCRI\u00c7\u00d5ES NO PROCESSO DE SELE\u00c7\u00c3O<\/a><\/p>\n<p><a href=\"http:\/\/www2.uepg.br\/ppgcs\/wp-content\/uploads\/sites\/44\/2021\/01\/EDITAL-No-1-2021-Intrucoes-para-a-prova.pdf\">EDITAL N\u00ba 1 2021 Instru\u00e7\u00f5es para a prova<\/a><\/p>\n\t\t\t\t<\/div>\n\t\t\t<\/div>\n\t\t<\/div>\n\t\t\t<div class=\"sow-accordion-panel\"\n\t\t\t data-anchor=\"2020\">\n\t\t\t\t<div class=\"sow-accordion-panel-header-container\" role=\"heading\" aria-level=\"2\">\n\t\t\t\t\t<div class=\"sow-accordion-panel-header\" tabindex=\"0\" role=\"button\" id=\"accordion-label-2020\" aria-controls=\"accordion-content-2020\" aria-expanded=\"false\">\n\t\t\t\t\t\t<div class=\"sow-accordion-title sow-accordion-title-icon-left\">\n\t\t\t\t\t\t\t\t\t\t\t\t\t\t2020\t\t\t\t\t\t\t\t\t\t\t\t\t<\/div>\n\t\t\t\t\t\t<div class=\"sow-accordion-open-close-button\">\n\t\t\t\t\t\t\t<div class=\"sow-accordion-open-button\">\n\t\t\t\t\t\t\t\t<span class=\"sow-icon-ionicons\" data-sow-icon=\"&#xf218;\"\n\t\t \n\t\taria-hidden=\"true\"><\/span>\t\t\t\t\t\t\t<\/div>\n\t\t\t\t\t\t\t<div class=\"sow-accordion-close-button\">\n\t\t\t\t\t\t\t\t<span class=\"sow-icon-ionicons\" data-sow-icon=\"&#xf209;\"\n\t\t \n\t\taria-hidden=\"true\"><\/span>\t\t\t\t\t\t\t<\/div>\n\t\t\t\t\t\t<\/div>\n\t\t\t\t\t<\/div>\n\t\t\t\t<\/div>\n\n\t\t\t<div\n\t\t\t\tclass=\"sow-accordion-panel-content\"\n\t\t\t\trole=\"region\"\n\t\t\t\taria-labelledby=\"accordion-label-2020\"\n\t\t\t\tid=\"accordion-content-2020\"\n\t\t\t\tstyle=\"display: none;\"\t\t\t>\n\t\t\t\t<div class=\"sow-accordion-panel-border\" tabindex=\"0\">\n\t\t\t\t\t<p style=\"text-align: center\"><a href=\"http:\/\/www2.uepg.br\/ppgcs\/wp-content\/uploads\/sites\/44\/2020\/12\/EDITAL-No-11-2020-Abertura-de-inscricoes-1.pdf\">EDITAL N\u00ba 11 2020 Abertura de inscri\u00e7\u00f5es<\/a><\/p>\n<p style=\"text-align: center\"><a href=\"http:\/\/www2.uepg.br\/ppgcs\/wp-content\/uploads\/sites\/44\/2020\/04\/EDITAL-N\u00ba-10-2020-Resultado-elei\u00e7\u00e3o-representante-discente.pdf\">EDITAL N\u00ba 10 2020 Resultado elei\u00e7\u00e3o representante discente<\/a><\/p>\n<p style=\"text-align: center\"><a href=\"http:\/\/www2.uepg.br\/ppgcs\/wp-content\/uploads\/sites\/44\/2020\/04\/EDITAL-N\u00ba-09-2020-Resultado-elei\u00e7\u00e3o-representante-docente.pdf\">EDITAL N\u00ba 09 2020 Resultado elei\u00e7\u00e3o representante docente<\/a><\/p>\n<p style=\"text-align: center\"><a href=\"http:\/\/www2.uepg.br\/ppgcs\/wp-content\/uploads\/sites\/44\/2020\/03\/EDITAL-N\u00ba-08-2020-PPGCS-UEPG-Homologa\u00e7\u00e3o-Alunos-especiais.pdf\">EDITAL N\u00ba 08 2020 PPGCS UEPG Homologa\u00e7\u00e3o Alunos especiais<\/a><\/p>\n<p style=\"text-align: center\"><a href=\"http:\/\/www2.uepg.br\/ppgcs\/wp-content\/uploads\/sites\/44\/2020\/03\/EDITAL-N\u00ba-07-2020-PPGCS-UEPG-Homologa\u00e7\u00e3o-Alunos-Especiais-outros-PPGs-.pdf\">EDITAL N\u00ba 07 2020 PPGCS UEPG Homologa\u00e7\u00e3o Alunos Especiais outros PPGs -<\/a><\/p>\n<p style=\"text-align: center\"><a href=\"http:\/\/www2.uepg.br\/ppgcs\/wp-content\/uploads\/sites\/44\/2020\/03\/EDITAL-N\u00ba-06-2020-Resultado-da-classifica\u00e7\u00e3o-dos-bolsistas-1.pdf\">EDITAL N\u00ba 06 2020 Resultado da classifica\u00e7\u00e3o dos bolsistas<\/a><\/p>\n<p style=\"text-align: center\"><a href=\"http:\/\/www2.uepg.br\/ppgcs\/wp-content\/uploads\/sites\/44\/2020\/03\/EDITAL-N\u00ba-05-2020-Elei\u00e7\u00e3o-representante-discente-2.pdf\">EDITAL N\u00ba 05 2020 Elei\u00e7\u00e3o representante discente<\/a><\/p>\n<p style=\"text-align: center\"><a href=\"http:\/\/www2.uepg.br\/ppgcs\/wp-content\/uploads\/sites\/44\/2020\/03\/EDITAL-N\u00ba-04-2020-Elei\u00e7\u00e3o-representante-docente-1.pdf\">EDITAL N\u00ba 04 2020 Elei\u00e7\u00e3o representante docente<\/a><\/p>\n<p style=\"text-align: center\"><a href=\"http:\/\/www2.uepg.br\/ppgcs\/wp-content\/uploads\/sites\/44\/2020\/03\/EDITAL-N\u00ba-03-2020-Inscri\u00e7\u00e3o-para-bolsistas-1.pdf\">EDITAL N\u00ba 03 2020 Inscri\u00e7\u00e3o para bolsistas<\/a><\/p>\n<p style=\"text-align: center\"><a href=\"http:\/\/www2.uepg.br\/ppgcs\/wp-content\/uploads\/sites\/44\/2020\/03\/EDITAL-N\u00ba-02-2020-Inscri\u00e7\u00f5es-alunos-especiais-1.pdf\">EDITAL N\u00ba 02 2020 Inscri\u00e7\u00f5es alunos especiais<\/a><\/p>\n<p style=\"text-align: center\">\u00a0 <a href=\"http:\/\/www2.uepg.br\/ppgcs\/wp-content\/uploads\/sites\/44\/2020\/02\/edital01-2020.pdf\" target=\"_blank\" rel=\"noopener\">Edital 01\/2020 - Matr\u00edcula alunos novos<\/a><\/p>\n<p>&nbsp;<\/p>\n\t\t\t\t<\/div>\n\t\t\t<\/div>\n\t\t<\/div>\n\t\t\t<div class=\"sow-accordion-panel\"\n\t\t\t data-anchor=\"2019\">\n\t\t\t\t<div class=\"sow-accordion-panel-header-container\" role=\"heading\" aria-level=\"2\">\n\t\t\t\t\t<div class=\"sow-accordion-panel-header\" tabindex=\"0\" role=\"button\" id=\"accordion-label-2019\" aria-controls=\"accordion-content-2019\" aria-expanded=\"false\">\n\t\t\t\t\t\t<div class=\"sow-accordion-title sow-accordion-title-icon-left\">\n\t\t\t\t\t\t\t\t\t\t\t\t\t\t2019\t\t\t\t\t\t\t\t\t\t\t\t\t<\/div>\n\t\t\t\t\t\t<div class=\"sow-accordion-open-close-button\">\n\t\t\t\t\t\t\t<div class=\"sow-accordion-open-button\">\n\t\t\t\t\t\t\t\t<span class=\"sow-icon-ionicons\" data-sow-icon=\"&#xf218;\"\n\t\t \n\t\taria-hidden=\"true\"><\/span>\t\t\t\t\t\t\t<\/div>\n\t\t\t\t\t\t\t<div class=\"sow-accordion-close-button\">\n\t\t\t\t\t\t\t\t<span class=\"sow-icon-ionicons\" data-sow-icon=\"&#xf209;\"\n\t\t \n\t\taria-hidden=\"true\"><\/span>\t\t\t\t\t\t\t<\/div>\n\t\t\t\t\t\t<\/div>\n\t\t\t\t\t<\/div>\n\t\t\t\t<\/div>\n\n\t\t\t<div\n\t\t\t\tclass=\"sow-accordion-panel-content\"\n\t\t\t\trole=\"region\"\n\t\t\t\taria-labelledby=\"accordion-label-2019\"\n\t\t\t\tid=\"accordion-content-2019\"\n\t\t\t\tstyle=\"display: none;\"\t\t\t>\n\t\t\t\t<div class=\"sow-accordion-panel-border\" tabindex=\"0\">\n\t\t\t\t\t<p>&nbsp;<\/p>\n<p><a href=\"http:\/\/www2.uepg.br\/ppgcs\/wp-content\/uploads\/sites\/44\/2019\/11\/edital15-2019.pdf\" target=\"_blank\" rel=\"noopener\">EDITAL 15\/2019<\/a>\u00a0 \u00a0- RETIFICA\u00c7\u00c3O DO EDITAL N\u00ba 13\/2019<\/p>\n<p><a href=\"http:\/\/www2.uepg.br\/ppgcs\/wp-content\/uploads\/sites\/44\/2019\/11\/edital14-2019.pdf\" target=\"_blank\" rel=\"noopener\">EDITAL 14\/2019<\/a>- HOMOLOGA\u00c7\u00c3O DAS INSCRI\u00c7\u00d5ES NO PROCESSO DE SELE\u00c7\u00c3O PARA O MESTRADO ACAD\u00caMICO EM CI\u00caNCIAS DA SA\u00daDE \u2013 \u00c1rea de concentra\u00e7\u00e3o Aten\u00e7\u00e3o Interdisciplinar em Sa\u00fade, PARA INGRESSO NO ANO DE 2020, conforme EDITAL N\u00ba 13\/2019-PPGCS-UEPG<\/p>\n<p><a href=\"http:\/\/www2.uepg.br\/ppgcs\/wp-content\/uploads\/sites\/44\/2019\/11\/edital13-2019.pdf\" target=\"_blank\" rel=\"noopener\">EDITAL 13\/2019<\/a>\u00a0 \u00a0- ABERTURA DAS INSCRI\u00c7\u00d5ES PARA O INGRESSO DE ALUNOS NO CURSO DE MESTRADO ACAD\u00caMICO EM CI\u00caNCIAS DA SA\u00daDE DA UNIVERSIDADE ESTADUAL DE PONTA GROSSA, \u00e1rea de concentra\u00e7\u00e3o Aten\u00e7\u00e3o Interdisciplinar em Sa\u00fade - Turma com ingresso em 2020<\/p>\n<p><a href=\"http:\/\/www2.uepg.br\/ppgcs\/wp-content\/uploads\/sites\/44\/2019\/11\/edital12-2019.pdf\" target=\"_blank\" rel=\"noopener\">EDITAL 12\/2019<\/a>\u00a0 - HOMOLOGA\u00c7\u00c3O DOS REQUERIMENTOS DE MATR\u00cdCULA DE P\u00d3S-GRADUANDOS REGULARMENTE MATRICULADOS EM OUTROS PROGRAMAS DE P\u00d3S-GRADUA\u00c7\u00c3O STRICTO SENSU DA UEPG PARA CURSAR DISCIPLINAS OFERTADAS NO SEGUNDO SEMESTRE DE 2019, NA CONDI\u00c7\u00c3O DE ALUNO ESPECIAL, NO CURSO DE MESTRADO ACAD\u00caMICO EM CI\u00caNCIAS DA SA\u00daDE - \u00e1rea de concentra\u00e7\u00e3o Aten\u00e7\u00e3o Interdisciplinar em Sa\u00fade<\/p>\n<p><a href=\"http:\/\/www2.uepg.br\/ppgcs\/wp-content\/uploads\/sites\/44\/2019\/11\/edital11-2019.pdf\" target=\"_blank\" rel=\"noopener\">EDITAL 11\/2019<\/a>\u00a0 - RESULTADO DO PROCESSO DE SELE\u00c7\u00c3O DE CANDIDATOS PARA CURSAR DISCIPLINAS OFERTADAS NO SEGUNDO SEMESTRE DE 2019, NA CONDI\u00c7\u00c3O DE ALUNO ESPECIAL, NO CURSO DE MESTRADO ACAD\u00caMICO EM CI\u00caNCIAS DA SA\u00daDE - \u00e1rea de concentra\u00e7\u00e3o Aten\u00e7\u00e3o Interdisciplinar em Sa\u00fade<\/p>\n<p><a href=\"http:\/\/www2.uepg.br\/ppgcs\/wp-content\/uploads\/sites\/44\/2019\/11\/edital10-2019.pdf\" target=\"_blank\" rel=\"noopener\">EDITAL 10\/2019<\/a>\u00a0 \u00a0- ABERTURA DAS INSCRI\u00c7\u00d5ES DE CANDIDATOS \u00c0 MATR\u00cdCULA EM DISCIPLINAS OFERTADAS NO SEGUNDO SEMESTRE DE 2019, NA CONDI\u00c7\u00c3O DE ALUNO ESPECIAL, NO CURSO DE MESTRADO ACAD\u00caMICO EM CI\u00caNCIAS DA SA\u00daDE \u2013 \u00e1rea de concentra\u00e7\u00e3o Aten\u00e7\u00e3o Interdisciplinar em Sa\u00fade DA UNIVERSIDADE ESTADUAL DE PONTA GROSSA<\/p>\n<p><a href=\"http:\/\/www2.uepg.br\/ppgcs\/wp-content\/uploads\/sites\/44\/2019\/11\/edital09-2019.pdf\" target=\"_blank\" rel=\"noopener\">EDITAL 09\/2019<\/a>\u00a0 \u00a0- RESULTADO DA CLASSIFICA\u00c7\u00c3O PARA A CONCESS\u00c3O DE BOLSAS DE ESTUDO NO PROGRAMA DE MESTRADO ACAD\u00caMICO EM CI\u00caNCIAS DA SA\u00daDE NA UEPG \u2013 \u00c1rea de concentra\u00e7\u00e3o Aten\u00e7\u00e3o Interdisciplinar em Sa\u00fade, conforme EDITAL N\u00ba 05\/2019-PPGCS-UEPG<\/p>\n<p><a href=\"http:\/\/www2.uepg.br\/ppgcs\/wp-content\/uploads\/sites\/44\/2019\/11\/edital08-2019.pdf\" target=\"_blank\" rel=\"noopener\">EDITAL 08\/2019<\/a>\u00a0 \u00a0- RESULTADO DA ELEI\u00c7\u00c3O PARA ESCOLHA DE REPRESENTANTE DISCENTE JUNTO AO COLEGIADO DO PROGRAMA DE P\u00d3S-GRADUA\u00c7\u00c3O STRICTO SENSU EM CI\u00caNCIAS DA SA\u00daDE<\/p>\n<p><a href=\"http:\/\/www2.uepg.br\/ppgcs\/wp-content\/uploads\/sites\/44\/2019\/11\/edital07-2019.pdf\" target=\"_blank\" rel=\"noopener\">EDITAL 07\/2019<\/a>\u00a0 \u00a0- HOMOLOGA\u00c7\u00c3O DOS REQUERIMENTOS DE MATR\u00cdCULA DE P\u00d3S-GRADUANDOS REGULARMENTE MATRICULADOS EM OUTROS PROGRAMAS DE P\u00d3S-GRADUA\u00c7\u00c3O STRICTO SENSU DA UEPG PARA CURSAR DISCIPLINAS OFERTADAS NO PRIMEIRO SEMESTRE DE 2019, NA CONDI\u00c7\u00c3O DE ALUNO ESPECIAL, NO CURSO DE MESTRADO ACAD\u00caMICO EM CI\u00caNCIAS DA SA\u00daDE - \u00e1rea de concentra\u00e7\u00e3o Aten\u00e7\u00e3o Interdisciplinar em Sa\u00fade<\/p>\n<p><a href=\"http:\/\/www2.uepg.br\/ppgcs\/wp-content\/uploads\/sites\/44\/2019\/11\/edital06-2019.pdf\" target=\"_blank\" rel=\"noopener\">EDITAL 06\/2019<\/a>\u00a0 - RESULTADO DO PROCESSO DE SELE\u00c7\u00c3O DE CANDIDATOS PARA CURSAR DISCIPLINAS OFERTADAS NO PRIMEIRO SEMESTRE DE 2019, NA CONDI\u00c7\u00c3O DE ALUNO ESPECIAL, NO CURSO DE MESTRADO ACAD\u00caMICO EM CI\u00caNCIAS DA SA\u00daDE - \u00e1rea de concentra\u00e7\u00e3o Aten\u00e7\u00e3o Interdisciplinar em Sa\u00fade<\/p>\n<p><a href=\"http:\/\/www2.uepg.br\/ppgcs\/wp-content\/uploads\/sites\/44\/2019\/11\/edital05-2019.pdf\" target=\"_blank\" rel=\"noopener\">EDITAL 05\/2019<\/a>\u00a0 \u00a0- ABERTURA DE INSCRI\u00c7\u00c3O PARA CONCESS\u00c3O DE BOLSA DE ESTUDO NO PROGRAMA DE MESTRADO ACAD\u00caMICO EM CI\u00caNCIAS DA SA\u00daDE NA UEPG \u2013 \u00c1rea de concentra\u00e7\u00e3o Aten\u00e7\u00e3o Interdisciplinar em Sa\u00fade, PARA O ANO DE 2019, conforme EDITAL N\u00ba 19\/2018-PPGCS-UEPG<\/p>\n<p><a href=\"http:\/\/www2.uepg.br\/ppgcs\/wp-content\/uploads\/sites\/44\/2019\/11\/edital04-2019.pdf\" target=\"_blank\" rel=\"noopener\">EDITAL 04\/2019<\/a>\u00a0 - CONVOCA\u00c7\u00c3O DE ELEI\u00c7\u00c3O PARA ESCOLHA DE REPRESENTANTE DISCENTE JUNTO AO COLEGIADO DO PROGRAMA DE P\u00d3S-GRADUA\u00c7\u00c3O STRICTO SENSU EM CI\u00caNCIAS DA SA\u00daDE<\/p>\n<p><a href=\"http:\/\/www2.uepg.br\/ppgcs\/wp-content\/uploads\/sites\/44\/2019\/11\/edital03-2019.pdf\" target=\"_blank\" rel=\"noopener\">EDITAL 03\/2019<\/a>\u00a0 \u00a0- ABERTURA DAS INSCRI\u00c7\u00d5ES DE CANDIDATOS \u00c0 MATR\u00cdCULA EM DISCIPLINAS OFERTADAS NO PRIMEIRO SEMESTRE DE 2019, NA CONDI\u00c7\u00c3O DE ALUNO ESPECIAL, NO CURSO DE MESTRADO ACAD\u00caMICO EM CI\u00caNCIAS DA SA\u00daDE \u2013 \u00e1rea de concentra\u00e7\u00e3o Aten\u00e7\u00e3o Interdisciplinar em Sa\u00fade DA UNIVERSIDADE ESTADUAL DE PONTA GROSSA<\/p>\n<p><a href=\"http:\/\/www2.uepg.br\/ppgcs\/wp-content\/uploads\/sites\/44\/2019\/11\/edital02-2019.pdf\" target=\"_blank\" rel=\"noopener\">EDITAL 02\/2019<\/a>\u00a0 - RESULTADO DA ELEI\u00c7\u00c3O PARA ESCOLHA DE REPRESENTANTE DOCENTE JUNTO AO COLEGIADO DO PROGRAMA DE P\u00d3S-GRADUA\u00c7\u00c3O STRICTO SENSU EM CI\u00caNCIAS DA SA\u00daDE<\/p>\n<p><a href=\"http:\/\/www2.uepg.br\/ppgcs\/wp-content\/uploads\/sites\/44\/2019\/11\/edital01-2019.pdf\" target=\"_blank\" rel=\"noopener\">EDITAL 01\/2019<\/a> - CONVOCA\u00c7\u00c3O DE ELEI\u00c7\u00c3O PARA ESCOLHA DE REPRESENTANTE DOCENTE JUNTO AO COLEGIADO DO PROGRAMA DE P\u00d3S-GRADUA\u00c7\u00c3O STRICTO SENSU EM CI\u00caNCIAS DA SA\u00daDE<\/p>\n<p>&nbsp;<\/p>\n<p>&nbsp;<\/p>\n\t\t\t\t<\/div>\n\t\t\t<\/div>\n\t\t<\/div>\n\t\t\t<div class=\"sow-accordion-panel\"\n\t\t\t data-anchor=\"2018\">\n\t\t\t\t<div class=\"sow-accordion-panel-header-container\" role=\"heading\" aria-level=\"2\">\n\t\t\t\t\t<div class=\"sow-accordion-panel-header\" tabindex=\"0\" role=\"button\" id=\"accordion-label-2018\" aria-controls=\"accordion-content-2018\" aria-expanded=\"false\">\n\t\t\t\t\t\t<div class=\"sow-accordion-title sow-accordion-title-icon-left\">\n\t\t\t\t\t\t\t\t\t\t\t\t\t\t2018\t\t\t\t\t\t\t\t\t\t\t\t\t<\/div>\n\t\t\t\t\t\t<div class=\"sow-accordion-open-close-button\">\n\t\t\t\t\t\t\t<div class=\"sow-accordion-open-button\">\n\t\t\t\t\t\t\t\t<span class=\"sow-icon-ionicons\" data-sow-icon=\"&#xf218;\"\n\t\t \n\t\taria-hidden=\"true\"><\/span>\t\t\t\t\t\t\t<\/div>\n\t\t\t\t\t\t\t<div class=\"sow-accordion-close-button\">\n\t\t\t\t\t\t\t\t<span class=\"sow-icon-ionicons\" data-sow-icon=\"&#xf209;\"\n\t\t \n\t\taria-hidden=\"true\"><\/span>\t\t\t\t\t\t\t<\/div>\n\t\t\t\t\t\t<\/div>\n\t\t\t\t\t<\/div>\n\t\t\t\t<\/div>\n\n\t\t\t<div\n\t\t\t\tclass=\"sow-accordion-panel-content\"\n\t\t\t\trole=\"region\"\n\t\t\t\taria-labelledby=\"accordion-label-2018\"\n\t\t\t\tid=\"accordion-content-2018\"\n\t\t\t\tstyle=\"display: none;\"\t\t\t>\n\t\t\t\t<div class=\"sow-accordion-panel-border\" tabindex=\"0\">\n\t\t\t\t\t<p>&nbsp;<\/p>\n<p><a href=\"http:\/\/www2.uepg.br\/ppgcs\/wp-content\/uploads\/sites\/44\/2019\/11\/edital25-2018.pdf\" target=\"_blank\" rel=\"noopener\">EDITAL 25\/2018<\/a>\u00a0 - RESULTADO FINAL DO PROCESSO DE SELE\u00c7\u00c3O PARA O MESTRADO ACAD\u00caMICO EM CI\u00caNCIAS DA SA\u00daDE \u2013 \u00c1rea de concentra\u00e7\u00e3o Aten\u00e7\u00e3o Interdisciplinar em Sa\u00fade, para Turma com ingresso em 2019, conforme EDITAL N\u00ba 19\/2019-PPGCS-UEPG, e convoca\u00e7\u00f5es para realiza\u00e7\u00e3o da matr\u00edcula e participa\u00e7\u00e3o na Reuni\u00e3o de Apresenta\u00e7\u00e3o do PPGCS aos candidatos aprovados<\/p>\n<p><a href=\"http:\/\/www2.uepg.br\/ppgcs\/wp-content\/uploads\/sites\/44\/2019\/11\/edital24-2018.pdf\" target=\"_blank\" rel=\"noopener\">EDITAL 24\/2018<\/a>\u00a0 - CONVOCA\u00c7\u00c3O PARA A DEFESA DO PR\u00c9-PROJETO E ARGUI\u00c7\u00d5ES, DE CAR\u00c1TER ELIMINAT\u00d3RIO E CLASSIFICAT\u00d3RIO, DOS CANDIDATOS CLASSIFICADOS NA PRIMEIRA ETAPA DO PROCESSO DE SELE\u00c7\u00c3O PARA O MESTRADO ACAD\u00caMICO EM CI\u00caNCIAS DA SA\u00daDE \u2013 \u00c1rea de concentra\u00e7\u00e3o Aten\u00e7\u00e3o Interdisciplinar em Sa\u00fade, PARA INGRESSO NO ANO DE ANO DE 2019, conforme EDITAIS N\u00ba 19\/2018 e 23\/2018-PPGCS-UEPG<\/p>\n<p><a href=\"http:\/\/www2.uepg.br\/ppgcs\/wp-content\/uploads\/sites\/44\/2019\/11\/edital23-2018.pdf\" target=\"_blank\" rel=\"noopener\">EDITAL 23\/2018<\/a>\u00a0 \u00a0- RESULTADO DA CLASSIFICA\u00c7\u00c3O REFERENTE \u00c0S PROVAS ESCRITA TE\u00d3RICA E DE INGL\u00caS DO PROCESSO DE SELE\u00c7\u00c3O PARA O MESTRADO ACAD\u00caMICO EM CI\u00caNCIAS DA SA\u00daDE \u2013 \u00c1rea de concentra\u00e7\u00e3o Aten\u00e7\u00e3o Interdisciplinar em Sa\u00fade, PARA INGRESSO NO ANO 2019, conforme EDITAL N\u00ba 19\/2018-PPGCS\u2013UEPG<\/p>\n<p><a href=\"http:\/\/www2.uepg.br\/ppgcs\/wp-content\/uploads\/sites\/44\/2019\/11\/edital22-2018.pdf\" target=\"_blank\" rel=\"noopener\">EDITAL 22\/2018<\/a>\u00a0 \u00a0- DIVULGA\u00c7\u00c3O DOS GABARITOS FINAIS DA PROVA ESCRITA TE\u00d3RICA E DA PROVA DE INGL\u00caS DO PROCESSO DE SELE\u00c7\u00c3O PARA O MESTRADO ACAD\u00caMICO EM CI\u00caNCIAS DA SA\u00daDE \u2013 \u00c1rea de concentra\u00e7\u00e3o Aten\u00e7\u00e3o Interdisciplinar em Sa\u00fade, PARA INGRESSO NO ANO DE 2019, conforme EDITAL N\u00ba 19\/2018-PPGCS-UEPG<\/p>\n<p><a href=\"http:\/\/www2.uepg.br\/ppgcs\/wp-content\/uploads\/sites\/44\/2019\/11\/edital21-2018.pdf\" target=\"_blank\" rel=\"noopener\">EDITAL 21\/2018<\/a>\u00a0 \u00a0- DIVULGA\u00c7\u00c3O DA PROVA ESCRITA TE\u00d3RICA E DA PROVA DE INGL\u00caS E SEUS RESPECTIVOS GABARITOS PRELIMINARES DO PROCESSO DE SELE\u00c7\u00c3O PARA O MESTRADO ACAD\u00caMICO EM CI\u00caNCIAS DA SA\u00daDE \u2013 \u00c1rea de concentra\u00e7\u00e3o Aten\u00e7\u00e3o Interdisciplinar em Sa\u00fade, PARA INGRESSO NO ANO DE 2019, conforme EDITAL N\u00ba 19\/2018-PPGCS-UEPG<\/p>\n<p><a href=\"http:\/\/www2.uepg.br\/ppgcs\/wp-content\/uploads\/sites\/44\/2019\/11\/edital20-2018.pdf\" target=\"_blank\" rel=\"noopener\">EDITAL 20\/2018<\/a>\u00a0 \u00a0- HOMOLOGA\u00c7\u00c3O DAS INSCRI\u00c7\u00d5ES NO PROCESSO DE SELE\u00c7\u00c3O PARA O MESTRADO ACAD\u00caMICO EM CI\u00caNCIAS DA SA\u00daDE \u2013 \u00c1rea de concentra\u00e7\u00e3o Aten\u00e7\u00e3o Interdisciplinar em Sa\u00fade, PARA INGRESSO NO ANO DE 2019, conforme EDITAL N\u00ba 19\/2018-PPGCS-UEPG<\/p>\n<p><a href=\"http:\/\/www2.uepg.br\/ppgcs\/wp-content\/uploads\/sites\/44\/2019\/11\/edital19-2018.pdf\" target=\"_blank\" rel=\"noopener\">EDITAL 19\/2018<\/a>\u00a0 \u00a0- ABERTURA DAS INSCRI\u00c7\u00d5ES PARA O INGRESSO DE ALUNOS NO CURSO DE MESTRADO ACAD\u00caMICO EM CI\u00caNCIAS DA SA\u00daDE DA UNIVERSIDADE ESTADUAL DE PONTA GROSSA, \u00e1rea de concentra\u00e7\u00e3o Aten\u00e7\u00e3o Interdisciplinar em Sa\u00fade - Turma com ingresso em 2019<\/p>\n<p><a href=\"http:\/\/www2.uepg.br\/ppgcs\/wp-content\/uploads\/sites\/44\/2019\/11\/edital18-2018.pdf\" target=\"_blank\" rel=\"noopener\">EDITAL 18\/2018<\/a>\u00a0 - HOMOLOGAC\u00c3O DA COMISS\u00c3O DE SELE\u00c7\u00c3O PARA O INGRESSO DE ALUNOS NO CURSO DE MESTRADO ACAD\u00caMICO EM CI\u00caNCIAS DA SA\u00daDE DA UNIVERSIDADE ESTADUAL DE PONTA GROSSA (UEPG), \u00e1rea de concentra\u00e7\u00e3o Aten\u00e7\u00e3o Interdisciplinar em Sa\u00fade - Turma com ingresso em 2019<\/p>\n<p><a href=\"http:\/\/www2.uepg.br\/ppgcs\/wp-content\/uploads\/sites\/44\/2019\/11\/edital17-2018.pdf\" target=\"_blank\" rel=\"noopener\">EDITAL 17\/2018<\/a>\u00a0 \u00a0- HOMOLOGA\u00c7\u00c3O COMPLEMENTAR DOS REQUERIMENTOS DE MATR\u00cdCULA DE P\u00d3S-GRADUANDOS REGULARMENTE MATRICULADOS EM OUTROS PROGRAMAS DE P\u00d3S-GRADUA\u00c7\u00c3O STRICTO SENSU PARA CURSAR DISCIPLINAS OFERTADAS NO SEGUNDOO SEMESTRE DE 2018, NA CONDI\u00c7\u00c3O DE ALUNO ESPECIAL, NO CURSO DE MESTRADO ACAD\u00caMICO EM CI\u00caNCIAS DA SA\u00daDE - \u00e1rea de concentra\u00e7\u00e3o Aten\u00e7\u00e3o Interdisciplinar em Sa\u00fade<\/p>\n<p><a href=\"http:\/\/www2.uepg.br\/ppgcs\/wp-content\/uploads\/sites\/44\/2019\/11\/edital16-2018.pdf\" target=\"_blank\" rel=\"noopener\">EDITAL 16\/2018<\/a>\u00a0 - HOMOLOGA\u00c7\u00c3O DOS REQUERIMENTOS DE MATR\u00cdCULA DE P\u00d3S-GRADUANDOS REGULARMENTE MATRICULADOS EM OUTROS PROGRAMAS DE P\u00d3S-GRADUA\u00c7\u00c3O STRICTO SENSU PARA CURSAR DISCIPLINAS OFERTADAS NO SEGUNDOO SEMESTRE DE 2018, NA CONDI\u00c7\u00c3O DE ALUNO ESPECIAL, NO CURSO DE MESTRADO ACAD\u00caMICO EM CI\u00caNCIAS DA SA\u00daDE - \u00e1rea de concentra\u00e7\u00e3o Aten\u00e7\u00e3o Interdisciplinar em Sa\u00fade<\/p>\n<p><a href=\"http:\/\/www2.uepg.br\/ppgcs\/wp-content\/uploads\/sites\/44\/2019\/11\/edital15-2018.pdf\" target=\"_blank\" rel=\"noopener\">EDITAL 15\/2018<\/a>\u00a0 - RESULTADO DO PROCESSO DE SELE\u00c7\u00c3O DE CANDIDATOS PARA CURSAR DISCIPLINAS OFERTADAS NO SEGUNDO SEMESTRE DE 2018, NA CONDI\u00c7\u00c3O DE ALUNO ESPECIAL, NO CURSO DE MESTRADO ACAD\u00caMICO EM CI\u00caNCIAS DA SA\u00daDE - \u00e1rea de concentra\u00e7\u00e3o Aten\u00e7\u00e3o Interdisciplinar em Sa\u00fade<\/p>\n<p><a href=\"http:\/\/www2.uepg.br\/ppgcs\/wp-content\/uploads\/sites\/44\/2019\/11\/edital14-2018.pdf\" target=\"_blank\" rel=\"noopener\">EDITAL 14\/2018<\/a>\u00a0 - ABERTURA DAS INSCRI\u00c7\u00d5ES DE CANDIDATOS \u00c0 MATR\u00cdCULA EM DISCIPLINAS OFERTADAS NO SEGUNDO SEMESTRE DE 2018, NA CONDI\u00c7\u00c3O DE ALUNO ESPECIAL, NO CURSO DE MESTRADO ACAD\u00caMICO EM CI\u00caNCIAS DA SA\u00daDE \u2013 \u00e1rea de concentra\u00e7\u00e3o Aten\u00e7\u00e3o Interdisciplinar em Sa\u00fade DA UNIVERSIDADE ESTADUAL DE PONTA GROSSA<\/p>\n<p><a href=\"http:\/\/www2.uepg.br\/ppgcs\/wp-content\/uploads\/sites\/44\/2019\/11\/edital13-2018.pdf\" target=\"_blank\" rel=\"noopener\">EDITAL 13\/2018<\/a>\u00a0 - RESULTADO DA ELEI\u00c7\u00c3O PARA ESCOLHA DE REPRESENTANTE DOCENTE JUNTO AO COLEGIADO DO PROGRAMA DE P\u00d3S-GRADUA\u00c7\u00c3O STRICTO SENSU EM CI\u00caNCIAS DA SA\u00daDE<\/p>\n<p><a href=\"http:\/\/www2.uepg.br\/ppgcs\/wp-content\/uploads\/sites\/44\/2019\/11\/edital12-2018.pdf\" target=\"_blank\" rel=\"noopener\">EDITAL 12\/2018<\/a> \u00a0- CONVOCA\u00c7\u00c3O DE ELEI\u00c7\u00c3O PARA ESCOLHA DE REPRESENTANTE DOCENTE JUNTO AO COLEGIADO DO PROGRAMA DE P\u00d3S-GRADUA\u00c7\u00c3O STRICTO SENSU EM CI\u00caNCIAS DA SA\u00daDE<\/p>\n<p><a href=\"http:\/\/www2.uepg.br\/ppgcs\/wp-content\/uploads\/sites\/44\/2019\/11\/edital11-2018.pdf\" target=\"_blank\" rel=\"noopener\">EDITAL 11\/2018<\/a>\u00a0 - RESULTADO DA ELEI\u00c7\u00c3O PARA ESCOLHA DE REPRESENTANTE DISCENTE JUNTO AO COLEGIADO DO PROGRAMA DE P\u00d3S-GRADUA\u00c7\u00c3O STRICTO SENSU EM CI\u00caNCIAS DA SA\u00daDE<\/p>\n<p><a href=\"http:\/\/www2.uepg.br\/ppgcs\/wp-content\/uploads\/sites\/44\/2019\/11\/edital10-2018.pdf\" target=\"_blank\" rel=\"noopener\">EDITAL 10\/2018<\/a>\u00a0 - RESULTADO DA ELEI\u00c7\u00c3O PARA ESCOLHA DE REPRESENTANTES DOCENTES JUNTO AO COLEGIADO DO PROGRAMA DE P\u00d3S-GRADUA\u00c7\u00c3O STRICTO SENSU EM CI\u00caNCIAS DA SA\u00daDE<\/p>\n<p><a href=\"http:\/\/www2.uepg.br\/ppgcs\/wp-content\/uploads\/sites\/44\/2019\/11\/edital09-2018.pdf\" target=\"_blank\" rel=\"noopener\">EDITAL 09\/2018<\/a>\u00a0 - CONVOCA\u00c7\u00c3O DE ELEI\u00c7\u00c3O PARA ESCOLHA DE REPRESENTANTE DISCENTE JUNTO AO COLEGIADO DO PROGRAMA DE P\u00d3S-GRADUA\u00c7\u00c3O STRICTO SENSU EM CI\u00caNCIAS DA SA\u00daDE<\/p>\n<p><a href=\"http:\/\/www2.uepg.br\/ppgcs\/wp-content\/uploads\/sites\/44\/2019\/11\/edital08-2018.pdf\" target=\"_blank\" rel=\"noopener\">EDITAL 08\/2018<\/a> - CONVOCA\u00c7\u00c3O DE ELEI\u00c7\u00c3O PARA ESCOLHA DE REPRESENTANTES DOCENTES JUNTO AO COLEGIADO DO PROGRAMA DE P\u00d3S-GRADUA\u00c7\u00c3O STRICTO SENSU EM CI\u00caNCIAS DA SA\u00daDE<\/p>\n<p><a href=\"http:\/\/www2.uepg.br\/ppgcs\/wp-content\/uploads\/sites\/44\/2019\/11\/edital07-2018.pdf\" target=\"_blank\" rel=\"noopener\">EDITAL 07\/2018<\/a> - RESULTADO DA CLASSIFICA\u00c7\u00c3O PARA A CONCESS\u00c3O DE BOLSAS DE ESTUDO NO PROGRAMA DE MESTRADO ACAD\u00caMICO EM CI\u00caNCIAS DA SA\u00daDE NA UEPG \u2013 \u00c1rea de concentra\u00e7\u00e3o Aten\u00e7\u00e3o Interdisciplinar em Sa\u00fade, conforme EDITAL N\u00ba 05\/2018-PPGCS-UEPG<\/p>\n<p><a href=\"http:\/\/www2.uepg.br\/ppgcs\/wp-content\/uploads\/sites\/44\/2019\/11\/edital06-2018.pdf\" target=\"_blank\" rel=\"noopener\">EDITAL 06\/2018<\/a>\u00a0 - CONVOCA\u00c7\u00c3O PARA REUNI\u00c3O DE APRESENTA\u00c7\u00c3O DO MESTRADO ACAD\u00caMICO EM CI\u00caNCIAS DA SA\u00daDE \u2013 \u00c1rea de concentra\u00e7\u00e3o Aten\u00e7\u00e3o Interdisciplinar em Sa\u00fade, para Turma com ingresso em 2018, conforme EDITAL N\u00ba 29\/2017-PPGCS-UEPG<\/p>\n<p><a href=\"http:\/\/www2.uepg.br\/ppgcs\/wp-content\/uploads\/sites\/44\/2019\/11\/edital05-2018.pdf\" target=\"_blank\" rel=\"noopener\">EDITAL 05\/2018<\/a>\u00a0 \u00a0- ABERTURA DE INSCRI\u00c7\u00c3O PARA CONCESS\u00c3O DE BOLSA DE ESTUDO NO PROGRAMA DE MESTRADO ACAD\u00caMICO EM CI\u00caNCIAS DA SA\u00daDE NA UEPG \u2013 \u00c1rea de concentra\u00e7\u00e3o Aten\u00e7\u00e3o Interdisciplinar em Sa\u00fade, PARA O ANO DE 2018, conforme EDITAL N\u00ba 13\/2017-PPGCS-UEPG<\/p>\n<p><a href=\"http:\/\/www2.uepg.br\/ppgcs\/wp-content\/uploads\/sites\/44\/2019\/11\/edital04-2018.pdf\" target=\"_blank\" rel=\"noopener\">EDITAL 04\/2018<\/a>\u00a0 \u00a0- RESULTADO DO PROCESSO DE SELE\u00c7\u00c3O DE CANDIDATOS E CONVOCA\u00c7\u00c3O PARA EFETIVA\u00c7\u00c3O DA MATR\u00cdCULA PARA CURSAR DISCIPLINAS OFERTADAS NO PRIMEIRO SEMESTRE DE 2018, NA CONDI\u00c7\u00c3O DE ALUNO ESPECIAL, NO CURSO DE MESTRADO ACAD\u00caMICO EM CI\u00caNCIAS DA SA\u00daDE - \u00e1rea de concentra\u00e7\u00e3o Aten\u00e7\u00e3o Interdisciplinar em Sa\u00fade<\/p>\n<p><a href=\"http:\/\/www2.uepg.br\/ppgcs\/wp-content\/uploads\/sites\/44\/2019\/11\/edital03-2018.pdf\" target=\"_blank\" rel=\"noopener\">EDITAL 03\/2018<\/a>\u00a0 \u00a0- HOMOLOGA\u00c7\u00c3O DOS REQUERIMENTOS DE MATR\u00cdCULA DE P\u00d3S-GRADUANDOS REGULARMENTE MATRICULADOS EM OUTROS PROGRAMAS DE P\u00d3S-GRADUA\u00c7\u00c3O STRICTO SENSU PARA CURSAR DISCIPLINAS OFERTADAS NO PRIMEIRO SEMESTRE DE 2018, NA CONDI\u00c7\u00c3O DE ALUNO ESPECIAL, NO CURSO DE MESTRADO ACAD\u00caMICO EM CI\u00caNCIAS DA SA\u00daDE - \u00e1rea de concentra\u00e7\u00e3o Aten\u00e7\u00e3o Interdisciplinar em Sa\u00fade<\/p>\n<p><a href=\"http:\/\/www2.uepg.br\/ppgcs\/wp-content\/uploads\/sites\/44\/2019\/11\/edital02-2018.pdf\" target=\"_blank\" rel=\"noopener\">EDITAL 02\/2018<\/a>\u00a0 \u00a0- INFORMA\u00c7\u00d5ES SOBRE O PER\u00cdODO DE MATR\u00cdCULA DOS ALUNOS REGULARES E VALIDA\u00c7\u00c3O DA MATR\u00cdCULA PELOS ORIENTADORES, DO CURSO DE MESTRADO ACAD\u00caMICO EM CI\u00caNCIAS DA SA\u00daDE - \u00e1rea de concentra\u00e7\u00e3o Aten\u00e7\u00e3o Interdisciplinar em Sa\u00fade<\/p>\n<p><a href=\"http:\/\/www2.uepg.br\/ppgcs\/wp-content\/uploads\/sites\/44\/2019\/11\/edital01-2018.pdf\" target=\"_blank\" rel=\"noopener\">EDITAL 01\/2018<\/a>\u00a0- ABERTURA DAS INSCRI\u00c7\u00d5ES DE CANDIDATOS \u00c0 MATR\u00cdCULA EM DISCIPLINAS OFERTADAS NO PRIMEIRO SEMESTRE DE 2018, NA CONDI\u00c7\u00c3O DE ALUNO ESPECIAL, NO CURSO DE MESTRADO ACAD\u00caMICO EM CI\u00caNCIAS DA SA\u00daDE \u2013 \u00e1rea de concentra\u00e7\u00e3o Aten\u00e7\u00e3o Interdisciplinar em Sa\u00fade DA UNIVERSIDADE ESTADUAL DE PONTA GROSSA<\/p>\n<p>&nbsp;<\/p>\n<p>&nbsp;<\/p>\n\t\t\t\t<\/div>\n\t\t\t<\/div>\n\t\t<\/div>\n\t\t<\/div>\n<\/div>\n<\/div><\/div><\/div><\/div><\/div>","protected":false},"excerpt":{"rendered":"<p>2026 EDITAL N\u00ba 09_2026-Inscricoes Aprovadas para Aluno Especial EDITAL 08_2026 &#8211; Resultado da classificacao dos bolsistas MESTRADO.docx (1) EDITAL 07_2026 Edital de Bolsistas EDITAL N\u00ba 06-2026 Inscric\u0327o\u0303es alunos especiais 1\u00ba Semestre.docx EDITAL N\u00ba 05 2026 &#8211; Resultado Final &#8211; Sele\u00e7\u00e3o DOUTORADO.docx EDITAL N\u00ba 04 2026 &#8211; Resultado Final &#8211; Sele\u00e7\u00e3o MESTRADO.docx EDITAL N\u00ba 03 2026&nbsp;&hellip;<\/p>\n","protected":false},"author":24,"featured_media":0,"parent":0,"menu_order":0,"comment_status":"closed","ping_status":"closed","template":"","meta":[],"_links":{"self":[{"href":"https:\/\/www2.uepg.br\/ppgcs\/wp-json\/wp\/v2\/pages\/43"}],"collection":[{"href":"https:\/\/www2.uepg.br\/ppgcs\/wp-json\/wp\/v2\/pages"}],"about":[{"href":"https:\/\/www2.uepg.br\/ppgcs\/wp-json\/wp\/v2\/types\/page"}],"author":[{"embeddable":true,"href":"https:\/\/www2.uepg.br\/ppgcs\/wp-json\/wp\/v2\/users\/24"}],"replies":[{"embeddable":true,"href":"https:\/\/www2.uepg.br\/ppgcs\/wp-json\/wp\/v2\/comments?post=43"}],"version-history":[{"count":226,"href":"https:\/\/www2.uepg.br\/ppgcs\/wp-json\/wp\/v2\/pages\/43\/revisions"}],"predecessor-version":[{"id":1095,"href":"https:\/\/www2.uepg.br\/ppgcs\/wp-json\/wp\/v2\/pages\/43\/revisions\/1095"}],"wp:attachment":[{"href":"https:\/\/www2.uepg.br\/ppgcs\/wp-json\/wp\/v2\/media?parent=43"}],"curies":[{"name":"wp","href":"https:\/\/api.w.org\/{rel}","templated":true}]}}