{"id":45,"date":"2019-11-21T14:21:03","date_gmt":"2019-11-21T17:21:03","guid":{"rendered":"http:\/\/www2.uepg.br\/ppgcs\/?page_id=45"},"modified":"2025-03-26T10:34:43","modified_gmt":"2025-03-26T13:34:43","slug":"dissertacoes","status":"publish","type":"page","link":"https:\/\/www2.uepg.br\/ppgcs\/dissertacoes\/","title":{"rendered":"Disserta\u00e7\u00f5es e Teses"},"content":{"rendered":"<div id=\"pl-45\"  class=\"panel-layout\" ><div id=\"pg-45-0\"  class=\"panel-grid panel-no-style\" ><div id=\"pgc-45-0-0\"  class=\"panel-grid-cell\" ><div id=\"panel-45-0-0-0\" class=\"so-panel widget widget_sow-accordion panel-first-child panel-last-child\" data-index=\"0\" ><div id=\"dissertacoes\" class=\"panel-widget-style panel-widget-style-for-45-0-0-0\" ><div\n\t\t\t\n\t\t\tclass=\"so-widget-sow-accordion so-widget-sow-accordion-default-06d948901432-45\"\n\t\t\t\n\t\t><div>\n\t<div class=\"sow-accordion\">\n\t\t\t<div class=\"sow-accordion-panel\"\n\t\t\t data-anchor=\"2024\">\n\t\t\t\t<div class=\"sow-accordion-panel-header-container\" role=\"heading\" aria-level=\"2\">\n\t\t\t\t\t<div class=\"sow-accordion-panel-header\" tabindex=\"0\" role=\"button\" id=\"accordion-label-2024\" aria-controls=\"accordion-content-2024\" aria-expanded=\"false\">\n\t\t\t\t\t\t<div class=\"sow-accordion-title sow-accordion-title-icon-left\">\n\t\t\t\t\t\t\t\t\t\t\t\t\t\t2024\t\t\t\t\t\t\t\t\t\t\t\t\t<\/div>\n\t\t\t\t\t\t<div class=\"sow-accordion-open-close-button\">\n\t\t\t\t\t\t\t<div class=\"sow-accordion-open-button\">\n\t\t\t\t\t\t\t\t<span class=\"sow-icon-ionicons\" data-sow-icon=\"&#xf218;\"\n\t\t \n\t\taria-hidden=\"true\"><\/span>\t\t\t\t\t\t\t<\/div>\n\t\t\t\t\t\t\t<div class=\"sow-accordion-close-button\">\n\t\t\t\t\t\t\t\t<span class=\"sow-icon-ionicons\" data-sow-icon=\"&#xf209;\"\n\t\t \n\t\taria-hidden=\"true\"><\/span>\t\t\t\t\t\t\t<\/div>\n\t\t\t\t\t\t<\/div>\n\t\t\t\t\t<\/div>\n\t\t\t\t<\/div>\n\n\t\t\t<div\n\t\t\t\tclass=\"sow-accordion-panel-content\"\n\t\t\t\trole=\"region\"\n\t\t\t\taria-labelledby=\"accordion-label-2024\"\n\t\t\t\tid=\"accordion-content-2024\"\n\t\t\t\tstyle=\"display: none;\"\t\t\t>\n\t\t\t\t<div class=\"sow-accordion-panel-border\" tabindex=\"0\">\n\t\t\t\t\t<table width=\"1530\">\n<tbody>\n<tr>\n<td style=\"text-align: center\" width=\"293\"><strong>AUTOR (A)<\/strong><\/td>\n<td style=\"text-align: center\" width=\"311\"><strong>Orientador<\/strong><\/td>\n<td style=\"text-align: center\" width=\"765\"><strong>T\u00edtulo do Trabalho de Conclus\u00e3o<\/strong><\/td>\n<td style=\"text-align: center\" width=\"161\"><strong>N\u00edvel<\/strong><\/td>\n<\/tr>\n<tr>\n<td>ALEX ZIMERMANN<\/td>\n<td>Profa. Dra. Dion\u00edzia Xavier Scomparin<\/td>\n<td width=\"765\"><a href=\"http:\/\/tede2.uepg.br\/jspui\/handle\/prefix\/4401\">COMPARA\u00c7\u00c3O DA RESPOSTA INFLAMAT\u00d3RIA SIST\u00caMICA ENTRE DIETA MEDITERR\u00c2NEA E EXERC\u00cdCIO F\u00cdSICO NO CURTO PRAZO EM\u00a0 MULHERES COM \u00cdNDICE DE MASSA CORPORAL IGUAL OU SUPERIOR A 25KG\/M2 NA P\u00d3S MENOPAUSA: ESTUDO PILOTO COMPARATIVO<\/a><\/td>\n<td style=\"text-align: center\">Mestrado<\/td>\n<\/tr>\n<tr>\n<td>BRUNA PEREIRA MADRUGA<\/td>\n<td>Prof. Dr. Eduardo Bauml Campagnoli<\/td>\n<td width=\"765\"><a href=\"http:\/\/tede2.uepg.br\/jspui\/handle\/prefix\/4343\">INFEC\u00c7\u00d5ES PRIM\u00c1RIAS DE CORRENTE SANGU\u00cdNEA: IMPACTO DA COVID-19 NO PERFIL MICROBIANO E DESFECHO FATAL DOS PACIENTES INTERNADOS EM AMBIENTE HOSPITALAR<\/a><\/td>\n<td style=\"text-align: center\">Mestrado<\/td>\n<\/tr>\n<tr>\n<td>CRISTIANE HONESKO<\/td>\n<td width=\"311\">Profa. Dra. Ana Claudia Garabeli Cavalli Kluthcovsky<\/td>\n<td width=\"765\"><a href=\"http:\/\/tede2.uepg.br\/jspui\/handle\/prefix\/4313\">O IMPACTO DA PANDEMIA DA COVID-19 NA ATEN\u00c7\u00c3O ODONTOL\u00d3GICA DO SISTEMA \u00daNICO DE SA\u00daDE EM MUNIC\u00cdPIO DO PARAN\u00c1<\/a><\/td>\n<td style=\"text-align: center\">Mestrado<\/td>\n<\/tr>\n<tr>\n<td>EDHER LUCAS ANTUNES<\/td>\n<td>Prof. Dr. Nilo Massaru Okuno<\/td>\n<td width=\"765\"><a href=\"http:\/\/tede2.uepg.br\/jspui\/handle\/prefix\/4228\">EFEITOS DA SUPLEMENTA\u00c7\u00c3O DE BICARBONATO DE S\u00d3DIO NO DESEMPENHO F\u00cdSICO E EM VARI\u00c1VEIS CARDIOVASCULARES EM ADULTOS DE MEIA IDADE E IDOSOS COM DIABETES MELLITUS TIPO 2<\/a><\/td>\n<td style=\"text-align: center\">Mestrado<\/td>\n<\/tr>\n<tr>\n<td>EDUARDO BASSANI DAL BOSCO<\/td>\n<td>Profa. Dra. Cristina Berger Fadel<\/td>\n<td width=\"765\"><a href=\"http:\/\/tede2.uepg.br\/jspui\/handle\/prefix\/4346\">MATRICIAMENTO EM SA\u00daDE MENTAL SOB GUIA PR\u00c1TICO E DA ATUA\u00c7\u00c3O DE ENFERMEIROS NA ATEN\u00c7\u00c3O PRIM\u00c1RIA \u00c0 SA\u00daDE<\/a><\/td>\n<td style=\"text-align: center\">Mestrado<\/td>\n<\/tr>\n<tr>\n<td width=\"293\">MARCELLY ANNY GONCALVES<br \/>\nDE OLIVEIRA<\/td>\n<td>Profa. Dra. Shelon Cristina Souza Bandeca<\/td>\n<td width=\"765\"><a href=\"http:\/\/tede2.uepg.br\/jspui\/handle\/prefix\/4369\">IMPACTO DA OXIDA\u00c7\u00c3O AN\u00d3DICA NA ADES\u00c3O DE MICRORGANISMOS E C\u00c9LULAS SANGU\u00cdNEAS: UMA AN\u00c1LISE COMPARATIVA DE TRATAMENTOS DE SUPERF\u00cdCIE DE IMPLANTES DENT\u00c1RIOS<\/a><\/td>\n<td style=\"text-align: center\">Mestrado<\/td>\n<\/tr>\n<tr>\n<td>MELANIE JANINE KOK<\/td>\n<td>Prof. Dr. Ricardo Zanetti Gomes<\/td>\n<td width=\"765\"><a href=\"http:\/\/tede2.uepg.br\/jspui\/handle\/prefix\/4357\">INCID\u00caNCIA DE INFEC\u00c7\u00c3O DE S\u00cdTIO CIR\u00daRGICO E FATORES DE RISCO RELACIONADOS AO PACIENTE<\/a><\/td>\n<td style=\"text-align: center\">Mestrado<\/td>\n<\/tr>\n<tr>\n<td>NATALIA MARIANE RIGO<\/td>\n<td width=\"311\">Profa. Dra. Marcela Claudino da Silva Nardino<\/td>\n<td width=\"765\"><a href=\"http:\/\/tede2.uepg.br\/jspui\/handle\/prefix\/4423\">VARIA\u00c7\u00d5ES ANAT\u00d4MICAS DO COMPLEXO BUCOMAXILOFACIAL QUE MIMETIZAM LES\u00d5ES \u00d3SSEAS: UMA S\u00c9RIE DE CASOS<\/a><\/td>\n<td style=\"text-align: center\">Mestrado<\/td>\n<\/tr>\n<tr>\n<td>NELIZI DE PAULA AIRES<\/td>\n<td>Prof. Dr. Leonardo Christiaan Welling<\/td>\n<td width=\"765\"><a href=\"http:\/\/tede2.uepg.br\/jspui\/handle\/prefix\/4391\">DESFECHOS E COMPLICA\u00c7\u00d5ES DE PACIENTES SUBMETIDOS \u00c0 CIRURGIA POR TRAUMA ORTOP\u00c9DICO EM UM HOSPITAL UNIVERSIT\u00c1RIO P\u00daBLICO<\/a><\/td>\n<td style=\"text-align: center\">Mestrado<\/td>\n<\/tr>\n<tr>\n<td>SUNALI BATISTEL SZCZEREPA<\/td>\n<td>Profa. Dra. Pollyanna K\u00e1ssica de Oliveira Borges<\/td>\n<td width=\"765\"><a href=\"http:\/\/tede2.uepg.br\/jspui\/handle\/prefix\/4486\">CONDI\u00c7\u00d5ES DE SA\u00daDE E NUTRI\u00c7\u00c3O DE USU\u00c1RIOS DA REDE DE ATEN\u00c7\u00c3O PRIM\u00c1RIA \u00c0 SA\u00daDE, PORTADORES DE DOEN\u00c7AS CR\u00d4NICAS N\u00c3O TRANSMISS\u00cdVEIS<\/a><\/td>\n<td style=\"text-align: center\">Mestrado<\/td>\n<\/tr>\n<tr>\n<td>TALITA WASSMUTH<\/td>\n<td>Prof. Dr. Bruno Pedroso<\/td>\n<td width=\"765\"><a href=\"http:\/\/tede2.uepg.br\/jspui\/handle\/prefix\/4375\">AVALIA\u00c7\u00c3O DA FUNCIONALIDADE E QUALIDADE DE VIDA EM INDIV\u00cdDUOS COM DOEN\u00c7A PULMONAR OBSTRUTIVA CR\u00d4NICA<\/a><\/td>\n<td style=\"text-align: center\">Mestrado<\/td>\n<\/tr>\n<tr>\n<td>THAIS FRANCENI DE OLIVEIRA<\/td>\n<td>Profa. Dra. Patr\u00edcia Mathias Doll Boscardin<\/td>\n<td width=\"765\"><a href=\"http:\/\/tede2.uepg.br\/jspui\/handle\/prefix\/4319\">NANOPART\u00cdCULAS POLIM\u00c9RICAS PARA ENTREGA CONTROLADA DE LUTE\u00cdNA: DESENVOLVIMENTO, CARACTERIZA\u00c7\u00c3O, ATIVIDADE ANTIOXIDANTE E CITOTOXICIDADE<\/a><\/td>\n<td style=\"text-align: center\">Mestrado<\/td>\n<\/tr>\n<tr>\n<td>THAIZA ACOSTA REBONATO<\/td>\n<td>Profa. Dra. Fabiana Bucholdz Teixeira Alves<\/td>\n<td width=\"765\"><a href=\"http:\/\/tede2.uepg.br\/jspui\/handle\/prefix\/4256\">PR\u00c1TICAS INTEGRATIVAS E COMPLEMENTARES EM SA\u00daDE ASSOCIADAS \u00c0 EDUCA\u00c7\u00c3O EM SA\u00daDE EM PACIENTES COM FIBROMIALGIA: \"PROGRAMA FLORESER\"<\/a><\/td>\n<td style=\"text-align: center\">Mestrado<\/td>\n<\/tr>\n<tr>\n<td>WAGNER KLOSTER ANTUNES<\/td>\n<td>Prof. Dr. Erildo Vicente Muller<\/td>\n<td width=\"765\"><a href=\"http:\/\/tede2.uepg.br\/jspui\/handle\/prefix\/4361\">PERCEP\u00c7\u00d5ES DE PROFISSIONAIS DA ATEN\u00c7\u00c3O PRIM\u00c1RIA EM SA\u00daDE EM RELA\u00c7\u00c3O \u00c0 INFRAESTRUTURA, ATITUDES E CONHECIMENTOS PARA O MANEJO DAS DOEN\u00c7AS CR\u00d4NICAS N\u00c3O TRANSMISS\u00cdVEIS.<\/a><\/td>\n<td style=\"text-align: center\">Mestrado<\/td>\n<\/tr>\n<\/tbody>\n<\/table>\n\t\t\t\t<\/div>\n\t\t\t<\/div>\n\t\t<\/div>\n\t\t\t<div class=\"sow-accordion-panel\"\n\t\t\t data-anchor=\"2023\">\n\t\t\t\t<div class=\"sow-accordion-panel-header-container\" role=\"heading\" aria-level=\"2\">\n\t\t\t\t\t<div class=\"sow-accordion-panel-header\" tabindex=\"0\" role=\"button\" id=\"accordion-label-2023\" aria-controls=\"accordion-content-2023\" aria-expanded=\"false\">\n\t\t\t\t\t\t<div class=\"sow-accordion-title sow-accordion-title-icon-left\">\n\t\t\t\t\t\t\t\t\t\t\t\t\t\t2023\t\t\t\t\t\t\t\t\t\t\t\t\t<\/div>\n\t\t\t\t\t\t<div class=\"sow-accordion-open-close-button\">\n\t\t\t\t\t\t\t<div class=\"sow-accordion-open-button\">\n\t\t\t\t\t\t\t\t<span class=\"sow-icon-ionicons\" data-sow-icon=\"&#xf218;\"\n\t\t \n\t\taria-hidden=\"true\"><\/span>\t\t\t\t\t\t\t<\/div>\n\t\t\t\t\t\t\t<div class=\"sow-accordion-close-button\">\n\t\t\t\t\t\t\t\t<span class=\"sow-icon-ionicons\" data-sow-icon=\"&#xf209;\"\n\t\t \n\t\taria-hidden=\"true\"><\/span>\t\t\t\t\t\t\t<\/div>\n\t\t\t\t\t\t<\/div>\n\t\t\t\t\t<\/div>\n\t\t\t\t<\/div>\n\n\t\t\t<div\n\t\t\t\tclass=\"sow-accordion-panel-content\"\n\t\t\t\trole=\"region\"\n\t\t\t\taria-labelledby=\"accordion-label-2023\"\n\t\t\t\tid=\"accordion-content-2023\"\n\t\t\t\tstyle=\"display: none;\"\t\t\t>\n\t\t\t\t<div class=\"sow-accordion-panel-border\" tabindex=\"0\">\n\t\t\t\t\t<table width=\"1530\">\n<tbody>\n<tr>\n<td style=\"text-align: center\" width=\"293\"><strong>AUTOR (A)<\/strong><\/td>\n<td style=\"text-align: center\" width=\"311\"><strong>Orientador<\/strong><\/td>\n<td style=\"text-align: center\" width=\"765\"><strong>T\u00edtulo do Trabalho de Conclus\u00e3o<\/strong><\/td>\n<td style=\"text-align: center\" width=\"161\"><strong>N\u00edvel\u00a0<\/strong><\/td>\n<\/tr>\n<tr>\n<td>ALESSANDRO OTAVIO SILTON SAVI<\/td>\n<td>Profa. Dra. Elise Souza dos Santos Reis<\/td>\n<td width=\"765\"><a href=\"http:\/\/tede2.uepg.br\/jspui\/handle\/prefix\/3992\">ESTRATIFICA\u00c7\u00c3O DE RISCO CARDIOVASCULAR PARA A PROMO\u00c7\u00c3O \u00c0 SA\u00daDE EM DOADORES DE SANGUE DO HEMON\u00daCLEO DE UNI\u00c3O DA VIT\u00d3RIA - PARAN\u00c1<\/a><\/td>\n<td style=\"text-align: center\">Mestrado<\/td>\n<\/tr>\n<tr>\n<td>HELCIO DOS SANTOS PINTO<\/td>\n<td>Prof. Dr. Bruno Pedroso<\/td>\n<td width=\"765\"><a href=\"http:\/\/tede2.uepg.br\/jspui\/handle\/prefix\/4097\">QUALIDADE DE VIDA DE PROFISSIONAIS DE SA\u00daDE DA LINHA DE FRENTE NO P\u00d3S PANDEMIA DA COVID-19<\/a><\/td>\n<td style=\"text-align: center\">Mestrado<\/td>\n<\/tr>\n<tr>\n<td>IANKA DO AMARAL<\/td>\n<td>Profa. Dra. Cristina Berger Fadel<\/td>\n<td width=\"765\"><a href=\"http:\/\/tede2.uepg.br\/jspui\/handle\/prefix\/4045\">FUNCIONALIDADE DE PACIENTES 12 MESES AP\u00d3S ALTA EM UNIDADES DE TERAPIA INTENSIVA COVID-19 DE UM HOSPITAL ESCOLA NO SUL DO BRASIL<\/a><\/td>\n<td style=\"text-align: center\">Mestrado<\/td>\n<\/tr>\n<tr>\n<td>IRLA MILANE SOUZA VASCONCELOS<\/td>\n<td>Prof. Dr. Gilson Cesar Nobre Franco<\/td>\n<td width=\"765\"><a href=\"http:\/\/tede2.uepg.br\/jspui\/handle\/prefix\/4093\">PREVAL\u00caNCIA E CARACTERIZA\u00c7\u00c3O DO PROCESSO ESTILOIDE ALONGADO EM UMA POPULA\u00c7\u00c3O DO SUL DO BRASIL<\/a><\/td>\n<td style=\"text-align: center\">Mestrado<\/td>\n<\/tr>\n<tr>\n<td>KELLY KREZINSKI CRIVOI<\/td>\n<td>Profa. Dra. Cristina Berger Fadel<\/td>\n<td width=\"765\"><a href=\"http:\/\/tede2.uepg.br\/jspui\/handle\/prefix\/4321\">HUMANIZA\u00c7\u00c3O NA TERAPIA INTENSIVA: PERCEP\u00c7\u00c3O DE DIFERENTES SUJEITOS SOBRE A UTILIZA\u00c7\u00c3O DA CHAMADA DE V\u00cdDEO EM TEMPOS DE AFASTAMENTO SOCIAL DECORRENTES DA COVID-19<\/a><\/td>\n<td style=\"text-align: center\">Mestrado<\/td>\n<\/tr>\n<tr>\n<td>LARISSA KNYSAK RANTHUM<\/td>\n<td>Profa. Dra. M\u00e1rcia Tha\u00eds Pochapski<\/td>\n<td width=\"765\"><a href=\"http:\/\/tede2.uepg.br\/jspui\/handle\/prefix\/4040\">EFEITOS SIST\u00caMICOS DA ANESTESIA LOCAL ODONTOL\u00d3GICA EM PACIENTES PORTADORES DE DIABETES MELLITUS \u2013 REVIS\u00c3O SISTEM\u00c1TICA E META-AN\u00c1LISE<\/a><\/td>\n<td style=\"text-align: center\">Mestrado<\/td>\n<\/tr>\n<tr>\n<td>LUCIA APARECIDA LEBIODA<\/td>\n<td>Prof. Dr. Bruno Pedroso<\/td>\n<td width=\"765\"><a href=\"http:\/\/tede2.uepg.br\/jspui\/handle\/prefix\/4053\">AVALIA\u00c7\u00c3O DO ESTADO FUNCIONAL E DE QUALIDADE DE VIDA DE INDIV\u00cdDUOS P\u00d3S COVID-19<\/a><\/td>\n<td style=\"text-align: center\">Mestrado<\/td>\n<\/tr>\n<tr>\n<td>LUIZ RICARDO MARAFIGO ZANDER<\/td>\n<td>Profa. Dra. Fabiana Bucholdz Teixeira Alves<\/td>\n<td width=\"765\"><a href=\"http:\/\/tede2.uepg.br\/jspui\/handle\/prefix\/3999\">FATORES ASSOCIADOS AO PADR\u00c3O DE ALEITAMENTO EM NEONATOS SUBMETIDOS \u00c0 FRENOTOMIA LINGUAL<\/a><\/td>\n<td style=\"text-align: center\">Mestrado<\/td>\n<\/tr>\n<tr>\n<td>RIVAIR GONCALVES JUNIOR<\/td>\n<td>Prof. Dr. Leandro Cavalcante Lipinski<\/td>\n<td width=\"765\"><a href=\"http:\/\/tede2.uepg.br\/jspui\/handle\/prefix\/4260\">EFEITO DO USO DE INSULINA ORAL SOBRE OS PAR\u00c2METROS METAB\u00d3LICOS DE RATOS ALIMENTADOS COM DIETA HIPERLIP\u00cdDICA<\/a><\/td>\n<td style=\"text-align: center\">Mestrado<\/td>\n<\/tr>\n<tr>\n<td>SABRINA MIRANDA VIEIRA<\/td>\n<td>Prof. Dr. Eduardo Bauml Campagnoli<\/td>\n<td width=\"765\"><a href=\"http:\/\/tede2.uepg.br\/jspui\/handle\/prefix\/3942\">AVALIA\u00c7\u00c3O DO EFEITO DA TERAPIA FOTODIN\u00c2MICA COM USO DE GEL DE AZUL DE METILENO SOBRE LINHAGENS DE C\u00c9LULAS DERIVADAS DE CARCINOMA ESPINOCELULAR EM BOCA - ESTUDO IN VITRO<\/a><\/td>\n<td style=\"text-align: center\">Mestrado<\/td>\n<\/tr>\n<tr>\n<td width=\"293\">SIRLEI FERNANDA COSTA<br \/>\nMARCHINI THOMAZ<\/td>\n<td>Prof. Dr. Ricardo Zanetti Gomes<\/td>\n<td width=\"765\"><a href=\"http:\/\/tede2.uepg.br\/jspui\/handle\/prefix\/4145\">AVALIA\u00c7\u00c3O DO PERFIL DOS PACIENTES COM TRAUMA ORTOP\u00c9DICO POR MEIO DE UMA METODOLOGIA DE CLASSIFICA\u00c7\u00c3O DE PACIENTES HOSPITALARES<\/a><\/td>\n<td style=\"text-align: center\">Mestrado<\/td>\n<\/tr>\n<tr>\n<td>THAIS DVULATK MARQUES PANCAN<\/td>\n<td>Prof. Dr. Erildo Vicente Muller<\/td>\n<td width=\"765\"><a href=\"http:\/\/tede2.uepg.br\/jspui\/handle\/prefix\/4037\">ADES\u00c3O A VACINA\u00c7\u00c3O CONTRA O PAPILOMAV\u00cdRUS HUMANO EM USU\u00c1RIOS DE UNIDADES B\u00c1SICAS DE SA\u00daDE DO MUNIC\u00cdPIO DE PONTA GROSSA-PR E FATORES ASSOCIADOS<\/a><\/td>\n<td style=\"text-align: center\">Mestrado<\/td>\n<\/tr>\n<\/tbody>\n<\/table>\n\t\t\t\t<\/div>\n\t\t\t<\/div>\n\t\t<\/div>\n\t\t\t<div class=\"sow-accordion-panel\"\n\t\t\t data-anchor=\"2022\">\n\t\t\t\t<div class=\"sow-accordion-panel-header-container\" role=\"heading\" aria-level=\"2\">\n\t\t\t\t\t<div class=\"sow-accordion-panel-header\" tabindex=\"0\" role=\"button\" id=\"accordion-label-2022\" aria-controls=\"accordion-content-2022\" aria-expanded=\"false\">\n\t\t\t\t\t\t<div class=\"sow-accordion-title sow-accordion-title-icon-left\">\n\t\t\t\t\t\t\t\t\t\t\t\t\t\t2022\t\t\t\t\t\t\t\t\t\t\t\t\t<\/div>\n\t\t\t\t\t\t<div class=\"sow-accordion-open-close-button\">\n\t\t\t\t\t\t\t<div class=\"sow-accordion-open-button\">\n\t\t\t\t\t\t\t\t<span class=\"sow-icon-ionicons\" data-sow-icon=\"&#xf218;\"\n\t\t \n\t\taria-hidden=\"true\"><\/span>\t\t\t\t\t\t\t<\/div>\n\t\t\t\t\t\t\t<div class=\"sow-accordion-close-button\">\n\t\t\t\t\t\t\t\t<span class=\"sow-icon-ionicons\" data-sow-icon=\"&#xf209;\"\n\t\t \n\t\taria-hidden=\"true\"><\/span>\t\t\t\t\t\t\t<\/div>\n\t\t\t\t\t\t<\/div>\n\t\t\t\t\t<\/div>\n\t\t\t\t<\/div>\n\n\t\t\t<div\n\t\t\t\tclass=\"sow-accordion-panel-content\"\n\t\t\t\trole=\"region\"\n\t\t\t\taria-labelledby=\"accordion-label-2022\"\n\t\t\t\tid=\"accordion-content-2022\"\n\t\t\t\tstyle=\"display: none;\"\t\t\t>\n\t\t\t\t<div class=\"sow-accordion-panel-border\" tabindex=\"0\">\n\t\t\t\t\t<table width=\"1530\">\n<tbody>\n<tr>\n<td style=\"text-align: center\" width=\"293\"><strong>AUTOR (A)<\/strong><\/td>\n<td style=\"text-align: center\" width=\"311\"><strong>Orientador<\/strong><\/td>\n<td style=\"text-align: center\" width=\"765\"><strong>T\u00edtulo do Trabalho de Conclus\u00e3o<\/strong><\/td>\n<td style=\"text-align: center\" width=\"161\"><strong>N\u00edvel\u00a0<\/strong><\/td>\n<\/tr>\n<tr>\n<td>ANDRE ESMANHOTTO<\/td>\n<td>Prof. Dr. Lu\u00eds Ant\u00f4nio Pinheiro<\/td>\n<td width=\"765\"><a href=\"http:\/\/tede2.uepg.br\/jspui\/handle\/prefix\/3994\">PERFURA\u00c7\u00c3O DE IMOBILIZA\u00c7\u00d5ES ORTOP\u00c9DICAS EM GESSO TRADICIONAL E SINT\u00c9TICO E CONSEQU\u00caNCIAS SOBRE A RESIST\u00caNCIA MEC\u00c2NICA<\/a><\/td>\n<td style=\"text-align: center\">Mestrado<\/td>\n<\/tr>\n<tr>\n<td>CRISTINA MAIARA DE PAULA FARIA<\/td>\n<td>Prof. Dr. Erildo Vicente Muller<\/td>\n<td width=\"765\"><a href=\"http:\/\/tede2.uepg.br\/jspui\/handle\/prefix\/3952\">PERFIL E TEND\u00caNCIA DE MORTALIDADE POR HIV\/AIDS EM MUNIC\u00cdPIO DE PORTE M\u00c9DIO DO ESTADO DO PARAN\u00c1, 2008-2018<\/a><\/td>\n<td style=\"text-align: center\">Mestrado<\/td>\n<\/tr>\n<tr>\n<td>ESTELA BALDANI PINTO<\/td>\n<td>Prof. Dr. Bruno Pedroso<\/td>\n<td width=\"765\"><a href=\"http:\/\/tede2.uepg.br\/jspui\/handle\/prefix\/4431\">SA\u00daDE MENTAL DOS ESTUDANTES DE MEDICINA DA UNIVERSIDADE ESTADUAL DE PONTA GROSSA: UM ESTUDO EXPLORAT\u00d3RIO A PARTIR DOS CONCEITOS DE QUALIDADE DE VIDA E BEM-ESTAR PSICOL\u00d3GICO<\/a><\/td>\n<td style=\"text-align: center\">Mestrado<\/td>\n<\/tr>\n<tr>\n<td>EVELINE WILLE BAYER<\/td>\n<td>Prof. Dr. Ricardo Zanetti Gomes<\/td>\n<td width=\"765\"><a href=\"http:\/\/tede2.uepg.br\/jspui\/handle\/prefix\/4178\">IMPACTO DA ADES\u00c3O AO PROTOCOLO DE SEPSE NA SOBREVIDA DE PACIENTES COM INFEC\u00c7\u00d5ES COMUNIT\u00c1RIAS E RELACIONADAS A ASSIST\u00caNCIA A SA\u00daDE<\/a><\/td>\n<td style=\"text-align: center\">Mestrado<\/td>\n<\/tr>\n<tr>\n<td>FILIPE AUGUSTO BAIER DE ANDRADE<\/td>\n<td>Profa. Dra. Dion\u00edzia Xavier Scomparin<\/td>\n<td width=\"765\"><a href=\"http:\/\/tede2.uepg.br\/jspui\/handle\/prefix\/3749\">A PREVAL\u00caNCIA DA OBESIDADE E HIPERTENS\u00c3O EM TR\u00caS UNIDADES B\u00c1SICAS DE SA\u00daDE DE PONTA GROSSA- PR<\/a><\/td>\n<td style=\"text-align: center\">Mestrado<\/td>\n<\/tr>\n<tr>\n<td>JESSICA BAUER<\/td>\n<td>Profa. Dra. Dion\u00edzia Xavier Scomparin<\/td>\n<td width=\"765\"><a href=\"http:\/\/tede2.uepg.br\/jspui\/handle\/prefix\/3600\">TRAUMA DE FACE E VIOL\u00caNCIA CONTRA A MULHER EM PONTA GROSSA - PR: CARACTER\u00cdSTICAS E FATORES DE RISCO (2016-2020)<\/a><\/td>\n<td style=\"text-align: center\">Mestrado<\/td>\n<\/tr>\n<tr>\n<td>KARYN LEMES ROMANOWSKI<\/td>\n<td width=\"311\">Profa. Dra. Ana Cl\u00e1udia Garabeli Cavalli<br \/>\nKluthcovsky<\/td>\n<td width=\"765\"><a href=\"http:\/\/tede2.uepg.br\/jspui\/handle\/prefix\/3870\">MORTALIDADE E AN\u00c1LISE ESPACIAL DA COVID-19 NAS REGIONAIS DE SA\u00daDE DO PARAN\u00c1<\/a><\/td>\n<td style=\"text-align: center\">Mestrado<\/td>\n<\/tr>\n<tr>\n<td>TAIS IVASTCHESCHEN<\/td>\n<td width=\"311\">Profa. Dra. Pollyanna K\u00e1ssia de Oliveira<br \/>\nBorges<\/td>\n<td width=\"765\"><a href=\"http:\/\/tede2.uepg.br\/jspui\/handle\/prefix\/3623\">SEPSE EM IDOSOS COMO COMPLICA\u00c7\u00c3O DE COVID-19 E OUTRAS INFEC\u00c7\u00d5ES RESPIRAT\u00d3RIAS ADQUIRIDAS NA COMUNIDADE: UMA AVALIA\u00c7\u00c3O INTERDISCIPLINAR DO CUIDADO<\/a><\/td>\n<td style=\"text-align: center\">Mestrado<\/td>\n<\/tr>\n<\/tbody>\n<\/table>\n\t\t\t\t<\/div>\n\t\t\t<\/div>\n\t\t<\/div>\n\t\t\t<div class=\"sow-accordion-panel\"\n\t\t\t data-anchor=\"2021\">\n\t\t\t\t<div class=\"sow-accordion-panel-header-container\" role=\"heading\" aria-level=\"2\">\n\t\t\t\t\t<div class=\"sow-accordion-panel-header\" tabindex=\"0\" role=\"button\" id=\"accordion-label-2021\" aria-controls=\"accordion-content-2021\" aria-expanded=\"false\">\n\t\t\t\t\t\t<div class=\"sow-accordion-title sow-accordion-title-icon-left\">\n\t\t\t\t\t\t\t\t\t\t\t\t\t\t2021\t\t\t\t\t\t\t\t\t\t\t\t\t<\/div>\n\t\t\t\t\t\t<div class=\"sow-accordion-open-close-button\">\n\t\t\t\t\t\t\t<div class=\"sow-accordion-open-button\">\n\t\t\t\t\t\t\t\t<span class=\"sow-icon-ionicons\" data-sow-icon=\"&#xf218;\"\n\t\t \n\t\taria-hidden=\"true\"><\/span>\t\t\t\t\t\t\t<\/div>\n\t\t\t\t\t\t\t<div class=\"sow-accordion-close-button\">\n\t\t\t\t\t\t\t\t<span class=\"sow-icon-ionicons\" data-sow-icon=\"&#xf209;\"\n\t\t \n\t\taria-hidden=\"true\"><\/span>\t\t\t\t\t\t\t<\/div>\n\t\t\t\t\t\t<\/div>\n\t\t\t\t\t<\/div>\n\t\t\t\t<\/div>\n\n\t\t\t<div\n\t\t\t\tclass=\"sow-accordion-panel-content\"\n\t\t\t\trole=\"region\"\n\t\t\t\taria-labelledby=\"accordion-label-2021\"\n\t\t\t\tid=\"accordion-content-2021\"\n\t\t\t\tstyle=\"display: none;\"\t\t\t>\n\t\t\t\t<div class=\"sow-accordion-panel-border\" tabindex=\"0\">\n\t\t\t\t\t<table width=\"1530\">\n<tbody>\n<tr>\n<td style=\"text-align: center\" width=\"293\"><strong>AUTOR (A)<\/strong><\/td>\n<td style=\"text-align: center\" width=\"311\"><strong>Orientador<\/strong><\/td>\n<td style=\"text-align: center\" width=\"765\"><strong>T\u00edtulo do Trabalho de Conclus\u00e3o<\/strong><\/td>\n<td style=\"text-align: center\" width=\"161\"><strong>N\u00edvel\u00a0<\/strong><\/td>\n<\/tr>\n<tr>\n<td>ALESSANDRA RODRIGUES MARTINS<\/td>\n<td width=\"311\">Profa. Dra. Pollyanna K\u00e1ssia de Oliveira<br \/>\nBorges<\/td>\n<td width=\"765\"><a href=\"http:\/\/tede2.uepg.br\/jspui\/handle\/prefix\/3521\">LES\u00d5ES DE PELE EM IDOSOS INTERNADOS EM UNIDADES DE TERAPIA INTENSIVA: UMA VIS\u00c3O INTERDISCIPLINAR<\/a><\/td>\n<td style=\"text-align: center\">Mestrado<\/td>\n<\/tr>\n<tr>\n<td>ALINE SCOTTINI<\/td>\n<td>Prof. Dr. Eduardo Bauml Campagnoli<\/td>\n<td width=\"765\"><a href=\"http:\/\/tede2.uepg.br\/jspui\/handle\/prefix\/3571\">TERAPIA FOTODIN\u00c2MICA COM AZUL DE METILENO EM C\u00c9LULAS DERIVADAS DE CARCINOMA ESPINOCELULAR: ESTUDO IN VITRO<\/a><\/td>\n<td style=\"text-align: center\">Mestrado<\/td>\n<\/tr>\n<tr>\n<td>ANDRE LUIS DE LIMA<\/td>\n<td>Prof. Dr. Leandro Cavalcante Lipinski<\/td>\n<td width=\"765\"><a href=\"http:\/\/tede2.uepg.br\/jspui\/handle\/prefix\/3529\">INFLU\u00caNCIA DA INSULINA ORAL NO EPIT\u00c9LIO INTESTINAL: UMA AVALIA\u00c7\u00c3O DOS EFEITOS DA ADMINISTRA\u00c7\u00c3O DE NANOPART\u00cdCULAS POLIM\u00c9RICAS CONTENDO INSULINA EM ANIMAIS ALIMENTADOS COM DIETA HIPERCAL\u00d3RICA<\/a><\/td>\n<td style=\"text-align: center\">Mestrado<\/td>\n<\/tr>\n<tr>\n<td>BRENDA CRISTINY PADILHA<\/td>\n<td>Profa. Dra. Fabiana Bucholdz Teixeira Alves<\/td>\n<td width=\"765\"><a href=\"http:\/\/tede2.uepg.br\/jspui\/handle\/prefix\/3508\">CONTATO PELE A PELE E AMAMENTA\u00c7\u00c3O NA PRIMEIRA HORA DE VIDA: FATORES RELACIONADOS<\/a><\/td>\n<td style=\"text-align: center\">Mestrado<\/td>\n<\/tr>\n<tr>\n<td>CELIO CORDEIRO<\/td>\n<td>Prof. Dr. Nilo Massaru Okuno<\/td>\n<td width=\"765\"><a href=\"http:\/\/tede2.uepg.br\/jspui\/handle\/prefix\/3579\">EFEITO DA ESTIMULA\u00c7\u00c3O TRANSCRANIANA POR CORRENTE CONT\u00cdNUA NA PRESS\u00c3O ARTERIAL EM INDIV\u00cdDUOS PR\u00c9- HIPERTENSOS EM UM TESTE INCREMENTAL M\u00c1XIMO<\/a><\/td>\n<td style=\"text-align: center\">Mestrado<\/td>\n<\/tr>\n<tr>\n<td>DALTON BERRI<\/td>\n<td>Prof. Dr. Leandro Cavalcante Lipinski<\/td>\n<td width=\"765\"><a href=\"https:\/\/tede2.uepg.br\/jspui\/handle\/prefix\/3527\">AVALIA\u00c7\u00c3O DO PAPEL DO ESTROG\u00caNIO T\u00d3PICO ADMINISTRADO POR DUAS DIFERENTES F\u00d3RMULAS NA CONSOLIDA\u00c7\u00c3O DE FRATURAS DE RATAS OSTEOPOR\u00d3TICAS<\/a><\/td>\n<td style=\"text-align: center\">Mestrado<\/td>\n<\/tr>\n<tr>\n<td>GABRIELLE DELFRATE<\/td>\n<td>Prof. Dr. Gilson Cesar Nobre Franco<\/td>\n<td width=\"765\"><a href=\"http:\/\/tede2.uepg.br\/jspui\/handle\/prefix\/3388\">EFEITO DA ADMINISTRA\u00c7\u00c3O DE PENTOXIFILINA E \u0391-TOCOFEROL NA OSTEONECROSE DE MAND\u00cdBULA INDUZIDA POR BIFOSFONATO: ANTES E DEPOIS DA EXODONTIA<\/a><\/td>\n<td style=\"text-align: center\">Mestrado<\/td>\n<\/tr>\n<tr>\n<td>GRAZIELA ARGENTI<\/td>\n<td>Profa. Dra. Cristiana Berger Fadel<\/td>\n<td width=\"765\"><a href=\"http:\/\/tede2.uepg.br\/jspui\/handle\/prefix\/3476\">IDENTIFICA\u00c7\u00c3O DE MODELOS DE PREDI\u00c7\u00c3O PARA RISCO DE DESENVOLVIMENTO DE LES\u00c3O POR PRESS\u00c3O EM UNIDADE DE TERAPIA INTENSIVA<\/a><\/td>\n<td style=\"text-align: center\">Mestrado<\/td>\n<\/tr>\n<tr>\n<td>JEAN FERNANDO SANDESKI ZUBER<\/td>\n<td>Prof. Dr. Erildo Vicente Muller<\/td>\n<td width=\"765\"><a href=\"http:\/\/tede2.uepg.br\/jspui\/handle\/prefix\/3393\">SOBREVIDA DE PESSOAS VIVENDO COM HIV\/AIDS NA REGI\u00c3O DOS CAMPOS GERAIS, PARAN\u00c1 2008-2018<\/a><\/td>\n<td style=\"text-align: center\">Mestrado<\/td>\n<\/tr>\n<tr>\n<td>JESSICA CRISTIANE MARTINS<\/td>\n<td width=\"311\">Profa. Dra. Ana Claudia Garabeli Cavalli<br \/>\nKluthcovsky<\/td>\n<td width=\"765\"><a href=\"http:\/\/tede2.uepg.br\/jspui\/handle\/prefix\/3455\">RESID\u00caNCIA MULTIPROFISSIONAL EM SA\u00daDE COLETIVA SOB A \u00d3TICA PEDAG\u00d3GICA<\/a><\/td>\n<td style=\"text-align: center\">Mestrado<\/td>\n<\/tr>\n<tr>\n<td>LEANDRO MICHELIS<\/td>\n<td>Prof. Dr. Leonardo Christiaan Welling<\/td>\n<td width=\"765\"><a href=\"http:\/\/tede2.uepg.br\/jspui\/handle\/prefix\/3433\">CORRELA\u00c7\u00c3O ENTRE O DI\u00c2METRO DA BAINHA DO NERVO \u00d3PTICO COM A DIMENS\u00c3O DOS TUMORES INTRACRANIANOS<\/a><\/td>\n<td style=\"text-align: center\">Mestrado<\/td>\n<\/tr>\n<tr>\n<td>MARILIA RIZZI<\/td>\n<td>Profa. Dra. Dion\u00edzia Xavier Scomparin<\/td>\n<td width=\"765\"><a href=\"http:\/\/tede2.uepg.br\/jspui\/handle\/prefix\/3357\">AVALIA\u00c7\u00c3O DA SUPLEMENTA\u00c7\u00c3O COM CASE\u00cdNA SOBRE O PERIODONTO E OSSO MANDIBULAR DE RATOS ALIMENTADOS COM DIETA PADR\u00c3O E DIETA DE CAFETERIA<\/a><\/td>\n<td style=\"text-align: center\">Mestrado<\/td>\n<\/tr>\n<tr>\n<td>OMAR EL SAYED<\/td>\n<td>Prof. Dr. Bruno Pedroso<\/td>\n<td width=\"765\"><a href=\"http:\/\/tede2.uepg.br\/jspui\/handle\/prefix\/3559\">AVALIA\u00c7\u00c3O DO SEL\u00caNIO NO ESTRESSE OXIDATIVO EM C\u00c9REBRO DE RATOS<\/a><\/td>\n<td style=\"text-align: center\">Mestrado<\/td>\n<\/tr>\n<tr>\n<td>PRISCILA ALINE LAPEZAK<\/td>\n<td>Profa. Dra. Shelon Cristina Souza Bandeca<\/td>\n<td width=\"765\"><a href=\"http:\/\/tede2.uepg.br\/jspui\/handle\/prefix\/3526\">MEDIDAS DE BIO-SEGURAN\u00c7A DURANTE PANDEMIA DE COVID-19: NOVOS PROTOCOLOS E A RELA\u00c7\u00c3O ENTRE CONHECIMENTO, MEDO E ANSIEDADE EM ACAD\u00caMICOS DE ODONTOLOGIA E CIRURGI\u00d5ES DENTISTAS<\/a><\/td>\n<td style=\"text-align: center\">Mestrado<\/td>\n<\/tr>\n<tr>\n<td>RAFAEL FIAMONCINI FERREIRA<\/td>\n<td>Profa. Dra. Elise Souza dos Santos<\/td>\n<td width=\"765\"><a href=\"http:\/\/tede2.uepg.br\/jspui\/handle\/prefix\/3514\">AVALIA\u00c7\u00c3O AP\u00d3S ESTRATIFICA\u00c7\u00c3O DE RISCO CARDIOVASCULAR DE PACIENTES HIPERTENSOS E DIAB\u00c9TICOS ATENDIDOS EM DUAS UNIDADES B\u00c1SICAS DE SA\u00daDE NO MUNIC\u00cdPIO DE UNI\u00c3O DA VIT\u00d3RIA-PR: ESTAMOS ATINGINDO AS METAS DE TRATAMENTO?<\/a><\/td>\n<td style=\"text-align: center\">Mestrado<\/td>\n<\/tr>\n<tr>\n<td>RAMON CESAR GODOY GONCALVES<\/td>\n<td>Prof. Dr. Marcelo Carlos Bortoluzzi<\/td>\n<td width=\"765\"><a href=\"http:\/\/tede2.uepg.br\/jspui\/handle\/prefix\/3373\">AVALIA\u00c7\u00c3O DA ANSIEDADE COMO PREDITOR DE COMPLICA\u00c7\u00d5ES P\u00d3S OPERAT\u00d3RIAS EM PACIENTES SUBMETIDOS A CIRURGIA DE TERCEIROS MOLARES<\/a><\/td>\n<td style=\"text-align: center\">Mestrado<\/td>\n<\/tr>\n<tr>\n<td>SABRINA BRIGOLA<\/td>\n<td>Profa. Dra. M\u00e1rcia Tha\u00eds Pochapski<\/td>\n<td width=\"765\"><a href=\"http:\/\/tede2.uepg.br\/jspui\/handle\/prefix\/3471\">PROTOCOLO PARA CONTROLE DE DOR P\u00d3S-OPERAT\u00d3RIA EM CIRURGIA PERIODONTAL: REVIS\u00c3O SISTEM\u00c1TICA E METAN\u00c1LISE<\/a><\/td>\n<td style=\"text-align: center\">Mestrado<\/td>\n<\/tr>\n<tr>\n<td>SIMONEI BONATTO<\/td>\n<td>Prof. Dr. Luis Ant\u00f4nio Pinheiro<\/td>\n<td width=\"765\"><a href=\"http:\/\/tede2.uepg.br\/jspui\/handle\/prefix\/3468\">CONFEC\u00c7\u00c3O E CARACTERIZA\u00c7\u00c3O DE MATERIAL BIOCOMPAT\u00cdVEL DE POLIPROPILENO E ELAST\u00d4MERO PARA TELAS A SEREM APLICADAS EM CIRURGIAS DE PERITONIOSTOMIAS<\/a><\/td>\n<td style=\"text-align: center\">Mestrado<\/td>\n<\/tr>\n<tr>\n<td>STEFANI GALLI<\/td>\n<td>Prof. Dr. Mario Augusto Cray da Costa<\/td>\n<td width=\"765\"><a href=\"http:\/\/tede2.uepg.br\/jspui\/handle\/prefix\/3530\">EFEITO DA IMUNIZA\u00c7\u00c3O PNEUMOC\u00d3CICA PR\u00c9-OPERAT\u00d3RIA NA INCID\u00caNCIA DE INFEC\u00c7\u00c3O RESPIRAT\u00d3RIA NO P\u00d3S-OPERAT\u00d3RIO DE CIRURGIA CARD\u00cdACA<\/a><\/td>\n<td style=\"text-align: center\">Mestrado<\/td>\n<\/tr>\n<tr>\n<td>TAYLINE MROCZEK PEREIRA PINTO<\/td>\n<td>Profa. Dra. Marcela Claudino da Silva Nardino<\/td>\n<td width=\"765\"><a href=\"http:\/\/tede2.uepg.br\/jspui\/handle\/prefix\/3550\">EFEITO DO SILDENAFIL NA PREVEN\u00c7\u00c3O DA OSTEONECROSE DE MAND\u00cdBULA INDUZIDA POR BIFOSFONATOS<\/a><\/td>\n<td style=\"text-align: center\">Mestrado<\/td>\n<\/tr>\n<\/tbody>\n<\/table>\n\t\t\t\t<\/div>\n\t\t\t<\/div>\n\t\t<\/div>\n\t\t\t<div class=\"sow-accordion-panel\"\n\t\t\t data-anchor=\"2020\">\n\t\t\t\t<div class=\"sow-accordion-panel-header-container\" role=\"heading\" aria-level=\"2\">\n\t\t\t\t\t<div class=\"sow-accordion-panel-header\" tabindex=\"0\" role=\"button\" id=\"accordion-label-2020\" aria-controls=\"accordion-content-2020\" aria-expanded=\"false\">\n\t\t\t\t\t\t<div class=\"sow-accordion-title sow-accordion-title-icon-left\">\n\t\t\t\t\t\t\t\t\t\t\t\t\t\t2020\t\t\t\t\t\t\t\t\t\t\t\t\t<\/div>\n\t\t\t\t\t\t<div class=\"sow-accordion-open-close-button\">\n\t\t\t\t\t\t\t<div class=\"sow-accordion-open-button\">\n\t\t\t\t\t\t\t\t<span class=\"sow-icon-ionicons\" data-sow-icon=\"&#xf218;\"\n\t\t \n\t\taria-hidden=\"true\"><\/span>\t\t\t\t\t\t\t<\/div>\n\t\t\t\t\t\t\t<div class=\"sow-accordion-close-button\">\n\t\t\t\t\t\t\t\t<span class=\"sow-icon-ionicons\" data-sow-icon=\"&#xf209;\"\n\t\t \n\t\taria-hidden=\"true\"><\/span>\t\t\t\t\t\t\t<\/div>\n\t\t\t\t\t\t<\/div>\n\t\t\t\t\t<\/div>\n\t\t\t\t<\/div>\n\n\t\t\t<div\n\t\t\t\tclass=\"sow-accordion-panel-content\"\n\t\t\t\trole=\"region\"\n\t\t\t\taria-labelledby=\"accordion-label-2020\"\n\t\t\t\tid=\"accordion-content-2020\"\n\t\t\t\tstyle=\"display: none;\"\t\t\t>\n\t\t\t\t<div class=\"sow-accordion-panel-border\" tabindex=\"0\">\n\t\t\t\t\t<table style=\"height: 3457px\" width=\"918\">\n<tbody>\n<tr>\n<td width=\"283\">T\u00edtulo<\/td>\n<td width=\"99\">Autor<\/td>\n<td width=\"151\">Orientador<\/td>\n<\/tr>\n<tr>\n<td width=\"283\"><a href=\"http:\/\/tede2.uepg.br\/jspui\/handle\/prefix\/3073\">A INFLU\u00caNCIA DA CASE\u00cdNA NAS ALTERA\u00c7\u00d5ES HEP\u00c1TICAS E CARD\u00cdACAS EM RATOS SUBMETIDOS A UMA DIETA DE CAFETERIA<\/a><\/td>\n<td width=\"99\">KAROLINE RODRIGUES PASQUALOTTO<\/td>\n<td width=\"151\">DIONIZIA XAVIER SCOMPARIN<\/td>\n<\/tr>\n<tr>\n<td width=\"283\"><a href=\"http:\/\/tede2.uepg.br\/jspui\/handle\/prefix\/3310\">CARACTERIZA\u00c7\u00c3O MICROSC\u00d3PICA DE CRISTAIS DE Baccharis (ASTERACEAE): UMA CONTRIBUI\u00c7\u00c3O PARA A DIFERENCIA\u00c7\u00c3O DAS ESP\u00c9CIES<\/a><\/td>\n<td width=\"99\">PAOLA APARECIDA RAESKI<\/td>\n<td width=\"151\">JANE MANFRON BUDEL<\/td>\n<\/tr>\n<tr>\n<td width=\"283\"><a href=\"http:\/\/tede2.uepg.br\/jspui\/handle\/prefix\/3050\">PREVAL\u00caNCIA DA S\u00cdNDROME METAB\u00d3LICA EM PACIENTES ADULTOS VIVENDO COM HIV EM TERAPIA ANTIRRETROVIRAL<\/a><\/td>\n<td width=\"99\">DIEGO OSMAR RODRIGUES<\/td>\n<td width=\"151\">ERILDO VICENTE MULLER<\/td>\n<\/tr>\n<tr>\n<td width=\"283\"><a href=\"http:\/\/tede2.uepg.br\/jspui\/handle\/prefix\/3078\">TRATAMENTO DE ADULTOS OBESOS USU\u00c1RIOS DO SUS: UMA PROPOSTA INTERDISCIPLINAR<\/a><\/td>\n<td width=\"99\">LIZ ELAINE SOWEK<\/td>\n<td width=\"151\">MARCIA REGINA CARLETTO<\/td>\n<\/tr>\n<tr>\n<td width=\"283\"><a href=\"http:\/\/tede2.uepg.br\/jspui\/handle\/prefix\/3105\">REDE DE APOIO AO ALEITAMENTO MATERNO NOS CAMPOS GERAIS, PARAN\u00c1: UM DIAGN\u00d3STICO SITUACIONAL SEGUNDO A PERSPECTIVA DOS PROFISSIONAIS DE SA\u00daDE<\/a><\/td>\n<td width=\"99\">BARBARA MAFRA NEVES ARANTES<\/td>\n<td width=\"151\">POLLYANNA KASSIA DE OLIVEIRA BORGES<\/td>\n<\/tr>\n<tr>\n<td width=\"283\"><a href=\"http:\/\/tede2.uepg.br\/jspui\/handle\/prefix\/3102\">CULTURA DE SEGURAN\u00c7A DO PACIENTE NA PERCEP\u00c7\u00c3O DA EQUIPE DE SA\u00daDE DE UM HOSPITAL UNIVERSIT\u00c1RIO<\/a><\/td>\n<td width=\"99\">LORIANE COTOVICZ<\/td>\n<td width=\"151\">ELISE SOUZA DOS SANTOS REIS<\/td>\n<\/tr>\n<tr>\n<td width=\"283\"><a href=\"http:\/\/tede2.uepg.br\/jspui\/handle\/prefix\/3132\">PROTOCOLO DE HIGIENIZA\u00c7\u00c3O BUCAL EM PACIENTES PORTADORES DE DOEN\u00c7AS CR\u00d4NICAS DOMICILIADOS: UMA ABORDAGEM INTERDISCIPLINAR<\/a><\/td>\n<td width=\"99\">LUISA PAOLA DA SILVA FERREIRA<\/td>\n<td width=\"151\">SHELON CRISTINA SOUZA BANDECA<\/td>\n<\/tr>\n<tr>\n<td width=\"283\"><a href=\"http:\/\/tede2.uepg.br\/jspui\/handle\/prefix\/3150\">QUALIDADE DE VIDA NO TRABALHO E S\u00cdNDROME DE BURNOUT EM PROFISSIONAIS DE SA\u00daDE DE UM HOSPITAL UNIVERSIT\u00c1RIO<\/a><\/td>\n<td width=\"99\">RENATA SCHNEPPER GANS<\/td>\n<td width=\"151\">BRUNO PEDROSO<\/td>\n<\/tr>\n<tr>\n<td width=\"283\"><a href=\"http:\/\/tede2.uepg.br\/jspui\/handle\/prefix\/3067\">ASSOCIA\u00c7\u00c3O DA CONDI\u00c7\u00c3O BUCAL NA SA\u00daDE GERAL E NA QUALIDADE DE VIDA DOS INDIV\u00cdDUOS<\/a><\/td>\n<td width=\"99\">RENAN BORDINI CARDOSO<\/td>\n<td width=\"151\">MARCELO CARLOS BORTOLUZZI<\/td>\n<\/tr>\n<tr>\n<td width=\"283\"><a href=\"http:\/\/tede2.uepg.br\/jspui\/handle\/prefix\/3089\">EFEITO DA ESTIMULA\u00c7\u00c3O TRANSCRANIANA POR CORRENTE CONT\u00cdNUA NA TOLER\u00c2NCIA AO ESFOR\u00c7O F\u00cdSICO DE MULHERES SEDENT\u00c1RIAS COM FIBROMIALGIA: UM ENSAIO CL\u00cdNICO RANDOMIZADO<\/a><\/td>\n<td width=\"99\">JULIANA CAMPOS RESSETTI<\/td>\n<td width=\"151\">NILO MASSARU OKUNO<\/td>\n<\/tr>\n<tr>\n<td width=\"283\"><a href=\"http:\/\/tede2.uepg.br\/jspui\/handle\/prefix\/3277\">ENTENDIMENTO SOBRE DOEN\u00c7AS CARD\u00cdACAS, CONDI\u00c7\u00c3O BUCAL E QUALIDADE DE VIDA EM PACIENTES CARDIOPATAS ATENDIDOS EM HOSPITAL UNIVERSIT\u00c1RIO<\/a><\/td>\n<td width=\"99\">LUANA TAQUES<\/td>\n<td width=\"151\">MARCIA THAIS POCHAPSKI<\/td>\n<\/tr>\n<tr>\n<td width=\"283\"><a href=\"http:\/\/tede2.uepg.br\/jspui\/handle\/prefix\/3185\">EFEITO DA ADMINISTRA\u00c7\u00c3O DE INSULINA ORAL NO EPIT\u00c9LIO INTESTINAL DE RATOS HIPERGLIC\u00caMICOS<\/a><\/td>\n<td width=\"99\">PRISCILLA VANESSA ALVES<\/td>\n<td width=\"151\">LEANDRO CAVALCANTE LIPINSKI<\/td>\n<\/tr>\n<tr>\n<td width=\"283\"><a href=\"http:\/\/tede2.uepg.br\/jspui\/handle\/prefix\/3546\">EFEITO DA DIETA HIPERLIP\u00cdDICA E USO DE INSULINA ORAL NO EPIT\u00c9LIO INTESTINAL E TECIDO ADIPOSO<\/a><\/td>\n<td width=\"99\">ISABELLA MARAVIESKI LIPINSKI<\/td>\n<td width=\"151\">LEANDRO CAVALCANTE LIPINSKI<\/td>\n<\/tr>\n<tr>\n<td width=\"283\"><a href=\"http:\/\/tede2.uepg.br\/jspui\/handle\/prefix\/3210\">PERFIL DE SEGURAN\u00c7A DA ANALGESIA PR\u00c9-EMPTIVA COM DEXAMETASONA NA EXODONTIA EM RATOS TRATADOS COM BAIXAS DOSES DE ASPIRINA<\/a><\/td>\n<td width=\"99\">RAYLAN GOLINSKI COSTA<\/td>\n<td width=\"151\">GILSON CESAR NOBRE FRANCO<\/td>\n<\/tr>\n<tr>\n<td width=\"283\"><a href=\"http:\/\/tede2.uepg.br\/jspui\/handle\/prefix\/3295\">EFIC\u00c1CIA DAS PALMILHAS CUSTOMIZADAS NA DISTRIBUI\u00c7\u00c3O DA PRESS\u00c3O PLANTAR NO P\u00c9 DIAB\u00c9TICO: ENSAIO CL\u00cdNICO RANDOMIZADO E CONTROLADO<\/a><\/td>\n<td width=\"99\">GABRIEL FARHAT<\/td>\n<td width=\"151\">RICARDO ZANETTI GOMES<\/td>\n<\/tr>\n<tr>\n<td width=\"283\"><a href=\"http:\/\/tede2.uepg.br\/jspui\/handle\/prefix\/3280\">AVALIA\u00c7\u00c3O DA PRESEN\u00c7A DE MICRORGANISMOS RESISTENTES A METICILINA E A CARBAPEN\u00caMICOS NA SALIVA DE PROFISSIONAIS DA EQUIPE DE ENFERMAGEM QUE ATUAM EM UMA UNIDADE DE TERAPIA INTENSIVA<\/a><\/td>\n<td width=\"99\">PAOLA CHRYSTINE MACHADO<\/td>\n<td width=\"151\">EDUARDO BAUML CAMPAGNOLI<\/td>\n<\/tr>\n<tr>\n<td width=\"283\"><a href=\"http:\/\/tede2.uepg.br\/jspui\/handle\/prefix\/3470\">INTERNA\u00c7\u00d5ES POR CONDI\u00c7\u00d5ES CARDIOVASCULARES SENS\u00cdVEIS \u00c0 ATEN\u00c7\u00c3O PRIM\u00c1RIA E A RELA\u00c7\u00c3O COM A ESTRAT\u00c9GIA SA\u00daDE DA FAM\u00cdLIA EM MUNIC\u00cdPIOS DE M\u00c9DIO PORTE DO PARAN\u00c1, BRASIL, 2008 a 2017<\/a><\/td>\n<td width=\"99\">RAQUEL HAIDE SANTOS ALDRIGUE GRACZYK<\/td>\n<td width=\"151\">ANA CLAUDIA GARABELI CAVALLI KLUTHCOVSKY<\/td>\n<\/tr>\n<tr>\n<td width=\"283\"><a href=\"http:\/\/tede2.uepg.br\/jspui\/handle\/prefix\/3279\">CARACTERIZA\u00c7\u00c3O FITOQU\u00cdMICA DOS COMPOSTOS ORG\u00c2NICOS DA ESP\u00c9CIE VEGETAL Maytenus ilicifolia Mart. ex Reissek POR ESPECTROSCOPIA NO INFRAVERMELHO COM TRANSFORMADA DE FOURIER E ESPECTROSCOPIA FOTOAC\u00daSTICA<\/a><\/td>\n<td width=\"99\">MYLENA DE FRANCA MARTINS<\/td>\n<td width=\"151\">ANDRESSA NOVATSKI<\/td>\n<\/tr>\n<tr>\n<td width=\"283\"><a href=\"http:\/\/tede2.uepg.br\/jspui\/handle\/prefix\/3332\">EFEITOS DO FORTALECIMENTO MUSCULAR DO TR\u00cdCEPS SURAL NA FUN\u00c7\u00c3O DA BOMBA VENOSA E NA QUALIDADE DE VIDA DE INDIV\u00cdDUOS COM INSUFICI\u00caNCIA VENOSA<\/a><\/td>\n<td width=\"99\">ANA CARLA SCHMIDT<\/td>\n<td width=\"151\">RICARDO ZANETTI GOMES<\/td>\n<\/tr>\n<tr>\n<td width=\"283\"><a href=\"http:\/\/tede2.uepg.br\/jspui\/handle\/prefix\/3342\">DESENVOLVIMENTO, CARACTERIZA\u00c7\u00c3O F\u00cdSICO-QU\u00cdMICA E AVALIA\u00c7\u00c3O DA EFICI\u00caNCIA DE ENCAPSULA\u00c7\u00c3O DE NANOC\u00c1PSULAS POLIM\u00c9RICAS CONTENDO HIDROXITIROSOL<\/a><\/td>\n<td width=\"99\">JULIANA PARENTE MENEZES RIBEIRO<\/td>\n<td width=\"151\">PAULO VITOR FARAGO<\/td>\n<\/tr>\n<tr>\n<td width=\"283\"><a href=\"http:\/\/tede2.uepg.br\/jspui\/handle\/prefix\/3365\">CELULOSE NANOFIBRILADA PARA A LIBERA\u00c7\u00c3O CONTROLADA DA NIMESULIDA<\/a><\/td>\n<td width=\"99\">SONIA DENIZE CLIVATI JUSTUS<\/td>\n<td width=\"151\">LUIS ANTONIO PINHEIRO<\/td>\n<\/tr>\n<\/tbody>\n<\/table>\n\t\t\t\t<\/div>\n\t\t\t<\/div>\n\t\t<\/div>\n\t\t\t<div class=\"sow-accordion-panel\"\n\t\t\t data-anchor=\"2019\">\n\t\t\t\t<div class=\"sow-accordion-panel-header-container\" role=\"heading\" aria-level=\"2\">\n\t\t\t\t\t<div class=\"sow-accordion-panel-header\" tabindex=\"0\" role=\"button\" id=\"accordion-label-2019\" aria-controls=\"accordion-content-2019\" aria-expanded=\"false\">\n\t\t\t\t\t\t<div class=\"sow-accordion-title sow-accordion-title-icon-left\">\n\t\t\t\t\t\t\t\t\t\t\t\t\t\t2019\t\t\t\t\t\t\t\t\t\t\t\t\t<\/div>\n\t\t\t\t\t\t<div class=\"sow-accordion-open-close-button\">\n\t\t\t\t\t\t\t<div class=\"sow-accordion-open-button\">\n\t\t\t\t\t\t\t\t<span class=\"sow-icon-ionicons\" data-sow-icon=\"&#xf218;\"\n\t\t \n\t\taria-hidden=\"true\"><\/span>\t\t\t\t\t\t\t<\/div>\n\t\t\t\t\t\t\t<div class=\"sow-accordion-close-button\">\n\t\t\t\t\t\t\t\t<span class=\"sow-icon-ionicons\" data-sow-icon=\"&#xf209;\"\n\t\t \n\t\taria-hidden=\"true\"><\/span>\t\t\t\t\t\t\t<\/div>\n\t\t\t\t\t\t<\/div>\n\t\t\t\t\t<\/div>\n\t\t\t\t<\/div>\n\n\t\t\t<div\n\t\t\t\tclass=\"sow-accordion-panel-content\"\n\t\t\t\trole=\"region\"\n\t\t\t\taria-labelledby=\"accordion-label-2019\"\n\t\t\t\tid=\"accordion-content-2019\"\n\t\t\t\tstyle=\"display: none;\"\t\t\t>\n\t\t\t\t<div class=\"sow-accordion-panel-border\" tabindex=\"0\">\n\t\t\t\t\t<table style=\"height: 4239px\" width=\"910\">\n<tbody>\n<tr>\n<td width=\"283\">T\u00edtulo<\/td>\n<td width=\"94\">Autor<\/td>\n<td width=\"151\">Orientador<\/td>\n<\/tr>\n<tr>\n<td width=\"283\">I<a href=\"http:\/\/tede2.uepg.br\/jspui\/handle\/prefix\/2821\">NCID\u00caNCIA DE MORBIDADES E AN\u00c1LISE DE CUSTOS EM SEGURADOS PELA PREVID\u00caNCIA SOCIAL AFASTADOS DO MERCADO DE TRABALHO EM MUNIC\u00cdPIOS DE MAIOR PORTE POPULACIONAL NO ESTADO DO PARAN\u00c1: UMA VIS\u00c3O INTERDISCIPLINAR<\/a><\/td>\n<td width=\"94\">KELIN GERUSA PETERS FRANCO<\/td>\n<td width=\"151\">MARCIA REGINA CARLETTO<\/td>\n<\/tr>\n<tr>\n<td width=\"283\"><a href=\"http:\/\/tede2.uepg.br\/jspui\/handle\/prefix\/2855\">ANATOMIA FOLIAR E CAULINAR, CARACTERIZA\u00c7\u00c3O QU\u00cdMICA E ATIVIDADES BIOL\u00d3GICAS DO \u00d3LEO ESSENCIAL DE Ocotea porosa (NEES &amp; MART.) BARROSO: UMA ABORDAGEM INTERDISCIPLINAR<\/a><\/td>\n<td width=\"94\">LIBARDONE JOSE RIBEIRO BRUSTULIM<\/td>\n<td width=\"151\">JANE MANFRON<\/td>\n<\/tr>\n<tr>\n<td width=\"283\"><a href=\"http:\/\/tede2.uepg.br\/jspui\/handle\/prefix\/2860\">AN\u00c1LISE DOS EFEITOS DO EXERC\u00cdCIO F\u00cdSICO NA QUALIDADE DE VIDA E NA MEM\u00d3RIA DE USU\u00c1RIOS DE DROGAS \u2013 UMA TERAPIA DE BAIXO CUSTO<\/a><\/td>\n<td width=\"94\">MARCELO DE FRANCA MACHADO<\/td>\n<td width=\"151\">FABIANA BUCHOLDZ TEIXEIRA ALVES<\/td>\n<\/tr>\n<tr>\n<td width=\"283\"><a href=\"http:\/\/tede2.uepg.br\/jspui\/handle\/prefix\/2868\">ADES\u00c3O AOS MEDICAMENTOS ANTIRRETROVIRAIS EM PACIENTES HIV\/AIDS NA REGI\u00c3O DOS CAMPOS GERAIS DO ESTADO DO PARAN\u00c1<\/a><\/td>\n<td width=\"94\">NATALIA GALVAO<\/td>\n<td width=\"151\">ERILDO VICENTE MULLER<\/td>\n<\/tr>\n<tr>\n<td width=\"283\"><a href=\"http:\/\/tede2.uepg.br\/jspui\/handle\/prefix\/2793\">FATORES DE RISCO PARA O DESENVOLVIMENTO DE SEPSE NEONATAL EM UNIDADES DE TERAPIA INTENSIVA NEONATAIS DE HOSPITAIS DOS CAMPOS GERAIS<\/a><\/td>\n<td width=\"94\">JULIANA BARBOSA SCHWAB<\/td>\n<td width=\"151\">POLLYANNA KASSIA DE OLIVEIRA BORGES<\/td>\n<\/tr>\n<tr>\n<td width=\"283\"><a href=\"http:\/\/tede2.uepg.br\/jspui\/handle\/prefix\/2809\">PR\u00c9-NATAL ODONTOL\u00d3GICO DE GESTANTES DE ALTO RISCO: AN\u00c1LISE SOB O PRISMA DE DIFERENTES FATORES<\/a><\/td>\n<td width=\"94\">JESSICA GALVAN<\/td>\n<td width=\"151\">FABIANA BUCHOLDZ TEIXEIRA ALVES<\/td>\n<\/tr>\n<tr>\n<td width=\"283\"><a href=\"http:\/\/tede2.uepg.br\/jspui\/handle\/prefix\/2917\">Avalia\u00e7\u00e3o da qualidade de vida em cirurgia bari\u00e1trica: um estudo comparativo pr\u00e9 e p\u00f3s operat\u00f3rio<\/a><\/td>\n<td width=\"94\">FERNANDA CRISTINA DE MATTOS<\/td>\n<td width=\"151\">BRUNO PEDROSO<\/td>\n<\/tr>\n<tr>\n<td width=\"283\"><a href=\"http:\/\/tede2.uepg.br\/jspui\/handle\/prefix\/2863\">MORTALIDADE PERINATAL: ASPECTOS, SENTIMENTOS E PERSPECTIVAS SOB O OLHAR DA GEST\u00c3O E DOS ENFERMEIROS<\/a><\/td>\n<td width=\"94\">LARYSSA DE COL DALAZOANA BAIER<\/td>\n<td width=\"151\">POLLYANNA KASSIA DE OLIVEIRA BORGES<\/td>\n<\/tr>\n<tr>\n<td width=\"283\"><a href=\"http:\/\/tede2.uepg.br\/jspui\/handle\/prefix\/2926\">USO E CONHECIMENTO DO NARGUIL\u00c9 ENTRE ESTUDANTES UNIVERSIT\u00c1RIOS E FATORES ASSOCIADOS<\/a><\/td>\n<td width=\"94\">MARGARETE APARECIDA DE OLIVEIRA<\/td>\n<td width=\"151\">ANA CLAUDIA GARABELI CAVALLI KLUTHCOVSKY<\/td>\n<\/tr>\n<tr>\n<td width=\"283\">T<a href=\"http:\/\/tede2.uepg.br\/jspui\/handle\/prefix\/3192\">END\u00caNCIA TEMPORAL E ASPECTOS EPIDEMIOL\u00d3GICOS DA S\u00cdFILIS GESTACIONAL E CONG\u00caNITA EM MUNIC\u00cdPIOS DE M\u00c9DIO PORTE DO ESTADO DO PARAN\u00c1, 2007-2017<\/a><\/td>\n<td width=\"94\">CAROLINY STOCCO<\/td>\n<td width=\"151\">ERILDO VICENTE MULLER<\/td>\n<\/tr>\n<tr>\n<td width=\"283\"><a href=\"http:\/\/tede2.uepg.br\/jspui\/handle\/prefix\/2907\">EFEITO DA SUPLEMENTA\u00c7\u00c3O DE VITAMINA D3 ASSOCIADA AO EXERC\u00cdCIO F\u00cdSICO NA OBESIDADE EM ANIMAIS SUBMETIDOS A UMA DIETA HIPERCAL\u00d3RICA<\/a><\/td>\n<td width=\"94\">MAIARA MIKUSKA CORDEIRO<\/td>\n<td width=\"151\">DIONIZIA XAVIER SCOMPARIN<\/td>\n<\/tr>\n<tr>\n<td width=\"283\"><a href=\"http:\/\/tede2.uepg.br\/jspui\/handle\/prefix\/2985\">SA\u00daDE BUCAL COMO FATOR DETERMINANTE DE INFEC\u00c7\u00c3O HOSPITALAR E MORTALIDADE EM PACIENTES SUBMETIDOS A CIRURGIAS CARD\u00cdACAS ELETIVAS<\/a><\/td>\n<td width=\"94\">GABRIELA MARGRAF GEHRING<\/td>\n<td width=\"151\">MARIO AUGUSTO CRAY DA COSTA<\/td>\n<\/tr>\n<tr>\n<td width=\"283\"><a href=\"http:\/\/tede2.uepg.br\/jspui\/handle\/prefix\/2903\">AN\u00c1LISE HISTOL\u00d3GICA COMPARATIVA DA FIXA\u00c7\u00c3O DE ENXERTO AUT\u00d3GENO COM PARAFUSO E ADESIVO \u00c0 BASE DE CIANOACRILATO<\/a><\/td>\n<td width=\"94\">LIVIA RIBEIRO<\/td>\n<td width=\"151\">MARCELA CLAUDINO DA SILVA NARDINO<\/td>\n<\/tr>\n<tr>\n<td width=\"283\"><a href=\"http:\/\/tede2.uepg.br\/jspui\/handle\/prefix\/3010\">DESENVOLVIMENTO TECNOL\u00d3GICO E AVALIA\u00c7\u00c3O DE SUPLEMENTO PROTEICO MULTIFUNCIONAL CONTENDO EXTRATO DE Ascophyllum nodosum (L.) LE JOLIS<\/a><\/td>\n<td width=\"94\">THIAGO ASSUNCAO<\/td>\n<td width=\"151\">PAULO VITOR FARAGO<\/td>\n<\/tr>\n<tr>\n<td width=\"283\"><a href=\"http:\/\/tede2.uepg.br\/jspui\/handle\/prefix\/3261\">MORFOANATOMIA DE FOLHA E CAULE, CARACTERIZA\u00c7\u00c3O QUIMICA E ATIVIDADES BIOL\u00d3GICAS DO \u00d3LEO ESSENCIAL DE Eugenia involucrata DC.: UMA ABORDAGEM INTERDISCIPLINAR<\/a><\/td>\n<td width=\"94\">WAGNER OZORIO D ALMEIDA<\/td>\n<td width=\"151\">JANE MANFRON BUDEL<\/td>\n<\/tr>\n<tr>\n<td width=\"283\"><a href=\"http:\/\/tede2.uepg.br\/jspui\/handle\/prefix\/2925\">Avalia\u00e7\u00e3o do efeito do cilostazol na retinopatia diab\u00e9tica em ratos<\/a><\/td>\n<td width=\"94\">DIEGO JOSE SCHEBELSKI<\/td>\n<td width=\"151\">RICARDO ZANETTI GOMES<\/td>\n<\/tr>\n<tr>\n<td width=\"283\"><a href=\"http:\/\/tede2.uepg.br\/jspui\/handle\/prefix\/2948\">PERFIL DE ESCOLHA DE ANTIMICROBIANOS POR MEDICOS VETERINARIOS PARA O TRATAMENTO DE DOEN\u00c7AS OFT\u00c1LMICAS EM C\u00c3ES NO PARAN\u00c1<\/a><\/td>\n<td width=\"94\">CAMILLA ALEXANDRA COSMOSKI CURY<\/td>\n<td width=\"151\">MARCIA THAIS POCHAPSKI<\/td>\n<\/tr>\n<tr>\n<td width=\"283\"><a href=\"http:\/\/tede2.uepg.br\/jspui\/handle\/prefix\/2918\">CORRELA\u00c7\u00c3O ENTRE A AN\u00c1LISE DA MORFOLOGIA DA CURVA DE PRESS\u00c3O INTRACRANIANA N\u00c3O INVASIVA E VALORES DE PRESS\u00c3O INTRACRANIANA INVASIVA PONTA<\/a><\/td>\n<td width=\"94\">THOMAS MARKUS D HAESE<\/td>\n<td width=\"151\">LEONARDO CHRISTIAAN WELLING<\/td>\n<\/tr>\n<tr>\n<td width=\"283\"><a href=\"http:\/\/tede2.uepg.br\/jspui\/handle\/prefix\/3031\">Classifica\u00e7\u00e3o e diagn\u00f3stico da obesidade por meio de par\u00e2metros antropom\u00e9tricos, bioqu\u00edmicos e de consumo alimentar de alunos das s\u00e9ries iniciais de ensino fundamental de uma escola p\u00fablica: uma proposta interdiciplinar<\/a><\/td>\n<td width=\"94\">ROBERTA GABRIELA MAINARDES REZENDE<\/td>\n<td width=\"151\">MARCIA REGINA CARLETTO<\/td>\n<\/tr>\n<tr>\n<td width=\"283\"><a href=\"http:\/\/tede2.uepg.br\/jspui\/handle\/prefix\/3517\">AUDITORIA NA AN\u00c1LISE DE CAUSAS E CUSTOS DA HOSPITALIZA\u00c7\u00c3O PROLONGADA, EM UNIDADE DE INTERNA\u00c7\u00c3O CL\u00cdNICA, DE UM HOSPITAL UNIVERSIT\u00c1RIO NO PARAN\u00c1<\/a><\/td>\n<td width=\"94\">ALESSANDRA PARTICA DE AGUIAR<\/td>\n<td width=\"151\">ELISE SOUZA DOS SANTOS REIS<\/td>\n<\/tr>\n<tr>\n<td width=\"283\"><a href=\"http:\/\/tede2.uepg.br\/jspui\/handle\/prefix\/2896\">AVALIA\u00c7\u00c3O BIOQU\u00cdMICA E HISTOL\u00d3GICA DA RESPOSTA INFLAMAT\u00d3RIA, COM FIO FARPADO DE POLIDIOXANONA E POLIGLACTINA 910, EM SUTURA DE C\u00daPULA VAGINAL E APONEUROSE ABDOMINAL, EM SU\u00cdNAS SUBMETIDAS A HISTERECTOMIA<\/a><\/td>\n<td width=\"94\">GILMAR ALVES DO NASCIMENTO<\/td>\n<td width=\"151\">RICARDO ZANETTI GOMES<\/td>\n<\/tr>\n<tr>\n<td width=\"283\"><a href=\"http:\/\/tede2.uepg.br\/jspui\/handle\/prefix\/3053\">AVALIA\u00c7\u00c3O DA ALTERA\u00c7\u00c3O DA MICROBIOTA BUCAL DE PACIENTES INTERNADOS EM UNIDADE DE TERAPIA INTENSIVA<\/a><\/td>\n<td width=\"94\">FERNANDA COUTO MILEO<\/td>\n<td width=\"151\">SHELON CRISTINA SOUZA BANDECA<\/td>\n<\/tr>\n<tr>\n<td width=\"283\"><a href=\"http:\/\/tede2.uepg.br\/jspui\/handle\/prefix\/3447\">EFEITO DE MEMBRANAS DE CARBOXIMETILCELULOSE CONTENDO NANOC\u00c1PSULAS COM \u00c1CIDO FER\u00daLICO NA CICATRIZA\u00c7\u00c3O DE FERIDAS EM RATOS DIAB\u00c9TICOS<\/a><\/td>\n<td width=\"94\">PAOLA MARTINS SCHWAB<\/td>\n<td width=\"151\">PAULO VITOR FARAGO<\/td>\n<\/tr>\n<tr>\n<td width=\"283\"><a href=\"http:\/\/tede2.uepg.br\/jspui\/handle\/prefix\/3460\">AVALIA\u00c7\u00c3O MICROBIOL\u00d3GICA DA EFETIVIDADE DOS CAMPOS DE TECIDO N\u00c3O TECIDO (TNT) COM DIFERENTES GRAMATURAS COMO BARREIRA F\u00cdSICA PARA EVITAR CONTAMINA\u00c7\u00c3O MICROBIANA<\/a><\/td>\n<td width=\"94\">JULIANA SILVA DO NASCIMENTO<\/td>\n<td width=\"151\">EDUARDO BAUML CAMPAGNOLI<\/td>\n<\/tr>\n<tr>\n<td width=\"283\"><a href=\"http:\/\/tede2.uepg.br\/jspui\/handle\/prefix\/2982\">AVALIA\u00c7\u00c3O E MANEJO DA DOR DO REC\u00c9M-NASCIDO PREMATURO EM UNIDADE DE TERAPIA INTENSIVA NEONATAL: REVIS\u00c3O SISTEM\u00c1TICA DA LITERATURA<\/a><\/td>\n<td width=\"94\">EMILIA FERRO DE MELO<\/td>\n<td width=\"151\">FABIANA BUCHOLDZ TEIXEIRA ALVES<\/td>\n<\/tr>\n<tr>\n<td width=\"283\"><a href=\"http:\/\/tede2.uepg.br\/jspui\/handle\/prefix\/3004\">DESDOBRAMENTOS DA MULTIMORBIDADE A PARTIR DA INTERNA\u00c7\u00c3O HOSPITALAR<\/a><\/td>\n<td width=\"94\">MELINA LOPES LIMA<\/td>\n<td width=\"151\">CRISTINA BERGER FADEL<\/td>\n<\/tr>\n<\/tbody>\n<\/table>\n\t\t\t\t<\/div>\n\t\t\t<\/div>\n\t\t<\/div>\n\t\t\t<div class=\"sow-accordion-panel\"\n\t\t\t data-anchor=\"2018\">\n\t\t\t\t<div class=\"sow-accordion-panel-header-container\" role=\"heading\" aria-level=\"2\">\n\t\t\t\t\t<div class=\"sow-accordion-panel-header\" tabindex=\"0\" role=\"button\" id=\"accordion-label-2018\" aria-controls=\"accordion-content-2018\" aria-expanded=\"false\">\n\t\t\t\t\t\t<div class=\"sow-accordion-title sow-accordion-title-icon-left\">\n\t\t\t\t\t\t\t\t\t\t\t\t\t\t2018\t\t\t\t\t\t\t\t\t\t\t\t\t<\/div>\n\t\t\t\t\t\t<div class=\"sow-accordion-open-close-button\">\n\t\t\t\t\t\t\t<div class=\"sow-accordion-open-button\">\n\t\t\t\t\t\t\t\t<span class=\"sow-icon-ionicons\" data-sow-icon=\"&#xf218;\"\n\t\t \n\t\taria-hidden=\"true\"><\/span>\t\t\t\t\t\t\t<\/div>\n\t\t\t\t\t\t\t<div class=\"sow-accordion-close-button\">\n\t\t\t\t\t\t\t\t<span class=\"sow-icon-ionicons\" data-sow-icon=\"&#xf209;\"\n\t\t \n\t\taria-hidden=\"true\"><\/span>\t\t\t\t\t\t\t<\/div>\n\t\t\t\t\t\t<\/div>\n\t\t\t\t\t<\/div>\n\t\t\t\t<\/div>\n\n\t\t\t<div\n\t\t\t\tclass=\"sow-accordion-panel-content\"\n\t\t\t\trole=\"region\"\n\t\t\t\taria-labelledby=\"accordion-label-2018\"\n\t\t\t\tid=\"accordion-content-2018\"\n\t\t\t\tstyle=\"display: none;\"\t\t\t>\n\t\t\t\t<div class=\"sow-accordion-panel-border\" tabindex=\"0\">\n\t\t\t\t\t<p style=\"text-align: center\"><b>2018<\/b><\/p>\n<table class=\"table table-hover\">\n<thead>\n<tr>\n<td><b>T\u00edtulo<\/b><\/td>\n<td><b>Autor(a)<\/b><\/td>\n<td><b>Orientador(a)<\/b><\/td>\n<\/tr>\n<\/thead>\n<tbody>\n<tr>\n<td><a href=\"http:\/\/www2.uepg.br\/ppgcs\/wp-content\/uploads\/sites\/44\/2019\/11\/25-2018.pdf\" target=\"_blank\" rel=\"noopener\">MARCADORES BIOQU\u00cdMICOS NAS DISLIPIDEMIAS E NO RISCO CARDIOVASCULAR: AN\u00c1LISE COMPARATIVA \u00c0 F\u00d3RMULA DE MARTIN<\/a><\/td>\n<td>Alceu de Oliveira Toledo J\u00fanior<\/td>\n<td>Prof. Dr. Paulo Vitor Farago<\/td>\n<\/tr>\n<tr>\n<td><a href=\"http:\/\/www2.uepg.br\/ppgcs\/wp-content\/uploads\/sites\/44\/2019\/11\/24-2018.pdf\" target=\"_blank\" rel=\"noopener\">DIFICULDADE FUNCIONAL EM IDOSOS, CUIDADO E PADR\u00c3O DE UTILIZA\u00c7\u00c3O DE SERVI\u00c7OS DE SA\u00daDE<\/a><\/td>\n<td>Camila Zanesco<\/td>\n<td>Profa. Dra. Cristina Berger Fadel<\/td>\n<\/tr>\n<tr>\n<td><a href=\"http:\/\/www2.uepg.br\/ppgcs\/wp-content\/uploads\/sites\/44\/2019\/11\/23-2018.pdf\" target=\"_blank\" rel=\"noopener\">ESTUDO DE PERMEA\u00c7\u00c3O CUT\u00c2NEA \u201cIN VITRO\u201d DE MICROPART\u00cdCULAS POLIM\u00c9RICAS CONTENDO ADAPALENO POR ESPECTROSCOPIA FOTOAC\u00daSTICA<\/a><\/td>\n<td>William Roger Macenhan<\/td>\n<td>Profa. Dra. Andressa Novatski<\/td>\n<\/tr>\n<tr>\n<td><a href=\"http:\/\/www2.uepg.br\/ppgcs\/wp-content\/uploads\/sites\/44\/2019\/11\/22-2018.pdf\" target=\"_blank\" rel=\"noopener\">AVALIA\u00c7\u00c3O DA QUALIDADE DE VIDA RELACIONADA \u00c0 SA\u00daDE DE CRIAN\u00c7AS NASCIDAS PREMATURAS HOSPITALIZADAS EM UNIDADE DE TERAPIA INTENSIVA NEONATAL<\/a><\/td>\n<td>D\u00e9bora Melo Mazzo<\/td>\n<td>Profa. Dra. Fabiana Bucholdz Teixeira Alves<\/td>\n<\/tr>\n<tr>\n<td><a href=\"http:\/\/www2.uepg.br\/ppgcs\/wp-content\/uploads\/sites\/44\/2019\/11\/21-2018.pdf\" target=\"_blank\" rel=\"noopener\">AVALIA\u00c7\u00c3O DO EFEITO DO SEL\u00caNIO NO PROCESSO DE REPARA\u00c7\u00c3O TECIDUAL EM PACIENTES COM P\u00c9 DIAB\u00c9TICO<\/a><\/td>\n<td>Divonei Gibala<\/td>\n<td>Prof. Dr. Ricardo Zanetti Gomes<\/td>\n<\/tr>\n<tr>\n<td><a href=\"http:\/\/www2.uepg.br\/ppgcs\/wp-content\/uploads\/sites\/44\/2019\/11\/20-2018.pdf\" target=\"_blank\" rel=\"noopener\">AVALIA\u00c7\u00c3O DA QUALIDADE DE VIDA EM PACIENTES SUBMETIDOS \u00c0 CRANIOTOMIA PTERIONAL COM ATROFIA DO M\u00daSCULO TEMPORAL E DISFUN\u00c7\u00c3O TEMPOROMANDIBULAR<\/a><\/td>\n<td>Carolina Bacila de Sousa Medina<\/td>\n<td>Prof. Dr. Leonardo Christiaan Welling<\/td>\n<\/tr>\n<tr>\n<td><a href=\"http:\/\/www2.uepg.br\/ppgcs\/wp-content\/uploads\/sites\/44\/2019\/11\/19-2018.pdf\" target=\"_blank\" rel=\"noopener\">VALIDA\u00c7\u00c3O DE UM DISPOSITIVO INOVADOR PARA ATENDIMENTO ODONTOL\u00d3GICO DO BEB\u00ca NA REDE DE ATEN\u00c7\u00c3O \u00c0 SA\u00daDE<\/a><\/td>\n<td>Vera Lucia Leal Wosgerau<\/td>\n<td>Profa. Dra. M\u00e1rcia Helena Baldani Pinto<\/td>\n<\/tr>\n<tr>\n<td><a href=\"http:\/\/www2.uepg.br\/ppgcs\/wp-content\/uploads\/sites\/44\/2019\/11\/18-2018.pdf\" target=\"_blank\" rel=\"noopener\">HEMODI\u00c1LISE EM UTI: UM ESTUDO DESCRITIVO ECOL\u00d3GICO EM DUAS UNIDADES DE TERAPIA INTENSIVA DE UM HOSPITAL TERCI\u00c1RIO DOS CAMPOS GERAIS<\/a><\/td>\n<td>Maikel Ramthun<\/td>\n<td>Prof. Dr. Marcelo Derbli Schafranski<\/td>\n<\/tr>\n<tr>\n<td><a href=\"http:\/\/www2.uepg.br\/ppgcs\/wp-content\/uploads\/sites\/44\/2019\/11\/16-2018.pdf\" target=\"_blank\" rel=\"noopener\">DESENVOLVIMENTO DE DOIS G\u00c9IS PARA A MUCOSA BUCAL DE PACIENTES INTERNADOS SOB VENTILA\u00c7\u00c3O MEC\u00c2NICA: AN\u00c1LISE IN VITRO DAS ATIVIDADES ANTIMICROBIANA, HIDRATANTE E DA CITOTOXICIDADE<\/a><\/td>\n<td>Camila Thomaz dos Santos<\/td>\n<td>Prof. Dr. Eduardo Bauml Campagnoli<\/td>\n<\/tr>\n<tr>\n<td><a href=\"http:\/\/www2.uepg.br\/ppgcs\/wp-content\/uploads\/sites\/44\/2019\/11\/15-2018.pdf\" target=\"_blank\" rel=\"noopener\">MUCILAGEM DE OCOTEA PUBERULA (RICH.) NEES.: DESENVOLVIMENTO DE UM FITOMEDICAMENTO E TESTES \u201cIN VIVO\u201d PARA CICATRIZA\u00c7\u00c3O DE FERIDAS<\/a><\/td>\n<td>Guilherme Arcaro<\/td>\n<td>Prof. Dr. Luis Antonio Pinheiro<\/td>\n<\/tr>\n<tr>\n<td><a href=\"http:\/\/www2.uepg.br\/ppgcs\/wp-content\/uploads\/sites\/44\/2019\/11\/14-2018.pdf\" target=\"_blank\" rel=\"noopener\">AVALIA\u00c7\u00c3O IN VIVO DO CILOSTAZOL NANOENCAPSULADO EM ART\u00c9RIA CAR\u00d3TIDA DE RATOS WISTAR: ESTUDO INTERDISCIPLINAR<\/a><\/td>\n<td>N\u00fabia da Silva Nascimento<\/td>\n<td>Prof. Dr. Paulo Vitor Farago<\/td>\n<\/tr>\n<tr>\n<td><a href=\"http:\/\/www2.uepg.br\/ppgcs\/wp-content\/uploads\/sites\/44\/2019\/11\/13-2018.pdf\" target=\"_blank\" rel=\"noopener\">AN\u00c1LISE HISTOL\u00d3GICA E IMUNOHISTOQU\u00cdMICA DE TECIDO \u00d3SSEO ALVEOLAR E DO LIGAMENTO PERIODONTAL EM RATOS AP\u00d3S INDU\u00c7\u00c3O DE SEPSE<\/a><\/td>\n<td>Gabriela Veloso Vieira da Silva Pinheiro<\/td>\n<td>Profa. Dra. Marcela Claudino da Silva Nardino<\/td>\n<\/tr>\n<tr>\n<td><a href=\"http:\/\/www2.uepg.br\/ppgcs\/wp-content\/uploads\/sites\/44\/2019\/11\/12-2018.pdf\" target=\"_blank\" rel=\"noopener\">PROPRIEDADES PSICOM\u00c9TRICAS DA VERS\u00c3O BRASILEIRA DO INSTRUMENTO KIDSCREEN-27 PARA AVALIA\u00c7\u00c3O DA QUALIDADE DE VIDA DE CRIAN\u00c7AS<\/a><\/td>\n<td>Mylena Aparecida Rodrigues Alves<\/td>\n<td>Prof. Dr. Bruno Pedroso<\/td>\n<\/tr>\n<tr>\n<td><a href=\"http:\/\/www2.uepg.br\/ppgcs\/wp-content\/uploads\/sites\/44\/2019\/11\/11-2018.pdf\" target=\"_blank\" rel=\"noopener\">AVALIA\u00c7\u00c3O DA OSSEOINTEGRA\u00c7\u00c3O EM RATOS SUBMETIDOS A BAIXA DOSE DE ASPIRINA<\/a><\/td>\n<td>Ana Caroline Lupepsa<\/td>\n<td>Prof. Dr. Gilson Cesar Nobre Franco<\/td>\n<\/tr>\n<tr>\n<td><a href=\"http:\/\/www2.uepg.br\/ppgcs\/wp-content\/uploads\/sites\/44\/2019\/11\/10-2018.pdf\" target=\"_blank\" rel=\"noopener\">COMPARA\u00c7\u00c3O DAS INTERNA\u00c7\u00d5ES EM UNIDADE DE TERAPIA INTENSIVA NEONATAL E A ESTRATIFICA\u00c7\u00c3O DE RISCO GESTACIONAL DO PROGRAMA REDE M\u00c3E PARANAENSE \u2013 CONTRIBUI\u00c7\u00d5ES PARA A SA\u00daDE P\u00daBLICA<\/a><\/td>\n<td>Marcos Nader Amari<\/td>\n<td>Profa. Dra. Marcia Regina Carletto<\/td>\n<\/tr>\n<tr>\n<td><a href=\"http:\/\/www2.uepg.br\/ppgcs\/wp-content\/uploads\/sites\/44\/2019\/11\/09-2018.pdf\" target=\"_blank\" rel=\"noopener\">TEND\u00caNCIA TEMPORAL E AN\u00c1LISE ESPACIAL DOS INDICADORES SOCIOECON\u00d4MICOS DAS CES\u00c1REAS NO ESTADO DO PARAN\u00c1, 2003 A 2014<\/a><\/td>\n<td>Val\u00e9ria Christino da Silva Amari<\/td>\n<td>Profa. Dra. Ana Cl\u00e1udia Garabeli Cavalli Kluthcovsky<\/td>\n<\/tr>\n<tr>\n<td><a href=\"http:\/\/www2.uepg.br\/ppgcs\/wp-content\/uploads\/sites\/44\/2019\/11\/08-2018.pdf\" target=\"_blank\" rel=\"noopener\">PERSPECTIVAS MATERNAS SOBRE MORTALIDADE PERINATAL<\/a><\/td>\n<td>Beatriz Gon\u00e7alves Lopes<\/td>\n<td>Profa. Dra. Pollyanna Kassia de Oliveira Borges<\/td>\n<\/tr>\n<tr>\n<td><a href=\"http:\/\/www2.uepg.br\/ppgcs\/wp-content\/uploads\/sites\/44\/2019\/11\/07-2018.pdf\" target=\"_blank\" rel=\"noopener\">EFEITO DO USO PRECOCE DA METFORMINA OU DO ORLISTAT NA PREVEN\u00c7\u00c3O DA DISFUN\u00c7\u00c3O DE ADIP\u00d3CITOS EM RATOS WISTAR SUBMETIDOS \u00c0 DIETA HIPERGLIC\u00cdDICA-HIPERLIP\u00cdDICA<\/a><\/td>\n<td>Janete Machozeki<\/td>\n<td>Prof. Dr. M\u00e1rio Augusto Cray da Costa<\/td>\n<\/tr>\n<tr>\n<td><a href=\"http:\/\/www2.uepg.br\/ppgcs\/wp-content\/uploads\/sites\/44\/2019\/11\/06-2018.pdf\" target=\"_blank\" rel=\"noopener\">DISFUN\u00c7\u00c3O TEMPOROMANDIBULAR: ALTERA\u00c7\u00d5ES FUNCIONAIS QUANTO \u00c0 POSTURA E FLEXIBILIDADE CRANIO-CERVICAL, ATIVIDADE ELETROMIOGR\u00c1FICA DA MUSCULATURA MASTIGAT\u00d3RIA, QUALIDADE DE VIDA E S\u00cdNDROME DE BURNOUT<\/a><\/td>\n<td>Franciele Aparecida Amaral<\/td>\n<td>Prof. Dr. Marcelo Carlos Bortoluzzi<\/td>\n<\/tr>\n<tr>\n<td><a href=\"http:\/\/www2.uepg.br\/ppgcs\/wp-content\/uploads\/sites\/44\/2019\/11\/05-2018.pdf\" target=\"_blank\" rel=\"noopener\">INFLU\u00caNCIA DO IBUPROFENO SOBRE A CONCENTRA\u00c7\u00c3O PLASM\u00c1TICA E TECIDUAL DA AMOXICILINA EM RATOS COM LES\u00c3O PERIAPICAL INDUZIDA<\/a><\/td>\n<td>Giselle Ariana Otto Mackeivicz<\/td>\n<td>Profa. Dra. M\u00e1rcia Tha\u00eds Pochapski<\/td>\n<\/tr>\n<tr>\n<td><a href=\"http:\/\/www2.uepg.br\/ppgcs\/wp-content\/uploads\/sites\/44\/2019\/11\/04-2018.pdf\" target=\"_blank\" rel=\"noopener\">LES\u00d5ES TRAUMATO-ORTOP\u00c9DICAS E PERCEP\u00c7\u00c3O DA QUALIDADE DE VIDA EM ATLETAS DE BASQUETEBOL EM CADEIRA DE RODAS<\/a><\/td>\n<td>Thaiane Moleta Vargas<\/td>\n<td>Prof. Dr. Bruno Pedroso<\/td>\n<\/tr>\n<tr>\n<td><a href=\"http:\/\/www2.uepg.br\/ppgcs\/wp-content\/uploads\/sites\/44\/2019\/11\/03-2018.pdf\" target=\"_blank\" rel=\"noopener\">EFEITOS DA ADMINISTRA\u00c7\u00c3O DE LIRAGLUTIDA EM RATOS OBESOS SEDENT\u00c1RIOS E EXERCITADOS<\/a><\/td>\n<td>Daiane Didek<\/td>\n<td>Profa. Dra. Dionizia Xavier Scomparin<\/td>\n<\/tr>\n<tr>\n<td><a href=\"http:\/\/www2.uepg.br\/ppgcs\/wp-content\/uploads\/sites\/44\/2019\/11\/02-2018.pdf\" target=\"_blank\" rel=\"noopener\">AN\u00c1LISE MORFOANAT\u00d4MICA DE FOLHAS E CAULES E AN\u00c1LISE QU\u00cdMICA E BIOL\u00d3GICA DO \u00d3LEO ESSENCIAL DE Eucalyptus saligna Sm.(MYRTACEAE)<\/a><\/td>\n<td>Carolina Ceriani Saulle<\/td>\n<td>Profa. Dra. Jane Manfron Budel<\/td>\n<\/tr>\n<\/tbody>\n<\/table>\n<p>&nbsp;<\/p>\n<p>&nbsp;<\/p>\n\t\t\t\t<\/div>\n\t\t\t<\/div>\n\t\t<\/div>\n\t\t\t<div class=\"sow-accordion-panel\"\n\t\t\t data-anchor=\"2017\">\n\t\t\t\t<div class=\"sow-accordion-panel-header-container\" role=\"heading\" aria-level=\"2\">\n\t\t\t\t\t<div class=\"sow-accordion-panel-header\" tabindex=\"0\" role=\"button\" id=\"accordion-label-2017\" aria-controls=\"accordion-content-2017\" aria-expanded=\"false\">\n\t\t\t\t\t\t<div class=\"sow-accordion-title sow-accordion-title-icon-left\">\n\t\t\t\t\t\t\t\t\t\t\t\t\t\t2017\t\t\t\t\t\t\t\t\t\t\t\t\t<\/div>\n\t\t\t\t\t\t<div class=\"sow-accordion-open-close-button\">\n\t\t\t\t\t\t\t<div class=\"sow-accordion-open-button\">\n\t\t\t\t\t\t\t\t<span class=\"sow-icon-ionicons\" data-sow-icon=\"&#xf218;\"\n\t\t \n\t\taria-hidden=\"true\"><\/span>\t\t\t\t\t\t\t<\/div>\n\t\t\t\t\t\t\t<div class=\"sow-accordion-close-button\">\n\t\t\t\t\t\t\t\t<span class=\"sow-icon-ionicons\" data-sow-icon=\"&#xf209;\"\n\t\t \n\t\taria-hidden=\"true\"><\/span>\t\t\t\t\t\t\t<\/div>\n\t\t\t\t\t\t<\/div>\n\t\t\t\t\t<\/div>\n\t\t\t\t<\/div>\n\n\t\t\t<div\n\t\t\t\tclass=\"sow-accordion-panel-content\"\n\t\t\t\trole=\"region\"\n\t\t\t\taria-labelledby=\"accordion-label-2017\"\n\t\t\t\tid=\"accordion-content-2017\"\n\t\t\t\tstyle=\"display: none;\"\t\t\t>\n\t\t\t\t<div class=\"sow-accordion-panel-border\" tabindex=\"0\">\n\t\t\t\t\t<p style=\"text-align: center\"><b>2017<\/b><\/p>\n<table class=\"table table-hover\">\n<thead>\n<tr>\n<td><b>T\u00edtulo<\/b><\/td>\n<td><b>Autor(a)<\/b><\/td>\n<td><b>Orientador(a)<\/b><\/td>\n<\/tr>\n<\/thead>\n<tbody>\n<tr>\n<td><a href=\"http:\/\/www2.uepg.br\/ppgcs\/wp-content\/uploads\/sites\/44\/2019\/11\/01-2017.pdf\" target=\"_blank\" rel=\"noopener\">AN\u00c1LISE ESPA\u00c7O TEMPORAL E EPIDEMIOL\u00d3GICA DA S\u00cdNDROME DA IMUNODEFICI\u00caNCIA ADQUIRIDA DOS PACIENTES EM TERAPIA ANTIRRETROVIRAL EM MUNIC\u00cdPIO DO CENTRO-SUL DO BRASIL<\/a><\/td>\n<td>Daniele Brasil<\/td>\n<td>Prof. Dr. Erildo Vicente M\u00fcller<\/td>\n<\/tr>\n<\/tbody>\n<\/table>\n<p>&nbsp;<\/p>\n<p>&nbsp;<\/p>\n\t\t\t\t<\/div>\n\t\t\t<\/div>\n\t\t<\/div>\n\t\t<\/div>\n<\/div>\n<\/div><\/div><\/div><\/div><\/div><\/div>","protected":false},"excerpt":{"rendered":"<p>2024 AUTOR (A) Orientador T\u00edtulo do Trabalho de Conclus\u00e3o N\u00edvel ALEX ZIMERMANN Profa. Dra. Dion\u00edzia Xavier Scomparin COMPARA\u00c7\u00c3O DA RESPOSTA INFLAMAT\u00d3RIA SIST\u00caMICA ENTRE DIETA MEDITERR\u00c2NEA E EXERC\u00cdCIO F\u00cdSICO NO CURTO PRAZO EM\u00a0 MULHERES COM \u00cdNDICE DE MASSA CORPORAL IGUAL OU SUPERIOR A 25KG\/M2 NA P\u00d3S MENOPAUSA: ESTUDO PILOTO COMPARATIVO Mestrado BRUNA PEREIRA MADRUGA Prof. Dr.&nbsp;&hellip;<\/p>\n","protected":false},"author":24,"featured_media":0,"parent":0,"menu_order":0,"comment_status":"closed","ping_status":"closed","template":"","meta":[],"_links":{"self":[{"href":"https:\/\/www2.uepg.br\/ppgcs\/wp-json\/wp\/v2\/pages\/45"}],"collection":[{"href":"https:\/\/www2.uepg.br\/ppgcs\/wp-json\/wp\/v2\/pages"}],"about":[{"href":"https:\/\/www2.uepg.br\/ppgcs\/wp-json\/wp\/v2\/types\/page"}],"author":[{"embeddable":true,"href":"https:\/\/www2.uepg.br\/ppgcs\/wp-json\/wp\/v2\/users\/24"}],"replies":[{"embeddable":true,"href":"https:\/\/www2.uepg.br\/ppgcs\/wp-json\/wp\/v2\/comments?post=45"}],"version-history":[{"count":25,"href":"https:\/\/www2.uepg.br\/ppgcs\/wp-json\/wp\/v2\/pages\/45\/revisions"}],"predecessor-version":[{"id":898,"href":"https:\/\/www2.uepg.br\/ppgcs\/wp-json\/wp\/v2\/pages\/45\/revisions\/898"}],"wp:attachment":[{"href":"https:\/\/www2.uepg.br\/ppgcs\/wp-json\/wp\/v2\/media?parent=45"}],"curies":[{"name":"wp","href":"https:\/\/api.w.org\/{rel}","templated":true}]}}