{"id":38,"date":"2020-05-25T10:53:34","date_gmt":"2020-05-25T13:53:34","guid":{"rendered":"http:\/\/www2.uepg.br\/ppgel\/?page_id=38"},"modified":"2025-03-07T09:45:31","modified_gmt":"2025-03-07T12:45:31","slug":"curso","status":"publish","type":"page","link":"https:\/\/www2.uepg.br\/ppgel\/curso\/","title":{"rendered":"Curso"},"content":{"rendered":"<p style=\"font-weight: 400\"><strong>O Programa de P\u00f3s-gradua\u00e7\u00e3o em Estudos da Linguagem \u2013 PPGEL\/UEPG<\/strong>, assim denominado a partir de 2016, est\u00e1, desde o ano de 2010, formando profissionais bem qualificados em ensino e pesquisa cient\u00edfica na \u00e1rea em Ponta Grossa e Regi\u00e3o. Em 2023 o Programa obteve aprova\u00e7\u00e3o de sua proposta de doutorado pela Coordena\u00e7\u00e3o de Aperfei\u00e7oamento de Pessoal de N\u00edvel Superior\u00a0\u2013CAPES, realizando a primeira sele\u00e7\u00e3o discente neste n\u00edvel no ano de 2024.<\/p>\n<p style=\"font-weight: 400\">Atualmente avaliado com conceito 4 pela CAPES, o inicialmente denominado Programa de P\u00f3s-Gradua\u00e7\u00e3o em Linguagem, Identidade e Subjetividade, homologado pelo CNE, PORTARIA MEC 970 DE 13\/10\/2009, PARECER CES\/CNE N\u00ba 253\/2009, foi compreendido como inovador e aberto \u00e0 incorpora\u00e7\u00e3o de m\u00faltiplos aspectos tem\u00e1ticos no \u00e2mbito dos Estudos da Literatura, da Lingu\u00edstica e de L\u00ednguas. Inicialmente as \u00e1reas de concentra\u00e7\u00e3o Linguagem, Identidade e Subjetividade foram compostas por duas Linhas de Pesquisa: \u201cTexto, subjetividade e Horizontes te\u00f3ricos\u201d e \u201cPluralidade, Identidade e Ensino\u201d. Entretanto, como resultado de um processo interno de reestrutura\u00e7\u00e3o, ocorreu a mudan\u00e7a de nome para Programa de P\u00f3s-gradua\u00e7\u00e3o em Estudos da Linguagem &#8211; PPGEL\/UEPG, visando tornar evidente a \u00e1rea de forma\u00e7\u00e3o dos egressos do curso. Tal mudan\u00e7a, aprovada pela CAPES, \u00a0se efetiva em 2017 com institui\u00e7\u00e3o das novas linhas de pesquisa do PPGEL\/UEPG: \u201cEstudos Lingu\u00edsticos\u201d e \u201cEstudos Liter\u00e1rios\u201d, atualmente em vigor.<\/p>\n<p style=\"font-weight: 400\">Entendemos que \u00e9 miss\u00e3o do PPGEL\/UEPG formar profissionais que concebam a linguagem como um l\u00f3cus produtivo de estudos e de pesquisas, em especial, no que diz respeito ao ensino dos seus diversos v\u00e9rtices e \u00e0s pol\u00edticas culturais, lingu\u00edsticas e educacionais. O mestrado e o doutorado em Estudos da Linguagem promove a forma\u00e7\u00e3o de pesquisadores que reconhe\u00e7am a subjetividade a ela inerente, assim como seu papel na constitui\u00e7\u00e3o identit\u00e1ria dos indiv\u00edduos\/sujeitos, capacitando-os a articular quest\u00f5es a respeito da linguagem que colaborem para sua compreens\u00e3o, descri\u00e7\u00e3o e proponham explica\u00e7\u00f5es de seus v\u00e1rios \u00e2mbitos, sejam eles sociais, culturais, \u00e9ticos ou est\u00e9ticos para, assim, apontar poss\u00edveis respostas os anseios da \u00e1rea na academia e na sociedade em geral.<\/p>\n<p>O Programa possui uma pol\u00edtica de acompanhamento de egressos, seja por meio do <a href=\"https:\/\/www2.uepg.br\/ppgel\/i-encontro-de-pesquisadores-egressos-do-ppgel-uepg\/\"><strong>Encontro de Pesquisadores Egressos do PPGEL-UEPG \u2013 EnPE<\/strong><\/a>,\u00a0pelo acompanhamento das atividades que esses declaram em seus curr\u00edculos Lattes, ou ainda pelo contato que alguns mant\u00eam com seus ex-orientadores, como coautores de artigos ou textos para publica\u00e7\u00e3o em peri\u00f3dicos ou livros ou como participantes de: a) grupos de pesquisa; b) projetos de pesquisa; c) projetos de extens\u00e3o; d) simp\u00f3sios ou GTs, como membros, em eventos como o <strong>SETEDI \u2013 Semin\u00e1rio de teses e disserta\u00e7\u00f5es em andamento, <\/strong>organizado e realizado pelo Programa anualmente.<\/p>\n<p style=\"font-weight: 400\">Damos especial destaque \u00e0 cria\u00e7\u00e3o, no ano de 2017, do semin\u00e1rio de acompanhamento das disserta\u00e7\u00f5es em curso no Programa, intitulado SETEDI, que surgiu como forma de tornar p\u00fablico o desenvolvimento dos trabalhos dos alunos, visando atender aos prazos de integraliza\u00e7\u00e3o do curso e garantir a qualidade das pesquisas desenvolvidas. No ano de 2020 o SETEDI se internacionalizou, adotou o nome de \u00a0<strong>Semin\u00e1rio Internacional de Teses e Disserta\u00e7\u00f5es<\/strong>, passando a contar com a participa\u00e7\u00e3o de professores estrangeiros seja em sua organiza\u00e7\u00e3o, mesas e\/ou confer\u00eancias, e tem contado com apresenta\u00e7\u00f5es de trabalhos em andamento de estudantes de p\u00f3s-gradu\u00e7\u00e3o na \u00e1rea advindos outras institui\u00e7\u00f5es nacionais e internacionais. Os Anais das edi\u00e7\u00f5es deste evento, com a publica\u00e7\u00e3o dos <a href=\"https:\/\/ppgeluepg.wixsite.com\/setedi\/publicacoes\">Cadernos de Resumos Expandidos<\/a>, conta com os trabalhos aprovados para apresenta\u00e7\u00e3o e publica\u00e7\u00e3o, e ainda, como resultado das mesas e confer\u00eancias principais, deriva a publica\u00e7\u00e3o de livros tem\u00e1ticos, organizados por docentes do Programa.<\/p>\n<p style=\"font-weight: 400\">O Programa possui tamb\u00e9m duas revistas cient\u00edficas, a <a href=\"https:\/\/revistas.uepg.br\/index.php\/muitasvozes\" target=\"_blank\" rel=\"noopener\"><strong>Muitas Vozes<\/strong><\/a> e a <a href=\"https:\/\/revistas.uepg.br\/index.php\/uniletras\" target=\"_blank\" rel=\"noopener\"><strong>Uniletras<\/strong><\/a>, de periodicidade cont\u00ednua e referenciados pela sua qualidade, obtendo classifica\u00e7\u00e3o B2 pelo Qualis CAPES, em suas vers\u00f5es impressas e on-line. Atrav\u00e9s destes peri\u00f3dicos foi criado um espa\u00e7o de reflex\u00e3o sobre quest\u00f5es pertinentes \u00e0 \u00e1rea de linguagem, contribuindo assim para o interc\u00e2mbio de conhecimentos entre pesquisadores internos e externos ao Programa de Estudos da Linguagem, e consequentemente \u00e0 inova\u00e7\u00e3o no \u00e2mbito da pesquisa.<\/p>\n<p style=\"font-weight: 400\">Al\u00e9m disso, em conson\u00e2ncia com as pol\u00edticas acad\u00eamicas estabelecidas no planejamento estrat\u00e9gico da UEPG, o Programa busca atualizar permanentemente o seu papel na melhoria da gradua\u00e7\u00e3o. Isso decorre tanto da intera\u00e7\u00e3o entre alunos de gradua\u00e7\u00e3o e do Programa nos projetos de pesquisa e de extens\u00e3o coordenados por docentes do PPGEL, como pela atua\u00e7\u00e3o de membros do Programa na coordena\u00e7\u00e3o dos cursos de gradua\u00e7\u00e3o, em comiss\u00f5es respons\u00e1veis por coordenar mudan\u00e7as no curr\u00edculo, a exemplo da curriculariza\u00e7\u00e3o da Extens\u00e3o, e em programas voltados para a forma\u00e7\u00e3o pr\u00e1tica de professores, como o Resid\u00eancia Pedag\u00f3gica. Os reflexos positivos desse processo s\u00e3o percebidos no fortalecimento dos Cursos de gradua\u00e7\u00e3o em Letras (espanhol, franc\u00eas, ingl\u00eas e libras) ofertados, como indicam a aprova\u00e7\u00e3o de diversos ex-alunos em programas externos de P\u00f3s-Gradua\u00e7\u00e3o, tanto de mestrado como de doutorado, e a atua\u00e7\u00e3o, em outros n\u00edveis de ensino, dos profissionais que v\u00eam sendo formados pelo Programa de P\u00f3s-gradua\u00e7\u00e3o em Estudos da Linguagem da UEPG.<\/p>\n<p>&nbsp;<\/p>\n<p style=\"font-weight: 400\"><strong>Objetivos\u00a0\u00a0espec\u00edficos:<\/strong><\/p>\n<ul>\n<li style=\"font-weight: 400\">Formar pessoal qualificado para o exerc\u00edcio das atividades profissionais de ensino e pesquisa em estudos da linguagem;<\/li>\n<li style=\"font-weight: 400\">Propiciar a reflex\u00e3o sobre quest\u00f5es relacionadas ao ensino e \u00e0 forma\u00e7\u00e3o de professores de l\u00ednguas, lingu\u00edstica e de literatura;<\/li>\n<li style=\"font-weight: 400\">Desenvolver pesquisas na \u00e1rea de estudos do texto, estudos liter\u00e1rios e estudos do discurso;<\/li>\n<li style=\"font-weight: 400\">Desenvolver pesquisas nos diversos n\u00edveis de descri\u00e7\u00e3o envolvendo temas relacionados ao portugu\u00eas falado e\/ou escrito, liter\u00e1rio ou n\u00e3o, articulando esses dados a aspectos culturais e sociais da comunidade;<\/li>\n<li style=\"font-weight: 400\">Estudar a literatura como fen\u00f4meno art\u00edstico, cultural e social, em suas m\u00faltiplas realiza\u00e7\u00f5es no tempo e no espa\u00e7o;<\/li>\n<li style=\"font-weight: 400\">Estudar as identidades perif\u00e9ricas e suas express\u00f5es nas literaturas de l\u00edngua portuguesa e de l\u00ednguas estrangeiras.<\/li>\n<\/ul>\n<p>&nbsp;<\/p>\n<p style=\"font-weight: 400\"><strong>Estrutura curricular do Mestrado e Doutorado<\/strong>:<\/p>\n<p style=\"font-weight: 400\">O <strong>Mestrado<\/strong> apresenta dura\u00e7\u00e3o m\u00e1xima de 2 anos (24 meses), inclu\u00eddas neste prazo a elabora\u00e7\u00e3o e a defesa da Disserta\u00e7\u00e3o. O total de Cr\u00e9ditos \u00e9 de 44, sendo 12 cr\u00e9ditos em disciplinas eletivas para discentes que cursarem EDM e 16 cr\u00e9ditos para discente que n\u00e3o cursar EDM; 12 em atividades programadas; 04 cr\u00e9ditos em ODM-I e ODM-II (Orienta\u00e7\u00e3o de disserta\u00e7\u00e3o de Mestrado) e 12 cr\u00e9ditos na defesa da disserta\u00e7\u00e3o, a ser apresentada e arguida por Banca Examinadora.<\/p>\n<p style=\"font-weight: 400\">O <strong>Doutorado<\/strong> apresenta dura\u00e7\u00e3o m\u00e1xima de 4 anos (48 meses). O total de Cr\u00e9ditos \u00e9 de 60, sendo 12 cr\u00e9ditos em disciplinas eletivas para discentes que cursarem as disciplinas EDD-I e EDD-II, em conformidade com a Resolu\u00e7\u00e3o CEPE no 021\/2016, e 16 cr\u00e9ditos para discentes que n\u00e3o curs\u00e1-las; 08 cr\u00e9ditos em disciplinas obrigat\u00f3rias, 16 cr\u00e9ditos em atividades programadas; 08 cr\u00e9ditos em OTD-I, OTD-II, OTD-III e OTD-IV (Orienta\u00e7\u00e3o de Tese de Doutorado) e 12 cr\u00e9ditos na defesa da Tese.<\/p>\n","protected":false},"excerpt":{"rendered":"<p>O Programa de P\u00f3s-gradua\u00e7\u00e3o em Estudos da Linguagem \u2013 PPGEL\/UEPG, assim denominado a partir de 2016, est\u00e1, desde o ano de 2010, formando profissionais bem qualificados em ensino e pesquisa cient\u00edfica na \u00e1rea em Ponta Grossa e Regi\u00e3o. Em 2023 o Programa obteve aprova\u00e7\u00e3o de sua proposta de doutorado pela Coordena\u00e7\u00e3o de Aperfei\u00e7oamento de Pessoal&nbsp;&hellip;<\/p>\n","protected":false},"author":24,"featured_media":0,"parent":0,"menu_order":0,"comment_status":"closed","ping_status":"closed","template":"page-templates\/page-with-right-sidebar.php","meta":[],"_links":{"self":[{"href":"https:\/\/www2.uepg.br\/ppgel\/wp-json\/wp\/v2\/pages\/38"}],"collection":[{"href":"https:\/\/www2.uepg.br\/ppgel\/wp-json\/wp\/v2\/pages"}],"about":[{"href":"https:\/\/www2.uepg.br\/ppgel\/wp-json\/wp\/v2\/types\/page"}],"author":[{"embeddable":true,"href":"https:\/\/www2.uepg.br\/ppgel\/wp-json\/wp\/v2\/users\/24"}],"replies":[{"embeddable":true,"href":"https:\/\/www2.uepg.br\/ppgel\/wp-json\/wp\/v2\/comments?post=38"}],"version-history":[{"count":28,"href":"https:\/\/www2.uepg.br\/ppgel\/wp-json\/wp\/v2\/pages\/38\/revisions"}],"predecessor-version":[{"id":4460,"href":"https:\/\/www2.uepg.br\/ppgel\/wp-json\/wp\/v2\/pages\/38\/revisions\/4460"}],"wp:attachment":[{"href":"https:\/\/www2.uepg.br\/ppgel\/wp-json\/wp\/v2\/media?parent=38"}],"curies":[{"name":"wp","href":"https:\/\/api.w.org\/{rel}","templated":true}]}}