{"id":4359,"date":"2024-12-13T08:33:30","date_gmt":"2024-12-13T11:33:30","guid":{"rendered":"https:\/\/www2.uepg.br\/ppgel\/?page_id=4359"},"modified":"2026-04-16T10:55:06","modified_gmt":"2026-04-16T13:55:06","slug":"doutorado","status":"publish","type":"page","link":"https:\/\/www2.uepg.br\/ppgel\/doutorado\/","title":{"rendered":"Doutorado"},"content":{"rendered":"<div id=\"pl-4359\"  class=\"panel-layout\" ><div id=\"pg-4359-0\"  class=\"panel-grid panel-no-style\" ><div id=\"pgc-4359-0-0\"  class=\"panel-grid-cell\" ><div id=\"panel-4359-0-0-0\" class=\"so-panel widget widget_sow-editor panel-first-child panel-last-child\" data-index=\"0\" ><div\n\t\t\t\n\t\t\tclass=\"so-widget-sow-editor so-widget-sow-editor-base\"\n\t\t\t\n\t\t><h3 class=\"widget-title\">2025<\/h3>\n<div class=\"siteorigin-widget-tinymce textwidget\">\n\t<table class=\" aligncenter\" width=\"643\" cellspacing=\"0\" cellpadding=\"4\">\n<tbody>\n<tr valign=\"top\">\n<td width=\"225\">\n<p align=\"center\"><strong>Nome do aluno<\/strong><\/p>\n<\/td>\n<td width=\"208\">\n<p align=\"center\"><strong>Orientador\/a<\/strong><\/p>\n<\/td>\n<td width=\"184\">\n<p align=\"center\"><strong>Linha de Pesquisa<\/strong><\/p>\n<\/td>\n<\/tr>\n<tr valign=\"top\">\n<td width=\"225\">\n<p align=\"center\">Alexandre K. De Quadros<\/p>\n<\/td>\n<td width=\"208\">\n<p align=\"center\">Let\u00edcia Fraga<\/p>\n<\/td>\n<td width=\"184\">\n<p align=\"center\">Estudos Lingu\u00edsticos<\/p>\n<\/td>\n<\/tr>\n<tr valign=\"top\">\n<td width=\"225\">\n<p align=\"center\">Alice Joc\u00e9lia Schlem<\/p>\n<\/td>\n<td width=\"208\">\n<p align=\"center\">Cl\u00f3ris Porto Torquato<\/p>\n<\/td>\n<td width=\"184\">\n<p align=\"center\">Estudos Lingu\u00edsticos<\/p>\n<\/td>\n<\/tr>\n<tr valign=\"top\">\n<td width=\"225\">\n<p align=\"center\">Alvaro Franco da F. Junior<\/p>\n<\/td>\n<td width=\"208\">\n<p align=\"center\">Ione da Silva Jovino<\/p>\n<\/td>\n<td width=\"184\">\n<p align=\"center\">Estudos Lingu\u00edsticos<\/p>\n<\/td>\n<\/tr>\n<tr valign=\"top\">\n<td width=\"225\">\n<p align=\"center\">Bianca Meira Lopes<\/p>\n<\/td>\n<td width=\"208\">\n<p align=\"center\">Rosana Apolonia Harmuch<\/p>\n<\/td>\n<td width=\"184\">\n<p align=\"center\">Estudos Liter\u00e1rios<\/p>\n<\/td>\n<\/tr>\n<tr valign=\"top\">\n<td width=\"225\">\n<p align=\"center\">Danielle Josiane Kozan<\/p>\n<\/td>\n<td width=\"208\">\n<p align=\"center\">Marly Catarina Soares<\/p>\n<\/td>\n<td width=\"184\">\n<p align=\"center\">Estudos Liter\u00e1rios<\/p>\n<\/td>\n<\/tr>\n<tr valign=\"top\">\n<td width=\"225\">\n<p align=\"center\">Edenilson Mikuska<\/p>\n<\/td>\n<td width=\"208\">\n<p align=\"center\">Rosana Apolonia Harmuch<\/p>\n<\/td>\n<td width=\"184\">\n<p align=\"center\">Estudos Liter\u00e1rios<\/p>\n<\/td>\n<\/tr>\n<tr valign=\"top\">\n<td width=\"225\">\n<p align=\"center\">Eduardo Reis De Mello<\/p>\n<\/td>\n<td width=\"208\">\n<p align=\"center\">Daniel de Oliveira Gomes<\/p>\n<\/td>\n<td width=\"184\">\n<p align=\"center\">Estudos Liter\u00e1rios<\/p>\n<\/td>\n<\/tr>\n<tr valign=\"top\">\n<td width=\"225\">\n<p align=\"center\">Fatima M. A. R. Kuzma<\/p>\n<\/td>\n<td width=\"208\">\n<p align=\"center\">Eunice de Morais<\/p>\n<\/td>\n<td width=\"184\">\n<p align=\"center\">Estudos Liter\u00e1rios<\/p>\n<\/td>\n<\/tr>\n<tr valign=\"top\">\n<td width=\"225\">\n<p align=\"center\">Felipe Coelho<\/p>\n<\/td>\n<td width=\"208\">\n<p align=\"center\">Let\u00edcia Fraga<\/p>\n<\/td>\n<td width=\"184\">\n<p align=\"center\">Estudos Lingu\u00edsticos<\/p>\n<\/td>\n<\/tr>\n<tr valign=\"top\">\n<td width=\"225\">\n<p align=\"center\">Felipe Teodoro Da Silva<\/p>\n<\/td>\n<td width=\"208\">\n<p align=\"center\">Evanir Pavloski<\/p>\n<\/td>\n<td width=\"184\">\n<p align=\"center\">Estudos Liter\u00e1rios<\/p>\n<\/td>\n<\/tr>\n<tr valign=\"top\">\n<td width=\"225\">\n<p align=\"center\">Glaucia Marilia Hass<\/p>\n<\/td>\n<td width=\"208\">\n<p align=\"center\">Silvana Oliveira<\/p>\n<\/td>\n<td width=\"184\">\n<p align=\"center\">Estudos Liter\u00e1rios<\/p>\n<\/td>\n<\/tr>\n<tr valign=\"top\">\n<td width=\"225\">\n<p align=\"center\">Indianara P. Dos Santos<\/p>\n<\/td>\n<td width=\"208\">\n<p align=\"center\">Ione da Silva Jovino<\/p>\n<\/td>\n<td width=\"184\">\n<p align=\"center\">Estudos Lingu\u00edsticos<\/p>\n<\/td>\n<\/tr>\n<tr valign=\"top\">\n<td width=\"225\">\n<p align=\"center\">Jo\u00e3o Victor Chiquetto Silva<\/p>\n<\/td>\n<td width=\"208\">\n<p align=\"center\">M\u00e1rcia Cristina do Carmo<\/p>\n<\/td>\n<td width=\"184\">\n<p align=\"center\">Estudos Lingu\u00edsticos<\/p>\n<\/td>\n<\/tr>\n<tr valign=\"top\">\n<td width=\"225\">\n<p align=\"center\">Kiminay De Oliveira<\/p>\n<\/td>\n<td width=\"208\">\n<p align=\"center\">Lucimar Araujo Braga<\/p>\n<\/td>\n<td width=\"184\">\n<p align=\"center\">Estudos Lingu\u00edsticos<\/p>\n<\/td>\n<\/tr>\n<tr valign=\"top\">\n<td width=\"225\">\n<p align=\"center\">Lucimara Ota Eshima<\/p>\n<\/td>\n<td width=\"208\">\n<p align=\"center\">Naira de Almeida Nascimento<\/p>\n<\/td>\n<td width=\"184\">\n<p align=\"center\">Estudos Liter\u00e1rios<\/p>\n<\/td>\n<\/tr>\n<tr valign=\"top\">\n<td width=\"225\">\n<p align=\"center\">Meire Anne B. Zanoni<\/p>\n<\/td>\n<td width=\"208\">\n<p align=\"center\">Pascoalina B. De Oliveira Saleh<\/p>\n<\/td>\n<td width=\"184\">\n<p align=\"center\">Estudos Lingu\u00edsticos<\/p>\n<\/td>\n<\/tr>\n<tr valign=\"top\">\n<td width=\"225\">\n<p align=\"center\">Midori Nancy A. Chang<\/p>\n<\/td>\n<td width=\"208\">\n<p align=\"center\">Silvana Oliveira<\/p>\n<\/td>\n<td width=\"184\">\n<p align=\"center\">Estudos Liter\u00e1rios<\/p>\n<\/td>\n<\/tr>\n<tr valign=\"top\">\n<td width=\"225\">\n<p align=\"center\">Noemi De Oliveira<\/p>\n<\/td>\n<td width=\"208\">\n<p align=\"center\">Marly Catarina Soares<\/p>\n<\/td>\n<td width=\"184\">\n<p align=\"center\">Estudos Liter\u00e1rios<\/p>\n<\/td>\n<\/tr>\n<tr valign=\"top\">\n<td width=\"225\">\n<p align=\"center\">Rictor De Oliveira Dantas<\/p>\n<\/td>\n<td width=\"208\">\n<p align=\"center\">Valeska Gracioso Carlos<\/p>\n<\/td>\n<td width=\"184\">\n<p align=\"center\">Estudos Lingu\u00edsticos<\/p>\n<\/td>\n<\/tr>\n<tr valign=\"top\">\n<td width=\"225\">\n<p align=\"center\">Vit\u00f3ria A. M. B. Azevedo<\/p>\n<\/td>\n<td width=\"208\">\n<p align=\"center\">Naira e Almeida Nascimento<\/p>\n<\/td>\n<td width=\"184\">\n<p align=\"center\">Estudos Liter\u00e1rios<\/p>\n<\/td>\n<\/tr>\n<\/tbody>\n<\/table>\n<\/div>\n<\/div><\/div><\/div><\/div><\/div>","protected":false},"excerpt":{"rendered":"<p>Nome do aluno Orientador\/a Linha de Pesquisa Alexandre K. De Quadros Let\u00edcia Fraga Estudos Lingu\u00edsticos Alice Joc\u00e9lia Schlem Cl\u00f3ris Porto Torquato Estudos Lingu\u00edsticos Alvaro Franco da F. Junior Ione da Silva Jovino Estudos Lingu\u00edsticos Bianca Meira Lopes Rosana Apolonia Harmuch Estudos Liter\u00e1rios Danielle Josiane Kozan Marly Catarina Soares Estudos Liter\u00e1rios Edenilson Mikuska Rosana Apolonia Harmuch&nbsp;&hellip;<\/p>\n","protected":false},"author":661,"featured_media":0,"parent":0,"menu_order":0,"comment_status":"closed","ping_status":"closed","template":"","meta":[],"_links":{"self":[{"href":"https:\/\/www2.uepg.br\/ppgel\/wp-json\/wp\/v2\/pages\/4359"}],"collection":[{"href":"https:\/\/www2.uepg.br\/ppgel\/wp-json\/wp\/v2\/pages"}],"about":[{"href":"https:\/\/www2.uepg.br\/ppgel\/wp-json\/wp\/v2\/types\/page"}],"author":[{"embeddable":true,"href":"https:\/\/www2.uepg.br\/ppgel\/wp-json\/wp\/v2\/users\/661"}],"replies":[{"embeddable":true,"href":"https:\/\/www2.uepg.br\/ppgel\/wp-json\/wp\/v2\/comments?post=4359"}],"version-history":[{"count":13,"href":"https:\/\/www2.uepg.br\/ppgel\/wp-json\/wp\/v2\/pages\/4359\/revisions"}],"predecessor-version":[{"id":5112,"href":"https:\/\/www2.uepg.br\/ppgel\/wp-json\/wp\/v2\/pages\/4359\/revisions\/5112"}],"wp:attachment":[{"href":"https:\/\/www2.uepg.br\/ppgel\/wp-json\/wp\/v2\/media?parent=4359"}],"curies":[{"name":"wp","href":"https:\/\/api.w.org\/{rel}","templated":true}]}}