{"id":56,"date":"2020-05-25T11:14:43","date_gmt":"2020-05-25T14:14:43","guid":{"rendered":"http:\/\/www2.uepg.br\/ppgel\/?page_id=56"},"modified":"2026-04-16T16:32:37","modified_gmt":"2026-04-16T19:32:37","slug":"corpo-docente","status":"publish","type":"page","link":"https:\/\/www2.uepg.br\/ppgel\/corpo-docente\/","title":{"rendered":"Corpo Docente"},"content":{"rendered":"<div id=\"pl-56\"  class=\"panel-layout\" ><div id=\"pg-56-0\"  class=\"panel-grid panel-no-style\" ><div id=\"pgc-56-0-0\"  class=\"panel-grid-cell\" ><div id=\"panel-56-0-0-0\" class=\"so-panel widget widget_sow-accordion panel-first-child panel-last-child\" data-index=\"0\" ><div class=\"panel-widget-style panel-widget-style-for-56-0-0-0\" ><div\n\t\t\t\n\t\t\tclass=\"so-widget-sow-accordion so-widget-sow-accordion-default-7f158b849c7f-56\"\n\t\t\t\n\t\t><h3 class=\"widget-title\">Linhas de pesquisa:<\/h3><div>\n\t<div class=\"sow-accordion\">\n\t\t\t<div class=\"sow-accordion-panel\"\n\t\t\t data-anchor=\"estudos-liter%c3%a1rios\">\n\t\t\t\t<div class=\"sow-accordion-panel-header-container\" role=\"heading\" aria-level=\"2\">\n\t\t\t\t\t<div class=\"sow-accordion-panel-header\" tabindex=\"0\" role=\"button\" id=\"accordion-label-estudos-liter%c3%a1rios\" aria-controls=\"accordion-content-estudos-liter%c3%a1rios\" aria-expanded=\"false\">\n\t\t\t\t\t\t<div class=\"sow-accordion-title sow-accordion-title-icon-left\">\n\t\t\t\t\t\t\t\t\t\t\t\t\t\tEstudos Liter\u00e1rios\t\t\t\t\t\t\t\t\t\t\t\t\t<\/div>\n\t\t\t\t\t\t<div class=\"sow-accordion-open-close-button\">\n\t\t\t\t\t\t\t<div class=\"sow-accordion-open-button\">\n\t\t\t\t\t\t\t\t<span class=\"sow-icon-ionicons\" data-sow-icon=\"&#xf218;\"\n\t\t \n\t\taria-hidden=\"true\"><\/span>\t\t\t\t\t\t\t<\/div>\n\t\t\t\t\t\t\t<div class=\"sow-accordion-close-button\">\n\t\t\t\t\t\t\t\t<span class=\"sow-icon-ionicons\" data-sow-icon=\"&#xf209;\"\n\t\t \n\t\taria-hidden=\"true\"><\/span>\t\t\t\t\t\t\t<\/div>\n\t\t\t\t\t\t<\/div>\n\t\t\t\t\t<\/div>\n\t\t\t\t<\/div>\n\n\t\t\t<div\n\t\t\t\tclass=\"sow-accordion-panel-content\"\n\t\t\t\trole=\"region\"\n\t\t\t\taria-labelledby=\"accordion-label-estudos-liter%c3%a1rios\"\n\t\t\t\tid=\"accordion-content-estudos-liter%c3%a1rios\"\n\t\t\t\tstyle=\"display: none;\"\t\t\t>\n\t\t\t\t<div class=\"sow-accordion-panel-border\" tabindex=\"0\">\n\t\t\t\t\t<p><strong><a href=\"http:\/\/www2.uepg.br\/ppgel\/wp-content\/uploads\/sites\/68\/2020\/06\/daniel.png\"><img class=\"size-thumbnail wp-image-607 alignleft\" src=\"http:\/\/www2.uepg.br\/ppgel\/wp-content\/uploads\/sites\/68\/2020\/06\/daniel-150x150.png\" alt=\"\" width=\"150\" height=\"150\" \/><\/a>DANIEL DE OLIVEIRA GOMES\u00a0<\/strong><\/p>\n<p>Possui gradua\u00e7\u00e3o em Letras pela Universidade Estadual de Ponta Grossa. Possui mestrado e doutorado em Literatura pela Universidade Federal de Santa Catarina. Fez est\u00e1gio sandu\u00edche de doutorado pela Universit\u00e9 de Lille III. Atualmente, est\u00e1 em licen\u00e7a p\u00f3s-doutoral junto ao Centre de Recherches Interdisciplinaires sur le Monde Lusophone, na Universit\u00e9 Paris Nanterre. \u00c9 professor associado na Universidade Estadual de Ponta Grossa, atuando no Programa de P\u00f3s-Gradua\u00e7\u00e3o em Estudos da Linguagem. Tem se dedicado a estudar afinidades entre filosofia francesa p\u00f3s-estruturalista e po\u00e9ticas em l\u00edngua lus\u00f3fona no presente.<\/p>\n<p>E-mail: setepratas@hotmail.com<\/p>\n<p>Curr\u00edculo Lattes:\u00a0<a href=\"http:\/\/lattes.cnpq.br\/0593810363013174\" target=\"_blank\" rel=\"noopener\">http:\/\/lattes.cnpq.br\/0593810363013174<\/a><\/p>\n<p>&nbsp;<\/p>\n<hr \/>\n<p><strong><a href=\"http:\/\/www2.uepg.br\/ppgel\/wp-content\/uploads\/sites\/68\/2020\/06\/eunice.png\"><img class=\"size-thumbnail wp-image-609 alignleft\" src=\"http:\/\/www2.uepg.br\/ppgel\/wp-content\/uploads\/sites\/68\/2020\/06\/eunice-150x150.png\" alt=\"\" width=\"150\" height=\"150\" \/><\/a><\/strong><\/p>\n<p><strong>EUNICE DE MORAIS<\/strong><\/p>\n<p class=\"resumo\"><span style=\"font-weight: 400\">Mestre (2003) e doutora em Letras pela UFPR (2009), professora adjunta do curso de gradua\u00e7\u00e3o em Letras desde 2012. Integra a equipe editorial da Revista Uniletras\/UEPG e atua no conselho editorial da Revista Scripta Alumnis ? UNIANDRADE, da Revista Muitas Vozes e da Editora Texto e Contexto. Desenvolve, na UEPG, o projeto de pesquisa continuada \"Estudos sobre fic\u00e7\u00e3o, Hist\u00f3ria e Mem\u00f3ria: G\u00eaneros de Fronteira? e participa desde 2005 no Grupo de pesquisa (CNPq) Estudos sobre fic\u00e7\u00e3o hist\u00f3rica no Brasil?, coordenado pela Prof.\u00aa Dr.\u00aa Marilene Weinhardt e tamb\u00e9m da linha de pesquisa Subjetividade, Texto e Ensino. Tem publicado artigos e resenhas em peri\u00f3dicos especializados e cap\u00edtulo de livros, os quais versam sobre os estudos da fic\u00e7\u00e3o hist\u00f3rica de l\u00edngua portuguesa e de l\u00edngua estrangeira. Atuou como coordenadora geral do Congresso Internacional de Estudos em Linguagem , nas edi\u00e7\u00f5es de 2015 e 2017, implementando atividades de pesquisa e extens\u00e3o universit\u00e1ria. Atualmente est\u00e1 no exerc\u00edcio da coordena\u00e7\u00e3o geral do Programa de P\u00f3s-gradua\u00e7\u00e3o Estudos da Linguagem da UEPG.<\/span><\/p>\n<p>E-mail: emorais@uepg.br<\/p>\n<p>Curr\u00edculo Lattes:\u00a0<a href=\"http:\/\/lattes.cnpq.br\/0351544602905413\">http:\/\/lattes.cnpq.br\/0351544602905413<\/a><\/p>\n<p class=\"resumo\">\n<hr \/>\n<\/p><p><strong><img class=\"wp-image-5101 alignleft\" src=\"http:\/\/www2.uepg.br\/ppgel\/wp-content\/uploads\/sites\/68\/2026\/04\/Evanir-Pavloski-professor-do-Departamento-de-Estudos-da-Linguagem-1-300x200.jpg\" alt=\"\" width=\"209\" height=\"139\" \/>EVANIR PAVLOSKI<\/strong><\/p>\n<p><span style=\"font-weight: 400\">Possui gradua\u00e7\u00e3o em Letras Ingl\u00eas (2002), mestrado em Estudos Liter\u00e1rios (2005) e doutorado em Estudos Liter\u00e1rios (2012) pela Universidade Federal do Paran\u00e1 (UFPR). Em 2017, concluiu o est\u00e1gio p\u00f3s-doutoral na Universidade Estadual de Campinas (UNICAMP), sob a supervis\u00e3o do Prof. Dr. Carlos Ornelas Berriel. Desde 2002, ministra disciplinas nas \u00e1reas de L\u00edngua Inglesa, Literaturas em L\u00edngua Inglesa e Literaturas em L\u00edngua Portuguesa. \u00c9 participante dos Grupos de Pesquisa CNPQ M\u00e9todos em Teoria e Cr\u00edtica Liter\u00e1ria e Literatura e utopia. Desenvolve estudos nas seguintes \u00e1reas: teorias da recep\u00e7\u00e3o, literatura e figura\u00e7\u00f5es ut\u00f3picas, literatura e hist\u00f3ria e o fant\u00e1stico na literatura. Atualmente \u00e9 professor Associado na Universidade Estadual de Ponta Grossa, onde leciona no curso de gradua\u00e7\u00e3o em Letras Portugu\u00eas-Ingl\u00eas e no Programa de P\u00f3s-Gradua\u00e7\u00e3o em Estudos da Linguagem.<\/span> <span style=\"font-weight: 400\">\u00c9 autor dos livros te\u00f3rico-cr\u00edticos <\/span><i><span style=\"font-weight: 400\">1984<\/span><\/i><span style=\"font-weight: 400\"> \u2013 A distopia do indiv\u00edduo sob controle (Editora UEPG) e <\/span><i><span style=\"font-weight: 400\">Admir\u00e1vel mundo novo e A ilha de Aldous Huxley<\/span><\/i><span style=\"font-weight: 400\"> \u2013 entre o pesadelo e o id\u00edlio ut\u00f3pico (Editora UFPR); e <\/span><i><span style=\"font-weight: 400\">Admir\u00e1vel gra\u00e7a infinita<\/span><\/i><span style=\"font-weight: 400\">: O hedonismo dist\u00f3pico de Aldous Huxley e David Foster Wallace (Lambrequim Editora).<\/span><\/p>\n<p>E-mail: <span style=\"font-weight: 400\">epavloski@uepg.br<\/span><\/p>\n<p>Curr\u00edculo Lattes:\u00a0<a href=\"http:\/\/lattes.cnpq.br\/8875201385333765\" target=\"_blank\" rel=\"noopener\">http:\/\/lattes.cnpq.br\/8875201385333765<\/a><\/p>\n<p><a href=\"https:\/\/orcid.org\/0000-0003-1986-3589\"><span style=\"font-weight: 400\">https:\/\/orcid.org\/0000-0003-1986-3589<\/span><\/a><span style=\"font-weight: 400\">\u00a0\u00a0\u00a0<\/span><\/p>\n<p><a href=\"https:\/\/www.researchgate.net\/profile\/Evanir-Pavloski?ev=hdr_xprf\"><span style=\"font-weight: 400\">https:\/\/www.researchgate.net\/profile\/Evanir-Pavloski?ev=hdr_xprf<\/span><\/a><\/p>\n<p><a href=\"https:\/\/uepg.academia.edu\/EvanirPavloski\"><span style=\"font-weight: 400\">https:\/\/uepg.academia.edu\/EvanirPavloski<\/span><\/a><\/p>\n<hr \/>\n<p><img class=\"wp-image-4652 alignleft\" src=\"http:\/\/www2.uepg.br\/ppgel\/wp-content\/uploads\/sites\/68\/2025\/07\/GIULIANO-300x300.jpg\" alt=\"\" width=\"150\" height=\"150\" \/><strong>GIULIANO LELLIS ITO SANTOS<\/strong><\/p>\n<p><span style=\"font-weight: 400\">Giuliano Lellis Ito Santos \u00e9 Doutor (2011) e Bacharel (2005) em Letras pela Universidade de S\u00e3o Paulo, onde tamb\u00e9m realizou est\u00e1gio de P\u00f3s-Doutorado (2015-2018) no programa de Estudos Comparados de Literaturas de L\u00edngua Portuguesa. Atualmente \u00e9 Professor Colaborador na Universidade Estadual de Ponta Grossa (UEPG), onde atua na gradua\u00e7\u00e3o e p\u00f3s-gradua\u00e7\u00e3o, e foi coordenador do Grupo de Pesquisa E\u00e7a (CNPq) entre 2013 e 2019. Organizador de mais de dez livros, incluindo <\/span><i><span style=\"font-weight: 400\">Fradique, fradiquices &amp; Cia<\/span><\/i><span style=\"font-weight: 400\"> (2024) <\/span><i><span style=\"font-weight: 400\">Ensino pesquisa e forma\u00e7\u00e3o<\/span><\/i><span style=\"font-weight: 400\">: A literatura no curso de letras da UEPG<\/span><span style=\"font-weight: 400\"> (2024), sua pesquisa concentra-se na obra de E\u00e7a de Queir\u00f3s, com publica\u00e7\u00f5es recentes como \"Revisitando E\u00e7a de Queir\u00f3s\" (2025). Sua produ\u00e7\u00e3o intelectual inclui artigos, cap\u00edtulos de livros, organiza\u00e7\u00e3o de peri\u00f3dicos e participa\u00e7\u00e3o em bancas avaliadoras, com \u00eanfase nas \u00e1reas de Literatura Portuguesa, Literaturas de L\u00edngua Portuguesa e Literatura Comparada.<\/span><span style=\"font-weight: 400\">\u00a0<\/span><\/p>\n<p>E-mail: giuito@hotmail.com<\/p>\n<p>Curr\u00edculo Lattes:<a href=\"http:\/\/lattes.cnpq.br\/4981108477755509\">http:\/\/lattes.cnpq.br\/4981108477755509<\/a><\/p>\n<p><span lang=\"EN-US\">Orcid:\u00a0<\/span><a href=\"https:\/\/orcid.org\/0000-0001-6081-2578\" target=\"_blank\" rel=\"noopener\" data-saferedirecturl=\"https:\/\/www.google.com\/url?q=https:\/\/orcid.org\/0000-0001-6081-2578&amp;source=gmail&amp;ust=1776452809821000&amp;usg=AOvVaw2uFemZBp-hhkLdK-s94S-N\">https:\/\/orcid.org\/0000-0001-6081-2578<\/a><\/p>\n<p>&nbsp;<\/p>\n<hr \/>\n<p><strong><a href=\"http:\/\/www2.uepg.br\/ppgel\/wp-content\/uploads\/sites\/68\/2020\/06\/keli.png\"><img class=\"size-thumbnail wp-image-612 alignleft\" src=\"http:\/\/www2.uepg.br\/ppgel\/wp-content\/uploads\/sites\/68\/2020\/06\/keli-150x150.png\" alt=\"\" width=\"150\" height=\"150\" \/><\/a>KELI CRISTINA PACHECO<\/strong><\/p>\n<p>Licenciada em Letras - L\u00edngua Portuguesa pela Universidade Federal de Santa Catarina - UFSC (2003), Mestra em Literatura, \u00e1rea de concentra\u00e7\u00e3o em Literatura Brasileira (2005), Doutora em Literatura, \u00e1rea de concentra\u00e7\u00e3o em Teoria Liter\u00e1ria, pela UFSC (2009) com p\u00f3s-doc em Literatura pela Sorbonne Universit\u00e9 - Paris IV (2020). Tem experi\u00eancia na \u00e1rea de Letras, com \u00eanfase em Teoria Liter\u00e1ria e Literatura Comparada, principalmente nos seguintes temas: literaturas de l\u00edngua portuguesa; narrativa moderna e contempor\u00e2nea; migra\u00e7\u00e3o e ex\u00edlio na literatura. Atualmente \u00e9 professora adjunta de Teoria Liter\u00e1ria e Literaturas de L\u00edngua Portuguesa, no Departamento de Estudos da Linguagem, e docente permanente do Programa de P\u00f3s-gradua\u00e7\u00e3o em Estudos da Linguagem, da Universidade Estadual de Ponta Grossa - UEPG. \u00c9 membra do GT de Literatura Comparada da ANPOLL desde 2014. Autora do livro \"A comunidade em ex\u00edlio: literatura comparada entre Lima Barreto e Roberto Arlt\" (Annablume, 2013), e organizadora, em parceria com Andr\u00e9 Cechinel, do livro: \"A comunidade errante: ensaios de literatura e ex\u00edlio\" (Texto e Contexto, 2020).<\/p>\n<p>E-mail: kcpacheco@uepg.br<\/p>\n<p>Curr\u00edculo Lattes:\u00a0<a href=\"http:\/\/lattes.cnpq.br\/6558952854074161\" target=\"_blank\" rel=\"noopener\">http:\/\/lattes.cnpq.br\/6558952854074161<\/a><\/p>\n<hr \/>\n<p><strong><a href=\"http:\/\/www2.uepg.br\/ppgel\/wp-content\/uploads\/sites\/68\/2020\/06\/marly.png\"><img class=\"size-thumbnail wp-image-625 alignleft\" src=\"http:\/\/www2.uepg.br\/ppgel\/wp-content\/uploads\/sites\/68\/2020\/06\/marly-150x150.png\" alt=\"\" width=\"150\" height=\"150\" \/><\/a>MARLY CATARINA SOARES<\/strong><\/p>\n<p>Possui gradua\u00e7\u00e3o em Licenciatura Em Letras pela Universidade Estadual de Ponta Grossa(1989), especializa\u00e7\u00e3o em L\u00edngua Portuguesa pela Universidade Estadual de Ponta Grossa(1992), mestrado em Teoria e Hist\u00f3ria Liter\u00e1ria pela Universidade Estadual de Campinas(1998) e doutorado em Literatura pela Universidade Federal de Santa Catarina(2008). Atualmente \u00e9 Professor Associado da Universidade Estadual de Ponta Grossa, Coordena\u00e7\u00e3o de curso UAB _ EAD da Universidade Estadual de Ponta Grossa e Membro de corpo editorial da UniLetras. Tem experi\u00eancia na \u00e1rea de Letras, com \u00eanfase em Literatura Brasileira. Atuando principalmente nos seguintes temas: Poesia s\u00e9culo XX, Teoria Liter\u00e1ria, Florbela Espanca, Literatura Portuguesa, Estudos liter\u00e1rios e Literatura e Mulher.<\/p>\n<p>E-mail: marlycs@yahoo.com.br<\/p>\n<p>Curr\u00edculo Lattes:\u00a0<a href=\"http:\/\/lattes.cnpq.br\/2783202240241667\" target=\"_blank\" rel=\"noopener\">http:\/\/lattes.cnpq.br\/2783202240241667<\/a><\/p>\n<hr \/>\n<p><img class=\"wp-image-3923 alignleft\" src=\"http:\/\/www2.uepg.br\/ppgel\/wp-content\/uploads\/sites\/68\/2024\/05\/20221218_091020-2.jpg\" alt=\"\" width=\"171\" height=\"128\" \/><strong>Naira de Almeida Nascimento<\/strong><\/p>\n<p><span style=\"font-weight: 400\"> Possui gradua\u00e7\u00e3o em Portugu\u00eas Literaturas pela Universidade Federal do Rio de Janeiro (1989), gradua\u00e7\u00e3o em Estudos Portugueses pela Universidade de Coimbra (1993), mestrado (2002) e doutorado (2006) em Estudos Liter\u00e1rios pela Universidade Federal do Paran\u00e1. Atualmente \u00e9 Professora Associada da Universidade Tecnol\u00f3gica Federal do Paran\u00e1 - UTFPR. Tem experi\u00eancia na \u00e1rea de Letras, com \u00eanfase em Literatura e Hist\u00f3ria, atuando principalmente nos seguintes temas: literaturas contempor\u00e2neas de L\u00edngua Portuguesa, fic\u00e7\u00e3o hist\u00f3rica, literatura paranaense e literatura regional.<\/span><\/p>\n<p>E-mail: naira.alm@gmail.com<\/p>\n<p>Curr\u00edculo Lattes:\u00a0<span style=\"color: #3366ff\">https:<\/span><a href=\"http:\/\/lattes.cnpq.br\/0236397197143225\" target=\"_blank\" rel=\"noopener\">lattes.cnpq.br\/0236397197143225<\/a><\/p>\n<p>&nbsp;<\/p>\n<hr \/>\n<p style=\"text-align: center\"><strong>ROSANA APOLONIA HARMUCH<\/strong><\/p>\n<p><strong><img class=\"wp-image-1650 alignleft\" src=\"http:\/\/www2.uepg.br\/ppgel\/wp-content\/uploads\/sites\/68\/2021\/01\/foto-Rosana-para-mestrado02-300x226.jpg\" alt=\"\" width=\"170\" height=\"128\" \/><\/strong><\/p>\n<p>Possui gradua\u00e7\u00e3o em Letras Portugu\u00eas Literatura pela Universidade Estadual do Centro-Oeste \/ Unicentro, Guarapuava, mestrado em Literatura Brasileira pela Universidade Federal do Paran\u00e1 e doutorado em Estudos Liter\u00e1rios pela Universidade Federal do Paran\u00e1 (2006). Atualmente \u00e9 professora associada na Universidade Estadual de Ponta Grossa e atua principalmente nos seguintes temas: Estudos do romance, em especial das figura\u00e7\u00f5es de leitores e de escritores nas narrativas (oriundos ou n\u00e3o da realidade emp\u00edrica). Estudos sobre concep\u00e7\u00f5es de autoria. Estudos sobre as rela\u00e7\u00f5es entre a teoria liter\u00e1ria e o ensino de literatura. Os objetivos incluem a an\u00e1lise de documentos oficiais sobre o ensino de literatura, de textos sobre a forma\u00e7\u00e3o de leitores e daqueles que tratam das especificidades do discurso liter\u00e1rio. Livros did\u00e1ticos e provas de sele\u00e7\u00e3o (concursos p\u00fablicos, Enem, vestibulares) tamb\u00e9m s\u00e3o alvo das reflex\u00f5es.\u00a0\u00c9 tamb\u00e9m docente no Programa de P\u00f3s-gradua\u00e7\u00e3o em Estudos da Linguagem, da mesma institui\u00e7\u00e3o.<\/p>\n<p>E-mail:rosanaharmuch@uepg.br<\/p>\n<p>Curr\u00edculo Lattes:\u00a0<a href=\"http:\/\/lattes.cnpq.br\/2949382347180985\" target=\"_blank\" rel=\"noopener\">http:\/\/lattes.cnpq.br\/2949382347180985<\/a><\/p>\n<p>&nbsp;<\/p>\n<hr \/>\n<p><strong><a href=\"http:\/\/www2.uepg.br\/ppgel\/wp-content\/uploads\/sites\/68\/2020\/06\/silvana.png\"><img class=\"size-thumbnail wp-image-615 alignleft\" src=\"http:\/\/www2.uepg.br\/ppgel\/wp-content\/uploads\/sites\/68\/2020\/06\/silvana-150x150.png\" alt=\"\" width=\"150\" height=\"150\" \/><\/a>SILVANA OLIVEIRA<\/strong><\/p>\n<p>Possui gradua\u00e7\u00e3o em Letras pela Universidade Estadual de Ponta Grossa (1992), mestrado em Letras pela Universidade Federal do Paran\u00e1 (1996) e doutorado em Teoria e Hist\u00f3ria Liter\u00e1ria pela Universidade Estadual de Campinas (2003). Atualmente \u00e9 professora associada na Universidade Estadual de Ponta Grossa e P\u00f3s-doutorada em Literatura Comparada pela Universidade Estadual do Rio de Janeiro, com pesquisa supervisionada pelo Prof. Dr. Jo\u00e3o Cezar de Castro Rocha. Atua no Programa de P\u00f3s-Gradua\u00e7\u00e3o em Linguagem, Identidade e Subjetividade da Universidade Estadual de Ponta Grossa. Os interesses de pesquisa nos \u00faltimos anos centram-se nas rela\u00e7\u00f5es entre literatura e filosofia, com destaque para a abordagem da teoria do romance de Mikhail Bakhtin e da produ\u00e7\u00e3o de Gilles Deleuze e Felix Guattari com vistas \u00e0 leitura e anota\u00e7\u00e3o de autores em l\u00edngua portuguesa cuja produ\u00e7\u00e3o concentre-se ap\u00f3s 1960.<\/p>\n<p>E-mail: soliveir@uepg.br<\/p>\n<p>Curr\u00edculo Lattes:\u00a0<a href=\"http:\/\/lattes.cnpq.br\/0469779306533497\" target=\"_blank\" rel=\"noopener\">http:\/\/lattes.cnpq.br\/0469779306533497<\/a><\/p>\n\t\t\t\t<\/div>\n\t\t\t<\/div>\n\t\t<\/div>\n\t\t\t<div class=\"sow-accordion-panel\"\n\t\t\t data-anchor=\"estudos-lingu%c3%adsticos\">\n\t\t\t\t<div class=\"sow-accordion-panel-header-container\" role=\"heading\" aria-level=\"2\">\n\t\t\t\t\t<div class=\"sow-accordion-panel-header\" tabindex=\"0\" role=\"button\" id=\"accordion-label-estudos-lingu%c3%adsticos\" aria-controls=\"accordion-content-estudos-lingu%c3%adsticos\" aria-expanded=\"false\">\n\t\t\t\t\t\t<div class=\"sow-accordion-title sow-accordion-title-icon-left\">\n\t\t\t\t\t\t\t\t\t\t\t\t\t\tEstudos Lingu\u00edsticos\t\t\t\t\t\t\t\t\t\t\t\t\t<\/div>\n\t\t\t\t\t\t<div class=\"sow-accordion-open-close-button\">\n\t\t\t\t\t\t\t<div class=\"sow-accordion-open-button\">\n\t\t\t\t\t\t\t\t<span class=\"sow-icon-ionicons\" data-sow-icon=\"&#xf218;\"\n\t\t \n\t\taria-hidden=\"true\"><\/span>\t\t\t\t\t\t\t<\/div>\n\t\t\t\t\t\t\t<div class=\"sow-accordion-close-button\">\n\t\t\t\t\t\t\t\t<span class=\"sow-icon-ionicons\" data-sow-icon=\"&#xf209;\"\n\t\t \n\t\taria-hidden=\"true\"><\/span>\t\t\t\t\t\t\t<\/div>\n\t\t\t\t\t\t<\/div>\n\t\t\t\t\t<\/div>\n\t\t\t\t<\/div>\n\n\t\t\t<div\n\t\t\t\tclass=\"sow-accordion-panel-content\"\n\t\t\t\trole=\"region\"\n\t\t\t\taria-labelledby=\"accordion-label-estudos-lingu%c3%adsticos\"\n\t\t\t\tid=\"accordion-content-estudos-lingu%c3%adsticos\"\n\t\t\t\tstyle=\"display: none;\"\t\t\t>\n\t\t\t\t<div class=\"sow-accordion-panel-border\" tabindex=\"0\">\n\t\t\t\t\t<p>&nbsp;<\/p>\n<p><img class=\"wp-image-4668 alignleft\" src=\"http:\/\/www2.uepg.br\/ppgel\/wp-content\/uploads\/sites\/68\/2025\/07\/ALVARO-300x200.jpg\" alt=\"\" width=\"147\" height=\"98\" \/><strong>ALVARO KASUAKI FUJIHARA\u00a0<\/strong><\/p>\n<p>Professor do Departamento de Estudos da Linguagem da UEPG. Possui gradua\u00e7\u00e3o em Letras Portugu\u00eas\/ Latim pela Universidade Federal do Paran\u00e1 (2007), mestrado e doutorado em Letras pela mesma universidade (2010 e 2016), com est\u00e1gio sandu\u00edche na Universidade de Tel Aviv. Tem uma forma\u00e7\u00e3o distribu\u00edda entre Ling\u00fc\u00edstica (focada em Sem\u00e2ntica e Pragm\u00e1tica), Teoria da Tradu\u00e7\u00e3o e Letras Cl\u00e1ssicas. Atualmente desenvolve trabalho sobre N\u00e3o-Coopera\u00e7\u00e3o em pragm\u00e1tica, tendo trabalhos com a interface entre Teoria da Tradu\u00e7\u00e3o e Sem\u00e2ntica, com alguns trabalhos em Hist\u00f3ria da Tradu\u00e7\u00e3o, Tradu\u00e7\u00e3o de Poesia Cl\u00e1ssica e na interface entre Ling\u00fc\u00edstica e Tradu\u00e7\u00e3o.<\/p>\n<p>E-mail: akfujihara@uepg.br<\/p>\n<p>Curr\u00edculo Lattes:\u00a0<a href=\"http:\/\/lattes.cnpq.br\/1208774553901998\">http:\/\/lattes.cnpq.br\/1208774553901998<\/a><\/p>\n<hr \/>\n<p><img class=\"wp-image-3646 alignleft\" src=\"http:\/\/www2.uepg.br\/ppgel\/wp-content\/uploads\/sites\/68\/2023\/11\/CLORIS.jpg\" alt=\"\" width=\"148\" height=\"132\" \/><\/p>\n<p><strong>CL\u00d3RIS PORTO TORQUATO<\/strong><\/p>\n<p>Graduada em Letras Portugu\u00eas pela Universidade Federal do Paran\u00e1 (1995), mestre em Lingu\u00edstica Aplicada pela Universidade Estadual de Campinas (2003) e doutora em Lingu\u00edstica pela Universidade Estadual de Campinas (2009). Tem experi\u00eancia na \u00e1rea de Ling\u00fc\u00edstica, com \u00eanfase em Lingu\u00edstica Aplicada e Sociolingu\u00edstica, atuando principalmente nos seguintes temas: pol\u00edticas lingu\u00edsticas, ideologias lingu\u00edsticas, forma\u00e7\u00e3o de professores, pr\u00e1tica pedag\u00f3gica, letramentos, discurso (C\u00edrculo de Bakhtin), interculturalidade e estudos decoloniais. Desenvolve projeto de extens\u00e3o em Portugu\u00eas L\u00edngua Adicional, no qual trabalha com todos os temas explicitados acima.<\/p>\n<p>E-mail: cptorquato@uepg.br<\/p>\n<p>Curr\u00edculo Lattes:\u00a0<a href=\"http:\/\/lattes.cnpq.br\/4009679922563932\">http:\/\/lattes.cnpq.br\/4009679922563932<\/a><\/p>\n<hr \/>\n<p><img class=\"alignleft\" src=\"https:\/\/servicosweb.cnpq.br\/wspessoa\/servletrecuperafoto?tipo=1&amp;id=K4758678T5\" width=\"143\" height=\"143\" \/><\/p>\n<p class=\"nome\"><strong>IONE DA SILVA JOVINO<\/strong><\/p>\n<p>Possui gradua\u00e7\u00e3o em Letras pela Pontif\u00edcia Universidade Cat\u00f3lica de S\u00e3o Paulo (1997), mestrado em Educa\u00e7\u00e3o (2005) pela Universidade Federal de S\u00e3o Carlos, com doutorado em Educa\u00e7\u00e3o (2010) e Est\u00e1gio de P\u00f3s-doutorado em Educa\u00e7\u00e3o (2017) na mesma universidade. Docente do Departamento Estudos da Linguagem da UEPG, atua na gradua\u00e7\u00e3o e p\u00f3s-gradua\u00e7\u00e3o . Desde 2019 est\u00e1 como Pr\u00f3-reitora de Assuntos Estudantis da UEPG. \u00c9 integrante do N\u00facleo de Rela\u00e7\u00f5es \u00c9tnico-raciais, G\u00eanero e Sexualidade, o NUREGS. Membro do Laborat\u00f3rio de Estudos do Texto , o LET. Participa de a\u00e7\u00f5es de pesquisa e extens\u00e3o, bem como em cursos de forma\u00e7\u00e3o de professoras e professores. No momento desenvolve projeto de pesquisa e extens\u00e3o sobre educa\u00e7\u00e3o e rela\u00e7\u00f5es \u00e9tnico-raciais que atua em escolas ind\u00edgenas e quilombolas. Trabalha com os seguintes temas: educa\u00e7\u00e3o e rela\u00e7\u00f5es \u00e9tnico-raciais; crian\u00e7a, inf\u00e2ncia e ra\u00e7a; literatura infanto-juvenil e rela\u00e7\u00f5es \u00e9tnico-raciais; educa\u00e7\u00e3o e diversidade \u00e9tnico-racial-cultural; iconografia e representa\u00e7\u00e3o; desigualdades no plano simb\u00f3lico.<\/p>\n<p>E-mail: ionejovino@uepg.br<\/p>\n<p>Curr\u00edculo Lattes: <a href=\"http:\/\/lattes.cnpq.br\/6714175723955949\">http:\/\/lattes.cnpq.br\/6714175723955949<\/a><\/p>\n<p><span class=\"texto\">\u00a0<\/span><\/p>\n<hr \/>\n<p><strong><img class=\"wp-image-5081 alignleft\" src=\"http:\/\/www2.uepg.br\/ppgel\/wp-content\/uploads\/sites\/68\/2026\/04\/Leticia6-296x300.jpg\" alt=\"\" width=\"169\" height=\"171\" \/>LET\u00cdCIA FRAGA<\/strong><\/p>\n<div>\n<p><span style=\"font-weight: 400\">Sou uma mulher branca cis, m\u00e3e, av\u00f3, membra do Coletivo de Estudos e A\u00e7\u00f5es Ind\u00edgenas (CEAI), professora associada, pesquisadora e extensionista na Universidade Estadual de Ponta Grossa (PR). Licenciada em Letras Portugu\u00eas\/ Franc\u00eas pela Universidade Federal de Santa Catarina, Mestre em Letras pela mesma institui\u00e7\u00e3o e Doutora em Lingu\u00edstica pela Universidade Estadual de Campinas. Minha experi\u00eancia profissional abrange o ensino de Lingu\u00edstica Aplicada no curso de licenciatura em Letras e P\u00f3s-Gradua\u00e7\u00e3o Stricto Sensu em Estudos em Linguagem. Meus interesses de pesquisa s\u00e3o: diversidade lingu\u00edstica em contextos ind\u00edgenas; ensino de l\u00edngua e pol\u00edticas lingu\u00edsticas em contextos ind\u00edgenas; forma\u00e7\u00e3o inicial e continuada de professores ind\u00edgenas; educa\u00e7\u00e3o (escolar) ind\u00edgena; literatura ind\u00edgena contempor\u00e2nea.<\/span><\/p>\n<p><span style=\"font-weight: 400\">Descri\u00e7\u00e3o da imagem: Na foto aparece uma mulher branca, de cabelos pretos e curtos. Ela usa \u00f3culos com aros retangulares e transparentes e est\u00e1 sorrindo. Veste blusa preta lisa e usa uma corrente dourada. Ao fundo, se v\u00ea uma paisagem com casas de alvenaria e uma placa indicando o local onde a foto foi feita.<\/span><\/p>\n<p><span style=\"font-weight: 400\">E-mail: leticiafraga@gmail.com<\/span><\/p>\n<p><span style=\"font-weight: 400\">ORCID:\u00a0 link <\/span><a href=\"https:\/\/orcid.org\/0000-0003-4818-9407\"><span style=\"font-weight: 400\">https:\/\/orcid.org\/0000-0003-4818-9407<\/span><\/a><\/p>\n<p><span style=\"font-weight: 400\">Lattes: link <\/span><a href=\"http:\/\/lattes.cnpq.br\/7446589855128901\"><span style=\"font-weight: 400\">http:\/\/lattes.cnpq.br\/7446589855128901<\/span><\/a><\/p>\n<p><span style=\"font-weight: 400\">E-mail pessoal: leticiafraga@gmail.com<\/span><\/p>\n<p><span style=\"font-weight: 400\">Email institucional: marigabri@uepg.br<\/span><\/p>\n<p><span style=\"font-weight: 400\">Redes sociais pessoais<\/span><\/p>\n<p><span style=\"font-weight: 400\">Instagram: <\/span><a href=\"https:\/\/www.instagram.com\/leticia.fraga.737\/\"><span style=\"font-weight: 400\">https:\/\/www.instagram.com\/leticia.fraga.737\/<\/span><\/a><\/p>\n<p><span style=\"font-weight: 400\">Facebook pessoal: <\/span><a href=\"https:\/\/www.facebook.com\/leticia.fraga.737\"><span style=\"font-weight: 400\">https:\/\/www.facebook.com\/leticia.fraga.737<\/span><\/a><\/p>\n<p><span style=\"font-weight: 400\">Redes sociais profissionais<\/span><\/p>\n<p><span style=\"font-weight: 400\">Instagram: <\/span><a href=\"https:\/\/www.instagram.com\/ceai_oficial\/\"><span style=\"font-weight: 400\">https:\/\/www.instagram.com\/ceai_oficial\/<\/span><\/a><\/p>\n<p><span style=\"font-weight: 400\">Facebook: <\/span><a href=\"https:\/\/www.facebook.com\/ceaicoletivoindigena\/\"><span style=\"font-weight: 400\">https:\/\/www.facebook.com\/ceaicoletivoindigena\/<\/span><\/a><\/p>\n<p><span style=\"font-weight: 400\">X: <\/span><a href=\"https:\/\/x.com\/CeaiColetivo\"><span style=\"font-weight: 400\">https:\/\/x.com\/CeaiColetivo<\/span><\/a><\/p>\n<p><span style=\"font-weight: 400\">Medium: <\/span><a href=\"https:\/\/ceaicoletivoindigena.medium.com\/\"><span style=\"font-weight: 400\">https:\/\/ceaicoletivoindigena.medium.com\/<\/span><\/a><\/p>\n<p><span style=\"font-weight: 400\">Youtube: <\/span><a href=\"https:\/\/www.youtube.com\/@ceaicoletivodeestudoseacoe7540\"><span style=\"font-weight: 400\">https:\/\/www.youtube.com\/@ceaicoletivodeestudoseacoe7540<\/span><\/a><\/p>\n<p><span style=\"font-weight: 400\">Sound Cloud: <\/span><a href=\"https:\/\/soundcloud.com\/user-529259817?ref=clipboard&amp;p=a&amp;c=0&amp;utm_campaign=social_sharing&amp;utm_medium=text&amp;utm_source=clipboard\"><span style=\"font-weight: 400\">https:\/\/soundcloud.com\/user-529259817?ref=clipboard&amp;p=a&amp;c=0&amp;utm_campaign=social_sharing&amp;utm_medium=text&amp;utm_source=clipboard<\/span><\/a><\/p>\n<\/div>\n<div dir=\"ltr\"><\/div>\n<hr \/>\n<p style=\"text-align: left\"><strong>LUCIMAR ARAUJO BRAGA<\/strong><\/p>\n<p style=\"text-align: left\"><img class=\"wp-image-5080 alignleft\" src=\"http:\/\/www2.uepg.br\/ppgel\/wp-content\/uploads\/sites\/68\/2026\/04\/Lucimar-Araujo-Braga-225x300.jpeg\" alt=\"\" width=\"136\" height=\"181\" \/> Graduada em Letras Portugu\u00eas Espanhol pela Universidade Estadual de Londrina (2000), mestrado em Linguagem, Identidade e Subjetividade pela Universidade Estadual de Ponta Grossa (2013) e doutorado em Educa\u00e7\u00e3o pela Universidade Estadual de Ponta Grossa (2018). Atualmente \u00e9 professora adjunta da Universidade Estadual de Ponta Grossa. Tem experi\u00eancia na \u00e1rea de lingu\u00edstica aplicada e orienta os seguintes temas: l\u00edngua em uso, ensino e aprendizagem de l\u00ednguas, curr\u00edculo e as diversidades e forma\u00e7\u00e3o de professores de l\u00ednguas.<\/p>\n<p>E-mail: <a href=\"mailto:lab@uepg.br\">lab@uepg.br<\/a><\/p>\n<p style=\"font-weight: 400\">Curr\u00edculo Lattes:\u00a0<a href=\"http:\/\/lattes.cnpq.br\/8582701929104828\" data-saferedirecturl=\"https:\/\/www.google.com\/url?q=http:\/\/lattes.cnpq.br\/8582701929104828&amp;source=gmail&amp;ust=1776358554903000&amp;usg=AOvVaw2gtBIDZjc-igxYQ21qkKEO\">htt<\/a><a href=\"http:\/\/lattes.cnpq.br\/8582701929104828\" data-saferedirecturl=\"https:\/\/www.google.com\/url?q=http:\/\/lattes.cnpq.br\/8582701929104828&amp;source=gmail&amp;ust=1776358554903000&amp;usg=AOvVaw2gtBIDZjc-igxYQ21qkKEO\">p:\/\/lattes.cnpq.br\/8582701929104828<\/a><\/p>\n<p style=\"font-weight: 400\">ORCID:\u00a0<a href=\"https:\/\/orcid.org\/0000-0003-0178-4516\" data-saferedirecturl=\"https:\/\/www.google.com\/url?q=https:\/\/orcid.org\/0000-0003-0178-4516&amp;source=gmail&amp;ust=1776358554903000&amp;usg=AOvVaw1qjPDY4LonZfIbv68ivHLK\">https:\/\/orcid.org\/0000-0003-0178-4516<\/a><\/p>\n<p style=\"font-weight: 400\">Instagram: @lucimarnovaera<\/p>\n<hr \/>\n<p><img class=\"alignleft wp-image-2232\" src=\"http:\/\/www2.uepg.br\/ppgel\/wp-content\/uploads\/sites\/68\/2021\/10\/Marcia-Cristina-do-Carmo-150x150.jpg\" alt=\"\" width=\"147\" height=\"147\" \/>\u00a0<strong>M\u00c1RCIA CRISTINA DO CARMO<\/strong><\/p>\n<div>\n<p><span style=\"font-weight: 400\">Professora Adjunta D vinculada ao Departamento de Estudos da Linguagem (DEEL) e, atualmente, Coordenadora do Programa de P\u00f3s-Gradua\u00e7\u00e3o em Estudos da Linguagem (PPGEL) da Universidade Estadual de Ponta Grossa (UEPG). Realizou P\u00f3s-Doutorado (2014-2015) na University College London (UCL), por meio do Programa de Pesquisa P\u00f3s-Doutoral no Exterior da Coordena\u00e7\u00e3o de Aperfei\u00e7oamento de Pessoal de N\u00edvel Superior (CAPES). Doutora em Estudos Lingu\u00edsticos (2013) pela Universidade Estadual Paulista J\u00falio de Mesquita Filho (UNESP), com bolsa da Funda\u00e7\u00e3o de Amparo \u00e0 Pesquisa do Estado de S\u00e3o Paulo (FAPESP). Durante o Doutorado, realizou Est\u00e1gio no Exterior (doutorado-sandu\u00edche), com bolsa CAPES, na Newcastle University (2011-2012). Na UNESP, obteve, tamb\u00e9m, os t\u00edtulos de Mestre em Estudos Lingu\u00edsticos (2009), com bolsa FAPESP, e de Licenciada em Letras, com habilita\u00e7\u00e3o em Portugu\u00eas e Ingl\u00eas (2006), com bolsa de Capacita\u00e7\u00e3o T\u00e9cnica FAPESP, por sua participa\u00e7\u00e3o como integrante da equipe t\u00e9cnica do projeto ''Amostra Lingu\u00edstica do Interior Paulista'' (ALIP, 2004-2006). De 2020 a 2026, atuou como editora-chefe da Revista UniLetras (DEEL\/UEPG). \u00c9 pesquisadora dos grupos CNPq ''Descri\u00e7\u00e3o S\u00f3cio-Hist\u00f3rica das Vogais do Portugu\u00eas (do Brasil)'' (CNPq\/UFMG), ''Laborat\u00f3rio de Teoria e An\u00e1lise Lingu\u00edstica - LABTAL'' (CNPq\/UEPG) e ''Fala Paranaense'' (CNPq\/UNICENTRO). Tem experi\u00eancia na \u00e1rea de Lingu\u00edstica, com \u00eanfase em Fon\u00e9tica, Fonologia e Sociolingu\u00edstica.\u00a0<\/span><\/p>\n<p><span style=\"font-weight: 400\">E-mail: mccarmo@uepg.br<\/span><\/p>\n<p><span style=\"font-weight: 400\">Lattes:\u00a0 <\/span><a href=\"http:\/\/lattes.cnpq.br\/2884402957502701\"><span style=\"font-weight: 400\">http:\/\/lattes.cnpq.br\/2884402957502701<\/span><\/a><\/p>\n<p><span style=\"font-weight: 400\">Orcid: <\/span><a href=\"https:\/\/orcid.org\/0000-0003-0546-7622\"><span style=\"font-weight: 400\">https:\/\/orcid.org\/0000-0003-0546-7622<\/span><\/a><\/p>\n<p><span style=\"font-weight: 400\">ResearchGate: <\/span><a href=\"https:\/\/www.researchgate.net\/profile\/Marcia-Do-Carmo\"><span style=\"font-weight: 400\">https:\/\/www.researchgate.net\/profile\/Marcia-Do-Carmo<\/span><\/a><\/p>\n<p><span style=\"font-weight: 400\">Academia.edu: <\/span><a href=\"https:\/\/uepg.academia.edu\/mccarmo\"><span style=\"font-weight: 400\">https:\/\/uepg.academia.edu\/mccarmo<\/span><\/a><\/p>\n<p><span style=\"font-weight: 400\">Google Acad\u00eamico: <\/span><a href=\"https:\/\/scholar.google.com\/citations?user=SSeD31EAAAAJ&amp;hl=pt-BR&amp;oi=ao\"><span style=\"font-weight: 400\">https:\/\/scholar.google.com\/citations?user=SSeD31EAAAAJ&amp;hl=pt-BR&amp;oi=ao<\/span><\/a><\/p>\n<p><span style=\"font-weight: 400\">Plataforma Ac\u00e1cia: <\/span><a href=\"https:\/\/plataforma-acacia.org\/profile\/marcia-cristina-do-carmo\/\"><span style=\"font-weight: 400\">https:\/\/plataforma-acacia.org\/profile\/marcia-cristina-do-carmo\/<\/span><\/a><\/p>\n<\/div>\n<hr \/>\n<p><img class=\"wp-image-3528 alignleft\" src=\"http:\/\/www2.uepg.br\/ppgel\/wp-content\/uploads\/sites\/68\/2023\/10\/Marcos-Carreira-.jpg\" alt=\"\" width=\"139\" height=\"185\" \/><\/p>\n<p><strong>MARCOS BARBOSA CARREIRA<\/strong><\/p>\n<p>Doutor pelo Programa de P\u00f3s-Gradua\u00e7\u00e3o em Letras da Universidade Federal do Paran\u00e1 (2015), \u00e1rea de concentra\u00e7\u00e3o em Estudos Lingu\u00edsticos, linha de teoria e an\u00e1lise gramatical. Possui licenciatura em Letras Portugu\u00eas-Ingl\u00eas pela Pontif\u00edcia Universidade Cat\u00f3lica do Paran\u00e1 (2001), mestrado em Letras pela Universidade Federal do Paran\u00e1 (2008). Atualmente \u00e9 Professor Adjunto C da Universidade Estadual de Ponta Grossa. Tem experi\u00eancia na \u00e1rea de Lingu\u00edstica, com \u00eanfase em Sintaxe, atuando principalmente nos seguintes temas: teoria sint\u00e1tica, sintaxe minimalista, sintaxe da predica\u00e7\u00e3o (predicado secund\u00e1rio e small-clauses) sintaxe dos sintagmas nominais e adjetivais. Tenho tamb\u00e9m me aventurado em lingu\u00edstica computacional, processamento de linguagem natural, bem como em temas relacionados linguagem e neurodiversg\u00eancias.<\/p>\n<p>E-mail: marcoscarreira@uepg.br<\/p>\n<p>Curr\u00edculo Lattes:\u00a0<a href=\"http:\/\/lattes.cnpq.br\/4511065124819029\">http:\/\/lattes.cnpq.br\/4511065124819029<\/a><\/p>\n<hr \/>\n<p><img class=\"wp-image-613 alignleft\" src=\"http:\/\/www2.uepg.br\/ppgel\/wp-content\/uploads\/sites\/68\/2020\/06\/pascoalina-300x300.png\" alt=\"\" width=\"162\" height=\"162\" \/><strong>PASCOALI<\/strong><strong>NA BAILON DE OLIVEIRA SALEH<\/strong><\/p>\n<p>Possui gradua\u00e7\u00e3o em Licenciatura em Letras pela Universidade Federal de Vi\u00e7osa (1990), mestrado em Ling\u00fc\u00edstica pela Universidade Estadual de Campinas (1995) e doutorado em Ling\u00fc\u00edstica pela Universidade Estadual de Campinas (2000). Atualmente \u00e9 Professora Associada da Universidade Estadual de Ponta Grossa, onde atua no curso de Licenciatura em Letras e no Mestrado em Estudos da Linguagem. Tem experi\u00eancia na \u00e1rea de Letras, com \u00eanfase em Lingu\u00edstica, atuando principalmente nos temas aquisi\u00e7\u00e3o da escrita e ensino de l\u00edngua materna.<\/p>\n<p>E-mail: pbosaleh@gmail.com<\/p>\n<p>Curr\u00edculo Lattes:\u00a0<a href=\"http:\/\/lattes.cnpq.br\/0801180629816075\" target=\"_blank\" rel=\"noopener\">http:\/\/lattes.cnpq.br\/0801180629816075<\/a><\/p>\n<hr \/>\n<p class=\"nome\"><strong><img class=\" wp-image-4054 alignleft\" src=\"http:\/\/www2.uepg.br\/ppgel\/wp-content\/uploads\/sites\/68\/2024\/07\/PAULO-CESAR.jpg\" alt=\"\" width=\"167\" height=\"223\" \/>PAULO C\u00c9SAR FACHIN<\/strong><\/p>\n<p>Desenvolveu atividades de P\u00f3s-Doutoramento pelo Programa de P\u00f3s-gradua\u00e7\u00e3o em Estudos da Linguagem (PPGEL) - Universidade Estadual de Ponta Grossa\/PR. Doutor em Letras pela Universidade Estadual do Oeste do Paran\u00e1 - Unioeste, c\u00e2mpus Cascavel\/PR, Linha de Pesquisa Linguagem Liter\u00e1ria e Interfaces Sociais: Estudos Comparados. Possui forma\u00e7\u00e3o em Pedagogia (Unipar), Letras Portugu\u00eas\/Espanhol (Uniube) e Letras Portugu\u00eas\/Ingl\u00eas (Uniube). \u00c9 integrante do Banco de Avaliadores do Sistema Nacional de Avalia\u00e7\u00e3o da Educa\u00e7\u00e3o Superior - BASis - MEC\/INEP. Credenciado na categoria de docente colaborador (sem v\u00ednculo) da \u00e1rea de Letras e Lingu\u00edstica no Programa de P\u00f3s-Gradua\u00e7\u00e3o em Letras-PPGL da Unioeste, \u00e1rea de concentra\u00e7\u00e3o em Linguagem e Sociedade, nas Linhas de Pesquisa em Linguagem: Pr\u00e1ticas Lingu\u00edsticas, Culturais e de Ensino\/em Literatura, Mem\u00f3ria, Cultura e Ensino, n\u00edvel de mestrado e doutorado. Professor de l\u00edngua espanhola do IFSC - Instituto Federal de Santa Catarina, c\u00e2mpus S\u00e3o Louren\u00e7o do Oeste. Participa do Grupo de Estudos e Pesquisas em Linguagem e Comunica\u00e7\u00e3o IFSC e docente do curso de P\u00f3s-gradua\u00e7\u00e3o lato sensu em Ensino de L\u00edngua Estrangeira para a Educa\u00e7\u00e3o B\u00e1sica - EaD (c\u00e2mpus Florian\u00f3polis-Continente).<\/p>\n<p>E-mail: paulo.fachin@hotmail.com<\/p>\n<p>Curr\u00edculo Lattes: <a href=\"http:\/\/lattes.cnpq.br\/2707418857014611\">http:\/\/lattes.cnpq.br\/2707418857014611<\/a><\/p>\n<hr \/>\n<p><img class=\"wp-image-3541 alignleft\" src=\"http:\/\/www2.uepg.br\/ppgel\/wp-content\/uploads\/sites\/68\/2023\/10\/RUBIA.jpg\" alt=\"\" width=\"144\" height=\"254\" \/><\/p>\n<p><strong>R\u00daBIA CARLA DA SILVA<\/strong><\/p>\n<p>Doutora em Lingu\u00edstica - \u00e1rea de concentra\u00e7\u00e3o: Lingu\u00edstica Aplicada (UFSC). Mestre em Ensino de Ci\u00eancia e Tecnologia, pelo Programa de P\u00f3s-gradua\u00e7\u00e3o em Ensino de Ci\u00eancia e Tecnologia (PPGECT) da Universidade Tecnol\u00f3gica Federal do Paran\u00e1 (UTFPR) - Unidade Ponta Grossa. Especialista na \u00e1rea de L\u00edngua Portuguesa: teoria e pr\u00e1tica (ESAP); Especialista em Educa\u00e7\u00e3o Especial (UEPG); Licenciada em Letras-Portugu\u00eas (UEPG); e Int\u00e9rprete de Libras - L\u00edngua Brasileira de Sinais (FENEIS\/SEED\/PR). Professora efetiva da UEPG - Universidade Estadual de Ponta Grossa, pelo departamento de Estudos da Linguagem (DEEL), coordenadora da \u00e1rea de Libras. Coordenadora do Projeto de Pesquisa Continuada \"Profici\u00eancia em L\u00edngua de Sinais: da teoria \u00e0 pr\u00e1tica\" (2018-2022). Coordenadora do Projeto de Extens\u00e3o \"Oficinas de leitura e produ\u00e7\u00e3o de textos para alunos do Ensino Fundamental II\" (2018-2019). Supervisora do Projeto de Extens\u00e3o \"Educa\u00e7\u00e3o Semi\u00f3tica em Perspectivas Interdisciplinares e Interculturais (2017-2019; 2020-2022; 2023-). Participante da elabora\u00e7\u00e3o do PPC e cria\u00e7\u00e3o do curso de Letras Portugu\u00eas-Libras da Faculdade Sant'Ana, permanecendo na Coordena\u00e7\u00e3o desde fevereiro de 2014 a janeiro de 2017. Coordenadora do Projeto de Pesquisa \"A Arte da Tradu\u00e7\u00e3o e Interpreta\u00e7\u00e3o em L\u00edngua de Sinais\", pela Faculdade Sant'Ana (2015-2016). Professora em cursos de P\u00f3s-gradua\u00e7\u00e3o (especializa\u00e7\u00e3o) na \u00e1rea de Educa\u00e7\u00e3o Especial, Libras e Psicopedagogia.<\/p>\n<p>E-mail: silvablum@uepg.br<\/p>\n<p>Curr\u00edculo Lattes:<a href=\"http:\/\/lattes.cnpq.br\/1931810488681893\">http:\/\/lattes.cnpq.br\/1931810488681893<\/a><\/p>\n<p><strong>\u00a0<\/strong><\/p>\n<hr \/>\n<p><strong><a href=\"http:\/\/www2.uepg.br\/ppgel\/wp-content\/uploads\/sites\/68\/2020\/06\/sebasti\u00e3o.png\"><img class=\"size-thumbnail wp-image-616 alignleft\" src=\"http:\/\/www2.uepg.br\/ppgel\/wp-content\/uploads\/sites\/68\/2020\/06\/sebasti\u00e3o-150x150.png\" alt=\"\" width=\"150\" height=\"150\" \/><\/a>SEBASTI\u00c3O LOUREN\u00c7O DOS SANTOS<\/strong><\/p>\n<p>Possui gradua\u00e7\u00e3o em Letras Portugu\u00eas-Espanhol pela Universidade Tuiuti do Paran\u00e1 (1997), Mestre (2004) em Estudos Lingu\u00edsticos pela UFPR, Doutor (2009) em Letras pela Universidade Federal do Paran\u00e1 e P\u00f3s-doutorando (2019) na UFPR. Professor Adjunto do Departamento de L\u00ednguas Estrangeiras Modernas e do Programa de P\u00f3s-gradua\u00e7\u00e3o em Estudos da Linguagem, da Universidade Estadual de Ponta Grossa. Experi\u00eancia na \u00e1rea de Letras, com \u00eanfase em L\u00edngua Espanhola e Lingu\u00edstica Cognitiva, desenvolvendo pesquisa sobre os seguintes temas: Pragm\u00e1tica Cognitiva e Ensino-Aprendizagem de L\u00edngua Espanhola. Presidente da Associa\u00e7\u00e3o Brasileira de Pragm\u00e1tica (ABRAP) - bi\u00eanio 2017-2018.<\/p>\n<p>E-mail: lorecutp@hotmail.com<\/p>\n<p>Curr\u00edculo Lattes:\u00a0<a href=\"http:\/\/lattes.cnpq.br\/8105118674329126\" target=\"_blank\" rel=\"noopener\">http:\/\/lattes.cnpq.br\/8105118674329126<\/a><\/p>\n<hr \/>\n<p><strong><a href=\"http:\/\/www2.uepg.br\/ppgel\/wp-content\/uploads\/sites\/68\/2020\/06\/valeska.png\"><img class=\"size-thumbnail wp-image-629 alignleft\" src=\"http:\/\/www2.uepg.br\/ppgel\/wp-content\/uploads\/sites\/68\/2020\/06\/valeska-150x150.png\" alt=\"\" width=\"150\" height=\"150\" \/><\/a><\/strong><\/p>\n<p><strong>VALESKA GRACIOSO CARLOS<\/strong><\/p>\n<p>Possui gradua\u00e7\u00e3o em Letras Portugu\u00eas\/ Espanhol pela Universidade Estadual Paulista J\u00falio de Mesquita Filho (1997), gradua\u00e7\u00e3o em Letras Portugu\u00eas\/Ingl\u00eas pela mesma universidade (1999), mestrado (2006) e doutorado (2015) em Estudos da Linguagem pela Universidade Estadual de Londrina. \u00c9 Professora Adjunta da Universidade Estadual de Ponta Grossa e atua no curso de Licenciatura em Letras e no Mestrado em Estudos da Linguagem na mesma institui\u00e7\u00e3o. Tem experi\u00eancia na \u00e1rea de Lingu\u00edstica, com \u00eanfase em Ensino de L\u00edngua Espanhola e Inglesa. Desenvolve pesquisa na \u00e1rea da Sociolingu\u00edstica e Dialetologia, investigando as atitudes lingu\u00edsticas e descrevendo as l\u00ednguas em contato na fronteira do Brasil com o Paraguai. Al\u00e9m disso, seus estudos abarcam pesquisas de cunho sociodialetol\u00f3gico, aprofundando quest\u00f5es de identidade, varia\u00e7\u00e3o, atitude, cren\u00e7as e pol\u00edticas lingu\u00edsticas, fundamentais no processo de ensino\/aprendizagem, visando o desenvolvimento de a\u00e7\u00f5es voltadas \u00e0 forma\u00e7\u00e3o do professor de l\u00ednguas materna e estrangeira.<\/p>\n<p>E-mail: vgcarlos@uepg.br<\/p>\n<p>Curr\u00edculo Lattes:\u00a0<a href=\"http:\/\/lattes.cnpq.br\/5305551484510716\" target=\"_blank\" rel=\"noopener\">http:\/\/lattes.cnpq.br\/5305551484510716<\/a><\/p>\n<p><b><img class=\" wp-image-5098 alignleft\" src=\"http:\/\/www2.uepg.br\/ppgel\/wp-content\/uploads\/sites\/68\/2026\/04\/yaroslava-ucraniava-Fabio-Ansolin-16-200x300.jpg\" alt=\"\" width=\"147\" height=\"221\" \/> YAROSLAVA MURAVETSKA<\/b><\/p>\n<p><span style=\"font-weight: 400\">Doutora em Teoria da Literatura pela Academia Nacional de Ci\u00eancias da Ucr\u00e2nia, atualmente vinculada ao Programa de P\u00f3s-Gradua\u00e7\u00e3o em Estudos da Linguagem da Universidade Estadual de Ponta Grossa (UEPG). Desenvolve pesquisas com foco na visualidade e no realismo na literatura ucraniana, bem como estudos sobre a escrita emigrante ucraniana no Brasil, com \u00eanfase em mem\u00f3ria, deslocamento e an\u00e1lise digital de textos. Atua no ensino de l\u00edngua ucraniana e na divulga\u00e7\u00e3o cultural por meio de projetos interdisciplinares.<\/span><\/p>\n<p>Lattes: <a href=\"http:\/\/lattes.cnpq.br\/6953235039703317\">http:\/\/lattes.cnpq.br\/6953235039703317<\/a><\/p>\n<p><span style=\"font-weight: 400\">ORCID: <\/span><a href=\"https:\/\/orcid.org\/0000-0003-0408-0389\"><span style=\"font-weight: 400\">https:\/\/orcid.org\/0000-0003-0408-0389<\/span><\/a><\/p>\n<p><span style=\"font-weight: 400\">Google Scholar: <\/span><a href=\"https:\/\/scholar.google.com\/citations?user=KVD2vFoAAAAJ\"><span style=\"font-weight: 400\">https:\/\/scholar.google.com\/citations?user=KVD2vFoAAAAJ<\/span><\/a><\/p>\n\t\t\t\t<\/div>\n\t\t\t<\/div>\n\t\t<\/div>\n\t\t<\/div>\n<\/div>\n<\/div><\/div><\/div><\/div><\/div><\/div>","protected":false},"excerpt":{"rendered":"<p>Linhas de pesquisa: Estudos Liter\u00e1rios DANIEL DE OLIVEIRA GOMES\u00a0 Possui gradua\u00e7\u00e3o em Letras pela Universidade Estadual de Ponta Grossa. Possui mestrado e doutorado em Literatura pela Universidade Federal de Santa Catarina. Fez est\u00e1gio sandu\u00edche de doutorado pela Universit\u00e9 de Lille III. Atualmente, est\u00e1 em licen\u00e7a p\u00f3s-doutoral junto ao Centre de Recherches Interdisciplinaires sur le Monde&nbsp;&hellip;<\/p>\n","protected":false},"author":24,"featured_media":0,"parent":0,"menu_order":0,"comment_status":"closed","ping_status":"closed","template":"page-templates\/page-with-right-sidebar.php","meta":[],"_links":{"self":[{"href":"https:\/\/www2.uepg.br\/ppgel\/wp-json\/wp\/v2\/pages\/56"}],"collection":[{"href":"https:\/\/www2.uepg.br\/ppgel\/wp-json\/wp\/v2\/pages"}],"about":[{"href":"https:\/\/www2.uepg.br\/ppgel\/wp-json\/wp\/v2\/types\/page"}],"author":[{"embeddable":true,"href":"https:\/\/www2.uepg.br\/ppgel\/wp-json\/wp\/v2\/users\/24"}],"replies":[{"embeddable":true,"href":"https:\/\/www2.uepg.br\/ppgel\/wp-json\/wp\/v2\/comments?post=56"}],"version-history":[{"count":88,"href":"https:\/\/www2.uepg.br\/ppgel\/wp-json\/wp\/v2\/pages\/56\/revisions"}],"predecessor-version":[{"id":5103,"href":"https:\/\/www2.uepg.br\/ppgel\/wp-json\/wp\/v2\/pages\/56\/revisions\/5103"}],"wp:attachment":[{"href":"https:\/\/www2.uepg.br\/ppgel\/wp-json\/wp\/v2\/media?parent=56"}],"curies":[{"name":"wp","href":"https:\/\/api.w.org\/{rel}","templated":true}]}}