{"id":58,"date":"2020-05-25T11:22:35","date_gmt":"2020-05-25T14:22:35","guid":{"rendered":"http:\/\/www2.uepg.br\/ppgel\/?page_id=58"},"modified":"2026-04-16T17:15:41","modified_gmt":"2026-04-16T20:15:41","slug":"corpo-discente","status":"publish","type":"page","link":"https:\/\/www2.uepg.br\/ppgel\/corpo-discente\/","title":{"rendered":"Corpo Discente"},"content":{"rendered":"<div id=\"pl-58\"  class=\"panel-layout\" ><div id=\"pg-58-0\"  class=\"panel-grid panel-no-style\" ><div id=\"pgc-58-0-0\"  class=\"panel-grid-cell\" ><div id=\"panel-58-0-0-0\" class=\"so-panel widget widget_sow-accordion panel-first-child panel-last-child\" data-index=\"0\" ><div\n\t\t\t\n\t\t\tclass=\"so-widget-sow-accordion so-widget-sow-accordion-default-7f158b849c7f-58\"\n\t\t\t\n\t\t><div>\n\t<div class=\"sow-accordion\">\n\t\t\t<div class=\"sow-accordion-panel\"\n\t\t\t data-anchor=\"2026\">\n\t\t\t\t<div class=\"sow-accordion-panel-header-container\" role=\"heading\" aria-level=\"2\">\n\t\t\t\t\t<div class=\"sow-accordion-panel-header\" tabindex=\"0\" role=\"button\" id=\"accordion-label-2026\" aria-controls=\"accordion-content-2026\" aria-expanded=\"false\">\n\t\t\t\t\t\t<div class=\"sow-accordion-title sow-accordion-title-icon-left\">\n\t\t\t\t\t\t\t\t\t\t\t\t\t\t2026\t\t\t\t\t\t\t\t\t\t\t\t\t<\/div>\n\t\t\t\t\t\t<div class=\"sow-accordion-open-close-button\">\n\t\t\t\t\t\t\t<div class=\"sow-accordion-open-button\">\n\t\t\t\t\t\t\t\t<span class=\"sow-icon-ionicons\" data-sow-icon=\"&#xf218;\"\n\t\t \n\t\taria-hidden=\"true\"><\/span>\t\t\t\t\t\t\t<\/div>\n\t\t\t\t\t\t\t<div class=\"sow-accordion-close-button\">\n\t\t\t\t\t\t\t\t<span class=\"sow-icon-ionicons\" data-sow-icon=\"&#xf209;\"\n\t\t \n\t\taria-hidden=\"true\"><\/span>\t\t\t\t\t\t\t<\/div>\n\t\t\t\t\t\t<\/div>\n\t\t\t\t\t<\/div>\n\t\t\t\t<\/div>\n\n\t\t\t<div\n\t\t\t\tclass=\"sow-accordion-panel-content\"\n\t\t\t\trole=\"region\"\n\t\t\t\taria-labelledby=\"accordion-label-2026\"\n\t\t\t\tid=\"accordion-content-2026\"\n\t\t\t\tstyle=\"display: none;\"\t\t\t>\n\t\t\t\t<div class=\"sow-accordion-panel-border\" tabindex=\"0\">\n\t\t\t\t\t<p style=\"text-align: center\"><strong>MESTRADO TURMA -2026<\/strong><\/p>\n<table style=\"height: 1519px\" width=\"933\" cellspacing=\"0\" cellpadding=\"4\">\n<tbody>\n<tr valign=\"top\">\n<td width=\"33%\">\n<p align=\"center\"><span style=\"font-size: xx-large\"><b>Nome do aluno<\/b><\/span><\/p>\n<\/td>\n<td width=\"33%\">\n<p align=\"center\"><span style=\"font-size: xx-large\"><b>Orientador\/a<\/b><\/span><\/p>\n<\/td>\n<td width=\"33%\">\n<p align=\"center\"><span style=\"font-size: xx-large\"><b>Linha de Pesquisa<\/b><\/span><\/p>\n<\/td>\n<\/tr>\n<tr valign=\"top\">\n<td width=\"33%\">\n<p align=\"center\"><span style=\"font-size: large\">Alexandre Moreira Cordeiro <\/span><\/p>\n<\/td>\n<td width=\"33%\">\n<p align=\"center\"><span style=\"font-size: large\">M\u00e1rcia Cristina do Carmo<\/span><\/p>\n<\/td>\n<td width=\"33%\">\n<p align=\"center\"><span style=\"font-size: large\">Estudos Lingu\u00edsticos<\/span><\/p>\n<\/td>\n<\/tr>\n<tr valign=\"top\">\n<td width=\"33%\">\n<p align=\"center\"><span style=\"font-size: large\">Aline Batista Alves <\/span><\/p>\n<\/td>\n<td width=\"33%\">\n<p align=\"center\"><span style=\"font-size: large\">Valeska Gracioso Carlos<\/span><\/p>\n<\/td>\n<td width=\"33%\">\n<p align=\"center\"><span style=\"font-size: large\">Estudos Lingu\u00edsticos<\/span><\/p>\n<\/td>\n<\/tr>\n<tr valign=\"top\">\n<td width=\"33%\">\n<p align=\"center\"><span style=\"font-size: large\">Allan Motta de Lima <\/span><\/p>\n<\/td>\n<td width=\"33%\">\n<p align=\"center\"><span style=\"font-size: large\">Silvana Oliveira<\/span><\/p>\n<\/td>\n<td width=\"33%\">\n<p align=\"center\"><span style=\"font-size: large\">Estudos Liter\u00e1rios<\/span><\/p>\n<\/td>\n<\/tr>\n<tr valign=\"top\">\n<td width=\"33%\">\n<p align=\"center\"><span style=\"font-size: large\">Bruna Maria L. Fernandes C\u00e2ndido <\/span><\/p>\n<\/td>\n<td width=\"33%\">\n<p align=\"center\"><span style=\"font-size: large\">R\u00fabia Carla da Silva<\/span><\/p>\n<\/td>\n<td width=\"33%\">\n<p align=\"center\"><span style=\"font-size: large\">Estudos Lingu\u00edsticos<\/span><\/p>\n<\/td>\n<\/tr>\n<tr valign=\"top\">\n<td width=\"33%\">\n<p align=\"center\"><span style=\"font-size: large\">Camila Aparecida de Castro <\/span><\/p>\n<\/td>\n<td width=\"33%\">\n<p align=\"center\"><span style=\"font-size: large\">Marcos Barbosa Carreira<\/span><\/p>\n<\/td>\n<td width=\"33%\">\n<p align=\"center\"><span style=\"font-size: large\">Estudos Lingu\u00edsticos<\/span><\/p>\n<\/td>\n<\/tr>\n<tr valign=\"top\">\n<td width=\"33%\">\n<p align=\"center\"><span style=\"font-size: large\">Camila Venske Martins <\/span><\/p>\n<\/td>\n<td width=\"33%\">\n<p align=\"center\"><span style=\"font-size: large\">\u00c1lvaro Kasuaki Fujihara<\/span><\/p>\n<\/td>\n<td width=\"33%\">\n<p align=\"center\"><span style=\"font-size: large\">Estudos Lingu\u00edsticos<\/span><\/p>\n<\/td>\n<\/tr>\n<tr valign=\"top\">\n<td width=\"33%\">\n<p align=\"center\"><span style=\"font-size: large\">Daniele Luiza Fidelix Silva <\/span><\/p>\n<\/td>\n<td width=\"33%\">\n<p align=\"center\"><span style=\"font-size: large\">Ione da Silva Jovino<\/span><\/p>\n<\/td>\n<td width=\"33%\">\n<p align=\"center\"><span style=\"font-size: large\">Estudos Lingu\u00edsticos<\/span><\/p>\n<\/td>\n<\/tr>\n<tr valign=\"top\">\n<td width=\"33%\">\n<p align=\"center\"><span style=\"font-size: large\">Elis Regina Przybysz <\/span><\/p>\n<\/td>\n<td width=\"33%\">\n<p align=\"center\"><span style=\"font-size: large\">Cl\u00f3ris Porto Torquato<\/span><\/p>\n<\/td>\n<td width=\"33%\">\n<p align=\"center\"><span style=\"font-size: large\">Estudos Lingu\u00edsticos<\/span><\/p>\n<\/td>\n<\/tr>\n<tr valign=\"top\">\n<td width=\"33%\">\n<p align=\"center\"><span style=\"font-size: large\">Elvira Cristina Correa da Maia <\/span><\/p>\n<\/td>\n<td width=\"33%\">\n<p align=\"center\"><span style=\"font-size: large\">Marly Catarina Soares<\/span><\/p>\n<\/td>\n<td width=\"33%\">\n<p align=\"center\"><span style=\"font-size: large\">Estudos Liter\u00e1rios<\/span><\/p>\n<\/td>\n<\/tr>\n<tr valign=\"top\">\n<td width=\"33%\">\n<p align=\"center\"><span style=\"font-size: large\">Gabriela Starke de Oliveira <\/span><\/p>\n<\/td>\n<td width=\"33%\">\n<p align=\"center\"><span style=\"font-size: large\">Evanir Pavloski<\/span><\/p>\n<\/td>\n<td width=\"33%\">\n<p align=\"center\"><span style=\"font-size: large\">Estudos Liter\u00e1rios<\/span><\/p>\n<\/td>\n<\/tr>\n<tr valign=\"top\">\n<td width=\"33%\">\n<p align=\"center\"><span style=\"font-size: large\">Gabriel Augusto Valvassori Zavaski <\/span><\/p>\n<\/td>\n<td width=\"33%\">\n<p align=\"center\"><span style=\"font-size: large\">Rosana Apolonia Harmuch<\/span><\/p>\n<\/td>\n<td width=\"33%\">\n<p align=\"center\"><span style=\"font-size: large\">Estudos Liter\u00e1rios<\/span><\/p>\n<\/td>\n<\/tr>\n<tr valign=\"top\">\n<td width=\"33%\">\n<p align=\"center\"><span style=\"font-size: large\">Jacqueline de Lima Betero <\/span><\/p>\n<\/td>\n<td width=\"33%\">\n<p align=\"center\"><span style=\"font-size: large\">Cl\u00f3ris Porto Torquato<\/span><\/p>\n<\/td>\n<td width=\"33%\">\n<p align=\"center\"><span style=\"font-size: large\">Estudos Lingu\u00edsticos<\/span><\/p>\n<\/td>\n<\/tr>\n<tr valign=\"top\">\n<td width=\"33%\">\n<p align=\"center\"><span style=\"font-size: large\">Jullya Stheffany V. de Oliveira <\/span><\/p>\n<\/td>\n<td width=\"33%\">\n<p align=\"center\"><span style=\"font-size: large\">Rosana Apolonia Harmuch<\/span><\/p>\n<\/td>\n<td width=\"33%\">\n<p align=\"center\"><span style=\"font-size: large\">Estudos Liter\u00e1rios<\/span><\/p>\n<\/td>\n<\/tr>\n<tr valign=\"top\">\n<td width=\"33%\">\n<p align=\"center\"><span style=\"font-size: large\">Lucas de Carvalho Morais <\/span><\/p>\n<\/td>\n<td width=\"33%\">\n<p align=\"center\"><span style=\"font-size: large\">Rosana Apolonia Harmuch<\/span><\/p>\n<\/td>\n<td width=\"33%\">\n<p align=\"center\"><span style=\"font-size: large\">Estudos Liter\u00e1rios<\/span><\/p>\n<\/td>\n<\/tr>\n<tr valign=\"top\">\n<td width=\"33%\">\n<p align=\"center\"><span style=\"font-size: large\">Mariana Moromisa M. da Silveira <\/span><\/p>\n<\/td>\n<td width=\"33%\">\n<p align=\"center\"><span style=\"font-size: large\">Evanir Pavloski <\/span><\/p>\n<\/td>\n<td width=\"33%\">\n<p align=\"center\"><span style=\"font-size: large\">Estudos Liter\u00e1rios<\/span><\/p>\n<\/td>\n<\/tr>\n<tr valign=\"top\">\n<td width=\"33%\">\n<p align=\"center\"><span style=\"font-size: large\">Mayara Tehiedemann Zuse <\/span><\/p>\n<\/td>\n<td width=\"33%\">\n<p align=\"center\"><span style=\"font-size: large\">\u00c1lvaro Kasuaki Fujihara<\/span><\/p>\n<\/td>\n<td width=\"33%\">\n<p align=\"center\"><span style=\"font-size: large\">Estudos Lingu\u00edsticos<\/span><\/p>\n<\/td>\n<\/tr>\n<tr valign=\"top\">\n<td width=\"33%\">\n<p align=\"center\"><span style=\"font-size: large\">Paula Fitzhum <\/span><\/p>\n<\/td>\n<td width=\"33%\">\n<p align=\"center\"><span style=\"font-size: large\">Pascoalina B. de Oliveira Saleh<\/span><\/p>\n<\/td>\n<td width=\"33%\">\n<p align=\"center\"><span style=\"font-size: large\">Estudos Lingu\u00edsticos<\/span><\/p>\n<\/td>\n<\/tr>\n<tr valign=\"top\">\n<td width=\"33%\">\n<p align=\"center\"><span style=\"font-size: large\">Pedro Henrique Gomes <\/span><\/p>\n<\/td>\n<td width=\"33%\">\n<p align=\"center\"><span style=\"font-size: large\">Paulo C\u00e9sar Fachin<\/span><\/p>\n<\/td>\n<td width=\"33%\">\n<p align=\"center\"><span style=\"font-size: large\">Estudos Lingu\u00edsticos<\/span><\/p>\n<\/td>\n<\/tr>\n<tr valign=\"top\">\n<td width=\"33%\">\n<p align=\"center\"><span style=\"font-size: large\">Rodrigo Paes <\/span><\/p>\n<\/td>\n<td width=\"33%\">\n<p align=\"center\"><span style=\"font-size: large\">Giuliano Lellis Ito Santos<\/span><\/p>\n<\/td>\n<td width=\"33%\">\n<p align=\"center\"><span style=\"font-size: large\">Estudos Liter\u00e1rios<\/span><\/p>\n<\/td>\n<\/tr>\n<tr valign=\"top\">\n<td width=\"33%\">\n<p align=\"center\"><span style=\"font-size: large\">Tatiane Chornobai de Oliveira <\/span><\/p>\n<\/td>\n<td width=\"33%\">\n<p align=\"center\"><span style=\"font-size: large\">Pascoalina B. de Oliveira Saleh<\/span><\/p>\n<\/td>\n<td width=\"33%\">\n<p align=\"center\"><span style=\"font-size: large\">Estudos Lingu\u00edsticos<\/span><\/p>\n<\/td>\n<\/tr>\n<\/tbody>\n<\/table>\n\t\t\t\t<\/div>\n\t\t\t<\/div>\n\t\t<\/div>\n\t\t\t<div class=\"sow-accordion-panel\"\n\t\t\t data-anchor=\"2025\">\n\t\t\t\t<div class=\"sow-accordion-panel-header-container\" role=\"heading\" aria-level=\"2\">\n\t\t\t\t\t<div class=\"sow-accordion-panel-header\" tabindex=\"0\" role=\"button\" id=\"accordion-label-2025\" aria-controls=\"accordion-content-2025\" aria-expanded=\"false\">\n\t\t\t\t\t\t<div class=\"sow-accordion-title sow-accordion-title-icon-left\">\n\t\t\t\t\t\t\t\t\t\t\t\t\t\t2025\t\t\t\t\t\t\t\t\t\t\t\t\t<\/div>\n\t\t\t\t\t\t<div class=\"sow-accordion-open-close-button\">\n\t\t\t\t\t\t\t<div class=\"sow-accordion-open-button\">\n\t\t\t\t\t\t\t\t<span class=\"sow-icon-ionicons\" data-sow-icon=\"&#xf218;\"\n\t\t \n\t\taria-hidden=\"true\"><\/span>\t\t\t\t\t\t\t<\/div>\n\t\t\t\t\t\t\t<div class=\"sow-accordion-close-button\">\n\t\t\t\t\t\t\t\t<span class=\"sow-icon-ionicons\" data-sow-icon=\"&#xf209;\"\n\t\t \n\t\taria-hidden=\"true\"><\/span>\t\t\t\t\t\t\t<\/div>\n\t\t\t\t\t\t<\/div>\n\t\t\t\t\t<\/div>\n\t\t\t\t<\/div>\n\n\t\t\t<div\n\t\t\t\tclass=\"sow-accordion-panel-content\"\n\t\t\t\trole=\"region\"\n\t\t\t\taria-labelledby=\"accordion-label-2025\"\n\t\t\t\tid=\"accordion-content-2025\"\n\t\t\t\tstyle=\"display: none;\"\t\t\t>\n\t\t\t\t<div class=\"sow-accordion-panel-border\" tabindex=\"0\">\n\t\t\t\t\t<table width=\"100%\" cellspacing=\"0\" cellpadding=\"4\">\n<tbody>\n<tr valign=\"top\">\n<td width=\"33%\">\n<p align=\"center\"><span style=\"font-size: xx-large\"><b>Nome do aluno<\/b><\/span><\/p>\n<\/td>\n<td width=\"33%\">\n<p align=\"center\"><span style=\"font-size: xx-large\"><b>Orientador\/a<\/b><\/span><\/p>\n<\/td>\n<td width=\"33%\">\n<p align=\"center\"><span style=\"font-size: xx-large\"><b>Linha de Pesquisa<\/b><\/span><\/p>\n<\/td>\n<\/tr>\n<tr valign=\"top\">\n<td width=\"33%\">\n<p align=\"center\"><span style=\"font-size: large\">Alice Sauruk de Andrade<\/span><\/p>\n<\/td>\n<td width=\"33%\">\n<p align=\"center\"><span style=\"font-size: large\">Cl\u00f3ris Porto Torquato<\/span><\/p>\n<\/td>\n<td width=\"33%\">\n<p align=\"center\"><span style=\"font-size: large\">Estudos Lingu\u00edsticos<\/span><\/p>\n<\/td>\n<\/tr>\n<tr valign=\"top\">\n<td width=\"33%\">\n<p align=\"center\"><span style=\"font-size: large\">Aline de Paula Maia<\/span><\/p>\n<\/td>\n<td width=\"33%\">\n<p align=\"center\"><span style=\"font-size: large\">Leticia Fraga<\/span><\/p>\n<\/td>\n<td width=\"33%\">\n<p align=\"center\"><span style=\"font-size: large\">Estudos Lingu\u00edsticos<\/span><\/p>\n<\/td>\n<\/tr>\n<tr valign=\"top\">\n<td width=\"33%\">\n<p align=\"center\"><span style=\"font-size: large\">Amanda Camila da S. Caturra<\/span><\/p>\n<\/td>\n<td width=\"33%\">\n<p align=\"center\"><span style=\"font-size: large\">Keli Cristina Pacheco<\/span><\/p>\n<\/td>\n<td width=\"33%\">\n<p align=\"center\"><span style=\"font-size: large\">Estudos Liter\u00e1rios<\/span><\/p>\n<\/td>\n<\/tr>\n<tr valign=\"top\">\n<td width=\"33%\">\n<p align=\"center\"><span style=\"font-size: large\">Analice Ranhtanh Pinheiro<\/span><\/p>\n<\/td>\n<td width=\"33%\">\n<p align=\"center\"><span style=\"font-size: large\">Leticia Fraga<\/span><\/p>\n<\/td>\n<td width=\"33%\">\n<p align=\"center\"><span style=\"font-size: large\">Estudos Lingu\u00edsticos<\/span><\/p>\n<\/td>\n<\/tr>\n<tr valign=\"top\">\n<td width=\"33%\">\n<p align=\"center\"><span style=\"font-size: large\">Ana Beatriz de Souza Carrero<\/span><\/p>\n<\/td>\n<td width=\"33%\">\n<p align=\"center\"><span style=\"font-size: large\">Leticia Fraga<\/span><\/p>\n<\/td>\n<td width=\"33%\">\n<p align=\"center\"><span style=\"font-size: large\">Estudos Lingu\u00edsticos<\/span><\/p>\n<\/td>\n<\/tr>\n<tr valign=\"top\">\n<td width=\"33%\">\n<p align=\"center\"><span style=\"font-size: large\">Erika Detrez Coelho<\/span><\/p>\n<\/td>\n<td width=\"33%\">\n<p align=\"center\"><span style=\"font-size: large\">Paulo Fachim<\/span><\/p>\n<\/td>\n<td width=\"33%\">\n<p align=\"center\"><span style=\"font-size: large\">Estudos Lingu\u00edsticos<\/span><\/p>\n<\/td>\n<\/tr>\n<tr valign=\"top\">\n<td width=\"33%\">\n<p align=\"center\"><span style=\"font-size: large\">Flavia Isabel Ferreira Rosas<\/span><\/p>\n<\/td>\n<td width=\"33%\">\n<p align=\"center\"><span style=\"font-size: large\">Valeska Gracioso Carlos<\/span><\/p>\n<\/td>\n<td width=\"33%\">\n<p align=\"center\"><span style=\"font-size: large\">Estudos Lingu\u00edsticos<\/span><\/p>\n<\/td>\n<\/tr>\n<tr valign=\"top\">\n<td width=\"33%\">\n<p align=\"center\"><span style=\"font-size: large\">Isabely Schermak Sanson Freitas<\/span><\/p>\n<\/td>\n<td width=\"33%\">\n<p align=\"center\"><span style=\"font-size: large\">Leticia Fraga<\/span><\/p>\n<\/td>\n<td width=\"33%\">\n<p align=\"center\"><span style=\"font-size: large\">Estudos Lingu\u00edsticos<\/span><\/p>\n<\/td>\n<\/tr>\n<tr valign=\"top\">\n<td width=\"33%\">\n<p align=\"center\"><span style=\"font-size: large\">Julia Ribeiro dos Santos<\/span><\/p>\n<\/td>\n<td width=\"33%\">\n<p align=\"center\"><span style=\"font-size: large\">Cl\u00f3ris Porto Torquato<\/span><\/p>\n<\/td>\n<td width=\"33%\">\n<p align=\"center\"><span style=\"font-size: large\">Estudos Lingu\u00edsticos<\/span><\/p>\n<\/td>\n<\/tr>\n<tr valign=\"top\">\n<td width=\"33%\">\n<p align=\"center\"><span style=\"font-size: large\">Kassia Nicolly Montani de Lima<\/span><\/p>\n<\/td>\n<td width=\"33%\">\n<p align=\"center\"><span style=\"font-size: large\">Marly Catarina Soares<\/span><\/p>\n<\/td>\n<td width=\"33%\">\n<p align=\"center\"><span style=\"font-size: large\">Estudos Liter\u00e1rios<\/span><\/p>\n<\/td>\n<\/tr>\n<tr valign=\"top\">\n<td width=\"33%\">\n<p align=\"center\"><span style=\"font-size: large\">Lorena Bianca da Silva<\/span><\/p>\n<\/td>\n<td width=\"33%\">\n<p align=\"center\"><span style=\"font-size: large\">Lucimar Araujo Braga<\/span><\/p>\n<\/td>\n<td width=\"33%\">\n<p align=\"center\"><span style=\"font-size: large\">Estudos Lingu\u00edsticos<\/span><\/p>\n<\/td>\n<\/tr>\n<tr valign=\"top\">\n<td width=\"33%\">\n<p align=\"center\"><span style=\"font-size: large\">Lorrana Ferreira<\/span><\/p>\n<\/td>\n<td width=\"33%\">\n<p align=\"center\"><span style=\"font-size: large\">Sebasti\u00e3o Louren\u00e7o dos Santos<\/span><\/p>\n<\/td>\n<td width=\"33%\">\n<p align=\"center\"><span style=\"font-size: large\">Estudos Lingu\u00edsticos<\/span><\/p>\n<\/td>\n<\/tr>\n<tr valign=\"top\">\n<td width=\"33%\">\n<p align=\"center\"><span style=\"font-size: large\">Maiara Wrona<\/span><\/p>\n<p align=\"center\">\n<\/p><\/td>\n<td width=\"33%\">\n<p align=\"center\"><span style=\"font-size: large\">Sebasti\u00e3o Louren\u00e7o dos Santos<\/span><\/p>\n<\/td>\n<td width=\"33%\">\n<p align=\"center\"><span style=\"font-size: large\">Estudos Lingu\u00edsticos<\/span><\/p>\n<\/td>\n<\/tr>\n<tr valign=\"top\">\n<td width=\"33%\">\n<p align=\"center\"><span style=\"font-size: large\">Maria Fernanda de Lima<\/span><\/p>\n<\/td>\n<td width=\"33%\">\n<p align=\"center\"><span style=\"font-size: large\">Marcos Barbosa Carreira<\/span><\/p>\n<\/td>\n<td width=\"33%\">\n<p align=\"center\"><span style=\"font-size: large\">Estudos Lingu\u00edsticos<\/span><\/p>\n<\/td>\n<\/tr>\n<tr valign=\"top\">\n<td width=\"33%\">\n<p align=\"center\"><span style=\"font-size: large\">Marina Zavadzki<\/span><\/p>\n<\/td>\n<td width=\"33%\">\n<p align=\"center\"><span style=\"font-size: large\">Valeska Gracioso Carlos<\/span><\/p>\n<\/td>\n<td width=\"33%\">\n<p align=\"center\"><span style=\"font-size: large\">Estudos Lingu\u00edsticos<\/span><\/p>\n<\/td>\n<\/tr>\n<tr valign=\"top\">\n<td width=\"33%\">\n<p align=\"center\"><span style=\"font-size: large\">Pedro Vinicius de Abreu<\/span><\/p>\n<\/td>\n<td width=\"33%\">\n<p align=\"center\"><span style=\"font-size: large\">Silvana Oliveira<\/span><\/p>\n<\/td>\n<td width=\"33%\">\n<p align=\"center\"><span style=\"font-size: large\">Estudos Liter\u00e1rios<\/span><\/p>\n<\/td>\n<\/tr>\n<tr valign=\"top\">\n<td width=\"33%\">\n<p align=\"center\"><span style=\"font-size: large\">Priscila de Lima<\/span><\/p>\n<\/td>\n<td width=\"33%\">\n<p align=\"center\"><span style=\"font-size: large\">R\u00fabia Carla da Silva<\/span><\/p>\n<\/td>\n<td width=\"33%\">\n<p align=\"center\"><span style=\"font-size: large\">Estudos Lingu\u00edsticos<\/span><\/p>\n<\/td>\n<\/tr>\n<tr valign=\"top\">\n<td width=\"33%\">\n<p align=\"center\"><span style=\"font-size: large\">Rafael Teixeira Silva<\/span><\/p>\n<\/td>\n<td width=\"33%\">\n<p align=\"center\"><span style=\"font-size: large\">Evanir Pavloski<\/span><\/p>\n<\/td>\n<td width=\"33%\">\n<p align=\"center\"><span style=\"font-size: large\">Estudos Liter\u00e1rios<\/span><\/p>\n<\/td>\n<\/tr>\n<tr valign=\"top\">\n<td width=\"33%\">\n<p align=\"center\"><span style=\"font-size: large\">Tayn\u00e1 Antunes Brunk<\/span><\/p>\n<\/td>\n<td width=\"33%\">\n<p align=\"center\"><span style=\"font-size: large\">Marly Catarina Soares<\/span><\/p>\n<\/td>\n<td width=\"33%\">\n<p align=\"center\"><span style=\"font-size: large\">Estudos Liter\u00e1rios<\/span><\/p>\n<\/td>\n<\/tr>\n<tr valign=\"top\">\n<td width=\"33%\">\n<p align=\"center\"><span style=\"font-size: large\">Vinicius Heitor Pereira<\/span><\/p>\n<\/td>\n<td width=\"33%\">\n<p align=\"center\"><span style=\"font-size: large\">R\u00fabia Carla da Silva <\/span><\/p>\n<\/td>\n<td width=\"33%\">\n<p align=\"center\"><span style=\"font-size: large\">Estudos Lingu\u00edsticos<\/span><\/p>\n<\/td>\n<\/tr>\n<\/tbody>\n<\/table>\n\t\t\t\t<\/div>\n\t\t\t<\/div>\n\t\t<\/div>\n\t\t\t<div class=\"sow-accordion-panel\"\n\t\t\t data-anchor=\"2024\">\n\t\t\t\t<div class=\"sow-accordion-panel-header-container\" role=\"heading\" aria-level=\"2\">\n\t\t\t\t\t<div class=\"sow-accordion-panel-header\" tabindex=\"0\" role=\"button\" id=\"accordion-label-2024\" aria-controls=\"accordion-content-2024\" aria-expanded=\"false\">\n\t\t\t\t\t\t<div class=\"sow-accordion-title sow-accordion-title-icon-left\">\n\t\t\t\t\t\t\t\t\t\t\t\t\t\t2024\t\t\t\t\t\t\t\t\t\t\t\t\t<\/div>\n\t\t\t\t\t\t<div class=\"sow-accordion-open-close-button\">\n\t\t\t\t\t\t\t<div class=\"sow-accordion-open-button\">\n\t\t\t\t\t\t\t\t<span class=\"sow-icon-ionicons\" data-sow-icon=\"&#xf218;\"\n\t\t \n\t\taria-hidden=\"true\"><\/span>\t\t\t\t\t\t\t<\/div>\n\t\t\t\t\t\t\t<div class=\"sow-accordion-close-button\">\n\t\t\t\t\t\t\t\t<span class=\"sow-icon-ionicons\" data-sow-icon=\"&#xf209;\"\n\t\t \n\t\taria-hidden=\"true\"><\/span>\t\t\t\t\t\t\t<\/div>\n\t\t\t\t\t\t<\/div>\n\t\t\t\t\t<\/div>\n\t\t\t\t<\/div>\n\n\t\t\t<div\n\t\t\t\tclass=\"sow-accordion-panel-content\"\n\t\t\t\trole=\"region\"\n\t\t\t\taria-labelledby=\"accordion-label-2024\"\n\t\t\t\tid=\"accordion-content-2024\"\n\t\t\t\tstyle=\"display: none;\"\t\t\t>\n\t\t\t\t<div class=\"sow-accordion-panel-border\" tabindex=\"0\">\n\t\t\t\t\t<table width=\"100%\" cellspacing=\"0\" cellpadding=\"4\">\n<tbody>\n<tr valign=\"top\">\n<td width=\"40%\">\n<p align=\"center\">Nome do aluno\/a<\/p>\n<\/td>\n<td width=\"35%\">\n<p align=\"center\">Orientador\/a<\/p>\n<\/td>\n<td width=\"25%\">\n<p align=\"center\">Linha de pesquisa<\/p>\n<\/td>\n<\/tr>\n<tr valign=\"top\">\n<td width=\"40%\">Angela dos Santos Salto<\/td>\n<td width=\"35%\">Eunice de Morais<\/td>\n<td width=\"25%\">Estudos Liter\u00e1rios<\/td>\n<\/tr>\n<tr valign=\"top\">\n<td width=\"40%\">Andre Izaias Garus Prodelik<\/td>\n<td width=\"35%\">Cl\u00f3ris Porto Torquato<\/td>\n<td width=\"25%\">Estudos Lingu\u00edsticos<\/td>\n<\/tr>\n<tr valign=\"top\">\n<td width=\"40%\">Camila Martins Ferreira<\/td>\n<td width=\"35%\">Evanir Pavloski<\/td>\n<td width=\"25%\">Estudos Liter\u00e1rios<\/td>\n<\/tr>\n<tr valign=\"top\">\n<td width=\"40%\">Catarina Zarochinski de Oliveira<\/td>\n<td width=\"35%\">Lucimar Araujo Braga<\/td>\n<td width=\"25%\">Estudos Lingu\u00edsticos<\/td>\n<\/tr>\n<tr valign=\"top\">\n<td width=\"40%\">Dayana Rafaela Antunes<\/td>\n<td width=\"35%\">Lucimar Araujo Braga<\/td>\n<td width=\"25%\">Estudos Lingu\u00edsticos<\/td>\n<\/tr>\n<tr valign=\"top\">\n<td width=\"40%\">Fl\u00e1vio Toassi Crispim<\/td>\n<td width=\"35%\">Marly Catarina Soares<\/td>\n<td width=\"25%\">Estudos Liter\u00e1rios<\/td>\n<\/tr>\n<tr valign=\"top\">\n<td width=\"40%\">Franciele Souza Cordeiro<\/td>\n<td width=\"35%\">Marcos Barbosa Carreira<\/td>\n<td width=\"25%\">Estudos Lingu\u00edsticos<\/td>\n<\/tr>\n<tr valign=\"top\">\n<td width=\"40%\">Evandro Hurko<\/td>\n<td width=\"35%\">Keli Cristina Pacheco<\/td>\n<td width=\"25%\">Estudos Liter\u00e1rios<\/td>\n<\/tr>\n<tr valign=\"top\">\n<td width=\"40%\">Gisele Maciel<\/td>\n<td width=\"35%\">R\u00fabia Carla da Silva<\/td>\n<td width=\"25%\">Estudos Lingu\u00edsticos<\/td>\n<\/tr>\n<tr valign=\"top\">\n<td width=\"40%\">Karen Tiburcio Martins<\/td>\n<td width=\"35%\">Keli Cristina Pacheco<\/td>\n<td width=\"25%\">Estudos Liter\u00e1rios<\/td>\n<\/tr>\n<tr valign=\"top\">\n<td width=\"40%\">Karine Bruna do Prado Andrejeski<\/td>\n<td width=\"35%\">R\u00fabia Carla da Silva<\/td>\n<td width=\"25%\">Estudos Lingu\u00edsticos<\/td>\n<\/tr>\n<tr valign=\"top\">\n<td width=\"40%\">Luis Felipe Silva de Almeida<\/td>\n<td width=\"35%\">Pascoalina Bailon de O. Saleh<\/td>\n<td width=\"25%\">Estudos Lingu\u00edsticos<\/td>\n<\/tr>\n<tr valign=\"top\">\n<td width=\"40%\">Marco Vagnotti<\/td>\n<td width=\"35%\">Cl\u00f3ris Porto Torquato<\/td>\n<td width=\"25%\">Estudos Lingu\u00edsticos<\/td>\n<\/tr>\n<tr valign=\"top\">\n<td width=\"40%\">Maria Luisa Bruno Baumgar<\/td>\n<td width=\"35%\">Rosana Apolonia Harmuch<\/td>\n<td width=\"25%\">Estudos Liter\u00e1rios<\/td>\n<\/tr>\n<tr valign=\"top\">\n<td width=\"40%\">Maria Luiza Bahls<\/td>\n<td width=\"35%\">Pascoalina Bailon de O. Saleh<\/td>\n<td width=\"25%\">Estudos Lingu\u00edsticos<\/td>\n<\/tr>\n<tr valign=\"top\">\n<td width=\"40%\">Pedro Henrique Repula<\/td>\n<td width=\"35%\">Marly Catarina Soares<\/td>\n<td width=\"25%\">Estudos Liter\u00e1rios<\/td>\n<\/tr>\n<tr valign=\"top\">\n<td width=\"40%\">Rafael Santos<\/td>\n<td width=\"35%\">Marly Catarina Soaresl<\/td>\n<td width=\"25%\">Estudos Liter\u00e1rios<\/td>\n<\/tr>\n<\/tbody>\n<\/table>\n\t\t\t\t<\/div>\n\t\t\t<\/div>\n\t\t<\/div>\n\t\t\t<div class=\"sow-accordion-panel\"\n\t\t\t data-anchor=\"2023\">\n\t\t\t\t<div class=\"sow-accordion-panel-header-container\" role=\"heading\" aria-level=\"2\">\n\t\t\t\t\t<div class=\"sow-accordion-panel-header\" tabindex=\"0\" role=\"button\" id=\"accordion-label-2023\" aria-controls=\"accordion-content-2023\" aria-expanded=\"false\">\n\t\t\t\t\t\t<div class=\"sow-accordion-title sow-accordion-title-icon-left\">\n\t\t\t\t\t\t\t\t\t\t\t\t\t\t2023\t\t\t\t\t\t\t\t\t\t\t\t\t<\/div>\n\t\t\t\t\t\t<div class=\"sow-accordion-open-close-button\">\n\t\t\t\t\t\t\t<div class=\"sow-accordion-open-button\">\n\t\t\t\t\t\t\t\t<span class=\"sow-icon-ionicons\" data-sow-icon=\"&#xf218;\"\n\t\t \n\t\taria-hidden=\"true\"><\/span>\t\t\t\t\t\t\t<\/div>\n\t\t\t\t\t\t\t<div class=\"sow-accordion-close-button\">\n\t\t\t\t\t\t\t\t<span class=\"sow-icon-ionicons\" data-sow-icon=\"&#xf209;\"\n\t\t \n\t\taria-hidden=\"true\"><\/span>\t\t\t\t\t\t\t<\/div>\n\t\t\t\t\t\t<\/div>\n\t\t\t\t\t<\/div>\n\t\t\t\t<\/div>\n\n\t\t\t<div\n\t\t\t\tclass=\"sow-accordion-panel-content\"\n\t\t\t\trole=\"region\"\n\t\t\t\taria-labelledby=\"accordion-label-2023\"\n\t\t\t\tid=\"accordion-content-2023\"\n\t\t\t\tstyle=\"display: none;\"\t\t\t>\n\t\t\t\t<div class=\"sow-accordion-panel-border\" tabindex=\"0\">\n\t\t\t\t\t<table width=\"100%\" cellspacing=\"0\" cellpadding=\"4\">\n<tbody>\n<tr valign=\"top\">\n<td width=\"33%\">\n<p align=\"center\"><strong><b>Nome do\/a candidato\/a<\/b><\/strong><\/p>\n<\/td>\n<td width=\"33%\">\n<p align=\"center\"><strong><b>Orientador\/a<\/b><\/strong><\/p>\n<\/td>\n<td width=\"33%\">\n<p align=\"center\"><strong><b>Linha de pesquisa<\/b><\/strong><\/p>\n<\/td>\n<\/tr>\n<\/tbody>\n<\/table>\n<table width=\"100%\" cellspacing=\"0\" cellpadding=\"4\">\n<tbody>\n<tr valign=\"top\">\n<td width=\"33%\">\n<p align=\"center\"><span style=\"color: #000000\">Adriele Karla Artusi Leonor<\/span><\/p>\n<\/td>\n<td width=\"33%\">\n<p align=\"center\"><span style=\"color: #000000\">Eunice de Morais<\/span><\/p>\n<\/td>\n<td width=\"33%\">\n<p align=\"center\">Estudos Liter\u00e1rios<\/p>\n<\/td>\n<\/tr>\n<tr valign=\"top\">\n<td width=\"33%\">\n<p align=\"center\"><span style=\"color: #000000\">Ana Fl\u00e1via Kulcheski<\/span><\/p>\n<\/td>\n<td width=\"33%\">\n<p align=\"center\"><span style=\"color: #000000\">Evanir Pavloski<\/span><\/p>\n<\/td>\n<td width=\"33%\">\n<p align=\"center\">Estudos Liter\u00e1rios<\/p>\n<\/td>\n<\/tr>\n<tr valign=\"top\">\n<td width=\"33%\">\n<p align=\"center\"><span style=\"color: #000000\">Anabelli Hortiz de Almeida<\/span><\/p>\n<\/td>\n<td width=\"33%\">\n<p align=\"center\"><span style=\"color: #000000\">Rosana Apolonia Harmuch<\/span><\/p>\n<\/td>\n<td width=\"33%\">\n<p align=\"center\">Estudos Liter\u00e1rios<\/p>\n<\/td>\n<\/tr>\n<tr valign=\"top\">\n<td width=\"33%\">\n<p align=\"center\"><span style=\"color: #000000\">Andrya Taynara L. dos Santos<\/span><\/p>\n<\/td>\n<td width=\"33%\">\n<p align=\"center\"><span style=\"color: #000000\">Sebasti\u00e3o Louren\u00e7o dos Santos<\/span><\/p>\n<\/td>\n<td width=\"33%\">\n<p align=\"center\">Estudos Lingu\u00edsticos<\/p>\n<\/td>\n<\/tr>\n<tr valign=\"top\">\n<td width=\"33%\">\n<p align=\"center\"><span style=\"color: #000000\">Beatriz Fernandes F. Portela<\/span><\/p>\n<\/td>\n<td width=\"33%\">\n<p align=\"center\"><span style=\"color: #000000\">Eunice de Morais<\/span><\/p>\n<\/td>\n<td width=\"33%\">\n<p align=\"center\">Estudos Liter\u00e1rios<\/p>\n<\/td>\n<\/tr>\n<tr valign=\"top\">\n<td width=\"33%\">\n<p align=\"center\"><span style=\"color: #000000\">Brenda Soares Rezende<\/span><\/p>\n<\/td>\n<td width=\"33%\">\n<p align=\"center\"><span style=\"color: #000000\">M\u00e1rcia Cristina do Carmo<\/span><\/p>\n<\/td>\n<td width=\"33%\">\n<p align=\"center\">Estudos Lingu\u00edsticos<\/p>\n<\/td>\n<\/tr>\n<tr valign=\"top\">\n<td width=\"33%\">\n<p align=\"center\"><span style=\"color: #000000\">Cesar Paulo da Silva<\/span><\/p>\n<\/td>\n<td width=\"33%\">\n<p align=\"center\"><span style=\"color: #000000\">Daniel de Oliveira Gomes<\/span><\/p>\n<\/td>\n<td width=\"33%\">\n<p align=\"center\">Estudos Liter\u00e1rios<\/p>\n<\/td>\n<\/tr>\n<tr valign=\"top\">\n<td width=\"33%\">\n<p align=\"center\"><span style=\"color: #000000\">D\u00e9bora Ferreira Pinto<\/span><\/p>\n<\/td>\n<td width=\"33%\">\n<p align=\"center\"><span style=\"color: #000000\">Cl\u00f3ris Porto Torquato<\/span><\/p>\n<\/td>\n<td width=\"33%\">\n<p align=\"center\">Estudos Lingu\u00edsticos<\/p>\n<\/td>\n<\/tr>\n<tr valign=\"top\">\n<td width=\"33%\">\n<p align=\"center\"><span style=\"color: #000000\">Emanuelle Correa Wrege<\/span><\/p>\n<\/td>\n<td width=\"33%\">\n<p align=\"center\"><span style=\"color: #000000\">Evanir Pavloski<\/span><\/p>\n<\/td>\n<td width=\"33%\">\n<p align=\"center\">Estudos Liter\u00e1rios<\/p>\n<\/td>\n<\/tr>\n<tr valign=\"top\">\n<td width=\"33%\">\n<p align=\"center\"><span style=\"color: #000000\">Emely Andrieli Gon\u00e7alves Sloniak<\/span><\/p>\n<\/td>\n<td width=\"33%\">\n<p align=\"center\"><span style=\"color: #000000\">Lucimar Araujo Braga<\/span><\/p>\n<\/td>\n<td width=\"33%\">\n<p align=\"center\">Estudos Lingu\u00edsticos<\/p>\n<\/td>\n<\/tr>\n<tr valign=\"top\">\n<td width=\"33%\">\n<p align=\"center\"><span style=\"color: #000000\">Everson Leskiu<\/span><\/p>\n<\/td>\n<td width=\"33%\">\n<p align=\"center\"><span style=\"color: #000000\">Lucimar Arujo Braga<\/span><\/p>\n<\/td>\n<td width=\"33%\">\n<p align=\"center\">Estudos Lingu\u00edsticos<\/p>\n<\/td>\n<\/tr>\n<tr valign=\"top\">\n<td width=\"33%\">\n<p align=\"center\"><span style=\"color: #000000\">Felipe Kalinoski Ribas<\/span><\/p>\n<\/td>\n<td width=\"33%\">\n<p align=\"center\"><span style=\"color: #000000\">F\u00e1bio Augusto Steyer<\/span><\/p>\n<\/td>\n<td width=\"33%\">\n<p align=\"center\">Estudos Liter\u00e1rios<\/p>\n<\/td>\n<\/tr>\n<\/tbody>\n<\/table>\n<table style=\"height: 710px\" width=\"1461\" cellspacing=\"0\" cellpadding=\"2\">\n<tbody>\n<tr>\n<td width=\"211\">\n<p align=\"center\"><span style=\"color: #000000\">Fernanda Burgath<\/span><\/p>\n<\/td>\n<td width=\"208\">\n<p align=\"center\">Daniel de Oliveira Gomes<\/p>\n<\/td>\n<td width=\"212\">\n<p align=\"center\">Estudos Liter\u00e1rios<\/p>\n<\/td>\n<\/tr>\n<tr>\n<td width=\"211\">\n<p align=\"center\"><span style=\"color: #000000\">Fernanda de F\u00e1tima Geremias<\/span><\/p>\n<\/td>\n<td width=\"208\">\n<p align=\"center\">Sebasti\u00e3o Louren\u00e7o dos Santos<\/p>\n<\/td>\n<td width=\"212\">\n<p align=\"center\">Estudos Lingu\u00edsticos<\/p>\n<\/td>\n<\/tr>\n<tr>\n<td width=\"211\">\n<p align=\"center\"><span style=\"color: #000000\">Francielly da Rosa<\/span><\/p>\n<\/td>\n<td width=\"208\">\n<p align=\"center\">F\u00e1bio Augusto Steyer<\/p>\n<\/td>\n<td width=\"212\">\n<p align=\"center\">Estudos Liter\u00e1rios<\/p>\n<\/td>\n<\/tr>\n<tr>\n<td width=\"211\">\n<p align=\"center\"><span style=\"color: #000000\">Giovana Baruffi Franco<\/span><\/p>\n<\/td>\n<td width=\"208\">\n<p align=\"center\">Cl\u00f3ris Porto Torquato<\/p>\n<\/td>\n<td width=\"212\">\n<p align=\"center\">Estudos Lingu\u00edsticos<\/p>\n<\/td>\n<\/tr>\n<tr>\n<td width=\"211\">\n<p align=\"center\"><span style=\"color: #000000\">Giovanni Capote<\/span><\/p>\n<\/td>\n<td width=\"208\">\n<p align=\"center\">Silvana Oliveira<\/p>\n<\/td>\n<td width=\"212\">\n<p align=\"center\">Estudos Liter\u00e1rios<\/p>\n<\/td>\n<\/tr>\n<tr>\n<td width=\"211\">\n<p align=\"center\"><span style=\"color: #000000\">Gisele de Fatima Do Prado<\/span><\/p>\n<\/td>\n<td width=\"208\">\n<p align=\"center\">Daniel de Oliveira Gomes<\/p>\n<\/td>\n<td width=\"212\">\n<p align=\"center\">Estudos Liter\u00e1rios<\/p>\n<\/td>\n<\/tr>\n<tr>\n<td width=\"211\">\n<p align=\"center\"><span style=\"color: #000000\">Izabely da Cruz Bicudo<\/span><\/p>\n<\/td>\n<td width=\"208\">\n<p align=\"center\">M\u00e1rcia Cristina do Carmo<\/p>\n<\/td>\n<td width=\"212\">\n<p align=\"center\">Estudos Lingu\u00edsticos<\/p>\n<\/td>\n<\/tr>\n<tr>\n<td width=\"211\">\n<p align=\"center\"><span style=\"color: #000000\">Larissa Natalia Silva<\/span><\/p>\n<\/td>\n<td width=\"208\">\n<p align=\"center\">Silvana Oliveira<\/p>\n<\/td>\n<td width=\"212\">\n<p align=\"center\">Estudos Liter\u00e1rios<\/p>\n<\/td>\n<\/tr>\n<tr>\n<td width=\"211\">\n<p align=\"center\"><span style=\"color: #000000\">Ligia Priscila Moreira<\/span><\/p>\n<\/td>\n<td width=\"208\">\n<p align=\"center\">Valeska Gracioso Carlos<\/p>\n<\/td>\n<td width=\"212\">\n<p align=\"center\">Estudos Lingu\u00edsticos<\/p>\n<\/td>\n<\/tr>\n<tr>\n<td width=\"211\">\n<p align=\"center\"><span style=\"color: #000000\">Lucas Dams Bertoli<\/span><\/p>\n<\/td>\n<td width=\"208\">\n<p align=\"center\">Keli Cristina Pacheco<\/p>\n<\/td>\n<td width=\"212\">\n<p align=\"center\">Estudos Liter\u00e1rios<\/p>\n<\/td>\n<\/tr>\n<tr>\n<td width=\"211\">\n<p align=\"center\"><span style=\"color: #000000\">Maria Fernanda R. Soares<\/span><\/p>\n<\/td>\n<td width=\"208\">\n<p align=\"center\">Valeska Gracioso Carlos<\/p>\n<\/td>\n<td width=\"212\">\n<p align=\"center\">Estudos Lingu\u00edsticos<\/p>\n<\/td>\n<\/tr>\n<\/tbody>\n<\/table>\n\t\t\t\t<\/div>\n\t\t\t<\/div>\n\t\t<\/div>\n\t\t\t<div class=\"sow-accordion-panel\"\n\t\t\t data-anchor=\"2022\">\n\t\t\t\t<div class=\"sow-accordion-panel-header-container\" role=\"heading\" aria-level=\"2\">\n\t\t\t\t\t<div class=\"sow-accordion-panel-header\" tabindex=\"0\" role=\"button\" id=\"accordion-label-2022\" aria-controls=\"accordion-content-2022\" aria-expanded=\"false\">\n\t\t\t\t\t\t<div class=\"sow-accordion-title sow-accordion-title-icon-left\">\n\t\t\t\t\t\t\t\t\t\t\t\t\t\t2022\t\t\t\t\t\t\t\t\t\t\t\t\t<\/div>\n\t\t\t\t\t\t<div class=\"sow-accordion-open-close-button\">\n\t\t\t\t\t\t\t<div class=\"sow-accordion-open-button\">\n\t\t\t\t\t\t\t\t<span class=\"sow-icon-ionicons\" data-sow-icon=\"&#xf218;\"\n\t\t \n\t\taria-hidden=\"true\"><\/span>\t\t\t\t\t\t\t<\/div>\n\t\t\t\t\t\t\t<div class=\"sow-accordion-close-button\">\n\t\t\t\t\t\t\t\t<span class=\"sow-icon-ionicons\" data-sow-icon=\"&#xf209;\"\n\t\t \n\t\taria-hidden=\"true\"><\/span>\t\t\t\t\t\t\t<\/div>\n\t\t\t\t\t\t<\/div>\n\t\t\t\t\t<\/div>\n\t\t\t\t<\/div>\n\n\t\t\t<div\n\t\t\t\tclass=\"sow-accordion-panel-content\"\n\t\t\t\trole=\"region\"\n\t\t\t\taria-labelledby=\"accordion-label-2022\"\n\t\t\t\tid=\"accordion-content-2022\"\n\t\t\t\tstyle=\"display: none;\"\t\t\t>\n\t\t\t\t<div class=\"sow-accordion-panel-border\" tabindex=\"0\">\n\t\t\t\t\t<p style=\"text-align: center\">TURMA 2022<\/p>\n<table>\n<tbody>\n<tr>\n<td width=\"225\">NOME<\/td>\n<td width=\"208\">ORIENTADOR<\/td>\n<td width=\"144\">LINHA DE PESQUISA<\/td>\n<\/tr>\n<tr>\n<td width=\"225\">Adriely Alberty Reichert Gomes de Almeida<\/td>\n<td width=\"208\">Valeska Gracioso Carlos<\/td>\n<td width=\"144\">Estudos Lingu\u00edsticos<\/td>\n<\/tr>\n<tr>\n<td width=\"225\">Ana Paula de Andrade Rocha<\/td>\n<td width=\"208\">Pascoalina Bailonde Oliveira Saleh<\/td>\n<td width=\"144\">Estudos Lingu\u00edsticos<\/td>\n<\/tr>\n<tr>\n<td width=\"225\">Fernanda Cristina da Silva<\/td>\n<td width=\"208\">Valeska Gracioso Carlos<\/td>\n<td width=\"144\">Estudos Lingu\u00edsticos<\/td>\n<\/tr>\n<tr>\n<td width=\"225\">Gabriela Moreira dos Santos Sim\u00f5es<\/td>\n<td width=\"208\">M\u00e1rcia Cristina do Carmo<\/td>\n<td width=\"144\">Estudos Lingu\u00edsticos<\/td>\n<\/tr>\n<tr>\n<td width=\"225\">Ingrid Ribeiro Olanda Bonifacio Alves<\/td>\n<td width=\"208\">Let\u00edcia Fraga<\/td>\n<td width=\"144\">Estudos Lingu\u00edsticos<\/td>\n<\/tr>\n<tr>\n<td width=\"225\">Larissa de Medeiros<\/td>\n<td width=\"208\">Valeska Gracioso Carlos<\/td>\n<td width=\"144\">Estudos Lingu\u00edsticos<\/td>\n<\/tr>\n<tr>\n<td width=\"225\">Lidiane Kingeski Garbuio<\/td>\n<td width=\"208\">Lucimar Araujo Braga<\/td>\n<td width=\"144\">Estudos Lingu\u00edsticos<\/td>\n<\/tr>\n<tr>\n<td width=\"225\">Silmara Ara\u00fajo<\/td>\n<td width=\"208\">Pascoalina Bailon de Oliveira Saleh<\/td>\n<td width=\"144\">Estudos Lingu\u00edsticos<\/td>\n<\/tr>\n<tr>\n<td width=\"225\">Silvia Catarina Bocardo Justus<\/td>\n<td width=\"208\">M\u00e1rcia Cristina do Carmo<\/td>\n<td width=\"144\">Estudos Lingu\u00edsticos<\/td>\n<\/tr>\n<\/tbody>\n<\/table>\n<p>&nbsp;<\/p>\n<table>\n<tbody>\n<tr>\n<td width=\"225\">Camila Ienke<\/td>\n<td width=\"208\">Marly Catarina Soares<\/td>\n<td width=\"144\">Estudos Liter\u00e1rios<\/td>\n<\/tr>\n<tr>\n<td width=\"225\">Kamila Ferraz Leal<\/td>\n<td width=\"208\">Evanir Pavloski<\/td>\n<td width=\"144\">Estudos Liter\u00e1rios<\/td>\n<\/tr>\n<tr>\n<td width=\"225\">Leonardo Sinckiewicz Carrera Guisantes<\/td>\n<td width=\"208\">Marly Catarina Soares<\/td>\n<td width=\"144\">Estudos Liter\u00e1rios<\/td>\n<\/tr>\n<tr>\n<td width=\"225\">Mariana de Camargo<\/td>\n<td width=\"208\">Rosana Apolonia Harmuch<\/td>\n<td width=\"144\">Estudos Liter\u00e1rios<\/td>\n<\/tr>\n<tr>\n<td width=\"225\">M\u00f4nica Alves da Silva<\/td>\n<td width=\"208\">Keli Cristina Pacheco<\/td>\n<td width=\"144\">Estudos Liter\u00e1rios<\/td>\n<\/tr>\n<tr>\n<td width=\"225\">Priscila Vaz Mendes Carneiro<\/td>\n<td width=\"208\">Rosana Apolonia Harmuch<\/td>\n<td width=\"144\">Estudos Liter\u00e1rios<\/td>\n<\/tr>\n<\/tbody>\n<\/table>\n<p>&nbsp;<\/p>\n\t\t\t\t<\/div>\n\t\t\t<\/div>\n\t\t<\/div>\n\t\t\t<div class=\"sow-accordion-panel\"\n\t\t\t data-anchor=\"2021\">\n\t\t\t\t<div class=\"sow-accordion-panel-header-container\" role=\"heading\" aria-level=\"2\">\n\t\t\t\t\t<div class=\"sow-accordion-panel-header\" tabindex=\"0\" role=\"button\" id=\"accordion-label-2021\" aria-controls=\"accordion-content-2021\" aria-expanded=\"false\">\n\t\t\t\t\t\t<div class=\"sow-accordion-title sow-accordion-title-icon-left\">\n\t\t\t\t\t\t\t\t\t\t\t\t\t\t2021\t\t\t\t\t\t\t\t\t\t\t\t\t<\/div>\n\t\t\t\t\t\t<div class=\"sow-accordion-open-close-button\">\n\t\t\t\t\t\t\t<div class=\"sow-accordion-open-button\">\n\t\t\t\t\t\t\t\t<span class=\"sow-icon-ionicons\" data-sow-icon=\"&#xf218;\"\n\t\t \n\t\taria-hidden=\"true\"><\/span>\t\t\t\t\t\t\t<\/div>\n\t\t\t\t\t\t\t<div class=\"sow-accordion-close-button\">\n\t\t\t\t\t\t\t\t<span class=\"sow-icon-ionicons\" data-sow-icon=\"&#xf209;\"\n\t\t \n\t\taria-hidden=\"true\"><\/span>\t\t\t\t\t\t\t<\/div>\n\t\t\t\t\t\t<\/div>\n\t\t\t\t\t<\/div>\n\t\t\t\t<\/div>\n\n\t\t\t<div\n\t\t\t\tclass=\"sow-accordion-panel-content\"\n\t\t\t\trole=\"region\"\n\t\t\t\taria-labelledby=\"accordion-label-2021\"\n\t\t\t\tid=\"accordion-content-2021\"\n\t\t\t\tstyle=\"display: none;\"\t\t\t>\n\t\t\t\t<div class=\"sow-accordion-panel-border\" tabindex=\"0\">\n\t\t\t\t\t<p><strong> Nome\u00a0 \u00a0 \u00a0 \u00a0 \u00a0 \u00a0 \u00a0 \u00a0 \u00a0 \u00a0 \u00a0 \u00a0 \u00a0 \u00a0 \u00a0 \u00a0 \u00a0 \u00a0 \u00a0 Orientador(a)\u00a0 \u00a0 \u00a0 \u00a0 \u00a0 \u00a0 \u00a0 \u00a0 \u00a0 \u00a0 \u00a0Linha de pesquisa<\/strong><\/p>\n<table width=\"633\">\n<tbody>\n<tr>\n<td width=\"223\">Aline Rodrigues Neves<\/td>\n<td width=\"192\">Aparecida de Jesus Ferreira<\/td>\n<td width=\"218\">Pluralidade, Identidade e Ensino<\/td>\n<\/tr>\n<tr>\n<td width=\"223\">\u00c1lvaro Franco da Fonseca Junior<\/td>\n<td width=\"192\">Ligia Paula Couto<\/td>\n<td width=\"218\">\u00a0\u00a0\u00a0\u00a0\u00a0\u00a0\u00a0\u00a0\u00a0\u00a0\u00a0\u00a0\u00a0\u00a0\u00a0 Pluralidade, Identidade e Ensino<\/td>\n<\/tr>\n<tr>\n<td width=\"223\">Bruna Caroline M. do Nascimento<\/td>\n<td width=\"192\">Let\u00edcia Fraga<\/td>\n<td width=\"218\">Pluralidade, Identidade e Ensino<\/td>\n<\/tr>\n<tr>\n<td width=\"223\">Bruna Rodrigues da Silva<\/td>\n<td width=\"192\">F\u00e1bio Augusto Steyer<\/td>\n<td width=\"218\">Pluralidade, Identidade e Ensino<\/td>\n<\/tr>\n<tr>\n<td width=\"223\">Clara do Prado Patr\u00edcio<\/td>\n<td width=\"192\">Ligia Paula Couto<\/td>\n<td width=\"218\">Pluralidade, Identidade e Ensino<\/td>\n<\/tr>\n<tr>\n<td width=\"223\">Fabiely da Silva Barbosa<\/td>\n<td width=\"192\">Ione da Silva Jovino<\/td>\n<td width=\"218\">Pluralidade, Identidade e Ensino<\/td>\n<\/tr>\n<tr>\n<td width=\"223\">Francieli de Ramos<\/td>\n<td width=\"192\">Pascoalina Bailon de Oliveira Saleh<\/td>\n<td width=\"218\">Texto, Subjetividade e horizontes te\u00f3ricos<\/td>\n<\/tr>\n<tr>\n<td width=\"223\">*Felipe Coelho<\/td>\n<td width=\"192\">Let\u00edcia Fraga<\/td>\n<td width=\"218\">Pluralidade, Identidade e Ensino<\/td>\n<\/tr>\n<tr>\n<td width=\"223\">Indianara Priscila dos Santos<\/td>\n<td width=\"192\">F\u00e1bio Augusto Steyer<\/td>\n<td width=\"218\">Pluralidade, Identidade e Ensino<\/td>\n<\/tr>\n<tr>\n<td width=\"223\">Jaqueline Alves de Souza<\/td>\n<td width=\"192\">Let\u00edcia Fraga<\/td>\n<td width=\"218\">Pluralidade, Identidade e Ensino<\/td>\n<\/tr>\n<tr>\n<td width=\"223\">J\u00e9ssica Lauber<\/td>\n<td width=\"192\">Marly Catarina Soares<\/td>\n<td width=\"218\">Pluralidade, Identidade e Ensino<\/td>\n<\/tr>\n<tr>\n<td width=\"223\">Jorge Paulo dos Santos<\/td>\n<td width=\"192\">Valeska Gracioso Carlos<\/td>\n<td width=\"218\">Pluralidade, Identidade e Ensino<\/td>\n<\/tr>\n<tr>\n<td width=\"223\">*Kelvin Tadeu\u00a0 Russi Colc<\/td>\n<td width=\"192\">Aparecida de Jesus Ferreira<\/td>\n<td width=\"218\">Pluralidade, Identidade e Ensino<\/td>\n<\/tr>\n<tr>\n<td width=\"223\">Lincoln Felipe Freitas<\/td>\n<td width=\"192\">Silvana Oliveira Texto<\/td>\n<td width=\"218\">Texto, Subjetividade e horizontes te\u00f3ricos<\/td>\n<\/tr>\n<tr>\n<td width=\"223\">Luana Pihurski Florentino<\/td>\n<td width=\"192\">F\u00e1bio Augusto Steyer<\/td>\n<td width=\"218\">Pluralidade, Identidade e Ensino<\/td>\n<\/tr>\n<tr>\n<td width=\"223\">Lu\u00eds Gabriel S. Ferreira<\/td>\n<td width=\"192\">Eunice de Morais<\/td>\n<td width=\"218\">Texto, Subjetividade e horizontes te\u00f3ricos<\/td>\n<\/tr>\n<tr>\n<td width=\"223\">Maria L\u00facia Carneiro da Silva<\/td>\n<td width=\"192\">Daniel de Oliveira Gomes<\/td>\n<td width=\"218\">Texto, Subjetividade e horizontes te\u00f3ricos<\/td>\n<\/tr>\n<tr>\n<td width=\"223\">Mariana Nunes Soares<\/td>\n<td width=\"192\">Keli Cristina Pacheco<\/td>\n<td width=\"218\">Texto, Subjetividade e horizontes te\u00f3ricos<\/td>\n<\/tr>\n<tr>\n<td width=\"223\">Miri\u00e3 Noeliza Vieira<\/td>\n<td width=\"192\">Marly Catarina Soares<\/td>\n<td width=\"218\">Pluralidade, Identidade e Ensino<\/td>\n<\/tr>\n<tr>\n<td width=\"223\">Noemi de Oliveira<\/td>\n<td width=\"192\">Marly Catarina Soares<\/td>\n<td width=\"218\">Pluralidade, Identidade e Ensino<\/td>\n<\/tr>\n<tr>\n<td width=\"223\">Sandi Patricia Possebam<\/td>\n<td width=\"192\">Sebasti\u00e3o Louren\u00e7o dos Santos<\/td>\n<td width=\"218\">Texto, Subjetividade e horizontes te\u00f3ricos<\/td>\n<\/tr>\n<tr>\n<td width=\"223\">Sandra Augusto Silva<\/td>\n<td width=\"192\">Keli Cristina Pacheco<\/td>\n<td width=\"218\">Texto, Subjetividade e horizontes te\u00f3ricos<\/td>\n<\/tr>\n<tr>\n<td width=\"223\">*Tain\u00e1 Rainele Siqueira Cordeiro<\/td>\n<td width=\"192\">Pascoalina Bailon de Oliveira Saleh<\/td>\n<td width=\"218\">Texto, Subjetividade e horizontes te\u00f3ricos<\/td>\n<\/tr>\n<tr>\n<td width=\"223\">Talia Ferreira Machado<\/td>\n<td width=\"192\">Luciane Trennephol da Costa<\/td>\n<td width=\"218\">Texto, Subjetividade e horizontes te\u00f3ricos<\/td>\n<\/tr>\n<tr>\n<td width=\"223\">Tayn\u00e1 Maria Coelho Bugai<\/td>\n<td width=\"192\">Luciane Trennephol da Costa<\/td>\n<td width=\"218\">Texto, Subjetividade e horizontes te\u00f3ricos<\/td>\n<\/tr>\n<tr>\n<td width=\"223\">Vanessa Giroldo Vieira<\/td>\n<td width=\"192\">Sebasti\u00e3o Louren\u00e7o dos Santos<\/td>\n<td width=\"218\">Texto, Subjetividade e horizontes te\u00f3ricos<\/td>\n<\/tr>\n<tr>\n<td width=\"223\">Wilson Pereira dos Santos<\/td>\n<td width=\"192\">Valeska Gracioso Carlos<\/td>\n<td width=\"218\">Pluralidade, Identidade e Ensino<\/td>\n<\/tr>\n<tr>\n<td width=\"223\">Yohana Gon\u00e7alves Bonfim<\/td>\n<td width=\"192\">Evanir Pavloski<\/td>\n<td width=\"218\">Texto, Subjetividade e horizontes te\u00f3ricos<\/td>\n<\/tr>\n<\/tbody>\n<\/table>\n\t\t\t\t<\/div>\n\t\t\t<\/div>\n\t\t<\/div>\n\t\t\t<div class=\"sow-accordion-panel\"\n\t\t\t data-anchor=\"2020\">\n\t\t\t\t<div class=\"sow-accordion-panel-header-container\" role=\"heading\" aria-level=\"2\">\n\t\t\t\t\t<div class=\"sow-accordion-panel-header\" tabindex=\"0\" role=\"button\" id=\"accordion-label-2020\" aria-controls=\"accordion-content-2020\" aria-expanded=\"false\">\n\t\t\t\t\t\t<div class=\"sow-accordion-title sow-accordion-title-icon-left\">\n\t\t\t\t\t\t\t\t\t\t\t\t\t\t2020\t\t\t\t\t\t\t\t\t\t\t\t\t<\/div>\n\t\t\t\t\t\t<div class=\"sow-accordion-open-close-button\">\n\t\t\t\t\t\t\t<div class=\"sow-accordion-open-button\">\n\t\t\t\t\t\t\t\t<span class=\"sow-icon-ionicons\" data-sow-icon=\"&#xf218;\"\n\t\t \n\t\taria-hidden=\"true\"><\/span>\t\t\t\t\t\t\t<\/div>\n\t\t\t\t\t\t\t<div class=\"sow-accordion-close-button\">\n\t\t\t\t\t\t\t\t<span class=\"sow-icon-ionicons\" data-sow-icon=\"&#xf209;\"\n\t\t \n\t\taria-hidden=\"true\"><\/span>\t\t\t\t\t\t\t<\/div>\n\t\t\t\t\t\t<\/div>\n\t\t\t\t\t<\/div>\n\t\t\t\t<\/div>\n\n\t\t\t<div\n\t\t\t\tclass=\"sow-accordion-panel-content\"\n\t\t\t\trole=\"region\"\n\t\t\t\taria-labelledby=\"accordion-label-2020\"\n\t\t\t\tid=\"accordion-content-2020\"\n\t\t\t\tstyle=\"display: none;\"\t\t\t>\n\t\t\t\t<div class=\"sow-accordion-panel-border\" tabindex=\"0\">\n\t\t\t\t\t<h4 style=\"text-align: center\"><strong>Turma 2020<\/strong><\/h4>\n<table border=\"1\" cellspacing=\"0\" cellpadding=\"0\" align=\"center\">\n<tbody>\n<tr>\n<td valign=\"top\">\n<p align=\"center\"><strong>Nome<\/strong><\/p>\n<\/td>\n<td valign=\"top\">\n<p align=\"center\"><strong>Orientador\/a<\/strong><\/p>\n<\/td>\n<td valign=\"top\">\n<p align=\"center\"><strong>Linha de Pesquisa<\/strong><\/p>\n<\/td>\n<\/tr>\n<tr>\n<td valign=\"top\">Alessandra Moraes de A. Claros<\/td>\n<td valign=\"top\">Valeska Gracioso Carlos<\/td>\n<td valign=\"top\">Pluralidade, Identidade e Ensino<\/td>\n<\/tr>\n<tr>\n<td valign=\"top\">Alexandre Kuaray de Quadros<\/td>\n<td valign=\"top\">Let\u00edcia Fraga<\/td>\n<td valign=\"top\">Pluralidade, Identidade e Ensino<\/td>\n<\/tr>\n<tr>\n<td valign=\"top\">Anna Carolina do Carmo Castro<\/td>\n<td valign=\"top\">Luciane Trennephol da Costa<\/td>\n<td valign=\"top\">Texto, Subjetividade e horizontes te\u00f3ricos<\/td>\n<\/tr>\n<tr>\n<td valign=\"bottom\">Bhianca Moro Portella<\/td>\n<td valign=\"bottom\">Elaine Ferreira do Vale Borges<\/td>\n<td valign=\"bottom\">Pluralidade, Identidade e Ensino<\/td>\n<\/tr>\n<tr>\n<td valign=\"bottom\">Catia Christine Gon\u00e7alves Rodrigues<\/td>\n<td valign=\"bottom\">Let\u00edcia Fraga<\/td>\n<td valign=\"bottom\">Pluralidade, Identidade e Ensino<\/td>\n<\/tr>\n<tr>\n<td valign=\"bottom\">Claudio Fernandes Baranhuke Junior<\/td>\n<td valign=\"bottom\">Elaine Ferreira do Vale Borges<\/td>\n<td valign=\"bottom\">Pluralidade, Identidade e Ensino<\/td>\n<\/tr>\n<tr>\n<td valign=\"bottom\">Fatima Maria Aparecida Ruvinski<\/td>\n<td valign=\"bottom\">Rosana Apolonia Harmuch<\/td>\n<td valign=\"bottom\">Texto, Subjetividade e horizontes te\u00f3ricos<\/td>\n<\/tr>\n<tr>\n<td valign=\"bottom\">Igor Antonio Barreto<\/td>\n<td valign=\"bottom\">Djane Antonucci Correa<\/td>\n<td valign=\"bottom\">Pluralidade, Identidade e Ensino<\/td>\n<\/tr>\n<tr>\n<td valign=\"bottom\">Isabela Ribeiro Taborda<\/td>\n<td valign=\"bottom\">Luciane Trennephol da Costa<\/td>\n<td valign=\"bottom\">Texto, Subjetividade e horizontes te\u00f3ricos<\/td>\n<\/tr>\n<tr>\n<td valign=\"bottom\">JohannSerman Domaradzki<\/td>\n<td valign=\"bottom\">Evanir Pavloski<\/td>\n<td valign=\"bottom\">Texto, Subjetividade e horizontes te\u00f3ricos<\/td>\n<\/tr>\n<tr>\n<td valign=\"bottom\">Karine de Lara Cabral Nunes<\/td>\n<td valign=\"bottom\">L\u00edgia Paula Couto<\/td>\n<td valign=\"bottom\">Pluralidade, Identidade e Ensino<\/td>\n<\/tr>\n<tr>\n<td valign=\"bottom\">Karolina Ferreira Bicalho<\/td>\n<td valign=\"bottom\">Eunice de Morais<\/td>\n<td valign=\"bottom\">Texto, Subjetividade e horizontes te\u00f3ricos<\/td>\n<\/tr>\n<tr>\n<td valign=\"bottom\">Laira Maryane Castanho Ferreira<\/td>\n<td valign=\"bottom\">Keli Cristina Pacheco<\/td>\n<td valign=\"bottom\">Texto, Subjetividade e horizontes te\u00f3ricos<\/td>\n<\/tr>\n<tr>\n<td valign=\"bottom\">Leni Aparecida Kadamos<\/td>\n<td valign=\"bottom\">Pascoalina Bailon de Oliveira Saleh<\/td>\n<td valign=\"bottom\">Texto, Subjetividade e horizontes te\u00f3ricos<\/td>\n<\/tr>\n<tr>\n<td valign=\"bottom\">Let\u00edcia Camargo Ferreira Netto<\/td>\n<td valign=\"bottom\">Aparecida de Jesus Ferreira<\/td>\n<td valign=\"bottom\">Pluralidade, Identidade e Ensino<\/td>\n<\/tr>\n<tr>\n<td valign=\"bottom\">Luara Rodrigues Real<\/td>\n<td valign=\"bottom\">Aparecida de Jesus Ferreira<\/td>\n<td valign=\"bottom\">Pluralidade, Identidade e Ensino<\/td>\n<\/tr>\n<tr>\n<td valign=\"bottom\">Mayara do Rocio Lima Gaspar<\/td>\n<td valign=\"bottom\">Valeska Gracioso Carlos<\/td>\n<td valign=\"bottom\">Pluralidade, Identidade e Ensino<\/td>\n<\/tr>\n<tr>\n<td valign=\"bottom\">Meriliane de Lima<\/td>\n<td valign=\"bottom\">Sebasti\u00e3o Louren\u00e7o dos Santos<\/td>\n<td valign=\"bottom\">Pluralidade, Identidade e Ensino<\/td>\n<\/tr>\n<tr>\n<td valign=\"bottom\">Regina Aparecida Kosi dos Santos<\/td>\n<td valign=\"bottom\">Let\u00edcia Fraga<\/td>\n<td valign=\"bottom\">Pluralidade, Identidade e Ensino<\/td>\n<\/tr>\n<tr>\n<td valign=\"bottom\">Rodrigo Freitas C. de Oliveira<\/td>\n<td valign=\"bottom\">L\u00edgia Paula Couto<\/td>\n<td valign=\"bottom\">Pluralidade, Identidade e Ensino<\/td>\n<\/tr>\n<tr>\n<td valign=\"bottom\">Roseli Vaz de Almeida<\/td>\n<td valign=\"bottom\">Ione da Silva Jovino<\/td>\n<td valign=\"bottom\">Pluralidade, Identidade e Ensino<\/td>\n<\/tr>\n<tr>\n<td valign=\"bottom\">Ta\u00eds Almeida de Camargo<\/td>\n<td valign=\"bottom\">F\u00e1bio Augusto Steyer<\/td>\n<td valign=\"bottom\">Pluralidade, Identidade e Ensino<\/td>\n<\/tr>\n<tr>\n<td valign=\"bottom\">Tamirys de Quadros<\/td>\n<td valign=\"bottom\">Daniel de Oliveira Gomes<\/td>\n<td valign=\"bottom\">Texto, Subjetividade e horizontes te\u00f3ricos<\/td>\n<\/tr>\n<tr>\n<td valign=\"bottom\">Veridiana Valeska Ribas<\/td>\n<td valign=\"bottom\">F\u00e1bio Augusto Steyer<\/td>\n<td valign=\"bottom\">Pluralidade, Identidade e Ensino<\/td>\n<\/tr>\n<\/tbody>\n<\/table>\n<p>&nbsp;<\/p>\n\t\t\t\t<\/div>\n\t\t\t<\/div>\n\t\t<\/div>\n\t\t\t<div class=\"sow-accordion-panel\"\n\t\t\t data-anchor=\"2019\">\n\t\t\t\t<div class=\"sow-accordion-panel-header-container\" role=\"heading\" aria-level=\"2\">\n\t\t\t\t\t<div class=\"sow-accordion-panel-header\" tabindex=\"0\" role=\"button\" id=\"accordion-label-2019\" aria-controls=\"accordion-content-2019\" aria-expanded=\"false\">\n\t\t\t\t\t\t<div class=\"sow-accordion-title sow-accordion-title-icon-left\">\n\t\t\t\t\t\t\t\t\t\t\t\t\t\t2019\t\t\t\t\t\t\t\t\t\t\t\t\t<\/div>\n\t\t\t\t\t\t<div class=\"sow-accordion-open-close-button\">\n\t\t\t\t\t\t\t<div class=\"sow-accordion-open-button\">\n\t\t\t\t\t\t\t\t<span class=\"sow-icon-ionicons\" data-sow-icon=\"&#xf218;\"\n\t\t \n\t\taria-hidden=\"true\"><\/span>\t\t\t\t\t\t\t<\/div>\n\t\t\t\t\t\t\t<div class=\"sow-accordion-close-button\">\n\t\t\t\t\t\t\t\t<span class=\"sow-icon-ionicons\" data-sow-icon=\"&#xf209;\"\n\t\t \n\t\taria-hidden=\"true\"><\/span>\t\t\t\t\t\t\t<\/div>\n\t\t\t\t\t\t<\/div>\n\t\t\t\t\t<\/div>\n\t\t\t\t<\/div>\n\n\t\t\t<div\n\t\t\t\tclass=\"sow-accordion-panel-content\"\n\t\t\t\trole=\"region\"\n\t\t\t\taria-labelledby=\"accordion-label-2019\"\n\t\t\t\tid=\"accordion-content-2019\"\n\t\t\t\tstyle=\"display: none;\"\t\t\t>\n\t\t\t\t<div class=\"sow-accordion-panel-border\" tabindex=\"0\">\n\t\t\t\t\t<p style=\"text-align: center\"><strong>Turma 2019<\/strong><\/p>\n<table border=\"1\" width=\"642\" cellspacing=\"0\" cellpadding=\"0\" align=\"center\">\n<tbody>\n<tr>\n<td valign=\"top\" width=\"378\">\n<p align=\"center\"><strong>Nome<\/strong><\/p>\n<\/td>\n<td valign=\"top\" width=\"354\">\n<p align=\"center\"><strong>Orientador\/a<\/strong><\/p>\n<\/td>\n<td valign=\"top\" width=\"425\">\n<p align=\"center\"><strong>Linha de Pesquisa<\/strong><\/p>\n<\/td>\n<\/tr>\n<tr>\n<td valign=\"top\" width=\"378\">Ana Let\u00edcia Carneiro de Oliveira<\/td>\n<td valign=\"top\" width=\"354\">Elaine Ferreira do Vale Borges<\/td>\n<td valign=\"top\" width=\"425\">Pluralidade, Identidade e Ensino<\/td>\n<\/tr>\n<tr>\n<td valign=\"bottom\" width=\"378\">Anny Grazielle Bernardo Bereza<\/td>\n<td valign=\"top\" width=\"354\">F\u00e1bio Augusto Steyer<\/td>\n<td valign=\"top\" width=\"425\">Pluralidade, Identidade e Ensino<\/td>\n<\/tr>\n<tr>\n<td valign=\"bottom\" width=\"378\">Brenda Stephanie de Araujo Antunes<\/td>\n<td valign=\"top\" width=\"354\">Evanir Pavloski<\/td>\n<td valign=\"top\" width=\"425\">Texto, Subjetividade e Horizontes te\u00f3ricos<\/td>\n<\/tr>\n<tr>\n<td valign=\"bottom\" width=\"378\">Camyla Aparecida Mello Ferreira<\/td>\n<td valign=\"top\" width=\"354\">Cl\u00f3ris Porto Torquato<\/td>\n<td valign=\"top\" width=\"425\">Pluralidade, Identidade e Ensino<\/td>\n<\/tr>\n<tr>\n<td valign=\"bottom\" width=\"378\">Carla Fernanda Stumf Murialdo<\/td>\n<td valign=\"top\" width=\"354\">Sulany Silveira dos Santos<\/td>\n<td valign=\"top\" width=\"425\">Pluralidade, Identidade e Ensino<\/td>\n<\/tr>\n<tr>\n<td valign=\"bottom\" width=\"378\">Daiane Pereira da Silva<\/td>\n<td valign=\"top\" width=\"354\">Sebasti\u00e3o Louren\u00e7o dos Santos<\/td>\n<td valign=\"top\" width=\"425\">Pluralidade, Identidade e Ensino<\/td>\n<\/tr>\n<tr>\n<td valign=\"bottom\" width=\"378\">Daniele Aparecida Barbosa Zenz<\/td>\n<td valign=\"top\" width=\"354\">Sebasti\u00e3o Louren\u00e7o dos Santos<\/td>\n<td valign=\"top\" width=\"425\">Pluralidade, Identidade e Ensino<\/td>\n<\/tr>\n<tr>\n<td valign=\"bottom\" width=\"378\">Giuly Any Dias Martins<\/td>\n<td valign=\"top\" width=\"354\">D\u00e9bora Scheidt<\/td>\n<td valign=\"top\" width=\"425\">Texto, Subjetividade e Horizontes te\u00f3ricos<\/td>\n<\/tr>\n<tr>\n<td valign=\"bottom\" width=\"378\">Giuvane de Souza Kl\u00fcppel<\/td>\n<td valign=\"top\" width=\"354\">Ione da Silva Jovino<\/td>\n<td valign=\"top\" width=\"425\">Pluralidade, Identidade e Ensino<\/td>\n<\/tr>\n<tr>\n<td valign=\"bottom\" width=\"378\">Heloisa Kosinski<\/td>\n<td valign=\"top\" width=\"354\">Luciane Trennephol da Costa<\/td>\n<td valign=\"top\" width=\"425\">Texto, Subjetividade e Horizontes te\u00f3ricos<\/td>\n<\/tr>\n<tr>\n<td valign=\"bottom\" width=\"378\">Henrique Barbosa Borgato<\/td>\n<td valign=\"top\" width=\"354\">Evanir Pavloski<\/td>\n<td valign=\"top\" width=\"425\">Texto, Subjetividade e Horizontes te\u00f3ricos<\/td>\n<\/tr>\n<tr>\n<td valign=\"bottom\" width=\"378\">Jess\u00e9 Ricardo Stori de Lara<\/td>\n<td valign=\"top\" width=\"354\">Cl\u00f3ris Porto Torquato<\/td>\n<td valign=\"top\" width=\"425\">Pluralidade, Identidade e Ensino<\/td>\n<\/tr>\n<tr>\n<td valign=\"bottom\" width=\"378\">L\u00edlian Aparecida de Moura<\/td>\n<td valign=\"top\" width=\"354\">Valeska Gracioso Carlos<\/td>\n<td valign=\"top\" width=\"425\">Pluralidade, Identidade e Ensino<\/td>\n<\/tr>\n<tr>\n<td valign=\"bottom\" width=\"378\">Lu\u00eds Antonio Novatzki<\/td>\n<td valign=\"top\" width=\"354\">Eunice de Morais<\/td>\n<td valign=\"top\" width=\"425\">Texto, Subjetividade e Horizontes te\u00f3ricos<\/td>\n<\/tr>\n<tr>\n<td valign=\"bottom\" width=\"378\">Mayara Godoy Mendes<\/td>\n<td valign=\"top\" width=\"354\">Marly Catarina Soares<\/td>\n<td valign=\"top\" width=\"425\">Pluralidade, Identidade e Ensino<\/td>\n<\/tr>\n<tr>\n<td valign=\"bottom\" width=\"378\">Midori Nancy Arasaki Chang<\/td>\n<td valign=\"top\" width=\"354\">Silvana Oliveira<\/td>\n<td valign=\"top\" width=\"425\">Texto, Subjetividade e Horizontes te\u00f3ricos<\/td>\n<\/tr>\n<tr>\n<td valign=\"bottom\" width=\"378\">Murilo Roberto Sansana<\/td>\n<td valign=\"top\" width=\"354\">Ros\u00e2ngela Schardong<\/td>\n<td valign=\"top\" width=\"425\">Pluralidade, Identidade e Ensino<\/td>\n<\/tr>\n<tr>\n<td valign=\"bottom\" width=\"378\">Natacha Iria Pereira Lopes<\/td>\n<td valign=\"top\" width=\"354\">Marly Catarina Soares<\/td>\n<td valign=\"top\" width=\"425\">Pluralidade, Identidade e Ensino<\/td>\n<\/tr>\n<tr>\n<td valign=\"bottom\" width=\"378\">Ramon Felipe Ronchi<\/td>\n<td valign=\"top\" width=\"354\">Rosana Apolonia Harmuch<\/td>\n<td valign=\"top\" width=\"425\">Texto, Subjetividade e Horizontes te\u00f3ricos<\/td>\n<\/tr>\n<tr>\n<td valign=\"bottom\" width=\"378\">Rictor de Oliveira Dantas<\/td>\n<td valign=\"top\" width=\"354\">Valeska Gracioso Carlos<\/td>\n<td valign=\"top\" width=\"425\">Pluralidade, Identidade e Ensino<\/td>\n<\/tr>\n<tr>\n<td valign=\"bottom\" width=\"378\">Samantha Sch\u00e4fer<\/td>\n<td valign=\"top\" width=\"354\">Aparecida de Jesus Ferreira<\/td>\n<td valign=\"top\" width=\"425\">Pluralidade, Identidade e Ensino<\/td>\n<\/tr>\n<tr>\n<td valign=\"bottom\" width=\"378\">Tamires Dias Mendes Carmo<\/td>\n<td valign=\"top\" width=\"354\">Ione da Silva Jovino<\/td>\n<td valign=\"top\" width=\"425\">Pluralidade, Identidade e Ensino<\/td>\n<\/tr>\n<tr>\n<td valign=\"bottom\" width=\"378\">Valeria C\u00e2mara da Silva<\/td>\n<td valign=\"top\" width=\"354\">Aparecida de Jesus Ferreira<\/td>\n<td valign=\"top\" width=\"425\">Pluralidade, Identidade e Ensino<\/td>\n<\/tr>\n<tr>\n<td valign=\"bottom\" width=\"378\">Vitoria Alessandra Azevedo<\/td>\n<td valign=\"top\" width=\"354\">F\u00e1bio Augusto Steyer<\/td>\n<td valign=\"top\" width=\"425\">Pluralidade, Identidade e Ensino<\/td>\n<\/tr>\n<\/tbody>\n<\/table>\n<p align=\"center\">\n<\/p>\t\t\t\t<\/div>\n\t\t\t<\/div>\n\t\t<\/div>\n\t\t\t<div class=\"sow-accordion-panel\"\n\t\t\t data-anchor=\"2018\">\n\t\t\t\t<div class=\"sow-accordion-panel-header-container\" role=\"heading\" aria-level=\"2\">\n\t\t\t\t\t<div class=\"sow-accordion-panel-header\" tabindex=\"0\" role=\"button\" id=\"accordion-label-2018\" aria-controls=\"accordion-content-2018\" aria-expanded=\"false\">\n\t\t\t\t\t\t<div class=\"sow-accordion-title sow-accordion-title-icon-left\">\n\t\t\t\t\t\t\t\t\t\t\t\t\t\t2018\t\t\t\t\t\t\t\t\t\t\t\t\t<\/div>\n\t\t\t\t\t\t<div class=\"sow-accordion-open-close-button\">\n\t\t\t\t\t\t\t<div class=\"sow-accordion-open-button\">\n\t\t\t\t\t\t\t\t<span class=\"sow-icon-ionicons\" data-sow-icon=\"&#xf218;\"\n\t\t \n\t\taria-hidden=\"true\"><\/span>\t\t\t\t\t\t\t<\/div>\n\t\t\t\t\t\t\t<div class=\"sow-accordion-close-button\">\n\t\t\t\t\t\t\t\t<span class=\"sow-icon-ionicons\" data-sow-icon=\"&#xf209;\"\n\t\t \n\t\taria-hidden=\"true\"><\/span>\t\t\t\t\t\t\t<\/div>\n\t\t\t\t\t\t<\/div>\n\t\t\t\t\t<\/div>\n\t\t\t\t<\/div>\n\n\t\t\t<div\n\t\t\t\tclass=\"sow-accordion-panel-content\"\n\t\t\t\trole=\"region\"\n\t\t\t\taria-labelledby=\"accordion-label-2018\"\n\t\t\t\tid=\"accordion-content-2018\"\n\t\t\t\tstyle=\"display: none;\"\t\t\t>\n\t\t\t\t<div class=\"sow-accordion-panel-border\" tabindex=\"0\">\n\t\t\t\t\t<h4 style=\"text-align: center\"><strong>Turma 2018<\/strong><\/h4>\n<table border=\"1\" width=\"642\" cellspacing=\"0\" cellpadding=\"0\" align=\"center\">\n<tbody>\n<tr>\n<td valign=\"top\" width=\"198\">\n<p align=\"center\"><strong>Nome<\/strong><\/p>\n<\/td>\n<td valign=\"top\" width=\"232\">\n<p align=\"center\"><strong>Orientador(a)<\/strong><\/p>\n<\/td>\n<td valign=\"top\" width=\"204\">\n<p align=\"center\"><strong>Linha de Pesquisa<\/strong><\/p>\n<\/td>\n<\/tr>\n<tr>\n<td valign=\"top\" width=\"198\">Alessandra Martich Freitas<\/td>\n<td valign=\"top\" width=\"232\">Ione da Silva Jovino<\/td>\n<td valign=\"top\" width=\"204\">Pluralidade, Identidade e Ensino<\/td>\n<\/tr>\n<tr>\n<td valign=\"top\" width=\"198\">Allyne Urbanski<\/td>\n<td valign=\"top\" width=\"232\">Keli Cristina Pacheco<\/td>\n<td valign=\"top\" width=\"204\">Subjetividade, Texto e Ensino<\/td>\n<\/tr>\n<tr>\n<td valign=\"top\" width=\"198\">Aline Cezar Schwab<\/td>\n<td valign=\"top\" width=\"232\">Rosana Apolonia Harmuch<\/td>\n<td valign=\"top\" width=\"204\">Subjetividade, Texto e Ensino<\/td>\n<\/tr>\n<tr>\n<td valign=\"top\" width=\"198\">Ana Claudia P. Andruchiw<\/td>\n<td valign=\"top\" width=\"232\">Silvana Oliveira<\/td>\n<td valign=\"top\" width=\"204\">Subjetividade, Texto e Ensino<\/td>\n<\/tr>\n<tr>\n<td valign=\"top\" width=\"198\">Ana Gabriela Ferreira Barbosa<\/td>\n<td valign=\"top\" width=\"232\">Elaine Ferreira do Vale Borges<\/td>\n<td valign=\"top\" width=\"204\">Pluralidade, Identidade e Ensino<\/td>\n<\/tr>\n<tr>\n<td valign=\"top\" width=\"198\">Beatrice Elaine dos Santos<\/td>\n<td valign=\"top\" width=\"232\">Aparecida de Jesus Ferreira<\/td>\n<td valign=\"top\" width=\"204\">Pluralidade, Identidade e Ensino<\/td>\n<\/tr>\n<tr>\n<td valign=\"top\" width=\"198\">Fernanda Burgath<\/td>\n<td valign=\"top\" width=\"232\">Aparecida de Jesus Ferreira<\/td>\n<td valign=\"top\" width=\"204\">Pluralidade, Identidade e Ensino<\/td>\n<\/tr>\n<tr>\n<td valign=\"top\" width=\"198\">Francienne A. Fontoura do Valle<\/td>\n<td valign=\"top\" width=\"232\">Evanir Pavloski<\/td>\n<td valign=\"top\" width=\"204\">Subjetividade, Texto e Ensino<\/td>\n<\/tr>\n<tr>\n<td valign=\"top\" width=\"198\">Hellen Terluk Gnatta<\/td>\n<td valign=\"top\" width=\"232\">Pascoalina Bailon de Oliveira Saleh<\/td>\n<td valign=\"top\" width=\"204\">Subjetividade, Texto e Ensino<\/td>\n<\/tr>\n<tr>\n<td valign=\"top\" width=\"198\">Jo\u00e3o Batista Freire J\u00fanior<\/td>\n<td valign=\"top\" width=\"232\">Keli Cristina Pacheco<\/td>\n<td valign=\"top\" width=\"204\">Subjetividade, Texto e Ensino<\/td>\n<\/tr>\n<tr>\n<td valign=\"top\" width=\"198\">Jonatas Michel Kuchnir<\/td>\n<td valign=\"top\" width=\"232\">Pascoalina Bailon de Oliveira Saleh<\/td>\n<td valign=\"top\" width=\"204\">Subjetividade, Texto e Ensino<\/td>\n<\/tr>\n<tr>\n<td valign=\"top\" width=\"198\">Kethlyn Costa de Oliveira<\/td>\n<td valign=\"top\" width=\"232\">Daniel de Oliveira Gomes<\/td>\n<td valign=\"top\" width=\"204\">Subjetividade, Texto e Ensino<\/td>\n<\/tr>\n<tr>\n<td valign=\"top\" width=\"198\">Leticia dos Santos Caminha<\/td>\n<td valign=\"top\" width=\"232\">Sebasti\u00e3o Louren\u00e7o dos Santos<\/td>\n<td valign=\"top\" width=\"204\">Pluralidade, Identidade e Ensino<\/td>\n<\/tr>\n<tr>\n<td valign=\"top\" width=\"198\">Lizandra Diniz<\/td>\n<td valign=\"top\" width=\"232\">Daniel de Oliveira Gomes<\/td>\n<td valign=\"top\" width=\"204\">Subjetividade, Texto e Ensino<\/td>\n<\/tr>\n<tr>\n<td valign=\"top\" width=\"198\">Marcos Antonio Kepp<\/td>\n<td valign=\"top\" width=\"232\">Elaine Ferreira do Vale Borges<\/td>\n<td valign=\"top\" width=\"204\">Pluralidade, Identidade e Ensino<\/td>\n<\/tr>\n<tr>\n<td valign=\"top\" width=\"198\">Paola Christine D. Clarindo<\/td>\n<td valign=\"top\" width=\"232\">Ione da Silva Jovino<\/td>\n<td valign=\"top\" width=\"204\">Pluralidade, Identidade e Ensino<\/td>\n<\/tr>\n<tr>\n<td valign=\"top\" width=\"198\">Taciane Ienk<\/td>\n<td valign=\"top\" width=\"232\">Miguel Sanches Neto<\/td>\n<td valign=\"top\" width=\"204\">Pluralidade, Identidade e Ensino<\/td>\n<\/tr>\n<tr>\n<td valign=\"top\" width=\"198\">Willian Fernandes de Oliveira<\/td>\n<td valign=\"top\" width=\"232\">Keli Cristina Pacheco<\/td>\n<td valign=\"top\" width=\"204\">Subjetividade, Texto e Ensino<\/td>\n<\/tr>\n<tr>\n<td valign=\"top\" width=\"198\">Willian Mainardes Waiga<\/td>\n<td valign=\"top\" width=\"232\">Pascoalina Bailon de Oliveira Saleh<\/td>\n<td valign=\"top\" width=\"204\">Subjetividade, Texto e Ensino<\/td>\n<\/tr>\n<tr>\n<td valign=\"top\" width=\"198\">Yane Scavinski<\/td>\n<td valign=\"top\" width=\"232\">Andr\u00e9a Correa Para\u00edso M\u00fcller<\/td>\n<td valign=\"top\" width=\"204\">Subjetividade, Texto e Ensino<\/td>\n<\/tr>\n<\/tbody>\n<\/table>\n<p>&nbsp;<\/p>\n\t\t\t\t<\/div>\n\t\t\t<\/div>\n\t\t<\/div>\n\t\t\t<div class=\"sow-accordion-panel\"\n\t\t\t data-anchor=\"2017\">\n\t\t\t\t<div class=\"sow-accordion-panel-header-container\" role=\"heading\" aria-level=\"2\">\n\t\t\t\t\t<div class=\"sow-accordion-panel-header\" tabindex=\"0\" role=\"button\" id=\"accordion-label-2017\" aria-controls=\"accordion-content-2017\" aria-expanded=\"false\">\n\t\t\t\t\t\t<div class=\"sow-accordion-title sow-accordion-title-icon-left\">\n\t\t\t\t\t\t\t\t\t\t\t\t\t\t2017\t\t\t\t\t\t\t\t\t\t\t\t\t<\/div>\n\t\t\t\t\t\t<div class=\"sow-accordion-open-close-button\">\n\t\t\t\t\t\t\t<div class=\"sow-accordion-open-button\">\n\t\t\t\t\t\t\t\t<span class=\"sow-icon-ionicons\" data-sow-icon=\"&#xf218;\"\n\t\t \n\t\taria-hidden=\"true\"><\/span>\t\t\t\t\t\t\t<\/div>\n\t\t\t\t\t\t\t<div class=\"sow-accordion-close-button\">\n\t\t\t\t\t\t\t\t<span class=\"sow-icon-ionicons\" data-sow-icon=\"&#xf209;\"\n\t\t \n\t\taria-hidden=\"true\"><\/span>\t\t\t\t\t\t\t<\/div>\n\t\t\t\t\t\t<\/div>\n\t\t\t\t\t<\/div>\n\t\t\t\t<\/div>\n\n\t\t\t<div\n\t\t\t\tclass=\"sow-accordion-panel-content\"\n\t\t\t\trole=\"region\"\n\t\t\t\taria-labelledby=\"accordion-label-2017\"\n\t\t\t\tid=\"accordion-content-2017\"\n\t\t\t\tstyle=\"display: none;\"\t\t\t>\n\t\t\t\t<div class=\"sow-accordion-panel-border\" tabindex=\"0\">\n\t\t\t\t\t<h4 style=\"text-align: center\"><strong>Turma 2017<\/strong><\/h4>\n<table border=\"1\" cellspacing=\"0\" cellpadding=\"0\" align=\"center\">\n<tbody>\n<tr>\n<td valign=\"top\" width=\"190\"><strong>Nome do candidato (a)<\/strong><\/td>\n<td valign=\"middle\" width=\"234\">\n<div align=\"left\"><strong>Orientador(a)<\/strong><\/div>\n<\/td>\n<td valign=\"middle\" width=\"200\">\n<div align=\"left\"><strong>Linha de pesquisa<\/strong><\/div>\n<\/td>\n<\/tr>\n<tr>\n<td valign=\"top\" width=\"190\">ALINE GISELE R. BITTENCOURT<\/td>\n<td valign=\"top\" width=\"234\">Prof.\u00aa Dr.\u00aa Silvana Oliveira<\/td>\n<td valign=\"top\" width=\"200\">Subjetividade, Texto e Ensino<\/td>\n<\/tr>\n<tr>\n<td valign=\"top\" width=\"190\">AMANDA PONCIO<\/td>\n<td valign=\"top\" width=\"234\">Prof.Dr. F\u00e1bio Augusto Steyer<\/td>\n<td valign=\"top\" width=\"200\">Pluralidade, Identidade e Ensino<\/td>\n<\/tr>\n<tr>\n<td valign=\"top\" width=\"190\">BIANCA MEIRA LOPES<\/td>\n<td valign=\"top\" width=\"234\">Prof.\u00aa Dr.\u00aa Rosana Apolonia Harmuch<\/td>\n<td valign=\"top\" width=\"200\">Subjetividade, Texto e Ensino<\/td>\n<\/tr>\n<tr>\n<td valign=\"top\" width=\"190\">CLAUDIA MARIA A. SKRZYPIETZ<\/td>\n<td valign=\"top\" width=\"234\">Prof.\u00aa Dr.\u00aa Leticia Fraga<\/td>\n<td valign=\"top\" width=\"200\">Pluralidade, Identidade e Ensino<\/td>\n<\/tr>\n<tr>\n<td valign=\"top\" width=\"190\">EDUARDO REIS DE MELLO<\/td>\n<td valign=\"top\" width=\"234\">Prof. Dr. Daniel de Oliveira Gomes<\/td>\n<td valign=\"top\" width=\"200\">Subjetividade, Texto e Ensino<\/td>\n<\/tr>\n<tr>\n<td valign=\"top\" width=\"190\">ELISANGELA WILCHAK QUEIROZ<\/td>\n<td valign=\"top\" width=\"234\">Prof.\u00aa Dr.\u00aa Leticia Fraga<\/td>\n<td valign=\"top\" width=\"200\">Pluralidade, Identidade e Ensino<\/td>\n<\/tr>\n<tr>\n<td valign=\"top\" width=\"190\">ERICIANE MARILISA DE RAMOS<\/td>\n<td valign=\"top\" width=\"234\">Prof. Dr. Sebasti\u00e3o Louren\u00e7o dos Santos<\/td>\n<td valign=\"top\" width=\"200\">Pluralidade, Identidade e Ensino<\/td>\n<\/tr>\n<tr>\n<td valign=\"top\" width=\"190\">EMERSON DARCY BUENO<\/td>\n<td valign=\"top\" width=\"234\">Prof.\u00aa Dr.\u00aa Ione da Silva Jovino<\/td>\n<td valign=\"top\" width=\"200\">Pluralidade, Identidade e Ensino<\/td>\n<\/tr>\n<tr>\n<td valign=\"top\" width=\"190\">EMILIANE JASCHEFSKY<\/td>\n<td valign=\"top\" width=\"234\">Prof.\u00aa Dr.\u00aa Pascoalina B. de O. Saleh<\/td>\n<td valign=\"top\" width=\"200\">Subjetividade, Texto e Ensino<\/td>\n<\/tr>\n<tr>\n<td valign=\"top\" width=\"190\">EVELIN SELUCHINIAK NUNES<\/td>\n<td valign=\"top\" width=\"234\">Prof.\u00aa Dr.\u00aa Leticia Fraga<\/td>\n<td valign=\"top\" width=\"200\">Pluralidade, Identidade e Ensino<\/td>\n<\/tr>\n<tr>\n<td valign=\"top\" width=\"190\">EVERTON MENEGUZZO<\/td>\n<td valign=\"top\" width=\"234\">Prof.\u00aa Dr.\u00aa Ione da Silva Jovino<\/td>\n<td valign=\"top\" width=\"200\">Pluralidade, Identidade e Ensino<\/td>\n<\/tr>\n<tr>\n<td valign=\"top\" width=\"190\">FELIPE TEODORO DA SILVA<\/td>\n<td valign=\"top\" width=\"234\">Prof.\u00aa Dr.\u00aa Silvana Oliveira<\/td>\n<td valign=\"top\" width=\"200\">Subjetividade, Texto e Ensino<\/td>\n<\/tr>\n<tr>\n<td width=\"190\">FRANCIELI LUBINA KRAICZEK<\/td>\n<td valign=\"top\" width=\"234\">Prof.\u00aa Dr.\u00aa Marly Catarina Soares<\/td>\n<td valign=\"top\" width=\"200\">Pluralidade, Identidade e Ensino<\/td>\n<\/tr>\n<tr>\n<td valign=\"top\" width=\"190\">GUILHERME YOHAN M. DA LUZ<\/td>\n<td valign=\"top\" width=\"234\">Prof.\u00aa Dr.\u00aa Valeska Gracioso Carlos<\/td>\n<td valign=\"top\" width=\"200\">Pluralidade, Identidade e Ensino<\/td>\n<\/tr>\n<tr>\n<td valign=\"top\" width=\"190\">ISABEL CRISTINA BICHINSKI<\/td>\n<td valign=\"top\" width=\"234\">Prof. Dr. Miguel Sanches Neto<\/td>\n<td valign=\"top\" width=\"200\">Pluralidade, Identidade e Ensino<\/td>\n<\/tr>\n<tr>\n<td valign=\"top\" width=\"190\">IUGUSL\u00c1VIA JALES DUTRA<\/td>\n<td valign=\"top\" width=\"234\">Prof.\u00aa Dr.\u00aa Rosana Apolonia Harmuch<\/td>\n<td valign=\"top\" width=\"200\">Subjetividade, Texto e Ensino<\/td>\n<\/tr>\n<tr>\n<td valign=\"top\" width=\"190\">IVETE OCZUST NITEK<\/td>\n<td valign=\"top\" width=\"234\">Prof.\u00aa Dr.\u00aa Cl\u00f3ris Porto Torquato<\/td>\n<td valign=\"top\" width=\"200\">Pluralidade, Identidade e Ensino<\/td>\n<\/tr>\n<tr>\n<td valign=\"top\" width=\"190\">JANEFFER DESSELMAN<\/td>\n<td valign=\"top\" width=\"234\">Prof.\u00aa Dr.\u00aa Andr\u00e9a C. Para\u00edso M\u00fcller<\/td>\n<td valign=\"top\" width=\"200\">Subjetividade, Texto e Ensino<\/td>\n<\/tr>\n<tr>\n<td valign=\"top\" width=\"190\">J\u00c9SSICA MARTINS DE ARA\u00daJO<\/td>\n<td valign=\"top\" width=\"234\">Prof.\u00aa Dr.\u00aa Aparecida de Jesus Ferreira<\/td>\n<td valign=\"top\" width=\"200\">Pluralidade, Identidade e Ensino<\/td>\n<\/tr>\n<tr>\n<td valign=\"top\" width=\"190\">J\u00c9SSICA DE F. LEVANDOWSKI<\/td>\n<td valign=\"top\" width=\"234\">Prof.\u00aa Dr.\u00aa Marly Catarina Soares<\/td>\n<td valign=\"top\" width=\"200\">Pluralidade, Identidade e Ensino<\/td>\n<\/tr>\n<tr>\n<td valign=\"top\" width=\"190\">JO\u00c3O ISRAEL RIBEIRO<\/td>\n<td valign=\"top\" width=\"234\">Prof.\u00aa Dr.\u00aa Silvana Oliveira<\/td>\n<td valign=\"top\" width=\"200\">Subjetividade, Texto e Ensino<\/td>\n<\/tr>\n<tr>\n<td valign=\"top\" width=\"190\">JOELMA DE SOUZA ROCHA<\/td>\n<td valign=\"top\" width=\"234\">Prof.\u00aa Dr.\u00aa Leticia Fraga<\/td>\n<td valign=\"top\" width=\"200\">Pluralidade, Identidade e Ensino<\/td>\n<\/tr>\n<tr>\n<td valign=\"top\" width=\"190\">JOS\u00c9 LU\u00cdS SCHAMNE<\/td>\n<td valign=\"top\" width=\"234\">Prof. Dr. F\u00e1bio Augusto Steyer<\/td>\n<td valign=\"top\" width=\"200\">Pluralidade, Identidade e Ensino<\/td>\n<\/tr>\n<tr>\n<td valign=\"top\" width=\"190\">JULIANA RISTOW WEISZ<\/td>\n<td valign=\"top\" width=\"234\">Prof. Dr. F\u00e1bio Augusto Steyer<\/td>\n<td valign=\"top\" width=\"200\">Pluralidade, Identidade e Ensino<\/td>\n<\/tr>\n<tr>\n<td valign=\"top\" width=\"190\">KARINE MATHIAS DOLL<\/td>\n<td valign=\"top\" width=\"234\">Prof.\u00aa Dr.\u00aa Keli Cristina Pacheco<\/td>\n<td valign=\"top\" width=\"200\">Subjetividade, Texto e Ensino<\/td>\n<\/tr>\n<tr>\n<td valign=\"top\" width=\"190\">KEILA DE OLIVEIRA<\/td>\n<td valign=\"top\" width=\"234\">Prof.\u00aa Dr.\u00aa Aparecida de Jesus Ferreira<\/td>\n<td valign=\"top\" width=\"200\">Pluralidade, Identidade e Ensino<\/td>\n<\/tr>\n<tr>\n<td valign=\"top\" width=\"190\">LET\u00cdCIA DE OLIVEIRA GALV\u00c3O<\/td>\n<td valign=\"top\" width=\"234\">Prof. Dr. Daniel de Oliveira Gomes<\/td>\n<td valign=\"top\" width=\"200\">Subjetividade, Texto e Ensino<\/td>\n<\/tr>\n<tr>\n<td valign=\"top\" width=\"190\">LET\u00cdCIA DO N. SCHAVAREM<\/td>\n<td valign=\"top\" width=\"234\">Prof.\u00aa Dr.\u00aa Pascoalina B. de O. Saleh<\/td>\n<td valign=\"top\" width=\"200\">Subjetividade, Texto e Ensino<\/td>\n<\/tr>\n<tr>\n<td valign=\"top\" width=\"190\">MARIANO JEFERSON TEIXEIRA<\/td>\n<td valign=\"top\" width=\"234\">Prof.\u00aa Dr.\u00aa Valeska Gracioso Carlos<\/td>\n<td valign=\"top\" width=\"200\">Pluralidade, Identidade e Ensino<\/td>\n<\/tr>\n<tr>\n<td valign=\"top\" width=\"190\">RAMON GUILLERMO MENDES<\/td>\n<td valign=\"top\" width=\"234\">Prof.\u00aa Dr.\u00aa Keli Cristina Pacheco<\/td>\n<td valign=\"top\" width=\"200\">Subjetividade, Texto e Ensino<\/td>\n<\/tr>\n<tr>\n<td valign=\"top\" width=\"190\">TATIANE M. HORST CARDOSO<\/td>\n<td valign=\"top\" width=\"234\">Prof. Dr. Sebasti\u00e3o Louren\u00e7o dos Santos<\/td>\n<td valign=\"top\" width=\"200\">Pluralidade, Identidade e Ensino<\/td>\n<\/tr>\n<tr>\n<td valign=\"top\" width=\"190\">VANESSA A. OLIVEIRA<\/td>\n<td valign=\"top\" width=\"234\">Prof.\u00aa Dr.\u00aa Ros\u00e2ngela Schardong<\/td>\n<td valign=\"top\" width=\"200\">Pluralidade, Identidade e Ensino<\/td>\n<\/tr>\n<tr>\n<td valign=\"top\" width=\"190\">VICTOR RICARDO R. MASGO<\/td>\n<td valign=\"top\" width=\"234\">Prof.\u00aa Dr.\u00aa Valeska Gracioso Carlos<\/td>\n<td valign=\"top\" width=\"200\">Pluralidade, Identidade e Ensino<\/td>\n<\/tr>\n<\/tbody>\n<\/table>\n<p>&nbsp;<\/p>\n\t\t\t\t<\/div>\n\t\t\t<\/div>\n\t\t<\/div>\n\t\t\t<div class=\"sow-accordion-panel\"\n\t\t\t data-anchor=\"2016\">\n\t\t\t\t<div class=\"sow-accordion-panel-header-container\" role=\"heading\" aria-level=\"2\">\n\t\t\t\t\t<div class=\"sow-accordion-panel-header\" tabindex=\"0\" role=\"button\" id=\"accordion-label-2016\" aria-controls=\"accordion-content-2016\" aria-expanded=\"false\">\n\t\t\t\t\t\t<div class=\"sow-accordion-title sow-accordion-title-icon-left\">\n\t\t\t\t\t\t\t\t\t\t\t\t\t\t2016\t\t\t\t\t\t\t\t\t\t\t\t\t<\/div>\n\t\t\t\t\t\t<div class=\"sow-accordion-open-close-button\">\n\t\t\t\t\t\t\t<div class=\"sow-accordion-open-button\">\n\t\t\t\t\t\t\t\t<span class=\"sow-icon-ionicons\" data-sow-icon=\"&#xf218;\"\n\t\t \n\t\taria-hidden=\"true\"><\/span>\t\t\t\t\t\t\t<\/div>\n\t\t\t\t\t\t\t<div class=\"sow-accordion-close-button\">\n\t\t\t\t\t\t\t\t<span class=\"sow-icon-ionicons\" data-sow-icon=\"&#xf209;\"\n\t\t \n\t\taria-hidden=\"true\"><\/span>\t\t\t\t\t\t\t<\/div>\n\t\t\t\t\t\t<\/div>\n\t\t\t\t\t<\/div>\n\t\t\t\t<\/div>\n\n\t\t\t<div\n\t\t\t\tclass=\"sow-accordion-panel-content\"\n\t\t\t\trole=\"region\"\n\t\t\t\taria-labelledby=\"accordion-label-2016\"\n\t\t\t\tid=\"accordion-content-2016\"\n\t\t\t\tstyle=\"display: none;\"\t\t\t>\n\t\t\t\t<div class=\"sow-accordion-panel-border\" tabindex=\"0\">\n\t\t\t\t\t<h4 style=\"text-align: center\"><strong>Turma 2016<\/strong><\/h4>\n<table border=\"1\" width=\"600\" cellspacing=\"0\" cellpadding=\"0\" align=\"center\">\n<tbody>\n<tr valign=\"middle\">\n<td width=\"192\" height=\"30\"><strong>NOME<\/strong><\/td>\n<td width=\"189\" height=\"30\"><strong>Orientador(a)<\/strong><\/td>\n<td width=\"211\" height=\"30\"><strong>Linha de Pesquisa<\/strong><\/td>\n<\/tr>\n<tr valign=\"middle\">\n<td height=\"30\">Adriele Siqueira<\/td>\n<td height=\"30\">Prof.\u00aa Dr.\u00aa Ione da Silva Jovino<\/td>\n<td height=\"30\">PLURALIDADE, IDENTIDADE E ENSINO<\/td>\n<\/tr>\n<tr valign=\"middle\">\n<td height=\"30\">Izabel Sandra de Lima<\/td>\n<td height=\"30\">Prof.\u00aa Dr.\u00aa Ros\u00e2ngela Schardong<\/td>\n<td height=\"30\">PLURALIDADE, IDENTIDADE E ENSINO<\/td>\n<\/tr>\n<tr valign=\"middle\">\n<td height=\"30\">Jeanine Geraldo Alvarez<\/td>\n<td height=\"30\">Prof. Dr. F\u00e1bio Augusto Steyer<\/td>\n<td height=\"30\">PLURALIDADE, IDENTIDADE E ENSINO<\/td>\n<\/tr>\n<tr valign=\"middle\">\n<td height=\"30\">Meire Anne Alves Bochnia<\/td>\n<td height=\"30\">Prof.\u00aa Dr.\u00aa Pascoalina Bailon de O. Saleh<\/td>\n<td height=\"30\">SUBJETIVIDADE, TEXTO E ENSINO<\/td>\n<\/tr>\n<tr valign=\"middle\">\n<td height=\"30\">Mirely Christina Dimbarre<\/td>\n<td height=\"30\">Prof.\u00aa Dr.\u00aa Pascoalina Bailon de O. Saleh<\/td>\n<td height=\"30\">SUBJETIVIDADE, TEXTO E ENSINO<\/td>\n<\/tr>\n<tr valign=\"middle\">\n<td height=\"30\">Paola Clarinda Oniesko<\/td>\n<td height=\"30\">Prof.\u00aa Dr.\u00aa Aparecida de Jesus Ferreira<\/td>\n<td height=\"30\">PLURALIDADE, IDENTIDADE E ENSINO<\/td>\n<\/tr>\n<tr valign=\"middle\">\n<td height=\"30\">Paola Souza Gomes<\/td>\n<td height=\"30\">Prof.\u00aa Dr.\u00aa Andr\u00e9a Correa Para\u00edso M\u00fcller<\/td>\n<td height=\"30\">SUBJETIVIDADE, TEXTO E ENSINO<\/td>\n<\/tr>\n<tr valign=\"middle\">\n<td height=\"30\">Patr\u00edcia Ferraz Saeki<\/td>\n<td height=\"30\">Prof.\u00aa Dr.\u00aa Silvana Oliveira<\/td>\n<td height=\"30\">SUBJETIVIDADE, TEXTO E ENSINO<\/td>\n<\/tr>\n<tr valign=\"middle\">\n<td height=\"30\">Regiane de F\u00e1tima S. Albert<\/td>\n<td height=\"30\">Prof.\u00aa Dr.\u00aa Valeska Gracioso Carlos<\/td>\n<td height=\"30\">PLURALIDADE, IDENTIDADE E ENSINO<\/td>\n<\/tr>\n<tr valign=\"middle\">\n<td height=\"30\">Regiane Maria Ferreira<\/td>\n<td height=\"30\">Prof.\u00aa Dr.\u00aa Marly Catarina Soares<\/td>\n<td height=\"30\">SUBJETIVIDADE, TEXTO E ENSINO<\/td>\n<\/tr>\n<tr valign=\"middle\">\n<td height=\"30\">Reinaldo Carneiro<\/td>\n<td height=\"30\">Prof. Dr. Evanir Pavloski<\/td>\n<td height=\"30\">SUBJETIVIDADE, TEXTO E ENSINO<\/td>\n<\/tr>\n<tr valign=\"middle\">\n<td height=\"30\">Rodrigo Mazer Etto<\/td>\n<td height=\"30\">Prof.\u00aa Dr.\u00aa Valeska Gracioso Carlos<\/td>\n<td height=\"30\">PLURALIDADE, IDENTIDADE E ENSINO<\/td>\n<\/tr>\n<tr valign=\"middle\">\n<td height=\"30\">Simone Bueno<\/td>\n<td height=\"30\">Prof.\u00aa Dr.\u00aa Let\u00edcia Fraga<\/td>\n<td height=\"30\">PLURALIDADE, IDENTIDADE E ENSINO<\/td>\n<\/tr>\n<tr valign=\"middle\">\n<td height=\"30\">Suselaine Schwab<\/td>\n<td height=\"30\">Prof.\u00aa Dr.\u00aa Aparecida de Jesus Ferreira<\/td>\n<td height=\"30\">PLURALIDADE, IDENTIDADE E ENSINO<\/td>\n<\/tr>\n<tr valign=\"middle\">\n<td height=\"30\">Suzimara Souza<\/td>\n<td height=\"30\">Prof.\u00aa Dr.\u00aa Ione da Silva Jovino<\/td>\n<td height=\"30\">PLURALIDADE, IDENTIDADE E ENSINO<\/td>\n<\/tr>\n<tr valign=\"middle\">\n<td height=\"30\">Temitope Jane Aransiola<\/td>\n<td height=\"30\">Prof.\u00aa Dr.\u00aa Cl\u00f3ris Porto Torquato<\/td>\n<td height=\"30\">PLURALIDADE, IDENTIDADE E ENSINO<\/td>\n<\/tr>\n<tr valign=\"middle\">\n<td height=\"30\">Thiago Bitencourt<\/td>\n<td height=\"30\">Prof.\u00aa Dr.\u00aa Rosana Apolonia Harmuch<\/td>\n<td height=\"30\">SUBJETIVIDADE, TEXTO E ENSINO<\/td>\n<\/tr>\n<tr valign=\"middle\">\n<td height=\"30\">Vilmar Junior Wrobel<\/td>\n<td height=\"30\">Prof.\u00aa Dr.\u00aa Cl\u00f3ris Porto Torquato<\/td>\n<td height=\"30\">PLURALIDADE, IDENTIDADE E ENSINO<\/td>\n<\/tr>\n<\/tbody>\n<\/table>\n<p>&nbsp;<\/p>\n\t\t\t\t<\/div>\n\t\t\t<\/div>\n\t\t<\/div>\n\t\t\t<div class=\"sow-accordion-panel\"\n\t\t\t data-anchor=\"2015\">\n\t\t\t\t<div class=\"sow-accordion-panel-header-container\" role=\"heading\" aria-level=\"2\">\n\t\t\t\t\t<div class=\"sow-accordion-panel-header\" tabindex=\"0\" role=\"button\" id=\"accordion-label-2015\" aria-controls=\"accordion-content-2015\" aria-expanded=\"false\">\n\t\t\t\t\t\t<div class=\"sow-accordion-title sow-accordion-title-icon-left\">\n\t\t\t\t\t\t\t\t\t\t\t\t\t\t2015\t\t\t\t\t\t\t\t\t\t\t\t\t<\/div>\n\t\t\t\t\t\t<div class=\"sow-accordion-open-close-button\">\n\t\t\t\t\t\t\t<div class=\"sow-accordion-open-button\">\n\t\t\t\t\t\t\t\t<span class=\"sow-icon-ionicons\" data-sow-icon=\"&#xf218;\"\n\t\t \n\t\taria-hidden=\"true\"><\/span>\t\t\t\t\t\t\t<\/div>\n\t\t\t\t\t\t\t<div class=\"sow-accordion-close-button\">\n\t\t\t\t\t\t\t\t<span class=\"sow-icon-ionicons\" data-sow-icon=\"&#xf209;\"\n\t\t \n\t\taria-hidden=\"true\"><\/span>\t\t\t\t\t\t\t<\/div>\n\t\t\t\t\t\t<\/div>\n\t\t\t\t\t<\/div>\n\t\t\t\t<\/div>\n\n\t\t\t<div\n\t\t\t\tclass=\"sow-accordion-panel-content\"\n\t\t\t\trole=\"region\"\n\t\t\t\taria-labelledby=\"accordion-label-2015\"\n\t\t\t\tid=\"accordion-content-2015\"\n\t\t\t\tstyle=\"display: none;\"\t\t\t>\n\t\t\t\t<div class=\"sow-accordion-panel-border\" tabindex=\"0\">\n\t\t\t\t\t<h4><strong>Turma 2015<\/strong><\/h4>\n<table border=\"1\" width=\"600\" cellspacing=\"0\" cellpadding=\"0\" align=\"center\">\n<tbody>\n<tr>\n<td valign=\"top\">\n<p align=\"center\"><strong>Aluno<\/strong><\/p>\n<\/td>\n<td valign=\"top\">\n<p align=\"center\"><strong>Orientador<\/strong><\/p>\n<\/td>\n<td valign=\"top\">\n<p align=\"center\"><strong>Linha de pesquisa<\/strong><\/p>\n<\/td>\n<\/tr>\n<tr>\n<td valign=\"top\" width=\"234\">Alexandra Nunes Santana<\/td>\n<td valign=\"top\" width=\"236\">Cl\u00f3ris Porto Torquato<\/td>\n<td valign=\"top\" width=\"248\">Pluralidade, Identidade e Ensino<\/td>\n<\/tr>\n<tr>\n<td valign=\"top\" width=\"234\">Alice Joc\u00e9lia Schlem<\/td>\n<td valign=\"top\" width=\"236\">Ros\u00e2ngela Schardong<\/td>\n<td valign=\"top\" width=\"248\">Pluralidade, Identidade e Ensino<\/td>\n<\/tr>\n<tr>\n<td valign=\"top\" width=\"234\">Camille Ferreira<\/td>\n<td valign=\"top\" width=\"236\">Daniel de Oliveira<\/td>\n<td valign=\"top\" width=\"248\">Subjetividade, Texto e Ensino<\/td>\n<\/tr>\n<tr>\n<td valign=\"top\" width=\"234\">Carolina Correia Machado<\/td>\n<td valign=\"top\" width=\"236\">Andr\u00e9a Para\u00edso M\u00fcller<\/td>\n<td valign=\"top\" width=\"248\">Subjetividade, Texto e Ensino<\/td>\n<\/tr>\n<tr>\n<td valign=\"top\" width=\"234\">C\u00e9lia Gaudeda<\/td>\n<td valign=\"top\" width=\"236\">Pascoalina B. de O. Saleh<\/td>\n<td valign=\"top\" width=\"248\">Subjetividade, Texto e Ensino<\/td>\n<\/tr>\n<tr>\n<td valign=\"top\" width=\"234\">Daiane Franciele Morais Quadros<\/td>\n<td valign=\"top\" width=\"236\">Ione da Silva Jovino<\/td>\n<td valign=\"top\" width=\"248\">Pluralidade, Identidade e Ensino<\/td>\n<\/tr>\n<tr>\n<td valign=\"top\" width=\"234\">Emanuelle Alves Adacheski<\/td>\n<td valign=\"top\" width=\"236\">Keli Cristina Pacheco<\/td>\n<td valign=\"top\" width=\"248\">Subjetividade, Texto e Ensino<\/td>\n<\/tr>\n<tr>\n<td valign=\"top\" width=\"234\">Jos\u00e9 Wander de Paula<\/td>\n<td valign=\"top\" width=\"236\">Marly Catarina Soares<\/td>\n<td valign=\"top\" width=\"248\">Subjetividade, Texto e Ensino<\/td>\n<\/tr>\n<tr>\n<td valign=\"top\" width=\"234\">Luciana Asadczuk<\/td>\n<td valign=\"top\" width=\"236\">Marly Catarina Soares<\/td>\n<td valign=\"top\" width=\"248\">Subjetividade, Texto e Ensino<\/td>\n<\/tr>\n<tr>\n<td valign=\"top\" width=\"234\">Marivete Souta<\/td>\n<td valign=\"top\" width=\"236\">Ione da Silva Jovino<\/td>\n<td valign=\"top\" width=\"248\">Pluralidade, Identidade e Ensino<\/td>\n<\/tr>\n<tr>\n<td valign=\"top\" width=\"234\">Michele Padilha Santa Clara<\/td>\n<td valign=\"top\" width=\"236\">Aparecida de Jesus Ferreira<\/td>\n<td valign=\"top\" width=\"248\">Pluralidade, Identidade e Ensino<\/td>\n<\/tr>\n<tr>\n<td valign=\"top\" width=\"234\">Paula Starke<\/td>\n<td valign=\"top\" width=\"236\">F\u00e1bio Augusto Steyer<\/td>\n<td valign=\"top\" width=\"248\">Pluralidade, Identidade e Ensino<\/td>\n<\/tr>\n<tr>\n<td valign=\"top\" width=\"234\">Phellip Willian de Paula Gruber<\/td>\n<td valign=\"top\" width=\"236\">Evanir Pavloski<\/td>\n<td valign=\"top\" width=\"248\">Subjetividade, Texto e Ensino<\/td>\n<\/tr>\n<tr>\n<td valign=\"top\" width=\"234\">Renan Fagundes de Souza<\/td>\n<td valign=\"top\" width=\"236\">Ione da Silva Jovino<\/td>\n<td valign=\"top\" width=\"248\">Pluralidade, Identidade e Ensino<\/td>\n<\/tr>\n<tr>\n<td valign=\"top\" width=\"234\">Robson Jos\u00e9 Cust\u00f3dio<\/td>\n<td valign=\"top\" width=\"236\">Daniel de Oliveira<\/td>\n<td valign=\"top\" width=\"248\">Subjetividade, Texto e Ensino<\/td>\n<\/tr>\n<tr>\n<td valign=\"top\" width=\"234\">Rosana Aparecida R. de Sene<\/td>\n<td valign=\"top\" width=\"236\">Aparecida de Jesus Ferreira<\/td>\n<td valign=\"top\" width=\"248\">Pluralidade, Identidade e Ensino<\/td>\n<\/tr>\n<tr>\n<td valign=\"top\" width=\"234\">Rodrigo da Silva Tom\u00e9<\/td>\n<td valign=\"top\" width=\"236\">Rosana Apolonia Harmuch<\/td>\n<td valign=\"top\" width=\"248\">Subjetividade, Texto e Ensino<\/td>\n<\/tr>\n<tr>\n<td valign=\"top\" width=\"234\">Rhuan Felipe Scoma\u00e7\u00e3o da Silva<\/td>\n<td valign=\"top\" width=\"236\">Evanir Pavloski<\/td>\n<td valign=\"top\" width=\"248\">Subjetividade, Texto e Ensino<\/td>\n<\/tr>\n<tr>\n<td valign=\"top\" width=\"234\">Silvely Brandes<\/td>\n<td valign=\"top\" width=\"236\">Cl\u00f3ris Porto Torquato<\/td>\n<td valign=\"top\" width=\"248\">Pluralidade, Identidade e Ensino<\/td>\n<\/tr>\n<tr>\n<td valign=\"top\" width=\"234\">T\u00e2nia Frugiuele Soares Agostinho<\/td>\n<td valign=\"top\" width=\"236\">F\u00e1bio Augusto Steyer<\/td>\n<td valign=\"top\" width=\"248\">Pluralidade, Identidade e Ensino<\/td>\n<\/tr>\n<tr>\n<td valign=\"top\" width=\"234\">Vanessa Makohin Costa Rosa<\/td>\n<td valign=\"top\" width=\"236\">Cl\u00f3ris Porto Torquato<\/td>\n<td valign=\"top\" width=\"248\">Pluralidade, Identidade e Ensino<\/td>\n<\/tr>\n<\/tbody>\n<\/table>\n<p>&nbsp;<\/p>\n\t\t\t\t<\/div>\n\t\t\t<\/div>\n\t\t<\/div>\n\t\t\t<div class=\"sow-accordion-panel\"\n\t\t\t data-anchor=\"2014\">\n\t\t\t\t<div class=\"sow-accordion-panel-header-container\" role=\"heading\" aria-level=\"2\">\n\t\t\t\t\t<div class=\"sow-accordion-panel-header\" tabindex=\"0\" role=\"button\" id=\"accordion-label-2014\" aria-controls=\"accordion-content-2014\" aria-expanded=\"false\">\n\t\t\t\t\t\t<div class=\"sow-accordion-title sow-accordion-title-icon-left\">\n\t\t\t\t\t\t\t\t\t\t\t\t\t\t2014\t\t\t\t\t\t\t\t\t\t\t\t\t<\/div>\n\t\t\t\t\t\t<div class=\"sow-accordion-open-close-button\">\n\t\t\t\t\t\t\t<div class=\"sow-accordion-open-button\">\n\t\t\t\t\t\t\t\t<span class=\"sow-icon-ionicons\" data-sow-icon=\"&#xf218;\"\n\t\t \n\t\taria-hidden=\"true\"><\/span>\t\t\t\t\t\t\t<\/div>\n\t\t\t\t\t\t\t<div class=\"sow-accordion-close-button\">\n\t\t\t\t\t\t\t\t<span class=\"sow-icon-ionicons\" data-sow-icon=\"&#xf209;\"\n\t\t \n\t\taria-hidden=\"true\"><\/span>\t\t\t\t\t\t\t<\/div>\n\t\t\t\t\t\t<\/div>\n\t\t\t\t\t<\/div>\n\t\t\t\t<\/div>\n\n\t\t\t<div\n\t\t\t\tclass=\"sow-accordion-panel-content\"\n\t\t\t\trole=\"region\"\n\t\t\t\taria-labelledby=\"accordion-label-2014\"\n\t\t\t\tid=\"accordion-content-2014\"\n\t\t\t\tstyle=\"display: none;\"\t\t\t>\n\t\t\t\t<div class=\"sow-accordion-panel-border\" tabindex=\"0\">\n\t\t\t\t\t<h4 style=\"text-align: center\"><strong>Turma 2014<\/strong><strong><br \/>\n<\/strong><\/h4>\n<table border=\"1\" width=\"600\" cellspacing=\"0\" cellpadding=\"3\" align=\"center\">\n<tbody>\n<tr>\n<td valign=\"top\">\n<p align=\"center\"><strong>Aluno<\/strong><\/p>\n<\/td>\n<td valign=\"top\">\n<p align=\"center\"><strong>Orientador<\/strong><\/p>\n<\/td>\n<td valign=\"top\">\n<p align=\"center\"><strong>Linha de pesquisa<\/strong><\/p>\n<\/td>\n<\/tr>\n<tr>\n<td valign=\"top\">Alejandro N\u00e9stor Lorenzetti<\/td>\n<td valign=\"top\">Cl\u00f3ris Porto Torquato<\/td>\n<td valign=\"top\">Pluralidade, Identidade e Ensino<\/td>\n<\/tr>\n<tr>\n<td valign=\"top\">B\u00e1rbara Mar\u00e7al Celestino<\/td>\n<td valign=\"top\">Rosana A. Harmuch<\/td>\n<td valign=\"top\">Subjetividade, Texto e Ensino<\/td>\n<\/tr>\n<tr>\n<td valign=\"middle\">Carla Simone Silva<\/td>\n<td valign=\"top\">Ione da Silva Jovino<\/td>\n<td valign=\"top\">Pluralidade, Identidade e Ensino<\/td>\n<\/tr>\n<tr>\n<td valign=\"top\">Cleonice de F\u00e1tima Martins<\/td>\n<td valign=\"top\">Leticia Fraga<\/td>\n<td valign=\"top\">Pluralidade, Identidade e Ensino<\/td>\n<\/tr>\n<tr>\n<td valign=\"top\">Deleon Betim<\/td>\n<td valign=\"top\">Let\u00edcia Fraga<\/td>\n<td valign=\"top\">Pluralidade, Identidade e Ensino<\/td>\n<\/tr>\n<tr>\n<td valign=\"top\">\u00c9dina Aparecida da Silva<\/td>\n<td valign=\"top\">Ione da Silva Jovino<\/td>\n<td valign=\"top\">Pluralidade, Identidade e Ensino<\/td>\n<\/tr>\n<tr>\n<td valign=\"top\">Francine Mari\u00ea A.Higashi<\/td>\n<td valign=\"top\">Miguel Sanches Neto<\/td>\n<td valign=\"top\">Pluralidade, Identidade e Ensino<\/td>\n<\/tr>\n<tr>\n<td valign=\"top\">Ellen Petrech Vasconcelos<\/td>\n<td valign=\"top\">El\u00f3dia Const. Roman<\/td>\n<td valign=\"top\">Pluralidade, Identidade e Ensino<\/td>\n<\/tr>\n<tr>\n<td valign=\"top\">Heliton Diego Lau<\/td>\n<td valign=\"top\">Pascoalina B. O. Saleh<\/td>\n<td valign=\"top\">Subjetividade, Texto e Ensino<\/td>\n<\/tr>\n<tr>\n<td valign=\"top\">Heloisa Scalise T. Fonseca<\/td>\n<td valign=\"top\">Marly Catarina Soares<\/td>\n<td valign=\"top\">Subjetividade, Texto e Ensino<\/td>\n<\/tr>\n<tr>\n<td valign=\"top\">Jamila Val\u00e9ria Leoncio<\/td>\n<td valign=\"top\">Keli Cristina Pacheco<\/td>\n<td valign=\"top\">Subjetividade, Texto e Ensino<\/td>\n<\/tr>\n<tr>\n<td valign=\"top\">Lennon Moraes Joanico<\/td>\n<td valign=\"top\">Evanir Pavloski<\/td>\n<td valign=\"top\">Subjetividade, Texto e Ensino<\/td>\n<\/tr>\n<tr>\n<td valign=\"top\">Leonilce de Lara Ferreira<\/td>\n<td valign=\"top\">Silvana Oliveira<\/td>\n<td valign=\"top\">Subjetividade, Texto e Ensino<\/td>\n<\/tr>\n<tr>\n<td valign=\"top\">L\u00edlian Paula Dambr\u00f3s<\/td>\n<td valign=\"top\">Ione da Silva Jovino<\/td>\n<td valign=\"top\">Pluralidade, Identidade e Ensino<\/td>\n<\/tr>\n<tr>\n<td valign=\"top\">Mayara Bueno da Silva<\/td>\n<td valign=\"top\">Keli Cristina Pacheco<\/td>\n<td valign=\"top\">Subjetividade, Texto e Ensino<\/td>\n<\/tr>\n<tr>\n<td valign=\"top\">Merylin Ricieli dos Santos<\/td>\n<td valign=\"top\">Cl\u00f3ris Porto Torquato<\/td>\n<td valign=\"top\">Pluralidade, Identidade e Ensino<\/td>\n<\/tr>\n<tr>\n<td valign=\"top\">Rodrigo Gon\u00e7alves Sobrinho<\/td>\n<td valign=\"top\">Evanir Pavloski<\/td>\n<td valign=\"top\">Subjetividade, Texto e Ensino<\/td>\n<\/tr>\n<tr>\n<td valign=\"top\">Rondinele A. Ribeiro<\/td>\n<td valign=\"top\">Silvana Oliveira<\/td>\n<td valign=\"top\">Subjetividade, Texto e Ensino<\/td>\n<\/tr>\n<tr>\n<td valign=\"top\">Rosen\u00e9ia do Rocio Prestes<\/td>\n<td valign=\"top\">Marly Catarina Soares<\/td>\n<td valign=\"top\">Subjetividade, Texto e Ensino<\/td>\n<\/tr>\n<tr>\n<td valign=\"top\">Sebasti\u00e3o Nat\u00e1lio da S. Filho<\/td>\n<td valign=\"top\">Ione da Silva Jovino<\/td>\n<td valign=\"top\">Pluralidade, Identidade e Ensino<\/td>\n<\/tr>\n<tr>\n<td valign=\"top\">Simone de F\u00e1tima Colman<\/td>\n<td valign=\"top\">Leticia Fraga<\/td>\n<td valign=\"top\">Pluralidade, Identidade e Ensino<\/td>\n<\/tr>\n<tr>\n<td valign=\"top\">Susi Cristie Rebello da Silva<\/td>\n<td valign=\"top\">Pascoalina B. O.Saleh<\/td>\n<td valign=\"top\">Subjetividade, Texto e Ensino<\/td>\n<\/tr>\n<tr>\n<td valign=\"top\">Waldiney Correa Martins<\/td>\n<td valign=\"top\">El\u00f3dia Const.\u00a0 Roman<\/td>\n<td valign=\"top\">Pluralidade, Identidade e Ensino<\/td>\n<\/tr>\n<\/tbody>\n<\/table>\n\t\t\t\t<\/div>\n\t\t\t<\/div>\n\t\t<\/div>\n\t\t\t<div class=\"sow-accordion-panel\"\n\t\t\t data-anchor=\"2013\">\n\t\t\t\t<div class=\"sow-accordion-panel-header-container\" role=\"heading\" aria-level=\"2\">\n\t\t\t\t\t<div class=\"sow-accordion-panel-header\" tabindex=\"0\" role=\"button\" id=\"accordion-label-2013\" aria-controls=\"accordion-content-2013\" aria-expanded=\"false\">\n\t\t\t\t\t\t<div class=\"sow-accordion-title sow-accordion-title-icon-left\">\n\t\t\t\t\t\t\t\t\t\t\t\t\t\t2013\t\t\t\t\t\t\t\t\t\t\t\t\t<\/div>\n\t\t\t\t\t\t<div class=\"sow-accordion-open-close-button\">\n\t\t\t\t\t\t\t<div class=\"sow-accordion-open-button\">\n\t\t\t\t\t\t\t\t<span class=\"sow-icon-ionicons\" data-sow-icon=\"&#xf218;\"\n\t\t \n\t\taria-hidden=\"true\"><\/span>\t\t\t\t\t\t\t<\/div>\n\t\t\t\t\t\t\t<div class=\"sow-accordion-close-button\">\n\t\t\t\t\t\t\t\t<span class=\"sow-icon-ionicons\" data-sow-icon=\"&#xf209;\"\n\t\t \n\t\taria-hidden=\"true\"><\/span>\t\t\t\t\t\t\t<\/div>\n\t\t\t\t\t\t<\/div>\n\t\t\t\t\t<\/div>\n\t\t\t\t<\/div>\n\n\t\t\t<div\n\t\t\t\tclass=\"sow-accordion-panel-content\"\n\t\t\t\trole=\"region\"\n\t\t\t\taria-labelledby=\"accordion-label-2013\"\n\t\t\t\tid=\"accordion-content-2013\"\n\t\t\t\tstyle=\"display: none;\"\t\t\t>\n\t\t\t\t<div class=\"sow-accordion-panel-border\" tabindex=\"0\">\n\t\t\t\t\t<h4 style=\"text-align: center\">\n<strong>Turma 2013<\/strong><strong><br \/>\n<\/strong><\/h4>\n<table border=\"1\" width=\"600\" cellspacing=\"0\" cellpadding=\"3\" align=\"center\">\n<tbody>\n<tr>\n<td valign=\"top\">\n<p align=\"center\"><strong>Aluno<\/strong><\/p>\n<\/td>\n<td valign=\"top\">\n<p align=\"center\"><strong>Orientador<\/strong><\/p>\n<\/td>\n<td valign=\"top\">\n<p align=\"center\"><strong>Linha de pesquisa<\/strong><\/p>\n<\/td>\n<\/tr>\n<tr>\n<td valign=\"top\">Amarili Sequeira Nogueira<\/td>\n<td valign=\"top\">Let\u00edcia Fraga<\/td>\n<td valign=\"top\">Pluralidade, Identidade e Ensino<\/td>\n<\/tr>\n<tr>\n<td valign=\"top\">Ana Paula de Moura Delezuk<\/td>\n<td valign=\"top\">Pascoalina B. DE Oliveira Saleh<\/td>\n<td valign=\"top\">Subjetividade, Texto e Ensino<\/td>\n<\/tr>\n<tr>\n<td valign=\"top\">Camila Del Tregio<\/td>\n<td valign=\"top\">Miguel Sanches Neto<\/td>\n<td valign=\"top\">Pluralidade, Identidade e Ensino<\/td>\n<\/tr>\n<tr>\n<td valign=\"top\">Caroline de Jesus Flor\u00e3o Paz<\/td>\n<td valign=\"top\">Let\u00edcia Fraga<\/td>\n<td valign=\"top\">Pluralidade, Identidade e Ensino<\/td>\n<\/tr>\n<tr>\n<td valign=\"top\">Celine Aparecida de Matos<\/td>\n<td valign=\"top\">Keli Cristina Pacheco<\/td>\n<td valign=\"top\">Subjetividade, Texto e Ensino<\/td>\n<\/tr>\n<tr>\n<td valign=\"top\">Fernanda Aparecida Israel<\/td>\n<td valign=\"top\">Cl\u00f3ris Porto Torquato<\/td>\n<td valign=\"top\">Pluralidade, Identidade e Ensino<\/td>\n<\/tr>\n<tr>\n<td valign=\"top\">Izabele Caroline Rodrigues Gomes<\/td>\n<td valign=\"top\">Silvana Oliveira<\/td>\n<td valign=\"top\">Subjetividade, Texto e Ensino<\/td>\n<\/tr>\n<tr>\n<td valign=\"top\">Linite Adma de Oliveira<\/td>\n<td valign=\"top\">Djane Antonucci Correa<\/td>\n<td valign=\"top\">Pluralidade, Identidade e Ensino<\/td>\n<\/tr>\n<tr>\n<td valign=\"top\">Marco Aur\u00e9lio de Souza<\/td>\n<td valign=\"top\">Silvana Oliveira<\/td>\n<td valign=\"top\">Subjetividade, Texto e Ensino<\/td>\n<\/tr>\n<tr>\n<td valign=\"top\">Pablo Ferreira Biglia<\/td>\n<td valign=\"top\">Marly Catarina Soares<\/td>\n<td valign=\"top\">Subjetividade, Texto e Ensino<\/td>\n<\/tr>\n<tr>\n<td valign=\"top\">Priscila Barbosa Ribas Ansbach<\/td>\n<td valign=\"top\">Pascoalina B. de Oliveira Saleh<\/td>\n<td valign=\"top\">Subjetividade, Texto e Ensino<\/td>\n<\/tr>\n<tr>\n<td valign=\"top\">Raimunda Santos Moreira de Oliveira<\/td>\n<td valign=\"top\">Aparecida de Jesus Ferreira<\/td>\n<td valign=\"top\">Pluralidade, Identidade e Ensino<\/td>\n<\/tr>\n<tr>\n<td valign=\"top\">Ramon Felipe Ronchi<\/td>\n<td valign=\"top\">Evanir Pavloski<\/td>\n<td valign=\"top\">Subjetividade, Texto e Ensino<\/td>\n<\/tr>\n<tr>\n<td valign=\"top\">Silionara Aparecida Madureira<\/td>\n<td valign=\"top\">Ione da Silva Jovino<\/td>\n<td valign=\"top\">Pluralidade, Identidade e Ensino<\/td>\n<\/tr>\n<tr>\n<td valign=\"top\">Ta\u00eds Regina Guths<\/td>\n<td valign=\"top\">Djane Antonucci Correa<\/td>\n<td valign=\"top\">Pluralidade, Identidade e Ensino<\/td>\n<\/tr>\n<tr>\n<td valign=\"top\">Yara Fernanda Novatzki<\/td>\n<td valign=\"top\">Djane Antonucci Correa<\/td>\n<td valign=\"top\">Pluralidade, Identidade e Ensino<\/td>\n<\/tr>\n<\/tbody>\n<\/table>\n\t\t\t\t<\/div>\n\t\t\t<\/div>\n\t\t<\/div>\n\t\t\t<div class=\"sow-accordion-panel\"\n\t\t\t data-anchor=\"2012\">\n\t\t\t\t<div class=\"sow-accordion-panel-header-container\" role=\"heading\" aria-level=\"2\">\n\t\t\t\t\t<div class=\"sow-accordion-panel-header\" tabindex=\"0\" role=\"button\" id=\"accordion-label-2012\" aria-controls=\"accordion-content-2012\" aria-expanded=\"false\">\n\t\t\t\t\t\t<div class=\"sow-accordion-title sow-accordion-title-icon-left\">\n\t\t\t\t\t\t\t\t\t\t\t\t\t\t2012\t\t\t\t\t\t\t\t\t\t\t\t\t<\/div>\n\t\t\t\t\t\t<div class=\"sow-accordion-open-close-button\">\n\t\t\t\t\t\t\t<div class=\"sow-accordion-open-button\">\n\t\t\t\t\t\t\t\t<span class=\"sow-icon-ionicons\" data-sow-icon=\"&#xf218;\"\n\t\t \n\t\taria-hidden=\"true\"><\/span>\t\t\t\t\t\t\t<\/div>\n\t\t\t\t\t\t\t<div class=\"sow-accordion-close-button\">\n\t\t\t\t\t\t\t\t<span class=\"sow-icon-ionicons\" data-sow-icon=\"&#xf209;\"\n\t\t \n\t\taria-hidden=\"true\"><\/span>\t\t\t\t\t\t\t<\/div>\n\t\t\t\t\t\t<\/div>\n\t\t\t\t\t<\/div>\n\t\t\t\t<\/div>\n\n\t\t\t<div\n\t\t\t\tclass=\"sow-accordion-panel-content\"\n\t\t\t\trole=\"region\"\n\t\t\t\taria-labelledby=\"accordion-label-2012\"\n\t\t\t\tid=\"accordion-content-2012\"\n\t\t\t\tstyle=\"display: none;\"\t\t\t>\n\t\t\t\t<div class=\"sow-accordion-panel-border\" tabindex=\"0\">\n\t\t\t\t\t<h4 style=\"text-align: center\"><strong>Turma 2012<\/strong><strong><br \/>\n<\/strong><\/h4>\n<table border=\"1\" width=\"600\" cellspacing=\"0\" cellpadding=\"3\" align=\"center\">\n<tbody>\n<tr>\n<td valign=\"top\" width=\"200\"><strong>Aluno<\/strong><\/td>\n<td valign=\"top\" width=\"200\"><strong>Orientador<\/strong><\/td>\n<td valign=\"top\" width=\"200\"><strong>Linha de Pesquisa<\/strong><\/td>\n<\/tr>\n<tr>\n<td valign=\"top\" width=\"246\" height=\"25\">Ana Cl\u00e1udia Costa Fontana<\/td>\n<td valign=\"top\" width=\"313\">Miguel Sanches Neto<\/td>\n<td valign=\"top\" width=\"313\" height=\"25\">Pluralidade, Identidade e Ensino<\/td>\n<\/tr>\n<tr>\n<td valign=\"top\" width=\"246\" height=\"25\">Bianca do Rocio Vogler<\/td>\n<td valign=\"top\" width=\"313\">Antonio Jo\u00e3o Teixeira<\/td>\n<td valign=\"top\" width=\"313\" height=\"25\">Subjetividade, Texto e Ensino<\/td>\n<\/tr>\n<tr>\n<td valign=\"top\" width=\"246\" height=\"25\">Caroline Wilt Ara\u00fajo<\/td>\n<td valign=\"top\" width=\"313\">Miguel Sanches Neto<\/td>\n<td valign=\"top\" width=\"313\" height=\"25\">Pluralidade, Identidade e Ensino<\/td>\n<\/tr>\n<tr>\n<td valign=\"top\" width=\"246\" height=\"25\">Edenilson Mikuska<\/td>\n<td valign=\"top\" width=\"313\">Rosana Apolonia Harmuch<\/td>\n<td valign=\"top\" width=\"313\" height=\"25\">Subjetividade, Texto e Ensino<\/td>\n<\/tr>\n<tr>\n<td valign=\"top\" width=\"246\" height=\"25\">\u00c9derson Lima de Souza<\/td>\n<td valign=\"top\" width=\"313\">Aparecida de Jesus Ferreira<\/td>\n<td valign=\"top\" width=\"313\" height=\"25\">Pluralidade, Identidade e Ensino<\/td>\n<\/tr>\n<tr>\n<td valign=\"top\" height=\"25\">Evelise dos S. do Nascimento<\/td>\n<td valign=\"top\">Let\u00edcia Fraga<\/td>\n<td valign=\"top\" height=\"25\">Pluralidade, Identidade e Ensino<\/td>\n<\/tr>\n<tr>\n<td valign=\"top\" height=\"25\">Fabio Ricardo Gioppo<\/td>\n<td valign=\"top\">Silvana Oliveira<\/td>\n<td valign=\"top\" height=\"25\">Subjetividade, Texto e Ensino<\/td>\n<\/tr>\n<tr>\n<td valign=\"top\" height=\"25\">Izabel C. Rickli Sgarbossa<\/td>\n<td valign=\"top\">Pascoalina Bailon de O. Saleh<\/td>\n<td valign=\"top\" height=\"25\">Subjetividade, Texto e Ensino<\/td>\n<\/tr>\n<tr>\n<td valign=\"top\" height=\"25\">Lilian C. do Amaral Martines<\/td>\n<td valign=\"top\">Let\u00edcia Fraga<\/td>\n<td valign=\"top\" height=\"25\">Pluralidade, Identidade e Ensino<\/td>\n<\/tr>\n<tr>\n<td valign=\"top\" height=\"25\">Luana Raquel Ruths Vieira<\/td>\n<td valign=\"top\">Marly Catarina Soares<\/td>\n<td valign=\"top\" height=\"25\">Subjetividade, Texto e Ensino<\/td>\n<\/tr>\n<tr>\n<td valign=\"top\" height=\"25\">Luciane P. da Silva Navarro<\/td>\n<td valign=\"top\">Miguel Sanches Neto<\/td>\n<td valign=\"top\" height=\"25\">Pluralidade, Identidade e Ensino<\/td>\n<\/tr>\n<tr>\n<td valign=\"top\" height=\"25\">Marcela Marabeli de Moraes<\/td>\n<td valign=\"top\">Djane Antonucci Correa<\/td>\n<td valign=\"top\" height=\"25\">Pluralidade, Identidade e Ensino<\/td>\n<\/tr>\n<tr>\n<td valign=\"top\" height=\"25\">Silvana A. Carvalho do Prado<\/td>\n<td valign=\"top\">Djane Antonucci Correa<\/td>\n<td valign=\"top\" height=\"25\">Pluralidade, Identidade e Ensino<\/td>\n<\/tr>\n<tr>\n<td valign=\"top\" height=\"25\">Silvia Aparecida Medeiros<\/td>\n<td valign=\"top\">Djane Antonucci Correa<\/td>\n<td valign=\"top\" height=\"25\">Pluralidade, Identidade e Ensino<\/td>\n<\/tr>\n<tr>\n<td valign=\"top\" width=\"246\" height=\"25\">Thatiane Prochner<\/td>\n<td valign=\"top\" width=\"313\">Marly Catarina Soares<\/td>\n<td valign=\"top\" width=\"313\" height=\"25\">Subjetividade, Texto e Ensino<\/td>\n<\/tr>\n<\/tbody>\n<\/table>\n<p>&nbsp;<\/p>\n\t\t\t\t<\/div>\n\t\t\t<\/div>\n\t\t<\/div>\n\t\t\t<div class=\"sow-accordion-panel\"\n\t\t\t data-anchor=\"2011\">\n\t\t\t\t<div class=\"sow-accordion-panel-header-container\" role=\"heading\" aria-level=\"2\">\n\t\t\t\t\t<div class=\"sow-accordion-panel-header\" tabindex=\"0\" role=\"button\" id=\"accordion-label-2011\" aria-controls=\"accordion-content-2011\" aria-expanded=\"false\">\n\t\t\t\t\t\t<div class=\"sow-accordion-title sow-accordion-title-icon-left\">\n\t\t\t\t\t\t\t\t\t\t\t\t\t\t2011\t\t\t\t\t\t\t\t\t\t\t\t\t<\/div>\n\t\t\t\t\t\t<div class=\"sow-accordion-open-close-button\">\n\t\t\t\t\t\t\t<div class=\"sow-accordion-open-button\">\n\t\t\t\t\t\t\t\t<span class=\"sow-icon-ionicons\" data-sow-icon=\"&#xf218;\"\n\t\t \n\t\taria-hidden=\"true\"><\/span>\t\t\t\t\t\t\t<\/div>\n\t\t\t\t\t\t\t<div class=\"sow-accordion-close-button\">\n\t\t\t\t\t\t\t\t<span class=\"sow-icon-ionicons\" data-sow-icon=\"&#xf209;\"\n\t\t \n\t\taria-hidden=\"true\"><\/span>\t\t\t\t\t\t\t<\/div>\n\t\t\t\t\t\t<\/div>\n\t\t\t\t\t<\/div>\n\t\t\t\t<\/div>\n\n\t\t\t<div\n\t\t\t\tclass=\"sow-accordion-panel-content\"\n\t\t\t\trole=\"region\"\n\t\t\t\taria-labelledby=\"accordion-label-2011\"\n\t\t\t\tid=\"accordion-content-2011\"\n\t\t\t\tstyle=\"display: none;\"\t\t\t>\n\t\t\t\t<div class=\"sow-accordion-panel-border\" tabindex=\"0\">\n\t\t\t\t\t<h4 style=\"text-align: center\"><strong>Turma 2011<\/strong><\/h4>\n<table border=\"1\" width=\"600\" cellspacing=\"0\" cellpadding=\"3\" align=\"center\">\n<tbody>\n<tr>\n<td valign=\"top\" width=\"200\"><strong>Aluno<\/strong><\/td>\n<td valign=\"top\" width=\"200\"><strong>Orientador<\/strong><\/td>\n<td valign=\"top\" width=\"200\"><strong>Linha de Pesquisa<\/strong><\/td>\n<\/tr>\n<tr>\n<td valign=\"top\" width=\"246\" height=\"25\">Adrian Lincoln F. Clarindo<\/td>\n<td valign=\"top\" width=\"313\">Ant\u00f4nio Jo\u00e3o Teixeira<\/td>\n<td valign=\"top\" width=\"313\" height=\"25\">Subjetividade, Texto e Ensino<\/td>\n<\/tr>\n<tr>\n<td valign=\"top\" width=\"246\" height=\"25\">Adriana Dalla Vecchia<\/td>\n<td valign=\"top\" width=\"313\">Let\u00edcia Fraga<\/td>\n<td valign=\"top\" width=\"313\" height=\"25\">Pluralidade, Identidade e Ensino<\/td>\n<\/tr>\n<tr>\n<td valign=\"top\" width=\"246\" height=\"25\">Anderson Costa<\/td>\n<td valign=\"top\" width=\"313\">Ant\u00f4nio Jo\u00e3o Teixeira<\/td>\n<td valign=\"top\" width=\"313\" height=\"25\">Subjetividade, Texto e Ensino<\/td>\n<\/tr>\n<tr>\n<td valign=\"top\" width=\"246\" height=\"25\">Andr\u00e9ia R. Dallarosa<\/td>\n<td valign=\"top\" width=\"313\">Pascoalina B. de O. Saleh<\/td>\n<td valign=\"top\" width=\"313\" height=\"25\">Subjetividade, Texto e Ensino<\/td>\n<\/tr>\n<tr>\n<td valign=\"top\" width=\"246\" height=\"25\">\u00c2ngela de F. Scremin<\/td>\n<td valign=\"top\" width=\"313\">Djane Antonucci Correa<\/td>\n<td valign=\"top\" width=\"313\" height=\"25\">Pluralidade, Identidade e Ensino<\/td>\n<\/tr>\n<tr>\n<td valign=\"top\" height=\"25\">Avanilde Polak<\/td>\n<td valign=\"top\">Elodia C. Roman<\/td>\n<td valign=\"top\" height=\"25\">Pluralidade, Identidade e Ensino<\/td>\n<\/tr>\n<tr>\n<td valign=\"top\" height=\"25\">Bruno Scuissiatto<\/td>\n<td valign=\"top\">Miguel Sanches Neto<\/td>\n<td valign=\"top\" height=\"25\">Pluralidade, Identidade e Ensino<\/td>\n<\/tr>\n<tr>\n<td valign=\"top\" height=\"25\">Jeverson M. do Nascimento<\/td>\n<td valign=\"top\">Silvana Oliveira<\/td>\n<td valign=\"top\" height=\"25\">Subjetividade, Texto e Ensino<\/td>\n<\/tr>\n<tr>\n<td valign=\"top\" height=\"25\">Larissa de C\u00e1ssia A. Ribeiro<\/td>\n<td valign=\"top\">Marly Catarina Soares<\/td>\n<td valign=\"top\" height=\"25\">Subjetividade, Texto e Ensino<\/td>\n<\/tr>\n<tr>\n<td valign=\"top\" height=\"25\">Lucan Fernandes Moreno<\/td>\n<td valign=\"top\">Marly Catarina Soares<\/td>\n<td valign=\"top\" height=\"25\">Subjetividade, Texto e Ensino<\/td>\n<\/tr>\n<tr>\n<td valign=\"top\" height=\"25\">Lucimar Ara\u00fajo Braga<\/td>\n<td valign=\"top\">Let\u00edcia Fraga<\/td>\n<td valign=\"top\" height=\"25\">Pluralidade, Identidade e Ensino<\/td>\n<\/tr>\n<tr>\n<td valign=\"top\" height=\"25\">M\u00e1bia Camargo<\/td>\n<td valign=\"top\">Aparecida de Jesus Ferreira<\/td>\n<td valign=\"top\" height=\"25\">Pluralidade, Identidade e Ensino<\/td>\n<\/tr>\n<tr>\n<td valign=\"top\" height=\"25\">Rosana de F. Gelinski<\/td>\n<td valign=\"top\">Ant\u00f4nio Jo\u00e3o Teixeira<\/td>\n<td valign=\"top\" height=\"25\">Subjetividade, Texto e Ensino<\/td>\n<\/tr>\n<tr>\n<td valign=\"top\" height=\"25\">Rosana Hass Kondo<\/td>\n<td valign=\"top\">Let\u00edcia Fraga<\/td>\n<td valign=\"top\" height=\"25\">Pluralidade, Identidade e Ensino<\/td>\n<\/tr>\n<tr>\n<td valign=\"top\" height=\"25\">Simone C. do P. dos Santos<\/td>\n<td valign=\"top\">Aparecida de Jesus Ferreira<\/td>\n<td valign=\"top\" height=\"25\">Pluralidade, Identidade e Ensino<\/td>\n<\/tr>\n<tr>\n<td valign=\"top\" height=\"25\">Sueli de F. Mendes<\/td>\n<td valign=\"top\">Pascoalina B. de O. Saleh<\/td>\n<td valign=\"top\" height=\"25\">Subjetividade, Texto e Ensino<\/td>\n<\/tr>\n<tr>\n<td valign=\"top\" width=\"246\" height=\"25\">Zuleica A. Cabral<\/td>\n<td valign=\"top\" width=\"313\">Djane Antonucci Correa<\/td>\n<td valign=\"top\" width=\"313\" height=\"25\">Pluralidade, Identidade e Ensino<\/td>\n<\/tr>\n<\/tbody>\n<\/table>\n<p>&nbsp;<\/p>\n\t\t\t\t<\/div>\n\t\t\t<\/div>\n\t\t<\/div>\n\t\t\t<div class=\"sow-accordion-panel\"\n\t\t\t data-anchor=\"2010\">\n\t\t\t\t<div class=\"sow-accordion-panel-header-container\" role=\"heading\" aria-level=\"2\">\n\t\t\t\t\t<div class=\"sow-accordion-panel-header\" tabindex=\"0\" role=\"button\" id=\"accordion-label-2010\" aria-controls=\"accordion-content-2010\" aria-expanded=\"false\">\n\t\t\t\t\t\t<div class=\"sow-accordion-title sow-accordion-title-icon-left\">\n\t\t\t\t\t\t\t\t\t\t\t\t\t\t2010\t\t\t\t\t\t\t\t\t\t\t\t\t<\/div>\n\t\t\t\t\t\t<div class=\"sow-accordion-open-close-button\">\n\t\t\t\t\t\t\t<div class=\"sow-accordion-open-button\">\n\t\t\t\t\t\t\t\t<span class=\"sow-icon-ionicons\" data-sow-icon=\"&#xf218;\"\n\t\t \n\t\taria-hidden=\"true\"><\/span>\t\t\t\t\t\t\t<\/div>\n\t\t\t\t\t\t\t<div class=\"sow-accordion-close-button\">\n\t\t\t\t\t\t\t\t<span class=\"sow-icon-ionicons\" data-sow-icon=\"&#xf209;\"\n\t\t \n\t\taria-hidden=\"true\"><\/span>\t\t\t\t\t\t\t<\/div>\n\t\t\t\t\t\t<\/div>\n\t\t\t\t\t<\/div>\n\t\t\t\t<\/div>\n\n\t\t\t<div\n\t\t\t\tclass=\"sow-accordion-panel-content\"\n\t\t\t\trole=\"region\"\n\t\t\t\taria-labelledby=\"accordion-label-2010\"\n\t\t\t\tid=\"accordion-content-2010\"\n\t\t\t\tstyle=\"display: none;\"\t\t\t>\n\t\t\t\t<div class=\"sow-accordion-panel-border\" tabindex=\"0\">\n\t\t\t\t\t<h4 style=\"text-align: center\"><strong><br \/>\nTurma 2010<\/strong><\/h4>\n<table border=\"1\" width=\"600\" cellspacing=\"0\" cellpadding=\"3\" align=\"center\">\n<tbody>\n<tr>\n<td valign=\"top\" width=\"171\" height=\"41\"><strong>Aluno<\/strong><\/td>\n<td valign=\"top\" width=\"204\"><strong>Orientador<\/strong><\/td>\n<td valign=\"top\" width=\"217\"><strong>Linha de Pesquisa<\/strong><\/td>\n<\/tr>\n<tr>\n<td valign=\"top\" width=\"171\" height=\"25\">Cleideni Alves do Nascimento<\/td>\n<td valign=\"top\" width=\"204\">Marly Catarina Soares<\/td>\n<td valign=\"top\" width=\"217\">Subjetividade, Texto e Ensino<\/td>\n<\/tr>\n<tr>\n<td valign=\"top\" width=\"171\" height=\"25\">Cristiane Nunes Borges<\/td>\n<td valign=\"top\" width=\"204\">Djane Antonucci Correa<\/td>\n<td valign=\"top\" width=\"217\">Pluralidade, Identidade e Ensino<\/td>\n<\/tr>\n<tr>\n<td valign=\"top\" width=\"171\" height=\"25\">Jaqueline Aparecida dos Santos Dutra<\/td>\n<td valign=\"top\" width=\"204\">El\u00f3dia Constantino Roman<\/td>\n<td valign=\"top\" width=\"217\">Pluralidade, Identidade e Ensino<\/td>\n<\/tr>\n<tr>\n<td valign=\"top\" width=\"171\" height=\"25\">Josiane Aparecida dos Santos<\/td>\n<td valign=\"top\" width=\"204\">Miguel Sanches Neto<\/td>\n<td valign=\"top\" width=\"217\">Pluralidade, Identidade e Ensino<\/td>\n<\/tr>\n<tr>\n<td valign=\"top\" width=\"171\" height=\"25\">Jhony Adelio Skeika<\/td>\n<td valign=\"top\" width=\"204\">Silvana Oliveira<\/td>\n<td valign=\"top\" width=\"217\">Subjetividade, Texto e Ensino<\/td>\n<\/tr>\n<tr>\n<td valign=\"top\" height=\"25\">Julia Margarida Kalva<\/td>\n<td valign=\"top\">Aparecida de Jesus Ferreira<\/td>\n<td valign=\"top\">Pluralidade, Identidade e Ensino<\/td>\n<\/tr>\n<tr>\n<td valign=\"top\" height=\"25\">Leandro de Azevedo Thereza<\/td>\n<td valign=\"top\">Ant\u00f4nio Jo\u00e3o Teixeira<\/td>\n<td valign=\"top\">Subjetividade, Texto e Ensino<\/td>\n<\/tr>\n<tr>\n<td valign=\"top\" height=\"25\">Paola Scheifer<\/td>\n<td valign=\"top\">Pascoalina Bailon de O. Saleh<\/td>\n<td valign=\"top\">Subjetividade, Texto e Ensino<\/td>\n<\/tr>\n<tr>\n<td valign=\"top\" height=\"25\">Simone Sousa Borges<\/td>\n<td valign=\"top\">Let\u00edcia Fraga<\/td>\n<td valign=\"top\">Pluralidade, Identidade e Ensino<\/td>\n<\/tr>\n<tr>\n<td valign=\"top\" height=\"25\">Vin\u00edcius de Oliveira Costa<\/td>\n<td valign=\"top\">Let\u00edcia Fraga<\/td>\n<td valign=\"top\">Pluralidade, Identidade e Ensino<\/td>\n<\/tr>\n<\/tbody>\n<\/table>\n<p>&nbsp;<\/p>\n\t\t\t\t<\/div>\n\t\t\t<\/div>\n\t\t<\/div>\n\t\t<\/div>\n<\/div>\n<\/div><\/div><\/div><\/div><\/div>","protected":false},"excerpt":{"rendered":"<p>2026 MESTRADO TURMA -2026 Nome do aluno Orientador\/a Linha de Pesquisa Alexandre Moreira Cordeiro M\u00e1rcia Cristina do Carmo Estudos Lingu\u00edsticos Aline Batista Alves Valeska Gracioso Carlos Estudos Lingu\u00edsticos Allan Motta de Lima Silvana Oliveira Estudos Liter\u00e1rios Bruna Maria L. Fernandes C\u00e2ndido R\u00fabia Carla da Silva Estudos Lingu\u00edsticos Camila Aparecida de Castro Marcos Barbosa Carreira Estudos&nbsp;&hellip;<\/p>\n","protected":false},"author":24,"featured_media":0,"parent":0,"menu_order":0,"comment_status":"closed","ping_status":"closed","template":"page-templates\/page-with-right-sidebar.php","meta":[],"_links":{"self":[{"href":"https:\/\/www2.uepg.br\/ppgel\/wp-json\/wp\/v2\/pages\/58"}],"collection":[{"href":"https:\/\/www2.uepg.br\/ppgel\/wp-json\/wp\/v2\/pages"}],"about":[{"href":"https:\/\/www2.uepg.br\/ppgel\/wp-json\/wp\/v2\/types\/page"}],"author":[{"embeddable":true,"href":"https:\/\/www2.uepg.br\/ppgel\/wp-json\/wp\/v2\/users\/24"}],"replies":[{"embeddable":true,"href":"https:\/\/www2.uepg.br\/ppgel\/wp-json\/wp\/v2\/comments?post=58"}],"version-history":[{"count":35,"href":"https:\/\/www2.uepg.br\/ppgel\/wp-json\/wp\/v2\/pages\/58\/revisions"}],"predecessor-version":[{"id":5106,"href":"https:\/\/www2.uepg.br\/ppgel\/wp-json\/wp\/v2\/pages\/58\/revisions\/5106"}],"wp:attachment":[{"href":"https:\/\/www2.uepg.br\/ppgel\/wp-json\/wp\/v2\/media?parent=58"}],"curies":[{"name":"wp","href":"https:\/\/api.w.org\/{rel}","templated":true}]}}