{"id":65,"date":"2020-05-25T16:37:51","date_gmt":"2020-05-25T19:37:51","guid":{"rendered":"http:\/\/www2.uepg.br\/ppgel\/?page_id=65"},"modified":"2026-04-10T13:50:13","modified_gmt":"2026-04-10T16:50:13","slug":"dissertacoes","status":"publish","type":"page","link":"https:\/\/www2.uepg.br\/ppgel\/dissertacoes\/","title":{"rendered":"Disserta\u00e7\u00f5es"},"content":{"rendered":"<div id=\"pl-65\"  class=\"panel-layout\" ><div id=\"pg-65-0\"  class=\"panel-grid panel-no-style\" ><div id=\"pgc-65-0-0\"  class=\"panel-grid-cell\" ><div id=\"panel-65-0-0-0\" class=\"so-panel widget widget_sow-accordion panel-first-child panel-last-child\" data-index=\"0\" ><div\n\t\t\t\n\t\t\tclass=\"so-widget-sow-accordion so-widget-sow-accordion-default-7f158b849c7f-65\"\n\t\t\t\n\t\t><div>\n\t<div class=\"sow-accordion\">\n\t\t\t<div class=\"sow-accordion-panel\"\n\t\t\t data-anchor=\"2026\">\n\t\t\t\t<div class=\"sow-accordion-panel-header-container\" role=\"heading\" aria-level=\"2\">\n\t\t\t\t\t<div class=\"sow-accordion-panel-header\" tabindex=\"0\" role=\"button\" id=\"accordion-label-2026\" aria-controls=\"accordion-content-2026\" aria-expanded=\"false\">\n\t\t\t\t\t\t<div class=\"sow-accordion-title sow-accordion-title-icon-left\">\n\t\t\t\t\t\t\t\t\t\t\t\t\t\t2026\t\t\t\t\t\t\t\t\t\t\t\t\t<\/div>\n\t\t\t\t\t\t<div class=\"sow-accordion-open-close-button\">\n\t\t\t\t\t\t\t<div class=\"sow-accordion-open-button\">\n\t\t\t\t\t\t\t\t<span class=\"sow-icon-ionicons\" data-sow-icon=\"&#xf218;\"\n\t\t \n\t\taria-hidden=\"true\"><\/span>\t\t\t\t\t\t\t<\/div>\n\t\t\t\t\t\t\t<div class=\"sow-accordion-close-button\">\n\t\t\t\t\t\t\t\t<span class=\"sow-icon-ionicons\" data-sow-icon=\"&#xf209;\"\n\t\t \n\t\taria-hidden=\"true\"><\/span>\t\t\t\t\t\t\t<\/div>\n\t\t\t\t\t\t<\/div>\n\t\t\t\t\t<\/div>\n\t\t\t\t<\/div>\n\n\t\t\t<div\n\t\t\t\tclass=\"sow-accordion-panel-content\"\n\t\t\t\trole=\"region\"\n\t\t\t\taria-labelledby=\"accordion-label-2026\"\n\t\t\t\tid=\"accordion-content-2026\"\n\t\t\t\tstyle=\"display: none;\"\t\t\t>\n\t\t\t\t<div class=\"sow-accordion-panel-border\" tabindex=\"0\">\n\t\t\t\t\t<table width=\"100%\" cellspacing=\"0\" cellpadding=\"4\">\n<tbody>\n<tr valign=\"top\">\n<td width=\"33%\">\n<p align=\"center\"><strong><span style=\"color: #404040\"><b>T\u00edtulo<\/b><\/span><\/strong><\/p>\n<\/td>\n<td width=\"33%\">\n<p align=\"center\"><strong><span style=\"color: #404040\"><b>Autor\/a<\/b><\/span><\/strong><\/p>\n<\/td>\n<td width=\"33%\">\n<p align=\"center\"><strong><span style=\"color: #404040\"><b>Orientador\/a<\/b><\/span><\/strong><\/p>\n<\/td>\n<\/tr>\n<tr valign=\"top\">\n<td width=\"33%\">\n<p style=\"text-align: center\"><a href=\"http:\/\/tede2.uepg.br\/jspui\/handle\/prefix\/4769\"><span style=\"color: #222222\"><span style=\"font-family: Helvetica, Arial, sans-serif\"><span style=\"font-size: small\">Investigando Serotonina, de Michel Houellebecq, por meio das an\u00e1lises de Jean Baudrillard<\/span><\/span><\/span><\/a><\/p>\n<\/td>\n<td style=\"text-align: center\" width=\"33%\">C\u00e9sar Paulo de Andrade<\/td>\n<td width=\"33%\">\n<p style=\"text-align: center\">Daniel de Oliveira Gomes<\/p>\n<\/td>\n<\/tr>\n<\/tbody>\n<\/table>\n\t\t\t\t<\/div>\n\t\t\t<\/div>\n\t\t<\/div>\n\t\t\t<div class=\"sow-accordion-panel\"\n\t\t\t data-anchor=\"2025\">\n\t\t\t\t<div class=\"sow-accordion-panel-header-container\" role=\"heading\" aria-level=\"2\">\n\t\t\t\t\t<div class=\"sow-accordion-panel-header\" tabindex=\"0\" role=\"button\" id=\"accordion-label-2025\" aria-controls=\"accordion-content-2025\" aria-expanded=\"false\">\n\t\t\t\t\t\t<div class=\"sow-accordion-title sow-accordion-title-icon-left\">\n\t\t\t\t\t\t\t\t\t\t\t\t\t\t2025\t\t\t\t\t\t\t\t\t\t\t\t\t<\/div>\n\t\t\t\t\t\t<div class=\"sow-accordion-open-close-button\">\n\t\t\t\t\t\t\t<div class=\"sow-accordion-open-button\">\n\t\t\t\t\t\t\t\t<span class=\"sow-icon-ionicons\" data-sow-icon=\"&#xf218;\"\n\t\t \n\t\taria-hidden=\"true\"><\/span>\t\t\t\t\t\t\t<\/div>\n\t\t\t\t\t\t\t<div class=\"sow-accordion-close-button\">\n\t\t\t\t\t\t\t\t<span class=\"sow-icon-ionicons\" data-sow-icon=\"&#xf209;\"\n\t\t \n\t\taria-hidden=\"true\"><\/span>\t\t\t\t\t\t\t<\/div>\n\t\t\t\t\t\t<\/div>\n\t\t\t\t\t<\/div>\n\t\t\t\t<\/div>\n\n\t\t\t<div\n\t\t\t\tclass=\"sow-accordion-panel-content\"\n\t\t\t\trole=\"region\"\n\t\t\t\taria-labelledby=\"accordion-label-2025\"\n\t\t\t\tid=\"accordion-content-2025\"\n\t\t\t\tstyle=\"display: none;\"\t\t\t>\n\t\t\t\t<div class=\"sow-accordion-panel-border\" tabindex=\"0\">\n\t\t\t\t\t<table width=\"643\" cellspacing=\"0\" cellpadding=\"2\">\n<tbody>\n<tr valign=\"top\">\n<td width=\"210\">\n<p align=\"center\"><span style=\"font-size: large\"><b><strong><span style=\"color: #404040\">T\u00edtulo<\/span><\/strong><\/b><\/span><\/p>\n<\/td>\n<td width=\"210\">\n<p align=\"center\"><span style=\"font-size: large\"><b><strong><span style=\"color: #404040\">Autor\/a<\/span><\/strong><\/b><\/span><\/p>\n<\/td>\n<td width=\"211\">\n<p align=\"center\"><span style=\"font-size: large\"><b><strong><span style=\"color: #404040\">Orientador\/a<\/span><\/strong><\/b><\/span><\/p>\n<\/td>\n<\/tr>\n<tr valign=\"top\" bgcolor=\"#d3d3d3\">\n<td width=\"210\">\n<p align=\"center\"><span style=\"font-size: large\"><b><a href=\"https:\/\/tede2.uepg.br\/jspui\/bitstream\/prefix\/4581\/1\/Larissa%20Natalia%20Silva.pdf\"><span style=\"color: #228ae6\">Mulheres grotescas: A subvers\u00e3o de estere\u00f3tipos femininos em \u00e2nsia eterna, de J\u00falia Lopes de Almeida<\/span><\/a><\/b><\/span><\/p>\n<\/td>\n<td width=\"210\">\n<p align=\"center\"><span style=\"font-size: large\"><b><strong><span style=\"color: #404040\">Larissa Nat\u00e1lia Silva<\/span><\/strong><\/b><\/span><\/p>\n<\/td>\n<td width=\"211\">\n<p align=\"center\"><span style=\"color: #404040\"><span style=\"font-size: large\"><b>Silvana Oliveira<\/b><\/span><\/span><\/p>\n<\/td>\n<\/tr>\n<tr valign=\"top\">\n<td width=\"210\">\n<p align=\"center\"><span style=\"font-size: large\"><b><a href=\"http:\/\/tede2.uepg.br\/jspui\/handle\/prefix\/4650\"><span style=\"color: #228ae6\">Conte\u00fados contra-hegem\u00f4nico nos Programas de P\u00f3s-Gradua\u00e7\u00e3o em Estudos da Linguagem e\/ou Letras<\/span><\/a><\/b><\/span><\/p>\n<\/td>\n<td width=\"210\">\n<p align=\"center\"><span style=\"color: #404040\"><span style=\"font-size: large\"><b>Emely Andrieli Gon\u00e7alves\u00a0Sloniak<\/b><\/span><\/span><\/p>\n<\/td>\n<td width=\"211\">\n<p align=\"center\"><span style=\"color: #404040\">\u00a0<span style=\"font-size: large\"><b>Lucimar Araujo Braga<\/b><\/span><\/span><\/p>\n<\/td>\n<\/tr>\n<tr valign=\"top\">\n<td width=\"210\">\n<p align=\"center\"><span style=\"font-size: large\"><b><a href=\"http:\/\/tede2.uepg.br\/jspui\/handle\/prefix\/4662\"><span style=\"color: #228ae6\">Entre identidades diasp\u00f3ricas: Tituba e Cond\u00e9 nas linhas da Ancestralidade<\/span><\/a><\/b><\/span><\/p>\n<\/td>\n<td width=\"210\">\n<p align=\"center\"><span style=\"color: #404040\"><span style=\"font-size: large\"><b>Beatriz Fernandes Ferreira Portela<\/b><\/span><\/span><\/p>\n<\/td>\n<td width=\"211\">\n<p align=\"center\"><span style=\"color: #404040\"><span style=\"font-size: large\"><b>Eunice de Morais<\/b><\/span><\/span><\/p>\n<\/td>\n<\/tr>\n<tr valign=\"top\">\n<td width=\"210\">\n<p align=\"center\"><span style=\"font-size: large\"><b><a href=\"http:\/\/tede2.uepg.br\/jspui\/handle\/prefix\/4658\"><span style=\"color: #228ae6\">A negritude feminina na obra de Maria Firmina dos Reis: literatura versus necropol\u00edtica e biopoder<\/span><\/a><\/b><\/span><\/p>\n<\/td>\n<td width=\"210\">\n<p align=\"center\"><span style=\"color: #404040\"><span style=\"font-size: large\"><b>Lucas Dams Bertoli<\/b><\/span><\/span><\/p>\n<\/td>\n<td width=\"211\">\n<p align=\"center\"><span style=\"color: #404040\"><span style=\"font-size: large\"><b>Keli Cristina Pacheco<\/b><\/span><\/span><\/p>\n<\/td>\n<\/tr>\n<tr valign=\"top\">\n<td width=\"210\">\n<p align=\"center\"><span style=\"font-size: large\"><b><a href=\"http:\/\/tede2.uepg.br\/jspui\/handle\/prefix\/4683\"><span style=\"color: #228ae6\">Vogal tem\u00e1tica em P4 de verbos regulares de primeira conjuga\u00e7\u00e3o: estudo da varia\u00e7\u00e3o morfofonol\u00f3gica no noroeste paulista<\/span><\/a><\/b><\/span><\/p>\n<\/td>\n<td width=\"210\">\n<p align=\"center\"><span style=\"color: #404040\"><span style=\"font-size: large\"><b>Brenda Soares Rezende<\/b><\/span><\/span><\/p>\n<\/td>\n<td width=\"211\">\n<p align=\"center\"><span style=\"color: #404040\"><span style=\"font-size: large\"><b>M\u00e1rcia Cristina do Carmo<\/b><\/span><\/span><\/p>\n<\/td>\n<\/tr>\n<tr valign=\"top\">\n<td width=\"210\">\n<p align=\"center\"><span style=\"font-size: large\"><b><a href=\"https:\/\/tede2.uepg.br\/jspui\/handle\/prefix\/4721\"><span style=\"color: #00526e\"><span style=\"font-family: Helvetica, Arial, sans-serif\"><u>Dissens\u00e3o e trabalho de Face: uma an\u00e1lise do \u201cn\u00e3o\u201d sob a perspectiva pragm\u00e1tica<\/u><\/span><\/span><\/a><\/b><\/span><\/p>\n<\/td>\n<td width=\"210\">\n<p align=\"center\"><span style=\"color: #404040\"><span style=\"font-size: large\"><b>Andrya Taynara Leal dos Santos<\/b><\/span><\/span><\/p>\n<\/td>\n<td width=\"211\">\n<p align=\"center\"><span style=\"color: #404040\"><span style=\"font-size: large\"><b>Sebasti\u00e3o Louren\u00e7o dos Santos<\/b><\/span><\/span><\/p>\n<\/td>\n<\/tr>\n<tr valign=\"top\">\n<td width=\"210\">\n<p align=\"center\"><span style=\"font-family: Liberation Serif, serif\"><span style=\"font-size: large\"><b><a href=\"http:\/\/tede2.uepg.br\/jspui\/handle\/prefix\/4792\"><span style=\"color: #222222\">Palavras que resistem: a marca de Carolina Maria de Jesus em Quarto de despejo: Di\u00e1rio de uma favelada (2020)<\/span> <\/a><\/b><\/span><\/span><\/p>\n<\/td>\n<td width=\"210\">\n<p align=\"center\"><span style=\"color: #404040\"><span style=\"font-size: large\"><b>Maria Fernanda Rodrigues Soares<\/b><\/span><\/span><\/p>\n<\/td>\n<td width=\"211\">\n<p align=\"center\"><span style=\"color: #404040\"><span style=\"font-size: large\"><b>Ione da Silva Jovino<\/b><\/span><\/span><\/p>\n<\/td>\n<\/tr>\n<\/tbody>\n<\/table>\n\t\t\t\t<\/div>\n\t\t\t<\/div>\n\t\t<\/div>\n\t\t\t<div class=\"sow-accordion-panel\"\n\t\t\t data-anchor=\"2024\">\n\t\t\t\t<div class=\"sow-accordion-panel-header-container\" role=\"heading\" aria-level=\"2\">\n\t\t\t\t\t<div class=\"sow-accordion-panel-header\" tabindex=\"0\" role=\"button\" id=\"accordion-label-2024\" aria-controls=\"accordion-content-2024\" aria-expanded=\"false\">\n\t\t\t\t\t\t<div class=\"sow-accordion-title sow-accordion-title-icon-left\">\n\t\t\t\t\t\t\t\t\t\t\t\t\t\t2024\t\t\t\t\t\t\t\t\t\t\t\t\t<\/div>\n\t\t\t\t\t\t<div class=\"sow-accordion-open-close-button\">\n\t\t\t\t\t\t\t<div class=\"sow-accordion-open-button\">\n\t\t\t\t\t\t\t\t<span class=\"sow-icon-ionicons\" data-sow-icon=\"&#xf218;\"\n\t\t \n\t\taria-hidden=\"true\"><\/span>\t\t\t\t\t\t\t<\/div>\n\t\t\t\t\t\t\t<div class=\"sow-accordion-close-button\">\n\t\t\t\t\t\t\t\t<span class=\"sow-icon-ionicons\" data-sow-icon=\"&#xf209;\"\n\t\t \n\t\taria-hidden=\"true\"><\/span>\t\t\t\t\t\t\t<\/div>\n\t\t\t\t\t\t<\/div>\n\t\t\t\t\t<\/div>\n\t\t\t\t<\/div>\n\n\t\t\t<div\n\t\t\t\tclass=\"sow-accordion-panel-content\"\n\t\t\t\trole=\"region\"\n\t\t\t\taria-labelledby=\"accordion-label-2024\"\n\t\t\t\tid=\"accordion-content-2024\"\n\t\t\t\tstyle=\"display: none;\"\t\t\t>\n\t\t\t\t<div class=\"sow-accordion-panel-border\" tabindex=\"0\">\n\t\t\t\t\t<table>\n<tbody>\n<tr>\n<td width=\"195\">T\u00edtulo<\/td>\n<td width=\"194\">Autor<\/td>\n<td width=\"197\">Orientador<\/td>\n<\/tr>\n<tr>\n<td width=\"195\"><a href=\"http:\/\/tede2.uepg.br\/jspui\/handle\/prefix\/4135\">Justina e Caroba: p\u00edcaras de seu tempo<\/a><\/td>\n<td width=\"194\">Leonardo S. Carreira Guisantes<\/td>\n<td width=\"197\">Marly Catarina Soares\n<p>&nbsp;<\/p>\n<\/td>\n<\/tr>\n<tr>\n<td width=\"195\"><a href=\"http:\/\/tede2.uepg.br\/jspui\/handle\/prefix\/4141\">As mudan\u00e7as e perman\u00eancias das representa\u00e7\u00f5es sociais do feminino nas p\u00e1ginas da cartilha Caminho Suave<\/a><\/td>\n<td width=\"194\">Miri\u00e3 Noeliza Vieira\n<p>&nbsp;<\/p>\n<\/td>\n<td width=\"197\">Marly Catarina Soares\n<p>&nbsp;<\/p>\n<\/td>\n<\/tr>\n<tr>\n<td width=\"195\"><a href=\"http:\/\/tede2.uepg.br\/jspui\/handle\/prefix\/4146\">Mirada ao abismo: uma experi\u00eancia de leitura em Murilo Rubi\u00e3o e Maurits Cornelis Escher<\/a><\/td>\n<td width=\"194\">Lincoln Felipe Freitas\n<p>&nbsp;<\/p>\n<\/td>\n<td width=\"197\">Silvana Oliveira<\/td>\n<\/tr>\n<tr>\n<td width=\"195\"><a href=\"https:\/\/tede2.uepg.br\/jspui\/bitstream\/prefix\/4191\/1\/Luis Gabriel Silva Ferreira.pdf\">O ano da morte de Ricardo Reis: caminhos labir\u00ednticos<\/a><\/td>\n<td width=\"194\">Yohana Gon\u00e7alves Bonfim\n<p>&nbsp;<\/p>\n<\/td>\n<td width=\"197\">Evanir Pavloski\n<p>&nbsp;<\/p>\n<\/td>\n<\/tr>\n<tr>\n<td width=\"195\"><a href=\"https:\/\/tede2.uepg.br\/jspui\/bitstream\/prefix\/4199\/1\/Yohana Gon%C3%A7alves Bonfim.pdf\">O conto da AIA e os testamentos: da repress\u00e3o ao legado dos relatos de Offred e tia Lydia<\/a>is<\/td>\n<td width=\"194\">Luis Gabriel Silva Ferreira\n<p>&nbsp;<\/p>\n<\/td>\n<td width=\"197\">Eunice de Morais\n<p>&nbsp;<\/p>\n<\/td>\n<\/tr>\n<tr>\n<td width=\"195\"><a href=\"https:\/\/tede2.uepg.br\/jspui\/bitstream\/prefix\/4240\/1\/Fernanda Cristina da Silva Oro Ghiberto.pdf\">Racismo na Argentina: Resist\u00eancia e Reexist\u00eancia<\/a><\/td>\n<td width=\"194\">Fernanda Cristina da Silva Oro Ghiberto<\/td>\n<td width=\"197\">Valeska Gracioso Carlos\n<p>&nbsp;<\/p>\n<\/td>\n<\/tr>\n<tr>\n<td width=\"195\"><a href=\"https:\/\/tede2.uepg.br\/jspui\/bitstream\/prefix\/4261\/1\/Lidiane Kingeski  Garbuio.pdf\">A educa\u00e7\u00e3o inclusiva na forma\u00e7\u00e3o dos professores de l\u00edngua portuguesa<\/a><\/td>\n<td width=\"194\">Lidiane Kingeski Garbuio\n<p>&nbsp;<\/p>\n<\/td>\n<td width=\"197\">Lucimar Araujo Braga\n<p>&nbsp;<\/p>\n<\/td>\n<\/tr>\n<tr>\n<td width=\"195\">A Prova Paran\u00e1 e o apagamento da literatura<\/td>\n<td width=\"194\">Priscila Vaz Mendes Carneiro<\/td>\n<td width=\"197\">Rosana Apolonia Harmuch\n<p>&nbsp;<\/p>\n<\/td>\n<\/tr>\n<tr>\n<td width=\"195\"><a href=\"http:\/\/tede2.uepg.br\/jspui\/handle\/prefix\/4293\">O uso da translinguagem em textos escritos por imigrantes venezuelanos na cidade de Boa Vista- Roraima<\/a><\/td>\n<td width=\"194\">Alessandra Moraes de Andrade Claros\n<p>&nbsp;<\/p>\n<\/td>\n<td width=\"197\">Valeska Gracioso Carlos\n<p>&nbsp;<\/p>\n<\/td>\n<\/tr>\n<tr>\n<td width=\"195\"><a href=\"https:\/\/tede2.uepg.br\/jspui\/bitstream\/prefix\/4339\/1\/Jessica Lauber.pdf\">O feminino e o feminismo em Anne de Grennm Gables<\/a><\/td>\n<td width=\"194\">J\u00e9ssica Lauber\n<p>&nbsp;<\/p>\n<\/td>\n<td width=\"197\">Marly Catarina Soares\n<p>&nbsp;<\/p>\n<\/td>\n<\/tr>\n<tr>\n<td width=\"195\"><a href=\"http:\/\/tede2.uepg.br\/jspui\/handle\/prefix\/4395\">A constru\u00e7\u00e3o da identidade feminina na obra \u201cA GAROTA DINAMARQUESA\u201d, de David Ebershoff<\/a><\/td>\n<td width=\"194\">Mayara Godoy Mendes\n<p>&nbsp;<\/p>\n<\/td>\n<td width=\"197\">Marly Catarina Soares\n<p>&nbsp;<\/p>\n<\/td>\n<\/tr>\n<tr>\n<td width=\"195\"><a href=\"http:\/\/tede2.uepg.br\/jspui\/handle\/prefix\/4399\">Narrativas Autobiogr\u00e1ficas de bixas\u2002<\/a><a href=\"http:\/\/tede2.uepg.br\/jspui\/handle\/prefix\/4399\">pretas oriundas de escolas p\u00fablicas e privadas da cidade de Ponta Grossa<\/a><\/td>\n<td width=\"194\">Kelvin Tadeu Russi Colc\n<p>&nbsp;<\/p>\n<\/td>\n<td width=\"197\">Valeska Gracioso Carlos<\/td>\n<\/tr>\n<tr>\n<td width=\"195\"><a href=\"http:\/\/tede2.uepg.br\/jspui\/handle\/prefix\/4422\">Letramentos obrigat\u00f3rios e esperados para a doc\u00eancia de l\u00edngua espanhola: Uma pesquisa bibliogr\u00e1fica<\/a><\/td>\n<td width=\"194\">Larissa de Medeiros\n<p>&nbsp;<\/p>\n<\/td>\n<td width=\"197\">Valeska Gracioso Carlos\n<p>&nbsp;<\/p>\n<\/td>\n<\/tr>\n<tr>\n<td width=\"195\"><a href=\"http:\/\/tede2.uepg.br\/jspui\/handle\/prefix\/4425\">Nova temporada: desbravando o ensino e a aprendizagem de l\u00ednguas adicionais atrav\u00e9s das fanfictions<\/a><\/td>\n<td width=\"194\">Gisele de F\u00e1tima do Prado\n<p>&nbsp;<\/p>\n<\/td>\n<td width=\"197\">Lucimar Araujo Braga\n<p>&nbsp;<\/p>\n<\/td>\n<\/tr>\n<tr>\n<td width=\"195\"><a href=\"http:\/\/tede2.uepg.br\/jspui\/handle\/prefix\/4428\">Laura Makabresku e Florbela Espanca: o corpo morto em lentes e poesia<\/a><\/td>\n<td width=\"194\">Indianara Priscila dos Santos\n<p>&nbsp;<\/p>\n<\/td>\n<td width=\"197\">F\u00e1bio Augusto Steyer\n<p>&nbsp;<\/p>\n<\/td>\n<\/tr>\n<tr>\n<td width=\"195\"><a href=\"http:\/\/tede2.uepg.br\/jspui\/handle\/prefix\/4434\">De interpretado a int\u00e9rprete: a escuta do sujeito no processo de reescrita<\/a><\/td>\n<td width=\"194\">Silmara de Paula Ara\u00fajo<\/td>\n<td width=\"197\">Pascoalina Bailon de Oliveira Saleh\n<p>&nbsp;<\/p>\n<\/td>\n<\/tr>\n<tr>\n<td width=\"195\"><a href=\"http:\/\/tede2.uepg.br\/jspui\/handle\/prefix\/4439\">Escrever a err\u00e2ncia: o di\u00e1rio em a hora da estrela, de Clarice Lispector<\/a><\/td>\n<td width=\"194\">M\u00f4nica Alves da Silva<\/td>\n<td width=\"197\">Keli Cristina Pacheco<\/td>\n<\/tr>\n<tr>\n<td width=\"195\"><a href=\"http:\/\/tede2.uepg.br\/jspui\/handle\/prefix\/4442\">Aquisi\u00e7\u00e3o de escrita: a ressignifica\u00e7\u00e3o da argumenta\u00e7\u00e3o na escrita de alunos do ensino fundamental II<\/a><\/td>\n<td width=\"194\">Tain\u00e1 Rainele Siqueira Cordeiro<\/td>\n<td width=\"197\">Pascoalina Bailon de Oliveir<\/td>\n<\/tr>\n<tr>\n<td width=\"195\"><a href=\"https:\/\/tede2.uepg.br\/jspui\/bitstream\/prefix\/4567\/1\/Tayn%c3%a1%20Maria%20Coelho%20Bugai.pdf\">O rotacismo na fala do noroeste paulista: uma an\u00e1lise sociolingu\u00edstica<\/a><\/td>\n<td width=\"194\">Tayn\u00e1 Maria Coelho Bugai<\/td>\n<td width=\"197\">M\u00e1rcia Cristina do Carmo<\/td>\n<\/tr>\n<\/tbody>\n<\/table>\n<p>&nbsp;<\/p>\n\t\t\t\t<\/div>\n\t\t\t<\/div>\n\t\t<\/div>\n\t\t\t<div class=\"sow-accordion-panel\"\n\t\t\t data-anchor=\"2023\">\n\t\t\t\t<div class=\"sow-accordion-panel-header-container\" role=\"heading\" aria-level=\"2\">\n\t\t\t\t\t<div class=\"sow-accordion-panel-header\" tabindex=\"0\" role=\"button\" id=\"accordion-label-2023\" aria-controls=\"accordion-content-2023\" aria-expanded=\"false\">\n\t\t\t\t\t\t<div class=\"sow-accordion-title sow-accordion-title-icon-left\">\n\t\t\t\t\t\t\t\t\t\t\t\t\t\t2023\t\t\t\t\t\t\t\t\t\t\t\t\t<\/div>\n\t\t\t\t\t\t<div class=\"sow-accordion-open-close-button\">\n\t\t\t\t\t\t\t<div class=\"sow-accordion-open-button\">\n\t\t\t\t\t\t\t\t<span class=\"sow-icon-ionicons\" data-sow-icon=\"&#xf218;\"\n\t\t \n\t\taria-hidden=\"true\"><\/span>\t\t\t\t\t\t\t<\/div>\n\t\t\t\t\t\t\t<div class=\"sow-accordion-close-button\">\n\t\t\t\t\t\t\t\t<span class=\"sow-icon-ionicons\" data-sow-icon=\"&#xf209;\"\n\t\t \n\t\taria-hidden=\"true\"><\/span>\t\t\t\t\t\t\t<\/div>\n\t\t\t\t\t\t<\/div>\n\t\t\t\t\t<\/div>\n\t\t\t\t<\/div>\n\n\t\t\t<div\n\t\t\t\tclass=\"sow-accordion-panel-content\"\n\t\t\t\trole=\"region\"\n\t\t\t\taria-labelledby=\"accordion-label-2023\"\n\t\t\t\tid=\"accordion-content-2023\"\n\t\t\t\tstyle=\"display: none;\"\t\t\t>\n\t\t\t\t<div class=\"sow-accordion-panel-border\" tabindex=\"0\">\n\t\t\t\t\t<table>\n<tbody>\n<tr>\n<td width=\"198\">\n<p style=\"text-align: center\">T\u00edtulo<\/p>\n<\/td>\n<td style=\"text-align: center\" width=\"197\">Autor<\/td>\n<td style=\"text-align: center\" width=\"200\">Orientador<\/td>\n<\/tr>\n<tr>\n<td style=\"text-align: center\" width=\"198\"><a href=\"http:\/\/tede2.uepg.br\/jspui\/handle\/prefix\/3835\">As rela\u00e7\u00f5es \u00e9tnico-raciais e o ensino de l\u00ednguas: constru\u00e7\u00e3o e an\u00e1lise de um instrumento para o mapeamento das leis 10.639\/2003 e 11.645\/2008<\/a><\/td>\n<td style=\"text-align: center\" width=\"197\">Roseli Vaz de Almeida<\/td>\n<td width=\"200\">\n<p style=\"text-align: center\">Ligia Paula Couto<\/p>\n<\/td>\n<\/tr>\n<tr>\n<td width=\"198\">\n<p style=\"text-align: center\"><a href=\"http:\/\/tede2.uepg.br\/jspui\/handle\/prefix\/3859\">Reflex\u00f5es e Pr\u00e1ticas Estudantis na Extens\u00e3o em Letras na UEPG: possibilidades para a curriculariza\u00e7\u00e3o<\/a><\/p>\n<\/td>\n<td style=\"text-align: center\" width=\"197\">Clara do Prado Patr\u00edcio<\/td>\n<td style=\"text-align: center\" width=\"200\">Ligia Paula Couto<\/td>\n<\/tr>\n<tr>\n<td style=\"text-align: center\" width=\"198\"><a href=\"http:\/\/tede2.uepg.br\/jspui\/handle\/prefix\/3858\">A morte da inf\u00e2ncia e a morte na inf\u00e2ncia em contos de Mia Couto<\/a><\/td>\n<td style=\"text-align: center\" width=\"197\">Karolina Ferreira Bicalho<\/td>\n<td width=\"200\">\n<p style=\"text-align: center\">Eunice de Morais<\/p>\n<\/td>\n<\/tr>\n<tr>\n<td width=\"198\">\n<p style=\"text-align: center\"><a href=\"http:\/\/tede2.uepg.br\/jspui\/handle\/prefix\/3902\">A constru\u00e7\u00e3o \u00a0da argumenta\u00e7\u00e3o em textos dissertativo argumentativos no vestibular da UEPG<\/a><\/p>\n<\/td>\n<td style=\"text-align: center\" width=\"197\">Leni Aparecida Kadamos<\/td>\n<td style=\"text-align: center\" width=\"200\">Pascoalina Bailon de Oliveira Saleh<\/td>\n<\/tr>\n<tr>\n<td style=\"text-align: center\" width=\"198\"><a href=\"http:\/\/tede2.uepg.br\/jspui\/handle\/prefix\/3924\">A constru\u00e7\u00e3o de uma identidade vi\u00e1vel na pesquisa LGBT<\/a><\/td>\n<td style=\"text-align: center\" width=\"197\">Igor Ant\u00f4nio Barreto<\/td>\n<td width=\"200\">\n<p style=\"text-align: center\">Lucimar Araujo Braga<\/p>\n<\/td>\n<\/tr>\n<tr>\n<td width=\"198\">\n<p style=\"text-align: center\"><a href=\"http:\/\/tede2.uepg.br\/jspui\/handle\/prefix\/3960\">A arte ind\u00edgena contempor\u00e2nea: inser\u00e7\u00e3o do artivismo na escola p\u00fablica como pr\u00e1tica decolonial<\/a><\/p>\n<\/td>\n<td style=\"text-align: center\" width=\"197\">\u00c1lvaro Franco da Fonseca \u00a0Junior<\/td>\n<td style=\"text-align: center\" width=\"200\">L\u00edgia Paula Couto<\/td>\n<\/tr>\n<tr>\n<td style=\"text-align: center\" width=\"198\"><a href=\"http:\/\/tede2.uepg.br\/jspui\/handle\/prefix\/3971\">Racismo: luta di\u00e1ria e desafio do estudante ind\u00edgena na Universidade Estadual de Ponta Grossa (UEPG)<\/a><\/td>\n<td style=\"text-align: center\" width=\"197\">Alexandre Kuaray Quadros<\/td>\n<td width=\"200\">\n<p style=\"text-align: center\">Let\u00edcia Fraga<\/p>\n<\/td>\n<\/tr>\n<tr>\n<td width=\"198\">\n<p style=\"text-align: center\"><a href=\"http:\/\/tede2.uepg.br\/jspui\/handle\/prefix\/3987\">Fonoaudiologia e Educa\u00e7\u00e3o: escuta de professores sobre linguagem<\/a><\/p>\n<\/td>\n<td style=\"text-align: center\" width=\"197\">Francieli de Ramos<\/td>\n<td style=\"text-align: center\" width=\"200\">Pascoalina Bailon de Oliveira Saleh<\/td>\n<\/tr>\n<tr>\n<td style=\"text-align: center\" width=\"198\"><a href=\"http:\/\/tede2.uepg.br\/jspui\/handle\/prefix\/4023\">Ex\u00edlio e maternidade em O Filho da M\u00e3e, de Bernardo Carvalho<\/a><\/td>\n<td style=\"text-align: center\" width=\"197\">Sandra Augusto Silva<\/td>\n<td width=\"200\">\n<p style=\"text-align: center\">Keli Cristina Pacheco<\/p>\n<\/td>\n<\/tr>\n<tr>\n<td width=\"198\">\n<p style=\"text-align: center\"><a href=\"http:\/\/tede2.uepg.br\/jspui\/handle\/prefix\/4041\">Possibilidades para uma abordagem positiva, significativa antirracista e anti-sexista a partir da Literatura Infantil<\/a><\/p>\n<\/td>\n<td style=\"text-align: center\" width=\"197\">Noemi de Oliveira<\/td>\n<td style=\"text-align: center\" width=\"200\">Marly Catarina Soares<\/td>\n<\/tr>\n<tr>\n<td style=\"text-align: center\" width=\"198\"><a href=\"https:\/\/tede2.uepg.br\/jspui\/bitstream\/prefix\/4111\/1\/Bruna%20Caroline%20Machado%20do%20Nascimento.pdf\">Curso de l\u00edngua espanhola como l\u00edngua estrangeira para estudantes ind\u00edgenas de universidades p\u00fablicas no Brasil<\/a><\/td>\n<td style=\"text-align: center\" width=\"197\">Bruna Caroline Machado do Nascimento<\/td>\n<td width=\"200\">\n<p style=\"text-align: center\">Let\u00edcia Fraga<\/p>\n<\/td>\n<\/tr>\n<tr>\n<td width=\"198\">\n<p style=\"text-align: center\"><a href=\"http:\/\/tede2.uepg.br\/jspui\/handle\/prefix\/4049\">A influ\u00eancia da polariza\u00e7\u00e3o na atribui\u00e7\u00e3o de relev\u00e2ncia a enunciados de Lula e Bolsonaro por usu\u00e1riosdo Twitter<\/a><\/p>\n<\/td>\n<td style=\"text-align: center\" width=\"197\">Vanessa Giroldo Vieira<\/td>\n<td style=\"text-align: center\" width=\"200\">Sebasti\u00e3o Louren\u00e7o dos Santos<\/td>\n<\/tr>\n<tr>\n<td style=\"text-align: center\" width=\"198\"><a href=\"http:\/\/tede2.uepg.br\/jspui\/handle\/prefix\/4055\">A Teoria da Polidez na interpreta\u00e7\u00e3o de trocadilho<\/a><\/td>\n<td style=\"text-align: center\" width=\"197\">Sandi Patr\u00edcia Possebam<\/td>\n<td width=\"200\">\n<p style=\"text-align: center\">Sebasti\u00e3o Louren\u00e7o dos Santos<\/p>\n<\/td>\n<\/tr>\n<tr>\n<td width=\"198\">\n<p style=\"text-align: center\"><a href=\"http:\/\/tede2.uepg.br\/jspui\/handle\/prefix\/4052\">Literatura e Jornalismo: um estudo documental da Gazeta de Not\u00edcias (RJ) entre os anos <\/a><a href=\"http:\/\/tede2.uepg.br\/jspui\/handle\/prefix\/4052\">1890 e 1900<\/a><\/p>\n<\/td>\n<td style=\"text-align: center\" width=\"197\">Luana Pihurski Florentino<\/td>\n<td style=\"text-align: center\" width=\"200\">F\u00e1bio Augusto Steyer<\/td>\n<\/tr>\n<tr>\n<td style=\"text-align: center\" width=\"198\"><a href=\"http:\/\/tede2.uepg.br\/jspui\/handle\/prefix\/4091\">Narrativas autobiogr\u00e1ficas e avenidas identit\u00e1rias interseccionadas a partir das quest\u00f5es de ra\u00e7a, de g\u00eanero, e de classe social, no contexto de l\u00edngua espanhola <\/a><\/td>\n<td style=\"text-align: center\" width=\"197\">Aline Rodrigues Neves<\/td>\n<td width=\"200\">\n<p style=\"text-align: center\">Let\u00edcia Fraga<\/p>\n<\/td>\n<\/tr>\n<tr>\n<td width=\"198\">\n<p style=\"text-align: center\">I<a href=\"http:\/\/tede2.uepg.br\/jspui\/handle\/prefix\/4092\">ntera\u00e7\u00e3o, afeto e ancestralidade: a rela\u00e7\u00e3o entre av\u00f3s e netos em duas obras da literatura infantil e juvenil de tem\u00e1tica africana e afro-brasileira <\/a><\/p>\n<\/td>\n<td style=\"text-align: center\" width=\"197\">Fabiely da Silva Barbosa<\/td>\n<td width=\"200\">\n<p style=\"text-align: center\">Valeska Gracioso Carlos<\/p>\n<\/td>\n<\/tr>\n<tr>\n<td width=\"198\">\n<p style=\"text-align: center\">E<a href=\"http:\/\/tede2.uepg.br\/jspui\/handle\/prefix\/4089\">nsino de espanhol como l\u00edngua estrangeira para crian\u00e7as dos anos iniciais do ensino fundamental: forma\u00e7\u00e3o de professoras e professores em parceria entre UEPG e prefeitura de Ponta Grossa<\/a><\/p>\n<\/td>\n<td style=\"text-align: center\" width=\"197\">Jorge Paulo dos Santos<\/td>\n<td width=\"200\">\n<p style=\"text-align: center\">Valeska Gracioso Carlos<\/p>\n<\/td>\n<\/tr>\n<tr>\n<td width=\"198\">\n<p style=\"text-align: center\"><a href=\"http:\/\/tede2.uepg.br\/jspui\/handle\/prefix\/4062\">Lei 11.645\/08 e o desafio de docentes n\u00e3o-ind\u00edgenas em rela\u00e7\u00e3o \u00e0 tem\u00e1tica ind\u00edgena nas salas de aula<\/a><\/p>\n<\/td>\n<td style=\"text-align: center\" width=\"197\">Regina Aparecida Kosi dos Santos<\/td>\n<td style=\"text-align: center\" width=\"200\">Let\u00edcia Fraga<\/td>\n<\/tr>\n<tr>\n<td style=\"text-align: center\" width=\"198\"><a href=\"http:\/\/tede2.uepg.br\/jspui\/handle\/prefix\/4086\">Linguagem e consci\u00eancia: outros pensamentos sobre a linguagem a partir da energia ancestral das retomadas ind\u00edgenas<\/a><\/td>\n<td style=\"text-align: center\" width=\"197\">Felipe Coelho<\/td>\n<td width=\"200\">\n<p style=\"text-align: center\">Let\u00edcia Fraga<\/p>\n<\/td>\n<\/tr>\n<\/tbody>\n<\/table>\n<p>&nbsp;<\/p>\n\t\t\t\t<\/div>\n\t\t\t<\/div>\n\t\t<\/div>\n\t\t\t<div class=\"sow-accordion-panel\"\n\t\t\t data-anchor=\"2022\">\n\t\t\t\t<div class=\"sow-accordion-panel-header-container\" role=\"heading\" aria-level=\"2\">\n\t\t\t\t\t<div class=\"sow-accordion-panel-header\" tabindex=\"0\" role=\"button\" id=\"accordion-label-2022\" aria-controls=\"accordion-content-2022\" aria-expanded=\"false\">\n\t\t\t\t\t\t<div class=\"sow-accordion-title sow-accordion-title-icon-left\">\n\t\t\t\t\t\t\t\t\t\t\t\t\t\t2022\t\t\t\t\t\t\t\t\t\t\t\t\t<\/div>\n\t\t\t\t\t\t<div class=\"sow-accordion-open-close-button\">\n\t\t\t\t\t\t\t<div class=\"sow-accordion-open-button\">\n\t\t\t\t\t\t\t\t<span class=\"sow-icon-ionicons\" data-sow-icon=\"&#xf218;\"\n\t\t \n\t\taria-hidden=\"true\"><\/span>\t\t\t\t\t\t\t<\/div>\n\t\t\t\t\t\t\t<div class=\"sow-accordion-close-button\">\n\t\t\t\t\t\t\t\t<span class=\"sow-icon-ionicons\" data-sow-icon=\"&#xf209;\"\n\t\t \n\t\taria-hidden=\"true\"><\/span>\t\t\t\t\t\t\t<\/div>\n\t\t\t\t\t\t<\/div>\n\t\t\t\t\t<\/div>\n\t\t\t\t<\/div>\n\n\t\t\t<div\n\t\t\t\tclass=\"sow-accordion-panel-content\"\n\t\t\t\trole=\"region\"\n\t\t\t\taria-labelledby=\"accordion-label-2022\"\n\t\t\t\tid=\"accordion-content-2022\"\n\t\t\t\tstyle=\"display: none;\"\t\t\t>\n\t\t\t\t<div class=\"sow-accordion-panel-border\" tabindex=\"0\">\n\t\t\t\t\t<table>\n<tbody>\n<tr>\n<td width=\"252\">\n<p style=\"text-align: center\">T\u00edtulo<\/p>\n<\/td>\n<td style=\"text-align: center\" width=\"207\">Autor<\/td>\n<td style=\"text-align: center\" width=\"189\">Orientador<\/td>\n<\/tr>\n<tr>\n<td width=\"252\">\n<p style=\"text-align: center\"><a href=\"http:\/\/tede2.uepg.br\/jspui\/handle\/prefix\/3640\">Professoras universit\u00e1rias negras de l\u00edngua inglesa do Brasil e o letramento racial cr\u00edtico: Pr\u00e1ticas subversivas em narrativas autobiogr\u00e1ficas<\/a><\/p>\n<\/td>\n<td style=\"text-align: center\" width=\"207\">Luara Rodrigues Real\n<p>&nbsp;<\/p>\n<\/td>\n<td width=\"189\">\n<p style=\"text-align: center\">Aparecida de Jesus Ferreira<\/p>\n<p>&nbsp;<\/p>\n<\/td>\n<\/tr>\n<tr>\n<td width=\"252\">\n<p style=\"text-align: center\"><a href=\"http:\/\/tede2.uepg.br\/jspui\/handle\/prefix\/3652\">O espa\u00e7o do espa\u00e7o no espa\u00e7o ou A costa dos murm\u00farios<\/a><\/p>\n<\/td>\n<td style=\"text-align: center\" width=\"207\">F\u00e1tima Maria Aparecida Ruvinski Kuzma<\/td>\n<td width=\"189\">\n<p style=\"text-align: center\">Rosana Apolonia Harmuch<\/p>\n<p>&nbsp;<\/p>\n<\/td>\n<\/tr>\n<tr>\n<td width=\"252\">\n<p style=\"text-align: center\"><a href=\"http:\/\/tede2.uepg.br\/jspui\/handle\/prefix\/3657\">A morte nas obras As parceiras e Ex\u00edlio, de Lya Luft<\/a>.<\/p>\n<\/td>\n<td style=\"text-align: center\" width=\"207\">Ta\u00eds Almeida de Camargo<\/td>\n<td width=\"189\">\n<p style=\"text-align: center\">F\u00e1bio Augusto Steyer<\/p>\n<\/td>\n<\/tr>\n<tr>\n<td width=\"252\">\n<p style=\"text-align: center\"><a href=\"http:\/\/tede2.uepg.br\/jspui\/handle\/prefix\/3694\">O jogo entre representa\u00e7\u00e3o realista e o fant\u00e1stico em contos de Lygia Fagundes Telles<\/a><\/p>\n<\/td>\n<td style=\"text-align: center\" width=\"207\">Veridiana Valeska Ribas<\/td>\n<td width=\"189\">\n<p style=\"text-align: center\">F\u00e1bio Augusto Steyer<\/p>\n<\/td>\n<\/tr>\n<tr>\n<td width=\"252\">\n<p style=\"text-align: center\"><a href=\"http:\/\/tede2.uepg.br\/jspui\/handle\/prefix\/3708\">A voz do povo n\u00e3o \u00e9 a voz de Deus\u201d: o preconceito lingu\u00edstico em memes e coment\u00e1rios de memes<\/a>.<\/p>\n<\/td>\n<td style=\"text-align: center\" width=\"207\">Mayara do Rocio Lima Gaspar<\/td>\n<td width=\"189\">\n<p style=\"text-align: center\">Valeska Gracioso Carlos<\/p>\n<\/td>\n<\/tr>\n<tr>\n<td width=\"252\">\n<p style=\"text-align: center\"><a href=\"http:\/\/tede2.uepg.br\/jspui\/handle\/prefix\/3726\">Letramento racial cr\u00edtico em a\u00e7\u00e3o na l\u00edngua espanhola<\/a><\/p>\n<\/td>\n<td style=\"text-align: center\" width=\"207\">Let\u00edcia Camargo Almeida<\/td>\n<td width=\"189\">\n<p style=\"text-align: center\">Aparecida de Jesus Ferreira<\/p>\n<\/td>\n<\/tr>\n<tr>\n<td width=\"252\">\n<p style=\"text-align: center\"><a href=\"text=para%20este%20item%3A-,http%3A\/\/tede2.uepg.br\/jspui\/handle\/prefix\/3719,-metadata.dc.type\">Leitura liter\u00e1ria \u2013 reabrindo horizontes no 6\u00ba ano do ensino fundamental<\/a><\/p>\n<\/td>\n<td style=\"text-align: center\" width=\"207\">Karine de Lara Cabral Nunes<\/td>\n<td width=\"189\">\n<p style=\"text-align: center\">Ligia Paula Couto<\/p>\n<\/td>\n<\/tr>\n<tr>\n<td width=\"252\">\n<p style=\"text-align: center\"><a href=\"http:\/\/tede2.uepg.br\/jspui\/handle\/prefix\/3775\">O papel dinamizador do professor complexo: uma an\u00e1lise de planos de aula em a\u00e7\u00e3o<\/a><\/p>\n<\/td>\n<td style=\"text-align: center\" width=\"207\">Bhianca Moro Portella<\/td>\n<td width=\"189\">\n<p style=\"text-align: center\">Ligia Paula Couto<\/p>\n<\/td>\n<\/tr>\n<tr>\n<td width=\"252\">\n<p style=\"text-align: center\"><a href=\"http:\/\/tede2.uepg.br\/jspui\/handle\/prefix\/3789\">Del\u00edrios conservadores\u00a0+\u00a0fundamentalistas:\u00a0cisnormatividade, linguagem e educa\u00e7\u00e3o<\/a><\/p>\n<\/td>\n<td style=\"text-align: center\" width=\"207\">Ronna Freitas de Oliveira<\/td>\n<td width=\"189\">\n<p style=\"text-align: center\">Ligia Paula Couto<\/p>\n<\/td>\n<\/tr>\n<tr>\n<td style=\"text-align: center\" width=\"252\"><a href=\"https:\/\/tede2.uepg.br\/jspui\/bitstream\/prefix\/3811\/1\/Meriliane%20de%20Lima.pdf\">A met\u00e1fora conceitual no livro did\u00e1tico: Uma abordagem sem\u00e2ntico-pragm\u00e1tica<\/a><\/td>\n<td style=\"text-align: center\" width=\"207\">Meriliane de Lima<\/td>\n<td width=\"189\">\n<p style=\"text-align: center\">Sebasti\u00e3o Louren\u00e7o dos Santos<\/p>\n<\/td>\n<\/tr>\n<\/tbody>\n<\/table>\n\t\t\t\t<\/div>\n\t\t\t<\/div>\n\t\t<\/div>\n\t\t\t<div class=\"sow-accordion-panel\"\n\t\t\t data-anchor=\"2021\">\n\t\t\t\t<div class=\"sow-accordion-panel-header-container\" role=\"heading\" aria-level=\"2\">\n\t\t\t\t\t<div class=\"sow-accordion-panel-header\" tabindex=\"0\" role=\"button\" id=\"accordion-label-2021\" aria-controls=\"accordion-content-2021\" aria-expanded=\"false\">\n\t\t\t\t\t\t<div class=\"sow-accordion-title sow-accordion-title-icon-left\">\n\t\t\t\t\t\t\t\t\t\t\t\t\t\t2021\t\t\t\t\t\t\t\t\t\t\t\t\t<\/div>\n\t\t\t\t\t\t<div class=\"sow-accordion-open-close-button\">\n\t\t\t\t\t\t\t<div class=\"sow-accordion-open-button\">\n\t\t\t\t\t\t\t\t<span class=\"sow-icon-ionicons\" data-sow-icon=\"&#xf218;\"\n\t\t \n\t\taria-hidden=\"true\"><\/span>\t\t\t\t\t\t\t<\/div>\n\t\t\t\t\t\t\t<div class=\"sow-accordion-close-button\">\n\t\t\t\t\t\t\t\t<span class=\"sow-icon-ionicons\" data-sow-icon=\"&#xf209;\"\n\t\t \n\t\taria-hidden=\"true\"><\/span>\t\t\t\t\t\t\t<\/div>\n\t\t\t\t\t\t<\/div>\n\t\t\t\t\t<\/div>\n\t\t\t\t<\/div>\n\n\t\t\t<div\n\t\t\t\tclass=\"sow-accordion-panel-content\"\n\t\t\t\trole=\"region\"\n\t\t\t\taria-labelledby=\"accordion-label-2021\"\n\t\t\t\tid=\"accordion-content-2021\"\n\t\t\t\tstyle=\"display: none;\"\t\t\t>\n\t\t\t\t<div class=\"sow-accordion-panel-border\" tabindex=\"0\">\n\t\t\t\t\t<p style=\"text-align: center\">DISSERTA\u00c7\u00d5ES\u00a0 2021<\/p>\n<table>\n<tbody>\n<tr>\n<td width=\"252\">T\u00edtulo<\/td>\n<td width=\"207\">Autor<\/td>\n<td width=\"189\">Orientador<\/td>\n<\/tr>\n<tr>\n<td width=\"252\"><a href=\"http:\/\/tede2.uepg.br\/jspui\/handle\/prefix\/3354\">Homo Machina: a intelig\u00eancia artificial humana em Detroit: Become Human<\/a><\/td>\n<td width=\"207\">Henrique Barbosa Borgato<\/td>\n<td width=\"189\">Evanir Pavloski<\/td>\n<\/tr>\n<tr>\n<td width=\"252\"><a href=\"http:\/\/tede2.uepg.br\/jspui\/handle\/prefix\/3378\">O foco obl\u00edquo da mem\u00f3ria: uma quest\u00e3o de autoria em Lobo Antunes<\/a><\/td>\n<td width=\"207\">Ramon Felipe Ronchi<\/td>\n<td width=\"189\">Rosana Apolonia Harmuch<\/td>\n<\/tr>\n<tr>\n<td width=\"252\"><a href=\"http:\/\/tede2.uepg.br\/jspui\/handle\/prefix\/3380\">A Polidez e a (im)polidez nas redes sociais<\/a><\/td>\n<td width=\"207\">Daiane Pereira Xavier<\/td>\n<td width=\"189\">Sebasti\u00e3o Louren\u00e7o dos Santos<\/td>\n<\/tr>\n<tr>\n<td width=\"252\"><a href=\"http:\/\/tede2.uepg.br\/jspui\/handle\/prefix\/3398\">Investigando as constru\u00e7\u00f5es identit\u00e1rias em contextos diasp\u00f3ricos: uma an\u00e1lise do romance Americanah, de Chimamanda Ngozi Adichie<\/a><\/td>\n<td width=\"207\">Natacha Iria Pereira Lopes<\/td>\n<td width=\"189\">Marly Catarina Soares<\/td>\n<\/tr>\n<tr>\n<td width=\"252\"><a href=\"http:\/\/tede2.uepg.br\/jspui\/handle\/prefix\/3416\">Varia\u00e7\u00e3o e preconceito lingu\u00edstico nas aulas de l\u00edngua portuguesa: uma pesquisa com um grupo de professoras<\/a><\/td>\n<td width=\"207\">L\u00edlian Aparecida de Moura<\/td>\n<td width=\"189\">Valeska Gracioso Carlos<\/td>\n<\/tr>\n<tr>\n<td width=\"252\"><a href=\"http:\/\/tede2.uepg.br\/jspui\/handle\/prefix\/3424\">Letramento racial cr\u00edtico: o encantamento do livro \u201co mundo no black power de Tay\u00f3\u201d em uma proposi\u00e7\u00e3o did\u00e1tica<\/a><\/td>\n<td width=\"207\">Samantha Sch\u00e4fer<\/td>\n<td width=\"189\">Aparecida de Jesus Ferreira<\/td>\n<\/tr>\n<tr>\n<td width=\"252\"><a href=\"http:\/\/tede2.uepg.br\/jspui\/handle\/prefix\/3435\">Uma leitura benjaminiana de exper\u00eancia em Graciliano Ramos: S\u00e3o Bernardo<\/a><\/td>\n<td width=\"207\">Lu\u00eds Ant\u00f4nio Novatzki<\/td>\n<td width=\"189\">Eunice de Morais<\/td>\n<\/tr>\n<tr>\n<td width=\"252\"><a href=\"http:\/\/tede2.uepg.br\/jspui\/handle\/prefix\/3458\">O processo de escolariza\u00e7\u00e3o e a identidade polonesa em descendentes de imigrantes numa comunidade do interior do Paran\u00e1<\/a><\/td>\n<td width=\"207\">Heloisa Kosinski<\/td>\n<td width=\"189\">Luciane Trennephol da Costa<\/td>\n<\/tr>\n<tr>\n<td width=\"252\"><a href=\"http:\/\/tede2.uepg.br\/jspui\/handle\/prefix\/3480\">Varia\u00e7\u00e3o e preconceito lingu\u00edstico: uma discuss\u00e3o com os alunos de letras da UEPG e suas atitudes perante o curr\u00edculo<\/a><\/td>\n<td width=\"207\">R\u00edctor de Oliveira Dantas<\/td>\n<td width=\"189\">Valeska Gracioso Carlos<\/td>\n<\/tr>\n<tr>\n<td width=\"252\"><a href=\"http:\/\/tede2.uepg.br\/jspui\/handle\/prefix\/3477\">Literaturas ind\u00edgenas e documentos oficiais: lutas, conquistas e desafios<\/a><\/td>\n<td width=\"207\">Camyla Aparecida Mello Ferreira<\/td>\n<td width=\"189\">Cl\u00f3ris Porto Torquato<\/td>\n<\/tr>\n<tr>\n<td width=\"252\"><a href=\"http:\/\/tede2.uepg.br\/jspui\/handle\/prefix\/3494\">Ensino Complexo de L\u00ednguas Adicionais: Um Atlas Conceitual de Rotas Te\u00f3rico-Did\u00e1tico- Metodol\u00f3gicas<\/a><\/td>\n<td width=\"207\">Cl\u00e1udio Fernandes Baranhuke Junior<\/td>\n<td width=\"189\">Elaine Ferreira do Vale Borges<\/td>\n<\/tr>\n<tr>\n<td width=\"252\"><a href=\"http:\/\/tede2.uepg.br\/jspui\/handle\/prefix\/3489\">An\u00e1lise de pessoas da ra\u00e7a negra no livro did\u00e1tico de l\u00edngua inglesa \u00e0 luz da gram\u00e1tica do design visual<\/a><\/td>\n<td width=\"207\">Carla Fernanda Stumf Murialdo<\/td>\n<td width=\"189\">Sulany Silveira dos Santos<\/td>\n<\/tr>\n<tr>\n<td width=\"252\"><a href=\"http:\/\/tede2.uepg.br\/jspui\/handle\/prefix\/3506\">Conflu\u00eancias entre o discurso fant\u00e1stico e a polifonia para a leitura de contos de Julio Cort\u00e1zar<\/a><\/td>\n<td width=\"207\">Midori Nancy Arasaki Chang<\/td>\n<td width=\"189\">Silvana Oliveira<\/td>\n<\/tr>\n<tr>\n<td width=\"252\"><a href=\"http:\/\/tede2.uepg.br\/jspui\/handle\/prefix\/3524\">Quest\u00f5es p\u00f3s-coloniais, feminismo e o papel da mulher em as alegrias da maternidade de Buchi Emecheta<\/a><\/td>\n<td width=\"207\">Tamires Dias Mendes Carmo<\/td>\n<td width=\"189\">Ione da Silva Jovino<\/td>\n<\/tr>\n<tr>\n<td width=\"252\"><a href=\"http:\/\/tede2.uepg.br\/jspui\/handle\/prefix\/3516\">S\u00e1tira e loucura em dois contos: el licenciado vidriera e o alienista<\/a><\/td>\n<td width=\"207\">Murilo Roberto Sansana<\/td>\n<td width=\"189\">Rosangela Schardong<\/td>\n<\/tr>\n<tr>\n<td width=\"252\"><a href=\"http:\/\/tede2.uepg.br\/jspui\/handle\/prefix\/3525\">Reflex\u00f5es sobre a emerg\u00eancia de um modelo ca\u00f3tico de desempenho na linguagem<\/a><\/td>\n<td width=\"207\">Ana Let\u00edcia Carneiro de Oliveira<\/td>\n<td width=\"189\">Elaine Ferreira do Vale Borges<\/td>\n<\/tr>\n<tr>\n<td width=\"252\"><a href=\"http:\/\/tede2.uepg.br\/jspui\/handle\/prefix\/3543\">Mulheres alteradas: a representa\u00e7\u00e3o performativa feminina sob a perspectiva da teoria da relev\u00e2ncia<\/a><\/td>\n<td width=\"207\">Daniele Aparecida Barbosa Zenz<\/td>\n<td width=\"189\">Sebasti\u00e3o Louren\u00e7o dos Santos<\/td>\n<\/tr>\n<tr>\n<td width=\"252\"><a href=\"http:\/\/tede2.uepg.br\/jspui\/handle\/prefix\/3542\">Em surdina (1933), de Lucia Miguel Pereira: um estudo sobre corpo e ex\u00edlio<\/a><\/td>\n<td width=\"207\">Allyne Urbanski<\/td>\n<td width=\"189\">Keli Cristina Pacheco<\/td>\n<\/tr>\n<tr>\n<td width=\"252\"><a href=\"http:\/\/tede2.uepg.br\/jspui\/handle\/prefix\/3551\">Nas fronteiras da na\u00e7\u00e3o: rela\u00e7\u00f5es entre identidade nacional e discursos sobre a hist\u00f3ria do Brasil constru\u00eddos por jovens da cidade de Ponta Grossa \u2013 PR<\/a><\/td>\n<td width=\"207\"><a href=\"https:\/\/tede2.uepg.br\/jspui\/browse?type=author&amp;value=Kl%C3%BCppel,+Giuvane+de+Souza\">\u00a0Giuvane de Souza<\/a>\u00a0Kl\u00fcppel,<\/td>\n<td width=\"189\">Ione da Silva Jovino<\/td>\n<\/tr>\n<tr>\n<td width=\"252\"><a href=\"http:\/\/tede2.uepg.br\/jspui\/handle\/prefix\/3593\">Letramento racial cr\u00edtico e intersec\u00e7\u00e3o com g\u00eanero nas aulas de l\u00edngua inglesa no curso forma\u00e7\u00e3o de docentes<\/a><\/td>\n<td width=\"207\"><u>Val\u00e9ria C\u00e2mara da<\/u><u>\u00a0<\/u><a href=\"https:\/\/tede2.uepg.br\/jspui\/browse?type=author&amp;value=Silva,+Val%C3%A9ria+C%C3%A2mara+da\">Silva <\/a><\/td>\n<td width=\"189\">Aparecida de Jesus Ferreira<\/td>\n<\/tr>\n<\/tbody>\n<\/table>\n<p>&nbsp;<\/p>\n<p>&nbsp;<\/p>\n<p>&nbsp;<\/p>\n<p>&nbsp;<\/p>\n\t\t\t\t<\/div>\n\t\t\t<\/div>\n\t\t<\/div>\n\t\t\t<div class=\"sow-accordion-panel\"\n\t\t\t data-anchor=\"2020\">\n\t\t\t\t<div class=\"sow-accordion-panel-header-container\" role=\"heading\" aria-level=\"2\">\n\t\t\t\t\t<div class=\"sow-accordion-panel-header\" tabindex=\"0\" role=\"button\" id=\"accordion-label-2020\" aria-controls=\"accordion-content-2020\" aria-expanded=\"false\">\n\t\t\t\t\t\t<div class=\"sow-accordion-title sow-accordion-title-icon-left\">\n\t\t\t\t\t\t\t\t\t\t\t\t\t\t2020\t\t\t\t\t\t\t\t\t\t\t\t\t<\/div>\n\t\t\t\t\t\t<div class=\"sow-accordion-open-close-button\">\n\t\t\t\t\t\t\t<div class=\"sow-accordion-open-button\">\n\t\t\t\t\t\t\t\t<span class=\"sow-icon-ionicons\" data-sow-icon=\"&#xf218;\"\n\t\t \n\t\taria-hidden=\"true\"><\/span>\t\t\t\t\t\t\t<\/div>\n\t\t\t\t\t\t\t<div class=\"sow-accordion-close-button\">\n\t\t\t\t\t\t\t\t<span class=\"sow-icon-ionicons\" data-sow-icon=\"&#xf209;\"\n\t\t \n\t\taria-hidden=\"true\"><\/span>\t\t\t\t\t\t\t<\/div>\n\t\t\t\t\t\t<\/div>\n\t\t\t\t\t<\/div>\n\t\t\t\t<\/div>\n\n\t\t\t<div\n\t\t\t\tclass=\"sow-accordion-panel-content\"\n\t\t\t\trole=\"region\"\n\t\t\t\taria-labelledby=\"accordion-label-2020\"\n\t\t\t\tid=\"accordion-content-2020\"\n\t\t\t\tstyle=\"display: none;\"\t\t\t>\n\t\t\t\t<div class=\"sow-accordion-panel-border\" tabindex=\"0\">\n\t\t\t\t\t<p>DISSERTA\u00c7\u00d5ES 2020<\/p>\n<table width=\"593\">\n<tbody>\n<tr>\n<td width=\"225\">T\u00edtulo<\/td>\n<td width=\"189\">Autor<\/td>\n<td width=\"180\">Orientador<\/td>\n<\/tr>\n<tr>\n<td width=\"225\"><a href=\"http:\/\/tede2.uepg.br\/jspui\/handle\/prefix\/3068\">A possibilidade de movimento e a persist\u00eancia da falha em O Lustre e A Ma\u00e7\u00e3 no Escuro, de CLARICE LISPECTOR<\/a><\/td>\n<td width=\"189\">William Fernandes de Oliveira<\/td>\n<td width=\"180\">Keli Cristina Pacheco<\/td>\n<\/tr>\n<tr>\n<td width=\"225\"><a href=\"http:\/\/tede2.uepg.br\/jspui\/handle\/prefix\/3112\">As figura\u00e7\u00f5es das pr\u00e1ticas de leitura em Ilus\u00f5es Perdidas<\/a><\/td>\n<td width=\"189\">Yane Scavinski<\/td>\n<td width=\"180\">Andr\u00e9a Correa Para\u00edso M\u00fcller<\/td>\n<\/tr>\n<tr>\n<td width=\"225\"><a href=\"http:\/\/tede2.uepg.br\/jspui\/handle\/prefix\/3172\">Listas de obras liter\u00e1rias no vestibular: espa\u00e7o de (r)eexist\u00eancia da literatura no contexto escolar<\/a><\/td>\n<td width=\"189\">\u00a0Aline Cezar Schwab<\/td>\n<td width=\"180\">Rosana Apolonia Harmuch<\/td>\n<\/tr>\n<tr>\n<td width=\"225\"><a href=\"http:\/\/tede2.uepg.br\/jspui\/handle\/prefix\/3214\">A pecadora queimada e os anjos harmoniosos: o nomadismo nos escritos do ex\u00edlio de Clarice Lispector<\/a><\/td>\n<td width=\"189\">Ana Claudia Pereira Andruchiw<\/td>\n<td width=\"180\">Silvana Oliveira<\/td>\n<\/tr>\n<tr>\n<td width=\"225\"><a href=\"http:\/\/tede2.uepg.br\/jspui\/handle\/prefix\/3226\">Perspectivas de professores e alunos de l\u00edngua inglesa no Programa \u201cParan\u00e1 Fala Ingl\u00eas\u201d sobre o uso do ingl\u00eas como l\u00edngua franca<\/a><\/td>\n<td width=\"189\">Beatrice Elaine dos Santos<\/td>\n<td width=\"180\">Aparecida de Jesus Ferreira<\/td>\n<\/tr>\n<tr>\n<td width=\"225\"><a href=\"http:\/\/tede2.uepg.br\/jspui\/handle\/prefix\/3245\">Relev\u00e2ncia, incongru\u00eancia e humor: uma an\u00e1lise pragm\u00e1tica da prega\u00e7\u00e3o do Pastor Cl\u00e1udio Duarte<\/a><\/td>\n<td width=\"189\">Marcos Ant\u00f4nio Kepp<\/td>\n<td width=\"180\">Sebasti\u00e3o Louren\u00e7o dos Santos<\/td>\n<\/tr>\n<tr>\n<td width=\"225\"><a href=\"http:\/\/tede2.uepg.br\/jspui\/handle\/prefix\/3240\">A inscri\u00e7\u00e3o da subjetividade na escrita: an\u00e1lise de TCCs do curso de Letras de uma universidade p\u00fablica do Paran\u00e1<\/a><\/td>\n<td width=\"189\">Willian Mainardes Waiga<\/td>\n<td width=\"180\">Pascoalina Bailon de Oliveira Saleh<\/td>\n<\/tr>\n<tr>\n<td width=\"225\"><a href=\"http:\/\/tede2.uepg.br\/jspui\/handle\/prefix\/3202\">As intera\u00e7\u00f5es entre educador e beb\u00ea em um ber\u00e7\u00e1rio: o papel da linguagem<\/a><\/td>\n<td width=\"189\">Hellen Terluk Gnatta<\/td>\n<td width=\"180\">Pascoalina Bailon de Oliveira Saleh<\/td>\n<\/tr>\n<tr>\n<td width=\"225\"><a href=\"http:\/\/tede2.uepg.br\/jspui\/handle\/prefix\/3270\">Por Deus e pela fam\u00edlia\u201d: an\u00e1lise dial\u00f3gica dos discursos da Bancada Evang\u00e9lica na abertura do processo de destitui\u00e7\u00e3o da ex-presidenta Dilma Rousseff<\/a><\/td>\n<td width=\"189\">Jonatas Michael Kuchnir<\/td>\n<td width=\"180\">Pascoalina Bailon de Oliveira Saleh<\/td>\n<\/tr>\n<tr>\n<td width=\"225\"><a href=\"http:\/\/tede2.uepg.br\/jspui\/handle\/prefix\/3302\">Comunica\u00e7\u00e3o, cogni\u00e7\u00e3o e relev\u00e2ncia em Don Quijote de La Mancha<\/a><\/td>\n<td width=\"189\">Let\u00edcia dos Santos Caminha<\/td>\n<td width=\"180\">Sebasti\u00e3o Louren\u00e7o dos Santos<\/td>\n<\/tr>\n<tr>\n<td width=\"225\"><a href=\"http:\/\/tede2.uepg.br\/jspui\/handle\/prefix\/3312\">Levantamento lingu\u00edstico na Terra Ind\u00edgena de Mangueirinha\/PR a partir da perspectiva Kaingang: um trabalho em co-labor<\/a><\/td>\n<td width=\"189\">Elisangela Wilchak Queiroz,<\/td>\n<td width=\"180\">Let\u00edcia Fraga<\/td>\n<\/tr>\n<tr>\n<td width=\"225\"><a href=\"http:\/\/tede2.uepg.br\/jspui\/handle\/prefix\/3265\">O estigma da loucura em fic\u00e7\u00f5es de Machado de Assis e de Lima Barreto, ecos no agora<\/a><\/td>\n<td width=\"189\">Taciane Ienk<\/td>\n<td width=\"180\">Miguel Sanches Neto<\/td>\n<\/tr>\n<\/tbody>\n<\/table>\n<p>&nbsp;<\/p>\n<p><strong>\u00a0<\/strong><\/p>\n\t\t\t\t<\/div>\n\t\t\t<\/div>\n\t\t<\/div>\n\t\t\t<div class=\"sow-accordion-panel\"\n\t\t\t data-anchor=\"2019\">\n\t\t\t\t<div class=\"sow-accordion-panel-header-container\" role=\"heading\" aria-level=\"2\">\n\t\t\t\t\t<div class=\"sow-accordion-panel-header\" tabindex=\"0\" role=\"button\" id=\"accordion-label-2019\" aria-controls=\"accordion-content-2019\" aria-expanded=\"false\">\n\t\t\t\t\t\t<div class=\"sow-accordion-title sow-accordion-title-icon-left\">\n\t\t\t\t\t\t\t\t\t\t\t\t\t\t2019\t\t\t\t\t\t\t\t\t\t\t\t\t<\/div>\n\t\t\t\t\t\t<div class=\"sow-accordion-open-close-button\">\n\t\t\t\t\t\t\t<div class=\"sow-accordion-open-button\">\n\t\t\t\t\t\t\t\t<span class=\"sow-icon-ionicons\" data-sow-icon=\"&#xf218;\"\n\t\t \n\t\taria-hidden=\"true\"><\/span>\t\t\t\t\t\t\t<\/div>\n\t\t\t\t\t\t\t<div class=\"sow-accordion-close-button\">\n\t\t\t\t\t\t\t\t<span class=\"sow-icon-ionicons\" data-sow-icon=\"&#xf209;\"\n\t\t \n\t\taria-hidden=\"true\"><\/span>\t\t\t\t\t\t\t<\/div>\n\t\t\t\t\t\t<\/div>\n\t\t\t\t\t<\/div>\n\t\t\t\t<\/div>\n\n\t\t\t<div\n\t\t\t\tclass=\"sow-accordion-panel-content\"\n\t\t\t\trole=\"region\"\n\t\t\t\taria-labelledby=\"accordion-label-2019\"\n\t\t\t\tid=\"accordion-content-2019\"\n\t\t\t\tstyle=\"display: none;\"\t\t\t>\n\t\t\t\t<div class=\"sow-accordion-panel-border\" tabindex=\"0\">\n\t\t\t\t\t<p style=\"text-align: center\"><strong>2019<\/strong><\/p>\n<table border=\"1\" width=\"600\" cellspacing=\"0\" cellpadding=\"3\" align=\"center\">\n<tbody>\n<tr>\n<td valign=\"top\" width=\"346\">\n<p align=\"center\"><strong>T\u00edtulo<\/strong><\/p>\n<\/td>\n<td valign=\"top\" width=\"122\">\n<p align=\"center\"><strong>Autor<\/strong><\/p>\n<\/td>\n<td valign=\"top\" width=\"106\">\n<p align=\"center\"><strong>Orientador<\/strong><\/p>\n<\/td>\n<\/tr>\n<tr>\n<td valign=\"top\"><a href=\"http:\/\/tede2.uepg.br\/jspui\/handle\/prefix\/2879\" target=\"_blank\" rel=\"noopener\">Aspectos pragm\u00e1tico-cognitivos da interpreta\u00e7\u00e3o humor\u00edstica<\/a><\/td>\n<td valign=\"top\">Ericiane Marilisa de Ramos<\/td>\n<td valign=\"top\">Sebasti\u00e3o Louren\u00e7o dos Santos<\/td>\n<\/tr>\n<tr>\n<td valign=\"top\"><a href=\"http:\/\/tede2.uepg.br\/jspui\/handle\/prefix\/2774\" target=\"_blank\" rel=\"noopener\">A percep\u00e7\u00e3o de docentes acerca do ingl\u00eas como l\u00edngua franca e intersec\u00e7\u00e3o com identidade de g\u00eanero no livro did\u00e1tico<\/a><\/td>\n<td valign=\"top\">J\u00e9ssica Martins Ara\u00fajo<\/td>\n<td valign=\"top\">Aparecida de Jesus Ferreira<\/td>\n<\/tr>\n<tr>\n<td valign=\"top\"><a href=\"http:\/\/tede2.uepg.br\/jspui\/handle\/prefix\/2777\" target=\"_blank\" rel=\"noopener\">O poeta rom\u00e2ntico na prosa do s\u00e9culo XIX em dois contos machadianos<\/a><\/td>\n<td valign=\"top\">Bianca Meira Lopes<\/td>\n<td valign=\"top\">Rosana Apolonia Harmuch<\/td>\n<\/tr>\n<tr>\n<td valign=\"top\"><a href=\"http:\/\/tede2.uepg.br\/jspui\/handle\/prefix\/2782\" target=\"_blank\" rel=\"noopener\">Fantasmas de Foucault : po\u00e9ticas de indicialidade<\/a><\/td>\n<td valign=\"top\">Eduardo Reis de Mello<\/td>\n<td valign=\"top\">Daniel de Oliveira Gomes<\/td>\n<\/tr>\n<tr>\n<td valign=\"top\"><a href=\"http:\/\/tede2.uepg.br\/jspui\/handle\/prefix\/2784\" target=\"_blank\" rel=\"noopener\">Marcelo Ariel e a poesia como insurrei\u00e7\u00e3o do pensamento na n\u00e9voa-nada<\/a><\/td>\n<td valign=\"top\">Ramon Guillermo Mendes<\/td>\n<td valign=\"top\">Keli Cristina Pacheco<\/td>\n<\/tr>\n<tr>\n<td valign=\"top\"><a href=\"http:\/\/tede2.uepg.br\/jspui\/handle\/prefix\/2794\" target=\"_blank\" rel=\"noopener\">Gatilho - literatura: as narrativas de estupro na fic\u00e7\u00e3o de Paloma Vidal e Sheyla Smanioto<\/a><\/td>\n<td valign=\"top\">Karine Mathias D\u00f6ll<\/td>\n<td valign=\"top\">Keli Cristina Pacheco<\/td>\n<\/tr>\n<tr>\n<td valign=\"top\"><a href=\"http:\/\/tede2.uepg.br\/jspui\/handle\/prefix\/2870\" target=\"_blank\" rel=\"noopener\">Movimentos de subjetiva\u00e7\u00e3o da crian\u00e7a na aquisi\u00e7\u00e3o da escrita: uma discuss\u00e3o voltada \u00e0s rasuras<\/a><\/td>\n<td valign=\"top\">Let\u00edcia do Nascimento Schavarem<\/td>\n<td valign=\"top\">Pascoalina Bailon de Oliveira Saleh<\/td>\n<\/tr>\n<tr>\n<td valign=\"top\"><a href=\"http:\/\/tede2.uepg.br\/jspui\/handle\/prefix\/2884\" target=\"_blank\" rel=\"noopener\">Letramento racial cr\u00edtico nas s\u00e9ries iniciais do ensino fundamental I a partir de livros de literatura infantil: os primeiros livros s\u00e3o para sempre<\/a><\/td>\n<td valign=\"top\">Keila de Oliveira<\/td>\n<td valign=\"top\">Aparecida de Jesus Ferreira<\/td>\n<\/tr>\n<tr>\n<td valign=\"top\"><a href=\"http:\/\/tede2.uepg.br\/jspui\/handle\/prefix\/2889\" target=\"_blank\" rel=\"noopener\">Pol\u00edticas ling\u00fc\u00edsticas para libras: considera\u00e7\u00f5es de uma professora surda<\/a><\/td>\n<td valign=\"top\">Evelin Seluchiniak Nunes<\/td>\n<td valign=\"top\">Let\u00edcia Fraga<\/td>\n<\/tr>\n<tr>\n<td valign=\"top\"><a href=\"https:\/\/tede2.uepg.br\/jspui\/handle\/prefix\/2895\" target=\"_blank\" rel=\"noopener\">Os pilotos de Exup\u00e9ry : sobrevoando as lembran\u00e7as de inf\u00e2ncia<\/a><\/td>\n<td valign=\"top\">Janeffer Desselman<\/td>\n<td valign=\"top\">Andr\u00e9a Correa Para\u00edso M\u00fcller<\/td>\n<\/tr>\n<tr>\n<td valign=\"top\"><a href=\"http:\/\/tede2.uepg.br\/jspui\/handle\/prefix\/2892\" target=\"_blank\" rel=\"noopener\">As trilhas da literatura no vestibular: an\u00e1lise das quest\u00f5es do exame da UEPG, 2017<\/a><\/td>\n<td valign=\"top\">Iugusl\u00e1via Jales Dutra<\/td>\n<td valign=\"top\">Rosana Apolonia Harmuch<\/td>\n<\/tr>\n<tr>\n<td valign=\"top\"><a href=\"http:\/\/tede2.uepg.br\/jspui\/handle\/prefix\/2913\" target=\"_blank\" rel=\"noopener\">Considera\u00e7\u00f5es dialetais para o desenho de uma unidade did\u00e1tica: o ensino de E\/LE em Medell\u00edn - Col\u00f4mbia<\/a><\/td>\n<td valign=\"top\">Laura Cardona Zapata<\/td>\n<td valign=\"top\">Valeska Gracioso Carlos<\/td>\n<\/tr>\n<tr>\n<td valign=\"top\"><a href=\"http:\/\/tede2.uepg.br\/jspui\/handle\/prefix\/2943\" target=\"_blank\" rel=\"noopener\">Discursos sobre a \u00c0frica presentes na m\u00eddia brasileira<\/a><\/td>\n<td valign=\"top\">Temitope Jane Aransiola<\/td>\n<td valign=\"top\">Cl\u00f3ris Porto Torquato<\/td>\n<\/tr>\n<tr>\n<td valign=\"top\"><a href=\"http:\/\/tede2.uepg.br\/jspui\/handle\/prefix\/2960\" target=\"_blank\" rel=\"noopener\">Um Leminski antrop\u00f3fago<\/a><\/td>\n<td valign=\"top\">Isabel Cristina Bichinski<\/td>\n<td valign=\"top\">Miguel Sanches Neto<\/td>\n<\/tr>\n<tr>\n<td valign=\"top\"><a href=\"http:\/\/tede2.uepg.br\/jspui\/handle\/prefix\/2969\" target=\"_blank\" rel=\"noopener\">Hist\u00f3rias na Hist\u00f3ria : contribui\u00e7\u00f5es de Frei Vicente do Salvador para a literatura brasileira<\/a><\/td>\n<td valign=\"top\">Jos\u00e9 Lu\u00eds Schamne<\/td>\n<td valign=\"top\">F\u00e1bio Augusto Steyer<\/td>\n<\/tr>\n<tr>\n<td valign=\"top\"><a href=\"http:\/\/tede2.uepg.br\/jspui\/handle\/prefix\/2971\" target=\"_blank\" rel=\"noopener\">Barcas novas: as paisagens de Fiama Hasse Pais Brand\u00e3o<\/a><\/td>\n<td valign=\"top\">Let\u00edcia de Oliveira Galv\u00e3o<\/td>\n<td valign=\"top\">Silvana Oliveira<\/td>\n<\/tr>\n<tr>\n<td valign=\"top\"><a href=\"http:\/\/tede2.uepg.br\/jspui\/handle\/prefix\/2972\" target=\"_blank\" rel=\"noopener\">A d\u00favida e o medo como motivadores, guias e impulsionadores da narrativa de Riobaldo em Grande Sert\u00e3o: Veredas<\/a><\/td>\n<td valign=\"top\">Jo\u00e3o Israel Ribeiro<\/td>\n<td valign=\"top\">Silvana Oliveira<\/td>\n<\/tr>\n<tr>\n<td valign=\"top\"><a href=\"http:\/\/tede2.uepg.br\/jspui\/handle\/prefix\/2976\" target=\"_blank\" rel=\"noopener\">Estudantes e docentes em negocia\u00e7\u00f5es de identidades em aulas de arte<\/a><\/td>\n<td valign=\"top\">Vilmar Junior Wrobel<\/td>\n<td valign=\"top\">Cl\u00f3ris Porto Torquato<\/td>\n<\/tr>\n<tr>\n<td valign=\"top\"><a href=\"http:\/\/tede2.uepg.br\/jspui\/handle\/prefix\/2978\" target=\"_blank\" rel=\"noopener\">Ideologias lingu\u00edsticas e negocia\u00e7\u00f5es de identidade em narrativas autobiogr\u00e1ficas de docentes descendentes poloneses em uma escola do interior paranaense<\/a><\/td>\n<td valign=\"top\">Ivete Oczust Nitek<\/td>\n<td valign=\"top\">Cl\u00f3ris Porto Torquato<\/td>\n<\/tr>\n<tr>\n<td valign=\"top\"><a href=\"http:\/\/tede2.uepg.br\/jspui\/handle\/prefix\/3000\" target=\"_blank\" rel=\"noopener\">A PRODU\u00c7\u00c3O TEXTUAL NO ENSINO FUNDAMENTAL II: AN\u00c1LISE DAS DIFICULDADES DOS ALUNOS<\/a><\/td>\n<td valign=\"top\">EMILIANE JASCHEFSKY<\/td>\n<td valign=\"top\">Pascoalina Bailon de Oliveira Saleh<\/td>\n<\/tr>\n<tr>\n<td valign=\"top\"><a href=\"http:\/\/tede2.uepg.br\/jspui\/handle\/prefix\/2999\" target=\"_blank\" rel=\"noopener\">A CONSTRU\u00c7\u00c3O E O CONFLITO DE IDENTIDADE EM \u201cOS FAMOSOS E OS DUENDES DA MORTE\u201d, DE ISMAEL CANEPPELE<\/a><\/td>\n<td valign=\"top\">AMANDA PONCIO<\/td>\n<td valign=\"top\">F\u00e1bio Augusto Steyer<\/td>\n<\/tr>\n<tr>\n<td valign=\"top\"><a href=\"http:\/\/tede2.uepg.br\/jspui\/handle\/prefix\/2987\" target=\"_blank\" rel=\"noopener\">A BASE NACIONAL COMUM CURRICULAR (BNCC): ENSINO DE L\u00cdNGUA E POL\u00cdTICA LINGU\u00cdSTICA<\/a><\/td>\n<td valign=\"top\">JOELMA DE SOUZA ROCHA<\/td>\n<td valign=\"top\">Djane Antonucci Correa<\/td>\n<\/tr>\n<tr>\n<td valign=\"top\"><a href=\"http:\/\/tede2.uepg.br\/jspui\/handle\/prefix\/2986\" target=\"_blank\" rel=\"noopener\">PRESEN\u00c7A DAS MULHERES NEGRAS EM PONTA GROSSA\/PR: HIST\u00d3RIAS DE VIDA<\/a><\/td>\n<td valign=\"top\">VANESSA APARECIDA OLIVEIRA<\/td>\n<td valign=\"top\">Ros\u00e2ngela Schardong<\/td>\n<\/tr>\n<tr>\n<td valign=\"top\"><a href=\"http:\/\/tede2.uepg.br\/jspui\/handle\/prefix\/2988\" target=\"_blank\" rel=\"noopener\">CREN\u00c7AS E ATITUDES LINGU\u00cdSTICAS: A IMPORT\u00c2NCIA DO CONHECIMENTO DA VARIA\u00c7\u00c3O LINGU\u00cdSTICA EM ESPANHOL COMO L\u00cdNGUA ESTRANGEIRA (E\/LE) NA FORMA\u00c7\u00c3O DOCENTE<\/a><\/td>\n<td valign=\"top\">V\u00cdCTOR RICARDO ROMERO MASGO<\/td>\n<td valign=\"top\">Valeska Gracioso Carlos<\/td>\n<\/tr>\n<tr>\n<td valign=\"top\"><a href=\"http:\/\/tede2.uepg.br\/jspui\/handle\/prefix\/2990\" target=\"_blank\" rel=\"noopener\">A INFLU\u00caNCIA DA VESTIMENTA NA CONSTRU\u00c7\u00c3O DA IDENTIDADE FEMININA EM MACHADO DE ASSIS<\/a><\/td>\n<td valign=\"top\">FRANCIELI LUBINA KRAICZEK<\/td>\n<td valign=\"top\">Marly Catarina Soares<\/td>\n<\/tr>\n<tr>\n<td valign=\"top\"><a href=\"http:\/\/tede2.uepg.br\/jspui\/handle\/prefix\/3007\" target=\"_blank\" rel=\"noopener\">AS L\u00cdNGUAS EM WITMARSUM: ATITUDES LINGU\u00cdSTICAS DE ALUNOS EM UM COL\u00c9GIO DE CAMPO NO CONTEXTO MULTIL\u00cdNGUE<\/a><\/td>\n<td valign=\"top\">Mariano Jeferson Teixeira<\/td>\n<td valign=\"top\">Valeska Gracioso Carlos<\/td>\n<\/tr>\n<tr>\n<td valign=\"top\"><a href=\"http:\/\/tede2.uepg.br\/jspui\/handle\/prefix\/3011\" target=\"_blank\" rel=\"noopener\">PRODU\u00c7\u00d5ES TEXTUAIS DE CRIAN\u00c7AS E ADOLESCENTES INSTITUCIONALIZADAS: UMA AN\u00c1LISE \u00c0 LUZ DA TEORIA DA RELEV\u00c2NCIA<\/a><\/td>\n<td valign=\"top\">TATIANE MARIA HORST CARDOSO<\/td>\n<td valign=\"top\">SEBASTI\u00c3O LOUREN\u00c7O DOS SANTOS<\/td>\n<\/tr>\n<tr>\n<td valign=\"top\"><a href=\"http:\/\/tede2.uepg.br\/jspui\/handle\/prefix\/3014\" target=\"_blank\" rel=\"noopener\">ESCRITA ENGAJADA DE C\u00c1 E L\u00c1 MEM\u00d3RIA, HIST\u00d3RIA E FEMINISMO NA ESCRITA DE BECOS DA MEM\u00d3RIA DE CONCEI\u00c7\u00c3O EVARISTO E DE LA HORA VIOLETA DE MONTSERRAT ROIG<\/a><\/td>\n<td valign=\"top\">IZABEL SANDRA DE LIMA<\/td>\n<td valign=\"top\">MARLY CATARINA SOARES<\/td>\n<\/tr>\n<tr>\n<td valign=\"top\"><a href=\"http:\/\/tede2.uepg.br\/jspui\/handle\/prefix\/3018\" target=\"_blank\" rel=\"noopener\">LITERATURA AUDIOVISUAL: UMA NOVA POSSIBILIDADE NO ENSINO<\/a><\/td>\n<td valign=\"top\">JULIANA RISTOW CANUTO<\/td>\n<td valign=\"top\">F\u00c1BIO AUGUSTO STEYER<\/td>\n<\/tr>\n<tr>\n<td valign=\"top\"><a href=\"http:\/\/tede2.uepg.br\/jspui\/handle\/prefix\/3032\" target=\"_blank\" rel=\"noopener\">S\u00f3 h\u00e1 labirintos (des) leituras da fic\u00e7\u00e3o de Jos\u00e9 Rezende JR<\/a><\/td>\n<td valign=\"top\">Felipe Teodoro da Silva<\/td>\n<td valign=\"top\">Silvana Oliveira<\/td>\n<\/tr>\n<tr>\n<td valign=\"top\"><a href=\"http:\/\/tede2.uepg.br\/jspui\/handle\/prefix\/3051\" target=\"_blank\" rel=\"noopener\">(Re) constru\u00e7\u00f5es pela educa\u00e7\u00e3o: an\u00e1lise do livro Preciosa<\/a><\/td>\n<td valign=\"top\">Jessica de F\u00e1tima Levandowski<\/td>\n<td valign=\"top\">Marly Catarina Soares<\/td>\n<\/tr>\n<tr>\n<td valign=\"top\"><a href=\"http:\/\/tede2.uepg.br\/jspui\/handle\/prefix\/3054\" target=\"_blank\" rel=\"noopener\">Poesia e rostidade: a \u201cBagagem\u201d de Ad\u00e9lia Prado<\/a><\/td>\n<td valign=\"top\">Aline Gisele Roskosz Bittencourt<\/td>\n<td valign=\"top\">Silvana Oliveira<\/td>\n<\/tr>\n<tr>\n<td valign=\"top\"><a href=\"http:\/\/tede2.uepg.br\/jspui\/handle\/prefix\/3074\" target=\"_blank\" rel=\"noopener\">Forma\u00e7\u00e3o do professor do campo: a quest\u00e3o da varia\u00e7\u00e3o lingu\u00edstica<\/a><\/td>\n<td valign=\"top\">Claudia Maria Andrade Skrzypietz<\/td>\n<td valign=\"top\">Let\u00edcia Fraga<\/td>\n<\/tr>\n<\/tbody>\n<\/table>\n\t\t\t\t<\/div>\n\t\t\t<\/div>\n\t\t<\/div>\n\t\t\t<div class=\"sow-accordion-panel\"\n\t\t\t data-anchor=\"2018\">\n\t\t\t\t<div class=\"sow-accordion-panel-header-container\" role=\"heading\" aria-level=\"2\">\n\t\t\t\t\t<div class=\"sow-accordion-panel-header\" tabindex=\"0\" role=\"button\" id=\"accordion-label-2018\" aria-controls=\"accordion-content-2018\" aria-expanded=\"false\">\n\t\t\t\t\t\t<div class=\"sow-accordion-title sow-accordion-title-icon-left\">\n\t\t\t\t\t\t\t\t\t\t\t\t\t\t2018\t\t\t\t\t\t\t\t\t\t\t\t\t<\/div>\n\t\t\t\t\t\t<div class=\"sow-accordion-open-close-button\">\n\t\t\t\t\t\t\t<div class=\"sow-accordion-open-button\">\n\t\t\t\t\t\t\t\t<span class=\"sow-icon-ionicons\" data-sow-icon=\"&#xf218;\"\n\t\t \n\t\taria-hidden=\"true\"><\/span>\t\t\t\t\t\t\t<\/div>\n\t\t\t\t\t\t\t<div class=\"sow-accordion-close-button\">\n\t\t\t\t\t\t\t\t<span class=\"sow-icon-ionicons\" data-sow-icon=\"&#xf209;\"\n\t\t \n\t\taria-hidden=\"true\"><\/span>\t\t\t\t\t\t\t<\/div>\n\t\t\t\t\t\t<\/div>\n\t\t\t\t\t<\/div>\n\t\t\t\t<\/div>\n\n\t\t\t<div\n\t\t\t\tclass=\"sow-accordion-panel-content\"\n\t\t\t\trole=\"region\"\n\t\t\t\taria-labelledby=\"accordion-label-2018\"\n\t\t\t\tid=\"accordion-content-2018\"\n\t\t\t\tstyle=\"display: none;\"\t\t\t>\n\t\t\t\t<div class=\"sow-accordion-panel-border\" tabindex=\"0\">\n\t\t\t\t\t<p style=\"text-align: center\"><strong>2018<\/strong><\/p>\n<table width=\"600\">\n<tbody>\n<tr>\n<td width=\"357\"><strong>T\u00edtulo<\/strong><\/td>\n<td width=\"131\"><strong>Autor<\/strong><\/td>\n<td width=\"112\"><strong>Orientador<\/strong><\/td>\n<\/tr>\n<tr>\n<td><a href=\"http:\/\/tede2.uepg.br\/jspui\/handle\/prefix\/2480\">Concep\u00e7\u00e3o de alfabetiza\u00e7\u00e3o em documentos que se referem \u00e0s salas de apoio \u00e0 aprendizagem de L\u00edngua Portuguesa (SEED-PR)<\/a><\/td>\n<td>Simone Bueno Onieski<\/td>\n<td>Let\u00edcia Fraga<\/td>\n<\/tr>\n<tr>\n<td><a href=\"http:\/\/tede2.uepg.br\/jspui\/handle\/prefix\/2492\">ANA MIRANDA E A FIGURA\u00c7\u00c3O DE ESCRITORES BRASILEIROS EM A \u00daLTIMA QUIMERA<\/a><\/td>\n<td>Thiago Bittencourt<\/td>\n<td>Rosana Apolonia Harmuch<\/td>\n<\/tr>\n<tr>\n<td><a href=\"http:\/\/tede2.uepg.br\/jspui\/handle\/prefix\/2501\">Construindo saberes acerca do cont\u00e1gio e preven\u00e7\u00e3o de HIV\/AIDS no Ensino M\u00e9dio<\/a><\/td>\n<td>Alice Joc\u00e9lia Schlem<\/td>\n<td>Ros\u00e2ngela Schardong<\/td>\n<\/tr>\n<tr>\n<td><a href=\"http:\/\/tede2.uepg.br\/jspui\/handle\/prefix\/2515\">Promenade litt\u00e9raire: excurs\u00f5es arquiteturais em O Corcunda de Notre Dame<\/a><\/td>\n<td>Paola de Souza Gomes Deganutti<\/td>\n<td>Andr\u00e9a Correa Para\u00edso M\u00fcller<\/td>\n<\/tr>\n<tr>\n<td><a href=\"http:\/\/tede2.uepg.br\/jspui\/handle\/prefix\/2522\">A identidade negra nas imagens do livro did\u00e1tico de hist\u00f3ria atrav\u00e9s do olhar dos\/as alunos\/as.<\/a><\/td>\n<td>Paola Clarinda de Freitas Oniesko<\/td>\n<td>Aparecida de Jesus Ferreira<\/td>\n<\/tr>\n<tr>\n<td><a href=\"http:\/\/tede2.uepg.br\/jspui\/handle\/prefix\/2523\">Discursos sobre a inf\u00e2ncia em fotografias p\u00f3s-morte e tumulares- Ponta Grossa (1920 -1965)<\/a><\/td>\n<td>Adriele Siqueira<\/td>\n<td>Ione da Silva Jovino<\/td>\n<\/tr>\n<tr>\n<td><a href=\"http:\/\/tede2.uepg.br\/jspui\/handle\/prefix\/2528\">Mem\u00f3ria(s) na Comunidade Remanescente de Quilombo Serra do Apon-PR: algumas formas de narrar a vida<\/a><\/td>\n<td>Suzimara Ferreira de Souza<\/td>\n<td>Ione da Silva Jovino<\/td>\n<\/tr>\n<tr>\n<td><a href=\"http:\/\/tede2.uepg.br\/jspui\/handle\/prefix\/2577\">A INFLU\u00caNCIA DE FATORES SOCIAIS NA LINGUAGEM DE ADOLESCENTES PRIVADOS DE LIBERDADE<\/a><\/td>\n<td>Rodrigo Mazer Etto<\/td>\n<td>Valeska Gracioso Carlos<\/td>\n<\/tr>\n<tr>\n<td><a href=\"http:\/\/tede2.uepg.br\/jspui\/handle\/prefix\/2592\">(Re) negocia\u00e7\u00e3o das Identidades Sociais nas aulas de Produ\u00e7\u00e3o Textual no 5\u00ba ano do Ensino Fundamental<\/a><\/td>\n<td>Mirely Christina Dimbarre<\/td>\n<td>Pascoalina Bailon de Oliveira Saleh<\/td>\n<\/tr>\n<tr>\n<td><a href=\"http:\/\/tede2.uepg.br\/jspui\/handle\/prefix\/2647\">A SUBVERS\u00c3O DO REAL NA LINGUAGEM EM GUIMAR\u00c3ES ROSA<\/a><\/td>\n<td>Patr\u00edcia Ferraz<\/td>\n<td>Silvana Oliveira<\/td>\n<\/tr>\n<tr>\n<td><a href=\"http:\/\/tede2.uepg.br\/jspui\/handle\/prefix\/2679\">Uma reflex\u00e3o dial\u00f3gica acerca das propostas de reda\u00e7\u00e3o de Vestibular e Processos Seletivos Seriados da UEPG<\/a><\/td>\n<td>Meire Anne Alves Bochnia<\/td>\n<td>Pascoalina Bailon de Oliveira Saleh<\/td>\n<\/tr>\n<tr>\n<td><a href=\"http:\/\/tede2.uepg.br\/jspui\/handle\/prefix\/2694\">Discursos em rede: O leitor em seu espa\u00e7o de subjetiva\u00e7\u00e3o<\/a><\/td>\n<td>Reinaldo Carneiro<\/td>\n<td>Sebasti\u00e3o Louren\u00e7o dos Santos<\/td>\n<\/tr>\n<tr>\n<td><a href=\"http:\/\/tede2.uepg.br\/jspui\/handle\/prefix\/2696\">O silenciamento de uma rainha: uma leitura feminista da Cl\u00e9opatra Shakespeariana em Ant\u00f4nio e Cle\u00f3patra<\/a><\/td>\n<td>Regiane Maria Ferreira<\/td>\n<td>Marly Catarina Soares<\/td>\n<\/tr>\n<tr>\n<td><a href=\"http:\/\/tede2.uepg.br\/jspui\/handle\/prefix\/2697\">A varia\u00e7\u00e3o lingu\u00edstica no ensino do espanhol como l\u00edngua estrangeira moderna: um estudo de caso na cidade de Ponta Grossa<\/a><\/td>\n<td>Regiane de F\u00e1tima Siqueira Alberti<\/td>\n<td>Valeska Gracioso Carlos<\/td>\n<\/tr>\n<\/tbody>\n<\/table>\n<p>&nbsp;<\/p>\n<p style=\"text-align: center\">\n<\/p>\t\t\t\t<\/div>\n\t\t\t<\/div>\n\t\t<\/div>\n\t\t\t<div class=\"sow-accordion-panel\"\n\t\t\t data-anchor=\"2017\">\n\t\t\t\t<div class=\"sow-accordion-panel-header-container\" role=\"heading\" aria-level=\"2\">\n\t\t\t\t\t<div class=\"sow-accordion-panel-header\" tabindex=\"0\" role=\"button\" id=\"accordion-label-2017\" aria-controls=\"accordion-content-2017\" aria-expanded=\"false\">\n\t\t\t\t\t\t<div class=\"sow-accordion-title sow-accordion-title-icon-left\">\n\t\t\t\t\t\t\t\t\t\t\t\t\t\t2017\t\t\t\t\t\t\t\t\t\t\t\t\t<\/div>\n\t\t\t\t\t\t<div class=\"sow-accordion-open-close-button\">\n\t\t\t\t\t\t\t<div class=\"sow-accordion-open-button\">\n\t\t\t\t\t\t\t\t<span class=\"sow-icon-ionicons\" data-sow-icon=\"&#xf218;\"\n\t\t \n\t\taria-hidden=\"true\"><\/span>\t\t\t\t\t\t\t<\/div>\n\t\t\t\t\t\t\t<div class=\"sow-accordion-close-button\">\n\t\t\t\t\t\t\t\t<span class=\"sow-icon-ionicons\" data-sow-icon=\"&#xf209;\"\n\t\t \n\t\taria-hidden=\"true\"><\/span>\t\t\t\t\t\t\t<\/div>\n\t\t\t\t\t\t<\/div>\n\t\t\t\t\t<\/div>\n\t\t\t\t<\/div>\n\n\t\t\t<div\n\t\t\t\tclass=\"sow-accordion-panel-content\"\n\t\t\t\trole=\"region\"\n\t\t\t\taria-labelledby=\"accordion-label-2017\"\n\t\t\t\tid=\"accordion-content-2017\"\n\t\t\t\tstyle=\"display: none;\"\t\t\t>\n\t\t\t\t<div class=\"sow-accordion-panel-border\" tabindex=\"0\">\n\t\t\t\t\t<p style=\"text-align: center\"><strong>2017<\/strong><\/p>\n<table border=\"1\" width=\"600\" cellspacing=\"0\" cellpadding=\"3\" align=\"center\">\n<tbody>\n<tr>\n<td valign=\"top\" width=\"346\">\n<p align=\"center\"><strong>T\u00edtulo<\/strong><\/p>\n<\/td>\n<td valign=\"top\" width=\"122\">\n<p align=\"center\"><strong>Autor<\/strong><\/p>\n<\/td>\n<td valign=\"top\" width=\"106\">\n<p align=\"center\"><strong>Orientador<\/strong><\/p>\n<\/td>\n<\/tr>\n<tr>\n<td valign=\"top\"><a href=\"http:\/\/tede2.uepg.br\/jspui\/simple-search?location=prefix%2F1&amp;query=mestrado+em+estudo+da+linguagem&amp;rpp=10&amp;sort_by=score&amp;order=desc\" target=\"_blank\" rel=\"noopener\">Gon\u00e7alo M. Tavares e o Bairro: das heterotopias \u00e0s vicissitudes do absurdo<\/a><\/td>\n<td valign=\"top\">Robson Jos\u00e9 Cust\u00f3dio<\/td>\n<td valign=\"top\">Daniel de Oliveira Gomes<\/td>\n<\/tr>\n<tr>\n<td valign=\"top\"><a href=\"http:\/\/tede2.uepg.br\/jspui\/simple-search?location=prefix%2F1&amp;query=mestrado+em+estudo+da+linguagem&amp;rpp=10&amp;sort_by=score&amp;order=desc\" target=\"_blank\" rel=\"noopener\">Identidades de ra\u00e7a, de g\u00eanero e de sexualidade nas aulas de L\u00edngua Inglesa na vis\u00e3o das\/os estudantes<\/a><\/td>\n<td valign=\"top\">Rosana Aparecida Ribeiro de Sene<\/td>\n<td valign=\"top\">Aparecida de Jesus Ferreira<\/td>\n<\/tr>\n<tr>\n<td valign=\"top\"><a href=\"http:\/\/tede2.uepg.br\/jspui\/simple-search?location=prefix%2F1&amp;query=mestrado+em+estudo+da+linguagem&amp;rpp=10&amp;sort_by=score&amp;order=desc\" target=\"_blank\" rel=\"noopener\">Letramento cr\u00edtico e vozes de alunas e professora acerca das identidades sociais de g\u00eanero com intersec\u00e7\u00e3o de ra\u00e7a e de classe no livro did\u00e1tico de L\u00edngua Inglesa<\/a><\/td>\n<td valign=\"top\">Michele Padilha Santa Clara<\/td>\n<td valign=\"top\">Aparecida de Jesus Ferreira<\/td>\n<\/tr>\n<tr>\n<td valign=\"top\"><a href=\"http:\/\/tede2.uepg.br\/jspui\/simple-search?location=prefix%2F1&amp;query=mestrado+em+estudo+da+linguagem&amp;rpp=10&amp;sort_by=score&amp;order=desc\" target=\"_blank\" rel=\"noopener\">De Shakespeare a Zefirelli e Wise: A literatura e o cinema, diferentes linguagens que contam a mesma hist\u00f3ria<\/a><\/td>\n<td valign=\"top\">T\u00e2nia Frugiuele Soares Agostinho<\/td>\n<td valign=\"top\">F\u00e1bio Augusto Steyer<\/td>\n<\/tr>\n<tr>\n<td valign=\"top\"><a href=\"http:\/\/tede2.uepg.br\/jspui\/simple-search?location=prefix%2F1&amp;query=mestrado+em+estudo+da+linguagem&amp;rpp=10&amp;sort_by=score&amp;order=desc\" target=\"_blank\" rel=\"noopener\">ESTEVES &amp; ESTEVES, UMA PO\u00c9TICA DOS TEXTOS EM MOVIMENTO: INTERTEXTUALIDADE ENTRE A M\u00c1QUINA DE FAZER ESPANH\u00d3IS E TABACARIA<\/a><\/td>\n<td valign=\"top\">Rodrigo da Silva Tom\u00e9<\/td>\n<td valign=\"top\">Rosana Apolonia Harmuch<\/td>\n<\/tr>\n<tr>\n<td valign=\"top\"><a href=\"http:\/\/tede2.uepg.br\/jspui\/simple-search?location=prefix%2F1&amp;query=mestrado+em+estudo+da+linguagem&amp;rpp=10&amp;sort_by=score&amp;order=desc\" target=\"_blank\" rel=\"noopener\">SUBMISS\u00c3O E TRANSGRESS\u00c3O: TRAJET\u00d3RIAS DE PERSONAGENS FEMININAS NA CONST\u00cdSTICA DE SONIA COUTINHO<\/a><\/td>\n<td valign=\"top\">Luciana Asadczuk<\/td>\n<td valign=\"top\">Marly Catarina Soares<\/td>\n<\/tr>\n<tr>\n<td valign=\"top\"><a href=\"http:\/\/tede2.uepg.br\/jspui\/simple-search?location=prefix%2F1&amp;query=mestrado+em+estudo+da+linguagem&amp;rpp=10&amp;sort_by=score&amp;order=desc\" target=\"_blank\" rel=\"noopener\">Cr\u00f4nica e Autofic\u00e7\u00e3o em Jos\u00e9 Carlos Oliveira<\/a><\/td>\n<td valign=\"top\">Francine Mari\u00ea Alves Higashi Bednarchuk<\/td>\n<td valign=\"top\">Miguel Sanches Neto<\/td>\n<\/tr>\n<tr>\n<td valign=\"top\"><a href=\"http:\/\/tede2.uepg.br\/jspui\/simple-search?location=prefix%2F1&amp;query=mestrado+em+estudo+da+linguagem&amp;rpp=10&amp;sort_by=score&amp;order=desc\" target=\"_blank\" rel=\"noopener\">Di\u00e1logos interculturais na literatura ind\u00edgena contempor\u00e2nea: uma perspectiva bakhtiniana<\/a><\/td>\n<td valign=\"top\">Silvely Brandes<\/td>\n<td valign=\"top\">Cl\u00f3ris Porto Torquato<\/td>\n<\/tr>\n<tr>\n<td valign=\"top\"><a href=\"http:\/\/tede2.uepg.br\/jspui\/simple-search?location=prefix%2F1&amp;query=mestrado+em+estudo+da+linguagem&amp;rpp=10&amp;sort_by=score&amp;order=desc\" target=\"_blank\" rel=\"noopener\">RELA\u00c7\u00d5ES DIAL\u00d3GICAS NO ENSINO DA PRODU\u00c7\u00c3O TEXTUAL EM TURMAS DO 6\u00ba ANO DE UMA ESCOLA MUNICIPAL DE CURITIBA\/PR<\/a><\/td>\n<td valign=\"top\">C\u00e9lia Gaudeda<\/td>\n<td valign=\"top\">Pascoalina Bailon de Oliveira Saleh<\/td>\n<\/tr>\n<tr>\n<td valign=\"top\"><a href=\"http:\/\/tede2.uepg.br\/jspui\/simple-search?location=prefix\/1&amp;query=mestrado+em+estudo+da+linguagem&amp;rpp=10&amp;sort_by=score&amp;order=desc\" target=\"_blank\" rel=\"noopener\">IDENTIDADE E CINEMA: UMA AN\u00c1LISE SOBRE O PROCESSO DE IDENTIFICA\u00c7\u00c3O DO ESPECTADOR NA OBRA DE ALFRED HITCHCOCK<\/a><\/td>\n<td valign=\"top\">Paula Starke<\/td>\n<td valign=\"top\">F\u00e1bio Augusto Steyer<\/td>\n<\/tr>\n<tr>\n<td valign=\"top\"><a href=\"http:\/\/tede2.uepg.br\/jspui\/handle\/prefix\/2348\" target=\"_blank\" rel=\"noopener\">Discurso e poder: um olhar acerca das a\u00e7\u00f5es afirmativas na UEPG em 2013<\/a><\/td>\n<td valign=\"top\">Daiane Franciele Morais de Quadros<\/td>\n<td valign=\"top\">Ione Jovino da Silva<\/td>\n<\/tr>\n<tr>\n<td valign=\"top\"><a href=\"http:\/\/tede2.uepg.br\/jspui\/handle\/prefix\/2349\" target=\"_blank\" rel=\"noopener\">Quando me dei conta de que era negra(o)\/branca(o)? \u201d: um estudo a partir de relatos autobiogr\u00e1ficos de estudantes adolescentes<\/a><\/td>\n<td valign=\"top\">Marivete Souta<\/td>\n<td valign=\"top\">Ione Jovino da Silva<\/td>\n<\/tr>\n<tr>\n<td valign=\"top\"><a href=\"http:\/\/tede2.uepg.br\/jspui\/handle\/prefix\/2369\" target=\"_blank\" rel=\"noopener\">O animal que me tornei: metamorfose e animalidade como teoriza\u00e7\u00e3o do conceito de identidade no romance lygiano<\/a><\/td>\n<td valign=\"top\">Jeanine Geraldo Javarez<\/td>\n<td valign=\"top\">F\u00e1bio Augusto Steyer<\/td>\n<\/tr>\n<tr>\n<td valign=\"top\"><a href=\"http:\/\/tede2.uepg.br\/jspui\/handle\/prefix\/2370\" target=\"_blank\" rel=\"noopener\">DAS TEIAS DE ANANSE PARA O MUNDO \u2013 \u00c1FRICAS E AFRICANIDADES NA LITERATURA INFANTIL E JUVENIL CONTEMPOR\u00c2NEA EM L\u00cdNGUA ESPANHOLA<\/a><\/td>\n<td valign=\"top\">Renan Fagundes de Souza<\/td>\n<td valign=\"top\">Ione da Silva Jovino<\/td>\n<\/tr>\n<tr>\n<td valign=\"top\"><a href=\"http:\/\/tede2.uepg.br\/jspui\/handle\/prefix\/2386\" target=\"_blank\" rel=\"noopener\">Pol\u00edticas Lingu\u00edsticas e multilinguismo em uma escola no interior do Paran\u00e1<\/a><\/td>\n<td valign=\"top\">Vanessa Makohin Costa Rosa<\/td>\n<td valign=\"top\">Cl\u00f3ris Porto Torquato<\/td>\n<\/tr>\n<tr>\n<td valign=\"top\"><a href=\"http:\/\/tede2.uepg.br\/jspui\/handle\/prefix\/2391\" target=\"_blank\" rel=\"noopener\">PARA AL\u00c9M DA CEGUEIRA E DA LOUCURA: APROXIMA\u00c7\u00d5ES ENTRE JAIME ROCHA E JOS\u00c9 SARAMAGO<\/a><\/td>\n<td valign=\"top\">Camille Ferreira<\/td>\n<td valign=\"top\">Daniel de Oliveira Gomes<\/td>\n<\/tr>\n<tr>\n<td valign=\"top\"><a href=\"http:\/\/tede2.uepg.br\/jspui\/handle\/prefix\/2395\" target=\"_blank\" rel=\"noopener\">O HORROR C\u00d3SMICO DE LOVECRAFT E O EFEITO NO LEITOR<\/a><\/td>\n<td valign=\"top\">Rhuan Felipe Scoma\u00e7\u00e3o da Silva<\/td>\n<td valign=\"top\">Evanir Pavloski<\/td>\n<\/tr>\n<tr>\n<td valign=\"top\"><a href=\"http:\/\/tede2.uepg.br\/jspui\/handle\/prefix\/2397\" target=\"_blank\" rel=\"noopener\">Borja Reis, discurso e imprensa: estrat\u00e9gias discursivas empregadas em O Progresso\/Di\u00e1rio Dos Campos em Ponta Grossa-PR<\/a><\/td>\n<td valign=\"top\">Carolina Correia Machado<\/td>\n<td valign=\"top\">Andr\u00e9a Correa Para\u00edso M\u00fcller<\/td>\n<\/tr>\n<tr>\n<td valign=\"top\"><a href=\"http:\/\/tede2.uepg.br\/jspui\/handle\/prefix\/2400\" target=\"_blank\" rel=\"noopener\">A RAINHA DOS C\u00c1RCERES DA GR\u00c9CIA: IMAGENS DO EX\u00cdLIO<\/a><\/td>\n<td valign=\"top\">Emanuelle Alves Adacheski<\/td>\n<td valign=\"top\">Keli Cristina Pacheco<\/td>\n<\/tr>\n<tr>\n<td valign=\"top\"><a href=\"http:\/\/tede2.uepg.br\/jspui\/handle\/prefix\/2411\" target=\"_blank\" rel=\"noopener\">A VARIA\u00c7\u00c3O LINGU\u00cdSTICA NO LIVRO DID\u00c1TICO E NA PR\u00c1TICA DOCENTE DE L\u00cdNGUA PORTUGUESA: POL\u00cdTICAS E IDEOLOGIAS LINGU\u00cdSTICAS<\/a><\/td>\n<td valign=\"top\">Alexandra Nunes Santana<\/td>\n<td valign=\"top\">Cl\u00f3ris Porto Torquato<\/td>\n<\/tr>\n<tr>\n<td valign=\"top\"><a href=\"http:\/\/tede2.uepg.br\/jspui\/handle\/prefix\/2410\" target=\"_blank\" rel=\"noopener\">Inst\u00e2ncias autorais: autor, editor, voz narrativa e leitor em Se um Viajante numa Noite de Inverno de Italo Calvino<\/a><\/td>\n<td valign=\"top\">Jos\u00e9 Wander de Paula<\/td>\n<td valign=\"top\">Marly Catarina Soares<\/td>\n<\/tr>\n<tr>\n<td valign=\"top\"><a href=\"http:\/\/tede2.uepg.br\/jspui\/handle\/prefix\/2412\" target=\"_blank\" rel=\"noopener\">VOC\u00ca N\u00c3O PRECISA MAIS DE MIM.\u201d O SER, O PAI E A MORTE EM DAYTRIPPER<\/a><\/td>\n<td valign=\"top\">Phellip Willian de Paula Gruber<\/td>\n<td valign=\"top\">Evanir Pavloski<\/td>\n<\/tr>\n<tr>\n<td valign=\"top\"><a href=\"http:\/\/tede2.uepg.br\/jspui\/handle\/prefix\/2413\" target=\"_blank\" rel=\"noopener\">OS DISCURSOS DOS CANDIDATOS A PRESIDENTE DA REP\u00daBLICA NO PLEITO DE 2014 EM UMA PERSPECTIVA BAKHTINIANA<\/a><\/td>\n<td valign=\"top\">Ellen Petrech Vasconcelos<\/td>\n<td valign=\"top\">Cl\u00f3ris Porto Torquato<\/td>\n<\/tr>\n<\/tbody>\n<\/table>\n<p>&nbsp;<\/p>\n\t\t\t\t<\/div>\n\t\t\t<\/div>\n\t\t<\/div>\n\t\t\t<div class=\"sow-accordion-panel\"\n\t\t\t data-anchor=\"2016\">\n\t\t\t\t<div class=\"sow-accordion-panel-header-container\" role=\"heading\" aria-level=\"2\">\n\t\t\t\t\t<div class=\"sow-accordion-panel-header\" tabindex=\"0\" role=\"button\" id=\"accordion-label-2016\" aria-controls=\"accordion-content-2016\" aria-expanded=\"false\">\n\t\t\t\t\t\t<div class=\"sow-accordion-title sow-accordion-title-icon-left\">\n\t\t\t\t\t\t\t\t\t\t\t\t\t\t2016\t\t\t\t\t\t\t\t\t\t\t\t\t<\/div>\n\t\t\t\t\t\t<div class=\"sow-accordion-open-close-button\">\n\t\t\t\t\t\t\t<div class=\"sow-accordion-open-button\">\n\t\t\t\t\t\t\t\t<span class=\"sow-icon-ionicons\" data-sow-icon=\"&#xf218;\"\n\t\t \n\t\taria-hidden=\"true\"><\/span>\t\t\t\t\t\t\t<\/div>\n\t\t\t\t\t\t\t<div class=\"sow-accordion-close-button\">\n\t\t\t\t\t\t\t\t<span class=\"sow-icon-ionicons\" data-sow-icon=\"&#xf209;\"\n\t\t \n\t\taria-hidden=\"true\"><\/span>\t\t\t\t\t\t\t<\/div>\n\t\t\t\t\t\t<\/div>\n\t\t\t\t\t<\/div>\n\t\t\t\t<\/div>\n\n\t\t\t<div\n\t\t\t\tclass=\"sow-accordion-panel-content\"\n\t\t\t\trole=\"region\"\n\t\t\t\taria-labelledby=\"accordion-label-2016\"\n\t\t\t\tid=\"accordion-content-2016\"\n\t\t\t\tstyle=\"display: none;\"\t\t\t>\n\t\t\t\t<div class=\"sow-accordion-panel-border\" tabindex=\"0\">\n\t\t\t\t\t<p style=\"text-align: center\"><strong>2016<\/strong><\/p>\n<table border=\"1\" width=\"600\" cellspacing=\"0\" cellpadding=\"3\" align=\"center\">\n<tbody>\n<tr>\n<td valign=\"top\" width=\"346\">\n<p align=\"center\"><strong>T\u00edtulo<\/strong><\/p>\n<\/td>\n<td valign=\"top\" width=\"122\">\n<p align=\"center\"><strong>Autor<\/strong><\/p>\n<\/td>\n<td valign=\"top\" width=\"106\">\n<p align=\"center\"><strong>Orientador<\/strong><\/p>\n<\/td>\n<\/tr>\n<tr>\n<td valign=\"top\"><a href=\"http:\/\/tede2.uepg.br\/jspui\/simple-search?location=prefix\/1&amp;query=mestrado+em+estudo+da+linguagem&amp;rpp=10&amp;sort_by=score&amp;order=desc\" target=\"_blank\" rel=\"noopener\">O texto e o leitor em Machado de Assis: intersec\u00e7\u00f5es te\u00f3ricas com o c\u00edrculo de Mikhail Bakhtin<\/a><\/td>\n<td valign=\"top\">Izabele Caroline Rodrigues Gomes<\/td>\n<td valign=\"top\">Silvana Oliveira<\/td>\n<\/tr>\n<tr>\n<td valign=\"top\"><a href=\"http:\/\/tede2.uepg.br\/jspui\/simple-search?location=prefix%2F1&amp;query=mestrado+em+estudo+da+linguagem&amp;rpp=10&amp;sort_by=score&amp;order=desc\" target=\"_blank\" rel=\"noopener\">Constru\u00e7\u00e3o das identidades sociais de ra\u00e7a com intersec\u00e7\u00e3o de classe nos livros did\u00e1ticos de ingl\u00eas do ensino m\u00e9dio aprovados pelos PNLD\u2019s 2012 e 2015<\/a><\/td>\n<td valign=\"top\">L\u00edlian Paula Dambr\u00f3s<\/td>\n<td valign=\"top\">Aparecida de Jesus Ferreira<\/td>\n<\/tr>\n<tr>\n<td valign=\"top\"><a href=\"http:\/\/tede2.uepg.br\/jspui\/simple-search?location=prefix%2F1&amp;query=mestrado+em+estudo+da+linguagem&amp;rpp=10&amp;sort_by=score&amp;order=desc\" target=\"_blank\" rel=\"noopener\">A visibilidade da mulher subalterna. Anahy de las Misiones: a monarca das coxilhas<\/a><\/td>\n<td valign=\"top\">Rosen\u00e9ia do Rocio Prestes Hauer<\/td>\n<td valign=\"top\">Marly Catarina Soares<\/td>\n<\/tr>\n<tr>\n<td valign=\"top\"><a href=\"http:\/\/tede2.uepg.br\/jspui\/simple-search?location=prefix%2F1&amp;query=mestrado+em+estudo+da+linguagem&amp;rpp=10&amp;sort_by=score&amp;order=desc\" target=\"_blank\" rel=\"noopener\">Educa\u00e7\u00e3o de jovens e adultos e o ensino de l\u00edngua estrangeira: um estudo documental \u00e0 luz das pol\u00edticas lingu\u00edsticas<\/a><\/td>\n<td valign=\"top\">Cleonice de F\u00e1tima Martins<\/td>\n<td valign=\"top\">Djane Antonucci Correa<\/td>\n<\/tr>\n<tr>\n<td valign=\"top\"><a href=\"http:\/\/tede2.uepg.br\/jspui\/simple-search?location=prefix%2F1&amp;query=mestrado+em+estudo+da+linguagem&amp;rpp=10&amp;sort_by=score&amp;order=desc\" target=\"_blank\" rel=\"noopener\">Pol\u00edticas lingu\u00edsticas para um ensino cr\u00edtico de l\u00edngua inglesa: a\u00e7\u00f5es e contradi\u00e7\u00f5es na contemporaneidade<\/a><\/td>\n<td valign=\"top\">Deleon Betim<\/td>\n<td valign=\"top\">Let\u00edcia Fraga<\/td>\n<\/tr>\n<tr>\n<td valign=\"top\"><a href=\"http:\/\/tede2.uepg.br\/jspui\/simple-search?location=prefix%2F1&amp;query=mestrado+em+estudo+da+linguagem&amp;rpp=10&amp;sort_by=score&amp;order=desc\" target=\"_blank\" rel=\"noopener\">O ano da morte de Ricardo Reis, um espet\u00e1culo autorreflexivo<\/a><\/td>\n<td valign=\"top\">B\u00e1rbara Mar\u00e7al Celestino<\/td>\n<td valign=\"top\">Rosana Apolonia Harmuch<\/td>\n<\/tr>\n<tr>\n<td valign=\"top\"><a href=\"http:\/\/tede2.uepg.br\/jspui\/simple-search?location=prefix%2F1&amp;query=mestrado+em+estudo+da+linguagem&amp;rpp=10&amp;sort_by=score&amp;order=desc\" target=\"_blank\" rel=\"noopener\">A constru\u00e7\u00e3o de uma ponte: linguagem, referencia\u00e7\u00e3o, identidade e subjetividade<\/a><\/td>\n<td valign=\"top\">Waldiney Corr\u00eaa Martins<\/td>\n<td valign=\"top\">Cl\u00f3ris Porto Torquato<\/td>\n<\/tr>\n<tr>\n<td valign=\"top\"><a href=\"http:\/\/tede2.uepg.br\/jspui\/simple-search?location=prefix%2F1&amp;query=mestrado+em+estudo+da+linguagem&amp;rpp=10&amp;sort_by=score&amp;order=desc\" target=\"_blank\" rel=\"noopener\">Pelo direito e orgulho de ser heterossexual no terceiro domingo de dezembro: os discursos de Carlos Apolin\u00e1rio e Eduardo Cunha nos PLs 294\/2005 e 1672\/2011<\/a><\/td>\n<td valign=\"top\">H\u00e9liton Diego Lau<\/td>\n<td valign=\"top\">Pascoalina Bailon de Oliveira Saleh<\/td>\n<\/tr>\n<tr>\n<td valign=\"top\"><a href=\"http:\/\/tede2.uepg.br\/jspui\/simple-search?location=prefix%2F1&amp;query=mestrado+em+estudo+da+linguagem&amp;rpp=10&amp;sort_by=score&amp;order=desc\" target=\"_blank\" rel=\"noopener\">Linguagem, Pol\u00edticas Educacionais e G\u00eanero Social: os planos nacionais de educa\u00e7\u00e3o numa perspectiva dial\u00f3gica<\/a><\/td>\n<td valign=\"top\">Priscila Barbosa Ribas Ansbach<\/td>\n<td valign=\"top\">Pascoalina Bailon de Oliveira Saleh<\/td>\n<\/tr>\n<tr>\n<td valign=\"top\"><a href=\"http:\/\/tede2.uepg.br\/jspui\/simple-search?location=prefix%2F1&amp;query=mestrado+em+estudo+da+linguagem&amp;rpp=10&amp;sort_by=score&amp;order=desc\" target=\"_blank\" rel=\"noopener\">Entre os bosques de Jo\u00e3o do Rio: Leituras de contos de dentro da noite<\/a><\/td>\n<td valign=\"top\">Rodrigo Gon\u00e7alves Sobrinho<\/td>\n<td valign=\"top\">Evanir Pavloski<\/td>\n<\/tr>\n<tr>\n<td valign=\"top\"><a href=\"http:\/\/tede2.uepg.br\/jspui\/simple-search?location=prefix%2F1&amp;query=mestrado+em+estudo+da+linguagem&amp;rpp=10&amp;sort_by=score&amp;order=desc\" target=\"_blank\" rel=\"noopener\">LIVROS DID\u00c1TICOS DE PLE: MEDIADORES CULTURAIS?<\/a><\/td>\n<td valign=\"top\">Helo\u00edsa Scalise Taques Fonseca Sebbagh<\/td>\n<td valign=\"top\">Andr\u00e9a Correa Para\u00edso M\u00fcller<\/td>\n<\/tr>\n<tr>\n<td valign=\"top\"><a href=\"http:\/\/tede2.uepg.br\/jspui\/simple-search?location=prefix%2F1&amp;query=mestrado+em+estudo+da+linguagem&amp;rpp=10&amp;sort_by=score&amp;order=desc\" target=\"_blank\" rel=\"noopener\">Um olhar sobre as representa\u00e7\u00f5es de identidades sociais de ra\u00e7a: an\u00e1lise de livros did\u00e1ticos para o ensino de Espanhol\/LE<\/a><\/td>\n<td valign=\"top\">\u00c9dina Aparecida da Silva Enevan<\/td>\n<td valign=\"top\">Ione da Silva Jovino<\/td>\n<\/tr>\n<tr>\n<td valign=\"top\"><a href=\"http:\/\/tede2.uepg.br\/jspui\/simple-search?location=prefix%2F1&amp;query=mestrado+em+estudo+da+linguagem&amp;rpp=10&amp;sort_by=score&amp;order=desc\" target=\"_blank\" rel=\"noopener\">O Guardador de Rebanhos: Transgress\u00e3o e po\u00e9tica do devir em Alberto Caeiro<\/a><\/td>\n<td valign=\"top\">Leonilce de Lara Ferreira<\/td>\n<td valign=\"top\">Silvana Oliveira<\/td>\n<\/tr>\n<tr>\n<td valign=\"top\"><a href=\"http:\/\/tede2.uepg.br\/jspui\/simple-search?location=prefix%2F1&amp;query=mestrado+em+estudo+da+linguagem&amp;rpp=10&amp;sort_by=score&amp;order=desc\" target=\"_blank\" rel=\"noopener\">Avalia\u00e7\u00e3o em l\u00edngua portuguesa no ensino fundamental: cren\u00e7as existentes e resistentes<\/a><\/td>\n<td valign=\"top\">Simone de F\u00e1tima Colman Martins<\/td>\n<td valign=\"top\">Let\u00edcia Fraga<\/td>\n<\/tr>\n<tr>\n<td valign=\"top\"><a href=\"http:\/\/tede2.uepg.br\/jspui\/simple-search?location=prefix%2F1&amp;query=mestrado+em+estudo+da+linguagem&amp;rpp=10&amp;sort_by=score&amp;order=desc\" target=\"_blank\" rel=\"noopener\">\u201cQuem tem medo da palavra negro?\u201d, morenos, misturados, mesti\u00e7os, cafusos, mulatos, escuros, preto social participantes do clube 13 de maio \u2013 Ponta Grossa (PR)<\/a><\/td>\n<td valign=\"top\">Merylin Ricieli dos Santos<\/td>\n<td valign=\"top\">Ione da Silva Jovino<\/td>\n<\/tr>\n<tr>\n<td valign=\"top\"><a href=\"http:\/\/tede2.uepg.br\/jspui\/simple-search?location=prefix%2F1&amp;query=mestrado+em+estudo+da+linguagem&amp;rpp=10&amp;sort_by=score&amp;order=desc\" target=\"_blank\" rel=\"noopener\">Id\u00edlio ou pesadelo? A genealogia do poder em Admir\u00e1vel Mundo Novo de Aldous Huxley<\/a><\/td>\n<td valign=\"top\">Lennon Moraes Joanico<\/td>\n<td valign=\"top\">Evanir Pavloski<\/td>\n<\/tr>\n<tr>\n<td valign=\"top\"><a href=\"http:\/\/tede2.uepg.br\/jspui\/simple-search?location=prefix%2F1&amp;query=mestrado+em+estudo+da+linguagem&amp;rpp=10&amp;sort_by=score&amp;order=desc\" target=\"_blank\" rel=\"noopener\">O PROGRAMA ESCOLAS INTERCULTURAIS DE FRONTEIRA (PEIF) COMO POLITICA LINGUISTICA EDUCACIONAL: ESTUDO NA FRONTEIRA DAS CIDADES DE S\u00c3O BORJA (BR) E SANTO TOM\u00c9 (AR )<\/a><\/td>\n<td valign=\"top\">Alejandro N\u00e9stor Lorenzetti<\/td>\n<td valign=\"top\">Cl\u00f3ris Porto Torquato<\/td>\n<\/tr>\n<tr>\n<td valign=\"top\"><a href=\"http:\/\/tede2.uepg.br\/jspui\/simple-search?location=prefix%2F1&amp;query=mestrado+em+estudo+da+linguagem&amp;rpp=10&amp;sort_by=score&amp;order=desc\" target=\"_blank\" rel=\"noopener\">Masculinidades poss\u00edveis em um grupo de homens apenados pela Lei Maria da Penha<\/a><\/td>\n<td valign=\"top\">Carla Simone Silva<\/td>\n<td valign=\"top\">Ione da Silva Jovino<\/td>\n<\/tr>\n<tr>\n<td valign=\"top\"><a href=\"http:\/\/tede2.uepg.br\/jspui\/simple-search?location=prefix\/1&amp;query=mestrado+em+estudo+da+linguagem&amp;rpp=10&amp;sort_by=score&amp;order=desc\" target=\"_blank\" rel=\"noopener\">Eu falo, Eu minto\": A experi\u00eancia no espa\u00e7o liter\u00e1rio em o falso mentiroso, de Silviano Santiago<\/a><\/td>\n<td valign=\"top\">Mayara Bueno da Silva<\/td>\n<td valign=\"top\">Keli Cristina Pacheco<\/td>\n<\/tr>\n<\/tbody>\n<\/table>\n\t\t\t\t<\/div>\n\t\t\t<\/div>\n\t\t<\/div>\n\t\t\t<div class=\"sow-accordion-panel\"\n\t\t\t data-anchor=\"2015\">\n\t\t\t\t<div class=\"sow-accordion-panel-header-container\" role=\"heading\" aria-level=\"2\">\n\t\t\t\t\t<div class=\"sow-accordion-panel-header\" tabindex=\"0\" role=\"button\" id=\"accordion-label-2015\" aria-controls=\"accordion-content-2015\" aria-expanded=\"false\">\n\t\t\t\t\t\t<div class=\"sow-accordion-title sow-accordion-title-icon-left\">\n\t\t\t\t\t\t\t\t\t\t\t\t\t\t2015\t\t\t\t\t\t\t\t\t\t\t\t\t<\/div>\n\t\t\t\t\t\t<div class=\"sow-accordion-open-close-button\">\n\t\t\t\t\t\t\t<div class=\"sow-accordion-open-button\">\n\t\t\t\t\t\t\t\t<span class=\"sow-icon-ionicons\" data-sow-icon=\"&#xf218;\"\n\t\t \n\t\taria-hidden=\"true\"><\/span>\t\t\t\t\t\t\t<\/div>\n\t\t\t\t\t\t\t<div class=\"sow-accordion-close-button\">\n\t\t\t\t\t\t\t\t<span class=\"sow-icon-ionicons\" data-sow-icon=\"&#xf209;\"\n\t\t \n\t\taria-hidden=\"true\"><\/span>\t\t\t\t\t\t\t<\/div>\n\t\t\t\t\t\t<\/div>\n\t\t\t\t\t<\/div>\n\t\t\t\t<\/div>\n\n\t\t\t<div\n\t\t\t\tclass=\"sow-accordion-panel-content\"\n\t\t\t\trole=\"region\"\n\t\t\t\taria-labelledby=\"accordion-label-2015\"\n\t\t\t\tid=\"accordion-content-2015\"\n\t\t\t\tstyle=\"display: none;\"\t\t\t>\n\t\t\t\t<div class=\"sow-accordion-panel-border\" tabindex=\"0\">\n\t\t\t\t\t<p style=\"text-align: center\"><strong>2015<\/strong><\/p>\n<table border=\"1\" width=\"600\" cellspacing=\"0\" cellpadding=\"3\" align=\"center\">\n<tbody>\n<tr>\n<td valign=\"top\" width=\"346\">\n<p align=\"center\"><strong>T\u00edtulo<\/strong><\/p>\n<\/td>\n<td valign=\"top\" width=\"122\">\n<p align=\"center\"><strong>Autor<\/strong><\/p>\n<\/td>\n<td valign=\"top\" width=\"106\">\n<p align=\"center\"><strong>Orientador<\/strong><\/p>\n<\/td>\n<\/tr>\n<tr>\n<td valign=\"top\"><a href=\"https:\/\/www.uepg.br\/mestrados\/mestradolinguagem\/+linguagem&amp;rpp=10&amp;sort_by=score&amp;order=desc\" target=\"_blank\" rel=\"noopener\">Olhares para as pol\u00edticas lingu\u00edsticas no munic\u00edpio de Itai\u00f3polis\/SC: entre o in vivo e o in vitro<\/a><\/td>\n<td valign=\"top\">Ta\u00eds Regina G\u00fcths<\/td>\n<td valign=\"top\">Djane Antonucci Correa<\/td>\n<\/tr>\n<tr>\n<td valign=\"top\"><a href=\"https:\/\/www.uepg.br\/mestrados\/mestradolinguagem\/+linguagem&amp;rpp=10&amp;sort_by=score&amp;order=desc\" target=\"_blank\" rel=\"noopener\">Um repensar sobre as pr\u00e1ticas de escrita escolar: em evid\u00eancia o 5\u00ba e o 6\u00ba ano do ensino fundamental<\/a><\/td>\n<td valign=\"top\">Yara Fernanda Novatzki<\/td>\n<td valign=\"top\">Djane Antonucci Correa<\/td>\n<\/tr>\n<tr>\n<td valign=\"top\"><a href=\"https:\/\/www.uepg.br\/mestrados\/mestradolinguagem\/+linguagem&amp;rpp=10&amp;sort_by=score&amp;order=desc\" target=\"_blank\" rel=\"noopener\">Identidade e pr\u00e1ticas de letramento em uma escola multisseriada do campo.<\/a><\/td>\n<td valign=\"top\">Raimunda Santos Moreira de Oliveira<\/td>\n<td valign=\"top\">Aparecida de Jesus Ferreira<\/td>\n<\/tr>\n<tr>\n<td valign=\"top\"><a href=\"https:\/\/www.uepg.br\/mestrados\/mestradolinguagem\/+linguagem&amp;rpp=10&amp;sort_by=score&amp;order=desc\" target=\"_blank\" rel=\"noopener\">A hist\u00f3ria desfigurada: desterritoriliza\u00e7\u00e3o e experi\u00eancia do fora em amar-te a ti nem sei se com car\u00edcias, de Wilson Bueno<\/a>.<\/td>\n<td valign=\"top\">Marco Aur\u00e9lio de Souza<\/td>\n<td valign=\"top\">Silvana Oliveira<\/td>\n<\/tr>\n<tr>\n<td valign=\"top\"><a href=\"https:\/\/www.uepg.br\/mestrados\/mestradolinguagem\/+linguagem&amp;rpp=10&amp;sort_by=score&amp;order=desc\" target=\"_blank\" rel=\"noopener\">Um olhar a partir de atos de fala do romance Vidas Secas<\/a><\/td>\n<td valign=\"top\">Marcela Marabeli de Moraes<\/td>\n<td valign=\"top\">Djane Antonucci Correa<\/td>\n<\/tr>\n<tr>\n<td valign=\"top\"><a href=\"https:\/\/www.uepg.br\/mestrados\/mestradolinguagem\/+linguagem&amp;rpp=10&amp;sort_by=score&amp;order=desc\" target=\"_blank\" rel=\"noopener\">A pontua\u00e7\u00e3o nos contos de Guimar\u00e3es Rosa: uma an\u00e1lise discursiva<\/a><\/td>\n<td valign=\"top\">Izabel Cristina Rickli Sgarbossa<\/td>\n<td valign=\"top\">Pascolina Bailon de Oliveira Saleh<\/td>\n<\/tr>\n<tr>\n<td valign=\"top\"><a href=\"https:\/\/www.uepg.br\/mestrados\/mestradolinguagem\/+linguagem&amp;rpp=10&amp;sort_by=score&amp;order=desc\" target=\"_blank\" rel=\"noopener\">NINGU\u00c9M FALA QUE O CARA \u00c9 CULPADO: Identidades de g\u00eanero feminino a partir do signo viol\u00eancia no site da REVISTA MARIE CLAIRE<\/a><\/td>\n<td valign=\"top\">Fernanda Aparecida Israel<\/td>\n<td valign=\"top\">Cl\u00f3ris Porto Torquato<\/td>\n<\/tr>\n<tr>\n<td valign=\"top\"><a href=\"https:\/\/www.uepg.br\/mestrados\/mestradolinguagem\/+linguagem&amp;rpp=10&amp;sort_by=score&amp;order=desc\" target=\"_blank\" rel=\"noopener\">\u201cNADA A DIZER FORA DOS LIVROS\u201d: A po\u00e9tica do conto em DALTON TREVISAN \u00a0<\/a><\/td>\n<td valign=\"top\">Camila Del Tregio Esteves<\/td>\n<td valign=\"top\">Miguel Sanches Neto<\/td>\n<\/tr>\n<tr>\n<td valign=\"top\"><a href=\"https:\/\/www.uepg.br\/mestrados\/mestradolinguagem\/+linguagem&amp;rpp=10&amp;sort_by=score&amp;order=desc\" target=\"_blank\" rel=\"noopener\">Narrativas autobiogr\u00e1ficas de mulheres que (con)vivem com HIV: identidades sociais de g\u00eanero.<\/a><\/td>\n<td valign=\"top\">Linite Adma de Oliveira<\/td>\n<td valign=\"top\">Orientadora: Prof.\u00aa Dr.\u00aa Aparecida de Jesus Ferreira<\/td>\n<\/tr>\n<tr>\n<td valign=\"top\"><a href=\"https:\/\/www.uepg.br\/mestrados\/mestradolinguagem\/+linguagem&amp;rpp=10&amp;sort_by=score&amp;order=desc\" target=\"_blank\" rel=\"noopener\">T\u00edtulo: Entre a vida e a morte: interse\u00e7\u00f5es nas estradas perdidas de Lima Barreto e Telmo Vergara.<\/a><\/td>\n<td valign=\"top\">Celine Aparecida de Matos<\/td>\n<td valign=\"top\">Orientadora: Keli Cristina Pacheco<\/td>\n<\/tr>\n<tr>\n<td valign=\"top\"><a href=\"https:\/\/www.uepg.br\/mestrados\/mestradolinguagem\/+linguagem&amp;rpp=10&amp;sort_by=score&amp;order=desc\" target=\"_blank\" rel=\"noopener\">A pontua\u00e7\u00e3o em not\u00edcias de divulga\u00e7\u00e3o cient\u00edfica: contribui\u00e7\u00f5es para o ensino.<\/a><\/td>\n<td valign=\"top\">Ana Paula de Moura Delezuk<\/td>\n<td valign=\"top\">Prof.\u00aa Dr.\u00aa Pascoalina B. de Oliveira Saleh<\/td>\n<\/tr>\n<tr>\n<td valign=\"top\"><a href=\"https:\/\/www.uepg.br\/mestrados\/mestradolinguagem\/+linguagem&amp;rpp=10&amp;sort_by=score&amp;order=desc\" target=\"_blank\" rel=\"noopener\">Adolfo Caminha e Caio Fernando Abreu: A hermen\u00eautica liter\u00e1ria pelo vi\u00e9s da sexualidade.<\/a><\/td>\n<td valign=\"top\">Pablo Ferreira Biglia<\/td>\n<td valign=\"top\">Prof.\u00aa Dr.\u00aa Marly Catarina Soares<\/td>\n<\/tr>\n<tr>\n<td valign=\"top\"><a href=\"https:\/\/www.uepg.br\/mestrados\/mestradolinguagem\/+linguagem&amp;rpp=10&amp;sort_by=score&amp;order=desc\" target=\"_blank\" rel=\"noopener\">Sala de recursos multifuncional e representa\u00e7\u00e3o da escrita: an\u00e1lise da resolu\u00e7\u00e3o 13\/2007, normativa 16\/2011 e ficha de refer\u00eancia pedag\u00f3gica.<\/a><\/td>\n<td valign=\"top\">Amarili Sequeira Nogueira<\/td>\n<td valign=\"top\">Prof.\u00aa Dr.\u00aa Leticia Fraga<\/td>\n<\/tr>\n<tr>\n<td valign=\"top\"><a href=\"https:\/\/www.uepg.br\/mestrados\/mestradolinguagem\/+linguagem&amp;rpp=10&amp;sort_by=score&amp;order=desc\" target=\"_blank\" rel=\"noopener\">N\u00e3o adianta querer ser, tem que ter pra trocar, o mundo \u00e9 diferente da ponte pra c\u00e1: juventudes e identidades de ra\u00e7a, g\u00eanero e sexualidade a partir de um projeto de extens\u00e3o do NUREGS\/UEPG<\/a><\/td>\n<td valign=\"top\">Silionara Aparecida Madureira<\/td>\n<td valign=\"top\">Prof.\u00aa Dr.\u00aa Ione da Silva Jovino<\/td>\n<\/tr>\n<\/tbody>\n<\/table>\n\t\t\t\t<\/div>\n\t\t\t<\/div>\n\t\t<\/div>\n\t\t\t<div class=\"sow-accordion-panel\"\n\t\t\t data-anchor=\"2014\">\n\t\t\t\t<div class=\"sow-accordion-panel-header-container\" role=\"heading\" aria-level=\"2\">\n\t\t\t\t\t<div class=\"sow-accordion-panel-header\" tabindex=\"0\" role=\"button\" id=\"accordion-label-2014\" aria-controls=\"accordion-content-2014\" aria-expanded=\"false\">\n\t\t\t\t\t\t<div class=\"sow-accordion-title sow-accordion-title-icon-left\">\n\t\t\t\t\t\t\t\t\t\t\t\t\t\t2014\t\t\t\t\t\t\t\t\t\t\t\t\t<\/div>\n\t\t\t\t\t\t<div class=\"sow-accordion-open-close-button\">\n\t\t\t\t\t\t\t<div class=\"sow-accordion-open-button\">\n\t\t\t\t\t\t\t\t<span class=\"sow-icon-ionicons\" data-sow-icon=\"&#xf218;\"\n\t\t \n\t\taria-hidden=\"true\"><\/span>\t\t\t\t\t\t\t<\/div>\n\t\t\t\t\t\t\t<div class=\"sow-accordion-close-button\">\n\t\t\t\t\t\t\t\t<span class=\"sow-icon-ionicons\" data-sow-icon=\"&#xf209;\"\n\t\t \n\t\taria-hidden=\"true\"><\/span>\t\t\t\t\t\t\t<\/div>\n\t\t\t\t\t\t<\/div>\n\t\t\t\t\t<\/div>\n\t\t\t\t<\/div>\n\n\t\t\t<div\n\t\t\t\tclass=\"sow-accordion-panel-content\"\n\t\t\t\trole=\"region\"\n\t\t\t\taria-labelledby=\"accordion-label-2014\"\n\t\t\t\tid=\"accordion-content-2014\"\n\t\t\t\tstyle=\"display: none;\"\t\t\t>\n\t\t\t\t<div class=\"sow-accordion-panel-border\" tabindex=\"0\">\n\t\t\t\t\t<p style=\"text-align: center\"><strong>2014<\/strong><\/p>\n<table border=\"1\" width=\"600\" cellspacing=\"0\" cellpadding=\"3\" align=\"center\">\n<tbody>\n<tr>\n<td valign=\"top\" width=\"346\">\n<p align=\"center\"><strong>T\u00edtulo<\/strong><\/p>\n<\/td>\n<td valign=\"top\" width=\"122\">\n<p align=\"center\"><strong>Autor<\/strong><\/p>\n<\/td>\n<td valign=\"top\" width=\"106\">\n<p align=\"center\"><strong>Orientador<\/strong><\/p>\n<\/td>\n<\/tr>\n<tr>\n<td valign=\"top\"><a href=\"https:\/\/www.uepg.br\/mestrados\/mestradolinguagem\/+linguagem&amp;rpp=10&amp;sort_by=score&amp;order=desc\" target=\"_blank\" rel=\"noopener\">As bibliotecas escolares do ensino m\u00e9dio e a forma\u00e7\u00e3o do leitor liter\u00e1rio: um encontro poss\u00edvel?<\/a><\/td>\n<td valign=\"top\">Ana Cl\u00e1udia Costa Fontana<\/td>\n<td valign=\"top\">Prof. Dr. Miguel Sanches Neto<\/td>\n<\/tr>\n<tr>\n<td valign=\"top\"><a href=\"https:\/\/www.uepg.br\/mestrados\/mestradolinguagem\/+linguagem&amp;rpp=10&amp;sort_by=score&amp;order=desc\" target=\"_blank\" rel=\"noopener\">SE DIO DE LASCI, LETTOR. Aspectos da autoteoriza\u00e7\u00e3o em FANNY OWE, DE AGUSTINA BESSA-LU\u00cdS<\/a><\/td>\n<td valign=\"top\">Denilson Mikuska<\/td>\n<td valign=\"top\">Rosana Apolonia Harmuch<\/td>\n<\/tr>\n<tr>\n<td valign=\"top\"><a href=\"https:\/\/www.uepg.br\/mestrados\/mestradolinguagem\/+linguagem&amp;rpp=10&amp;sort_by=score&amp;order=desc\" target=\"_blank\" rel=\"noopener\">Pol\u00edticas lingu\u00edsticas no ensino de l\u00ednguas e a identidade do professor de l\u00edngua estrangeira - ingl\u00eas<\/a><\/td>\n<td valign=\"top\">Silvana Aparecida Carvalho do Prado<\/td>\n<td valign=\"top\">Prof.\u00aa Dr.\u00aa Djane Antonucci Correa<\/td>\n<\/tr>\n<tr>\n<td valign=\"top\"><a href=\"https:\/\/www.uepg.br\/mestrados\/mestradolinguagem\/+linguagem&amp;rpp=10&amp;sort_by=score&amp;order=desc\" target=\"_blank\" rel=\"noopener\">A pol\u00edtica lingu\u00edstica de cooficializa\u00e7\u00e3o da l\u00edngua guarani em tacuru\/ms e seus desdobramentos pol\u00edticos, sociais e pedag\u00f3gicos<\/a><\/td>\n<td valign=\"top\">L\u00edlian Cristina do Amaral Martines<\/td>\n<td valign=\"top\">Leticia Fraga<\/td>\n<\/tr>\n<tr>\n<td valign=\"top\"><a href=\"https:\/\/www.uepg.br\/mestrados\/mestradolinguagem\/+linguagem&amp;rpp=10&amp;sort_by=score&amp;order=desc\" target=\"_blank\" rel=\"noopener\">Algumas contradi\u00e7\u00f5es que envolvem o ensino da escrita: uma discuss\u00e3o com professores do 5\u00ba e do 6\u00ba ano do ensino fundamental<\/a><\/td>\n<td valign=\"top\">Silvia Aparecida Medeiros<\/td>\n<td valign=\"top\">Prof.\u00aa Dr.\u00aa Djane Antonucci Correa<\/td>\n<\/tr>\n<tr>\n<td valign=\"top\"><a href=\"https:\/\/www.uepg.br\/mestrados\/mestradolinguagem\/+linguagem&amp;rpp=10&amp;sort_by=score&amp;order=desc\" target=\"_blank\" rel=\"noopener\">O bem e o mal: uma leitura em Grande Sert\u00e3o: Veredas<\/a><\/td>\n<td valign=\"top\">F\u00e1bio Ricardo Gioppo<\/td>\n<td valign=\"top\">Prof.\u00aa Dr.\u00aa Silvana Oliveira<\/td>\n<\/tr>\n<tr>\n<td valign=\"top\"><a href=\"https:\/\/www.uepg.br\/mestrados\/mestradolinguagem\/+linguagem&amp;rpp=10&amp;sort_by=score&amp;order=desc\" target=\"_blank\" rel=\"noopener\">Beatriz em busca do corpo celeste: identidade n\u00f4made<\/a><\/td>\n<td valign=\"top\">Luana Raquel Ruths Vieira<\/td>\n<td valign=\"top\">Prof.\u00aa Marly Catarina Soares.<\/td>\n<\/tr>\n<tr>\n<td valign=\"top\"><a href=\"https:\/\/www.uepg.br\/mestrados\/mestradolinguagem\/+linguagem&amp;rpp=10&amp;sort_by=score&amp;order=desc\" target=\"_blank\" rel=\"noopener\">\"O menino gauche em Drummond\"<\/a><\/td>\n<td valign=\"top\">Thatiane Prochner<\/td>\n<td valign=\"top\">Prof. Dr.\u00aa\u00a0\u00a0Marly Catarina Soares<\/td>\n<\/tr>\n<tr>\n<td valign=\"top\"><a href=\"https:\/\/www.uepg.br\/mestrados\/mestradolinguagem\/+linguagem&amp;rpp=10&amp;sort_by=score&amp;order=desc\" target=\"_blank\" rel=\"noopener\">Afonso da Maia, da literatura \u00e0 televis\u00e3o: O processo de transposi\u00e7\u00e3o do patriarca Maia no romance eciano e na miniss\u00e9rie global<\/a><\/td>\n<td valign=\"top\">Bianca do Rocio Vogler<\/td>\n<td valign=\"top\">Antonio Jo\u00e3o Teixeira<\/td>\n<\/tr>\n<tr>\n<td valign=\"top\"><a href=\"https:\/\/www.uepg.br\/mestrados\/mestradolinguagem\/+linguagem&amp;rpp=10&amp;sort_by=score&amp;order=desc\" target=\"_blank\" rel=\"noopener\">Jos\u00e9: Um Rubem Fonseca entre o eu real e o eu ficcional<\/a><\/td>\n<td valign=\"top\">Caroline Wilt Araujo<\/td>\n<td valign=\"top\">Miguel Sanches Neto<\/td>\n<\/tr>\n<tr>\n<td valign=\"top\"><a href=\"https:\/\/www.uepg.br\/mestrados\/mestradolinguagem\/+linguagem&amp;rpp=10&amp;sort_by=score&amp;order=desc\" target=\"_blank\" rel=\"noopener\">A realidade de uma comunidade negra rural de Ponta Gross\/PR em contexto escolar: Identidade negra e racismo<\/a><\/td>\n<td valign=\"top\">Evelise dos Santos do Nascimento<\/td>\n<td valign=\"top\">Prof.\u00aa Dr.\u00aa Leticia Fraga<\/td>\n<\/tr>\n<tr>\n<td valign=\"top\"><a href=\"https:\/\/www.uepg.br\/mestrados\/mestradolinguagem\/+linguagem&amp;rpp=10&amp;sort_by=score&amp;order=desc\" target=\"_blank\" rel=\"noopener\">Texto autobiogr\u00e1fico de professores pr\u00e9-servi\u00e7o: Poss\u00edveis caminhos para constru\u00e7\u00e3o identit\u00e1ria do professor de Franc\u00eas<\/a><\/td>\n<td valign=\"top\">\u00c9derson Lima de Souza<\/td>\n<td valign=\"top\">Prof. Dr. Miguel Sanches Neto<\/td>\n<\/tr>\n<tr>\n<td valign=\"top\"><a href=\"https:\/\/www.uepg.br\/mestrados\/mestradolinguagem\/+linguagem&amp;rpp=10&amp;sort_by=score&amp;order=desc\" target=\"_blank\" rel=\"noopener\">Eu marginal: (des) encontros narrativos em primeira pessoa<\/a><\/td>\n<td valign=\"top\">Luciane Pereira da Silva Navarro<\/td>\n<td valign=\"top\">Prof. Dr. Miguel Sanches Neto<\/td>\n<\/tr>\n<\/tbody>\n<\/table>\n\t\t\t\t<\/div>\n\t\t\t<\/div>\n\t\t<\/div>\n\t\t\t<div class=\"sow-accordion-panel\"\n\t\t\t data-anchor=\"2013\">\n\t\t\t\t<div class=\"sow-accordion-panel-header-container\" role=\"heading\" aria-level=\"2\">\n\t\t\t\t\t<div class=\"sow-accordion-panel-header\" tabindex=\"0\" role=\"button\" id=\"accordion-label-2013\" aria-controls=\"accordion-content-2013\" aria-expanded=\"false\">\n\t\t\t\t\t\t<div class=\"sow-accordion-title sow-accordion-title-icon-left\">\n\t\t\t\t\t\t\t\t\t\t\t\t\t\t2013\t\t\t\t\t\t\t\t\t\t\t\t\t<\/div>\n\t\t\t\t\t\t<div class=\"sow-accordion-open-close-button\">\n\t\t\t\t\t\t\t<div class=\"sow-accordion-open-button\">\n\t\t\t\t\t\t\t\t<span class=\"sow-icon-ionicons\" data-sow-icon=\"&#xf218;\"\n\t\t \n\t\taria-hidden=\"true\"><\/span>\t\t\t\t\t\t\t<\/div>\n\t\t\t\t\t\t\t<div class=\"sow-accordion-close-button\">\n\t\t\t\t\t\t\t\t<span class=\"sow-icon-ionicons\" data-sow-icon=\"&#xf209;\"\n\t\t \n\t\taria-hidden=\"true\"><\/span>\t\t\t\t\t\t\t<\/div>\n\t\t\t\t\t\t<\/div>\n\t\t\t\t\t<\/div>\n\t\t\t\t<\/div>\n\n\t\t\t<div\n\t\t\t\tclass=\"sow-accordion-panel-content\"\n\t\t\t\trole=\"region\"\n\t\t\t\taria-labelledby=\"accordion-label-2013\"\n\t\t\t\tid=\"accordion-content-2013\"\n\t\t\t\tstyle=\"display: none;\"\t\t\t>\n\t\t\t\t<div class=\"sow-accordion-panel-border\" tabindex=\"0\">\n\t\t\t\t\t<p style=\"text-align: center\"><strong>2013<\/strong><\/p>\n<table border=\"1\" width=\"600\" cellspacing=\"0\" cellpadding=\"3\" align=\"center\">\n<tbody>\n<tr>\n<td valign=\"top\">\n<p align=\"center\"><strong>T\u00edtulo<\/strong><\/p>\n<\/td>\n<td valign=\"top\">\n<p align=\"center\"><strong>Autor<\/strong><\/p>\n<\/td>\n<td valign=\"top\">\n<p align=\"center\"><strong>Orientador<\/strong><\/p>\n<\/td>\n<\/tr>\n<tr>\n<td valign=\"top\" height=\"25\"><a href=\"https:\/\/www.uepg.br\/mestrados\/mestradolinguagem\/+linguagem&amp;rpp=10&amp;sort_by=score&amp;order=desc\" target=\"_blank\" rel=\"noopener\">A fun\u00e7\u00e3o morfossint\u00e1tico-sem\u00e2ntica dos adjetivos nas \"notas de falecimento\" no jornal pr\u00e1cia<\/a><\/td>\n<td valign=\"top\">Avanilde Polak<\/td>\n<td valign=\"top\" height=\"25\">Prof.\u00aa Dr.\u00aa El\u00f3dia Constantino Roman<\/td>\n<\/tr>\n<tr>\n<td valign=\"top\" height=\"25\"><a href=\"https:\/\/www.uepg.br\/mestrados\/mestradolinguagem\/+linguagem&amp;rpp=10&amp;sort_by=score&amp;order=desc\" target=\"_blank\" rel=\"noopener\">Toda forma de amor: um estudo sobre representa\u00e7\u00e3o em Mario Benedetti<\/a><\/td>\n<td valign=\"top\">Lucan Fernandes Moreno<\/td>\n<td valign=\"top\" height=\"25\">Prof.\u00aa Dr.\u00aa Marly Catarina Soares<\/td>\n<\/tr>\n<tr>\n<td valign=\"top\">\n<div align=\"left\"><span><a href=\"https:\/\/www.uepg.br\/mestrados\/mestradolinguagem\/+linguagem&amp;rpp=10&amp;sort_by=score&amp;order=desc\" target=\"_blank\" rel=\"noopener\">\"Uma fic\u00e7\u00e3o que frui o fluir da f\u00edsica: Uma an\u00e1lise do romance Sonhos de Einstein, do f\u00edsico Alan Lightman\"<\/a><\/span><\/div>\n<\/td>\n<td valign=\"top\">\n<div align=\"left\">Jeverson Machado do Nascimento<\/div>\n<\/td>\n<td valign=\"top\">\n<div align=\"left\">Prof.\u00aa Dr.\u00aa Silvana Oliveira<\/div>\n<\/td>\n<\/tr>\n<tr>\n<td valign=\"top\" height=\"25\"><a href=\"https:\/\/www.uepg.br\/mestrados\/mestradolinguagem\/+linguagem&amp;rpp=10&amp;sort_by=score&amp;order=desc\" target=\"_blank\" rel=\"noopener\">To the lighthouse e the waves: entre a mem\u00f3ria e o pict\u00f3rico<\/a><\/td>\n<td valign=\"top\">Rosana de F\u00e1tima Gelinski<\/td>\n<td valign=\"top\" height=\"25\"><span id=\"body_1513_r3\">Prof. Dr. Antonio Jo\u00e3o Teixeira<\/span><\/td>\n<\/tr>\n<tr>\n<td valign=\"top\">\n<div align=\"left\"><a href=\"https:\/\/www.uepg.br\/mestrados\/mestradolinguagem\/+linguagem&amp;rpp=10&amp;sort_by=score&amp;order=desc\" target=\"_blank\" rel=\"noopener\">\"Uma revolu\u00e7\u00e3o pelo acaso ou o cut-up no cinema underground dos anos 60\".<\/a><\/div>\n<\/td>\n<td valign=\"top\">\n<div align=\"left\">Anderson Costa<\/div>\n<\/td>\n<td valign=\"top\">\n<div align=\"left\">Antonio Jo\u00e3o Teixeira<\/div>\n<\/td>\n<\/tr>\n<tr>\n<td valign=\"top\"><span id=\"body_229_r\"><a href=\"https:\/\/www.uepg.br\/mestrados\/mestradolinguagem\/+linguagem&amp;rpp=10&amp;sort_by=score&amp;order=desc\" target=\"_blank\" rel=\"noopener\">Cren\u00e7as e atitudes de uma professora de Espanhol de uma escola p\u00fablica do interior do Paran\u00e1 e as Pol\u00edticas Lingu\u00edsticas<\/a><\/span><\/td>\n<td valign=\"top\"><span id=\"body_229_r2\">Lucimar Araujo Braga<\/span><\/td>\n<td valign=\"top\"><span id=\"body_229_r3\">Leticia Fraga<\/span><\/td>\n<\/tr>\n<tr>\n<td valign=\"top\">\n<div align=\"left\"><a href=\"https:\/\/www.uepg.br\/mestrados\/mestradolinguagem\/+linguagem&amp;rpp=10&amp;sort_by=score&amp;order=desc\" target=\"_blank\" rel=\"noopener\">\"Ind\u00edcios de autoria em textos de opini\u00e3o escolares escritos por alunos do 6\u00ba ano do Ensino Fundamental\"<\/a><\/div>\n<\/td>\n<td valign=\"top\">\n<div align=\"left\">Sueli de Freitas Mendes<\/div>\n<\/td>\n<td valign=\"top\">\n<div align=\"left\">Pascoalina Bailon de Oliveira Saleh<\/div>\n<\/td>\n<\/tr>\n<tr>\n<td valign=\"top\"><span id=\"body_1513_r\"><a href=\"https:\/\/www.uepg.br\/mestrados\/mestradolinguagem\/+linguagem&amp;rpp=10&amp;sort_by=score&amp;order=desc\" target=\"_blank\" rel=\"noopener\">O po\u00e9tico poss\u00edvel na linguagem de um filme: Ex\u00edlios de Tony Gatlif.<\/a><\/span><\/td>\n<td valign=\"top\"><span id=\"body_1513_r2\">Adrian Lincoln Ferreira Clarindo<\/span><\/td>\n<td valign=\"top\"><span id=\"body_1513_r3\">Antonio Jo\u00e3o Teixeira<\/span><\/td>\n<\/tr>\n<tr>\n<td valign=\"top\"><span id=\"body_1513_r\"><a href=\"https:\/\/www.uepg.br\/mestrados\/mestradolinguagem\/+linguagem&amp;rpp=10&amp;sort_by=score&amp;order=desc\" target=\"_blank\" rel=\"noopener\">Produ\u00e7\u00f5es textuais na vis\u00e3o de professores das s\u00e9ries finais do Ensino Fundamental.<\/a><\/span><\/td>\n<td valign=\"top\"><span id=\"body_1513_r2\">Angela de F\u00e1tima Scremin<\/span><\/td>\n<td valign=\"top\"><span id=\"body_1513_r3\">Djane Antonucci Correa<\/span><\/td>\n<\/tr>\n<tr>\n<td valign=\"top\"><a href=\"https:\/\/www.uepg.br\/mestrados\/mestradolinguagem\/+linguagem&amp;rpp=10&amp;sort_by=score&amp;order=desc\" target=\"_blank\" rel=\"noopener\">Pol\u00edticas lingu\u00edsticas na col\u00f4nia \u201calem\u00e3\u201d de Entre Rios: o papel do col\u00e9gio Imperatriz Dona Leopoldina<\/a><\/td>\n<td valign=\"top\">Adriana Dalla Vecchia<\/td>\n<td valign=\"top\">Let\u00edcia Fraga<\/td>\n<\/tr>\n<tr>\n<td valign=\"top\"><a href=\"https:\/\/www.uepg.br\/mestrados\/mestradolinguagem\/+linguagem&amp;rpp=10&amp;sort_by=score&amp;order=desc\" target=\"_blank\" rel=\"noopener\">A pontua\u00e7\u00e3o comomovimentos do sujeito na escrita: pontos de reflex\u00e3o<\/a><\/td>\n<td valign=\"top\">Andr\u00e9ia Rodrigues Zoelner Dallarosa<\/td>\n<td valign=\"top\">Pascoalina Bailon de Oliveira Sale<\/td>\n<\/tr>\n<tr>\n<td valign=\"top\"><a href=\"https:\/\/www.uepg.br\/mestrados\/mestradolinguagem\/+linguagem&amp;rpp=10&amp;sort_by=score&amp;order=desc\" target=\"_blank\" rel=\"noopener\">Di\u00e1logos com o gauche<\/a><\/td>\n<td valign=\"top\">Larissa de C\u00e1ssia Antunes Ribeiro<\/td>\n<td valign=\"top\">Marly Catarina Soares<\/td>\n<\/tr>\n<tr>\n<td valign=\"top\"><a href=\"https:\/\/www.uepg.br\/mestrados\/mestradolinguagem\/+linguagem&amp;rpp=10&amp;sort_by=score&amp;order=desc\" target=\"_blank\" rel=\"noopener\">Representa\u00e7\u00f5es e atitudes lingu\u00edsticas na (re)constru\u00e7\u00e3o da identidade ind\u00edgena dos guarani do pinhalzinho (Tomazina\/PR): um estudo na escola \u201cYvy Por\u00e3\u201d<\/a><\/td>\n<td valign=\"top\">Rosana Hass Kondo<\/td>\n<td valign=\"top\">Let\u00edcia Fraga<\/td>\n<\/tr>\n<tr>\n<td valign=\"top\"><a href=\"https:\/\/www.uepg.br\/mestrados\/mestradolinguagem\/+linguagem&amp;rpp=10&amp;sort_by=score&amp;order=desc\" target=\"_blank\" rel=\"noopener\">Aqui eles s\u00e3o muito desconfiados\u201d letramentos, identidades e educa\u00e7\u00e3o do campo<\/a><\/td>\n<td valign=\"top\">Simone Carvalho do Prado dos Santos<\/td>\n<td valign=\"top\">Aparecida de Jesus Ferreira<\/td>\n<\/tr>\n<tr>\n<td valign=\"top\"><a href=\"https:\/\/www.uepg.br\/mestrados\/mestradolinguagem\/+linguagem&amp;rpp=10&amp;sort_by=score&amp;order=desc\" target=\"_blank\" rel=\"noopener\">Reconfigura\u00e7\u00f5es tecnol\u00f3gicas na escola: as pr\u00e1ticas de letramento digital na vis\u00e3o dos professores<\/a><\/td>\n<td valign=\"top\">Zuleica Aparecida Cabral<\/td>\n<td valign=\"top\">Djane Antonucci Correa<\/td>\n<\/tr>\n<\/tbody>\n<\/table>\n\t\t\t\t<\/div>\n\t\t\t<\/div>\n\t\t<\/div>\n\t\t\t<div class=\"sow-accordion-panel\"\n\t\t\t data-anchor=\"2012\">\n\t\t\t\t<div class=\"sow-accordion-panel-header-container\" role=\"heading\" aria-level=\"2\">\n\t\t\t\t\t<div class=\"sow-accordion-panel-header\" tabindex=\"0\" role=\"button\" id=\"accordion-label-2012\" aria-controls=\"accordion-content-2012\" aria-expanded=\"false\">\n\t\t\t\t\t\t<div class=\"sow-accordion-title sow-accordion-title-icon-left\">\n\t\t\t\t\t\t\t\t\t\t\t\t\t\t2012\t\t\t\t\t\t\t\t\t\t\t\t\t<\/div>\n\t\t\t\t\t\t<div class=\"sow-accordion-open-close-button\">\n\t\t\t\t\t\t\t<div class=\"sow-accordion-open-button\">\n\t\t\t\t\t\t\t\t<span class=\"sow-icon-ionicons\" data-sow-icon=\"&#xf218;\"\n\t\t \n\t\taria-hidden=\"true\"><\/span>\t\t\t\t\t\t\t<\/div>\n\t\t\t\t\t\t\t<div class=\"sow-accordion-close-button\">\n\t\t\t\t\t\t\t\t<span class=\"sow-icon-ionicons\" data-sow-icon=\"&#xf209;\"\n\t\t \n\t\taria-hidden=\"true\"><\/span>\t\t\t\t\t\t\t<\/div>\n\t\t\t\t\t\t<\/div>\n\t\t\t\t\t<\/div>\n\t\t\t\t<\/div>\n\n\t\t\t<div\n\t\t\t\tclass=\"sow-accordion-panel-content\"\n\t\t\t\trole=\"region\"\n\t\t\t\taria-labelledby=\"accordion-label-2012\"\n\t\t\t\tid=\"accordion-content-2012\"\n\t\t\t\tstyle=\"display: none;\"\t\t\t>\n\t\t\t\t<div class=\"sow-accordion-panel-border\" tabindex=\"0\">\n\t\t\t\t\t<p style=\"text-align: center\"><strong>2012<\/strong><\/p>\n<table border=\"1\" width=\"600\" cellspacing=\"0\" cellpadding=\"3\" align=\"center\">\n<tbody>\n<tr>\n<td valign=\"top\" width=\"357\"><strong>T\u00cdTULO<\/strong><\/td>\n<td valign=\"top\" width=\"114\"><strong>AUTOR<\/strong><\/td>\n<td valign=\"top\" width=\"103\"><strong>ORIENTADOR<\/strong><\/td>\n<\/tr>\n<tr>\n<td valign=\"top\">\n<div align=\"left\"><a href=\"https:\/\/www.uepg.br\/mestrados\/mestradolinguagem\/+linguagem&amp;rpp=10&amp;sort_by=score&amp;order=desc\" target=\"_blank\" rel=\"noopener\">Atl\u00e2ntico Negro Paiol: como est\u00e3o sendo conduzidas as quest\u00f5es de ra\u00e7a e etnia nas aulas de l\u00edngua inglesa?<\/a><\/div>\n<\/td>\n<td valign=\"top\">\n<div align=\"left\">M\u00e1bia Camargo<\/div>\n<\/td>\n<td valign=\"top\">\n<div align=\"left\">Aparecida de Jesus Ferreira<\/div>\n<\/td>\n<\/tr>\n<tr>\n<td valign=\"top\">\n<div align=\"left\"><a href=\"https:\/\/www.uepg.br\/mestrados\/mestradolinguagem\/+linguagem&amp;rpp=10&amp;sort_by=score&amp;order=desc\" target=\"_blank\" rel=\"noopener\">A: autoridade, arte, adult\u00e9rio<\/a><\/div>\n<\/td>\n<td valign=\"top\">\n<div align=\"left\">Leandro de Azevedo Thereza<\/div>\n<\/td>\n<td valign=\"top\">\n<div align=\"left\">Jo\u00e3o Antonio Teixeira<\/div>\n<\/td>\n<\/tr>\n<tr>\n<td valign=\"top\">\n<div align=\"left\"><a href=\"https:\/\/www.uepg.br\/mestrados\/mestradolinguagem\/+linguagem&amp;rpp=10&amp;sort_by=score&amp;order=desc\" target=\"_blank\" rel=\"noopener\">A rela\u00e7\u00e3o entre a escola, o ensino de l\u00ednguas e o abandono escolar: um olhar a partir das cren\u00e7as e experi\u00eancias de adolescentes com quem a lei entra em conflito<\/a><\/div>\n<\/td>\n<td valign=\"top\">\n<div align=\"left\">Vin\u00edcius Oliveira Costa<\/div>\n<\/td>\n<td valign=\"top\">\n<div align=\"left\">Let\u00edcia Fraga<\/div>\n<\/td>\n<\/tr>\n<tr>\n<td valign=\"top\" width=\"357\" height=\"25\"><a href=\"https:\/\/www.uepg.br\/mestrados\/mestradolinguagem\/+linguagem&amp;rpp=10&amp;sort_by=score&amp;order=desc\" target=\"_blank\" rel=\"noopener\">Toni Morrison e Carolina Maria de Jesus: dois timbres marcantes da voz autoral feminina<\/a><\/td>\n<td valign=\"top\" width=\"114\">Cleideni Alves do Nascimento<\/td>\n<td valign=\"top\" width=\"103\" height=\"25\">Marly Catarina Soares<\/td>\n<\/tr>\n<tr>\n<td valign=\"top\" width=\"357\" height=\"25\"><a href=\"https:\/\/www.uepg.br\/mestrados\/mestradolinguagem\/+linguagem&amp;rpp=10&amp;sort_by=score&amp;order=desc\" target=\"_blank\" rel=\"noopener\">Linguagem como pr\u00e1tica social: a\u00e7\u00f5es da\/na escrita acad\u00eamica<\/a><\/td>\n<td valign=\"top\" width=\"114\">Cristiane Nunes Borges<\/td>\n<td valign=\"top\" width=\"103\" height=\"25\">Djane Antonucci Correa<\/td>\n<\/tr>\n<tr>\n<td valign=\"top\" width=\"357\" height=\"25\"><a href=\"https:\/\/www.uepg.br\/mestrados\/mestradolinguagem\/+linguagem&amp;rpp=10&amp;sort_by=score&amp;order=desc\" target=\"_blank\" rel=\"noopener\">Referencia\u00e7\u00e3o textual: da subjetividade \u00e0 representa\u00e7\u00e3o da identidade feminina no texto escrito<\/a><\/td>\n<td valign=\"top\" width=\"114\">Jaqueline Aparecida dos Santos Dutra<\/td>\n<td valign=\"top\" width=\"103\" height=\"25\">El\u00f3dia Constantino Roman<\/td>\n<\/tr>\n<tr>\n<td valign=\"top\" width=\"357\" height=\"25\"><a href=\"https:\/\/www.uepg.br\/mestrados\/mestradolinguagem\/+linguagem&amp;rpp=10&amp;sort_by=score&amp;order=desc\" target=\"_blank\" rel=\"noopener\">Uma linguagem (escrita) esquizofr\u00eanica: a experimenta\u00e7\u00e3o de a paix\u00e3o segundo G. H. de Clarice Lispector<\/a><\/td>\n<td valign=\"top\" width=\"114\">Jhony Adelio Skeika<\/td>\n<td valign=\"top\" width=\"103\" height=\"25\">Silvana Oliveira<\/td>\n<\/tr>\n<tr>\n<td valign=\"top\" width=\"357\" height=\"25\"><a href=\"https:\/\/www.uepg.br\/mestrados\/mestradolinguagem\/+linguagem&amp;rpp=10&amp;sort_by=score&amp;order=desc\" target=\"_blank\" rel=\"noopener\">Contar o corpo: quando o subalterno assume a narrativa<\/a><\/td>\n<td valign=\"top\" width=\"114\">Josiane Aparecida Martins<\/td>\n<td valign=\"top\" width=\"103\" height=\"25\">Miguel Sanches Neto<\/td>\n<\/tr>\n<tr>\n<td valign=\"top\" height=\"25\"><a href=\"https:\/\/www.uepg.br\/mestrados\/mestradolinguagem\/+linguagem&amp;rpp=10&amp;sort_by=score&amp;order=desc\" target=\"_blank\" rel=\"noopener\">Identidade nacional e ingl\u00eas l\u00edngua franca: negocia\u00e7\u00f5es no processo de ensino e aprendizagem de ingl\u00eas<\/a><\/td>\n<td valign=\"top\">Julia Margarida Kalva<\/td>\n<td valign=\"top\" height=\"25\">Aparecida de Jesus Ferreira<\/td>\n<\/tr>\n<tr>\n<td valign=\"top\" height=\"25\"><a href=\"https:\/\/www.uepg.br\/mestrados\/mestradolinguagem\/+linguagem&amp;rpp=10&amp;sort_by=score&amp;order=desc\" target=\"_blank\" rel=\"noopener\">A escrita de si na autoria do romance a manta do soldado, de L\u00eddia Jorge<\/a><\/td>\n<td valign=\"top\">Paola Scheifer<\/td>\n<td valign=\"top\" height=\"25\">Rosana Apolonia Harmuch<\/td>\n<\/tr>\n<tr>\n<td valign=\"top\" height=\"25\"><a href=\"https:\/\/www.uepg.br\/mestrados\/mestradolinguagem\/+linguagem&amp;rpp=10&amp;sort_by=score&amp;order=desc\" target=\"_blank\" rel=\"noopener\">Cren\u00e7as lingu\u00edsticas na (des\/re)constru\u00e7\u00e3o das identidades dos professores de l\u00edngua em forma\u00e7\u00e3o no curso de Licenciatura em Letras da UEPG<\/a><\/td>\n<td valign=\"top\">Simone Sousa Borges<\/td>\n<td valign=\"top\" height=\"25\">Let\u00edcia Fraga<\/td>\n<\/tr>\n<\/tbody>\n<\/table>\n\t\t\t\t<\/div>\n\t\t\t<\/div>\n\t\t<\/div>\n\t\t<\/div>\n<\/div>\n<\/div><\/div><\/div><\/div><\/div>","protected":false},"excerpt":{"rendered":"<p>2026 T\u00edtulo Autor\/a Orientador\/a Investigando Serotonina, de Michel Houellebecq, por meio das an\u00e1lises de Jean Baudrillard C\u00e9sar Paulo de Andrade Daniel de Oliveira Gomes 2025 T\u00edtulo Autor\/a Orientador\/a Mulheres grotescas: A subvers\u00e3o de estere\u00f3tipos femininos em \u00e2nsia eterna, de J\u00falia Lopes de Almeida Larissa Nat\u00e1lia Silva Silvana Oliveira Conte\u00fados contra-hegem\u00f4nico nos Programas de P\u00f3s-Gradua\u00e7\u00e3o em&nbsp;&hellip;<\/p>\n","protected":false},"author":24,"featured_media":0,"parent":0,"menu_order":0,"comment_status":"closed","ping_status":"closed","template":"page-templates\/page-with-right-sidebar.php","meta":[],"_links":{"self":[{"href":"https:\/\/www2.uepg.br\/ppgel\/wp-json\/wp\/v2\/pages\/65"}],"collection":[{"href":"https:\/\/www2.uepg.br\/ppgel\/wp-json\/wp\/v2\/pages"}],"about":[{"href":"https:\/\/www2.uepg.br\/ppgel\/wp-json\/wp\/v2\/types\/page"}],"author":[{"embeddable":true,"href":"https:\/\/www2.uepg.br\/ppgel\/wp-json\/wp\/v2\/users\/24"}],"replies":[{"embeddable":true,"href":"https:\/\/www2.uepg.br\/ppgel\/wp-json\/wp\/v2\/comments?post=65"}],"version-history":[{"count":150,"href":"https:\/\/www2.uepg.br\/ppgel\/wp-json\/wp\/v2\/pages\/65\/revisions"}],"predecessor-version":[{"id":5073,"href":"https:\/\/www2.uepg.br\/ppgel\/wp-json\/wp\/v2\/pages\/65\/revisions\/5073"}],"wp:attachment":[{"href":"https:\/\/www2.uepg.br\/ppgel\/wp-json\/wp\/v2\/media?parent=65"}],"curies":[{"name":"wp","href":"https:\/\/api.w.org\/{rel}","templated":true}]}}