{"id":69,"date":"2020-05-26T15:08:45","date_gmt":"2020-05-26T18:08:45","guid":{"rendered":"http:\/\/www2.uepg.br\/ppgel\/?page_id=69"},"modified":"2026-08-25T10:40:38","modified_gmt":"2026-08-25T13:40:38","slug":"defesas","status":"publish","type":"page","link":"https:\/\/www2.uepg.br\/ppgel\/defesas\/","title":{"rendered":"Defesas"},"content":{"rendered":"<div id=\"pl-69\"  class=\"panel-layout\" ><div id=\"pg-69-0\"  class=\"panel-grid panel-no-style\" ><div id=\"pgc-69-0-0\"  class=\"panel-grid-cell\" ><div id=\"panel-69-0-0-0\" class=\"so-panel widget widget_sow-accordion panel-first-child panel-last-child\" data-index=\"0\" ><div\n\t\t\t\n\t\t\tclass=\"so-widget-sow-accordion so-widget-sow-accordion-default-7f158b849c7f-69\"\n\t\t\t\n\t\t><div>\n\t<div class=\"sow-accordion\">\n\t\t\t<div class=\"sow-accordion-panel\"\n\t\t\t data-anchor=\"2026\">\n\t\t\t\t<div class=\"sow-accordion-panel-header-container\" role=\"heading\" aria-level=\"2\">\n\t\t\t\t\t<div class=\"sow-accordion-panel-header\" tabindex=\"0\" role=\"button\" id=\"accordion-label-2026\" aria-controls=\"accordion-content-2026\" aria-expanded=\"false\">\n\t\t\t\t\t\t<div class=\"sow-accordion-title sow-accordion-title-icon-left\">\n\t\t\t\t\t\t\t\t\t\t\t\t\t\t2026\t\t\t\t\t\t\t\t\t\t\t\t\t<\/div>\n\t\t\t\t\t\t<div class=\"sow-accordion-open-close-button\">\n\t\t\t\t\t\t\t<div class=\"sow-accordion-open-button\">\n\t\t\t\t\t\t\t\t<span class=\"sow-icon-ionicons\" data-sow-icon=\"&#xf218;\"\n\t\t \n\t\taria-hidden=\"true\"><\/span>\t\t\t\t\t\t\t<\/div>\n\t\t\t\t\t\t\t<div class=\"sow-accordion-close-button\">\n\t\t\t\t\t\t\t\t<span class=\"sow-icon-ionicons\" data-sow-icon=\"&#xf209;\"\n\t\t \n\t\taria-hidden=\"true\"><\/span>\t\t\t\t\t\t\t<\/div>\n\t\t\t\t\t\t<\/div>\n\t\t\t\t\t<\/div>\n\t\t\t\t<\/div>\n\n\t\t\t<div\n\t\t\t\tclass=\"sow-accordion-panel-content\"\n\t\t\t\trole=\"region\"\n\t\t\t\taria-labelledby=\"accordion-label-2026\"\n\t\t\t\tid=\"accordion-content-2026\"\n\t\t\t\tstyle=\"display: none;\"\t\t\t>\n\t\t\t\t<div class=\"sow-accordion-panel-border\" tabindex=\"0\">\n\t\t\t\t\t<p><a href=\"http:\/\/www2.uepg.br\/ppgel\/wp-content\/uploads\/sites\/68\/2026\/08\/Pedro-Henrique-Repula-1.pdf\">Pedro Henrique Repula - <span style=\"color: #ff0000\">Dia e hor\u00e1rio alterado<\/span><\/a><\/p>\n<p><a href=\"http:\/\/www2.uepg.br\/ppgel\/wp-content\/uploads\/sites\/68\/2026\/08\/Rafael-Santos.pdf\">Rafael Santos<\/a><\/p>\n<p><a href=\"http:\/\/www2.uepg.br\/ppgel\/wp-content\/uploads\/sites\/68\/2026\/08\/Raya-Louise-Silva-de-Almeida.pdf\">Raya Louise Silva de Almeida<\/a><\/p>\n<p><a href=\"http:\/\/www2.uepg.br\/ppgel\/wp-content\/uploads\/sites\/68\/2026\/07\/CONVITE-PARA-DEFESA-EMANUELLE.pdf\">Emanuelle Correa Wrege<\/a><\/p>\n<p><a href=\"http:\/\/www2.uepg.br\/ppgel\/wp-content\/uploads\/sites\/68\/2026\/04\/Camila-Martins-Ferreira-1.pdf\">Camila Martins Ferreira - <span style=\"color: #ff0000\">Dia e hor\u00e1rio alterado<\/span><\/a><\/p>\n<p><a href=\"http:\/\/www2.uepg.br\/ppgel\/wp-content\/uploads\/sites\/68\/2026\/03\/Maria-Luisa-Bruno-Baumgart.pdf\">Maria Luisa Bruno Baumgart<\/a><\/p>\n<p><a href=\"http:\/\/www2.uepg.br\/ppgel\/wp-content\/uploads\/sites\/68\/2026\/02\/Izabely-da-Cruz-Bicudo.pdf\">Izabely da Cruz Bicudo<\/a><\/p>\n<p><a href=\"http:\/\/www2.uepg.br\/ppgel\/wp-content\/uploads\/sites\/68\/2026\/02\/Catarina-Zarochinski-de-Oliveira.pdf\">Catarina Zarochinski de Oliveira<\/a><\/p>\n<p><a href=\"http:\/\/www2.uepg.br\/ppgel\/wp-content\/uploads\/sites\/68\/2026\/02\/Dayana-Rafaela-Antunes-1.pdf\">Dayana Rafaela Antunes<\/a><\/p>\n<p><a href=\"http:\/\/www2.uepg.br\/ppgel\/wp-content\/uploads\/sites\/68\/2026\/02\/Gisele-Maciel-1.pdf\">Gisele Maciel<\/a><\/p>\n<p><a href=\"http:\/\/www2.uepg.br\/ppgel\/wp-content\/uploads\/sites\/68\/2026\/02\/Angela-dos-Santos-Salto.pdf\">\u00c2ngela dos Santos Salto<\/a><\/p>\n\t\t\t\t<\/div>\n\t\t\t<\/div>\n\t\t<\/div>\n\t\t\t<div class=\"sow-accordion-panel\"\n\t\t\t data-anchor=\"2025\">\n\t\t\t\t<div class=\"sow-accordion-panel-header-container\" role=\"heading\" aria-level=\"2\">\n\t\t\t\t\t<div class=\"sow-accordion-panel-header\" tabindex=\"0\" role=\"button\" id=\"accordion-label-2025\" aria-controls=\"accordion-content-2025\" aria-expanded=\"false\">\n\t\t\t\t\t\t<div class=\"sow-accordion-title sow-accordion-title-icon-left\">\n\t\t\t\t\t\t\t\t\t\t\t\t\t\t2025\t\t\t\t\t\t\t\t\t\t\t\t\t<\/div>\n\t\t\t\t\t\t<div class=\"sow-accordion-open-close-button\">\n\t\t\t\t\t\t\t<div class=\"sow-accordion-open-button\">\n\t\t\t\t\t\t\t\t<span class=\"sow-icon-ionicons\" data-sow-icon=\"&#xf218;\"\n\t\t \n\t\taria-hidden=\"true\"><\/span>\t\t\t\t\t\t\t<\/div>\n\t\t\t\t\t\t\t<div class=\"sow-accordion-close-button\">\n\t\t\t\t\t\t\t\t<span class=\"sow-icon-ionicons\" data-sow-icon=\"&#xf209;\"\n\t\t \n\t\taria-hidden=\"true\"><\/span>\t\t\t\t\t\t\t<\/div>\n\t\t\t\t\t\t<\/div>\n\t\t\t\t\t<\/div>\n\t\t\t\t<\/div>\n\n\t\t\t<div\n\t\t\t\tclass=\"sow-accordion-panel-content\"\n\t\t\t\trole=\"region\"\n\t\t\t\taria-labelledby=\"accordion-label-2025\"\n\t\t\t\tid=\"accordion-content-2025\"\n\t\t\t\tstyle=\"display: none;\"\t\t\t>\n\t\t\t\t<div class=\"sow-accordion-panel-border\" tabindex=\"0\">\n\t\t\t\t\t<p><a href=\"http:\/\/www2.uepg.br\/ppgel\/wp-content\/uploads\/sites\/68\/2025\/09\/Debora-Ferreira-Pinto.pdf\">Debora Ferreira Pinto<\/a><\/p>\n<p><a href=\"http:\/\/www2.uepg.br\/ppgel\/wp-content\/uploads\/sites\/68\/2025\/10\/Felipe-Kalinoski-Ribas.pdf\">Felipe Kalinoski Ribas<\/a><\/p>\n<p><a href=\"http:\/\/www2.uepg.br\/ppgel\/wp-content\/uploads\/sites\/68\/2025\/09\/Francielly-da-Rosa.pdf\">Francielly da Rosa<\/a><\/p>\n<p><a href=\"http:\/\/www2.uepg.br\/ppgel\/wp-content\/uploads\/sites\/68\/2025\/09\/Adriele-Karla-Artusi-Leonor.pdf\">Adriele Karla Artusi Leonor<\/a><\/p>\n<p><a href=\"http:\/\/www2.uepg.br\/ppgel\/wp-content\/uploads\/sites\/68\/2025\/09\/Fernanda-de-Fatima-Geremias.pdf\">Fernanda de F\u00e1tima Geremias<\/a><\/p>\n<p><a href=\"http:\/\/www2.uepg.br\/ppgel\/wp-content\/uploads\/sites\/68\/2025\/09\/Maria-Fernanda-Rodrigues-Soares-1.pdf\">Maria Fernanda Rodrigues Soares<\/a><\/p>\n<p><a href=\"http:\/\/www2.uepg.br\/ppgel\/wp-content\/uploads\/sites\/68\/2025\/09\/Andrya-Taynara-Leal-dos-Santos.pdf\">Andrya Taynara Leal dos Santos<\/a><\/p>\n<p><a href=\"http:\/\/www2.uepg.br\/ppgel\/wp-content\/uploads\/sites\/68\/2025\/08\/Cesar-Paulo-da-Silva.pdf\">C\u00e9sar Paulo da Silva<\/a><\/p>\n<p><a href=\"http:\/\/www2.uepg.br\/ppgel\/wp-content\/uploads\/sites\/68\/2025\/06\/Beatriz-Fernandes-Ferreira-Portela.pdf\">Beatriz Fernandes Ferreira Portela<\/a><\/p>\n<p><a href=\"http:\/\/www2.uepg.br\/ppgel\/wp-content\/uploads\/sites\/68\/2025\/06\/Lucas-Dams-Bertoli-1.pdf\">Lucas Dams Bertoli<\/a><\/p>\n<p><a href=\"http:\/\/www2.uepg.br\/ppgel\/wp-content\/uploads\/sites\/68\/2025\/05\/Emely-Andrieli-Goncalves-Sloniak.pdf\">Emely Andrieli Goncalves Sloniak<\/a><\/p>\n<p><a href=\"http:\/\/www2.uepg.br\/ppgel\/wp-content\/uploads\/sites\/68\/2025\/05\/Gabriela-Moreira-dos-Santos-Simoes.pdf\">Gabriela Moreira dos Santos Sim\u00f5es<\/a><\/p>\n<p><a href=\"http:\/\/www2.uepg.br\/ppgel\/wp-content\/uploads\/sites\/68\/2025\/04\/Larissa-Natalia-Silva.pdf\">Larissa Nat\u00e1lia Silva<\/a><\/p>\n<p><a href=\"http:\/\/www2.uepg.br\/ppgel\/wp-content\/uploads\/sites\/68\/2025\/03\/Brenda-Soares-Rezende.pdf\">Brenda Soares Rezende<\/a><\/p>\n\t\t\t\t<\/div>\n\t\t\t<\/div>\n\t\t<\/div>\n\t\t\t<div class=\"sow-accordion-panel\"\n\t\t\t data-anchor=\"2024\">\n\t\t\t\t<div class=\"sow-accordion-panel-header-container\" role=\"heading\" aria-level=\"2\">\n\t\t\t\t\t<div class=\"sow-accordion-panel-header\" tabindex=\"0\" role=\"button\" id=\"accordion-label-2024\" aria-controls=\"accordion-content-2024\" aria-expanded=\"false\">\n\t\t\t\t\t\t<div class=\"sow-accordion-title sow-accordion-title-icon-left\">\n\t\t\t\t\t\t\t\t\t\t\t\t\t\t2024\t\t\t\t\t\t\t\t\t\t\t\t\t<\/div>\n\t\t\t\t\t\t<div class=\"sow-accordion-open-close-button\">\n\t\t\t\t\t\t\t<div class=\"sow-accordion-open-button\">\n\t\t\t\t\t\t\t\t<span class=\"sow-icon-ionicons\" data-sow-icon=\"&#xf218;\"\n\t\t \n\t\taria-hidden=\"true\"><\/span>\t\t\t\t\t\t\t<\/div>\n\t\t\t\t\t\t\t<div class=\"sow-accordion-close-button\">\n\t\t\t\t\t\t\t\t<span class=\"sow-icon-ionicons\" data-sow-icon=\"&#xf209;\"\n\t\t \n\t\taria-hidden=\"true\"><\/span>\t\t\t\t\t\t\t<\/div>\n\t\t\t\t\t\t<\/div>\n\t\t\t\t\t<\/div>\n\t\t\t\t<\/div>\n\n\t\t\t<div\n\t\t\t\tclass=\"sow-accordion-panel-content\"\n\t\t\t\trole=\"region\"\n\t\t\t\taria-labelledby=\"accordion-label-2024\"\n\t\t\t\tid=\"accordion-content-2024\"\n\t\t\t\tstyle=\"display: none;\"\t\t\t>\n\t\t\t\t<div class=\"sow-accordion-panel-border\" tabindex=\"0\">\n\t\t\t\t\t<p><a href=\"http:\/\/www2.uepg.br\/ppgel\/wp-content\/uploads\/sites\/68\/2024\/11\/Ingrid-Ribeiro-Olanda-Bonifacio-1.pdf\">Ingrid Ribeiro Olanda Bonifacio - <span style=\"color: #ff0000\">NOVA DATA<\/span><\/a><\/p>\n<p><a href=\"http:\/\/www2.uepg.br\/ppgel\/wp-content\/uploads\/sites\/68\/2024\/10\/Monica-Alves-da-Silva.pdf\">M\u00f4nica Alves da Silva<\/a><\/p>\n<p><a href=\"http:\/\/www2.uepg.br\/ppgel\/wp-content\/uploads\/sites\/68\/2024\/09\/Larissa-de-Medeiros.pdf\">Larissa de Medeiros<\/a><\/p>\n<p><a href=\"http:\/\/www2.uepg.br\/ppgel\/wp-content\/uploads\/sites\/68\/2024\/08\/Mayara-Godoy-Mendes.pdf\">Mayara Godoy Mendes<\/a><\/p>\n<p><a href=\"http:\/\/www2.uepg.br\/ppgel\/wp-content\/uploads\/sites\/68\/2024\/07\/Tayna-Maria-Coelho-Bugai.pdf\">Tayn\u00e1 Maria Coelho Bugai<\/a><\/p>\n<p><a href=\"http:\/\/www2.uepg.br\/ppgel\/wp-content\/uploads\/sites\/68\/2024\/04\/Fernanda-Cristina-da-Silva-Oro-Ghilberto.pdf\">Fernanda Cristina da Silva Oro Ghilberto - <span style=\"color: #ff0000\">NOVA DATA<\/span><\/a><\/p>\n<p><a href=\"http:\/\/www2.uepg.br\/ppgel\/wp-content\/uploads\/sites\/68\/2024\/05\/Lidiane-Kingeski-Garbuio-1.pdf\">Lidiane Kingeski Garbuio<\/a> -<span style=\"color: #ff0000\"> NOVO LINK<\/span><\/p>\n<p><a href=\"http:\/\/www2.uepg.br\/ppgel\/wp-content\/uploads\/sites\/68\/2024\/03\/CONVITE-PRISCILA.pdf\">Priscila Vaz Mendes Carneiro<\/a><\/p>\n<p><a href=\"http:\/\/www2.uepg.br\/ppgel\/wp-content\/uploads\/sites\/68\/2024\/03\/Taina-Rainele-Siqueira-Cordeiro-1.pdf\">Tain\u00e1 Rainele Siqueira Cordeiro<\/a><\/p>\n<p><a href=\"http:\/\/www2.uepg.br\/ppgel\/wp-content\/uploads\/sites\/68\/2024\/02\/Leonardo-Sinckiewicz-Carrera-Guisantes.pdf\">Leonardo Sinckiewicz Carrera Guisantes<\/a><\/p>\n<p><a href=\"http:\/\/www2.uepg.br\/ppgel\/wp-content\/uploads\/sites\/68\/2024\/02\/Yohana-Goncalves-Bonfim.pdf\">Yohana Gon\u00e7alves Bonfim<\/a><\/p>\n\t\t\t\t<\/div>\n\t\t\t<\/div>\n\t\t<\/div>\n\t\t\t<div class=\"sow-accordion-panel\"\n\t\t\t data-anchor=\"2023\">\n\t\t\t\t<div class=\"sow-accordion-panel-header-container\" role=\"heading\" aria-level=\"2\">\n\t\t\t\t\t<div class=\"sow-accordion-panel-header\" tabindex=\"0\" role=\"button\" id=\"accordion-label-2023\" aria-controls=\"accordion-content-2023\" aria-expanded=\"false\">\n\t\t\t\t\t\t<div class=\"sow-accordion-title sow-accordion-title-icon-left\">\n\t\t\t\t\t\t\t\t\t\t\t\t\t\t2023\t\t\t\t\t\t\t\t\t\t\t\t\t<\/div>\n\t\t\t\t\t\t<div class=\"sow-accordion-open-close-button\">\n\t\t\t\t\t\t\t<div class=\"sow-accordion-open-button\">\n\t\t\t\t\t\t\t\t<span class=\"sow-icon-ionicons\" data-sow-icon=\"&#xf218;\"\n\t\t \n\t\taria-hidden=\"true\"><\/span>\t\t\t\t\t\t\t<\/div>\n\t\t\t\t\t\t\t<div class=\"sow-accordion-close-button\">\n\t\t\t\t\t\t\t\t<span class=\"sow-icon-ionicons\" data-sow-icon=\"&#xf209;\"\n\t\t \n\t\taria-hidden=\"true\"><\/span>\t\t\t\t\t\t\t<\/div>\n\t\t\t\t\t\t<\/div>\n\t\t\t\t\t<\/div>\n\t\t\t\t<\/div>\n\n\t\t\t<div\n\t\t\t\tclass=\"sow-accordion-panel-content\"\n\t\t\t\trole=\"region\"\n\t\t\t\taria-labelledby=\"accordion-label-2023\"\n\t\t\t\tid=\"accordion-content-2023\"\n\t\t\t\tstyle=\"display: none;\"\t\t\t>\n\t\t\t\t<div class=\"sow-accordion-panel-border\" tabindex=\"0\">\n\t\t\t\t\t<p><a href=\"http:\/\/www2.uepg.br\/ppgel\/wp-content\/uploads\/sites\/68\/2023\/11\/Jessica-Lauber-novo.pdf\">Jessica-Lauber - <span style=\"color: #ff0000\">Adiantada para 19\/12\/2023 \u00e0s 14:30-<\/span><\/a><\/p>\n<p><a href=\"http:\/\/www2.uepg.br\/ppgel\/wp-content\/uploads\/sites\/68\/2023\/12\/Lincoln-Felipe-Freitas.pdf\">Lincoln Felipe Freitas- <span style=\"color: #ff0000\">(Altera\u00e7\u00e3o no hor\u00e1rio e ser\u00e1 on line)<\/span><\/a><\/p>\n<p><a href=\"http:\/\/www2.uepg.br\/ppgel\/wp-content\/uploads\/sites\/68\/2023\/11\/Miria-Noeliza-Vieira-.pdf\">Miri\u00e3 Noeliza Vieira<\/a><\/p>\n<p><a href=\"http:\/\/www2.uepg.br\/ppgel\/wp-content\/uploads\/sites\/68\/2023\/11\/Indianara-Priscila-dos-Santos.pdf\">Indianara Priscila dos Santos<\/a><\/p>\n<p><a href=\"http:\/\/www2.uepg.br\/ppgel\/wp-content\/uploads\/sites\/68\/2023\/11\/Luis-Gabriel-da-Silva-Ferreira.pdf\">Lu\u00eds Gabriel da Silva Ferreira<\/a><\/p>\n<p><a href=\"http:\/\/www2.uepg.br\/ppgel\/wp-content\/uploads\/sites\/68\/2023\/11\/Adriely-Alberty-Reichert-Gomes-de-Almeida.pdf\">Adriely Alberty Reichert Gomes de Almeida<\/a><\/p>\n<p><a href=\"http:\/\/www2.uepg.br\/ppgel\/wp-content\/uploads\/sites\/68\/2023\/10\/Alessandra-Moraes-de-Andrade-Claros.pdf\">Alessandra Moraes de Andrade Claros<\/a><\/p>\n<p><a href=\"http:\/\/www2.uepg.br\/ppgel\/wp-content\/uploads\/sites\/68\/2023\/09\/Bruna-Caroline-Machado-do-Nascimento-1.pdf\">Bruna Caroline Machado do Nascimento - <span style=\"color: #ff0000\">Altera\u00e7\u00e3o de data e hor\u00e1rio<\/span><\/a><\/p>\n<p><a href=\"http:\/\/www2.uepg.br\/ppgel\/wp-content\/uploads\/sites\/68\/2023\/08\/Sandi-Patricia-Possebam.pdf\">Sandi Patr\u00edcia Possebam<\/a><\/p>\n<p><a href=\"http:\/\/www2.uepg.br\/ppgel\/wp-content\/uploads\/sites\/68\/2023\/08\/Sandra-Augusto-Silva-1.pdf\">Sandra Augusto Silva<\/a><\/p>\n<p><a href=\"http:\/\/www2.uepg.br\/ppgel\/wp-content\/uploads\/sites\/68\/2023\/08\/Vanessa-Giroldo-Vieira.pdf\">Vanessa Giroldo Vieira<\/a><\/p>\n<p><a href=\"http:\/\/www2.uepg.br\/ppgel\/wp-content\/uploads\/sites\/68\/2023\/08\/Luana-Pihurski-Florentino.pdf\">Luana Pihurski Florentino<\/a><\/p>\n<p><a href=\"http:\/\/www2.uepg.br\/ppgel\/wp-content\/uploads\/sites\/68\/2023\/05\/Noemi-de-Oliveira.pdf\">Noemi de Oliveira<\/a><\/p>\n<p><a href=\"http:\/\/www2.uepg.br\/ppgel\/wp-content\/uploads\/sites\/68\/2023\/05\/Francieli-de-Ramos.pdf\">Francieli de Ramos<\/a><\/p>\n<p><a href=\"http:\/\/www2.uepg.br\/ppgel\/wp-content\/uploads\/sites\/68\/2023\/05\/Kelvin-Tadeu-Russi-Colc.pdf\">Kelvin Tadeu Russi Colc<\/a><\/p>\n<p><a href=\"http:\/\/www2.uepg.br\/ppgel\/wp-content\/uploads\/sites\/68\/2023\/05\/Jorge-Paulo-dos-Santos.pdf\">Jorge Paulo dos Santos<\/a><\/p>\n<p><a href=\"http:\/\/www2.uepg.br\/ppgel\/wp-content\/uploads\/sites\/68\/2023\/04\/Fabiely-da-Silva-Barbosa.pdf\">Fabiely da Silva Barbosa<\/a><\/p>\n<p><a href=\"http:\/\/www2.uepg.br\/ppgel\/wp-content\/uploads\/sites\/68\/2023\/04\/Regina-Aparecida-Kosi-dos-Santos.pdf\">Regina Aparecida Kosi dos Santos - <span style=\"color: #ff0000\">Altera\u00e7\u00e3o na data<\/span><\/a><\/p>\n<p><a href=\"http:\/\/www2.uepg.br\/ppgel\/wp-content\/uploads\/sites\/68\/2023\/03\/Felipe-Coelho.pdf\">Felipe Coelho<\/a><\/p>\n<p><a href=\"http:\/\/www2.uepg.br\/ppgel\/wp-content\/uploads\/sites\/68\/2023\/03\/Clara-do-Prado-Patricio.pdf\">Clara do Prado Patr\u00edcio<\/a><\/p>\n<p><a href=\"http:\/\/www2.uepg.br\/ppgel\/wp-content\/uploads\/sites\/68\/2023\/03\/Igor-Antonio-Barreto.pdf\">Igor Ant\u00f4nio Barreto<\/a><\/p>\n<p><a href=\"http:\/\/www2.uepg.br\/ppgel\/wp-content\/uploads\/sites\/68\/2023\/02\/Leni-Aparecida-Kadamos.pdf\">Leni Aparecida Kadamos<\/a><\/p>\n<p><a href=\"http:\/\/www2.uepg.br\/ppgel\/wp-content\/uploads\/sites\/68\/2023\/02\/Alvaro-Franco-da-Fonseca-Junior.pdf\">\u00c1lvaro Franco da Fonseca J\u00fanior<\/a><\/p>\n\t\t\t\t<\/div>\n\t\t\t<\/div>\n\t\t<\/div>\n\t\t\t<div class=\"sow-accordion-panel\"\n\t\t\t data-anchor=\"2022\">\n\t\t\t\t<div class=\"sow-accordion-panel-header-container\" role=\"heading\" aria-level=\"2\">\n\t\t\t\t\t<div class=\"sow-accordion-panel-header\" tabindex=\"0\" role=\"button\" id=\"accordion-label-2022\" aria-controls=\"accordion-content-2022\" aria-expanded=\"false\">\n\t\t\t\t\t\t<div class=\"sow-accordion-title sow-accordion-title-icon-left\">\n\t\t\t\t\t\t\t\t\t\t\t\t\t\t2022\t\t\t\t\t\t\t\t\t\t\t\t\t<\/div>\n\t\t\t\t\t\t<div class=\"sow-accordion-open-close-button\">\n\t\t\t\t\t\t\t<div class=\"sow-accordion-open-button\">\n\t\t\t\t\t\t\t\t<span class=\"sow-icon-ionicons\" data-sow-icon=\"&#xf218;\"\n\t\t \n\t\taria-hidden=\"true\"><\/span>\t\t\t\t\t\t\t<\/div>\n\t\t\t\t\t\t\t<div class=\"sow-accordion-close-button\">\n\t\t\t\t\t\t\t\t<span class=\"sow-icon-ionicons\" data-sow-icon=\"&#xf209;\"\n\t\t \n\t\taria-hidden=\"true\"><\/span>\t\t\t\t\t\t\t<\/div>\n\t\t\t\t\t\t<\/div>\n\t\t\t\t\t<\/div>\n\t\t\t\t<\/div>\n\n\t\t\t<div\n\t\t\t\tclass=\"sow-accordion-panel-content\"\n\t\t\t\trole=\"region\"\n\t\t\t\taria-labelledby=\"accordion-label-2022\"\n\t\t\t\tid=\"accordion-content-2022\"\n\t\t\t\tstyle=\"display: none;\"\t\t\t>\n\t\t\t\t<div class=\"sow-accordion-panel-border\" tabindex=\"0\">\n\t\t\t\t\t<p><a href=\"http:\/\/www2.uepg.br\/ppgel\/wp-content\/uploads\/sites\/68\/2022\/11\/Alexandre-Kuaray-de-Quadros.pdf\">Alexandre Kuaray de Quadros<\/a><\/p>\n<p><a href=\"http:\/\/www2.uepg.br\/ppgel\/wp-content\/uploads\/sites\/68\/2022\/11\/Aline-Rodrigues-Neves.pdf\">Aline Rodrigues Neves<\/a><\/p>\n<p><a href=\"http:\/\/www2.uepg.br\/ppgel\/wp-content\/uploads\/sites\/68\/2022\/11\/Roseli-Vaz-de-Almeida-1.pdf\">Roseli Vaz de Almeida- <span style=\"color: #ff0000\">Dia e hor\u00e1rio alterado\u00a0<\/span><\/a><\/p>\n<p><a href=\"http:\/\/www2.uepg.br\/ppgel\/wp-content\/uploads\/sites\/68\/2022\/11\/Karolina-Ferreira-Bicalho-Horario-alterado.pdf\">Karolina Ferreira Bicalho - <span style=\"color: #ff0000\">Hor\u00e1rio alterado<\/span><\/a><\/p>\n<p><a href=\"http:\/\/www2.uepg.br\/ppgel\/wp-content\/uploads\/sites\/68\/2022\/08\/Bhianca-Moro-Portella-3.pdf\">Bhianca Moro Portella- Hor\u00e1rio alterado<\/a><\/p>\n<p><a href=\"http:\/\/www2.uepg.br\/ppgel\/wp-content\/uploads\/sites\/68\/2022\/06\/Leticia-Camargo-Almeida.pdf\">Let\u00edcia Camargo Almeida<\/a><\/p>\n<p><a href=\"http:\/\/www2.uepg.br\/ppgel\/wp-content\/uploads\/sites\/68\/2022\/06\/Mayara-do-Rocio-Lima-Gaspar.pdf\">Mayara do Rocio Lima Gaspar<\/a><\/p>\n<p><a href=\"http:\/\/www2.uepg.br\/ppgel\/wp-content\/uploads\/sites\/68\/2022\/06\/Meriliane-de-Lima.pdf\">Meriliane de Lima<\/a><\/p>\n<p><a href=\"http:\/\/www2.uepg.br\/ppgel\/wp-content\/uploads\/sites\/68\/2022\/06\/Veridiana-Valeska-Ribas.pdf\">Veridiana Valeska Ribas<\/a><\/p>\n<p><a href=\"http:\/\/www2.uepg.br\/ppgel\/wp-content\/uploads\/sites\/68\/2022\/05\/Ro-Freitas-de-Oliveira-2.pdf\">Ro Freitas de Oliveira<\/a><\/p>\n<p><a href=\"http:\/\/www2.uepg.br\/ppgel\/wp-content\/uploads\/sites\/68\/2022\/05\/Karine-de-Lara-Cabral-Nunes.pdf\">Karine de Lara Cabral Nunes<\/a><\/p>\n<p><a href=\"http:\/\/www2.uepg.br\/ppgel\/wp-content\/uploads\/sites\/68\/2022\/03\/Fatima-Maria-Aparecida-Ruvinski-Kuzma-3.pdf\">F\u00e1tima Maria Aparecida Ruvinski Kuzma<\/a><\/p>\n<p><a href=\"http:\/\/www2.uepg.br\/ppgel\/wp-content\/uploads\/sites\/68\/2022\/03\/Tais-Almeida-de-Camargo-3.pdf\">Ta\u00eds Almeida de Camargo<\/a><\/p>\n<p><a href=\"http:\/\/www2.uepg.br\/ppgel\/wp-content\/uploads\/sites\/68\/2022\/03\/Luara-Rodrigues-Real-Retificado.pdf\">Luara Rodrigues Real - Retificado<\/a><\/p>\n\t\t\t\t<\/div>\n\t\t\t<\/div>\n\t\t<\/div>\n\t\t\t<div class=\"sow-accordion-panel\"\n\t\t\t data-anchor=\"2021\">\n\t\t\t\t<div class=\"sow-accordion-panel-header-container\" role=\"heading\" aria-level=\"2\">\n\t\t\t\t\t<div class=\"sow-accordion-panel-header\" tabindex=\"0\" role=\"button\" id=\"accordion-label-2021\" aria-controls=\"accordion-content-2021\" aria-expanded=\"false\">\n\t\t\t\t\t\t<div class=\"sow-accordion-title sow-accordion-title-icon-left\">\n\t\t\t\t\t\t\t\t\t\t\t\t\t\t2021\t\t\t\t\t\t\t\t\t\t\t\t\t<\/div>\n\t\t\t\t\t\t<div class=\"sow-accordion-open-close-button\">\n\t\t\t\t\t\t\t<div class=\"sow-accordion-open-button\">\n\t\t\t\t\t\t\t\t<span class=\"sow-icon-ionicons\" data-sow-icon=\"&#xf218;\"\n\t\t \n\t\taria-hidden=\"true\"><\/span>\t\t\t\t\t\t\t<\/div>\n\t\t\t\t\t\t\t<div class=\"sow-accordion-close-button\">\n\t\t\t\t\t\t\t\t<span class=\"sow-icon-ionicons\" data-sow-icon=\"&#xf209;\"\n\t\t \n\t\taria-hidden=\"true\"><\/span>\t\t\t\t\t\t\t<\/div>\n\t\t\t\t\t\t<\/div>\n\t\t\t\t\t<\/div>\n\t\t\t\t<\/div>\n\n\t\t\t<div\n\t\t\t\tclass=\"sow-accordion-panel-content\"\n\t\t\t\trole=\"region\"\n\t\t\t\taria-labelledby=\"accordion-label-2021\"\n\t\t\t\tid=\"accordion-content-2021\"\n\t\t\t\tstyle=\"display: none;\"\t\t\t>\n\t\t\t\t<div class=\"sow-accordion-panel-border\" tabindex=\"0\">\n\t\t\t\t\t<p><a href=\"http:\/\/www2.uepg.br\/ppgel\/wp-content\/uploads\/sites\/68\/2021\/10\/Valeria-Camara-da-Silva-1.pdf\">Val\u00e9ria C\u00e2mara da Silva<\/a><\/p>\n<p><a href=\"http:\/\/www2.uepg.br\/ppgel\/wp-content\/uploads\/sites\/68\/2021\/09\/Murilo-Roberto-Sansana.pdf\">Murilo Roberto Sansana<\/a><\/p>\n<p><a href=\"http:\/\/www2.uepg.br\/ppgel\/wp-content\/uploads\/sites\/68\/2021\/09\/Daniele-Aparecida-Barbosa-Zenz-1.pdf\">Daniele Aparecida Barbosa Zenz<\/a><\/p>\n<p><a href=\"http:\/\/www2.uepg.br\/ppgel\/wp-content\/uploads\/sites\/68\/2021\/09\/Carla-Fernanda-Stumf-Murialdo.pdf\">Carla Fernanda Stumf Murialdo<\/a><\/p>\n<p><a href=\"http:\/\/www2.uepg.br\/ppgel\/wp-content\/uploads\/sites\/68\/2021\/09\/Claudio-Fernandes-Baranhuke-Junior.pdf\">Cl\u00e1udio Fernandes Baranhuke Junior<\/a><\/p>\n<p><a href=\"http:\/\/www2.uepg.br\/ppgel\/wp-content\/uploads\/sites\/68\/2021\/09\/Brenda-Stephanie-de-Araujo-Antunes.pdf\">Brenda Stephanie de Araujo Antunes<\/a><\/p>\n<p><a href=\"http:\/\/www2.uepg.br\/ppgel\/wp-content\/uploads\/sites\/68\/2021\/09\/Tamires-Dias-Mendes-Carmo-3.pdf\">Tamires Dias Mendes Carmo<\/a><\/p>\n<p><a href=\"http:\/\/www2.uepg.br\/ppgel\/wp-content\/uploads\/sites\/68\/2021\/09\/Midori-Nancy-Arasaki-Chang-2.pdf\">Midori Nancy Arasaki Chang <\/a><\/p>\n<p><a href=\"http:\/\/www2.uepg.br\/ppgel\/wp-content\/uploads\/sites\/68\/2021\/08\/Allyne-Urbanski.pdf\">Allyne Urbanski<\/a><\/p>\n<p><a href=\"http:\/\/www2.uepg.br\/ppgel\/wp-content\/uploads\/sites\/68\/2021\/08\/Giuvane-de-Souza-Kluppel-1.pdf\">Giuvane de Souza Kl\u00fcppel <\/a><\/p>\n<p><a href=\"http:\/\/www2.uepg.br\/ppgel\/wp-content\/uploads\/sites\/68\/2021\/08\/Ana-Leticia-Carneiro-de-Oliveira-1.pdf\">Ana Let\u00edcia Carneiro de Oliveira<\/a><\/p>\n<p><a href=\"http:\/\/www2.uepg.br\/ppgel\/wp-content\/uploads\/sites\/68\/2021\/06\/Rictor-de-Oliveira-Dantas.pdf\">R\u00edctor de Oliveira Dantas<\/a><\/p>\n<p><a href=\"http:\/\/www2.uepg.br\/ppgel\/wp-content\/uploads\/sites\/68\/2021\/06\/Camyla-Aparecida-Mello-Ferreira.pdf\">Camyla Aparecida Mello Ferreira<\/a><\/p>\n<p><a href=\"http:\/\/www2.uepg.br\/ppgel\/wp-content\/uploads\/sites\/68\/2021\/06\/Heloisa-Kosinski-1-2.pdf\">Helo\u00edsa Kosinski <\/a><\/p>\n<p><a href=\"http:\/\/www2.uepg.br\/ppgel\/wp-content\/uploads\/sites\/68\/2021\/06\/Liliam-Aparecida-de-Moura-1.pdf\">L\u00edliam Aparecida de Moura<\/a><\/p>\n<p><a href=\"http:\/\/www2.uepg.br\/ppgel\/wp-content\/uploads\/sites\/68\/2021\/06\/Luis-Antonio-Kovatzki-3.pdf\">Lu\u00eds Ant\u00f4nio Kovatzki - Hor\u00e1rio corrigido<\/a><\/p>\n<p><a href=\"http:\/\/www2.uepg.br\/ppgel\/wp-content\/uploads\/sites\/68\/2021\/03\/Natacha-Iria-Pereira-Lopes.pdf\">Natacha Iria Pereira Lopes<\/a><\/p>\n<p><a href=\"http:\/\/www2.uepg.br\/ppgel\/wp-content\/uploads\/sites\/68\/2021\/03\/Ramon-Felipe-Rochi.pdf\">Ramon Felipe Ronchi<\/a><\/p>\n<p><a href=\"http:\/\/www2.uepg.br\/ppgel\/wp-content\/uploads\/sites\/68\/2021\/03\/Henrique-Barbosa-Borgato-1.pdf\">Henrique Barbosa Borgato <\/a><\/p>\n<p><a href=\"http:\/\/www2.uepg.br\/ppgel\/wp-content\/uploads\/sites\/68\/2021\/03\/Samantha-Schafer.pdf\">Samantha Sch\u00e4fer<\/a><\/p>\n<p><a href=\"http:\/\/www2.uepg.br\/ppgel\/wp-content\/uploads\/sites\/68\/2021\/02\/Daiane-Pereira-Xavier.pdf\">Daiane Pereira Xavier<\/a><\/p>\n\t\t\t\t<\/div>\n\t\t\t<\/div>\n\t\t<\/div>\n\t\t\t<div class=\"sow-accordion-panel\"\n\t\t\t data-anchor=\"2020\">\n\t\t\t\t<div class=\"sow-accordion-panel-header-container\" role=\"heading\" aria-level=\"2\">\n\t\t\t\t\t<div class=\"sow-accordion-panel-header\" tabindex=\"0\" role=\"button\" id=\"accordion-label-2020\" aria-controls=\"accordion-content-2020\" aria-expanded=\"false\">\n\t\t\t\t\t\t<div class=\"sow-accordion-title sow-accordion-title-icon-left\">\n\t\t\t\t\t\t\t\t\t\t\t\t\t\t2020\t\t\t\t\t\t\t\t\t\t\t\t\t<\/div>\n\t\t\t\t\t\t<div class=\"sow-accordion-open-close-button\">\n\t\t\t\t\t\t\t<div class=\"sow-accordion-open-button\">\n\t\t\t\t\t\t\t\t<span class=\"sow-icon-ionicons\" data-sow-icon=\"&#xf218;\"\n\t\t \n\t\taria-hidden=\"true\"><\/span>\t\t\t\t\t\t\t<\/div>\n\t\t\t\t\t\t\t<div class=\"sow-accordion-close-button\">\n\t\t\t\t\t\t\t\t<span class=\"sow-icon-ionicons\" data-sow-icon=\"&#xf209;\"\n\t\t \n\t\taria-hidden=\"true\"><\/span>\t\t\t\t\t\t\t<\/div>\n\t\t\t\t\t\t<\/div>\n\t\t\t\t\t<\/div>\n\t\t\t\t<\/div>\n\n\t\t\t<div\n\t\t\t\tclass=\"sow-accordion-panel-content\"\n\t\t\t\trole=\"region\"\n\t\t\t\taria-labelledby=\"accordion-label-2020\"\n\t\t\t\tid=\"accordion-content-2020\"\n\t\t\t\tstyle=\"display: none;\"\t\t\t>\n\t\t\t\t<div class=\"sow-accordion-panel-border\" tabindex=\"0\">\n\t\t\t\t\t<p><strong>Convite para defesa - 2020<\/strong><\/p>\n<p><a href=\"http:\/\/www2.uepg.br\/ppgel\/wp-content\/uploads\/sites\/68\/2020\/11\/ELISANGELA.pdf\">Elisangela Wilchak Queiroz<\/a><\/p>\n<p><a href=\"http:\/\/www2.uepg.br\/ppgel\/wp-content\/uploads\/sites\/68\/2020\/09\/Taciane-Ienk-novo-link.pdf\">Taciane Ienk - novo link<\/a><\/p>\n<p><a href=\"http:\/\/www2.uepg.br\/ppgel\/wp-content\/uploads\/sites\/68\/2020\/08\/Ana-Claudia-Pereira-Andruchiw.pdf\">Ana Claudia Pereira Andruchiw<\/a><\/p>\n<p><a href=\"http:\/\/www2.uepg.br\/ppgel\/wp-content\/uploads\/sites\/68\/2020\/08\/Marcos-Antonio-Kepp.pdf\">Marcos Ant\u00f4nio Kepp<\/a><\/p>\n<p><a href=\"http:\/\/www2.uepg.br\/ppgel\/wp-content\/uploads\/sites\/68\/2020\/08\/Leticia-dos-Santos-Caminha.pdf\">Let\u00edcia dos Santos Caminha<\/a><\/p>\n<p><a href=\"http:\/\/www2.uepg.br\/ppgel\/wp-content\/uploads\/sites\/68\/2020\/07\/Ana-Claudia-Pereira-Andruchiw.pdf\">\u00a0<\/a><a href=\"http:\/\/www2.uepg.br\/ppgel\/wp-content\/uploads\/sites\/68\/2020\/06\/BEATRICE-novo.pdf\" target=\"_blank\" rel=\"noopener\">- Beatrice Elaine dos Santos - ATUALIZADO<\/a><\/p>\n<p>-<a href=\"http:\/\/www2.uepg.br\/ppgel\/wp-content\/uploads\/sites\/68\/2020\/06\/convite_WILLIAN-_corrigido.pdf\" target=\"_blank\" rel=\"noopener\">Willian Mainardes Waiga<\/a><\/p>\n<p>-<a href=\"http:\/\/www2.uepg.br\/ppgel\/wp-content\/uploads\/sites\/68\/2020\/05\/WILLIAN_FERNANDES.pdf\" target=\"_blank\" rel=\"noopener\">Willian Fernandes de Oliveira<\/a><\/p>\n<p>-<a href=\"http:\/\/www2.uepg.br\/ppgel\/wp-content\/uploads\/sites\/68\/2020\/05\/YANE.pdf\" target=\"_blank\" rel=\"noopener\">Yane Scavinski<\/a>\u00a0NOVA DATA<\/p>\n<p>-<a href=\"http:\/\/www2.uepg.br\/ppgel\/wp-content\/uploads\/sites\/68\/2020\/05\/aline.pdf\" target=\"_blank\" rel=\"noopener\">Aline Cezar Schwab<\/a><\/p>\n<p>-<a href=\"http:\/\/www2.uepg.br\/ppgel\/wp-content\/uploads\/sites\/68\/2020\/05\/HELLEN.pdf\" target=\"_blank\" rel=\"noopener\">Hellen Terluk Gnatta<\/a><\/p>\n<p>&nbsp;<\/p>\n\t\t\t\t<\/div>\n\t\t\t<\/div>\n\t\t<\/div>\n\t\t\t<div class=\"sow-accordion-panel\"\n\t\t\t data-anchor=\"2019\">\n\t\t\t\t<div class=\"sow-accordion-panel-header-container\" role=\"heading\" aria-level=\"2\">\n\t\t\t\t\t<div class=\"sow-accordion-panel-header\" tabindex=\"0\" role=\"button\" id=\"accordion-label-2019\" aria-controls=\"accordion-content-2019\" aria-expanded=\"false\">\n\t\t\t\t\t\t<div class=\"sow-accordion-title sow-accordion-title-icon-left\">\n\t\t\t\t\t\t\t\t\t\t\t\t\t\t2019\t\t\t\t\t\t\t\t\t\t\t\t\t<\/div>\n\t\t\t\t\t\t<div class=\"sow-accordion-open-close-button\">\n\t\t\t\t\t\t\t<div class=\"sow-accordion-open-button\">\n\t\t\t\t\t\t\t\t<span class=\"sow-icon-ionicons\" data-sow-icon=\"&#xf218;\"\n\t\t \n\t\taria-hidden=\"true\"><\/span>\t\t\t\t\t\t\t<\/div>\n\t\t\t\t\t\t\t<div class=\"sow-accordion-close-button\">\n\t\t\t\t\t\t\t\t<span class=\"sow-icon-ionicons\" data-sow-icon=\"&#xf209;\"\n\t\t \n\t\taria-hidden=\"true\"><\/span>\t\t\t\t\t\t\t<\/div>\n\t\t\t\t\t\t<\/div>\n\t\t\t\t\t<\/div>\n\t\t\t\t<\/div>\n\n\t\t\t<div\n\t\t\t\tclass=\"sow-accordion-panel-content\"\n\t\t\t\trole=\"region\"\n\t\t\t\taria-labelledby=\"accordion-label-2019\"\n\t\t\t\tid=\"accordion-content-2019\"\n\t\t\t\tstyle=\"display: none;\"\t\t\t>\n\t\t\t\t<div class=\"sow-accordion-panel-border\" tabindex=\"0\">\n\t\t\t\t\t<p><strong>Convite para defesa - 2019<\/strong><br \/>\n-<a href=\"http:\/\/www2.uepg.br\/ppgel\/wp-content\/uploads\/sites\/68\/2020\/05\/Juliana.pdf\" target=\"_blank\" rel=\"noopener\">Juliana Ristow Weiz<\/a><br \/>\n-<a href=\"http:\/\/www2.uepg.br\/ppgel\/wp-content\/uploads\/sites\/68\/2020\/05\/RAMON.pdf\" target=\"_blank\" rel=\"noopener\">Ramon Guillermo Mendes<\/a><br \/>\n- <a href=\"http:\/\/www2.uepg.br\/ppgel\/wp-content\/uploads\/sites\/68\/2020\/05\/EDUARDO.pdf\" target=\"_blank\" rel=\"noopener\">Eduardo Reis de Mello<\/a><br \/>\n- <a href=\"http:\/\/www2.uepg.br\/ppgel\/wp-content\/uploads\/sites\/68\/2020\/05\/KARINE.pdf\" target=\"_blank\" rel=\"noopener\">Karine Mathias D\u00f6ll<\/a><br \/>\n- <a href=\"http:\/\/www2.uepg.br\/ppgel\/wp-content\/uploads\/sites\/68\/2020\/05\/JESSICA.pdf\" target=\"_blank\" rel=\"noopener\">J\u00e9ssica Martins Ara\u00fajo<\/a>\u00a0- RETIFICA\u00c7\u00c3O DE LOCAL<a href=\"https:\/\/www.uepg.br\/mestrados\/mestradolinguagem\/pdf\/2019\/JESSICA.pdf\" target=\"_blank\" rel=\"noopener\"><br \/>\n<\/a>- <a href=\"http:\/\/www2.uepg.br\/ppgel\/wp-content\/uploads\/sites\/68\/2020\/05\/Bianca.pdf\" target=\"_blank\" rel=\"noopener\">Bianca Meira Lopes<\/a><br \/>\n- <a href=\"http:\/\/www2.uepg.br\/ppgel\/wp-content\/uploads\/sites\/68\/2020\/05\/JANEFFER.pdf\" target=\"_blank\" rel=\"noopener\">Janeffer Desselman<\/a><br \/>\n- <a href=\"http:\/\/www2.uepg.br\/ppgel\/wp-content\/uploads\/sites\/68\/2020\/05\/ISABEL.pdf\" target=\"_blank\" rel=\"noopener\">Isabel Cristina Bichinski<\/a><br \/>\n-\u00a0 <a href=\"http:\/\/www2.uepg.br\/ppgel\/wp-content\/uploads\/sites\/68\/2020\/05\/IZABEL.pdf\" target=\"_blank\" rel=\"noopener\">Izabel Sandra de Lima<\/a>- RETIFICADO<br \/>\n- <a href=\"http:\/\/www2.uepg.br\/ppgel\/wp-content\/uploads\/sites\/68\/2020\/05\/KEILA.pdf\" target=\"_blank\" rel=\"noopener\">Keila de Oliveira<\/a><br \/>\n- <a href=\"http:\/\/www2.uepg.br\/ppgel\/wp-content\/uploads\/sites\/68\/2020\/05\/ERICIANE.pdf\">Ericiane Marilisa Ramos<\/a><br \/>\n- <a href=\"http:\/\/www2.uepg.br\/ppgel\/wp-content\/uploads\/sites\/68\/2020\/05\/IUGUSL\u00c1VIA.pdf\">Iugusl\u00e1via Jales Dutra<\/a><br \/>\n- <a href=\"http:\/\/www2.uepg.br\/ppgel\/wp-content\/uploads\/sites\/68\/2020\/05\/LET\u00cdCIA_SCHAVAREM.pdf\">Let\u00edcia do Nascimento Schavarem<\/a><br \/>\n- <a href=\"http:\/\/www2.uepg.br\/ppgel\/wp-content\/uploads\/sites\/68\/2020\/05\/VILMAR.pdf\">Vilmar Junior Wrobel<\/a>\u00a0- RETIFICA\u00c7\u00c3O DO HOR\u00c1RIO<br \/>\n- <a href=\"http:\/\/www2.uepg.br\/ppgel\/wp-content\/uploads\/sites\/68\/2020\/05\/LAURA.pdf\">Laura Cardona Zapata<\/a><br \/>\n- <a href=\"http:\/\/www2.uepg.br\/ppgel\/wp-content\/uploads\/sites\/68\/2020\/05\/EVELIN.pdf\">Evelin Seluchiniak Nunes<\/a><br \/>\n- <a href=\"http:\/\/www2.uepg.br\/ppgel\/wp-content\/uploads\/sites\/68\/2020\/05\/Amanda-Poncio.pdf\">Amanda Poncio<\/a><br \/>\n-<a href=\"http:\/\/www2.uepg.br\/ppgel\/wp-content\/uploads\/sites\/68\/2020\/05\/Joelma.pdf\">\u00a0Joelma de Souza Rocha<\/a>\u00a0- ALTERA\u00c7\u00c3O DE DATA<br \/>\n-\u00a0 <a href=\"http:\/\/www2.uepg.br\/ppgel\/wp-content\/uploads\/sites\/68\/2020\/05\/LET\u00cdCIA_GALV\u00c3O.pdf\">Let\u00edcia de Oliveira Galv\u00e3o<\/a>- RETIFICA\u00c7\u00c3O DO HOR\u00c1RIO<br \/>\n- <a href=\"http:\/\/www2.uepg.br\/ppgel\/wp-content\/uploads\/sites\/68\/2020\/05\/JO\u00c3O_ISRAEL.pdf\">Jo\u00e3o Israel Ribeiro<\/a>\u00a0- RETIFICA\u00c7\u00c3O DO LOCAL<br \/>\n- <a href=\"http:\/\/www2.uepg.br\/ppgel\/wp-content\/uploads\/sites\/68\/2020\/05\/MARIANO.pdf\">Mariano Jeferson Teixeira<\/a><br \/>\n- <a href=\"http:\/\/www2.uepg.br\/ppgel\/wp-content\/uploads\/sites\/68\/2020\/05\/FELIPE_TEODORO.pdf\">Felipe Teodoro Silva<\/a><br \/>\n- <a href=\"http:\/\/www2.uepg.br\/ppgel\/wp-content\/uploads\/sites\/68\/2020\/05\/JOS\u00c9_LU\u00cdS.pdf\">Jos\u00e9 Lu\u00eds Schamne<\/a><br \/>\n- <a href=\"http:\/\/www2.uepg.br\/ppgel\/wp-content\/uploads\/sites\/68\/2020\/05\/VANESSA.pdf\">Vanessa Aparecida Oliveira<\/a><br \/>\n- <a href=\"http:\/\/www2.uepg.br\/ppgel\/wp-content\/uploads\/sites\/68\/2020\/05\/VICTOR.pdf\">Victor Ricardo Romero Masgo<\/a><br \/>\n- <a href=\"http:\/\/www2.uepg.br\/ppgel\/wp-content\/uploads\/sites\/68\/2020\/05\/EMILIANE.pdf\">Emiliane Jaschefsky<\/a>\u00a0- RETIFICA\u00c7\u00c3O DO HOR\u00c1RIO<br \/>\n- <a href=\"http:\/\/www2.uepg.br\/ppgel\/wp-content\/uploads\/sites\/68\/2020\/05\/IVETE.pdf\" target=\"_blank\" rel=\"noopener\">Ivete Oczust Nitek<\/a><br \/>\n-<a href=\"http:\/\/www2.uepg.br\/ppgel\/wp-content\/uploads\/sites\/68\/2020\/05\/FRANCIELE.pdf\">\u00a0Franciele Lubina Kraiczek<\/a><br \/>\n- <a href=\"http:\/\/www2.uepg.br\/ppgel\/wp-content\/uploads\/sites\/68\/2020\/05\/JESSICA_LEVANDOWSKI.pdf\">J\u00e9ssica de F\u00e1tima Levandowski<\/a>\u00a0- NOVA DATA E LOCAL<br \/>\n- <a href=\"http:\/\/www2.uepg.br\/ppgel\/wp-content\/uploads\/sites\/68\/2020\/05\/TATIANE_.pdf\">Tatiane Horst Cardoso<\/a><br \/>\n- <a href=\"http:\/\/www2.uepg.br\/ppgel\/wp-content\/uploads\/sites\/68\/2020\/05\/ALINE_ROSKOSZ.pdf\">Aline Gisele Roskosz Bittencourt<\/a><br \/>\n- <a href=\"http:\/\/www2.uepg.br\/ppgel\/wp-content\/uploads\/sites\/68\/2020\/05\/CLAUDIA_MARIA.pdf\">Claudia Maria Andrade Skrzypietz<\/a><\/p>\n\t\t\t\t<\/div>\n\t\t\t<\/div>\n\t\t<\/div>\n\t\t\t<div class=\"sow-accordion-panel\"\n\t\t\t data-anchor=\"2018\">\n\t\t\t\t<div class=\"sow-accordion-panel-header-container\" role=\"heading\" aria-level=\"2\">\n\t\t\t\t\t<div class=\"sow-accordion-panel-header\" tabindex=\"0\" role=\"button\" id=\"accordion-label-2018\" aria-controls=\"accordion-content-2018\" aria-expanded=\"false\">\n\t\t\t\t\t\t<div class=\"sow-accordion-title sow-accordion-title-icon-left\">\n\t\t\t\t\t\t\t\t\t\t\t\t\t\t2018\t\t\t\t\t\t\t\t\t\t\t\t\t<\/div>\n\t\t\t\t\t\t<div class=\"sow-accordion-open-close-button\">\n\t\t\t\t\t\t\t<div class=\"sow-accordion-open-button\">\n\t\t\t\t\t\t\t\t<span class=\"sow-icon-ionicons\" data-sow-icon=\"&#xf218;\"\n\t\t \n\t\taria-hidden=\"true\"><\/span>\t\t\t\t\t\t\t<\/div>\n\t\t\t\t\t\t\t<div class=\"sow-accordion-close-button\">\n\t\t\t\t\t\t\t\t<span class=\"sow-icon-ionicons\" data-sow-icon=\"&#xf209;\"\n\t\t \n\t\taria-hidden=\"true\"><\/span>\t\t\t\t\t\t\t<\/div>\n\t\t\t\t\t\t<\/div>\n\t\t\t\t\t<\/div>\n\t\t\t\t<\/div>\n\n\t\t\t<div\n\t\t\t\tclass=\"sow-accordion-panel-content\"\n\t\t\t\trole=\"region\"\n\t\t\t\taria-labelledby=\"accordion-label-2018\"\n\t\t\t\tid=\"accordion-content-2018\"\n\t\t\t\tstyle=\"display: none;\"\t\t\t>\n\t\t\t\t<div class=\"sow-accordion-panel-border\" tabindex=\"0\">\n\t\t\t\t\t<p><strong>Convite para defesa - 2018<\/strong><br \/>\n- <a href=\"http:\/\/www2.uepg.br\/ppgel\/wp-content\/uploads\/sites\/68\/2020\/05\/ALICE.pdf\">Alice Joc\u00e9lia Schlem<\/a><br \/>\n- <a href=\"http:\/\/www2.uepg.br\/ppgel\/wp-content\/uploads\/sites\/68\/2020\/05\/PAOLA-GOMES.pdf\">Paola de Souza Gomes Deganutti\u00a0<\/a>- RETIFICA\u00c7\u00c3O DE LOCAL<br \/>\n- <a href=\"http:\/\/www2.uepg.br\/ppgel\/wp-content\/uploads\/sites\/68\/2020\/05\/PAOLA-ONIESKO.pdf\">Paola Clarinda de Freitas Oniesko<\/a><br \/>\n- <a href=\"http:\/\/www2.uepg.br\/ppgel\/wp-content\/uploads\/sites\/68\/2020\/05\/ADRIELE.pdf\">Adriele Siqueira<\/a>\u00a0- RETIFICA\u00c7\u00c3O DE LOCAL<br \/>\n- <a href=\"http:\/\/www2.uepg.br\/ppgel\/wp-content\/uploads\/sites\/68\/2020\/05\/THIAGO.pdf\">Thiago Bittencourt<\/a><br \/>\n- <a href=\"http:\/\/www2.uepg.br\/ppgel\/wp-content\/uploads\/sites\/68\/2020\/05\/SUZIMARA.pdf\">Suzimara Ferreira de Souza<\/a>\u00a0- RETIFICADO<br \/>\n- <a href=\"http:\/\/www2.uepg.br\/ppgel\/wp-content\/uploads\/sites\/68\/2020\/05\/SIMONE.pdf\">Simone Bueno<\/a><br \/>\n- <a href=\"http:\/\/www2.uepg.br\/ppgel\/wp-content\/uploads\/sites\/68\/2020\/05\/RODRIGO.pdf\">Rodrigo Mazer Etto<\/a><br \/>\n- <a href=\"http:\/\/www2.uepg.br\/ppgel\/wp-content\/uploads\/sites\/68\/2020\/05\/MIRELY.pdf\">Mirely Christina Dimbarre\u00a0<\/a>NOVA DATA<br \/>\n- <a href=\"http:\/\/www2.uepg.br\/ppgel\/wp-content\/uploads\/sites\/68\/2020\/05\/MEIRE.pdf\">Meire Anne Alves Bochnia<\/a><br \/>\n- <a href=\"http:\/\/www2.uepg.br\/ppgel\/wp-content\/uploads\/sites\/68\/2020\/05\/REGIANE.pdf\">Regiane de F\u00e1tima Siqueira Alberti<\/a><br \/>\n- <a href=\"http:\/\/www2.uepg.br\/ppgel\/wp-content\/uploads\/sites\/68\/2020\/05\/REGIANE-FERREIRA.pdf\">Regiane Maria Ferreira<\/a>\u00a0- NOVA DATA<br \/>\n- <a href=\"http:\/\/www2.uepg.br\/ppgel\/wp-content\/uploads\/sites\/68\/2020\/05\/PATR\u00cdCIA.pdf\">Patr\u00edcia Ferraz Saeki<\/a><br \/>\n- <a href=\"http:\/\/www2.uepg.br\/ppgel\/wp-content\/uploads\/sites\/68\/2020\/05\/REINALDO.pdf\">Reinaldo Carneiro<\/a><br \/>\n- <a href=\"http:\/\/www2.uepg.br\/ppgel\/wp-content\/uploads\/sites\/68\/2020\/05\/TEMITOPE.pdf\">Temitope Jane Aransiola<\/a><\/p>\n\t\t\t\t<\/div>\n\t\t\t<\/div>\n\t\t<\/div>\n\t\t\t<div class=\"sow-accordion-panel\"\n\t\t\t data-anchor=\"2017\">\n\t\t\t\t<div class=\"sow-accordion-panel-header-container\" role=\"heading\" aria-level=\"2\">\n\t\t\t\t\t<div class=\"sow-accordion-panel-header\" tabindex=\"0\" role=\"button\" id=\"accordion-label-2017\" aria-controls=\"accordion-content-2017\" aria-expanded=\"false\">\n\t\t\t\t\t\t<div class=\"sow-accordion-title sow-accordion-title-icon-left\">\n\t\t\t\t\t\t\t\t\t\t\t\t\t\t2017\t\t\t\t\t\t\t\t\t\t\t\t\t<\/div>\n\t\t\t\t\t\t<div class=\"sow-accordion-open-close-button\">\n\t\t\t\t\t\t\t<div class=\"sow-accordion-open-button\">\n\t\t\t\t\t\t\t\t<span class=\"sow-icon-ionicons\" data-sow-icon=\"&#xf218;\"\n\t\t \n\t\taria-hidden=\"true\"><\/span>\t\t\t\t\t\t\t<\/div>\n\t\t\t\t\t\t\t<div class=\"sow-accordion-close-button\">\n\t\t\t\t\t\t\t\t<span class=\"sow-icon-ionicons\" data-sow-icon=\"&#xf209;\"\n\t\t \n\t\taria-hidden=\"true\"><\/span>\t\t\t\t\t\t\t<\/div>\n\t\t\t\t\t\t<\/div>\n\t\t\t\t\t<\/div>\n\t\t\t\t<\/div>\n\n\t\t\t<div\n\t\t\t\tclass=\"sow-accordion-panel-content\"\n\t\t\t\trole=\"region\"\n\t\t\t\taria-labelledby=\"accordion-label-2017\"\n\t\t\t\tid=\"accordion-content-2017\"\n\t\t\t\tstyle=\"display: none;\"\t\t\t>\n\t\t\t\t<div class=\"sow-accordion-panel-border\" tabindex=\"0\">\n\t\t\t\t\t<p>Convite para defesa - Setembro 2017<br \/>\n- <a href=\"http:\/\/www2.uepg.br\/ppgel\/wp-content\/uploads\/sites\/68\/2020\/05\/CAMILLE.pdf\" target=\"_blank\" rel=\"noopener\">Camille Ferreira<\/a><br \/>\n- <a href=\"http:\/\/www2.uepg.br\/ppgel\/wp-content\/uploads\/sites\/68\/2020\/05\/RHUAN.pdf\">Rhuan Felipe Scoma\u00e7\u00e3o da Silva<\/a><br \/>\n- <a href=\"http:\/\/www2.uepg.br\/ppgel\/wp-content\/uploads\/sites\/68\/2020\/05\/PHELLIP.pdf\">Phellip Willian de Paula Gruber<\/a><br \/>\n- <a href=\"http:\/\/www2.uepg.br\/ppgel\/wp-content\/uploads\/sites\/68\/2020\/05\/CAROLINA.pdf\">Carolina Correia Machado<\/a><br \/>\n- <a href=\"http:\/\/www2.uepg.br\/ppgel\/wp-content\/uploads\/sites\/68\/2020\/05\/JEANINE.pdf\">Jeanine Geraldo Javarez<\/a><br \/>\n- <a href=\"http:\/\/www2.uepg.br\/ppgel\/wp-content\/uploads\/sites\/68\/2020\/05\/EMANUELLE.-1.pdf\">Emanuelle Alves Adacheski<\/a><br \/>\n- <a href=\"http:\/\/www2.uepg.br\/ppgel\/wp-content\/uploads\/sites\/68\/2020\/05\/JOS\u00c9.pdf\">Jos\u00e9 Wander de Paula\u00a0<\/a>(alterado)<\/p>\n<p>Convite para defesa - Maio 2017<br \/>\n- <a href=\"http:\/\/www2.uepg.br\/ppgel\/wp-content\/uploads\/sites\/68\/2020\/05\/RENAN.pdf\">Renan Fagundes de Souza<\/a><br \/>\n- <a href=\"http:\/\/www2.uepg.br\/ppgel\/wp-content\/uploads\/sites\/68\/2020\/05\/DAIANE.pdf\">Daiane Franciele Morais de Quadro<\/a><br \/>\n- <a href=\"http:\/\/www2.uepg.br\/ppgel\/wp-content\/uploads\/sites\/68\/2020\/05\/MARIVETE.pdf\">Marivete Souta<\/a><br \/>\n- <a href=\"http:\/\/www2.uepg.br\/ppgel\/wp-content\/uploads\/sites\/68\/2020\/05\/ALEXANDRA.pdf\">Alexandra Nunes Santana<\/a>-<\/p>\n<p><a href=\"http:\/\/www2.uepg.br\/ppgel\/wp-content\/uploads\/sites\/68\/2020\/05\/ELLEN-NOVA-DATA.pdf\">Ellen Petrech Vasconcelos<\/a>- NOVA DATA<\/p>\n<p>Convite para defesa - Abril 2017<br \/>\n- <a href=\"http:\/\/www2.uepg.br\/ppgel\/wp-content\/uploads\/sites\/68\/2020\/05\/ELLEN.pdf\">Ellen Petrech Vasconcelos<\/a><br \/>\n- <a href=\"http:\/\/www2.uepg.br\/ppgel\/wp-content\/uploads\/sites\/68\/2020\/05\/VANESSA-1.pdf\">Vanessa Makohin Costa Rosa<\/a><br \/>\n- <a href=\"http:\/\/www2.uepg.br\/ppgel\/wp-content\/uploads\/sites\/68\/2020\/05\/TANIA.pdf\">T\u00e2nia Frugiuele Soares Coutinho<\/a><\/p>\n<p>Convite para defesa - Mar\u00e7o 2017<br \/>\n- <a href=\"http:\/\/www2.uepg.br\/ppgel\/wp-content\/uploads\/sites\/68\/2020\/05\/SILVELY.pdf\">Silvely Brandes<\/a><strong><br \/>\n- <\/strong><a href=\"http:\/\/www2.uepg.br\/ppgel\/wp-content\/uploads\/sites\/68\/2020\/05\/ROSANA.pdf\">Rosana Aparecida R. de Sene<\/a><strong><br \/>\n- <\/strong><a href=\"http:\/\/www2.uepg.br\/ppgel\/wp-content\/uploads\/sites\/68\/2020\/05\/PAULA.pdf\">Paula Starke<\/a><strong><br \/>\n- <\/strong><a href=\"http:\/\/www2.uepg.br\/ppgel\/wp-content\/uploads\/sites\/68\/2020\/05\/MICHELE.pdf\">Michele Padilha Santa Clara<\/a><br \/>\n- <a href=\"http:\/\/www2.uepg.br\/ppgel\/wp-content\/uploads\/sites\/68\/2020\/05\/ROBSON.pdf\">Robson Jos\u00e9 Cust\u00f3dio<\/a><br \/>\n- <a href=\"http:\/\/www2.uepg.br\/ppgel\/wp-content\/uploads\/sites\/68\/2020\/05\/LUCIANA.pdf\">Luciana Asadczuk<\/a><br \/>\n- <a href=\"http:\/\/www2.uepg.br\/ppgel\/wp-content\/uploads\/sites\/68\/2020\/05\/C\u00c9LIA-GAUDEDA.pdf\">C\u00e9lia Gaudeda<\/a><br \/>\n- <a href=\"http:\/\/www2.uepg.br\/ppgel\/wp-content\/uploads\/sites\/68\/2020\/05\/RODRIGO-1.pdf\">Rodrigo da Silva Tom\u00e9<\/a><br \/>\n- <a href=\"http:\/\/www2.uepg.br\/ppgel\/wp-content\/uploads\/sites\/68\/2020\/05\/FRANCINE.pdf\">Francine Mari\u00ea Alves Higashi<\/a><\/p>\n\t\t\t\t<\/div>\n\t\t\t<\/div>\n\t\t<\/div>\n\t\t\t<div class=\"sow-accordion-panel\"\n\t\t\t data-anchor=\"2016\">\n\t\t\t\t<div class=\"sow-accordion-panel-header-container\" role=\"heading\" aria-level=\"2\">\n\t\t\t\t\t<div class=\"sow-accordion-panel-header\" tabindex=\"0\" role=\"button\" id=\"accordion-label-2016\" aria-controls=\"accordion-content-2016\" aria-expanded=\"false\">\n\t\t\t\t\t\t<div class=\"sow-accordion-title sow-accordion-title-icon-left\">\n\t\t\t\t\t\t\t\t\t\t\t\t\t\t2016\t\t\t\t\t\t\t\t\t\t\t\t\t<\/div>\n\t\t\t\t\t\t<div class=\"sow-accordion-open-close-button\">\n\t\t\t\t\t\t\t<div class=\"sow-accordion-open-button\">\n\t\t\t\t\t\t\t\t<span class=\"sow-icon-ionicons\" data-sow-icon=\"&#xf218;\"\n\t\t \n\t\taria-hidden=\"true\"><\/span>\t\t\t\t\t\t\t<\/div>\n\t\t\t\t\t\t\t<div class=\"sow-accordion-close-button\">\n\t\t\t\t\t\t\t\t<span class=\"sow-icon-ionicons\" data-sow-icon=\"&#xf209;\"\n\t\t \n\t\taria-hidden=\"true\"><\/span>\t\t\t\t\t\t\t<\/div>\n\t\t\t\t\t\t<\/div>\n\t\t\t\t\t<\/div>\n\t\t\t\t<\/div>\n\n\t\t\t<div\n\t\t\t\tclass=\"sow-accordion-panel-content\"\n\t\t\t\trole=\"region\"\n\t\t\t\taria-labelledby=\"accordion-label-2016\"\n\t\t\t\tid=\"accordion-content-2016\"\n\t\t\t\tstyle=\"display: none;\"\t\t\t>\n\t\t\t\t<div class=\"sow-accordion-panel-border\" tabindex=\"0\">\n\t\t\t\t\t<p>Convite para defesa - Outubro 2016<\/p>\n<p><a href=\"http:\/\/www2.uepg.br\/ppgel\/wp-content\/uploads\/sites\/68\/2020\/05\/Mayara.pdf\" target=\"_blank\" rel=\"noopener\">Mayara da Silva Bueno<\/a><\/p>\n<p><a href=\"http:\/\/www2.uepg.br\/ppgel\/wp-content\/uploads\/sites\/68\/2020\/05\/CARLA-SIMONE.pdf\" target=\"_blank\" rel=\"noopener\">Carla Simone Silva<\/a><\/p>\n<p><a href=\"http:\/\/www2.uepg.br\/ppgel\/wp-content\/uploads\/sites\/68\/2020\/05\/merylin.pdf\" target=\"_blank\" rel=\"noopener\">Merylin Ricieli dos Santos<\/a><\/p>\n<p><a href=\"http:\/\/www2.uepg.br\/ppgel\/wp-content\/uploads\/sites\/68\/2020\/05\/LENNON.pdf\" target=\"_blank\" rel=\"noopener\">Lennon Moraes Joanico<\/a><\/p>\n<p>&nbsp;<\/p>\n<p>Convite para defesa - Setembro 2016<\/p>\n<p><a href=\"http:\/\/www2.uepg.br\/ppgel\/wp-content\/uploads\/sites\/68\/2020\/05\/ALEJANDRO.pdf\" target=\"_blank\" rel=\"noopener\">Alejandro N\u00e9stor Lorenzetti<\/a><\/p>\n<p><a href=\"http:\/\/www2.uepg.br\/ppgel\/wp-content\/uploads\/sites\/68\/2020\/05\/\u00c9DINA.pdf\" target=\"_blank\" rel=\"noopener\">\u00c9dina Aparecida da Silva<\/a><\/p>\n<p><a href=\"http:\/\/www2.uepg.br\/ppgel\/wp-content\/uploads\/sites\/68\/2020\/05\/LEONILCE.pdf\" target=\"_blank\" rel=\"noopener\">Leonilce de Lara Ferreira<\/a><\/p>\n<p><a href=\"http:\/\/www2.uepg.br\/ppgel\/wp-content\/uploads\/sites\/68\/2020\/05\/HELO\u00cdSA.pdf\" target=\"_blank\" rel=\"noopener\">Convite para defesa - Agosto 2016<\/a><\/p>\n<p>&nbsp;<\/p>\n<p>Convite para defesa - Junho 2016<\/p>\n<p><a href=\"http:\/\/www2.uepg.br\/ppgel\/wp-content\/uploads\/sites\/68\/2020\/05\/PRISCILA.pdf\" target=\"_blank\" rel=\"noopener\">Priscila Barbosa Ribas Ansbach<\/a><\/p>\n<p><a href=\"http:\/\/www2.uepg.br\/ppgel\/wp-content\/uploads\/sites\/68\/2020\/05\/RODRIGO-2.pdf\" target=\"_blank\" rel=\"noopener\">Rodrigo Gon\u00e7alves Sobrinho<\/a><\/p>\n<p><a href=\"http:\/\/www2.uepg.br\/ppgel\/wp-content\/uploads\/sites\/68\/2020\/05\/SEBASTI\u00c3O.pdf\" target=\"_blank\" rel=\"noopener\">Sebasti\u00e3o Nat\u00e1lio da Silva Filho<\/a><\/p>\n<p>&nbsp;<\/p>\n<p><a href=\"http:\/\/www2.uepg.br\/ppgel\/wp-content\/uploads\/sites\/68\/2020\/05\/H\u00c9LITON.pdf\" target=\"_blank\" rel=\"noopener\">Convite para defesa - Abril 2016<\/a><\/p>\n<p><a href=\"http:\/\/www2.uepg.br\/ppgel\/wp-content\/uploads\/sites\/68\/2020\/05\/WALDINEY.pdf\" target=\"_blank\" rel=\"noopener\">Convite para defesa - Abril 2016<\/a><\/p>\n<p><a href=\"http:\/\/www2.uepg.br\/ppgel\/wp-content\/uploads\/sites\/68\/2020\/05\/DEFESA-DO-DELEON.pdf\" target=\"_blank\" rel=\"noopener\">Convite para defesa - Abril 2016<\/a><\/p>\n<p><a href=\"http:\/\/www2.uepg.br\/ppgel\/wp-content\/uploads\/sites\/68\/2020\/05\/CLEONICE.pdf\" target=\"_blank\" rel=\"noopener\">Convite para defesa - Mar\u00e7o 2016<\/a><\/p>\n<p><a href=\"http:\/\/www2.uepg.br\/ppgel\/wp-content\/uploads\/sites\/68\/2020\/05\/DEFESA-ROSEN\u00c9IA.pdf\" target=\"_blank\" rel=\"noopener\">Convite para defesa - Mar\u00e7o 2016<\/a><\/p>\n<p><a href=\"http:\/\/www2.uepg.br\/ppgel\/wp-content\/uploads\/sites\/68\/2020\/05\/ConviteDefesaMarc.pdf\">Convite para defesas - Mar\u00e7o 2016<\/a><\/p>\n<p><a href=\"http:\/\/www2.uepg.br\/ppgel\/wp-content\/uploads\/sites\/68\/2020\/05\/ConviteDefesaFev.pdf\" target=\"_blank\" rel=\"noopener\">Convite para defesa - Fevereiro 2016<\/a><\/p>\n\t\t\t\t<\/div>\n\t\t\t<\/div>\n\t\t<\/div>\n\t\t\t<div class=\"sow-accordion-panel\"\n\t\t\t data-anchor=\"2015\">\n\t\t\t\t<div class=\"sow-accordion-panel-header-container\" role=\"heading\" aria-level=\"2\">\n\t\t\t\t\t<div class=\"sow-accordion-panel-header\" tabindex=\"0\" role=\"button\" id=\"accordion-label-2015\" aria-controls=\"accordion-content-2015\" aria-expanded=\"false\">\n\t\t\t\t\t\t<div class=\"sow-accordion-title sow-accordion-title-icon-left\">\n\t\t\t\t\t\t\t\t\t\t\t\t\t\t2015\t\t\t\t\t\t\t\t\t\t\t\t\t<\/div>\n\t\t\t\t\t\t<div class=\"sow-accordion-open-close-button\">\n\t\t\t\t\t\t\t<div class=\"sow-accordion-open-button\">\n\t\t\t\t\t\t\t\t<span class=\"sow-icon-ionicons\" data-sow-icon=\"&#xf218;\"\n\t\t \n\t\taria-hidden=\"true\"><\/span>\t\t\t\t\t\t\t<\/div>\n\t\t\t\t\t\t\t<div class=\"sow-accordion-close-button\">\n\t\t\t\t\t\t\t\t<span class=\"sow-icon-ionicons\" data-sow-icon=\"&#xf209;\"\n\t\t \n\t\taria-hidden=\"true\"><\/span>\t\t\t\t\t\t\t<\/div>\n\t\t\t\t\t\t<\/div>\n\t\t\t\t\t<\/div>\n\t\t\t\t<\/div>\n\n\t\t\t<div\n\t\t\t\tclass=\"sow-accordion-panel-content\"\n\t\t\t\trole=\"region\"\n\t\t\t\taria-labelledby=\"accordion-label-2015\"\n\t\t\t\tid=\"accordion-content-2015\"\n\t\t\t\tstyle=\"display: none;\"\t\t\t>\n\t\t\t\t<div class=\"sow-accordion-panel-border\" tabindex=\"0\">\n\t\t\t\t\t<p><a href=\"http:\/\/www2.uepg.br\/ppgel\/wp-content\/uploads\/sites\/68\/2020\/05\/ConviteDefesaDez.pdf\" target=\"_blank\" rel=\"noopener\">Convite para defesa - Dezembro 2015<\/a><br \/>\n<a href=\"http:\/\/www2.uepg.br\/ppgel\/wp-content\/uploads\/sites\/68\/2020\/05\/AMARILI0001.pdf\" target=\"_blank\" rel=\"noopener\">Convite para defesa - Outubro 2015<\/a><\/p>\n<table border=\"1\" cellspacing=\"0\" cellpadding=\"0\">\n<tbody>\n<tr>\n<td valign=\"top\" width=\"151\">Autor<\/td>\n<td valign=\"top\" width=\"201\">Titulo<\/td>\n<td valign=\"top\" width=\"437\">BANCA<\/td>\n<td valign=\"top\" width=\"103\">Hor\u00e1rio<\/td>\n<td valign=\"top\" width=\"109\">Data<\/td>\n<td valign=\"top\" width=\"142\">Local<\/td>\n<\/tr>\n<tr>\n<td valign=\"top\" width=\"151\">Linite Adma de Oliveira<\/td>\n<td valign=\"top\" width=\"201\">Narrativas autobiogr\u00e1ficas de mulheres que (com) vivem com o HIV: identidades sociais de g\u00eanero<\/td>\n<td valign=\"top\" width=\"437\">1 - Prof.\u00aa Dr.\u00aa Aparecida de Jesus Ferreira (Orientadora) UEPG\n<p>2 - Prof.\u00aa Dr.\u00aa Ione da Silva Jovino (Membro interno) UEPG<\/p>\n<p>3 \u2013 Prof. Dr. Moacir Lopes de Camargos (Membro externo) UNIPAMPA<\/p>\n<p>&nbsp;<\/p>\n<\/td>\n<td valign=\"top\" width=\"103\">09 horas<\/td>\n<td valign=\"top\" width=\"109\">23\/09\/2015<\/td>\n<td valign=\"top\" width=\"142\">\n<p align=\"left\">Audit\u00f3rio da NUTEAD<\/p>\n<p align=\"left\">\n<\/p><p align=\"left\">Campus de Uvaranas<\/p>\n<\/td>\n<\/tr>\n<tr>\n<td valign=\"top\" width=\"151\">Camila Del Tregio Esteves<\/td>\n<td valign=\"top\" width=\"201\">Nada a dizer fora dos livros: a po\u00e9tica do conto em Dalton Trevisan<\/td>\n<td valign=\"top\" width=\"437\">1 - Prof. Dr. Miguel Sanches Neto (Orientador) UEPG\n<p>2 \u2013 Prof.\u00aa Dr.\u00aa Rosana Apolonia Harmuch (Membro interno) UEPG<\/p>\n<p>3 - Prof.\u00aa Dr.\u00aa Raquel Illescas Bueno (Membro externo) UFPR<\/p>\n<p>&nbsp;<\/p>\n<\/td>\n<td valign=\"top\" width=\"103\">14horas<\/td>\n<td valign=\"top\" width=\"109\">24\/09\/2015<\/td>\n<td valign=\"top\" width=\"142\">Miniaudit\u00f3rio do bloco B.<\/td>\n<\/tr>\n<tr>\n<td valign=\"top\" width=\"151\">Celine Aparecida de Matos<\/td>\n<td valign=\"top\" width=\"201\">\u00a0 ENTRE A VIDA E A MORTE: INTERSE\u00c7\u00d5ES NAS ESTRADAS PERDIDAS DE<br \/>\nLIMA BARRETO E TELMO VERGARA.\n<p>&nbsp;<\/p>\n<\/td>\n<td valign=\"top\" width=\"437\">1 - Prof.\u00aa Dr.\u00aa Keli Cristina Pacheco (Orientadora) UEPG\n<p>2- Prof. Dr. F\u00e1bio Augusto Steyer (Membro interno) UEPG<\/p>\n<p>3 \u2013 Prof.\u00aa Dr.\u00aa Claudia Camardella Rio Doce (Membro externo) UEL<\/p>\n<\/td>\n<td valign=\"top\" width=\"103\">14horas<\/td>\n<td valign=\"top\" width=\"109\">25\/09\/2015<\/td>\n<td valign=\"top\" width=\"142\">Miniaudit\u00f3rio do bloco B.<\/td>\n<\/tr>\n<tr>\n<td valign=\"top\" width=\"151\">Ana Paula de Moura Delezuk<\/td>\n<td valign=\"top\" width=\"201\">A pontua\u00e7\u00e3o em not\u00edcias de divulga\u00e7\u00e3o cient\u00edfica: contribui\u00e7\u00f5es para o ensino<\/td>\n<td valign=\"top\" width=\"437\">1 - Prof.\u00aa Dr.\u00aa Pascoalina B. de Oliveira Saleh\n<p>( Orientadora)UEPG<\/p>\n<p>2 \u2013 Prof.\u00aa Dr.\u00aa Cl\u00f3ris Porto Torquato (Membro interno) UEPG<\/p>\n<p>3 \u2013 Prof. Dr. Edson Carlos Romualdo (Membro externo) UEM<\/p>\n<\/td>\n<td valign=\"top\" width=\"103\">14horas<\/td>\n<td valign=\"top\" width=\"109\">28\/09\/2015<\/td>\n<td valign=\"top\" width=\"142\">Audit\u00f3rio da NUTEAD\n<p>&nbsp;<\/p>\n<p>Campus de Uvaranas<\/p>\n<\/td>\n<\/tr>\n<tr>\n<td valign=\"top\" width=\"151\">Pablo Ferreira Biglia<\/td>\n<td valign=\"top\" width=\"201\"><strong>ABREU: A HERMEN\u00caUTICA \u201cADOLFO CAMINHA E CAIO FERNANDO LITER\u00c1RIA PELO VI\u00c9S DA SEXUALIDADE<\/strong><\/td>\n<td valign=\"top\" width=\"437\">1 - Prof.\u00aa Dr.\u00aa Marly Catarina Soares (Orientadora) UEPG\n<p>2 \u2013 Prof.\u00aa Dr.\u00aa Ione da Silva Jovino (Membro interno)UEPG<\/p>\n<p>3 \u2013 Prof.\u00aa Dr.\u00aa T\u00e2nia Regina Oliveira Ramos (Membro externo) UFSC<\/p>\n<\/td>\n<td valign=\"top\" width=\"103\">09 horas<\/td>\n<td valign=\"top\" width=\"109\">29\/09\/2015<\/td>\n<td valign=\"top\" width=\"142\">Audit\u00f3rio da NUTEAD\n<p>Campus de Uvaranas<\/p>\n<\/td>\n<\/tr>\n<\/tbody>\n<\/table>\n\t\t\t\t<\/div>\n\t\t\t<\/div>\n\t\t<\/div>\n\t\t<\/div>\n<\/div>\n<\/div><\/div><\/div><\/div><\/div>","protected":false},"excerpt":{"rendered":"<p>2026 Pedro Henrique Repula &#8211; Dia e hor\u00e1rio alterado Rafael Santos Raya Louise Silva de Almeida Emanuelle Correa Wrege Camila Martins Ferreira &#8211; Dia e hor\u00e1rio alterado Maria Luisa Bruno Baumgart Izabely da Cruz Bicudo Catarina Zarochinski de Oliveira Dayana Rafaela Antunes Gisele Maciel \u00c2ngela dos Santos Salto 2025 Debora Ferreira Pinto Felipe Kalinoski Ribas&nbsp;&hellip;<\/p>\n","protected":false},"author":24,"featured_media":2921,"parent":0,"menu_order":0,"comment_status":"closed","ping_status":"closed","template":"page-templates\/page-with-right-sidebar.php","meta":[],"_links":{"self":[{"href":"https:\/\/www2.uepg.br\/ppgel\/wp-json\/wp\/v2\/pages\/69"}],"collection":[{"href":"https:\/\/www2.uepg.br\/ppgel\/wp-json\/wp\/v2\/pages"}],"about":[{"href":"https:\/\/www2.uepg.br\/ppgel\/wp-json\/wp\/v2\/types\/page"}],"author":[{"embeddable":true,"href":"https:\/\/www2.uepg.br\/ppgel\/wp-json\/wp\/v2\/users\/24"}],"replies":[{"embeddable":true,"href":"https:\/\/www2.uepg.br\/ppgel\/wp-json\/wp\/v2\/comments?post=69"}],"version-history":[{"count":268,"href":"https:\/\/www2.uepg.br\/ppgel\/wp-json\/wp\/v2\/pages\/69\/revisions"}],"predecessor-version":[{"id":5377,"href":"https:\/\/www2.uepg.br\/ppgel\/wp-json\/wp\/v2\/pages\/69\/revisions\/5377"}],"wp:featuredmedia":[{"embeddable":true,"href":"https:\/\/www2.uepg.br\/ppgel\/wp-json\/wp\/v2\/media\/2921"}],"wp:attachment":[{"href":"https:\/\/www2.uepg.br\/ppgel\/wp-json\/wp\/v2\/media?parent=69"}],"curies":[{"name":"wp","href":"https:\/\/api.w.org\/{rel}","templated":true}]}}