{"id":717,"date":"2020-06-17T10:41:17","date_gmt":"2020-06-17T13:41:17","guid":{"rendered":"http:\/\/www2.uepg.br\/ppgel\/?page_id=717"},"modified":"2021-04-19T18:24:47","modified_gmt":"2021-04-19T21:24:47","slug":"specialite","status":"publish","type":"page","link":"https:\/\/www2.uepg.br\/ppgel\/fr\/specialite\/","title":{"rendered":"Sp\u00e9cialit\u00e9"},"content":{"rendered":"<h4 style=\"text-align: center\"><strong>LANGAGE, IDENTIT\u00c9 ET SUBJECTIVIT\u00c9<\/strong><\/h4>\n<p>La zone de concentration du programme: \u201cLinguagem, Identidade e Subjetividade\u201d (Langage, identit\u00e9 et subjectivit\u00e9), est d\u00e9fini en concevant la langue comme un lieu productif d&#8217;\u00e9tudes et de recherche, en particulier, concernant\u00a0 les renseignements des diff\u00e9rents sommets du langage, dans ses dimensions communicative, r\u00e9flexive et artistique, et les politiques culturelles, linguistiques et \u00e9ducatives. Son objectif est d&#8217;\u00e9tudier la langue utilis\u00e9e dans les diff\u00e9rentes pratiques sociales et culturelles dans lesquelles op\u00e8rent les marques id\u00e9ologiques, culturelles, \u00e9thiques et artistiques. Les perspectives th\u00e9orico-m\u00e9thodologiques qui soutiennent cette proposition incluent le langage \u00e0 travers le biais de l&#8217;interaction sociale, en prenant en compte des dimensions expressives de la soci\u00e9t\u00e9, de la culture, de l&#8217;\u00e9thique et de l&#8217;esth\u00e9tique.<\/p>\n<p>Dans cette optique, les \u00e9tudes dans ce domaine de concentration doivent contribuer, d&#8217;une part, \u00e0 enqu\u00eater sur la subjectivit\u00e9 pr\u00e9sente dans l&#8217;usage du langage dans ses manifestations dans de multiples contextes sociaux, culturels et litt\u00e9raires, et, d&#8217;autre part, de d\u00e9terminer comment les individus r\u00e9v\u00e8lent et n\u00e9gocient leur participation et leur appartenance \u00e0 certains groupes sociaux par l&#8217;exercice du langage, dans ses dimensions politique, culturelle, \u00e9thique et esth\u00e9tique, dans la compr\u00e9hension que les discours produits par les groupes sont articul\u00e9s par des int\u00e9r\u00eats d&#8217;expression qui passent par diff\u00e9rents enregistrements et intentionnalit\u00e9s, motiv\u00e9s par diff\u00e9rents contextes sociaux et culturels.<\/p>\n<p>Nous comprenons qu&#8217;en raison de ce biais, les \u00e9tudes linguistiques englobent l&#8217;approche des contextes expressifs de la langue dans l&#8217;usage communicatif, ainsi que dans sa puissance d&#8217;expression artistique, qui se configure comme un discours litt\u00e9raire.<\/p>\n","protected":false},"excerpt":{"rendered":"<p>LANGAGE, IDENTIT\u00c9 ET SUBJECTIVIT\u00c9 La zone de concentration du programme: \u201cLinguagem, Identidade e Subjetividade\u201d (Langage, identit\u00e9 et subjectivit\u00e9), est d\u00e9fini en concevant la langue comme un lieu productif d&#8217;\u00e9tudes et de recherche, en particulier, concernant\u00a0 les renseignements des diff\u00e9rents sommets du langage, dans ses dimensions communicative, r\u00e9flexive et artistique, et les politiques culturelles, linguistiques et&nbsp;&hellip;<\/p>\n","protected":false},"author":24,"featured_media":0,"parent":0,"menu_order":0,"comment_status":"closed","ping_status":"closed","template":"page-templates\/page-with-right-sidebar.php","meta":[],"_links":{"self":[{"href":"https:\/\/www2.uepg.br\/ppgel\/wp-json\/wp\/v2\/pages\/717"}],"collection":[{"href":"https:\/\/www2.uepg.br\/ppgel\/wp-json\/wp\/v2\/pages"}],"about":[{"href":"https:\/\/www2.uepg.br\/ppgel\/wp-json\/wp\/v2\/types\/page"}],"author":[{"embeddable":true,"href":"https:\/\/www2.uepg.br\/ppgel\/wp-json\/wp\/v2\/users\/24"}],"replies":[{"embeddable":true,"href":"https:\/\/www2.uepg.br\/ppgel\/wp-json\/wp\/v2\/comments?post=717"}],"version-history":[{"count":2,"href":"https:\/\/www2.uepg.br\/ppgel\/wp-json\/wp\/v2\/pages\/717\/revisions"}],"predecessor-version":[{"id":1892,"href":"https:\/\/www2.uepg.br\/ppgel\/wp-json\/wp\/v2\/pages\/717\/revisions\/1892"}],"wp:attachment":[{"href":"https:\/\/www2.uepg.br\/ppgel\/wp-json\/wp\/v2\/media?parent=717"}],"curies":[{"name":"wp","href":"https:\/\/api.w.org\/{rel}","templated":true}]}}