{"id":729,"date":"2020-06-17T10:49:43","date_gmt":"2020-06-17T13:49:43","guid":{"rendered":"http:\/\/www2.uepg.br\/ppgel\/?page_id=729"},"modified":"2021-04-19T18:21:04","modified_gmt":"2021-04-19T21:21:04","slug":"master","status":"publish","type":"page","link":"https:\/\/www2.uepg.br\/ppgel\/fr\/master\/","title":{"rendered":"Master"},"content":{"rendered":"<p>Le programme de troisi\u00e8me cycle initialement appel\u00e9 \u00abLangage, identit\u00e9 et subjectivit\u00e9\u00bb &#8211; L`actuel Programme de troisi\u00e8me cycle en \u00ab\u00c9tudes concernant le langage\u00bb &#8211; a \u00e9t\u00e9 approuv\u00e9 par le C.N.E. (Chambre d`enseignement universitaire), Ordonnance DU M.E.C. (Minist\u00e8re de l&#8217;\u00e9ducation et de la culture), num\u00e9ro: 970, AGENDA DE L&#8217;UNION DU 13\/10\/2009, AVIS du C.E.S. (Conseil national de l&#8217;\u00e9ducation) et le C.N.E. (Chambre d`enseignement universitaire), num\u00e9ro: 253\/2009 et a d\u00e9marr\u00e9 ses activit\u00e9s en 2010. La d\u00e9cision de demander un changement de nom du programme, approuv\u00e9e fin 2016 par le CAPES (coordination pour l&#8217;am\u00e9lioration du personnel de l&#8217;enseignement sup\u00e9rieur), a \u00e9t\u00e9 le r\u00e9sultat de la perception du groupe que le titre de \u00abMa\u00eetre en langage, identit\u00e9 et subjectivit\u00e9\u00bb pourrait affecter les dipl\u00f4m\u00e9s lors de la tenue d&#8217;appels d&#8217;offres publics, parce que il ne s&#8217;agit pas exactement d&#8217;un domaine d&#8217;\u00e9tude du langage. Dans cette mani\u00e8re, le programme et le cours ont \u00e9t\u00e9 renomm\u00e9s \u00abProgramme de troisi\u00e8me cycle en \u00e9tudes linguistiques\u00bb, avec un domaine de concentration en \u00abLangage, identit\u00e9 et subjectivit\u00e9\u201d, ce qui convient le mieux au travail effectivement r\u00e9alis\u00e9 dans le cadre du programme et garantit une indication claire de la formation des dipl\u00f4m\u00e9s du cours. Le domaine se compose de deux axes de recherche: &#8220;Texte, subjectivit\u00e9 et horizons th\u00e9oriques&#8221; et &#8220;Pluralit\u00e9, identit\u00e9 et enseignement&#8221;.<\/p>\n<p>La d\u00e9finition de la zone de concentration \u00abLangage, identit\u00e9 et subjectivit\u00e9\u00bb met en \u00e9vidence des probl\u00e8mes qui, de mani\u00e8re variable, impr\u00e8gnent tous les programmes de ma\u00eetrise dans les langues existant actuellement dans l&#8217;\u00c9tat de Paran\u00e1, toutefois le diff\u00e9rentiel du PPGEL (Programme de troisi\u00e8me cycle en linguistique) s&#8217;inscrit dans l&#8217;approche th\u00e9matique du domaine, esquiss\u00e9e par la liste des mati\u00e8res propos\u00e9es. La perspective du programme comprend la langue \u00e0 travers le biais de l&#8217;interaction sociale. L&#8217;homme est constitu\u00e9 dans et par la langue (langage). Cette langue (langage) est h\u00e9t\u00e9rog\u00e8ne, plurielle, multiforme et, par cons\u00e9quent, constitue l&#8217;homme de la m\u00eame mani\u00e8re. Dans cette optique, les \u00e9tudes d\u00e9velopp\u00e9es dans le cadre du PPGEL (Programme de troisi\u00e8me cycle en linguistique) ont contribu\u00e9, d&#8217;une part, \u00e0 enqu\u00eater sur la subjectivit\u00e9 pr\u00e9sente dans l&#8217;usage du langage et, d&#8217;autre part, d&#8217;observer comment les individus r\u00e9v\u00e8lent et n\u00e9gocient leur participation et leur appartenance \u00e0 certains groupes sociaux \u00e0 travers l&#8217;utilisation du langage. Telle est la sp\u00e9cificit\u00e9 du PPGEL (Programme de troisi\u00e8me cycle en linguistique)\/ UEPG (Universit\u00e9 d&#8217;\u00c9tat de Ponta Grossa &#8211; Universidade Estadual de Ponta Grossa).<\/p>\n<p>L&#8217;objectif du cours est de fournir des r\u00e9flexions concernant les questions li\u00e9es \u00e0 la langue et \u00e0 la formation des professeurs concernant ce sujet. Avec cette situation, il est pr\u00e9vu de former du personnel qualifi\u00e9 pour mener des activit\u00e9s d&#8217;enseignement et de recherche en \u00e9tudes linguistiques et de promouvoir la production de connaissances sur la langue et les domaines connexes. C&#8217;est \u00e9galement l&#8217;objectif du cours de promouvoir une relation plus \u00e9troite entre les questions li\u00e9es aux relations entre la langue, Langage et litt\u00e9rature, consid\u00e9rant les horizons th\u00e9oriques en transversalit\u00e9 avec le texte (compris dans son ampleur) et la subjectivit\u00e9. Depuis les premi\u00e8res ann\u00e9es du programme, nous avons observ\u00e9 des r\u00e9flexes positifs concernant le renforcement des cours de baccalaur\u00e9at en langues (espagnol, fran\u00e7ais et anglais) offerts dans l`UEPG (Universit\u00e9 d&#8217;\u00c9tat de Ponta Grossa \u2013 Universidade Estadual de Ponta Grossa), ainsi que les performances \u00e0 d&#8217;autres niveaux de formation des professionnels form\u00e9s par le Programme de troisi\u00e8me cycle en \u00e9tudes des langues &#8211; UEPG (Universit\u00e9 d&#8217;\u00c9tat de Ponta Grossa \u2013 Universidade Estadual de Ponta Grossa).<\/p>\n<p>Le cours se concentre sur la formation d&#8217;un professionnel qui con\u00e7oit la langue comme un lieu productif d&#8217;\u00e9tudes et de recherche, notamment en ce qui concerne l&#8217;enseignement des diff\u00e9rents sommets de la langue et des politiques culturelles, linguistiques et \u00e9ducatives. Il doit \u00eatre capable de reconna\u00eetre la subjectivit\u00e9 pr\u00e9sente dans le langage, le r\u00f4le du langage dans la constitution identitaire des individus et savoir articuler les enjeux linguistiques afin de les comprendre et de les d\u00e9crire dans leurs diff\u00e9rentes sph\u00e8res, qu&#8217;elles soient sociales, culturelles, \u00e9thiques et esth\u00e9tiques et, ainsi, indiquer les r\u00e9ponses possibles aux aspirations du monde universitaire et de la soci\u00e9t\u00e9 en g\u00e9n\u00e9ral. Le programme a une politique de suivi des dipl\u00f4m\u00e9s, soit par le suivi des activit\u00e9s qu&#8217;ils d\u00e9clarent dans leurs curriculums Lattes, soit par le contact que certains entretiennent avec leurs anciens conseillers, en tant que coauteurs d&#8217;articles ou de textes destin\u00e9s \u00e0 \u00eatre publi\u00e9s dans des p\u00e9riodiques ou des livres ou en tant que participants \u00e0: a) des groupes de recherche; b) projets de recherche; c) projets de vulgarisation; d) des symposiums ou GT (Groupes de travail), en tant que membres, lors d&#8217;\u00e9v\u00e9nements tels que SETEDI.<\/p>\n<p>La pr\u00e9sence du programme \u00e0 l&#8217;UEPG (Universit\u00e9 d&#8217;\u00c9tat de Ponta Grossa &#8211; Universidade Estadual de Ponta Grossa) permet aux dipl\u00f4m\u00e9s du programme de baccalaur\u00e9at de se qualifier et pouvoir ainsi r\u00e9pondre \u00e0 la demande croissante de professionnels capables de bien performer dans l&#8217;enseignement basique et l&#8217;enseignement sup\u00e9rieur, en \u00e9tudes de langues.<\/p>\n<p>Nos \u00e9tudiants viennent en grande partie (environ 90%) de cursus en langues, mais en raison de la nature th\u00e9matique du cours, dont la proposition est capable de servir des projets multi et transdisciplinaires, nous avons \u00e9galement re\u00e7u des \u00e9tudiants dipl\u00f4m\u00e9s d&#8217;autres cours, telles que l&#8217;Histoire, le Journalisme, P\u00e9dagogie, Psychologie, Philosophie, Secr\u00e9tariat Ex\u00e9cutif, Architecture et Orthophonie. Plusieurs de nos anciens \u00e9tudiants dipl\u00f4m\u00e9s en histoire, p\u00e9dagogie et journalisme, dans un cours de baccalaur\u00e9at, d&#8217;ailleurs, ils sont all\u00e9s \u00e0 l&#8217;enseignement dans l&#8217;enseignement sup\u00e9rieur et l&#8217;enseignement basique.<\/p>\n<p>Afin de suivre l&#8217;\u00e9volution du travail des \u00e9tudiants, de respecter les d\u00e9lais de r\u00e9alisation du cours et de s&#8217;assurer de la qualit\u00e9 des recherches d\u00e9velopp\u00e9es, nous avons fait une mention sp\u00e9ciale concernant la cr\u00e9ation, en 2017, d&#8217;un s\u00e9minaire pour accompagner les m\u00e9moires en cours dans le programme, intitul\u00e9:\u00a0 &#8220;SETEDI \u2013 SEMIN\u00c1RIO DE TESES E DISSERTA\u00c7\u00d5ES EM ANDAMENTO&#8220; (SETEDI &#8211; SEMINAIRE DE TH\u00c8SES ET M\u00c9MOIRE EN COURS). Les collections d&#8217;\u0153uvres scientifiques du SETEDI I et II, avec la publication des abr\u00e9g\u00e9s \u00e9tendus de tous les ouvrages publi\u00e9s pour pr\u00e9sentation et publication sont disponibles \u00e0 l&#8217;adresse \u00e9lectronique:\u00a0<a href=\"https:\/\/ppgeluepg.wixsite.com\/setedi%20com\">Anais do SETEDI<\/a>, avec enregistrement d`ISSN (num\u00e9ro de s\u00e9rie avec standard internationale) 2596-1616.<\/p>\n<p><strong>\u00a0<\/strong><strong>Objectifs sp\u00e9cifiques:<\/strong><\/p>\n<ul>\n<li>Former du personnel qualifi\u00e9 pour l&#8217;exercice d&#8217;activit\u00e9s professionnelles d&#8217;enseignement et de recherche en \u00e9tudes linguistiques.<\/li>\n<li>Encourager la r\u00e9flexion concernant les questions li\u00e9es \u00e0 l&#8217;enseignement et \u00e0 la formation des professeurs de langues et de litt\u00e9rature.<\/li>\n<li>D\u00e9velopper la recherche dans le domaine du texte, du discours, de la litt\u00e9rature et des horizons th\u00e9oriques sp\u00e9cifiques<\/li>\n<li>D\u00e9velopper des recherches \u00e0 diff\u00e9rents niveaux de description, concernant le corpus de portugais parl\u00e9 et \/ ou \u00e9crit, litt\u00e9raire ou non, articulant ces donn\u00e9es avec des aspects de la pluralit\u00e9 culturelle et sociale de la communaut\u00e9.<\/li>\n<li>Etudier les identit\u00e9s p\u00e9riph\u00e9riques (ou non) et leurs expressions dans les litt\u00e9ratures portugaise et \u00e9trang\u00e8re.<\/li>\n<\/ul>\n<p><strong>Structure curriculaire<\/strong>:<\/p>\n<p>Dur\u00e9e maximum: 24 mois (quatre semestres), inclus dans cette p\u00e9riode, la pr\u00e9paration et la soutenance du m\u00e9moire de ma\u00eetrise. Concernant la structure du programme, l&#8217;\u00e9tudiant doit remplir un total de 44 cr\u00e9dits, entre les mati\u00e8res \u00e9lectives choix et obligatoires: ODT (D\u00e9partement d`odontologie) \u00a0I et ODT (D\u00e9partement d`odontologie) \u00a0II; EDM (stage p\u00e9dagogique de ma\u00eetrise); Activit\u00e9s programm\u00e9es (12 cr\u00e9dits); et m\u00e9moire de ma\u00eetrise. Les cr\u00e9dits sont distribu\u00e9s comme suit, dans le programme curriculaire:<\/p>\n<p>MATI\u00c8RES \u00c9LECTIVES: 12 (douze) cr\u00e9dits<\/p>\n<p>ODT (D\u00e9partement d`odontologie) I \u2013 02 (deux) cr\u00e9dits<\/p>\n<p>ODT (D\u00e9partement d`odontologie) II &#8211; 02 (deux) cr\u00e9dits<\/p>\n<p>EDM \u2013 Stage d&#8217;enseignement de ma\u00eetrise &#8211; 04 (quatre) cr\u00e9dits<\/p>\n<p>DISSERTATION DE MA\u00ceTRISE &#8211; 12 (douze) cr\u00e9dits<\/p>\n<p>ACTIVIT\u00c9S PROGRAMM\u00c9ES &#8211; 12 (douze) cr\u00e9dits<\/p>\n","protected":false},"excerpt":{"rendered":"<p>Le programme de troisi\u00e8me cycle initialement appel\u00e9 \u00abLangage, identit\u00e9 et subjectivit\u00e9\u00bb &#8211; L`actuel Programme de troisi\u00e8me cycle en \u00ab\u00c9tudes concernant le langage\u00bb &#8211; a \u00e9t\u00e9 approuv\u00e9 par le C.N.E. (Chambre d`enseignement universitaire), Ordonnance DU M.E.C. (Minist\u00e8re de l&#8217;\u00e9ducation et de la culture), num\u00e9ro: 970, AGENDA DE L&#8217;UNION DU 13\/10\/2009, AVIS du C.E.S. (Conseil national de&nbsp;&hellip;<\/p>\n","protected":false},"author":24,"featured_media":0,"parent":0,"menu_order":0,"comment_status":"closed","ping_status":"closed","template":"page-templates\/page-with-right-sidebar.php","meta":[],"_links":{"self":[{"href":"https:\/\/www2.uepg.br\/ppgel\/wp-json\/wp\/v2\/pages\/729"}],"collection":[{"href":"https:\/\/www2.uepg.br\/ppgel\/wp-json\/wp\/v2\/pages"}],"about":[{"href":"https:\/\/www2.uepg.br\/ppgel\/wp-json\/wp\/v2\/types\/page"}],"author":[{"embeddable":true,"href":"https:\/\/www2.uepg.br\/ppgel\/wp-json\/wp\/v2\/users\/24"}],"replies":[{"embeddable":true,"href":"https:\/\/www2.uepg.br\/ppgel\/wp-json\/wp\/v2\/comments?post=729"}],"version-history":[{"count":2,"href":"https:\/\/www2.uepg.br\/ppgel\/wp-json\/wp\/v2\/pages\/729\/revisions"}],"predecessor-version":[{"id":1888,"href":"https:\/\/www2.uepg.br\/ppgel\/wp-json\/wp\/v2\/pages\/729\/revisions\/1888"}],"wp:attachment":[{"href":"https:\/\/www2.uepg.br\/ppgel\/wp-json\/wp\/v2\/media?parent=729"}],"curies":[{"name":"wp","href":"https:\/\/api.w.org\/{rel}","templated":true}]}}