{"id":749,"date":"2020-06-17T11:00:22","date_gmt":"2020-06-17T14:00:22","guid":{"rendered":"http:\/\/www2.uepg.br\/ppgel\/?page_id=749"},"modified":"2021-04-19T21:51:00","modified_gmt":"2021-04-20T00:51:00","slug":"faculty-members","status":"publish","type":"page","link":"https:\/\/www2.uepg.br\/ppgel\/en\/faculty-members\/","title":{"rendered":"Faculty Members"},"content":{"rendered":"<div id=\"pl-749\"  class=\"panel-layout\" ><div id=\"pg-749-0\"  class=\"panel-grid panel-no-style\" ><div id=\"pgc-749-0-0\"  class=\"panel-grid-cell\" ><div id=\"panel-749-0-0-0\" class=\"so-panel widget widget_sow-accordion panel-first-child panel-last-child\" data-index=\"0\" ><div\n\t\t\t\n\t\t\tclass=\"so-widget-sow-accordion so-widget-sow-accordion-default-7f158b849c7f-749\"\n\t\t\t\n\t\t><h3 class=\"widget-title\">Linhas de pesquisa:<\/h3><div>\n\t<div class=\"sow-accordion\">\n\t\t\t<div class=\"sow-accordion-panel\"\n\t\t\t data-anchor=\"texto-subjetividade-e-horizontes-te%c3%b3ricos\">\n\t\t\t\t<div class=\"sow-accordion-panel-header-container\" role=\"heading\" aria-level=\"2\">\n\t\t\t\t\t<div class=\"sow-accordion-panel-header\" tabindex=\"0\" role=\"button\" id=\"accordion-label-texto-subjetividade-e-horizontes-te%c3%b3ricos\" aria-controls=\"accordion-content-texto-subjetividade-e-horizontes-te%c3%b3ricos\" aria-expanded=\"false\">\n\t\t\t\t\t\t<div class=\"sow-accordion-title sow-accordion-title-icon-left\">\n\t\t\t\t\t\t\t\t\t\t\t\t\t\tTexto, Subjetividade e Horizontes Te\u00f3ricos\t\t\t\t\t\t\t\t\t\t\t\t\t<\/div>\n\t\t\t\t\t\t<div class=\"sow-accordion-open-close-button\">\n\t\t\t\t\t\t\t<div class=\"sow-accordion-open-button\">\n\t\t\t\t\t\t\t\t<span class=\"sow-icon-ionicons\" data-sow-icon=\"&#xf218;\"\n\t\t \n\t\taria-hidden=\"true\"><\/span>\t\t\t\t\t\t\t<\/div>\n\t\t\t\t\t\t\t<div class=\"sow-accordion-close-button\">\n\t\t\t\t\t\t\t\t<span class=\"sow-icon-ionicons\" data-sow-icon=\"&#xf209;\"\n\t\t \n\t\taria-hidden=\"true\"><\/span>\t\t\t\t\t\t\t<\/div>\n\t\t\t\t\t\t<\/div>\n\t\t\t\t\t<\/div>\n\t\t\t\t<\/div>\n\n\t\t\t<div\n\t\t\t\tclass=\"sow-accordion-panel-content\"\n\t\t\t\trole=\"region\"\n\t\t\t\taria-labelledby=\"accordion-label-texto-subjetividade-e-horizontes-te%c3%b3ricos\"\n\t\t\t\tid=\"accordion-content-texto-subjetividade-e-horizontes-te%c3%b3ricos\"\n\t\t\t\tstyle=\"display: none;\"\t\t\t>\n\t\t\t\t<div class=\"sow-accordion-panel-border\" tabindex=\"0\">\n\t\t\t\t\t<p>&nbsp;<\/p>\n<p>&nbsp;<\/p>\n<p><strong><a href=\"http:\/\/www2.uepg.br\/ppgel\/wp-content\/uploads\/sites\/68\/2020\/06\/daniel.png\"><img class=\"size-thumbnail wp-image-607 alignleft\" src=\"http:\/\/www2.uepg.br\/ppgel\/wp-content\/uploads\/sites\/68\/2020\/06\/daniel-150x150.png\" alt=\"\" width=\"150\" height=\"150\" \/><\/a>DANIEL DE OLIVEIRA GOMES<\/strong><\/p>\n<p>Curriculum Lattes: <a href=\"http:\/\/lattes.cnpq.br\/0593810363013174\" target=\"_blank\" rel=\"noopener\">http:\/\/lattes.cnpq.br\/0593810363013174<\/a><\/p>\n<p>Graduated in Letters by the Universidade Estadual de Ponta Grossa. Master and Doctorate graduation in Literature by the Universidade Federal de Santa Catarina. Made a doctorate sandwich scholarship by the Universit\u00e9 de Lille III. Currently on post-doctoral leave with the Centre de Recherches Interdisciplinaires sur le Monde Lusophone, at the Universit\u00e9 Paris Nanterre. He is associated professor at the Universidade Estadual de Ponta Grossa, acting in the Post-Graduation Program in Language Studies. He has been dedicated on studying affinities between post-structural and poetic French philosophy in current lusophone language.<\/p>\n<hr \/>\n<p>&nbsp;<\/p>\n<p>&nbsp;<\/p>\n<p><strong><a href=\"http:\/\/www2.uepg.br\/ppgel\/wp-content\/uploads\/sites\/68\/2020\/06\/eunice.png\"><img class=\"size-thumbnail wp-image-609 alignleft\" src=\"http:\/\/www2.uepg.br\/ppgel\/wp-content\/uploads\/sites\/68\/2020\/06\/eunice-150x150.png\" alt=\"\" width=\"150\" height=\"150\" \/><\/a>EUNICE DE MORAIS<\/strong><\/p>\n<p>Curriculum Lattes: <a href=\"http:\/\/lattes.cnpq.br\/0351544602905413\" target=\"_blank\" rel=\"noopener\">http:\/\/lattes.cnpq.br\/0351544602905413<\/a><\/p>\n<p>Master (2003) and Doctoral degrees in Letters by the UFPR (2009), Letters graduation course adjunct professor since 2012. She is part of the Uniletras Magazine\/UEPG editorial team and acts in the editorial council of the Scripta Alumnis Magazine UNIANDRADE, Muitas Vozes Magazine, and Text and Context Publisher. In the UEPG, she develops the continued research project \u201cStudies about fiction, History, and Memory: Border Gender?\u201d, and since 2005, participates in the Research Group (CNPq) Studies about historic fiction in Brazil, coordinated by Prof. Dr. Marilene Weinhardt, also in the Subjectivity, Text, and Teach research line. She has published articles and reviews in specialized journals and book chapters, which deal with the Portuguese and foreign languages historic fiction studies. She worked as the Language Studies International Congress general coordinator, in 2015 and 2017 editions, implementing research and university extension activities. Currently, works as the Post-Graduation in Program Language Studies general coordinator at the UEPG.<\/p>\n<hr \/>\n<p>&nbsp;<\/p>\n<p><strong><a href=\"http:\/\/www2.uepg.br\/ppgel\/wp-content\/uploads\/sites\/68\/2020\/06\/evanir.png\"><img class=\"size-thumbnail wp-image-610 alignleft\" src=\"http:\/\/www2.uepg.br\/ppgel\/wp-content\/uploads\/sites\/68\/2020\/06\/evanir-150x150.png\" alt=\"\" width=\"150\" height=\"150\" \/><\/a>EVANIR PAVLOSKI<\/strong><\/p>\n<p>Curr\u00edculum Lattes: <a href=\"http:\/\/lattes.cnpq.br\/8875201385333765\" target=\"_blank\" rel=\"noopener\">http:\/\/lattes.cnpq.br\/8875201385333765<\/a><\/p>\n<p>Graduated in English (2002), Master in Literary Studies (2005), and Doctoral in Literary Studies by the Universidade Federal do Paran\u00e1 (2012). In 2017, he concluded the post-doctoral internship in the Universidade Estadual de Campinas (UNICAMP). Since 2002, he is professor for the English Language, Literature in English Language, and Literature in Portuguese Language subjects. He develops researches in the following subjects: reception theory, utopic literature and figuring, literature and history, literature and other languages, and the fantastic in literature. Currently, he is adjunct professor in the Universidade Estadual de Ponta Grossa, where teaches in the Portuguese-English Letters graduation course and the Master in Language Studies.<\/p>\n<hr \/>\n<p>&nbsp;<\/p>\n<p>&nbsp;<\/p>\n<p><strong><a href=\"http:\/\/www2.uepg.br\/ppgel\/wp-content\/uploads\/sites\/68\/2020\/06\/keli.png\"><img class=\"size-thumbnail wp-image-612 alignleft\" src=\"http:\/\/www2.uepg.br\/ppgel\/wp-content\/uploads\/sites\/68\/2020\/06\/keli-150x150.png\" alt=\"\" width=\"150\" height=\"150\" \/><\/a>KELI CRISTINA PACHECO<\/strong><\/p>\n<p>Curriculum Lattes: <a href=\"http:\/\/lattes.cnpq.br\/6558952854074161\" target=\"_blank\" rel=\"noopener\">http:\/\/lattes.cnpq.br\/6558952854074161<\/a><\/p>\n<p>Licensed in Letters \u2013 Portuguese Language by the Universidade Federal de Santa Catarina \u2013 UFSC (2003), Master in Literature, concentration area in Brazilian Literature (2005), and Doctor in Literature, concentration area in Literary Theory by the UFSC (2009). Background in the Letters emphasizing in Literary Theory and Compared Literature, especially in the following topics: Portuguese language literature; modern and contemporary narrative; literature, migration, and exile. She is adjunct professor in Literary Theory and Portuguese Language Literature at the Language Studies Department, and permanent professor in the Post-Graduation Program in Language Studies, at the Universidade Estadual de Ponta Grossa \u2013 UEPG. Researcher in the Subjectivity, Text, and teach groups \u2013 UEPG; Blanchotian and the Outside Thinking Studies \u2013 UnB, and the Present Poetic Studies \u2013 UFRGS, at CNPq. Also, she composes the researchers group from the UEPG Interdisciplinary Research Laboratory in Social\/Political Theory, and Post-structuring. She is member of the ANPOLL Compared Literature GT since 2014. Currently, coursing post-doctoral in Literature at the Sorbonne Universit\u00e9 \u2013 Paris IV, under the Prof. Dr. Jos\u00e9 Leonardo Tonus supervision.<\/p>\n<p>&nbsp;<\/p>\n<p>________________________________________________________________________________________<\/p>\n<p>&nbsp;<\/p>\n<p><strong><a href=\"http:\/\/www2.uepg.br\/ppgel\/wp-content\/uploads\/sites\/68\/2020\/06\/luciane.png\"><img class=\"size-thumbnail wp-image-611 alignleft\" src=\"http:\/\/www2.uepg.br\/ppgel\/wp-content\/uploads\/sites\/68\/2020\/06\/luciane-150x150.png\" alt=\"\" width=\"150\" height=\"150\" \/><\/a>LUCIANE TRENNEPHOL DA COSTA<\/strong><\/p>\n<p>Curriculum Lattes: <a href=\"http:\/\/lattes.cnpq.br\/0019182505248618\" target=\"_blank\" rel=\"noopener\">http:\/\/lattes.cnpq.br\/0019182505248618<\/a><\/p>\n<p>Doctor in Letters with emphasis on the Linguistical Studies area by the Universidade Federal do Paran\u00e1 (2011), Master in Letters emphasized in Linguistical Theory and Analysis (2006) by the Universidade Federal do Rio Grande do Sul and licensed in Letters \u2013 Portuguese and Portuguese Language Literature (2003) by the same university. She is Adjunct Professor C at the Universidade Estadual do Centro-Oeste \u2013 UNICENTRO, teaching in the Portuguese Letters course and in the Post-Graduation program in Letters. Professor linked to the Post-Graduation Program in Language Studies at the Universidade Estadual de Ponta Grossa \u2013 UEPG. Background in Linguistic area, emphasizing Phonetic and Phonology, specially acting in the following subjects: rotics, linguistic theories, linguistic description, Slavonic languages spoken in Paran\u00e1, and linguistic variation. Speech and Voice Acoustic Investigation - FAVO Research Group leader, Slavonic Speech Linguistic Variation \u2013 VARLINFE group vice-leader, and Interaction and Teach Group researcher. Extension Permanent Program for Slavonic Studies Core \u2013 NEES member and NEES\u00b4 Phonetic and Phonology Laboratory coordinator.<\/p>\n<p>_______________________________________________________________________________________<\/p>\n<p>&nbsp;<\/p>\n<p><strong><a href=\"http:\/\/www2.uepg.br\/ppgel\/wp-content\/uploads\/sites\/68\/2020\/06\/pascoalina.png\"><img class=\"size-thumbnail wp-image-613 alignleft\" src=\"http:\/\/www2.uepg.br\/ppgel\/wp-content\/uploads\/sites\/68\/2020\/06\/pascoalina-150x150.png\" alt=\"\" width=\"150\" height=\"150\" \/><\/a>PASCOALINA BAILON DE OLIVEIRA SALEH<\/strong><\/p>\n<p>Curriculum Lattes: <a href=\"http:\/\/lattes.cnpq.br\/0801180629816075\" target=\"_blank\" rel=\"noopener\">http:\/\/lattes.cnpq.br\/0801180629816075<\/a><\/p>\n<p>Graduated in Letters Degree by the Universidade Federal de Vi\u00e7osa (1990), Master in Linguistic by the Universidade Estadual de Campinas (1995), and Doctor in Linguistic by the Universidade Estadual de Campinas (2000). Currently, Associated Professor at the Universidade Estadual de Ponta Grossa, working in the Letters Degree course and the Master in Language Studies. Background in Letters area, with emphasis in Linguistic, acting specially on writing acquisition and maternal language teaching subjects.<\/p>\n<hr \/>\n<p>&nbsp;<\/p>\n<p><strong><img class=\"wp-image-1648  alignleft\" src=\"http:\/\/www2.uepg.br\/ppgel\/wp-content\/uploads\/sites\/68\/2021\/01\/ROSANA-2-e1613149823159-300x223.jpg\" alt=\"\" width=\"161\" height=\"120\" \/>ROSANA APOLONIA HARMUCH<\/strong><\/p>\n<p>Curriculum Lattes: <a href=\"http:\/\/lattes.cnpq.br\/2949382347180985\" target=\"_blank\" rel=\"noopener\">http:\/\/lattes.cnpq.br\/2949382347180985<\/a><\/p>\n<p>Graduated in Letters Portuguese Literature by the Universidade Estadual do Centro-Oeste \/ Unicentro, Guarapuava, Master in Brazilian Literature by the Universidade Federal do Paran\u00e1, and Doctor in Literary Studies by the Universidade Federal do Paran\u00e1 (2006). Currently, she is associated professor in the Universidade Estadual de Ponta Grossa, acting specially on the following subjects: Romance Studies, especially for the readers and writers figuring in the narratives (arising or not from the empirical reality). Studies about authorship conceptions. Studies about the relations between the literary theory and the literature teaching. The objectives include the official documents analysis about literature teaching, texts about readers formation and those related with the literary speech specificities. Didactic books and selective tests (public tender, Enem, entrance exams) are also reflections target. Also, she is Post-graduation Program in Language Studies professor, at the same institution.<\/p>\n<p>________________________________________________________________________________________<\/p>\n<p>&nbsp;<\/p>\n<p><strong><a href=\"http:\/\/www2.uepg.br\/ppgel\/wp-content\/uploads\/sites\/68\/2020\/06\/silvana.png\"><img class=\"size-thumbnail wp-image-615 alignleft\" src=\"http:\/\/www2.uepg.br\/ppgel\/wp-content\/uploads\/sites\/68\/2020\/06\/silvana-150x150.png\" alt=\"\" width=\"150\" height=\"150\" \/><\/a>SILVANA OLIVEIRA<\/strong><\/p>\n<p>Curriculum Lattes: <a href=\"http:\/\/lattes.cnpq.br\/0469779306533497\" target=\"_blank\" rel=\"noopener\">http:\/\/lattes.cnpq.br\/0469779306533497<\/a><\/p>\n<p>Graduated in Letters by the Universidade Estadual de Ponta Grossa (1992), Master in Letters by the Universidade Federal do Paran\u00e1 (1996), and Doctor in Literary Theory and History by the Universidade Estadual de Campinas (2003). Currently, is associated professor at the Universidade Estadual de Ponta Grossa and Post-Doctoral in Compared Literature by the Universidade Estadual do Rio de Janeiro, with supervised research by the Prof. Dr. Jo\u00e3o Cezar de Castro Rocha. Works at the Post-Graduation Program in Language, Identity, and Subjectivity at the Universidade Estadual de Ponta Grossa. The research interests in the last years are centered in the relations between literature and philosophy, highlighting the Mikhail Bakhtin\u00b4s romance theory approach and the Gilles Deleuze and Felix Guattari\u00b4s production with a view to literature and authors notes in Portuguese language whose production is focused on after 1960.<\/p>\n<hr \/>\n<p>&nbsp;<\/p>\n<p><strong><a href=\"http:\/\/www2.uepg.br\/ppgel\/wp-content\/uploads\/sites\/68\/2020\/06\/sebasti\u00e3o.png\"><img class=\"size-thumbnail wp-image-616 alignleft\" src=\"http:\/\/www2.uepg.br\/ppgel\/wp-content\/uploads\/sites\/68\/2020\/06\/sebasti\u00e3o-150x150.png\" alt=\"\" width=\"150\" height=\"150\" \/><\/a>SEBASTI\u00c3O LOUREN\u00c7O DOS SANTOS<\/strong><\/p>\n<p>Curriculum Lattes: <a href=\"http:\/\/lattes.cnpq.br\/8105118674329126\" target=\"_blank\" rel=\"noopener\">http:\/\/lattes.cnpq.br\/8105118674329126<\/a><\/p>\n<p>Graduated in Portuguese-Spanish by the Universidade Tuiuti do Paran\u00e1 (1997), Master (2004) in Linguistic Studies by the UFPR, Doctor (2009) in Letters by the Universidade Federal do Paran\u00e1, and Post-Doctoral (2019) at the UFPR. Adjunct Professor at the Modern Foreigner Languages Department and the Post-Graduation Program in Language Studies at the Universidade Estadual de Ponta Grossa. Background in Letters area, emphasizing Spanish Language and Cognitive Linguistic, developing research about the following subjects: Cognitive Pragmatic and Spanish Language Teaching-Learning. President of the Pragmatic Brazilian Association (ABRAP) \u2013 biennium 2017-2018.<\/p>\n<p>&nbsp;<\/p>\n\t\t\t\t<\/div>\n\t\t\t<\/div>\n\t\t<\/div>\n\t\t\t<div class=\"sow-accordion-panel\"\n\t\t\t data-anchor=\"pluralidade-identidade-e-ensino\">\n\t\t\t\t<div class=\"sow-accordion-panel-header-container\" role=\"heading\" aria-level=\"2\">\n\t\t\t\t\t<div class=\"sow-accordion-panel-header\" tabindex=\"0\" role=\"button\" id=\"accordion-label-pluralidade-identidade-e-ensino\" aria-controls=\"accordion-content-pluralidade-identidade-e-ensino\" aria-expanded=\"false\">\n\t\t\t\t\t\t<div class=\"sow-accordion-title sow-accordion-title-icon-left\">\n\t\t\t\t\t\t\t\t\t\t\t\t\t\tPluralidade, Identidade e Ensino\t\t\t\t\t\t\t\t\t\t\t\t\t<\/div>\n\t\t\t\t\t\t<div class=\"sow-accordion-open-close-button\">\n\t\t\t\t\t\t\t<div class=\"sow-accordion-open-button\">\n\t\t\t\t\t\t\t\t<span class=\"sow-icon-ionicons\" data-sow-icon=\"&#xf218;\"\n\t\t \n\t\taria-hidden=\"true\"><\/span>\t\t\t\t\t\t\t<\/div>\n\t\t\t\t\t\t\t<div class=\"sow-accordion-close-button\">\n\t\t\t\t\t\t\t\t<span class=\"sow-icon-ionicons\" data-sow-icon=\"&#xf209;\"\n\t\t \n\t\taria-hidden=\"true\"><\/span>\t\t\t\t\t\t\t<\/div>\n\t\t\t\t\t\t<\/div>\n\t\t\t\t\t<\/div>\n\t\t\t\t<\/div>\n\n\t\t\t<div\n\t\t\t\tclass=\"sow-accordion-panel-content\"\n\t\t\t\trole=\"region\"\n\t\t\t\taria-labelledby=\"accordion-label-pluralidade-identidade-e-ensino\"\n\t\t\t\tid=\"accordion-content-pluralidade-identidade-e-ensino\"\n\t\t\t\tstyle=\"display: none;\"\t\t\t>\n\t\t\t\t<div class=\"sow-accordion-panel-border\" tabindex=\"0\">\n\t\t\t\t\t<p><strong><a href=\"http:\/\/www2.uepg.br\/ppgel\/wp-content\/uploads\/sites\/68\/2020\/06\/aparecida.png\"><img class=\"size-thumbnail wp-image-617 alignleft\" src=\"http:\/\/www2.uepg.br\/ppgel\/wp-content\/uploads\/sites\/68\/2020\/06\/aparecida-150x150.png\" alt=\"\" width=\"150\" height=\"150\" \/><\/a>APARECIDA DE JESUS FERREIRA<\/strong><\/p>\n<p>Curriculum Lattes: <a href=\"http:\/\/lattes.cnpq.br\/2238891866036822\" target=\"_blank\" rel=\"noopener\">http:\/\/lattes.cnpq.br\/2238891866036822<\/a><\/p>\n<p>Post-Doctor (2015) and Doctor in Professors Education and Applied Linguistic - University of London \u2013 England (2005), Master in Linguistic by the Universidade Estadual Paulista J\u00falio de Mesquita Filho (2001), and graduated in Letters Portuguese English by the Universidade Estadual do Oeste do Paran\u00e1 (1990). Currently, is associated professor at the UEPG \u2013 Universidade Estadual de Ponta Grossa. Working at the Letters degree course (English Language, Teaching Practice) and the Master in Language Studies at the same institution. Published fourteen books in Brazil. Also have published a book at the United States of America. Have several published articles in books and scientific journals, in Brazil, England, United States, Angola, Portugal, Colombia, and Spain. Background in Applied Linguistic area, emphasizing the Professors Graduation, acting specially in the following subjects: professors graduation (Additional Languages and Portuguese Language), English language teaching practice, additional languages teaching and learning, educational material analysis and development, didactic book analysis, school literacy, and the social identity construction process for language teachers, and the race and gender social identity. Reviewer for several journals. Visitor researcher at the King\u00b4s College London \u2013 University of London, England (2014-2015).<\/p>\n<hr \/>\n<p>&nbsp;<\/p>\n<p><strong><a href=\"http:\/\/www2.uepg.br\/ppgel\/wp-content\/uploads\/sites\/68\/2020\/06\/cloris.png\"><img class=\"size-thumbnail wp-image-618 alignleft\" src=\"http:\/\/www2.uepg.br\/ppgel\/wp-content\/uploads\/sites\/68\/2020\/06\/cloris-150x150.png\" alt=\"\" width=\"150\" height=\"150\" \/><\/a>CL\u00d3RIS PORTO TORQUATO<\/strong><\/p>\n<p>Curriculum Lattes: <a href=\"http:\/\/lattes.cnpq.br\/4009679922563932\" target=\"_blank\" rel=\"noopener\">http:\/\/lattes.cnpq.br\/4009679922563932<\/a><\/p>\n<p>Graduated in Letters Portuguese by the Universidade Federal do Paran\u00e1 (1995), Master in Applied Linguistic by the Universidade Estadual de Campinas (2003), and Doctor in Linguistic by the Universidade Estadual de Campinas (2009). Background in Linguistic area, emphasizing the Applied Linguistic and Sociolinguistic, acting specially in the following subjects: linguistic policies, linguistic ideologies, teachers graduation, pedagogical practices, literacy, speech (Bakhtin\u00b4s Circle), interculturality, and decolonial studies. Develops extension projects in Additional Portuguese Language, in which works with all the subjects mentioned above.<\/p>\n<hr \/>\n<p>&nbsp;<\/p>\n<p><strong><a href=\"http:\/\/www2.uepg.br\/ppgel\/wp-content\/uploads\/sites\/68\/2020\/06\/djane.png\"><img class=\"size-thumbnail wp-image-619 alignleft\" src=\"http:\/\/www2.uepg.br\/ppgel\/wp-content\/uploads\/sites\/68\/2020\/06\/djane-150x150.png\" alt=\"\" width=\"150\" height=\"150\" \/><\/a>DJANE ANTONUCCI CORREA<\/strong><\/p>\n<p>Curriculum Lattes: <a href=\"http:\/\/lattes.cnpq.br\/1024484498585527\" target=\"_blank\" rel=\"noopener\">http:\/\/lattes.cnpq.br\/1024484498585527<\/a><\/p>\n<p>Associated professor at the Universidade Estadual de Ponta Grossa where I have been working since 1999. Before that, I was basic education teacher in public school at the S\u00e3o Paulo state (1993-1997). I concluded the Doctoral in Letters at the Universidade Estadual Paulista J\u00falio de Mesquita Filho (2002). Post-doctoral at the Language Studies Institute \u2013 IEL\/UNICAMP \u2013 (2008\/2009 and 2010\/2011). At this period, I have developed two studies: at the first year about Pragmatic and teachers graduation, and at the second one about linguistic policy and language teaching. Between August\/2017 and July\/2018, at another post-doctoral internship performed in the Applied Linguistic Post-Graduation Program at the Universidade Estadual do Cear\u00e1 (PosLa-UECE\/PNPD), I deepened discussions about epistemological possibilities that can provide higher support to the current studies I develop in teaching, research and extension integrated activities together with vulnerable communities. I work in the Letters Degree Course and the Master in Language Studies. I am a \u201cText studies Laboratory\u201d collective member, an extension Program that I have coordinated between 2007 and 2017, which integrates extensionist actions to teaching and research activities. Always looking for transdisciplinary approaches, I dedicate myself to written language practices critical studies in connection with social exclusion, as start point to establishing the relations among written culture, pragmatic, linguistic policy, language teaching and learning, teachers graduation, and human formation.<\/p>\n<hr \/>\n<p>&nbsp;<\/p>\n<p><strong><a href=\"http:\/\/www2.uepg.br\/ppgel\/wp-content\/uploads\/sites\/68\/2020\/06\/elaine.png\"><img class=\"size-thumbnail wp-image-620 alignleft\" src=\"http:\/\/www2.uepg.br\/ppgel\/wp-content\/uploads\/sites\/68\/2020\/06\/elaine-150x150.png\" alt=\"\" width=\"150\" height=\"150\" \/><\/a>ELAINE DE FERREIRA DO VALE BORGES<\/strong><\/p>\n<p>Curriculum Lattes: <a href=\"http:\/\/lattes.cnpq.br\/8872819626199594\" target=\"_blank\" rel=\"noopener\">http:\/\/lattes.cnpq.br\/8872819626199594<\/a><\/p>\n<p>Bachelor and Licensed in Letters (Portuguese\/English) by the Faculdade de Ci\u00eancias e Letras of UNESP, Master in Applied Linguistic by the Language Studies Institute of UNICAMP, Doctor in Education by the Faculdade de Letras of UFMG. Performed doctoral internship at the Universidad de Murcia (Spain). Work as teacher assistant at the Joseph H. Lauder Institute of Management and International Studies at the University of Pennsylvania (USA). Cultural director of the English Language Professors Association of the S\u00e3o Paulo State (APLIESP). Background in Applied Linguistic and Education in teaching and learning\/acquisition of additional languages (including Sign Language as L2), and complexity\/chaos theory, working specially in the following subjects: additional languages teaching approach and teachers development. Currently, is Adjunct Professor C of the Language Studies Department (DEEL) at the Universidade Estadual de Ponta Grossa (UEPG), in the Letters Degree course (Portuguese\/English), teaching \u201cThe Teacher Internship and Graduation in English Language\u201d subject; and permanent professor in the Post-Graduation Program in Language Studies (PPGEL), teaching \u201cAdditional Languages Teaching and Learning Approach\u201d and \u201cEnglish Language Teaching and Didactic Material: Analysis, production, and evaluation\u201d (this one, together with other PPGEL professors). At the same institution, develops the Continued Research Project \u201cAdditional Languages Complex Pedagogy\u201d, Extension Projects directed to teachers graduation, previous and on English language service, being Supervised Internship Coordinator of the Letters Degree Course; was one of the Pedagogical Coordinators at the Foreigner Languages Course for the Community (CLEC), Institutional Coordinator of the English Without Borders Program (SESu\/MEC), Paran\u00e1 Speaks English Program of the SETI\/PR, and PIBID-English Subproject Coordinator of CAPES. Language and Complexity Research Group leader of the CNPq Research Directory (<a href=\"http:\/\/grupolinc.blogspot.com.br\/\">http:\/\/grupolinc.blogspot.com.br<\/a>).<\/p>\n<hr \/>\n<p>&nbsp;<\/p>\n<p><strong><a href=\"http:\/\/www2.uepg.br\/ppgel\/wp-content\/uploads\/sites\/68\/2020\/06\/fabio.png\"><img class=\"size-thumbnail wp-image-621 alignleft\" src=\"http:\/\/www2.uepg.br\/ppgel\/wp-content\/uploads\/sites\/68\/2020\/06\/fabio-150x150.png\" alt=\"\" width=\"150\" height=\"150\" \/><\/a>F\u00c1BIO AUGUSTO STEYER<\/strong><\/p>\n<p>Curriculum Lattes: <a href=\"http:\/\/lattes.cnpq.br\/1017969025577881\" target=\"_blank\" rel=\"noopener\">http:\/\/lattes.cnpq.br\/1017969025577881<\/a><\/p>\n<p>Graduated in History by the Pontif\u00edcia Universidade Cat\u00f3lica do Rio Grande do Sul (1998), bachelor in Social Communication\/Journalism by the Pontif\u00edcia Universidade Cat\u00f3lica do Rio Grande do Sul (1998), Graduated in Letters\/Portuguese by the Pontif\u00edcia Universidade Cat\u00f3lica do Rio Grande do Sul (2006), Master in History by the Pontif\u00edcia Universidade Cat\u00f3lica do Rio Grande do Sul (2000), and Doctor by the Pontif\u00edcia Universidade Cat\u00f3lica do Rio Grande do Sul (2006). Currently, is adjunct professor (40 hours in public tender) at the Language Studies Department at the Universidade Estadual de Ponta Grossa (UEPG), working on the Portuguese\/English, Portuguese\/Spanish and, Portuguese\/French Letters Graduation, and on the Language, Identity, and Subjectivity Master. Background in History, Letters, Cinema, and Social Communication, emphasizing on History of Ga\u00facha and Brazilian Literature, Relations among Literature, Cinema, and History, Brazilian Press History, Media and Contemporaneity, Regional History of Brazil, and Death Anthropology, acting specially in the following subjects: cinema, death, cemetery art, RS history, cinema history, ga\u00facha and Brazilian literature, ga\u00facha and Brazilian press history and media, and post-modern.<\/p>\n<hr \/>\n<p>&nbsp;<\/p>\n<p><strong><a href=\"http:\/\/www2.uepg.br\/ppgel\/wp-content\/uploads\/sites\/68\/2020\/06\/ione.png\"><img class=\"size-thumbnail wp-image-622 alignleft\" src=\"http:\/\/www2.uepg.br\/ppgel\/wp-content\/uploads\/sites\/68\/2020\/06\/ione-150x150.png\" alt=\"\" width=\"150\" height=\"150\" \/><\/a>IONE DA SILVA JOVINO<\/strong><\/p>\n<p>Curriculum Lattes: <a href=\"http:\/\/lattes.cnpq.br\/6714175723955949\" target=\"_blank\" rel=\"noopener\">http:\/\/lattes.cnpq.br\/6714175723955949<\/a><\/p>\n<p>Graduated in Letters by the Pontif\u00edcia Universidade Cat\u00f3lica de S\u00e3o Paulo (1997), Master in Education (2005) by the Universidade Federal de S\u00e3o Carlos, Doctor in Education (2010), and Post-Doctoral internship in Education (2017-2018) at the same university. Professor of the Language Studies Department at the UEPG and the Language Studies Master, worked on the Program coordination from August 2013 to December 2016. Currently, is Pro-Rector of the UEPG\u00b4s Student Affairs. Integrant of the UEPG\u00b4s Center of Ethnic-Racial, Gender, and Sexuality Relations, in which participates on the research and extension actions, as well as on teachers graduation course. Worked on the Teaching Initiation Scholarship Institutional Program and producing didactic material for languages teaching at the Africanity and ethnic-racial relations perspective, at the Africanity PIBID project. Works with the following subjects: child, childhood, and race; children-juvenile\u00b4s literature, and ethnical-racial relations; ethnical-racial-cultural education and diversity; iconography and representation; inequality in the symbolic plan.<\/p>\n<hr \/>\n<p>&nbsp;<\/p>\n<p><strong><a href=\"http:\/\/www2.uepg.br\/ppgel\/wp-content\/uploads\/sites\/68\/2020\/06\/leticia.png\"><img class=\"size-thumbnail wp-image-623 alignleft\" src=\"http:\/\/www2.uepg.br\/ppgel\/wp-content\/uploads\/sites\/68\/2020\/06\/leticia-150x150.png\" alt=\"\" width=\"150\" height=\"150\" \/><\/a>LET\u00cdCIA FRAGA<\/strong><\/p>\n<p>Curriculum Lattes: <a href=\"http:\/\/lattes.cnpq.br\/7446589855128901\" target=\"_blank\" rel=\"noopener\">http:\/\/lattes.cnpq.br\/7446589855128901<\/a><\/p>\n<p>Graduated in Letters Portuguese\/French by the Universidade Federal de Santa Catarina (1995), Master in Linguistic by the Universidade Federal de Santa Catarina (1998), and Doctor in Linguistic by the Universidade Estadual de Campinas (2008). Currently, I am associated professor at the Universidade Estadual de Ponta Grossa and work on the Letters Graduation and Language Studies Master courses, at this institution. Background in Applied Linguistic area and guiding works in the following subjects: linguistic plurality\/diversity; language teaching and linguistic policies for language teachers; indigenous (scholar) education.<\/p>\n<hr \/>\n<p>&nbsp;<\/p>\n<p><b><a href=\"http:\/\/www2.uepg.br\/ppgel\/wp-content\/uploads\/sites\/68\/2020\/06\/ligia.png\"><img class=\"size-thumbnail wp-image-624 alignleft\" src=\"http:\/\/www2.uepg.br\/ppgel\/wp-content\/uploads\/sites\/68\/2020\/06\/ligia-150x150.png\" alt=\"\" width=\"150\" height=\"150\" \/><\/a>L\u00cdGIA<\/b><strong>\u00a0PAULA COUTO<\/strong><\/p>\n<p>Curriculum Lattes: <a href=\"http:\/\/lattes.cnpq.br\/6291881730873094\" target=\"_blank\" rel=\"noopener\">http:\/\/lattes.cnpq.br\/6291881730873094<\/a><\/p>\n<p>Graduated in Letters \u2013 Spanish\/Portuguese by the Universidade de S\u00e3o Paulo (1999), Master in Education (Education Psychology) by the Pontif\u00edcia Universidade Cat\u00f3lica de S\u00e3o Paulo (2007), and Doctor in Education by the Universidade de S\u00e3o Paulo (2013). Adjunct professor at the Language Studies Department (DEEL) of the Universidade Estadual de Ponta Grossa working on the Spanish Language I, Articulator Practice III and IV (Project) subjects, in the Language Studies Master\u00b4s program (PPGEL). Graduation pro-rector (2018-2020). Worked on the Structuring Professors Center of the Letters course (2015-2018). Specially dedicated to the following teaching\/extension\/research subjects: knowledge decolonizing, interculturality, college pedagogy, curriculum (high school), teachers graduation, foreign languages, Spanish language, languages and literature teaching\/learning, linguistic policies. Published didactic books in Spanish, English, and Portuguese areas. Published books in Spanish teachers graduation area. She was teacher in languages schools (Spanish and English) from 1995 to 2007, and Portuguese teacher in public schools from 2005 to 2008.<\/p>\n<hr \/>\n<p>&nbsp;<\/p>\n<p><strong><a href=\"http:\/\/www2.uepg.br\/ppgel\/wp-content\/uploads\/sites\/68\/2020\/06\/marly.png\"><img class=\"size-thumbnail wp-image-625 alignleft\" src=\"http:\/\/www2.uepg.br\/ppgel\/wp-content\/uploads\/sites\/68\/2020\/06\/marly-150x150.png\" alt=\"\" width=\"150\" height=\"150\" \/><\/a>MARLY CATARINA SOARES<\/strong><\/p>\n<p>Curriculum Lattes: <a href=\"http:\/\/lattes.cnpq.br\/2783202240241667\" target=\"_blank\" rel=\"noopener\">http:\/\/lattes.cnpq.br\/2783202240241667<\/a><\/p>\n<p>Graduated in Letters Degree by the Universidade Estadual de Ponta Grossa (1989), specialized in Portuguese Language by the Universidade Estadual de Ponta Grossa (1992), Master in Literary Theory and History by the Universidade Estadual de Campinas (1998), and Doctor in Literature by the Universidade Federal de Santa Catarina (2008). Currently, is Associated Professor at the Univerisdade Estadual de Ponta Grossa, UAB_EAD course coordination at the Universidade Estadual de Ponta Grossa, and UniLetras editorial body member. Background in Letters area, emphasizing in Brazilian Literature. Specially acting in the following subjects: XX century\u00b4s poetry, Literary Theory, Florbela Espanca, Portuguese Literature, Literary studies, and Literature and Woman.<\/p>\n<hr \/>\n<p>&nbsp;<\/p>\n<p><strong><a href=\"http:\/\/www2.uepg.br\/ppgel\/wp-content\/uploads\/sites\/68\/2020\/06\/miguel.png\"><img class=\"size-thumbnail wp-image-626 alignleft\" src=\"http:\/\/www2.uepg.br\/ppgel\/wp-content\/uploads\/sites\/68\/2020\/06\/miguel-150x150.png\" alt=\"\" width=\"150\" height=\"150\" \/><\/a>MIGUEL SANCHES NETO<\/strong><\/p>\n<p>Curriculum Lattes: <a href=\"http:\/\/lattes.cnpq.br\/0212593991244575\" target=\"_blank\" rel=\"noopener\">http:\/\/lattes.cnpq.br\/0212593991244575<\/a><\/p>\n<p>Graduated in Letters by the FAFIMAN (1984-1986), specialized in Brazilian Literature by the Pontif\u00edcia Universidade Cat\u00f3lica do Paran\u00e1, Curitiba (1989). Master in Literary Theory by the Universidade Federal de Santa Catarina (1990-1992). Doctor in Letters by the Unicamp (1994-1998) and Brazilian literature associated professor at the Universidade Estadual de Ponta Grossa. Former Paran\u00e1 State Official Press Director-President (1999-2002), Research and Post-Graduation Pro-Rector (2003), and Extension and Cultural Affairs Pro-Rector at the UEPG (2006-2010). Has been published articles, assays, and books about national authors, among them Manoel de Barros, Dalton Trevisan, and Cec\u00edlia Meireles. His academic working areas are: contemporary Brazilian literature; literary reader formation; literary criticism; literary magazines, autobiographical texts, testimony literature. Rector of the UEPG (2018-2022).<\/p>\n<hr \/>\n<p>&nbsp;<\/p>\n<p><strong><a href=\"http:\/\/www2.uepg.br\/ppgel\/wp-content\/uploads\/sites\/68\/2020\/06\/rosangela.png\"><img class=\"size-thumbnail wp-image-627 alignleft\" src=\"http:\/\/www2.uepg.br\/ppgel\/wp-content\/uploads\/sites\/68\/2020\/06\/rosangela-150x150.png\" alt=\"\" width=\"150\" height=\"150\" \/><\/a>ROS\u00c2NGELA SCHARDONG<\/strong><\/p>\n<p>Curriculum Lattes: <a href=\"http:\/\/lattes.cnpq.br\/2344616828456810\" target=\"_blank\" rel=\"noopener\">http:\/\/lattes.cnpq.br\/2344616828456810<\/a><\/p>\n<p>Graduated in Letters Portuguese and Spanish by the Universidade Federal de Santa Catarina (1992), Master in Letters (Spanish Language and Spanish and Hispano-American Literatures) by the Universidade de S\u00e3o Paulo (1997). In 2008, she concluded Doctoral at the Universidade de S\u00e3o Paulo (USP) under the Prof. Dr. Maria Augusta da Costa Vieira supervision. Her thesis was dedicated to the Maria de Zayas y Sotomayor\u00b4s work, Spanish writer of the XVII century, covering the following subjects: framed tales, XVII century poetics, mill art, conduct agreement, female writing permission, and woman representation. As Adjunct Professor C at the Universidade Estadual de Ponta Grossa (PR) works on the Letters Degree course, Spanish Language and Language Literature teaching, and in the Language Studies Post-Graduation Program. Coordinates the genders poetic in the arts and Letter in Spanish Language continued research project.<\/p>\n<hr \/>\n<p>&nbsp;<\/p>\n<p><strong><a href=\"http:\/\/www2.uepg.br\/ppgel\/wp-content\/uploads\/sites\/68\/2020\/06\/sulany.png\"><img class=\"size-thumbnail wp-image-628 alignleft\" src=\"http:\/\/www2.uepg.br\/ppgel\/wp-content\/uploads\/sites\/68\/2020\/06\/sulany-150x150.png\" alt=\"\" width=\"150\" height=\"150\" \/><\/a>SULANY SILVEIRA DOS SANTOS<\/strong><\/p>\n<p>Curriculum Lattes: <a href=\"http:\/\/lattes.cnpq.br\/6426262182600997\" target=\"_blank\" rel=\"noopener\">http:\/\/lattes.cnpq.br\/6426262182600997<\/a><\/p>\n<p>English Language Adjunct Professor at the Language Studies Department (DEEL) at the Universidade Estadual de Ponta Grossa\/PR (UEPG). Doctor in Letters by the UFRGS, Master in Letters \u2013 concentration area: Applied Linguistic by the PUC-RS; Graduated in Letters Portuguese-English with the Respective Literatures by the PUC-RS. Participates on the Reading and Gender Production in the Social, School, and Professional Practices and Plurality, identity, and teaching CNPq Research Group. Worked as Graduation and Post-Graduation professor at the UNIJUI in English and Portuguese Languages teaching and learning area. Worked as English-foreigner language teachers graduation in South Korea (2007-2012), developing teaching programs for English language. Works specially in the following subjects: academic literacy, writing teaching-learning, English language teacher graduation, English language teaching methodology. Currently is Director of the UEPG\u00b4s International Relations Office and the Paran\u00e1 Speaks English Program pedagogic coordinator at the same University.<\/p>\n<hr \/>\n<p>&nbsp;<\/p>\n<p><strong><a href=\"http:\/\/www2.uepg.br\/ppgel\/wp-content\/uploads\/sites\/68\/2020\/06\/valeska.png\"><img class=\"size-thumbnail wp-image-629 alignleft\" src=\"http:\/\/www2.uepg.br\/ppgel\/wp-content\/uploads\/sites\/68\/2020\/06\/valeska-150x150.png\" alt=\"\" width=\"150\" height=\"150\" \/><\/a>VALESKA GRACIOSO CARLOS<\/strong><\/p>\n<p>Curriculum Lattes: <a href=\"http:\/\/lattes.cnpq.br\/5305551484510716\" target=\"_blank\" rel=\"noopener\">http:\/\/lattes.cnpq.br\/5305551484510716<\/a><\/p>\n<p>Graduated in Letters Portuguese\/Spanish by the Universidade Estadual Paulista J\u00falio de Mesquita Filho (1997), graduated in Letters Portuguese\/English by the same university (1999), Master (2006) and Doctor (2015) in Language Studies by the Universidade Estadual de Londrina. Adjunct Professor at the Universidade Estadual de Ponta Grossa and works on the Letters Degree and Master in Language Studies courses at the same institution. Background in Linguistic area, emphasizing in Spanish and English Languages Teaching. Develops research in Sociolinguistic and Dialectology area, investigating the linguistic attitudes and describing the languages in contact at the Brazilian border with Paraguay. Besides that, her studies cover socio-dialectological researches, deepening on issues like identity, variation, attitude, beliefs and linguistic policies, fundamental for the teaching\/learning process, aiming the development of actions directed to the maternal and foreign languages teacher graduation.<\/p>\n\t\t\t\t<\/div>\n\t\t\t<\/div>\n\t\t<\/div>\n\t\t<\/div>\n<\/div>\n<\/div><\/div><\/div><\/div><\/div>","protected":false},"excerpt":{"rendered":"<p>Linhas de pesquisa: Texto, Subjetividade e Horizontes Te\u00f3ricos &nbsp; &nbsp; DANIEL DE OLIVEIRA GOMES Curriculum Lattes: http:\/\/lattes.cnpq.br\/0593810363013174 Graduated in Letters by the Universidade Estadual de Ponta Grossa. Master and Doctorate graduation in Literature by the Universidade Federal de Santa Catarina. Made a doctorate sandwich scholarship by the Universit\u00e9 de Lille III. Currently on post-doctoral leave&nbsp;&hellip;<\/p>\n","protected":false},"author":24,"featured_media":0,"parent":0,"menu_order":0,"comment_status":"closed","ping_status":"closed","template":"page-templates\/page-with-right-sidebar.php","meta":[],"_links":{"self":[{"href":"https:\/\/www2.uepg.br\/ppgel\/wp-json\/wp\/v2\/pages\/749"}],"collection":[{"href":"https:\/\/www2.uepg.br\/ppgel\/wp-json\/wp\/v2\/pages"}],"about":[{"href":"https:\/\/www2.uepg.br\/ppgel\/wp-json\/wp\/v2\/types\/page"}],"author":[{"embeddable":true,"href":"https:\/\/www2.uepg.br\/ppgel\/wp-json\/wp\/v2\/users\/24"}],"replies":[{"embeddable":true,"href":"https:\/\/www2.uepg.br\/ppgel\/wp-json\/wp\/v2\/comments?post=749"}],"version-history":[{"count":4,"href":"https:\/\/www2.uepg.br\/ppgel\/wp-json\/wp\/v2\/pages\/749\/revisions"}],"predecessor-version":[{"id":1928,"href":"https:\/\/www2.uepg.br\/ppgel\/wp-json\/wp\/v2\/pages\/749\/revisions\/1928"}],"wp:attachment":[{"href":"https:\/\/www2.uepg.br\/ppgel\/wp-json\/wp\/v2\/media?parent=749"}],"curies":[{"name":"wp","href":"https:\/\/api.w.org\/{rel}","templated":true}]}}