{"id":752,"date":"2020-06-17T11:00:43","date_gmt":"2020-06-17T14:00:43","guid":{"rendered":"http:\/\/www2.uepg.br\/ppgel\/?page_id=752"},"modified":"2025-06-13T16:15:18","modified_gmt":"2025-06-13T19:15:18","slug":"docentes","status":"publish","type":"page","link":"https:\/\/www2.uepg.br\/ppgel\/docentes\/","title":{"rendered":"corpo"},"content":{"rendered":"<div id=\"pl-752\"  class=\"panel-layout\" ><div id=\"pg-752-0\"  class=\"panel-grid panel-no-style\" ><div id=\"pgc-752-0-0\"  class=\"panel-grid-cell\" ><div id=\"panel-752-0-0-0\" class=\"so-panel widget widget_sow-accordion panel-first-child panel-last-child\" data-index=\"0\" ><div\n\t\t\t\n\t\t\tclass=\"so-widget-sow-accordion so-widget-sow-accordion-default-7f158b849c7f-752\"\n\t\t\t\n\t\t><h3 class=\"widget-title\">Linhas de pesquisa:<\/h3><div>\n\t<div class=\"sow-accordion\">\n\t\t\t<div class=\"sow-accordion-panel\"\n\t\t\t data-anchor=\"estudos-liter%c3%a1rios\">\n\t\t\t\t<div class=\"sow-accordion-panel-header-container\" role=\"heading\" aria-level=\"2\">\n\t\t\t\t\t<div class=\"sow-accordion-panel-header\" tabindex=\"0\" role=\"button\" id=\"accordion-label-estudos-liter%c3%a1rios\" aria-controls=\"accordion-content-estudos-liter%c3%a1rios\" aria-expanded=\"false\">\n\t\t\t\t\t\t<div class=\"sow-accordion-title sow-accordion-title-icon-left\">\n\t\t\t\t\t\t\t\t\t\t\t\t\t\tEstudos Liter\u00e1rios\t\t\t\t\t\t\t\t\t\t\t\t\t<\/div>\n\t\t\t\t\t\t<div class=\"sow-accordion-open-close-button\">\n\t\t\t\t\t\t\t<div class=\"sow-accordion-open-button\">\n\t\t\t\t\t\t\t\t<span class=\"sow-icon-ionicons\" data-sow-icon=\"&#xf218;\"\n\t\t \n\t\taria-hidden=\"true\"><\/span>\t\t\t\t\t\t\t<\/div>\n\t\t\t\t\t\t\t<div class=\"sow-accordion-close-button\">\n\t\t\t\t\t\t\t\t<span class=\"sow-icon-ionicons\" data-sow-icon=\"&#xf209;\"\n\t\t \n\t\taria-hidden=\"true\"><\/span>\t\t\t\t\t\t\t<\/div>\n\t\t\t\t\t\t<\/div>\n\t\t\t\t\t<\/div>\n\t\t\t\t<\/div>\n\n\t\t\t<div\n\t\t\t\tclass=\"sow-accordion-panel-content\"\n\t\t\t\trole=\"region\"\n\t\t\t\taria-labelledby=\"accordion-label-estudos-liter%c3%a1rios\"\n\t\t\t\tid=\"accordion-content-estudos-liter%c3%a1rios\"\n\t\t\t\tstyle=\"display: none;\"\t\t\t>\n\t\t\t\t<div class=\"sow-accordion-panel-border\" tabindex=\"0\">\n\t\t\t\t\t<p>&nbsp;<\/p>\n<p>&nbsp;<\/p>\n<p><strong><a href=\"http:\/\/www2.uepg.br\/ppgel\/wp-content\/uploads\/sites\/68\/2020\/06\/daniel.png\"><img class=\"size-thumbnail wp-image-607 alignleft\" src=\"http:\/\/www2.uepg.br\/ppgel\/wp-content\/uploads\/sites\/68\/2020\/06\/daniel-150x150.png\" alt=\"\" width=\"150\" height=\"150\" \/><\/a>DANIEL DE OLIVEIRA GOMES<\/strong><\/p>\n<p>Curr\u00edculo Lattes:\u00a0<a href=\"http:\/\/lattes.cnpq.br\/0593810363013174\" target=\"_blank\" rel=\"noopener\">http:\/\/lattes.cnpq.br\/0593810363013174<\/a><\/p>\n<p>Graduado em Letras por la Universidade Estadual de Ponta Grossa. Tiene una maestr\u00eda y un doctorado en Literatura por la Universidade Federal de Santa Catarina. Hizo pasant\u00eda s\u00e1ndwich de doctorado por la Universit\u00e9 de Lille III. Actualmente, est\u00e1 en licencia postdoctoral junto al Centre de Recherches Interdisciplinaires sur le Monde Lusophone, en la Universit\u00e9 Paris Nanterre. Es profesor asociado en la Universidade Estadual de Ponta Grossa, actuando en el Programa de Postgrado en Estudios del Lenguaje. Se ha dedicado a estudios afinidades entre filosof\u00eda francesa postestructuralista y po\u00e9ticas en lengua lus\u00f3fona en el presente.<\/p>\n<hr \/>\n<p>&nbsp;<\/p>\n<p>&nbsp;<\/p>\n<p><strong><a href=\"http:\/\/www2.uepg.br\/ppgel\/wp-content\/uploads\/sites\/68\/2020\/06\/eunice.png\"><img class=\"size-thumbnail wp-image-609 alignleft\" src=\"http:\/\/www2.uepg.br\/ppgel\/wp-content\/uploads\/sites\/68\/2020\/06\/eunice-150x150.png\" alt=\"\" width=\"150\" height=\"150\" \/><\/a>EUNICE DE MORAIS<\/strong><\/p>\n<p>Curr\u00edculo Lattes:\u00a0<a href=\"http:\/\/lattes.cnpq.br\/0351544602905413\" target=\"_blank\" rel=\"noopener\">http:\/\/lattes.cnpq.br\/0351544602905413<\/a><\/p>\n<p>Maestr\u00eda (2003) y doctorado en Letras por la UFPR (2009), profesora adjunta del curso de graduaci\u00f3n en Letras desde 2012. Integra el equipo editorial de la Revista Uniletras\/UEPG y act\u00faa en el consejo editorial de la Revista Scripta Alumnis ? UNIANDRADE, de la Revista Muitas Vozes y de la Editora Texto y Contexto. En la UEPG desarrolla el proyecto de investigaci\u00f3n continuada \u201cEstudios sobre ficci\u00f3n, Historia y Memoria: G\u00e9neros de Frontera? y participa desde 2005 en el Grupo de investigaci\u00f3n (CNPq) \u00bfEstudios sobre ficci\u00f3n hist\u00f3rica en Brasil?, coordinado por la Profa. Dra. Marilene Weinhardt y de la l\u00ednea de investigaci\u00f3n Subjetividad, Texto y Ense\u00f1anza. Ha publicado art\u00edculos y rese\u00f1as en peri\u00f3dicos especializados y cap\u00edtulos de libros, los cuales versan sobre los estudios de la ficci\u00f3n hist\u00f3rica de lengua portuguesa y de lengua extranjera. Actu\u00f3 como coordinadora general del Congreso Internacional de Estudios en Lenguaje, en las ediciones de 2015 y 2017, implementando actividades de investigaci\u00f3n y extensi\u00f3n universitaria. Actualmente est\u00e1 al ejercicio de coordinaci\u00f3n general del Programa de Postgrado Estudios del Lenguaje de la UEPG.<\/p>\n<hr \/>\n<p>&nbsp;<\/p>\n<p><strong><a href=\"http:\/\/www2.uepg.br\/ppgel\/wp-content\/uploads\/sites\/68\/2020\/06\/evanir.png\"><img class=\"size-thumbnail wp-image-610 alignleft\" src=\"http:\/\/www2.uepg.br\/ppgel\/wp-content\/uploads\/sites\/68\/2020\/06\/evanir-150x150.png\" alt=\"\" width=\"150\" height=\"150\" \/><\/a>EVANIR PAVLOSKI<\/strong><\/p>\n<p>Curr\u00edculo Lattes:\u00a0<a href=\"http:\/\/lattes.cnpq.br\/8875201385333765\" target=\"_blank\" rel=\"noopener\">http:\/\/lattes.cnpq.br\/8875201385333765<\/a><\/p>\n<p>Graduado en Letras Ingl\u00e9s (2002), maestr\u00eda en Estudios Literarios (2005) y doctorado en Estudios Literarios por la Universidade Federal do Paran\u00e1 (2012). En 2017, ha concluido la pasant\u00eda postdoctoral en la Universidade Estadual de Campinas (UNICAMP). Desde 2002 act\u00faa como docente de disciplinas en las \u00e1reas de Lengua Inglesa, Literaturas en Lengua Inglesa y Literaturas en Lengua Portuguesa. Desarrolla investigaciones en los siguientes temas: teor\u00edas de recepci\u00f3n, literatura y figuraciones ut\u00f3picas, literatura e historia, literatura y otros lenguajes y el fant\u00e1stico en la literatura. Actualmente es profesor adjunto en la Universidade Estadual de Ponta Grossa, donde ense\u00f1a al curso de graduaci\u00f3n en Letras Portugu\u00e9s-Ingl\u00e9s y al curso de Maestr\u00eda en Estudios del Lenguaje.<\/p>\n<hr \/>\n<p>&nbsp;<\/p>\n<p>&nbsp;<\/p>\n<p><strong><a href=\"http:\/\/www2.uepg.br\/ppgel\/wp-content\/uploads\/sites\/68\/2020\/06\/keli.png\"><img class=\"size-thumbnail wp-image-612 alignleft\" src=\"http:\/\/www2.uepg.br\/ppgel\/wp-content\/uploads\/sites\/68\/2020\/06\/keli-150x150.png\" alt=\"\" width=\"150\" height=\"150\" \/><\/a>KELI CRISTINA PACHECO<\/strong><\/p>\n<p>Curr\u00edculo Lattes:\u00a0<a href=\"http:\/\/lattes.cnpq.br\/6558952854074161\" target=\"_blank\" rel=\"noopener\">http:\/\/lattes.cnpq.br\/6558952854074161<\/a><\/p>\n<p>Licenciada en Letras \u2013 Lengua Portuguesa por la Universidade Federal de Santa Catarina \u2013 UFSC (2003), Maestr\u00eda en Literatura, \u00e1rea de concentraci\u00f3n en Literatura Brasile\u00f1a (2005) y Doctora en Literatura, \u00e1rea de concentraci\u00f3n en Teor\u00eda Literaria por la UFSC (2009). Tiene experiencia en el \u00e1rea de Letras, con \u00e9nfasis en Teor\u00eda Literaria y Literatura Comparada, principalmente en los siguientes temas: literaturas de lengua portuguesa; narrativa moderna y contempor\u00e1nea; literatura, migraci\u00f3n y exilio. Es profesora adjunta de Teor\u00eda Literaria y Literaturas de Lengua Portuguesa, en el Departamento de Estudios del Lenguaje y docente permanente del Programa de Postgrado en Estudios de Lenguaje de la Universidade Estadual de Ponta Grossa \u2013 UEPG. Es investigadora de los grupos Subjetividad, Texto y ense\u00f1anza \u2013 UEPG; Estudios Blanchotianos y del Pensamiento del Afuera \u2013 UnB y Estudios de Po\u00e9ticas del Presente \u2013 UFRGS en el CNPq. Tambi\u00e9n compone el grupo de investigadores del Laboratorio de Investigaci\u00f3n Interdisciplinar en Teor\u00eda Social\/ Teor\u00eda Pol\u00edtica y Posestructuralismo de la UEPG. Es miembro del GT de Literatura Comparada de la ANPOLL desde 2014. Actualmente hace postdoctorado en Literatura en la Sorbonne Universit\u00e9 \u2013 Paris IV, en Paris, bajo supervisi\u00f3n del Prof. Dr. Jos\u00e9 Leonardo Tonus.<\/p>\n<hr \/>\n<p>&nbsp;<\/p>\n<p><strong><img class=\"wp-image-611 alignleft\" src=\"http:\/\/www2.uepg.br\/ppgel\/wp-content\/uploads\/sites\/68\/2020\/06\/luciane-292x300.png\" alt=\"\" width=\"161\" height=\"165\" \/>LUCIANE TRENNEPHOL DA COSTA<\/strong><\/p>\n<p>Curr\u00edculo Lattes:\u00a0<a href=\"http:\/\/lattes.cnpq.br\/0019182505248618\" target=\"_blank\" rel=\"noopener\">http:\/\/lattes.cnpq.br\/0019182505248618<\/a><\/p>\n<p>Doctora en letras con \u00e9nfasis en el \u00e1rea de Estudios Ling\u00fc\u00edsticos por la Universidade Federal do Paran\u00e1 (2011), maestr\u00eda en Letras con \u00e9nfasis en Teor\u00eda y An\u00e1lisis Ling\u00fc\u00edstica (2006) por la Universidade Federal do Rio Grande do Sul y licenciada en Letras \u2013 Portugu\u00e9s y Literatura de Lengua Portuguesa (2003) por la misma universidad. Es profesora Adjunta C en la Universidade Estadual do Centro-Oeste \u2013 UNICENTRO, ensenando al curso de Letras Portugu\u00e9s y al programa de Postgrado en Letras. Es docente vinculada al Programa de Postgrado en Estudios del Lenguaje de la Universidade Estadual de Ponta Grossa \u2013 UEPG. Tiene experiencia en el \u00e1rea de Ling\u00fc\u00edstica, con \u00e9nfasis en Fon\u00e9tica y Fonolog\u00eda, actuando principalmente en los siguientes temas: r\u00f3ticos, teor\u00edas ling\u00fc\u00edsticas, descripci\u00f3n ling\u00fc\u00edstica, lenguas eslavas habladas en Paran\u00e1 y variaci\u00f3n ling\u00fc\u00edstica. Es l\u00edder del Grupo de Investigaci\u00f3n FAVO \u2013 Investigaciones Ac\u00fasticas de Habla y Voz, vice l\u00edder del grupo Variaci\u00f3n Ling\u00fc\u00edstica de Habla Eslava \u2013 VARLINFE e investigadora del Grupo Interacci\u00f3n y Ense\u00f1anza. Es miembro del Programa Permanente de Extensi\u00f3n N\u00facleo de Estudios Eslavos \u2013 NEES y coordinadora del Laboratorio de Fon\u00e9tica y Fonolog\u00eda del NEES.<\/p>\n<p>________________________________________________________________________________________<\/p>\n<p>&nbsp;<\/p>\n<p><strong><a href=\"http:\/\/www2.uepg.br\/ppgel\/wp-content\/uploads\/sites\/68\/2020\/06\/pascoalina.png\"><img class=\"size-thumbnail wp-image-613 alignleft\" src=\"http:\/\/www2.uepg.br\/ppgel\/wp-content\/uploads\/sites\/68\/2020\/06\/pascoalina-150x150.png\" alt=\"\" width=\"150\" height=\"150\" \/><\/a>PASCOALINA BAILON DE OLIVEIRA SALEH<\/strong><\/p>\n<p>Curr\u00edculo Lattes:\u00a0<a href=\"http:\/\/lattes.cnpq.br\/0801180629816075\" target=\"_blank\" rel=\"noopener\">http:\/\/lattes.cnpq.br\/0801180629816075<\/a><\/p>\n<p>Graduaci\u00f3n en Licenciatura en Letras por la Universidade Federal de Vi\u00e7osa (1990), maestr\u00eda en Ling\u00fc\u00edstica por la Universidade Estadual de Campinas (1995) y doctorado en Ling\u00fc\u00edstica por la Universidade Estadual de Campinas (2000). Actualmente es Profesora Asociada de la Universidade Estadual de Ponta Grossa, donde act\u00faa en el curso de Licenciatura en Letras y en la Maestr\u00eda en Estudios del Lenguaje. Tiene experiencia en el \u00e1rea de Letras, con \u00e9nfasis en Ling\u00fc\u00edstica, actuando principalmente en los temas adquisici\u00f3n de la escrita y ense\u00f1anza de lengua materna.<\/p>\n<hr \/>\n<p>&nbsp;<\/p>\n<p><strong><img class=\"wp-image-1648  alignleft\" src=\"http:\/\/www2.uepg.br\/ppgel\/wp-content\/uploads\/sites\/68\/2021\/01\/ROSANA-2-e1613149823159-300x223.jpg\" alt=\"\" width=\"157\" height=\"117\" \/>ROSANA APOLONIA HARMUCH<\/strong><\/p>\n<p>Curr\u00edculo Lattes:\u00a0<a href=\"http:\/\/lattes.cnpq.br\/2949382347180985\" target=\"_blank\" rel=\"noopener\">http:\/\/lattes.cnpq.br\/2949382347180985<\/a><\/p>\n<p>Graduaci\u00f3n en Letras Portugu\u00e9s Literatura por la Universidade Estadual do Centro-Oeste \/ Unicentro, Guarapuava, maestr\u00eda en Literatura Brasile\u00f1a por la Universidade Federal do Paran\u00e1 y doctorado en Estudios Literarios por la Universidade Federal do Paran\u00e1 (2006). Actualmente es profesora asociada en la Universidade Estadual de Ponta Grossa y act\u00faa principalmente en los siguientes temas: Estudios del romance, en especial de las figuraciones de lectores y de escritores en las narrativas (provenientes o no de la realidad emp\u00edrica). Estudios acerca de concepciones de autor\u00eda. Estudios acerca de las relaciones entre la teor\u00eda literaria y la ense\u00f1anza de literatura, de textos sobre la formaci\u00f3n de lectores y de aquellos que tratan de las especificidades del discurso literario. Libros did\u00e1cticos y pruebas de selecci\u00f3n (concursos p\u00fablicos, Enem, ex\u00e1menes de ingreso a la universidad) tambi\u00e9n son objetivo de las reflexiones. Tambi\u00e9n es docente del Programa de Postgrado en Estudios del Lenguaje en la misma instituci\u00f3n.<\/p>\n<hr \/>\n<p>&nbsp;<\/p>\n<p><strong><a href=\"http:\/\/www2.uepg.br\/ppgel\/wp-content\/uploads\/sites\/68\/2020\/06\/silvana.png\"><img class=\"size-thumbnail wp-image-615 alignleft\" src=\"http:\/\/www2.uepg.br\/ppgel\/wp-content\/uploads\/sites\/68\/2020\/06\/silvana-150x150.png\" alt=\"\" width=\"150\" height=\"150\" \/><\/a>SILVANA OLIVEIRA<\/strong><\/p>\n<p>Curr\u00edculo Lattes:\u00a0<a href=\"http:\/\/lattes.cnpq.br\/0469779306533497\" target=\"_blank\" rel=\"noopener\">http:\/\/lattes.cnpq.br\/0469779306533497<\/a><\/p>\n<p>Graduaci\u00f3n en Letras por la Universidade Estadual de Ponta Grossa (1992), maestr\u00eda en Letras por la Universidade Federal do Paran\u00e1 (1996) y doctorado en Teor\u00eda e Historia Literaria por la Universidade Estadual de Campinas (2003). Actualmente es profesor asociada en la Universidade Estadual de Ponta Grossa y Postdoctorado en Literatura Comparada por la Universidade Estadual do Rio de Janeiro, con investigaci\u00f3n supervisada por el Prof. Dr. Jo\u00e3o Cezar de Castro Rocha. Act\u00faa en el Programa de Postgrado en Lenguaje, Identidad y Subjetividad de la Universidade Estadual de Ponta Grossa. Los intereses de investigaci\u00f3n en los \u00faltimos a\u00f1os se centralizan en las relaciones entre literatura y filosof\u00eda, con destaque para el abordaje de la teor\u00eda del romance de Mikhail Bakhtin y de la producci\u00f3n de Gilles Deleuze y Felix Guattari con vistas a la lectura y nota de autores en lengua portuguesa cuya producci\u00f3n se concentre tras el 1960.<\/p>\n<hr \/>\n<p>&nbsp;<\/p>\n<p><strong><a href=\"http:\/\/www2.uepg.br\/ppgel\/wp-content\/uploads\/sites\/68\/2020\/06\/sebasti\u00e3o.png\"><img class=\"size-thumbnail wp-image-616 alignleft\" src=\"http:\/\/www2.uepg.br\/ppgel\/wp-content\/uploads\/sites\/68\/2020\/06\/sebasti\u00e3o-150x150.png\" alt=\"\" width=\"150\" height=\"150\" \/><\/a>SEBASTI\u00c3O LOUREN\u00c7O DOS SANTOS<\/strong><\/p>\n<p>Curr\u00edculo Lattes:\u00a0<a href=\"http:\/\/lattes.cnpq.br\/8105118674329126\" target=\"_blank\" rel=\"noopener\">http:\/\/lattes.cnpq.br\/8105118674329126<\/a><\/p>\n<p>Graduaci\u00f3n en Letras Portugu\u00e9s-Espa\u00f1ol por la Universidade Tuiuti do Paran\u00e1 (1997), Maestr\u00eda (2004) en Estudios Ling\u00fc\u00edsticos por la UFPR, Doctorado (2009) en Letras por la Universidade Federal do Paran\u00e1 y Postdoctorado (2019) en la UFPR. Profesor Adjunto del Departamento de Lenguas Extranjeras Modernas y del Programa de Postgrado en Estudios del Lenguaje de la Universidade Estadual de Ponta Grossa. Experiencia en el \u00e1rea de Letras con \u00e9nfasis en Lengua Espa\u00f1ola y Ling\u00fc\u00edstica Cognitiva, desarrollando investigaci\u00f3n sobre los siguientes temas: Pragm\u00e1tica Cognitiva y Ense\u00f1anza-Aprendizaje de Lengua Espa\u00f1ola. Presidente de la Asociaci\u00f3n Brasile\u00f1a de Pragm\u00e1tica (ABRAP) \u2013 bienio 2017-2018.<\/p>\n<p>&nbsp;<\/p>\n\t\t\t\t<\/div>\n\t\t\t<\/div>\n\t\t<\/div>\n\t\t\t<div class=\"sow-accordion-panel\"\n\t\t\t data-anchor=\"estudos-lingu%c3%adsticos\">\n\t\t\t\t<div class=\"sow-accordion-panel-header-container\" role=\"heading\" aria-level=\"2\">\n\t\t\t\t\t<div class=\"sow-accordion-panel-header\" tabindex=\"0\" role=\"button\" id=\"accordion-label-estudos-lingu%c3%adsticos\" aria-controls=\"accordion-content-estudos-lingu%c3%adsticos\" aria-expanded=\"false\">\n\t\t\t\t\t\t<div class=\"sow-accordion-title sow-accordion-title-icon-left\">\n\t\t\t\t\t\t\t\t\t\t\t\t\t\tEstudos Lingu\u00edsticos\t\t\t\t\t\t\t\t\t\t\t\t\t<\/div>\n\t\t\t\t\t\t<div class=\"sow-accordion-open-close-button\">\n\t\t\t\t\t\t\t<div class=\"sow-accordion-open-button\">\n\t\t\t\t\t\t\t\t<span class=\"sow-icon-ionicons\" data-sow-icon=\"&#xf218;\"\n\t\t \n\t\taria-hidden=\"true\"><\/span>\t\t\t\t\t\t\t<\/div>\n\t\t\t\t\t\t\t<div class=\"sow-accordion-close-button\">\n\t\t\t\t\t\t\t\t<span class=\"sow-icon-ionicons\" data-sow-icon=\"&#xf209;\"\n\t\t \n\t\taria-hidden=\"true\"><\/span>\t\t\t\t\t\t\t<\/div>\n\t\t\t\t\t\t<\/div>\n\t\t\t\t\t<\/div>\n\t\t\t\t<\/div>\n\n\t\t\t<div\n\t\t\t\tclass=\"sow-accordion-panel-content\"\n\t\t\t\trole=\"region\"\n\t\t\t\taria-labelledby=\"accordion-label-estudos-lingu%c3%adsticos\"\n\t\t\t\tid=\"accordion-content-estudos-lingu%c3%adsticos\"\n\t\t\t\tstyle=\"display: none;\"\t\t\t>\n\t\t\t\t<div class=\"sow-accordion-panel-border\" tabindex=\"0\">\n\t\t\t\t\t<p><strong><a href=\"http:\/\/www2.uepg.br\/ppgel\/wp-content\/uploads\/sites\/68\/2020\/06\/aparecida.png\"><img class=\"size-thumbnail wp-image-617 alignleft\" src=\"http:\/\/www2.uepg.br\/ppgel\/wp-content\/uploads\/sites\/68\/2020\/06\/aparecida-150x150.png\" alt=\"\" width=\"150\" height=\"150\" \/><\/a>APARECIDA DE JESUS FERREIRA<\/strong><\/p>\n<p>Curr\u00edculo Lattes:\u00a0<a href=\"http:\/\/lattes.cnpq.br\/2238891866036822\" target=\"_blank\" rel=\"noopener\">http:\/\/lattes.cnpq.br\/2238891866036822<\/a><\/p>\n<p>Postdoctorado (2015) y doctorado en Educaci\u00f3n de Profesores y Ling\u00fc\u00edstica Aplicada \u2013 Universidad de Londres \u2013 Inglaterra (2005), maestr\u00eda en Ling\u00fc\u00edstica por la Universidade Estadual Paulista J\u00falio de Mesquita Filho (2001) y graduaci\u00f3n en Letras Portugu\u00e9s Ingl\u00e9s por la Universidade Estadual do Oeste do Paran\u00e1 (1990). Actualmente es profesora asociada de la UEPG \u2013 Universidade Estadual de Ponta Grossa. Actuando en el curso Letras graduaci\u00f3n (Lengua Inglesa, Pr\u00e1ctica de Ense\u00f1anza) y en la Maestr\u00eda en Estudios del Lenguaje en la misma instituci\u00f3n. Ha publicado catorce libros en Brasil. Tambi\u00e9n ha publicado un libro en los Estados Unidos. Tiene diversos art\u00edculos publicados en libros y peri\u00f3dicos cient\u00edficos en Brasil, Inglaterra, Estados Unidos, Angola, Portugal, Colombia y Espa\u00f1a. Tiene experiencia en el \u00e1rea de Ling\u00fc\u00edstica Aplicada con \u00e9nfasis en Formaci\u00f3n de Profesores, actuando principalmente en los siguientes temas: formaci\u00f3n de profesores (Lenguas Adicionales y Lengua Portuguesa), practica de ense\u00f1anza de lengua inglesa, ense\u00f1anza y aprendizaje de lenguas adicionales, an\u00e1lisis y desarrollo de materiales de ense\u00f1anza, an\u00e1lisis de libro did\u00e1ctico, alfabetizaci\u00f3n escolar, y los procesos de construcci\u00f3n de identidades sociales de profesores de lenguas t de identidades sociales raza g\u00e9nero. Es revisora de varios peri\u00f3dicos. Fue investigadora visitante por el King\u00b4s College London \u2013 Universidad de Londres, Inglaterra (2014-2015).<\/p>\n<hr \/>\n<p><strong><a href=\"http:\/\/www2.uepg.br\/ppgel\/wp-content\/uploads\/sites\/68\/2020\/06\/cloris.png\"><img class=\"size-thumbnail wp-image-618 alignleft\" src=\"http:\/\/www2.uepg.br\/ppgel\/wp-content\/uploads\/sites\/68\/2020\/06\/cloris-150x150.png\" alt=\"\" width=\"150\" height=\"150\" \/><\/a>CL\u00d3RIS PORTO TORQUATO\u00a0 \u00a0- Integrante do corpo docente at\u00e9 mar\u00e7o de 2022<\/strong><\/p>\n<p>Curr\u00edculo Lattes:\u00a0<a href=\"http:\/\/lattes.cnpq.br\/4009679922563932\" target=\"_blank\" rel=\"noopener\">http:\/\/lattes.cnpq.br\/4009679922563932<\/a><\/p>\n<p>Graduada en Letras Portugu\u00e9s por la Universidade Federal do Paran\u00e1 (1995), maestr\u00eda en Ling\u00fc\u00edstica Aplicada por la Universidade Estadual de Campinas (2003) y doctorado en Ling\u00fc\u00edstica por la Universidade Estadual de Campinas (2009). Tiene experiencia en el \u00e1rea de Ling\u00fc\u00edstica con \u00e9nfasis en Ling\u00fc\u00edstica Aplicada y Socioling\u00fc\u00edstica, actuando principalmente en los siguientes temas: pol\u00edticas ling\u00fc\u00edsticas, ideolog\u00edas ling\u00fc\u00edsticas, formaci\u00f3n de profesores, pr\u00e1ctica pedag\u00f3gica, alfabetizaci\u00f3n, discurso (C\u00edrculo de Bakhtin), interculturalidad y estudios decoloniales. Desarrolla proyecto de extensi\u00f3n en Portugu\u00e9s Lengua Adicional, en el cual trabaja con todos los temas explicitados arriba.<\/p>\n<hr \/>\n<p><strong><a href=\"http:\/\/www2.uepg.br\/ppgel\/wp-content\/uploads\/sites\/68\/2020\/06\/fabio.png\"><img class=\"size-thumbnail wp-image-621 alignleft\" src=\"http:\/\/www2.uepg.br\/ppgel\/wp-content\/uploads\/sites\/68\/2020\/06\/fabio-150x150.png\" alt=\"\" width=\"150\" height=\"150\" \/><\/a><\/strong><\/p>\n<p><strong>F\u00c1BIO AUGUSTO STEYER<\/strong><\/p>\n<p>Curr\u00edculo Lattes:\u00a0<a href=\"http:\/\/lattes.cnpq.br\/1017969025577881\" target=\"_blank\" rel=\"noopener\">http:\/\/lattes.cnpq.br\/1017969025577881<\/a><\/p>\n<p>Tiene Licenciatura en Historia por la Pontif\u00edcia Universidade Cat\u00f3lica do Rio Grande do Sul (1998), Bachillerato en Comunicaci\u00f3n Social\/Periodismo por la Pontif\u00edcia Universidade Cat\u00f3lica do Rio Grande do Sul (1998), Licenciatura en Letras\/Portugu\u00e9s por la Pontif\u00edcia Universidade Cat\u00f3lica do Rio Grande do Sul (2006), Maestr\u00eda en Historia por la Pontif\u00edcia Universidade Cat\u00f3lica do Rio Grande do Sul (2000) y Doctorado en Letras\/Licenciatura por la Universidade Federal do Rio Grande do Sul (2006). Actualmente es profesor adjunto (por concurso, 40 horas) del Departamento de Estudios del Lenguaje de la Universidade Estadual de Ponta Grossa (UEPG), actuando en la Graduaci\u00f3n en Letras Portugu\u00e9s\/Ingl\u00e9s, Portugu\u00e9s\/Espa\u00f1ol y Portugu\u00e9s\/Franc\u00e9s y en la Maestr\u00eda en Lenguaje, Identidad y Subjetividad de la instituci\u00f3n. Tiene experiencia en las \u00e1reas de Historia, Letras, Cine y Comunicaci\u00f3n Social, con \u00e9nfasis en Historia de la Literatura Ga\u00facha y Brasile\u00f1a, Relaciones entre Literatura, Cine e Historia, Historia de la Prensa Brasile\u00f1a, Medios de Comunicaci\u00f3n y Contemporaneidad, Historia Regional de Brasil y Antropolog\u00eda de la Muerte, actuando principalmente en los siguientes temas: cine, muerte, arte cementerial, historia del RS, historia del cine, literatura ga\u00facha y brasile\u00f1a, historia de la prensa ga\u00facha y brasile\u00f1a y medios de comunicaci\u00f3n y postmodernidad.<\/p>\n<hr \/>\n<p><strong><a href=\"http:\/\/www2.uepg.br\/ppgel\/wp-content\/uploads\/sites\/68\/2020\/06\/leticia.png\"><img class=\"size-thumbnail wp-image-623 alignleft\" src=\"http:\/\/www2.uepg.br\/ppgel\/wp-content\/uploads\/sites\/68\/2020\/06\/leticia-150x150.png\" alt=\"\" width=\"150\" height=\"150\" \/><\/a>LET\u00cdCIA FRAGA<\/strong><\/p>\n<p>Curr\u00edculo Lattes:\u00a0<a href=\"http:\/\/lattes.cnpq.br\/7446589855128901\" target=\"_blank\" rel=\"noopener\">http:\/\/lattes.cnpq.br\/7446589855128901<\/a><\/p>\n<p>Licenciada en Letras Portugu\u00e9s\/Franc\u00e9s por la Universidade Federal de Santa Catarina (1995), maestr\u00eda en Ling\u00fc\u00edstica por la Universidade Federal de Santa Catarina (1998) y doctorado en Ling\u00fc\u00edstica por la Universidade Estadual de Campinas (2008). Actualmente soy profesora asociada de la Universidade Estadual de Ponta Grossa y act\u00fao en los cursos de Licenciatura en Letras y en la Maestr\u00eda en Estudios del Lenguaje en la misma instituci\u00f3n. Tengo experiencia en el \u00e1rea de Ling\u00fc\u00edstica Aplicada y oriento trabajos en los siguientes temas: pluralidad\/diversidad ling\u00fc\u00edstica; ense\u00f1anza de lengua y pol\u00edticas ling\u00fc\u00edsticas en contextos socioling\u00fc\u00edsticamente complejos; formaci\u00f3n inicial y continuada de profesores de lengua; educaci\u00f3n (escolar) ind\u00edgena.<\/p>\n<hr \/>\n<p>&nbsp;<\/p>\n<p><strong><a href=\"http:\/\/www2.uepg.br\/ppgel\/wp-content\/uploads\/sites\/68\/2020\/06\/marly.png\"><img class=\"size-thumbnail wp-image-625 alignleft\" src=\"http:\/\/www2.uepg.br\/ppgel\/wp-content\/uploads\/sites\/68\/2020\/06\/marly-150x150.png\" alt=\"\" width=\"150\" height=\"150\" \/><\/a>MARLY CATARINA SOARES<\/strong><\/p>\n<p>Curr\u00edculo Lattes:\u00a0<a href=\"http:\/\/lattes.cnpq.br\/2783202240241667\" target=\"_blank\" rel=\"noopener\">http:\/\/lattes.cnpq.br\/2783202240241667<\/a><\/p>\n<p>Graduaci\u00f3n en Licenciatura en Letras por la Universidade Estadual de Ponta Grossa (1989), especializaci\u00f3n en Lengua Portuguesa por la Universidade Estadual de Ponta Grossa (1992), maestr\u00eda en Teor\u00eda e Historia Literaria por la Universidade Estadual de Campinas (1998) y doctorado en Literatura por la Universidade Federal de Santa Catarina (2008). Actualmente es Profesor Asociado de la Universidade Estadual de Ponta Grossa, Coordinaci\u00f3n de curso UAB_EAD de la Universidade Estadual de Ponta Grossa y Miembro de cuerpo editorial de UniLetras. Tiene experiencia en el \u00e1rea de Letras con \u00e9nfasis en Literatura Brasile\u00f1a. Actuando principalmente en los siguientes temas: Poes\u00eda siglo XX, Teor\u00eda Literaria, Florbela Espanca, Literatura Portuguesa, Estudios literarios y Literatura y Mujer.<\/p>\n<p>________________________________________________________________________________________<\/p>\n<p>&nbsp;<\/p>\n<hr \/>\n<p><strong>ROS\u00c2NGELA SCHARDONG - Integrante do corpo docente at\u00e9 mar\u00e7o de 2022<\/strong><\/p>\n<p>Curr\u00edculo Lattes:\u00a0<a href=\"http:\/\/lattes.cnpq.br\/2344616828456810\" target=\"_blank\" rel=\"noopener\">http:\/\/lattes.cnpq.br\/2344616828456810<\/a><\/p>\n<p>Graduada en Letras Portugu\u00e9s y Espa\u00f1ol en la Universidade Federal de Santa Catarina (1992), maestr\u00eda en Letras (Lengua Espa\u00f1ola y Literaturas Espa\u00f1ola e Hispanoamericana) por la Universidade de S\u00e3o Paulo (1997). En 2008 ha concluido el doctorado en la Universidade de S\u00e3o Paulo (USP) bajo orientaci\u00f3n de la Profa. Dra. Maria Augusta da Costa Vieira. Su tesis fue dedicada a la obra de Maria de Zayas y Sotomayor, escritora espa\u00f1ola del siglo XVII, arte de molino, tratados de conducta, autorizaci\u00f3n de la escrita femenina y representaci\u00f3n de la mujer. Como Profesora Adjunta C de la Universidade Estadual de Ponta Grossa (PR) act\u00faa en la graduaci\u00f3n del curso de Letras, ense\u00f1anza de Lengua y Literaturas de Lengua Espa\u00f1ola y el Programa de Postgrado en Estudios del Lenguaje. Coordina el proyecto de investigaci\u00f3n continuada Po\u00e9tica de los g\u00e9neros en las artes y letras en Lengua Espa\u00f1ola.<\/p>\n<hr \/>\n<p><strong><a href=\"http:\/\/www2.uepg.br\/ppgel\/wp-content\/uploads\/sites\/68\/2020\/06\/sulany.png\"><img class=\"size-thumbnail wp-image-628 alignleft\" src=\"http:\/\/www2.uepg.br\/ppgel\/wp-content\/uploads\/sites\/68\/2020\/06\/sulany-150x150.png\" alt=\"\" width=\"150\" height=\"150\" \/><\/a>SULANY SILVEIRA DOS SANTOS - Integrante do corpo docente at\u00e9 mar\u00e7o de 2022<\/strong><\/p>\n<p>Curr\u00edculo Lattes:\u00a0<a href=\"http:\/\/lattes.cnpq.br\/6426262182600997\" target=\"_blank\" rel=\"noopener\">http:\/\/lattes.cnpq.br\/6426262182600997<\/a><\/p>\n<p>Profesora Adjunta de Lengua Inglesa en el Departamento de Estudios del Lenguaje (DEEL) de la Universidade Estadual de Ponta Grossa\/PR (UEPG). Doctorado en Letras UFRGS, Maestr\u00eda en Letras \u2013 \u00e1rea de concentraci\u00f3n: Ling\u00fc\u00edstica Aplicada por la PUC-RS; Especializaci\u00f3n en Ling\u00fc\u00edstica Aplicada a la Ense\u00f1anza de Ingl\u00e9s por la PUC-RS; Graduaci\u00f3n en Letras Portugu\u00e9s-Ingl\u00e9s con las Respectivas Literaturas por la PUC-RS. Participa del Grupo de Investigaci\u00f3n CNPq Lectura y Producci\u00f3n de G\u00e9neros en las Pr\u00e1cticas Sociales, Escolares y Profesionales y Pluralidad, identidad y ense\u00f1anza. Actu\u00f3 como profesora de Graduaci\u00f3n y Postgrado en la UNIJUI en el \u00e1rea de ense\u00f1anza y aprendizaje de Lengua Inglesa y Lengua Portuguesa. Actu\u00f3 como formadora de profesores de ingl\u00e9s-lengua extranjera en Corea del Sur (2007-2012), desarrollando programas de ense\u00f1anza para la lengua inglesa. Act\u00faa principalmente en los siguientes temas: alfabetizaci\u00f3n acad\u00e9mica, ense\u00f1anza-aprendizaje en la escrita, formaci\u00f3n de profesores de lengua inglesa, metodolog\u00edas de ense\u00f1anza de lengua inglesa. Actualmente es Directora de la Oficina de Relaciones Internacionales de la UEPG y coordinadora pedag\u00f3gica del Programa Paran\u00e1 Habla Ingl\u00e9s en la misma Universidad.<\/p>\n<hr \/>\n<p><strong><a href=\"http:\/\/www2.uepg.br\/ppgel\/wp-content\/uploads\/sites\/68\/2020\/06\/valeska.png\"><img class=\"size-thumbnail wp-image-629 alignleft\" src=\"http:\/\/www2.uepg.br\/ppgel\/wp-content\/uploads\/sites\/68\/2020\/06\/valeska-150x150.png\" alt=\"\" width=\"150\" height=\"150\" \/><\/a>VALESKA GRACIOSO CARLOS<\/strong><\/p>\n<p>Curr\u00edculo Lattes:\u00a0<a href=\"http:\/\/lattes.cnpq.br\/5305551484510716\" target=\"_blank\" rel=\"noopener\">http:\/\/lattes.cnpq.br\/5305551484510716<\/a><\/p>\n<p>Graduaci\u00f3n en Letras Portugu\u00e9s\/Espa\u00f1ol por la Universidade Estadual Paulista J\u00falio de Mesquita Filho (1997), graduaci\u00f3n en Letras Portugu\u00e9s\/Ingl\u00e9s por la misma universidad (1999), maestr\u00eda (2006) y doctorado (2015) en Estudios del Lenguaje por la Universidade Estadual de Londrina. Es Profesora Adjunta de la Universidade Estadual de Ponta Grossa y act\u00faa en el curso de Licenciatura en Letras y Maestr\u00eda en Estudios del Lenguaje en la misma instituci\u00f3n. Tiene experiencia en el \u00e1rea de Ling\u00fc\u00edstica con \u00e9nfasis en Ense\u00f1anza de Lengua Espa\u00f1ola e Inglesa. Desarrolla investigaciones en el \u00e1rea de Socioling\u00fc\u00edstica y Dialectolog\u00eda, investigando las actitudes ling\u00fc\u00edsticas y describiendo las lenguas en contacto en la frontera de Brasil con Paraguay. Adem\u00e1s de eso, sus estudios incluyen investigaciones de naturaleza socio-dialectol\u00f3gico, profundizando cuestiones de identidad, variaci\u00f3n, actitud, creencias y pol\u00edticas ling\u00fc\u00edsticas, fundamentales al proceso de ense\u00f1anza\/aprendizaje, buscando el desarrollo de acciones direccionadas a la formaci\u00f3n del profesor de lenguas maternas y extranjeras.<\/p>\n\t\t\t\t<\/div>\n\t\t\t<\/div>\n\t\t<\/div>\n\t\t<\/div>\n<\/div>\n<\/div><\/div><\/div><\/div><\/div>","protected":false},"excerpt":{"rendered":"<p>Linhas de pesquisa: Estudos Liter\u00e1rios &nbsp; &nbsp; DANIEL DE OLIVEIRA GOMES Curr\u00edculo Lattes:\u00a0http:\/\/lattes.cnpq.br\/0593810363013174 Graduado em Letras por la Universidade Estadual de Ponta Grossa. Tiene una maestr\u00eda y un doctorado en Literatura por la Universidade Federal de Santa Catarina. Hizo pasant\u00eda s\u00e1ndwich de doctorado por la Universit\u00e9 de Lille III. Actualmente, est\u00e1 en licencia postdoctoral junto&nbsp;&hellip;<\/p>\n","protected":false},"author":24,"featured_media":0,"parent":0,"menu_order":0,"comment_status":"closed","ping_status":"closed","template":"page-templates\/page-with-right-sidebar.php","meta":[],"_links":{"self":[{"href":"https:\/\/www2.uepg.br\/ppgel\/wp-json\/wp\/v2\/pages\/752"}],"collection":[{"href":"https:\/\/www2.uepg.br\/ppgel\/wp-json\/wp\/v2\/pages"}],"about":[{"href":"https:\/\/www2.uepg.br\/ppgel\/wp-json\/wp\/v2\/types\/page"}],"author":[{"embeddable":true,"href":"https:\/\/www2.uepg.br\/ppgel\/wp-json\/wp\/v2\/users\/24"}],"replies":[{"embeddable":true,"href":"https:\/\/www2.uepg.br\/ppgel\/wp-json\/wp\/v2\/comments?post=752"}],"version-history":[{"count":17,"href":"https:\/\/www2.uepg.br\/ppgel\/wp-json\/wp\/v2\/pages\/752\/revisions"}],"predecessor-version":[{"id":4598,"href":"https:\/\/www2.uepg.br\/ppgel\/wp-json\/wp\/v2\/pages\/752\/revisions\/4598"}],"wp:attachment":[{"href":"https:\/\/www2.uepg.br\/ppgel\/wp-json\/wp\/v2\/media?parent=752"}],"curies":[{"name":"wp","href":"https:\/\/api.w.org\/{rel}","templated":true}]}}