{"id":755,"date":"2020-06-17T11:01:07","date_gmt":"2020-06-17T14:01:07","guid":{"rendered":"http:\/\/www2.uepg.br\/ppgel\/?page_id=755"},"modified":"2021-04-19T21:49:43","modified_gmt":"2021-04-20T00:49:43","slug":"enseignants","status":"publish","type":"page","link":"https:\/\/www2.uepg.br\/ppgel\/fr\/enseignants\/","title":{"rendered":"Corps Enseignants"},"content":{"rendered":"<div id=\"pl-755\"  class=\"panel-layout\" ><div id=\"pg-755-0\"  class=\"panel-grid panel-no-style\" ><div id=\"pgc-755-0-0\"  class=\"panel-grid-cell\" ><div id=\"panel-755-0-0-0\" class=\"so-panel widget widget_sow-accordion panel-first-child panel-last-child\" data-index=\"0\" ><div\n\t\t\t\n\t\t\tclass=\"so-widget-sow-accordion so-widget-sow-accordion-default-7f158b849c7f-755\"\n\t\t\t\n\t\t><h3 class=\"widget-title\">Linhas de pesquisa:<\/h3><div>\n\t<div class=\"sow-accordion\">\n\t\t\t<div class=\"sow-accordion-panel\"\n\t\t\t data-anchor=\"texto-subjetividade-e-horizontes-te%c3%b3ricos\">\n\t\t\t\t<div class=\"sow-accordion-panel-header-container\" role=\"heading\" aria-level=\"2\">\n\t\t\t\t\t<div class=\"sow-accordion-panel-header\" tabindex=\"0\" role=\"button\" id=\"accordion-label-texto-subjetividade-e-horizontes-te%c3%b3ricos\" aria-controls=\"accordion-content-texto-subjetividade-e-horizontes-te%c3%b3ricos\" aria-expanded=\"false\">\n\t\t\t\t\t\t<div class=\"sow-accordion-title sow-accordion-title-icon-left\">\n\t\t\t\t\t\t\t\t\t\t\t\t\t\tTexto, Subjetividade e Horizontes Te\u00f3ricos\t\t\t\t\t\t\t\t\t\t\t\t\t<\/div>\n\t\t\t\t\t\t<div class=\"sow-accordion-open-close-button\">\n\t\t\t\t\t\t\t<div class=\"sow-accordion-open-button\">\n\t\t\t\t\t\t\t\t<span class=\"sow-icon-ionicons\" data-sow-icon=\"&#xf218;\"\n\t\t \n\t\taria-hidden=\"true\"><\/span>\t\t\t\t\t\t\t<\/div>\n\t\t\t\t\t\t\t<div class=\"sow-accordion-close-button\">\n\t\t\t\t\t\t\t\t<span class=\"sow-icon-ionicons\" data-sow-icon=\"&#xf209;\"\n\t\t \n\t\taria-hidden=\"true\"><\/span>\t\t\t\t\t\t\t<\/div>\n\t\t\t\t\t\t<\/div>\n\t\t\t\t\t<\/div>\n\t\t\t\t<\/div>\n\n\t\t\t<div\n\t\t\t\tclass=\"sow-accordion-panel-content\"\n\t\t\t\trole=\"region\"\n\t\t\t\taria-labelledby=\"accordion-label-texto-subjetividade-e-horizontes-te%c3%b3ricos\"\n\t\t\t\tid=\"accordion-content-texto-subjetividade-e-horizontes-te%c3%b3ricos\"\n\t\t\t\tstyle=\"display: none;\"\t\t\t>\n\t\t\t\t<div class=\"sow-accordion-panel-border\" tabindex=\"0\">\n\t\t\t\t\t<p>&nbsp;<\/p>\n<p>&nbsp;<\/p>\n<p><strong><a href=\"http:\/\/www2.uepg.br\/ppgel\/wp-content\/uploads\/sites\/68\/2020\/06\/daniel.png\"><img class=\"size-thumbnail wp-image-607 alignleft\" src=\"http:\/\/www2.uepg.br\/ppgel\/wp-content\/uploads\/sites\/68\/2020\/06\/daniel-150x150.png\" alt=\"\" width=\"150\" height=\"150\" \/><\/a>DANIEL DE OLIVEIRA GOMES<\/strong><\/p>\n<p>Curriculum Lattes: <a href=\"http:\/\/lattes.cnpq.br\/0593810363013174\" target=\"_blank\" rel=\"noopener\">http:\/\/lattes.cnpq.br\/0593810363013174<\/a><\/p>\n<p>Il est dipl\u00f4m\u00e9 en langues de l'Universit\u00e9 d'\u00c9tat de Ponta Grossa (Universidade Estadual de Ponta Grossa). Il est titulaire d'une ma\u00eetrise et d'un doctorat en litt\u00e9rature de l'Universit\u00e9 f\u00e9d\u00e9rale de Santa Catarina (Universidade Federal de Santa Catarina). Il a effectu\u00e9 un stage de doctorat \u00e0 l'\u00e9tranger \u00e0 l'Universit\u00e9 de Lille III (Universidade de Lille III). Il est actuellement en cong\u00e9 post-doctoral du Centre de Recherches Interdisciplinaires sur le Monde Lusophone, \u00e0 l'Universit\u00e9 Paris em Nanterre. Il est professeur adjoint \u00e0 l'Universit\u00e9 d'\u00c9tat de Ponta Grossa (Universidade Estadual de Ponta Grossa), en travaillant sur le programme de troisi\u00e8me cycle en \u00e9tudes linguistiques. Il s'est consacr\u00e9 \u00e0 l'\u00e9tude des affinit\u00e9s entre la philosophie post-structuraliste fran\u00e7aise et la philosophie po\u00e9tique en langue lusophone actuellement.<\/p>\n<hr \/>\n<p>&nbsp;<\/p>\n<p>&nbsp;<\/p>\n<p><strong><a href=\"http:\/\/www2.uepg.br\/ppgel\/wp-content\/uploads\/sites\/68\/2020\/06\/eunice.png\"><img class=\"size-thumbnail wp-image-609 alignleft\" src=\"http:\/\/www2.uepg.br\/ppgel\/wp-content\/uploads\/sites\/68\/2020\/06\/eunice-150x150.png\" alt=\"\" width=\"150\" height=\"150\" \/><\/a>EUNICE DE MORAIS<\/strong><\/p>\n<p>Curriculum Lattes: <a href=\"http:\/\/lattes.cnpq.br\/0351544602905413\" target=\"_blank\" rel=\"noopener\">http:\/\/lattes.cnpq.br\/0351544602905413<\/a><\/p>\n<p>Elle est titulaire d'une Ma\u00eetrise (2003) et d'un doctorat en langues de l'UFPR (2009), professeure adjointe du cours du baccalaur\u00e9at en langues depuis 2012. Elle est membre de l'\u00e9quipe \u00e9ditoriale du magazine: UniLinguas \/ UEPG et travaille au comit\u00e9 de r\u00e9daction du magazine: Scripta Alumnis, UNIANDRADE, du magazine:\u00a0 Muitas Vozes (Plusieurs Voix) et de la maison d`\u00e9dition: Texto e Contexto. Elle d\u00e9veloppe, \u00e0 l'UEPG, le projet de recherche continu\u00e9e \"Etudes sur la fiction, l'histoire et la m\u00e9moire:\u00a0 Genres de fronti\u00e8res\" et participe depuis 2005 au Groupe de Recherche (CNPq). \u00c9tudes sur la fiction historique au Br\u00e9sil, coordonn\u00e9s par le Prof.\u00aa Dr.\u00aa Marilene Weinhardt et aussi de la ligne de recherche Subjectivit\u00e9, Texte et Enseignement.Elle a publi\u00e9 des articles et des critiques dans des revues sp\u00e9cialis\u00e9es et des chapitres de livres, concernant les \u00e9tudes de fiction historique en portugais et en langues \u00e9trang\u00e8res. Elle a travaill\u00e9 en tant que coordinatrice g\u00e9n\u00e9rale du Congr\u00e8s international d'\u00e9tudes des langues, dans les \u00e9ditions 2015 et 2017, en mettant en \u0153uvre des activit\u00e9s de recherche et d`extension universitaire. Elle est actuellement \u00e0 la coordination g\u00e9n\u00e9rale du programme de troisi\u00e8me cycle en \u00e9tudes linguistiques \u00e0 l'UEPG.<\/p>\n<hr \/>\n<p>&nbsp;<\/p>\n<p><strong><a href=\"http:\/\/www2.uepg.br\/ppgel\/wp-content\/uploads\/sites\/68\/2020\/06\/evanir.png\"><img class=\"size-thumbnail wp-image-610 alignleft\" src=\"http:\/\/www2.uepg.br\/ppgel\/wp-content\/uploads\/sites\/68\/2020\/06\/evanir-150x150.png\" alt=\"\" width=\"150\" height=\"150\" \/><\/a>EVANIR PAVLOSKI<\/strong><\/p>\n<p>Curriculum Lattes: <a href=\"http:\/\/lattes.cnpq.br\/8875201385333765\" target=\"_blank\" rel=\"noopener\">http:\/\/lattes.cnpq.br\/8875201385333765<\/a><\/p>\n<p>Il est titulaire d'un baccalaur\u00e9at en langues anglaises (2002), d'une ma\u00eetrise en \u00e9tudes litt\u00e9raires (2005) et d'un doctorat en \u00e9tudes litt\u00e9raires de l'Universit\u00e9 f\u00e9d\u00e9rale du Paran\u00e1 \u2013 Universidade Federal do Paran\u00e1 (2012)). En 2017, il a effectu\u00e9 son stage postdoctoral \u00e0 l'Universit\u00e9 d'\u00c9tat de Campinas \u2013 Universidade Estadual de Campinas (UNICAMP). Depuis 2002, il travaille comme enseignant de mati\u00e8res dans les domaines de la langue anglaise, de la litt\u00e9rature anglaise et de la litt\u00e9rature portugaise. Il d\u00e9veloppe des recherches sur les th\u00e8mes suivants: th\u00e9ories de la r\u00e9ception, litt\u00e9rature et figurations utopiques, litt\u00e9rature et histoire, litt\u00e9rature et autres langues et le domaine fantastique en litt\u00e9rature. Il est actuellement professeur adjoint \u00e0 l'Universit\u00e9 d'\u00c9tat de Ponta Grossa \u2013 Universidade Estadual de Ponta Grossa, o\u00f9 il enseigne dans le cours du baccalaur\u00e9at en langues portugais-anglais et dans le cours de ma\u00eetrise en \u00e9tudes des langues.<\/p>\n<p>&nbsp;<\/p>\n<p>________________________________________________________________________________________<\/p>\n<p>&nbsp;<\/p>\n<p><strong><a href=\"http:\/\/www2.uepg.br\/ppgel\/wp-content\/uploads\/sites\/68\/2020\/06\/keli.png\"><img class=\"size-thumbnail wp-image-612 alignleft\" src=\"http:\/\/www2.uepg.br\/ppgel\/wp-content\/uploads\/sites\/68\/2020\/06\/keli-150x150.png\" alt=\"\" width=\"150\" height=\"150\" \/><\/a>KELI CRISTINA PACHECO<\/strong><\/p>\n<p>Curriculum Lattes: <a href=\"http:\/\/lattes.cnpq.br\/6558952854074161\" target=\"_blank\" rel=\"noopener\">http:\/\/lattes.cnpq.br\/6558952854074161<\/a><\/p>\n<p>Elle est titulaire d\u2019un baccalaur\u00e9at en langues - Langue portugaise de l'Universit\u00e9 f\u00e9d\u00e9rale de Santa Catarina \u2013 Universidade Federal de Santa Catarina - UFSC (2003), Ma\u00eetre en litt\u00e9rature, domaine de concentration en litt\u00e9rature br\u00e9silienne (2005) et doctorat en litt\u00e9rature, domaine de concentration en th\u00e9orie litt\u00e9raire, par UFSC (2009). Elle a une exp\u00e9rience dans le domaine des langues, avec un accent sur la th\u00e9orie litt\u00e9raire et la litt\u00e9rature compar\u00e9e, principalement dans les mati\u00e8res suivantes: litt\u00e9ratures de langue portugaise; r\u00e9cit moderne et contemporain; litt\u00e9rature, migration et exil.Elle est professeure adjointe de th\u00e9orie litt\u00e9raire et de litt\u00e9rature portugaise, au D\u00e9partement d'\u00e9tudes des langues, et professeure permanent au programme de troisi\u00e8me cycle en \u00e9tudes des langues \u00e0 l'Universit\u00e9 d'\u00c9tat de Ponta Grossa \u2013 Universidade Estadual de Ponta Grossa - UEPG. Elle est chercheuse dans les groupes: subjectivit\u00e9, texte et enseignement - UEPG; \u00c9tudes de la pens\u00e9e ext\u00e9rieure et blanchotienne - UnB et les \u00e9tudes po\u00e9tiques du pr\u00e9sent - UFRGS, au CNPq. Elle fait \u00e9galement partie du groupe de chercheurs du Laboratoire de recherche interdisciplinaire en th\u00e9orie sociale \/ th\u00e9orie politique et Post-structuralisme, de l'UEPG. Elle est membre du groupe de travail sur litt\u00e9rature compar\u00e9e dans l'ANPOLL depuis 2014. Elle est actuellement post-doctorant en litt\u00e9rature \u00e0 la Sorbonne Universit\u00e9 (Universidade de Sorbonne) Paris IV, \u00e0 Paris, sous la direction du Prof. Dr Jos\u00e9 Leonardo Tonus.<\/p>\n<p>&nbsp;<\/p>\n<p>________________________________________________________________________________________<\/p>\n<p>&nbsp;<\/p>\n<p><strong><img class=\"wp-image-611 alignleft\" src=\"http:\/\/www2.uepg.br\/ppgel\/wp-content\/uploads\/sites\/68\/2020\/06\/luciane-292x300.png\" alt=\"\" width=\"161\" height=\"166\" \/>LUCIANE TRENNEPHOL DA COSTA<\/strong><\/p>\n<p>Curriculum Lattes: <a href=\"http:\/\/lattes.cnpq.br\/0019182505248618\" target=\"_blank\" rel=\"noopener\">http:\/\/lattes.cnpq.br\/0019182505248618<\/a><\/p>\n<p>Elle est titulaire d'un doctorat en langues avec une sp\u00e9cialisation dans le domaine des \u00e9tudes linguistiques de l'Universit\u00e9 f\u00e9d\u00e9rale du Paran\u00e1 \u2013 Universidade Federal do Paran\u00e1 (2011), d'une ma\u00eetrise en langues avec une sp\u00e9cialisation en th\u00e9orie et analyse linguistique (2006) de la Universit\u00e9 F\u00e9d\u00e9rale de Rio Grande do Sul (Universidade Federal do Rio Grande do Sul) et titulaire d\u2019un baccalaur\u00e9at en langues - Portugais et litt\u00e9rature de langue portugaise (2003) par la m\u00eame universit\u00e9. Elle est professeure auxiliaire C \u00e0 l'Universit\u00e9 d'\u00c9tat du Midwest (Universidade Estadual de Midwest) - UNICENTRO, enseignant dans le cours de langue portugaise et dans le programme du cours de troisi\u00e8me cycle en langue. Elle est professeure li\u00e9e au programme de troisi\u00e8me cycle en \u00e9tudes des langues \u00e0 l'Universit\u00e9 d'\u00c9tat de Ponta Grossa - Universidade Estadual de Ponta Grossa - UEPG. Elle a une exp\u00e9rience dans le domaine de la linguistique, avec un accent sur la phon\u00e9tique et la phonologie, en travaillant principalement sur les th\u00e8mes suivants: rhotics, th\u00e9ories linguistiques, description linguistique, langues slaves parl\u00e9es au Paran\u00e1 et variation linguistique.Elle est dirigeante du groupe de recherche FAVO - Enqu\u00eates acoustiques de la parole et de la voix, vice-dirigeante du groupe Variation linguistique de Discours slave - VARLINFE et chercheuse au Groupe: ``Intera\u00e7\u00e3o e Ensino`` (Interaction et enseignement). Elle est membre du Programme Permanente d'Extension du Nucleus de \u00e9tudes slaves - NEES et coordinatrice du Laboratoire de Phon\u00e9tique et Phonologie au NEES.<\/p>\n<p>________________________________________________________________________________________<\/p>\n<p>&nbsp;<\/p>\n<p><strong><a href=\"http:\/\/www2.uepg.br\/ppgel\/wp-content\/uploads\/sites\/68\/2020\/06\/pascoalina.png\"><img class=\"size-thumbnail wp-image-613 alignleft\" src=\"http:\/\/www2.uepg.br\/ppgel\/wp-content\/uploads\/sites\/68\/2020\/06\/pascoalina-150x150.png\" alt=\"\" width=\"150\" height=\"150\" \/><\/a>PASCOALINA BAILON DE OLIVEIRA SALEH<\/strong><\/p>\n<p>Curriculum Lattes: <a href=\"http:\/\/lattes.cnpq.br\/0801180629816075\" target=\"_blank\" rel=\"noopener\">http:\/\/lattes.cnpq.br\/0801180629816075<\/a><\/p>\n<p>Elle est titulaire d\u2019un baccalaur\u00e9at en langues de l'Universit\u00e9 f\u00e9d\u00e9rale de Vi\u00e7osa \u2013 Universidade Federal de Vi\u00e7osa (1990), ma\u00eetrise en linguistique de l'Universit\u00e9 d'\u00c9tat de Campinas - \u2013 Universidade Estadual de Campinas (1995) et doctorat en linguistique de l'Universit\u00e9 d'\u00c9tat de Campinas \u2013Universidade Estadual de Campinas (2000). Elle est actuellement professeure adjointe \u00e0 l'Universit\u00e9 d'\u00c9tat de Ponta Grossa - Universidade Estadual de Ponta Grossa, o\u00f9 elle travaille dans le cours de langue du baccalaur\u00e9at et le Ma\u00eetrise en \u00e9tudes de langues. Elle a une exp\u00e9rience dans le domaine des langues, avec un accent sur la linguistique, en travaillant principalement sur l'acquisition de l'\u00e9criture et l'enseignement de la langue maternelle.<\/p>\n<hr \/>\n<p>&nbsp;<\/p>\n<p><strong><img class=\"wp-image-1648  alignleft\" src=\"http:\/\/www2.uepg.br\/ppgel\/wp-content\/uploads\/sites\/68\/2021\/01\/ROSANA-2-e1613149823159-300x223.jpg\" alt=\"\" width=\"157\" height=\"116\" \/>ROSANA APOLONIA HARMUCH<\/strong><\/p>\n<p>Curriculum Lattes: <a href=\"http:\/\/lattes.cnpq.br\/2949382347180985\" target=\"_blank\" rel=\"noopener\">http:\/\/lattes.cnpq.br\/2949382347180985<\/a><\/p>\n<p>Elle est titulaire d'un baccalaur\u00e9at en langues: portugais - Litt\u00e9rature de l'Universit\u00e9 d'\u00c9tat du Midwest - Universidade Estadual de Midwest \/ Unicentro, Guarapuava, ma\u00eetrise en litt\u00e9rature br\u00e9silienne de l'Universit\u00e9 f\u00e9d\u00e9rale du Paran\u00e1 (Universidade Federal do Paran\u00e1) et d'un doctorat en \u00e9tudes litt\u00e9raires de l'Universit\u00e9 f\u00e9d\u00e9rale du Paran\u00e1 (Universidade Federal do Paran\u00e1), 2006). Elle est actuellement professeure adjointe \u00e0 l'Universit\u00e9 d'\u00c9tat de Ponta Grossa (Universidade Estadual de Ponta Grossa) et travaille principalement sur les sujets suivants: \u00c9tudes du roman, en particulier des figurations des lecteurs et des \u00e9crivains dans les r\u00e9cits (issus ou non de la r\u00e9alit\u00e9 empirique). \u00c9tudes concernant les conceptions de la paternit\u00e9. \u00c9tudes concernant la relation entre la th\u00e9orie litt\u00e9raire et l'enseignement de la litt\u00e9rature. Les objectifs comprennent l'analyse des documents officiels sur l'enseignement de la litt\u00e9rature, des textes sur la formation des lecteurs et ceux traitant des sp\u00e9cificit\u00e9s du discours litt\u00e9raire. Les livres didactiques et les tests de s\u00e9lection (examens publics, Enem, examens d'entr\u00e9e) sont \u00e9galement le point principal des r\u00e9flexions. Il est \u00e9galement professeure au programme de troisi\u00e8me cycle en \u00e9tudes des langues, dans la m\u00eame institution.<\/p>\n<hr \/>\n<p>&nbsp;<\/p>\n<p><strong><a href=\"http:\/\/www2.uepg.br\/ppgel\/wp-content\/uploads\/sites\/68\/2020\/06\/silvana.png\"><img class=\"size-thumbnail wp-image-615 alignleft\" src=\"http:\/\/www2.uepg.br\/ppgel\/wp-content\/uploads\/sites\/68\/2020\/06\/silvana-150x150.png\" alt=\"\" width=\"150\" height=\"150\" \/><\/a>SILVANA OLIVEIRA<\/strong><\/p>\n<p>Curriculum Lattes: <a href=\"http:\/\/lattes.cnpq.br\/0469779306533497\" target=\"_blank\" rel=\"noopener\">http:\/\/lattes.cnpq.br\/0469779306533497<\/a><\/p>\n<p>Elle est titulaire d\u2019un baccalaur\u00e9at en langues de l'Universit\u00e9 d'\u00c9tat de Ponta Grossa \u2013 Universidade Estadual de Ponta Grossa (1992), ma\u00eetrise en langues de l'Universit\u00e9 f\u00e9d\u00e9rale du Paran\u00e1 - Universidade Federal do Paran\u00e1 (1996) et d'un doctorat en th\u00e9orie et histoire litt\u00e9raire de l'Universit\u00e9 d'\u00c9tat de Campinas (Universidade Estadual de Campinas (2003). Elle est actuellement professeure adjointe \u00e0 l'Universit\u00e9 d'\u00c9tat de Ponta Grossa (Universidade Estadual de Ponta Grossa) et chercheuse postdoctorale en litt\u00e9rature compar\u00e9e \u00e0 l'Universit\u00e9 d'\u00c9tat de Rio de Janeiro (Universidade Estadual do Rio de janeiro), avec des recherches supervis\u00e9es par le Prof. Dr Jo\u00e3o Cezar de Castro Rocha. Elle travaille dans le cadre du programme de troisi\u00e8me cycle en langue, identit\u00e9 et subjectivit\u00e9 \u00e0 l'Universit\u00e9 d'\u00c9tat de Ponta Grossa (Universidade Estadual de Ponta Grossa). Les int\u00e9r\u00eats de recherche de ces derni\u00e8res ann\u00e9es se sont concentr\u00e9s sur la relation entre litt\u00e9rature et philosophie, avec un accent sur l'approche de la th\u00e9orie du roman de Mikhail Bakhtin et la production de Gilles Deleuze et Felix Guattari en vue de lire et d'annoter des auteurs en portugais dont la production focus apr\u00e8s 1960.<\/p>\n<hr \/>\n<p>&nbsp;<\/p>\n<p><strong><a href=\"http:\/\/www2.uepg.br\/ppgel\/wp-content\/uploads\/sites\/68\/2020\/06\/sebasti\u00e3o.png\"><img class=\"size-thumbnail wp-image-616 alignleft\" src=\"http:\/\/www2.uepg.br\/ppgel\/wp-content\/uploads\/sites\/68\/2020\/06\/sebasti\u00e3o-150x150.png\" alt=\"\" width=\"150\" height=\"150\" \/><\/a>SEBASTI\u00c3O LOUREN\u00c7O DOS SANTOS<\/strong><\/p>\n<p>Curriculum Lattes: <a href=\"http:\/\/lattes.cnpq.br\/8105118674329126\" target=\"_blank\" rel=\"noopener\">http:\/\/lattes.cnpq.br\/8105118674329126<\/a><\/p>\n<p>Il est dipl\u00f4m\u00e9 en langues: portugais-espagnol de l'Universit\u00e9:\u00a0 Tuiuti do Paran\u00e1 (1997), Ma\u00eetre (2004) en \u00e9tudes linguistiques de l'UFPR, docteur (2009) en langues de l'Universit\u00e9 f\u00e9d\u00e9rale du Paran\u00e1 (Universidade Federal do Paran\u00e1) et post-doctorat (2019) de l'UFPR - Universit\u00e9 f\u00e9d\u00e9rale du Paran\u00e1 (Universidade Federal do Paran\u00e1). Il est professeur adjoint au D\u00e9partement de langues \u00e9trang\u00e8res modernes et au programme de troisi\u00e8me cycle en \u00e9tudes des langues \u00e0 l'Universit\u00e9 d'\u00c9tat de Ponta Grossa (Universidade Estadual de Ponta Grossa). Il a une exp\u00e9rience dans le domaine des langues, avec un accent sur la langue espagnole et la linguistique cognitive, en d\u00e9veloppant des recherches sur les sujets suivants: Pragmatique cognitive et enseignement-apprentissage de la langue espagnole. Pr\u00e9sident de l'Association br\u00e9silienne de pragmatique (ABRAP) - biennium 2017-2018.<\/p>\n<p>&nbsp;<\/p>\n\t\t\t\t<\/div>\n\t\t\t<\/div>\n\t\t<\/div>\n\t\t\t<div class=\"sow-accordion-panel\"\n\t\t\t data-anchor=\"pluralit%c3%a9-identit%c3%a9-et-enseignement\">\n\t\t\t\t<div class=\"sow-accordion-panel-header-container\" role=\"heading\" aria-level=\"2\">\n\t\t\t\t\t<div class=\"sow-accordion-panel-header\" tabindex=\"0\" role=\"button\" id=\"accordion-label-pluralit%c3%a9-identit%c3%a9-et-enseignement\" aria-controls=\"accordion-content-pluralit%c3%a9-identit%c3%a9-et-enseignement\" aria-expanded=\"false\">\n\t\t\t\t\t\t<div class=\"sow-accordion-title sow-accordion-title-icon-left\">\n\t\t\t\t\t\t\t\t\t\t\t\t\t\tPluralit\u00e9, identit\u00e9 et enseignement\t\t\t\t\t\t\t\t\t\t\t\t\t<\/div>\n\t\t\t\t\t\t<div class=\"sow-accordion-open-close-button\">\n\t\t\t\t\t\t\t<div class=\"sow-accordion-open-button\">\n\t\t\t\t\t\t\t\t<span class=\"sow-icon-ionicons\" data-sow-icon=\"&#xf218;\"\n\t\t \n\t\taria-hidden=\"true\"><\/span>\t\t\t\t\t\t\t<\/div>\n\t\t\t\t\t\t\t<div class=\"sow-accordion-close-button\">\n\t\t\t\t\t\t\t\t<span class=\"sow-icon-ionicons\" data-sow-icon=\"&#xf209;\"\n\t\t \n\t\taria-hidden=\"true\"><\/span>\t\t\t\t\t\t\t<\/div>\n\t\t\t\t\t\t<\/div>\n\t\t\t\t\t<\/div>\n\t\t\t\t<\/div>\n\n\t\t\t<div\n\t\t\t\tclass=\"sow-accordion-panel-content\"\n\t\t\t\trole=\"region\"\n\t\t\t\taria-labelledby=\"accordion-label-pluralit%c3%a9-identit%c3%a9-et-enseignement\"\n\t\t\t\tid=\"accordion-content-pluralit%c3%a9-identit%c3%a9-et-enseignement\"\n\t\t\t\tstyle=\"display: none;\"\t\t\t>\n\t\t\t\t<div class=\"sow-accordion-panel-border\" tabindex=\"0\">\n\t\t\t\t\t<p><strong><a href=\"http:\/\/www2.uepg.br\/ppgel\/wp-content\/uploads\/sites\/68\/2020\/06\/aparecida.png\"><img class=\"size-thumbnail wp-image-617 alignleft\" src=\"http:\/\/www2.uepg.br\/ppgel\/wp-content\/uploads\/sites\/68\/2020\/06\/aparecida-150x150.png\" alt=\"\" width=\"150\" height=\"150\" \/><\/a>APARECIDA DE JESUS FERREIRA<\/strong><\/p>\n<p>Curriculum Lattes: <a href=\"http:\/\/lattes.cnpq.br\/2238891866036822\" target=\"_blank\" rel=\"noopener\">http:\/\/lattes.cnpq.br\/2238891866036822<\/a><\/p>\n<p>Elle est titulaire d'un postdoctoral (2015) et d'un doctorat en formation des enseignants et linguistique appliqu\u00e9e - Universit\u00e9 de Londres (Universidade de Londres) - Angleterre (2005), ma\u00eetrise en linguistique de l'Universidade Estadual Paulista J\u00falio de Mesquita Filho (2001) et baccalaur\u00e9at en portugais anglais de l'Universidade Estadual do Oeste do Paran\u00e1 (1990). Elle est actuellement professeure adjointe \u00e0 l'UEPG - Universit\u00e9 d'\u00c9tat de Ponta Grossa (Universidade Estadual de Ponta Grossa). Elle travaille dans le cours de langues du baccalaur\u00e9at (langue anglaise, pratique de l'enseignement) et dans le Ma\u00eetrise en \u00e9tudes de langues dans la m\u00eame institution. Elle a d\u00e9j\u00e0 publi\u00e9 quatorze livres au Br\u00e9sil. Elle a \u00e9galement publi\u00e9 un livre aux \u00c9tats-Unis. Elle a publi\u00e9 plusieurs articles dans des livres et des revues scientifiques au Br\u00e9sil, en Angleterre, aux \u00c9tats-Unis, en Angola, au Portugal, en Colombie et en Espagne. Elle a de l'exp\u00e9rience dans le domaine de la linguistique appliqu\u00e9e, avec un accent sur la formation des enseignants, travaillant principalement sur les th\u00e8mes suivants: la formation des enseignants (langues suppl\u00e9mentaires et langue portugaise), la pratique de l'enseignement de l'anglais, l'enseignement et l'apprentissage de langues suppl\u00e9mentaires, analyse et \u00e9laboration de mat\u00e9riel didactique, analyse de manuels, litt\u00e9raties scolaires et processus de construction des identit\u00e9s sociales des professeurs de langues et identit\u00e9s sociales de race et de genre. Elle est la critique de plusieurs revues. Elle a travaill\u00e9 comme chercheuse invit\u00e9e au King's College London - Universit\u00e9 de Londres (Universidade de Londres), Angleterre (2014-2015).<\/p>\n<hr \/>\n<p>&nbsp;<\/p>\n<p><strong><a href=\"http:\/\/www2.uepg.br\/ppgel\/wp-content\/uploads\/sites\/68\/2020\/06\/cloris.png\"><img class=\"size-thumbnail wp-image-618 alignleft\" src=\"http:\/\/www2.uepg.br\/ppgel\/wp-content\/uploads\/sites\/68\/2020\/06\/cloris-150x150.png\" alt=\"\" width=\"150\" height=\"150\" \/><\/a>CL\u00d3RIS PORTO TORQUATO<\/strong><\/p>\n<p>Curriculum Lattes: <a href=\"http:\/\/lattes.cnpq.br\/4009679922563932\" target=\"_blank\" rel=\"noopener\">http:\/\/lattes.cnpq.br\/4009679922563932<\/a><\/p>\n<p>Elle est titulaire d'un baccalaur\u00e9at en langue portugaise de l'Universit\u00e9 f\u00e9d\u00e9rale du Paran\u00e1 - Universidade Federal do Paran\u00e1 (1995), ma\u00eetrise en linguistique appliqu\u00e9e de l'Universit\u00e9 d'\u00c9tat du Campinas \u2013 Universidade Estadual de Campinas (2003) et docteur en linguistique de l'Universit\u00e9 d'\u00c9tat de Campinas - Universidade Estadual de Campinas (2009). Elle a une exp\u00e9rience en linguistique, avec un accent sur la linguistique appliqu\u00e9e et la sociolinguistique, travaillant principalement sur les sujets suivants: politiques linguistiques, id\u00e9ologies linguistiques, formation des enseignants, pratique p\u00e9dagogique, litt\u00e9raties, discours (cercle de Bakhtine), interculturalit\u00e9 et \u00e9tudes d\u00e9coloniales. Elle d\u00e9veloppe un projet d'extension en langue additionnelle portugaise, dans lequel elle travaille avec tous les th\u00e8mes expliqu\u00e9s ci-dessus.<\/p>\n<hr \/>\n<p>&nbsp;<\/p>\n<p><strong><a href=\"http:\/\/www2.uepg.br\/ppgel\/wp-content\/uploads\/sites\/68\/2020\/06\/djane.png\"><img class=\"size-thumbnail wp-image-619 alignleft\" src=\"http:\/\/www2.uepg.br\/ppgel\/wp-content\/uploads\/sites\/68\/2020\/06\/djane-150x150.png\" alt=\"\" width=\"150\" height=\"150\" \/><\/a>DJANE ANTONUCCI CORREA<\/strong><\/p>\n<p>Curriculum Lattes: <a href=\"http:\/\/lattes.cnpq.br\/1024484498585527\" target=\"_blank\" rel=\"noopener\">http:\/\/lattes.cnpq.br\/1024484498585527<\/a><\/p>\n<p>Elle est professeure adjointe \u00e0 l'Universit\u00e9 d'\u00c9tat de Ponta Grossa (Universidade Estadual de Ponta Grossa) o\u00f9 elle travaille depuis 1999. Auparavant, elle a travaill\u00e9 comme enseignante au primaire dans le r\u00e9seau public de l'\u00c9tat de S\u00e3o Paulo (1993-1997). Elle a termin\u00e9 son doctorat en langues \u00e0 l'Universidade Estadual Paulista J\u00falio de Mesquita Filho (2002). Elle a effectu\u00e9 un post-doctorat \u00e0 l'Institut d'\u00e9tudes des langues - IEL \/ UNICAMP - (2008\/2009 et 2010\/2011). Au cours de cette p\u00e9riode, elle a d\u00e9velopp\u00e9 deux \u00e9tudes: la premi\u00e8re ann\u00e9e sur la pragmatique et la formation des enseignants et la deuxi\u00e8me ann\u00e9e sur la politique linguistique et l'enseignement des langues. Entre ao\u00fbt 2017 et juillet 2018, dans le cadre d'un autre stage post-doctoral effectu\u00e9 dans le cadre du programme de troisi\u00e8me cycle en linguistique appliqu\u00e9e \u00e0 l'Universit\u00e9 d'\u00c9tat du Cear\u00e1 - Universidade Estadual do Cear\u00e1 (PosLa-UECE \/ PNPD), elle a approfondi ses discussions concernant les possibilit\u00e9s \u00e9pist\u00e9mologiques susceptibles de mieux soutenir les \u00e9tudes actuelles qu'elle d\u00e9veloppe dans des activit\u00e9s int\u00e9gr\u00e9es d'enseignement, de recherche et d`extension avec les communaut\u00e9s vuln\u00e9rables. Elle travaille dans le cours de baccalaur\u00e9at en langues et \u00e9galement dans le ma\u00eetrise en \u00e9tudes des langues. Ella est membre du collectif \u00abLaboratoire d'\u00e9tudes de textes\u00bb, un programme d`extension que elle a coordonn\u00e9 entre 2007 et 2017 et qui int\u00e8gre des actions de extension avec des activit\u00e9s d'enseignement et de recherche.Elle est toujours \u00e0 la recherche d'approches transdisciplinaires, elle se consacre aux \u00e9tudes critiques des pratiques linguistiques \u00e9crites en lien avec l'exclusion sociale, comme point de d\u00e9part pour \u00e9tablir les relations entre culture \u00e9crite, pragmatique, politique linguistique, enseignement et apprentissage des langues, formation des enseignants et formation humaine.<\/p>\n<hr \/>\n<p>&nbsp;<\/p>\n<p><strong><a href=\"http:\/\/www2.uepg.br\/ppgel\/wp-content\/uploads\/sites\/68\/2020\/06\/elaine.png\"><img class=\"size-thumbnail wp-image-620 alignleft\" src=\"http:\/\/www2.uepg.br\/ppgel\/wp-content\/uploads\/sites\/68\/2020\/06\/elaine-150x150.png\" alt=\"\" width=\"150\" height=\"150\" \/><\/a>ELAINE DE FERREIRA DO VALE BORGES<\/strong><\/p>\n<p>Curriculum Lattes: <a href=\"http:\/\/lattes.cnpq.br\/8872819626199594\" target=\"_blank\" rel=\"noopener\">http:\/\/lattes.cnpq.br\/8872819626199594<\/a><\/p>\n<p>Elle est titulaire d'un baccalaur\u00e9at et d'un baccalaur\u00e9at en langues (portugais \/ anglais) de la universit\u00e9 des sciences et langues de l'UNESP, d'une ma\u00eetrise en linguistique appliqu\u00e9e de l'Institut d'\u00e9tudes linguistiques de l'UNICAMP, d'un doctorat en \u00e9ducation de l`universit\u00e9 d'\u00e9ducation de l'USP et un post-doctorat en \u00e9tudes linguistiques par l`universit\u00e9 des langues de l'UFMG. Elle a particip\u00e9 \u00e0 un stage de doctorat \u00e0 l'Universit\u00e9 de Murcie (Espagne). Elle a travaill\u00e9 comme assistant enseignant au Joseph H. Lauder Institute of Management and International Studies de l'Universit\u00e9 de Pennsylvanie (\u00c9tats-Unis). Elle a travaill\u00e9 comme directrice culturelle pour l'Association des professeurs d'anglais de l'\u00c9tat de S\u00e3o Paulo (APLIESP). Elle a de l'exp\u00e9rience en linguistique appliqu\u00e9e et en \u00e9ducation dans l'enseignement et l'apprentissage \/ l'acquisition de langues suppl\u00e9mentaires (y compris les langue des signes comme L2) et la th\u00e9orie de la complexit\u00e9 \/ chaos, en travaillant principalement sur les th\u00e8mes suivants: des approches suppl\u00e9mentaires d'enseignement des langues et de p\u00e9dagogie, l'acquisition d'une langue seconde et le d\u00e9veloppement de professeurs de langues suppl\u00e9mentaires. Actuellement, elle est professeure adjoint C du D\u00e9partement d'\u00e9tudes linguistiques (DEEL) de l'Universit\u00e9 d'\u00c9tat de Ponta Grossa - Universidade Estadual de Ponta Grossa (UEPG), dans le cours de baccalaur\u00e9at en langues (portugais \/ anglais), enseignant la mati\u00e8re \"Le stage et la formation des enseignants de la langue anglaise\"; et professeure permanent au Programme de troisi\u00e8me cycle en \u00e9tudes des langues (PPGEL), et elle a enseign\u00e9 les mati\u00e8res \u00abApproches suppl\u00e9mentaires d'enseignement et d'apprentissage des langues\u00bb et \u00abMat\u00e9riel d'enseignement et d'enseignement de l'anglais: analyse, production et \u00e9valuation\u00bb (ceci en collaboration avec d'autres enseignants du PPGEL - Programme de troisi\u00e8me cycle en \u00e9tudes des langues). Dans cette m\u00eame institution, elle d\u00e9veloppe le projet de recherche continu\u00e9e \"P\u00e9dagogie complexe des langues suppl\u00e9mentaires\", projets d`extension visant \u00e0 la formation initiale et continue des professeurs d'anglais et elle est la coordonnatrice des stages supervis\u00e9s du baccalaur\u00e9at en langues; elle a d\u00e9j\u00e0 travaill\u00e9 comme une des coordinateurs p\u00e9dagogiques du Cours sur les langues \u00e9trang\u00e8res pour la communaut\u00e9 (CLEC), Coordinatrice institutionnel du programme: Ingl\u00eas Sem Fronteiras (anglais sans fronti\u00e8res) \u00e0 SESu \/ MEC, du projet: Paran\u00e1 Fala Ingl\u00eas (Paran\u00e1 parle anglais) \u00e0 SETI \/ PR et coordinatrice du sous-projet PIBID d`anglais \u00e0 CAPES (coordination pour l'am\u00e9lioration du personnel de l'enseignement sup\u00e9rieur). Elle est la dirigeante du groupe de recherche de Langage et de Complexit\u00e9 du d\u00e9partement de recherche du CNPq (http:\/\/grupolinc.blogspot.com.br).<\/p>\n<hr \/>\n<p>&nbsp;<\/p>\n<p><strong><a href=\"http:\/\/www2.uepg.br\/ppgel\/wp-content\/uploads\/sites\/68\/2020\/06\/fabio.png\"><img class=\"size-thumbnail wp-image-621 alignleft\" src=\"http:\/\/www2.uepg.br\/ppgel\/wp-content\/uploads\/sites\/68\/2020\/06\/fabio-150x150.png\" alt=\"\" width=\"150\" height=\"150\" \/><\/a>F\u00c1BIO AUGUSTO STEYER<\/strong><\/p>\n<p>Curriculum Lattes: <a href=\"http:\/\/lattes.cnpq.br\/1017969025577881\" target=\"_blank\" rel=\"noopener\">http:\/\/lattes.cnpq.br\/1017969025577881<\/a><\/p>\n<p>Il est dipl\u00f4m\u00e9 en histoire de l'Universit\u00e9 pontificale catholique de Rio Grande do Sul - Pontif\u00edcia Universidade Cat\u00f3lica do Rio Grande do Sul \u00a0(1998), Baccalaur\u00e9at en communication sociale \/ journalisme de l'Universit\u00e9 pontificale catholique de Rio Grande do Sul - Pontif\u00edcia Universidade Cat\u00f3lica do Rio Grande do Sul (1998), Baccalaur\u00e9at en Langues \/ Portugais de l'Universit\u00e9 Pontificale Catholique de Rio Grande do Sul - Pontif\u00edcia Universidade Cat\u00f3lica do Rio Grande do Sul (2006), Ma\u00eetrise en Histoire de l'Universit\u00e9 Pontificale Catholique de Rio Grande do Sul - Pontif\u00edcia Universidade Cat\u00f3lica do Rio Grande do Sul (2000) et Doctorat en Langues \/ Litt\u00e9rature de l'Universit\u00e9 F\u00e9d\u00e9rale de Rio Grande do Sul \u2013 Universidade Federal do Rio Grande do Sul (2006).Il est actuellement professeur adjoint (il a r\u00e9ussi le concours, 40 heures) au D\u00e9partement d'\u00e9tudes linguistiques de l'Universit\u00e9 d'\u00c9tat de Ponta Grossa - Universidade Estadual de Ponta Grossa (UEPG), en travaillant dans le cours du baccalaur\u00e9at en langues portugais \/ anglais, portugais \/ espagnol et portugais \/ fran\u00e7ais et dans le Ma\u00eetrise en langue, identit\u00e9 et subjectivit\u00e9 de l'institution. Il a une exp\u00e9rience dans les domaines de l'histoire, des langues, du cin\u00e9ma et de la communication sociale, avec un accent sur l'histoire du Rio Grande do Sul et la litt\u00e9rature br\u00e9silienne, les relations entre la litt\u00e9rature, cin\u00e9ma et histoire, histoire de la presse br\u00e9silienne, m\u00e9dias et contemporan\u00e9it\u00e9, histoire r\u00e9gionale du Br\u00e9sil et anthropologie de la mort, en travaillant principalement sur les th\u00e8mes suivants: cin\u00e9ma, mort, art du cimeti\u00e8re, histoire de Rio Grande do Sul, histoire du cin\u00e9ma, litt\u00e9rature du Rio Grande do Sul et br\u00e9silienne, histoire de la presse du\u00a0 Rio Grande do Sul et br\u00e9silienne, la m\u00e9dia et la postmodernit\u00e9.<\/p>\n<hr \/>\n<p>&nbsp;<\/p>\n<p><strong><a href=\"http:\/\/www2.uepg.br\/ppgel\/wp-content\/uploads\/sites\/68\/2020\/06\/ione.png\"><img class=\"size-thumbnail wp-image-622 alignleft\" src=\"http:\/\/www2.uepg.br\/ppgel\/wp-content\/uploads\/sites\/68\/2020\/06\/ione-150x150.png\" alt=\"\" width=\"150\" height=\"150\" \/><\/a>IONE DA SILVA JOVINO<\/strong><\/p>\n<p>Curriculum Lattes: <a href=\"http:\/\/lattes.cnpq.br\/6714175723955949\" target=\"_blank\" rel=\"noopener\">http:\/\/lattes.cnpq.br\/6714175723955949<\/a><\/p>\n<p>Elle est titulaire d\u2019un baccalaur\u00e9at en langues de l'Universit\u00e9 pontificale catholique de S\u00e3o Paulo - Pontif\u00edcia Universidade Cat\u00f3lica de S\u00e3o Paulo (1997), ma\u00eetrise en \u00e9ducation (2005) de l'Universit\u00e9 f\u00e9d\u00e9rale de S\u00e3o Carlos - Universidade federal de S\u00e3o Carlos, avec un doctorat en \u00e9ducation (2010) et Stage postdoctoral en \u00e9ducation (2017-2018) dans la m\u00eame universit\u00e9. Professeure au D\u00e9partement d'\u00e9tudes linguistiques de l'UEPG et ma\u00eetrise en \u00e9tudes linguistiques, elle a coordonn\u00e9 le programme d'ao\u00fbt 2013 \u00e0 d\u00e9cembre 2016. Elle travaille actuellement en tant que pro-rectrice des affaires \u00e9tudiantes \u00e0 l'UEPG. Elle est membre du Centre de l'UEPG pour les relations ethno-raciales, le genre et la sexualit\u00e9 dans lequel il participe \u00e0 des actions de recherche et de extension, ainsi qu'\u00e0 des cours de formation d'enseignants. Elle a travaill\u00e9 dans le programme de bourses d`\u00e9tudes\u00a0 pour l'initiation \u00e0 l'enseignement et dans la production de mat\u00e9riel didactique pour l'enseignement des langues dans la perspective des africanit\u00e9s et l'\u00e9ducation aux relations ethno-raciales, dans le projet PIBID (Programme institutionnel de bourses d'initiation \u00e0 l'enseignement) Africanities. Elle travaille sur les th\u00e8mes suivants: enfant, enfance et race; litt\u00e9rature pour enfance-jeunesse et les relations ethno-raciales; \u00e9ducation et diversit\u00e9 ethnique, raciale et culturelle; iconographie et repr\u00e9sentation; in\u00e9galit\u00e9s au niveau symbolique.<\/p>\n<hr \/>\n<p>&nbsp;<\/p>\n<p><strong><a href=\"http:\/\/www2.uepg.br\/ppgel\/wp-content\/uploads\/sites\/68\/2020\/06\/leticia.png\"><img class=\"size-thumbnail wp-image-623 alignleft\" src=\"http:\/\/www2.uepg.br\/ppgel\/wp-content\/uploads\/sites\/68\/2020\/06\/leticia-150x150.png\" alt=\"\" width=\"150\" height=\"150\" \/><\/a>LET\u00cdCIA FRAGA<\/strong><\/p>\n<p>Curriculum Lattes: <a href=\"http:\/\/lattes.cnpq.br\/7446589855128901\" target=\"_blank\" rel=\"noopener\">http:\/\/lattes.cnpq.br\/7446589855128901<\/a><\/p>\n<p>Elle est titulaire d\u2019un baccalaur\u00e9at en langues: portugais \/ fran\u00e7ais de l'Universit\u00e9 f\u00e9d\u00e9rale de Santa Catarina \u2013 Universidade Federal de Santa Catarina (1995), ma\u00eetrise en linguistique de l'Universit\u00e9 f\u00e9d\u00e9rale de Santa Catarina - Universidade Federal de Santa Catarina (1998) et doctorat en linguistique de l'Universit\u00e9 d'\u00c9tat de Campinas - Universidade Estadual de Campinas (2008). Elle est actuellement professeure adjointe \u00e0 l'Universit\u00e9 d'\u00c9tat de Ponta Grossa - Universidade Estadual de Ponta Grossa et elle travaille sur les cours de baccalaur\u00e9at en langues et dans le Ma\u00eetrise en \u00e9tudes des langues dans la m\u00eame institution. Elle a une exp\u00e9rience dans le domaine de la linguistique appliqu\u00e9e et guide des travaux sur les sujets suivants: pluralit\u00e9 \/ diversit\u00e9 linguistique; l'enseignement des langues et les politiques linguistiques dans des contextes sociolinguistiquement complexes; formation initiale et continue des professeurs de langues; \u00e9ducation indig\u00e8ne (scolaire).<\/p>\n<hr \/>\n<p>&nbsp;<\/p>\n<p><b><a href=\"http:\/\/www2.uepg.br\/ppgel\/wp-content\/uploads\/sites\/68\/2020\/06\/ligia.png\"><img class=\"size-thumbnail wp-image-624 alignleft\" src=\"http:\/\/www2.uepg.br\/ppgel\/wp-content\/uploads\/sites\/68\/2020\/06\/ligia-150x150.png\" alt=\"\" width=\"150\" height=\"150\" \/><\/a>L\u00cdGIA<\/b><strong>\u00a0PAULA COUTO<\/strong><\/p>\n<p>Curriculum Lattes: <a href=\"http:\/\/lattes.cnpq.br\/6291881730873094\" target=\"_blank\" rel=\"noopener\">http:\/\/lattes.cnpq.br\/6291881730873094<\/a><\/p>\n<p>Elle est titulaire d\u2019un baccalaur\u00e9at en langues - Espagnol \/ Portugais de l'Universit\u00e9 de S\u00e3o Paulo \u2013 Universidade de S\u00e3o Paulo (1999), Ma\u00eetrise en \u00e9ducation (psychop\u00e9dagogie) de l'Universit\u00e9 pontificale catholique de S\u00e3o Paulo - Pontif\u00edcia Universidade Cat\u00f3lica de S\u00e3o Paulo (2007) et doctorat en \u00e9ducation de l'Universit\u00e9 de S\u00e3o Paulo \u2013 Universidade de S\u00e3o Paulo (2013).Elle est professeure adjointe \u00e0 l'Universit\u00e9 d'\u00c9tat de Ponta Grossa (Universidade Estadual de Ponta Grossa) du D\u00e9partement d'\u00e9tudes linguistiques (DEEL), en travaillant dans les mati\u00e8res de la langue espagnole I, de la pratique d'articulation III et IV (projet), dans le programme de ma\u00eetrise en \u00e9tudes des langues (PPGEL). Elle a travaill\u00e9 comme pro-rectrice du baccalaur\u00e9at (2018-2020). Elle a travaill\u00e9 dans la coordination du noyau p\u00e9dagogique structurant des cours de langue (2015-2018).Elle se consacre principalement aux th\u00e8mes suivants d`enseignement \/extension\/recherche: d\u00e9colonisation des connaissances, interculturalit\u00e9, p\u00e9dagogie universitaire, curriculum (enseignement sup\u00e9rieur),formation des enseignants, langues \u00e9trang\u00e8res, langue espagnole, enseignement \/ apprentissage des langues et litt\u00e9rature, politiques linguistiques. Elle a publi\u00e9 des manuels en espagnol, anglais et portugais. Elle a publi\u00e9 des livres dans le domaine de la formation des professeurs d'espagnol. Elle a travaill\u00e9 comme professeure d'\u00e9coles de langues (espagnol et anglais) de 1995 \u00e0 2007 et professeure de portugais dans les \u00e9coles publiques de 2005 \u00e0 2008.<\/p>\n<hr \/>\n<p>&nbsp;<\/p>\n<p><strong><a href=\"http:\/\/www2.uepg.br\/ppgel\/wp-content\/uploads\/sites\/68\/2020\/06\/marly.png\"><img class=\"size-thumbnail wp-image-625 alignleft\" src=\"http:\/\/www2.uepg.br\/ppgel\/wp-content\/uploads\/sites\/68\/2020\/06\/marly-150x150.png\" alt=\"\" width=\"150\" height=\"150\" \/><\/a>MARLY CATARINA SOARES<\/strong><\/p>\n<p>Curriculum Lattes: <a href=\"http:\/\/lattes.cnpq.br\/2783202240241667\" target=\"_blank\" rel=\"noopener\">http:\/\/lattes.cnpq.br\/2783202240241667<\/a><\/p>\n<p>Elle est titulaire d'un baccalaur\u00e9at en langues de l'Universit\u00e9 d'\u00c9tat de Ponta Grossa \u2013 Universidade Estadual de Ponta Grossa (1989), d'une sp\u00e9cialisation en langue portugaise de l'Universit\u00e9 d'\u00c9tat de Ponta Grossa - Universidade Estadual de Ponta Grossa (1992), ma\u00eetrise en th\u00e9orie et histoire litt\u00e9raire de l'Universit\u00e9 d'\u00c9tat de Campinas - Universidade Estadual de Campinas (1998) et doctorat en litt\u00e9rature de l'Universit\u00e9 f\u00e9d\u00e9rale de Santa Catarina - Universidade Federal de Santa Catarina (2008). Elle est actuellement Professeure Adjoint \u00e0 l'Universit\u00e9 d'\u00c9tat de Ponta Grossa - Universidade Estadual de Ponta Grossa, Coordination du cours UAB _ EAD \u00e0 l'Universit\u00e9 d'\u00c9tat de Ponta Grossa (Universidade Estadual de Ponta Grossa) et membre du comit\u00e9 de r\u00e9daction d'UniLinguas. Elle a une exp\u00e9rience dans le domaine de la litt\u00e9rature, avec un accent sur la litt\u00e9rature br\u00e9silienne. Elle travaille principalement sur les th\u00e8mes suivants: la po\u00e9sie du XX si\u00e8cle, la th\u00e9orie litt\u00e9raire, Florbela Espanca, la litt\u00e9rature portugaise, les \u00e9tudes litt\u00e9raires, la litt\u00e9rature et les femmes.<\/p>\n<hr \/>\n<p>&nbsp;<\/p>\n<p><strong><a href=\"http:\/\/www2.uepg.br\/ppgel\/wp-content\/uploads\/sites\/68\/2020\/06\/miguel.png\"><img class=\"size-thumbnail wp-image-626 alignleft\" src=\"http:\/\/www2.uepg.br\/ppgel\/wp-content\/uploads\/sites\/68\/2020\/06\/miguel-150x150.png\" alt=\"\" width=\"150\" height=\"150\" \/><\/a>MIGUEL SANCHES NETO<\/strong><\/p>\n<p>Curriculum Lattes: <a href=\"http:\/\/lattes.cnpq.br\/0212593991244575\" target=\"_blank\" rel=\"noopener\">http:\/\/lattes.cnpq.br\/0212593991244575<\/a><\/p>\n<p>Il est dipl\u00f4m\u00e9 en langues de FAFIMAN (1984-1986), sp\u00e9cialis\u00e9 en litt\u00e9rature br\u00e9silienne \u00e0 l'Universit\u00e9 pontificale catholique de Paran\u00e1 (Pontif\u00edcia Universidade Cat\u00f3lica do Paran\u00e1), \u00e0 Curitiba en 1989. Il a \u00e9tudi\u00e9 pour une ma\u00eetrise en th\u00e9orie litt\u00e9raire \u00e0 l'Universit\u00e9 f\u00e9d\u00e9rale de Santa Catarina \u2013 Universidade Federal de Santa Catarina (1990-1992). Il est titulaire d'un doctorat en langues de l'Unicamp (1994-1998) et d'un professeur adoint de litt\u00e9rature br\u00e9silienne \u00e0 l'Universit\u00e9 d'\u00c9tat de Ponta Grossa (Universidade Estadual de Ponta Grossa). Il a \u00e9t\u00e9 directeur-pr\u00e9sident de la presse officielle de l'\u00c9tat du Paran\u00e1 (1999-2002), pro-recteur de la recherche et des cours du troisi\u00e8me cycle (2003) et pro-recteur du d\u00e9partement d`extension et des affaires culturelles \u00e0 l'UEPG (2006-2010). Il a publi\u00e9 des articles, des essais et des livres sur des auteurs nationaux, dont Manoel de Barros, Dalton Trevisan et Cec\u00edlia Meireles. Ses domaines de travail universitaire sont: la litt\u00e9rature br\u00e9silienne contemporaine; formation du lecteur litt\u00e9raire; critique litt\u00e9raire; revues litt\u00e9raires, textes autobiographiques, litt\u00e9rature de t\u00e9moignage. Recteur de l'UEPG (2018-2022).<\/p>\n<hr \/>\n<p>&nbsp;<\/p>\n<p><strong><a href=\"http:\/\/www2.uepg.br\/ppgel\/wp-content\/uploads\/sites\/68\/2020\/06\/rosangela.png\"><img class=\"size-thumbnail wp-image-627 alignleft\" src=\"http:\/\/www2.uepg.br\/ppgel\/wp-content\/uploads\/sites\/68\/2020\/06\/rosangela-150x150.png\" alt=\"\" width=\"150\" height=\"150\" \/><\/a>ROS\u00c2NGELA SCHARDONG<\/strong><\/p>\n<p>Curriculum Lattes: <a href=\"http:\/\/lattes.cnpq.br\/2344616828456810\" target=\"_blank\" rel=\"noopener\">http:\/\/lattes.cnpq.br\/2344616828456810<\/a><\/p>\n<p>Elle est dipl\u00f4m\u00e9e en litt\u00e9rature portugaise et espagnole \u00e0 l'Universit\u00e9 f\u00e9d\u00e9rale de Santa Catarina \u2013 Universidade Federal de Santa Catarina (1992), poss\u00e8de une ma\u00eetrise en litt\u00e9rature (langue espagnole et litt\u00e9ratures espagnole et hispano-am\u00e9ricaine) par l'Universit\u00e9 de S\u00e3o Paulo \u2013 Universidade de S\u00e3o Paulo (1997). En 2008, elle a termin\u00e9 son doctorat \u00e0 l'Universit\u00e9 de S\u00e3o Paulo \u2013 Universidade de S\u00e3o Paulo (USP) sous la direction du Prof. Dr. Maria Augusta da Costa Vieira. Sa th\u00e8se a \u00e9t\u00e9 consacr\u00e9e au travail de Maria de Zayas y Sotomayor, \u00e9crivaine espagnole du si\u00e8cle XVII, en couvrant les th\u00e8mes suivants: contes encadr\u00e9s, po\u00e9tique du si\u00e8cle XVII, art de l'ing\u00e9niosit\u00e9, trait\u00e9s de conduite, autorisation de l'\u00e9criture f\u00e9minine et repr\u00e9sentation des femmes. En tant que professeure adjointe C \u00e0 l'Universit\u00e9 d'\u00c9tat de Ponta Grossa \u2013 Universidade Estadual de Ponta Grossa (PR), elle travaille dans le cours du baccalaur\u00e9at de langues, dans l'enseignement de la langue et des litt\u00e9ratures de la langue espagnole, et dans le programme de troisi\u00e8me cycle en \u00e9tudes linguistiques. Elle coordonne le projet de recherche en cours Po\u00e9tique des genres dans les arts et les langues en espagnol.<\/p>\n<hr \/>\n<p>&nbsp;<\/p>\n<p><strong><a href=\"http:\/\/www2.uepg.br\/ppgel\/wp-content\/uploads\/sites\/68\/2020\/06\/sulany.png\"><img class=\"size-thumbnail wp-image-628 alignleft\" src=\"http:\/\/www2.uepg.br\/ppgel\/wp-content\/uploads\/sites\/68\/2020\/06\/sulany-150x150.png\" alt=\"\" width=\"150\" height=\"150\" \/><\/a>SULANY SILVEIRA DOS SANTOS<\/strong><\/p>\n<p>Curriculum Lattes: <a href=\"http:\/\/lattes.cnpq.br\/6426262182600997\" target=\"_blank\" rel=\"noopener\">http:\/\/lattes.cnpq.br\/6426262182600997<\/a><\/p>\n<p>Professeure adjointe de langue anglaise au D\u00e9partement d'\u00e9tudes linguistiques (DEEL) de l'Universit\u00e9 d'\u00c9tat de Ponta Grossa - Universidade Estadual de Ponta Grossa \/ PR (UEPG). Elle est titulaire d'un doctorat en langues de l'UFRGS, Ma\u00eetrise en langues - domaine de concentration: linguistique appliqu\u00e9e par PUC-RS; Sp\u00e9cialisation en linguistique appliqu\u00e9e \u00e0 l'enseignement de l'anglais par PUC-RS; Baccalaur\u00e9at en langues portugaises-anglaises avec les litt\u00e9ratures respectives par PUC-RS. Elle participe aux Groupes de Recherche du CNPq (Conseil National de Recherche) Lecture et Production de Genre dans les Pratiques Sociales, Scolaires et Professionnelles et Pluralit\u00e9, Identit\u00e9 et Enseignement. Elle a travaill\u00e9 comme enseignante du baccalaur\u00e9at et du troisi\u00e8me cycle \u00e0 UNIJUI dans le domaine de l'enseignement et de l'apprentissage de l'anglais et du portugais. Elle a travaill\u00e9 comme enseignante aupr\u00e8s de professeurs d'anglais et de langues \u00e9trang\u00e8res en Cor\u00e9e du Sud (2007-2012), en d\u00e9veloppant des programmes d'enseignement pour la langue anglaise. Elle travaille principalement sur les sujets suivants: alphab\u00e9tisation acad\u00e9mique, enseignement et apprentissage de l'\u00e9criture, formation de professeurs d'anglais, m\u00e9thodologies d'enseignement de l'anglais. Elle est actuellement la directrice du bureau des relations internationales de l'UEPG et coordinatrice p\u00e9dagogique du programme d\u00e9nomm\u00e9: Paran\u00e1 Fala Ingl\u00eas (Paran\u00e1 parle anglais) de la m\u00eame universit\u00e9.<\/p>\n<hr \/>\n<p>&nbsp;<\/p>\n<p><strong><a href=\"http:\/\/www2.uepg.br\/ppgel\/wp-content\/uploads\/sites\/68\/2020\/06\/valeska.png\"><img class=\"size-thumbnail wp-image-629 alignleft\" src=\"http:\/\/www2.uepg.br\/ppgel\/wp-content\/uploads\/sites\/68\/2020\/06\/valeska-150x150.png\" alt=\"\" width=\"150\" height=\"150\" \/><\/a>VALESKA GRACIOSO CARLOS<\/strong><\/p>\n<p>Curriculum Lattes: <a href=\"http:\/\/lattes.cnpq.br\/5305551484510716\" target=\"_blank\" rel=\"noopener\">http:\/\/lattes.cnpq.br\/5305551484510716<\/a><\/p>\n<p>Elle est titulaire d\u2019un baccalaur\u00e9at en langues: portugais \/ espagnol de l'Universidade Estadual Paulista J\u00falio de Mesquita Filho (1997), elle est titulaire d\u2019un baccalaur\u00e9at en langues: portugais \/ anglais de la m\u00eame universit\u00e9 (1999), ma\u00eetrise (2006) et doctorat (2015) en \u00e9tudes linguistiques de l'Universit\u00e9 d'\u00c9tat de Londrina (Universidade Estadual de Londrina). Elle est professeure adjointe \u00e0 l'Universit\u00e9 d'\u00c9tat de Ponta Grossa (Universidade Estadual de Ponta Grossa) et travaille dans le cours de baccalaur\u00e9at en langues et du ma\u00eetrise en \u00e9tudes des langues de la m\u00eame institution. Elle a de l'exp\u00e9rience dans le domaine de la linguistique, avec un accent sur l'enseignement de l'espagnol et de l'anglais. Elle d\u00e9veloppe la recherche dans le domaine de la sociolinguistique et de la dialectologie, en enqu\u00eatant les attitudes linguistiques et en d\u00e9crivant les langues en contact \u00e0 la fronti\u00e8re br\u00e9silo-paraguayenne. De plus, ses \u00e9tudes englobent des recherches \u00e0 caract\u00e8re sociodial\u00e9thologique, approfondissant les questions d'identit\u00e9, de variation, d'attitude, de croyances et de politiques linguistiques, qui sont essentiels dans le processus d'enseignement \/ apprentissage, visant le d\u00e9veloppement d'actions visant la formation de la m\u00e8re et professeure de langues \u00e9trang\u00e8res.<\/p>\n\t\t\t\t<\/div>\n\t\t\t<\/div>\n\t\t<\/div>\n\t\t<\/div>\n<\/div>\n<\/div><\/div><\/div><\/div><\/div>","protected":false},"excerpt":{"rendered":"<p>Linhas de pesquisa: Texto, Subjetividade e Horizontes Te\u00f3ricos &nbsp; &nbsp; DANIEL DE OLIVEIRA GOMES Curriculum Lattes: http:\/\/lattes.cnpq.br\/0593810363013174 Il est dipl\u00f4m\u00e9 en langues de l&#8217;Universit\u00e9 d&#8217;\u00c9tat de Ponta Grossa (Universidade Estadual de Ponta Grossa). Il est titulaire d&#8217;une ma\u00eetrise et d&#8217;un doctorat en litt\u00e9rature de l&#8217;Universit\u00e9 f\u00e9d\u00e9rale de Santa Catarina (Universidade Federal de Santa Catarina). Il&nbsp;&hellip;<\/p>\n","protected":false},"author":24,"featured_media":0,"parent":0,"menu_order":0,"comment_status":"closed","ping_status":"closed","template":"page-templates\/page-with-right-sidebar.php","meta":[],"_links":{"self":[{"href":"https:\/\/www2.uepg.br\/ppgel\/wp-json\/wp\/v2\/pages\/755"}],"collection":[{"href":"https:\/\/www2.uepg.br\/ppgel\/wp-json\/wp\/v2\/pages"}],"about":[{"href":"https:\/\/www2.uepg.br\/ppgel\/wp-json\/wp\/v2\/types\/page"}],"author":[{"embeddable":true,"href":"https:\/\/www2.uepg.br\/ppgel\/wp-json\/wp\/v2\/users\/24"}],"replies":[{"embeddable":true,"href":"https:\/\/www2.uepg.br\/ppgel\/wp-json\/wp\/v2\/comments?post=755"}],"version-history":[{"count":6,"href":"https:\/\/www2.uepg.br\/ppgel\/wp-json\/wp\/v2\/pages\/755\/revisions"}],"predecessor-version":[{"id":1926,"href":"https:\/\/www2.uepg.br\/ppgel\/wp-json\/wp\/v2\/pages\/755\/revisions\/1926"}],"wp:attachment":[{"href":"https:\/\/www2.uepg.br\/ppgel\/wp-json\/wp\/v2\/media?parent=755"}],"curies":[{"name":"wp","href":"https:\/\/api.w.org\/{rel}","templated":true}]}}