{"id":758,"date":"2020-06-17T11:01:36","date_gmt":"2020-06-17T14:01:36","guid":{"rendered":"http:\/\/www2.uepg.br\/ppgel\/?page_id=758"},"modified":"2020-06-17T11:01:37","modified_gmt":"2020-06-17T14:01:37","slug":"student-body","status":"publish","type":"page","link":"https:\/\/www2.uepg.br\/ppgel\/en\/student-body\/","title":{"rendered":"Student Body"},"content":{"rendered":"<div id=\"pl-758\"  class=\"panel-layout\" ><div id=\"pg-758-0\"  class=\"panel-grid panel-no-style\" ><div id=\"pgc-758-0-0\"  class=\"panel-grid-cell\" ><div id=\"panel-758-0-0-0\" class=\"so-panel widget widget_sow-accordion panel-first-child panel-last-child\" data-index=\"0\" ><div\n\t\t\t\n\t\t\tclass=\"so-widget-sow-accordion so-widget-sow-accordion-default-03b34fb01ae6-758\"\n\t\t\t\n\t\t><div>\n\t<div class=\"sow-accordion\">\n\t\t\t<div class=\"sow-accordion-panel\"\n\t\t\t data-anchor=\"2020\">\n\t\t\t\t<div class=\"sow-accordion-panel-header-container\" role=\"heading\" aria-level=\"2\">\n\t\t\t\t\t<div class=\"sow-accordion-panel-header\" tabindex=\"0\" role=\"button\" id=\"accordion-label-2020\" aria-controls=\"accordion-content-2020\" aria-expanded=\"false\">\n\t\t\t\t\t\t<div class=\"sow-accordion-title sow-accordion-title-icon-left\">\n\t\t\t\t\t\t\t\t\t\t\t\t\t\t2020\t\t\t\t\t\t\t\t\t\t\t\t\t<\/div>\n\t\t\t\t\t\t<div class=\"sow-accordion-open-close-button\">\n\t\t\t\t\t\t\t<div class=\"sow-accordion-open-button\">\n\t\t\t\t\t\t\t\t<span class=\"sow-icon-ionicons\" data-sow-icon=\"&#xf218;\"\n\t\t \n\t\taria-hidden=\"true\"><\/span>\t\t\t\t\t\t\t<\/div>\n\t\t\t\t\t\t\t<div class=\"sow-accordion-close-button\">\n\t\t\t\t\t\t\t\t<span class=\"sow-icon-ionicons\" data-sow-icon=\"&#xf209;\"\n\t\t \n\t\taria-hidden=\"true\"><\/span>\t\t\t\t\t\t\t<\/div>\n\t\t\t\t\t\t<\/div>\n\t\t\t\t\t<\/div>\n\t\t\t\t<\/div>\n\n\t\t\t<div\n\t\t\t\tclass=\"sow-accordion-panel-content\"\n\t\t\t\trole=\"region\"\n\t\t\t\taria-labelledby=\"accordion-label-2020\"\n\t\t\t\tid=\"accordion-content-2020\"\n\t\t\t\tstyle=\"display: none;\"\t\t\t>\n\t\t\t\t<div class=\"sow-accordion-panel-border\" tabindex=\"0\">\n\t\t\t\t\t<h4 style=\"text-align: center;\"><strong>Turma 2020<\/strong><\/h4>\n<table border=\"1\" cellspacing=\"0\" cellpadding=\"0\" align=\"center\">\n<tbody>\n<tr>\n<td valign=\"top\">\n<p align=\"center\"><strong>Nome<\/strong><\/p>\n<\/td>\n<td valign=\"top\">\n<p align=\"center\"><strong>Orientador\/a<\/strong><\/p>\n<\/td>\n<td valign=\"top\">\n<p align=\"center\"><strong>Linha de Pesquisa<\/strong><\/p>\n<\/td>\n<\/tr>\n<tr>\n<td valign=\"top\">Alessandra Moraes de A. Claros<\/td>\n<td valign=\"top\">Valeska Gracioso Carlos<\/td>\n<td valign=\"top\">Pluralidade, Identidade e Ensino<\/td>\n<\/tr>\n<tr>\n<td valign=\"top\">Alexandre Kuaray de Quadros<\/td>\n<td valign=\"top\">Let\u00edcia Fraga<\/td>\n<td valign=\"top\">Pluralidade, Identidade e Ensino<\/td>\n<\/tr>\n<tr>\n<td valign=\"top\">Anna Carolina do Carmo Castro<\/td>\n<td valign=\"top\">Luciane Trennephol da Costa<\/td>\n<td valign=\"top\">Texto, Subjetividade e horizontes te\u00f3ricos<\/td>\n<\/tr>\n<tr>\n<td valign=\"bottom\">Bhianca Moro Portella<\/td>\n<td valign=\"bottom\">Elaine Ferreira do Vale Borges<\/td>\n<td valign=\"bottom\">Pluralidade, Identidade e Ensino<\/td>\n<\/tr>\n<tr>\n<td valign=\"bottom\">Catia Christine Gon\u00e7alves Rodrigues<\/td>\n<td valign=\"bottom\">Let\u00edcia Fraga<\/td>\n<td valign=\"bottom\">Pluralidade, Identidade e Ensino<\/td>\n<\/tr>\n<tr>\n<td valign=\"bottom\">Claudio Fernandes Baranhuke Junior<\/td>\n<td valign=\"bottom\">Elaine Ferreira do Vale Borges<\/td>\n<td valign=\"bottom\">Pluralidade, Identidade e Ensino<\/td>\n<\/tr>\n<tr>\n<td valign=\"bottom\">Fatima Maria Aparecida Ruvinski<\/td>\n<td valign=\"bottom\">Rosana Apolonia Harmuch<\/td>\n<td valign=\"bottom\">Texto, Subjetividade e horizontes te\u00f3ricos<\/td>\n<\/tr>\n<tr>\n<td valign=\"bottom\">Igor Antonio Barreto<\/td>\n<td valign=\"bottom\">Djane Antonucci Correa<\/td>\n<td valign=\"bottom\">Pluralidade, Identidade e Ensino<\/td>\n<\/tr>\n<tr>\n<td valign=\"bottom\">Isabela Ribeiro Taborda<\/td>\n<td valign=\"bottom\">Luciane Trennephol da Costa<\/td>\n<td valign=\"bottom\">Texto, Subjetividade e horizontes te\u00f3ricos<\/td>\n<\/tr>\n<tr>\n<td valign=\"bottom\">JohannSerman Domaradzki<\/td>\n<td valign=\"bottom\">Evanir Pavloski<\/td>\n<td valign=\"bottom\">Texto, Subjetividade e horizontes te\u00f3ricos<\/td>\n<\/tr>\n<tr>\n<td valign=\"bottom\">Karine de Lara Cabral Nunes<\/td>\n<td valign=\"bottom\">L\u00edgia Paula Couto<\/td>\n<td valign=\"bottom\">Pluralidade, Identidade e Ensino<\/td>\n<\/tr>\n<tr>\n<td valign=\"bottom\">Karolina Ferreira Bicalho<\/td>\n<td valign=\"bottom\">Eunice de Morais<\/td>\n<td valign=\"bottom\">Texto, Subjetividade e horizontes te\u00f3ricos<\/td>\n<\/tr>\n<tr>\n<td valign=\"bottom\">Laira Maryane Castanho Ferreira<\/td>\n<td valign=\"bottom\">Keli Cristina Pacheco<\/td>\n<td valign=\"bottom\">Texto, Subjetividade e horizontes te\u00f3ricos<\/td>\n<\/tr>\n<tr>\n<td valign=\"bottom\">Leni Aparecida Kadamos<\/td>\n<td valign=\"bottom\">Pascoalina Bailon de Oliveira Saleh<\/td>\n<td valign=\"bottom\">Texto, Subjetividade e horizontes te\u00f3ricos<\/td>\n<\/tr>\n<tr>\n<td valign=\"bottom\">Let\u00edcia Camargo Ferreira Netto<\/td>\n<td valign=\"bottom\">Aparecida de Jesus Ferreira<\/td>\n<td valign=\"bottom\">Pluralidade, Identidade e Ensino<\/td>\n<\/tr>\n<tr>\n<td valign=\"bottom\">Luara Rodrigues Real<\/td>\n<td valign=\"bottom\">Aparecida de Jesus Ferreira<\/td>\n<td valign=\"bottom\">Pluralidade, Identidade e Ensino<\/td>\n<\/tr>\n<tr>\n<td valign=\"bottom\">Mayara do Rocio Lima Gaspar<\/td>\n<td valign=\"bottom\">Valeska Gracioso Carlos<\/td>\n<td valign=\"bottom\">Pluralidade, Identidade e Ensino<\/td>\n<\/tr>\n<tr>\n<td valign=\"bottom\">Meriliane de Lima<\/td>\n<td valign=\"bottom\">Sebasti\u00e3o Louren\u00e7o dos Santos<\/td>\n<td valign=\"bottom\">Pluralidade, Identidade e Ensino<\/td>\n<\/tr>\n<tr>\n<td valign=\"bottom\">Regina Aparecida Kosi dos Santos<\/td>\n<td valign=\"bottom\">Let\u00edcia Fraga<\/td>\n<td valign=\"bottom\">Pluralidade, Identidade e Ensino<\/td>\n<\/tr>\n<tr>\n<td valign=\"bottom\">Rodrigo Freitas C. de Oliveira<\/td>\n<td valign=\"bottom\">L\u00edgia Paula Couto<\/td>\n<td valign=\"bottom\">Pluralidade, Identidade e Ensino<\/td>\n<\/tr>\n<tr>\n<td valign=\"bottom\">Roseli Vaz de Almeida<\/td>\n<td valign=\"bottom\">Ione da Silva Jovino<\/td>\n<td valign=\"bottom\">Pluralidade, Identidade e Ensino<\/td>\n<\/tr>\n<tr>\n<td valign=\"bottom\">Ta\u00eds Almeida de Camargo<\/td>\n<td valign=\"bottom\">F\u00e1bio Augusto Steyer<\/td>\n<td valign=\"bottom\">Pluralidade, Identidade e Ensino<\/td>\n<\/tr>\n<tr>\n<td valign=\"bottom\">Tamirys de Quadros<\/td>\n<td valign=\"bottom\">Daniel de Oliveira Gomes<\/td>\n<td valign=\"bottom\">Texto, Subjetividade e horizontes te\u00f3ricos<\/td>\n<\/tr>\n<tr>\n<td valign=\"bottom\">Veridiana Valeska Ribas<\/td>\n<td valign=\"bottom\">F\u00e1bio Augusto Steyer<\/td>\n<td valign=\"bottom\">Pluralidade, Identidade e Ensino<\/td>\n<\/tr>\n<\/tbody>\n<\/table>\n<p>&nbsp;<\/p>\n\t\t\t\t<\/div>\n\t\t\t<\/div>\n\t\t<\/div>\n\t\t\t<div class=\"sow-accordion-panel\"\n\t\t\t data-anchor=\"2019\">\n\t\t\t\t<div class=\"sow-accordion-panel-header-container\" role=\"heading\" aria-level=\"2\">\n\t\t\t\t\t<div class=\"sow-accordion-panel-header\" tabindex=\"0\" role=\"button\" id=\"accordion-label-2019\" aria-controls=\"accordion-content-2019\" aria-expanded=\"false\">\n\t\t\t\t\t\t<div class=\"sow-accordion-title sow-accordion-title-icon-left\">\n\t\t\t\t\t\t\t\t\t\t\t\t\t\t2019\t\t\t\t\t\t\t\t\t\t\t\t\t<\/div>\n\t\t\t\t\t\t<div class=\"sow-accordion-open-close-button\">\n\t\t\t\t\t\t\t<div class=\"sow-accordion-open-button\">\n\t\t\t\t\t\t\t\t<span class=\"sow-icon-ionicons\" data-sow-icon=\"&#xf218;\"\n\t\t \n\t\taria-hidden=\"true\"><\/span>\t\t\t\t\t\t\t<\/div>\n\t\t\t\t\t\t\t<div class=\"sow-accordion-close-button\">\n\t\t\t\t\t\t\t\t<span class=\"sow-icon-ionicons\" data-sow-icon=\"&#xf209;\"\n\t\t \n\t\taria-hidden=\"true\"><\/span>\t\t\t\t\t\t\t<\/div>\n\t\t\t\t\t\t<\/div>\n\t\t\t\t\t<\/div>\n\t\t\t\t<\/div>\n\n\t\t\t<div\n\t\t\t\tclass=\"sow-accordion-panel-content\"\n\t\t\t\trole=\"region\"\n\t\t\t\taria-labelledby=\"accordion-label-2019\"\n\t\t\t\tid=\"accordion-content-2019\"\n\t\t\t\tstyle=\"display: none;\"\t\t\t>\n\t\t\t\t<div class=\"sow-accordion-panel-border\" tabindex=\"0\">\n\t\t\t\t\t<p style=\"text-align: center;\"><strong>Turma 2019<\/strong><\/p>\n<table border=\"1\" width=\"642\" cellspacing=\"0\" cellpadding=\"0\" align=\"center\">\n<tbody>\n<tr>\n<td valign=\"top\" width=\"378\">\n<p align=\"center\"><strong>Nome<\/strong><\/p>\n<\/td>\n<td valign=\"top\" width=\"354\">\n<p align=\"center\"><strong>Orientador\/a<\/strong><\/p>\n<\/td>\n<td valign=\"top\" width=\"425\">\n<p align=\"center\"><strong>Linha de Pesquisa<\/strong><\/p>\n<\/td>\n<\/tr>\n<tr>\n<td valign=\"top\" width=\"378\">Ana Let\u00edcia Carneiro de Oliveira<\/td>\n<td valign=\"top\" width=\"354\">Cl\u00f3ris Porto Torquato<\/td>\n<td valign=\"top\" width=\"425\">Pluralidade, Identidade e Ensino<\/td>\n<\/tr>\n<tr>\n<td valign=\"bottom\" width=\"378\">Anny Grazielle Bernardo Bereza<\/td>\n<td valign=\"top\" width=\"354\">F\u00e1bioAugusto Steyer<\/td>\n<td valign=\"top\" width=\"425\">Pluralidade, Identidade e Ensino<\/td>\n<\/tr>\n<tr>\n<td valign=\"bottom\" width=\"378\">Brenda Stephanie de Araujo Antunes<\/td>\n<td valign=\"top\" width=\"354\">Evanir Pavloski<\/td>\n<td valign=\"top\" width=\"425\">Texto, Subjetividade e Horizontes te\u00f3ricos<\/td>\n<\/tr>\n<tr>\n<td valign=\"bottom\" width=\"378\">Camyla Aparecida Mello Ferreira<\/td>\n<td valign=\"top\" width=\"354\">Cl\u00f3ris Porto Torquato<\/td>\n<td valign=\"top\" width=\"425\">Pluralidade, Identidade e Ensino<\/td>\n<\/tr>\n<tr>\n<td valign=\"bottom\" width=\"378\">Carla Fernanda Stumf Murialdo<\/td>\n<td valign=\"top\" width=\"354\">Sulany Silveira dos Santos<\/td>\n<td valign=\"top\" width=\"425\">Pluralidade, Identidade e Ensino<\/td>\n<\/tr>\n<tr>\n<td valign=\"bottom\" width=\"378\">Daiane Pereira da Silva<\/td>\n<td valign=\"top\" width=\"354\">Sebasti\u00e3o Louren\u00e7o dos Santos<\/td>\n<td valign=\"top\" width=\"425\">Pluralidade, Identidade e Ensino<\/td>\n<\/tr>\n<tr>\n<td valign=\"bottom\" width=\"378\">Daniele Aparecida Barbosa Zenz<\/td>\n<td valign=\"top\" width=\"354\">Sebasti\u00e3o Louren\u00e7o dos Santos<\/td>\n<td valign=\"top\" width=\"425\">Pluralidade, Identidade e Ensino<\/td>\n<\/tr>\n<tr>\n<td valign=\"bottom\" width=\"378\">Giuly Any Dias Martins<\/td>\n<td valign=\"top\" width=\"354\">D\u00e9bora Scheidt<\/td>\n<td valign=\"top\" width=\"425\">Texto, Subjetividade e Horizontes te\u00f3ricos<\/td>\n<\/tr>\n<tr>\n<td valign=\"bottom\" width=\"378\">Giuvane de Souza Kl\u00fcppel<\/td>\n<td valign=\"top\" width=\"354\">Ione da Silva Jovino<\/td>\n<td valign=\"top\" width=\"425\">Pluralidade, Identidade e Ensino<\/td>\n<\/tr>\n<tr>\n<td valign=\"bottom\" width=\"378\">Heloisa Kosinski<\/td>\n<td valign=\"top\" width=\"354\">Luciane Trennephol da Costa<\/td>\n<td valign=\"top\" width=\"425\">Texto, Subjetividade e Horizontes te\u00f3ricos<\/td>\n<\/tr>\n<tr>\n<td valign=\"bottom\" width=\"378\">Henrique Barbosa Borgato<\/td>\n<td valign=\"top\" width=\"354\">Evanir Pavloski<\/td>\n<td valign=\"top\" width=\"425\">Texto, Subjetividade e Horizontes te\u00f3ricos<\/td>\n<\/tr>\n<tr>\n<td valign=\"bottom\" width=\"378\">Jess\u00e9 Ricardo Stori de Lara<\/td>\n<td valign=\"top\" width=\"354\">Cl\u00f3ris Porto Torquato<\/td>\n<td valign=\"top\" width=\"425\">Pluralidade, Identidade e Ensino<\/td>\n<\/tr>\n<tr>\n<td valign=\"bottom\" width=\"378\">L\u00edlian Aparecida de Moura<\/td>\n<td valign=\"top\" width=\"354\">Valeska Gracioso Carlos<\/td>\n<td valign=\"top\" width=\"425\">Pluralidade, Identidade e Ensino<\/td>\n<\/tr>\n<tr>\n<td valign=\"bottom\" width=\"378\">Lu\u00eds Antonio Novatzki<\/td>\n<td valign=\"top\" width=\"354\">Eunice de Morais<\/td>\n<td valign=\"top\" width=\"425\">Texto, Subjetividade e Horizontes te\u00f3ricos<\/td>\n<\/tr>\n<tr>\n<td valign=\"bottom\" width=\"378\">Mayara Godoy Mendes<\/td>\n<td valign=\"top\" width=\"354\">Marly Catarina Soares<\/td>\n<td valign=\"top\" width=\"425\">Pluralidade, Identidade e Ensino<\/td>\n<\/tr>\n<tr>\n<td valign=\"bottom\" width=\"378\">Midori Nancy Arasaki Chang<\/td>\n<td valign=\"top\" width=\"354\">Silvana Oliveira<\/td>\n<td valign=\"top\" width=\"425\">Texto, Subjetividade e Horizontes te\u00f3ricos<\/td>\n<\/tr>\n<tr>\n<td valign=\"bottom\" width=\"378\">Murilo Roberto Sansana<\/td>\n<td valign=\"top\" width=\"354\">Ros\u00e2ngela Schardong<\/td>\n<td valign=\"top\" width=\"425\">Pluralidade, Identidade e Ensino<\/td>\n<\/tr>\n<tr>\n<td valign=\"bottom\" width=\"378\">Natacha Iria Pereira Lopes<\/td>\n<td valign=\"top\" width=\"354\">Marly Catarina Soares<\/td>\n<td valign=\"top\" width=\"425\">Pluralidade, Identidade e Ensino<\/td>\n<\/tr>\n<tr>\n<td valign=\"bottom\" width=\"378\">Ramon Felipe Ronchi<\/td>\n<td valign=\"top\" width=\"354\">Rosana Apolonia Harmuch<\/td>\n<td valign=\"top\" width=\"425\">Texto, Subjetividade e Horizontes te\u00f3ricos<\/td>\n<\/tr>\n<tr>\n<td valign=\"bottom\" width=\"378\">Rictor de Oliveira Dantas<\/td>\n<td valign=\"top\" width=\"354\">Valeska Gracioso Carlos<\/td>\n<td valign=\"top\" width=\"425\">Pluralidade, Identidade e Ensino<\/td>\n<\/tr>\n<tr>\n<td valign=\"bottom\" width=\"378\">Samantha Sch\u00e4fer<\/td>\n<td valign=\"top\" width=\"354\">Aparecida de Jesus Ferreira<\/td>\n<td valign=\"top\" width=\"425\">Pluralidade, Identidade e Ensino<\/td>\n<\/tr>\n<tr>\n<td valign=\"bottom\" width=\"378\">Tamires Dias Mendes Carmo<\/td>\n<td valign=\"top\" width=\"354\">Ione da Silva Jovino<\/td>\n<td valign=\"top\" width=\"425\">Pluralidade, Identidade e Ensino<\/td>\n<\/tr>\n<tr>\n<td valign=\"bottom\" width=\"378\">Valeria C\u00e2mara da Silva<\/td>\n<td valign=\"top\" width=\"354\">Aparecida de Jesus Ferreira<\/td>\n<td valign=\"top\" width=\"425\">Pluralidade, Identidade e Ensino<\/td>\n<\/tr>\n<tr>\n<td valign=\"bottom\" width=\"378\">Vitoria Alessandra Azevedo<\/td>\n<td valign=\"top\" width=\"354\">F\u00e1bio Augusto Steyer<\/td>\n<td valign=\"top\" width=\"425\">Pluralidade, Identidade e Ensino<\/td>\n<\/tr>\n<\/tbody>\n<\/table>\n<p align=\"center\">\n<\/p>\t\t\t\t<\/div>\n\t\t\t<\/div>\n\t\t<\/div>\n\t\t\t<div class=\"sow-accordion-panel\"\n\t\t\t data-anchor=\"2018\">\n\t\t\t\t<div class=\"sow-accordion-panel-header-container\" role=\"heading\" aria-level=\"2\">\n\t\t\t\t\t<div class=\"sow-accordion-panel-header\" tabindex=\"0\" role=\"button\" id=\"accordion-label-2018\" aria-controls=\"accordion-content-2018\" aria-expanded=\"false\">\n\t\t\t\t\t\t<div class=\"sow-accordion-title sow-accordion-title-icon-left\">\n\t\t\t\t\t\t\t\t\t\t\t\t\t\t2018\t\t\t\t\t\t\t\t\t\t\t\t\t<\/div>\n\t\t\t\t\t\t<div class=\"sow-accordion-open-close-button\">\n\t\t\t\t\t\t\t<div class=\"sow-accordion-open-button\">\n\t\t\t\t\t\t\t\t<span class=\"sow-icon-ionicons\" data-sow-icon=\"&#xf218;\"\n\t\t \n\t\taria-hidden=\"true\"><\/span>\t\t\t\t\t\t\t<\/div>\n\t\t\t\t\t\t\t<div class=\"sow-accordion-close-button\">\n\t\t\t\t\t\t\t\t<span class=\"sow-icon-ionicons\" data-sow-icon=\"&#xf209;\"\n\t\t \n\t\taria-hidden=\"true\"><\/span>\t\t\t\t\t\t\t<\/div>\n\t\t\t\t\t\t<\/div>\n\t\t\t\t\t<\/div>\n\t\t\t\t<\/div>\n\n\t\t\t<div\n\t\t\t\tclass=\"sow-accordion-panel-content\"\n\t\t\t\trole=\"region\"\n\t\t\t\taria-labelledby=\"accordion-label-2018\"\n\t\t\t\tid=\"accordion-content-2018\"\n\t\t\t\tstyle=\"display: none;\"\t\t\t>\n\t\t\t\t<div class=\"sow-accordion-panel-border\" tabindex=\"0\">\n\t\t\t\t\t<h4 style=\"text-align: center;\"><strong>Turma 2018<\/strong><\/h4>\n<table border=\"1\" width=\"642\" cellspacing=\"0\" cellpadding=\"0\" align=\"center\">\n<tbody>\n<tr>\n<td valign=\"top\" width=\"198\">\n<p align=\"center\"><strong>Nome<\/strong><\/p>\n<\/td>\n<td valign=\"top\" width=\"232\">\n<p align=\"center\"><strong>Orientador(a)<\/strong><\/p>\n<\/td>\n<td valign=\"top\" width=\"204\">\n<p align=\"center\"><strong>Linha de Pesquisa<\/strong><\/p>\n<\/td>\n<\/tr>\n<tr>\n<td valign=\"top\" width=\"198\">Alessandra Martich Freitas<\/td>\n<td valign=\"top\" width=\"232\">Ione da Silva Jovino<\/td>\n<td valign=\"top\" width=\"204\">Pluralidade, Identidade e Ensino<\/td>\n<\/tr>\n<tr>\n<td valign=\"top\" width=\"198\">Allyne Urbanski<\/td>\n<td valign=\"top\" width=\"232\">Keli Cristina Pacheco<\/td>\n<td valign=\"top\" width=\"204\">Subjetividade, Texto e Ensino<\/td>\n<\/tr>\n<tr>\n<td valign=\"top\" width=\"198\">Aline Cezar Schwab<\/td>\n<td valign=\"top\" width=\"232\">Rosana Apolonia Harmuch<\/td>\n<td valign=\"top\" width=\"204\">Subjetividade, Texto e Ensino<\/td>\n<\/tr>\n<tr>\n<td valign=\"top\" width=\"198\">Ana Claudia P. Andruchiw<\/td>\n<td valign=\"top\" width=\"232\">Silvana Oliveira<\/td>\n<td valign=\"top\" width=\"204\">Subjetividade, Texto e Ensino<\/td>\n<\/tr>\n<tr>\n<td valign=\"top\" width=\"198\">Ana Gabriela Ferreira Barbosa<\/td>\n<td valign=\"top\" width=\"232\">Elaine Ferreira do Vale Borges<\/td>\n<td valign=\"top\" width=\"204\">Pluralidade, Identidade e Ensino<\/td>\n<\/tr>\n<tr>\n<td valign=\"top\" width=\"198\">Beatrice Elaine dos Santos<\/td>\n<td valign=\"top\" width=\"232\">Aparecida de Jesus Ferreira<\/td>\n<td valign=\"top\" width=\"204\">Pluralidade, Identidade e Ensino<\/td>\n<\/tr>\n<tr>\n<td valign=\"top\" width=\"198\">Fernanda Burgath<\/td>\n<td valign=\"top\" width=\"232\">Aparecida de Jesus Ferreira<\/td>\n<td valign=\"top\" width=\"204\">Pluralidade, Identidade e Ensino<\/td>\n<\/tr>\n<tr>\n<td valign=\"top\" width=\"198\">Francienne A. Fontoura do Valle<\/td>\n<td valign=\"top\" width=\"232\">Evanir Pavloski<\/td>\n<td valign=\"top\" width=\"204\">Subjetividade, Texto e Ensino<\/td>\n<\/tr>\n<tr>\n<td valign=\"top\" width=\"198\">Hellen Terluk Gnatta<\/td>\n<td valign=\"top\" width=\"232\">Pascoalina Bailon de Oliveira Saleh<\/td>\n<td valign=\"top\" width=\"204\">Subjetividade, Texto e Ensino<\/td>\n<\/tr>\n<tr>\n<td valign=\"top\" width=\"198\">Jo\u00e3o Batista Freire J\u00fanior<\/td>\n<td valign=\"top\" width=\"232\">Keli Cristina Pacheco<\/td>\n<td valign=\"top\" width=\"204\">Subjetividade, Texto e Ensino<\/td>\n<\/tr>\n<tr>\n<td valign=\"top\" width=\"198\">Jonatas Michel Kuchnir<\/td>\n<td valign=\"top\" width=\"232\">Pascoalina Bailon de Oliveira Saleh<\/td>\n<td valign=\"top\" width=\"204\">Subjetividade, Texto e Ensino<\/td>\n<\/tr>\n<tr>\n<td valign=\"top\" width=\"198\">Kethlyn Costa de Oliveira<\/td>\n<td valign=\"top\" width=\"232\">Daniel de Oliveira Gomes<\/td>\n<td valign=\"top\" width=\"204\">Subjetividade, Texto e Ensino<\/td>\n<\/tr>\n<tr>\n<td valign=\"top\" width=\"198\">Leticia dos Santos Caminha<\/td>\n<td valign=\"top\" width=\"232\">Sebasti\u00e3o Louren\u00e7o dos Santos<\/td>\n<td valign=\"top\" width=\"204\">Pluralidade, Identidade e Ensino<\/td>\n<\/tr>\n<tr>\n<td valign=\"top\" width=\"198\">Lizandra Diniz<\/td>\n<td valign=\"top\" width=\"232\">Daniel de Oliveira Gomes<\/td>\n<td valign=\"top\" width=\"204\">Subjetividade, Texto e Ensino<\/td>\n<\/tr>\n<tr>\n<td valign=\"top\" width=\"198\">Marcos Antonio Kepp<\/td>\n<td valign=\"top\" width=\"232\">Elaine Ferreira do Vale Borges<\/td>\n<td valign=\"top\" width=\"204\">Pluralidade, Identidade e Ensino<\/td>\n<\/tr>\n<tr>\n<td valign=\"top\" width=\"198\">Paola Christine D. Clarindo<\/td>\n<td valign=\"top\" width=\"232\">Ione da Silva Jovino<\/td>\n<td valign=\"top\" width=\"204\">Pluralidade, Identidade e Ensino<\/td>\n<\/tr>\n<tr>\n<td valign=\"top\" width=\"198\">Taciane Ienk<\/td>\n<td valign=\"top\" width=\"232\">Miguel Sanches Neto<\/td>\n<td valign=\"top\" width=\"204\">Pluralidade, Identidade e Ensino<\/td>\n<\/tr>\n<tr>\n<td valign=\"top\" width=\"198\">Willian Fernandes de Oliveira<\/td>\n<td valign=\"top\" width=\"232\">Keli Cristina Pacheco<\/td>\n<td valign=\"top\" width=\"204\">Subjetividade, Texto e Ensino<\/td>\n<\/tr>\n<tr>\n<td valign=\"top\" width=\"198\">Willian Mainardes Waiga<\/td>\n<td valign=\"top\" width=\"232\">Pascoalina Bailon de Oliveira Saleh<\/td>\n<td valign=\"top\" width=\"204\">Subjetividade, Texto e Ensino<\/td>\n<\/tr>\n<tr>\n<td valign=\"top\" width=\"198\">Yane Scavinski<\/td>\n<td valign=\"top\" width=\"232\">Andr\u00e9a Correa Para\u00edso M\u00fcller<\/td>\n<td valign=\"top\" width=\"204\">Subjetividade, Texto e Ensino<\/td>\n<\/tr>\n<\/tbody>\n<\/table>\n<p>&nbsp;<\/p>\n\t\t\t\t<\/div>\n\t\t\t<\/div>\n\t\t<\/div>\n\t\t\t<div class=\"sow-accordion-panel\"\n\t\t\t data-anchor=\"2017\">\n\t\t\t\t<div class=\"sow-accordion-panel-header-container\" role=\"heading\" aria-level=\"2\">\n\t\t\t\t\t<div class=\"sow-accordion-panel-header\" tabindex=\"0\" role=\"button\" id=\"accordion-label-2017\" aria-controls=\"accordion-content-2017\" aria-expanded=\"false\">\n\t\t\t\t\t\t<div class=\"sow-accordion-title sow-accordion-title-icon-left\">\n\t\t\t\t\t\t\t\t\t\t\t\t\t\t2017\t\t\t\t\t\t\t\t\t\t\t\t\t<\/div>\n\t\t\t\t\t\t<div class=\"sow-accordion-open-close-button\">\n\t\t\t\t\t\t\t<div class=\"sow-accordion-open-button\">\n\t\t\t\t\t\t\t\t<span class=\"sow-icon-ionicons\" data-sow-icon=\"&#xf218;\"\n\t\t \n\t\taria-hidden=\"true\"><\/span>\t\t\t\t\t\t\t<\/div>\n\t\t\t\t\t\t\t<div class=\"sow-accordion-close-button\">\n\t\t\t\t\t\t\t\t<span class=\"sow-icon-ionicons\" data-sow-icon=\"&#xf209;\"\n\t\t \n\t\taria-hidden=\"true\"><\/span>\t\t\t\t\t\t\t<\/div>\n\t\t\t\t\t\t<\/div>\n\t\t\t\t\t<\/div>\n\t\t\t\t<\/div>\n\n\t\t\t<div\n\t\t\t\tclass=\"sow-accordion-panel-content\"\n\t\t\t\trole=\"region\"\n\t\t\t\taria-labelledby=\"accordion-label-2017\"\n\t\t\t\tid=\"accordion-content-2017\"\n\t\t\t\tstyle=\"display: none;\"\t\t\t>\n\t\t\t\t<div class=\"sow-accordion-panel-border\" tabindex=\"0\">\n\t\t\t\t\t<h4 style=\"text-align: center;\"><strong>Turma 2017<\/strong><\/h4>\n<table border=\"1\" cellspacing=\"0\" cellpadding=\"0\" align=\"center\">\n<tbody>\n<tr>\n<td valign=\"top\" width=\"190\"><strong>Nome do candidato (a)<\/strong><\/td>\n<td valign=\"middle\" width=\"234\">\n<div align=\"left\"><strong>Orientador(a)<\/strong><\/div>\n<\/td>\n<td valign=\"middle\" width=\"200\">\n<div align=\"left\"><strong>Linha de pesquisa<\/strong><\/div>\n<\/td>\n<\/tr>\n<tr>\n<td valign=\"top\" width=\"190\">ALINE GISELE R. BITTENCOURT<\/td>\n<td valign=\"top\" width=\"234\">Prof.\u00aa Dr.\u00aa Silvana Oliveira<\/td>\n<td valign=\"top\" width=\"200\">Subjetividade, Texto e Ensino<\/td>\n<\/tr>\n<tr>\n<td valign=\"top\" width=\"190\">AMANDA PONCIO<\/td>\n<td valign=\"top\" width=\"234\">Prof.Dr. F\u00e1bio Augusto Steyer<\/td>\n<td valign=\"top\" width=\"200\">Pluralidade, Identidade e Ensino<\/td>\n<\/tr>\n<tr>\n<td valign=\"top\" width=\"190\">BIANCA MEIRA LOPES<\/td>\n<td valign=\"top\" width=\"234\">Prof.\u00aa Dr.\u00aa Rosana Apolonia Harmuch<\/td>\n<td valign=\"top\" width=\"200\">Subjetividade, Texto e Ensino<\/td>\n<\/tr>\n<tr>\n<td valign=\"top\" width=\"190\">CLAUDIA MARIA A. SKRZYPIETZ<\/td>\n<td valign=\"top\" width=\"234\">Prof.\u00aa Dr.\u00aa Leticia Fraga<\/td>\n<td valign=\"top\" width=\"200\">Pluralidade, Identidade e Ensino<\/td>\n<\/tr>\n<tr>\n<td valign=\"top\" width=\"190\">EDUARDO REIS DE MELLO<\/td>\n<td valign=\"top\" width=\"234\">Prof. Dr. Daniel de Oliveira Gomes<\/td>\n<td valign=\"top\" width=\"200\">Subjetividade, Texto e Ensino<\/td>\n<\/tr>\n<tr>\n<td valign=\"top\" width=\"190\">ELISANGELA WILCHAK QUEIROZ<\/td>\n<td valign=\"top\" width=\"234\">Prof.\u00aa Dr.\u00aa Leticia Fraga<\/td>\n<td valign=\"top\" width=\"200\">Pluralidade, Identidade e Ensino<\/td>\n<\/tr>\n<tr>\n<td valign=\"top\" width=\"190\">ERICIANE MARILISA DE RAMOS<\/td>\n<td valign=\"top\" width=\"234\">Prof. Dr. Sebasti\u00e3o Louren\u00e7o dos Santos<\/td>\n<td valign=\"top\" width=\"200\">Pluralidade, Identidade e Ensino<\/td>\n<\/tr>\n<tr>\n<td valign=\"top\" width=\"190\">EMERSON DARCY BUENO<\/td>\n<td valign=\"top\" width=\"234\">Prof.\u00aa Dr.\u00aa Ione da Silva Jovino<\/td>\n<td valign=\"top\" width=\"200\">Pluralidade, Identidade e Ensino<\/td>\n<\/tr>\n<tr>\n<td valign=\"top\" width=\"190\">EMILIANE JASCHEFSKY<\/td>\n<td valign=\"top\" width=\"234\">Prof.\u00aa Dr.\u00aa Pascoalina B. de O. Saleh<\/td>\n<td valign=\"top\" width=\"200\">Subjetividade, Texto e Ensino<\/td>\n<\/tr>\n<tr>\n<td valign=\"top\" width=\"190\">EVELIN SELUCHINIAK NUNES<\/td>\n<td valign=\"top\" width=\"234\">Prof.\u00aa Dr.\u00aa Leticia Fraga<\/td>\n<td valign=\"top\" width=\"200\">Pluralidade, Identidade e Ensino<\/td>\n<\/tr>\n<tr>\n<td valign=\"top\" width=\"190\">EVERTON MENEGUZZO<\/td>\n<td valign=\"top\" width=\"234\">Prof.\u00aa Dr.\u00aa Ione da Silva Jovino<\/td>\n<td valign=\"top\" width=\"200\">Pluralidade, Identidade e Ensino<\/td>\n<\/tr>\n<tr>\n<td valign=\"top\" width=\"190\">FELIPE TEODORO DA SILVA<\/td>\n<td valign=\"top\" width=\"234\">Prof.\u00aa Dr.\u00aa Silvana Oliveira<\/td>\n<td valign=\"top\" width=\"200\">Subjetividade, Texto e Ensino<\/td>\n<\/tr>\n<tr>\n<td width=\"190\">FRANCIELI LUBINA KRAICZEK<\/td>\n<td valign=\"top\" width=\"234\">Prof.\u00aa Dr.\u00aa Marly Catarina Soares<\/td>\n<td valign=\"top\" width=\"200\">Pluralidade, Identidade e Ensino<\/td>\n<\/tr>\n<tr>\n<td valign=\"top\" width=\"190\">GUILHERME YOHAN M. DA LUZ<\/td>\n<td valign=\"top\" width=\"234\">Prof.\u00aa Dr.\u00aa Valeska Gracioso Carlos<\/td>\n<td valign=\"top\" width=\"200\">Pluralidade, Identidade e Ensino<\/td>\n<\/tr>\n<tr>\n<td valign=\"top\" width=\"190\">ISABEL CRISTINA BICHINSKI<\/td>\n<td valign=\"top\" width=\"234\">Prof. Dr. Miguel Sanches Neto<\/td>\n<td valign=\"top\" width=\"200\">Pluralidade, Identidade e Ensino<\/td>\n<\/tr>\n<tr>\n<td valign=\"top\" width=\"190\">IUGUSL\u00c1VIA JALES DUTRA<\/td>\n<td valign=\"top\" width=\"234\">Prof.\u00aa Dr.\u00aa Rosana Apolonia Harmuch<\/td>\n<td valign=\"top\" width=\"200\">Subjetividade, Texto e Ensino<\/td>\n<\/tr>\n<tr>\n<td valign=\"top\" width=\"190\">IVETE OCZUST NITEK<\/td>\n<td valign=\"top\" width=\"234\">Prof.\u00aa Dr.\u00aa Cl\u00f3ris Porto Torquato<\/td>\n<td valign=\"top\" width=\"200\">Pluralidade, Identidade e Ensino<\/td>\n<\/tr>\n<tr>\n<td valign=\"top\" width=\"190\">JANEFFER DESSELMAN<\/td>\n<td valign=\"top\" width=\"234\">Prof.\u00aa Dr.\u00aa Andr\u00e9a C. Para\u00edso M\u00fcller<\/td>\n<td valign=\"top\" width=\"200\">Subjetividade, Texto e Ensino<\/td>\n<\/tr>\n<tr>\n<td valign=\"top\" width=\"190\">J\u00c9SSICA MARTINS DE ARA\u00daJO<\/td>\n<td valign=\"top\" width=\"234\">Prof.\u00aa Dr.\u00aa Aparecida de Jesus Ferreira<\/td>\n<td valign=\"top\" width=\"200\">Pluralidade, Identidade e Ensino<\/td>\n<\/tr>\n<tr>\n<td valign=\"top\" width=\"190\">J\u00c9SSICA DE F. LEVANDOWSKI<\/td>\n<td valign=\"top\" width=\"234\">Prof.\u00aa Dr.\u00aa Marly Catarina Soares<\/td>\n<td valign=\"top\" width=\"200\">Pluralidade, Identidade e Ensino<\/td>\n<\/tr>\n<tr>\n<td valign=\"top\" width=\"190\">JO\u00c3O ISRAEL RIBEIRO<\/td>\n<td valign=\"top\" width=\"234\">Prof.\u00aa Dr.\u00aa Silvana Oliveira<\/td>\n<td valign=\"top\" width=\"200\">Subjetividade, Texto e Ensino<\/td>\n<\/tr>\n<tr>\n<td valign=\"top\" width=\"190\">JOELMA DE SOUZA ROCHA<\/td>\n<td valign=\"top\" width=\"234\">Prof.\u00aa Dr.\u00aa Leticia Fraga<\/td>\n<td valign=\"top\" width=\"200\">Pluralidade, Identidade e Ensino<\/td>\n<\/tr>\n<tr>\n<td valign=\"top\" width=\"190\">JOS\u00c9 LU\u00cdS SCHAMNE<\/td>\n<td valign=\"top\" width=\"234\">Prof. Dr. F\u00e1bio Augusto Steyer<\/td>\n<td valign=\"top\" width=\"200\">Pluralidade, Identidade e Ensino<\/td>\n<\/tr>\n<tr>\n<td valign=\"top\" width=\"190\">JULIANA RISTOW WEISZ<\/td>\n<td valign=\"top\" width=\"234\">Prof. Dr. F\u00e1bio Augusto Steyer<\/td>\n<td valign=\"top\" width=\"200\">Pluralidade, Identidade e Ensino<\/td>\n<\/tr>\n<tr>\n<td valign=\"top\" width=\"190\">KARINE MATHIAS DOLL<\/td>\n<td valign=\"top\" width=\"234\">Prof.\u00aa Dr.\u00aa Keli Cristina Pacheco<\/td>\n<td valign=\"top\" width=\"200\">Subjetividade, Texto e Ensino<\/td>\n<\/tr>\n<tr>\n<td valign=\"top\" width=\"190\">KEILA DE OLIVEIRA<\/td>\n<td valign=\"top\" width=\"234\">Prof.\u00aa Dr.\u00aa Aparecida de Jesus Ferreira<\/td>\n<td valign=\"top\" width=\"200\">Pluralidade, Identidade e Ensino<\/td>\n<\/tr>\n<tr>\n<td valign=\"top\" width=\"190\">LET\u00cdCIA DE OLIVEIRA GALV\u00c3O<\/td>\n<td valign=\"top\" width=\"234\">Prof. Dr. Daniel de Oliveira Gomes<\/td>\n<td valign=\"top\" width=\"200\">Subjetividade, Texto e Ensino<\/td>\n<\/tr>\n<tr>\n<td valign=\"top\" width=\"190\">LET\u00cdCIA DO N. SCHAVAREM<\/td>\n<td valign=\"top\" width=\"234\">Prof.\u00aa Dr.\u00aa Pascoalina B. de O. Saleh<\/td>\n<td valign=\"top\" width=\"200\">Subjetividade, Texto e Ensino<\/td>\n<\/tr>\n<tr>\n<td valign=\"top\" width=\"190\">MARIANO JEFERSON TEIXEIRA<\/td>\n<td valign=\"top\" width=\"234\">Prof.\u00aa Dr.\u00aa Valeska Gracioso Carlos<\/td>\n<td valign=\"top\" width=\"200\">Pluralidade, Identidade e Ensino<\/td>\n<\/tr>\n<tr>\n<td valign=\"top\" width=\"190\">RAMON GUILLERMO MENDES<\/td>\n<td valign=\"top\" width=\"234\">Prof.\u00aa Dr.\u00aa Keli Cristina Pacheco<\/td>\n<td valign=\"top\" width=\"200\">Subjetividade, Texto e Ensino<\/td>\n<\/tr>\n<tr>\n<td valign=\"top\" width=\"190\">TATIANE M. HORST CARDOSO<\/td>\n<td valign=\"top\" width=\"234\">Prof. Dr. Sebasti\u00e3o Louren\u00e7o dos Santos<\/td>\n<td valign=\"top\" width=\"200\">Pluralidade, Identidade e Ensino<\/td>\n<\/tr>\n<tr>\n<td valign=\"top\" width=\"190\">VANESSA A. OLIVEIRA<\/td>\n<td valign=\"top\" width=\"234\">Prof.\u00aa Dr.\u00aa Ros\u00e2ngela Schardong<\/td>\n<td valign=\"top\" width=\"200\">Pluralidade, Identidade e Ensino<\/td>\n<\/tr>\n<tr>\n<td valign=\"top\" width=\"190\">VICTOR RICARDO R. MASGO<\/td>\n<td valign=\"top\" width=\"234\">Prof.\u00aa Dr.\u00aa Valeska Gracioso Carlos<\/td>\n<td valign=\"top\" width=\"200\">Pluralidade, Identidade e Ensino<\/td>\n<\/tr>\n<\/tbody>\n<\/table>\n<p>&nbsp;<\/p>\n\t\t\t\t<\/div>\n\t\t\t<\/div>\n\t\t<\/div>\n\t\t\t<div class=\"sow-accordion-panel\"\n\t\t\t data-anchor=\"2016\">\n\t\t\t\t<div class=\"sow-accordion-panel-header-container\" role=\"heading\" aria-level=\"2\">\n\t\t\t\t\t<div class=\"sow-accordion-panel-header\" tabindex=\"0\" role=\"button\" id=\"accordion-label-2016\" aria-controls=\"accordion-content-2016\" aria-expanded=\"false\">\n\t\t\t\t\t\t<div class=\"sow-accordion-title sow-accordion-title-icon-left\">\n\t\t\t\t\t\t\t\t\t\t\t\t\t\t2016\t\t\t\t\t\t\t\t\t\t\t\t\t<\/div>\n\t\t\t\t\t\t<div class=\"sow-accordion-open-close-button\">\n\t\t\t\t\t\t\t<div class=\"sow-accordion-open-button\">\n\t\t\t\t\t\t\t\t<span class=\"sow-icon-ionicons\" data-sow-icon=\"&#xf218;\"\n\t\t \n\t\taria-hidden=\"true\"><\/span>\t\t\t\t\t\t\t<\/div>\n\t\t\t\t\t\t\t<div class=\"sow-accordion-close-button\">\n\t\t\t\t\t\t\t\t<span class=\"sow-icon-ionicons\" data-sow-icon=\"&#xf209;\"\n\t\t \n\t\taria-hidden=\"true\"><\/span>\t\t\t\t\t\t\t<\/div>\n\t\t\t\t\t\t<\/div>\n\t\t\t\t\t<\/div>\n\t\t\t\t<\/div>\n\n\t\t\t<div\n\t\t\t\tclass=\"sow-accordion-panel-content\"\n\t\t\t\trole=\"region\"\n\t\t\t\taria-labelledby=\"accordion-label-2016\"\n\t\t\t\tid=\"accordion-content-2016\"\n\t\t\t\tstyle=\"display: none;\"\t\t\t>\n\t\t\t\t<div class=\"sow-accordion-panel-border\" tabindex=\"0\">\n\t\t\t\t\t<h4 style=\"text-align: center;\"><strong>Turma 2016<\/strong><\/h4>\n<table border=\"1\" width=\"600\" cellspacing=\"0\" cellpadding=\"0\" align=\"center\">\n<tbody>\n<tr valign=\"middle\">\n<td width=\"192\" height=\"30\"><strong>NOME<\/strong><\/td>\n<td width=\"189\" height=\"30\"><strong>Orientador(a)<\/strong><\/td>\n<td width=\"211\" height=\"30\"><strong>Linha de Pesquisa<\/strong><\/td>\n<\/tr>\n<tr valign=\"middle\">\n<td height=\"30\">Adriele Siqueira<\/td>\n<td height=\"30\">Prof.\u00aa Dr.\u00aa Ione da Silva Jovino<\/td>\n<td height=\"30\">PLURALIDADE, IDENTIDADE E ENSINO<\/td>\n<\/tr>\n<tr valign=\"middle\">\n<td height=\"30\">Izabel Sandra de Lima<\/td>\n<td height=\"30\">Prof.\u00aa Dr.\u00aa Ros\u00e2ngela Schardong<\/td>\n<td height=\"30\">PLURALIDADE, IDENTIDADE E ENSINO<\/td>\n<\/tr>\n<tr valign=\"middle\">\n<td height=\"30\">Jeanine Geraldo Alvarez<\/td>\n<td height=\"30\">Prof. Dr. F\u00e1bio Augusto Steyer<\/td>\n<td height=\"30\">PLURALIDADE, IDENTIDADE E ENSINO<\/td>\n<\/tr>\n<tr valign=\"middle\">\n<td height=\"30\">Meire Anne Alves Bochnia<\/td>\n<td height=\"30\">Prof.\u00aa Dr.\u00aa Pascoalina Bailon de O. Saleh<\/td>\n<td height=\"30\">SUBJETIVIDADE, TEXTO E ENSINO<\/td>\n<\/tr>\n<tr valign=\"middle\">\n<td height=\"30\">Mirely Christina Dimbarre<\/td>\n<td height=\"30\">Prof.\u00aa Dr.\u00aa Pascoalina Bailon de O. Saleh<\/td>\n<td height=\"30\">SUBJETIVIDADE, TEXTO E ENSINO<\/td>\n<\/tr>\n<tr valign=\"middle\">\n<td height=\"30\">Paola Clarinda Oniesko<\/td>\n<td height=\"30\">Prof.\u00aa Dr.\u00aa Aparecida de Jesus Ferreira<\/td>\n<td height=\"30\">PLURALIDADE, IDENTIDADE E ENSINO<\/td>\n<\/tr>\n<tr valign=\"middle\">\n<td height=\"30\">Paola Souza Gomes<\/td>\n<td height=\"30\">Prof.\u00aa Dr.\u00aa Andr\u00e9a Correa Para\u00edso M\u00fcller<\/td>\n<td height=\"30\">SUBJETIVIDADE, TEXTO E ENSINO<\/td>\n<\/tr>\n<tr valign=\"middle\">\n<td height=\"30\">Patr\u00edcia Ferraz Saeki<\/td>\n<td height=\"30\">Prof.\u00aa Dr.\u00aa Silvana Oliveira<\/td>\n<td height=\"30\">SUBJETIVIDADE, TEXTO E ENSINO<\/td>\n<\/tr>\n<tr valign=\"middle\">\n<td height=\"30\">Regiane de F\u00e1tima S. Albert<\/td>\n<td height=\"30\">Prof.\u00aa Dr.\u00aa Valeska Gracioso Carlos<\/td>\n<td height=\"30\">PLURALIDADE, IDENTIDADE E ENSINO<\/td>\n<\/tr>\n<tr valign=\"middle\">\n<td height=\"30\">Regiane Maria Ferreira<\/td>\n<td height=\"30\">Prof.\u00aa Dr.\u00aa Marly Catarina Soares<\/td>\n<td height=\"30\">SUBJETIVIDADE, TEXTO E ENSINO<\/td>\n<\/tr>\n<tr valign=\"middle\">\n<td height=\"30\">Reinaldo Carneiro<\/td>\n<td height=\"30\">Prof. Dr. Evanir Pavloski<\/td>\n<td height=\"30\">SUBJETIVIDADE, TEXTO E ENSINO<\/td>\n<\/tr>\n<tr valign=\"middle\">\n<td height=\"30\">Rodrigo Mazer Etto<\/td>\n<td height=\"30\">Prof.\u00aa Dr.\u00aa Valeska Gracioso Carlos<\/td>\n<td height=\"30\">PLURALIDADE, IDENTIDADE E ENSINO<\/td>\n<\/tr>\n<tr valign=\"middle\">\n<td height=\"30\">Simone Bueno<\/td>\n<td height=\"30\">Prof.\u00aa Dr.\u00aa Let\u00edcia Fraga<\/td>\n<td height=\"30\">PLURALIDADE, IDENTIDADE E ENSINO<\/td>\n<\/tr>\n<tr valign=\"middle\">\n<td height=\"30\">Suselaine Schwab<\/td>\n<td height=\"30\">Prof.\u00aa Dr.\u00aa Aparecida de Jesus Ferreira<\/td>\n<td height=\"30\">PLURALIDADE, IDENTIDADE E ENSINO<\/td>\n<\/tr>\n<tr valign=\"middle\">\n<td height=\"30\">Suzimara Souza<\/td>\n<td height=\"30\">Prof.\u00aa Dr.\u00aa Ione da Silva Jovino<\/td>\n<td height=\"30\">PLURALIDADE, IDENTIDADE E ENSINO<\/td>\n<\/tr>\n<tr valign=\"middle\">\n<td height=\"30\">Temitope Jane Aransiola<\/td>\n<td height=\"30\">Prof.\u00aa Dr.\u00aa Cl\u00f3ris Porto Torquato<\/td>\n<td height=\"30\">PLURALIDADE, IDENTIDADE E ENSINO<\/td>\n<\/tr>\n<tr valign=\"middle\">\n<td height=\"30\">Thiago Bitencourt<\/td>\n<td height=\"30\">Prof.\u00aa Dr.\u00aa Rosana Apolonia Harmuch<\/td>\n<td height=\"30\">SUBJETIVIDADE, TEXTO E ENSINO<\/td>\n<\/tr>\n<tr valign=\"middle\">\n<td height=\"30\">Vilmar Junior Wrobel<\/td>\n<td height=\"30\">Prof.\u00aa Dr.\u00aa Cl\u00f3ris Porto Torquato<\/td>\n<td height=\"30\">PLURALIDADE, IDENTIDADE E ENSINO<\/td>\n<\/tr>\n<\/tbody>\n<\/table>\n<p>&nbsp;<\/p>\n\t\t\t\t<\/div>\n\t\t\t<\/div>\n\t\t<\/div>\n\t\t\t<div class=\"sow-accordion-panel\"\n\t\t\t data-anchor=\"2015\">\n\t\t\t\t<div class=\"sow-accordion-panel-header-container\" role=\"heading\" aria-level=\"2\">\n\t\t\t\t\t<div class=\"sow-accordion-panel-header\" tabindex=\"0\" role=\"button\" id=\"accordion-label-2015\" aria-controls=\"accordion-content-2015\" aria-expanded=\"false\">\n\t\t\t\t\t\t<div class=\"sow-accordion-title sow-accordion-title-icon-left\">\n\t\t\t\t\t\t\t\t\t\t\t\t\t\t2015\t\t\t\t\t\t\t\t\t\t\t\t\t<\/div>\n\t\t\t\t\t\t<div class=\"sow-accordion-open-close-button\">\n\t\t\t\t\t\t\t<div class=\"sow-accordion-open-button\">\n\t\t\t\t\t\t\t\t<span class=\"sow-icon-ionicons\" data-sow-icon=\"&#xf218;\"\n\t\t \n\t\taria-hidden=\"true\"><\/span>\t\t\t\t\t\t\t<\/div>\n\t\t\t\t\t\t\t<div class=\"sow-accordion-close-button\">\n\t\t\t\t\t\t\t\t<span class=\"sow-icon-ionicons\" data-sow-icon=\"&#xf209;\"\n\t\t \n\t\taria-hidden=\"true\"><\/span>\t\t\t\t\t\t\t<\/div>\n\t\t\t\t\t\t<\/div>\n\t\t\t\t\t<\/div>\n\t\t\t\t<\/div>\n\n\t\t\t<div\n\t\t\t\tclass=\"sow-accordion-panel-content\"\n\t\t\t\trole=\"region\"\n\t\t\t\taria-labelledby=\"accordion-label-2015\"\n\t\t\t\tid=\"accordion-content-2015\"\n\t\t\t\tstyle=\"display: none;\"\t\t\t>\n\t\t\t\t<div class=\"sow-accordion-panel-border\" tabindex=\"0\">\n\t\t\t\t\t<h4><strong>Turma 2015<\/strong><\/h4>\n<table border=\"1\" width=\"600\" cellspacing=\"0\" cellpadding=\"0\" align=\"center\">\n<tbody>\n<tr>\n<td valign=\"top\">\n<p align=\"center\"><strong>Aluno<\/strong><\/p>\n<\/td>\n<td valign=\"top\">\n<p align=\"center\"><strong>Orientador<\/strong><\/p>\n<\/td>\n<td valign=\"top\">\n<p align=\"center\"><strong>Linha de pesquisa<\/strong><\/p>\n<\/td>\n<\/tr>\n<tr>\n<td valign=\"top\" width=\"234\">Alexandra Nunes Santana<\/td>\n<td valign=\"top\" width=\"236\">Cl\u00f3ris Porto Torquato<\/td>\n<td valign=\"top\" width=\"248\">Pluralidade, Identidade e Ensino<\/td>\n<\/tr>\n<tr>\n<td valign=\"top\" width=\"234\">Alice Joc\u00e9lia Schlem<\/td>\n<td valign=\"top\" width=\"236\">Ros\u00e2ngela Schardong<\/td>\n<td valign=\"top\" width=\"248\">Pluralidade, Identidade e Ensino<\/td>\n<\/tr>\n<tr>\n<td valign=\"top\" width=\"234\">Camille Ferreira<\/td>\n<td valign=\"top\" width=\"236\">Daniel de Oliveira<\/td>\n<td valign=\"top\" width=\"248\">Subjetividade, Texto e Ensino<\/td>\n<\/tr>\n<tr>\n<td valign=\"top\" width=\"234\">Carolina Correia Machado<\/td>\n<td valign=\"top\" width=\"236\">Andr\u00e9a Para\u00edso M\u00fcller<\/td>\n<td valign=\"top\" width=\"248\">Subjetividade, Texto e Ensino<\/td>\n<\/tr>\n<tr>\n<td valign=\"top\" width=\"234\">C\u00e9lia Gaudeda<\/td>\n<td valign=\"top\" width=\"236\">Pascoalina B. de O. Saleh<\/td>\n<td valign=\"top\" width=\"248\">Subjetividade, Texto e Ensino<\/td>\n<\/tr>\n<tr>\n<td valign=\"top\" width=\"234\">Daiane Franciele Morais Quadros<\/td>\n<td valign=\"top\" width=\"236\">Ione da Silva Jovino<\/td>\n<td valign=\"top\" width=\"248\">Pluralidade, Identidade e Ensino<\/td>\n<\/tr>\n<tr>\n<td valign=\"top\" width=\"234\">Emanuelle Alves Adacheski<\/td>\n<td valign=\"top\" width=\"236\">Keli Cristina Pacheco<\/td>\n<td valign=\"top\" width=\"248\">Subjetividade, Texto e Ensino<\/td>\n<\/tr>\n<tr>\n<td valign=\"top\" width=\"234\">Jos\u00e9 Wander de Paula<\/td>\n<td valign=\"top\" width=\"236\">Marly Catarina Soares<\/td>\n<td valign=\"top\" width=\"248\">Subjetividade, Texto e Ensino<\/td>\n<\/tr>\n<tr>\n<td valign=\"top\" width=\"234\">Luciana Asadczuk<\/td>\n<td valign=\"top\" width=\"236\">Marly Catarina Soares<\/td>\n<td valign=\"top\" width=\"248\">Subjetividade, Texto e Ensino<\/td>\n<\/tr>\n<tr>\n<td valign=\"top\" width=\"234\">Marivete Souta<\/td>\n<td valign=\"top\" width=\"236\">Ione da Silva Jovino<\/td>\n<td valign=\"top\" width=\"248\">Pluralidade, Identidade e Ensino<\/td>\n<\/tr>\n<tr>\n<td valign=\"top\" width=\"234\">Michele Padilha Santa Clara<\/td>\n<td valign=\"top\" width=\"236\">Aparecida de Jesus Ferreira<\/td>\n<td valign=\"top\" width=\"248\">Pluralidade, Identidade e Ensino<\/td>\n<\/tr>\n<tr>\n<td valign=\"top\" width=\"234\">Paula Starke<\/td>\n<td valign=\"top\" width=\"236\">F\u00e1bio Augusto Steyer<\/td>\n<td valign=\"top\" width=\"248\">Pluralidade, Identidade e Ensino<\/td>\n<\/tr>\n<tr>\n<td valign=\"top\" width=\"234\">Phellip Willian de Paula Gruber<\/td>\n<td valign=\"top\" width=\"236\">Evanir Pavloski<\/td>\n<td valign=\"top\" width=\"248\">Subjetividade, Texto e Ensino<\/td>\n<\/tr>\n<tr>\n<td valign=\"top\" width=\"234\">Renan Fagundes de Souza<\/td>\n<td valign=\"top\" width=\"236\">Ione da Silva Jovino<\/td>\n<td valign=\"top\" width=\"248\">Pluralidade, Identidade e Ensino<\/td>\n<\/tr>\n<tr>\n<td valign=\"top\" width=\"234\">Robson Jos\u00e9 Cust\u00f3dio<\/td>\n<td valign=\"top\" width=\"236\">Daniel de Oliveira<\/td>\n<td valign=\"top\" width=\"248\">Subjetividade, Texto e Ensino<\/td>\n<\/tr>\n<tr>\n<td valign=\"top\" width=\"234\">Rosana Aparecida R. de Sene<\/td>\n<td valign=\"top\" width=\"236\">Aparecida de Jesus Ferreira<\/td>\n<td valign=\"top\" width=\"248\">Pluralidade, Identidade e Ensino<\/td>\n<\/tr>\n<tr>\n<td valign=\"top\" width=\"234\">Rodrigo da Silva Tom\u00e9<\/td>\n<td valign=\"top\" width=\"236\">Rosana Apolonia Harmuch<\/td>\n<td valign=\"top\" width=\"248\">Subjetividade, Texto e Ensino<\/td>\n<\/tr>\n<tr>\n<td valign=\"top\" width=\"234\">Rhuan Felipe Scoma\u00e7\u00e3o da Silva<\/td>\n<td valign=\"top\" width=\"236\">Evanir Pavloski<\/td>\n<td valign=\"top\" width=\"248\">Subjetividade, Texto e Ensino<\/td>\n<\/tr>\n<tr>\n<td valign=\"top\" width=\"234\">Silvely Brandes<\/td>\n<td valign=\"top\" width=\"236\">Cl\u00f3ris Porto Torquato<\/td>\n<td valign=\"top\" width=\"248\">Pluralidade, Identidade e Ensino<\/td>\n<\/tr>\n<tr>\n<td valign=\"top\" width=\"234\">T\u00e2nia Frugiuele Soares Agostinho<\/td>\n<td valign=\"top\" width=\"236\">F\u00e1bio Augusto Steyer<\/td>\n<td valign=\"top\" width=\"248\">Pluralidade, Identidade e Ensino<\/td>\n<\/tr>\n<tr>\n<td valign=\"top\" width=\"234\">Vanessa Makohin Costa Rosa<\/td>\n<td valign=\"top\" width=\"236\">Cl\u00f3ris Porto Torquato<\/td>\n<td valign=\"top\" width=\"248\">Pluralidade, Identidade e Ensino<\/td>\n<\/tr>\n<\/tbody>\n<\/table>\n<p>&nbsp;<\/p>\n\t\t\t\t<\/div>\n\t\t\t<\/div>\n\t\t<\/div>\n\t\t\t<div class=\"sow-accordion-panel\"\n\t\t\t data-anchor=\"2014\">\n\t\t\t\t<div class=\"sow-accordion-panel-header-container\" role=\"heading\" aria-level=\"2\">\n\t\t\t\t\t<div class=\"sow-accordion-panel-header\" tabindex=\"0\" role=\"button\" id=\"accordion-label-2014\" aria-controls=\"accordion-content-2014\" aria-expanded=\"false\">\n\t\t\t\t\t\t<div class=\"sow-accordion-title sow-accordion-title-icon-left\">\n\t\t\t\t\t\t\t\t\t\t\t\t\t\t2014\t\t\t\t\t\t\t\t\t\t\t\t\t<\/div>\n\t\t\t\t\t\t<div class=\"sow-accordion-open-close-button\">\n\t\t\t\t\t\t\t<div class=\"sow-accordion-open-button\">\n\t\t\t\t\t\t\t\t<span class=\"sow-icon-ionicons\" data-sow-icon=\"&#xf218;\"\n\t\t \n\t\taria-hidden=\"true\"><\/span>\t\t\t\t\t\t\t<\/div>\n\t\t\t\t\t\t\t<div class=\"sow-accordion-close-button\">\n\t\t\t\t\t\t\t\t<span class=\"sow-icon-ionicons\" data-sow-icon=\"&#xf209;\"\n\t\t \n\t\taria-hidden=\"true\"><\/span>\t\t\t\t\t\t\t<\/div>\n\t\t\t\t\t\t<\/div>\n\t\t\t\t\t<\/div>\n\t\t\t\t<\/div>\n\n\t\t\t<div\n\t\t\t\tclass=\"sow-accordion-panel-content\"\n\t\t\t\trole=\"region\"\n\t\t\t\taria-labelledby=\"accordion-label-2014\"\n\t\t\t\tid=\"accordion-content-2014\"\n\t\t\t\tstyle=\"display: none;\"\t\t\t>\n\t\t\t\t<div class=\"sow-accordion-panel-border\" tabindex=\"0\">\n\t\t\t\t\t<h4 style=\"text-align: center;\"><strong>Turma 2014<\/strong><strong><br \/>\n<\/strong><\/h4>\n<table border=\"1\" width=\"600\" cellspacing=\"0\" cellpadding=\"3\" align=\"center\">\n<tbody>\n<tr>\n<td valign=\"top\">\n<p align=\"center\"><strong>Aluno<\/strong><\/p>\n<\/td>\n<td valign=\"top\">\n<p align=\"center\"><strong>Orientador<\/strong><\/p>\n<\/td>\n<td valign=\"top\">\n<p align=\"center\"><strong>Linha de pesquisa<\/strong><\/p>\n<\/td>\n<\/tr>\n<tr>\n<td valign=\"top\">Alejandro N\u00e9stor Lorenzetti<\/td>\n<td valign=\"top\">Cl\u00f3ris Porto Torquato<\/td>\n<td valign=\"top\">Pluralidade, Identidade e Ensino<\/td>\n<\/tr>\n<tr>\n<td valign=\"top\">B\u00e1rbara Mar\u00e7al Celestino<\/td>\n<td valign=\"top\">Rosana A. Harmuch<\/td>\n<td valign=\"top\">Subjetividade, Texto e Ensino<\/td>\n<\/tr>\n<tr>\n<td valign=\"middle\">Carla Simone Silva<\/td>\n<td valign=\"top\">Ione da Silva Jovino<\/td>\n<td valign=\"top\">Pluralidade, Identidade e Ensino<\/td>\n<\/tr>\n<tr>\n<td valign=\"top\">Cleonice de F\u00e1tima Martins<\/td>\n<td valign=\"top\">Leticia Fraga<\/td>\n<td valign=\"top\">Pluralidade, Identidade e Ensino<\/td>\n<\/tr>\n<tr>\n<td valign=\"top\">Deleon Betim<\/td>\n<td valign=\"top\">Let\u00edcia Fraga<\/td>\n<td valign=\"top\">Pluralidade, Identidade e Ensino<\/td>\n<\/tr>\n<tr>\n<td valign=\"top\">\u00c9dina Aparecida da Silva<\/td>\n<td valign=\"top\">Ione da Silva Jovino<\/td>\n<td valign=\"top\">Pluralidade, Identidade e Ensino<\/td>\n<\/tr>\n<tr>\n<td valign=\"top\">Francine Mari\u00ea A.Higashi<\/td>\n<td valign=\"top\">Miguel Sanches Neto<\/td>\n<td valign=\"top\">Pluralidade, Identidade e Ensino<\/td>\n<\/tr>\n<tr>\n<td valign=\"top\">Ellen Petrech Vasconcelos<\/td>\n<td valign=\"top\">El\u00f3dia Const. Roman<\/td>\n<td valign=\"top\">Pluralidade, Identidade e Ensino<\/td>\n<\/tr>\n<tr>\n<td valign=\"top\">Heliton Diego Lau<\/td>\n<td valign=\"top\">Pascoalina B. O. Saleh<\/td>\n<td valign=\"top\">Subjetividade, Texto e Ensino<\/td>\n<\/tr>\n<tr>\n<td valign=\"top\">Heloisa Scalise T. Fonseca<\/td>\n<td valign=\"top\">Marly Catarina Soares<\/td>\n<td valign=\"top\">Subjetividade, Texto e Ensino<\/td>\n<\/tr>\n<tr>\n<td valign=\"top\">Jamila Val\u00e9ria Leoncio<\/td>\n<td valign=\"top\">Keli Cristina Pacheco<\/td>\n<td valign=\"top\">Subjetividade, Texto e Ensino<\/td>\n<\/tr>\n<tr>\n<td valign=\"top\">Lennon Moraes Joanico<\/td>\n<td valign=\"top\">Evanir Pavloski<\/td>\n<td valign=\"top\">Subjetividade, Texto e Ensino<\/td>\n<\/tr>\n<tr>\n<td valign=\"top\">Leonilce de Lara Ferreira<\/td>\n<td valign=\"top\">Silvana Oliveira<\/td>\n<td valign=\"top\">Subjetividade, Texto e Ensino<\/td>\n<\/tr>\n<tr>\n<td valign=\"top\">L\u00edlian Paula Dambr\u00f3s<\/td>\n<td valign=\"top\">Ione da Silva Jovino<\/td>\n<td valign=\"top\">Pluralidade, Identidade e Ensino<\/td>\n<\/tr>\n<tr>\n<td valign=\"top\">Mayara Bueno da Silva<\/td>\n<td valign=\"top\">Keli Cristina Pacheco<\/td>\n<td valign=\"top\">Subjetividade, Texto e Ensino<\/td>\n<\/tr>\n<tr>\n<td valign=\"top\">Merylin Ricieli dos Santos<\/td>\n<td valign=\"top\">Cl\u00f3ris Porto Torquato<\/td>\n<td valign=\"top\">Pluralidade, Identidade e Ensino<\/td>\n<\/tr>\n<tr>\n<td valign=\"top\">Rodrigo Gon\u00e7alves Sobrinho<\/td>\n<td valign=\"top\">Evanir Pavloski<\/td>\n<td valign=\"top\">Subjetividade, Texto e Ensino<\/td>\n<\/tr>\n<tr>\n<td valign=\"top\">Rondinele A. Ribeiro<\/td>\n<td valign=\"top\">Silvana Oliveira<\/td>\n<td valign=\"top\">Subjetividade, Texto e Ensino<\/td>\n<\/tr>\n<tr>\n<td valign=\"top\">Rosen\u00e9ia do Rocio Prestes<\/td>\n<td valign=\"top\">Marly Catarina Soares<\/td>\n<td valign=\"top\">Subjetividade, Texto e Ensino<\/td>\n<\/tr>\n<tr>\n<td valign=\"top\">Sebasti\u00e3o Nat\u00e1lio da S. Filho<\/td>\n<td valign=\"top\">Ione da Silva Jovino<\/td>\n<td valign=\"top\">Pluralidade, Identidade e Ensino<\/td>\n<\/tr>\n<tr>\n<td valign=\"top\">Simone de F\u00e1tima Colman<\/td>\n<td valign=\"top\">Leticia Fraga<\/td>\n<td valign=\"top\">Pluralidade, Identidade e Ensino<\/td>\n<\/tr>\n<tr>\n<td valign=\"top\">Susi Cristie Rebello da Silva<\/td>\n<td valign=\"top\">Pascoalina B. O.Saleh<\/td>\n<td valign=\"top\">Subjetividade, Texto e Ensino<\/td>\n<\/tr>\n<tr>\n<td valign=\"top\">Waldiney Correa Martins<\/td>\n<td valign=\"top\">El\u00f3dia Const.\u00a0 Roman<\/td>\n<td valign=\"top\">Pluralidade, Identidade e Ensino<\/td>\n<\/tr>\n<\/tbody>\n<\/table>\n\t\t\t\t<\/div>\n\t\t\t<\/div>\n\t\t<\/div>\n\t\t\t<div class=\"sow-accordion-panel\"\n\t\t\t data-anchor=\"2013\">\n\t\t\t\t<div class=\"sow-accordion-panel-header-container\" role=\"heading\" aria-level=\"2\">\n\t\t\t\t\t<div class=\"sow-accordion-panel-header\" tabindex=\"0\" role=\"button\" id=\"accordion-label-2013\" aria-controls=\"accordion-content-2013\" aria-expanded=\"false\">\n\t\t\t\t\t\t<div class=\"sow-accordion-title sow-accordion-title-icon-left\">\n\t\t\t\t\t\t\t\t\t\t\t\t\t\t2013\t\t\t\t\t\t\t\t\t\t\t\t\t<\/div>\n\t\t\t\t\t\t<div class=\"sow-accordion-open-close-button\">\n\t\t\t\t\t\t\t<div class=\"sow-accordion-open-button\">\n\t\t\t\t\t\t\t\t<span class=\"sow-icon-ionicons\" data-sow-icon=\"&#xf218;\"\n\t\t \n\t\taria-hidden=\"true\"><\/span>\t\t\t\t\t\t\t<\/div>\n\t\t\t\t\t\t\t<div class=\"sow-accordion-close-button\">\n\t\t\t\t\t\t\t\t<span class=\"sow-icon-ionicons\" data-sow-icon=\"&#xf209;\"\n\t\t \n\t\taria-hidden=\"true\"><\/span>\t\t\t\t\t\t\t<\/div>\n\t\t\t\t\t\t<\/div>\n\t\t\t\t\t<\/div>\n\t\t\t\t<\/div>\n\n\t\t\t<div\n\t\t\t\tclass=\"sow-accordion-panel-content\"\n\t\t\t\trole=\"region\"\n\t\t\t\taria-labelledby=\"accordion-label-2013\"\n\t\t\t\tid=\"accordion-content-2013\"\n\t\t\t\tstyle=\"display: none;\"\t\t\t>\n\t\t\t\t<div class=\"sow-accordion-panel-border\" tabindex=\"0\">\n\t\t\t\t\t<h4 style=\"text-align: center;\">\n<strong>Turma 2013<\/strong><strong><br \/>\n<\/strong><\/h4>\n<table border=\"1\" width=\"600\" cellspacing=\"0\" cellpadding=\"3\" align=\"center\">\n<tbody>\n<tr>\n<td valign=\"top\">\n<p align=\"center\"><strong>Aluno<\/strong><\/p>\n<\/td>\n<td valign=\"top\">\n<p align=\"center\"><strong>Orientador<\/strong><\/p>\n<\/td>\n<td valign=\"top\">\n<p align=\"center\"><strong>Linha de pesquisa<\/strong><\/p>\n<\/td>\n<\/tr>\n<tr>\n<td valign=\"top\">Amarili Sequeira Nogueira<\/td>\n<td valign=\"top\">Let\u00edcia Fraga<\/td>\n<td valign=\"top\">Pluralidade, Identidade e Ensino<\/td>\n<\/tr>\n<tr>\n<td valign=\"top\">Ana Paula de Moura Delezuk<\/td>\n<td valign=\"top\">Pascoalina B. DE Oliveira Saleh<\/td>\n<td valign=\"top\">Subjetividade, Texto e Ensino<\/td>\n<\/tr>\n<tr>\n<td valign=\"top\">Camila Del Tregio<\/td>\n<td valign=\"top\">Miguel Sanches Neto<\/td>\n<td valign=\"top\">Pluralidade, Identidade e Ensino<\/td>\n<\/tr>\n<tr>\n<td valign=\"top\">Caroline de Jesus Flor\u00e3o Paz<\/td>\n<td valign=\"top\">Let\u00edcia Fraga<\/td>\n<td valign=\"top\">Pluralidade, Identidade e Ensino<\/td>\n<\/tr>\n<tr>\n<td valign=\"top\">Celine Aparecida de Matos<\/td>\n<td valign=\"top\">Keli Cristina Pacheco<\/td>\n<td valign=\"top\">Subjetividade, Texto e Ensino<\/td>\n<\/tr>\n<tr>\n<td valign=\"top\">Fernanda Aparecida Israel<\/td>\n<td valign=\"top\">Cl\u00f3ris Porto Torquato<\/td>\n<td valign=\"top\">Pluralidade, Identidade e Ensino<\/td>\n<\/tr>\n<tr>\n<td valign=\"top\">Izabele Caroline Rodrigues Gomes<\/td>\n<td valign=\"top\">Silvana Oliveira<\/td>\n<td valign=\"top\">Subjetividade, Texto e Ensino<\/td>\n<\/tr>\n<tr>\n<td valign=\"top\">Linite Adma de Oliveira<\/td>\n<td valign=\"top\">Djane Antonucci Correa<\/td>\n<td valign=\"top\">Pluralidade, Identidade e Ensino<\/td>\n<\/tr>\n<tr>\n<td valign=\"top\">Marco Aur\u00e9lio de Souza<\/td>\n<td valign=\"top\">Silvana Oliveira<\/td>\n<td valign=\"top\">Subjetividade, Texto e Ensino<\/td>\n<\/tr>\n<tr>\n<td valign=\"top\">Pablo Ferreira Biglia<\/td>\n<td valign=\"top\">Marly Catarina Soares<\/td>\n<td valign=\"top\">Subjetividade, Texto e Ensino<\/td>\n<\/tr>\n<tr>\n<td valign=\"top\">Priscila Barbosa Ribas Ansbach<\/td>\n<td valign=\"top\">Pascoalina B. de Oliveira Saleh<\/td>\n<td valign=\"top\">Subjetividade, Texto e Ensino<\/td>\n<\/tr>\n<tr>\n<td valign=\"top\">Raimunda Santos Moreira de Oliveira<\/td>\n<td valign=\"top\">Aparecida de Jesus Ferreira<\/td>\n<td valign=\"top\">Pluralidade, Identidade e Ensino<\/td>\n<\/tr>\n<tr>\n<td valign=\"top\">Ramon Felipe Ronchi<\/td>\n<td valign=\"top\">Evanir Pavloski<\/td>\n<td valign=\"top\">Subjetividade, Texto e Ensino<\/td>\n<\/tr>\n<tr>\n<td valign=\"top\">Silionara Aparecida Madureira<\/td>\n<td valign=\"top\">Ione da Silva Jovino<\/td>\n<td valign=\"top\">Pluralidade, Identidade e Ensino<\/td>\n<\/tr>\n<tr>\n<td valign=\"top\">Ta\u00eds Regina Guths<\/td>\n<td valign=\"top\">Djane Antonucci Correa<\/td>\n<td valign=\"top\">Pluralidade, Identidade e Ensino<\/td>\n<\/tr>\n<tr>\n<td valign=\"top\">Yara Fernanda Novatzki<\/td>\n<td valign=\"top\">Djane Antonucci Correa<\/td>\n<td valign=\"top\">Pluralidade, Identidade e Ensino<\/td>\n<\/tr>\n<\/tbody>\n<\/table>\n\t\t\t\t<\/div>\n\t\t\t<\/div>\n\t\t<\/div>\n\t\t\t<div class=\"sow-accordion-panel\"\n\t\t\t data-anchor=\"2012\">\n\t\t\t\t<div class=\"sow-accordion-panel-header-container\" role=\"heading\" aria-level=\"2\">\n\t\t\t\t\t<div class=\"sow-accordion-panel-header\" tabindex=\"0\" role=\"button\" id=\"accordion-label-2012\" aria-controls=\"accordion-content-2012\" aria-expanded=\"false\">\n\t\t\t\t\t\t<div class=\"sow-accordion-title sow-accordion-title-icon-left\">\n\t\t\t\t\t\t\t\t\t\t\t\t\t\t2012\t\t\t\t\t\t\t\t\t\t\t\t\t<\/div>\n\t\t\t\t\t\t<div class=\"sow-accordion-open-close-button\">\n\t\t\t\t\t\t\t<div class=\"sow-accordion-open-button\">\n\t\t\t\t\t\t\t\t<span class=\"sow-icon-ionicons\" data-sow-icon=\"&#xf218;\"\n\t\t \n\t\taria-hidden=\"true\"><\/span>\t\t\t\t\t\t\t<\/div>\n\t\t\t\t\t\t\t<div class=\"sow-accordion-close-button\">\n\t\t\t\t\t\t\t\t<span class=\"sow-icon-ionicons\" data-sow-icon=\"&#xf209;\"\n\t\t \n\t\taria-hidden=\"true\"><\/span>\t\t\t\t\t\t\t<\/div>\n\t\t\t\t\t\t<\/div>\n\t\t\t\t\t<\/div>\n\t\t\t\t<\/div>\n\n\t\t\t<div\n\t\t\t\tclass=\"sow-accordion-panel-content\"\n\t\t\t\trole=\"region\"\n\t\t\t\taria-labelledby=\"accordion-label-2012\"\n\t\t\t\tid=\"accordion-content-2012\"\n\t\t\t\tstyle=\"display: none;\"\t\t\t>\n\t\t\t\t<div class=\"sow-accordion-panel-border\" tabindex=\"0\">\n\t\t\t\t\t<h4 style=\"text-align: center;\"><strong>Turma 2012<\/strong><strong><br \/>\n<\/strong><\/h4>\n<table border=\"1\" width=\"600\" cellspacing=\"0\" cellpadding=\"3\" align=\"center\">\n<tbody>\n<tr>\n<td valign=\"top\" width=\"200\"><strong>Aluno<\/strong><\/td>\n<td valign=\"top\" width=\"200\"><strong>Orientador<\/strong><\/td>\n<td valign=\"top\" width=\"200\"><strong>Linha de Pesquisa<\/strong><\/td>\n<\/tr>\n<tr>\n<td valign=\"top\" width=\"246\" height=\"25\">Ana Cl\u00e1udia Costa Fontana<\/td>\n<td valign=\"top\" width=\"313\">Miguel Sanches Neto<\/td>\n<td valign=\"top\" width=\"313\" height=\"25\">Pluralidade, Identidade e Ensino<\/td>\n<\/tr>\n<tr>\n<td valign=\"top\" width=\"246\" height=\"25\">Bianca do Rocio Vogler<\/td>\n<td valign=\"top\" width=\"313\">Antonio Jo\u00e3o Teixeira<\/td>\n<td valign=\"top\" width=\"313\" height=\"25\">Subjetividade, Texto e Ensino<\/td>\n<\/tr>\n<tr>\n<td valign=\"top\" width=\"246\" height=\"25\">Caroline Wilt Ara\u00fajo<\/td>\n<td valign=\"top\" width=\"313\">Miguel Sanches Neto<\/td>\n<td valign=\"top\" width=\"313\" height=\"25\">Pluralidade, Identidade e Ensino<\/td>\n<\/tr>\n<tr>\n<td valign=\"top\" width=\"246\" height=\"25\">Edenilson Mikuska<\/td>\n<td valign=\"top\" width=\"313\">Rosana Apolonia Harmuch<\/td>\n<td valign=\"top\" width=\"313\" height=\"25\">Subjetividade, Texto e Ensino<\/td>\n<\/tr>\n<tr>\n<td valign=\"top\" width=\"246\" height=\"25\">\u00c9derson Lima de Souza<\/td>\n<td valign=\"top\" width=\"313\">Aparecida de Jesus Ferreira<\/td>\n<td valign=\"top\" width=\"313\" height=\"25\">Pluralidade, Identidade e Ensino<\/td>\n<\/tr>\n<tr>\n<td valign=\"top\" height=\"25\">Evelise dos S. do Nascimento<\/td>\n<td valign=\"top\">Let\u00edcia Fraga<\/td>\n<td valign=\"top\" height=\"25\">Pluralidade, Identidade e Ensino<\/td>\n<\/tr>\n<tr>\n<td valign=\"top\" height=\"25\">Fabio Ricardo Gioppo<\/td>\n<td valign=\"top\">Silvana Oliveira<\/td>\n<td valign=\"top\" height=\"25\">Subjetividade, Texto e Ensino<\/td>\n<\/tr>\n<tr>\n<td valign=\"top\" height=\"25\">Izabel C. Rickli Sgarbossa<\/td>\n<td valign=\"top\">Pascoalina Bailon de O. Saleh<\/td>\n<td valign=\"top\" height=\"25\">Subjetividade, Texto e Ensino<\/td>\n<\/tr>\n<tr>\n<td valign=\"top\" height=\"25\">Lilian C. do Amaral Martines<\/td>\n<td valign=\"top\">Let\u00edcia Fraga<\/td>\n<td valign=\"top\" height=\"25\">Pluralidade, Identidade e Ensino<\/td>\n<\/tr>\n<tr>\n<td valign=\"top\" height=\"25\">Luana Raquel Ruths Vieira<\/td>\n<td valign=\"top\">Marly Catarina Soares<\/td>\n<td valign=\"top\" height=\"25\">Subjetividade, Texto e Ensino<\/td>\n<\/tr>\n<tr>\n<td valign=\"top\" height=\"25\">Luciane P. da Silva Navarro<\/td>\n<td valign=\"top\">Miguel Sanches Neto<\/td>\n<td valign=\"top\" height=\"25\">Pluralidade, Identidade e Ensino<\/td>\n<\/tr>\n<tr>\n<td valign=\"top\" height=\"25\">Marcela Marabeli de Moraes<\/td>\n<td valign=\"top\">Djane Antonucci Correa<\/td>\n<td valign=\"top\" height=\"25\">Pluralidade, Identidade e Ensino<\/td>\n<\/tr>\n<tr>\n<td valign=\"top\" height=\"25\">Silvana A. Carvalho do Prado<\/td>\n<td valign=\"top\">Djane Antonucci Correa<\/td>\n<td valign=\"top\" height=\"25\">Pluralidade, Identidade e Ensino<\/td>\n<\/tr>\n<tr>\n<td valign=\"top\" height=\"25\">Silvia Aparecida Medeiros<\/td>\n<td valign=\"top\">Djane Antonucci Correa<\/td>\n<td valign=\"top\" height=\"25\">Pluralidade, Identidade e Ensino<\/td>\n<\/tr>\n<tr>\n<td valign=\"top\" width=\"246\" height=\"25\">Thatiane Prochner<\/td>\n<td valign=\"top\" width=\"313\">Marly Catarina Soares<\/td>\n<td valign=\"top\" width=\"313\" height=\"25\">Subjetividade, Texto e Ensino<\/td>\n<\/tr>\n<\/tbody>\n<\/table>\n<p>&nbsp;<\/p>\n\t\t\t\t<\/div>\n\t\t\t<\/div>\n\t\t<\/div>\n\t\t\t<div class=\"sow-accordion-panel\"\n\t\t\t data-anchor=\"2011\">\n\t\t\t\t<div class=\"sow-accordion-panel-header-container\" role=\"heading\" aria-level=\"2\">\n\t\t\t\t\t<div class=\"sow-accordion-panel-header\" tabindex=\"0\" role=\"button\" id=\"accordion-label-2011\" aria-controls=\"accordion-content-2011\" aria-expanded=\"false\">\n\t\t\t\t\t\t<div class=\"sow-accordion-title sow-accordion-title-icon-left\">\n\t\t\t\t\t\t\t\t\t\t\t\t\t\t2011\t\t\t\t\t\t\t\t\t\t\t\t\t<\/div>\n\t\t\t\t\t\t<div class=\"sow-accordion-open-close-button\">\n\t\t\t\t\t\t\t<div class=\"sow-accordion-open-button\">\n\t\t\t\t\t\t\t\t<span class=\"sow-icon-ionicons\" data-sow-icon=\"&#xf218;\"\n\t\t \n\t\taria-hidden=\"true\"><\/span>\t\t\t\t\t\t\t<\/div>\n\t\t\t\t\t\t\t<div class=\"sow-accordion-close-button\">\n\t\t\t\t\t\t\t\t<span class=\"sow-icon-ionicons\" data-sow-icon=\"&#xf209;\"\n\t\t \n\t\taria-hidden=\"true\"><\/span>\t\t\t\t\t\t\t<\/div>\n\t\t\t\t\t\t<\/div>\n\t\t\t\t\t<\/div>\n\t\t\t\t<\/div>\n\n\t\t\t<div\n\t\t\t\tclass=\"sow-accordion-panel-content\"\n\t\t\t\trole=\"region\"\n\t\t\t\taria-labelledby=\"accordion-label-2011\"\n\t\t\t\tid=\"accordion-content-2011\"\n\t\t\t\tstyle=\"display: none;\"\t\t\t>\n\t\t\t\t<div class=\"sow-accordion-panel-border\" tabindex=\"0\">\n\t\t\t\t\t<h4 style=\"text-align: center;\"><strong>Turma 2011<\/strong><\/h4>\n<table border=\"1\" width=\"600\" cellspacing=\"0\" cellpadding=\"3\" align=\"center\">\n<tbody>\n<tr>\n<td valign=\"top\" width=\"200\"><strong>Aluno<\/strong><\/td>\n<td valign=\"top\" width=\"200\"><strong>Orientador<\/strong><\/td>\n<td valign=\"top\" width=\"200\"><strong>Linha de Pesquisa<\/strong><\/td>\n<\/tr>\n<tr>\n<td valign=\"top\" width=\"246\" height=\"25\">Adrian Lincoln F. Clarindo<\/td>\n<td valign=\"top\" width=\"313\">Ant\u00f4nio Jo\u00e3o Teixeira<\/td>\n<td valign=\"top\" width=\"313\" height=\"25\">Subjetividade, Texto e Ensino<\/td>\n<\/tr>\n<tr>\n<td valign=\"top\" width=\"246\" height=\"25\">Adriana Dalla Vecchia<\/td>\n<td valign=\"top\" width=\"313\">Let\u00edcia Fraga<\/td>\n<td valign=\"top\" width=\"313\" height=\"25\">Pluralidade, Identidade e Ensino<\/td>\n<\/tr>\n<tr>\n<td valign=\"top\" width=\"246\" height=\"25\">Anderson Costa<\/td>\n<td valign=\"top\" width=\"313\">Ant\u00f4nio Jo\u00e3o Teixeira<\/td>\n<td valign=\"top\" width=\"313\" height=\"25\">Subjetividade, Texto e Ensino<\/td>\n<\/tr>\n<tr>\n<td valign=\"top\" width=\"246\" height=\"25\">Andr\u00e9ia R. Dallarosa<\/td>\n<td valign=\"top\" width=\"313\">Pascoalina B. de O. Saleh<\/td>\n<td valign=\"top\" width=\"313\" height=\"25\">Subjetividade, Texto e Ensino<\/td>\n<\/tr>\n<tr>\n<td valign=\"top\" width=\"246\" height=\"25\">\u00c2ngela de F. Scremin<\/td>\n<td valign=\"top\" width=\"313\">Djane Antonucci Correa<\/td>\n<td valign=\"top\" width=\"313\" height=\"25\">Pluralidade, Identidade e Ensino<\/td>\n<\/tr>\n<tr>\n<td valign=\"top\" height=\"25\">Avanilde Polak<\/td>\n<td valign=\"top\">Elodia C. Roman<\/td>\n<td valign=\"top\" height=\"25\">Pluralidade, Identidade e Ensino<\/td>\n<\/tr>\n<tr>\n<td valign=\"top\" height=\"25\">Bruno Scuissiatto<\/td>\n<td valign=\"top\">Miguel Sanches Neto<\/td>\n<td valign=\"top\" height=\"25\">Pluralidade, Identidade e Ensino<\/td>\n<\/tr>\n<tr>\n<td valign=\"top\" height=\"25\">Jeverson M. do Nascimento<\/td>\n<td valign=\"top\">Silvana Oliveira<\/td>\n<td valign=\"top\" height=\"25\">Subjetividade, Texto e Ensino<\/td>\n<\/tr>\n<tr>\n<td valign=\"top\" height=\"25\">Larissa de C\u00e1ssia A. Ribeiro<\/td>\n<td valign=\"top\">Marly Catarina Soares<\/td>\n<td valign=\"top\" height=\"25\">Subjetividade, Texto e Ensino<\/td>\n<\/tr>\n<tr>\n<td valign=\"top\" height=\"25\">Lucan Fernandes Moreno<\/td>\n<td valign=\"top\">Marly Catarina Soares<\/td>\n<td valign=\"top\" height=\"25\">Subjetividade, Texto e Ensino<\/td>\n<\/tr>\n<tr>\n<td valign=\"top\" height=\"25\">Lucimar Ara\u00fajo Braga<\/td>\n<td valign=\"top\">Let\u00edcia Fraga<\/td>\n<td valign=\"top\" height=\"25\">Pluralidade, Identidade e Ensino<\/td>\n<\/tr>\n<tr>\n<td valign=\"top\" height=\"25\">M\u00e1bia Camargo<\/td>\n<td valign=\"top\">Aparecida de Jesus Ferreira<\/td>\n<td valign=\"top\" height=\"25\">Pluralidade, Identidade e Ensino<\/td>\n<\/tr>\n<tr>\n<td valign=\"top\" height=\"25\">Rosana de F. Gelinski<\/td>\n<td valign=\"top\">Ant\u00f4nio Jo\u00e3o Teixeira<\/td>\n<td valign=\"top\" height=\"25\">Subjetividade, Texto e Ensino<\/td>\n<\/tr>\n<tr>\n<td valign=\"top\" height=\"25\">Rosana Hass Kondo<\/td>\n<td valign=\"top\">Let\u00edcia Fraga<\/td>\n<td valign=\"top\" height=\"25\">Pluralidade, Identidade e Ensino<\/td>\n<\/tr>\n<tr>\n<td valign=\"top\" height=\"25\">Simone C. do P. dos Santos<\/td>\n<td valign=\"top\">Aparecida de Jesus Ferreira<\/td>\n<td valign=\"top\" height=\"25\">Pluralidade, Identidade e Ensino<\/td>\n<\/tr>\n<tr>\n<td valign=\"top\" height=\"25\">Sueli de F. Mendes<\/td>\n<td valign=\"top\">Pascoalina B. de O. Saleh<\/td>\n<td valign=\"top\" height=\"25\">Subjetividade, Texto e Ensino<\/td>\n<\/tr>\n<tr>\n<td valign=\"top\" width=\"246\" height=\"25\">Zuleica A. Cabral<\/td>\n<td valign=\"top\" width=\"313\">Djane Antonucci Correa<\/td>\n<td valign=\"top\" width=\"313\" height=\"25\">Pluralidade, Identidade e Ensino<\/td>\n<\/tr>\n<\/tbody>\n<\/table>\n<p>&nbsp;<\/p>\n\t\t\t\t<\/div>\n\t\t\t<\/div>\n\t\t<\/div>\n\t\t\t<div class=\"sow-accordion-panel\"\n\t\t\t data-anchor=\"2010\">\n\t\t\t\t<div class=\"sow-accordion-panel-header-container\" role=\"heading\" aria-level=\"2\">\n\t\t\t\t\t<div class=\"sow-accordion-panel-header\" tabindex=\"0\" role=\"button\" id=\"accordion-label-2010\" aria-controls=\"accordion-content-2010\" aria-expanded=\"false\">\n\t\t\t\t\t\t<div class=\"sow-accordion-title sow-accordion-title-icon-left\">\n\t\t\t\t\t\t\t\t\t\t\t\t\t\t2010\t\t\t\t\t\t\t\t\t\t\t\t\t<\/div>\n\t\t\t\t\t\t<div class=\"sow-accordion-open-close-button\">\n\t\t\t\t\t\t\t<div class=\"sow-accordion-open-button\">\n\t\t\t\t\t\t\t\t<span class=\"sow-icon-ionicons\" data-sow-icon=\"&#xf218;\"\n\t\t \n\t\taria-hidden=\"true\"><\/span>\t\t\t\t\t\t\t<\/div>\n\t\t\t\t\t\t\t<div class=\"sow-accordion-close-button\">\n\t\t\t\t\t\t\t\t<span class=\"sow-icon-ionicons\" data-sow-icon=\"&#xf209;\"\n\t\t \n\t\taria-hidden=\"true\"><\/span>\t\t\t\t\t\t\t<\/div>\n\t\t\t\t\t\t<\/div>\n\t\t\t\t\t<\/div>\n\t\t\t\t<\/div>\n\n\t\t\t<div\n\t\t\t\tclass=\"sow-accordion-panel-content\"\n\t\t\t\trole=\"region\"\n\t\t\t\taria-labelledby=\"accordion-label-2010\"\n\t\t\t\tid=\"accordion-content-2010\"\n\t\t\t\tstyle=\"display: none;\"\t\t\t>\n\t\t\t\t<div class=\"sow-accordion-panel-border\" tabindex=\"0\">\n\t\t\t\t\t<h4 style=\"text-align: center;\"><strong><br \/>\nTurma 2010<\/strong><\/h4>\n<table border=\"1\" width=\"600\" cellspacing=\"0\" cellpadding=\"3\" align=\"center\">\n<tbody>\n<tr>\n<td valign=\"top\" width=\"171\" height=\"41\"><strong>Aluno<\/strong><\/td>\n<td valign=\"top\" width=\"204\"><strong>Orientador<\/strong><\/td>\n<td valign=\"top\" width=\"217\"><strong>Linha de Pesquisa<\/strong><\/td>\n<\/tr>\n<tr>\n<td valign=\"top\" width=\"171\" height=\"25\">Cleideni Alves do Nascimento<\/td>\n<td valign=\"top\" width=\"204\">Marly Catarina Soares<\/td>\n<td valign=\"top\" width=\"217\">Subjetividade, Texto e Ensino<\/td>\n<\/tr>\n<tr>\n<td valign=\"top\" width=\"171\" height=\"25\">Cristiane Nunes Borges<\/td>\n<td valign=\"top\" width=\"204\">Djane Antonucci Correa<\/td>\n<td valign=\"top\" width=\"217\">Pluralidade, Identidade e Ensino<\/td>\n<\/tr>\n<tr>\n<td valign=\"top\" width=\"171\" height=\"25\">Jaqueline Aparecida dos Santos Dutra<\/td>\n<td valign=\"top\" width=\"204\">El\u00f3dia Constantino Roman<\/td>\n<td valign=\"top\" width=\"217\">Pluralidade, Identidade e Ensino<\/td>\n<\/tr>\n<tr>\n<td valign=\"top\" width=\"171\" height=\"25\">Josiane Aparecida dos Santos<\/td>\n<td valign=\"top\" width=\"204\">Miguel Sanches Neto<\/td>\n<td valign=\"top\" width=\"217\">Pluralidade, Identidade e Ensino<\/td>\n<\/tr>\n<tr>\n<td valign=\"top\" width=\"171\" height=\"25\">Jhony Adelio Skeika<\/td>\n<td valign=\"top\" width=\"204\">Silvana Oliveira<\/td>\n<td valign=\"top\" width=\"217\">Subjetividade, Texto e Ensino<\/td>\n<\/tr>\n<tr>\n<td valign=\"top\" height=\"25\">Julia Margarida Kalva<\/td>\n<td valign=\"top\">Aparecida de Jesus Ferreira<\/td>\n<td valign=\"top\">Pluralidade, Identidade e Ensino<\/td>\n<\/tr>\n<tr>\n<td valign=\"top\" height=\"25\">Leandro de Azevedo Thereza<\/td>\n<td valign=\"top\">Ant\u00f4nio Jo\u00e3o Teixeira<\/td>\n<td valign=\"top\">Subjetividade, Texto e Ensino<\/td>\n<\/tr>\n<tr>\n<td valign=\"top\" height=\"25\">Paola Scheifer<\/td>\n<td valign=\"top\">Pascoalina Bailon de O. Saleh<\/td>\n<td valign=\"top\">Subjetividade, Texto e Ensino<\/td>\n<\/tr>\n<tr>\n<td valign=\"top\" height=\"25\">Simone Sousa Borges<\/td>\n<td valign=\"top\">Let\u00edcia Fraga<\/td>\n<td valign=\"top\">Pluralidade, Identidade e Ensino<\/td>\n<\/tr>\n<tr>\n<td valign=\"top\" height=\"25\">Vin\u00edcius de Oliveira Costa<\/td>\n<td valign=\"top\">Let\u00edcia Fraga<\/td>\n<td valign=\"top\">Pluralidade, Identidade e Ensino<\/td>\n<\/tr>\n<\/tbody>\n<\/table>\n<p>&nbsp;<\/p>\n\t\t\t\t<\/div>\n\t\t\t<\/div>\n\t\t<\/div>\n\t\t<\/div>\n<\/div>\n<\/div><\/div><\/div><\/div><\/div>","protected":false},"excerpt":{"rendered":"<p>2020 Turma 2020 Nome Orientador\/a Linha de Pesquisa Alessandra Moraes de A. Claros Valeska Gracioso Carlos Pluralidade, Identidade e Ensino Alexandre Kuaray de Quadros Let\u00edcia Fraga Pluralidade, Identidade e Ensino Anna Carolina do Carmo Castro Luciane Trennephol da Costa Texto, Subjetividade e horizontes te\u00f3ricos Bhianca Moro Portella Elaine Ferreira do Vale Borges Pluralidade, Identidade e&nbsp;&hellip;<\/p>\n","protected":false},"author":24,"featured_media":0,"parent":0,"menu_order":0,"comment_status":"closed","ping_status":"closed","template":"page-templates\/page-with-right-sidebar.php","meta":[],"_links":{"self":[{"href":"https:\/\/www2.uepg.br\/ppgel\/wp-json\/wp\/v2\/pages\/758"}],"collection":[{"href":"https:\/\/www2.uepg.br\/ppgel\/wp-json\/wp\/v2\/pages"}],"about":[{"href":"https:\/\/www2.uepg.br\/ppgel\/wp-json\/wp\/v2\/types\/page"}],"author":[{"embeddable":true,"href":"https:\/\/www2.uepg.br\/ppgel\/wp-json\/wp\/v2\/users\/24"}],"replies":[{"embeddable":true,"href":"https:\/\/www2.uepg.br\/ppgel\/wp-json\/wp\/v2\/comments?post=758"}],"version-history":[{"count":2,"href":"https:\/\/www2.uepg.br\/ppgel\/wp-json\/wp\/v2\/pages\/758\/revisions"}],"predecessor-version":[{"id":760,"href":"https:\/\/www2.uepg.br\/ppgel\/wp-json\/wp\/v2\/pages\/758\/revisions\/760"}],"wp:attachment":[{"href":"https:\/\/www2.uepg.br\/ppgel\/wp-json\/wp\/v2\/media?parent=758"}],"curies":[{"name":"wp","href":"https:\/\/api.w.org\/{rel}","templated":true}]}}