{"id":767,"date":"2020-06-17T11:04:27","date_gmt":"2020-06-17T14:04:27","guid":{"rendered":"http:\/\/www2.uepg.br\/ppgel\/?page_id=767"},"modified":"2020-06-17T11:04:28","modified_gmt":"2020-06-17T14:04:28","slug":"dissertation","status":"publish","type":"page","link":"https:\/\/www2.uepg.br\/ppgel\/en\/dissertation\/","title":{"rendered":"Dissertation"},"content":{"rendered":"<div id=\"pl-767\"  class=\"panel-layout\" ><div id=\"pg-767-0\"  class=\"panel-grid panel-no-style\" ><div id=\"pgc-767-0-0\"  class=\"panel-grid-cell\" ><div id=\"panel-767-0-0-0\" class=\"so-panel widget widget_sow-accordion panel-first-child panel-last-child\" data-index=\"0\" ><div\n\t\t\t\n\t\t\tclass=\"so-widget-sow-accordion so-widget-sow-accordion-default-03b34fb01ae6-767\"\n\t\t\t\n\t\t><div>\n\t<div class=\"sow-accordion\">\n\t\t\t<div class=\"sow-accordion-panel\"\n\t\t\t data-anchor=\"2020\">\n\t\t\t\t<div class=\"sow-accordion-panel-header-container\" role=\"heading\" aria-level=\"2\">\n\t\t\t\t\t<div class=\"sow-accordion-panel-header\" tabindex=\"0\" role=\"button\" id=\"accordion-label-2020\" aria-controls=\"accordion-content-2020\" aria-expanded=\"false\">\n\t\t\t\t\t\t<div class=\"sow-accordion-title sow-accordion-title-icon-left\">\n\t\t\t\t\t\t\t\t\t\t\t\t\t\t2020\t\t\t\t\t\t\t\t\t\t\t\t\t<\/div>\n\t\t\t\t\t\t<div class=\"sow-accordion-open-close-button\">\n\t\t\t\t\t\t\t<div class=\"sow-accordion-open-button\">\n\t\t\t\t\t\t\t\t<span class=\"sow-icon-ionicons\" data-sow-icon=\"&#xf218;\"\n\t\t \n\t\taria-hidden=\"true\"><\/span>\t\t\t\t\t\t\t<\/div>\n\t\t\t\t\t\t\t<div class=\"sow-accordion-close-button\">\n\t\t\t\t\t\t\t\t<span class=\"sow-icon-ionicons\" data-sow-icon=\"&#xf209;\"\n\t\t \n\t\taria-hidden=\"true\"><\/span>\t\t\t\t\t\t\t<\/div>\n\t\t\t\t\t\t<\/div>\n\t\t\t\t\t<\/div>\n\t\t\t\t<\/div>\n\n\t\t\t<div\n\t\t\t\tclass=\"sow-accordion-panel-content\"\n\t\t\t\trole=\"region\"\n\t\t\t\taria-labelledby=\"accordion-label-2020\"\n\t\t\t\tid=\"accordion-content-2020\"\n\t\t\t\tstyle=\"display: none;\"\t\t\t>\n\t\t\t\t<div class=\"sow-accordion-panel-border\" tabindex=\"0\">\n\t\t\t\t\t<p style=\"text-align: center;\"><strong>2020<\/strong><\/p>\n<table border=\"1\" width=\"600\" cellspacing=\"0\" cellpadding=\"3\" align=\"center\">\n<tbody>\n<tr>\n<td valign=\"top\">\n<p align=\"center\"><strong>T\u00edtulo<\/strong><\/p>\n<\/td>\n<td valign=\"top\">\n<p align=\"center\"><strong>Autor<\/strong><\/p>\n<\/td>\n<td valign=\"top\">\n<p align=\"center\"><strong>Orientador<\/strong><\/p>\n<\/td>\n<\/tr>\n<tr>\n<td valign=\"top\" height=\"46\"><a href=\"http:\/\/tede2.uepg.br\/jspui\/handle\/prefix\/3068\" target=\"_blank\" rel=\"noopener\">A possibilidade de movimento e a persist\u00eancia da falha em O Lustre e A Ma\u00e7\u00e3 no Escuro, de CLARICE LISPECTOR<\/a><\/td>\n<td valign=\"top\">William Fernandes de Oliveira<\/td>\n<td valign=\"top\">Keli Cristina Pacheco<\/td>\n<\/tr>\n<\/tbody>\n<\/table>\n<p>&nbsp;<\/p>\n\t\t\t\t<\/div>\n\t\t\t<\/div>\n\t\t<\/div>\n\t\t\t<div class=\"sow-accordion-panel\"\n\t\t\t data-anchor=\"2019\">\n\t\t\t\t<div class=\"sow-accordion-panel-header-container\" role=\"heading\" aria-level=\"2\">\n\t\t\t\t\t<div class=\"sow-accordion-panel-header\" tabindex=\"0\" role=\"button\" id=\"accordion-label-2019\" aria-controls=\"accordion-content-2019\" aria-expanded=\"false\">\n\t\t\t\t\t\t<div class=\"sow-accordion-title sow-accordion-title-icon-left\">\n\t\t\t\t\t\t\t\t\t\t\t\t\t\t2019\t\t\t\t\t\t\t\t\t\t\t\t\t<\/div>\n\t\t\t\t\t\t<div class=\"sow-accordion-open-close-button\">\n\t\t\t\t\t\t\t<div class=\"sow-accordion-open-button\">\n\t\t\t\t\t\t\t\t<span class=\"sow-icon-ionicons\" data-sow-icon=\"&#xf218;\"\n\t\t \n\t\taria-hidden=\"true\"><\/span>\t\t\t\t\t\t\t<\/div>\n\t\t\t\t\t\t\t<div class=\"sow-accordion-close-button\">\n\t\t\t\t\t\t\t\t<span class=\"sow-icon-ionicons\" data-sow-icon=\"&#xf209;\"\n\t\t \n\t\taria-hidden=\"true\"><\/span>\t\t\t\t\t\t\t<\/div>\n\t\t\t\t\t\t<\/div>\n\t\t\t\t\t<\/div>\n\t\t\t\t<\/div>\n\n\t\t\t<div\n\t\t\t\tclass=\"sow-accordion-panel-content\"\n\t\t\t\trole=\"region\"\n\t\t\t\taria-labelledby=\"accordion-label-2019\"\n\t\t\t\tid=\"accordion-content-2019\"\n\t\t\t\tstyle=\"display: none;\"\t\t\t>\n\t\t\t\t<div class=\"sow-accordion-panel-border\" tabindex=\"0\">\n\t\t\t\t\t<p style=\"text-align: center;\"><strong>2019<\/strong><\/p>\n<table border=\"1\" width=\"600\" cellspacing=\"0\" cellpadding=\"3\" align=\"center\">\n<tbody>\n<tr>\n<td valign=\"top\" width=\"346\">\n<p align=\"center\"><strong>T\u00edtulo<\/strong><\/p>\n<\/td>\n<td valign=\"top\" width=\"122\">\n<p align=\"center\"><strong>Autor<\/strong><\/p>\n<\/td>\n<td valign=\"top\" width=\"106\">\n<p align=\"center\"><strong>Orientador<\/strong><\/p>\n<\/td>\n<\/tr>\n<tr>\n<td valign=\"top\"><a href=\"http:\/\/tede2.uepg.br\/jspui\/handle\/prefix\/2879\" target=\"_blank\" rel=\"noopener\">Aspectos pragm\u00e1tico-cognitivos da interpreta\u00e7\u00e3o humor\u00edstica<\/a><\/td>\n<td valign=\"top\">Ericiane Marilisa de Ramos<\/td>\n<td valign=\"top\">Sebasti\u00e3o Louren\u00e7o dos Santos<\/td>\n<\/tr>\n<tr>\n<td valign=\"top\"><a href=\"http:\/\/tede2.uepg.br\/jspui\/handle\/prefix\/2774\" target=\"_blank\" rel=\"noopener\">A percep\u00e7\u00e3o de docentes acerca do ingl\u00eas como l\u00edngua franca e intersec\u00e7\u00e3o com identidade de g\u00eanero no livro did\u00e1tico<\/a><\/td>\n<td valign=\"top\">J\u00e9ssica Martins Ara\u00fajo<\/td>\n<td valign=\"top\">Aparecida de Jesus Ferreira<\/td>\n<\/tr>\n<tr>\n<td valign=\"top\"><a href=\"http:\/\/tede2.uepg.br\/jspui\/handle\/prefix\/2777\" target=\"_blank\" rel=\"noopener\">O poeta rom\u00e2ntico na prosa do s\u00e9culo XIX em dois contos machadianos<\/a><\/td>\n<td valign=\"top\">Bianca Meira Lopes<\/td>\n<td valign=\"top\">Rosana Apolonia Harmuch<\/td>\n<\/tr>\n<tr>\n<td valign=\"top\"><a href=\"http:\/\/tede2.uepg.br\/jspui\/handle\/prefix\/2782\" target=\"_blank\" rel=\"noopener\">Fantasmas de Foucault : po\u00e9ticas de indicialidade<\/a><\/td>\n<td valign=\"top\">Eduardo Reis de Mello<\/td>\n<td valign=\"top\">Daniel de Oliveira Gomes<\/td>\n<\/tr>\n<tr>\n<td valign=\"top\"><a href=\"http:\/\/tede2.uepg.br\/jspui\/handle\/prefix\/2784\" target=\"_blank\" rel=\"noopener\">Marcelo Ariel e a poesia como insurrei\u00e7\u00e3o do pensamento na n\u00e9voa-nada<\/a><\/td>\n<td valign=\"top\">Ramon Guillermo Mendes<\/td>\n<td valign=\"top\">Keli Cristina Pacheco<\/td>\n<\/tr>\n<tr>\n<td valign=\"top\"><a href=\"http:\/\/tede2.uepg.br\/jspui\/handle\/prefix\/2794\" target=\"_blank\" rel=\"noopener\">Gatilho - literatura: as narrativas de estupro na fic\u00e7\u00e3o de Paloma Vidal e Sheyla Smanioto<\/a><\/td>\n<td valign=\"top\">Karine Mathias D\u00f6ll<\/td>\n<td valign=\"top\">Keli Cristina Pacheco<\/td>\n<\/tr>\n<tr>\n<td valign=\"top\"><a href=\"http:\/\/tede2.uepg.br\/jspui\/handle\/prefix\/2870\" target=\"_blank\" rel=\"noopener\">Movimentos de subjetiva\u00e7\u00e3o da crian\u00e7a na aquisi\u00e7\u00e3o da escrita: uma discuss\u00e3o voltada \u00e0s rasuras<\/a><\/td>\n<td valign=\"top\">Let\u00edcia do Nascimento Schavarem<\/td>\n<td valign=\"top\">Pascoalina Bailon de Oliveira Saleh<\/td>\n<\/tr>\n<tr>\n<td valign=\"top\"><a href=\"http:\/\/tede2.uepg.br\/jspui\/handle\/prefix\/2884\" target=\"_blank\" rel=\"noopener\">Letramento racial cr\u00edtico nas s\u00e9ries iniciais do ensino fundamental I a partir de livros de literatura infantil: os primeiros livros s\u00e3o para sempre<\/a><\/td>\n<td valign=\"top\">Keila de Oliveira<\/td>\n<td valign=\"top\">Aparecida de Jesus Ferreira<\/td>\n<\/tr>\n<tr>\n<td valign=\"top\"><a href=\"http:\/\/tede2.uepg.br\/jspui\/handle\/prefix\/2889\" target=\"_blank\" rel=\"noopener\">Pol\u00edticas ling\u00fc\u00edsticas para libras: considera\u00e7\u00f5es de uma professora surda<\/a><\/td>\n<td valign=\"top\">Evelin Seluchiniak Nunes<\/td>\n<td valign=\"top\">Let\u00edcia Fraga<\/td>\n<\/tr>\n<tr>\n<td valign=\"top\"><a href=\"https:\/\/tede2.uepg.br\/jspui\/handle\/prefix\/2895\" target=\"_blank\" rel=\"noopener\">Os pilotos de Exup\u00e9ry : sobrevoando as lembran\u00e7as de inf\u00e2ncia<\/a><\/td>\n<td valign=\"top\">Janeffer Desselman<\/td>\n<td valign=\"top\">Andr\u00e9a Correa Para\u00edso M\u00fcller<\/td>\n<\/tr>\n<tr>\n<td valign=\"top\"><a href=\"http:\/\/tede2.uepg.br\/jspui\/handle\/prefix\/2892\" target=\"_blank\" rel=\"noopener\">As trilhas da literatura no vestibular: an\u00e1lise das quest\u00f5es do exame da UEPG, 2017<\/a><\/td>\n<td valign=\"top\">Iugusl\u00e1via Jales Dutra<\/td>\n<td valign=\"top\">Rosana Apolonia Harmuch<\/td>\n<\/tr>\n<tr>\n<td valign=\"top\"><a href=\"http:\/\/tede2.uepg.br\/jspui\/handle\/prefix\/2913\" target=\"_blank\" rel=\"noopener\">Considera\u00e7\u00f5es dialetais para o desenho de uma unidade did\u00e1tica: o ensino de E\/LE em Medell\u00edn - Col\u00f4mbia<\/a><\/td>\n<td valign=\"top\">Laura Cardona Zapata<\/td>\n<td valign=\"top\">Valeska Gracioso Carlos<\/td>\n<\/tr>\n<tr>\n<td valign=\"top\"><a href=\"http:\/\/tede2.uepg.br\/jspui\/handle\/prefix\/2943\" target=\"_blank\" rel=\"noopener\">Discursos sobre a \u00c0frica presentes na m\u00eddia brasileira<\/a><\/td>\n<td valign=\"top\">Temitope Jane Aransiola<\/td>\n<td valign=\"top\">Cl\u00f3ris Porto Torquato<\/td>\n<\/tr>\n<tr>\n<td valign=\"top\"><a href=\"http:\/\/tede2.uepg.br\/jspui\/handle\/prefix\/2960\" target=\"_blank\" rel=\"noopener\">Um Leminski antrop\u00f3fago<\/a><\/td>\n<td valign=\"top\">Isabel Cristina Bichinski<\/td>\n<td valign=\"top\">Miguel Sanches Neto<\/td>\n<\/tr>\n<tr>\n<td valign=\"top\"><a href=\"http:\/\/tede2.uepg.br\/jspui\/handle\/prefix\/2969\" target=\"_blank\" rel=\"noopener\">Hist\u00f3rias na Hist\u00f3ria : contribui\u00e7\u00f5es de Frei Vicente do Salvador para a literatura brasileira<\/a><\/td>\n<td valign=\"top\">Jos\u00e9 Lu\u00eds Schamne<\/td>\n<td valign=\"top\">F\u00e1bio Augusto Steyer<\/td>\n<\/tr>\n<tr>\n<td valign=\"top\"><a href=\"http:\/\/tede2.uepg.br\/jspui\/handle\/prefix\/2971\" target=\"_blank\" rel=\"noopener\">Barcas novas: as paisagens de Fiama Hasse Pais Brand\u00e3o<\/a><\/td>\n<td valign=\"top\">Let\u00edcia de Oliveira Galv\u00e3o<\/td>\n<td valign=\"top\">Silvana Oliveira<\/td>\n<\/tr>\n<tr>\n<td valign=\"top\"><a href=\"http:\/\/tede2.uepg.br\/jspui\/handle\/prefix\/2972\" target=\"_blank\" rel=\"noopener\">A d\u00favida e o medo como motivadores, guias e impulsionadores da narrativa de Riobaldo em Grande Sert\u00e3o: Veredas<\/a><\/td>\n<td valign=\"top\">Jo\u00e3o Israel Ribeiro<\/td>\n<td valign=\"top\">Silvana Oliveira<\/td>\n<\/tr>\n<tr>\n<td valign=\"top\"><a href=\"http:\/\/tede2.uepg.br\/jspui\/handle\/prefix\/2976\" target=\"_blank\" rel=\"noopener\">Estudantes e docentes em negocia\u00e7\u00f5es de identidades em aulas de arte<\/a><\/td>\n<td valign=\"top\">Vilmar Junior Wrobel<\/td>\n<td valign=\"top\">Cl\u00f3ris Porto Torquato<\/td>\n<\/tr>\n<tr>\n<td valign=\"top\"><a href=\"http:\/\/tede2.uepg.br\/jspui\/handle\/prefix\/2978\" target=\"_blank\" rel=\"noopener\">Ideologias lingu\u00edsticas e negocia\u00e7\u00f5es de identidade em narrativas autobiogr\u00e1ficas de docentes descendentes poloneses em uma escola do interior paranaense<\/a><\/td>\n<td valign=\"top\">Ivete Oczust Nitek<\/td>\n<td valign=\"top\">Cl\u00f3ris Porto Torquato<\/td>\n<\/tr>\n<tr>\n<td valign=\"top\"><a href=\"http:\/\/tede2.uepg.br\/jspui\/handle\/prefix\/3000\" target=\"_blank\" rel=\"noopener\">A PRODU\u00c7\u00c3O TEXTUAL NO ENSINO FUNDAMENTAL II: AN\u00c1LISE DAS DIFICULDADES DOS ALUNOS<\/a><\/td>\n<td valign=\"top\">EMILIANE JASCHEFSKY<\/td>\n<td valign=\"top\">Pascoalina Bailon de Oliveira Saleh<\/td>\n<\/tr>\n<tr>\n<td valign=\"top\"><a href=\"http:\/\/tede2.uepg.br\/jspui\/handle\/prefix\/2999\" target=\"_blank\" rel=\"noopener\">A CONSTRU\u00c7\u00c3O E O CONFLITO DE IDENTIDADE EM \u201cOS FAMOSOS E OS DUENDES DA MORTE\u201d, DE ISMAEL CANEPPELE<\/a><\/td>\n<td valign=\"top\">AMANDA PONCIO<\/td>\n<td valign=\"top\">F\u00e1bio Augusto Steyer<\/td>\n<\/tr>\n<tr>\n<td valign=\"top\"><a href=\"http:\/\/tede2.uepg.br\/jspui\/handle\/prefix\/2987\" target=\"_blank\" rel=\"noopener\">A BASE NACIONAL COMUM CURRICULAR (BNCC): ENSINO DE L\u00cdNGUA E POL\u00cdTICA LINGU\u00cdSTICA<\/a><\/td>\n<td valign=\"top\">JOELMA DE SOUZA ROCHA<\/td>\n<td valign=\"top\">Djane Antonucci Correa<\/td>\n<\/tr>\n<tr>\n<td valign=\"top\"><a href=\"http:\/\/tede2.uepg.br\/jspui\/handle\/prefix\/2986\" target=\"_blank\" rel=\"noopener\">PRESEN\u00c7A DAS MULHERES NEGRAS EM PONTA GROSSA\/PR: HIST\u00d3RIAS DE VIDA<\/a><\/td>\n<td valign=\"top\">VANESSA APARECIDA OLIVEIRA<\/td>\n<td valign=\"top\">Ros\u00e2ngela Schardong<\/td>\n<\/tr>\n<tr>\n<td valign=\"top\"><a href=\"http:\/\/tede2.uepg.br\/jspui\/handle\/prefix\/2988\" target=\"_blank\" rel=\"noopener\">CREN\u00c7AS E ATITUDES LINGU\u00cdSTICAS: A IMPORT\u00c2NCIA DO CONHECIMENTO DA VARIA\u00c7\u00c3O LINGU\u00cdSTICA EM ESPANHOL COMO L\u00cdNGUA ESTRANGEIRA (E\/LE) NA FORMA\u00c7\u00c3O DOCENTE<\/a><\/td>\n<td valign=\"top\">V\u00cdCTOR RICARDO ROMERO MASGO<\/td>\n<td valign=\"top\">Valeska Gracioso Carlos<\/td>\n<\/tr>\n<tr>\n<td valign=\"top\"><a href=\"http:\/\/tede2.uepg.br\/jspui\/handle\/prefix\/2990\" target=\"_blank\" rel=\"noopener\">A INFLU\u00caNCIA DA VESTIMENTA NA CONSTRU\u00c7\u00c3O DA IDENTIDADE FEMININA EM MACHADO DE ASSIS<\/a><\/td>\n<td valign=\"top\">FRANCIELI LUBINA KRAICZEK<\/td>\n<td valign=\"top\">Marly Catarina Soares<\/td>\n<\/tr>\n<tr>\n<td valign=\"top\"><a href=\"http:\/\/tede2.uepg.br\/jspui\/handle\/prefix\/3007\" target=\"_blank\" rel=\"noopener\">AS L\u00cdNGUAS EM WITMARSUM: ATITUDES LINGU\u00cdSTICAS DE ALUNOS EM UM COL\u00c9GIO DE CAMPO NO CONTEXTO MULTIL\u00cdNGUE<\/a><\/td>\n<td valign=\"top\">Mariano Jeferson Teixeira<\/td>\n<td valign=\"top\">Valeska Gracioso Carlos<\/td>\n<\/tr>\n<tr>\n<td valign=\"top\"><a href=\"http:\/\/tede2.uepg.br\/jspui\/handle\/prefix\/3011\" target=\"_blank\" rel=\"noopener\">PRODU\u00c7\u00d5ES TEXTUAIS DE CRIAN\u00c7AS E ADOLESCENTES INSTITUCIONALIZADAS: UMA AN\u00c1LISE \u00c0 LUZ DA TEORIA DA RELEV\u00c2NCIA<\/a><\/td>\n<td valign=\"top\">TATIANE MARIA HORST CARDOSO<\/td>\n<td valign=\"top\">SEBASTI\u00c3O LOUREN\u00c7O DOS SANTOS<\/td>\n<\/tr>\n<tr>\n<td valign=\"top\"><a href=\"http:\/\/tede2.uepg.br\/jspui\/handle\/prefix\/3014\" target=\"_blank\" rel=\"noopener\">ESCRITA ENGAJADA DE C\u00c1 E L\u00c1 MEM\u00d3RIA, HIST\u00d3RIA E FEMINISMO NA ESCRITA DE BECOS DA MEM\u00d3RIA DE CONCEI\u00c7\u00c3O EVARISTO E DE LA HORA VIOLETA DE MONTSERRAT ROIG<\/a><\/td>\n<td valign=\"top\">IZABEL SANDRA DE LIMA<\/td>\n<td valign=\"top\">MARLY CATARINA SOARES<\/td>\n<\/tr>\n<tr>\n<td valign=\"top\"><a href=\"http:\/\/tede2.uepg.br\/jspui\/handle\/prefix\/3018\" target=\"_blank\" rel=\"noopener\">LITERATURA AUDIOVISUAL: UMA NOVA POSSIBILIDADE NO ENSINO<\/a><\/td>\n<td valign=\"top\">JULIANA RISTOW CANUTO<\/td>\n<td valign=\"top\">F\u00c1BIO AUGUSTO STEYER<\/td>\n<\/tr>\n<tr>\n<td valign=\"top\"><a href=\"http:\/\/tede2.uepg.br\/jspui\/handle\/prefix\/3032\" target=\"_blank\" rel=\"noopener\">S\u00f3 h\u00e1 labirintos (des) leituras da fic\u00e7\u00e3o de Jos\u00e9 Rezende JR<\/a><\/td>\n<td valign=\"top\">Felipe Teodoro da Silva<\/td>\n<td valign=\"top\">Silvana Oliveira<\/td>\n<\/tr>\n<tr>\n<td valign=\"top\"><a href=\"http:\/\/tede2.uepg.br\/jspui\/handle\/prefix\/3051\" target=\"_blank\" rel=\"noopener\">(Re) constru\u00e7\u00f5es pela educa\u00e7\u00e3o: an\u00e1lise do livro Preciosa<\/a><\/td>\n<td valign=\"top\">Jessica de F\u00e1tima Levandowski<\/td>\n<td valign=\"top\">Marly Catarina Soares<\/td>\n<\/tr>\n<tr>\n<td valign=\"top\"><a href=\"http:\/\/tede2.uepg.br\/jspui\/handle\/prefix\/3054\" target=\"_blank\" rel=\"noopener\">Poesia e rostidade: a \u201cBagagem\u201d de Ad\u00e9lia Prado<\/a><\/td>\n<td valign=\"top\">Aline Gisele Roskosz Bittencourt<\/td>\n<td valign=\"top\">Silvana Oliveira<\/td>\n<\/tr>\n<tr>\n<td valign=\"top\"><a href=\"http:\/\/tede2.uepg.br\/jspui\/handle\/prefix\/3074\" target=\"_blank\" rel=\"noopener\">Forma\u00e7\u00e3o do professor do campo: a quest\u00e3o da varia\u00e7\u00e3o lingu\u00edstica<\/a><\/td>\n<td valign=\"top\">Claudia Maria Andrade Skrzypietz<\/td>\n<td valign=\"top\">Let\u00edcia Fraga<\/td>\n<\/tr>\n<\/tbody>\n<\/table>\n\t\t\t\t<\/div>\n\t\t\t<\/div>\n\t\t<\/div>\n\t\t\t<div class=\"sow-accordion-panel\"\n\t\t\t data-anchor=\"2018\">\n\t\t\t\t<div class=\"sow-accordion-panel-header-container\" role=\"heading\" aria-level=\"2\">\n\t\t\t\t\t<div class=\"sow-accordion-panel-header\" tabindex=\"0\" role=\"button\" id=\"accordion-label-2018\" aria-controls=\"accordion-content-2018\" aria-expanded=\"false\">\n\t\t\t\t\t\t<div class=\"sow-accordion-title sow-accordion-title-icon-left\">\n\t\t\t\t\t\t\t\t\t\t\t\t\t\t2018\t\t\t\t\t\t\t\t\t\t\t\t\t<\/div>\n\t\t\t\t\t\t<div class=\"sow-accordion-open-close-button\">\n\t\t\t\t\t\t\t<div class=\"sow-accordion-open-button\">\n\t\t\t\t\t\t\t\t<span class=\"sow-icon-ionicons\" data-sow-icon=\"&#xf218;\"\n\t\t \n\t\taria-hidden=\"true\"><\/span>\t\t\t\t\t\t\t<\/div>\n\t\t\t\t\t\t\t<div class=\"sow-accordion-close-button\">\n\t\t\t\t\t\t\t\t<span class=\"sow-icon-ionicons\" data-sow-icon=\"&#xf209;\"\n\t\t \n\t\taria-hidden=\"true\"><\/span>\t\t\t\t\t\t\t<\/div>\n\t\t\t\t\t\t<\/div>\n\t\t\t\t\t<\/div>\n\t\t\t\t<\/div>\n\n\t\t\t<div\n\t\t\t\tclass=\"sow-accordion-panel-content\"\n\t\t\t\trole=\"region\"\n\t\t\t\taria-labelledby=\"accordion-label-2018\"\n\t\t\t\tid=\"accordion-content-2018\"\n\t\t\t\tstyle=\"display: none;\"\t\t\t>\n\t\t\t\t<div class=\"sow-accordion-panel-border\" tabindex=\"0\">\n\t\t\t\t\t<p style=\"text-align: center;\"><strong>2018<\/strong><\/p>\n<table border=\"1\" width=\"600\" cellspacing=\"0\" cellpadding=\"3\" align=\"center\">\n<tbody>\n<tr>\n<td valign=\"top\" width=\"346\">\n<p align=\"center\"><strong>T\u00edtulo<\/strong><\/p>\n<\/td>\n<td valign=\"top\" width=\"122\">\n<p align=\"center\"><strong>Autor<\/strong><\/p>\n<\/td>\n<td valign=\"top\" width=\"106\">\n<p align=\"center\"><strong>Orientador<\/strong><\/p>\n<\/td>\n<\/tr>\n<tr>\n<td valign=\"top\"><a href=\"http:\/\/tede2.uepg.br\/jspui\/handle\/prefix\/2480\" target=\"_blank\" rel=\"noopener\">Concep\u00e7\u00e3o de alfabetiza\u00e7\u00e3o em documentos que se referem \u00e0s salas de apoio \u00e0 aprendizagem de L\u00edngua Portuguesa (SEED-PR)<\/a><\/td>\n<td valign=\"top\">Simone Bueno Onieski<\/td>\n<td valign=\"top\">Let\u00edcia Fraga<\/td>\n<\/tr>\n<tr>\n<td valign=\"top\"><a href=\"http:\/\/tede2.uepg.br\/jspui\/handle\/prefix\/2492\" target=\"_blank\" rel=\"noopener\">ANA MIRANDA E A FIGURA\u00c7\u00c3O DE ESCRITORES BRASILEIROS EM A \u00daLTIMA QUIMERA<\/a><\/td>\n<td valign=\"top\">Thiago Bittencourt<\/td>\n<td valign=\"top\">Rosana Apolonia Harmuch<\/td>\n<\/tr>\n<tr>\n<td valign=\"top\"><a href=\"http:\/\/tede2.uepg.br\/jspui\/handle\/prefix\/2501\" target=\"_blank\" rel=\"noopener\">Construindo saberes acerca do cont\u00e1gio e preven\u00e7\u00e3o de HIV\/AIDS no Ensino M\u00e9dio<\/a><\/td>\n<td valign=\"top\">Alice Joc\u00e9lia Schlem<\/td>\n<td valign=\"top\">Ros\u00e2ngela Schardong<\/td>\n<\/tr>\n<tr>\n<td valign=\"top\"><a href=\"http:\/\/tede2.uepg.br\/jspui\/handle\/prefix\/2515\" target=\"_blank\" rel=\"noopener\">Promenade litt\u00e9raire: excurs\u00f5es arquiteturais em O Corcunda de Notre Dame<\/a><\/td>\n<td valign=\"top\">Paola de Souza Gomes Deganutti<\/td>\n<td valign=\"top\">Andr\u00e9a Correa Para\u00edso M\u00fcller<\/td>\n<\/tr>\n<tr>\n<td valign=\"top\"><a href=\"http:\/\/tede2.uepg.br\/jspui\/handle\/prefix\/2522\" target=\"_blank\" rel=\"noopener\">A identidade negra nas imagens do livro did\u00e1tico de hist\u00f3ria atrav\u00e9s do olhar dos\/as alunos\/as.<\/a><\/td>\n<td valign=\"top\">Paola Clarinda de Freitas Oniesko<\/td>\n<td valign=\"top\">Aparecida de Jesus Ferreira<\/td>\n<\/tr>\n<tr>\n<td valign=\"top\"><a href=\"http:\/\/tede2.uepg.br\/jspui\/handle\/prefix\/2523\" target=\"_blank\" rel=\"noopener\">Discursos sobre a inf\u00e2ncia em fotografias p\u00f3s-morte e tumulares- Ponta Grossa (1920 -1965)<\/a><\/td>\n<td valign=\"top\">Adriele Siqueira<\/td>\n<td valign=\"top\">Ione da Silva Jovino<\/td>\n<\/tr>\n<tr>\n<td valign=\"top\"><a href=\"http:\/\/tede2.uepg.br\/jspui\/handle\/prefix\/2528\" target=\"_blank\" rel=\"noopener\">Mem\u00f3ria(s) na Comunidade Remanescente de Quilombo Serra do Apon-PR: algumas formas de narrar a vida<\/a><\/td>\n<td valign=\"top\">Suzimara Ferreira de Souza<\/td>\n<td valign=\"top\">Ione da Silva Jovino<\/td>\n<\/tr>\n<tr>\n<td valign=\"top\"><a href=\"http:\/\/tede2.uepg.br\/jspui\/handle\/prefix\/2577\" target=\"_blank\" rel=\"noopener\">A INFLU\u00caNCIA DE FATORES SOCIAIS NA LINGUAGEM DE ADOLESCENTES PRIVADOS DE LIBERDADE<\/a><\/td>\n<td valign=\"top\">Rodrigo Mazer Etto<\/td>\n<td valign=\"top\">Valeska Gracioso Carlos<\/td>\n<\/tr>\n<tr>\n<td valign=\"top\"><a href=\"http:\/\/tede2.uepg.br\/jspui\/handle\/prefix\/2592\" target=\"_blank\" rel=\"noopener\">(Re) negocia\u00e7\u00e3o das Identidades Sociais nas aulas de Produ\u00e7\u00e3o Textual no 5\u00ba ano do Ensino Fundamental<\/a><\/td>\n<td valign=\"top\">Mirely Christina Dimbarre<\/td>\n<td valign=\"top\">Pascoalina Bailon de Oliveira Saleh<\/td>\n<\/tr>\n<tr>\n<td valign=\"top\"><a href=\"http:\/\/tede2.uepg.br\/jspui\/handle\/prefix\/2647\" target=\"_blank\" rel=\"noopener\">A SUBVERS\u00c3O DO REAL NA LINGUAGEM EM GUIMAR\u00c3ES ROSA<\/a><\/td>\n<td valign=\"top\">Patr\u00edcia Ferraz<\/td>\n<td valign=\"top\">Silvana Oliveira<\/td>\n<\/tr>\n<tr>\n<td valign=\"top\"><a href=\"http:\/\/tede2.uepg.br\/jspui\/handle\/prefix\/2679\" target=\"_blank\" rel=\"noopener\">Uma reflex\u00e3o dial\u00f3gica acerca das propostas de reda\u00e7\u00e3o de Vestibular e Processos Seletivos Seriados da UEPG<\/a><\/td>\n<td valign=\"top\">Meire Anne Alves Bochnia<\/td>\n<td valign=\"top\">Pascoalina Bailon de Oliveira Saleh<\/td>\n<\/tr>\n<tr>\n<td valign=\"top\"><a href=\"http:\/\/tede2.uepg.br\/jspui\/handle\/prefix\/2694\" target=\"_blank\" rel=\"noopener\">Discursos em rede: O leitor em seu espa\u00e7o de subjetiva\u00e7\u00e3o<\/a><\/td>\n<td valign=\"top\">Reinaldo Carneiro<\/td>\n<td valign=\"top\">Sebasti\u00e3o Louren\u00e7o dos Santos<\/td>\n<\/tr>\n<tr>\n<td valign=\"top\"><a href=\"http:\/\/tede2.uepg.br\/jspui\/handle\/prefix\/2696\" target=\"_blank\" rel=\"noopener\">O silenciamento de uma rainha: uma leitura feminista da Cl\u00e9opatra Shakespeariana em Ant\u00f4nio e Cle\u00f3patra<\/a><\/td>\n<td valign=\"top\">Regiane Maria Ferreira<\/td>\n<td valign=\"top\">Marly Catarina Soares<\/td>\n<\/tr>\n<tr>\n<td valign=\"top\"><a href=\"http:\/\/tede2.uepg.br\/jspui\/handle\/prefix\/2697\" target=\"_blank\" rel=\"noopener\">A varia\u00e7\u00e3o lingu\u00edstica no ensino do espanhol como l\u00edngua estrangeira moderna: um estudo de caso na cidade de Ponta Grossa<\/a><\/td>\n<td valign=\"top\">Regiane de F\u00e1tima Siqueira Alberti<\/td>\n<td valign=\"top\">Valeska Gracioso Carlos<\/td>\n<\/tr>\n<tr>\n<td valign=\"top\"><a href=\"http:\/\/tede2.uepg.br\/jspui\/handle\/prefix\/2987\" target=\"_blank\" rel=\"noopener\">A BASE NACIONAL COMUM CURRICULAR (BNCC): ENSINO DE L\u00cdNGUA E POL\u00cdTICA LINGU\u00cdSTICA<\/a><\/td>\n<td valign=\"top\">JOELMA DE SOUZA ROCH<\/td>\n<td valign=\"top\">Djane Antonucci Correa<\/td>\n<\/tr>\n<tr>\n<td valign=\"top\"><a href=\"http:\/\/tede2.uepg.br\/jspui\/handle\/prefix\/2986\" target=\"_blank\" rel=\"noopener\">PRESEN\u00c7A DAS MULHERES NEGRAS EM PONTA GROSSA\/PR: HIST\u00d3RIAS DE VIDA<\/a><\/td>\n<td valign=\"top\">VANESSA APARECIDA OLIVEIRA<\/td>\n<td valign=\"top\">Ros\u00e2ngela Schardong<\/td>\n<\/tr>\n<tr>\n<td valign=\"top\"><a href=\"http:\/\/tede2.uepg.br\/jspui\/handle\/prefix\/2988\" target=\"_blank\" rel=\"noopener\">CREN\u00c7AS E ATITUDES LINGU\u00cdSTICAS: A IMPORT\u00c2NCIA DO CONHECIMENTO DA VARIA\u00c7\u00c3O LINGU\u00cdSTICA EM ESPANHOL COMO L\u00cdNGUA ESTRANGEIRA (E\/LE) NA FORMA\u00c7\u00c3O DOCENTE<\/a><\/td>\n<td valign=\"top\">V\u00cdCTOR RICARDO ROMERO MASGO<\/td>\n<td valign=\"top\">Valeska Gracioso Carlos<\/td>\n<\/tr>\n<tr>\n<td valign=\"top\"><a href=\"http:\/\/tede2.uepg.br\/jspui\/handle\/prefix\/2990\" target=\"_blank\" rel=\"noopener\">A INFLU\u00caNCIA DA VESTIMENTA NA CONSTRU\u00c7\u00c3O DA IDENTIDADE FEMININA EM MACHADO DE ASSIS<\/a><\/td>\n<td valign=\"top\">FRANCIELI LUBINA KRAICZEK<\/td>\n<td valign=\"top\">Marly Catarina Soares<\/td>\n<\/tr>\n<tr>\n<td valign=\"top\"><a href=\"http:\/\/tede2.uepg.br\/jspui\/handle\/prefix\/2999\" target=\"_blank\" rel=\"noopener\">A CONSTRU\u00c7\u00c3O E O CONFLITO DE IDENTIDADE EM \u201cOS FAMOSOS E OS DUENDES DA MORTE\u201d, DE ISMAEL CANEPPELE<\/a><\/td>\n<td valign=\"top\">AMANDA PONCIO<\/td>\n<td valign=\"top\">F\u00e1bio Augusto Steyer<\/td>\n<\/tr>\n<\/tbody>\n<\/table>\n<p>&nbsp;<\/p>\n\t\t\t\t<\/div>\n\t\t\t<\/div>\n\t\t<\/div>\n\t\t\t<div class=\"sow-accordion-panel\"\n\t\t\t data-anchor=\"2017\">\n\t\t\t\t<div class=\"sow-accordion-panel-header-container\" role=\"heading\" aria-level=\"2\">\n\t\t\t\t\t<div class=\"sow-accordion-panel-header\" tabindex=\"0\" role=\"button\" id=\"accordion-label-2017\" aria-controls=\"accordion-content-2017\" aria-expanded=\"false\">\n\t\t\t\t\t\t<div class=\"sow-accordion-title sow-accordion-title-icon-left\">\n\t\t\t\t\t\t\t\t\t\t\t\t\t\t2017\t\t\t\t\t\t\t\t\t\t\t\t\t<\/div>\n\t\t\t\t\t\t<div class=\"sow-accordion-open-close-button\">\n\t\t\t\t\t\t\t<div class=\"sow-accordion-open-button\">\n\t\t\t\t\t\t\t\t<span class=\"sow-icon-ionicons\" data-sow-icon=\"&#xf218;\"\n\t\t \n\t\taria-hidden=\"true\"><\/span>\t\t\t\t\t\t\t<\/div>\n\t\t\t\t\t\t\t<div class=\"sow-accordion-close-button\">\n\t\t\t\t\t\t\t\t<span class=\"sow-icon-ionicons\" data-sow-icon=\"&#xf209;\"\n\t\t \n\t\taria-hidden=\"true\"><\/span>\t\t\t\t\t\t\t<\/div>\n\t\t\t\t\t\t<\/div>\n\t\t\t\t\t<\/div>\n\t\t\t\t<\/div>\n\n\t\t\t<div\n\t\t\t\tclass=\"sow-accordion-panel-content\"\n\t\t\t\trole=\"region\"\n\t\t\t\taria-labelledby=\"accordion-label-2017\"\n\t\t\t\tid=\"accordion-content-2017\"\n\t\t\t\tstyle=\"display: none;\"\t\t\t>\n\t\t\t\t<div class=\"sow-accordion-panel-border\" tabindex=\"0\">\n\t\t\t\t\t<p style=\"text-align: center;\"><strong>2017<\/strong><\/p>\n<table border=\"1\" width=\"600\" cellspacing=\"0\" cellpadding=\"3\" align=\"center\">\n<tbody>\n<tr>\n<td valign=\"top\" width=\"346\">\n<p align=\"center\"><strong>T\u00edtulo<\/strong><\/p>\n<\/td>\n<td valign=\"top\" width=\"122\">\n<p align=\"center\"><strong>Autor<\/strong><\/p>\n<\/td>\n<td valign=\"top\" width=\"106\">\n<p align=\"center\"><strong>Orientador<\/strong><\/p>\n<\/td>\n<\/tr>\n<tr>\n<td valign=\"top\"><a href=\"http:\/\/tede2.uepg.br\/jspui\/simple-search?location=prefix%2F1&amp;query=mestrado+em+estudo+da+linguagem&amp;rpp=10&amp;sort_by=score&amp;order=desc\" target=\"_blank\" rel=\"noopener\">Gon\u00e7alo M. Tavares e o Bairro: das heterotopias \u00e0s vicissitudes do absurdo<\/a><\/td>\n<td valign=\"top\">Robson Jos\u00e9 Cust\u00f3dio<\/td>\n<td valign=\"top\">Daniel de Oliveira Gomes<\/td>\n<\/tr>\n<tr>\n<td valign=\"top\"><a href=\"http:\/\/tede2.uepg.br\/jspui\/simple-search?location=prefix%2F1&amp;query=mestrado+em+estudo+da+linguagem&amp;rpp=10&amp;sort_by=score&amp;order=desc\" target=\"_blank\" rel=\"noopener\">Identidades de ra\u00e7a, de g\u00eanero e de sexualidade nas aulas de L\u00edngua Inglesa na vis\u00e3o das\/os estudantes<\/a><\/td>\n<td valign=\"top\">Rosana Aparecida Ribeiro de Sene<\/td>\n<td valign=\"top\">Aparecida de Jesus Ferreira<\/td>\n<\/tr>\n<tr>\n<td valign=\"top\"><a href=\"http:\/\/tede2.uepg.br\/jspui\/simple-search?location=prefix%2F1&amp;query=mestrado+em+estudo+da+linguagem&amp;rpp=10&amp;sort_by=score&amp;order=desc\" target=\"_blank\" rel=\"noopener\">Letramento cr\u00edtico e vozes de alunas e professora acerca das identidades sociais de g\u00eanero com intersec\u00e7\u00e3o de ra\u00e7a e de classe no livro did\u00e1tico de L\u00edngua Inglesa<\/a><\/td>\n<td valign=\"top\">Michele Padilha Santa Clara<\/td>\n<td valign=\"top\">Aparecida de Jesus Ferreira<\/td>\n<\/tr>\n<tr>\n<td valign=\"top\"><a href=\"http:\/\/tede2.uepg.br\/jspui\/simple-search?location=prefix%2F1&amp;query=mestrado+em+estudo+da+linguagem&amp;rpp=10&amp;sort_by=score&amp;order=desc\" target=\"_blank\" rel=\"noopener\">De Shakespeare a Zefirelli e Wise: A literatura e o cinema, diferentes linguagens que contam a mesma hist\u00f3ria<\/a><\/td>\n<td valign=\"top\">T\u00e2nia Frugiuele Soares Agostinho<\/td>\n<td valign=\"top\">F\u00e1bio Augusto Steyer<\/td>\n<\/tr>\n<tr>\n<td valign=\"top\"><a href=\"http:\/\/tede2.uepg.br\/jspui\/simple-search?location=prefix%2F1&amp;query=mestrado+em+estudo+da+linguagem&amp;rpp=10&amp;sort_by=score&amp;order=desc\" target=\"_blank\" rel=\"noopener\">ESTEVES &amp; ESTEVES, UMA PO\u00c9TICA DOS TEXTOS EM MOVIMENTO: INTERTEXTUALIDADE ENTRE A M\u00c1QUINA DE FAZER ESPANH\u00d3IS E TABACARIA<\/a><\/td>\n<td valign=\"top\">Rodrigo da Silva Tom\u00e9<\/td>\n<td valign=\"top\">Rosana Apolonia Harmuch<\/td>\n<\/tr>\n<tr>\n<td valign=\"top\"><a href=\"http:\/\/tede2.uepg.br\/jspui\/simple-search?location=prefix%2F1&amp;query=mestrado+em+estudo+da+linguagem&amp;rpp=10&amp;sort_by=score&amp;order=desc\" target=\"_blank\" rel=\"noopener\">SUBMISS\u00c3O E TRANSGRESS\u00c3O: TRAJET\u00d3RIAS DE PERSONAGENS FEMININAS NA CONST\u00cdSTICA DE SONIA COUTINHO<\/a><\/td>\n<td valign=\"top\">Luciana Asadczuk<\/td>\n<td valign=\"top\">Marly Catarina Soares<\/td>\n<\/tr>\n<tr>\n<td valign=\"top\"><a href=\"http:\/\/tede2.uepg.br\/jspui\/simple-search?location=prefix%2F1&amp;query=mestrado+em+estudo+da+linguagem&amp;rpp=10&amp;sort_by=score&amp;order=desc\" target=\"_blank\" rel=\"noopener\">Cr\u00f4nica e Autofic\u00e7\u00e3o em Jos\u00e9 Carlos Oliveira<\/a><\/td>\n<td valign=\"top\">Francine Mari\u00ea Alves Higashi Bednarchuk<\/td>\n<td valign=\"top\">Miguel Sanches Neto<\/td>\n<\/tr>\n<tr>\n<td valign=\"top\"><a href=\"http:\/\/tede2.uepg.br\/jspui\/simple-search?location=prefix%2F1&amp;query=mestrado+em+estudo+da+linguagem&amp;rpp=10&amp;sort_by=score&amp;order=desc\" target=\"_blank\" rel=\"noopener\">Di\u00e1logos interculturais na literatura ind\u00edgena contempor\u00e2nea: uma perspectiva bakhtiniana<\/a><\/td>\n<td valign=\"top\">Silvely Brandes<\/td>\n<td valign=\"top\">Cl\u00f3ris Porto Torquato<\/td>\n<\/tr>\n<tr>\n<td valign=\"top\"><a href=\"http:\/\/tede2.uepg.br\/jspui\/simple-search?location=prefix%2F1&amp;query=mestrado+em+estudo+da+linguagem&amp;rpp=10&amp;sort_by=score&amp;order=desc\" target=\"_blank\" rel=\"noopener\">RELA\u00c7\u00d5ES DIAL\u00d3GICAS NO ENSINO DA PRODU\u00c7\u00c3O TEXTUAL EM TURMAS DO 6\u00ba ANO DE UMA ESCOLA MUNICIPAL DE CURITIBA\/PR<\/a><\/td>\n<td valign=\"top\">C\u00e9lia Gaudeda<\/td>\n<td valign=\"top\">Pascoalina Bailon de Oliveira Saleh<\/td>\n<\/tr>\n<tr>\n<td valign=\"top\"><a href=\"http:\/\/tede2.uepg.br\/jspui\/simple-search?location=prefix\/1&amp;query=mestrado+em+estudo+da+linguagem&amp;rpp=10&amp;sort_by=score&amp;order=desc\" target=\"_blank\" rel=\"noopener\">IDENTIDADE E CINEMA: UMA AN\u00c1LISE SOBRE O PROCESSO DE IDENTIFICA\u00c7\u00c3O DO ESPECTADOR NA OBRA DE ALFRED HITCHCOCK<\/a><\/td>\n<td valign=\"top\">Paula Starke<\/td>\n<td valign=\"top\">F\u00e1bio Augusto Steyer<\/td>\n<\/tr>\n<tr>\n<td valign=\"top\"><a href=\"http:\/\/tede2.uepg.br\/jspui\/handle\/prefix\/2348\" target=\"_blank\" rel=\"noopener\">Discurso e poder: um olhar acerca das a\u00e7\u00f5es afirmativas na UEPG em 2013<\/a><\/td>\n<td valign=\"top\">Daiane Franciele Morais de Quadros<\/td>\n<td valign=\"top\">Ione Jovino da Silva<\/td>\n<\/tr>\n<tr>\n<td valign=\"top\"><a href=\"http:\/\/tede2.uepg.br\/jspui\/handle\/prefix\/2349\" target=\"_blank\" rel=\"noopener\">Quando me dei conta de que era negra(o)\/branca(o)? \u201d: um estudo a partir de relatos autobiogr\u00e1ficos de estudantes adolescentes<\/a><\/td>\n<td valign=\"top\">Marivete Souta<\/td>\n<td valign=\"top\">Ione Jovino da Silva<\/td>\n<\/tr>\n<tr>\n<td valign=\"top\"><a href=\"http:\/\/tede2.uepg.br\/jspui\/handle\/prefix\/2369\" target=\"_blank\" rel=\"noopener\">O animal que me tornei: metamorfose e animalidade como teoriza\u00e7\u00e3o do conceito de identidade no romance lygiano<\/a><\/td>\n<td valign=\"top\">Jeanine Geraldo Javarez<\/td>\n<td valign=\"top\">F\u00e1bio Augusto Steyer<\/td>\n<\/tr>\n<tr>\n<td valign=\"top\"><a href=\"http:\/\/tede2.uepg.br\/jspui\/handle\/prefix\/2370\" target=\"_blank\" rel=\"noopener\">DAS TEIAS DE ANANSE PARA O MUNDO \u2013 \u00c1FRICAS E AFRICANIDADES NA LITERATURA INFANTIL E JUVENIL CONTEMPOR\u00c2NEA EM L\u00cdNGUA ESPANHOLA<\/a><\/td>\n<td valign=\"top\">Renan Fagundes de Souza<\/td>\n<td valign=\"top\">Ione da Silva Jovino<\/td>\n<\/tr>\n<tr>\n<td valign=\"top\"><a href=\"http:\/\/tede2.uepg.br\/jspui\/handle\/prefix\/2386\" target=\"_blank\" rel=\"noopener\">Pol\u00edticas Lingu\u00edsticas e multilinguismo em uma escola no interior do Paran\u00e1<\/a><\/td>\n<td valign=\"top\">Vanessa Makohin Costa Rosa<\/td>\n<td valign=\"top\">Cl\u00f3ris Porto Torquato<\/td>\n<\/tr>\n<tr>\n<td valign=\"top\"><a href=\"http:\/\/tede2.uepg.br\/jspui\/handle\/prefix\/2391\" target=\"_blank\" rel=\"noopener\">PARA AL\u00c9M DA CEGUEIRA E DA LOUCURA: APROXIMA\u00c7\u00d5ES ENTRE JAIME ROCHA E JOS\u00c9 SARAMAGO<\/a><\/td>\n<td valign=\"top\">Camille Ferreira<\/td>\n<td valign=\"top\">Daniel de Oliveira Gomes<\/td>\n<\/tr>\n<tr>\n<td valign=\"top\"><a href=\"http:\/\/tede2.uepg.br\/jspui\/handle\/prefix\/2395\" target=\"_blank\" rel=\"noopener\">O HORROR C\u00d3SMICO DE LOVECRAFT E O EFEITO NO LEITOR<\/a><\/td>\n<td valign=\"top\">Rhuan Felipe Scoma\u00e7\u00e3o da Silva<\/td>\n<td valign=\"top\">Evanir Pavloski<\/td>\n<\/tr>\n<tr>\n<td valign=\"top\"><a href=\"http:\/\/tede2.uepg.br\/jspui\/handle\/prefix\/2397\" target=\"_blank\" rel=\"noopener\">Borja Reis, discurso e imprensa: estrat\u00e9gias discursivas empregadas em O Progresso\/Di\u00e1rio Dos Campos em Ponta Grossa-PR<\/a><\/td>\n<td valign=\"top\">Carolina Correia Machado<\/td>\n<td valign=\"top\">Andr\u00e9a Correa Para\u00edso M\u00fcller<\/td>\n<\/tr>\n<tr>\n<td valign=\"top\"><a href=\"http:\/\/tede2.uepg.br\/jspui\/handle\/prefix\/2400\" target=\"_blank\" rel=\"noopener\">A RAINHA DOS C\u00c1RCERES DA GR\u00c9CIA: IMAGENS DO EX\u00cdLIO<\/a><\/td>\n<td valign=\"top\">Emanuelle Alves Adacheski<\/td>\n<td valign=\"top\">Keli Cristina Pacheco<\/td>\n<\/tr>\n<tr>\n<td valign=\"top\"><a href=\"http:\/\/tede2.uepg.br\/jspui\/handle\/prefix\/2411\" target=\"_blank\" rel=\"noopener\">A VARIA\u00c7\u00c3O LINGU\u00cdSTICA NO LIVRO DID\u00c1TICO E NA PR\u00c1TICA DOCENTE DE L\u00cdNGUA PORTUGUESA: POL\u00cdTICAS E IDEOLOGIAS LINGU\u00cdSTICAS<\/a><\/td>\n<td valign=\"top\">Alexandra Nunes Santana<\/td>\n<td valign=\"top\">Cl\u00f3ris Porto Torquato<\/td>\n<\/tr>\n<tr>\n<td valign=\"top\"><a href=\"http:\/\/tede2.uepg.br\/jspui\/handle\/prefix\/2410\" target=\"_blank\" rel=\"noopener\">Inst\u00e2ncias autorais: autor, editor, voz narrativa e leitor em Se um Viajante numa Noite de Inverno de Italo Calvino<\/a><\/td>\n<td valign=\"top\">Jos\u00e9 Wander de Paula<\/td>\n<td valign=\"top\">Marly Catarina Soares<\/td>\n<\/tr>\n<tr>\n<td valign=\"top\"><a href=\"http:\/\/tede2.uepg.br\/jspui\/handle\/prefix\/2412\" target=\"_blank\" rel=\"noopener\">VOC\u00ca N\u00c3O PRECISA MAIS DE MIM.\u201d O SER, O PAI E A MORTE EM DAYTRIPPER<\/a><\/td>\n<td valign=\"top\">Phellip Willian de Paula Gruber<\/td>\n<td valign=\"top\">Evanir Pavloski<\/td>\n<\/tr>\n<tr>\n<td valign=\"top\"><a href=\"http:\/\/tede2.uepg.br\/jspui\/handle\/prefix\/2413\" target=\"_blank\" rel=\"noopener\">OS DISCURSOS DOS CANDIDATOS A PRESIDENTE DA REP\u00daBLICA NO PLEITO DE 2014 EM UMA PERSPECTIVA BAKHTINIANA<\/a><\/td>\n<td valign=\"top\">Ellen Petrech Vasconcelos<\/td>\n<td valign=\"top\">Cl\u00f3ris Porto Torquato<\/td>\n<\/tr>\n<\/tbody>\n<\/table>\n<p>&nbsp;<\/p>\n\t\t\t\t<\/div>\n\t\t\t<\/div>\n\t\t<\/div>\n\t\t\t<div class=\"sow-accordion-panel\"\n\t\t\t data-anchor=\"2016\">\n\t\t\t\t<div class=\"sow-accordion-panel-header-container\" role=\"heading\" aria-level=\"2\">\n\t\t\t\t\t<div class=\"sow-accordion-panel-header\" tabindex=\"0\" role=\"button\" id=\"accordion-label-2016\" aria-controls=\"accordion-content-2016\" aria-expanded=\"false\">\n\t\t\t\t\t\t<div class=\"sow-accordion-title sow-accordion-title-icon-left\">\n\t\t\t\t\t\t\t\t\t\t\t\t\t\t2016\t\t\t\t\t\t\t\t\t\t\t\t\t<\/div>\n\t\t\t\t\t\t<div class=\"sow-accordion-open-close-button\">\n\t\t\t\t\t\t\t<div class=\"sow-accordion-open-button\">\n\t\t\t\t\t\t\t\t<span class=\"sow-icon-ionicons\" data-sow-icon=\"&#xf218;\"\n\t\t \n\t\taria-hidden=\"true\"><\/span>\t\t\t\t\t\t\t<\/div>\n\t\t\t\t\t\t\t<div class=\"sow-accordion-close-button\">\n\t\t\t\t\t\t\t\t<span class=\"sow-icon-ionicons\" data-sow-icon=\"&#xf209;\"\n\t\t \n\t\taria-hidden=\"true\"><\/span>\t\t\t\t\t\t\t<\/div>\n\t\t\t\t\t\t<\/div>\n\t\t\t\t\t<\/div>\n\t\t\t\t<\/div>\n\n\t\t\t<div\n\t\t\t\tclass=\"sow-accordion-panel-content\"\n\t\t\t\trole=\"region\"\n\t\t\t\taria-labelledby=\"accordion-label-2016\"\n\t\t\t\tid=\"accordion-content-2016\"\n\t\t\t\tstyle=\"display: none;\"\t\t\t>\n\t\t\t\t<div class=\"sow-accordion-panel-border\" tabindex=\"0\">\n\t\t\t\t\t<p style=\"text-align: center;\"><strong>2016<\/strong><\/p>\n<table border=\"1\" width=\"600\" cellspacing=\"0\" cellpadding=\"3\" align=\"center\">\n<tbody>\n<tr>\n<td valign=\"top\" width=\"346\">\n<p align=\"center\"><strong>T\u00edtulo<\/strong><\/p>\n<\/td>\n<td valign=\"top\" width=\"122\">\n<p align=\"center\"><strong>Autor<\/strong><\/p>\n<\/td>\n<td valign=\"top\" width=\"106\">\n<p align=\"center\"><strong>Orientador<\/strong><\/p>\n<\/td>\n<\/tr>\n<tr>\n<td valign=\"top\"><a href=\"http:\/\/tede2.uepg.br\/jspui\/simple-search?location=prefix\/1&amp;query=mestrado+em+estudo+da+linguagem&amp;rpp=10&amp;sort_by=score&amp;order=desc\" target=\"_blank\" rel=\"noopener\">O texto e o leitor em Machado de Assis: intersec\u00e7\u00f5es te\u00f3ricas com o c\u00edrculo de Mikhail Bakhtin<\/a><\/td>\n<td valign=\"top\">Izabele Caroline Rodrigues Gomes<\/td>\n<td valign=\"top\">Silvana Oliveira<\/td>\n<\/tr>\n<tr>\n<td valign=\"top\"><a href=\"http:\/\/tede2.uepg.br\/jspui\/simple-search?location=prefix%2F1&amp;query=mestrado+em+estudo+da+linguagem&amp;rpp=10&amp;sort_by=score&amp;order=desc\" target=\"_blank\" rel=\"noopener\">Constru\u00e7\u00e3o das identidades sociais de ra\u00e7a com intersec\u00e7\u00e3o de classe nos livros did\u00e1ticos de ingl\u00eas do ensino m\u00e9dio aprovados pelos PNLD\u2019s 2012 e 2015<\/a><\/td>\n<td valign=\"top\">L\u00edlian Paula Dambr\u00f3s<\/td>\n<td valign=\"top\">Aparecida de Jesus Ferreira<\/td>\n<\/tr>\n<tr>\n<td valign=\"top\"><a href=\"http:\/\/tede2.uepg.br\/jspui\/simple-search?location=prefix%2F1&amp;query=mestrado+em+estudo+da+linguagem&amp;rpp=10&amp;sort_by=score&amp;order=desc\" target=\"_blank\" rel=\"noopener\">A visibilidade da mulher subalterna. Anahy de las Misiones: a monarca das coxilhas<\/a><\/td>\n<td valign=\"top\">Rosen\u00e9ia do Rocio Prestes Hauer<\/td>\n<td valign=\"top\">Marly Catarina Soares<\/td>\n<\/tr>\n<tr>\n<td valign=\"top\"><a href=\"http:\/\/tede2.uepg.br\/jspui\/simple-search?location=prefix%2F1&amp;query=mestrado+em+estudo+da+linguagem&amp;rpp=10&amp;sort_by=score&amp;order=desc\" target=\"_blank\" rel=\"noopener\">Educa\u00e7\u00e3o de jovens e adultos e o ensino de l\u00edngua estrangeira: um estudo documental \u00e0 luz das pol\u00edticas lingu\u00edsticas<\/a><\/td>\n<td valign=\"top\">Cleonice de F\u00e1tima Martins<\/td>\n<td valign=\"top\">Djane Antonucci Correa<\/td>\n<\/tr>\n<tr>\n<td valign=\"top\"><a href=\"http:\/\/tede2.uepg.br\/jspui\/simple-search?location=prefix%2F1&amp;query=mestrado+em+estudo+da+linguagem&amp;rpp=10&amp;sort_by=score&amp;order=desc\" target=\"_blank\" rel=\"noopener\">Pol\u00edticas lingu\u00edsticas para um ensino cr\u00edtico de l\u00edngua inglesa: a\u00e7\u00f5es e contradi\u00e7\u00f5es na contemporaneidade<\/a><\/td>\n<td valign=\"top\">Deleon Betim<\/td>\n<td valign=\"top\">Let\u00edcia Fraga<\/td>\n<\/tr>\n<tr>\n<td valign=\"top\"><a href=\"http:\/\/tede2.uepg.br\/jspui\/simple-search?location=prefix%2F1&amp;query=mestrado+em+estudo+da+linguagem&amp;rpp=10&amp;sort_by=score&amp;order=desc\" target=\"_blank\" rel=\"noopener\">O ano da morte de Ricardo Reis, um espet\u00e1culo autorreflexivo<\/a><\/td>\n<td valign=\"top\">B\u00e1rbara Mar\u00e7al Celestino<\/td>\n<td valign=\"top\">Rosana Apolonia Harmuch<\/td>\n<\/tr>\n<tr>\n<td valign=\"top\"><a href=\"http:\/\/tede2.uepg.br\/jspui\/simple-search?location=prefix%2F1&amp;query=mestrado+em+estudo+da+linguagem&amp;rpp=10&amp;sort_by=score&amp;order=desc\" target=\"_blank\" rel=\"noopener\">A constru\u00e7\u00e3o de uma ponte: linguagem, referencia\u00e7\u00e3o, identidade e subjetividade<\/a><\/td>\n<td valign=\"top\">Waldiney Corr\u00eaa Martins<\/td>\n<td valign=\"top\">Cl\u00f3ris Porto Torquato<\/td>\n<\/tr>\n<tr>\n<td valign=\"top\"><a href=\"http:\/\/tede2.uepg.br\/jspui\/simple-search?location=prefix%2F1&amp;query=mestrado+em+estudo+da+linguagem&amp;rpp=10&amp;sort_by=score&amp;order=desc\" target=\"_blank\" rel=\"noopener\">Pelo direito e orgulho de ser heterossexual no terceiro domingo de dezembro: os discursos de Carlos Apolin\u00e1rio e Eduardo Cunha nos PLs 294\/2005 e 1672\/2011<\/a><\/td>\n<td valign=\"top\">H\u00e9liton Diego Lau<\/td>\n<td valign=\"top\">Pascoalina Bailon de Oliveira Saleh<\/td>\n<\/tr>\n<tr>\n<td valign=\"top\"><a href=\"http:\/\/tede2.uepg.br\/jspui\/simple-search?location=prefix%2F1&amp;query=mestrado+em+estudo+da+linguagem&amp;rpp=10&amp;sort_by=score&amp;order=desc\" target=\"_blank\" rel=\"noopener\">Linguagem, Pol\u00edticas Educacionais e G\u00eanero Social: os planos nacionais de educa\u00e7\u00e3o numa perspectiva dial\u00f3gica<\/a><\/td>\n<td valign=\"top\">Priscila Barbosa Ribas Ansbach<\/td>\n<td valign=\"top\">Pascoalina Bailon de Oliveira Saleh<\/td>\n<\/tr>\n<tr>\n<td valign=\"top\"><a href=\"http:\/\/tede2.uepg.br\/jspui\/simple-search?location=prefix%2F1&amp;query=mestrado+em+estudo+da+linguagem&amp;rpp=10&amp;sort_by=score&amp;order=desc\" target=\"_blank\" rel=\"noopener\">Entre os bosques de Jo\u00e3o do Rio: Leituras de contos de dentro da noite<\/a><\/td>\n<td valign=\"top\">Rodrigo Gon\u00e7alves Sobrinho<\/td>\n<td valign=\"top\">Evanir Pavloski<\/td>\n<\/tr>\n<tr>\n<td valign=\"top\"><a href=\"http:\/\/tede2.uepg.br\/jspui\/simple-search?location=prefix%2F1&amp;query=mestrado+em+estudo+da+linguagem&amp;rpp=10&amp;sort_by=score&amp;order=desc\" target=\"_blank\" rel=\"noopener\">LIVROS DID\u00c1TICOS DE PLE: MEDIADORES CULTURAIS?<\/a><\/td>\n<td valign=\"top\">Helo\u00edsa Scalise Taques Fonseca Sebbagh<\/td>\n<td valign=\"top\">Andr\u00e9a Correa Para\u00edso M\u00fcller<\/td>\n<\/tr>\n<tr>\n<td valign=\"top\"><a href=\"http:\/\/tede2.uepg.br\/jspui\/simple-search?location=prefix%2F1&amp;query=mestrado+em+estudo+da+linguagem&amp;rpp=10&amp;sort_by=score&amp;order=desc\" target=\"_blank\" rel=\"noopener\">Um olhar sobre as representa\u00e7\u00f5es de identidades sociais de ra\u00e7a: an\u00e1lise de livros did\u00e1ticos para o ensino de Espanhol\/LE<\/a><\/td>\n<td valign=\"top\">\u00c9dina Aparecida da Silva Enevan<\/td>\n<td valign=\"top\">Ione da Silva Jovino<\/td>\n<\/tr>\n<tr>\n<td valign=\"top\"><a href=\"http:\/\/tede2.uepg.br\/jspui\/simple-search?location=prefix%2F1&amp;query=mestrado+em+estudo+da+linguagem&amp;rpp=10&amp;sort_by=score&amp;order=desc\" target=\"_blank\" rel=\"noopener\">O Guardador de Rebanhos: Transgress\u00e3o e po\u00e9tica do devir em Alberto Caeiro<\/a><\/td>\n<td valign=\"top\">Leonilce de Lara Ferreira<\/td>\n<td valign=\"top\">Silvana Oliveira<\/td>\n<\/tr>\n<tr>\n<td valign=\"top\"><a href=\"http:\/\/tede2.uepg.br\/jspui\/simple-search?location=prefix%2F1&amp;query=mestrado+em+estudo+da+linguagem&amp;rpp=10&amp;sort_by=score&amp;order=desc\" target=\"_blank\" rel=\"noopener\">Avalia\u00e7\u00e3o em l\u00edngua portuguesa no ensino fundamental: cren\u00e7as existentes e resistentes<\/a><\/td>\n<td valign=\"top\">Simone de F\u00e1tima Colman Martins<\/td>\n<td valign=\"top\">Let\u00edcia Fraga<\/td>\n<\/tr>\n<tr>\n<td valign=\"top\"><a href=\"http:\/\/tede2.uepg.br\/jspui\/simple-search?location=prefix%2F1&amp;query=mestrado+em+estudo+da+linguagem&amp;rpp=10&amp;sort_by=score&amp;order=desc\" target=\"_blank\" rel=\"noopener\">\u201cQuem tem medo da palavra negro?\u201d, morenos, misturados, mesti\u00e7os, cafusos, mulatos, escuros, preto social participantes do clube 13 de maio \u2013 Ponta Grossa (PR)<\/a><\/td>\n<td valign=\"top\">Merylin Ricieli dos Santos<\/td>\n<td valign=\"top\">Ione da Silva Jovino<\/td>\n<\/tr>\n<tr>\n<td valign=\"top\"><a href=\"http:\/\/tede2.uepg.br\/jspui\/simple-search?location=prefix%2F1&amp;query=mestrado+em+estudo+da+linguagem&amp;rpp=10&amp;sort_by=score&amp;order=desc\" target=\"_blank\" rel=\"noopener\">Id\u00edlio ou pesadelo? A genealogia do poder em Admir\u00e1vel Mundo Novo de Aldous Huxley<\/a><\/td>\n<td valign=\"top\">Lennon Moraes Joanico<\/td>\n<td valign=\"top\">Evanir Pavloski<\/td>\n<\/tr>\n<tr>\n<td valign=\"top\"><a href=\"http:\/\/tede2.uepg.br\/jspui\/simple-search?location=prefix%2F1&amp;query=mestrado+em+estudo+da+linguagem&amp;rpp=10&amp;sort_by=score&amp;order=desc\" target=\"_blank\" rel=\"noopener\">O PROGRAMA ESCOLAS INTERCULTURAIS DE FRONTEIRA (PEIF) COMO POLITICA LINGUISTICA EDUCACIONAL: ESTUDO NA FRONTEIRA DAS CIDADES DE S\u00c3O BORJA (BR) E SANTO TOM\u00c9 (AR )<\/a><\/td>\n<td valign=\"top\">Alejandro N\u00e9stor Lorenzetti<\/td>\n<td valign=\"top\">Cl\u00f3ris Porto Torquato<\/td>\n<\/tr>\n<tr>\n<td valign=\"top\"><a href=\"http:\/\/tede2.uepg.br\/jspui\/simple-search?location=prefix%2F1&amp;query=mestrado+em+estudo+da+linguagem&amp;rpp=10&amp;sort_by=score&amp;order=desc\" target=\"_blank\" rel=\"noopener\">Masculinidades poss\u00edveis em um grupo de homens apenados pela Lei Maria da Penha<\/a><\/td>\n<td valign=\"top\">Carla Simone Silva<\/td>\n<td valign=\"top\">Ione da Silva Jovino<\/td>\n<\/tr>\n<tr>\n<td valign=\"top\"><a href=\"http:\/\/tede2.uepg.br\/jspui\/simple-search?location=prefix\/1&amp;query=mestrado+em+estudo+da+linguagem&amp;rpp=10&amp;sort_by=score&amp;order=desc\" target=\"_blank\" rel=\"noopener\">Eu falo, Eu minto\": A experi\u00eancia no espa\u00e7o liter\u00e1rio em o falso mentiroso, de Silviano Santiago<\/a><\/td>\n<td valign=\"top\">Mayara Bueno da Silva<\/td>\n<td valign=\"top\">Keli Cristina Pacheco<\/td>\n<\/tr>\n<\/tbody>\n<\/table>\n\t\t\t\t<\/div>\n\t\t\t<\/div>\n\t\t<\/div>\n\t\t\t<div class=\"sow-accordion-panel\"\n\t\t\t data-anchor=\"2015\">\n\t\t\t\t<div class=\"sow-accordion-panel-header-container\" role=\"heading\" aria-level=\"2\">\n\t\t\t\t\t<div class=\"sow-accordion-panel-header\" tabindex=\"0\" role=\"button\" id=\"accordion-label-2015\" aria-controls=\"accordion-content-2015\" aria-expanded=\"false\">\n\t\t\t\t\t\t<div class=\"sow-accordion-title sow-accordion-title-icon-left\">\n\t\t\t\t\t\t\t\t\t\t\t\t\t\t2015\t\t\t\t\t\t\t\t\t\t\t\t\t<\/div>\n\t\t\t\t\t\t<div class=\"sow-accordion-open-close-button\">\n\t\t\t\t\t\t\t<div class=\"sow-accordion-open-button\">\n\t\t\t\t\t\t\t\t<span class=\"sow-icon-ionicons\" data-sow-icon=\"&#xf218;\"\n\t\t \n\t\taria-hidden=\"true\"><\/span>\t\t\t\t\t\t\t<\/div>\n\t\t\t\t\t\t\t<div class=\"sow-accordion-close-button\">\n\t\t\t\t\t\t\t\t<span class=\"sow-icon-ionicons\" data-sow-icon=\"&#xf209;\"\n\t\t \n\t\taria-hidden=\"true\"><\/span>\t\t\t\t\t\t\t<\/div>\n\t\t\t\t\t\t<\/div>\n\t\t\t\t\t<\/div>\n\t\t\t\t<\/div>\n\n\t\t\t<div\n\t\t\t\tclass=\"sow-accordion-panel-content\"\n\t\t\t\trole=\"region\"\n\t\t\t\taria-labelledby=\"accordion-label-2015\"\n\t\t\t\tid=\"accordion-content-2015\"\n\t\t\t\tstyle=\"display: none;\"\t\t\t>\n\t\t\t\t<div class=\"sow-accordion-panel-border\" tabindex=\"0\">\n\t\t\t\t\t<p style=\"text-align: center;\"><strong>2015<\/strong><\/p>\n<table border=\"1\" width=\"600\" cellspacing=\"0\" cellpadding=\"3\" align=\"center\">\n<tbody>\n<tr>\n<td valign=\"top\" width=\"346\">\n<p align=\"center\"><strong>T\u00edtulo<\/strong><\/p>\n<\/td>\n<td valign=\"top\" width=\"122\">\n<p align=\"center\"><strong>Autor<\/strong><\/p>\n<\/td>\n<td valign=\"top\" width=\"106\">\n<p align=\"center\"><strong>Orientador<\/strong><\/p>\n<\/td>\n<\/tr>\n<tr>\n<td valign=\"top\"><a href=\"https:\/\/www.uepg.br\/mestrados\/mestradolinguagem\/+linguagem&amp;rpp=10&amp;sort_by=score&amp;order=desc\" target=\"_blank\" rel=\"noopener\">Olhares para as pol\u00edticas lingu\u00edsticas no munic\u00edpio de Itai\u00f3polis\/SC: entre o in vivo e o in vitro<\/a><\/td>\n<td valign=\"top\">Ta\u00eds Regina G\u00fcths<\/td>\n<td valign=\"top\">Djane Antonucci Correa<\/td>\n<\/tr>\n<tr>\n<td valign=\"top\"><a href=\"https:\/\/www.uepg.br\/mestrados\/mestradolinguagem\/+linguagem&amp;rpp=10&amp;sort_by=score&amp;order=desc\" target=\"_blank\" rel=\"noopener\">Um repensar sobre as pr\u00e1ticas de escrita escolar: em evid\u00eancia o 5\u00ba e o 6\u00ba ano do ensino fundamental<\/a><\/td>\n<td valign=\"top\">Yara Fernanda Novatzki<\/td>\n<td valign=\"top\">Djane Antonucci Correa<\/td>\n<\/tr>\n<tr>\n<td valign=\"top\"><a href=\"https:\/\/www.uepg.br\/mestrados\/mestradolinguagem\/+linguagem&amp;rpp=10&amp;sort_by=score&amp;order=desc\" target=\"_blank\" rel=\"noopener\">Identidade e pr\u00e1ticas de letramento em uma escola multisseriada do campo.<\/a><\/td>\n<td valign=\"top\">Raimunda Santos Moreira de Oliveira<\/td>\n<td valign=\"top\">Aparecida de Jesus Ferreira<\/td>\n<\/tr>\n<tr>\n<td valign=\"top\"><a href=\"https:\/\/www.uepg.br\/mestrados\/mestradolinguagem\/+linguagem&amp;rpp=10&amp;sort_by=score&amp;order=desc\" target=\"_blank\" rel=\"noopener\">A hist\u00f3ria desfigurada: desterritoriliza\u00e7\u00e3o e experi\u00eancia do fora em amar-te a ti nem sei se com car\u00edcias, de Wilson Bueno<\/a>.<\/td>\n<td valign=\"top\">Marco Aur\u00e9lio de Souza<\/td>\n<td valign=\"top\">Silvana Oliveira<\/td>\n<\/tr>\n<tr>\n<td valign=\"top\"><a href=\"https:\/\/www.uepg.br\/mestrados\/mestradolinguagem\/+linguagem&amp;rpp=10&amp;sort_by=score&amp;order=desc\" target=\"_blank\" rel=\"noopener\">Um olhar a partir de atos de fala do romance Vidas Secas<\/a><\/td>\n<td valign=\"top\">Marcela Marabeli de Moraes<\/td>\n<td valign=\"top\">Djane Antonucci Correa<\/td>\n<\/tr>\n<tr>\n<td valign=\"top\"><a href=\"https:\/\/www.uepg.br\/mestrados\/mestradolinguagem\/+linguagem&amp;rpp=10&amp;sort_by=score&amp;order=desc\" target=\"_blank\" rel=\"noopener\">A pontua\u00e7\u00e3o nos contos de Guimar\u00e3es Rosa: uma an\u00e1lise discursiva<\/a><\/td>\n<td valign=\"top\">Izabel Cristina Rickli Sgarbossa<\/td>\n<td valign=\"top\">Pascolina Bailon de Oliveira Saleh<\/td>\n<\/tr>\n<tr>\n<td valign=\"top\"><a href=\"https:\/\/www.uepg.br\/mestrados\/mestradolinguagem\/+linguagem&amp;rpp=10&amp;sort_by=score&amp;order=desc\" target=\"_blank\" rel=\"noopener\">NINGU\u00c9M FALA QUE O CARA \u00c9 CULPADO: Identidades de g\u00eanero feminino a partir do signo viol\u00eancia no site da REVISTA MARIE CLAIRE<\/a><\/td>\n<td valign=\"top\">Fernanda Aparecida Israel<\/td>\n<td valign=\"top\">Cl\u00f3ris Porto Torquato<\/td>\n<\/tr>\n<tr>\n<td valign=\"top\"><a href=\"https:\/\/www.uepg.br\/mestrados\/mestradolinguagem\/+linguagem&amp;rpp=10&amp;sort_by=score&amp;order=desc\" target=\"_blank\" rel=\"noopener\">\u201cNADA A DIZER FORA DOS LIVROS\u201d: A po\u00e9tica do conto em DALTON TREVISAN \u00a0<\/a><\/td>\n<td valign=\"top\">Camila Del Tregio Esteves<\/td>\n<td valign=\"top\">Miguel Sanches Neto<\/td>\n<\/tr>\n<tr>\n<td valign=\"top\"><a href=\"https:\/\/www.uepg.br\/mestrados\/mestradolinguagem\/+linguagem&amp;rpp=10&amp;sort_by=score&amp;order=desc\" target=\"_blank\" rel=\"noopener\">Narrativas autobiogr\u00e1ficas de mulheres que (con)vivem com HIV: identidades sociais de g\u00eanero.<\/a><\/td>\n<td valign=\"top\">Linite Adma de Oliveira<\/td>\n<td valign=\"top\">Orientadora: Prof.\u00aa Dr.\u00aa Aparecida de Jesus Ferreira<\/td>\n<\/tr>\n<tr>\n<td valign=\"top\"><a href=\"https:\/\/www.uepg.br\/mestrados\/mestradolinguagem\/+linguagem&amp;rpp=10&amp;sort_by=score&amp;order=desc\" target=\"_blank\" rel=\"noopener\">T\u00edtulo: Entre a vida e a morte: interse\u00e7\u00f5es nas estradas perdidas de Lima Barreto e Telmo Vergara.<\/a><\/td>\n<td valign=\"top\">Celine Aparecida de Matos<\/td>\n<td valign=\"top\">Orientadora: Keli Cristina Pacheco<\/td>\n<\/tr>\n<tr>\n<td valign=\"top\"><a href=\"https:\/\/www.uepg.br\/mestrados\/mestradolinguagem\/+linguagem&amp;rpp=10&amp;sort_by=score&amp;order=desc\" target=\"_blank\" rel=\"noopener\">A pontua\u00e7\u00e3o em not\u00edcias de divulga\u00e7\u00e3o cient\u00edfica: contribui\u00e7\u00f5es para o ensino.<\/a><\/td>\n<td valign=\"top\">Ana Paula de Moura Delezuk<\/td>\n<td valign=\"top\">Prof.\u00aa Dr.\u00aa Pascoalina B. de Oliveira Saleh<\/td>\n<\/tr>\n<tr>\n<td valign=\"top\"><a href=\"https:\/\/www.uepg.br\/mestrados\/mestradolinguagem\/+linguagem&amp;rpp=10&amp;sort_by=score&amp;order=desc\" target=\"_blank\" rel=\"noopener\">Adolfo Caminha e Caio Fernando Abreu: A hermen\u00eautica liter\u00e1ria pelo vi\u00e9s da sexualidade.<\/a><\/td>\n<td valign=\"top\">Pablo Ferreira Biglia<\/td>\n<td valign=\"top\">Prof.\u00aa Dr.\u00aa Marly Catarina Soares<\/td>\n<\/tr>\n<tr>\n<td valign=\"top\"><a href=\"https:\/\/www.uepg.br\/mestrados\/mestradolinguagem\/+linguagem&amp;rpp=10&amp;sort_by=score&amp;order=desc\" target=\"_blank\" rel=\"noopener\">Sala de recursos multifuncional e representa\u00e7\u00e3o da escrita: an\u00e1lise da resolu\u00e7\u00e3o 13\/2007, normativa 16\/2011 e ficha de refer\u00eancia pedag\u00f3gica.<\/a><\/td>\n<td valign=\"top\">Amarili Sequeira Nogueira<\/td>\n<td valign=\"top\">Prof.\u00aa Dr.\u00aa Leticia Fraga<\/td>\n<\/tr>\n<tr>\n<td valign=\"top\"><a href=\"https:\/\/www.uepg.br\/mestrados\/mestradolinguagem\/+linguagem&amp;rpp=10&amp;sort_by=score&amp;order=desc\" target=\"_blank\" rel=\"noopener\">N\u00e3o adianta querer ser, tem que ter pra trocar, o mundo \u00e9 diferente da ponte pra c\u00e1: juventudes e identidades de ra\u00e7a, g\u00eanero e sexualidade a partir de um projeto de extens\u00e3o do NUREGS\/UEPG<\/a><\/td>\n<td valign=\"top\">Silionara Aparecida Madureira<\/td>\n<td valign=\"top\">Prof.\u00aa Dr.\u00aa Ione da Silva Jovino<\/td>\n<\/tr>\n<\/tbody>\n<\/table>\n\t\t\t\t<\/div>\n\t\t\t<\/div>\n\t\t<\/div>\n\t\t\t<div class=\"sow-accordion-panel\"\n\t\t\t data-anchor=\"2014\">\n\t\t\t\t<div class=\"sow-accordion-panel-header-container\" role=\"heading\" aria-level=\"2\">\n\t\t\t\t\t<div class=\"sow-accordion-panel-header\" tabindex=\"0\" role=\"button\" id=\"accordion-label-2014\" aria-controls=\"accordion-content-2014\" aria-expanded=\"false\">\n\t\t\t\t\t\t<div class=\"sow-accordion-title sow-accordion-title-icon-left\">\n\t\t\t\t\t\t\t\t\t\t\t\t\t\t2014\t\t\t\t\t\t\t\t\t\t\t\t\t<\/div>\n\t\t\t\t\t\t<div class=\"sow-accordion-open-close-button\">\n\t\t\t\t\t\t\t<div class=\"sow-accordion-open-button\">\n\t\t\t\t\t\t\t\t<span class=\"sow-icon-ionicons\" data-sow-icon=\"&#xf218;\"\n\t\t \n\t\taria-hidden=\"true\"><\/span>\t\t\t\t\t\t\t<\/div>\n\t\t\t\t\t\t\t<div class=\"sow-accordion-close-button\">\n\t\t\t\t\t\t\t\t<span class=\"sow-icon-ionicons\" data-sow-icon=\"&#xf209;\"\n\t\t \n\t\taria-hidden=\"true\"><\/span>\t\t\t\t\t\t\t<\/div>\n\t\t\t\t\t\t<\/div>\n\t\t\t\t\t<\/div>\n\t\t\t\t<\/div>\n\n\t\t\t<div\n\t\t\t\tclass=\"sow-accordion-panel-content\"\n\t\t\t\trole=\"region\"\n\t\t\t\taria-labelledby=\"accordion-label-2014\"\n\t\t\t\tid=\"accordion-content-2014\"\n\t\t\t\tstyle=\"display: none;\"\t\t\t>\n\t\t\t\t<div class=\"sow-accordion-panel-border\" tabindex=\"0\">\n\t\t\t\t\t<p style=\"text-align: center;\"><strong>2014<\/strong><\/p>\n<table border=\"1\" width=\"600\" cellspacing=\"0\" cellpadding=\"3\" align=\"center\">\n<tbody>\n<tr>\n<td valign=\"top\" width=\"346\">\n<p align=\"center\"><strong>T\u00edtulo<\/strong><\/p>\n<\/td>\n<td valign=\"top\" width=\"122\">\n<p align=\"center\"><strong>Autor<\/strong><\/p>\n<\/td>\n<td valign=\"top\" width=\"106\">\n<p align=\"center\"><strong>Orientador<\/strong><\/p>\n<\/td>\n<\/tr>\n<tr>\n<td valign=\"top\"><a href=\"https:\/\/www.uepg.br\/mestrados\/mestradolinguagem\/+linguagem&amp;rpp=10&amp;sort_by=score&amp;order=desc\" target=\"_blank\" rel=\"noopener\">As bibliotecas escolares do ensino m\u00e9dio e a forma\u00e7\u00e3o do leitor liter\u00e1rio: um encontro poss\u00edvel?<\/a><\/td>\n<td valign=\"top\">Ana Cl\u00e1udia Costa Fontana<\/td>\n<td valign=\"top\">Prof. Dr. Miguel Sanches Neto<\/td>\n<\/tr>\n<tr>\n<td valign=\"top\"><a href=\"https:\/\/www.uepg.br\/mestrados\/mestradolinguagem\/+linguagem&amp;rpp=10&amp;sort_by=score&amp;order=desc\" target=\"_blank\" rel=\"noopener\">SE DIO DE LASCI, LETTOR. Aspectos da autoteoriza\u00e7\u00e3o em FANNY OWE, DE AGUSTINA BESSA-LU\u00cdS<\/a><\/td>\n<td valign=\"top\">Denilson Mikuska<\/td>\n<td valign=\"top\">Rosana Apolonia Harmuch<\/td>\n<\/tr>\n<tr>\n<td valign=\"top\"><a href=\"https:\/\/www.uepg.br\/mestrados\/mestradolinguagem\/+linguagem&amp;rpp=10&amp;sort_by=score&amp;order=desc\" target=\"_blank\" rel=\"noopener\">Pol\u00edticas lingu\u00edsticas no ensino de l\u00ednguas e a identidade do professor de l\u00edngua estrangeira - ingl\u00eas<\/a><\/td>\n<td valign=\"top\">Silvana Aparecida Carvalho do Prado<\/td>\n<td valign=\"top\">Prof.\u00aa Dr.\u00aa Djane Antonucci Correa<\/td>\n<\/tr>\n<tr>\n<td valign=\"top\"><a href=\"https:\/\/www.uepg.br\/mestrados\/mestradolinguagem\/+linguagem&amp;rpp=10&amp;sort_by=score&amp;order=desc\" target=\"_blank\" rel=\"noopener\">A pol\u00edtica lingu\u00edstica de cooficializa\u00e7\u00e3o da l\u00edngua guarani em tacuru\/ms e seus desdobramentos pol\u00edticos, sociais e pedag\u00f3gicos<\/a><\/td>\n<td valign=\"top\">L\u00edlian Cristina do Amaral Martines<\/td>\n<td valign=\"top\">Leticia Fraga<\/td>\n<\/tr>\n<tr>\n<td valign=\"top\"><a href=\"https:\/\/www.uepg.br\/mestrados\/mestradolinguagem\/+linguagem&amp;rpp=10&amp;sort_by=score&amp;order=desc\" target=\"_blank\" rel=\"noopener\">Algumas contradi\u00e7\u00f5es que envolvem o ensino da escrita: uma discuss\u00e3o com professores do 5\u00ba e do 6\u00ba ano do ensino fundamental<\/a><\/td>\n<td valign=\"top\">Silvia Aparecida Medeiros<\/td>\n<td valign=\"top\">Prof.\u00aa Dr.\u00aa Djane Antonucci Correa<\/td>\n<\/tr>\n<tr>\n<td valign=\"top\"><a href=\"https:\/\/www.uepg.br\/mestrados\/mestradolinguagem\/+linguagem&amp;rpp=10&amp;sort_by=score&amp;order=desc\" target=\"_blank\" rel=\"noopener\">O bem e o mal: uma leitura em Grande Sert\u00e3o: Veredas<\/a><\/td>\n<td valign=\"top\">F\u00e1bio Ricardo Gioppo<\/td>\n<td valign=\"top\">Prof.\u00aa Dr.\u00aa Silvana Oliveira<\/td>\n<\/tr>\n<tr>\n<td valign=\"top\"><a href=\"https:\/\/www.uepg.br\/mestrados\/mestradolinguagem\/+linguagem&amp;rpp=10&amp;sort_by=score&amp;order=desc\" target=\"_blank\" rel=\"noopener\">Beatriz em busca do corpo celeste: identidade n\u00f4made<\/a><\/td>\n<td valign=\"top\">Luana Raquel Ruths Vieira<\/td>\n<td valign=\"top\">Prof.\u00aa Marly Catarina Soares.<\/td>\n<\/tr>\n<tr>\n<td valign=\"top\"><a href=\"https:\/\/www.uepg.br\/mestrados\/mestradolinguagem\/+linguagem&amp;rpp=10&amp;sort_by=score&amp;order=desc\" target=\"_blank\" rel=\"noopener\">\"O menino gauche em Drummond\"<\/a><\/td>\n<td valign=\"top\">Thatiane Prochner<\/td>\n<td valign=\"top\">Prof. Dr.\u00aa\u00a0\u00a0Marly Catarina Soares<\/td>\n<\/tr>\n<tr>\n<td valign=\"top\"><a href=\"https:\/\/www.uepg.br\/mestrados\/mestradolinguagem\/+linguagem&amp;rpp=10&amp;sort_by=score&amp;order=desc\" target=\"_blank\" rel=\"noopener\">Afonso da Maia, da literatura \u00e0 televis\u00e3o: O processo de transposi\u00e7\u00e3o do patriarca Maia no romance eciano e na miniss\u00e9rie global<\/a><\/td>\n<td valign=\"top\">Bianca do Rocio Vogler<\/td>\n<td valign=\"top\">Antonio Jo\u00e3o Teixeira<\/td>\n<\/tr>\n<tr>\n<td valign=\"top\"><a href=\"https:\/\/www.uepg.br\/mestrados\/mestradolinguagem\/+linguagem&amp;rpp=10&amp;sort_by=score&amp;order=desc\" target=\"_blank\" rel=\"noopener\">Jos\u00e9: Um Rubem Fonseca entre o eu real e o eu ficcional<\/a><\/td>\n<td valign=\"top\">Caroline Wilt Araujo<\/td>\n<td valign=\"top\">Miguel Sanches Neto<\/td>\n<\/tr>\n<tr>\n<td valign=\"top\"><a href=\"https:\/\/www.uepg.br\/mestrados\/mestradolinguagem\/+linguagem&amp;rpp=10&amp;sort_by=score&amp;order=desc\" target=\"_blank\" rel=\"noopener\">A realidade de uma comunidade negra rural de Ponta Gross\/PR em contexto escolar: Identidade negra e racismo<\/a><\/td>\n<td valign=\"top\">Evelise dos Santos do Nascimento<\/td>\n<td valign=\"top\">Prof.\u00aa Dr.\u00aa Leticia Fraga<\/td>\n<\/tr>\n<tr>\n<td valign=\"top\"><a href=\"https:\/\/www.uepg.br\/mestrados\/mestradolinguagem\/+linguagem&amp;rpp=10&amp;sort_by=score&amp;order=desc\" target=\"_blank\" rel=\"noopener\">Texto autobiogr\u00e1fico de professores pr\u00e9-servi\u00e7o: Poss\u00edveis caminhos para constru\u00e7\u00e3o identit\u00e1ria do professor de Franc\u00eas<\/a><\/td>\n<td valign=\"top\">\u00c9derson Lima de Souza<\/td>\n<td valign=\"top\">Prof. Dr. Miguel Sanches Neto<\/td>\n<\/tr>\n<tr>\n<td valign=\"top\"><a href=\"https:\/\/www.uepg.br\/mestrados\/mestradolinguagem\/+linguagem&amp;rpp=10&amp;sort_by=score&amp;order=desc\" target=\"_blank\" rel=\"noopener\">Eu marginal: (des) encontros narrativos em primeira pessoa<\/a><\/td>\n<td valign=\"top\">Luciane Pereira da Silva Navarro<\/td>\n<td valign=\"top\">Prof. Dr. Miguel Sanches Neto<\/td>\n<\/tr>\n<\/tbody>\n<\/table>\n\t\t\t\t<\/div>\n\t\t\t<\/div>\n\t\t<\/div>\n\t\t\t<div class=\"sow-accordion-panel\"\n\t\t\t data-anchor=\"2013\">\n\t\t\t\t<div class=\"sow-accordion-panel-header-container\" role=\"heading\" aria-level=\"2\">\n\t\t\t\t\t<div class=\"sow-accordion-panel-header\" tabindex=\"0\" role=\"button\" id=\"accordion-label-2013\" aria-controls=\"accordion-content-2013\" aria-expanded=\"false\">\n\t\t\t\t\t\t<div class=\"sow-accordion-title sow-accordion-title-icon-left\">\n\t\t\t\t\t\t\t\t\t\t\t\t\t\t2013\t\t\t\t\t\t\t\t\t\t\t\t\t<\/div>\n\t\t\t\t\t\t<div class=\"sow-accordion-open-close-button\">\n\t\t\t\t\t\t\t<div class=\"sow-accordion-open-button\">\n\t\t\t\t\t\t\t\t<span class=\"sow-icon-ionicons\" data-sow-icon=\"&#xf218;\"\n\t\t \n\t\taria-hidden=\"true\"><\/span>\t\t\t\t\t\t\t<\/div>\n\t\t\t\t\t\t\t<div class=\"sow-accordion-close-button\">\n\t\t\t\t\t\t\t\t<span class=\"sow-icon-ionicons\" data-sow-icon=\"&#xf209;\"\n\t\t \n\t\taria-hidden=\"true\"><\/span>\t\t\t\t\t\t\t<\/div>\n\t\t\t\t\t\t<\/div>\n\t\t\t\t\t<\/div>\n\t\t\t\t<\/div>\n\n\t\t\t<div\n\t\t\t\tclass=\"sow-accordion-panel-content\"\n\t\t\t\trole=\"region\"\n\t\t\t\taria-labelledby=\"accordion-label-2013\"\n\t\t\t\tid=\"accordion-content-2013\"\n\t\t\t\tstyle=\"display: none;\"\t\t\t>\n\t\t\t\t<div class=\"sow-accordion-panel-border\" tabindex=\"0\">\n\t\t\t\t\t<p style=\"text-align: center;\"><strong>2013<\/strong><\/p>\n<table border=\"1\" width=\"600\" cellspacing=\"0\" cellpadding=\"3\" align=\"center\">\n<tbody>\n<tr>\n<td valign=\"top\">\n<p align=\"center\"><strong>T\u00edtulo<\/strong><\/p>\n<\/td>\n<td valign=\"top\">\n<p align=\"center\"><strong>Autor<\/strong><\/p>\n<\/td>\n<td valign=\"top\">\n<p align=\"center\"><strong>Orientador<\/strong><\/p>\n<\/td>\n<\/tr>\n<tr>\n<td valign=\"top\" height=\"25\"><a href=\"https:\/\/www.uepg.br\/mestrados\/mestradolinguagem\/+linguagem&amp;rpp=10&amp;sort_by=score&amp;order=desc\" target=\"_blank\" rel=\"noopener\">A fun\u00e7\u00e3o morfossint\u00e1tico-sem\u00e2ntica dos adjetivos nas \"notas de falecimento\" no jornal pr\u00e1cia<\/a><\/td>\n<td valign=\"top\">Avanilde Polak<\/td>\n<td valign=\"top\" height=\"25\">Prof.\u00aa Dr.\u00aa El\u00f3dia Constantino Roman<\/td>\n<\/tr>\n<tr>\n<td valign=\"top\" height=\"25\"><a href=\"https:\/\/www.uepg.br\/mestrados\/mestradolinguagem\/+linguagem&amp;rpp=10&amp;sort_by=score&amp;order=desc\" target=\"_blank\" rel=\"noopener\">Toda forma de amor: um estudo sobre representa\u00e7\u00e3o em Mario Benedetti<\/a><\/td>\n<td valign=\"top\">Lucan Fernandes Moreno<\/td>\n<td valign=\"top\" height=\"25\">Prof.\u00aa Dr.\u00aa Marly Catarina Soares<\/td>\n<\/tr>\n<tr>\n<td valign=\"top\">\n<div align=\"left\"><span><a href=\"https:\/\/www.uepg.br\/mestrados\/mestradolinguagem\/+linguagem&amp;rpp=10&amp;sort_by=score&amp;order=desc\" target=\"_blank\" rel=\"noopener\">\"Uma fic\u00e7\u00e3o que frui o fluir da f\u00edsica: Uma an\u00e1lise do romance Sonhos de Einstein, do f\u00edsico Alan Lightman\"<\/a><\/span><\/div>\n<\/td>\n<td valign=\"top\">\n<div align=\"left\">Jeverson Machado do Nascimento<\/div>\n<\/td>\n<td valign=\"top\">\n<div align=\"left\">Prof.\u00aa Dr.\u00aa Silvana Oliveira<\/div>\n<\/td>\n<\/tr>\n<tr>\n<td valign=\"top\" height=\"25\"><a href=\"https:\/\/www.uepg.br\/mestrados\/mestradolinguagem\/+linguagem&amp;rpp=10&amp;sort_by=score&amp;order=desc\" target=\"_blank\" rel=\"noopener\">To the lighthouse e the waves: entre a mem\u00f3ria e o pict\u00f3rico<\/a><\/td>\n<td valign=\"top\">Rosana de F\u00e1tima Gelinski<\/td>\n<td valign=\"top\" height=\"25\"><span id=\"body_1513_r3\">Prof. Dr. Antonio Jo\u00e3o Teixeira<\/span><\/td>\n<\/tr>\n<tr>\n<td valign=\"top\">\n<div align=\"left\"><a href=\"https:\/\/www.uepg.br\/mestrados\/mestradolinguagem\/+linguagem&amp;rpp=10&amp;sort_by=score&amp;order=desc\" target=\"_blank\" rel=\"noopener\">\"Uma revolu\u00e7\u00e3o pelo acaso ou o cut-up no cinema underground dos anos 60\".<\/a><\/div>\n<\/td>\n<td valign=\"top\">\n<div align=\"left\">Anderson Costa<\/div>\n<\/td>\n<td valign=\"top\">\n<div align=\"left\">Antonio Jo\u00e3o Teixeira<\/div>\n<\/td>\n<\/tr>\n<tr>\n<td valign=\"top\"><span id=\"body_229_r\"><a href=\"https:\/\/www.uepg.br\/mestrados\/mestradolinguagem\/+linguagem&amp;rpp=10&amp;sort_by=score&amp;order=desc\" target=\"_blank\" rel=\"noopener\">Cren\u00e7as e atitudes de uma professora de Espanhol de uma escola p\u00fablica do interior do Paran\u00e1 e as Pol\u00edticas Lingu\u00edsticas<\/a><\/span><\/td>\n<td valign=\"top\"><span id=\"body_229_r2\">Lucimar Araujo Braga<\/span><\/td>\n<td valign=\"top\"><span id=\"body_229_r3\">Leticia Fraga<\/span><\/td>\n<\/tr>\n<tr>\n<td valign=\"top\">\n<div align=\"left\"><a href=\"https:\/\/www.uepg.br\/mestrados\/mestradolinguagem\/+linguagem&amp;rpp=10&amp;sort_by=score&amp;order=desc\" target=\"_blank\" rel=\"noopener\">\"Ind\u00edcios de autoria em textos de opini\u00e3o escolares escritos por alunos do 6\u00ba ano do Ensino Fundamental\"<\/a><\/div>\n<\/td>\n<td valign=\"top\">\n<div align=\"left\">Sueli de Freitas Mendes<\/div>\n<\/td>\n<td valign=\"top\">\n<div align=\"left\">Pascoalina Bailon de Oliveira Saleh<\/div>\n<\/td>\n<\/tr>\n<tr>\n<td valign=\"top\"><span id=\"body_1513_r\"><a href=\"https:\/\/www.uepg.br\/mestrados\/mestradolinguagem\/+linguagem&amp;rpp=10&amp;sort_by=score&amp;order=desc\" target=\"_blank\" rel=\"noopener\">O po\u00e9tico poss\u00edvel na linguagem de um filme: Ex\u00edlios de Tony Gatlif.<\/a><\/span><\/td>\n<td valign=\"top\"><span id=\"body_1513_r2\">Adrian Lincoln Ferreira Clarindo<\/span><\/td>\n<td valign=\"top\"><span id=\"body_1513_r3\">Antonio Jo\u00e3o Teixeira<\/span><\/td>\n<\/tr>\n<tr>\n<td valign=\"top\"><span id=\"body_1513_r\"><a href=\"https:\/\/www.uepg.br\/mestrados\/mestradolinguagem\/+linguagem&amp;rpp=10&amp;sort_by=score&amp;order=desc\" target=\"_blank\" rel=\"noopener\">Produ\u00e7\u00f5es textuais na vis\u00e3o de professores das s\u00e9ries finais do Ensino Fundamental.<\/a><\/span><\/td>\n<td valign=\"top\"><span id=\"body_1513_r2\">Angela de F\u00e1tima Scremin<\/span><\/td>\n<td valign=\"top\"><span id=\"body_1513_r3\">Djane Antonucci Correa<\/span><\/td>\n<\/tr>\n<tr>\n<td valign=\"top\"><a href=\"https:\/\/www.uepg.br\/mestrados\/mestradolinguagem\/+linguagem&amp;rpp=10&amp;sort_by=score&amp;order=desc\" target=\"_blank\" rel=\"noopener\">Pol\u00edticas lingu\u00edsticas na col\u00f4nia \u201calem\u00e3\u201d de Entre Rios: o papel do col\u00e9gio Imperatriz Dona Leopoldina<\/a><\/td>\n<td valign=\"top\">Adriana Dalla Vecchia<\/td>\n<td valign=\"top\">Let\u00edcia Fraga<\/td>\n<\/tr>\n<tr>\n<td valign=\"top\"><a href=\"https:\/\/www.uepg.br\/mestrados\/mestradolinguagem\/+linguagem&amp;rpp=10&amp;sort_by=score&amp;order=desc\" target=\"_blank\" rel=\"noopener\">A pontua\u00e7\u00e3o comomovimentos do sujeito na escrita: pontos de reflex\u00e3o<\/a><\/td>\n<td valign=\"top\">Andr\u00e9ia Rodrigues Zoelner Dallarosa<\/td>\n<td valign=\"top\">Pascoalina Bailon de Oliveira Sale<\/td>\n<\/tr>\n<tr>\n<td valign=\"top\"><a href=\"https:\/\/www.uepg.br\/mestrados\/mestradolinguagem\/+linguagem&amp;rpp=10&amp;sort_by=score&amp;order=desc\" target=\"_blank\" rel=\"noopener\">Di\u00e1logos com o gauche<\/a><\/td>\n<td valign=\"top\">Larissa de C\u00e1ssia Antunes Ribeiro<\/td>\n<td valign=\"top\">Marly Catarina Soares<\/td>\n<\/tr>\n<tr>\n<td valign=\"top\"><a href=\"https:\/\/www.uepg.br\/mestrados\/mestradolinguagem\/+linguagem&amp;rpp=10&amp;sort_by=score&amp;order=desc\" target=\"_blank\" rel=\"noopener\">Representa\u00e7\u00f5es e atitudes lingu\u00edsticas na (re)constru\u00e7\u00e3o da identidade ind\u00edgena dos guarani do pinhalzinho (Tomazina\/PR): um estudo na escola \u201cYvy Por\u00e3\u201d<\/a><\/td>\n<td valign=\"top\">Rosana Hass Kondo<\/td>\n<td valign=\"top\">Let\u00edcia Fraga<\/td>\n<\/tr>\n<tr>\n<td valign=\"top\"><a href=\"https:\/\/www.uepg.br\/mestrados\/mestradolinguagem\/+linguagem&amp;rpp=10&amp;sort_by=score&amp;order=desc\" target=\"_blank\" rel=\"noopener\">Aqui eles s\u00e3o muito desconfiados\u201d letramentos, identidades e educa\u00e7\u00e3o do campo<\/a><\/td>\n<td valign=\"top\">Simone Carvalho do Prado dos Santos<\/td>\n<td valign=\"top\">Aparecida de Jesus Ferreira<\/td>\n<\/tr>\n<tr>\n<td valign=\"top\"><a href=\"https:\/\/www.uepg.br\/mestrados\/mestradolinguagem\/+linguagem&amp;rpp=10&amp;sort_by=score&amp;order=desc\" target=\"_blank\" rel=\"noopener\">Reconfigura\u00e7\u00f5es tecnol\u00f3gicas na escola: as pr\u00e1ticas de letramento digital na vis\u00e3o dos professores<\/a><\/td>\n<td valign=\"top\">Zuleica Aparecida Cabral<\/td>\n<td valign=\"top\">Djane Antonucci Correa<\/td>\n<\/tr>\n<\/tbody>\n<\/table>\n\t\t\t\t<\/div>\n\t\t\t<\/div>\n\t\t<\/div>\n\t\t\t<div class=\"sow-accordion-panel\"\n\t\t\t data-anchor=\"2012\">\n\t\t\t\t<div class=\"sow-accordion-panel-header-container\" role=\"heading\" aria-level=\"2\">\n\t\t\t\t\t<div class=\"sow-accordion-panel-header\" tabindex=\"0\" role=\"button\" id=\"accordion-label-2012\" aria-controls=\"accordion-content-2012\" aria-expanded=\"false\">\n\t\t\t\t\t\t<div class=\"sow-accordion-title sow-accordion-title-icon-left\">\n\t\t\t\t\t\t\t\t\t\t\t\t\t\t2012\t\t\t\t\t\t\t\t\t\t\t\t\t<\/div>\n\t\t\t\t\t\t<div class=\"sow-accordion-open-close-button\">\n\t\t\t\t\t\t\t<div class=\"sow-accordion-open-button\">\n\t\t\t\t\t\t\t\t<span class=\"sow-icon-ionicons\" data-sow-icon=\"&#xf218;\"\n\t\t \n\t\taria-hidden=\"true\"><\/span>\t\t\t\t\t\t\t<\/div>\n\t\t\t\t\t\t\t<div class=\"sow-accordion-close-button\">\n\t\t\t\t\t\t\t\t<span class=\"sow-icon-ionicons\" data-sow-icon=\"&#xf209;\"\n\t\t \n\t\taria-hidden=\"true\"><\/span>\t\t\t\t\t\t\t<\/div>\n\t\t\t\t\t\t<\/div>\n\t\t\t\t\t<\/div>\n\t\t\t\t<\/div>\n\n\t\t\t<div\n\t\t\t\tclass=\"sow-accordion-panel-content\"\n\t\t\t\trole=\"region\"\n\t\t\t\taria-labelledby=\"accordion-label-2012\"\n\t\t\t\tid=\"accordion-content-2012\"\n\t\t\t\tstyle=\"display: none;\"\t\t\t>\n\t\t\t\t<div class=\"sow-accordion-panel-border\" tabindex=\"0\">\n\t\t\t\t\t<p style=\"text-align: center;\"><strong>2012<\/strong><\/p>\n<table border=\"1\" width=\"600\" cellspacing=\"0\" cellpadding=\"3\" align=\"center\">\n<tbody>\n<tr>\n<td valign=\"top\" width=\"357\"><strong>T\u00cdTULO<\/strong><\/td>\n<td valign=\"top\" width=\"114\"><strong>AUTOR<\/strong><\/td>\n<td valign=\"top\" width=\"103\"><strong>ORIENTADOR<\/strong><\/td>\n<\/tr>\n<tr>\n<td valign=\"top\">\n<div align=\"left\"><a href=\"https:\/\/www.uepg.br\/mestrados\/mestradolinguagem\/+linguagem&amp;rpp=10&amp;sort_by=score&amp;order=desc\" target=\"_blank\" rel=\"noopener\">Atl\u00e2ntico Negro Paiol: como est\u00e3o sendo conduzidas as quest\u00f5es de ra\u00e7a e etnia nas aulas de l\u00edngua inglesa?<\/a><\/div>\n<\/td>\n<td valign=\"top\">\n<div align=\"left\">M\u00e1bia Camargo<\/div>\n<\/td>\n<td valign=\"top\">\n<div align=\"left\">Aparecida de Jesus Ferreira<\/div>\n<\/td>\n<\/tr>\n<tr>\n<td valign=\"top\">\n<div align=\"left\"><a href=\"https:\/\/www.uepg.br\/mestrados\/mestradolinguagem\/+linguagem&amp;rpp=10&amp;sort_by=score&amp;order=desc\" target=\"_blank\" rel=\"noopener\">A: autoridade, arte, adult\u00e9rio<\/a><\/div>\n<\/td>\n<td valign=\"top\">\n<div align=\"left\">Leandro de Azevedo Thereza<\/div>\n<\/td>\n<td valign=\"top\">\n<div align=\"left\">Jo\u00e3o Antonio Teixeira<\/div>\n<\/td>\n<\/tr>\n<tr>\n<td valign=\"top\">\n<div align=\"left\"><a href=\"https:\/\/www.uepg.br\/mestrados\/mestradolinguagem\/+linguagem&amp;rpp=10&amp;sort_by=score&amp;order=desc\" target=\"_blank\" rel=\"noopener\">A rela\u00e7\u00e3o entre a escola, o ensino de l\u00ednguas e o abandono escolar: um olhar a partir das cren\u00e7as e experi\u00eancias de adolescentes com quem a lei entra em conflito<\/a><\/div>\n<\/td>\n<td valign=\"top\">\n<div align=\"left\">Vin\u00edcius Oliveira Costa<\/div>\n<\/td>\n<td valign=\"top\">\n<div align=\"left\">Let\u00edcia Fraga<\/div>\n<\/td>\n<\/tr>\n<tr>\n<td valign=\"top\" width=\"357\" height=\"25\"><a href=\"https:\/\/www.uepg.br\/mestrados\/mestradolinguagem\/+linguagem&amp;rpp=10&amp;sort_by=score&amp;order=desc\" target=\"_blank\" rel=\"noopener\">Toni Morrison e Carolina Maria de Jesus: dois timbres marcantes da voz autoral feminina<\/a><\/td>\n<td valign=\"top\" width=\"114\">Cleideni Alves do Nascimento<\/td>\n<td valign=\"top\" width=\"103\" height=\"25\">Marly Catarina Soares<\/td>\n<\/tr>\n<tr>\n<td valign=\"top\" width=\"357\" height=\"25\"><a href=\"https:\/\/www.uepg.br\/mestrados\/mestradolinguagem\/+linguagem&amp;rpp=10&amp;sort_by=score&amp;order=desc\" target=\"_blank\" rel=\"noopener\">Linguagem como pr\u00e1tica social: a\u00e7\u00f5es da\/na escrita acad\u00eamica<\/a><\/td>\n<td valign=\"top\" width=\"114\">Cristiane Nunes Borges<\/td>\n<td valign=\"top\" width=\"103\" height=\"25\">Djane Antonucci Correa<\/td>\n<\/tr>\n<tr>\n<td valign=\"top\" width=\"357\" height=\"25\"><a href=\"https:\/\/www.uepg.br\/mestrados\/mestradolinguagem\/+linguagem&amp;rpp=10&amp;sort_by=score&amp;order=desc\" target=\"_blank\" rel=\"noopener\">Referencia\u00e7\u00e3o textual: da subjetividade \u00e0 representa\u00e7\u00e3o da identidade feminina no texto escrito<\/a><\/td>\n<td valign=\"top\" width=\"114\">Jaqueline Aparecida dos Santos Dutra<\/td>\n<td valign=\"top\" width=\"103\" height=\"25\">El\u00f3dia Constantino Roman<\/td>\n<\/tr>\n<tr>\n<td valign=\"top\" width=\"357\" height=\"25\"><a href=\"https:\/\/www.uepg.br\/mestrados\/mestradolinguagem\/+linguagem&amp;rpp=10&amp;sort_by=score&amp;order=desc\" target=\"_blank\" rel=\"noopener\">Uma linguagem (escrita) esquizofr\u00eanica: a experimenta\u00e7\u00e3o de a paix\u00e3o segundo G. H. de Clarice Lispector<\/a><\/td>\n<td valign=\"top\" width=\"114\">Jhony Adelio Skeika<\/td>\n<td valign=\"top\" width=\"103\" height=\"25\">Silvana Oliveira<\/td>\n<\/tr>\n<tr>\n<td valign=\"top\" width=\"357\" height=\"25\"><a href=\"https:\/\/www.uepg.br\/mestrados\/mestradolinguagem\/+linguagem&amp;rpp=10&amp;sort_by=score&amp;order=desc\" target=\"_blank\" rel=\"noopener\">Contar o corpo: quando o subalterno assume a narrativa<\/a><\/td>\n<td valign=\"top\" width=\"114\">Josiane Aparecida Martins<\/td>\n<td valign=\"top\" width=\"103\" height=\"25\">Miguel Sanches Neto<\/td>\n<\/tr>\n<tr>\n<td valign=\"top\" height=\"25\"><a href=\"https:\/\/www.uepg.br\/mestrados\/mestradolinguagem\/+linguagem&amp;rpp=10&amp;sort_by=score&amp;order=desc\" target=\"_blank\" rel=\"noopener\">Identidade nacional e ingl\u00eas l\u00edngua franca: negocia\u00e7\u00f5es no processo de ensino e aprendizagem de ingl\u00eas<\/a><\/td>\n<td valign=\"top\">Julia Margarida Kalva<\/td>\n<td valign=\"top\" height=\"25\">Aparecida de Jesus Ferreira<\/td>\n<\/tr>\n<tr>\n<td valign=\"top\" height=\"25\"><a href=\"https:\/\/www.uepg.br\/mestrados\/mestradolinguagem\/+linguagem&amp;rpp=10&amp;sort_by=score&amp;order=desc\" target=\"_blank\" rel=\"noopener\">A escrita de si na autoria do romance a manta do soldado, de L\u00eddia Jorge<\/a><\/td>\n<td valign=\"top\">Paola Scheifer<\/td>\n<td valign=\"top\" height=\"25\">Rosana Apolonia Harmuch<\/td>\n<\/tr>\n<tr>\n<td valign=\"top\" height=\"25\"><a href=\"https:\/\/www.uepg.br\/mestrados\/mestradolinguagem\/+linguagem&amp;rpp=10&amp;sort_by=score&amp;order=desc\" target=\"_blank\" rel=\"noopener\">Cren\u00e7as lingu\u00edsticas na (des\/re)constru\u00e7\u00e3o das identidades dos professores de l\u00edngua em forma\u00e7\u00e3o no curso de Licenciatura em Letras da UEPG<\/a><\/td>\n<td valign=\"top\">Simone Sousa Borges<\/td>\n<td valign=\"top\" height=\"25\">Let\u00edcia Fraga<\/td>\n<\/tr>\n<\/tbody>\n<\/table>\n\t\t\t\t<\/div>\n\t\t\t<\/div>\n\t\t<\/div>\n\t\t<\/div>\n<\/div>\n<\/div><\/div><\/div><\/div><\/div>","protected":false},"excerpt":{"rendered":"<p>2020 2020 T\u00edtulo Autor Orientador A possibilidade de movimento e a persist\u00eancia da falha em O Lustre e A Ma\u00e7\u00e3 no Escuro, de CLARICE LISPECTOR William Fernandes de Oliveira Keli Cristina Pacheco &nbsp; 2019 2019 T\u00edtulo Autor Orientador Aspectos pragm\u00e1tico-cognitivos da interpreta\u00e7\u00e3o humor\u00edstica Ericiane Marilisa de Ramos Sebasti\u00e3o Louren\u00e7o dos Santos A percep\u00e7\u00e3o de docentes&nbsp;&hellip;<\/p>\n","protected":false},"author":24,"featured_media":0,"parent":0,"menu_order":0,"comment_status":"closed","ping_status":"closed","template":"page-templates\/page-with-right-sidebar.php","meta":[],"_links":{"self":[{"href":"https:\/\/www2.uepg.br\/ppgel\/wp-json\/wp\/v2\/pages\/767"}],"collection":[{"href":"https:\/\/www2.uepg.br\/ppgel\/wp-json\/wp\/v2\/pages"}],"about":[{"href":"https:\/\/www2.uepg.br\/ppgel\/wp-json\/wp\/v2\/types\/page"}],"author":[{"embeddable":true,"href":"https:\/\/www2.uepg.br\/ppgel\/wp-json\/wp\/v2\/users\/24"}],"replies":[{"embeddable":true,"href":"https:\/\/www2.uepg.br\/ppgel\/wp-json\/wp\/v2\/comments?post=767"}],"version-history":[{"count":2,"href":"https:\/\/www2.uepg.br\/ppgel\/wp-json\/wp\/v2\/pages\/767\/revisions"}],"predecessor-version":[{"id":769,"href":"https:\/\/www2.uepg.br\/ppgel\/wp-json\/wp\/v2\/pages\/767\/revisions\/769"}],"wp:attachment":[{"href":"https:\/\/www2.uepg.br\/ppgel\/wp-json\/wp\/v2\/media?parent=767"}],"curies":[{"name":"wp","href":"https:\/\/api.w.org\/{rel}","templated":true}]}}