{"id":782,"date":"2020-06-17T13:36:03","date_gmt":"2020-06-17T16:36:03","guid":{"rendered":"http:\/\/www2.uepg.br\/ppgel\/?page_id=782"},"modified":"2020-06-17T13:36:03","modified_gmt":"2020-06-17T16:36:03","slug":"dissertation-defenses","status":"publish","type":"page","link":"https:\/\/www2.uepg.br\/ppgel\/en\/dissertation-defenses\/","title":{"rendered":"Dissertation Defenses"},"content":{"rendered":"<div id=\"pl-782\"  class=\"panel-layout\" ><div id=\"pg-782-0\"  class=\"panel-grid panel-no-style\" ><div id=\"pgc-782-0-0\"  class=\"panel-grid-cell\" ><div id=\"panel-782-0-0-0\" class=\"so-panel widget widget_sow-accordion panel-first-child panel-last-child\" data-index=\"0\" ><div\n\t\t\t\n\t\t\tclass=\"so-widget-sow-accordion so-widget-sow-accordion-default-03b34fb01ae6-782\"\n\t\t\t\n\t\t><div>\n\t<div class=\"sow-accordion\">\n\t\t\t<div class=\"sow-accordion-panel\"\n\t\t\t data-anchor=\"2020\">\n\t\t\t\t<div class=\"sow-accordion-panel-header-container\" role=\"heading\" aria-level=\"2\">\n\t\t\t\t\t<div class=\"sow-accordion-panel-header\" tabindex=\"0\" role=\"button\" id=\"accordion-label-2020\" aria-controls=\"accordion-content-2020\" aria-expanded=\"false\">\n\t\t\t\t\t\t<div class=\"sow-accordion-title sow-accordion-title-icon-left\">\n\t\t\t\t\t\t\t\t\t\t\t\t\t\t2020\t\t\t\t\t\t\t\t\t\t\t\t\t<\/div>\n\t\t\t\t\t\t<div class=\"sow-accordion-open-close-button\">\n\t\t\t\t\t\t\t<div class=\"sow-accordion-open-button\">\n\t\t\t\t\t\t\t\t<span class=\"sow-icon-ionicons\" data-sow-icon=\"&#xf218;\"\n\t\t \n\t\taria-hidden=\"true\"><\/span>\t\t\t\t\t\t\t<\/div>\n\t\t\t\t\t\t\t<div class=\"sow-accordion-close-button\">\n\t\t\t\t\t\t\t\t<span class=\"sow-icon-ionicons\" data-sow-icon=\"&#xf209;\"\n\t\t \n\t\taria-hidden=\"true\"><\/span>\t\t\t\t\t\t\t<\/div>\n\t\t\t\t\t\t<\/div>\n\t\t\t\t\t<\/div>\n\t\t\t\t<\/div>\n\n\t\t\t<div\n\t\t\t\tclass=\"sow-accordion-panel-content\"\n\t\t\t\trole=\"region\"\n\t\t\t\taria-labelledby=\"accordion-label-2020\"\n\t\t\t\tid=\"accordion-content-2020\"\n\t\t\t\tstyle=\"display: none;\"\t\t\t>\n\t\t\t\t<div class=\"sow-accordion-panel-border\" tabindex=\"0\">\n\t\t\t\t\t<p><strong>Convite para defesa - 2020<\/strong><\/p>\n<p>-<a href=\"http:\/\/www2.uepg.br\/ppgel\/wp-content\/uploads\/sites\/68\/2020\/06\/BEATRICE_-_convite.pdf\" target=\"_blank\" rel=\"noopener\">Beatrice Elaine dos Santos<\/a><\/p>\n<p>-<a href=\"http:\/\/www2.uepg.br\/ppgel\/wp-content\/uploads\/sites\/68\/2020\/06\/convite_WILLIAN-_corrigido.pdf\" target=\"_blank\" rel=\"noopener\">Willian Mainardes Waiga<\/a><\/p>\n<p>-<a href=\"http:\/\/www2.uepg.br\/ppgel\/wp-content\/uploads\/sites\/68\/2020\/05\/WILLIAN_FERNANDES.pdf\" target=\"_blank\" rel=\"noopener\">Willian Fernandes de Oliveira<\/a><\/p>\n<p>-<a href=\"http:\/\/www2.uepg.br\/ppgel\/wp-content\/uploads\/sites\/68\/2020\/05\/YANE.pdf\" target=\"_blank\" rel=\"noopener\">Yane Scavinski<\/a>\u00a0NOVA DATA<\/p>\n<p>-<a href=\"http:\/\/www2.uepg.br\/ppgel\/wp-content\/uploads\/sites\/68\/2020\/05\/aline.pdf\" target=\"_blank\" rel=\"noopener\">Aline Cezar Schwab<\/a><\/p>\n<p>-<a href=\"http:\/\/www2.uepg.br\/ppgel\/wp-content\/uploads\/sites\/68\/2020\/05\/HELLEN.pdf\" target=\"_blank\" rel=\"noopener\">Hellen Terluk Gnatta<\/a><\/p>\n<p>&nbsp;<\/p>\n\t\t\t\t<\/div>\n\t\t\t<\/div>\n\t\t<\/div>\n\t\t\t<div class=\"sow-accordion-panel\"\n\t\t\t data-anchor=\"2019\">\n\t\t\t\t<div class=\"sow-accordion-panel-header-container\" role=\"heading\" aria-level=\"2\">\n\t\t\t\t\t<div class=\"sow-accordion-panel-header\" tabindex=\"0\" role=\"button\" id=\"accordion-label-2019\" aria-controls=\"accordion-content-2019\" aria-expanded=\"false\">\n\t\t\t\t\t\t<div class=\"sow-accordion-title sow-accordion-title-icon-left\">\n\t\t\t\t\t\t\t\t\t\t\t\t\t\t2019\t\t\t\t\t\t\t\t\t\t\t\t\t<\/div>\n\t\t\t\t\t\t<div class=\"sow-accordion-open-close-button\">\n\t\t\t\t\t\t\t<div class=\"sow-accordion-open-button\">\n\t\t\t\t\t\t\t\t<span class=\"sow-icon-ionicons\" data-sow-icon=\"&#xf218;\"\n\t\t \n\t\taria-hidden=\"true\"><\/span>\t\t\t\t\t\t\t<\/div>\n\t\t\t\t\t\t\t<div class=\"sow-accordion-close-button\">\n\t\t\t\t\t\t\t\t<span class=\"sow-icon-ionicons\" data-sow-icon=\"&#xf209;\"\n\t\t \n\t\taria-hidden=\"true\"><\/span>\t\t\t\t\t\t\t<\/div>\n\t\t\t\t\t\t<\/div>\n\t\t\t\t\t<\/div>\n\t\t\t\t<\/div>\n\n\t\t\t<div\n\t\t\t\tclass=\"sow-accordion-panel-content\"\n\t\t\t\trole=\"region\"\n\t\t\t\taria-labelledby=\"accordion-label-2019\"\n\t\t\t\tid=\"accordion-content-2019\"\n\t\t\t\tstyle=\"display: none;\"\t\t\t>\n\t\t\t\t<div class=\"sow-accordion-panel-border\" tabindex=\"0\">\n\t\t\t\t\t<p><strong>Convite para defesa - 2019<\/strong><br \/>\n-<a href=\"http:\/\/www2.uepg.br\/ppgel\/wp-content\/uploads\/sites\/68\/2020\/05\/Juliana.pdf\" target=\"_blank\" rel=\"noopener\">Juliana Ristow Weiz<\/a><br \/>\n-<a href=\"http:\/\/www2.uepg.br\/ppgel\/wp-content\/uploads\/sites\/68\/2020\/05\/RAMON.pdf\" target=\"_blank\" rel=\"noopener\">Ramon Guillermo Mendes<\/a><br \/>\n- <a href=\"http:\/\/www2.uepg.br\/ppgel\/wp-content\/uploads\/sites\/68\/2020\/05\/EDUARDO.pdf\" target=\"_blank\" rel=\"noopener\">Eduardo Reis de Mello<\/a><br \/>\n- <a href=\"http:\/\/www2.uepg.br\/ppgel\/wp-content\/uploads\/sites\/68\/2020\/05\/KARINE.pdf\" target=\"_blank\" rel=\"noopener\">Karine Mathias D\u00f6ll<\/a><br \/>\n- <a href=\"http:\/\/www2.uepg.br\/ppgel\/wp-content\/uploads\/sites\/68\/2020\/05\/JESSICA.pdf\" target=\"_blank\" rel=\"noopener\">J\u00e9ssica Martins Ara\u00fajo<\/a>\u00a0- RETIFICA\u00c7\u00c3O DE LOCAL<a href=\"https:\/\/www.uepg.br\/mestrados\/mestradolinguagem\/pdf\/2019\/JESSICA.pdf\" target=\"_blank\" rel=\"noopener\"><br \/>\n<\/a>- <a href=\"http:\/\/www2.uepg.br\/ppgel\/wp-content\/uploads\/sites\/68\/2020\/05\/Bianca.pdf\" target=\"_blank\" rel=\"noopener\">Bianca Meira Lopes<\/a><br \/>\n- <a href=\"http:\/\/www2.uepg.br\/ppgel\/wp-content\/uploads\/sites\/68\/2020\/05\/JANEFFER.pdf\" target=\"_blank\" rel=\"noopener\">Janeffer Desselman<\/a><br \/>\n- <a href=\"http:\/\/www2.uepg.br\/ppgel\/wp-content\/uploads\/sites\/68\/2020\/05\/ISABEL.pdf\" target=\"_blank\" rel=\"noopener\">Isabel Cristina Bichinski<\/a><br \/>\n-\u00a0 <a href=\"http:\/\/www2.uepg.br\/ppgel\/wp-content\/uploads\/sites\/68\/2020\/05\/IZABEL.pdf\" target=\"_blank\" rel=\"noopener\">Izabel Sandra de Lima<\/a>- RETIFICADO<br \/>\n- <a href=\"http:\/\/www2.uepg.br\/ppgel\/wp-content\/uploads\/sites\/68\/2020\/05\/KEILA.pdf\" target=\"_blank\" rel=\"noopener\">Keila de Oliveira<\/a><br \/>\n- <a href=\"http:\/\/www2.uepg.br\/ppgel\/wp-content\/uploads\/sites\/68\/2020\/05\/ERICIANE.pdf\">Ericiane Marilisa Ramos<\/a><br \/>\n- <a href=\"http:\/\/www2.uepg.br\/ppgel\/wp-content\/uploads\/sites\/68\/2020\/05\/IUGUSL\u00c1VIA.pdf\">Iugusl\u00e1via Jales Dutra<\/a><br \/>\n- <a href=\"http:\/\/www2.uepg.br\/ppgel\/wp-content\/uploads\/sites\/68\/2020\/05\/LET\u00cdCIA_SCHAVAREM.pdf\">Let\u00edcia do Nascimento Schavarem<\/a><br \/>\n- <a href=\"http:\/\/www2.uepg.br\/ppgel\/wp-content\/uploads\/sites\/68\/2020\/05\/VILMAR.pdf\">Vilmar Junior Wrobel<\/a>\u00a0- RETIFICA\u00c7\u00c3O DO HOR\u00c1RIO<br \/>\n- <a href=\"http:\/\/www2.uepg.br\/ppgel\/wp-content\/uploads\/sites\/68\/2020\/05\/LAURA.pdf\">Laura Cardona Zapata<\/a><br \/>\n- <a href=\"http:\/\/www2.uepg.br\/ppgel\/wp-content\/uploads\/sites\/68\/2020\/05\/EVELIN.pdf\">Evelin Seluchiniak Nunes<\/a><br \/>\n- <a href=\"http:\/\/www2.uepg.br\/ppgel\/wp-content\/uploads\/sites\/68\/2020\/05\/Amanda-Poncio.pdf\">Amanda Poncio<\/a><br \/>\n-<a href=\"http:\/\/www2.uepg.br\/ppgel\/wp-content\/uploads\/sites\/68\/2020\/05\/Joelma.pdf\">\u00a0Joelma de Souza Rocha<\/a>\u00a0- ALTERA\u00c7\u00c3O DE DATA<br \/>\n-\u00a0 <a href=\"http:\/\/www2.uepg.br\/ppgel\/wp-content\/uploads\/sites\/68\/2020\/05\/LET\u00cdCIA_GALV\u00c3O.pdf\">Let\u00edcia de Oliveira Galv\u00e3o<\/a>- RETIFICA\u00c7\u00c3O DO HOR\u00c1RIO<br \/>\n- <a href=\"http:\/\/www2.uepg.br\/ppgel\/wp-content\/uploads\/sites\/68\/2020\/05\/JO\u00c3O_ISRAEL.pdf\">Jo\u00e3o Israel Ribeiro<\/a>\u00a0- RETIFICA\u00c7\u00c3O DO LOCAL<br \/>\n- <a href=\"http:\/\/www2.uepg.br\/ppgel\/wp-content\/uploads\/sites\/68\/2020\/05\/MARIANO.pdf\">Mariano Jeferson Teixeira<\/a><br \/>\n- <a href=\"http:\/\/www2.uepg.br\/ppgel\/wp-content\/uploads\/sites\/68\/2020\/05\/FELIPE_TEODORO.pdf\">Felipe Teodoro Silva<\/a><br \/>\n- <a href=\"http:\/\/www2.uepg.br\/ppgel\/wp-content\/uploads\/sites\/68\/2020\/05\/JOS\u00c9_LU\u00cdS.pdf\">Jos\u00e9 Lu\u00eds Schamne<\/a><br \/>\n- <a href=\"http:\/\/www2.uepg.br\/ppgel\/wp-content\/uploads\/sites\/68\/2020\/05\/VANESSA.pdf\">Vanessa Aparecida Oliveira<\/a><br \/>\n- <a href=\"http:\/\/www2.uepg.br\/ppgel\/wp-content\/uploads\/sites\/68\/2020\/05\/VICTOR.pdf\">Victor Ricardo Romero Masgo<\/a><br \/>\n- <a href=\"http:\/\/www2.uepg.br\/ppgel\/wp-content\/uploads\/sites\/68\/2020\/05\/EMILIANE.pdf\">Emiliane Jaschefsky<\/a>\u00a0- RETIFICA\u00c7\u00c3O DO HOR\u00c1RIO<br \/>\n- <a href=\"http:\/\/www2.uepg.br\/ppgel\/wp-content\/uploads\/sites\/68\/2020\/05\/IVETE.pdf\" target=\"_blank\" rel=\"noopener\">Ivete Oczust Nitek<\/a><br \/>\n-<a href=\"http:\/\/www2.uepg.br\/ppgel\/wp-content\/uploads\/sites\/68\/2020\/05\/FRANCIELE.pdf\">\u00a0Franciele Lubina Kraiczek<\/a><br \/>\n- <a href=\"http:\/\/www2.uepg.br\/ppgel\/wp-content\/uploads\/sites\/68\/2020\/05\/JESSICA_LEVANDOWSKI.pdf\">J\u00e9ssica de F\u00e1tima Levandowski<\/a>\u00a0- NOVA DATA E LOCAL<br \/>\n- <a href=\"http:\/\/www2.uepg.br\/ppgel\/wp-content\/uploads\/sites\/68\/2020\/05\/TATIANE_.pdf\">Tatiane Horst Cardoso<\/a><br \/>\n- <a href=\"http:\/\/www2.uepg.br\/ppgel\/wp-content\/uploads\/sites\/68\/2020\/05\/ALINE_ROSKOSZ.pdf\">Aline Gisele Roskosz Bittencourt<\/a><br \/>\n- <a href=\"http:\/\/www2.uepg.br\/ppgel\/wp-content\/uploads\/sites\/68\/2020\/05\/CLAUDIA_MARIA.pdf\">Claudia Maria Andrade Skrzypietz<\/a><\/p>\n\t\t\t\t<\/div>\n\t\t\t<\/div>\n\t\t<\/div>\n\t\t\t<div class=\"sow-accordion-panel\"\n\t\t\t data-anchor=\"2018\">\n\t\t\t\t<div class=\"sow-accordion-panel-header-container\" role=\"heading\" aria-level=\"2\">\n\t\t\t\t\t<div class=\"sow-accordion-panel-header\" tabindex=\"0\" role=\"button\" id=\"accordion-label-2018\" aria-controls=\"accordion-content-2018\" aria-expanded=\"false\">\n\t\t\t\t\t\t<div class=\"sow-accordion-title sow-accordion-title-icon-left\">\n\t\t\t\t\t\t\t\t\t\t\t\t\t\t2018\t\t\t\t\t\t\t\t\t\t\t\t\t<\/div>\n\t\t\t\t\t\t<div class=\"sow-accordion-open-close-button\">\n\t\t\t\t\t\t\t<div class=\"sow-accordion-open-button\">\n\t\t\t\t\t\t\t\t<span class=\"sow-icon-ionicons\" data-sow-icon=\"&#xf218;\"\n\t\t \n\t\taria-hidden=\"true\"><\/span>\t\t\t\t\t\t\t<\/div>\n\t\t\t\t\t\t\t<div class=\"sow-accordion-close-button\">\n\t\t\t\t\t\t\t\t<span class=\"sow-icon-ionicons\" data-sow-icon=\"&#xf209;\"\n\t\t \n\t\taria-hidden=\"true\"><\/span>\t\t\t\t\t\t\t<\/div>\n\t\t\t\t\t\t<\/div>\n\t\t\t\t\t<\/div>\n\t\t\t\t<\/div>\n\n\t\t\t<div\n\t\t\t\tclass=\"sow-accordion-panel-content\"\n\t\t\t\trole=\"region\"\n\t\t\t\taria-labelledby=\"accordion-label-2018\"\n\t\t\t\tid=\"accordion-content-2018\"\n\t\t\t\tstyle=\"display: none;\"\t\t\t>\n\t\t\t\t<div class=\"sow-accordion-panel-border\" tabindex=\"0\">\n\t\t\t\t\t<p><strong>Convite para defesa - 2018<\/strong><br \/>\n- <a href=\"http:\/\/www2.uepg.br\/ppgel\/wp-content\/uploads\/sites\/68\/2020\/05\/ALICE.pdf\">Alice Joc\u00e9lia Schlem<\/a><br \/>\n- <a href=\"http:\/\/www2.uepg.br\/ppgel\/wp-content\/uploads\/sites\/68\/2020\/05\/PAOLA-GOMES.pdf\">Paola de Souza Gomes Deganutti\u00a0<\/a>- RETIFICA\u00c7\u00c3O DE LOCAL<br \/>\n- <a href=\"http:\/\/www2.uepg.br\/ppgel\/wp-content\/uploads\/sites\/68\/2020\/05\/PAOLA-ONIESKO.pdf\">Paola Clarinda de Freitas Oniesko<\/a><br \/>\n- <a href=\"http:\/\/www2.uepg.br\/ppgel\/wp-content\/uploads\/sites\/68\/2020\/05\/ADRIELE.pdf\">Adriele Siqueira<\/a>\u00a0- RETIFICA\u00c7\u00c3O DE LOCAL<br \/>\n- <a href=\"http:\/\/www2.uepg.br\/ppgel\/wp-content\/uploads\/sites\/68\/2020\/05\/THIAGO.pdf\">Thiago Bittencourt<\/a><br \/>\n- <a href=\"http:\/\/www2.uepg.br\/ppgel\/wp-content\/uploads\/sites\/68\/2020\/05\/SUZIMARA.pdf\">Suzimara Ferreira de Souza<\/a>\u00a0- RETIFICADO<br \/>\n- <a href=\"http:\/\/www2.uepg.br\/ppgel\/wp-content\/uploads\/sites\/68\/2020\/05\/SIMONE.pdf\">Simone Bueno<\/a><br \/>\n- <a href=\"http:\/\/www2.uepg.br\/ppgel\/wp-content\/uploads\/sites\/68\/2020\/05\/RODRIGO.pdf\">Rodrigo Mazer Etto<\/a><br \/>\n- <a href=\"http:\/\/www2.uepg.br\/ppgel\/wp-content\/uploads\/sites\/68\/2020\/05\/MIRELY.pdf\">Mirely Christina Dimbarre\u00a0<\/a>NOVA DATA<br \/>\n- <a href=\"http:\/\/www2.uepg.br\/ppgel\/wp-content\/uploads\/sites\/68\/2020\/05\/MEIRE.pdf\">Meire Anne Alves Bochnia<\/a><br \/>\n- <a href=\"http:\/\/www2.uepg.br\/ppgel\/wp-content\/uploads\/sites\/68\/2020\/05\/REGIANE.pdf\">Regiane de F\u00e1tima Siqueira Alberti<\/a><br \/>\n- <a href=\"http:\/\/www2.uepg.br\/ppgel\/wp-content\/uploads\/sites\/68\/2020\/05\/REGIANE-FERREIRA.pdf\">Regiane Maria Ferreira<\/a>\u00a0- NOVA DATA<br \/>\n- <a href=\"http:\/\/www2.uepg.br\/ppgel\/wp-content\/uploads\/sites\/68\/2020\/05\/PATR\u00cdCIA.pdf\">Patr\u00edcia Ferraz Saeki<\/a><br \/>\n- <a href=\"http:\/\/www2.uepg.br\/ppgel\/wp-content\/uploads\/sites\/68\/2020\/05\/REINALDO.pdf\">Reinaldo Carneiro<\/a><br \/>\n- <a href=\"http:\/\/www2.uepg.br\/ppgel\/wp-content\/uploads\/sites\/68\/2020\/05\/TEMITOPE.pdf\">Temitope Jane Aransiola<\/a><\/p>\n\t\t\t\t<\/div>\n\t\t\t<\/div>\n\t\t<\/div>\n\t\t\t<div class=\"sow-accordion-panel\"\n\t\t\t data-anchor=\"2017\">\n\t\t\t\t<div class=\"sow-accordion-panel-header-container\" role=\"heading\" aria-level=\"2\">\n\t\t\t\t\t<div class=\"sow-accordion-panel-header\" tabindex=\"0\" role=\"button\" id=\"accordion-label-2017\" aria-controls=\"accordion-content-2017\" aria-expanded=\"false\">\n\t\t\t\t\t\t<div class=\"sow-accordion-title sow-accordion-title-icon-left\">\n\t\t\t\t\t\t\t\t\t\t\t\t\t\t2017\t\t\t\t\t\t\t\t\t\t\t\t\t<\/div>\n\t\t\t\t\t\t<div class=\"sow-accordion-open-close-button\">\n\t\t\t\t\t\t\t<div class=\"sow-accordion-open-button\">\n\t\t\t\t\t\t\t\t<span class=\"sow-icon-ionicons\" data-sow-icon=\"&#xf218;\"\n\t\t \n\t\taria-hidden=\"true\"><\/span>\t\t\t\t\t\t\t<\/div>\n\t\t\t\t\t\t\t<div class=\"sow-accordion-close-button\">\n\t\t\t\t\t\t\t\t<span class=\"sow-icon-ionicons\" data-sow-icon=\"&#xf209;\"\n\t\t \n\t\taria-hidden=\"true\"><\/span>\t\t\t\t\t\t\t<\/div>\n\t\t\t\t\t\t<\/div>\n\t\t\t\t\t<\/div>\n\t\t\t\t<\/div>\n\n\t\t\t<div\n\t\t\t\tclass=\"sow-accordion-panel-content\"\n\t\t\t\trole=\"region\"\n\t\t\t\taria-labelledby=\"accordion-label-2017\"\n\t\t\t\tid=\"accordion-content-2017\"\n\t\t\t\tstyle=\"display: none;\"\t\t\t>\n\t\t\t\t<div class=\"sow-accordion-panel-border\" tabindex=\"0\">\n\t\t\t\t\t<p>Convite para defesa - Setembro 2017<br \/>\n- <a href=\"http:\/\/www2.uepg.br\/ppgel\/wp-content\/uploads\/sites\/68\/2020\/05\/CAMILLE.pdf\" target=\"_blank\" rel=\"noopener\">Camille Ferreira<\/a><br \/>\n- <a href=\"http:\/\/www2.uepg.br\/ppgel\/wp-content\/uploads\/sites\/68\/2020\/05\/RHUAN.pdf\">Rhuan Felipe Scoma\u00e7\u00e3o da Silva<\/a><br \/>\n- <a href=\"http:\/\/www2.uepg.br\/ppgel\/wp-content\/uploads\/sites\/68\/2020\/05\/PHELLIP.pdf\">Phellip Willian de Paula Gruber<\/a><br \/>\n- <a href=\"http:\/\/www2.uepg.br\/ppgel\/wp-content\/uploads\/sites\/68\/2020\/05\/CAROLINA.pdf\">Carolina Correia Machado<\/a><br \/>\n- <a href=\"http:\/\/www2.uepg.br\/ppgel\/wp-content\/uploads\/sites\/68\/2020\/05\/JEANINE.pdf\">Jeanine Geraldo Javarez<\/a><br \/>\n- <a href=\"http:\/\/www2.uepg.br\/ppgel\/wp-content\/uploads\/sites\/68\/2020\/05\/EMANUELLE.-1.pdf\">Emanuelle Alves Adacheski<\/a><br \/>\n- <a href=\"http:\/\/www2.uepg.br\/ppgel\/wp-content\/uploads\/sites\/68\/2020\/05\/JOS\u00c9.pdf\">Jos\u00e9 Wander de Paula\u00a0<\/a>(alterado)<\/p>\n<p>Convite para defesa - Maio 2017<br \/>\n- <a href=\"http:\/\/www2.uepg.br\/ppgel\/wp-content\/uploads\/sites\/68\/2020\/05\/RENAN.pdf\">Renan Fagundes de Souza<\/a><br \/>\n- <a href=\"http:\/\/www2.uepg.br\/ppgel\/wp-content\/uploads\/sites\/68\/2020\/05\/DAIANE.pdf\">Daiane Franciele Morais de Quadro<\/a><br \/>\n- <a href=\"http:\/\/www2.uepg.br\/ppgel\/wp-content\/uploads\/sites\/68\/2020\/05\/MARIVETE.pdf\">Marivete Souta<\/a><br \/>\n- <a href=\"http:\/\/www2.uepg.br\/ppgel\/wp-content\/uploads\/sites\/68\/2020\/05\/ALEXANDRA.pdf\">Alexandra Nunes Santana<\/a>-<\/p>\n<p><a href=\"http:\/\/www2.uepg.br\/ppgel\/wp-content\/uploads\/sites\/68\/2020\/05\/ELLEN-NOVA-DATA.pdf\">Ellen Petrech Vasconcelos<\/a>- NOVA DATA<\/p>\n<p>Convite para defesa - Abril 2017<br \/>\n- <a href=\"http:\/\/www2.uepg.br\/ppgel\/wp-content\/uploads\/sites\/68\/2020\/05\/ELLEN.pdf\">Ellen Petrech Vasconcelos<\/a><br \/>\n- <a href=\"http:\/\/www2.uepg.br\/ppgel\/wp-content\/uploads\/sites\/68\/2020\/05\/VANESSA-1.pdf\">Vanessa Makohin Costa Rosa<\/a><br \/>\n- <a href=\"http:\/\/www2.uepg.br\/ppgel\/wp-content\/uploads\/sites\/68\/2020\/05\/TANIA.pdf\">T\u00e2nia Frugiuele Soares Coutinho<\/a><\/p>\n<p>Convite para defesa - Mar\u00e7o 2017<br \/>\n- <a href=\"http:\/\/www2.uepg.br\/ppgel\/wp-content\/uploads\/sites\/68\/2020\/05\/SILVELY.pdf\">Silvely Brandes<\/a><strong><br \/>\n- <\/strong><a href=\"http:\/\/www2.uepg.br\/ppgel\/wp-content\/uploads\/sites\/68\/2020\/05\/ROSANA.pdf\">Rosana Aparecida R. de Sene<\/a><strong><br \/>\n- <\/strong><a href=\"http:\/\/www2.uepg.br\/ppgel\/wp-content\/uploads\/sites\/68\/2020\/05\/PAULA.pdf\">Paula Starke<\/a><strong><br \/>\n- <\/strong><a href=\"http:\/\/www2.uepg.br\/ppgel\/wp-content\/uploads\/sites\/68\/2020\/05\/MICHELE.pdf\">Michele Padilha Santa Clara<\/a><br \/>\n- <a href=\"http:\/\/www2.uepg.br\/ppgel\/wp-content\/uploads\/sites\/68\/2020\/05\/ROBSON.pdf\">Robson Jos\u00e9 Cust\u00f3dio<\/a><br \/>\n- <a href=\"http:\/\/www2.uepg.br\/ppgel\/wp-content\/uploads\/sites\/68\/2020\/05\/LUCIANA.pdf\">Luciana Asadczuk<\/a><br \/>\n- <a href=\"http:\/\/www2.uepg.br\/ppgel\/wp-content\/uploads\/sites\/68\/2020\/05\/C\u00c9LIA-GAUDEDA.pdf\">C\u00e9lia Gaudeda<\/a><br \/>\n- <a href=\"http:\/\/www2.uepg.br\/ppgel\/wp-content\/uploads\/sites\/68\/2020\/05\/RODRIGO-1.pdf\">Rodrigo da Silva Tom\u00e9<\/a><br \/>\n- <a href=\"http:\/\/www2.uepg.br\/ppgel\/wp-content\/uploads\/sites\/68\/2020\/05\/FRANCINE.pdf\">Francine Mari\u00ea Alves Higashi<\/a><\/p>\n\t\t\t\t<\/div>\n\t\t\t<\/div>\n\t\t<\/div>\n\t\t\t<div class=\"sow-accordion-panel\"\n\t\t\t data-anchor=\"2016\">\n\t\t\t\t<div class=\"sow-accordion-panel-header-container\" role=\"heading\" aria-level=\"2\">\n\t\t\t\t\t<div class=\"sow-accordion-panel-header\" tabindex=\"0\" role=\"button\" id=\"accordion-label-2016\" aria-controls=\"accordion-content-2016\" aria-expanded=\"false\">\n\t\t\t\t\t\t<div class=\"sow-accordion-title sow-accordion-title-icon-left\">\n\t\t\t\t\t\t\t\t\t\t\t\t\t\t2016\t\t\t\t\t\t\t\t\t\t\t\t\t<\/div>\n\t\t\t\t\t\t<div class=\"sow-accordion-open-close-button\">\n\t\t\t\t\t\t\t<div class=\"sow-accordion-open-button\">\n\t\t\t\t\t\t\t\t<span class=\"sow-icon-ionicons\" data-sow-icon=\"&#xf218;\"\n\t\t \n\t\taria-hidden=\"true\"><\/span>\t\t\t\t\t\t\t<\/div>\n\t\t\t\t\t\t\t<div class=\"sow-accordion-close-button\">\n\t\t\t\t\t\t\t\t<span class=\"sow-icon-ionicons\" data-sow-icon=\"&#xf209;\"\n\t\t \n\t\taria-hidden=\"true\"><\/span>\t\t\t\t\t\t\t<\/div>\n\t\t\t\t\t\t<\/div>\n\t\t\t\t\t<\/div>\n\t\t\t\t<\/div>\n\n\t\t\t<div\n\t\t\t\tclass=\"sow-accordion-panel-content\"\n\t\t\t\trole=\"region\"\n\t\t\t\taria-labelledby=\"accordion-label-2016\"\n\t\t\t\tid=\"accordion-content-2016\"\n\t\t\t\tstyle=\"display: none;\"\t\t\t>\n\t\t\t\t<div class=\"sow-accordion-panel-border\" tabindex=\"0\">\n\t\t\t\t\t<p>Convite para defesa - Outubro 2016<\/p>\n<p><a href=\"http:\/\/www2.uepg.br\/ppgel\/wp-content\/uploads\/sites\/68\/2020\/05\/Mayara.pdf\" target=\"_blank\" rel=\"noopener\">Mayara da Silva Bueno<\/a><\/p>\n<p><a href=\"http:\/\/www2.uepg.br\/ppgel\/wp-content\/uploads\/sites\/68\/2020\/05\/CARLA-SIMONE.pdf\" target=\"_blank\" rel=\"noopener\">Carla Simone Silva<\/a><\/p>\n<p><a href=\"http:\/\/www2.uepg.br\/ppgel\/wp-content\/uploads\/sites\/68\/2020\/05\/merylin.pdf\" target=\"_blank\" rel=\"noopener\">Merylin Ricieli dos Santos<\/a><\/p>\n<p><a href=\"http:\/\/www2.uepg.br\/ppgel\/wp-content\/uploads\/sites\/68\/2020\/05\/LENNON.pdf\" target=\"_blank\" rel=\"noopener\">Lennon Moraes Joanico<\/a><\/p>\n<p>&nbsp;<\/p>\n<p>Convite para defesa - Setembro 2016<\/p>\n<p><a href=\"http:\/\/www2.uepg.br\/ppgel\/wp-content\/uploads\/sites\/68\/2020\/05\/ALEJANDRO.pdf\" target=\"_blank\" rel=\"noopener\">Alejandro N\u00e9stor Lorenzetti<\/a><\/p>\n<p><a href=\"http:\/\/www2.uepg.br\/ppgel\/wp-content\/uploads\/sites\/68\/2020\/05\/\u00c9DINA.pdf\" target=\"_blank\" rel=\"noopener\">\u00c9dina Aparecida da Silva<\/a><\/p>\n<p><a href=\"http:\/\/www2.uepg.br\/ppgel\/wp-content\/uploads\/sites\/68\/2020\/05\/LEONILCE.pdf\" target=\"_blank\" rel=\"noopener\">Leonilce de Lara Ferreira<\/a><\/p>\n<p><a href=\"http:\/\/www2.uepg.br\/ppgel\/wp-content\/uploads\/sites\/68\/2020\/05\/HELO\u00cdSA.pdf\" target=\"_blank\" rel=\"noopener\">Convite para defesa - Agosto 2016<\/a><\/p>\n<p>&nbsp;<\/p>\n<p>Convite para defesa - Junho 2016<\/p>\n<p><a href=\"http:\/\/www2.uepg.br\/ppgel\/wp-content\/uploads\/sites\/68\/2020\/05\/PRISCILA.pdf\" target=\"_blank\" rel=\"noopener\">Priscila Barbosa Ribas Ansbach<\/a><\/p>\n<p><a href=\"http:\/\/www2.uepg.br\/ppgel\/wp-content\/uploads\/sites\/68\/2020\/05\/RODRIGO-2.pdf\" target=\"_blank\" rel=\"noopener\">Rodrigo Gon\u00e7alves Sobrinho<\/a><\/p>\n<p><a href=\"http:\/\/www2.uepg.br\/ppgel\/wp-content\/uploads\/sites\/68\/2020\/05\/SEBASTI\u00c3O.pdf\" target=\"_blank\" rel=\"noopener\">Sebasti\u00e3o Nat\u00e1lio da Silva Filho<\/a><\/p>\n<p>&nbsp;<\/p>\n<p><a href=\"http:\/\/www2.uepg.br\/ppgel\/wp-content\/uploads\/sites\/68\/2020\/05\/H\u00c9LITON.pdf\" target=\"_blank\" rel=\"noopener\">Convite para defesa - Abril 2016<\/a><\/p>\n<p><a href=\"http:\/\/www2.uepg.br\/ppgel\/wp-content\/uploads\/sites\/68\/2020\/05\/WALDINEY.pdf\" target=\"_blank\" rel=\"noopener\">Convite para defesa - Abril 2016<\/a><\/p>\n<p><a href=\"http:\/\/www2.uepg.br\/ppgel\/wp-content\/uploads\/sites\/68\/2020\/05\/DEFESA-DO-DELEON.pdf\" target=\"_blank\" rel=\"noopener\">Convite para defesa - Abril 2016<\/a><\/p>\n<p><a href=\"http:\/\/www2.uepg.br\/ppgel\/wp-content\/uploads\/sites\/68\/2020\/05\/CLEONICE.pdf\" target=\"_blank\" rel=\"noopener\">Convite para defesa - Mar\u00e7o 2016<\/a><\/p>\n<p><a href=\"http:\/\/www2.uepg.br\/ppgel\/wp-content\/uploads\/sites\/68\/2020\/05\/DEFESA-ROSEN\u00c9IA.pdf\" target=\"_blank\" rel=\"noopener\">Convite para defesa - Mar\u00e7o 2016<\/a><\/p>\n<p><a href=\"http:\/\/www2.uepg.br\/ppgel\/wp-content\/uploads\/sites\/68\/2020\/05\/ConviteDefesaMarc.pdf\">Convite para defesas - Mar\u00e7o 2016<\/a><\/p>\n<p><a href=\"http:\/\/www2.uepg.br\/ppgel\/wp-content\/uploads\/sites\/68\/2020\/05\/ConviteDefesaFev.pdf\" target=\"_blank\" rel=\"noopener\">Convite para defesa - Fevereiro 2016<\/a><\/p>\n\t\t\t\t<\/div>\n\t\t\t<\/div>\n\t\t<\/div>\n\t\t\t<div class=\"sow-accordion-panel\"\n\t\t\t data-anchor=\"2015\">\n\t\t\t\t<div class=\"sow-accordion-panel-header-container\" role=\"heading\" aria-level=\"2\">\n\t\t\t\t\t<div class=\"sow-accordion-panel-header\" tabindex=\"0\" role=\"button\" id=\"accordion-label-2015\" aria-controls=\"accordion-content-2015\" aria-expanded=\"false\">\n\t\t\t\t\t\t<div class=\"sow-accordion-title sow-accordion-title-icon-left\">\n\t\t\t\t\t\t\t\t\t\t\t\t\t\t2015\t\t\t\t\t\t\t\t\t\t\t\t\t<\/div>\n\t\t\t\t\t\t<div class=\"sow-accordion-open-close-button\">\n\t\t\t\t\t\t\t<div class=\"sow-accordion-open-button\">\n\t\t\t\t\t\t\t\t<span class=\"sow-icon-ionicons\" data-sow-icon=\"&#xf218;\"\n\t\t \n\t\taria-hidden=\"true\"><\/span>\t\t\t\t\t\t\t<\/div>\n\t\t\t\t\t\t\t<div class=\"sow-accordion-close-button\">\n\t\t\t\t\t\t\t\t<span class=\"sow-icon-ionicons\" data-sow-icon=\"&#xf209;\"\n\t\t \n\t\taria-hidden=\"true\"><\/span>\t\t\t\t\t\t\t<\/div>\n\t\t\t\t\t\t<\/div>\n\t\t\t\t\t<\/div>\n\t\t\t\t<\/div>\n\n\t\t\t<div\n\t\t\t\tclass=\"sow-accordion-panel-content\"\n\t\t\t\trole=\"region\"\n\t\t\t\taria-labelledby=\"accordion-label-2015\"\n\t\t\t\tid=\"accordion-content-2015\"\n\t\t\t\tstyle=\"display: none;\"\t\t\t>\n\t\t\t\t<div class=\"sow-accordion-panel-border\" tabindex=\"0\">\n\t\t\t\t\t<p><a href=\"http:\/\/www2.uepg.br\/ppgel\/wp-content\/uploads\/sites\/68\/2020\/05\/ConviteDefesaDez.pdf\" target=\"_blank\" rel=\"noopener\">Convite para defesa - Dezembro 2015<\/a><br \/>\n<a href=\"http:\/\/www2.uepg.br\/ppgel\/wp-content\/uploads\/sites\/68\/2020\/05\/AMARILI0001.pdf\" target=\"_blank\" rel=\"noopener\">Convite para defesa - Outubro 2015<\/a><\/p>\n<table border=\"1\" cellspacing=\"0\" cellpadding=\"0\">\n<tbody>\n<tr>\n<td valign=\"top\" width=\"151\">Autor<\/td>\n<td valign=\"top\" width=\"201\">Titulo<\/td>\n<td valign=\"top\" width=\"437\">BANCA<\/td>\n<td valign=\"top\" width=\"103\">Hor\u00e1rio<\/td>\n<td valign=\"top\" width=\"109\">Data<\/td>\n<td valign=\"top\" width=\"142\">Local<\/td>\n<\/tr>\n<tr>\n<td valign=\"top\" width=\"151\">Linite Adma de Oliveira<\/td>\n<td valign=\"top\" width=\"201\">Narrativas autobiogr\u00e1ficas de mulheres que (com) vivem com o HIV: identidades sociais de g\u00eanero<\/td>\n<td valign=\"top\" width=\"437\">1 - Prof.\u00aa Dr.\u00aa Aparecida de Jesus Ferreira (Orientadora) UEPG\n<p>2 - Prof.\u00aa Dr.\u00aa Ione da Silva Jovino (Membro interno) UEPG<\/p>\n<p>3 \u2013 Prof. Dr. Moacir Lopes de Camargos (Membro externo) UNIPAMPA<\/p>\n<p>&nbsp;<\/p>\n<\/td>\n<td valign=\"top\" width=\"103\">09 horas<\/td>\n<td valign=\"top\" width=\"109\">23\/09\/2015<\/td>\n<td valign=\"top\" width=\"142\">\n<p align=\"left\">Audit\u00f3rio da NUTEAD<\/p>\n<p align=\"left\">\n<\/p><p align=\"left\">Campus de Uvaranas<\/p>\n<\/td>\n<\/tr>\n<tr>\n<td valign=\"top\" width=\"151\">Camila Del Tregio Esteves<\/td>\n<td valign=\"top\" width=\"201\">Nada a dizer fora dos livros: a po\u00e9tica do conto em Dalton Trevisan<\/td>\n<td valign=\"top\" width=\"437\">1 - Prof. Dr. Miguel Sanches Neto (Orientador) UEPG\n<p>2 \u2013 Prof.\u00aa Dr.\u00aa Rosana Apolonia Harmuch (Membro interno) UEPG<\/p>\n<p>3 - Prof.\u00aa Dr.\u00aa Raquel Illescas Bueno (Membro externo) UFPR<\/p>\n<p>&nbsp;<\/p>\n<\/td>\n<td valign=\"top\" width=\"103\">14horas<\/td>\n<td valign=\"top\" width=\"109\">24\/09\/2015<\/td>\n<td valign=\"top\" width=\"142\">Miniaudit\u00f3rio do bloco B.<\/td>\n<\/tr>\n<tr>\n<td valign=\"top\" width=\"151\">Celine Aparecida de Matos<\/td>\n<td valign=\"top\" width=\"201\">\u00a0 ENTRE A VIDA E A MORTE: INTERSE\u00c7\u00d5ES NAS ESTRADAS PERDIDAS DE<br \/>\nLIMA BARRETO E TELMO VERGARA.\n<p>&nbsp;<\/p>\n<\/td>\n<td valign=\"top\" width=\"437\">1 - Prof.\u00aa Dr.\u00aa Keli Cristina Pacheco (Orientadora) UEPG\n<p>2- Prof. Dr. F\u00e1bio Augusto Steyer (Membro interno) UEPG<\/p>\n<p>3 \u2013 Prof.\u00aa Dr.\u00aa Claudia Camardella Rio Doce (Membro externo) UEL<\/p>\n<\/td>\n<td valign=\"top\" width=\"103\">14horas<\/td>\n<td valign=\"top\" width=\"109\">25\/09\/2015<\/td>\n<td valign=\"top\" width=\"142\">Miniaudit\u00f3rio do bloco B.<\/td>\n<\/tr>\n<tr>\n<td valign=\"top\" width=\"151\">Ana Paula de Moura Delezuk<\/td>\n<td valign=\"top\" width=\"201\">A pontua\u00e7\u00e3o em not\u00edcias de divulga\u00e7\u00e3o cient\u00edfica: contribui\u00e7\u00f5es para o ensino<\/td>\n<td valign=\"top\" width=\"437\">1 - Prof.\u00aa Dr.\u00aa Pascoalina B. de Oliveira Saleh\n<p>( Orientadora)UEPG<\/p>\n<p>2 \u2013 Prof.\u00aa Dr.\u00aa Cl\u00f3ris Porto Torquato (Membro interno) UEPG<\/p>\n<p>3 \u2013 Prof. Dr. Edson Carlos Romualdo (Membro externo) UEM<\/p>\n<\/td>\n<td valign=\"top\" width=\"103\">14horas<\/td>\n<td valign=\"top\" width=\"109\">28\/09\/2015<\/td>\n<td valign=\"top\" width=\"142\">Audit\u00f3rio da NUTEAD\n<p>&nbsp;<\/p>\n<p>Campus de Uvaranas<\/p>\n<\/td>\n<\/tr>\n<tr>\n<td valign=\"top\" width=\"151\">Pablo Ferreira Biglia<\/td>\n<td valign=\"top\" width=\"201\"><strong>ABREU: A HERMEN\u00caUTICA \u201cADOLFO CAMINHA E CAIO FERNANDO LITER\u00c1RIA PELO VI\u00c9S DA SEXUALIDADE<\/strong><\/td>\n<td valign=\"top\" width=\"437\">1 - Prof.\u00aa Dr.\u00aa Marly Catarina Soares (Orientadora) UEPG\n<p>2 \u2013 Prof.\u00aa Dr.\u00aa Ione da Silva Jovino (Membro interno)UEPG<\/p>\n<p>3 \u2013 Prof.\u00aa Dr.\u00aa T\u00e2nia Regina Oliveira Ramos (Membro externo) UFSC<\/p>\n<\/td>\n<td valign=\"top\" width=\"103\">09 horas<\/td>\n<td valign=\"top\" width=\"109\">29\/09\/2015<\/td>\n<td valign=\"top\" width=\"142\">Audit\u00f3rio da NUTEAD\n<p>Campus de Uvaranas<\/p>\n<\/td>\n<\/tr>\n<\/tbody>\n<\/table>\n\t\t\t\t<\/div>\n\t\t\t<\/div>\n\t\t<\/div>\n\t\t<\/div>\n<\/div>\n<\/div><\/div><\/div><\/div><\/div>","protected":false},"excerpt":{"rendered":"<p>2020 Convite para defesa &#8211; 2020 -Beatrice Elaine dos Santos -Willian Mainardes Waiga -Willian Fernandes de Oliveira -Yane Scavinski\u00a0NOVA DATA -Aline Cezar Schwab -Hellen Terluk Gnatta &nbsp; 2019 Convite para defesa &#8211; 2019 -Juliana Ristow Weiz -Ramon Guillermo Mendes &#8211; Eduardo Reis de Mello &#8211; Karine Mathias D\u00f6ll &#8211; J\u00e9ssica Martins Ara\u00fajo\u00a0&#8211; RETIFICA\u00c7\u00c3O DE LOCAL&nbsp;&hellip;<\/p>\n","protected":false},"author":24,"featured_media":0,"parent":0,"menu_order":0,"comment_status":"closed","ping_status":"closed","template":"page-templates\/page-with-right-sidebar.php","meta":[],"_links":{"self":[{"href":"https:\/\/www2.uepg.br\/ppgel\/wp-json\/wp\/v2\/pages\/782"}],"collection":[{"href":"https:\/\/www2.uepg.br\/ppgel\/wp-json\/wp\/v2\/pages"}],"about":[{"href":"https:\/\/www2.uepg.br\/ppgel\/wp-json\/wp\/v2\/types\/page"}],"author":[{"embeddable":true,"href":"https:\/\/www2.uepg.br\/ppgel\/wp-json\/wp\/v2\/users\/24"}],"replies":[{"embeddable":true,"href":"https:\/\/www2.uepg.br\/ppgel\/wp-json\/wp\/v2\/comments?post=782"}],"version-history":[{"count":2,"href":"https:\/\/www2.uepg.br\/ppgel\/wp-json\/wp\/v2\/pages\/782\/revisions"}],"predecessor-version":[{"id":784,"href":"https:\/\/www2.uepg.br\/ppgel\/wp-json\/wp\/v2\/pages\/782\/revisions\/784"}],"wp:attachment":[{"href":"https:\/\/www2.uepg.br\/ppgel\/wp-json\/wp\/v2\/media?parent=782"}],"curies":[{"name":"wp","href":"https:\/\/api.w.org\/{rel}","templated":true}]}}