{"id":791,"date":"2020-06-17T13:40:49","date_gmt":"2020-06-17T16:40:49","guid":{"rendered":"http:\/\/www2.uepg.br\/ppgel\/?page_id=791"},"modified":"2021-02-12T14:22:10","modified_gmt":"2021-02-12T17:22:10","slug":"public-notices","status":"publish","type":"page","link":"https:\/\/www2.uepg.br\/ppgel\/en\/public-notices\/","title":{"rendered":"Public Notices"},"content":{"rendered":"<div id=\"pl-791\"  class=\"panel-layout\" ><div id=\"pg-791-0\"  class=\"panel-grid panel-no-style\" ><div id=\"pgc-791-0-0\"  class=\"panel-grid-cell\" ><div id=\"panel-791-0-0-0\" class=\"so-panel widget widget_sow-accordion panel-first-child panel-last-child\" data-index=\"0\" ><div\n\t\t\t\n\t\t\tclass=\"so-widget-sow-accordion so-widget-sow-accordion-default-7f158b849c7f-791\"\n\t\t\t\n\t\t><div>\n\t<div class=\"sow-accordion\">\n\t\t\t<div class=\"sow-accordion-panel\"\n\t\t\t data-anchor=\"2021\">\n\t\t\t\t<div class=\"sow-accordion-panel-header-container\" role=\"heading\" aria-level=\"2\">\n\t\t\t\t\t<div class=\"sow-accordion-panel-header\" tabindex=\"0\" role=\"button\" id=\"accordion-label-2021\" aria-controls=\"accordion-content-2021\" aria-expanded=\"false\">\n\t\t\t\t\t\t<div class=\"sow-accordion-title sow-accordion-title-icon-left\">\n\t\t\t\t\t\t\t\t\t\t\t\t\t\t2021\t\t\t\t\t\t\t\t\t\t\t\t\t<\/div>\n\t\t\t\t\t\t<div class=\"sow-accordion-open-close-button\">\n\t\t\t\t\t\t\t<div class=\"sow-accordion-open-button\">\n\t\t\t\t\t\t\t\t<span class=\"sow-icon-ionicons\" data-sow-icon=\"&#xf218;\"\n\t\t \n\t\taria-hidden=\"true\"><\/span>\t\t\t\t\t\t\t<\/div>\n\t\t\t\t\t\t\t<div class=\"sow-accordion-close-button\">\n\t\t\t\t\t\t\t\t<span class=\"sow-icon-ionicons\" data-sow-icon=\"&#xf209;\"\n\t\t \n\t\taria-hidden=\"true\"><\/span>\t\t\t\t\t\t\t<\/div>\n\t\t\t\t\t\t<\/div>\n\t\t\t\t\t<\/div>\n\t\t\t\t<\/div>\n\n\t\t\t<div\n\t\t\t\tclass=\"sow-accordion-panel-content\"\n\t\t\t\trole=\"region\"\n\t\t\t\taria-labelledby=\"accordion-label-2021\"\n\t\t\t\tid=\"accordion-content-2021\"\n\t\t\t\tstyle=\"display: none;\"\t\t\t>\n\t\t\t\t<div class=\"sow-accordion-panel-border\" tabindex=\"0\">\n\t\t\t\t\t<p style=\"text-align: center;\">More information soon<\/p>\n\t\t\t\t<\/div>\n\t\t\t<\/div>\n\t\t<\/div>\n\t\t\t<div class=\"sow-accordion-panel\"\n\t\t\t data-anchor=\"2020\">\n\t\t\t\t<div class=\"sow-accordion-panel-header-container\" role=\"heading\" aria-level=\"2\">\n\t\t\t\t\t<div class=\"sow-accordion-panel-header\" tabindex=\"0\" role=\"button\" id=\"accordion-label-2020\" aria-controls=\"accordion-content-2020\" aria-expanded=\"false\">\n\t\t\t\t\t\t<div class=\"sow-accordion-title sow-accordion-title-icon-left\">\n\t\t\t\t\t\t\t\t\t\t\t\t\t\t2020\t\t\t\t\t\t\t\t\t\t\t\t\t<\/div>\n\t\t\t\t\t\t<div class=\"sow-accordion-open-close-button\">\n\t\t\t\t\t\t\t<div class=\"sow-accordion-open-button\">\n\t\t\t\t\t\t\t\t<span class=\"sow-icon-ionicons\" data-sow-icon=\"&#xf218;\"\n\t\t \n\t\taria-hidden=\"true\"><\/span>\t\t\t\t\t\t\t<\/div>\n\t\t\t\t\t\t\t<div class=\"sow-accordion-close-button\">\n\t\t\t\t\t\t\t\t<span class=\"sow-icon-ionicons\" data-sow-icon=\"&#xf209;\"\n\t\t \n\t\taria-hidden=\"true\"><\/span>\t\t\t\t\t\t\t<\/div>\n\t\t\t\t\t\t<\/div>\n\t\t\t\t\t<\/div>\n\t\t\t\t<\/div>\n\n\t\t\t<div\n\t\t\t\tclass=\"sow-accordion-panel-content\"\n\t\t\t\trole=\"region\"\n\t\t\t\taria-labelledby=\"accordion-label-2020\"\n\t\t\t\tid=\"accordion-content-2020\"\n\t\t\t\tstyle=\"display: none;\"\t\t\t>\n\t\t\t\t<div class=\"sow-accordion-panel-border\" tabindex=\"0\">\n\t\t\t\t\t<p><a href=\"http:\/\/www2.uepg.br\/ppgel\/wp-content\/uploads\/sites\/68\/2020\/06\/EditalLINGUAGEM092020.pdf\" target=\"_blank\" rel=\"noopener\">Edital n\u00ba 09\/2020<\/a> - DIVULGA A CHAPA INSCRITA - SUSPENDE O PROCEDIMENTO DE VOTA\u00c7\u00c3O<\/p>\n<p><a href=\"http:\/\/www2.uepg.br\/ppgel\/wp-content\/uploads\/sites\/68\/2020\/06\/EditalLINGUAGEM082020.pdf\" target=\"_blank\" rel=\"noopener\">Edital n\u00ba 08\/2020<\/a> - Prorroga\u00e7\u00e3o da Data de Elei\u00e7\u00e3o para Representante Discente do PPGEL.<\/p>\n<p><a href=\"http:\/\/www2.uepg.br\/ppgel\/wp-content\/uploads\/sites\/68\/2020\/06\/EditalLINGUAGEM072020.pdf\" target=\"_blank\" rel=\"noopener\">Edital n\u00ba 07\/2020<\/a> - Edital de Elei\u00e7\u00e3o para Representante discente do PPGEL.<\/p>\n<p><a href=\"http:\/\/www2.uepg.br\/ppgel\/wp-content\/uploads\/sites\/68\/2020\/06\/EditalLINGUAGEM062020.pdf\" target=\"_blank\" rel=\"noopener\">Edital n\u00ba 06\/2020<\/a> - RESULTADO DA CLASSIFICA\u00c7\u00c3O DE BOLSAS<\/p>\n<p><a href=\"http:\/\/www2.uepg.br\/ppgel\/wp-content\/uploads\/sites\/68\/2020\/06\/EditalLINGUAGEM052020.pdf\" target=\"_blank\" rel=\"noopener\">Edital n\u00ba 05\/2020<\/a> \u00a0- CONVOCA\u00c7\u00c3O<\/p>\n<p><a href=\"http:\/\/www2.uepg.br\/ppgel\/wp-content\/uploads\/sites\/68\/2020\/06\/EditalLINGUAGEM042020.pdf\" target=\"_blank\" rel=\"noopener\">Edital n\u00ba 04\/2020<\/a> - Homologa\u00e7\u00e3o das inscri\u00e7\u00f5es para bolsa do PPGEL<\/p>\n<p><a href=\"http:\/\/www2.uepg.br\/ppgel\/wp-content\/uploads\/sites\/68\/2020\/06\/EditalLINGUAGEM032020.pdf\" target=\"_blank\" rel=\"noopener\">Edital n\u00ba 03\/2020<\/a> - Edital de bolsas do PPGEL<\/p>\n<p><a href=\"http:\/\/www2.uepg.br\/ppgel\/wp-content\/uploads\/sites\/68\/2020\/06\/EditalLINGUAGEM022020.pdf\" target=\"_blank\" rel=\"noopener\">Edital n\u00ba 02\/2020<\/a> - Resultado das inscri\u00e7\u00f5es para disciplinas isoladas<\/p>\n<p><a href=\"http:\/\/www2.uepg.br\/ppgel\/wp-content\/uploads\/sites\/68\/2020\/06\/EditalLINGUAGEM012020.pdf\" target=\"_blank\" rel=\"noopener\">Edital n\u00ba 01\/2020<\/a> - Homologa\u00e7\u00e3o - Alunos especiais<\/p>\n<p>&nbsp;<\/p>\n\t\t\t\t<\/div>\n\t\t\t<\/div>\n\t\t<\/div>\n\t\t\t<div class=\"sow-accordion-panel\"\n\t\t\t data-anchor=\"2019\">\n\t\t\t\t<div class=\"sow-accordion-panel-header-container\" role=\"heading\" aria-level=\"2\">\n\t\t\t\t\t<div class=\"sow-accordion-panel-header\" tabindex=\"0\" role=\"button\" id=\"accordion-label-2019\" aria-controls=\"accordion-content-2019\" aria-expanded=\"false\">\n\t\t\t\t\t\t<div class=\"sow-accordion-title sow-accordion-title-icon-left\">\n\t\t\t\t\t\t\t\t\t\t\t\t\t\t2019\t\t\t\t\t\t\t\t\t\t\t\t\t<\/div>\n\t\t\t\t\t\t<div class=\"sow-accordion-open-close-button\">\n\t\t\t\t\t\t\t<div class=\"sow-accordion-open-button\">\n\t\t\t\t\t\t\t\t<span class=\"sow-icon-ionicons\" data-sow-icon=\"&#xf218;\"\n\t\t \n\t\taria-hidden=\"true\"><\/span>\t\t\t\t\t\t\t<\/div>\n\t\t\t\t\t\t\t<div class=\"sow-accordion-close-button\">\n\t\t\t\t\t\t\t\t<span class=\"sow-icon-ionicons\" data-sow-icon=\"&#xf209;\"\n\t\t \n\t\taria-hidden=\"true\"><\/span>\t\t\t\t\t\t\t<\/div>\n\t\t\t\t\t\t<\/div>\n\t\t\t\t\t<\/div>\n\t\t\t\t<\/div>\n\n\t\t\t<div\n\t\t\t\tclass=\"sow-accordion-panel-content\"\n\t\t\t\trole=\"region\"\n\t\t\t\taria-labelledby=\"accordion-label-2019\"\n\t\t\t\tid=\"accordion-content-2019\"\n\t\t\t\tstyle=\"display: none;\"\t\t\t>\n\t\t\t\t<div class=\"sow-accordion-panel-border\" tabindex=\"0\">\n\t\t\t\t\t<p><a href=\"http:\/\/www2.uepg.br\/ppgel\/wp-content\/uploads\/sites\/68\/2020\/06\/Edital302019.pdf\" target=\"_blank\" rel=\"noopener\">Edital n\u00ba 30\/2019<\/a> - FINAL DO PROCESSO DE SELE\u00c7\u00c3O DO PPGEL<\/p>\n<p><a href=\"http:\/\/www2.uepg.br\/ppgel\/wp-content\/uploads\/sites\/68\/2020\/06\/Edital292019.pdf\" target=\"_blank\" rel=\"noopener\">Edital n\u00ba 29\/2019<\/a> - Abertura das inscri\u00e7\u00f5es para disciplinas isoladas<\/p>\n<p><a href=\"http:\/\/www2.uepg.br\/ppgel\/wp-content\/uploads\/sites\/68\/2020\/06\/Edital282019.pdf\">Edital n\u00ba 28\/2019<\/a> - RESULTADO DA 3\u00aa ETAPA DO PROCESSO DE SELE\u00c7\u00c3O 2019-2020<\/p>\n<p><a href=\"http:\/\/www2.uepg.br\/ppgel\/wp-content\/uploads\/sites\/68\/2020\/06\/Edital272019.pdf\">Edital n\u00ba 27\/2019<\/a> - DIVULGA\u00c7\u00c3O DA COMPOSI\u00c7\u00c3O, HOR\u00c1RIOS, LOCAIS E DATAS DAS PROVAS DE ARGUI\u00c7\u00c3O DO PPGEL<\/p>\n<p><a href=\"http:\/\/www2.uepg.br\/ppgel\/wp-content\/uploads\/sites\/68\/2020\/06\/Edital262019.pdf\">Edital n\u00ba 26\/2019<\/a> - RESULTADO DA 2\u00aa ETAPA DO PROCESSO DE SELE\u00c7\u00c3O 2019-2020<\/p>\n<p><a href=\"http:\/\/www2.uepg.br\/ppgel\/wp-content\/uploads\/sites\/68\/2020\/06\/Edital252019.pdf\">Edital n\u00ba 25\/2019<\/a> - RESULTADO DA 1\u00aa ETAPA DO PROCESSO DE SELE\u00c7\u00c3O 2019-2020<\/p>\n<p><a href=\"http:\/\/www2.uepg.br\/ppgel\/wp-content\/uploads\/sites\/68\/2020\/06\/Edital242019.pdf\">Edital n\u00ba 24\/2019<\/a> - Resultado para classifica\u00e7\u00e3o de 1(uma) bolsa de mestrado<\/p>\n<p><a href=\"http:\/\/www2.uepg.br\/ppgel\/wp-content\/uploads\/sites\/68\/2020\/06\/Edital232019.pdf\">Edital n\u00ba 23\/2019<\/a> - Homologa\u00e7\u00e3o das inscri\u00e7\u00f5es para 01 (uma) bolsa do PPGEL<\/p>\n<p><a href=\"http:\/\/www2.uepg.br\/ppgel\/wp-content\/uploads\/sites\/68\/2020\/06\/Edital222019.pdf\">Edital n\u00ba 22\/2019<\/a> - Resultado do recredenciamento de docentes do PPGEL<\/p>\n<p><a href=\"http:\/\/www2.uepg.br\/ppgel\/wp-content\/uploads\/sites\/68\/2020\/06\/Edital212019.pdf\">Edital n\u00ba 21\/2019<\/a> - Homologa\u00e7\u00e3o das inscri\u00e7\u00f5es para sele\u00e7\u00e3o do PPGEL<\/p>\n<p><a href=\"http:\/\/www2.uepg.br\/ppgel\/wp-content\/uploads\/sites\/68\/2020\/06\/Edital202019.pdf\">Edital n\u00ba 20\/2019<\/a> - Inscri\u00e7\u00e3o para concess\u00e3o de bolsa<\/p>\n<p><a href=\"http:\/\/www2.uepg.br\/ppgel\/wp-content\/uploads\/sites\/68\/2020\/06\/Edital192019.pdf\">Edital n\u00ba 19\/2019<\/a> - Retifica\u00e7\u00e3o do Edital 18\/2019 - Abertura de inscri\u00e7\u00f5es e sele\u00e7\u00e3o para o PPGEL<\/p>\n<p><a href=\"http:\/\/www2.uepg.br\/ppgel\/wp-content\/uploads\/sites\/68\/2020\/06\/Edital182019.pdf\">Edital n\u00ba 18\/2019<\/a> - Abertura de inscri\u00e7\u00f5es e sele\u00e7\u00e3o para o PPGEL<\/p>\n<p><a href=\"http:\/\/www2.uepg.br\/ppgel\/wp-content\/uploads\/sites\/68\/2020\/06\/Edital172019.pdf\">Edital n\u00ba 17\/2019<\/a> - EDITAL DE RECREDENCIAMENTO<\/p>\n<p><a href=\"http:\/\/www2.uepg.br\/ppgel\/wp-content\/uploads\/sites\/68\/2020\/06\/Edital162019.pdf\">Edital n\u00ba 16\/2019<\/a> - Resultado final das inscri\u00e7\u00f5es para disciplinas isoladas<\/p>\n<p><a href=\"http:\/\/www2.uepg.br\/ppgel\/wp-content\/uploads\/sites\/68\/2020\/06\/Edital152019.pdf\">Edital n\u00ba 15\/2019<\/a> - Homologa\u00e7\u00e3o das inscri\u00e7\u00f5es para disciplinas isoladas do PPGEL<\/p>\n<p><a href=\"http:\/\/www2.uepg.br\/ppgel\/wp-content\/uploads\/sites\/68\/2020\/06\/Edital142019.pdf\">Edital n\u00ba 14\/2019<\/a> - Inscri\u00e7\u00f5es para disciplinas isoladas do PPGEL<\/p>\n<p><a href=\"http:\/\/www2.uepg.br\/ppgel\/wp-content\/uploads\/sites\/68\/2020\/06\/Edital132019.pdf\">Edital n\u00ba 13\/2019<\/a> - RECREDENCIAMENTO PARA DOCENTES NO PROGRAMA (CANCELADO)<\/p>\n<p><a href=\"http:\/\/www2.uepg.br\/ppgel\/wp-content\/uploads\/sites\/68\/2020\/06\/Edital122019.pdf\" target=\"_blank\" rel=\"noopener\">Edital n\u00ba 12\/2019<\/a> -Duvulga\u00e7\u00e3o Chapa Inscrita para Representante Discente<\/p>\n<p><a href=\"http:\/\/www2.uepg.br\/ppgel\/wp-content\/uploads\/sites\/68\/2020\/06\/Edital112019.pdf\">Edital n\u00ba 11\/2019<\/a> - Inscri\u00e7\u00e3o para Representante Discente<\/p>\n<p><a href=\"http:\/\/www2.uepg.br\/ppgel\/wp-content\/uploads\/sites\/68\/2020\/06\/Edital102019.pdf\">Edital n\u00ba 10\/2019<\/a> - RESULTADO FINAL DA CLASSIFICA\u00c7\u00c3O PARA CONCESS\u00c3O DE (5) CINCO BOLSA S DO PROGRAMA DE P\u00d3S-GRADUA\u00c7\u00c3O EM ESTUDOS DA LINGUAGEM<\/p>\n<p>Edital n\u00ba 09\/2019 - RESULTADO FINAL DA CLASSIFICA\u00c7\u00c3O PARA CONCESS\u00c3O DE (5) CINCO BOLSA S DO PROGRAMA DE P\u00d3S-GRADUA\u00c7\u00c3O EM ESTUDOS DA LINGUAGEM - Retificado pelo Edital 10\/2019<\/p>\n<p><a href=\"http:\/\/www2.uepg.br\/ppgel\/wp-content\/uploads\/sites\/68\/2020\/06\/Edital082019.pdf\">Edital n\u00ba08\/2019<\/a> - RESULTADO PARA CONCESS\u00c3O DE (01) UMA BOLSA DA FUNDA\u00c7\u00c3O ARAUC\u00c1RIA \u2013 CHAMADA P\u00daBLICA 11\/2018<\/p>\n<p><a href=\"http:\/\/www2.uepg.br\/ppgel\/wp-content\/uploads\/sites\/68\/2020\/06\/Edital072019.pdf\">Edital n\u00ba 07\/2019<\/a> - HOMOLOGA\u00c7\u00c3O DAS INSCRI\u00c7\u00d5ES PARA CONCESS\u00c3O DE (05) CINCO BOLSAS DE MESTRADO DO PPGEL<\/p>\n<p><a href=\"http:\/\/www2.uepg.br\/ppgel\/wp-content\/uploads\/sites\/68\/2020\/06\/Edital062019.pdf\" target=\"_blank\" rel=\"noopener\">Edital n\u00ba 06\/2019<\/a> - HOMOLOGA\u00c7\u00c3O DAS INSCRI\u00c7\u00d5ES PARA CONCESS\u00c3O DE (1)UMA BOLSA - FA.CHAMADA 11\/2018<\/p>\n<p><a href=\"http:\/\/www2.uepg.br\/ppgel\/wp-content\/uploads\/sites\/68\/2020\/06\/Edital052019.pdf\" target=\"_blank\" rel=\"noopener\">Edital n\u00ba 05\/2019<\/a> - Resultado das inscri\u00e7\u00f5es para Disciplinas Isoladas<\/p>\n<p><a href=\"http:\/\/www2.uepg.br\/ppgel\/wp-content\/uploads\/sites\/68\/2020\/06\/Edital042019.pdf\" target=\"_blank\" rel=\"noopener\">Edital n\u00ba 04\/2019<\/a> - INSCRI\u00c7\u00c3O PARA CONCESS\u00c3O DE (1)UMA BOLSA - FA.CHAMADA 11\/2018<\/p>\n<p><a href=\"http:\/\/www2.uepg.br\/ppgel\/wp-content\/uploads\/sites\/68\/2020\/06\/Edital032019.pdf\" target=\"_blank\" rel=\"noopener\">Edital n\u00ba 03\/2019<\/a> - INSCRI\u00c7\u00c3O PARA CONCESS\u00c3O DE (05) CINCO BOLSAS DE MESTRADO DO PPGEL<\/p>\n<p><a href=\"http:\/\/www2.uepg.br\/ppgel\/wp-content\/uploads\/sites\/68\/2020\/06\/Edital201902.pdf\" target=\"_blank\" rel=\"noopener\">Edital n 02\/2019<\/a> - Convoca\u00e7\u00e3o em segunda chamada da sele\u00e7\u00e3o<\/p>\n<p><a href=\"http:\/\/www2.uepg.br\/ppgel\/wp-content\/uploads\/sites\/68\/2020\/06\/Edital201901.pdf\" target=\"_blank\" rel=\"noopener\">Edital n 01\/2019<\/a> - EDITAL DE HOMOLOGA\u00c7\u00c3O DE DISCIPLINAS ISOLADAS<\/p>\n<p>&nbsp;<\/p>\n\t\t\t\t<\/div>\n\t\t\t<\/div>\n\t\t<\/div>\n\t\t\t<div class=\"sow-accordion-panel\"\n\t\t\t data-anchor=\"2018\">\n\t\t\t\t<div class=\"sow-accordion-panel-header-container\" role=\"heading\" aria-level=\"2\">\n\t\t\t\t\t<div class=\"sow-accordion-panel-header\" tabindex=\"0\" role=\"button\" id=\"accordion-label-2018\" aria-controls=\"accordion-content-2018\" aria-expanded=\"false\">\n\t\t\t\t\t\t<div class=\"sow-accordion-title sow-accordion-title-icon-left\">\n\t\t\t\t\t\t\t\t\t\t\t\t\t\t2018\t\t\t\t\t\t\t\t\t\t\t\t\t<\/div>\n\t\t\t\t\t\t<div class=\"sow-accordion-open-close-button\">\n\t\t\t\t\t\t\t<div class=\"sow-accordion-open-button\">\n\t\t\t\t\t\t\t\t<span class=\"sow-icon-ionicons\" data-sow-icon=\"&#xf218;\"\n\t\t \n\t\taria-hidden=\"true\"><\/span>\t\t\t\t\t\t\t<\/div>\n\t\t\t\t\t\t\t<div class=\"sow-accordion-close-button\">\n\t\t\t\t\t\t\t\t<span class=\"sow-icon-ionicons\" data-sow-icon=\"&#xf209;\"\n\t\t \n\t\taria-hidden=\"true\"><\/span>\t\t\t\t\t\t\t<\/div>\n\t\t\t\t\t\t<\/div>\n\t\t\t\t\t<\/div>\n\t\t\t\t<\/div>\n\n\t\t\t<div\n\t\t\t\tclass=\"sow-accordion-panel-content\"\n\t\t\t\trole=\"region\"\n\t\t\t\taria-labelledby=\"accordion-label-2018\"\n\t\t\t\tid=\"accordion-content-2018\"\n\t\t\t\tstyle=\"display: none;\"\t\t\t>\n\t\t\t\t<div class=\"sow-accordion-panel-border\" tabindex=\"0\">\n\t\t\t\t\t<p><a href=\"http:\/\/www2.uepg.br\/ppgel\/wp-content\/uploads\/sites\/68\/2020\/06\/Edital322018.pdf\" target=\"_blank\" rel=\"noopener\">Edital n\u00ba 32\/2018<\/a> - Abertura de inscri\u00e7\u00f5es para Disciplinas Isoladas<\/p>\n<p><a href=\"http:\/\/www2.uepg.br\/ppgel\/wp-content\/uploads\/sites\/68\/2020\/06\/Edital312018.pdf\" target=\"_blank\" rel=\"noopener\">Edital n\u00ba 31\/2018<\/a> - RESULTADO DA AN\u00c1LISE DE PROCESSO DE INTERPOSI\u00c7\u00c3O DE RECURSO REFERENTE AO EDITAL N\u00ba 30\/2018 \u2013 RESULTADO FINAL<\/p>\n<p><a href=\"http:\/\/www2.uepg.br\/ppgel\/wp-content\/uploads\/sites\/68\/2020\/06\/Edital302018.pdf\">Edital n\u00ba 30\/2018<\/a> - Resultado Final do Processo de Sele\u00e7\u00e3o 2018-2019<\/p>\n<p><a href=\"http:\/\/www2.uepg.br\/ppgel\/wp-content\/uploads\/sites\/68\/2020\/06\/Edital292018.pdf\">Edital n\u00ba 29\/2018<\/a> - RESULTADO DA AN\u00c1LISE DE INTERPOSI\u00c7\u00c3O DE RECURSO REFERENTE AO EDITAL N\u00ba 28\/2018 - ARGUI\u00c7\u00c3O<\/p>\n<p><a href=\"http:\/\/www2.uepg.br\/ppgel\/wp-content\/uploads\/sites\/68\/2020\/06\/Edital282018.pdf\">Edital n\u00ba 28\/2018<\/a> - Resultado da 3\u00aa Etapa da sele\u00e7\u00e3o 2018-2019<\/p>\n<p><a href=\"http:\/\/www2.uepg.br\/ppgel\/wp-content\/uploads\/sites\/68\/2020\/06\/Edital272018.pdf\">Edital n\u00ba 27\/2018<\/a> - Divulga\u00e7\u00e3o da composi\u00e7\u00e3o, hor\u00e1rios, locais e datas das provas de argui\u00e7\u00e3o<\/p>\n<p><a href=\"http:\/\/www2.uepg.br\/ppgel\/wp-content\/uploads\/sites\/68\/2020\/06\/Edital262018.pdf\">Edital n\u00ba 26\/2018<\/a> - RESULTADO DA AN\u00c1LISE DE PROCESSO DE INTERPOSI\u00c7\u00c3O DE RECURSO REFERENTE AO EDITAL N\u00ba 25\/2018<\/p>\n<p><a href=\"http:\/\/www2.uepg.br\/ppgel\/wp-content\/uploads\/sites\/68\/2020\/06\/Edital252018.pdf\">Edital n\u00ba 25 \/2018<\/a> - RESULTADO 2\u00aa ETAPA DO PROCESSO DE SELE\u00c7\u00c3O DO MESTRADO EM ESTUDOS DA LINGUAGEM<\/p>\n<p><a href=\"http:\/\/www2.uepg.br\/ppgel\/wp-content\/uploads\/sites\/68\/2020\/06\/Edital242018.pdf\">Edital n\u00ba 24\/2018<\/a> - RETIFICA\u00c7\u00c3O - RESULTADO 1\u00aa ETAPA DO PROCESSO DE SELE\u00c7\u00c3O - AVALIA\u00c7\u00c3O DE PROJETOS<\/p>\n<p><a href=\"http:\/\/www2.uepg.br\/ppgel\/wp-content\/uploads\/sites\/68\/2020\/06\/Edital232018.pdf\">Edital n\u00ba 23\/2018<\/a> - RESULTADO 1\u00aa ETAPA DO PROCESSO DE SELE\u00c7\u00c3O - AVALIA\u00c7\u00c3O DE PROJETOS<\/p>\n<p><a href=\"http:\/\/www2.uepg.br\/ppgel\/wp-content\/uploads\/sites\/68\/2020\/06\/Edital222018.pdf\">Edital n\u00ba 22\/2018<\/a> - RESULTADO DA CONCESS\u00c3O DE (01) UMA BOLSA DE MESTRADO DA FUNDA\u00c7\u00c3O ARAUC\u00c1RIA<\/p>\n<p><a href=\"http:\/\/www2.uepg.br\/ppgel\/wp-content\/uploads\/sites\/68\/2020\/06\/Edital212018.pdf\" target=\"_blank\" rel=\"noopener\">Edital n\u00ba 21\/2018<\/a> - HOMOLOGA\u00c7\u00c3O DAS INSCRI\u00c7\u00d5ES DOS CANDIDATOS AO PROCESSO SELETIVO 2018\/2019<\/p>\n<p><a href=\"http:\/\/www2.uepg.br\/ppgel\/wp-content\/uploads\/sites\/68\/2020\/06\/Edital202018.pdf\">Edital n\u00ba 20\/2018<\/a> - INSCRI\u00c7\u00c3O PARA CONCESS\u00c3O DE (01) UMA BOLSA DE MESTRADO DA FUNDA\u00c7\u00c3O ARAUC\u00c1RIA<\/p>\n<p><a href=\"http:\/\/www2.uepg.br\/ppgel\/wp-content\/uploads\/sites\/68\/2020\/06\/Edital192018.pdf\">Edital n\u00ba 19\/2018<\/a> - Resultado do credenciamento para novos docentes do Programa.<\/p>\n<p><a href=\"http:\/\/www2.uepg.br\/ppgel\/wp-content\/uploads\/sites\/68\/2020\/06\/Edital182018.pdf\">Edital n\u00ba 18\/2018<\/a> - RESULTADO DAS INSCRI\u00c7\u00d5ES DOS CANDIDATOS EM DISCIPLINAS ISOLADAS<\/p>\n<p><a href=\"http:\/\/www2.uepg.br\/ppgel\/wp-content\/uploads\/sites\/68\/2020\/06\/Edital172018.pdf\">Edital n\u00ba 17\/2018<\/a> - CREDENCIAMENTO PARA DOCENTES NO PROGRAMA<br \/>\n- Anexo 1<a href=\"http:\/\/www2.uepg.br\/ppgel\/wp-content\/uploads\/sites\/68\/2020\/06\/ANEXO-1.docx\">ANEXO 1<\/a><br \/>\n- Anexo 2\u00a0<a href=\"http:\/\/www2.uepg.br\/ppgel\/wp-content\/uploads\/sites\/68\/2020\/06\/ANEXO-2.docx\">ANEXO 2<\/a><\/p>\n<p><a href=\"http:\/\/www2.uepg.br\/ppgel\/wp-content\/uploads\/sites\/68\/2020\/06\/Edital162018.pdf\">Edital n\u00ba 16\/2018<\/a> - Homologa\u00e7\u00e3o das Disciplinas Isoladas<\/p>\n<p><a href=\"http:\/\/www2.uepg.br\/ppgel\/wp-content\/uploads\/sites\/68\/2020\/06\/Edital152018.pdf\">Edital n\u00ba 15\/2018<\/a> - Abertura de inscri\u00e7\u00f5es e sele\u00e7\u00e3o para o programa<\/p>\n<p><a href=\"http:\/\/www2.uepg.br\/ppgel\/wp-content\/uploads\/sites\/68\/2020\/06\/Edital142018.pdf\">Edital n\u00ba 14\/2018<\/a> - Retifica\u00e7\u00e3o do Edital n\u00ba 13\/2018 - Disciplinas Isoladas<\/p>\n<p><a href=\"http:\/\/www2.uepg.br\/ppgel\/wp-content\/uploads\/sites\/68\/2020\/06\/Edital132018.pdf\">Edital n\u00ba 13\/2018<\/a> - Disciplinas Isoladas<\/p>\n<p><a href=\"http:\/\/www2.uepg.br\/ppgel\/wp-content\/uploads\/sites\/68\/2020\/06\/Edital122018.pdf\">Edital n\u00ba 12\/2018<\/a> - RESULTADO DO RECREDENCIAMENTO<\/p>\n<p><a href=\"http:\/\/www2.uepg.br\/ppgel\/wp-content\/uploads\/sites\/68\/2020\/06\/Edital112018.pdf\">Edital n\u00ba 11\/2018<\/a> - PRORROGA\u00c7\u00c3O DE RECREDENCIAMENTO E DESCREDENCIAMENTO<\/p>\n<p><a href=\"http:\/\/www2.uepg.br\/ppgel\/wp-content\/uploads\/sites\/68\/2020\/06\/Edital102018.pdf\">Edital n\u00ba 10\/2018<\/a> - Recredenciamento e descredenciamento de docentes no Programa<\/p>\n<p><a href=\"http:\/\/www2.uepg.br\/ppgel\/wp-content\/uploads\/sites\/68\/2020\/06\/Edital092018.pdf\">Edital n\u00ba 09\/2018<\/a> - Resultado Edital PNPD<\/p>\n<p><a href=\"http:\/\/www2.uepg.br\/ppgel\/wp-content\/uploads\/sites\/68\/2020\/06\/Edital082018.pdf\">Edital n\u00ba 08\/2018<\/a> - Retifica\u00e7\u00e3o do Edital 05\/2018 - Resultado final das inscri\u00e7\u00f5es para bolsas do mestrado<\/p>\n<p><a href=\"http:\/\/www2.uepg.br\/ppgel\/wp-content\/uploads\/sites\/68\/2020\/06\/Edital072018.pdf\">Edital n\u00ba 07\/2018<\/a> - Edital PNPD<\/p>\n<p><a href=\"http:\/\/www2.uepg.br\/ppgel\/wp-content\/uploads\/sites\/68\/2020\/06\/Edital062018.pdf\">Edital n\u00ba 06\/2018<\/a> - Resultado final para as inscri\u00e7\u00f5es para alunos em disciplinas isoladas<\/p>\n<p><a href=\"http:\/\/www2.uepg.br\/ppgel\/wp-content\/uploads\/sites\/68\/2020\/06\/Edital052018.pdf\">Edital n\u00ba 05\/2018<\/a> - Resultado final das inscri\u00e7\u00f5es para bolsas do mestrado<\/p>\n<p><a href=\"http:\/\/www2.uepg.br\/ppgel\/wp-content\/uploads\/sites\/68\/2020\/06\/Edital042018.pdf\">Edital n\u00ba 04\/2018<\/a> - Homologa\u00e7\u00e3o das inscri\u00e7\u00f5es para alunos em disciplinas isoladas<\/p>\n<p><a href=\"http:\/\/www2.uepg.br\/ppgel\/wp-content\/uploads\/sites\/68\/2020\/06\/Edital032018.pdf\">Edital n\u00ba 03\/2018<\/a> - Edital de bolsas do mestrado - Retificado<\/p>\n<p><a href=\"http:\/\/www2.uepg.br\/ppgel\/wp-content\/uploads\/sites\/68\/2020\/06\/Edital022018.pdf\">Edital n\u00ba 02\/2018<\/a> - Incri\u00e7\u00e3o e sele\u00e7\u00e3o de bolsista do Programa Nacional de P\u00f3s Doutorado\/CAPES<\/p>\n<p><a href=\"http:\/\/www2.uepg.br\/ppgel\/wp-content\/uploads\/sites\/68\/2020\/06\/Edital012018.pdf\">Edital n\u00ba 01\/2018<\/a> - Retifica\u00e7\u00e3o do Edital n\u00ba 33\/2017 - Abertura de inscri\u00e7\u00f5es para alunos em disciplinas isoladas<\/p>\n<p>&nbsp;<\/p>\n\t\t\t\t<\/div>\n\t\t\t<\/div>\n\t\t<\/div>\n\t\t\t<div class=\"sow-accordion-panel\"\n\t\t\t data-anchor=\"2017\">\n\t\t\t\t<div class=\"sow-accordion-panel-header-container\" role=\"heading\" aria-level=\"2\">\n\t\t\t\t\t<div class=\"sow-accordion-panel-header\" tabindex=\"0\" role=\"button\" id=\"accordion-label-2017\" aria-controls=\"accordion-content-2017\" aria-expanded=\"false\">\n\t\t\t\t\t\t<div class=\"sow-accordion-title sow-accordion-title-icon-left\">\n\t\t\t\t\t\t\t\t\t\t\t\t\t\t2017\t\t\t\t\t\t\t\t\t\t\t\t\t<\/div>\n\t\t\t\t\t\t<div class=\"sow-accordion-open-close-button\">\n\t\t\t\t\t\t\t<div class=\"sow-accordion-open-button\">\n\t\t\t\t\t\t\t\t<span class=\"sow-icon-ionicons\" data-sow-icon=\"&#xf218;\"\n\t\t \n\t\taria-hidden=\"true\"><\/span>\t\t\t\t\t\t\t<\/div>\n\t\t\t\t\t\t\t<div class=\"sow-accordion-close-button\">\n\t\t\t\t\t\t\t\t<span class=\"sow-icon-ionicons\" data-sow-icon=\"&#xf209;\"\n\t\t \n\t\taria-hidden=\"true\"><\/span>\t\t\t\t\t\t\t<\/div>\n\t\t\t\t\t\t<\/div>\n\t\t\t\t\t<\/div>\n\t\t\t\t<\/div>\n\n\t\t\t<div\n\t\t\t\tclass=\"sow-accordion-panel-content\"\n\t\t\t\trole=\"region\"\n\t\t\t\taria-labelledby=\"accordion-label-2017\"\n\t\t\t\tid=\"accordion-content-2017\"\n\t\t\t\tstyle=\"display: none;\"\t\t\t>\n\t\t\t\t<div class=\"sow-accordion-panel-border\" tabindex=\"0\">\n\t\t\t\t\t<p><a href=\"http:\/\/www2.uepg.br\/ppgel\/wp-content\/uploads\/sites\/68\/2020\/06\/Edital332017.pdf\" target=\"_blank\" rel=\"noopener\">Edital n\u00ba 33\/2017<\/a>- Abertura de inscri\u00e7\u00f5es para alunos em disciplinas isoladas<\/p>\n<p><a href=\"http:\/\/www2.uepg.br\/ppgel\/wp-content\/uploads\/sites\/68\/2020\/06\/Edital322017.pdf\">Edital n\u00ba 32\/2017<\/a> - RESULTADO FINAL DO PROCESSO SELETIVO 2017-2018<\/p>\n<p><a href=\"http:\/\/www2.uepg.br\/ppgel\/wp-content\/uploads\/sites\/68\/2020\/06\/Edital312017.pdf\">Edital n\u00ba 31\/2017<\/a> - RESULTADO DA 3\u00aa ETAPA DO PROCESSO DE SELE\u00c7\u00c3O 2017-2018 - PROVA DE ARGUI\u00c7\u00c3O<\/p>\n<p><a href=\"http:\/\/www2.uepg.br\/ppgel\/wp-content\/uploads\/sites\/68\/2020\/06\/Edital302017.pdf\">Edital n\u00ba 30\/2017<\/a> - DIVULGA\u00c7\u00c3O DA COMPOSI\u00c7\u00c3O, HOR\u00c1RIOS, LOCAIS E DATAS DAS PROVAS DE ARGUI\u00c7\u00c3O<\/p>\n<p><a href=\"http:\/\/www2.uepg.br\/ppgel\/wp-content\/uploads\/sites\/68\/2020\/06\/Edital292017.pdf\">Edital n\u00ba 29\/2017<\/a>- Resultado da An\u00e1lise de Processo de Interposi\u00e7\u00e3o de Recurso Referente ao Edital n\u00ba 28\/2017<\/p>\n<p><a href=\"http:\/\/www2.uepg.br\/ppgel\/wp-content\/uploads\/sites\/68\/2020\/06\/Edital282017.pdf\">Edital n\u00ba 28\/2017<\/a> - Resultado da 2\u00aa Etapa do Processo de Sele\u00e7\u00e3o 2017 \/ 2018 - PROVA ESCRITA<\/p>\n<p><a href=\"http:\/\/www2.uepg.br\/ppgel\/wp-content\/uploads\/sites\/68\/2020\/06\/Edital272017.pdf\" target=\"_blank\" rel=\"noopener\">Edital n\u00ba 27\/2017<\/a> - RESULTADO DA AN\u00c1LISE DE PROCESSO DE INTERPOSI\u00c7\u00c3O DE RECURSO REFERENTE AO EDITAL N\u00ba 26\/2017<\/p>\n<p><a href=\"http:\/\/www2.uepg.br\/ppgel\/wp-content\/uploads\/sites\/68\/2020\/06\/Edital262017.pdf\">Edital n\u00ba 26\/2017<\/a> - Processo de Sele\u00e7\u00e3o PPGEL 2018: Resultado da Etapa de Avalia\u00e7\u00e3o dos Projetos de Pesquisa<\/p>\n<p><a href=\"http:\/\/www2.uepg.br\/ppgel\/wp-content\/uploads\/sites\/68\/2020\/06\/Edital252017.pdf\">Edital n\u00ba 25\/2017<\/a>- Homologa\u00e7\u00e3o das Inscri\u00e7\u00f5es da Sele\u00e7\u00e3o 2017-2018<\/p>\n<p><a href=\"http:\/\/www2.uepg.br\/ppgel\/wp-content\/uploads\/sites\/68\/2020\/06\/Edital242017.pdf\">Edital n\u00ba 24\/2017<\/a>- Resultado final da concess\u00e3o de 01 bolsa<\/p>\n<p><a href=\"http:\/\/www2.uepg.br\/ppgel\/wp-content\/uploads\/sites\/68\/2020\/06\/Edital232017.pdf\">Edital n\u00ba 23\/2017<\/a>- Inscri\u00e7\u00f5es para concess\u00e3o de 01 bolsa<\/p>\n<p><a href=\"http:\/\/www2.uepg.br\/ppgel\/wp-content\/uploads\/sites\/68\/2020\/06\/Edital222017.pdf\">Edital n\u00ba 22\/2017<\/a>- Abertura de inscri\u00e7\u00f5es e sele\u00e7\u00e3o para o programa<\/p>\n<p><a href=\"http:\/\/www2.uepg.br\/ppgel\/wp-content\/uploads\/sites\/68\/2020\/06\/Edital212017.pdf\">Edital n\u00ba 21\/2017<\/a>- Resultado do credenciamento de docentes permanentes<\/p>\n<p><a href=\"http:\/\/www2.uepg.br\/ppgel\/wp-content\/uploads\/sites\/68\/2020\/06\/Edital202017.pdf\">Edital n\u00ba 20\/2017<\/a> - Resultado de disciplinas isoladas<\/p>\n<p><a href=\"http:\/\/www2.uepg.br\/ppgel\/wp-content\/uploads\/sites\/68\/2020\/06\/Edital192017.pdf\">Edital n\u00ba 19\/2017<\/a> - Homologa\u00e7\u00e3o de disciplinas isoladas<\/p>\n<p><a href=\"http:\/\/www2.uepg.br\/ppgel\/wp-content\/uploads\/sites\/68\/2020\/06\/Edital182017.pdf\">Edital n\u00ba 18\/2017<\/a>- Credenciamento de docentes permanentes para o programa<br \/>\n<a href=\"http:\/\/www2.uepg.br\/ppgel\/wp-content\/uploads\/sites\/68\/2020\/06\/Edital182017AnexosIeII.doc\">- Anexos I e II\u00a0<\/a><\/p>\n<p><a href=\"http:\/\/www2.uepg.br\/ppgel\/wp-content\/uploads\/sites\/68\/2020\/06\/Edital172017.pdf\">Edital n\u00ba 17\/2017<\/a>- Retifica\u00e7\u00e3o do Edital 16\/2017 de Abertura de inscri\u00e7\u00f5es para alunos em disciplinas isoladas<\/p>\n<p><a href=\"http:\/\/www2.uepg.br\/ppgel\/wp-content\/uploads\/sites\/68\/2020\/06\/Edital162017.pdf\">Edital n\u00ba 16\/2017<\/a>- Abertura de inscri\u00e7\u00f5es para alunos em disciplinas isoladas<\/p>\n<p><a href=\"http:\/\/www2.uepg.br\/ppgel\/wp-content\/uploads\/sites\/68\/2020\/06\/Edital152017.pdf\">Edital n\u00ba 15\/2017<\/a>- Resultado para recredenciamento e descredenciamento de docentes no Programa ap\u00f3s pedido de reconsidera\u00e7\u00e3o<\/p>\n<p><a href=\"http:\/\/www2.uepg.br\/ppgel\/wp-content\/uploads\/sites\/68\/2020\/06\/Edital142017.pdf\">Edital n\u00ba 14\/2017<\/a>- Resultado para recredenciamento e descredenciamento de docentes no Programa<\/p>\n<p><a href=\"http:\/\/www2.uepg.br\/ppgel\/wp-content\/uploads\/sites\/68\/2020\/06\/Edital132017.pdf\">Edital n\u00ba 13\/2017<\/a>- Resultado de 01 bolsa - Funda\u00e7\u00e3o Arauc\u00e1ria<\/p>\n<p><a href=\"http:\/\/www2.uepg.br\/ppgel\/wp-content\/uploads\/sites\/68\/2020\/06\/Edital122017.pdf\">Edital n\u00ba 12\/2017<\/a>- Homologa\u00e7\u00e3o de 01 bolsa - Funda\u00e7\u00e3o Arauc\u00e1ria<\/p>\n<p><a href=\"http:\/\/www2.uepg.br\/ppgel\/wp-content\/uploads\/sites\/68\/2020\/06\/Edital112017.pdf\">Edital n\u00ba 11\/2017<\/a>- Retifica\u00e7\u00e3o do Edital 10\/2017 - Inscri\u00e7\u00f5es para concess\u00e3o de 01 bolsa - Funda\u00e7\u00e3o Arauc\u00e1ria<\/p>\n<p><a href=\"http:\/\/www2.uepg.br\/ppgel\/wp-content\/uploads\/sites\/68\/2020\/06\/Edital102017.pdf\">Edital n\u00ba 10\/2017<\/a>- Inscri\u00e7\u00f5es para concess\u00e3o de 01 bolsa - Funda\u00e7\u00e3o Arauc\u00e1ria<\/p>\n<p><a href=\"http:\/\/www2.uepg.br\/ppgel\/wp-content\/uploads\/sites\/68\/2020\/06\/Edital092017.pdf\">Edital n\u00ba 09\/2017<\/a>- Inscri\u00e7\u00f5es para recredenciamento e descredenciamento de docentes no Programa<\/p>\n<p><a href=\"http:\/\/www2.uepg.br\/ppgel\/wp-content\/uploads\/sites\/68\/2020\/06\/Edital082017.pdf\">Edital n\u00ba 08\/2017<\/a> - HOMOLOGA\u00c7\u00c3O E DIVULGA\u00c7\u00c3O DO RESULTADO DA ELEI\u00c7\u00c3O PARA REPRESENTA\u00c7\u00c3O DISCENTE JUNTO AO COLEGIADO DO PROGRAMA DE P\u00d3S- GRADUA\u00c7\u00c3O EM ESTUDOS DA LINGUAGEM<\/p>\n<p><a href=\"http:\/\/www2.uepg.br\/ppgel\/wp-content\/uploads\/sites\/68\/2020\/06\/Edital072017.pdf\">Edital n\u00ba 07\/2017<\/a> - ATO CONVOCAT\u00d3RIO E DESIGNA\u00c7\u00c3O DE COMISS\u00c3O ELEITORAL PARA REPRESENTA\u00c7\u00c3O DISCENTE JUNTO AO PROGRAMA DE P\u00d3S-GRADUA\u00c7\u00c3O STRICTO SENSU EM ESTUDOS DA LINGUAGEM<\/p>\n<p><a href=\"http:\/\/www2.uepg.br\/ppgel\/wp-content\/uploads\/sites\/68\/2020\/06\/Edital062017.pdf\">Edital n\u00ba 06\/2017<\/a> - Resultado de Classifica\u00e7\u00e3o para concess\u00e3o de 06 bolsas<\/p>\n<p><a href=\"http:\/\/www2.uepg.br\/ppgel\/wp-content\/uploads\/sites\/68\/2020\/06\/Edital052017.pdf\">Edital n\u00ba 05\/2017<\/a> - Resultado das Inscri\u00e7\u00f5es para disciplinas isoladas 2017<\/p>\n<p><a href=\"http:\/\/www2.uepg.br\/ppgel\/wp-content\/uploads\/sites\/68\/2020\/06\/Edital042017.pdf\">Edital n\u00ba 04\/2017<\/a> - Retifica\u00e7\u00e3o do Edital de homologa\u00e7\u00e3o das inscri\u00e7\u00f5es para disciplinas isoladas 2017<\/p>\n<p><a href=\"http:\/\/www2.uepg.br\/ppgel\/wp-content\/uploads\/sites\/68\/2020\/06\/Edital032017.pdf\">Edital n\u00ba 03\/2017<\/a> - Homologa\u00e7\u00e3o das Inscri\u00e7\u00f5es para disciplinas isoladas 2017<\/p>\n<p><a href=\"http:\/\/www2.uepg.br\/ppgel\/wp-content\/uploads\/sites\/68\/2020\/06\/Edital022017.pdf\">Edital n\u00ba 02\/2017<\/a> - Abertura de inscri\u00e7\u00f5es para concess\u00e3o de 06 bolsas<\/p>\n<p><a href=\"http:\/\/www2.uepg.br\/ppgel\/wp-content\/uploads\/sites\/68\/2020\/06\/Edital012017.pdf\">Edital n\u00ba 01\/2017<\/a> - Retifica\u00e7\u00e3o do Edital 18\/2016 - Inscri\u00e7\u00f5es para disciplinas isoladas 2017<\/p>\n<p><a href=\"http:\/\/www2.uepg.br\/ppgel\/wp-content\/uploads\/sites\/68\/2020\/06\/EditalPROPESP012017.pdf\">Edital PROPESP 01\/2017<\/a> - Convoca\u00e7\u00e3o para elei\u00e7\u00e3o - Coordena\u00e7\u00e3o do PPGEL<br \/>\n<a href=\"http:\/\/www2.uepg.br\/ppgel\/wp-content\/uploads\/sites\/68\/2020\/06\/EditalPROPESP012017AnexoI.doc\">- Formul\u00e1rio de Inscri\u00e7\u00e3o<\/a><\/p>\n<p>&nbsp;<\/p>\n\t\t\t\t<\/div>\n\t\t\t<\/div>\n\t\t<\/div>\n\t\t\t<div class=\"sow-accordion-panel\"\n\t\t\t data-anchor=\"2016\">\n\t\t\t\t<div class=\"sow-accordion-panel-header-container\" role=\"heading\" aria-level=\"2\">\n\t\t\t\t\t<div class=\"sow-accordion-panel-header\" tabindex=\"0\" role=\"button\" id=\"accordion-label-2016\" aria-controls=\"accordion-content-2016\" aria-expanded=\"false\">\n\t\t\t\t\t\t<div class=\"sow-accordion-title sow-accordion-title-icon-left\">\n\t\t\t\t\t\t\t\t\t\t\t\t\t\t2016\t\t\t\t\t\t\t\t\t\t\t\t\t<\/div>\n\t\t\t\t\t\t<div class=\"sow-accordion-open-close-button\">\n\t\t\t\t\t\t\t<div class=\"sow-accordion-open-button\">\n\t\t\t\t\t\t\t\t<span class=\"sow-icon-ionicons\" data-sow-icon=\"&#xf218;\"\n\t\t \n\t\taria-hidden=\"true\"><\/span>\t\t\t\t\t\t\t<\/div>\n\t\t\t\t\t\t\t<div class=\"sow-accordion-close-button\">\n\t\t\t\t\t\t\t\t<span class=\"sow-icon-ionicons\" data-sow-icon=\"&#xf209;\"\n\t\t \n\t\taria-hidden=\"true\"><\/span>\t\t\t\t\t\t\t<\/div>\n\t\t\t\t\t\t<\/div>\n\t\t\t\t\t<\/div>\n\t\t\t\t<\/div>\n\n\t\t\t<div\n\t\t\t\tclass=\"sow-accordion-panel-content\"\n\t\t\t\trole=\"region\"\n\t\t\t\taria-labelledby=\"accordion-label-2016\"\n\t\t\t\tid=\"accordion-content-2016\"\n\t\t\t\tstyle=\"display: none;\"\t\t\t>\n\t\t\t\t<div class=\"sow-accordion-panel-border\" tabindex=\"0\">\n\t\t\t\t\t<p><a href=\"http:\/\/www2.uepg.br\/ppgel\/wp-content\/uploads\/sites\/68\/2020\/06\/Edital182016-1.pdf\">Edital n\u00ba 18\/2016<\/a> - Inscri\u00e7\u00f5es para disciplinas isoladas 2017<\/p>\n<p><a href=\"http:\/\/www2.uepg.br\/ppgel\/wp-content\/uploads\/sites\/68\/2020\/06\/Edital172016.pdf\">Edital n\u00ba 17\/2016<\/a> - Resultado Final da sele\u00e7\u00e3o 2016-2017<\/p>\n<p><a href=\"http:\/\/www2.uepg.br\/ppgel\/wp-content\/uploads\/sites\/68\/2020\/06\/Edital162016.pdf\">Edital n\u00ba 16\/2016<\/a> - Resultado da 2\u00aa e 3\u00aa etapas da sele\u00e7\u00e3o 2016-2017<\/p>\n<p><a href=\"http:\/\/www2.uepg.br\/ppgel\/wp-content\/uploads\/sites\/68\/2020\/06\/Edital152016.pdf\">Edital n\u00ba 15\/2016<\/a> - Resultado da analise do processo de interposi\u00e7\u00e3o de recurso<\/p>\n<p><a href=\"http:\/\/www2.uepg.br\/ppgel\/wp-content\/uploads\/sites\/68\/2020\/06\/Edital142016.pdf\">Edital n\u00ba 14\/2016<\/a>- Prova escrita e argui\u00e7\u00e3o<\/p>\n<p><a href=\"http:\/\/www2.uepg.br\/ppgel\/wp-content\/uploads\/sites\/68\/2020\/06\/Edital132016.pdf\">Edital n\u00ba 13\/2016<\/a> - Retifica\u00e7\u00e3o da primeira etapa da sele\u00e7\u00e3o 2016-2017<\/p>\n<p><a href=\"http:\/\/www2.uepg.br\/ppgel\/wp-content\/uploads\/sites\/68\/2020\/06\/Edital122016.pdf\">Edital n\u00ba 12\/2016<\/a> - Resultado da primeira etapa da sele\u00e7\u00e3o 2016-2017<\/p>\n<p><a href=\"http:\/\/www2.uepg.br\/ppgel\/wp-content\/uploads\/sites\/68\/2020\/06\/Edital112016.pdf\">Edital n\u00ba 11\/2016<\/a> - Retifica\u00e7\u00e3o do Edital n\u00ba 10\/2016 - Homologa\u00e7\u00e3o das inscri\u00e7\u00f5es<\/p>\n<p><a href=\"http:\/\/www2.uepg.br\/ppgel\/wp-content\/uploads\/sites\/68\/2020\/06\/Edital102016.pdf\">Edital n\u00ba 10\/2016<\/a> - Homologa\u00e7\u00e3o das inscri\u00e7\u00f5es<\/p>\n<p><a href=\"http:\/\/www2.uepg.br\/ppgel\/wp-content\/uploads\/sites\/68\/2020\/06\/Edital092016.pdf\">Edital n\u00ba 09\/2016<\/a> - Abertura de inscri\u00e7\u00e3o e sele\u00e7\u00e3o do processo seletivo 2016-2017<\/p>\n<p><a href=\"http:\/\/www2.uepg.br\/ppgel\/wp-content\/uploads\/sites\/68\/2020\/06\/Edital082016.pdf\">Edital n\u00ba 08\/2016<\/a> - RESULTADO DISCIPLINAS ISOLADAS<\/p>\n<p><a href=\"http:\/\/www2.uepg.br\/ppgel\/wp-content\/uploads\/sites\/68\/2020\/06\/Edital072016.pdf\">Edital n\u00ba 07\/2016<\/a> - Resultado do Recredenciamento<\/p>\n<p><a href=\"http:\/\/www2.uepg.br\/ppgel\/wp-content\/uploads\/sites\/68\/2020\/06\/Edital062016.pdf\">Edital n\u00ba 06\/2016<\/a> - DISCIPLINAS ISOLADAS<\/p>\n<p><a href=\"http:\/\/www2.uepg.br\/ppgel\/wp-content\/uploads\/sites\/68\/2020\/06\/Edital052016.pdf\">Edital n\u00ba 05\/2016<\/a> - EDITAL DE RECREDENCIAMENTO<\/p>\n<p><a href=\"http:\/\/www2.uepg.br\/ppgel\/wp-content\/uploads\/sites\/68\/2020\/06\/Edital042016.pdf\">Edital n\u00ba 04\/2016<\/a>- Resultado final: classifica\u00e7\u00e3o de bolsas de mestrado<\/p>\n<p><a href=\"http:\/\/www2.uepg.br\/ppgel\/wp-content\/uploads\/sites\/68\/2020\/06\/Edital032016.pdf\">Edital n\u00ba 03\/2016<\/a>- Resultado final das inscri\u00e7\u00f5es para disciplinas isoladas - Alunos classificados nas disciplinas isoladas n\u00e3o precisar\u00e3o fazer matr\u00edculas.As aulas ter\u00e1o in\u00edcio no dia 01\/03\/2016. Obs: As aulas ser\u00e3o ministradas no Bloco B. da UEPG Central<\/p>\n<p><a href=\"http:\/\/www2.uepg.br\/ppgel\/wp-content\/uploads\/sites\/68\/2020\/06\/Edital022016.pdf\">Edital n\u00ba 02\/2016<\/a> - HOMOLOGA\u00c7\u00c3O DAS INSCRI\u00c7\u00d5ES PARA DISCIPLINAS ISOLADAS.<\/p>\n<p><a href=\"http:\/\/www2.uepg.br\/ppgel\/wp-content\/uploads\/sites\/68\/2020\/06\/Edital012016.pdf\">Edital n\u00ba 01\/2016<\/a> - INSCRI\u00c7\u00c3O PARA SETE BOLSAS DE MESTRADO<\/p>\n<p>&nbsp;<\/p>\n\t\t\t\t<\/div>\n\t\t\t<\/div>\n\t\t<\/div>\n\t\t\t<div class=\"sow-accordion-panel\"\n\t\t\t data-anchor=\"2015\">\n\t\t\t\t<div class=\"sow-accordion-panel-header-container\" role=\"heading\" aria-level=\"2\">\n\t\t\t\t\t<div class=\"sow-accordion-panel-header\" tabindex=\"0\" role=\"button\" id=\"accordion-label-2015\" aria-controls=\"accordion-content-2015\" aria-expanded=\"false\">\n\t\t\t\t\t\t<div class=\"sow-accordion-title sow-accordion-title-icon-left\">\n\t\t\t\t\t\t\t\t\t\t\t\t\t\t2015\t\t\t\t\t\t\t\t\t\t\t\t\t<\/div>\n\t\t\t\t\t\t<div class=\"sow-accordion-open-close-button\">\n\t\t\t\t\t\t\t<div class=\"sow-accordion-open-button\">\n\t\t\t\t\t\t\t\t<span class=\"sow-icon-ionicons\" data-sow-icon=\"&#xf218;\"\n\t\t \n\t\taria-hidden=\"true\"><\/span>\t\t\t\t\t\t\t<\/div>\n\t\t\t\t\t\t\t<div class=\"sow-accordion-close-button\">\n\t\t\t\t\t\t\t\t<span class=\"sow-icon-ionicons\" data-sow-icon=\"&#xf209;\"\n\t\t \n\t\taria-hidden=\"true\"><\/span>\t\t\t\t\t\t\t<\/div>\n\t\t\t\t\t\t<\/div>\n\t\t\t\t\t<\/div>\n\t\t\t\t<\/div>\n\n\t\t\t<div\n\t\t\t\tclass=\"sow-accordion-panel-content\"\n\t\t\t\trole=\"region\"\n\t\t\t\taria-labelledby=\"accordion-label-2015\"\n\t\t\t\tid=\"accordion-content-2015\"\n\t\t\t\tstyle=\"display: none;\"\t\t\t>\n\t\t\t\t<div class=\"sow-accordion-panel-border\" tabindex=\"0\">\n\t\t\t\t\t<p><a href=\"http:\/\/www2.uepg.br\/ppgel\/wp-content\/uploads\/sites\/68\/2020\/06\/Edital372015.pdf\">Edital n\u00ba 37\/2015<\/a> - EDITAL PARA DISCIPLINAS ISOLADAS 2016<\/p>\n<p><a href=\"http:\/\/www2.uepg.br\/ppgel\/wp-content\/uploads\/sites\/68\/2020\/06\/Edital362015.pdf\">Edital n\u00ba 36\/2015<\/a> - Resultado final do processo seletivo 2015-2016<\/p>\n<p><a href=\"http:\/\/www2.uepg.br\/ppgel\/wp-content\/uploads\/sites\/68\/2020\/06\/Edital352015.pdf\">Edital n\u00ba 35\/2015<\/a> - Resultado da prova de Argui\u00e7\u00e3o<\/p>\n<p><a href=\"http:\/\/www2.uepg.br\/ppgel\/wp-content\/uploads\/sites\/68\/2020\/06\/Edital342015.pdf\">Edital n\u00ba 34\/2015<\/a> - Retifica\u00e7\u00e3o do Edital n\u00ba 33\/2015 - Composi\u00e7\u00e3o, hor\u00e1rios, locais e datas das provas de argui\u00e7\u00e3o<\/p>\n<p><a href=\"http:\/\/www2.uepg.br\/ppgel\/wp-content\/uploads\/sites\/68\/2020\/06\/Edital332015.pdf\">Edital n\u00ba 33\/2015<\/a> - Composi\u00e7\u00e3o, hor\u00e1rios, locais e datas das provas de argui\u00e7\u00e3o.<\/p>\n<p><a href=\"http:\/\/www2.uepg.br\/ppgel\/wp-content\/uploads\/sites\/68\/2020\/06\/Edital322015.pdf\">Edital n\u00ba 32\/2015<\/a> - Resultado da an\u00e1lise dos pr\u00e9-projetos<\/p>\n<p><a href=\"http:\/\/www2.uepg.br\/ppgel\/wp-content\/uploads\/sites\/68\/2020\/06\/Edital312015.pdf\">Edital n\u00ba 31\/2015<\/a> - Resultado da an\u00e1lise dos pr\u00e9-projetos<\/p>\n<p><a href=\"http:\/\/www2.uepg.br\/ppgel\/wp-content\/uploads\/sites\/68\/2020\/06\/Edital302015.pdf\">Edital n\u00ba 30\/2015<\/a> - RESULTADO FINAL PARA CLASSIFICA\u00c7\u00c3O DE (UMA) BOLSA DE MESTRADO<\/p>\n<p><a href=\"http:\/\/www2.uepg.br\/ppgel\/wp-content\/uploads\/sites\/68\/2020\/06\/Edital292015.pdf\">Edital n\u00ba 29\/2015<\/a> - RESULTADO FINAL\/BOLSA PNPD<\/p>\n<p><a href=\"http:\/\/www2.uepg.br\/ppgel\/wp-content\/uploads\/sites\/68\/2020\/06\/Edital282015.pdf\">Edital n\u00ba 28\/2015<\/a> - Resultado da 1\u00aa fase do Mestrado (bolsa PNPD)<\/p>\n<p><a href=\"http:\/\/www2.uepg.br\/ppgel\/wp-content\/uploads\/sites\/68\/2020\/06\/Edital272015.pdf\">Edital n\u00ba 27\/2015<\/a> - Resultado da prova escrita do Mestrado<\/p>\n<p><a href=\"http:\/\/www2.uepg.br\/ppgel\/wp-content\/uploads\/sites\/68\/2020\/06\/Edital262015.pdf\">Edital n\u00ba 26\/2015<\/a> - Abertura de inscri\u00e7\u00f5es para concess\u00e3o de 1 (uma) bolsa para o Mestrado<\/p>\n<p><a href=\"http:\/\/www2.uepg.br\/ppgel\/wp-content\/uploads\/sites\/68\/2020\/06\/Edital252015.pdf\">Edital n\u00ba 25\/2015<\/a> - Inscri\u00e7\u00f5es deferidas<\/p>\n<p><a href=\"http:\/\/www2.uepg.br\/ppgel\/wp-content\/uploads\/sites\/68\/2020\/06\/Edital242015.pdf\">Edital n\u00ba 24\/2015<\/a> - Retifica\u00e7\u00e3o do edital de homologa\u00e7\u00e3o das inscri\u00e7\u00e3o e sele\u00e7\u00e3o para o curso de Mestrado<\/p>\n<p><a href=\"http:\/\/www2.uepg.br\/ppgel\/wp-content\/uploads\/sites\/68\/2020\/06\/Edital232015.pdf\">Edital n\u00ba 23\/2015<\/a> - Abertura de inscri\u00e7\u00f5es para concess\u00e3o de 1 (uma) bolsa PNPD<\/p>\n<p><a href=\"http:\/\/www2.uepg.br\/ppgel\/wp-content\/uploads\/sites\/68\/2020\/06\/Edital222015.pdf\">Edital n\u00ba 22\/2015<\/a> - Homologa\u00e7\u00e3o das inscri\u00e7\u00e3o e sele\u00e7\u00e3o para o curso de Mestrado<\/p>\n<p><a href=\"http:\/\/www2.uepg.br\/ppgel\/wp-content\/uploads\/sites\/68\/2020\/06\/Edital212015.pdf\">Edital n\u00ba 21\/2015<\/a> - Resultado das inscri\u00e7\u00f5es para alunos especiais em disciplinas isoladas<\/p>\n<p><a href=\"http:\/\/www2.uepg.br\/ppgel\/wp-content\/uploads\/sites\/68\/2020\/06\/Edital202015.pdf\">Edital n\u00ba 20\/2015<\/a> - Abertura das inscri\u00e7\u00e3o e sele\u00e7\u00e3o para o curso de Mestrado<\/p>\n<p><a href=\"http:\/\/www2.uepg.br\/ppgel\/wp-content\/uploads\/sites\/68\/2020\/06\/Edital192015.pdf\">Edital n\u00ba 19\/2015<\/a> - Homologa\u00e7\u00e3o das inscri\u00e7\u00f5es para alunos especiais em disciplinas isoladas<\/p>\n<p><a href=\"http:\/\/www2.uepg.br\/ppgel\/wp-content\/uploads\/sites\/68\/2020\/06\/Edital182015.pdf\">Edital n\u00ba18\/2015<\/a> - Resultado - Per\u00edodo, crit\u00e9rios e procedimentos para solicita\u00e7\u00e3o de credenciamento de at\u00e9 cinco (05) novos docentes permanentes e at\u00e9 dois (02) docentes colaboradores para atuar em n\u00edvel de mestrado<\/p>\n<p><a href=\"http:\/\/www2.uepg.br\/ppgel\/wp-content\/uploads\/sites\/68\/2020\/06\/Edital172015.pdf\">Edital n\u00ba 17\/2015<\/a> - Retifica\u00e7\u00e3o do Edital n\u00ba 16\/2015<\/p>\n<p><a href=\"http:\/\/www2.uepg.br\/ppgel\/wp-content\/uploads\/sites\/68\/2020\/06\/Edital162015.pdf\">Edital n\u00ba 16\/2015<\/a> - Abertura das inscri\u00e7\u00f5es para alunos especiais em disciplinas isoladas <a href=\"http:\/\/www2.uepg.br\/ppgel\/wp-content\/uploads\/sites\/68\/2020\/06\/Edital162015_ficha.doc\">(ficha de inscri\u00e7\u00e3o)<\/a><\/p>\n<p><a href=\"http:\/\/www2.uepg.br\/ppgel\/wp-content\/uploads\/sites\/68\/2020\/06\/Edital152015.pdf\">Edital n\u00ba15\/2015<\/a> - Retifica\u00e7\u00e3o do Edital n\u00ba14\/2015 - Per\u00edodo, crit\u00e9rios e procedimentos para solicita\u00e7\u00e3o de credenciamento de at\u00e9 cinco (05) novos docentes permanentes e at\u00e9 dois (02) docentes colaboradores para atuar em n\u00edvel de mestrado<\/p>\n<p><a href=\"http:\/\/www2.uepg.br\/ppgel\/wp-content\/uploads\/sites\/68\/2020\/06\/Edital142015.pdf\">Edital n\u00ba14\/2015<\/a> - Per\u00edodo, crit\u00e9rios e procedimentos para solicita\u00e7\u00e3o de credenciamento de at\u00e9 cinco (05) novos docentes permanentes e at\u00e9 dois (02) docentes colaboradores para atuar em n\u00edvel de mestrado<\/p>\n<p><a href=\"http:\/\/www2.uepg.br\/ppgel\/wp-content\/uploads\/sites\/68\/2020\/06\/Edital132015.pdf\">Edital n\u00ba13\/2015<\/a> - Resultado para concess\u00e3o de 1 (uma) bolsa para o Mestrado<\/p>\n<p><a href=\"http:\/\/www2.uepg.br\/ppgel\/wp-content\/uploads\/sites\/68\/2020\/06\/EditalPropesp312015.pdf\">Edital PROPESP n\u00ba31\/2014<\/a> - Convoca\u00e7\u00e3o de elei\u00e7\u00e3o para escolha do Coordenador e Vice-coordenador do programa<\/p>\n<p><a href=\"http:\/\/www2.uepg.br\/ppgel\/wp-content\/uploads\/sites\/68\/2020\/06\/Edital122015.pdf\">Edital n\u00ba 12\/2015<\/a> - Retifica\u00e7\u00e3o do Edital 11\/2015 - Abertura de inscri\u00e7\u00f5es para concess\u00e3o de 1 (uma) bolsa para o Mestrado<\/p>\n<p><a href=\"http:\/\/www2.uepg.br\/ppgel\/wp-content\/uploads\/sites\/68\/2020\/06\/Edital112015.pdf\">Edital n\u00ba 11\/2015<\/a> - Abertura de inscri\u00e7\u00f5es para concess\u00e3o de 1 (uma) bolsa para o Mestrado<\/p>\n<p><a href=\"http:\/\/www2.uepg.br\/ppgel\/wp-content\/uploads\/sites\/68\/2020\/06\/Edital102015.pdf\">Edital n\u00ba 10\/2015<\/a> - Resultadeo de inscri\u00e7\u00f5es para concess\u00e3o de 2 (duas) bolsas para o Mestrado<\/p>\n<p><a href=\"http:\/\/www2.uepg.br\/ppgel\/wp-content\/uploads\/sites\/68\/2020\/06\/Edital092015.pdf\">Edital n\u00ba 09\/2015<\/a> - Resultado da prova de sufici\u00eancia em l\u00ednguas estrangeiras<\/p>\n<p><a href=\"http:\/\/www2.uepg.br\/ppgel\/wp-content\/uploads\/sites\/68\/2020\/06\/Edital082015.pdf\">Edital n\u00ba 08\/2015<\/a> - Retifica\u00e7\u00e3o do Edital 07\/2015 - Abertura de inscri\u00e7\u00f5es para concess\u00e3o de 2 (duas) bolsas para o Mestrado<\/p>\n<p><a href=\"http:\/\/www2.uepg.br\/ppgel\/wp-content\/uploads\/sites\/68\/2020\/06\/Edital072015.pdf\">Edital n\u00ba 07\/2015<\/a> - Abertura de inscri\u00e7\u00f5es para concess\u00e3o de 1 (uma) bolsa para o Mestrado<\/p>\n<p><a href=\"http:\/\/www2.uepg.br\/ppgel\/wp-content\/uploads\/sites\/68\/2020\/06\/Edital062015.pdf\">Edital n\u00ba 06\/2015<\/a> - Homologa\u00e7\u00e3o das inscri\u00e7\u00f5es para prova de sufici\u00eancia em l\u00ednguas estrangeiras<\/p>\n<p><a href=\"http:\/\/www2.uepg.br\/ppgel\/wp-content\/uploads\/sites\/68\/2020\/06\/Edital052015.pdf\">Edital n\u00ba 05\/2015<\/a> - Abertura de inscri\u00e7\u00f5es para prova de sufici\u00eancia em l\u00ednguas estrangeiras<\/p>\n<p><a href=\"http:\/\/www2.uepg.br\/ppgel\/wp-content\/uploads\/sites\/68\/2020\/06\/Edital042015.pdf\">Edital n\u00ba 04\/2015<\/a> - Resultado da sele\u00e7\u00e3o de bolsista do Programa Nacional de P\u00f3s Doutorado\/CAPES junto ao PPGLIS \u2013 UEPG<\/p>\n<p><a href=\"http:\/\/www2.uepg.br\/ppgel\/wp-content\/uploads\/sites\/68\/2020\/06\/Edital032015.pdf\">Edital n\u00ba 03\/2015<\/a> - Resultado da primeira fase e convocat\u00f3ria para entrevistas<\/p>\n<p><a href=\"http:\/\/www2.uepg.br\/ppgel\/wp-content\/uploads\/sites\/68\/2020\/06\/Edital022015.pdf\">Edital n\u00ba 02\/2015<\/a> - Resultado das inscri\u00e7\u00f5es para alunos especiais em disciplinas isoladas<\/p>\n<p><a href=\"http:\/\/www2.uepg.br\/ppgel\/wp-content\/uploads\/sites\/68\/2020\/06\/Edital012015.pdf\">Edital n\u00ba 01\/2015<\/a> - Homologa\u00e7\u00e3o das inscri\u00e7\u00f5es para alunos especiais em disciplinas isoladas<\/p>\n<p>&nbsp;<\/p>\n\t\t\t\t<\/div>\n\t\t\t<\/div>\n\t\t<\/div>\n\t\t\t<div class=\"sow-accordion-panel\"\n\t\t\t data-anchor=\"2014\">\n\t\t\t\t<div class=\"sow-accordion-panel-header-container\" role=\"heading\" aria-level=\"2\">\n\t\t\t\t\t<div class=\"sow-accordion-panel-header\" tabindex=\"0\" role=\"button\" id=\"accordion-label-2014\" aria-controls=\"accordion-content-2014\" aria-expanded=\"false\">\n\t\t\t\t\t\t<div class=\"sow-accordion-title sow-accordion-title-icon-left\">\n\t\t\t\t\t\t\t\t\t\t\t\t\t\t2014\t\t\t\t\t\t\t\t\t\t\t\t\t<\/div>\n\t\t\t\t\t\t<div class=\"sow-accordion-open-close-button\">\n\t\t\t\t\t\t\t<div class=\"sow-accordion-open-button\">\n\t\t\t\t\t\t\t\t<span class=\"sow-icon-ionicons\" data-sow-icon=\"&#xf218;\"\n\t\t \n\t\taria-hidden=\"true\"><\/span>\t\t\t\t\t\t\t<\/div>\n\t\t\t\t\t\t\t<div class=\"sow-accordion-close-button\">\n\t\t\t\t\t\t\t\t<span class=\"sow-icon-ionicons\" data-sow-icon=\"&#xf209;\"\n\t\t \n\t\taria-hidden=\"true\"><\/span>\t\t\t\t\t\t\t<\/div>\n\t\t\t\t\t\t<\/div>\n\t\t\t\t\t<\/div>\n\t\t\t\t<\/div>\n\n\t\t\t<div\n\t\t\t\tclass=\"sow-accordion-panel-content\"\n\t\t\t\trole=\"region\"\n\t\t\t\taria-labelledby=\"accordion-label-2014\"\n\t\t\t\tid=\"accordion-content-2014\"\n\t\t\t\tstyle=\"display: none;\"\t\t\t>\n\t\t\t\t<div class=\"sow-accordion-panel-border\" tabindex=\"0\">\n\t\t\t\t\t<p>&nbsp;<\/p>\n<p><a href=\"http:\/\/www2.uepg.br\/ppgel\/wp-content\/uploads\/sites\/68\/2020\/06\/EDITAL232014.pdf\">Edital n\u00ba 23\/2014<\/a> - Inscri\u00e7\u00e3o e sele\u00e7\u00e3o de bolsista do Programa Nacional de P\u00f3s Doutorado\/CAPES junto ao PPGLIS \u2013 UEPG<\/p>\n<p><a href=\"http:\/\/www2.uepg.br\/ppgel\/wp-content\/uploads\/sites\/68\/2020\/06\/EDITAL222014.pdf\">Edital n\u00ba 22\/2014<\/a> - Abertura de inscri\u00e7\u00f5es para alunos especiais em disciplinas isoladas<\/p>\n<p><a href=\"http:\/\/www2.uepg.br\/ppgel\/wp-content\/uploads\/sites\/68\/2020\/06\/EDITAL212014.pdf\">Edital n\u00ba21\/2014<\/a> - Candidatos aprovados<\/p>\n<p><a href=\"http:\/\/www2.uepg.br\/ppgel\/wp-content\/uploads\/sites\/68\/2020\/06\/EDITAL202014.pdf\">Edital n\u00ba20\/2014<\/a> - Resultado das provas de argui\u00e7\u00e3o<\/p>\n<p><a href=\"http:\/\/www2.uepg.br\/ppgel\/wp-content\/uploads\/sites\/68\/2020\/06\/EDITAL192014.pdf\">Edital n\u00ba19\/2014<\/a> - Composi\u00e7\u00e3o, hor\u00e1rios, locais e datas das provas de argui\u00e7\u00e3o<\/p>\n<p><a href=\"http:\/\/www2.uepg.br\/ppgel\/wp-content\/uploads\/sites\/68\/2020\/06\/EDITAL182014.pdf\">Edital n\u00ba18\/2014<\/a>- Resultado da an\u00e1lise dos pr\u00e9-projetos<\/p>\n<p><a href=\"http:\/\/www2.uepg.br\/ppgel\/wp-content\/uploads\/sites\/68\/2020\/06\/EDITAL172014.pdf\">Edital n\u00ba17\/2014<\/a> - Resultado da an\u00e1lise de processo de interposi\u00e7\u00e3o de recurso referente ao resultado da prova escrita<\/p>\n<p><a href=\"http:\/\/www2.uepg.br\/ppgel\/wp-content\/uploads\/sites\/68\/2020\/06\/EDITAL162014a.pdf\">Edital n\u00ba16\/2014<\/a> - Resultado da Prova Escrita<\/p>\n<p><a href=\"http:\/\/www2.uepg.br\/ppgel\/wp-content\/uploads\/sites\/68\/2020\/06\/EDITAL152014.pdf\">Edital n\u00ba15\/2014<\/a> - Homologa\u00e7\u00e3o das inscri\u00e7\u00f5es<\/p>\n<p><a href=\"http:\/\/www2.uepg.br\/ppgel\/wp-content\/uploads\/sites\/68\/2020\/06\/EDITAL142014.pdf\">Edital n\u00ba 14\/2014<\/a> (Retificado) - Resultado das Inscri\u00e7\u00f5es dos Candidatos a Aluno Especial em Disciplinas Isoladas<\/p>\n<p><a href=\"http:\/\/www2.uepg.br\/ppgel\/wp-content\/uploads\/sites\/68\/2020\/06\/EDITAL132014retificado.pdf\">Edital n\u00ba 13\/2014<\/a> (Retificado) - Homologa\u00e7\u00e3o das Inscri\u00e7\u00f5es dos Candidatos a Aluno Especial em Disciplinas Isoladas<\/p>\n<p><a href=\"http:\/\/www2.uepg.br\/ppgel\/wp-content\/uploads\/sites\/68\/2020\/06\/EDITAL122014.pdf\">Edital n\u00ba 12\/2014<\/a> - Abertura de inscri\u00e7\u00f5es para ingresso no Mestrado<\/p>\n<p><a href=\"http:\/\/www2.uepg.br\/ppgel\/wp-content\/uploads\/sites\/68\/2020\/06\/EDITAL112014.pdf\">Edital n\u00ba 11\/2014<\/a> - Abertura de inscri\u00e7\u00f5es para alunos especiais em disciplinas isoladas<\/p>\n<p><a href=\"http:\/\/www2.uepg.br\/ppgel\/wp-content\/uploads\/sites\/68\/2020\/06\/EDITAL102014.pdf\">Edital n\u00ba 10\/2014<\/a> - Resultado da Prova de Sufici\u00eancia em L\u00ednguas Estrangeiras<\/p>\n<p><a href=\"http:\/\/www2.uepg.br\/ppgel\/wp-content\/uploads\/sites\/68\/2020\/06\/EDITAL092014.pdf\">Edital n\u00ba 09\/2014<\/a> - Resultado do credenciamento para novos docentes do programa<\/p>\n<p><a href=\"http:\/\/www2.uepg.br\/ppgel\/wp-content\/uploads\/sites\/68\/2020\/06\/EDITAL082014.pdf\">Edital n\u00ba 08\/2014<\/a> - Homologa\u00e7\u00e3o das inscri\u00e7\u00f5es para prova da sufici\u00eancia em l\u00ednguas estrangeiras<\/p>\n<p><a href=\"http:\/\/www2.uepg.br\/ppgel\/wp-content\/uploads\/sites\/68\/2020\/06\/EDITAL072014.pdf\">Edital n\u00ba 07\/2014<\/a> - Abertura de inscri\u00e7\u00f5es para prova da sufici\u00eancia em l\u00ednguas estrangeiras<\/p>\n<p><a href=\"http:\/\/www2.uepg.br\/ppgel\/wp-content\/uploads\/sites\/68\/2020\/06\/EDITAL062014.pdf\">Edital n\u00ba 06\/2014<\/a> - Ccrit\u00e9rios e procedimentos para solicita\u00e7\u00e3o de credenciamento de at\u00e9 cinco (05) novos docentes permanentes e at\u00e9 dois (02) docentes colaboradores para atuar em n\u00edvel de mestrado<br \/>\n<a href=\"http:\/\/www2.uepg.br\/ppgel\/wp-content\/uploads\/sites\/68\/2020\/06\/edital6_anexo1.doc\">Anexo 01 - Edital 06\/2014<\/a><br \/>\n<a href=\"http:\/\/www2.uepg.br\/ppgel\/wp-content\/uploads\/sites\/68\/2020\/06\/edital6_anexo2.docx\">Anexo 02 - Edital 06\/2014\u00a0<\/a><\/p>\n<p><a href=\"http:\/\/www2.uepg.br\/ppgel\/wp-content\/uploads\/sites\/68\/2020\/06\/EDITAL052014.pdf\">Edital n\u00ba 05\/2014<\/a> - Resultado Final - Classifica\u00e7\u00e3o para concess\u00e3o de bolsas de Mestrado<\/p>\n<p><a href=\"http:\/\/www2.uepg.br\/ppgel\/wp-content\/uploads\/sites\/68\/2020\/06\/EDITAL042014.pdf\">Edital n\u00ba 04\/2014<\/a> - Classifica\u00e7\u00e3o para concess\u00e3o de bolsas de Mestrado<\/p>\n<p><a href=\"http:\/\/www2.uepg.br\/ppgel\/wp-content\/uploads\/sites\/68\/2020\/06\/EDITAL162014.pdf\">Edital n\u00ba 16\/2014<\/a>- ATO CONVOCAT\u00d3RIO E DESIGNA\u00c7\u00c3O DE COMISS\u00c3O ELEITORAL PARA REPRESENTA\u00c7\u00c3O DISCENTES JUNTO AO PROGRAMA DE P\u00d3S-GRADUA\u00c7\u00c3O STRICTO SENSU EM LINGUAGEM, IDENTIDADE E SUBJETIVIDADE<\/p>\n<p><a href=\"http:\/\/www2.uepg.br\/ppgel\/wp-content\/uploads\/sites\/68\/2020\/06\/EDITAL032014.pdf\">Edital n\u00ba 03\/2014<\/a> - Resultado das inscri\u00e7\u00f5es para alunos especiais em disciplinas isoladas<\/p>\n<p><a href=\"http:\/\/www2.uepg.br\/ppgel\/wp-content\/uploads\/sites\/68\/2020\/06\/EDITAL022014.pdf\">Edital n\u00ba02\/2014<\/a> - Homologa\u00e7\u00e3o das inscri\u00e7\u00f5es<\/p>\n<p><a href=\"http:\/\/www2.uepg.br\/ppgel\/wp-content\/uploads\/sites\/68\/2020\/06\/EDITAL012014.pdf\">Edital n\u00ba01\/2014<\/a> - Abertura de inscri\u00e7\u00f5es para alunos especiais em disciplinas isoladas<\/p>\n<p>&nbsp;<\/p>\n\t\t\t\t<\/div>\n\t\t\t<\/div>\n\t\t<\/div>\n\t\t\t<div class=\"sow-accordion-panel\"\n\t\t\t data-anchor=\"2013\">\n\t\t\t\t<div class=\"sow-accordion-panel-header-container\" role=\"heading\" aria-level=\"2\">\n\t\t\t\t\t<div class=\"sow-accordion-panel-header\" tabindex=\"0\" role=\"button\" id=\"accordion-label-2013\" aria-controls=\"accordion-content-2013\" aria-expanded=\"false\">\n\t\t\t\t\t\t<div class=\"sow-accordion-title sow-accordion-title-icon-left\">\n\t\t\t\t\t\t\t\t\t\t\t\t\t\t2013\t\t\t\t\t\t\t\t\t\t\t\t\t<\/div>\n\t\t\t\t\t\t<div class=\"sow-accordion-open-close-button\">\n\t\t\t\t\t\t\t<div class=\"sow-accordion-open-button\">\n\t\t\t\t\t\t\t\t<span class=\"sow-icon-ionicons\" data-sow-icon=\"&#xf218;\"\n\t\t \n\t\taria-hidden=\"true\"><\/span>\t\t\t\t\t\t\t<\/div>\n\t\t\t\t\t\t\t<div class=\"sow-accordion-close-button\">\n\t\t\t\t\t\t\t\t<span class=\"sow-icon-ionicons\" data-sow-icon=\"&#xf209;\"\n\t\t \n\t\taria-hidden=\"true\"><\/span>\t\t\t\t\t\t\t<\/div>\n\t\t\t\t\t\t<\/div>\n\t\t\t\t\t<\/div>\n\t\t\t\t<\/div>\n\n\t\t\t<div\n\t\t\t\tclass=\"sow-accordion-panel-content\"\n\t\t\t\trole=\"region\"\n\t\t\t\taria-labelledby=\"accordion-label-2013\"\n\t\t\t\tid=\"accordion-content-2013\"\n\t\t\t\tstyle=\"display: none;\"\t\t\t>\n\t\t\t\t<div class=\"sow-accordion-panel-border\" tabindex=\"0\">\n\t\t\t\t\t<p><a href=\"http:\/\/www2.uepg.br\/ppgel\/wp-content\/uploads\/sites\/68\/2020\/06\/EDITAL232013.pdf\">Edital n\u00ba 23\/2013<\/a> - Resultado final do processo seletivo<\/p>\n<p><a href=\"http:\/\/www2.uepg.br\/ppgel\/wp-content\/uploads\/sites\/68\/2020\/06\/EDITAL222013.pdf\">Edital n\u00ba22\/2013<\/a> - Divulga\u00e7\u00e3o dos aprovados na prova de argui\u00e7\u00e3o<\/p>\n<p><a href=\"http:\/\/www2.uepg.br\/ppgel\/wp-content\/uploads\/sites\/68\/2020\/06\/EDITAL212013.pdf\">Edital n\u00ba21\/2013<\/a> - Resultado da Prova de Sufici\u00eancia em L\u00ednguas Estrangeiras<\/p>\n<p><a href=\"http:\/\/www2.uepg.br\/ppgel\/wp-content\/uploads\/sites\/68\/2020\/06\/EDITAL202013.pdf\">Edital n\u00ba20\/2013<\/a> - Divulga\u00e7\u00e3o da composi\u00e7\u00e3o, hor\u00e1rios, locais e datas das provas de argui\u00e7\u00e3o do processo seletivo<\/p>\n<p><a href=\"http:\/\/www2.uepg.br\/ppgel\/wp-content\/uploads\/sites\/68\/2020\/06\/EDITAL192013.pdf\">Edital n\u00ba19\/2013<\/a> - Resultado da an\u00e1lise dos pr\u00e9-projetos do processo seletivo<\/p>\n<p><a href=\"http:\/\/www2.uepg.br\/ppgel\/wp-content\/uploads\/sites\/68\/2020\/06\/EDITAL182013.pdf\">Edital n\u00ba18\/2013<\/a> - Resultado da an\u00e1lise de processo de interposi\u00e7\u00e3o de recurso referente ao resultado da prova escrita<\/p>\n<p><a href=\"http:\/\/www2.uepg.br\/ppgel\/wp-content\/uploads\/sites\/68\/2020\/06\/EDITAL172013.pdf\">Edital n\u00ba17\/2013<\/a> - Abertura de inscri\u00e7\u00f5es para prova de sufici\u00eancia em l\u00ednguas estrangeiras<\/p>\n<p><a href=\"http:\/\/www2.uepg.br\/ppgel\/wp-content\/uploads\/sites\/68\/2020\/06\/EDITAL162013.pdf\">Edital n\u00ba16\/2013<\/a> - Resultado da prova escrita do processo seletivo do programa 2013\/2014 .<\/p>\n<p><a href=\"http:\/\/www2.uepg.br\/ppgel\/wp-content\/uploads\/sites\/68\/2020\/06\/EDITAL152013.pdf\">Edital n\u00ba15\/2013<\/a> - Resultado final do processo seletivo do programa - Bolsita do PNPD.<\/p>\n<p><a href=\"http:\/\/www2.uepg.br\/ppgel\/wp-content\/uploads\/sites\/68\/2020\/06\/EDITAL142013.pdf\">Edital n\u00ba14\/2013<\/a> - Retifica\u00e7\u00e3o do Edital n\u00ba 11\/2013<\/p>\n<p><a href=\"http:\/\/www2.uepg.br\/ppgel\/wp-content\/uploads\/sites\/68\/2020\/06\/EDITAL132013.pdf\">Edital n\u00ba13\/2013<\/a> - Resultado das inscri\u00e7\u00f5es e hor\u00e1rios das entrevistas da sele\u00e7\u00e3o do PNPD referente ao Edital 10\/2013<\/p>\n<p><a href=\"http:\/\/www2.uepg.br\/ppgel\/wp-content\/uploads\/sites\/68\/2020\/06\/EDITAL122013.pdf\">Edital n\u00ba12\/2013<\/a> - Resultado da homologa\u00e7\u00e3o do processo de sele\u00e7\u00e3o 2013\/2014<\/p>\n<p><a href=\"http:\/\/www2.uepg.br\/ppgel\/wp-content\/uploads\/sites\/68\/2020\/06\/EDITAL112013.pdf\">Edital n\u00ba11\/2013<\/a> - Homologa\u00e7\u00e3o das inscri\u00e7\u00f5es do processo seletivo de 2013\/2014.<\/p>\n<p><a href=\"http:\/\/www2.uepg.br\/ppgel\/wp-content\/uploads\/sites\/68\/2020\/06\/EDITAL092013.pdf\">Edital n\u00ba09\/2013<\/a> - Resultado das inscri\u00e7\u00f5es dos candidatos a aluno especial em disciplinas isoladas<\/p>\n<p><a href=\"http:\/\/www2.uepg.br\/ppgel\/wp-content\/uploads\/sites\/68\/2020\/06\/EDITAL082013.pdf\">Edital n\u00ba08\/2013<\/a> - Homologa\u00e7\u00e3o das inscri\u00e7\u00f5es dos candidatos a aluno especial<\/p>\n<p><a href=\"http:\/\/www2.uepg.br\/ppgel\/wp-content\/uploads\/sites\/68\/2020\/06\/EDITAL072013.pdf\">Edital n\u00ba07\/2013<\/a> - Abertura de inscri\u00e7\u00f5es para ingresso no Mestrado<\/p>\n<p><a href=\"http:\/\/www2.uepg.br\/ppgel\/wp-content\/uploads\/sites\/68\/2020\/06\/EDITAL062013.pdf\">Edital n\u00ba06\/2013<\/a> - Abertura de inscri\u00e7\u00f5es para alunos especiais em disciplinas isoladas<\/p>\n<p><a href=\"http:\/\/www2.uepg.br\/ppgel\/wp-content\/uploads\/sites\/68\/2020\/06\/EDITAL052013.pdf\">Edital n\u00ba05\/2013<\/a> - Resultado final da classifica\u00e7\u00e3o para concess\u00e3o de bolsas de mestrado<\/p>\n<p><a href=\"http:\/\/www2.uepg.br\/ppgel\/wp-content\/uploads\/sites\/68\/2020\/06\/EDITAL042013.pdf\">Edital n\u00ba04\/2013<\/a> - Resultado das inscri\u00e7\u00f5es dos candidatos a aluno especial<\/p>\n<p><a href=\"http:\/\/www2.uepg.br\/ppgel\/wp-content\/uploads\/sites\/68\/2020\/06\/EDITAL032013.pdf\">Edital n\u00ba03\/2013<\/a> - Classifica\u00e7\u00e3o para concess\u00e3o de bolsas de mestrado<\/p>\n<p><a href=\"http:\/\/www2.uepg.br\/ppgel\/wp-content\/uploads\/sites\/68\/2020\/06\/EDITAL022013.pdf\">Edital n\u00ba02\/2013<\/a> - Homologa\u00e7\u00e3o das inscri\u00e7\u00f5es dos candidatos a aluno especial em disciplinas isoladas<\/p>\n<p><a href=\"http:\/\/www2.uepg.br\/ppgel\/wp-content\/uploads\/sites\/68\/2020\/06\/EDITAL012013.pdf\">Edital n\u00ba01\/2013<\/a> - Abertura de inscri\u00e7\u00f5es para alunos especiais em disciplinas isoladas<\/p>\n<p>&nbsp;<\/p>\n\t\t\t\t<\/div>\n\t\t\t<\/div>\n\t\t<\/div>\n\t\t\t<div class=\"sow-accordion-panel\"\n\t\t\t data-anchor=\"2012\">\n\t\t\t\t<div class=\"sow-accordion-panel-header-container\" role=\"heading\" aria-level=\"2\">\n\t\t\t\t\t<div class=\"sow-accordion-panel-header\" tabindex=\"0\" role=\"button\" id=\"accordion-label-2012\" aria-controls=\"accordion-content-2012\" aria-expanded=\"false\">\n\t\t\t\t\t\t<div class=\"sow-accordion-title sow-accordion-title-icon-left\">\n\t\t\t\t\t\t\t\t\t\t\t\t\t\t2012\t\t\t\t\t\t\t\t\t\t\t\t\t<\/div>\n\t\t\t\t\t\t<div class=\"sow-accordion-open-close-button\">\n\t\t\t\t\t\t\t<div class=\"sow-accordion-open-button\">\n\t\t\t\t\t\t\t\t<span class=\"sow-icon-ionicons\" data-sow-icon=\"&#xf218;\"\n\t\t \n\t\taria-hidden=\"true\"><\/span>\t\t\t\t\t\t\t<\/div>\n\t\t\t\t\t\t\t<div class=\"sow-accordion-close-button\">\n\t\t\t\t\t\t\t\t<span class=\"sow-icon-ionicons\" data-sow-icon=\"&#xf209;\"\n\t\t \n\t\taria-hidden=\"true\"><\/span>\t\t\t\t\t\t\t<\/div>\n\t\t\t\t\t\t<\/div>\n\t\t\t\t\t<\/div>\n\t\t\t\t<\/div>\n\n\t\t\t<div\n\t\t\t\tclass=\"sow-accordion-panel-content\"\n\t\t\t\trole=\"region\"\n\t\t\t\taria-labelledby=\"accordion-label-2012\"\n\t\t\t\tid=\"accordion-content-2012\"\n\t\t\t\tstyle=\"display: none;\"\t\t\t>\n\t\t\t\t<div class=\"sow-accordion-panel-border\" tabindex=\"0\">\n\t\t\t\t\t<p><a href=\"http:\/\/www2.uepg.br\/ppgel\/wp-content\/uploads\/sites\/68\/2020\/06\/EDITAL232012.pdf\" target=\"_blank\" rel=\"noopener\">Edital n\u00ba23\/2012<\/a> - Matricula de alunos aprovados no processo seletivo 2012\/2013 e ofertas de disciplinas para 1\u00ba semestre\/2013<\/p>\n<p><a href=\"http:\/\/www2.uepg.br\/ppgel\/wp-content\/uploads\/sites\/68\/2020\/06\/EDITAL222012.pdf\">Edital n\u00ba22\/2012<\/a> - Resultado Final do processo de sele\u00e7\u00e3o 2012\/2013<\/p>\n<p><a href=\"http:\/\/www2.uepg.br\/ppgel\/wp-content\/uploads\/sites\/68\/2020\/06\/EDITAL212012.pdf\" target=\"_blank\" rel=\"noopener\">Edital n\u00ba21\/2012<\/a> - Lista de docentes aprovados como permanentes<\/p>\n<p><a href=\"http:\/\/www2.uepg.br\/ppgel\/wp-content\/uploads\/sites\/68\/2020\/06\/EDITAL202012.pdf\">Edital n\u00ba20\/2012<\/a> - Lista dos candidatos aprovados nas provas de argui\u00e7\u00e3o do Processo Seletivo 2012\/2013<\/p>\n<p><a href=\"http:\/\/www2.uepg.br\/ppgel\/wp-content\/uploads\/sites\/68\/2020\/06\/EDITAL192012.pdf\">Edital n\u00ba19\/2012<\/a> - Resultado da an\u00e1lise do Pr\u00e9-Projeto do Processo Seletivo 2012\/2013<\/p>\n<p><a href=\"http:\/\/www2.uepg.br\/ppgel\/wp-content\/uploads\/sites\/68\/2020\/06\/EDITAL182012.pdf\">Edital n\u00ba18\/2012<\/a> - Divulga\u00e7\u00e3o da composi\u00e7\u00e3o, hor\u00e1rios, locais e datas das provas de argui\u00e7\u00e3o do Processo Seletivo 2012\/2013<\/p>\n<p><a href=\"http:\/\/www2.uepg.br\/ppgel\/wp-content\/uploads\/sites\/68\/2020\/06\/EDITAL172012.pdf\">Edital n\u00ba17\/2012<\/a> - Resultado da an\u00e1lise do Pr\u00e9-Projeto do Processo Seletivo 2012\/2013<\/p>\n<p><a href=\"http:\/\/www2.uepg.br\/ppgel\/wp-content\/uploads\/sites\/68\/2020\/06\/EDITAL162012.pdf\">Edital n\u00ba16\/2012<\/a> - Resultado da Prova Escrita do Processo Seletivo 2012\/2013<\/p>\n<p><a href=\"http:\/\/www2.uepg.br\/ppgel\/wp-content\/uploads\/sites\/68\/2020\/06\/EDITAL152012.pdf\">Edital_n\u00ba15\/2012<\/a> - Homologa\u00e7\u00e3o das inscri\u00e7\u00f5es dos candidatos ao processo seletivo 2012\/2013 - Complementa\u00e7\u00e3o do Edital 14\/2012<\/p>\n<p><a href=\"http:\/\/www2.uepg.br\/ppgel\/wp-content\/uploads\/sites\/68\/2020\/06\/EDITAL_n\u00ba14_de_2012_NOVO.pdf\">Edital_n\u00ba14\/2012<\/a> - Homologa\u00e7\u00e3o das inscri\u00e7\u00f5es dos candidatos ao processo seletivo 2012\/2013 do Mestrado em Linguagem, Identidade e Subjetividade<\/p>\n<p><a href=\"http:\/\/www2.uepg.br\/ppgel\/wp-content\/uploads\/sites\/68\/2020\/06\/EDITAL102012r.pdf\">Edital n\u00ba 10\/2012<\/a> - Retifica\u00e7\u00e3o do edital 10\/2012 no item Procedimento para inscri\u00e7\u00e3o. Inscri\u00e7\u00e3o deve ser feita pelo site aqui.<\/p>\n<p><a href=\"http:\/\/www2.uepg.br\/ppgel\/wp-content\/uploads\/sites\/68\/2020\/06\/edital-n\u00ba-13.pdf\">Edital n\u00ba 13\/2012<\/a> - Resultado das inscri\u00e7\u00f5es dos candidatos a aluno especial em disciplinas isoladas<\/p>\n<p><a href=\"http:\/\/www2.uepg.br\/ppgel\/wp-content\/uploads\/sites\/68\/2020\/06\/EDITAL-n\u00ba-12.pdf\">Edital_n\u00ba12\/2012<\/a> - Crit\u00e9rios e procedimentos para solicita\u00e7\u00e3o de credenciamento de novos docentes permanentes e colaborador para atuar em n\u00edvel de Mestrado.<br \/>\n<a href=\"http:\/\/www2.uepg.br\/ppgel\/wp-content\/uploads\/sites\/68\/2020\/06\/EDITAL-n\u00ba-12-Anexo-1.pdf\">Anexo n\u00ba1<\/a> - Referente ao Edital n\u00ba12.<br \/>\n<a href=\"http:\/\/www2.uepg.br\/ppgel\/wp-content\/uploads\/sites\/68\/2020\/06\/EDITAL-n\u00ba-12-Anexo-2.pdf\">Anexo n\u00ba2<\/a> - Referente ao Edital n\u00ba12.<\/p>\n<p><a href=\"http:\/\/www2.uepg.br\/ppgel\/wp-content\/uploads\/sites\/68\/2020\/06\/EDITAL112012.pdf\">Edital_n\u00ba11\/2012<\/a> - Homologa\u00e7\u00e3o das inscri\u00e7\u00f5es dos candidatos a aluno especial em disciplinas isoladas do Mestrado em Linguagem, Identidade e Subjetividade<\/p>\n<p><a href=\"http:\/\/www2.uepg.br\/ppgel\/wp-content\/uploads\/sites\/68\/2020\/06\/EDITAL102012.pdf\">Edital n\u00ba 10\/2012<\/a> - Abertura de inscri\u00e7\u00f5es para ingresso no mestrado em linguagem, identidade e subjetividade.<\/p>\n<p><a href=\"http:\/\/www2.uepg.br\/ppgel\/wp-content\/uploads\/sites\/68\/2020\/06\/EDITAL082012.pdf\">Edital n\u00ba 08\/2012<\/a> - Resultado final da classifica\u00e7\u00e3o para concess\u00e3o de bolsas<\/p>\n<p><a href=\"http:\/\/www2.uepg.br\/ppgel\/wp-content\/uploads\/sites\/68\/2020\/06\/Edital072012.pdf\">Edital n\u00ba 07\/2012<\/a> - Classifica\u00e7\u00e3o para concess\u00e3o de bolsas<\/p>\n<p><a href=\"http:\/\/www2.uepg.br\/ppgel\/wp-content\/uploads\/sites\/68\/2020\/06\/EDITAL062012.pdf\">Edital n\u00ba 06\/2012<\/a> - Resultado das inscri\u00e7\u00f5es a aluno especial<\/p>\n<p><a href=\"http:\/\/www2.uepg.br\/ppgel\/wp-content\/uploads\/sites\/68\/2020\/06\/EDITAL052012.pdf\">Edital n\u00ba 05\/2012<\/a> - Homologa\u00e7\u00e3o das Inscri\u00e7\u00f5es dos candidatos a Aluno Especial para disciplinas isoladas do Edital Complementar n\u00ba 02\/2012<\/p>\n<p><a href=\"http:\/\/www2.uepg.br\/ppgel\/wp-content\/uploads\/sites\/68\/2020\/06\/EDITAL042012.pdf\">Edital n\u00ba 04\/2012<\/a> - Resultado das inscri\u00e7\u00f5es dos candidatos a aluno especial em disciplinas isoladas<\/p>\n<p><a href=\"http:\/\/www2.uepg.br\/ppgel\/wp-content\/uploads\/sites\/68\/2020\/06\/Edital032012.pdf\">Edital n\u00ba 03\/2012<\/a> - Homologa\u00e7\u00e3o das inscri\u00e7\u00f5es dos candidatos a aluno especial em disciplinas isoladas do Mestrado em Linguagem, Identidade e Subjetividade<\/p>\n<p><a href=\"http:\/\/www2.uepg.br\/ppgel\/wp-content\/uploads\/sites\/68\/2020\/06\/Edital022012.pdf\">Edital n\u00ba 02\/2012<\/a> - Edital Complementar de Abertura de Inscri\u00e7\u00f5es para alunos n\u00e3o regulares em disciplinas isoladas<\/p>\n<p><a href=\"http:\/\/www2.uepg.br\/ppgel\/wp-content\/uploads\/sites\/68\/2020\/06\/EDITAL012012.pdf\">Edital n\u00ba 01\/2012<\/a> - Abertura de Inscri\u00e7\u00f5es para alunos n\u00e3o regulares em disciplinas isoladas<\/p>\n<p>&nbsp;<\/p>\n\t\t\t\t<\/div>\n\t\t\t<\/div>\n\t\t<\/div>\n\t\t\t<div class=\"sow-accordion-panel\"\n\t\t\t data-anchor=\"2011\">\n\t\t\t\t<div class=\"sow-accordion-panel-header-container\" role=\"heading\" aria-level=\"2\">\n\t\t\t\t\t<div class=\"sow-accordion-panel-header\" tabindex=\"0\" role=\"button\" id=\"accordion-label-2011\" aria-controls=\"accordion-content-2011\" aria-expanded=\"false\">\n\t\t\t\t\t\t<div class=\"sow-accordion-title sow-accordion-title-icon-left\">\n\t\t\t\t\t\t\t\t\t\t\t\t\t\t2011\t\t\t\t\t\t\t\t\t\t\t\t\t<\/div>\n\t\t\t\t\t\t<div class=\"sow-accordion-open-close-button\">\n\t\t\t\t\t\t\t<div class=\"sow-accordion-open-button\">\n\t\t\t\t\t\t\t\t<span class=\"sow-icon-ionicons\" data-sow-icon=\"&#xf218;\"\n\t\t \n\t\taria-hidden=\"true\"><\/span>\t\t\t\t\t\t\t<\/div>\n\t\t\t\t\t\t\t<div class=\"sow-accordion-close-button\">\n\t\t\t\t\t\t\t\t<span class=\"sow-icon-ionicons\" data-sow-icon=\"&#xf209;\"\n\t\t \n\t\taria-hidden=\"true\"><\/span>\t\t\t\t\t\t\t<\/div>\n\t\t\t\t\t\t<\/div>\n\t\t\t\t\t<\/div>\n\t\t\t\t<\/div>\n\n\t\t\t<div\n\t\t\t\tclass=\"sow-accordion-panel-content\"\n\t\t\t\trole=\"region\"\n\t\t\t\taria-labelledby=\"accordion-label-2011\"\n\t\t\t\tid=\"accordion-content-2011\"\n\t\t\t\tstyle=\"display: none;\"\t\t\t>\n\t\t\t\t<div class=\"sow-accordion-panel-border\" tabindex=\"0\">\n\t\t\t\t\t<p><a href=\"http:\/\/www2.uepg.br\/ppgel\/wp-content\/uploads\/sites\/68\/2020\/06\/EDITAL192011.pdf\">Edital n\u00ba 19\/2011<\/a> - Resultado Final do Processo Seletivo 2012<\/p>\n<p><a href=\"http:\/\/www2.uepg.br\/ppgel\/wp-content\/uploads\/sites\/68\/2020\/06\/EDITAL182011.pdf\">Edital n\u00ba 18\/2011<\/a> - Dispensa da prova de sufici\u00eancia em l\u00edngua estrangeira<\/p>\n<p><a href=\"http:\/\/www2.uepg.br\/ppgel\/wp-content\/uploads\/sites\/68\/2020\/06\/EDITAL172011.pdf\">Edital n\u00ba 17\/2011<\/a> - Resultado da Etapa de Entrevista<\/p>\n<p><a href=\"http:\/\/www2.uepg.br\/ppgel\/wp-content\/uploads\/sites\/68\/2020\/06\/EDITAL162011.pdf\">Edital n\u00ba 16\/2011<\/a> - Divulga\u00e7\u00e3o da Composi\u00e7\u00e3o, Hor\u00e1rios, Locais e Datas das Entrevistas<\/p>\n<p><a href=\"http:\/\/www2.uepg.br\/ppgel\/wp-content\/uploads\/sites\/68\/2020\/06\/EDITAL152011.pdf\">Edital n\u00ba 15\/2011<\/a> - Resultado da An\u00e1lise do Pr\u00e9-Projeto<\/p>\n<p><a href=\"http:\/\/www2.uepg.br\/ppgel\/wp-content\/uploads\/sites\/68\/2020\/06\/EDITAL142011.pdf\">Edital n\u00ba 14\/2011<\/a> - Resultado da An\u00e1lise de Processo de Interposi\u00e7\u00e3o de Recurso Referente ao Resultado a Prova Escrita do Processo Seletivo<\/p>\n<p><a href=\"http:\/\/www2.uepg.br\/ppgel\/wp-content\/uploads\/sites\/68\/2020\/06\/EDITAL132011.pdf\">Edital n\u00ba 13\/2011<\/a> - Resultado da Prova Escrita<\/p>\n<p><a href=\"http:\/\/www2.uepg.br\/ppgel\/wp-content\/uploads\/sites\/68\/2020\/06\/EDITAL122011.pdf\">Edital n\u00ba 12\/2011<\/a> - Complementa\u00e7\u00e3o do Edital n\u00b011\/2011<\/p>\n<p><a href=\"http:\/\/www2.uepg.br\/ppgel\/wp-content\/uploads\/sites\/68\/2020\/06\/EDITAL112011.pdf\">Edital n\u00ba 11\/2011<\/a> - Homologa\u00e7\u00e3o das Inscri\u00e7\u00f5es<\/p>\n<p><a href=\"http:\/\/www2.uepg.br\/ppgel\/wp-content\/uploads\/sites\/68\/2020\/06\/EDITAL102011.pdf\">Edital n\u00ba 10\/2011<\/a> - Resultado de Inscri\u00e7\u00f5es para Alunos Especiais em Disciplinas Isoladas<\/p>\n<p><a href=\"http:\/\/www2.uepg.br\/ppgel\/wp-content\/uploads\/sites\/68\/2020\/06\/EDITAL092011.pdf\">Edital n\u00ba 09\/2011<\/a> - Homologa\u00e7\u00e3o dos Candidatos - Alunos Especiais em Disciplinas Isoladas<\/p>\n<p><a href=\"http:\/\/www2.uepg.br\/ppgel\/wp-content\/uploads\/sites\/68\/2020\/06\/EDITAL082011.pdf\">Edital n\u00ba 08\/2011<\/a> - Abertura de Inscri\u00e7\u00f5es para o Processo Seletivo 2011\/2012<\/p>\n<p><a href=\"http:\/\/www2.uepg.br\/ppgel\/wp-content\/uploads\/sites\/68\/2020\/06\/EDITAL072011.pdf\">Edital n\u00ba 07\/2011<\/a> - Abertura de Inscri\u00e7\u00f5es para Alunos Especiais em Disciplinas Isoladas<\/p>\n<p><a href=\"http:\/\/www2.uepg.br\/ppgel\/wp-content\/uploads\/sites\/68\/2020\/06\/EDITAL062011.pdf\">Edital n\u00ba 06\/2011<\/a> - Resultado Final<\/p>\n<p><a href=\"http:\/\/www2.uepg.br\/ppgel\/wp-content\/uploads\/sites\/68\/2020\/06\/EDITAL052011.pdf\">Edital n\u00ba 05\/2011<\/a> - Resultado das Inscri\u00e7\u00f5es dos Candidatos a Aluno Especial em Disciplinas Isoladas<\/p>\n<p><a href=\"http:\/\/www2.uepg.br\/ppgel\/wp-content\/uploads\/sites\/68\/2020\/06\/EDITAL042011.pdf\">Edital n\u00ba 04\/2011<\/a> - Retifica\u00e7\u00e3o do Edital de Homologa\u00e7\u00e3o das Inscri\u00e7\u00f5es<\/p>\n<p><a href=\"http:\/\/www2.uepg.br\/ppgel\/wp-content\/uploads\/sites\/68\/2020\/06\/EDITAL032011.pdf\">Edital n\u00ba 03\/2011<\/a> - Resultado de Inscri\u00e7\u00f5es para Alunos Especiais em Disciplinas Isoladas<\/p>\n<p><a href=\"http:\/\/www2.uepg.br\/ppgel\/wp-content\/uploads\/sites\/68\/2020\/06\/EDITAL022011.pdf\">Edital n\u00ba 02\/2011<\/a> - Classifica\u00e7\u00e3o para Concess\u00e3o de Bolsas de Mestrado<\/p>\n<p><a href=\"http:\/\/www2.uepg.br\/ppgel\/wp-content\/uploads\/sites\/68\/2020\/06\/EDITAL012011.pdf\">Edital n\u00ba 01\/2011<\/a> - Abertura de Inscri\u00e7\u00f5es para Alunos Especiais em Disciplinas Isoladas<\/p>\n<p>&nbsp;<\/p>\n\t\t\t\t<\/div>\n\t\t\t<\/div>\n\t\t<\/div>\n\t\t\t<div class=\"sow-accordion-panel\"\n\t\t\t data-anchor=\"2010\">\n\t\t\t\t<div class=\"sow-accordion-panel-header-container\" role=\"heading\" aria-level=\"2\">\n\t\t\t\t\t<div class=\"sow-accordion-panel-header\" tabindex=\"0\" role=\"button\" id=\"accordion-label-2010\" aria-controls=\"accordion-content-2010\" aria-expanded=\"false\">\n\t\t\t\t\t\t<div class=\"sow-accordion-title sow-accordion-title-icon-left\">\n\t\t\t\t\t\t\t\t\t\t\t\t\t\t2010\t\t\t\t\t\t\t\t\t\t\t\t\t<\/div>\n\t\t\t\t\t\t<div class=\"sow-accordion-open-close-button\">\n\t\t\t\t\t\t\t<div class=\"sow-accordion-open-button\">\n\t\t\t\t\t\t\t\t<span class=\"sow-icon-ionicons\" data-sow-icon=\"&#xf218;\"\n\t\t \n\t\taria-hidden=\"true\"><\/span>\t\t\t\t\t\t\t<\/div>\n\t\t\t\t\t\t\t<div class=\"sow-accordion-close-button\">\n\t\t\t\t\t\t\t\t<span class=\"sow-icon-ionicons\" data-sow-icon=\"&#xf209;\"\n\t\t \n\t\taria-hidden=\"true\"><\/span>\t\t\t\t\t\t\t<\/div>\n\t\t\t\t\t\t<\/div>\n\t\t\t\t\t<\/div>\n\t\t\t\t<\/div>\n\n\t\t\t<div\n\t\t\t\tclass=\"sow-accordion-panel-content\"\n\t\t\t\trole=\"region\"\n\t\t\t\taria-labelledby=\"accordion-label-2010\"\n\t\t\t\tid=\"accordion-content-2010\"\n\t\t\t\tstyle=\"display: none;\"\t\t\t>\n\t\t\t\t<div class=\"sow-accordion-panel-border\" tabindex=\"0\">\n\t\t\t\t\t<p><a href=\"http:\/\/www2.uepg.br\/ppgel\/wp-content\/uploads\/sites\/68\/2020\/06\/EDITAL202010.pdf\">Edital n\u00ba 20\/2010<\/a> - Resultado Final do Processo Seletivo 2010\/2011<\/p>\n<p><a href=\"http:\/\/www2.uepg.br\/ppgel\/wp-content\/uploads\/sites\/68\/2020\/06\/EDITAL192010.pdf\">Edital n\u00ba 19\/2010<\/a> - Dispensar candidatos da realiza\u00e7\u00e3o da prova de sufici\u00eancia em L\u00edngua Estrangeira.<\/p>\n<p><a href=\"http:\/\/www2.uepg.br\/ppgel\/wp-content\/uploads\/sites\/68\/2020\/06\/EDITAL182010.pdf\">Edital n\u00ba 18\/2010<\/a> - Convoca\u00e7\u00e3o para realiza\u00e7\u00e3o de prova de sufici\u00eancia em L\u00edngua Estrangeira<\/p>\n<p><a href=\"http:\/\/www2.uepg.br\/ppgel\/wp-content\/uploads\/sites\/68\/2020\/06\/EDITAL172010.pdf\">Edital n\u00b0 17\/2010<\/a> - Resultado da entrevista do Processo Seletivo 2010\/2011<\/p>\n<p><a href=\"http:\/\/www2.uepg.br\/ppgel\/wp-content\/uploads\/sites\/68\/2020\/06\/EDITAL162010.pdf\">Edital n\u00b0 16\/2010<\/a> - Divulga\u00e7\u00e3o da composi\u00e7\u00e3o, hor\u00e1rios, locais e datas das entrevistas<\/p>\n<p><a href=\"http:\/\/www2.uepg.br\/ppgel\/wp-content\/uploads\/sites\/68\/2020\/06\/EDITAL152010.pdf\">Edital n\u00b0 15\/2010<\/a> - Resultado da an\u00e1lise do pr\u00e9-projeto<\/p>\n<p><a href=\"http:\/\/www2.uepg.br\/ppgel\/wp-content\/uploads\/sites\/68\/2020\/06\/EDITAL142010.pdf\">Edital n\u00b0 14\/2010<\/a> - Resultado da Prova Escrita do Processo Seletivo 2010\/2011<\/p>\n<p><a href=\"http:\/\/www2.uepg.br\/ppgel\/wp-content\/uploads\/sites\/68\/2020\/06\/EDITAL132010.pdf\">Edital n\u00b0 13\/2010<\/a> - Deferimento das Inscri\u00e7\u00f5es dos Candidatos a Aluno Especial na Disciplina \u201cAspectos Morfossint\u00e1ticos na Evolu\u00e7\u00e3o do Portugu\u00eas Brasileiro\u201d<\/p>\n<p><a href=\"http:\/\/www2.uepg.br\/ppgel\/wp-content\/uploads\/sites\/68\/2020\/06\/EDITAL122010.pdf\">Edital n\u00b0 12\/2010<\/a> - Resultado das Inscri\u00e7\u00f5es dos Candidatos a Aluno Especial na Disciplina \u201cAspectos Morfossint\u00e1ticos na Evolu\u00e7\u00e3o do Portugu\u00eas Brasileiro\u201d<\/p>\n<p><a href=\"http:\/\/www2.uepg.br\/ppgel\/wp-content\/uploads\/sites\/68\/2020\/06\/EDITAL112010.pdf\">Edital n\u00b0 11\/2010<\/a> - Redistribui\u00e7\u00e3o dos Candidatos<\/p>\n<p><a href=\"http:\/\/www2.uepg.br\/ppgel\/wp-content\/uploads\/sites\/68\/2020\/06\/EDITAL102010.pdf\">Edital n\u00b0 10\/2010<\/a> - Resultado das Inscri\u00e7\u00f5es<\/p>\n<p><a href=\"http:\/\/www2.uepg.br\/ppgel\/wp-content\/uploads\/sites\/68\/2020\/06\/EDITAL092010.pdf\">Edital n\u00b0 09\/2010<\/a> - Homologa\u00e7\u00e3o das Inscri\u00e7\u00f5es<\/p>\n<p><a href=\"http:\/\/www2.uepg.br\/ppgel\/wp-content\/uploads\/sites\/68\/2020\/06\/EDITAL082010.doc\">Edital n\u00b0 08\/2010<\/a> - Inscri\u00e7\u00f5es para ingresso no Mestrado em Linguagem, Identidade e Subjetividade<\/p>\n<p><a href=\"http:\/\/www2.uepg.br\/ppgel\/wp-content\/uploads\/sites\/68\/2020\/06\/EDITAL072010.pdf\">Edital n\u00b0 07\/2010<\/a> - Abertura de Inscri\u00e7\u00f5es para Alunos Especiais em Disciplinas Isoladas<\/p>\n<p><a href=\"http:\/\/www2.uepg.br\/ppgel\/wp-content\/uploads\/sites\/68\/2020\/06\/EDITAL062010.pdf\">Edital n\u00b0 06\/2010<\/a> - Matr\u00edcula para Alunos Regulares - 2\u00b0 Semestre<br \/>\n- Plano de Matr\u00edcula<a href=\"http:\/\/www2.uepg.br\/ppgel\/wp-content\/uploads\/sites\/68\/2020\/06\/PLANO-DE-matricula.doc\">PLANO DE matricula<\/a><\/p>\n<p><a href=\"http:\/\/www2.uepg.br\/ppgel\/wp-content\/uploads\/sites\/68\/2020\/06\/EDITAL052010.pdf\">Edital n\u00b0 05\/2010<\/a> - Resultado Final - Classifica\u00e7\u00e3o para Concess\u00e3o de Bolsas<\/p>\n<p><a href=\"http:\/\/www2.uepg.br\/ppgel\/wp-content\/uploads\/sites\/68\/2020\/06\/EDITAL042010.doc\">Edital n\u00b0 04\/2010<\/a> - Classifica\u00e7\u00e3o para Concess\u00e3o de Bolsas<br \/>\nAnexos:<br \/>\n<a href=\"http:\/\/www2.uepg.br\/ppgel\/wp-content\/uploads\/sites\/68\/2020\/06\/termo-de-compromisso.doc\">Termo de compromisso<\/a><br \/>\n<a href=\"http:\/\/www2.uepg.br\/ppgel\/wp-content\/uploads\/sites\/68\/2020\/06\/Formulario-Cadastro-CAPES.xls\">Formul\u00e1rio Cadastro CAPES<\/a><br \/>\n<a href=\"http:\/\/www2.uepg.br\/ppgel\/wp-content\/uploads\/sites\/68\/2020\/06\/declaracao-de-interesse-em-bolsa-de-estudos.doc\">Declara\u00e7\u00e3o de Interesse em Bolsa de Estudos<\/a><\/p>\n<p><a href=\"http:\/\/www2.uepg.br\/ppgel\/wp-content\/uploads\/sites\/68\/2020\/06\/EDITAL032010.pdf\">Edital n\u00b0 03\/2010<\/a> - Resultado das Inscri\u00e7\u00f5es dos Candidatos a Aluno Especial em Disciplinas Isoladas<\/p>\n<p><a href=\"http:\/\/www2.uepg.br\/ppgel\/wp-content\/uploads\/sites\/68\/2020\/06\/EDITAL022010.pdf\">Edital n\u00b0 02\/2010<\/a> - Homologa\u00e7\u00e3o dos Candidatos a Aluno Especial em Disciplinas Isoladas<\/p>\n<p><a href=\"http:\/\/www2.uepg.br\/ppgel\/wp-content\/uploads\/sites\/68\/2020\/06\/EDITAL012010.pdf\">Edital n\u00b0 01\/2010<\/a> - Matr\u00edcula para Alunos Regulares (Novos)<\/p>\n<p>&nbsp;<\/p>\n\t\t\t\t<\/div>\n\t\t\t<\/div>\n\t\t<\/div>\n\t\t\t<div class=\"sow-accordion-panel\"\n\t\t\t data-anchor=\"2009\">\n\t\t\t\t<div class=\"sow-accordion-panel-header-container\" role=\"heading\" aria-level=\"2\">\n\t\t\t\t\t<div class=\"sow-accordion-panel-header\" tabindex=\"0\" role=\"button\" id=\"accordion-label-2009\" aria-controls=\"accordion-content-2009\" aria-expanded=\"false\">\n\t\t\t\t\t\t<div class=\"sow-accordion-title sow-accordion-title-icon-left\">\n\t\t\t\t\t\t\t\t\t\t\t\t\t\t2009\t\t\t\t\t\t\t\t\t\t\t\t\t<\/div>\n\t\t\t\t\t\t<div class=\"sow-accordion-open-close-button\">\n\t\t\t\t\t\t\t<div class=\"sow-accordion-open-button\">\n\t\t\t\t\t\t\t\t<span class=\"sow-icon-ionicons\" data-sow-icon=\"&#xf218;\"\n\t\t \n\t\taria-hidden=\"true\"><\/span>\t\t\t\t\t\t\t<\/div>\n\t\t\t\t\t\t\t<div class=\"sow-accordion-close-button\">\n\t\t\t\t\t\t\t\t<span class=\"sow-icon-ionicons\" data-sow-icon=\"&#xf209;\"\n\t\t \n\t\taria-hidden=\"true\"><\/span>\t\t\t\t\t\t\t<\/div>\n\t\t\t\t\t\t<\/div>\n\t\t\t\t\t<\/div>\n\t\t\t\t<\/div>\n\n\t\t\t<div\n\t\t\t\tclass=\"sow-accordion-panel-content\"\n\t\t\t\trole=\"region\"\n\t\t\t\taria-labelledby=\"accordion-label-2009\"\n\t\t\t\tid=\"accordion-content-2009\"\n\t\t\t\tstyle=\"display: none;\"\t\t\t>\n\t\t\t\t<div class=\"sow-accordion-panel-border\" tabindex=\"0\">\n\t\t\t\t\t<p><a href=\"http:\/\/www2.uepg.br\/ppgel\/wp-content\/uploads\/sites\/68\/2020\/06\/EDITAL10.pdf\" target=\"_blank\" rel=\"noopener\">Edital n\u00b0 10\/2009<\/a>\u00a0- Retifica\u00e7\u00e3o do Edital n\u00ba 08\/2009 (Os documentos podem ser autenticados na Secretaria de P\u00f3s-Gradua\u00e7\u00e3o - CIPP no dia da inscri\u00e7\u00e3o)<\/p>\n<p><a href=\"http:\/\/www2.uepg.br\/ppgel\/wp-content\/uploads\/sites\/68\/2020\/06\/EDITAL09.pdf\">Edital n\u00b0 09\/2009<\/a>- Resultado Final<\/p>\n<p><a href=\"http:\/\/www2.uepg.br\/ppgel\/wp-content\/uploads\/sites\/68\/2020\/06\/EDITAL08.pdf\">Edital n\u00b0 08\/2009<\/a>\u00a0- Abertura de Inscri\u00e7\u00f5es para alunos especiais em disciplinas isoladas<\/p>\n<p><a href=\"http:\/\/www2.uepg.br\/ppgel\/wp-content\/uploads\/sites\/68\/2020\/06\/EDITAL07.pdf\">Edital n\u00b0 07\/2009<\/a>\u00a0- Divulga\u00e7\u00e3o da composi\u00e7\u00e3o, hor\u00e1rios, locais e datas das entrevistas<\/p>\n<p><a href=\"http:\/\/www2.uepg.br\/ppgel\/wp-content\/uploads\/sites\/68\/2020\/06\/EDITAL06.pdf\">Edital n\u00b0 06\/2009<\/a>\u00a0- Resultado da an\u00e1lise do pr\u00e9-projeto<\/p>\n<p><a href=\"http:\/\/www2.uepg.br\/ppgel\/wp-content\/uploads\/sites\/68\/2020\/06\/EDITAL05.pdf\">Edital n\u00b0 05\/2009<\/a>- Resultado da An\u00e1lise de Processo de Interposi\u00e7\u00e3o de Recurso referente ao resultado da Prova Escrita<\/p>\n<p><a href=\"http:\/\/www2.uepg.br\/ppgel\/wp-content\/uploads\/sites\/68\/2020\/06\/EDITAL04.pdf\">Edital n\u00b0 04\/2009<\/a>- Programa de Apoio a Capacita\u00e7\u00e3o Docente das Institui\u00e7\u00f5es Estaduais de Ensino Superior \u2013 PCD- IEES<\/p>\n<p><a href=\"http:\/\/www2.uepg.br\/ppgel\/wp-content\/uploads\/sites\/68\/2020\/06\/EDITAL03.pdf\">Edital n\u00b0 03\/2009<\/a>\u00a0- Candidados aprovados na prova escrita<\/p>\n<p><a href=\"http:\/\/www2.uepg.br\/ppgel\/wp-content\/uploads\/sites\/68\/2020\/06\/EDITAL02.pdf\">Edital n\u00b0 02\/2009<\/a>\u00a0- Homologa\u00e7\u00e3o as inscri\u00e7\u00f5es<\/p>\n<p><a href=\"http:\/\/www2.uepg.br\/ppgel\/wp-content\/uploads\/sites\/68\/2020\/06\/EDITAL01.pdf\">Edital n\u00b0 01\/2009<\/a>\u00a0- Inscri\u00e7\u00f5es para ingresso no Mestrado em Linguagem, Identidade e Subjetividade<\/p>\n<p>&nbsp;<\/p>\n\t\t\t\t<\/div>\n\t\t\t<\/div>\n\t\t<\/div>\n\t\t<\/div>\n<\/div>\n<\/div><\/div><\/div><\/div><\/div>","protected":false},"excerpt":{"rendered":"<p>2021 More information soon 2020 Edital n\u00ba 09\/2020 &#8211; DIVULGA A CHAPA INSCRITA &#8211; SUSPENDE O PROCEDIMENTO DE VOTA\u00c7\u00c3O Edital n\u00ba 08\/2020 &#8211; Prorroga\u00e7\u00e3o da Data de Elei\u00e7\u00e3o para Representante Discente do PPGEL. Edital n\u00ba 07\/2020 &#8211; Edital de Elei\u00e7\u00e3o para Representante discente do PPGEL. Edital n\u00ba 06\/2020 &#8211; RESULTADO DA CLASSIFICA\u00c7\u00c3O DE BOLSAS Edital&nbsp;&hellip;<\/p>\n","protected":false},"author":24,"featured_media":0,"parent":0,"menu_order":0,"comment_status":"closed","ping_status":"closed","template":"page-templates\/page-with-right-sidebar.php","meta":[],"_links":{"self":[{"href":"https:\/\/www2.uepg.br\/ppgel\/wp-json\/wp\/v2\/pages\/791"}],"collection":[{"href":"https:\/\/www2.uepg.br\/ppgel\/wp-json\/wp\/v2\/pages"}],"about":[{"href":"https:\/\/www2.uepg.br\/ppgel\/wp-json\/wp\/v2\/types\/page"}],"author":[{"embeddable":true,"href":"https:\/\/www2.uepg.br\/ppgel\/wp-json\/wp\/v2\/users\/24"}],"replies":[{"embeddable":true,"href":"https:\/\/www2.uepg.br\/ppgel\/wp-json\/wp\/v2\/comments?post=791"}],"version-history":[{"count":5,"href":"https:\/\/www2.uepg.br\/ppgel\/wp-json\/wp\/v2\/pages\/791\/revisions"}],"predecessor-version":[{"id":1707,"href":"https:\/\/www2.uepg.br\/ppgel\/wp-json\/wp\/v2\/pages\/791\/revisions\/1707"}],"wp:attachment":[{"href":"https:\/\/www2.uepg.br\/ppgel\/wp-json\/wp\/v2\/media?parent=791"}],"curies":[{"name":"wp","href":"https:\/\/api.w.org\/{rel}","templated":true}]}}