{"id":5,"date":"2025-05-13T10:15:29","date_gmt":"2025-05-13T13:15:29","guid":{"rendered":"http:\/\/www2.uepg.br\/ppgodonto\/?page_id=5"},"modified":"2025-05-26T17:13:54","modified_gmt":"2025-05-26T20:13:54","slug":"inicio","status":"publish","type":"page","link":"https:\/\/www2.uepg.br\/ppgodonto\/","title":{"rendered":"In\u00edcio"},"content":{"rendered":"<div id=\"pl-5\"  class=\"panel-layout\" ><div id=\"pg-5-0\"  class=\"panel-grid panel-no-style\" ><div id=\"pgc-5-0-0\"  class=\"panel-grid-cell\" ><div id=\"panel-5-0-0-0\" class=\"so-panel widget widget_sow-editor panel-first-child panel-last-child\" data-index=\"0\" ><div class=\"panel-widget-style panel-widget-style-for-5-0-0-0\" ><div\n\t\t\t\n\t\t\tclass=\"so-widget-sow-editor so-widget-sow-editor-base\"\n\t\t\t\n\t\t>\n<div class=\"siteorigin-widget-tinymce textwidget\">\n\t<h4 style=\"text-align: center\"><strong>\u00daltimas Not\u00edcias<\/strong><\/h4>\n\t\t<div class=\"wppsac-slick-carousel-wrp wppsac-clearfix \">\r\n\t\t\t<div id=\"wppsac-post-carousel-1\" class=\"wppsac-post-slider-init wppsac-post-carousel design-1\">\r\n\t\t\t\t\r\n<div class=\"wppsac-carousel-slides\">\r\n\t\t<div class=\"wppsac-post-content-position\">\r\n\t\t\t\t\t<div class=\"wppsac-post-categories\"><ul class=\"wppsac-post-categories-list\"><li><a href=\"https:\/\/www2.uepg.br\/ppgodonto\/category\/noticias\/\" rel=\"category\"> Not\u00edcias <\/a><\/li><\/ul><\/div>\r\n\t\t\t  \t<h2 class=\"wppsac-post-title\">\r\n\t\t\t<a href=\"https:\/\/www2.uepg.br\/ppgodonto\/mobilidade-que-transforma-doutorando-do-ppgo-uepg-participa-de-eventos-internacionais-pelo-programa-erasmus\/\">Mobilidade que transforma: Doutorando do PPGO\/UEPG participa de eventos internacionais pelo programa Erasmus+<\/a>\r\n\t\t<\/h2>\r\n\t\t\t\t\t<div class=\"wppsac-post-date\">\r\n\t\t\t\t5 de setembro de 2025\t\t\t<\/div>\r\n\t\t\t\t\t<\/div>\r\n<\/div>\r\n<div class=\"wppsac-carousel-slides\">\r\n\t\t<div class=\"wppsac-post-content-position\">\r\n\t\t\t\t\t<div class=\"wppsac-post-categories\"><ul class=\"wppsac-post-categories-list\"><li><a href=\"https:\/\/www2.uepg.br\/ppgodonto\/category\/noticias\/\" rel=\"category\"> Not\u00edcias <\/a><\/li><\/ul><\/div>\r\n\t\t\t  \t<h2 class=\"wppsac-post-title\">\r\n\t\t\t<a href=\"https:\/\/www2.uepg.br\/ppgodonto\/professores-do-ppgo-estao-credenciados-para-participacao-no-programa-institucional-profissionais-top-managers-bolsas-de-pos-doutorado\/\">Professores do PPGO est\u00e3o credenciados para participa\u00e7\u00e3o no programa institucional PROFISSIONAIS TOP MANAGERS<\/a>\r\n\t\t<\/h2>\r\n\t\t\t\t\t<div class=\"wppsac-post-date\">\r\n\t\t\t\t31 de julho de 2025\t\t\t<\/div>\r\n\t\t\t\t\t<\/div>\r\n<\/div>\r\n<div class=\"wppsac-carousel-slides\">\r\n\t\t<div class=\"wppsac-post-content-position\">\r\n\t\t\t\t\t<div class=\"wppsac-post-categories\"><ul class=\"wppsac-post-categories-list\"><li><a href=\"https:\/\/www2.uepg.br\/ppgodonto\/category\/noticias\/\" rel=\"category\"> Not\u00edcias <\/a><\/li><\/ul><\/div>\r\n\t\t\t  \t<h2 class=\"wppsac-post-title\">\r\n\t\t\t<a href=\"https:\/\/www2.uepg.br\/ppgodonto\/defesas-de-doutorado-2022\/\">UEPG abre sele\u00e7\u00e3o para bolsistas e profissionais no Programa Aurora com bolsa de R$ 3.200 mensais<\/a>\r\n\t\t<\/h2>\r\n\t\t\t\t\t<div class=\"wppsac-post-date\">\r\n\t\t\t\t12 de maio de 2025\t\t\t<\/div>\r\n\t\t\t\t\t<\/div>\r\n<\/div>\r\n<div class=\"wppsac-carousel-slides\">\r\n\t\t<div class=\"wppsac-post-content-position\">\r\n\t\t\t\t\t<div class=\"wppsac-post-categories\"><ul class=\"wppsac-post-categories-list\"><li><a href=\"https:\/\/www2.uepg.br\/ppgodonto\/category\/noticias\/\" rel=\"category\"> Not\u00edcias <\/a><\/li><\/ul><\/div>\r\n\t\t\t  \t<h2 class=\"wppsac-post-title\">\r\n\t\t\t<a href=\"https:\/\/www2.uepg.br\/ppgodonto\/docente-e-doutoranda-do-ppgo-participam-na-redacao-da-nota-oficial-assinada-pelo-departamento-de-saude-indigena-do-ministerio-da-saude\/\">Forma\u00e7\u00e3o em dose dupla marca conquista in\u00e9dita na UEPG<\/a>\r\n\t\t<\/h2>\r\n\t\t\t\t\t<div class=\"wppsac-post-date\">\r\n\t\t\t\t1 de mar\u00e7o de 2025\t\t\t<\/div>\r\n\t\t\t\t\t<\/div>\r\n<\/div>\r\n<div class=\"wppsac-carousel-slides\">\r\n\t\t<div class=\"wppsac-post-content-position\">\r\n\t\t\t\t\t<div class=\"wppsac-post-categories\"><ul class=\"wppsac-post-categories-list\"><li><a href=\"https:\/\/www2.uepg.br\/ppgodonto\/category\/noticias\/\" rel=\"category\"> Not\u00edcias <\/a><\/li><\/ul><\/div>\r\n\t\t\t  \t<h2 class=\"wppsac-post-title\">\r\n\t\t\t<a href=\"https:\/\/www2.uepg.br\/ppgodonto\/segundo-a-mendeley-os-pesquisadores-mais-influentes-no-mundo-tem-600-brasileiros-listados-20-indicados-na-categoria-dentistry-e-destes-dois-docentes-sao-do-ppgo-uepg\/\">Professores da UEPG est\u00e3o entre os pesquisadores mais influentes do mundo pelo quinto ano consecutivo<\/a>\r\n\t\t<\/h2>\r\n\t\t\t\t\t<div class=\"wppsac-post-date\">\r\n\t\t\t\t16 de setembro de 2024\t\t\t<\/div>\r\n\t\t\t\t\t<\/div>\r\n<\/div>\r\n<div class=\"wppsac-carousel-slides\">\r\n\t\t<div class=\"wppsac-post-content-position\">\r\n\t\t\t\t\t<div class=\"wppsac-post-categories\"><ul class=\"wppsac-post-categories-list\"><li><a href=\"https:\/\/www2.uepg.br\/ppgodonto\/category\/noticias\/\" rel=\"category\"> Not\u00edcias <\/a><\/li><\/ul><\/div>\r\n\t\t\t  \t<h2 class=\"wppsac-post-title\">\r\n\t\t\t<a href=\"https:\/\/www2.uepg.br\/ppgodonto\/defesas-de-mestrado-2022\/\">Doutoranda da UEPG conquista 2\u00ba lugar em pr\u00eamio nacional de pesquisa em clareamento dental<\/a>\r\n\t\t<\/h2>\r\n\t\t\t\t\t<div class=\"wppsac-post-date\">\r\n\t\t\t\t9 de setembro de 2024\t\t\t<\/div>\r\n\t\t\t\t\t<\/div>\r\n<\/div>\r\n<div class=\"wppsac-carousel-slides\">\r\n\t\t<div class=\"wppsac-post-content-position\">\r\n\t\t\t\t\t<div class=\"wppsac-post-categories\"><ul class=\"wppsac-post-categories-list\"><li><a href=\"https:\/\/www2.uepg.br\/ppgodonto\/category\/noticias\/\" rel=\"category\"> Not\u00edcias <\/a><\/li><\/ul><\/div>\r\n\t\t\t  \t<h2 class=\"wppsac-post-title\">\r\n\t\t\t<a href=\"https:\/\/www2.uepg.br\/ppgodonto\/qualificacoes-de-doutorado-2021\/\">Qualifica\u00e7\u00f5es de Doutorado 2021<\/a>\r\n\t\t<\/h2>\r\n\t\t\t\t\t<div class=\"wppsac-post-date\">\r\n\t\t\t\t22 de novembro de 2021\t\t\t<\/div>\r\n\t\t\t\t\t<\/div>\r\n<\/div>\r\n<div class=\"wppsac-carousel-slides\">\r\n\t\t<div class=\"wppsac-post-content-position\">\r\n\t\t\t\t\t<div class=\"wppsac-post-categories\"><ul class=\"wppsac-post-categories-list\"><li><a href=\"https:\/\/www2.uepg.br\/ppgodonto\/category\/noticias\/\" rel=\"category\"> Not\u00edcias <\/a><\/li><\/ul><\/div>\r\n\t\t\t  \t<h2 class=\"wppsac-post-title\">\r\n\t\t\t<a href=\"https:\/\/www2.uepg.br\/ppgodonto\/qualificacoes-de-mestrado-2021\/\">Qualifica\u00e7\u00f5es de Mestrado 2021<\/a>\r\n\t\t<\/h2>\r\n\t\t\t\t\t<div class=\"wppsac-post-date\">\r\n\t\t\t\t22 de novembro de 2021\t\t\t<\/div>\r\n\t\t\t\t\t<\/div>\r\n<\/div>\r\n<div class=\"wppsac-carousel-slides\">\r\n\t\t<div class=\"wppsac-post-content-position\">\r\n\t\t\t\t\t<div class=\"wppsac-post-categories\"><ul class=\"wppsac-post-categories-list\"><li><a href=\"https:\/\/www2.uepg.br\/ppgodonto\/category\/noticias\/\" rel=\"category\"> Not\u00edcias <\/a><\/li><\/ul><\/div>\r\n\t\t\t  \t<h2 class=\"wppsac-post-title\">\r\n\t\t\t<a href=\"https:\/\/www2.uepg.br\/ppgodonto\/inscricoes-abertas-para-selecao-de-mestrado-e-doutorado-em-odontologia\/\">Inscri\u00e7\u00f5es abertas para Sele\u00e7\u00e3o de Mestrado e Doutorado em Odontologia<\/a>\r\n\t\t<\/h2>\r\n\t\t\t\t\t<div class=\"wppsac-post-date\">\r\n\t\t\t\t19 de novembro de 2021\t\t\t<\/div>\r\n\t\t\t\t\t<\/div>\r\n<\/div>\r\n<div class=\"wppsac-carousel-slides\">\r\n\t\t<div class=\"wppsac-post-content-position\">\r\n\t\t\t\t\t<div class=\"wppsac-post-categories\"><ul class=\"wppsac-post-categories-list\"><li><a href=\"https:\/\/www2.uepg.br\/ppgodonto\/category\/noticias\/\" rel=\"category\"> Not\u00edcias <\/a><\/li><\/ul><\/div>\r\n\t\t\t  \t<h2 class=\"wppsac-post-title\">\r\n\t\t\t<a href=\"https:\/\/www2.uepg.br\/ppgodonto\/doutorando-do-ppgo-participa-de-bate-papo-sobre-internacionalizacao\/\">Doutorando do PPGO participa de bate-papo sobre internacionaliza\u00e7\u00e3o<\/a>\r\n\t\t<\/h2>\r\n\t\t\t\t\t<div class=\"wppsac-post-date\">\r\n\t\t\t\t23 de julho de 2021\t\t\t<\/div>\r\n\t\t\t\t\t<\/div>\r\n<\/div>\r\n<div class=\"wppsac-carousel-slides\">\r\n\t\t<div class=\"wppsac-post-content-position\">\r\n\t\t\t\t\t<div class=\"wppsac-post-categories\"><ul class=\"wppsac-post-categories-list\"><li><a href=\"https:\/\/www2.uepg.br\/ppgodonto\/category\/noticias\/\" rel=\"category\"> Not\u00edcias <\/a><\/li><\/ul><\/div>\r\n\t\t\t  \t<h2 class=\"wppsac-post-title\">\r\n\t\t\t<a href=\"https:\/\/www2.uepg.br\/ppgodonto\/uepg-realiza-pesquisa-sobre-biosseguranca-no-atendimento-odontologico-diante-da-covid-19\/\">UEPG realiza pesquisa sobre biosseguran\u00e7a no atendimento odontol\u00f3gico diante da Covid-19<\/a>\r\n\t\t<\/h2>\r\n\t\t\t\t\t<div class=\"wppsac-post-date\">\r\n\t\t\t\t22 de setembro de 2020\t\t\t<\/div>\r\n\t\t\t\t\t<\/div>\r\n<\/div>\r\n<div class=\"wppsac-carousel-slides\">\r\n\t\t<div class=\"wppsac-post-content-position\">\r\n\t\t\t\t\t<div class=\"wppsac-post-categories\"><ul class=\"wppsac-post-categories-list\"><li><a href=\"https:\/\/www2.uepg.br\/ppgodonto\/category\/noticias\/\" rel=\"category\"> Not\u00edcias <\/a><\/li><\/ul><\/div>\r\n\t\t\t  \t<h2 class=\"wppsac-post-title\">\r\n\t\t\t<a href=\"https:\/\/www2.uepg.br\/ppgodonto\/uepg-coordena-pesquisa-sobre-biosseguranca-no-atendimento-odontologico-durante-pandemia-de-covid-19\/\">UEPG coordena pesquisa sobre biosseguran\u00e7a no atendimento odontol\u00f3gico durante pandemia de COVID-19<\/a>\r\n\t\t<\/h2>\r\n\t\t\t\t\t<div class=\"wppsac-post-date\">\r\n\t\t\t\t22 de setembro de 2020\t\t\t<\/div>\r\n\t\t\t\t\t<\/div>\r\n<\/div>\r\n<div class=\"wppsac-carousel-slides\">\r\n\t\t<div class=\"wppsac-post-content-position\">\r\n\t\t\t\t\t<div class=\"wppsac-post-categories\"><ul class=\"wppsac-post-categories-list\"><li><a href=\"https:\/\/www2.uepg.br\/ppgodonto\/category\/noticias\/\" rel=\"category\"> Not\u00edcias <\/a><\/li><\/ul><\/div>\r\n\t\t\t  \t<h2 class=\"wppsac-post-title\">\r\n\t\t\t<a href=\"https:\/\/www2.uepg.br\/ppgodonto\/uepg-e-representada-em-evento-da-sociedade-brasileira-de-pesquisa-odontologica\/\">UEPG \u00e9 representada em evento da Sociedade Brasileira de Pesquisa Odontol\u00f3gica<\/a>\r\n\t\t<\/h2>\r\n\t\t\t\t\t<div class=\"wppsac-post-date\">\r\n\t\t\t\t22 de setembro de 2020\t\t\t<\/div>\r\n\t\t\t\t\t<\/div>\r\n<\/div>\r\n<div class=\"wppsac-carousel-slides\">\r\n\t\t<div class=\"wppsac-post-content-position\">\r\n\t\t\t\t\t<div class=\"wppsac-post-categories\"><ul class=\"wppsac-post-categories-list\"><li><a href=\"https:\/\/www2.uepg.br\/ppgodonto\/category\/noticias\/\" rel=\"category\"> Not\u00edcias <\/a><\/li><\/ul><\/div>\r\n\t\t\t  \t<h2 class=\"wppsac-post-title\">\r\n\t\t\t<a href=\"https:\/\/www2.uepg.br\/ppgodonto\/participe-da-pesquisa-on-line-de-biosseguranca-em-odontologia-respondendo-o-questionario\/\">Participe da Pesquisa On-line de Biosseguran\u00e7a em Odontologia respondendo o question\u00e1rio.<\/a>\r\n\t\t<\/h2>\r\n\t\t\t\t\t<div class=\"wppsac-post-date\">\r\n\t\t\t\t12 de agosto de 2020\t\t\t<\/div>\r\n\t\t\t\t\t<\/div>\r\n<\/div>\r\n<div class=\"wppsac-carousel-slides\">\r\n\t\t<div class=\"wppsac-post-content-position\">\r\n\t\t\t\t\t<div class=\"wppsac-post-categories\"><ul class=\"wppsac-post-categories-list\"><li><a href=\"https:\/\/www2.uepg.br\/ppgodonto\/category\/noticias\/\" rel=\"category\"> Not\u00edcias <\/a><\/li><\/ul><\/div>\r\n\t\t\t  \t<h2 class=\"wppsac-post-title\">\r\n\t\t\t<a href=\"https:\/\/www2.uepg.br\/ppgodonto\/live-de-biosseguranca-e-covid-19-desafios-na-organizacao-da-saude-bucal-nos-municipios-do-parana\/\">Live  de Biosseguran\u00e7a e COVID-19: Desafios na organiza\u00e7\u00e3o da sa\u00fade bucal nos munic\u00edpios do Paran\u00e1<\/a>\r\n\t\t<\/h2>\r\n\t\t\t\t\t<div class=\"wppsac-post-date\">\r\n\t\t\t\t11 de agosto de 2020\t\t\t<\/div>\r\n\t\t\t\t\t<\/div>\r\n<\/div>\t\t\t<\/div>\r\n\t\t\t<div class=\"wppsac-carousel-conf wppsac-hide\" data-conf=\"{&quot;slides_to_show&quot;:&quot;4&quot;,&quot;slides_to_scroll&quot;:1,&quot;dots&quot;:&quot;false&quot;,&quot;arrows&quot;:&quot;true&quot;,&quot;autoplay&quot;:&quot;true&quot;,&quot;autoplay_interval&quot;:&quot;19500&quot;,&quot;speed&quot;:500,&quot;rtl&quot;:&quot;false&quot;,&quot;lazyload&quot;:&quot;&quot;}\"><\/div>\r\n\t\t<\/div>\r\n\t\n<\/div>\n<\/div><\/div><\/div><\/div><\/div><div id=\"pg-5-1\"  class=\"panel-grid panel-no-style\" ><div id=\"pgc-5-1-0\"  class=\"panel-grid-cell\" ><div id=\"panel-5-1-0-0\" class=\"so-panel widget widget_sow-button panel-first-child\" data-index=\"1\" ><div class=\"panel-widget-style panel-widget-style-for-5-1-0-0\" ><div\n\t\t\t\n\t\t\tclass=\"so-widget-sow-button so-widget-sow-button-atom-f28947f507e4-613\"\n\t\t\t\n\t\t><div class=\"ow-button-base ow-button-align-center\">\n\t<a href=\"https:\/\/www2.uepg.br\/ppgodonto\/noticias\/\" class=\"ow-icon-placement-left ow-button-hover\" \t\t>\n\t\t<span>\n\t\t\t\n\t\t\tveja todas as not\u00edcias\t\t<\/span>\n\t<\/a>\n<\/div>\n<\/div><\/div><\/div><div id=\"panel-5-1-0-1\" class=\"so-panel widget widget_text\" data-index=\"2\" ><h3 class=\"widget-title\">APRESENTA\u00c7\u00c3O<\/h3>\t\t\t<div class=\"textwidget\"><p>O Programa de P\u00f3s-Gradua\u00e7\u00e3o em Odontologia da Universidade Estadual de Ponta Grossa (UEPG), n\u00edvel stricto sensu, tem como miss\u00e3o formar recursos humanos qualificados para o ensino superior, a pesquisa cient\u00edfica e a pr\u00e1tica profissional de excel\u00eancia em Odontologia. Reconhecido pela sua tradi\u00e7\u00e3o e compromisso com a produ\u00e7\u00e3o de conhecimento relevante e inovador, o programa contribui ativamente para o desenvolvimento cient\u00edfico e social, em \u00e2mbito regional e nacional.<br \/>\nO curso de Mestrado Acad\u00eamico, implantado em 2002, e o curso de Doutorado, iniciado em 2009, t\u00eam foco na forma\u00e7\u00e3o de pesquisadores e docentes altamente capacitados. Atualmente, o programa possui conceito 5 na avalia\u00e7\u00e3o da CAPES, o que o posiciona entre os programas de excel\u00eancia em Odontologia no Brasil.<br \/>\nO corpo docente \u00e9 composto por professores com s\u00f3lida forma\u00e7\u00e3o, inser\u00e7\u00e3o em redes de pesquisa nacionais e internacionais e ampla produ\u00e7\u00e3o cient\u00edfica qualificada. Ao longo dos anos, o programa tem se destacado pelos premiados trabalhos de seus discentes e docentes, pela alta taxa de publica\u00e7\u00f5es em peri\u00f3dicos de impacto, e pela participa\u00e7\u00e3o ativa em eventos cient\u00edficos e congressos da \u00e1rea.<br \/>\nAl\u00e9m disso, o programa se orgulha das conquistas acad\u00eamicas e profissionais de seus egressos, mestres e doutores que atuam em posi\u00e7\u00f5es de destaque em institui\u00e7\u00f5es de ensino superior, servi\u00e7os p\u00fablicos e consult\u00f3rios especializados em todo o pa\u00eds. Os alunos contam com infraestrutura adequada para o desenvolvimento de pesquisas laboratoriais e cl\u00ednicas, acesso a plataformas cient\u00edficas atualizadas e incentivo \u00e0 internacionaliza\u00e7\u00e3o.<br \/>\nO Programa de P\u00f3s-Gradua\u00e7\u00e3o em Odontologia da UEPG representa um espa\u00e7o de excel\u00eancia acad\u00eamica, comprometido com a ci\u00eancia, a \u00e9tica e a forma\u00e7\u00e3o de profissionais transformadores. Convidamos voc\u00ea a conhecer mais sobre nossas atividades, pesquisas e oportunidades.<\/p>\n<\/div>\n\t\t<\/div><div id=\"panel-5-1-0-2\" class=\"so-panel widget widget_text panel-last-child\" data-index=\"3\" ><h3 class=\"widget-title\">COORDENA\u00c7\u00c3O<\/h3>\t\t\t<div class=\"textwidget\"><p><strong>Coordenadora: <\/strong><\/p>\n<p>Profa. Dra. Nara Hellen Campanha Bombarda<\/p>\n<p>&nbsp;<\/p>\n<p><strong>Vice-Coordenadora:<\/strong><\/p>\n<p>Profa. Dra. Ana Cl\u00e1udia Rodrigues Chibinski<\/p>\n<\/div>\n\t\t<\/div><\/div><\/div><\/div>","protected":false},"excerpt":{"rendered":"<p>\u00daltimas Not\u00edcias APRESENTA\u00c7\u00c3O O Programa de P\u00f3s-Gradua\u00e7\u00e3o em Odontologia da Universidade Estadual de Ponta Grossa (UEPG), n\u00edvel stricto sensu, tem como miss\u00e3o formar recursos humanos qualificados para o ensino superior, a pesquisa cient\u00edfica e a pr\u00e1tica profissional de excel\u00eancia em Odontologia. Reconhecido pela sua tradi\u00e7\u00e3o e compromisso com a produ\u00e7\u00e3o de conhecimento relevante e inovador,&nbsp;&hellip;<\/p>\n","protected":false},"author":24,"featured_media":0,"parent":0,"menu_order":0,"comment_status":"closed","ping_status":"closed","template":"","meta":[],"_links":{"self":[{"href":"https:\/\/www2.uepg.br\/ppgodonto\/wp-json\/wp\/v2\/pages\/5"}],"collection":[{"href":"https:\/\/www2.uepg.br\/ppgodonto\/wp-json\/wp\/v2\/pages"}],"about":[{"href":"https:\/\/www2.uepg.br\/ppgodonto\/wp-json\/wp\/v2\/types\/page"}],"author":[{"embeddable":true,"href":"https:\/\/www2.uepg.br\/ppgodonto\/wp-json\/wp\/v2\/users\/24"}],"replies":[{"embeddable":true,"href":"https:\/\/www2.uepg.br\/ppgodonto\/wp-json\/wp\/v2\/comments?post=5"}],"version-history":[{"count":14,"href":"https:\/\/www2.uepg.br\/ppgodonto\/wp-json\/wp\/v2\/pages\/5\/revisions"}],"predecessor-version":[{"id":1441,"href":"https:\/\/www2.uepg.br\/ppgodonto\/wp-json\/wp\/v2\/pages\/5\/revisions\/1441"}],"wp:attachment":[{"href":"https:\/\/www2.uepg.br\/ppgodonto\/wp-json\/wp\/v2\/media?parent=5"}],"curies":[{"name":"wp","href":"https:\/\/api.w.org\/{rel}","templated":true}]}}