{"id":460,"date":"2019-12-11T16:01:04","date_gmt":"2019-12-11T19:01:04","guid":{"rendered":"http:\/\/www2.uepg.br\/proad\/?page_id=460"},"modified":"2025-04-10T09:46:35","modified_gmt":"2025-04-10T12:46:35","slug":"equipe","status":"publish","type":"page","link":"https:\/\/www2.uepg.br\/proad\/equipe\/","title":{"rendered":"Equipe"},"content":{"rendered":"<h4 style=\"text-align: center\"><strong>PR\u00d3-REITOR<\/strong><\/h4>\n<p style=\"text-align: center\">Emerson Martins Hilgemberg<\/p>\n<p>&nbsp;<\/p>\n<hr \/>\n<h4 style=\"text-align: center\"><strong>SECRETARIA<\/strong><\/h4>\n<p style=\"text-align: center\">Bianca Linhares Teleska<\/p>\n<p style=\"text-align: center\">E-mail:\u00a0<a href=\"mailto:proad@uepg.br\">proad@uepg.br<\/a><\/p>\n<p style=\"text-align: center\">\u00a0 \u00a0 \u00a0 \u00a0 \u00a0Fone: \u00a0(42) 3220-3201<\/p>\n<p>&nbsp;<\/p>\n<hr \/>\n<h4 style=\"text-align: center\"><strong>COP<\/strong><\/h4>\n<p style=\"text-align: center\"><strong>Respons\u00e1vel<\/strong><\/p>\n<p style=\"text-align: center\">Claudete das Gra\u00e7as Pedroso<\/p>\n<p style=\"text-align: center\"><strong>Contato<\/strong><\/p>\n<p style=\"text-align: center\">E-mail:\u00a0<a href=\"mailto:cop@uepg.br\">cop@uepg.br<\/a><\/p>\n<p style=\"text-align: center\">Fone: \u00a0(42) 3220-3258<\/p>\n<p>&nbsp;<\/p>\n<hr \/>\n<h4 style=\"text-align: center\"><strong>DIMAPA<\/strong><\/h4>\n<p style=\"text-align: center\"><strong>Respons\u00e1vel<\/strong><\/p>\n<p style=\"text-align: center\">Rodrigo Zardo &#8211; (42) 3220-3001<\/p>\n<p style=\"text-align: center\"><strong>Equipe<\/strong><\/p>\n<p style=\"text-align: center\">Jos\u00e9 Vladimir Gon\u00e7alves Cordeiro \u2013 (42) 3220-3750<\/p>\n<p style=\"text-align: center\">Maria Eleandrina Bueno (42) 3220-3249<\/p>\n<p style=\"text-align: center\">Paola Maria da Costa (42) 3220-3758<\/p>\n<p>&nbsp;<\/p>\n<hr \/>\n<p style=\"text-align: center\"><strong>DEIMP &#8211; DIVIS\u00c3O DE IMPORTA\u00c7\u00c3O<\/strong><\/p>\n<p style=\"text-align: center\">Maria Elaine Kempa Bolzani &#8211; (42) 3220-3781<\/p>\n<p>&nbsp;<\/p>\n<hr \/>\n<p style=\"text-align: center\"><strong>DICALI &#8211; DIVIS\u00c3O DE CADASTRO E LICITA\u00c7\u00c3O<\/strong><\/p>\n<p style=\"text-align: center\"><strong>Chefe de Divis\u00e3o<\/strong><\/p>\n<p style=\"text-align: center\">Marcos Celso Mendes\u00a0\u00a0&#8211; (42) 3220-3733<\/p>\n<p>&nbsp;<\/p>\n<hr \/>\n<p style=\"text-align: center\"><strong>DICOM &#8211; DIVIS\u00c3O DE COMPRAS<\/strong><\/p>\n<p style=\"text-align: center\"><strong>Chefe de Divis\u00e3o<\/strong><\/p>\n<p style=\"text-align: center\">Sebasti\u00e3o da Silveira Filho &#8211; (42) 3220-3004<\/p>\n<p>&nbsp;<\/p>\n<hr \/>\n<p style=\"text-align: center\"><strong>DIPAT &#8211; DIVIS\u00c3O DE PATRIM\u00d4NIO<\/strong><\/p>\n<p style=\"text-align: center\"><strong>Chefe de Divis\u00e3o<\/strong><\/p>\n<p style=\"text-align: center\">Eli\u00e9ser de Sousa Pantaleao &#8211; (42) 3220-3003<\/p>\n<p style=\"text-align: center\"><strong>Equipe<\/strong><\/p>\n<p style=\"text-align: center\">(42) 3220-3458<\/p>\n<p style=\"text-align: center\">(42) 3220-3011<\/p>\n<p>&nbsp;<\/p>\n<hr \/>\n<h4 class=\"hero-title\" style=\"text-align: center\"><strong>DIFI &#8211; DIRETORIA FINANCEIRA\u00a0\u00a0<\/strong><\/h4>\n<p style=\"text-align: center\"><strong>Diretora<\/strong><\/p>\n<p style=\"text-align: center\">Jeanne Regina Morais<\/p>\n<p style=\"text-align: center\"><strong>Contato<\/strong><\/p>\n<p style=\"text-align: center\">E-mail:\u00a0<a href=\"mailto:cop@uepg.br\">difi@uepg.br<\/a><\/p>\n<p style=\"text-align: center\">Fone: (42) 3220-3206<\/p>\n<p style=\"text-align: center\"><strong>Equipe<\/strong><\/p>\n<p style=\"text-align: center\"><span class=\"\" dir=\"ltr\" role=\"presentation\">\u00a0Marcia Kempa Pedroso &#8211; Fone: (42) 3220-3158<\/span><\/p>\n<hr \/>\n<p style=\"text-align: center\"><strong>DIRETORIA DE CONTABILIDADE<\/strong><\/p>\n<p style=\"text-align: center\"><strong>\u00a0Respons\u00e1vel<\/strong><\/p>\n<p style=\"text-align: center\">Acir Jos\u00e9 Alves<\/p>\n<p style=\"text-align: center\"><strong>Contato\u00a0\u00a0 <\/strong>Fone: (42) 3220-3207<\/p>\n<p style=\"text-align: center\"><strong>Equipe<\/strong><\/p>\n<p style=\"text-align: center\">Lucineli Dobrzanski \u2013 (42) 3220-3207<\/p>\n<p style=\"text-align: center\">\n<hr \/>\n<p style=\"text-align: center\"><strong>DICOPDOC &#8211; DIVIS\u00c3O DE CONTROLE E PREPARA\u00c7\u00c3O DE DOCUMENTOS<\/strong><\/p>\n<p style=\"text-align: center\"><strong>Chefe de Divis\u00e3o<\/strong><\/p>\n<p style=\"text-align: center\">Liriane Aparecida Ieguer Garcia<\/p>\n<p style=\"text-align: center\"><strong>Contato<\/strong><\/p>\n<p style=\"text-align: center\">Fone: (42) 3220-3211<\/p>\n<hr \/>\n<p style=\"text-align: center\"><strong>DIPRO &#8211; DIVIS\u00c3O DE PROCESSAMENTO<\/strong><\/p>\n<p style=\"text-align: center\"><strong> Chefe de Divis\u00e3o<\/strong><\/p>\n<p style=\"text-align: center\">Mauro Augusto Delabernarda<\/p>\n<p style=\"text-align: center\"><strong>Contato<\/strong><\/p>\n<p style=\"text-align: center\">Fone: (42) 3220-3209<\/p>\n<hr \/>\n<p style=\"text-align: center\"><strong>DIRPAG &#8211; DIVIS\u00c3O DE RECEITA E PAGAMENTOS<\/strong><\/p>\n<p style=\"text-align: center\"><strong> Chefe de Divis\u00e3o<\/strong><\/p>\n<p style=\"text-align: center\"><em>\u00a0<\/em><strong>Contato<\/strong><\/p>\n<p style=\"text-align: center\">Fone: (42) 3220-3208<\/p>\n<p>&nbsp;<\/p>\n<p>&nbsp;<\/p>\n<hr \/>\n<header>\n<h4 class=\"title\" style=\"text-align: center\"><strong>CLOG &#8211; COORDENADORIA DE LOG\u00cdSTICA<\/strong><\/h4>\n<\/header>\n<div class=\"content clearfix\">\n<p style=\"text-align: center\"><strong>Respons\u00e1vel<\/strong><\/p>\n<p style=\"text-align: center\">Ana Paula de Freitas Pacheco<\/p>\n<p style=\"text-align: center\"><strong>Contato<\/strong><\/p>\n<p style=\"text-align: center\">E-mail: <a href=\"mailto:diser@uepg.br\">coord.logistica@uepg.br<\/a><\/p>\n<p style=\"text-align: center\">Fone: \u00a0(42) 3220-3203 <img loading=\"lazy\" class=\"\" src=\"https:\/\/clipart.info\/images\/ccovers\/1499955335whatsapp-icon-logo-png.png\" alt=\"Whatsapp Icon Logo Png\" width=\"34\" height=\"34\" \/><\/p>\n<\/div>\n<p>&nbsp;<\/p>\n<hr \/>\n<header>\n<h4 class=\"title\" style=\"text-align: center\"><strong>DIPROC &#8211; DIRETORIA DE PROJETOS E CONV\u00caNIOS<\/strong><\/h4>\n<\/header>\n<div class=\"content clearfix\">\n<p style=\"text-align: center\"><strong>Respons\u00e1vel<\/strong><\/p>\n<p style=\"text-align: center\">Giselle Ferreira de Mello<\/p>\n<p style=\"text-align: center\"><strong>Contato<\/strong><\/p>\n<p style=\"text-align: center\">E-mail:\u00a0<a href=\"mailto:diproc@uepg.br\">diproc@uepg.br<\/a><\/p>\n<p style=\"text-align: center\">Fone (42) 3220-3192<\/p>\n<p>&nbsp;<\/p>\n<\/div>\n<hr \/>\n<p style=\"text-align: center\"><strong>DIVIS\u00c3O DE APOIO, CONTROLE E PRESTA\u00c7\u00c3O DE CONTAS<\/strong><\/p>\n<p style=\"text-align: center\"><strong>Contato<\/strong><\/p>\n<p style=\"text-align: center\">Fone: (42) 3220-3773<\/p>\n<p>&nbsp;<\/p>\n<hr \/>\n<header>\n<p class=\"title\" style=\"text-align: center\"><strong>DIVIS\u00c3O DE APOIO A PROJETOS E CONV\u00caNIOS<\/strong><\/p>\n<\/header>\n<div class=\"content clearfix\">\n<p style=\"text-align: center\"><strong>Respons\u00e1vel<\/strong><\/p>\n<p style=\"text-align: center\">Fl\u00e1vio Alves Pinto<\/p>\n<p style=\"text-align: center\"><strong>Contato<\/strong><\/p>\n<p style=\"text-align: center\">Fone: \u00a0(42) 3220-3210<\/p>\n<p>&nbsp;<\/p>\n<\/div>\n<hr \/>\n<header>\n<p class=\"title\" style=\"text-align: center\"><strong>DIVIS\u00c3O DE APOIO, CONTROLE E PRESTA\u00c7\u00c3O DE CONTAS ESTADUAIS<\/strong><\/p>\n<\/header>\n<div class=\"content clearfix\">\n<p style=\"text-align: center\"><strong>Respons\u00e1vel<\/strong><\/p>\n<p style=\"text-align: center\">Antonio Carlos C\u00f3rdova<\/p>\n<p style=\"text-align: center\"><strong>Contato<\/strong><\/p>\n<p style=\"text-align: center\">Fone: \u00a0(42) 3220-3229<\/p>\n<\/div>\n<hr \/>\n<p style=\"text-align: center\"><strong>MOC &#8211; MOVIMENTO DE CR\u00c9DITO OR\u00c7AMENT\u00c1RIO<\/strong><\/p>\n<p style=\"text-align: center\"><strong> Chefe de Divis\u00e3o<\/strong><\/p>\n<p style=\"text-align: center\"><span class=\"\" dir=\"ltr\" role=\"presentation\">Ivana Aparecida de Mello<\/span><\/p>\n<p style=\"text-align: center\"><strong>Contato<\/strong><\/p>\n<p style=\"text-align: center\">Fone: (42) 3220-3007<\/p>\n","protected":false},"excerpt":{"rendered":"<p>PR\u00d3-REITOR Emerson Martins Hilgemberg &nbsp; SECRETARIA Bianca Linhares Teleska E-mail:\u00a0proad@uepg.br \u00a0 \u00a0 \u00a0 \u00a0 \u00a0Fone: \u00a0(42) 3220-3201 &nbsp; COP Respons\u00e1vel Claudete das Gra\u00e7as Pedroso Contato E-mail:\u00a0cop@uepg.br Fone: \u00a0(42) 3220-3258 &nbsp; DIMAPA Respons\u00e1vel Rodrigo Zardo &#8211; (42) 3220-3001 Equipe Jos\u00e9 Vladimir Gon\u00e7alves Cordeiro \u2013 (42) 3220-3750 Maria Eleandrina Bueno (42) 3220-3249 Paola Maria da Costa (42)&nbsp;&hellip;<\/p>\n","protected":false},"author":24,"featured_media":0,"parent":0,"menu_order":0,"comment_status":"closed","ping_status":"closed","template":"","meta":[],"_links":{"self":[{"href":"https:\/\/www2.uepg.br\/proad\/wp-json\/wp\/v2\/pages\/460"}],"collection":[{"href":"https:\/\/www2.uepg.br\/proad\/wp-json\/wp\/v2\/pages"}],"about":[{"href":"https:\/\/www2.uepg.br\/proad\/wp-json\/wp\/v2\/types\/page"}],"author":[{"embeddable":true,"href":"https:\/\/www2.uepg.br\/proad\/wp-json\/wp\/v2\/users\/24"}],"replies":[{"embeddable":true,"href":"https:\/\/www2.uepg.br\/proad\/wp-json\/wp\/v2\/comments?post=460"}],"version-history":[{"count":51,"href":"https:\/\/www2.uepg.br\/proad\/wp-json\/wp\/v2\/pages\/460\/revisions"}],"predecessor-version":[{"id":2463,"href":"https:\/\/www2.uepg.br\/proad\/wp-json\/wp\/v2\/pages\/460\/revisions\/2463"}],"wp:attachment":[{"href":"https:\/\/www2.uepg.br\/proad\/wp-json\/wp\/v2\/media?parent=460"}],"curies":[{"name":"wp","href":"https:\/\/api.w.org\/{rel}","templated":true}]}}