{"id":1219,"date":"2020-12-09T18:30:05","date_gmt":"2020-12-09T21:30:05","guid":{"rendered":"http:\/\/www2.uepg.br\/proex\/?page_id=1219"},"modified":"2026-02-25T16:52:53","modified_gmt":"2026-02-25T19:52:53","slug":"editais-encerrados","status":"publish","type":"page","link":"https:\/\/www2.uepg.br\/proex\/editais-encerrados\/","title":{"rendered":"Editais Encerrados"},"content":{"rendered":"<div id=\"pl-1219\"  class=\"panel-layout\" ><div id=\"pg-1219-0\"  class=\"panel-grid panel-no-style\" ><div id=\"pgc-1219-0-0\"  class=\"panel-grid-cell\" ><div id=\"panel-1219-0-0-0\" class=\"so-panel widget widget_sow-accordion panel-first-child panel-last-child\" data-index=\"0\" ><div\n\t\t\t\n\t\t\tclass=\"so-widget-sow-accordion so-widget-sow-accordion-default-69658c271352-1219\"\n\t\t\t\n\t\t><h3 class=\"widget-title\">EDITAIS ENCERRADOS<\/h3><div>\n\t<div class=\"sow-accordion\">\n\t\t\t<div class=\"sow-accordion-panel\"\n\t\t\t data-anchor=\"2025\">\n\t\t\t\t<div class=\"sow-accordion-panel-header-container\" role=\"heading\" aria-level=\"2\">\n\t\t\t\t\t<div class=\"sow-accordion-panel-header\" tabindex=\"0\" role=\"button\" id=\"accordion-label-2025\" aria-controls=\"accordion-content-2025\" aria-expanded=\"false\">\n\t\t\t\t\t\t<div class=\"sow-accordion-title sow-accordion-title-icon-left\">\n\t\t\t\t\t\t\t\t\t\t\t\t\t\t2025\t\t\t\t\t\t\t\t\t\t\t\t\t<\/div>\n\t\t\t\t\t\t<div class=\"sow-accordion-open-close-button\">\n\t\t\t\t\t\t\t<div class=\"sow-accordion-open-button\">\n\t\t\t\t\t\t\t\t<span class=\"sow-icon-ionicons\" data-sow-icon=\"&#xf218;\"\n\t\t \n\t\taria-hidden=\"true\"><\/span>\t\t\t\t\t\t\t<\/div>\n\t\t\t\t\t\t\t<div class=\"sow-accordion-close-button\">\n\t\t\t\t\t\t\t\t<span class=\"sow-icon-ionicons\" data-sow-icon=\"&#xf209;\"\n\t\t \n\t\taria-hidden=\"true\"><\/span>\t\t\t\t\t\t\t<\/div>\n\t\t\t\t\t\t<\/div>\n\t\t\t\t\t<\/div>\n\t\t\t\t<\/div>\n\n\t\t\t<div\n\t\t\t\tclass=\"sow-accordion-panel-content\"\n\t\t\t\trole=\"region\"\n\t\t\t\taria-labelledby=\"accordion-label-2025\"\n\t\t\t\tid=\"accordion-content-2025\"\n\t\t\t\tstyle=\"display: none;\"\t\t\t>\n\t\t\t\t<div class=\"sow-accordion-panel-border\" tabindex=\"0\">\n\t\t\t\t\t<div class=\"sow-accordion-panel sow-accordion-panel-open\" data-anchor=\"apoio-a-eventos\">\n<div class=\"sow-accordion-panel-header-container\" role=\"heading\">\n<div id=\"accordion-label-apoio-a-eventos\" class=\"sow-accordion-panel-header\" role=\"button\">\n<div class=\"sow-accordion-title sow-accordion-title-icon-left\">APOIO A EVENTOS<\/div>\n<div class=\"sow-accordion-open-close-button\">\n<div class=\"sow-accordion-close-button\"><\/div>\n<\/div>\n<\/div>\n<\/div>\n<div id=\"accordion-content-apoio-a-eventos\" class=\"sow-accordion-panel-content\" role=\"region\" aria-labelledby=\"accordion-label-apoio-a-eventos\">\n<div class=\"sow-accordion-panel-border\">\n<p><a href=\"https:\/\/www2.uepg.br\/proex\/wp-content\/uploads\/sites\/8\/2025\/12\/Prorrogacao_Edital-apoio-a-eventos.pdf\">EDITAL N\u00b021\/2025 \u2013 PROEX-DEU - EDITAL N\u00b002\/2025 \u2013 PROPESP\/DIPES \u2013 PROEX-DEU<\/a><\/p>\n<p><a href=\"https:\/\/www2.uepg.br\/proex\/wp-content\/uploads\/sites\/8\/2025\/12\/Edital-apoio-a-eventos.pdf\">EDITAL N\u00b020\/2025 \u2013 PROEX-DEU - EDITAL N\u00b001\/2025 \u2013 PROPESP\/DIPES \u2013 PROEX-DEU<\/a><\/p>\n<\/div>\n<\/div>\n<\/div>\n<div class=\"sow-accordion-panel sow-accordion-panel-open\" data-anchor=\"itaipu-parquetec\">\n<div class=\"sow-accordion-panel-header-container\" role=\"heading\">\n<div id=\"accordion-label-itaipu-parquetec\" class=\"sow-accordion-panel-header\" role=\"button\">\n<div class=\"sow-accordion-title sow-accordion-title-icon-left\">ITAIPU PARQUETEC<\/div>\n<div class=\"sow-accordion-open-close-button\">\n<div class=\"sow-accordion-close-button\"><\/div>\n<\/div>\n<\/div>\n<\/div>\n<div id=\"accordion-content-itaipu-parquetec\" class=\"sow-accordion-panel-content\" role=\"region\" aria-labelledby=\"accordion-label-itaipu-parquetec\">\n<div class=\"sow-accordion-panel-border\">\n<p><a href=\"https:\/\/www2.uepg.br\/proex\/wp-content\/uploads\/sites\/8\/2025\/11\/Retificacao-Edital-Itaipu-2025.pdf\">Edital PROEX 002\/2025 - Retifica\u00e7\u00e3o<\/a><\/p>\n<p><strong><a href=\"https:\/\/www2.uepg.br\/proex\/wp-content\/uploads\/sites\/8\/2025\/11\/ITAIPU_Edital-PROEX-001-2025.pdf\">Edital PROEX 001-2025<\/a><\/strong><\/p>\n<p><a href=\"https:\/\/www2.uepg.br\/proex\/wp-content\/uploads\/sites\/8\/2025\/11\/ANEXO-I-Plano-de-trabalho.docx\">ANEXO-I-Plano-de-trabalho<\/a><\/p>\n<p><a href=\"https:\/\/www2.uepg.br\/proex\/wp-content\/uploads\/sites\/8\/2025\/11\/ANEXO-II-Termo-de-articulacao-curricularizacao.docx\">ANEXO-II-Termo de articula\u00e7\u00e3o curriculariza\u00e7\u00e3o<\/a><\/p>\n<p><a href=\"https:\/\/www2.uepg.br\/proex\/wp-content\/uploads\/sites\/8\/2025\/11\/ANEXO-III-Termo-de-aceite-da-instituicao_entidade-parceira-1.docx\">ANEXO-III-Termo de aceite da-institui\u00e7\u00e3o\/entidade parceira<\/a><\/p>\n<\/div>\n<\/div>\n<\/div>\n<div class=\"sow-accordion-panel sow-accordion-panel-open\" data-anchor=\"projetek-cidades\">\n<div class=\"sow-accordion-panel-header-container\" role=\"heading\">\n<div id=\"accordion-label-projetek-cidades\" class=\"sow-accordion-panel-header\" role=\"button\">\n<div class=\"sow-accordion-title sow-accordion-title-icon-left\">PROJETEK + CIDADES<\/div>\n<div class=\"sow-accordion-open-close-button\">\n<div class=\"sow-accordion-close-button\"><\/div>\n<\/div>\n<\/div>\n<\/div>\n<div id=\"accordion-content-projetek-cidades\" class=\"sow-accordion-panel-content\" role=\"region\" aria-labelledby=\"accordion-label-projetek-cidades\">\n<div class=\"sow-accordion-panel-border\">\n<p><a href=\"https:\/\/www2.uepg.br\/proex\/wp-content\/uploads\/sites\/8\/2025\/12\/Edital_6_2025_Resultado_Selecao_ProjetekCidades_2025_12_17.pdf\">EDITAL 006\/2025 - RESULTADO SELE\u00c7\u00c3O DE BOLSISTA<\/a><\/p>\n<p><a href=\"https:\/\/www2.uepg.br\/proex\/wp-content\/uploads\/sites\/8\/2025\/12\/Edital_5_2025_Selecao_Cadastro_Reserva_ProjetekCidades_2025_12_09.pdf\">EDITAL 005\/2025 - SELE\u00c7\u00c3O DE BOLSISTA - CADASTRO RESERVA<\/a><\/p>\n<p><a href=\"https:\/\/www2.uepg.br\/proex\/wp-content\/uploads\/sites\/8\/2025\/11\/Edital_4_2025_Resultado_Selecao_ProjetekCidades_2025_11_14_assinado.pdf\">EDITAL 004\/2025 - SELE\u00c7\u00c3O DE BOLSISTAS - RESULTADO<\/a><\/p>\n<p><a href=\"https:\/\/www2.uepg.br\/proex\/wp-content\/uploads\/sites\/8\/2025\/11\/Edital_3_2025_Retificacao_Edital_2_2025_11_12_assinado.pdf\">EDITAL 003\/2025 - RETIFICA\u00c7\u00c3O (edital 02)<\/a><\/p>\n<p><a href=\"https:\/\/www2.uepg.br\/proex\/wp-content\/uploads\/sites\/8\/2025\/11\/Edital_2_2025_Deferimento_Inscricoes_Projetek28129_assinado.pdf\">EDITAL 002\/2025 - INSCRI\u00c7\u00d5ES DEFERIDAS<\/a><\/p>\n<p><a href=\"https:\/\/www2.uepg.br\/proex\/wp-content\/uploads\/sites\/8\/2025\/10\/Edital_1_2025_Selecao_Bolsistas_ProjetekCidades.pdf\">EDITAL 001\/2025 - SELE\u00c7\u00c3O DE BOLSISTAS<\/a><\/p>\n<\/div>\n<\/div>\n<\/div>\n<div class=\"sow-accordion-panel sow-accordion-panel-open\" data-anchor=\"bolsas-de-inicia%c3%a7%c3%a3o-extensionista-20252026\">\n<div class=\"sow-accordion-panel-header-container\" role=\"heading\">\n<div id=\"accordion-label-bolsas-de-inicia%c3%a7%c3%a3o-extensionista-20252026\" class=\"sow-accordion-panel-header\" role=\"button\">\n<div class=\"sow-accordion-title sow-accordion-title-icon-left\">BOLSAS DE INICIA\u00c7\u00c3O EXTENSIONISTA - 2025\/2026<\/div>\n<div><\/div>\n<\/div>\n<\/div>\n<div><a href=\"https:\/\/www2.uepg.br\/proex\/wp-content\/uploads\/sites\/8\/2026\/02\/Bolsas_apos_desistencias__PIBIS2025_Edital_n.2_2026_assinado.pdf\">EDITAL N\u00ba 02\/2026 - PIBIS - SUBSTITUI\u00c7\u00c3O DE BOLSISTAS<\/a><\/div>\n<div><\/div>\n<div class=\"sow-accordion-panel-header-container\" role=\"heading\">\n<div class=\"sow-accordion-close-button\"><a href=\"https:\/\/www2.uepg.br\/proex\/wp-content\/uploads\/sites\/8\/2026\/02\/Bolsas_apos_desistencias__PIBEX_2025_Edital_n.1_2026_assinado.pdf\">EDITAL N\u00ba 01\/2026 - PIBEX - SUBSTITUI\u00c7\u00c3O DE BOLSISTAS<\/a><\/div>\n<div><\/div>\n<div><a href=\"https:\/\/www2.uepg.br\/proex\/wp-content\/uploads\/sites\/8\/2025\/09\/Edital-Distribuic%CC%A7a%CC%83o-bolsas-final_-PIBIS-2025-1.pdf\">EDITAL N\u00ba 19 - DISTRIBUI\u00c7\u00c3O DE BOLSAS - PIBIS<\/a><\/div>\n<\/div>\n<div id=\"accordion-content-bolsas-de-inicia%c3%a7%c3%a3o-extensionista-20252026\" class=\"sow-accordion-panel-content\" role=\"region\" aria-labelledby=\"accordion-label-bolsas-de-inicia%c3%a7%c3%a3o-extensionista-20252026\">\n<div class=\"sow-accordion-panel-border\">\n<p><a href=\"https:\/\/www2.uepg.br\/proex\/wp-content\/uploads\/sites\/8\/2025\/09\/Edital-distribuicao-de-bolsas_-PIBEX-2025_Edital-n.18-1.pdf\">EDITAL N\u00ba 18 - DISTRIBUI\u00c7\u00c3O DE BOLSAS - PIBEX<\/a><\/p>\n<p><a href=\"https:\/\/www2.uepg.br\/proex\/wp-content\/uploads\/sites\/8\/2025\/08\/Resultado-final_-PIBIS-2025_Edital-n.17.pdf\">EDITAL N\u00ba 17 - RESULTADO FINAL - BOLSAS PIBIS<\/a><\/p>\n<p><a href=\"https:\/\/www2.uepg.br\/proex\/wp-content\/uploads\/sites\/8\/2025\/08\/Resultado-final_-PIBEX-2025_Edital-n.16.pdf\">EDITAL N\u00ba 16 - RESULTADO FINAL - BOLSAS PIBEX<\/a><\/p>\n<p><a href=\"https:\/\/www2.uepg.br\/proex\/wp-content\/uploads\/sites\/8\/2025\/08\/Resultado-recursos_-PIBIS-2025_Edital-15.pdf\">EDITAL N\u00ba 15 - RESULTADO DE RECURSOS - BOLSAS PIBIS<\/a><\/p>\n<p><a href=\"https:\/\/www2.uepg.br\/proex\/wp-content\/uploads\/sites\/8\/2025\/08\/Resultado-recursos_-PIBEX-2025_Edital-14.pdf\">EDITAL N\u00ba 14 - RESULTADO DE RECURSOS - BOLSAS PIBEX<\/a><\/p>\n<p><a href=\"https:\/\/www2.uepg.br\/proex\/wp-content\/uploads\/sites\/8\/2025\/08\/Resultado-preliminar_-PIBIS-2025_Edital-n.13.pdf\">EDITAL N\u00ba 13 - RESULTADO PRELIMINAR - BOLSAS PIBIS<\/a><\/p>\n<p><a href=\"https:\/\/www2.uepg.br\/proex\/wp-content\/uploads\/sites\/8\/2025\/08\/Resultado-preliminar_-PIBEX-2025_Edital-n.12.pdf\">EDITAL N\u00ba 12 - RESULTADO PRELIMINAR - BOLSAS PIBEX<\/a><\/p>\n<p><a href=\"https:\/\/www2.uepg.br\/proex\/wp-content\/uploads\/sites\/8\/2025\/07\/Edital-prorrogacao-PIBIS-11-25.pdf\">EDITAL PRORROGA\u00c7\u00c3O N\u00ba11 - PROEX DEU - BOLSAS PIBIS<\/a><\/p>\n<p><a href=\"https:\/\/www2.uepg.br\/proex\/wp-content\/uploads\/sites\/8\/2025\/07\/Edital-prorrogacao-PIBEX-10-25.pdf\">EDITAL PRORROGA\u00c7\u00c3O N\u00ba10 - PROEX DEU - BOLSAS PIBEX<\/a><\/p>\n<p><a href=\"https:\/\/www2.uepg.br\/proex\/wp-content\/uploads\/sites\/8\/2025\/07\/1Edital-PIBIS-2025-1.pdf\">EDITAL N\u00b009\/2025 \u2013 PROEX-DEU - BOLSAS PIBIS<\/a><\/p>\n<p><strong>\u00a0 \u00a0 \u00a0\u00a0<a href=\"https:\/\/www2.uepg.br\/proex\/wp-content\/uploads\/sites\/8\/2025\/07\/Plano-de-Trabalho-FA-PIBIS.docx\">PLANO DE TRABALHO - PIBIS - WORD<\/a><\/strong><\/p>\n<p><a href=\"https:\/\/www2.uepg.br\/proex\/wp-content\/uploads\/sites\/8\/2025\/07\/4Edital-PIBEX-2025.pdf\">EDITAL N\u00b008\/2025 \u2013 PROEX-DEU - BOLSAS PIBEX<\/a><\/p>\n<p><strong>\u00a0 \u00a0 \u00a0<a href=\"https:\/\/www2.uepg.br\/proex\/wp-content\/uploads\/sites\/8\/2025\/07\/Plano-de-Trabalho-FA-PIBEX.docx\">PLANO DE TRABALHO - PIBEX - WORD<\/a><\/strong><\/p>\n<\/div>\n<\/div>\n<\/div>\n<div class=\"sow-accordion-panel sow-accordion-panel-open\" data-anchor=\"programa-ver%c3%a3o-maior-paran%c3%a1-divulga-ci%c3%aancia\">\n<div class=\"sow-accordion-panel-header-container\" role=\"heading\">\n<div id=\"accordion-label-programa-ver%c3%a3o-maior-paran%c3%a1-divulga-ci%c3%aancia\" class=\"sow-accordion-panel-header\" role=\"button\">\n<div class=\"sow-accordion-title sow-accordion-title-icon-left\">PROGRAMA VER\u00c3O MAIOR PARAN\u00c1 - DIVULGA CI\u00caNCIA<\/div>\n<div class=\"sow-accordion-open-close-button\">\n<div class=\"sow-accordion-close-button\"><\/div>\n<\/div>\n<\/div>\n<\/div>\n<div id=\"accordion-content-programa-ver%c3%a3o-maior-paran%c3%a1-divulga-ci%c3%aancia\" class=\"sow-accordion-panel-content\" role=\"region\" aria-labelledby=\"accordion-label-programa-ver%c3%a3o-maior-paran%c3%a1-divulga-ci%c3%aancia\">\n<div class=\"sow-accordion-panel-border\">\n<p><a href=\"https:\/\/www2.uepg.br\/proex\/wp-content\/uploads\/sites\/8\/2025\/10\/Edital_03.-2025.-Resultado_Final_-Selecao-de-Bolsistas.pdf\">Edital_03. 2025. Resultado_Final_ Sele\u00e7\u00e3o de Bolsistas<\/a><\/p>\n<p><a href=\"https:\/\/www2.uepg.br\/proex\/wp-content\/uploads\/sites\/8\/2025\/10\/EDITAL-02.2025-INSCRICOES-INDEFERIDAS.pdf\">EDITAL 02.2025 - INSCRI\u00c7\u00d5ES INDEFERIDAS<\/a><\/p>\n<p><a href=\"https:\/\/www2.uepg.br\/proex\/wp-content\/uploads\/sites\/8\/2025\/10\/EDITAL-02.2025-DEFERIMENTO-DAS-INSCRICOES-E-CONVOCACAO-PARA-ENTREVISTA-RETIFICADO.pdf\">EDITAL 02.2025 - DEFERIMENTO DAS INSCRI\u00c7\u00d5ES E CONVOCA\u00c7\u00c3O PARA ENTREVISTA - RETIFICADO<\/a><\/p>\n<p><a href=\"https:\/\/www2.uepg.br\/proex\/wp-content\/uploads\/sites\/8\/2025\/10\/Edital_Verao_Maior_PR__UEPG_-_2025.pdf\">EDITAL N\u00b0 01\/2025 \u2013 PROEX-DEU<\/a><\/p>\n<\/div>\n<\/div>\n<\/div>\n<div class=\"sow-accordion-panel sow-accordion-panel-open\" data-anchor=\"microcredenciais\">\n<div class=\"sow-accordion-panel-header-container\" role=\"heading\">\n<div id=\"accordion-label-microcredenciais\" class=\"sow-accordion-panel-header\" role=\"button\">\n<div class=\"sow-accordion-title sow-accordion-title-icon-left\">MICROCREDENCIAIS<\/div>\n<div class=\"sow-accordion-open-close-button\">\n<div class=\"sow-accordion-close-button\"><\/div>\n<\/div>\n<\/div>\n<\/div>\n<div id=\"accordion-content-microcredenciais\" class=\"sow-accordion-panel-content\" role=\"region\" aria-labelledby=\"accordion-label-microcredenciais\">\n<div class=\"sow-accordion-panel-border\">\n<p><a href=\"https:\/\/www2.uepg.br\/proex\/wp-content\/uploads\/sites\/8\/2025\/07\/Edital-PROEX-Microcredenciais-01.25.pdf\">Edital PROEX Microcredenciais 01.25<\/a><\/p>\n<p><a href=\"https:\/\/www2.uepg.br\/proex\/wp-content\/uploads\/sites\/8\/2025\/09\/Edital-Microcredenciais-02.2025.pdf\">Edital PROEX Microcredenciais 02.2025<\/a><\/p>\n<p><a href=\"https:\/\/www2.uepg.br\/proex\/wp-content\/uploads\/sites\/8\/2025\/09\/Edital-Microcredenciais-03.2025.pdf\">Edital PROEX Microcredenciais 03.2025<\/a><\/p>\n<p><a href=\"https:\/\/www2.uepg.br\/proex\/wp-content\/uploads\/sites\/8\/2025\/09\/Edital-Microcredenciais-03.2025-Retificado.pdf\">Edital PROEX Microcredenciais 03.2025- Retificado<\/a><\/p>\n<p><a href=\"https:\/\/www2.uepg.br\/proex\/wp-content\/uploads\/sites\/8\/2025\/09\/Edital-Microcredenciais-04.2025.pdf\">Edital PROEX Microcredenciais 04.2025<\/a><\/p>\n<p><a href=\"https:\/\/www2.uepg.br\/proex\/wp-content\/uploads\/sites\/8\/2025\/09\/Edital-Microcredenciais-05.2025.pdf\">Edital PROEX Microcredenciais 05.2025<\/a><\/p>\n<p><a href=\"https:\/\/www2.uepg.br\/proex\/wp-content\/uploads\/sites\/8\/2025\/09\/Edital-Microcredenciais-06.2025-1.pdf\">Edital PROEX Microcredenciais 06.2025<\/a><\/p>\n<p><a href=\"https:\/\/www2.uepg.br\/proex\/wp-content\/uploads\/sites\/8\/2025\/09\/Edital-Microcredenciais-07.2025-Retificacao-06.pdf\">Edital Microcredenciais 07.2025 - Retifica\u00e7\u00e3o 06<\/a><\/p>\n<p><a href=\"https:\/\/www2.uepg.br\/proex\/wp-content\/uploads\/sites\/8\/2025\/09\/Edital-Microcredenciais-08.2025-Convocacao-para-entrevistas.pdf\">Edital Microcredenciais 08.2025 - Convoca\u00e7\u00e3o para entrevistas<\/a><\/p>\n<p><a href=\"https:\/\/www2.uepg.br\/proex\/wp-content\/uploads\/sites\/8\/2025\/10\/Edital-Microcredenciais-09.2025-Convocacao-para-entrevistas.pdf\">Edital Microcredenciais 09.2025 - Resultado final<\/a><\/p>\n<p><a href=\"https:\/\/www2.uepg.br\/proex\/wp-content\/uploads\/sites\/8\/2025\/10\/Edital-Microcredenciais-10.2025-Convocacao.pdf\">Edital Microcredenciais 10.2025 - Convoca\u00e7\u00e3o<\/a><\/p>\n<p><a href=\"https:\/\/www2.uepg.br\/proex\/wp-content\/uploads\/sites\/8\/2026\/02\/Edital-Microcredenciais-01.-2026.pdf\">Edital Microcredenciais 01.2026 - Profissional Egresso<\/a><\/p>\n<p>&nbsp;<\/p>\n<\/div>\n<\/div>\n<\/div>\n<div class=\"sow-accordion-panel sow-accordion-panel-open\" data-anchor=\"incubadora-de-empreendimentos-solid%c3%a1rios-iesol\">\n<div class=\"sow-accordion-panel-header-container\" role=\"heading\">\n<div id=\"accordion-label-incubadora-de-empreendimentos-solid%c3%a1rios-iesol\" class=\"sow-accordion-panel-header\" role=\"button\">\n<div class=\"sow-accordion-title sow-accordion-title-icon-left\">INCUBADORA DE EMPREENDIMENTOS SOLID\u00c1RIOS - IESOL<\/div>\n<div class=\"sow-accordion-open-close-button\">\n<div class=\"sow-accordion-close-button\"><\/div>\n<\/div>\n<\/div>\n<\/div>\n<div id=\"accordion-content-incubadora-de-empreendimentos-solid%c3%a1rios-iesol\" class=\"sow-accordion-panel-content\" role=\"region\" aria-labelledby=\"accordion-label-incubadora-de-empreendimentos-solid%c3%a1rios-iesol\">\n<div class=\"sow-accordion-panel-border\">\n<p><a href=\"https:\/\/www2.uepg.br\/proex\/wp-content\/uploads\/sites\/8\/2025\/05\/Edital-02-IESol-Comcha-resultado-1.pdf\">PROJETO COMCHA - EDITAL 002\/2025 - RESULTADO<\/a><\/p>\n<p><a href=\"https:\/\/www2.uepg.br\/proex\/wp-content\/uploads\/sites\/8\/2025\/05\/Edital-01-IESol-Comcha-final.pdf\">PROJETO COMCHA - EDITAL\u00a0 0001\/2025<\/a><\/p>\n<\/div>\n<\/div>\n<\/div>\n<div class=\"sow-accordion-panel sow-accordion-panel-open\" data-anchor=\"projetos-universidade-sem-fronteiras\">\n<div class=\"sow-accordion-panel-header-container\" role=\"heading\">\n<div id=\"accordion-label-projetos-universidade-sem-fronteiras\" class=\"sow-accordion-panel-header\" role=\"button\">\n<div class=\"sow-accordion-title sow-accordion-title-icon-left\">PROJETOS UNIVERSIDADE SEM FRONTEIRAS<\/div>\n<div class=\"sow-accordion-open-close-button\">\n<div class=\"sow-accordion-close-button\"><\/div>\n<\/div>\n<\/div>\n<\/div>\n<div id=\"accordion-content-projetos-universidade-sem-fronteiras\" class=\"sow-accordion-panel-content\" role=\"region\" aria-labelledby=\"accordion-label-projetos-universidade-sem-fronteiras\">\n<div class=\"sow-accordion-panel-border\">\n<p><strong>\u00a0Projeto<\/strong>\u00a0<strong>Tecendo a rede de prote\u00e7\u00e3o \u00e0s crian\u00e7as e adolescentes v\u00edtimas de\u00a0<\/strong><strong>viol\u00eancias no munic\u00edpio de Tibagi (PR)<\/strong><\/p>\n<p><a href=\"https:\/\/www2.uepg.br\/proex\/wp-content\/uploads\/sites\/8\/2025\/09\/EDITAL-3-DE-2025-RESULTADO-PROJETO-TECENDO-A-REDE-DE-PROTECAO.pdf\">EDITAL 03- 2025\u00a0 - Resultado<\/a><\/p>\n<p><a href=\"https:\/\/www2.uepg.br\/proex\/wp-content\/uploads\/sites\/8\/2025\/09\/EDITAL-02-de-2025-INSCRICOES-DEFERIDAS.pdf\">EDITAL 02 -2025 - Inscri\u00e7\u00f5es Deferidas<\/a><\/p>\n<p><a href=\"https:\/\/www2.uepg.br\/proex\/wp-content\/uploads\/sites\/8\/2025\/08\/EDITAL-01-2025-PROJETO-TECENDO-A-REDE-DE-PROTECAO-AS-CRIANCAS-E-ADOLESCENTES-VITIMAS-DE-VIOLENCIA-1.pdf\">EDITAL 01-2025 - Sele\u00e7\u00e3o de Bolsista\u00a0 \u00a0Estudante de Gradua\u00e7\u00e3o- SERVI\u00c7O SOCIAL<\/a><\/p>\n<p>&nbsp;<\/p>\n<p>&nbsp;<\/p>\n<p>&nbsp;<\/p>\n<p>&nbsp;<\/p>\n<p><strong>\u00a0Projeto Temas Emergentes: Juventudes do Campo no Munic\u00edpio de\u00a0<\/strong><strong>Ipiranga(PR)<\/strong><\/p>\n<p><a href=\"https:\/\/www2.uepg.br\/proex\/wp-content\/uploads\/sites\/8\/2025\/10\/Edital_09_Classificacao_dos-Candidatos_Bolsistas09-06-2025.pdf\">EDITAL 09\/2025 - Resultado<\/a><\/p>\n<p><a href=\"https:\/\/www2.uepg.br\/proex\/wp-content\/uploads\/sites\/8\/2025\/10\/1Edital3-homologacao-da-inscricao-com-data-entrevista_assinado.pdf\">EDITAL 08-2025 - Homologa\u00e7\u00e3o e convoca\u00e7\u00e3o para entrevista<\/a><\/p>\n<p><a href=\"https:\/\/www2.uepg.br\/proex\/wp-content\/uploads\/sites\/8\/2025\/10\/Edital_Selecao_Bolsistas_USF-05-05-2025_assinado-1-2.pdf\">EDITAL 07-2025 - Sele\u00e7\u00e3o Bolsista - Estudante de Gradua\u00e7\u00e3o Zootecnia.<\/a><\/p>\n<p><a href=\"https:\/\/www2.uepg.br\/proex\/wp-content\/uploads\/sites\/8\/2025\/06\/Edital_06_Resultado_Final_Bolsistas_10-06-25.pdf\">EDITAL 06-2025 - Resultado Final<\/a><\/p>\n<p><a href=\"https:\/\/www2.uepg.br\/proex\/wp-content\/uploads\/sites\/8\/2025\/06\/Edital-05-2025-Clasisificacao-Final.pdf\">EDITAL 05-2025 -\u00a0 Classifica\u00e7\u00e3o dos Candidatos\u00a0 Aprovados<\/a><\/p>\n<p><a href=\"https:\/\/www2.uepg.br\/proex\/wp-content\/uploads\/sites\/8\/2025\/06\/Edital4-homologacao-convocacao-entrevista.pdf\">EDITAL 04-2025 -\u00a0 Homologa\u00e7\u00e3o das Inscri\u00e7\u00f5es e Entrevistas<\/a><\/p>\n<p><a href=\"https:\/\/www2.uepg.br\/proex\/wp-content\/uploads\/sites\/8\/2025\/05\/Edital_3-Selecao_Bolsistas_USF-19-05-2025.pdf\">EDITAL 03-2025 - Sele\u00e7\u00e3o de Bolsista Rec\u00e9m-formado- Pedagogia<\/a><\/p>\n<p><a href=\"https:\/\/www2.uepg.br\/proex\/wp-content\/uploads\/sites\/8\/2025\/05\/Edital2-2025-indeferimento-da-inscricao.pdf\">EDITAL 02-2025 - Indeferimento de Inscri\u00e7\u00e3o.<\/a><\/p>\n<p><a href=\"https:\/\/www2.uepg.br\/proex\/wp-content\/uploads\/sites\/8\/2025\/05\/Edital_Selecao_Bolsistas_USF-08-05-2025-1-1.pdf\">EDITAL\u00a0 01-2025 - Sele\u00e7\u00e3o de Bolsista Rec\u00e9m-formado\u00a0 Pedagogia<\/a><\/p>\n<p>&nbsp;<\/p>\n<p>&nbsp;<\/p>\n<p><strong>Projeto Assessoria na Realiza\u00e7\u00e3o de Levantamento Aerofotogram\u00e9trico com VANT (drone) No Munic\u00edpio de Guaraque\u00e7aba \u2013 PR, como Base para a Cria\u00e7\u00e3o da Plataforma Guaraque\u00e7aba - Cidade Inteligente<\/strong><\/p>\n<p><a href=\"https:\/\/www2.uepg.br\/proex\/wp-content\/uploads\/sites\/8\/2025\/05\/Edital-03-2025-Cadastro-de-Reserva.pdf\">EDITAL\u00a0 03-2025 -\u00a0 \u00a0Resultado Cadastro de Reserva<\/a><\/p>\n<p><a href=\"https:\/\/www2.uepg.br\/proex\/wp-content\/uploads\/sites\/8\/2025\/04\/Edital_2_2025_Selecao_Bolsistas_Cadastro_Reserva_2025_04_28_Andrea_Tedesco.pdf\">EDITAL 02-2025 -Sele\u00e7\u00e3o de Bolsistas - Cadastro de Reserva<\/a><\/p>\n<p><a href=\"https:\/\/www2.uepg.br\/proex\/wp-content\/uploads\/sites\/8\/2025\/04\/Edital_1_2025_Selecao_Bolsistas_Cadastro_Reserva_2025_04_13_Andrea_Tedesco_assinado.pdf\">EDITAL 01-2025\u00a0 - Sele\u00e7\u00e3o de Bolsistas -\u00a0 Cadastro de Reserva<\/a><\/p>\n<p>&nbsp;<\/p>\n<p>&nbsp;<\/p>\n<p>&nbsp;<\/p>\n<p><strong>Projeto Assessoria na Constru\u00e7\u00e3o de Projetos de Desenvolvimento Urbano e Regional do Litoral Paranaense, Atrav\u00e9s da Revis\u00e3o do Plano Diretor Participativo do Munic\u00edpio de Guaraque\u00e7aba \u2013 Pr<\/strong><\/p>\n<p><a href=\"https:\/\/www2.uepg.br\/proex\/wp-content\/uploads\/sites\/8\/2025\/05\/Edital-03-2025-Cadastro-de-Reserva-1.pdf\">EDITAL\u00a0 03-2025 - Resultado Cadastro de Reserva<\/a><\/p>\n<p><a href=\"https:\/\/www2.uepg.br\/proex\/wp-content\/uploads\/sites\/8\/2025\/04\/Edital_2_2025_Selecao_Bolsistas_Cadastro_Reserva_2025_04_28_Marcio_Ornat.pdf\">EDITAL 02-2025- Sele\u00e7\u00e3o de Bolsistas-\u00a0 \u00a0Cadastro de Reserva<\/a><\/p>\n<p><a href=\"https:\/\/www2.uepg.br\/proex\/wp-content\/uploads\/sites\/8\/2025\/04\/Edital_1_2025_Selecao_Bolsistas_Cadastro_Reserva_2025_04_13_Marcio_Ornat_assinado.pdf\">EDITAL 01-2025 - Sele\u00e7\u00e3o e Bolsistas - Cadastro de Reserva.<\/a><\/p>\n<p>&nbsp;<\/p>\n<p>&nbsp;<\/p>\n<p>&nbsp;<\/p>\n<p><strong>Projeto Indu\u00e7\u00e3o ao Desenvolvimento Regional Paranaense Atrav\u00e9s da Assessoria na Constru\u00e7\u00e3o do Plano de Mobilidade Campo-Cidade do Munic\u00edpio de Cerro Azul, Paran\u00e1<\/strong><\/p>\n<p><a href=\"https:\/\/www2.uepg.br\/proex\/wp-content\/uploads\/sites\/8\/2025\/05\/Edital-03-2025-Cadastro-de-Reserva-2.pdf\">EDITAL\u00a0 03-2025 - Resultado Cadastro de Reserva<\/a><\/p>\n<p><a href=\"https:\/\/www2.uepg.br\/proex\/wp-content\/uploads\/sites\/8\/2025\/04\/Edital_2_2025_Selecao_Bolsistas_Cadastro_Reserva_2025_04_28_Luiz_Cunha.pdf\">EDITAL 02-2025\u00a0 Sele\u00e7\u00e3o de Bolsistas-\u00a0 Cadastro de Reserva<\/a><\/p>\n<p><a href=\"https:\/\/www2.uepg.br\/proex\/wp-content\/uploads\/sites\/8\/2025\/04\/Edital_1_2025_Selecao_Bolsistas_Cadastro_Reserva_2025_04_13_Luiz_Cunha_assinado-1.pdf\">EDITAL\u00a0 01-2025 - Sele\u00e7\u00e3o de Bolsistas - Cadastro de Reserva<\/a><\/p>\n<p>&nbsp;<\/p>\n<p>&nbsp;<\/p>\n<p><strong><b>Projeto Propostas Did\u00e1ticas para Combater a Desinforma\u00e7\u00e3o em Escolas P\u00fablicas de Teixeira Soares\u00a0<\/b><\/strong><\/p>\n<p><a href=\"https:\/\/www2.uepg.br\/proex\/wp-content\/uploads\/sites\/8\/2025\/10\/Edital-USF-15-2025_selecao_recem_formado-2.pdf\">EDITAL 15-2025 - SELE\u00c7\u00c3O DE BOLSISTA\u00a0 PROFISSIONAL REC\u00c9M - FORMADO -\u00a0 Jornalismo, Hist\u00f3ria, Pedagogia ou Direito.<\/a><\/p>\n<p><a href=\"https:\/\/www2.uepg.br\/proex\/wp-content\/uploads\/sites\/8\/2025\/10\/Edital-Alessandro.pdf\">EDITAL 14-2025- SELE\u00c7\u00c3O DE BOLSISTA\u00a0 PROFISSIONAL REC\u00c9M - FORMADO - Jornalismo, Hist\u00f3ria , Pedagogia ou Direito<\/a><\/p>\n<p><a href=\"https:\/\/www2.uepg.br\/proex\/wp-content\/uploads\/sites\/8\/2025\/10\/Edital-USF-13-2025_selec%CC%A7a%CC%83o_rece%CC%81m_formado.pdf\">EDITAL 13 - 2025 - SELE\u00c7\u00c3O DE BOLSISTA PROFISSIONAL REC\u00c9M-FORMADO - Jornalismo, Hist\u00f3ria, Pedagogia ou Direito<\/a><\/p>\n<p><a href=\"https:\/\/www2.uepg.br\/proex\/wp-content\/uploads\/sites\/8\/2025\/09\/Edital-USF-12-2025_selec%CC%A7a%CC%83o_rece%CC%81m_formado-1.pdf\">EDITAL\u00a0 12 - 2025 - SELE\u00c7\u00c3O BOLSISTA REC\u00c9M FORMADO JORNALISMO.<\/a><\/p>\n<p><a href=\"https:\/\/www2.uepg.br\/proex\/wp-content\/uploads\/sites\/8\/2025\/09\/Edital-USF-11-2025_resultado_selec%CC%A7a%CC%83o_rece%CC%81m_formado-1.pdf\">EDITAL\u00a0 11 - 2025_RESULTADO DE SELE\u00c7\u00c3O BOLSISTA REC\u00c9M FORMADO - JORNALISMO<\/a><\/p>\n<p><a href=\"https:\/\/www2.uepg.br\/proex\/wp-content\/uploads\/sites\/8\/2025\/09\/Edital-USF-10-2025_selec%CC%A7a%CC%83o_rece%CC%81m_formado-1.pdf\">EDITAL 10-2025 - SELE\u00c7\u00c3O DE BOLSISTA REC\u00c9M FORMADO - JORNALISMO<\/a><\/p>\n<p><a href=\"https:\/\/www2.uepg.br\/proex\/wp-content\/uploads\/sites\/8\/2025\/09\/Edital-09_2025-Chamado-de-Bolsista-rece%CC%81m-formado.pdf\">EDITAL 09\/2025\u00a0 - CONVOCA\u00c7\u00c3O DE BOLSISTA<\/a><\/p>\n<p><a href=\"https:\/\/www2.uepg.br\/proex\/wp-content\/uploads\/sites\/8\/2025\/08\/Edital-USF-n-8-2025-Resultado.pdf\">EDITAL 08\/2025 -\u00a0 RESULTADO<\/a><\/p>\n<p><a href=\"https:\/\/www2.uepg.br\/proex\/wp-content\/uploads\/sites\/8\/2025\/08\/Edital-n-7-USF-convocac%CC%A7a%CC%83o-para-entrevistas-2025.pdf\">EDITAL 07\/2025 - SELE\u00c7\u00c3O DE BOLSISTAS - CONVOCA\u00c7\u00c3O PARA ENTREVISTA<\/a><\/p>\n<p><a href=\"https:\/\/www2.uepg.br\/proex\/wp-content\/uploads\/sites\/8\/2025\/08\/Edital-USF-6-2025_selec%CC%A7a%CC%83o-5.pdf\">EDITAL 06\/2025 - SELE\u00c7\u00c3O DE BOLSISTAS.<\/a><\/p>\n<p><a href=\"https:\/\/www2.uepg.br\/proex\/wp-content\/uploads\/sites\/8\/2025\/07\/Edital-USF-5-2025_selec%CC%A7a%CC%83o.pdf\">EDITAL 05\/ 2025- SELE\u00c7\u00c3O DE BOLSISTAS<\/a><\/p>\n<p><a href=\"https:\/\/www2.uepg.br\/proex\/wp-content\/uploads\/sites\/8\/2025\/04\/Edital-USF-4-2025-Chamado-de-Suplente.pdf\">EDITAL 04 \/2025 - CONVOCA\u00c7\u00c3O DE BOLSISTA SUPLENTE<\/a><\/p>\n<p><a href=\"https:\/\/www2.uepg.br\/proex\/wp-content\/uploads\/sites\/8\/2025\/04\/Edital-USF-3-2025-Chamado-de-Suplente.pdf\">EDITAL 03\/2025 - CONVOCA\u00c7\u00c3O DE BOLSISTA SUPLENTE<\/a><\/p>\n<p><a href=\"https:\/\/www2.uepg.br\/proex\/wp-content\/uploads\/sites\/8\/2025\/02\/Edital-USF-2-2025-CONVOCACAO.pdf\">EDITAL 02 2025 - CONVOCA\u00c7\u00c3O DE BOLSISTA\u00a0 SUPLENTE<\/a><\/p>\n<p><a href=\"https:\/\/www2.uepg.br\/proex\/wp-content\/uploads\/sites\/8\/2025\/02\/Edital-USF-1-2025-Chamado-de-Suplente.pdf\">EDITAL 01-2025 - CONVOCA\u00c7\u00c3O DE\u00a0 BOLSISTA<\/a><\/p>\n<p>&nbsp;<\/p>\n<p><strong>Projeto NEVIN- N\u00facleo de Estudos da Viol\u00eancia Intrafamiliar<\/strong><\/p>\n<p><a href=\"https:\/\/www2.uepg.br\/proex\/wp-content\/uploads\/sites\/8\/2025\/07\/Edital-Nevin-2025-Extensionistas-Voluntarios-junho.pdf\">Edital 11\/2025 - Volunt\u00e1rios - Homologa\u00e7\u00e3o das incri\u00e7\u00f5es e entrevista<\/a><\/p>\n<p><a href=\"https:\/\/www2.uepg.br\/proex\/wp-content\/uploads\/sites\/8\/2025\/06\/Edital-10-2025-Extensionistas-Voluntarios.pdf\">EDITAL 10-2025 - Sele\u00e7\u00e3o de Extensionistas Volunt\u00e1rios<\/a><\/p>\n<p><a href=\"https:\/\/www2.uepg.br\/proex\/wp-content\/uploads\/sites\/8\/2025\/04\/Edital-09-2025-Convocacao-2.pdf\">EDITAL 09-2025 - Convoca\u00e7\u00e3o<\/a><\/p>\n<p><a href=\"https:\/\/www2.uepg.br\/proex\/wp-content\/uploads\/sites\/8\/2025\/04\/Edital-08-2025-de-resultado-estagiaria-de-direito.pdf\">EDITAL 08-2025 - Resultado -\u00a0 Estudante de Direito<\/a><\/p>\n<p><a href=\"https:\/\/www2.uepg.br\/proex\/wp-content\/uploads\/sites\/8\/2025\/03\/Edital-de-Homologacao-06_2025.pdf\">EDITAL 07-2025 - Homologa\u00e7\u00e3o da sele\u00e7\u00e3o de estagi\u00e1rio -\u00a0 Estudante de Direito<\/a><\/p>\n<p><a href=\"https:\/\/www2.uepg.br\/proex\/wp-content\/uploads\/sites\/8\/2025\/03\/Edital-05_2025-Estagiario-de-Direito.pdf\">EDITAL 06-2025 - Sele\u00e7\u00e3o de estagi\u00e1rio - Estudante de Direito<\/a><\/p>\n<p><a href=\"https:\/\/www2.uepg.br\/proex\/wp-content\/uploads\/sites\/8\/2025\/03\/2025-5.-Resultado-final-Cadastro-reserva-Nevin.pdf\">EDITAL 05 - 2025 - Resultado final - Cadastro Reserva<\/a><\/p>\n<p><a href=\"https:\/\/www2.uepg.br\/proex\/wp-content\/uploads\/sites\/8\/2025\/03\/EDITAL-04-2025-Homologacao-inscricao-Lucas-Ireno-I-Alteracao-data-resultado-final.pdf\">EDITAL 04 -2025 - Homologa\u00e7\u00e3o inscri\u00e7\u00e3o -\u00a0 Altera\u00e7\u00e3o data resultado final<\/a><\/p>\n<p><a href=\"https:\/\/www2.uepg.br\/proex\/wp-content\/uploads\/sites\/8\/2025\/03\/EDITAL-03-2025-Alteracao-da-entrevista-modalidade-virtual.pdf\">EDITAL 03-2025 - Altera\u00e7\u00e3o da entrevista modalidade virtual<\/a><\/p>\n<p><a href=\"https:\/\/www2.uepg.br\/proex\/wp-content\/uploads\/sites\/8\/2025\/02\/Edital-02-2025-Homologacao-das-incricoes-e-entrevista.pdf\">EDITAL 02- 2025 - HOMOLOGA\u00c7\u00c3O DAS INSCRI\u00c7\u00d5ES E ENTREVISTAS<\/a><\/p>\n<p><a href=\"https:\/\/www2.uepg.br\/proex\/wp-content\/uploads\/sites\/8\/2025\/02\/Edital-1-2025-Cadastro-de-reserva-fevereiro-2025.pdf\">EDITAL 01-2025 - SELE\u00c7\u00c3O DE BOLSISTAS - Cadastro de reserva.<\/a><\/p>\n<p>&nbsp;<\/p>\n<p>&nbsp;<\/p>\n<p><strong>Projeto Pr\u00e1ticas Pedag\u00f3gicas da Educa\u00e7\u00e3o Escolar Quilombola no Paran\u00e1<\/strong><\/p>\n<p><a href=\"https:\/\/www2.uepg.br\/proex\/wp-content\/uploads\/sites\/8\/2025\/02\/EDITAL-03-2025-RESULTADO-FINAL.pdf\">EDITAL 03-2025 -RESULTADO FINAL<\/a><\/p>\n<p><a href=\"https:\/\/www2.uepg.br\/proex\/wp-content\/uploads\/sites\/8\/2025\/02\/Edital-02-2025-HOMOLOGACAO-E-ENTREVISTAS.pdf\">EDITAL 02-2025 - HOMOLOGA\u00c7\u00c3O E ENTREVISTAS<\/a><\/p>\n<p><a href=\"https:\/\/www2.uepg.br\/proex\/wp-content\/uploads\/sites\/8\/2025\/02\/EDITAL-01-2025-SELECAO-DE-BOLSISTA-1.pdf\">EDITAL 01-2025 -\u00a0 SELE\u00c7\u00c3O DE BOLSISTA ESTUDANTE DE GRADUA\u00c7\u00c3O<\/a><\/p>\n<\/div>\n<\/div>\n<\/div>\n<div class=\"sow-accordion-panel sow-accordion-panel-open\" data-anchor=\"cursos-de-extens%c3%a3o-dacproex-2025\">\n<div class=\"sow-accordion-panel-header-container\" role=\"heading\">\n<div id=\"accordion-label-cursos-de-extens%c3%a3o-dacproex-2025\" class=\"sow-accordion-panel-header\" role=\"button\">\n<div class=\"sow-accordion-title sow-accordion-title-icon-left\">CURSOS DE EXTENS\u00c3O DAC\/PROEX 2025<\/div>\n<div class=\"sow-accordion-open-close-button\">\n<div class=\"sow-accordion-close-button\"><\/div>\n<\/div>\n<\/div>\n<\/div>\n<div id=\"accordion-content-cursos-de-extens%c3%a3o-dacproex-2025\" class=\"sow-accordion-panel-content\" role=\"region\" aria-labelledby=\"accordion-label-cursos-de-extens%c3%a3o-dacproex-2025\">\n<div class=\"sow-accordion-panel-border\">\n<p><strong>INSCRI\u00c7\u00d5ES CURSOS PARA COMUNIDADE - DAC\/PROEX<br \/>\nInicio das aulas:\u00a0<\/strong>10\/03<\/p>\n<p>Inscri\u00e7\u00f5es abertas<\/p>\n<p><a href=\"https:\/\/forms.gle\/2xWaWjdqzvnLxshL8\">INSCRI\u00c7\u00d5ES<\/a><\/p>\n<p><strong>Investimento<\/strong><\/p>\n<p>Matricula: R$70,00<br \/>\nMensalidade (exceto piano): 9 x de R$100,00<br \/>\nMensalidade piano: 9 x de R$ 150,00<\/p>\n<p><strong><em>Hor\u00e1rio de aulas<\/em><\/strong><br \/>\n<a href=\"https:\/\/www2.uepg.br\/proex\/wp-content\/uploads\/sites\/8\/2025\/02\/horarios-1.pdf\">Acesse aqui<\/a><\/p>\n<p><strong><em>Informa\u00e7\u00f5es sobre os cursos<br \/>\n<\/em><\/strong><a href=\"https:\/\/www2.uepg.br\/proex\/cursos\/\"><em>Acesse aqui<\/em><\/a><\/p>\n<p><em><strong>Edital<\/strong><\/em><\/p>\n<p><a href=\"https:\/\/www.fauepg.org.br\/wp-content\/uploads\/\/sites\/133\/2025\/02\/EDITAL-FAUEPG-No-17-2025-INSCRICOES-NOS-CURSOS-DA-DAC-PROEX-PARA-A-COMUNIDADE.pdf\">Acesse aqui<\/a><\/p>\n<\/div>\n<\/div>\n<\/div>\n<div class=\"sow-accordion-panel sow-accordion-panel-open\" data-anchor=\"programa-paran%c3%a1-fala-idiomas\">\n<div class=\"sow-accordion-panel-header-container\" role=\"heading\">\n<div id=\"accordion-label-programa-paran%c3%a1-fala-idiomas\" class=\"sow-accordion-panel-header\" role=\"button\">\n<div class=\"sow-accordion-title sow-accordion-title-icon-left\">PROGRAMA PARAN\u00c1 FALA IDIOMAS<\/div>\n<div class=\"sow-accordion-open-close-button\">\n<div class=\"sow-accordion-close-button\"><\/div>\n<\/div>\n<\/div>\n<\/div>\n<div id=\"accordion-content-programa-paran%c3%a1-fala-idiomas\" class=\"sow-accordion-panel-content\" role=\"region\" aria-labelledby=\"accordion-label-programa-paran%c3%a1-fala-idiomas\">\n<div class=\"sow-accordion-panel-border\">\n<p>PARAN\u00c1 FALA IDIOMAS\/ESPANHOL<\/p>\n<p><a href=\"https:\/\/www2.uepg.br\/proex\/wp-content\/uploads\/sites\/8\/2025\/11\/EDITAL-PFE-SELECAO-PROFISSIONAL-GRADUADO-UEPG.docx-4.pdf\">EDITAL PFE - SELE\u00c7\u00c3O PROFISSIONAL GRADUADO - UEPG.docx (4)<\/a><\/p>\n<p><a href=\"https:\/\/www2.uepg.br\/proex\/wp-content\/uploads\/sites\/8\/2025\/02\/EDITAL-CHAMADA-FORMULARIOS-PFE-2025_1.docx-3.pdf\">EDITAL N\u00ba 1 \/ ABERTURA DE INSCRI\u00c7\u00d5ES<\/a><\/p>\n<p>PARAN\u00c1 FALA IDIOMAS\/FRANC\u00caS<\/p>\n<p><a href=\"https:\/\/www2.uepg.br\/proex\/wp-content\/uploads\/sites\/8\/2025\/02\/EDITAL_CHAMADA_FORMULARIOS_PFF_2025.1_assinado.pdf\">EDITAL N\u00ba 1\/ ABERTURA DE INSCRI\u00c7\u00d5ES<\/a><\/p>\n<p>PARAN\u00c1 FALA IDIOMAS\/INGL\u00caS<\/p>\n<p><a href=\"https:\/\/www2.uepg.br\/proex\/wp-content\/uploads\/sites\/8\/2025\/07\/EDITAL-008_2025-Edital-Selecao-de-Profissional-Graduado.docx.pdf\">EDITAL 008_2025 - Edital Sele\u00e7\u00e3o de Profissional Graduado.docx<\/a><\/p>\n<p><a href=\"https:\/\/www2.uepg.br\/proex\/wp-content\/uploads\/sites\/8\/2025\/09\/EDITAL-015_2025-Divulgacao-Cursos-e-Chamada-Teste-Nivelamento.docx-1.pdf\">EDITAL 015_2025 Divulga\u00e7\u00e3o Cursos e Chamada Teste Nivelamento.docx (1)<\/a><\/p>\n<p><a href=\"https:\/\/www2.uepg.br\/proex\/wp-content\/uploads\/sites\/8\/2025\/09\/EDITAL-016_2025-Retificacao-do-Edital-014_2025-Resultado-Teste-de-Nivelamento.docx.pdf\">EDITAL 016_2025 - Retifica\u00e7\u00e3o do Edital 014_2025 Resultado Teste de Nivelamento.docx<\/a><\/p>\n<\/div>\n<\/div>\n<\/div>\n<div class=\"sow-accordion-panel sow-accordion-panel-open\" data-anchor=\"universidade-aberta-para-a-terceira-idade-uati\">\n<div class=\"sow-accordion-panel-header-container\" role=\"heading\">\n<div id=\"accordion-label-universidade-aberta-para-a-terceira-idade-uati\" class=\"sow-accordion-panel-header\" role=\"button\">\n<div class=\"sow-accordion-title sow-accordion-title-icon-left\">UNIVERSIDADE ABERTA PARA A TERCEIRA IDADE - UATI<\/div>\n<div class=\"sow-accordion-open-close-button\">\n<div class=\"sow-accordion-close-button\"><\/div>\n<\/div>\n<\/div>\n<\/div>\n<div id=\"accordion-content-universidade-aberta-para-a-terceira-idade-uati\" class=\"sow-accordion-panel-content\" role=\"region\" aria-labelledby=\"accordion-label-universidade-aberta-para-a-terceira-idade-uati\">\n<div class=\"sow-accordion-panel-border\">\n<p><a href=\"https:\/\/www2.uepg.br\/proex\/wp-content\/uploads\/sites\/8\/2025\/02\/EDITAL-UATI-academicos.pdf\">EDITAL\u00a0 PROEX\/UATI 01\/2025 - SELE\u00c7\u00c3O DE ESTUDANTES<\/a><\/p>\n<p><a href=\"https:\/\/www2.uepg.br\/proex\/wp-content\/uploads\/sites\/8\/2025\/02\/EDITAL-UATI-recem-formados.pdf\">EDITAL\u00a0 PROEX\/UATI 02\/2025 - SELE\u00c7\u00c3O DE PROFISSIONAL REC\u00c9M-GRADUADO<\/a><\/p>\n<p><a href=\"https:\/\/www2.uepg.br\/proex\/wp-content\/uploads\/sites\/8\/2025\/03\/Edital-recem-formado-resultado-preliminar-10-de-marco.pdf\">EDITAL PROEX\/UATI 03\/2025 - REC\u00c9M-GRADUADO - RESULTADO PRELIMINAR<\/a><\/p>\n<p><a href=\"https:\/\/www2.uepg.br\/proex\/wp-content\/uploads\/sites\/8\/2025\/03\/Edital-academico-resultado-preliminar-10-de-marco.pdf\">EDITAL PROEX\/UATI 04\/2025 - ESTUDANTES - RESULTADO PRELIMINAR<\/a><\/p>\n<p><a href=\"https:\/\/www2.uepg.br\/proex\/wp-content\/uploads\/sites\/8\/2025\/03\/Edital-UATI.pdf\">EDITAL PROEX\/UATI 05\/2025 - PROFESSOR COORDENADOR<\/a><\/p>\n<p><a href=\"https:\/\/www2.uepg.br\/proex\/wp-content\/uploads\/sites\/8\/2025\/04\/Edital-UATI-Resultado-atual.pdf\">EDITAL PROEX\/UATI 06\/2025 - RESULTADO PROFESSOR COORDENADOR<\/a><\/p>\n<p><a href=\"https:\/\/www2.uepg.br\/proex\/wp-content\/uploads\/sites\/8\/2025\/05\/EDITAL-No-04_25-_-UEPG-RESULTADO-PRELIMINAR-DE-PROCESSO-DE-SELECAO-DE-ACADEMICO-BOLSISTA-cadastro-reserva-%E2%80%93-REF.-EDITAL-01_25-ALTERADO-1.pdf\">EDITAL PROEX\/UATI 04\/2025 - ESTUDANTES - RESULTADO PRELIMINAR - RETIFICA\u00c7\u00c3O<\/a><\/p>\n<\/div>\n<\/div>\n<\/div>\n<div class=\"sow-accordion-panel sow-accordion-panel-open\" data-anchor=\"bolsas-de-inicia%c3%a7%c3%a3o-extensionista-20242025\">\n<div class=\"sow-accordion-panel-header-container\" role=\"heading\">\n<div id=\"accordion-label-bolsas-de-inicia%c3%a7%c3%a3o-extensionista-20242025\" class=\"sow-accordion-panel-header\" role=\"button\">\n<div class=\"sow-accordion-title sow-accordion-title-icon-left\">BOLSAS DE INICIA\u00c7\u00c3O EXTENSIONISTA - 2024\/2025<\/div>\n<div class=\"sow-accordion-open-close-button\">\n<div class=\"sow-accordion-close-button\"><\/div>\n<\/div>\n<\/div>\n<\/div>\n<div id=\"accordion-content-bolsas-de-inicia%c3%a7%c3%a3o-extensionista-20242025\" class=\"sow-accordion-panel-content\" role=\"region\" aria-labelledby=\"accordion-label-bolsas-de-inicia%c3%a7%c3%a3o-extensionista-20242025\">\n<div class=\"sow-accordion-panel-border\">\n<p><a href=\"https:\/\/www2.uepg.br\/proex\/wp-content\/uploads\/sites\/8\/2025\/02\/Edital_remanejamento_PIBEX-PIBIS_assinado.pdf\">EDITAL N\u00b001\/2025 - REMANEJAMENTO<\/a><\/p>\n<p><a href=\"https:\/\/www2.uepg.br\/proex\/wp-content\/uploads\/sites\/8\/2025\/03\/Edital-Cadastro-Reserva-PIBIS-2025.pdf\">EDITAL N\u00ba 02\/2025 - PROEX\/DEU - CADASTRO RESERVA PIBIS<\/a><\/p>\n<p><a href=\"https:\/\/www2.uepg.br\/proex\/wp-content\/uploads\/sites\/8\/2025\/03\/Resultado-preliminar-Cadastro-Reserva-PIBIS-2025.pdf\">EDITAL N\u00ba 03\/2025 - RESULTADO PRELIMINAR - CADASTRO RESERVA - PIBIS 2025<\/a><\/p>\n<p><a href=\"https:\/\/www2.uepg.br\/proex\/wp-content\/uploads\/sites\/8\/2025\/03\/Resultado-final-Cadastro-Reserva-PIBIS-2025.pdf\">EDITAL N\u00ba 04\/2025 - RESULTADO FINAL - CADASTRO RESERVA - PIBIS 2025<\/a><\/p>\n<p>&nbsp;<\/p>\n<\/div>\n<\/div>\n<\/div>\n<div class=\"sow-accordion-panel sow-accordion-panel-open\" data-anchor=\"n%c3%bacleo-maria-da-penha-numape\">\n<div class=\"sow-accordion-panel-header-container\" role=\"heading\">\n<div id=\"accordion-label-n%c3%bacleo-maria-da-penha-numape\" class=\"sow-accordion-panel-header\" role=\"button\">\n<div class=\"sow-accordion-title sow-accordion-title-icon-left\">N\u00daCLEO MARIA DA PENHA - NUMAPE<\/div>\n<div class=\"sow-accordion-open-close-button\">\n<div class=\"sow-accordion-close-button\"><\/div>\n<\/div>\n<\/div>\n<\/div>\n<div id=\"accordion-content-n%c3%bacleo-maria-da-penha-numape\" class=\"sow-accordion-panel-content\" role=\"region\" aria-labelledby=\"accordion-label-n%c3%bacleo-maria-da-penha-numape\">\n<div class=\"sow-accordion-panel-border\">\n<p><a href=\"https:\/\/www2.uepg.br\/proex\/wp-content\/uploads\/sites\/8\/2025\/09\/EDITAL-14-2025-DE-RESULTADO-SELEC%CC%A7A%CC%83O-ESTAGIA%CC%81RIA-SERVIC%CC%A7O-SOCIAL-2025.pdf\">EDITAL 14-2025- Resultado Final\u00a0 Estudante de Gradua\u00e7\u00e3o - Servi\u00e7o Social<\/a><\/p>\n<p><a href=\"https:\/\/www2.uepg.br\/proex\/wp-content\/uploads\/sites\/8\/2025\/09\/EDITAL-13-2025-DE-RESULTADO-SELECAO-ESTAGIARIA-DE-DIREITO.pdf\">EDITAL 13-2025 - Resultado Final Estudante de Gradua\u00e7\u00e3o -\u00a0 Direito<\/a><\/p>\n<p><a href=\"https:\/\/www2.uepg.br\/proex\/wp-content\/uploads\/sites\/8\/2025\/09\/EDITAL-12-2025-DE-HOMOLOGAC%CC%A7A%CC%83O-DE-INSCRIC%CC%A7O%CC%83ES-ESTA%CC%81GIO-SERVIC%CC%A7O-SOCIAL-.pdf\">EDITAL 12-2025 - Homologa\u00e7\u00e3o das Inscri\u00e7\u00f5es e Convoca\u00e7\u00e3o para Entrevista\u00a0 Estudante de Gradua\u00e7\u00e3o Servi\u00e7o Social<\/a><\/p>\n<p><a href=\"https:\/\/www2.uepg.br\/proex\/wp-content\/uploads\/sites\/8\/2025\/09\/EDITAL-11-2025-DE-HOMOLOGACAO-DE-INSCRICOES-ESTAGIO-DIREITO-2025-1.pdf\">EDITAL 11-2025\u00a0 - Homologa\u00e7\u00e3o das Inscri\u00e7\u00f5es e Entrevista<\/a><\/p>\n<p><a href=\"https:\/\/www2.uepg.br\/proex\/wp-content\/uploads\/sites\/8\/2025\/09\/EDITAL-10-2025-Retificacao-do-Edital-08_2025.docx-1.pdf\">EDITAL 10-2025 -\u00a0 Retifica\u00e7\u00e3o do Edital 08-2025<\/a><\/p>\n<p><a href=\"https:\/\/www2.uepg.br\/proex\/wp-content\/uploads\/sites\/8\/2025\/09\/EDITAL-09-2025-DE-SELEC%CC%A7A%CC%83O-Estagia%CC%81ria_o-em-Servic%CC%A7o-Social-2025.docx-2.pdf\">EDITAL 09-2025 -\u00a0 Sele\u00e7\u00e3o de Bolsista -\u00a0 \u00a0Estudante de Gradua\u00e7\u00e3o\u00a0 Servi\u00e7o Social<\/a><\/p>\n<p><a href=\"https:\/\/www2.uepg.br\/proex\/wp-content\/uploads\/sites\/8\/2025\/09\/EDITAL-08-2025-Estagiaria-DIREITO-2025.docx-2.pdf\">EDITAL 08-2025 - Sele\u00e7\u00e3o de Bolsista -\u00a0 Estudante de Gradua\u00e7\u00e3o\u00a0 Direito<\/a><\/p>\n<p><a href=\"https:\/\/www2.uepg.br\/proex\/wp-content\/uploads\/sites\/8\/2025\/08\/EDITAL-07-2025-DE-RESULTADO-RECURSO-SELECAO-ADVOGADA-2025-.pdf\">EDITAL 07-2025 - Resultado de Recurso ao Edital 06-2025<\/a><\/p>\n<p><a href=\"https:\/\/www2.uepg.br\/proex\/wp-content\/uploads\/sites\/8\/2025\/07\/EDITAL-06-2025-EDITAL-DE-RESULTADO-SELECAO-ADVOGADA-O-2025.pdf\">EDITAL 06-2025 - Resultado Final - Profissional Graduado em Direito<\/a><\/p>\n<p><a href=\"https:\/\/www2.uepg.br\/proex\/wp-content\/uploads\/sites\/8\/2025\/07\/EDITAL-05-2025-HOMOLOGACAO-DE-INSCRICOES-ADVOGADA.pdf\">EDITAL 05-2025 - Homologa\u00e7\u00e3o das Inscri\u00e7\u00f5es \u00a0<\/a><\/p>\n<p><a href=\"https:\/\/www2.uepg.br\/proex\/wp-content\/uploads\/sites\/8\/2025\/07\/Edital-de-Selecao-Advogada-DIREITO-2025-NUMAPE.pdf\">EDITAL 04-2025 -\u00a0 Sele\u00e7\u00e3o Bolsista -\u00a0 Profissional Graduado em Direito<\/a><\/p>\n<p><a href=\"https:\/\/www2.uepg.br\/proex\/wp-content\/uploads\/sites\/8\/2025\/03\/EDITAL-03-2025-DE-RESULTADO-FINAL.pdf\">EDITAL\u00a0 03-2025 - Resultado Final<\/a><\/p>\n<p><a href=\"https:\/\/www2.uepg.br\/proex\/wp-content\/uploads\/sites\/8\/2025\/03\/EDITAL-02-2025-DE-HOMOLOGACAO-DE-INSCRICOES-ESTAGIO-DIREITO-2025.pdf\">EDITAL\u00a0 02-2025 - Homologa\u00e7\u00e3o das Inscri\u00e7\u00f5es<\/a><\/p>\n<p><a href=\"https:\/\/www2.uepg.br\/proex\/wp-content\/uploads\/sites\/8\/2025\/03\/Edital-01-2025-Estudante-de-Graduacao-Direito.pdf\">EDITAL\u00a0 01-2025 -\u00a0 Estudante de Gradua\u00e7\u00e3o Direito<\/a><\/p>\n<\/div>\n<\/div>\n<\/div>\n<div class=\"sow-accordion-panel sow-accordion-panel-open\" data-anchor=\"pol%c3%adtica-de-cotas-e-acesso-ao-ensino-superior-cursinho-popular-da-uepg\">\n<div class=\"sow-accordion-panel-header-container\" role=\"heading\">\n<div id=\"accordion-label-pol%c3%adtica-de-cotas-e-acesso-ao-ensino-superior-cursinho-popular-da-uepg\" class=\"sow-accordion-panel-header\" role=\"button\">\n<div class=\"sow-accordion-title sow-accordion-title-icon-left\">POL\u00cdTICA DE COTAS E ACESSO AO ENSINO SUPERIOR: Cursinho Popular da UEPG<\/div>\n<div class=\"sow-accordion-open-close-button\">\n<div class=\"sow-accordion-close-button\"><\/div>\n<\/div>\n<\/div>\n<\/div>\n<div id=\"accordion-content-pol%c3%adtica-de-cotas-e-acesso-ao-ensino-superior-cursinho-popular-da-uepg\" class=\"sow-accordion-panel-content\" role=\"region\" aria-labelledby=\"accordion-label-pol%c3%adtica-de-cotas-e-acesso-ao-ensino-superior-cursinho-popular-da-uepg\">\n<div class=\"sow-accordion-panel-border\">\n<p><a href=\"https:\/\/www2.uepg.br\/proex\/wp-content\/uploads\/sites\/8\/2025\/06\/Edital12-2025-RESULTADO-FINAL.pdf\">EDITAL 12 -2025 - RESULTADO FINAL<\/a><\/p>\n<p><a href=\"https:\/\/www2.uepg.br\/proex\/wp-content\/uploads\/sites\/8\/2025\/06\/Edital-11-2025-Homologacao-daInscricao-e-Entrevista-MATEMATICA-PROJETO-POLITICA-DE-COTAS-USF-2025.pdf\">EDITAL\u00a0 11-2025 - HOMOLOGA\u00c7\u00c3O DA INSCRI\u00c7\u00c3O E ENTREVISTA<\/a><\/p>\n<p><a href=\"https:\/\/www2.uepg.br\/proex\/wp-content\/uploads\/sites\/8\/2025\/06\/Edital-10_Selecao-ESTUDANTE-BOLSISTA-MATEMATICA.pdf\">EDITAL 10-2025 -\u00a0 SELE\u00c7\u00c3O\u00a0 BOLSISTA ESTUDANTE GRADUA\u00c7\u00c3O - MATEM\u00c1TICA<\/a><\/p>\n<p><a href=\"https:\/\/www2.uepg.br\/proex\/wp-content\/uploads\/sites\/8\/2025\/06\/Edital-09-2025-RESULTADO-SELECAO-BOLSISTAS-EG-Biologia-e-Letras-1.pdf\">EDITAL 09-2025 -\u00a0 RESULTADO SELE\u00c7AO BOLSISTAS -\u00a0 Biologia e Letras<\/a><\/p>\n<p><a href=\"https:\/\/www2.uepg.br\/proex\/wp-content\/uploads\/sites\/8\/2025\/06\/Edital-08-2025-Homologacao-das-Inscricoe-e-Entrevistas.pdf\">EDITAL 08-2025 - HOMOLOGA\u00c7\u00c3O DAS INCRI\u00c7\u00d5ES E ENTREVISTAS REC\u00c9M-FORMADOS.<\/a><\/p>\n<p><a href=\"https:\/\/www2.uepg.br\/proex\/wp-content\/uploads\/sites\/8\/2025\/05\/Edital-07-2025-Selecao-Bolsistas-Recem-formados-EG.pdf\">EDITAL 07-2025 - SELE\u00c7\u00c3O BOLSISTAS REC\u00c9M-FORMADOS<\/a><\/p>\n<p><a href=\"https:\/\/www2.uepg.br\/proex\/wp-content\/uploads\/sites\/8\/2025\/04\/Edital-Cursinho-Popular-Resultado-atual.pdf\">EDITAL 06-2025 - RESULTADO PROFESSORES COORDENADORES<\/a><\/p>\n<p><a href=\"https:\/\/www2.uepg.br\/proex\/wp-content\/uploads\/sites\/8\/2025\/04\/Edital_05-RESULTADO-SELECAO-NOVOS-BOLSISTAS-POLITICA-DE-COTAS-EG-2025-CADASTRO-RESERVA-1.pdf\">EDITAL 05-2025\u00a0 - RESULTADO SELE\u00c7AO NOVOS BOLSISTAS - CADASTRO RESERVA<\/a><\/p>\n<p><a href=\"https:\/\/www2.uepg.br\/proex\/wp-content\/uploads\/sites\/8\/2025\/04\/Edital_04_Homologacao_das_Inscricoes_e_Entrevistas-POLITICA-DE-COTAS-EG-2025-CADASTRO-RESERVA.pdf\">EDITAL 04-2025 - HOMOLOGA\u00c7\u00c3O DAS INSCRI\u00c7\u00d5ES -\u00a0 CADASTRO RESERVA<\/a><\/p>\n<p><a href=\"https:\/\/www2.uepg.br\/proex\/wp-content\/uploads\/sites\/8\/2025\/03\/Edital-Cursinho-Popular.pdf\">EDITAL 03-2025 - PROFESSOR ORIENTADOR<\/a><\/p>\n<p><a href=\"https:\/\/www2.uepg.br\/proex\/wp-content\/uploads\/sites\/8\/2025\/03\/Edital-02-2025-EG-Selecao-ESTUDANTES-BOLSISTAS-cadastro-reserva-Encomenda-Governamental-CURSINHO-POPULAR-DA-UEPG-PRORROGACAO.pdf\">EDITAL 02-2025 - PRORROGA\u00c7\u00c3O DE PRAZO\u00a0 INSCRI\u00c7\u00d5ES<\/a><\/p>\n<p><a href=\"https:\/\/www2.uepg.br\/proex\/wp-content\/uploads\/sites\/8\/2025\/03\/Edital-01-2025-Selecao-ESTUDANTES-BOLSISTAS-cadastro-reserva-EG.pdf\">EDITAL 01-2025 - SELE\u00c7\u00c3O\u00a0 ESTUDANTES BOLSISTAS CADASTRO DE RESERVA<\/a><\/p>\n<\/div>\n<\/div>\n<\/div>\n<div class=\"sow-accordion-panel sow-accordion-panel-open\" data-anchor=\"n%c3%bacleo-extensionista-rondon-ner-uepg\">\n<div class=\"sow-accordion-panel-header-container\" role=\"heading\">\n<div id=\"accordion-label-n%c3%bacleo-extensionista-rondon-ner-uepg\" class=\"sow-accordion-panel-header\" role=\"button\">\n<div class=\"sow-accordion-title sow-accordion-title-icon-left\">N\u00daCLEO EXTENSIONISTA RONDON - NER UEPG<\/div>\n<div class=\"sow-accordion-open-close-button\">\n<div class=\"sow-accordion-close-button\"><\/div>\n<\/div>\n<\/div>\n<\/div>\n<div id=\"accordion-content-n%c3%bacleo-extensionista-rondon-ner-uepg\" class=\"sow-accordion-panel-content\" role=\"region\" aria-labelledby=\"accordion-label-n%c3%bacleo-extensionista-rondon-ner-uepg\">\n<div class=\"sow-accordion-panel-border\">\n<p><a href=\"https:\/\/www2.uepg.br\/proex\/wp-content\/uploads\/sites\/8\/2025\/03\/01_Edital-PARANA_logo_EDITAL-2025-Inscricao_Operac%CC%A7a%CC%83o_Rondon_Parana-13.03-com-logo-1.pdf\">EDITAL NER-UEPG N\u00ba 001\/2025 - OPERA\u00c7\u00c3O RONDON PARAN\u00c1<\/a><\/p>\n<p><a href=\"https:\/\/www2.uepg.br\/proex\/wp-content\/uploads\/sites\/8\/2025\/03\/01_Edital-AMAZONAS_logo_EDITAL-2025-Inscricao_Operac%CC%A7a%CC%83o_Rondon_Amazonas-13.03-com-logo.pdf\">EDITAL NER-UEPG N\u00ba 002\/2025 - PROJETO RONDON - OPERA\u00c7\u00c3O AMAZONAS<\/a><\/p>\n<p><a href=\"https:\/\/www2.uepg.br\/proex\/wp-content\/uploads\/sites\/8\/2025\/03\/RONDON_17_03.pdf\">EDITAL NER-UEPG N\u00ba 03\/2025 - OPERA\u00c7\u00c3O RONDON PARAN\u00c1 - PROFISSIONAL GRADUADO<\/a><\/p>\n<p><a href=\"https:\/\/www2.uepg.br\/proex\/wp-content\/uploads\/sites\/8\/2025\/04\/Edital_NER__UEPG_06_2025___Aprovados___Rondon_Amazonas.pdf\">EDITAL NER-UEPG N\u00ba 06\/2025 - PROJETO RONDON - OPERA\u00c7\u00c3O AMAZONAS - SELE\u00c7\u00c3O DE DISCENTES<\/a><\/p>\n<p><a href=\"https:\/\/www2.uepg.br\/proex\/wp-content\/uploads\/sites\/8\/2025\/04\/Edital_Convocacao_entrevista_bolsistas_Rondon_2025-1-2.pdf\">EDITAL NER-UEPG N\u00ba 07\/2025 - PROJETO RONDON PARAN\u00c1 - BOLSISTAS PROFISSIONAIS GRADUADOS<\/a><\/p>\n<p><a href=\"https:\/\/www2.uepg.br\/proex\/wp-content\/uploads\/sites\/8\/2025\/04\/Edital_Convocacao_bolsistas_Rondon-2025-1-assinatura-do-Termo-de-Bolsista-corrigido.pdf\">EDITAL NER-UEPG N\u00ba 08\/2025 - PROJETO RONDON PARAN\u00c1 - CONVOCA\u00c7\u00c3O DE BOLSISTAS SELECIONADOS<\/a><\/p>\n<p><a href=\"https:\/\/www2.uepg.br\/proex\/wp-content\/uploads\/sites\/8\/2025\/06\/Edital_de_selecao_alunos_da_Operacao_Rondon__2025.pdf\">EDITAL NER-UEPG N\u00ba 09\/2025 - PROJETO RONDON PARAN\u00c1 - SELE\u00c7\u00c3O DE ALUNOS<\/a><\/p>\n<p><a href=\"https:\/\/www2.uepg.br\/proex\/wp-content\/uploads\/sites\/8\/2025\/09\/PeVermelho_EDITAL_2025___Operacao_Rondon_2026.pdf\">PeVermelho_EDITAL_2025___Operacao_Rondon_2026<\/a><\/p>\n<p><a href=\"https:\/\/www2.uepg.br\/proex\/wp-content\/uploads\/sites\/8\/2025\/10\/Edital-NER-UEPG-09-2025-Segunda-fase-Rondon-Pe-Vermelho.docx.pdf\">Edital NER -UEPG 09-2025 - Segunda fase - Rondon Pe Vermelho.docx<\/a><\/p>\n<p><a href=\"https:\/\/www2.uepg.br\/proex\/wp-content\/uploads\/sites\/8\/2025\/11\/Edital_NER_UEPG_Resultado_final_Rondon_Pe_Vermelho.pdf\">Edital_NER_UEPG_Resultado_final_Rondon_Pe_Vermelho<\/a><\/p>\n<p>&nbsp;<\/p>\n<p>&nbsp;<\/p>\n<\/div>\n<\/div>\n<\/div>\n<div class=\"sow-accordion-panel sow-accordion-panel-open\" data-anchor=\"projeto-%e2%80%9ccejusc-endividados-polo-uepg\">\n<div class=\"sow-accordion-panel-header-container\" role=\"heading\">\n<div id=\"accordion-label-projeto-%e2%80%9ccejusc-endividados-polo-uepg\" class=\"sow-accordion-panel-header\" role=\"button\">\n<div class=\"sow-accordion-title sow-accordion-title-icon-left\">PROJETO \u201cCEJUSC ENDIVIDADOS' - POLO UEPG<\/div>\n<div class=\"sow-accordion-open-close-button\">\n<div class=\"sow-accordion-close-button\"><\/div>\n<\/div>\n<\/div>\n<\/div>\n<div id=\"accordion-content-projeto-%e2%80%9ccejusc-endividados-polo-uepg\" class=\"sow-accordion-panel-content\" role=\"region\" aria-labelledby=\"accordion-label-projeto-%e2%80%9ccejusc-endividados-polo-uepg\">\n<div class=\"sow-accordion-panel-border\">\n<p><a href=\"https:\/\/www2.uepg.br\/proex\/wp-content\/uploads\/sites\/8\/2025\/04\/EDITAL-No-05-25-resultado-selecao-edital-04-25.pdf\">EDITAL N \u00ba 05\/2025 - SELE\u00c7\u00c3O DE ESTAGI\u00c1RIO - RESULTADO<\/a><\/p>\n<p><a href=\"https:\/\/www2.uepg.br\/proex\/wp-content\/uploads\/sites\/8\/2025\/04\/EDITAL-No-04-selecao-estagiarios-a-partir-1-ano.pdf\">EDITAL N\u00ba 04\/2025 - SELE\u00c7\u00c3O DE ESTAGI\u00c1RIO N\u00c3O REMUNERADO<\/a><\/p>\n<p><a href=\"https:\/\/www2.uepg.br\/proex\/wp-content\/uploads\/sites\/8\/2025\/04\/EDITAL-No-03-25-resultado-selecao-edital-01-25.pdf\">EDITAL N\u00ba 03\/2025 - SELE\u00c7\u00c3O DE ESTAGI\u00c1RIO - RESULTADO<\/a><\/p>\n<p><a href=\"https:\/\/www2.uepg.br\/proex\/wp-content\/uploads\/sites\/8\/2025\/04\/CEJUSC_-EDITAL-No-02.pdf\">EDITAL N\u00ba 2\/2025 - SELE\u00c7\u00c3O DE ESTAGI\u00c1RIO - RETIFICA\u00c7\u00c3O<\/a><\/p>\n<p><a href=\"https:\/\/www2.uepg.br\/proex\/wp-content\/uploads\/sites\/8\/2025\/03\/EDITAL-DE-SELEC%CC%A7A%CC%83O-DE-ESTAGIA%CC%81RIOS-NA%CC%83O-REMUNERADOS-PARA-O-PROJETO-DE-EXTENSA%CC%83O.pdf\">EDITAL N\u00ba 1\/2025 - SELE\u00c7\u00c3O DE ESTAGI\u00c1RIOS N\u00c3O REMUNERADOS<\/a><\/p>\n<\/div>\n<\/div>\n<\/div>\n<div class=\"sow-accordion-panel sow-accordion-panel-open\" data-anchor=\"n%c3%bacleo-de-estudos-e-defesa-de-direitos-da-inf%c3%a2ncia-e-da-juventude-neddij\">\n<div class=\"sow-accordion-panel-header-container\" role=\"heading\">\n<div id=\"accordion-label-n%c3%bacleo-de-estudos-e-defesa-de-direitos-da-inf%c3%a2ncia-e-da-juventude-neddij\" class=\"sow-accordion-panel-header\" role=\"button\">\n<div class=\"sow-accordion-title sow-accordion-title-icon-left\">N\u00daCLEO DE ESTUDOS E DEFESA DE DIREITOS DA INF\u00c2NCIA E DA JUVENTUDE (NEDDIJ)<\/div>\n<div class=\"sow-accordion-open-close-button\">\n<div class=\"sow-accordion-close-button\"><\/div>\n<\/div>\n<\/div>\n<\/div>\n<div id=\"accordion-content-n%c3%bacleo-de-estudos-e-defesa-de-direitos-da-inf%c3%a2ncia-e-da-juventude-neddij\" class=\"sow-accordion-panel-content\" role=\"region\" aria-labelledby=\"accordion-label-n%c3%bacleo-de-estudos-e-defesa-de-direitos-da-inf%c3%a2ncia-e-da-juventude-neddij\">\n<div class=\"sow-accordion-panel-border\">\n<p><a href=\"https:\/\/www2.uepg.br\/proex\/wp-content\/uploads\/sites\/8\/2025\/04\/EDITAL-04-2025-Resultado-Final.pdf\">EDITAL 04-2025 - RESULTADO FINAL<\/a><\/p>\n<p><a href=\"https:\/\/www2.uepg.br\/proex\/wp-content\/uploads\/sites\/8\/2025\/04\/EDITAL-03-2025-Deferimento-das-Inscricoes..pdf\">EDITAL 03-2025 - DEFERIMENTO DAS INSCRI\u00c7\u00d5ES.<\/a><\/p>\n<p><a href=\"https:\/\/www2.uepg.br\/proex\/wp-content\/uploads\/sites\/8\/2025\/04\/EDITAL-SELECAO-NEDDIJ-2025-.docx-2.pdf\">EDITAL\u00a0 02-2025 - SELE\u00c7\u00c3O DE BOLSISTAS<\/a><\/p>\n<p><a href=\"https:\/\/www2.uepg.br\/proex\/wp-content\/uploads\/sites\/8\/2025\/04\/Edital-01-2025-Selecao-Bolsista-Graduando-Direito.pdf\">EDITAL 01-2025 - SELE\u00c7\u00c3O DE BOLSISTA -GRADUANDO DIREITO<\/a><\/p>\n<\/div>\n<\/div>\n<\/div>\n<div class=\"sow-accordion-panel sow-accordion-panel-open\" data-anchor=\"programa-de-fomento-%c3%a0-extens%c3%a3o-universit%c3%a1ria-2025\">\n<div class=\"sow-accordion-panel-header-container\" role=\"heading\">\n<div id=\"accordion-label-programa-de-fomento-%c3%a0-extens%c3%a3o-universit%c3%a1ria-2025\" class=\"sow-accordion-panel-header\" role=\"button\">\n<div class=\"sow-accordion-title sow-accordion-title-icon-left\">PROGRAMA DE FOMENTO \u00c0 EXTENS\u00c3O UNIVERSIT\u00c1RIA 2025<\/div>\n<div class=\"sow-accordion-open-close-button\">\n<div class=\"sow-accordion-close-button\"><\/div>\n<\/div>\n<\/div>\n<\/div>\n<div id=\"accordion-content-programa-de-fomento-%c3%a0-extens%c3%a3o-universit%c3%a1ria-2025\" class=\"sow-accordion-panel-content\" role=\"region\" aria-labelledby=\"accordion-label-programa-de-fomento-%c3%a0-extens%c3%a3o-universit%c3%a1ria-2025\">\n<div class=\"sow-accordion-panel-border\">\n<p><a href=\"https:\/\/www2.uepg.br\/proex\/wp-content\/uploads\/sites\/8\/2025\/05\/Bolsista-Software-ou-Computacao.pdf\">EDITAL PROGRAMA DE FOMENTO \u00c0 EXTENS\u00c3O UNIVERSIT\u00c1RIA 01\/2025 - SELE\u00c7\u00c3O DE BOLSISTA<\/a><\/p>\n<p><a href=\"https:\/\/www2.uepg.br\/proex\/wp-content\/uploads\/sites\/8\/2025\/05\/Bolsista-Software-ou-Computacao-entrevistas.pdf\">EDITAL PROGRAMA DE FOMENTO \u00c0 EXTENS\u00c3O UNIVERSIT\u00c1RIA 02\/2025 - ENTREVISTAS<\/a><\/p>\n<p><a href=\"https:\/\/www2.uepg.br\/proex\/wp-content\/uploads\/sites\/8\/2025\/05\/Bolsista-Software-ou-Computacao-resultado.pdf\">EDITAL PROGRAMA DE FOMENTO \u00c0 EXTENS\u00c3O UNIVERSIT\u00c1RIA 03\/2025 - RESULTADO<\/a><\/p>\n<p><a href=\"https:\/\/www2.uepg.br\/proex\/wp-content\/uploads\/sites\/8\/2025\/06\/Bolsista-Software-ou-Computacao-convocacao.pdf\">EDITAL PROGRAMA DE FOMENTO \u00c0 EXTENS\u00c3O UNIVERSIT\u00c1RIA 04\/2025 - CONVOCA\u00c7\u00c3O<\/a><\/p>\n<\/div>\n<\/div>\n<\/div>\n<div class=\"sow-accordion-panel sow-accordion-panel-open\" data-anchor=\"programa-aurora-uepg\">\n<div class=\"sow-accordion-panel-header-container\" role=\"heading\">\n<div id=\"accordion-label-programa-aurora-uepg\" class=\"sow-accordion-panel-header\" role=\"button\">\n<div class=\"sow-accordion-title sow-accordion-title-icon-left\">PROGRAMA AURORA - UEPG<\/div>\n<div class=\"sow-accordion-open-close-button\">\n<div class=\"sow-accordion-close-button\"><\/div>\n<\/div>\n<\/div>\n<\/div>\n<div id=\"accordion-content-programa-aurora-uepg\" class=\"sow-accordion-panel-content\" role=\"region\" aria-labelledby=\"accordion-label-programa-aurora-uepg\">\n<div class=\"sow-accordion-panel-border\">\n<p>PROGRAMA AURORA PONTA GROSSA<\/p>\n<p><a href=\"https:\/\/www2.uepg.br\/proex\/wp-content\/uploads\/sites\/8\/2025\/10\/Edital-Aurora-Ponta-Grossa.pdf\">Edital Aurora Ponta Grossa<\/a><\/p>\n<p>PROGRAMA AURORA JAGUARIA\u00cdVA<\/p>\n<p><a href=\"https:\/\/www2.uepg.br\/proex\/wp-content\/uploads\/sites\/8\/2025\/12\/EDITAL-AURORA-04_2025.pdf\">EDITAL- 04-2025- SELE\u00c7\u00c3O DE BOLSISTA<\/a><\/p>\n<p><a href=\"https:\/\/www2.uepg.br\/proex\/wp-content\/uploads\/sites\/8\/2025\/06\/EDITAL-AURORA-03_2025.pdf\">EDITAL 03-2025 - RESULTADO FINAL<\/a><\/p>\n<p><a href=\"https:\/\/www2.uepg.br\/proex\/wp-content\/uploads\/sites\/8\/2025\/05\/EDITAL-AURORA-02_2025.pdf\">EDITAL 02-2025 - DEFERIMENTO DAS INSCRI\u00c7\u00d5ES E ENTREVISTAS<\/a><\/p>\n<p><a href=\"https:\/\/www2.uepg.br\/proex\/wp-content\/uploads\/sites\/8\/2025\/05\/RETIFICACAO_EDITAL_AURORA_01_2025.pdf\">\u00a0EDITAL DE RETIFICA\u00c7\u00c3O<\/a><\/p>\n<p><a href=\"https:\/\/www2.uepg.br\/proex\/wp-content\/uploads\/sites\/8\/2025\/05\/EDITAL-AURORA-01_2025.pdf\">EDITAL 01-2025 - SELE\u00c7\u00c3O DE BOLSISTAS<\/a><\/p>\n<p>&nbsp;<\/p>\n<\/div>\n<\/div>\n<\/div>\n<div class=\"sow-accordion-panel sow-accordion-panel-open\" data-anchor=\"43%c2%ba-seurs-semin%c3%a1rio-de-extens%c3%a3o-universit%c3%a1ria-da-regi%c3%a3o-sul\">\n<div class=\"sow-accordion-panel-header-container\" role=\"heading\">\n<div id=\"accordion-label-43%c2%ba-seurs-semin%c3%a1rio-de-extens%c3%a3o-universit%c3%a1ria-da-regi%c3%a3o-sul\" class=\"sow-accordion-panel-header\" role=\"button\">\n<div class=\"sow-accordion-title sow-accordion-title-icon-left\">43\u00ba SEURS - SEMIN\u00c1RIO DE EXTENS\u00c3O UNIVERSIT\u00c1RIA DA REGI\u00c3O SUL<\/div>\n<div class=\"sow-accordion-open-close-button\">\n<div class=\"sow-accordion-close-button\"><\/div>\n<\/div>\n<\/div>\n<\/div>\n<div id=\"accordion-content-43%c2%ba-seurs-semin%c3%a1rio-de-extens%c3%a3o-universit%c3%a1ria-da-regi%c3%a3o-sul\" class=\"sow-accordion-panel-content\" role=\"region\" aria-labelledby=\"accordion-label-43%c2%ba-seurs-semin%c3%a1rio-de-extens%c3%a3o-universit%c3%a1ria-da-regi%c3%a3o-sul\">\n<div class=\"sow-accordion-panel-border\">\n<p><a href=\"https:\/\/www2.uepg.br\/proex\/wp-content\/uploads\/sites\/8\/2025\/05\/Edital-Resultado_SEURS-2025.pdf\">EDITAL N\u00ba 07\/2025 - PROEX-DEU - RESULTADO - TRABALHOS SELECIONADOS<\/a><\/p>\n<p><a href=\"https:\/\/www2.uepg.br\/proex\/wp-content\/uploads\/sites\/8\/2025\/05\/Edital-SEURS-2025_PRORROGACAO.pdf\">EDITAL N\u00ba 06\/2025 - PROEX-DEU - CHAMADA DE TRABALHOS - PRORROGA\u00c7\u00c3O<\/a><\/p>\n<p><a href=\"https:\/\/www2.uepg.br\/proex\/wp-content\/uploads\/sites\/8\/2025\/05\/10_Edital-SEURS-2025.pdf\">EDITAL N\u00b005\/2025 \u2013 PROEX-DEU - CHAMADA DE TRABALHOS<\/a><\/p>\n<\/div>\n<\/div>\n<\/div>\n\t\t\t\t<\/div>\n\t\t\t<\/div>\n\t\t<\/div>\n\t\t\t<div class=\"sow-accordion-panel\"\n\t\t\t data-anchor=\"2024\">\n\t\t\t\t<div class=\"sow-accordion-panel-header-container\" role=\"heading\" aria-level=\"2\">\n\t\t\t\t\t<div class=\"sow-accordion-panel-header\" tabindex=\"0\" role=\"button\" id=\"accordion-label-2024\" aria-controls=\"accordion-content-2024\" aria-expanded=\"false\">\n\t\t\t\t\t\t<div class=\"sow-accordion-title sow-accordion-title-icon-left\">\n\t\t\t\t\t\t\t\t\t\t\t\t\t\t2024\t\t\t\t\t\t\t\t\t\t\t\t\t<\/div>\n\t\t\t\t\t\t<div class=\"sow-accordion-open-close-button\">\n\t\t\t\t\t\t\t<div class=\"sow-accordion-open-button\">\n\t\t\t\t\t\t\t\t<span class=\"sow-icon-ionicons\" data-sow-icon=\"&#xf218;\"\n\t\t \n\t\taria-hidden=\"true\"><\/span>\t\t\t\t\t\t\t<\/div>\n\t\t\t\t\t\t\t<div class=\"sow-accordion-close-button\">\n\t\t\t\t\t\t\t\t<span class=\"sow-icon-ionicons\" data-sow-icon=\"&#xf209;\"\n\t\t \n\t\taria-hidden=\"true\"><\/span>\t\t\t\t\t\t\t<\/div>\n\t\t\t\t\t\t<\/div>\n\t\t\t\t\t<\/div>\n\t\t\t\t<\/div>\n\n\t\t\t<div\n\t\t\t\tclass=\"sow-accordion-panel-content\"\n\t\t\t\trole=\"region\"\n\t\t\t\taria-labelledby=\"accordion-label-2024\"\n\t\t\t\tid=\"accordion-content-2024\"\n\t\t\t\tstyle=\"display: none;\"\t\t\t>\n\t\t\t\t<div class=\"sow-accordion-panel-border\" tabindex=\"0\">\n\t\t\t\t\t<div class=\"sow-accordion-panel sow-accordion-panel-open\" data-anchor=\"programa-aurora-2024\">\n<div class=\"sow-accordion-panel-header-container\" role=\"heading\">\n<div id=\"accordion-label-programa-aurora-2024\" class=\"sow-accordion-panel-header\" role=\"button\">\n<div class=\"sow-accordion-title sow-accordion-title-icon-left\">PROGRAMA AURORA - 2024<\/div>\n<div class=\"sow-accordion-open-close-button\">\n<div class=\"sow-accordion-close-button\"><\/div>\n<\/div>\n<\/div>\n<\/div>\n<div id=\"accordion-content-programa-aurora-2024\" class=\"sow-accordion-panel-content\" role=\"region\" aria-labelledby=\"accordion-label-programa-aurora-2024\">\n<div class=\"sow-accordion-panel-border\">\n<p><a href=\"https:\/\/www2.uepg.br\/proex\/wp-content\/uploads\/sites\/8\/2024\/12\/EDITAL_AURORA_1.pdf\">EDITAL PROGRAMA AURORA N\u00b0 01\/2024 - SELE\u00c7\u00c3O DE PROJETOS<\/a><\/p>\n<p><a href=\"https:\/\/www2.uepg.br\/proex\/wp-content\/uploads\/sites\/8\/2024\/12\/Resultado-Aurora.pdf\">EDITAL N\u00ba 02\/2024 - RESULTADO<\/a><\/p>\n<\/div>\n<\/div>\n<\/div>\n<div class=\"sow-accordion-panel sow-accordion-panel-open\" data-anchor=\"programa-ver%c3%a3o-maior-paran%c3%a1\">\n<div class=\"sow-accordion-panel-header-container\" role=\"heading\">\n<div id=\"accordion-label-programa-ver%c3%a3o-maior-paran%c3%a1\" class=\"sow-accordion-panel-header\" role=\"button\">\n<div class=\"sow-accordion-title sow-accordion-title-icon-left\">PROGRAMA VER\u00c3O MAIOR PARAN\u00c1<\/div>\n<div class=\"sow-accordion-open-close-button\">\n<div class=\"sow-accordion-close-button\"><\/div>\n<\/div>\n<\/div>\n<\/div>\n<div id=\"accordion-content-programa-ver%c3%a3o-maior-paran%c3%a1\" class=\"sow-accordion-panel-content\" role=\"region\" aria-labelledby=\"accordion-label-programa-ver%c3%a3o-maior-paran%c3%a1\">\n<div class=\"sow-accordion-panel-border\">\n<p><a href=\"https:\/\/www2.uepg.br\/proex\/wp-content\/uploads\/sites\/8\/2024\/11\/Edital_Verao-Maior-PR_-UEPG.pdf\">EDITAL N\u00b0 01\/2024 \u2013 PROEX-DEU<\/a><\/p>\n<p><a href=\"https:\/\/www2.uepg.br\/proex\/wp-content\/uploads\/sites\/8\/2024\/11\/PRORROGACAO-DE-INSCRICOES-EDITAL-N%C2%B0-02.-2024-_-PROEX-DEU.pdf\">EDITAL N\u00b0 02. 2024 _ PROEX-DEU - PRORROGA\u00c7\u00c3O DE INSCRI\u00c7\u00d5ES<\/a><\/p>\n<p><a href=\"https:\/\/www2.uepg.br\/proex\/wp-content\/uploads\/sites\/8\/2024\/11\/EDITAL-N%C2%B0-03.-2024-_-PROEX-DEU-%E2%80%93-RETIFICADO.pdf\">EDITAL N\u00b0 03. 2024 _ PROEX-DEU \u2013 RETIFICA\u00c7\u00c3O<\/a><\/p>\n<p><a href=\"https:\/\/www2.uepg.br\/proex\/wp-content\/uploads\/sites\/8\/2024\/11\/EDITAL-04.2024-DEFERIMENTO-DAS-INSCRICOES-E-ENTREVISTA.pdf\">EDITAL N\u00ba 4\/2024 - DEFERIMENTO DAS INSCRI\u00c7\u00d5ES E ENTREVISTA<\/a><\/p>\n<p><a href=\"https:\/\/www2.uepg.br\/proex\/wp-content\/uploads\/sites\/8\/2024\/12\/Edital_05_Resultado_Final_-Selecao-de-Bolsistas.pdf\">EDITAL N\u00ba 05\/2024 - SELE\u00c7\u00c3O DE BOLSISTAS - RESULTADO FINAL<\/a><\/p>\n<\/div>\n<\/div>\n<\/div>\n<div class=\"sow-accordion-panel sow-accordion-panel-open\" data-anchor=\"projetos-universidade-sem-fronteiras-seti-2024\">\n<div class=\"sow-accordion-panel-header-container\" role=\"heading\">\n<div id=\"accordion-label-projetos-universidade-sem-fronteiras-seti-2024\" class=\"sow-accordion-panel-header\" role=\"button\">\n<div class=\"sow-accordion-title sow-accordion-title-icon-left\">PROJETOS UNIVERSIDADE SEM FRONTEIRAS- SETI 2024<\/div>\n<div class=\"sow-accordion-open-close-button\">\n<div class=\"sow-accordion-close-button\"><\/div>\n<\/div>\n<\/div>\n<\/div>\n<div id=\"accordion-content-projetos-universidade-sem-fronteiras-seti-2024\" class=\"sow-accordion-panel-content\" role=\"region\" aria-labelledby=\"accordion-label-projetos-universidade-sem-fronteiras-seti-2024\">\n<div class=\"sow-accordion-panel-border\">\n<p><strong>PLANO DE DESENVOLVIMENTO LOCAL<\/strong><\/p>\n<p><a href=\"https:\/\/www2.uepg.br\/proex\/wp-content\/uploads\/sites\/8\/2024\/12\/Edital-01-Modelo_USF_andorinhas.pdf\">EDITAL N\u00ba 01\/2024 - SELE\u00c7\u00c3O DE BOLSISTAS<\/a><\/p>\n<p><a href=\"https:\/\/www2.uepg.br\/proex\/wp-content\/uploads\/sites\/8\/2024\/12\/EDITAL_HOMOLOGACAO_ENTREVISTAS.pdf\">EDITAL N\u00ba 02 - HOMOLOGA\u00c7\u00c3O E CONVOCA\u00c7\u00c3O PARA ENTREVISTA<\/a><\/p>\n<p><a href=\"https:\/\/www2.uepg.br\/proex\/wp-content\/uploads\/sites\/8\/2024\/12\/Edital_03-_Divulgacao_dos_Resultados_corrigido_assinado-1.pdf\">EDITAL N\u00ba 03\/2024 - RESULTADO FINAL<\/a><\/p>\n<p>&nbsp;<\/p>\n<p><strong>DIAMANTE DO CUIDADO: FORTALECENDO A SA\u00daDE DOS BEB\u00caS COM ALEITAMENTO MATERNO<\/strong><\/p>\n<p><a href=\"https:\/\/www2.uepg.br\/proex\/wp-content\/uploads\/sites\/8\/2024\/12\/EDITAL-1-USF-Diamante-do-Cuidado.pdf\">EDITAL\u00a0 N\u00ba 01\/2024 - SELE\u00c7\u00c3O DE BOLSISTAS<\/a><\/p>\n<p><a href=\"https:\/\/www2.uepg.br\/proex\/wp-content\/uploads\/sites\/8\/2024\/12\/EDITAL-2-USF-Deferimento-das-inscricoes-do-Projeto-Diamante-do-Cuidado-2024.pdf\">EDITAL N\u00ba02 - DEFERIMENTO E CONVOCA\u00c7\u00c3O PARA ENTREVISTA<\/a><\/p>\n<p><a href=\"https:\/\/www2.uepg.br\/proex\/wp-content\/uploads\/sites\/8\/2024\/12\/EDITAL-3-Resultado-Final-USF-Projeto-Diamante-do-Cuidado.pdf\">EDITAL N\u00ba 03\/2024 - RESULTADO FINAL<\/a><\/p>\n<p>&nbsp;<\/p>\n<p><strong>FORMA\u00c7\u00c3O CONTINUADA DE DOCENTES IND\u00cdGENAS: A UNIVERSIDADE EM ARTICULA\u00c7\u00c3O COM A EDUCA\u00c7\u00c3O ESCOLAR IND\u00cdGENA<\/strong><\/p>\n<p><a href=\"https:\/\/www2.uepg.br\/proex\/wp-content\/uploads\/sites\/8\/2024\/11\/EDITAL-1_ligia.docx\">EDITAL N\u00ba 01\/2024 \u2013 SELE\u00c7\u00c3O DE BOLSISTAS<\/a><\/p>\n<p><a href=\"https:\/\/www2.uepg.br\/proex\/wp-content\/uploads\/sites\/8\/2024\/11\/EDITAL-2-ligia.pdf\">EDITAL N\u00ba 02\/2024 - HOMOLOGA\u00c7\u00c3O E CONVOCA\u00c7\u00c3O PARA ENTREVISTA<\/a><\/p>\n<p><a href=\"https:\/\/www2.uepg.br\/proex\/wp-content\/uploads\/sites\/8\/2024\/11\/edital.3-resultado_ligia.pdf\">EDITAL N\u00ba 03\/2024 - CLASSIFICA\u00c7\u00c3O FINAL<\/a><\/p>\n<p><a href=\"https:\/\/www2.uepg.br\/proex\/wp-content\/uploads\/sites\/8\/2024\/11\/EDITAL-SELECAO-4-LIGIA.pdf\">EDITAL N\u00ba 04\/2024 - SELE\u00c7\u00c3O DE BOLSISTAS<\/a><\/p>\n<p><a href=\"https:\/\/www2.uepg.br\/proex\/wp-content\/uploads\/sites\/8\/2024\/12\/Edital-5-Ligia-Homologacao-entrevistas.pdf\">EDITAL N\u00ba 05\/2024 - HOMOLOGA\u00c7\u00c3O E CONVOCA\u00c7\u00c3O PARA ENTREVISTA<\/a><\/p>\n<p><a href=\"https:\/\/www2.uepg.br\/proex\/wp-content\/uploads\/sites\/8\/2024\/12\/Edital-de-Resultado-Ligia.pdf\">EDITAL N\u00ba 06\/2024 - CLASSIFICA\u00c7\u00c3O FINAL<\/a><\/p>\n<p>&nbsp;<\/p>\n<p><strong>PRATICAS PEDAG\u00d3GICAS DA EDUCA\u00c7\u00c3O ESCOLAR QUILOMBOLA NO PARAN\u00c1<\/strong><\/p>\n<p><a href=\"https:\/\/www2.uepg.br\/proex\/wp-content\/uploads\/sites\/8\/2024\/11\/EDITAL-1.docx\">EDITAL 01\/2024 \u2013 SELE\u00c7\u00c3O DE BOLSISTAS<\/a><\/p>\n<p><a href=\"https:\/\/www2.uepg.br\/proex\/wp-content\/uploads\/sites\/8\/2024\/11\/EDITAL-2-IONE-1.pdf\">EDITAL N\u00ba 02\/2024 - HOMOLOGA\u00c7\u00c3O E CONVOCA\u00c7\u00c3O PARA ENTREVISTA<\/a><\/p>\n<p><a href=\"https:\/\/www2.uepg.br\/proex\/wp-content\/uploads\/sites\/8\/2024\/11\/edital.3-resultado_ione.pdf\">EDITAL N\u00ba 03\/2024 - CLASSIFICA\u00c7\u00c3O FINAL<\/a><\/p>\n<p><a href=\"https:\/\/www2.uepg.br\/proex\/wp-content\/uploads\/sites\/8\/2024\/11\/EDITAL-SELECAO-4-IONE.pdf\">EDITAL N\u00ba 04\/2024 - SELE\u00c7\u00c3O DE BOLSISTAS<\/a><\/p>\n<p><a href=\"https:\/\/www2.uepg.br\/proex\/wp-content\/uploads\/sites\/8\/2024\/12\/Edital-5-Ione-Homologacao-entrevistas.pdf\">EDITAL N\u00ba 05\/2024 - HOMOLOGA\u00c7\u00c3O E CONVOCA\u00c7\u00c3O PARA ENTREVISTA<\/a><\/p>\n<p><a href=\"https:\/\/www2.uepg.br\/proex\/wp-content\/uploads\/sites\/8\/2024\/12\/Edital-de-Resultado-Ione.pdf\">EDITAL N\u00ba 06\/2024 - CLASSIFICA\u00c7\u00c3O FINAL<\/a><\/p>\n<p>&nbsp;<\/p>\n<p><strong>POL\u00cdTICA DE COTAS E ACESSO AO ENSINO SUPERIOR- CURSINHO POPULAR DA UEPG<\/strong><\/p>\n<p><a href=\"https:\/\/www2.uepg.br\/proex\/wp-content\/uploads\/sites\/8\/2024\/12\/Edital-de-classificacao-de-graduandos-e-egressos-para-bolsa-POLITICA-DE-COTAS-USF-2025-RETIFICACAO.pdf\">EDITAL N\u00ba 04\/24 - CLASSIFICA\u00c7\u00c3O - RETIFICA\u00c7\u00c3O<\/a><\/p>\n<p><a href=\"https:\/\/www2.uepg.br\/proex\/wp-content\/uploads\/sites\/8\/2024\/12\/Edital-03-2024-de-classificacao-de-graduandos-e-egressos-para-bolsa-POLITICA-DE-COTAS-USF-2025.pdf\">EDITAL N\u00ba 03\/2024 - CLASSIFICA\u00c7\u00c3O DE BOLSISTAS ESTUDANTES DE GRADUA\u00c7\u00c3O E PROFISSIONAIS REC\u00c9M- FORMADOS<\/a><\/p>\n<p><a href=\"https:\/\/www2.uepg.br\/proex\/wp-content\/uploads\/sites\/8\/2024\/11\/Edital_02_Homologacao_das_Inscricoes_e_Entrevistas-POLITICA-DE-COTAS-USF-2025.pdf\">EDITAL\u00a0 N\u00ba02\/2024\u00a0 - HOMOLOGA\u00c7\u00c3O DE INSCRI\u00c7\u00d5ES E CONVOCA\u00c7\u00c3O PARA ENTREVISTA<\/a><\/p>\n<p><a href=\"https:\/\/www2.uepg.br\/proex\/wp-content\/uploads\/sites\/8\/2024\/10\/Edital_Selecao_Bolsistas-USF-Cursinho-Popular-2025.pdf\">EDITAL N\u00ba 01\/2024 - SELE\u00c7\u00c3O DE BOLSISTAS<\/a><\/p>\n<p>&nbsp;<\/p>\n<p><strong>TEMAS EMERGENTES: JUVENTUDES DO CAMPO NO MUNIC\u00cdPIO DE IPIRANGA (PR)<\/strong><\/p>\n<p><a href=\"https:\/\/www2.uepg.br\/proex\/wp-content\/uploads\/sites\/8\/2024\/10\/Edital-01-2024-Selecao-de-Bolsistas-1.pdf\">EDITAL\u00a0 n\u00ba 01\/2024 - SELE\u00c7\u00c3O DE BOLSISTAS<\/a><\/p>\n<p><a href=\"https:\/\/www2.uepg.br\/proex\/wp-content\/uploads\/sites\/8\/2024\/11\/Edital2-homologacao-convocacao-entrevista.pdf\">EDITAL N\u00ba 02 - HOMOLOGA\u00c7\u00c3O E CONVOCA\u00c7\u00c3O PARA ENTREVISTA<\/a><\/p>\n<p><a href=\"https:\/\/www2.uepg.br\/proex\/wp-content\/uploads\/sites\/8\/2024\/11\/Edital_03_Classificacao_dos-Candidatos_Bolsistas.25-11.pdf\">EDITAL N\u00ba 03\/2024 - CLASSIFICA\u00c7\u00c3O DE SELE\u00c7\u00c3O DE BOLSISTAS<\/a><\/p>\n<p><a href=\"https:\/\/www2.uepg.br\/proex\/wp-content\/uploads\/sites\/8\/2024\/11\/Edital_04_Resultado_Final_Bolsistas_27-11.pdf\">EDITAL 04\/2024 - RESULTADO_FINAL_BOLSISTAS<\/a><\/p>\n<p>&nbsp;<\/p>\n<p><strong>TECNOLOGIAS NO CAMPO E CAPACITA\u00c7\u00c3O DE PEQUENOS E M\u00c9DIOS PRODUTORES RURAIS.<\/strong><\/p>\n<p><a href=\"https:\/\/www2.uepg.br\/proex\/wp-content\/uploads\/sites\/8\/2024\/10\/Edital_03_Resultado_Final_Bolsistas.pdf\">EDITAL 03\/2024 - RESULTADO FINAL BOLSISTAS<\/a><\/p>\n<p><a href=\"https:\/\/www2.uepg.br\/proex\/wp-content\/uploads\/sites\/8\/2024\/10\/Edital_02_Homologacao_das_Inscricoes_e_Entrevistas.pdf\">EDITAL 02\/2024 - HOMOLOGA\u00c7\u00c3O DAS INSCRI\u00c7\u00d5ES E ENTREVISTAS<\/a><\/p>\n<p><a href=\"https:\/\/www2.uepg.br\/proex\/wp-content\/uploads\/sites\/8\/2024\/10\/Edital_Selecao_Bolsistas_USF.pdf\">EDITAL 01\/2024 -<\/a>\u00a0SELE\u00c7\u00c3O DE BOLSISTAS<\/p>\n<p>&nbsp;<\/p>\n<p><strong>INDU\u00c7\u00c3O AO DESENVOLVIMENTO REGIONAL PARANAENSE ATRAV\u00c9S DA ASSESSORIA NA CONSTRU\u00c7\u00c3O DO PLANO DE MOBILIDADE CAMPO-CIDADE DO MUNIC\u00cdPIO DE CERRO AZUL-PR.<\/strong><\/p>\n<p><a href=\"https:\/\/www2.uepg.br\/proex\/wp-content\/uploads\/sites\/8\/2024\/10\/Edital_3_2023_Resultado_2024_10_23_Cunha.pdf\">EDITAL 03\/2024 - RESULTADO<\/a><\/p>\n<p><a href=\"https:\/\/www2.uepg.br\/proex\/wp-content\/uploads\/sites\/8\/2024\/10\/Edital_2_2024_Deferimento_2024_10_21_Luiz_Cunha.pdf\">EDITAL 02\/2024 - DEFERIMENTO DAS INSCRI\u00c7\u00d5ES E ENTREVISTA<\/a><\/p>\n<p><a href=\"https:\/\/www2.uepg.br\/proex\/wp-content\/uploads\/sites\/8\/2024\/10\/Edital_1_2024_Selecao_Bolsistas_2024_10_10_Luiz_Cunha.pdf\">EDITAL 01\/2024 -<\/a>SELE\u00c7\u00c3O DE BOLSISTAS<\/p>\n<p>&nbsp;<\/p>\n<p><strong>ASSESSORIA NA CONSTRU\u00c7\u00c3O DE PROJETOS DE DESENVOLVIMENTO URBANO E REGIONAL DO LITORAL PARANAENSE ATRAV\u00c9S DA REVIS\u00c3O DO PLANO DIRETOR PARTICIPATIVO DO MUNIC\u00cdPIO DE GUARAQUE\u00c7ABA-PR.<\/strong><\/p>\n<p><a href=\"https:\/\/www2.uepg.br\/proex\/wp-content\/uploads\/sites\/8\/2024\/10\/Edital_3_2023_Resultado_2024_10_23_Ornat.pdf\">EDITAL 03\/2024 - RESULTADO<\/a><\/p>\n<p><a href=\"https:\/\/www2.uepg.br\/proex\/wp-content\/uploads\/sites\/8\/2024\/10\/Edital_2_2024_Deferimento_2024_10_21_Marcio_Ornat.pdf\">EDITAL 02\/2024\u00a0 - DEFERIMENTO DAS INSCRI\u00c7\u00d5ES E ENTREVISTA<\/a><\/p>\n<p><a href=\"https:\/\/www2.uepg.br\/proex\/wp-content\/uploads\/sites\/8\/2024\/10\/Edital_1_2024_Selecao_Bolsistas_2024_10_10_Marcio_Ornat.pdf\">EDITAL 01\/2024 -<\/a>\u00a0SELE\u00c7\u00c3O DE BOLSISTAS<\/p>\n<p>&nbsp;<\/p>\n<p><strong>ASSESSORIA NA REALIZA\u00c7\u00c3O DE LEVANTAMENTO AEROFOTOGRAM\u00c9TRICO COM VANT(DRONE) NO MUNIC\u00cdPIO DE GUARAQUE\u00c7ABA- PR, COMO BASE PARA A CRIA\u00c7\u00c3O DA PLATAFORMA GUARAQUE\u00c7ABA - CIDADE INTELIGENTE.<\/strong><\/p>\n<p><a href=\"https:\/\/www2.uepg.br\/proex\/wp-content\/uploads\/sites\/8\/2024\/10\/Edital_3_2023_Resultado_2024_10_23_Tedesco.pdf\">EDITAL 03\/2024 - RESULTADO<\/a><\/p>\n<p><a href=\"https:\/\/www2.uepg.br\/proex\/wp-content\/uploads\/sites\/8\/2024\/10\/Edital_2_2024_Deferimento_2024_10_21_Tedesco.pdf\">EDITAL 02\/2024\u00a0 - DEFERIMENTO DAS INSCRI\u00c7\u00d5ES E ENTREVISTA<\/a><\/p>\n<p><a href=\"https:\/\/www2.uepg.br\/proex\/wp-content\/uploads\/sites\/8\/2024\/10\/Edital_1_2024_Selecao_Bolsistas_2024_10_10_Andrea_Tedesco-1.pdf\">EDITAL 01\/2024 -<\/a>\u00a0SELE\u00c7\u00c3O DE BOLSISTAS<\/p>\n<p>&nbsp;<\/p>\n<p><strong>N\u00daCLEO DE ESTUDOS DA VIOL\u00caNCIA INTRAFAMILIAR - NEVIN<\/strong><\/p>\n<p><a href=\"https:\/\/www2.uepg.br\/proex\/wp-content\/uploads\/sites\/8\/2024\/10\/Edital-3-2024-Convocacao-outubro-2024.pdf\">EDITAL 03\/2024 - RESULTADO<\/a><\/p>\n<p><a href=\"https:\/\/www2.uepg.br\/proex\/wp-content\/uploads\/sites\/8\/2024\/10\/Edital-n%C2%B0-02-2024-DEFERIMENTO-DAS-IBNSCRICOES-E-ENTREVISTA.pdf\">EDITAL\u00a0 \u00a002\/2024- DEFERIMENTO DAS INSCRI\u00c7\u00d5ES E ENTREVISTA<\/a><\/p>\n<p><a href=\"https:\/\/www2.uepg.br\/proex\/wp-content\/uploads\/sites\/8\/2024\/10\/Edital-no-1-2024-NEVIN.pdf\">EDITAL 01\/2024 - SELE\u00c7\u00c3O DE BOLSISTAS<\/a><\/p>\n<p>&nbsp;<\/p>\n<p><strong>PATRIM\u00d4NIO GEOL\u00d3GICO DE SAPOPEMA: MAPEAMENTO E HIERARQUIZA\u00c7\u00c3O<\/strong><\/p>\n<p><a href=\"https:\/\/www2.uepg.br\/proex\/wp-content\/uploads\/sites\/8\/2024\/10\/Resultado-Bolsistas.pdf\">EDITAL 03\/2024 - RESULTADO<\/a><\/p>\n<p><a href=\"https:\/\/www2.uepg.br\/proex\/wp-content\/uploads\/sites\/8\/2024\/10\/Homologacao-e-Entrevistas-1.pdf\">EDITAL 02\/2024 - HOMOLOGA\u00c7\u00c3O E ENTREVISTAS<\/a><\/p>\n<p><a href=\"https:\/\/www2.uepg.br\/proex\/wp-content\/uploads\/sites\/8\/2024\/10\/Edital-01-Sapopema-.pdf\">EDITAL 01\/2024 - SELE\u00c7\u00c3O DE BOLSISTAS<\/a><\/p>\n<p>&nbsp;<\/p>\n<p><strong>TECENDO A REDE DE PROTE\u00c7\u00c3O \u00c0S CRIAN\u00c7AS E ADOLESCENTES V\u00cdTIMAS DE VIOL\u00caNCIAS NO MUNIC\u00cdPIO DE TIBAGI (PR)<\/strong><\/p>\n<p><a href=\"https:\/\/www2.uepg.br\/proex\/wp-content\/uploads\/sites\/8\/2024\/11\/EDITAL-DE-SELECAO-PROJETO-TECENDO-A-REDE-DE-PROTECAO-AS-CRIANCAS-E-ADOLESCENTES-VITIMAS-DE-VIOLENCIA-NO-MUNICIPIO-DE-TIBAGI-PR.pdf\">EDITAL 01\/24 - SELE\u00c7\u00c3O DE BOLSISTAS<\/a><\/p>\n<p><a href=\"https:\/\/www2.uepg.br\/proex\/wp-content\/uploads\/sites\/8\/2024\/11\/EDITAL-n%C2%B0-02-2024-DEFERIMENTO-DE-INSCRICOES-E-ENTREVISTAS.pdf\">EDITAL n\u00b0-02-2024 - DEFERIMENTO DE INSCRI\u00c7\u00d5ES E CONVOCA\u00c7\u00c3O PARA ENTREVISTAS<\/a><\/p>\n<p><a href=\"https:\/\/www2.uepg.br\/proex\/wp-content\/uploads\/sites\/8\/2024\/11\/EDITAL-SELECAO-03-RETIFICACAO.pdf\">EDITAL SELE\u00c7\u00c3O 03 - RETIFICA\u00c7\u00c3O<\/a><\/p>\n<p><a href=\"https:\/\/www2.uepg.br\/proex\/wp-content\/uploads\/sites\/8\/2024\/11\/EDITAL-04-DE-2024-RESULTADO-DE-SELECAO-DO-PROJETO-TECENDO-A-REDE-DE-PROTECAO.pdf\">EDITAL N\u00ba 04\/2024 - RESULTADO DE SELE\u00c7\u00c3O DE BOLSISTAS<\/a><\/p>\n<p>&nbsp;<\/p>\n<p><strong>PROPOSTAS DID\u00c1TICAS PARA COMBATER A DESINFORMA\u00c7\u00c3O EM ESCOLAS P\u00daBLICAS DE TEIXEIRA SOARES (PR)<\/strong><\/p>\n<p><a href=\"https:\/\/www2.uepg.br\/proex\/wp-content\/uploads\/sites\/8\/2024\/11\/Edital-USF-2024_definitivo_pdf.pdf\">EDITAL 01\/2024 - SELE\u00c7\u00c3O DE BOLSISTAS<\/a><\/p>\n<p><a href=\"https:\/\/www2.uepg.br\/proex\/wp-content\/uploads\/sites\/8\/2024\/11\/Edital-USF-2024_entrevistas_pdf.pdf\">EDITAL N\u00ba 02\/2024 - CONVOCA\u00c7\u00c3O PARA ENTREVISTA<\/a><\/p>\n<p><a href=\"https:\/\/www2.uepg.br\/proex\/wp-content\/uploads\/sites\/8\/2024\/11\/Edital-USF-2024_RESULTADO_FINAL.pdf\">EDITAL 03\/2024 - RESULTADO FINAL<\/a><\/p>\n<p><a href=\"https:\/\/www2.uepg.br\/proex\/wp-content\/uploads\/sites\/8\/2024\/11\/Edital-USF-2024_definitivo_2_selec%CC%A7a%CC%83o.pdf\">EDITAL 04\/2004- SELE\u00c7\u00c3O DE BOLSISTAS<\/a><\/p>\n<p><a href=\"https:\/\/www2.uepg.br\/proex\/wp-content\/uploads\/sites\/8\/2024\/12\/Edital-USF-2024_entrevistas_2_etapa.pdf\">EDITAL N\u00ba 5 - CONVOCA\u00c7\u00c3O PARA ENTREVISTA<\/a><\/p>\n<p><a href=\"https:\/\/www2.uepg.br\/proex\/wp-content\/uploads\/sites\/8\/2024\/12\/Edital-USF-2024_entrevistas_2_etapa_retificac%CC%A7a%CC%83o.pdf\">EDITAL N\u00ba 5 - CONVOCA\u00c7\u00c3O PARA ENTREVISTA - RETIFICA\u00c7\u00c3O<\/a><\/p>\n<p><a href=\"https:\/\/www2.uepg.br\/proex\/wp-content\/uploads\/sites\/8\/2024\/12\/Edital-USF-2024_RESULTADO_FINAL_2_ETAPA.pdf\">EDITAL N\u00ba 06\/2024 - RESULTADO_FINAL - 2\u00aa ETAPA<\/a><\/p>\n<p>&nbsp;<\/p>\n<p><strong>EDUCA\u00c7\u00c3O PARA A CIDADANIA: ECONOMIA SOLID\u00c1RIA, COOPERA\u00c7\u00c3O E RESPEITO \u00c0 NATUREZA<\/strong><\/p>\n<p><a href=\"https:\/\/www2.uepg.br\/proex\/wp-content\/uploads\/sites\/8\/2024\/12\/Edital4-EDUCACAO-FINALPARADIVULGAR.pdf\">EDITAL N\u00ba 04 - SELE\u00c7\u00c3O DE BOLSISTAS - CLASSIFICA\u00c7\u00c3O FINAL<\/a><\/p>\n<p><a href=\"https:\/\/www2.uepg.br\/proex\/wp-content\/uploads\/sites\/8\/2024\/11\/Edital-3-educacao-Retificacao.pdf\">EDITAL 03\/2024- RETIFICA\u00c7\u00c3O<\/a><\/p>\n<p><a href=\"https:\/\/www2.uepg.br\/proex\/wp-content\/uploads\/sites\/8\/2024\/11\/Edital2educacao-11-2.pdf\">EDITAL N\u00ba 02\/2024 - HOMOLOGA\u00c7\u00c3O DE INSCRI\u00c7\u00d5ES E CONVOCA\u00c7\u00c3O PARA ENTREVISTA<\/a><\/p>\n<p><a href=\"https:\/\/www2.uepg.br\/proex\/wp-content\/uploads\/sites\/8\/2024\/11\/Edital-01-Educacaoparacidadania-reidy.pdf\">EDITAL 01\/2024 - SELE\u00c7\u00c3O DE BOLSISTAS<\/a><\/p>\n<p>&nbsp;<\/p>\n<p><strong>APOIO AO PROGRAMA DE EXTENS\u00c3O INCUBADORA DE ECONOMIA SOLID\u00c1RIA IESOL\/UEPG<\/strong><\/p>\n<p><a href=\"https:\/\/www2.uepg.br\/proex\/wp-content\/uploads\/sites\/8\/2024\/12\/Edital-4-IESOL-Aprovados-e-Suplentes.pdf\">EDITAL N\u00ba 04\/2024 - RESULTADO FINAL<\/a><\/p>\n<p><a href=\"https:\/\/www2.uepg.br\/proex\/wp-content\/uploads\/sites\/8\/2024\/11\/Edital-3-IESOL-Retificacao.pdf\">EDITAL\u00a0 N\u00ba 03\/2024 - RETIFICA\u00c7\u00c3O<\/a><\/p>\n<p><a href=\"https:\/\/www2.uepg.br\/proex\/wp-content\/uploads\/sites\/8\/2024\/11\/Edital2-IESOLfinal-classificaos-1.pdf\">EDITAL N\u00ba 02 \/2024 - CLASSIFICADOS E CONVOCA\u00c7\u00c3O PARA ENTREVISTA<\/a><\/p>\n<p><a href=\"https:\/\/www2.uepg.br\/proex\/wp-content\/uploads\/sites\/8\/2024\/11\/Edital-01-IESOL-suporte-para-incubadora-LARA.pdf\">EDITAL N\u00ba\u00a0 01\/2024 - SELE\u00c7\u00c3O DE BOLSISTAS<\/a><\/p>\n<\/div>\n<\/div>\n<\/div>\n<div class=\"sow-accordion-panel sow-accordion-panel-open\" data-anchor=\"programa-de-extens%c3%a3o-da-educa%c3%a7%c3%a3o-superior-na-p%c3%b3s-gradua%c3%a7%c3%a3o-proextpg\">\n<div class=\"sow-accordion-panel-header-container\" role=\"heading\">\n<div id=\"accordion-label-programa-de-extens%c3%a3o-da-educa%c3%a7%c3%a3o-superior-na-p%c3%b3s-gradua%c3%a7%c3%a3o-proextpg\" class=\"sow-accordion-panel-header\" role=\"button\">\n<div class=\"sow-accordion-title sow-accordion-title-icon-left\">PROGRAMA DE EXTENS\u00c3O DA EDUCA\u00c7\u00c3O SUPERIOR NA P\u00d3S-GRADUA\u00c7\u00c3O (PROEXTPG)<\/div>\n<div class=\"sow-accordion-open-close-button\">\n<div class=\"sow-accordion-close-button\"><\/div>\n<\/div>\n<\/div>\n<\/div>\n<div id=\"accordion-content-programa-de-extens%c3%a3o-da-educa%c3%a7%c3%a3o-superior-na-p%c3%b3s-gradua%c3%a7%c3%a3o-proextpg\" class=\"sow-accordion-panel-content\" role=\"region\" aria-labelledby=\"accordion-label-programa-de-extens%c3%a3o-da-educa%c3%a7%c3%a3o-superior-na-p%c3%b3s-gradua%c3%a7%c3%a3o-proextpg\">\n<div class=\"sow-accordion-panel-border\">\n<p><a href=\"https:\/\/www2.uepg.br\/proex\/wp-content\/uploads\/sites\/8\/2024\/08\/EDITAL-INTERNO-N.-01.2024-PROPESP-DIPOS-PROEX-DEU.pdf\">EDITAL INTERNO N. 01.2024 - PROPESP DIP\u00d3S - PROEX DEU<\/a><\/p>\n<p><a href=\"https:\/\/www2.uepg.br\/proex\/wp-content\/uploads\/sites\/8\/2024\/09\/EDITAL-INTERNO-N.-02.2024-PROPESP-DIPOS-PROEX-DEU-resultado-da-selecao-de-bolsa-de-Iniciac.pdf\">RESULTADO DA SELE\u00c7\u00c3O DE BOLSA DE INICIA\u00c7\u00c3O \u00c0 EXTENS\u00c3O E BOLSA DE P\u00d3S-DOUTORADO DO PROGRAMA DE EXTENS\u00c3O DA EDUCA\u00c7\u00c3O SUPERIOR NA P\u00d3S-GRADUA\u00c7\u00c3O<\/a><\/p>\n<p>&nbsp;<\/p>\n<p>&nbsp;<\/p>\n<\/div>\n<\/div>\n<\/div>\n<div class=\"sow-accordion-panel sow-accordion-panel-open\" data-anchor=\"bolsas-de-inicia%c3%a7%c3%a3o-extensionista\">\n<div class=\"sow-accordion-panel-header-container\" role=\"heading\">\n<div id=\"accordion-label-bolsas-de-inicia%c3%a7%c3%a3o-extensionista\" class=\"sow-accordion-panel-header\" role=\"button\">\n<div class=\"sow-accordion-title sow-accordion-title-icon-left\">BOLSAS DE INICIA\u00c7\u00c3O EXTENSIONISTA<\/div>\n<div class=\"sow-accordion-open-close-button\">\n<div class=\"sow-accordion-close-button\"><\/div>\n<\/div>\n<\/div>\n<\/div>\n<div id=\"accordion-content-bolsas-de-inicia%c3%a7%c3%a3o-extensionista\" class=\"sow-accordion-panel-content\" role=\"region\" aria-labelledby=\"accordion-label-bolsas-de-inicia%c3%a7%c3%a3o-extensionista\">\n<div class=\"sow-accordion-panel-border\">\n<p>&nbsp;<\/p>\n<p><strong>PIBEX 2024<\/strong><\/p>\n<p class=\"hero-title\"><a href=\"https:\/\/www2.uepg.br\/proex\/edital-proex-deu-n28-2024-classificacao-final-cadastro-reserva-bolsas-pibex-2024-2025\/\">EDITAL PROEX DEU N\u00b028\/2024 \u2013 CLASSIFICA\u00c7\u00c3O FINAL \u2013 CADASTRO RESERVA \u2013 BOLSAS PIBEX \u2013 2024\/2025<\/a><\/p>\n<p><a href=\"https:\/\/www2.uepg.br\/proex\/wp-content\/uploads\/sites\/8\/2024\/09\/Edital-26_24-PIBEX-cadastro-reserva.pdf\">EDITAL PROEX DEU N\u00b026\/2024 \u2013 CADASTRO RESERVA PIBEX 2024\/2025 \u2013 CLASSIFICA\u00c7\u00c3O PRELIMINAR<\/a><\/p>\n<p><a href=\"https:\/\/www2.uepg.br\/proex\/wp-content\/uploads\/sites\/8\/2024\/09\/EDITAL-PRORROGACAO-CADASTRO-RESERVA-PIBEX-2024.pdf\">EDITAL 24\/24 -\u00a0 PRORROGA\u00c7\u00c3O INSCRI\u00c7\u00d5ES CADASTRO RESERVA PIBEX 2024\/2025<\/a><\/p>\n<p><a href=\"https:\/\/www2.uepg.br\/proex\/wp-content\/uploads\/sites\/8\/2024\/08\/EDITAL-CADASTRO-RESERVA-PIBEX-2024.pdf\">EDITAL 20\/2024 - ABERTURA\u00a0 INSCRI\u00c7\u00d5ES CADASTRO RESERVA PIBEX 2024\/2025<\/a><\/p>\n<p><a href=\"https:\/\/www2.uepg.br\/proex\/wp-content\/uploads\/sites\/8\/2024\/08\/PIBEX-final-2024.pdf\">EDITAL 18\/24 - CLASSIFICA\u00c7\u00c3O FINAL PIBEX 24\/25<\/a><\/p>\n<p><a href=\"https:\/\/www2.uepg.br\/proex\/wp-content\/uploads\/sites\/8\/2024\/08\/EDITAL-CLASSIFICACAO-PRELIMONAR-PIBEX2024-162024.pdf\">EDITAL 16\/2024 - CLASSIFICA\u00c7AO PRELIMINAR PIBEX 2024\/2025<\/a><\/p>\n<p><a href=\"https:\/\/www2.uepg.br\/proex\/wp-content\/uploads\/sites\/8\/2024\/07\/PIBEX-prorrogacao.pdf\">EDITAL 14\/2024 - PRORROGA\u00c7\u00c3O INSCRI\u00c7\u00d5ES PIBEX 2024<\/a><\/p>\n<p><a href=\"https:\/\/www2.uepg.br\/proex\/wp-content\/uploads\/sites\/8\/2024\/06\/PIBEX-2024.pdf\">EDITAL 10\/2024 - ABERTURA BOLSAS DE EXTENS\u00c3O UNIVERSIT\u00c1RIA - PIBEX 2024<\/a><\/p>\n<p>EDITAL DE REMANEJAMENTO<\/p>\n<p><a href=\"https:\/\/www2.uepg.br\/proex\/wp-content\/uploads\/sites\/8\/2024\/09\/Edital-23_2024.pdf\">EDITAL 23\/24 - REMANEJAMENTO DE ACAD\u00caMICO BOLSISTA<\/a><\/p>\n<p>&nbsp;<\/p>\n<p><strong>PIBIS 2024<\/strong><\/p>\n<p class=\"hero-title\"><a href=\"https:\/\/www2.uepg.br\/proex\/wp-content\/uploads\/sites\/8\/2024\/09\/Edital-29_24-PIBIS-cadastro-reserva-RESULTADO-FINAL-1.pdf\">EDITAL PROEX DEU N\u00b029\/2024 \u2013 CLASSIFICA\u00c7\u00c3O FINAL \u2013 CADASTRO RESERVA \u2013 BOLSAS PIBIS \u2013 2024\/2025<\/a><\/p>\n<p><a href=\"https:\/\/www2.uepg.br\/proex\/wp-content\/uploads\/sites\/8\/2024\/09\/Edital-27_24-PIBIS-cadastro-reserva.pdf\">EDITAL PROEX DEU N\u00b027\/2024 \u2013 CADASTRO RESERVA PIBIS 2024\/2025 \u2013 CLASSIFICA\u00c7\u00c3O PRELIMINAR<\/a><\/p>\n<p><a href=\"https:\/\/www2.uepg.br\/proex\/wp-content\/uploads\/sites\/8\/2024\/09\/EDITAL-PRORROGACAO-CADASTRO-RESERVA-PIBIS-2024.pdf\">EDITAL 25\/24 - PRORROGA\u00c7\u00c3O INSCRI\u00c7\u00d5ES CADASTRO RESERVA PIBIS 2024\/2025<\/a><\/p>\n<p><a href=\"https:\/\/www2.uepg.br\/proex\/wp-content\/uploads\/sites\/8\/2024\/08\/EDITAL-CADASTRO-RESERVA-PIBIS-2024.pdf\">EDITAL 21\/2024 - ABERTURA INSCRI\u00c7\u00d5ES\u00a0<\/a><a href=\"https:\/\/www2.uepg.br\/proex\/wp-content\/uploads\/sites\/8\/2024\/08\/EDITAL-CADASTRO-RESERVA-PIBIS-2024.pdf\">CADASTRO RESERVA PIBIS 2024\/2025<\/a><\/p>\n<p><a href=\"https:\/\/www2.uepg.br\/proex\/wp-content\/uploads\/sites\/8\/2024\/08\/PIBIS-final-2024.pdf\">EDITAL 19\/24 - CLASSIFICA\u00c7\u00c3O FINAL PIBIS 24\/25<\/a><\/p>\n<p><a href=\"https:\/\/www2.uepg.br\/proex\/wp-content\/uploads\/sites\/8\/2024\/08\/CLASSIFICACAO-PRELIMINAR-PIBIS-2024-172024.pdf\">EDITAL\u00a0 - 17\/2024 - CLASSIFICACAO PRELIMINAR PIBIS 2024\/2025<\/a><\/p>\n<p><a href=\"https:\/\/www2.uepg.br\/proex\/wp-content\/uploads\/sites\/8\/2024\/07\/PIBIS-prorrogacao.pdf\">EDITAL 15\/2024- PRORROGA\u00c7\u00c3O INSCRI\u00c7\u00d5ES PIBIS 2024<\/a><\/p>\n<p><a href=\"https:\/\/www2.uepg.br\/proex\/wp-content\/uploads\/sites\/8\/2024\/06\/PIBIS-2024.pdf\">EDITAL 11\/2024 - ABERTURA BOLSAS DE EXTENS\u00c3O UNIVERSIT\u00c1RIA - PIBIS 2024<\/a><\/p>\n<p>EDITAL DE REMANEJAMENTO<\/p>\n<p><a href=\"https:\/\/www2.uepg.br\/proex\/wp-content\/uploads\/sites\/8\/2024\/09\/Edital-22_2024.pdf\">EDITAL 22\/24 - REMANEJAMENTO DE BOLSA<\/a><\/p>\n<p>&nbsp;<\/p>\n<\/div>\n<\/div>\n<\/div>\n<div class=\"sow-accordion-panel sow-accordion-panel-open\" data-anchor=\"paran%c3%a1-fala-idiomas\">\n<div class=\"sow-accordion-panel-header-container\" role=\"heading\">\n<div id=\"accordion-label-paran%c3%a1-fala-idiomas\" class=\"sow-accordion-panel-header\" role=\"button\">\n<div class=\"sow-accordion-title sow-accordion-title-icon-left\">PARAN\u00c1 FALA IDIOMAS<\/div>\n<div class=\"sow-accordion-open-close-button\">\n<div class=\"sow-accordion-close-button\"><\/div>\n<\/div>\n<\/div>\n<\/div>\n<div id=\"accordion-content-paran%c3%a1-fala-idiomas\" class=\"sow-accordion-panel-content\" role=\"region\" aria-labelledby=\"accordion-label-paran%c3%a1-fala-idiomas\">\n<div class=\"sow-accordion-panel-border\">\n<p><a href=\"https:\/\/www2.uepg.br\/proex\/wp-content\/uploads\/sites\/8\/2024\/12\/PFI-UEPG-EDITAL-BOLSISTA-GRADUACAO-12_12_2024-1.pdf\">EDITAL N\u00ba 19\/2024 - BOLSISTA GRADUA\u00c7\u00c3O<\/a><\/p>\n<p><a href=\"https:\/\/www2.uepg.br\/proex\/wp-content\/uploads\/sites\/8\/2024\/09\/Edital-Parana-Fala-Idiomas-Convocacao-Frances.pdf\">EDITAL 09\/2024 - PROEX-DEU - Convoca\u00e7\u00e3o Franc\u00eas<\/a><\/p>\n<p><a href=\"https:\/\/www2.uepg.br\/proex\/wp-content\/uploads\/sites\/8\/2024\/09\/Edital-Parana-Fala-Idiomas-Resultado-Institucional-Frances.pdf\">E<\/a><a href=\"https:\/\/www2.uepg.br\/proex\/wp-content\/uploads\/sites\/8\/2024\/09\/Edital-Parana-Fala-Idiomas-Resultado-Institucional-Frances.pdf\">DITAL<\/a><a href=\"https:\/\/www2.uepg.br\/proex\/wp-content\/uploads\/sites\/8\/2024\/09\/Edital-Parana-Fala-Idiomas-Resultado-Institucional-Frances.pdf\">\u00a008\/2024 - PROEX-DEU - PROGRAMA \"O PARAN\u00c1 FALA IDIOMAS\"<\/a><\/p>\n<p><a href=\"https:\/\/www2.uepg.br\/proex\/wp-content\/uploads\/sites\/8\/2024\/09\/edital-convocacao-parana-fala-idiomas.pdf\">EDITAL 07\/24 - PROEX-DEU - PROGRAMA \"O PARAN\u00c1 FALA\u00a0 IDIOMAS\" CONVOCA\u00c7\u00c3O<\/a><\/p>\n<p><a href=\"https:\/\/www2.uepg.br\/proex\/wp-content\/uploads\/sites\/8\/2024\/08\/Edital-Parana-Fala-Idiomas-Coordenador-Institucional-Frances.pdf\">EDITAL 06\/24 \u2013 PROEX-DEU - PROGRAMA \u201cO PARAN\u00c1 FALA IDIOMAS\u201d<\/a><\/p>\n<p><a href=\"https:\/\/www2.uepg.br\/proex\/wp-content\/uploads\/sites\/8\/2024\/08\/Edital-Parana-Fala-Idiomas-Resultado.pdf\">EDITAL 05\/24 \u2013 PROEX-DEU - PROGRAMA \u201cO PARAN\u00c1 FALA IDIOMAS\u201d<\/a><\/p>\n<p><a href=\"https:\/\/www2.uepg.br\/proex\/wp-content\/uploads\/sites\/8\/2024\/08\/Edital-04-Retificacao-Parana-Fala-Idiomas-Coordenador-Pedagogico.pdf\">Edital 04 Retifica\u00e7\u00e3o Paran\u00e1 Fala Idiomas Coordenador Pedag\u00f3gico<\/a><\/p>\n<p><a href=\"https:\/\/www2.uepg.br\/proex\/wp-content\/uploads\/sites\/8\/2024\/08\/Edital-03-Retificacao-Parana-Fala-Idiomas-Coordenador-Institucional.pdf\">Edital 03 Retifica\u00e7\u00e3o Paran\u00e1 Fala Idiomas Coordenador Institucional<\/a><\/p>\n<p><a href=\"https:\/\/www2.uepg.br\/proex\/wp-content\/uploads\/sites\/8\/2024\/08\/Edital-Parana-Fala-Idiomas-Coordenador-Institucional.pdf\">Edital Paran\u00e1 Fala Idiomas Coordenador Institucional<\/a><\/p>\n<p><a href=\"https:\/\/www2.uepg.br\/proex\/wp-content\/uploads\/sites\/8\/2024\/08\/Edital-Parana-Fala-Idiomas-Coordenador-Pedagogico.pdf\">Edital Paran\u00e1 Fala Idiomas Coordenador Pedag\u00f3gico<\/a><\/p>\n<\/div>\n<\/div>\n<\/div>\n<div class=\"sow-accordion-panel sow-accordion-panel-open\" data-anchor=\"programa-de-fomento-%c3%a0-extens%c3%a3o-universit%c3%a1ria-cursinho-popular\">\n<div class=\"sow-accordion-panel-header-container\" role=\"heading\">\n<div id=\"accordion-label-programa-de-fomento-%c3%a0-extens%c3%a3o-universit%c3%a1ria-cursinho-popular\" class=\"sow-accordion-panel-header\" role=\"button\">\n<div class=\"sow-accordion-title sow-accordion-title-icon-left\">PROGRAMA DE FOMENTO \u00c0 EXTENS\u00c3O UNIVERSIT\u00c1RIA - CURSINHO POPULAR<\/div>\n<div class=\"sow-accordion-open-close-button\">\n<div class=\"sow-accordion-close-button\"><\/div>\n<\/div>\n<\/div>\n<\/div>\n<div id=\"accordion-content-programa-de-fomento-%c3%a0-extens%c3%a3o-universit%c3%a1ria-cursinho-popular\" class=\"sow-accordion-panel-content\" role=\"region\" aria-labelledby=\"accordion-label-programa-de-fomento-%c3%a0-extens%c3%a3o-universit%c3%a1ria-cursinho-popular\">\n<div class=\"sow-accordion-panel-border\">\n<p><a href=\"https:\/\/www2.uepg.br\/proex\/wp-content\/uploads\/sites\/8\/2024\/06\/EDITAL-CURSINHO-POPULAR-CADASTRO-RESERVA-1.pdf\">EDITAL 01\/24 - CURSINHO POPULAR CADASTRO RESERVA<\/a><\/p>\n<p><a href=\"https:\/\/www2.uepg.br\/proex\/wp-content\/uploads\/sites\/8\/2024\/08\/EDITAL-DE-RESULTADO-BOLSA-PROFISSIONAL-EGRESSO-ENCOMENDA-GOVERNAMENTAL-2024.pdf\">EDITAL 02\/24 - EDITAL DE RESULTADO BOLSA PROFISSIONAL EGRESSO ENCOMENDA GOVERNAMENTAL 2024<\/a><\/p>\n<p>&nbsp;<\/p>\n<p>&nbsp;<\/p>\n<\/div>\n<\/div>\n<\/div>\n<div class=\"sow-accordion-panel sow-accordion-panel-open\" data-anchor=\"programa-de-fomento-%c3%a0-extens%c3%a3o-universit%c3%a1ria-curso-de-extens%c3%a3o\">\n<div class=\"sow-accordion-panel-header-container\" role=\"heading\">\n<div id=\"accordion-label-programa-de-fomento-%c3%a0-extens%c3%a3o-universit%c3%a1ria-curso-de-extens%c3%a3o\" class=\"sow-accordion-panel-header\" role=\"button\">\n<div class=\"sow-accordion-title sow-accordion-title-icon-left\">PROGRAMA DE FOMENTO \u00c0 EXTENS\u00c3O UNIVERSIT\u00c1RIA - CURSO DE EXTENS\u00c3O<\/div>\n<div class=\"sow-accordion-open-close-button\">\n<div class=\"sow-accordion-close-button\"><\/div>\n<\/div>\n<\/div>\n<\/div>\n<div id=\"accordion-content-programa-de-fomento-%c3%a0-extens%c3%a3o-universit%c3%a1ria-curso-de-extens%c3%a3o\" class=\"sow-accordion-panel-content\" role=\"region\" aria-labelledby=\"accordion-label-programa-de-fomento-%c3%a0-extens%c3%a3o-universit%c3%a1ria-curso-de-extens%c3%a3o\">\n<div class=\"sow-accordion-panel-border\">\n<p><a href=\"https:\/\/www2.uepg.br\/proex\/wp-content\/uploads\/sites\/8\/2024\/07\/Edital-recem-formado-cadastro-reserva1.pdf\">EDITAL 01\/24 - PREENCHIMENTO DE CADASTRO RESERVA PARA \u00a0REC\u00c9M FORMADOS - CURSO DE FORMA\u00c7\u00c3O<\/a><\/p>\n<p><a href=\"https:\/\/www2.uepg.br\/proex\/wp-content\/uploads\/sites\/8\/2024\/07\/Edital-Abertura-Professor-Auxiliar-Cadastro-de-Reserva-3.pdf\">EDITAL 02\/24 - PREENCHIMENTO DE CADASTRO RESERVA PARA PROFESSOR AUXILIAR EAD -CURSO DE FORMA\u00c7\u00c3O<\/a><\/p>\n<p><a href=\"https:\/\/www2.uepg.br\/proex\/wp-content\/uploads\/sites\/8\/2024\/07\/Retificacao-Edital-de-abertura-02-24-PROFESSOR-ORIENTADOR.pdf\">EDITAL 03\/24 - RETIFICA\u00c7\u00c3O AO EDITAL DE ABERTURA 2\/24<\/a><\/p>\n<p><a href=\"https:\/\/www2.uepg.br\/proex\/wp-content\/uploads\/sites\/8\/2024\/07\/edital-recem-formado-resultado-preliminar-copia.pdf\">EDITAL 04\/24 - RESULTADO PRELIMINAR DE PROCESSO DE SELE\u00c7\u00c3O DE BOLSISTA REC\u00c9M-FORMADO (CADASTRO RESERVA)<\/a><\/p>\n<p><a href=\"https:\/\/www2.uepg.br\/proex\/wp-content\/uploads\/sites\/8\/2024\/07\/edital-resultado-final-profesor-orientador.pdf\">EDITAL 05\/24 - RESULTADO PRELIMINAR DO PROCESSO SELETIVO - PROFESSOR ORIENTADOR \u00c0 DISTANCIA (CADASTRO RESERVA)<\/a><\/p>\n<p><a href=\"https:\/\/www2.uepg.br\/proex\/wp-content\/uploads\/sites\/8\/2024\/07\/Edital-recem-formado-cadastro-reserva-servico-social.pdf\">EDITAL 06\/24 - PREENCHIMENTO DE CADASTRO RESERVA\u00a0 PARA RECEM FORMADO - SERVI\u00c7O SOCIAL - CURSO DE FORMA\u00c7\u00c3O<\/a><\/p>\n<p><a href=\"https:\/\/www2.uepg.br\/proex\/wp-content\/uploads\/sites\/8\/2024\/08\/Edital-de-Prorrogacaopara-Cadastro-Reserva-Servico-Social.pdf\">EDITAL 07\/24 - EDITAL DE PRORROGA\u00c7\u00c3O PARA PREENCHIMENTO DE CADASTRO RESERVA PARA REC\u00c9M FORMADO - SERVI\u00c7O SOCIAL - CURSO DE FORMA\u00c7\u00c3O<\/a><\/p>\n<p><a href=\"https:\/\/www2.uepg.br\/proex\/wp-content\/uploads\/sites\/8\/2024\/08\/Edital-recem-formado-cadastro-reserva-bacharel-em-direito.-pdf.pdf\">EDITAL 08\/24 - PREENCHIMENTO DE CADASTRO RESERVA PARA REC\u00c9M FORMADO -BACHAREL EM DIREITO- CURSO DE FORMA\u00c7\u00c3O<\/a><\/p>\n<p><a href=\"https:\/\/www2.uepg.br\/proex\/wp-content\/uploads\/sites\/8\/2024\/08\/Edital-de-Resultado-Preliminar-Recem-Formado-Servico-Social-Curso-de-Formacao-edital-09.pdf\">EDITAL 09\/24 - RESULTADO PRELIMINAR DE CADASTRO RESERVA PARA REC\u00c9M FORMADO- SERVI\u00c7O SOCIAL- CURSO DE FORMA\u00c7\u00c3O<\/a><\/p>\n<p><a href=\"https:\/\/www2.uepg.br\/proex\/wp-content\/uploads\/sites\/8\/2024\/09\/10Edital-de-Convocacao-de-Bolsistas-Recem-formado-Curso-de-Formacao.docx.pdf\">EDITAL 10\/24 - EDITAL DE CONVOCAC\u00c3O DE BOLSISTA RECEM FORMADO - CURSO DE FORMACAO<\/a><\/p>\n<p><a href=\"https:\/\/www2.uepg.br\/proex\/wp-content\/uploads\/sites\/8\/2024\/09\/11edital-recem-formado-cadastro-bacharel-em-direito-02-setembro.pdf\">EDITAL 11\/24 - EDITAL PARA REC\u00c9M FORMADO BACHAREL EM DIREITO - CURSO DE FORMA\u00c7\u00c3O<\/a><\/p>\n<p><a href=\"https:\/\/www2.uepg.br\/proex\/wp-content\/uploads\/sites\/8\/2024\/09\/Edital-12-2024-Convocacao-Professor-Tutor-pdf.pdf\">EDITAL 12\/24 - EDITAL DE CONVOCA\u00c7\u00c3O DE BOLSISTA PROFESSOR ORIENTADOR - CURSO DE FORMA\u00c7\u00c3O<\/a><\/p>\n<p><a href=\"https:\/\/www2.uepg.br\/proex\/wp-content\/uploads\/sites\/8\/2024\/09\/edital-2.pdf\">EDITAL 13\/24 - EDITAL DE RESULTADO PRELIMINAR REC\u00c9M GRADUADO BACHAREL DIREITO - CURSO DE FORMA\u00c7\u00c3O<\/a><\/p>\n<p><a href=\"https:\/\/www2.uepg.br\/proex\/wp-content\/uploads\/sites\/8\/2024\/09\/Convocacao-edital-14.pdf\">EDITAL 14\/24 - EDITAL DE CONVOCA\u00c7\u00c3O DE BOLSISTA PROFESSOR ORIENTADOR - CURSO DE FORMA\u00c7\u00c3O<\/a><\/p>\n<p><a href=\"https:\/\/www2.uepg.br\/proex\/wp-content\/uploads\/sites\/8\/2024\/09\/Edital-15-recem-formado-Convocacao-Direito.pdf\">EDITAL 15\/24 - EDITAL DE CONVOCA\u00c7\u00c3O DE BOLSISTA REC\u00c9M FORMADO BACHAREL DIREITO\u00a0 - CURSO DE FORMA\u00c7\u00c3O<\/a><\/p>\n<p><a href=\"https:\/\/www2.uepg.br\/proex\/wp-content\/uploads\/sites\/8\/2024\/09\/Edital-16-recem-formado-Convocacao-Bacharel-Direito.pdf\">EDITAL 16\/24 - EDITAL DE CONVOCA\u00c7\u00c3O DE BOLSISTA REC\u00c9M FORMADO BACHAREL EM DIREITO - CURSO DE FORMA\u00c7\u00c3O<\/a><\/p>\n<p><a href=\"https:\/\/www2.uepg.br\/proex\/wp-content\/uploads\/sites\/8\/2024\/09\/Edital-17-Bolsista-Recem-Formado-Bacharel-em-Direito.pdf\">EDITAL 17\/24 - EDITAL DE CONVOCA\u00c7\u00c3O BOLSISTA REC\u00c9M FORMADO BACHAREL EM DIREITO - CURSO DE FORMA\u00c7\u00c3O<\/a><\/p>\n<p><a href=\"https:\/\/www2.uepg.br\/proex\/wp-content\/uploads\/sites\/8\/2024\/09\/Edital-18-Abertura-de-CURSO-DE-FORMACAO-PARA-ACOES-ARTICULADORAS-DO-TRIPE-ENSINO-PESQUISA-E-EXTENSAO-NAS-UNIVERSIDADES-PARANAENSES.pdf\">EDITAL 18\/24 - EDITAL DE ABERTURA DE PROCESSO SELETIVO PROFESSOR ORIENTADOR \u00c0 DIST\u00c2NCIA\u00a0<\/a><\/p>\n<p><a href=\"https:\/\/www2.uepg.br\/proex\/wp-content\/uploads\/sites\/8\/2024\/10\/edital19-abertura-professor-orientador-para-ate-08-de-outubro.pdf\">EDITAL 19\/24 - PRORROGA\u00c7\u00c3O DO EDITAL DE ABERTURA DE PROCESSO SELETIVO - PROFESSOR ORIENTADOR \u00c0 DIST\u00c2NCIA<\/a><\/p>\n<p><a href=\"https:\/\/www2.uepg.br\/proex\/wp-content\/uploads\/sites\/8\/2024\/10\/Edital-20-Abertura-para-professor-tutor-prorrogacao.pdf\">EDITAL 20\/24 - EDITAL DE ABERTURA DE PROCESSO SELETIVO DE PROFESSOR ORIENTADOR \u00c0 DIST\u00c0NCIA - PRORROGA\u00c7\u00c3O - CURSO DE EXTENS\u00c3O<\/a><\/p>\n<p><a href=\"https:\/\/www2.uepg.br\/proex\/wp-content\/uploads\/sites\/8\/2024\/10\/Edital-21-Prorrogacao-do-Edital-de-Abertura-de-Professor-Orientador.pdf\">EDITAL 21\/24 - PRORROGA\u00c7\u00c3O DO EDITAL DE ABERTURA DE PROCESSO SELETIVO- PROFESSOR ORIENTADOR \u00c0 DISTANCIA NO CURSO DE FORMA\u00c7\u00c3O PARA AS A\u00c7\u00d5ES ARTICULADORAS DO TRIPE ENSINO , PESQUISA E EXTENS\u00c3O NAS UNIVERSIDADES PARANAENSES- CURSO DE FORMA\u00c7\u00c3O<\/a><\/p>\n<p><a href=\"https:\/\/www2.uepg.br\/proex\/wp-content\/uploads\/sites\/8\/2024\/10\/Edital22-Resultado-Preliminar-Professor-Orientador-a-Distancia.pdf\">EDITAL 22\/24 - RESULTADO PRELIMINAR DE PROFESSOR ORIENTADOR \u00c0 DIST\u00c2NCIA NO CURSO DE FORMA\u00c7\u00c3O PARA A\u00c7\u00d5ES ARTICULADORAS DO TRIP\u00c9 ENSINO, PESQUISA E EXTENS\u00c3O NAS UNIVERSIDADES PARANAENSES\u00a0<\/a><\/p>\n<\/div>\n<\/div>\n<\/div>\n<div class=\"sow-accordion-panel sow-accordion-panel-open\" data-anchor=\"programa-de-fomento-%c3%a0-extens%c3%a3o-universit%c3%a1ria-uati\">\n<div class=\"sow-accordion-panel-header-container\" role=\"heading\">\n<div id=\"accordion-label-programa-de-fomento-%c3%a0-extens%c3%a3o-universit%c3%a1ria-uati\" class=\"sow-accordion-panel-header\" role=\"button\">\n<div class=\"sow-accordion-title sow-accordion-title-icon-left\">PROGRAMA DE FOMENTO \u00c0 EXTENS\u00c3O UNIVERSIT\u00c1RIA - UATI<\/div>\n<div class=\"sow-accordion-open-close-button\">\n<div class=\"sow-accordion-close-button\"><\/div>\n<\/div>\n<\/div>\n<\/div>\n<div id=\"accordion-content-programa-de-fomento-%c3%a0-extens%c3%a3o-universit%c3%a1ria-uati\" class=\"sow-accordion-panel-content\" role=\"region\" aria-labelledby=\"accordion-label-programa-de-fomento-%c3%a0-extens%c3%a3o-universit%c3%a1ria-uati\">\n<div class=\"sow-accordion-panel-border\">\n<p><a href=\"https:\/\/www2.uepg.br\/proex\/wp-content\/uploads\/sites\/8\/2024\/07\/EDITAL-UATI-recem-formados1.pdf\">EDITAL 01\/24 - PREENCHIMENTO DE CADASTRO RESERVA PARA REC\u00c9M FORMADOS<\/a><\/p>\n<p><a href=\"https:\/\/www2.uepg.br\/proex\/wp-content\/uploads\/sites\/8\/2024\/07\/EDITAL-UATI-academicos-2.pdf\">EDITAL 02\/24 - PREENCHIMENTO DE CADASTRO RESERVA PARA ACAD\u00caMICOS<\/a><\/p>\n<p><a href=\"https:\/\/www2.uepg.br\/proex\/wp-content\/uploads\/sites\/8\/2024\/07\/Edital-recem-formado-resultado-preliminar-19-julho.pdf\">EDITAL 03\/24 - RESULTADO PRELIMINAR DE PROCESSO DE SELE\u00c7\u00c3O DE BOLSISTA REC\u00c9M-FORMADO (cadastro reserva)<\/a><\/p>\n<p><a href=\"https:\/\/www2.uepg.br\/proex\/wp-content\/uploads\/sites\/8\/2024\/07\/Edital-academico-resultado-preliminar-19-julho.pdf\">EDITAL 04\/24 - RESULTADO PRELIMINAR DE PROCESSO DE SELE\u00c7\u00c3O DE ACAD\u00caMICO BOLSISTA (cadastro reserva)<\/a><\/p>\n<p><a href=\"https:\/\/www2.uepg.br\/proex\/wp-content\/uploads\/sites\/8\/2024\/09\/Edital-convocacao-de-academico.pdf\">EDITAL 05\/24 - CONVOCA\u00c7\u00c3O DE PROCESSO DE SELE\u00c7\u00c3O DE BOLSISTA REC\u00c9M-FORMADO<\/a><\/p>\n<p><a href=\"https:\/\/www2.uepg.br\/proex\/wp-content\/uploads\/sites\/8\/2024\/09\/Edital-convocacao-de-recem-formados-1.pdf\">EDITAL 06\/24 - CONVOCA\u00c7\u00c3O DE PROCESSO DE SELE\u00c7\u00c3O DE BOLSISTA REC\u00c9M-FORMADO<\/a><\/p>\n<\/div>\n<\/div>\n<\/div>\n<div class=\"sow-accordion-panel sow-accordion-panel-open\" data-anchor=\"42%c2%ba-seurs-2024\">\n<div class=\"sow-accordion-panel-header-container\" role=\"heading\">\n<div id=\"accordion-label-42%c2%ba-seurs-2024\" class=\"sow-accordion-panel-header\" role=\"button\">\n<div class=\"sow-accordion-title sow-accordion-title-icon-left\">42\u00ba SEURS 2024<\/div>\n<div class=\"sow-accordion-open-close-button\">\n<div class=\"sow-accordion-close-button\"><\/div>\n<\/div>\n<\/div>\n<\/div>\n<div id=\"accordion-content-42%c2%ba-seurs-2024\" class=\"sow-accordion-panel-content\" role=\"region\" aria-labelledby=\"accordion-label-42%c2%ba-seurs-2024\">\n<div class=\"sow-accordion-panel-border\">\n<p><a href=\"https:\/\/www2.uepg.br\/proex\/wp-content\/uploads\/sites\/8\/2024\/06\/Edital-PRORROGACAO-SEURS.pdf\">Edital\u00a0 PROEX -\u00a0 04-2024- PRORROGA\u00c7\u00c3O DE PRAZO<\/a><\/p>\n<p><a href=\"https:\/\/www2.uepg.br\/proex\/wp-content\/uploads\/sites\/8\/2024\/06\/Edital_SEURS_2024-1.pdf\">Edital\u00a0 PROEX -\u00a0 02-2024 - CHAMADA INTERNA<\/a><\/p>\n<p><a href=\"https:\/\/www2.uepg.br\/proex\/wp-content\/uploads\/sites\/8\/2024\/07\/Edital-RESULTADO-SEURS.pdf\">Edital\u00a0 PROEX - 05-2024 - RESULTADO SEURS\u00a0<\/a><\/p>\n<\/div>\n<\/div>\n<\/div>\n<div class=\"sow-accordion-panel sow-accordion-panel-open\" data-anchor=\"opera%c3%a7%c3%a3o-rondon-paran%c3%a1-rio-grande-do-sul\">\n<div class=\"sow-accordion-panel-header-container\" role=\"heading\">\n<div id=\"accordion-label-opera%c3%a7%c3%a3o-rondon-paran%c3%a1-rio-grande-do-sul\" class=\"sow-accordion-panel-header\" role=\"button\">\n<div class=\"sow-accordion-title sow-accordion-title-icon-left\">OPERA\u00c7\u00c3O RONDON PARAN\u00c1 - RIO GRANDE DO SUL<\/div>\n<div class=\"sow-accordion-open-close-button\">\n<div class=\"sow-accordion-close-button\"><\/div>\n<\/div>\n<\/div>\n<\/div>\n<div id=\"accordion-content-opera%c3%a7%c3%a3o-rondon-paran%c3%a1-rio-grande-do-sul\" class=\"sow-accordion-panel-content\" role=\"region\" aria-labelledby=\"accordion-label-opera%c3%a7%c3%a3o-rondon-paran%c3%a1-rio-grande-do-sul\">\n<div class=\"sow-accordion-panel-border\">\n<p><a href=\"https:\/\/www2.uepg.br\/proex\/wp-content\/uploads\/sites\/8\/2024\/06\/Edital-Proex-DEU-12-24_Rondon-PR_RS.pdf\">Edital Proex-DEU 12-24_Rondon PR_RS<\/a><\/p>\n<p><a href=\"https:\/\/www2.uepg.br\/proex\/wp-content\/uploads\/sites\/8\/2024\/06\/Prorrogacao-de-prazo-do-Edital-Proex-DEU-13-24_Rondon-PR_RS-2.pdf\">Prorroga\u00e7\u00e3o de prazo do Edital Proex-DEU 13-24_Rondon PR_RS<\/a><\/p>\n<\/div>\n<\/div>\n<\/div>\n<div class=\"sow-accordion-panel sow-accordion-panel-open\" data-anchor=\"parque-tecnol%c3%b3gico-itaipu-edital-de-projetos-para-o-programa-de-extens%c3%a3o-para-a-sustentabilidade-territorial\">\n<div class=\"sow-accordion-panel-header-container\" role=\"heading\">\n<div id=\"accordion-label-parque-tecnol%c3%b3gico-itaipu-edital-de-projetos-para-o-programa-de-extens%c3%a3o-para-a-sustentabilidade-territorial\" class=\"sow-accordion-panel-header\" role=\"button\">\n<div class=\"sow-accordion-title sow-accordion-title-icon-left\">PARQUE TECNOL\u00d3GICO ITAIPU EDITAL DE PROJETOS PARA O PROGRAMA DE EXTENS\u00c3O PARA A SUSTENTABILIDADE TERRITORIAL<\/div>\n<div class=\"sow-accordion-open-close-button\">\n<div class=\"sow-accordion-close-button\"><\/div>\n<\/div>\n<\/div>\n<\/div>\n<div id=\"accordion-content-parque-tecnol%c3%b3gico-itaipu-edital-de-projetos-para-o-programa-de-extens%c3%a3o-para-a-sustentabilidade-territorial\" class=\"sow-accordion-panel-content\" role=\"region\" aria-labelledby=\"accordion-label-parque-tecnol%c3%b3gico-itaipu-edital-de-projetos-para-o-programa-de-extens%c3%a3o-para-a-sustentabilidade-territorial\">\n<div class=\"sow-accordion-panel-border\"><a href=\"https:\/\/www2.uepg.br\/proex\/wp-content\/uploads\/sites\/8\/2024\/05\/Edital_PROEX_01_2024.pdf\">Edital_PROEX_01_2024<\/a><\/div>\n<\/div>\n<\/div>\n<div class=\"sow-accordion-panel sow-accordion-panel-open\" data-anchor=\"galeria-de-arte-uepg\">\n<div class=\"sow-accordion-panel-header-container\" role=\"heading\">\n<div id=\"accordion-label-galeria-de-arte-uepg\" class=\"sow-accordion-panel-header\" role=\"button\">\n<div class=\"sow-accordion-title sow-accordion-title-icon-left\">GALERIA DE ARTE UEPG<\/div>\n<div class=\"sow-accordion-open-close-button\">\n<div class=\"sow-accordion-close-button\"><\/div>\n<\/div>\n<\/div>\n<\/div>\n<div id=\"accordion-content-galeria-de-arte-uepg\" class=\"sow-accordion-panel-content\" role=\"region\" aria-labelledby=\"accordion-label-galeria-de-arte-uepg\">\n<div class=\"sow-accordion-panel-border\">\n<p>ABERTURA DE INSCRI\u00c7\u00d5ES PARA REALIZA\u00c7\u00c3O DE EXPOSI\u00c7\u00d5ES NA GALERIA DE ARTE UEPG<\/p>\n<p><em>Prorrogado at\u00e9 dia 28\/05<\/em><br \/>\n<a href=\"https:\/\/www2.uepg.br\/proex\/wp-content\/uploads\/sites\/8\/2024\/05\/Edita-012024-galeria-dac.pdf\">EDITAL<\/a><\/p>\n<p>RESULTADO DAS INSCRI\u00c7\u00d5ES PARA REALIZA\u00c7\u00c3O DE EXPOSI\u00c7\u00d5ES NA<br \/>\nGALERIA DE ARTE UEPG<\/p>\n<p><a href=\"https:\/\/www2.uepg.br\/proex\/wp-content\/uploads\/sites\/8\/2024\/06\/Resultado-_-Edital_DAC_002_2024_Galeria_de_Arte_UEPG.pdf\">RESULTADO<\/a><\/p>\n<\/div>\n<\/div>\n<\/div>\n<div class=\"sow-accordion-panel sow-accordion-panel-open\" data-anchor=\"projeto-preparando-engenheiros-cidad%c3%a3os-uepg\">\n<div class=\"sow-accordion-panel-header-container\" role=\"heading\">\n<div id=\"accordion-label-projeto-preparando-engenheiros-cidad%c3%a3os-uepg\" class=\"sow-accordion-panel-header\" role=\"button\">\n<div class=\"sow-accordion-title sow-accordion-title-icon-left\">PROJETO PREPARANDO ENGENHEIROS CIDAD\u00c3OS - UEPG<\/div>\n<div class=\"sow-accordion-open-close-button\">\n<div class=\"sow-accordion-close-button\"><\/div>\n<\/div>\n<\/div>\n<\/div>\n<div id=\"accordion-content-projeto-preparando-engenheiros-cidad%c3%a3os-uepg\" class=\"sow-accordion-panel-content\" role=\"region\" aria-labelledby=\"accordion-label-projeto-preparando-engenheiros-cidad%c3%a3os-uepg\">\n<div class=\"sow-accordion-panel-border\">\n<p>PROJETO PREPARANDO ENGENHEIROS CIDAD\u00c3OS<\/p>\n<p><a href=\"https:\/\/www2.uepg.br\/proex\/wp-content\/uploads\/sites\/8\/2024\/04\/EDITAL-No-002-1.pdf\">EDITAL N\u00ba 002<\/a><\/p>\n<p><a href=\"https:\/\/www2.uepg.br\/proex\/wp-content\/uploads\/sites\/8\/2024\/04\/EDITAL-No-001.pdf\">EDITAL N\u00ba 001<\/a><\/p>\n<\/div>\n<\/div>\n<\/div>\n<div class=\"sow-accordion-panel sow-accordion-panel-open\" data-anchor=\"opera%c3%a7%c3%a3o-rondon-paran%c3%a1-2024\">\n<div class=\"sow-accordion-panel-header-container\" role=\"heading\">\n<div id=\"accordion-label-opera%c3%a7%c3%a3o-rondon-paran%c3%a1-2024\" class=\"sow-accordion-panel-header\" role=\"button\">\n<div class=\"sow-accordion-title sow-accordion-title-icon-left\">OPERA\u00c7\u00c3O RONDON PARAN\u00c1 2024<\/div>\n<div class=\"sow-accordion-open-close-button\">\n<div class=\"sow-accordion-close-button\"><\/div>\n<\/div>\n<\/div>\n<\/div>\n<div id=\"accordion-content-opera%c3%a7%c3%a3o-rondon-paran%c3%a1-2024\" class=\"sow-accordion-panel-content\" role=\"region\" aria-labelledby=\"accordion-label-opera%c3%a7%c3%a3o-rondon-paran%c3%a1-2024\">\n<div class=\"sow-accordion-panel-border\">\n<p><a href=\"https:\/\/www2.uepg.br\/proex\/wp-content\/uploads\/sites\/8\/2024\/04\/Edital-Bolsista-Rondon-2024.pdf\">Edital 01\/2024 - Sele\u00e7\u00e3o de Bolsistas Profissionais Graduados<\/a><\/p>\n<p><a href=\"https:\/\/www2.uepg.br\/proex\/wp-content\/uploads\/sites\/8\/2024\/04\/Edital-Discentes-Rondon-2024-1.pdf\">Edital 02\/2024 - Discentes Rondon 2024<\/a><\/p>\n<p><a href=\"https:\/\/www2.uepg.br\/proex\/wp-content\/uploads\/sites\/8\/2024\/04\/Resultado-1a-etapa-Bolsistas-Rondon-2024.pdf\">Edital 03\/2024 - Resultado 1a etapa Bolsistas - Rondon 2024<\/a><\/p>\n<p><a href=\"https:\/\/www2.uepg.br\/proex\/wp-content\/uploads\/sites\/8\/2024\/04\/RETIFICAC%CC%A7A%CC%83O-Edital_Resultado-1a-etapa_Rondon-2024.pdf\">Edital 04\/2024 -\u00a0<\/a><a href=\"https:\/\/www2.uepg.br\/proex\/wp-content\/uploads\/sites\/8\/2024\/04\/RETIFICAC%CC%A7A%CC%83O-Edital_Resultado-1a-etapa_Rondon-2024.pdf\">RETIFICAC\u0327A\u0303O -\u00a0<\/a><a href=\"https:\/\/www2.uepg.br\/proex\/wp-content\/uploads\/sites\/8\/2024\/04\/RETIFICAC%CC%A7A%CC%83O-Edital_Resultado-1a-etapa_Rondon-2024.pdf\">_Resultado 1a etapa Bolsistas\u00a0 -_Rondon 2024<\/a><\/p>\n<p><a href=\"https:\/\/www2.uepg.br\/proex\/wp-content\/uploads\/sites\/8\/2024\/05\/Edital_Resultado-1a-etapa-apos-recursos_Rondon-2024.pdf\">Edital 05\/2024 - Resultado 1a etapa apos recursos_Rondon 2024<\/a><\/p>\n<p><a href=\"https:\/\/www2.uepg.br\/proex\/wp-content\/uploads\/sites\/8\/2024\/05\/Edital_Convocacao-entrevista_Rondon-2024.pdf\">Edital 06\/2024 - Convocacao entrevista -Rondon 2024<\/a><\/p>\n<p><a href=\"https:\/\/www2.uepg.br\/proex\/wp-content\/uploads\/sites\/8\/2024\/05\/Edital-de-Convocac%CC%A7a%CC%83o-de-discentes-para-entrevista-Operac%CC%A7a%CC%83o-Rondon-Parana%CC%81-2024.pdf\">Edital 07\/2024 - Convocac\u0327a\u0303o de discentes para entrevista - Rondon Parana\u0301 2024<\/a><\/p>\n<p><a href=\"https:\/\/www2.uepg.br\/proex\/wp-content\/uploads\/sites\/8\/2024\/05\/Edital_Resultado-final-bolsistas_Rondon-2024.pdf\">Edital 08\/2024 - Resultado final bolsistas_Rondon 2024<\/a><\/p>\n<p><a href=\"https:\/\/www2.uepg.br\/proex\/wp-content\/uploads\/sites\/8\/2024\/05\/Edital_Resultado-final-discentes_Rondon-2024.pdf\">EDITAL 09\/2024 - RESULTADO DA SELE\u00c7\u00c3O DE DISCENTES PARA A OPERA\u00c7\u00c3O RONDON PARAN\u00c1 2024<\/a><\/p>\n<\/div>\n<\/div>\n<\/div>\n<div class=\"sow-accordion-panel sow-accordion-panel-open\" data-anchor=\"projetos-universidade-sem-fronteira-seti\">\n<div class=\"sow-accordion-panel-header-container\" role=\"heading\">\n<div id=\"accordion-label-projetos-universidade-sem-fronteira-seti\" class=\"sow-accordion-panel-header\" role=\"button\">\n<div class=\"sow-accordion-title sow-accordion-title-icon-left\">PROJETOS UNIVERSIDADE SEM FRONTEIRA - SETI<\/div>\n<div class=\"sow-accordion-open-close-button\">\n<div class=\"sow-accordion-close-button\"><\/div>\n<\/div>\n<\/div>\n<\/div>\n<div id=\"accordion-content-projetos-universidade-sem-fronteira-seti\" class=\"sow-accordion-panel-content\" role=\"region\" aria-labelledby=\"accordion-label-projetos-universidade-sem-fronteira-seti\">\n<div class=\"sow-accordion-panel-border\">\n<p><strong>N\u00facleo de Estudos da Viol\u00eancia Intrafamiliar-NEVIN\/UEPG<\/strong><\/p>\n<p><a href=\"https:\/\/www2.uepg.br\/proex\/wp-content\/uploads\/sites\/8\/2024\/04\/Edital-no-6-2024-NEVIN-convocacao-retificacao-5.pdf\">Edital n\u00ba 06-2024- RETIFICA\u00c7\u00c3O\u00a0<\/a><\/p>\n<p><a href=\"https:\/\/www2.uepg.br\/proex\/wp-content\/uploads\/sites\/8\/2024\/04\/Edital-no-5-2024-NEVIN-convocacao.pdf\">Edital n\u00ba 05-2024- BOLSISTAS CONVOCADOS<\/a><\/p>\n<p><a href=\"https:\/\/www2.uepg.br\/proex\/wp-content\/uploads\/sites\/8\/2024\/04\/Edital-no-4-2024-NEVIN-classificados.pdf\">Edital n\u00ba 04-2024- CLASSIFICADOS<\/a><\/p>\n<p><a href=\"https:\/\/www2.uepg.br\/proex\/wp-content\/uploads\/sites\/8\/2024\/02\/Copia-de-Edital-no-03-2024-NEVIN-prorrogacao-de-prazo.pdf\">\u00a0Edital n\u00ba 03-2024-Prorroga\u00e7\u00e3o de Prazo- Vagas de Reserva<\/a><\/p>\n<p><a href=\"https:\/\/www2.uepg.br\/proex\/wp-content\/uploads\/sites\/8\/2024\/02\/Edital-no-2-2024-NEVIN-classificados.pdf\">Edital n\u00ba 02-2024 - Resultado<\/a><\/p>\n<p><a href=\"https:\/\/www2.uepg.br\/proex\/wp-content\/uploads\/sites\/8\/2024\/02\/Edital-no-1-2024-NEVIN-1.pdf\">Edital n\u00ba 01-2024 - Sele\u00e7\u00e3o de Bolsistas<\/a><\/p>\n<p>&nbsp;<\/p>\n<\/div>\n<\/div>\n<\/div>\n<div class=\"sow-accordion-panel sow-accordion-panel-open\" data-anchor=\"n%c3%bacleo-de-defesa-de-direitos-da-inf%c3%a2ncia-e-da-juventude-neddij\">\n<div class=\"sow-accordion-panel-header-container\" role=\"heading\">\n<div id=\"accordion-label-n%c3%bacleo-de-defesa-de-direitos-da-inf%c3%a2ncia-e-da-juventude-neddij\" class=\"sow-accordion-panel-header\" role=\"button\">\n<div class=\"sow-accordion-title sow-accordion-title-icon-left\">N\u00daCLEO DE DEFESA DE DIREITOS DA INF\u00c2NCIA E DA JUVENTUDE - NEDDIJ<\/div>\n<div class=\"sow-accordion-open-close-button\">\n<div class=\"sow-accordion-close-button\"><\/div>\n<\/div>\n<\/div>\n<\/div>\n<div id=\"accordion-content-n%c3%bacleo-de-defesa-de-direitos-da-inf%c3%a2ncia-e-da-juventude-neddij\" class=\"sow-accordion-panel-content\" role=\"region\" aria-labelledby=\"accordion-label-n%c3%bacleo-de-defesa-de-direitos-da-inf%c3%a2ncia-e-da-juventude-neddij\">\n<div class=\"sow-accordion-panel-border\">\n<p><a href=\"https:\/\/www2.uepg.br\/proex\/wp-content\/uploads\/sites\/8\/2024\/12\/EDITAL-10-DEFERIMENTO-DAS-INSCRICOES.pdf\">EDITAL 10-2024 - RESULTADO FINAL<\/a><\/p>\n<p><a href=\"https:\/\/www2.uepg.br\/proex\/wp-content\/uploads\/sites\/8\/2024\/12\/EDITAL-09-2024-Deferimento-das-Inscricoes.pdf\">EDITAL 09-2024 - DEFERIMENTO DAS INSCRI\u00c7\u00d5ES<\/a><\/p>\n<p><a href=\"https:\/\/www2.uepg.br\/proex\/wp-content\/uploads\/sites\/8\/2024\/11\/EDITAL-08-2024-SELECAO-DE-BOLSISTAS1-1.pdf\">EDITAL 08-2024- SELECAO DE BOLSISTAS\u00a0<\/a><\/p>\n<p><a href=\"https:\/\/www2.uepg.br\/proex\/wp-content\/uploads\/sites\/8\/2024\/08\/EDITAL-07-2024-Resultado-Final-Bolsista-Graduando-Direito.pdf\">EDITAL 07-2024 - RESULTADO FINAL\u00a0 BOLSISTA GRADUANDO DIREITO.<\/a><\/p>\n<p><a href=\"https:\/\/www2.uepg.br\/proex\/wp-content\/uploads\/sites\/8\/2024\/08\/EDITAL-06-2024-Deferimento-das-inscricoes.pdf\">EDITAL 06- 2024 - DEFERIMENTO DAS INSCRI\u00c7\u00d5ES BOLSISTA GRADUANDO DIREITO\u00a0<\/a><\/p>\n<p><a href=\"https:\/\/www2.uepg.br\/proex\/wp-content\/uploads\/sites\/8\/2024\/08\/EDITAL-SELECAO-NEDDIJ-05-2024-2.pdf\">EDITAL\u00a0 05-2024 - SELECAO\u00a0 BOLSISTA GRADUANDO DIREITO<\/a><\/p>\n<p><a href=\"https:\/\/www2.uepg.br\/proex\/wp-content\/uploads\/sites\/8\/2024\/08\/EDITAL-SELECAO-NEDDIJ-04-2024.pdf\">EDITAL 04-2024 - EDITAL DE SELE\u00c7\u00c3O DE BOLSISTA\u00a0<\/a><\/p>\n<p><a href=\"https:\/\/www2.uepg.br\/proex\/wp-content\/uploads\/sites\/8\/2024\/02\/EDITAL-SELECAO-NEDDIJ-03-2024-4.pdf\">EDITAL\u00a0 03-2024 -\u00a0 CLASSIFICA\u00c7\u00c3O FINAL\u00a0<\/a><\/p>\n<p><a href=\"https:\/\/www2.uepg.br\/proex\/wp-content\/uploads\/sites\/8\/2024\/02\/EDITAL-SELECAO-NEDDIJ-02-2024-1.pdf\">EDITAL 02-2024 - CONVOCA\u00c7\u00c3O PARA ENTREVISTA<\/a><\/p>\n<p><a href=\"https:\/\/www2.uepg.br\/proex\/wp-content\/uploads\/sites\/8\/2024\/02\/EDITAL-01-2024-SELECAO-DE-BOLSISTAS.pdf\">EDITAL 01-2024 -\u00a0 SELECAO DE BOLSISTAS<\/a><\/p>\n<p>&nbsp;<\/p>\n<\/div>\n<\/div>\n<\/div>\n<div class=\"sow-accordion-panel sow-accordion-panel-open\" data-anchor=\"n%c3%bacleo-maria-da-penha-numape\">\n<div class=\"sow-accordion-panel-header-container\" role=\"heading\">\n<div id=\"accordion-label-n%c3%bacleo-maria-da-penha-numape\" class=\"sow-accordion-panel-header\" role=\"button\">\n<div class=\"sow-accordion-title sow-accordion-title-icon-left\">N\u00daCLEO MARIA DA PENHA - NUMAPE<\/div>\n<div class=\"sow-accordion-open-close-button\">\n<div class=\"sow-accordion-close-button\"><\/div>\n<\/div>\n<\/div>\n<\/div>\n<div id=\"accordion-content-n%c3%bacleo-maria-da-penha-numape\" class=\"sow-accordion-panel-content\" role=\"region\" aria-labelledby=\"accordion-label-n%c3%bacleo-maria-da-penha-numape\">\n<div class=\"sow-accordion-panel-border\">\n<p><a href=\"https:\/\/www2.uepg.br\/proex\/wp-content\/uploads\/sites\/8\/2024\/09\/EDITAL-no-19-2024-DE-RESULTADO-RECURSOS.pdf\">EDITAL n\u00ba 19-2024-\u00a0 RESULTADO RECURSOS<\/a><\/p>\n<p><a href=\"https:\/\/www2.uepg.br\/proex\/wp-content\/uploads\/sites\/8\/2024\/09\/EDITAL-no-18-2024-DE-HOMOLOGAC%CC%A7A%CC%83O-DE-INSCRIC%CC%A7O%CC%83ES-DIREITO-E-SERVIC%CC%A7O-SOCIAL.pdf\">EDITAL n\u00ba 18-2024 -\u00a0 HOMOLOGAC\u0327A\u0303O DE INSCRIC\u0327O\u0303ES DIREITO E SERVIC\u0327O SOCIAL<\/a><\/p>\n<p><a href=\"https:\/\/www2.uepg.br\/proex\/wp-content\/uploads\/sites\/8\/2024\/09\/Edital-no-17-2024-Prorrogacao-das-Inscricoes-DIREITO-e-SERVICO-SOCIAL-2024.docx-1.pdf\">EDITAL\u00a0 n\u00ba 17-2024 - Prorroga\u00e7\u00e3o das Inscri\u00e7\u00f5es - DIREITO e SERVI\u00c7O SOCIAL<\/a><\/p>\n<p><a href=\"https:\/\/www2.uepg.br\/proex\/wp-content\/uploads\/sites\/8\/2024\/08\/EDITAL-16-2024-SELECAO-Direito-e-Servico-Social.pdf\">EDITAL\u00a0 n\u00ba16-2024 -\u00a0 Sele\u00e7\u00e3o de Bolsistas -\u00a0 DIREITO e SERVI\u00c7O SOCIAL<\/a><\/p>\n<p><a href=\"https:\/\/www2.uepg.br\/proex\/wp-content\/uploads\/sites\/8\/2024\/04\/EDITAL-No-15-2024-RESULTADO-1.pdf\">EDITAL n\u00ba 15-2024\u00a0 - Resultado<\/a><\/p>\n<p><a href=\"https:\/\/www2.uepg.br\/proex\/wp-content\/uploads\/sites\/8\/2024\/04\/EDITAL-no-14-Homologacao-de-inscricao-1.pdf\">EDITAL\u00a0 n\u00ba14 -2024 - Homologa\u00e7\u00e3o de inscri\u00e7\u00e3o<\/a><\/p>\n<p><a href=\"https:\/\/www2.uepg.br\/proex\/wp-content\/uploads\/sites\/8\/2024\/04\/EDITAL_DE_SELECAO_-_Estagiaria_o_em_Servico_Social_assinado.pdf\">EDITAL\u00a0 n\u00ba13-2024 - Sele\u00e7\u00e3o de Estagiaria - Servi\u00e7o_Social<\/a><\/p>\n<p><a href=\"https:\/\/www2.uepg.br\/proex\/wp-content\/uploads\/sites\/8\/2024\/03\/EDITAL_DE_SELECAO_-_Estagiaria_o_em_Servico_Social_assinado-1.pdf\">EDITAL_n\u00ba12-2024 - _Sele\u00e7\u00e3o de Estagiaria - Servi\u00e7o_Social<\/a><\/p>\n<p><a href=\"https:\/\/www2.uepg.br\/proex\/wp-content\/uploads\/sites\/8\/2024\/03\/EDITAL-DE-RESULTADO-FINAL-PROFISSONAL-GRADUADA-EM-DIREITO-E-ESTAGIARIA-.pdf\">EDITAL\u00a0 n\u00ba10-2024 - Resultado Final - Advogada e Estagi\u00e1ria - DIREITO<\/a><\/p>\n<p><a href=\"https:\/\/www2.uepg.br\/proex\/wp-content\/uploads\/sites\/8\/2024\/02\/EDITAL-09_24-DE-RESULTADO-FINAL-Assistente-Social-NUMAPE.pdf\">EDITAL n\u00ba09-2024 - Resultado Final - Assistente Social<\/a><\/p>\n<p><a href=\"https:\/\/www2.uepg.br\/proex\/wp-content\/uploads\/sites\/8\/2024\/02\/EDITAL-07_24-HOMOLOGACAO-Inscricoes-Assistente-Social-1.docx-3.pdf\">EDITAL n\u00ba08-2024 - Retifica\u00e7\u00e3o da Homologa\u00e7\u00e3o das Inscri\u00e7\u00f5es - Assistente Social<\/a><\/p>\n<p><a href=\"https:\/\/www2.uepg.br\/proex\/wp-content\/uploads\/sites\/8\/2024\/02\/EDITAL-07_24-HOMOLOGACAO-Inscricoes-Assistente-Social.docx.pdf\">EDITAL n\u00ba07-2024 - Homologa\u00e7\u00e3o das Inscri\u00e7\u00f5es - Assistente Social<\/a><\/p>\n<p><a href=\"https:\/\/www2.uepg.br\/proex\/wp-content\/uploads\/sites\/8\/2024\/02\/EDITAL-DE-HOMOLOGACAO-DE-INSCRICOES-1.pdf\">EDITAL n\u00ba06-2024 - Homologa\u00e7\u00e3o das Inscri\u00e7\u00f5es - Estudante de Gradua\u00e7\u00e3o - DIREITO<\/a><\/p>\n<p><a href=\"https:\/\/www2.uepg.br\/proex\/wp-content\/uploads\/sites\/8\/2024\/02\/EDITAL-DE-HOMOLOGACAO-DE-INSCRICOES-5.pdf\">EDITAL n\u00ba05-2024 - Homologa\u00e7\u00e3o das Inscri\u00e7\u00f5es - Advogada - DIREITO<\/a><\/p>\n<p><a href=\"https:\/\/www2.uepg.br\/proex\/wp-content\/uploads\/sites\/8\/2024\/02\/Edital-de-Retificacao-e-Prorrogacao-das-Inscricoes-DIREITO-2024.docx-4.pdf\">EDITAL n\u00ba04-2024 - Retifica\u00e7\u00e3o e Prorroga\u00e7\u00e3o das Inscri\u00e7\u00f5es - DIREITO<\/a><\/p>\n<p><a href=\"https:\/\/www2.uepg.br\/proex\/wp-content\/uploads\/sites\/8\/2024\/02\/EDITAL-03_24-DE-RETIFICACAO-SELECAO-assistente-social-com-tabela-curriculo.pdf\">EDITAL\u00a0 n\u00ba03-2024 - Retifica\u00e7\u00e3o Sele\u00e7\u00e3o - Assistente Social\u00a0<\/a><\/p>\n<p><a href=\"https:\/\/www2.uepg.br\/proex\/wp-content\/uploads\/sites\/8\/2024\/02\/EDITAL-02_24-DE-SELECAO-assistente-social-com-tabela-curriculo.pdf\">EDITAL n\u00ba02-2024 - Sele\u00e7\u00e3o de Bolsista - Assistente Social<\/a><\/p>\n<p><a href=\"https:\/\/www2.uepg.br\/proex\/wp-content\/uploads\/sites\/8\/2024\/02\/Edital-01-2024-Selecao-Advogada-e-Estagiaria-DIREITO-2024.docx-2-1.pdf\">EDITAL n\u00ba01-2024 -\u00a0 Sele\u00e7\u00e3o de Bolsistas\u00a0 - Advogado<\/a><\/p>\n<p>&nbsp;<\/p>\n<p>&nbsp;<\/p>\n<p>&nbsp;<\/p>\n<p>&nbsp;<\/p>\n<p>&nbsp;<\/p>\n<p>&nbsp;<\/p>\n<p>&nbsp;<\/p>\n<p>&nbsp;<\/p>\n<p>&nbsp;<\/p>\n<\/div>\n<\/div>\n<\/div>\n<div class=\"sow-accordion-panel sow-accordion-panel-open\" data-anchor=\"programa-aurora\">\n<div class=\"sow-accordion-panel-header-container\" role=\"heading\">\n<div id=\"accordion-label-programa-aurora\" class=\"sow-accordion-panel-header\" role=\"button\">\n<div class=\"sow-accordion-title sow-accordion-title-icon-left\">PROGRAMA AURORA<\/div>\n<div class=\"sow-accordion-open-close-button\">\n<div class=\"sow-accordion-close-button\"><\/div>\n<\/div>\n<\/div>\n<\/div>\n<div id=\"accordion-content-programa-aurora\" class=\"sow-accordion-panel-content\" role=\"region\" aria-labelledby=\"accordion-label-programa-aurora\">\n<div class=\"sow-accordion-panel-border\">\n<p><a href=\"https:\/\/www2.uepg.br\/proex\/wp-content\/uploads\/sites\/8\/2024\/10\/EDITAL-No-13-2024-Resultado-Final-Farmacia.pdf\">Edital 13-2024-\u00a0 Resultado Final -\u00a0 Estudante de Gradua\u00e7\u00e3o Farm\u00e1cia<\/a><\/p>\n<p><a href=\"https:\/\/www2.uepg.br\/proex\/wp-content\/uploads\/sites\/8\/2024\/10\/EDITAL-12-2024-DE-DEFERIMENTO-E-INDEFERIMENTOS.pdf\">Edital 12-2024 - DEFERIMENTO DE INSCRI\u00c7\u00d5ES - Estudante de Gradua\u00e7\u00e3o Farm\u00e1cia.<\/a><\/p>\n<p><a href=\"https:\/\/www2.uepg.br\/proex\/wp-content\/uploads\/sites\/8\/2024\/09\/EDITAL-no-11-2024-SELECAO-DE-BOLSISTA-Alunos-Farmacia.pdf\">Edital\u00a0 n\u00ba 11-2024 -\u00a0 Sele\u00e7\u00e3o de Bolsista\u00a0 Estudante de Gradua\u00e7\u00e3o - FARM\u00c1CIA<\/a><\/p>\n<p><a href=\"https:\/\/www2.uepg.br\/proex\/wp-content\/uploads\/sites\/8\/2024\/07\/EDITAL-10-2024-RESULTADO-ASSISTENTE-SOCIAL.pdf\">Edital n\u00ba 10-2024- RESULTADO-ASSISTENTE SOCIAL<\/a><\/p>\n<p><a href=\"https:\/\/www2.uepg.br\/proex\/wp-content\/uploads\/sites\/8\/2024\/07\/EDITAL-09-2024-DEFERIMENTO-ASSISTENTE-SOCIAL.pdf\">Edital n\u00ba 09-2024- DEFERIMENTO-ASSISTENTE SOCIAL<\/a><\/p>\n<p><a href=\"https:\/\/www2.uepg.br\/proex\/wp-content\/uploads\/sites\/8\/2024\/07\/Edital-no-08-2024-Servico-Social.pdf\">Edital n\u00ba 08-2024 -\u00a0 Sele\u00e7\u00e3o bolsista profissional graduado SERVI\u00c7O SOCIAL<\/a><\/p>\n<p><a href=\"https:\/\/www2.uepg.br\/proex\/wp-content\/uploads\/sites\/8\/2024\/04\/EDITAL-DE-SELECAO-RESULTADOS-ODONTO.pdf\">Edital n\u00ba 07-2024 - RESULTADO SELE\u00c7\u00c3O ODONTOLOGIA<\/a><\/p>\n<p><a href=\"https:\/\/www2.uepg.br\/proex\/wp-content\/uploads\/sites\/8\/2024\/04\/Copia-de-EDITAL-DE-PRORROGACAO-alunos-Odontologia.docx.pdf\">EDITAL 06\/2024 - PRORROGA\u00c7\u00c3O DE SELE\u00c7\u00c3O - Odontologia<\/a><\/p>\n<p><a href=\"https:\/\/www2.uepg.br\/proex\/wp-content\/uploads\/sites\/8\/2024\/03\/EDITAL-DE-PRORROGACAO-alunos-Odontologia.docx.pdf\">EDITAL 05\/2024 -\u00a0 Prorroga\u00e7\u00e3o da Sele\u00e7\u00e3o de Estudante de Gradua\u00e7\u00e3o\u00a0 - ODONTOLOGIA<\/a><\/p>\n<p><a href=\"https:\/\/www2.uepg.br\/proex\/wp-content\/uploads\/sites\/8\/2024\/03\/NOVO-EDITAL-DE-SELECAO-alunos-Odontologia.docx.pdf\">EDITAL 04\/2024 - Sele\u00e7\u00e3o de Estudante de Gradua\u00e7\u00e3o - ODONTOLOGIA<\/a><\/p>\n<p><a href=\"https:\/\/www2.uepg.br\/proex\/wp-content\/uploads\/sites\/8\/2024\/03\/EDITAL-DE-SELECAO-RESULTADOS-ODONTO.docx-1.pdf\">EDITAL 03\/2024 - Resultado de Estudante de Gradua\u00e7\u00e3o - ODONTOLOGIA<\/a><\/p>\n<p><a href=\"https:\/\/www2.uepg.br\/proex\/wp-content\/uploads\/sites\/8\/2024\/03\/EDITAL-02-2024-DEFERIMENTO-ODONTO.pdf\">EDITAL 02\/2024- Deferimento das Inscri\u00e7\u00f5es e Convoca\u00e7\u00e3o para Entrevista - ODONTOLOGIA<\/a><\/p>\n<p><a href=\"https:\/\/www2.uepg.br\/proex\/wp-content\/uploads\/sites\/8\/2024\/03\/EDITAL-DE-SELECAO-alunos-Odontologia.docx.pdf\">EDITAL 01\/2024 - Sele\u00e7\u00e3o de Estudante de Gradua\u00e7\u00e3o - ODONTOLOGIA<\/a><\/p>\n<p>&nbsp;<\/p>\n<p>&nbsp;<\/p>\n<p>&nbsp;<\/p>\n<p>&nbsp;<\/p>\n<p>&nbsp;<\/p>\n<p>&nbsp;<\/p>\n<p>&nbsp;<\/p>\n<\/div>\n<\/div>\n<\/div>\n<div class=\"sow-accordion-panel sow-accordion-panel-open\" data-anchor=\"programa-paran%c3%a1-mais-org%c3%a2nico\">\n<div class=\"sow-accordion-panel-header-container\" role=\"heading\">\n<div id=\"accordion-label-programa-paran%c3%a1-mais-org%c3%a2nico\" class=\"sow-accordion-panel-header\" role=\"button\">\n<div class=\"sow-accordion-title sow-accordion-title-icon-left\">PROGRAMA PARAN\u00c1 MAIS ORG\u00c2NICO<\/div>\n<div class=\"sow-accordion-open-close-button\">\n<div class=\"sow-accordion-close-button\"><\/div>\n<\/div>\n<\/div>\n<\/div>\n<div id=\"accordion-content-programa-paran%c3%a1-mais-org%c3%a2nico\" class=\"sow-accordion-panel-content\" role=\"region\" aria-labelledby=\"accordion-label-programa-paran%c3%a1-mais-org%c3%a2nico\">\n<div class=\"sow-accordion-panel-border\">\n<p><a href=\"https:\/\/www2.uepg.br\/proex\/wp-content\/uploads\/sites\/8\/2023\/06\/Edital-02-23-Selecao-de-bolsistas-PMO-UEPG.pdf\">Edital-02-23-Selecao-de-bolsistas-PMO-UEPG<\/a><\/p>\n<\/div>\n<\/div>\n<\/div>\n<div class=\"sow-accordion-panel sow-accordion-panel-open\" data-anchor=\"programa-mulheres-paranaenses-empoderamento-e-lideran%c3%a7a\">\n<div class=\"sow-accordion-panel-header-container\" role=\"heading\">\n<div id=\"accordion-label-programa-mulheres-paranaenses-empoderamento-e-lideran%c3%a7a\" class=\"sow-accordion-panel-header\" role=\"button\">\n<div class=\"sow-accordion-title sow-accordion-title-icon-left\">PROGRAMA MULHERES PARANAENSES: EMPODERAMENTO E LIDERAN\u00c7A<\/div>\n<div class=\"sow-accordion-open-close-button\">\n<div class=\"sow-accordion-close-button\"><\/div>\n<\/div>\n<\/div>\n<\/div>\n<div id=\"accordion-content-programa-mulheres-paranaenses-empoderamento-e-lideran%c3%a7a\" class=\"sow-accordion-panel-content\" role=\"region\" aria-labelledby=\"accordion-label-programa-mulheres-paranaenses-empoderamento-e-lideran%c3%a7a\">\n<div class=\"sow-accordion-panel-border\">\n<p><strong>Projeto de Extens\u00e3o\u00a0 - Al\u00f4 mulheres! O empoderamento de mulheres da ocupa\u00e7\u00e3o Ericson Duarte em Ponta Grossa via pr\u00e1ticas sociais de comunica\u00e7\u00e3o na instrumentaliza\u00e7\u00e3o da garantia aos direitos humanos e do cumprimento de pol\u00edticas p\u00fablicas<\/strong><\/p>\n<p><a href=\"https:\/\/www2.uepg.br\/proex\/wp-content\/uploads\/sites\/8\/2024\/09\/Edital-no-04-2024-resultado-de-selecao-bolsista.pdf\">Edital n\u00ba 04-2024 - Resultado\u00a0 de Sele\u00e7\u00e3o Bolsista<\/a><\/p>\n<p><a href=\"https:\/\/www2.uepg.br\/proex\/wp-content\/uploads\/sites\/8\/2024\/09\/Edital-03-2024-Selecao-Bolsista-Graduacao-Jornalismo-e-Direito.pdf\">Edital 03-2024 - Sele\u00e7\u00e3o Bolsista de\u00a0 Gradua\u00e7\u00e3o Jornalismo e Direito<\/a><\/p>\n<p><a href=\"https:\/\/www2.uepg.br\/proex\/wp-content\/uploads\/sites\/8\/2024\/03\/Edital-resultado-de-selecao-bolsista-tecnico.pdf\">Edital 02-2024 - Resultado Fina Bolsa T\u00e9cnico<\/a><\/p>\n<p><a href=\"https:\/\/www2.uepg.br\/proex\/wp-content\/uploads\/sites\/8\/2024\/02\/Edital-de-selecao-bolsista-tecnico.pdf\">Edital 01-2024 -\u00a0 Sele\u00e7\u00e3o Bolsista T\u00e9cnico<\/a><\/p>\n<p>&nbsp;<\/p>\n<p>&nbsp;<\/p>\n<\/div>\n<\/div>\n<\/div>\n<div class=\"sow-accordion-panel sow-accordion-panel-open\" data-anchor=\"cursos-de-extens%c3%a3o-dacproex-2025\">\n<div class=\"sow-accordion-panel-header-container\" role=\"heading\">\n<div id=\"accordion-label-cursos-de-extens%c3%a3o-dacproex-2025\" class=\"sow-accordion-panel-header\" role=\"button\">\n<div class=\"sow-accordion-title sow-accordion-title-icon-left\">CURSOS DE EXTENS\u00c3O DAC\/PROEX - 2025<\/div>\n<div class=\"sow-accordion-open-close-button\">\n<div class=\"sow-accordion-close-button\"><\/div>\n<\/div>\n<\/div>\n<\/div>\n<div id=\"accordion-content-cursos-de-extens%c3%a3o-dacproex-2025\" class=\"sow-accordion-panel-content\" role=\"region\" aria-labelledby=\"accordion-label-cursos-de-extens%c3%a3o-dacproex-2025\">\n<div class=\"sow-accordion-panel-border\">\n<p><strong>INSCRI\u00c7\u00d5ES CURSOS PARA COMUNIDADE - DAC\/PROEX<br \/>\nInicio das aulas:\u00a0<\/strong>10\/03<\/p>\n<p>Inscri\u00e7\u00f5es abertas<\/p>\n<p><a href=\"https:\/\/forms.gle\/2xWaWjdqzvnLxshL8\">INSCRI\u00c7\u00d5ES<\/a><\/p>\n<p><strong>Investimento<\/strong><\/p>\n<p>Matricula: R$70,00<br \/>\nMensalidade (exceto piano): 9 x de R$100,00<br \/>\nMensalidade piano: 9 x de R$ 150,00<\/p>\n<p><strong><em>Hor\u00e1rio de aulas<\/em><\/strong><br \/>\n<a href=\"https:\/\/www2.uepg.br\/proex\/wp-content\/uploads\/sites\/8\/2025\/02\/horarios-1.pdf\">Acesse aqui<\/a><\/p>\n<p><strong><em>Informa\u00e7\u00f5es sobre os cursos<br \/>\n<\/em><\/strong><a href=\"https:\/\/www2.uepg.br\/proex\/cursos\/\"><em>Acesse aqui<\/em><\/a><\/p>\n<p>&nbsp;<\/p>\n<\/div>\n<\/div>\n<\/div>\n<div class=\"sow-accordion-panel sow-accordion-panel-open\" data-anchor=\"galeria-dacproex\">\n<div class=\"sow-accordion-panel-header-container\" role=\"heading\">\n<div id=\"accordion-label-galeria-dacproex\" class=\"sow-accordion-panel-header\" role=\"button\">\n<div class=\"sow-accordion-title sow-accordion-title-icon-left\">GALERIA DAC\/PROEX<\/div>\n<div class=\"sow-accordion-open-close-button\">\n<div class=\"sow-accordion-close-button\"><\/div>\n<\/div>\n<\/div>\n<\/div>\n<div id=\"accordion-content-galeria-dacproex\" class=\"sow-accordion-panel-content\" role=\"region\" aria-labelledby=\"accordion-label-galeria-dacproex\">\n<div class=\"sow-accordion-panel-border\">\n<p>2024<\/p>\n<p>ABERTURA DE INSCRI\u00c7\u00d5ES PARA REALIZA\u00c7\u00c3O DE EXPOSI\u00c7\u00d5ES NA GALERIA DE ARTE UEPG<\/p>\n<p><em>Prorrogado at\u00e9 dia 28\/05<\/em><br \/>\n<a href=\"https:\/\/www2.uepg.br\/proex\/wp-content\/uploads\/sites\/8\/2024\/05\/Edita-012024-galeria-dac.pdf\">EDITAL<\/a><\/p>\n<p>&nbsp;<\/p>\n<p>2023<\/p>\n<p>ABERTURA DE INSCRI\u00c7\u00d5ES PARA REALIZA\u00c7\u00c3O DE EXPOSI\u00c7\u00d5ES NA GALERIA DE ARTE UEPG<\/p>\n<p><a href=\"https:\/\/www2.uepg.br\/proex\/wp-content\/uploads\/sites\/8\/2023\/04\/Edital_DAC_001_2023_Galeria_de_Arte_UEPG.pdf\">EDITAL<\/a><\/p>\n<p>RESULTADO DAS INSCRI\u00c7\u00d5ES PARA REALIZA\u00c7\u00c3O DE EXPOSI\u00c7\u00d5ES NA GALERIA DE ARTE UEPG<\/p>\n<p><a href=\"https:\/\/www2.uepg.br\/proex\/wp-content\/uploads\/sites\/8\/2023\/05\/Edital_DAC_002_2023_Galeria_de_Arte_UEPG.pdf\">EDITAL<\/a><\/p>\n<\/div>\n<\/div>\n<\/div>\n<div class=\"sow-accordion-panel sow-accordion-panel-open\" data-anchor=\"projeto-preparado-engenheiros-cidad%c3%a3os\">\n<div class=\"sow-accordion-panel-header-container\" role=\"heading\">\n<div id=\"accordion-label-projeto-preparado-engenheiros-cidad%c3%a3os\" class=\"sow-accordion-panel-header\" role=\"button\">\n<div class=\"sow-accordion-title sow-accordion-title-icon-left\">PROJETO PREPARADO ENGENHEIROS CIDAD\u00c3OS<\/div>\n<div class=\"sow-accordion-open-close-button\">\n<div class=\"sow-accordion-close-button\"><\/div>\n<\/div>\n<\/div>\n<\/div>\n<div id=\"accordion-content-projeto-preparado-engenheiros-cidad%c3%a3os\" class=\"sow-accordion-panel-content\" role=\"region\" aria-labelledby=\"accordion-label-projeto-preparado-engenheiros-cidad%c3%a3os\">\n<div class=\"sow-accordion-panel-border\">\n<p>PROJETO PREPARADO ENGENHEIROS CIDAD\u00c3OS<\/p>\n<p><a href=\"https:\/\/www2.uepg.br\/proex\/wp-content\/uploads\/sites\/8\/2024\/04\/EDITAL-No-001.pdf\">EDITAL N\u00ba 001<\/a><\/p>\n<\/div>\n<\/div>\n<\/div>\n<div class=\"sow-accordion-panel sow-accordion-panel-open\" data-anchor=\"parque-tecnol%c3%b3gico-itaipu-edital-de-projetos-para-o-programa-de-extens%c3%a3o-para-a-sustentabilidade-territorial-24-67acf612da941\">\n<div class=\"sow-accordion-panel-header-container\" role=\"heading\">\n<div id=\"accordion-label-parque-tecnol%c3%b3gico-itaipu-edital-de-projetos-para-o-programa-de-extens%c3%a3o-para-a-sustentabilidade-territorial-24-67acf612da941\" class=\"sow-accordion-panel-header\" role=\"button\">\n<div class=\"sow-accordion-title sow-accordion-title-icon-left\">PARQUE TECNOL\u00d3GICO ITAIPU EDITAL DE PROJETOS PARA O PROGRAMA DE EXTENS\u00c3O PARA A SUSTENTABILIDADE TERRITORIAL<\/div>\n<div class=\"sow-accordion-open-close-button\">\n<div class=\"sow-accordion-close-button\"><\/div>\n<\/div>\n<\/div>\n<\/div>\n<div id=\"accordion-content-parque-tecnol%c3%b3gico-itaipu-edital-de-projetos-para-o-programa-de-extens%c3%a3o-para-a-sustentabilidade-territorial-24-67acf612da941\" class=\"sow-accordion-panel-content\" role=\"region\" aria-labelledby=\"accordion-label-parque-tecnol%c3%b3gico-itaipu-edital-de-projetos-para-o-programa-de-extens%c3%a3o-para-a-sustentabilidade-territorial-24-67acf612da941\">\n<div class=\"sow-accordion-panel-border\">\n<p><a href=\"https:\/\/www2.uepg.br\/proex\/wp-content\/uploads\/sites\/8\/2024\/05\/Edital_PROEX_01_2024.pdf\">Edital_PROEX_01_2024<\/a><\/p>\n<\/div>\n<\/div>\n<\/div>\n<div class=\"sow-accordion-panel sow-accordion-panel-open\" data-anchor=\"parque-tecnol%c3%b3gico-itaipu-edital-de-projetos-para-o-programa-de-extens%c3%a3o-para-a-sustentabilidade-territorial-25-67acf612da94c\">\n<div class=\"sow-accordion-panel-header-container\" role=\"heading\">\n<div id=\"accordion-label-parque-tecnol%c3%b3gico-itaipu-edital-de-projetos-para-o-programa-de-extens%c3%a3o-para-a-sustentabilidade-territorial-25-67acf612da94c\" class=\"sow-accordion-panel-header\" role=\"button\">\n<div class=\"sow-accordion-title sow-accordion-title-icon-left\">PARQUE TECNOL\u00d3GICO ITAIPU EDITAL DE PROJETOS PARA O PROGRAMA DE EXTENS\u00c3O PARA A SUSTENTABILIDADE TERRITORIAL<\/div>\n<div class=\"sow-accordion-open-close-button\">\n<div class=\"sow-accordion-close-button\"><\/div>\n<\/div>\n<\/div>\n<\/div>\n<div id=\"accordion-content-parque-tecnol%c3%b3gico-itaipu-edital-de-projetos-para-o-programa-de-extens%c3%a3o-para-a-sustentabilidade-territorial-25-67acf612da94c\" class=\"sow-accordion-panel-content\" role=\"region\" aria-labelledby=\"accordion-label-parque-tecnol%c3%b3gico-itaipu-edital-de-projetos-para-o-programa-de-extens%c3%a3o-para-a-sustentabilidade-territorial-25-67acf612da94c\">\n<div class=\"sow-accordion-panel-border\">\n<p><a href=\"https:\/\/www2.uepg.br\/proex\/wp-content\/uploads\/sites\/8\/2024\/05\/Edital_PROEX_01_2024.pdf\">Edital_PROEX_01_2024<\/a><\/p>\n<\/div>\n<\/div>\n<\/div>\n<div class=\"sow-accordion-panel sow-accordion-panel-open\" data-anchor=\"galeria-de-arte-uepg-26-67acf612da953\">\n<div class=\"sow-accordion-panel-header-container\" role=\"heading\">\n<div id=\"accordion-label-galeria-de-arte-uepg-26-67acf612da953\" class=\"sow-accordion-panel-header\" role=\"button\">\n<div class=\"sow-accordion-title sow-accordion-title-icon-left\">GALERIA DE ARTE UEPG<\/div>\n<div class=\"sow-accordion-open-close-button\">\n<div class=\"sow-accordion-close-button\"><\/div>\n<\/div>\n<\/div>\n<\/div>\n<div id=\"accordion-content-galeria-de-arte-uepg-26-67acf612da953\" class=\"sow-accordion-panel-content\" role=\"region\" aria-labelledby=\"accordion-label-galeria-de-arte-uepg-26-67acf612da953\">\n<div class=\"sow-accordion-panel-border\">\n<p>ABERTURA DE INSCRI\u00c7\u00d5ES PARA REALIZA\u00c7\u00c3O DE EXPOSI\u00c7\u00d5ES NA GALERIA DE ARTE UEPG<\/p>\n<p><em>Prorrogado at\u00e9 dia 28\/05<\/em><br \/>\n<a href=\"https:\/\/www2.uepg.br\/proex\/wp-content\/uploads\/sites\/8\/2024\/05\/Edita-012024-galeria-dac.pdf\">EDITAL<\/a><\/p>\n<\/div>\n<\/div>\n<\/div>\n<div class=\"sow-accordion-panel sow-accordion-panel-open\" data-anchor=\"parque-tecnol%c3%b3gico-itaipu-edital-de-projetos-para-o-programa-de-extens%c3%a3o-para-a-sustentabilidade-territorial-27-67acf612da959\">\n<div class=\"sow-accordion-panel-header-container\" role=\"heading\">\n<div id=\"accordion-label-parque-tecnol%c3%b3gico-itaipu-edital-de-projetos-para-o-programa-de-extens%c3%a3o-para-a-sustentabilidade-territorial-27-67acf612da959\" class=\"sow-accordion-panel-header\" role=\"button\">\n<div class=\"sow-accordion-title sow-accordion-title-icon-left\">PARQUE TECNOL\u00d3GICO ITAIPU EDITAL DE PROJETOS PARA O PROGRAMA DE EXTENS\u00c3O PARA A SUSTENTABILIDADE TERRITORIAL<\/div>\n<div class=\"sow-accordion-open-close-button\">\n<div class=\"sow-accordion-close-button\"><\/div>\n<\/div>\n<\/div>\n<\/div>\n<div id=\"accordion-content-parque-tecnol%c3%b3gico-itaipu-edital-de-projetos-para-o-programa-de-extens%c3%a3o-para-a-sustentabilidade-territorial-27-67acf612da959\" class=\"sow-accordion-panel-content\" role=\"region\" aria-labelledby=\"accordion-label-parque-tecnol%c3%b3gico-itaipu-edital-de-projetos-para-o-programa-de-extens%c3%a3o-para-a-sustentabilidade-territorial-27-67acf612da959\">\n<div class=\"sow-accordion-panel-border\">\n<p><a href=\"https:\/\/www2.uepg.br\/proex\/wp-content\/uploads\/sites\/8\/2024\/05\/Edital_PROEX_01_2024.pdf\">Edital_PROEX_01_2024<\/a><\/p>\n<\/div>\n<\/div>\n<\/div>\n<div class=\"sow-accordion-panel sow-accordion-panel-open\" data-anchor=\"galeria-de-arte-uepg-28-67acf612da960\">\n<div class=\"sow-accordion-panel-header-container\" role=\"heading\">\n<div id=\"accordion-label-galeria-de-arte-uepg-28-67acf612da960\" class=\"sow-accordion-panel-header\" role=\"button\">\n<div class=\"sow-accordion-title sow-accordion-title-icon-left\">GALERIA DE ARTE UEPG<\/div>\n<div class=\"sow-accordion-open-close-button\">\n<div class=\"sow-accordion-close-button\"><\/div>\n<\/div>\n<\/div>\n<\/div>\n<div id=\"accordion-content-galeria-de-arte-uepg-28-67acf612da960\" class=\"sow-accordion-panel-content\" role=\"region\" aria-labelledby=\"accordion-label-galeria-de-arte-uepg-28-67acf612da960\">\n<div class=\"sow-accordion-panel-border\">\n<p>ABERTURA DE INSCRI\u00c7\u00d5ES PARA REALIZA\u00c7\u00c3O DE EXPOSI\u00c7\u00d5ES NA GALERIA DE ARTE UEPG<\/p>\n<p><em>Prorrogado at\u00e9 dia 28\/05<\/em><br \/>\n<a href=\"https:\/\/www2.uepg.br\/proex\/wp-content\/uploads\/sites\/8\/2024\/05\/Edita-012024-galeria-dac.pdf\">EDITAL<\/a><\/p>\n<\/div>\n<\/div>\n<\/div>\n\t\t\t\t<\/div>\n\t\t\t<\/div>\n\t\t<\/div>\n\t\t\t<div class=\"sow-accordion-panel sow-accordion-panel-open\"\n\t\t\t data-anchor=\"2023\">\n\t\t\t\t<div class=\"sow-accordion-panel-header-container\" role=\"heading\" aria-level=\"2\">\n\t\t\t\t\t<div class=\"sow-accordion-panel-header\" tabindex=\"0\" role=\"button\" id=\"accordion-label-2023\" aria-controls=\"accordion-content-2023\" aria-expanded=\"true\">\n\t\t\t\t\t\t<div class=\"sow-accordion-title sow-accordion-title-icon-left\">\n\t\t\t\t\t\t\t\t\t\t\t\t\t\t2023\t\t\t\t\t\t\t\t\t\t\t\t\t<\/div>\n\t\t\t\t\t\t<div class=\"sow-accordion-open-close-button\">\n\t\t\t\t\t\t\t<div class=\"sow-accordion-open-button\">\n\t\t\t\t\t\t\t\t<span class=\"sow-icon-ionicons\" data-sow-icon=\"&#xf218;\"\n\t\t \n\t\taria-hidden=\"true\"><\/span>\t\t\t\t\t\t\t<\/div>\n\t\t\t\t\t\t\t<div class=\"sow-accordion-close-button\">\n\t\t\t\t\t\t\t\t<span class=\"sow-icon-ionicons\" data-sow-icon=\"&#xf209;\"\n\t\t \n\t\taria-hidden=\"true\"><\/span>\t\t\t\t\t\t\t<\/div>\n\t\t\t\t\t\t<\/div>\n\t\t\t\t\t<\/div>\n\t\t\t\t<\/div>\n\n\t\t\t<div\n\t\t\t\tclass=\"sow-accordion-panel-content\"\n\t\t\t\trole=\"region\"\n\t\t\t\taria-labelledby=\"accordion-label-2023\"\n\t\t\t\tid=\"accordion-content-2023\"\n\t\t\t\t\t\t\t>\n\t\t\t\t<div class=\"sow-accordion-panel-border\" tabindex=\"0\">\n\t\t\t\t\t<p>BOLSAS DE EXTENSAO<\/p>\n<p><a href=\"https:\/\/www2.uepg.br\/proex\/wp-content\/uploads\/sites\/8\/2023\/12\/Edital-Resultado-Prorrogacao-Bolsas-PROEX.pdf\">Edital Resultado Prorroga\u00e7\u00e3o Bolsas PROEX<\/a><\/p>\n<p><a href=\"https:\/\/www2.uepg.br\/proex\/wp-content\/uploads\/sites\/8\/2023\/12\/Edital-PROEX-2023.932.pdf\">Edital PROEX 2023.932<\/a><\/p>\n<p>&nbsp;<\/p>\n<p><a href=\"https:\/\/www2.uepg.br\/proex\/wp-content\/uploads\/sites\/8\/2023\/09\/EDITAL-CLASS-FINAL-CADASTRO-RESERVA-OIBIS2023.pdf\">EDITAL CLASSIFICA\u00c7\u00c3O FINAL CADASTRO RESERVA PIBIS 2023<\/a><\/p>\n<p><a href=\"https:\/\/www2.uepg.br\/proex\/wp-content\/uploads\/sites\/8\/2023\/09\/EDITAL-2023.738-RESULTADO-CLASSIFICACAO-PRELIMINAR-PIBIS2023-cadastro-reserva.pdf\">EDITAL 2023.738 - CLASSIFICA\u00c7\u00c3O PRELIMINAR PIBIS2023 - cadastro reserva<\/a><\/p>\n<p><a href=\"https:\/\/www2.uepg.br\/proex\/wp-content\/uploads\/sites\/8\/2023\/08\/EDITAL-PROEX-DEU-2023.633-CADASTRO-RESERVA-PIBIS-2023.pdf\">EDITAL PROEX DEU 2023.633 - CADASTRO RESERVA PIBIS 2023<\/a><\/p>\n<p><a href=\"https:\/\/www2.uepg.br\/proex\/wp-content\/uploads\/sites\/8\/2023\/07\/EDITAL-PROEX-DEU-2023.524-CLASSIFICACAO-FINAL-PIBIS-2023.pdf\">EDITAL PROEX DEU 2023.524 - CLASSIFICACAO-FINAL-PIBIS-2023<\/a><\/p>\n<p><a href=\"https:\/\/www2.uepg.br\/proex\/wp-content\/uploads\/sites\/8\/2023\/07\/EDITAL-PROEX-DEU-2023.525-CLASSIFICACAO-FINAL-PIBEX-2023.pdf\">EDITAL PROEX DEU 2023.525 - CLASSIFICACAO-FINAL-PIBEX-2023<\/a><\/p>\n<p><a href=\"https:\/\/www2.uepg.br\/proex\/wp-content\/uploads\/sites\/8\/2023\/07\/RESULTADOCLASIFICACAO-PRELIMINARPIBEX-2023.pdf\">EDITAL PROEX DEU 2023.514 - CLASIFICA\u00c7\u00c3O PRELIMINAR PIBEX 2023\/2024<\/a><\/p>\n<p><a href=\"https:\/\/www2.uepg.br\/proex\/wp-content\/uploads\/sites\/8\/2023\/07\/RESULTADO_CLASSIFICACAO_PRELIMINAR_PIBIS2023.pdf\">EDITAL PROEX DEU 2023.515 - CLASSIFICACAO_PRELIMINAR_PIBIS 2023\/2024<\/a><\/p>\n<p>&nbsp;<\/p>\n<p><a href=\"https:\/\/www2.uepg.br\/proex\/wp-content\/uploads\/sites\/8\/2023\/06\/SEI_UEPG-Edital-2023.477.pdf\">EDITAL PROEX DEU 2023.477 - PRORROGA\u00c7\u00c3O DO PER\u00cdODO DE INSCRI\u00c7\u00c3O DO PROCESSO DE SELE\u00c7\u00c3O - PIBIS E PIBEX<\/a><\/p>\n<p>&nbsp;<\/p>\n<p><a href=\"https:\/\/www2.uepg.br\/proex\/wp-content\/uploads\/sites\/8\/2023\/06\/ABERTURA-PIBEX-2023.pdf\">EDITAL PROEX DEU 2023.439 ABERTURA PIBEX 2023<\/a><\/p>\n<p><a href=\"https:\/\/www2.uepg.br\/proex\/wp-content\/uploads\/sites\/8\/2023\/06\/ABERTURA-PIBIS-2023.pdf\">EDITAL PROEX DEU 2023.441 ABERTURA PIBIS 2023<\/a><\/p>\n<p>&nbsp;<\/p>\n<p><a href=\"https:\/\/www2.uepg.br\/proex\/wp-content\/uploads\/sites\/8\/2023\/04\/EDITAL-2023.270-REMANEJAMENTO-DE-BOLSAS-PIBIS.pdf\">EDITAL 2023.270 REMANEJAMENTO DE BOLSAS PIBIS<\/a><\/p>\n<p>&nbsp;<\/p>\n<p><strong>CURSOS DAC\/PROEX<\/strong><\/p>\n<p><a href=\"https:\/\/www.fauepg.org.br\/wp-content\/uploads\/\/sites\/133\/2023\/03\/EDITAL-FAUEPG-No-23-2023-CLASSIFICACAO-FINAL-DO-CHAMAMENTO-PUBLICO-FAUEPG-No-11-2023-PROEX-DAC-5.pdf\">EDITAL FAUEPG N\u00ba 23 2023 - CLASSIFICA\u00c7\u00c3O FINAL DO CHAMAMENTO P\u00daBLICO FAUEPG N\u00ba 11 2023 PROEX-DAC<\/a><\/p>\n<p><a href=\"https:\/\/www.fauepg.org.br\/wp-content\/uploads\/\/sites\/133\/2023\/03\/Publicacao-Edital-FAUEPG-no-23-2023-Jornal-da-Manha.pdf\">Publica\u00e7\u00e3o Edital FAUEPG n\u00ba 23-2023 - Jornal da Manh\u00e3<\/a><\/p>\n<p><a href=\"https:\/\/www.fauepg.org.br\/wp-content\/uploads\/\/sites\/133\/2023\/03\/EDITAL-FAUEPG-No-19-2023-CONVOCACAO-PARA-A-PROVA-DIATICA-DO-CHAMAMENTO-PUBLICO-FAUEPG-No-11-2023-PROEX-DAC-1.pdf\">EDITAL FAUEPG N\u00ba 19 2023 - CONVOCA\u00c7\u00c3O PARA A PROVA DI\u00c1TICA DO CHAMAMENTO P\u00daBLICO FAUEPG N\u00ba 11 2023 PROEX-DAC<\/a><\/p>\n<p><a href=\"https:\/\/www.fauepg.org.br\/wp-content\/uploads\/\/sites\/133\/2023\/03\/Edital-FAUEPG-No-16-2023-HOMOLOGACAO-DAS-SINSCRICOES-DO-EDITAL-DE-CHAMAMENTO-PUBLICO-FAUEPG-No-11-2023-PROEX-DAC-3.pdf\">Edital FAUEPG N\u00ba 16 2023 - HOMOLOGA\u00c7\u00c3O DAS SINSCRI\u00c7\u00d5ES DO EDITAL DE CHAMAMENTO P\u00daBLICO FAUEPG N\u00ba 11 2023 PROEX-DAC<\/a><\/p>\n<p><a href=\"https:\/\/www.fauepg.org.br\/wp-content\/uploads\/\/sites\/133\/2023\/03\/EDITAL-FAUEPG-No-15-2023-RETIFICACAO-DO-EDITAL-No-11-2023-DE-CHAMAMENTO-PUBLICO-PARA-CREDENCIAMENTO-DE-PROFISSIONAIS-COM-CNPJ-PARA-ATUACAO-NA-PROEX-DAC-UEPG.pdf\">EDITAL FAUEPG N\u00ba 15 2023 - RETIFICA\u00c7\u00c3O DO EDITAL N\u00ba 11-2023 DE CHAMAMENTO P\u00daBLICO PARA CREDENCIAMENTO DE PROFISSIONAIS COM CNPJ PARA ATUA\u00c7\u00c3O NA PROEX-DAC-UEPG<\/a><\/p>\n<p><a href=\"https:\/\/www.fauepg.org.br\/wp-content\/uploads\/\/sites\/133\/2023\/03\/EDITAL-FAUEPG-No-15-2023-RETIFICACAO-DO-EDITAL-No-11-2023-DE-CHAMAMENTO-PUBLICO-PARA-CREDENCIAMENTO-DE-PROFISSIONAIS-COM-CNPJ-PARA-ATUACAO-NA-PROEX-DAC-UEPG.pdf\">EDITAL FAUEPG N\u00ba 15 2023 - RETIFICA\u00c7\u00c3O DO EDITAL N\u00ba 11-2023 DE CHAMAMENTO P\u00daBLICO PARA CREDENCIAMENTO DE PROFISSIONAIS COM CNPJ PARA ATUA\u00c7\u00c3O NA PROEX-DAC-UEPG<\/a><\/p>\n<p><a href=\"https:\/\/www.fauepg.org.br\/wp-content\/uploads\/\/sites\/133\/2023\/02\/EDITAL-FAUEPG-No-11-2023-CHAMAMENTO-PUBLICO-PARA-CREDENCIAMENTO-DE-PROFISSIONAIS-COM-CNPJ-PARA-ATUACAO-NA-PROEX-DAC-UEPG.pdf\">EDITAL FAUEPG N\u00ba 11 2023 - CHAMAMENTO P\u00daBLICO PARA CREDENCIAMENTO DE PROFISSIONAIS COM CNPJ PARA ATUA\u00c7\u00c3O NA PROEX-DAC-UEPG<\/a><\/p>\n<p><a href=\"https:\/\/www.fauepg.org.br\/wp-content\/uploads\/\/sites\/133\/2023\/02\/Publicacao-Edital-11-2023-Jornal-da-Manha.pdf\">Publica\u00e7\u00e3o Edital 11-2023 Jornal da Manh\u00e3<\/a><\/p>\n<p><a href=\"http:\/\/www2.uepg.br\/fenata\/wp-content\/uploads\/sites\/136\/2023\/03\/EDITAL-06-2023-INSCRICAO-CURSOS-DAC-PROEX-2023-ATUAL-08-03-2023-final-vagas-completas.pdf\">EDITAL PROEX\/DAC N.\u00b0 06\/2023 - INSCRI\u00c7\u00d5ES CURSOS PARA COMUNIDADE DAC - PROEX<\/a><\/p>\n<p><a href=\"https:\/\/www.fauepg.org.br\/wp-content\/uploads\/\/sites\/133\/2023\/02\/Edital-FAUEPG-No-04-2023-RETIFICACAO-EDITAL-FAUEPG-No-03-2023-RESULTADO-DO-CREDENCIAMENTO-PROFESSORES-DAC-PROEX.pdf\">Edital FAUEPG N\u00ba 04 2023 - RETIFICA\u00c7\u00c3O EDITAL FAUEPG N\u00ba 03-2023 - RESULTADO DO CREDENCIAMENTO PROFESSORES DAC-PROEX<\/a><\/p>\n<p><a href=\"https:\/\/www.fauepg.org.br\/wp-content\/uploads\/\/sites\/133\/2023\/02\/Edital-FAUEPG-No-04-2023-RETIFICACAO-EDITAL-FAUEPG-No-03-2023-RESULTADO-DO-CREDENCIAMENTO-PROFESSORES-DAC-PROEX-1.pdf\">Edital FAUEPG N\u00ba 04 2023 - RETIFICA\u00c7\u00c3O EDITAL FAUEPG N\u00ba 03-2023 - RESULTADO DO CREDENCIAMENTO PROFESSORES DAC-PROEX<\/a><\/p>\n<p><a href=\"https:\/\/www.fauepg.org.br\/wp-content\/uploads\/\/sites\/133\/2023\/02\/Edital-FAUEPG-No-03-2023-RESULTADO-DO-CREDENCIAMENTO-PROFESSORES-DAC-PROEX-CONF.-EDITAL-DE-CHAMAMENTO-PUBLICO-FAUEPG-No-121-2022.pdf\">Edital FAUEPG N\u00ba 03 2023 - RESULTADO DO CREDENCIAMENTO PROFESSORES DAC-PROEX , CONF. EDITAL DE CHAMAMENTO P\u00daBLICO FAUEPG N\u00ba 121 2022<\/a><\/p>\n<p><a href=\"https:\/\/www.fauepg.org.br\/wp-content\/uploads\/\/sites\/133\/2023\/01\/EDITAL-FAUEPG-No-01-2023-RETIFICAC%CC%A7A%CC%83O-EDITAL-FAUEPG-No-121-2022-CHAMAMENTO-PUBLICO-CREDENCIAMENTO-COM-CNPJ-PARA-ATUACAO-NA-PROEX-DAC-UEPG.pdf\">EDITAL FAUEPG N\u00ba 01 2023 - RETIFICAC\u0327A\u0303O EDITAL FAUEPG N\u00ba 121 2022 CHAMAMENTO P\u00daBLICO CREDENCIAMENTO COM CNPJ PARA ATUA\u00c7\u00c3O NA PROEX-DAC-UEPG<\/a><\/p>\n<p>&nbsp;<\/p>\n\t\t\t\t<\/div>\n\t\t\t<\/div>\n\t\t<\/div>\n\t\t\t<div class=\"sow-accordion-panel sow-accordion-panel-open\"\n\t\t\t data-anchor=\"2022\">\n\t\t\t\t<div class=\"sow-accordion-panel-header-container\" role=\"heading\" aria-level=\"2\">\n\t\t\t\t\t<div class=\"sow-accordion-panel-header\" tabindex=\"0\" role=\"button\" id=\"accordion-label-2022\" aria-controls=\"accordion-content-2022\" aria-expanded=\"true\">\n\t\t\t\t\t\t<div class=\"sow-accordion-title sow-accordion-title-icon-left\">\n\t\t\t\t\t\t\t\t\t\t\t\t\t\t2022\t\t\t\t\t\t\t\t\t\t\t\t\t<\/div>\n\t\t\t\t\t\t<div class=\"sow-accordion-open-close-button\">\n\t\t\t\t\t\t\t<div class=\"sow-accordion-open-button\">\n\t\t\t\t\t\t\t\t<span class=\"sow-icon-ionicons\" data-sow-icon=\"&#xf218;\"\n\t\t \n\t\taria-hidden=\"true\"><\/span>\t\t\t\t\t\t\t<\/div>\n\t\t\t\t\t\t\t<div class=\"sow-accordion-close-button\">\n\t\t\t\t\t\t\t\t<span class=\"sow-icon-ionicons\" data-sow-icon=\"&#xf209;\"\n\t\t \n\t\taria-hidden=\"true\"><\/span>\t\t\t\t\t\t\t<\/div>\n\t\t\t\t\t\t<\/div>\n\t\t\t\t\t<\/div>\n\t\t\t\t<\/div>\n\n\t\t\t<div\n\t\t\t\tclass=\"sow-accordion-panel-content\"\n\t\t\t\trole=\"region\"\n\t\t\t\taria-labelledby=\"accordion-label-2022\"\n\t\t\t\tid=\"accordion-content-2022\"\n\t\t\t\t\t\t\t>\n\t\t\t\t<div class=\"sow-accordion-panel-border\" tabindex=\"0\">\n\t\t\t\t\t<p><strong>BOLSAS DE EXTENS\u00c3O PROEX<\/strong><\/p>\n<p><a href=\"https:\/\/www2.uepg.br\/proex\/wp-content\/uploads\/sites\/8\/2022\/12\/Edital-PROEX-2022.696-CLASSIFICACAO-FINAL-PROEX.pdf\">Edital PROEX 2022.696 CLASSIFICA\u00c7\u00c3O FINAL PROEX<\/a><\/p>\n<p><a href=\"https:\/\/www2.uepg.br\/proex\/wp-content\/uploads\/sites\/8\/2022\/12\/Edital-PROEX-679-1.pdf\">Edital PROEX 679.2022 - CLASSIFICA\u00c7\u00c3O PRELIMINAR<\/a><\/p>\n<p><a href=\"https:\/\/www2.uepg.br\/proex\/wp-content\/uploads\/sites\/8\/2022\/11\/Edital-PROEX_653-1.pdf\">Edital PROEX - PRORROGA\u00c7\u00c3O INSCRI\u00c7\u00d5ES_653<\/a>-2022<\/p>\n<p><a href=\"https:\/\/www2.uepg.br\/proex\/wp-content\/uploads\/sites\/8\/2022\/10\/Edital-610-2022-2.pdf\">Edital 610-2022<\/a><\/p>\n<p><a href=\"https:\/\/www2.uepg.br\/proex\/wp-content\/uploads\/sites\/8\/2022\/10\/ANEXO-I.doc\">ANEXO-I<\/a><\/p>\n<p>&nbsp;<\/p>\n<p><strong>PROGRAMA DE FOMENTO \u00c0S A\u00c7\u00d5ES EXTENSIONISTAS -2023<\/strong><\/p>\n<p><a href=\"https:\/\/www2.uepg.br\/proex\/wp-content\/uploads\/sites\/8\/2022\/12\/SEI_22.000080540_5.pdf\">EDITAL\u00a0 FINAL\u00a0 DE RESULTADO<\/a> <a href=\"https:\/\/www2.uepg.br\/proex\/wp-content\/uploads\/sites\/8\/2022\/12\/SEI_22.000080540_5.pdf\">PROEX\u00a0 N\u00ba 699-2022<\/a><a href=\"https:\/\/www2.uepg.br\/proex\/wp-content\/uploads\/sites\/8\/2022\/12\/SEI_22.000080540_5.pdf\">\u00a0 <\/a><\/p>\n<p><a href=\"https:\/\/www2.uepg.br\/proex\/wp-content\/uploads\/sites\/8\/2022\/12\/Edital-classificacao-preliminar-de-resultado-683.pdf\">EDITAL CLASSIFICA\u00c7\u00c3O PRELIMINAR DE RESULTADO - 683<\/a><\/p>\n<p><a href=\"https:\/\/www2.uepg.br\/proex\/wp-content\/uploads\/sites\/8\/2022\/11\/Edital-PROEX-No-657-2022-1.pdf\">EDITAL PROEX\u00a0 N\u00ba 657-2022- PRORROGA\u00c7\u00c3O DE INSCRI\u00c7\u00d5ES<\/a><\/p>\n<p><a href=\"https:\/\/www2.uepg.br\/proex\/wp-content\/uploads\/sites\/8\/2022\/10\/Edital-611-2022-1.pdf\">EDITAL PROEX N\u00ba 611-2022<\/a><\/p>\n<p><a href=\"https:\/\/www2.uepg.br\/proex\/wp-content\/uploads\/sites\/8\/2022\/10\/ANEXO-I.docx\">ANEXO-I<\/a><\/p>\n<p><a href=\"https:\/\/www2.uepg.br\/proex\/wp-content\/uploads\/sites\/8\/2022\/10\/ANEXO-II.docx\">ANEXO-II<\/a><\/p>\n<p>&nbsp;<\/p>\n<p><strong>NEADE\/TEA - N\u00facleo de estudos, pesquisas e a\u00e7\u00f5es frente \u00e0 diversidade educacional: um olhar para o TEA<\/strong><\/p>\n<p><a href=\"https:\/\/www2.uepg.br\/proex\/wp-content\/uploads\/sites\/8\/2022\/11\/Edital-02-2022-NEAD-TEA-bolsista-graduado.pdf\">EDITAL\u00a0 02-2022-NEAD-TEA- HOMOLOGA\u00c7\u00c3O DAS INSCRI\u00c7\u00d5ES\u00a0 E ENTREVISTA -\u00a0 BOLSISTA GRADUADO<\/a><\/p>\n<p><a href=\"https:\/\/www2.uepg.br\/proex\/wp-content\/uploads\/sites\/8\/2022\/11\/Edital-01-2022-NEAD-TEA-bolsista-graduado-.pdf\">EDITAL\u00a0 01-2022 NEADE-TEA\u00a0 SELE\u00c7\u00c3O\u00a0 BOLSISTA GRADUADO\u00a0<\/a><\/p>\n<p>&nbsp;<\/p>\n<p><strong>N\u00daCLEO DE DEFESA DE DIREITOS DA INF\u00c2NCIA E DA JUVENTUDE (NEDDIJ)<\/strong><\/p>\n<p><a href=\"https:\/\/www2.uepg.br\/proex\/wp-content\/uploads\/sites\/8\/2022\/11\/EDITAL-13-RETIFICACAO.pdf\">EDITAL 13 RETIFICA\u00c7\u00c3O<\/a><\/p>\n<p><a href=\"https:\/\/www2.uepg.br\/proex\/wp-content\/uploads\/sites\/8\/2022\/11\/EDITAL-12-DE-2022-RESULTADO.pdf\">EDITAL 12 DE 2022 RESULTADO<\/a><\/p>\n<p><a href=\"https:\/\/www2.uepg.br\/proex\/wp-content\/uploads\/sites\/8\/2022\/11\/EDITAL-NEDDIJ-11-RETIFICACAO.pdf\">EDITAL NEDDIJ 11 RETIFICA\u00c7\u00c3O<\/a><\/p>\n<p><a href=\"https:\/\/www2.uepg.br\/proex\/wp-content\/uploads\/sites\/8\/2022\/11\/EDITAL-10-NEDDIJ-INSCRICOES-DEFERIDAS-E-ENTREVISTAS.pdf\">EDITAL 10 NEDDIJ INSCRI\u00c7\u00d5ES DEFERIDAS E ENTREVISTAS<\/a><\/p>\n<p><a href=\"https:\/\/www2.uepg.br\/proex\/wp-content\/uploads\/sites\/8\/2022\/11\/EDITAL-09-SELECAO-NEDDIJ-2022.pdf\">EDITAL 09 SELE\u00c7\u00c3O NEDDIJ 2022<\/a><\/p>\n<p>EDITAL\u00a0 NEDDIJ - 08-2022 - RESULTADO SELE\u00c7\u00c3O\u00a0 Bolsista Profissional Graduado- Area Jur\u00eddica<\/p>\n<p><a href=\"https:\/\/www2.uepg.br\/proex\/wp-content\/uploads\/sites\/8\/2022\/08\/EDITAL-SEURS-RESULTADO-FINAL.pdf\">EDITAL SEURS RESULTADO FINAL<\/a>- Inscri\u00e7\u00f5es Deferidas\u00a0 e Entrevista BOLSISTA PROFISSIONAL GRADUADO A\u0301rea Juri\u0301dica<\/p>\n<p>EDITAL\u00a0 NEDDIJ-\u00a0 06-2022- NEDDIJ - Inscri\u00e7\u00f5es Deferidas\u00a0 e Entrevista BOLSISTA PROFISSIONAL GRADUADO - \u00c1rea Jur\u00eddica<\/p>\n<p>EDITAL\u00a0 NEDDIJ - 05-2022 - ABERTURA DAS INSCRI\u00c7\u00d5ES PARA SELE\u00c7\u00c3O BOLSISTA PROFISSIONAL GRADUADO\u00a0 - A\u0301rea Juri\u0301dica<\/p>\n<p>EDITAL NEDDIJ - 04-2022 - RESULTADO FINAL<\/p>\n<p>EDITAL NEDDIJ - 03-2022 - DEFERIMENTO INSCRIC\u0327O\u0303ES<\/p>\n<p>EDITAL\u00a0 NEDDIJ - 02\/2022 - ABERTURA DAS INSCRI\u00c7\u00d5ES PARA SELE\u00c7\u00c3O DE BOLSISTA<\/p>\n<p>EDITAL NEDDIJ - 01\/2022 - ABERTURA DAS INSCRI\u00c7\u00d5ES PARA SELE\u00c7\u00c3O DE BOLSISTA<\/p>\n<p>&nbsp;<\/p>\n<p><strong>PROGRAMA AURORA<\/strong><\/p>\n<p><a href=\"https:\/\/www2.uepg.br\/proex\/wp-content\/uploads\/sites\/8\/2022\/11\/EDITAL-DE-SELECAO-RESULTADOS.pdf\">EDITAL\u00a0 06-22 RESULTADO DE SELE\u00c7\u00c3O - PROFISSIONAL GRADUADO E ESTUDANTES - PROGRAMA AURORA<\/a><\/p>\n<p><a href=\"https:\/\/www2.uepg.br\/proex\/wp-content\/uploads\/sites\/8\/2022\/11\/EDITAL-RETIFICACAO-05-22-Estudantes-DEFERIMENTO-INSCRICOES-Estudantes-PROGRAMA-AURORA.pdf\">EDITAL RETIFICA\u00c7\u00c3O 05-22 Estudantes DEFERIMENTO INSCRI\u00c7\u00d5ES - Estudantes PROGRAMA AURORA<\/a><\/p>\n<p><a href=\"https:\/\/www2.uepg.br\/proex\/wp-content\/uploads\/sites\/8\/2022\/11\/EDITAL-04-22-Estudantes-DEFERIMENTO-INSCRICOES-Estudantes-PROGRAMA-AURORA-.pdf\">EDITAL 04-22 Estudantes DEFERIMENTO INSCRI\u00c7\u00d5ES - Estudantes PROGRAMA AURORA<\/a><\/p>\n<p><a href=\"https:\/\/www2.uepg.br\/proex\/wp-content\/uploads\/sites\/8\/2022\/11\/EDITAL-03-22-Profissional-DEFERIMENTO-INSCRICOES-PROGRAMA-AURORA-.pdf\">EDITAL 03-22 Profissional DEFERIMENTO INSCRI\u00c7\u00d4ES PROGRAMA AURORA<\/a><\/p>\n<p><a href=\"https:\/\/www2.uepg.br\/proex\/wp-content\/uploads\/sites\/8\/2022\/11\/EDITAL-02-2022-DE-SELECAO-PROFISSIONAL-GRADUADO-PROGRAMA-AURORA.pdf\">EDITAL 02-2022 DE SELE\u00c7\u00c3O PROFISSIONAL GRADUADO PROGRAMA AURORA<\/a><\/p>\n<p><a href=\"https:\/\/www2.uepg.br\/proex\/wp-content\/uploads\/sites\/8\/2022\/11\/EDITAL-01-2022-DE-SELECAO-ESTUDANTE-DE-GRADUACAO-PROGRAMA-AURORA-.pdf\">EDITAL 01-2022 DE SELE\u00c7\u00c3O ESTUDANTE DE GRADUA\u00c7\u00c3O PROGRAMA AURORA<\/a><\/p>\n<p><strong>\u00a0 <\/strong><\/p>\n<p><strong>PROGRAMA DE APOIO INSTITUCIONAL PARA PARTICIPA\u00c7\u00c3O EM EVENTOS T\u00c9CNICO-CIENT\u00cdFICOS EXTENSIONISTAS - FUNDA\u00c7\u00c3O ARAUC\u00c1RIA\/UEPG.<\/strong><\/p>\n<p><a href=\"https:\/\/www2.uepg.br\/proex\/wp-content\/uploads\/sites\/8\/2022\/10\/SEI_22.000065262_5-Resultado.pdf\">EDITAL_554-2022\u00a0 \u00a0SEI UEPG\u00a0 - Resultado<\/a><\/p>\n<p><a href=\"https:\/\/www2.uepg.br\/proex\/wp-content\/uploads\/sites\/8\/2022\/09\/SEI_UEPG-1141533-Edital-521-2022.pdf\">\u00a0EDITAL\u00a0 521-2022<\/a> - SEI UEPG -<\/p>\n<p>&nbsp;<\/p>\n<p><strong>1. CHAMADA INTERNA PROEX - DEU<\/strong><\/p>\n<p><a href=\"https:\/\/www2.uepg.br\/proex\/wp-content\/uploads\/sites\/8\/2022\/08\/Resultado-Chamada-Interna-001-2022-PROEX-DEU-1-II.pdf\">Resultado Chamada Interna 001-2022 PROEX - DEU<\/a><\/p>\n<p><a href=\"https:\/\/www2.uepg.br\/proex\/wp-content\/uploads\/sites\/8\/2022\/06\/Prorrogacao-Exposicao-Itinerante-Extensao-em-Movimento...-1.doc\">Prorroga\u00e7\u00e3o Chamada Interna 001\/2022 PROEX -DEU<\/a><\/p>\n<p><a href=\"https:\/\/www2.uepg.br\/proex\/wp-content\/uploads\/sites\/8\/2022\/06\/Chamada-Interna-001-2022-Exposicao-1.pdf\">Chamada Interna 001\/2022 PROEX - DEU<\/a><\/p>\n<p><a href=\"https:\/\/www2.uepg.br\/proex\/wp-content\/uploads\/sites\/8\/2022\/06\/Chamada-Interna-001-2022-ANEXO-I.docx\">ANEXO I - Chamada Interna 001\/2022 PROEX - DEU<\/a><\/p>\n<p><a href=\"https:\/\/www2.uepg.br\/proex\/wp-content\/uploads\/sites\/8\/2022\/06\/Chamada-Interna-001-2022-ANEXO-II.docx\">ANEXO II - Chamada Interna 001\/2022 PROEX - DEU<\/a><\/p>\n<p>&nbsp;<\/p>\n<p><strong>2. BOLSAS DE EXTENS\u00c3O<\/strong><\/p>\n<p>2.1 Bolsa de Extens\u00e3o PIBIS<\/p>\n<p><a href=\"https:\/\/www2.uepg.br\/proex\/wp-content\/uploads\/sites\/8\/2022\/05\/2022-ABERTURA-PIBIS-2-2.pdf\">EDITAL PROEX DEU 01\/2022 ABERTURA PIBIS<\/a><\/p>\n<p><a href=\"https:\/\/www2.uepg.br\/proex\/wp-content\/uploads\/sites\/8\/2022\/05\/ANEXO-I-Plano-de-Trabalho-e-Declaracao-do-Bolsista-PIBIS-1.doc\">ANEXO I Plano de Trabalho e Declara\u00e7\u00e3o do Bolsista PIBIS<\/a><\/p>\n<p><a href=\"https:\/\/www2.uepg.br\/proex\/wp-content\/uploads\/sites\/8\/2022\/05\/proposta_ficha_empreendedorismo_inovacao_2022-5.pdf\">ANEXO II FICHA DE INSCRI\u00c7\u00c3O<\/a><\/p>\n<p><a href=\"https:\/\/www2.uepg.br\/proex\/wp-content\/uploads\/sites\/8\/2022\/06\/PRORROGACAOPIBIS-2.pdf\">EDITAL PROEX DEU 05\/2022 PRORROGA\u00c7\u00c3O PIBIS<\/a><\/p>\n<p><a href=\"https:\/\/www2.uepg.br\/proex\/wp-content\/uploads\/sites\/8\/2022\/06\/EDITAL062022RESULTADOPRELIMINAR062022PIBIS-1.pdf\">EDITAL PROEX DEU 06\/2022 CLASSIFICA\u00c7\u00c3O PRELIMINAR PIBIS\u00a0<\/a><\/p>\n<p><a href=\"https:\/\/www2.uepg.br\/proex\/wp-content\/uploads\/sites\/8\/2022\/07\/CLASSIFICACAO-FINAL-PIBIS-2022.pdf\">EDITAL PROEX DEU 09\/2022 CLASSIFICA\u00c7\u00c3O FINAL PIBIS<\/a><\/p>\n<p>&nbsp;<\/p>\n<p>2.2 Bolsa de Extens\u00e3o PIBEX<\/p>\n<p><a href=\"https:\/\/www2.uepg.br\/proex\/wp-content\/uploads\/sites\/8\/2022\/05\/2022-ABERTURA-PIBEX-2.pdf\">EDITAL PROEX DEU 02\/2022 ABERTURA PIBEX<\/a><\/p>\n<p><a href=\"https:\/\/www2.uepg.br\/proex\/wp-content\/uploads\/sites\/8\/2022\/05\/PLANO-DE-TRABALHO-DO-BOLSISTA-PIBEX-1.doc\">ANEXO 1 - Plano de Trabalho BolsistaPIBEX<\/a><\/p>\n<p><a href=\"https:\/\/www2.uepg.br\/proex\/wp-content\/uploads\/sites\/8\/2022\/05\/proposta_ficha_empreendedorismo_inovacao_2022-5.pdf\">ANEXO II FICHA DE INSCRI\u00c7\u00c3O<\/a><\/p>\n<p><a href=\"https:\/\/www2.uepg.br\/proex\/wp-content\/uploads\/sites\/8\/2022\/06\/PRORROGACAOPIBEX-2.pdf\">EDITAL PROEX DEU 04\/2022 PRORROGA\u00c7\u00c3O PIBEX<\/a><\/p>\n<p><a href=\"https:\/\/www2.uepg.br\/proex\/wp-content\/uploads\/sites\/8\/2022\/06\/EDITAL-072022CLASSIFICACAO-PRELIMINAR-PIBEX-1-1.pdf\">EDITAL PROEX DEU 07\/2022 CLASSIFICA\u00c7\u00c3O PRELIMINAR PIBEX<\/a><\/p>\n<p><a href=\"https:\/\/www2.uepg.br\/proex\/wp-content\/uploads\/sites\/8\/2022\/07\/08-2022-RETIFICACAO-classificacao-preliminar-2.pdf\">EDITAL PROEX DEU 08\/2022 RETIFICA\u00c7\u00c3O CLASSIFICA\u00c7\u00c3O PRELIMINAR PIBEX<\/a><\/p>\n<p><a href=\"https:\/\/www2.uepg.br\/proex\/wp-content\/uploads\/sites\/8\/2022\/07\/CLASSIFICACAO-FINAL-PIBEX-2022.pdf\">EDITAL PROEX DEU 10\/2022 CLASSIFICA\u00c7\u00c3O FINAL PIBEX<\/a><\/p>\n<p>&nbsp;<\/p>\n<p><strong>3. EDITAIS DEU\u00a0<\/strong><\/p>\n<p><strong>3.1 UEPG NO PROGRAMA MULHERES PARANAENSES: EMPODERAMENTO E LIDERAN\u00c7A<\/strong><\/p>\n<p><a href=\"https:\/\/www2.uepg.br\/proex\/wp-content\/uploads\/sites\/8\/2022\/08\/Edital-10-2022-Programa-Mulheres-Paranaenses.pdf\">Edital\u00a0 N\u00ba 10-2022 Programa Mulheres Paranaenses<\/a><\/p>\n<p><a href=\"https:\/\/www2.uepg.br\/proex\/wp-content\/uploads\/sites\/8\/2022\/08\/anexo-III.docx\">Anexo III<\/a><\/p>\n<p><a href=\"https:\/\/www2.uepg.br\/proex\/wp-content\/uploads\/sites\/8\/2022\/08\/AnexoIV.docx\">Anexo IV<\/a><\/p>\n<p><a href=\"https:\/\/www2.uepg.br\/proex\/wp-content\/uploads\/sites\/8\/2022\/07\/Edital-009-2022-Programa-Mulheres-Paranaenses-Resultado-Final.pdf\">EDITAL N\u00ba. 009\/2022 - Resultado Final\u00a0<\/a><\/p>\n<p><a href=\"https:\/\/www2.uepg.br\/proex\/wp-content\/uploads\/sites\/8\/2022\/07\/Edital-008-Programa-Mulheres-Paranaenses-Resultado-Preliminar-da-Analise-do-Merito.pdf\">Edital\u00a0 N\u00ba008 -2022 - Programa Mulheres Paranaenses - Resultado Preliminar da An\u00e1lise do M\u00e9rito<\/a><\/p>\n<p><a href=\"https:\/\/www2.uepg.br\/proex\/wp-content\/uploads\/sites\/8\/2022\/06\/Edital-007-2022-Programa-Mulheres-Paranaenses-resultado-final-da-analise-tecnica.pdf\">Edital\u00a0 N\u00ba007-2022 Programa Mulheres Paranaenses - resultado final da an\u00e1lise t\u00e9cnica<\/a><\/p>\n<p><a href=\"https:\/\/www2.uepg.br\/proex\/wp-content\/uploads\/sites\/8\/2022\/06\/Edital-006-2022-PROGRAMA-MULHERES-PARANENSES-Resultado-Preliminar-da-Analise-Tecnica-4.pdf\">Edital\u00a0 N\u00ba006-2022\u00a0 - Resultado Preliminar da An\u00e1lise T\u00e9cnica\u00a0<\/a><\/p>\n<p><a href=\"https:\/\/www2.uepg.br\/proex\/wp-content\/uploads\/sites\/8\/2022\/06\/Edital-Programa-Mulheres-Paranaenses-Prorrogacao...II_-2.docx\">Edital\u00a0 N\u00ba005-2022- Programa Mulheres Paranaenses Prorroga\u00e7\u00e3o.<\/a><\/p>\n<p><a href=\"https:\/\/www2.uepg.br\/proex\/wp-content\/uploads\/sites\/8\/2022\/06\/Retificacao-do-Edital-No.-003-2022.pdf\">\u00a0Edital\u00a0 N\u00ba004-2022 Retifica\u00e7\u00e3o do Edital N\u00ba. 003-2022 Mulheres Paranaenses<\/a><\/p>\n<p><a href=\"https:\/\/www2.uepg.br\/proex\/wp-content\/uploads\/sites\/8\/2022\/05\/Edital-003-2022-Programa-UEPG-Mulheres-Paranaenses.pdf\">Edital\u00a0 N\u00ba003-2022 Programa UEPG Mulheres Paranaenses<\/a><\/p>\n<p><a href=\"https:\/\/www2.uepg.br\/proex\/wp-content\/uploads\/sites\/8\/2022\/05\/ANEXO-1-Plano-de-Trabalho-Mulheres-Paranaenses-FA.docx\">ANEXO 1 - Plano de Trabalho Mulheres Paranaenses FA<\/a><\/p>\n<p>&nbsp;<\/p>\n<p><strong>3.2 EST\u00c1GIO<\/strong><\/p>\n<p><a href=\"https:\/\/www2.uepg.br\/proex\/wp-content\/uploads\/sites\/8\/2022\/04\/Edital-de-Resultado-Entrevista-Estagio-...-2-1.pdf\">EDITAL PROEX\/DEU N\u00ba 02\/2022 - RESULTADO ENTREVISTA DE EST\u00c1GIO <\/a><\/p>\n<p><a href=\"https:\/\/www2.uepg.br\/proex\/wp-content\/uploads\/sites\/8\/2022\/03\/Edital-de-Convocacao-para-Entrevista-Estagio-...-_1_.pdf\" target=\"_blank\" rel=\"noopener\">EDITAL PROEX\/DEU N\u00ba 01\/2022 - CONVOCA\u00c7\u00c3O PARA ENTRE<\/a><a href=\"https:\/\/www2.uepg.br\/proex\/wp-content\/uploads\/sites\/8\/2022\/03\/Edital-de-Convocacao-para-Entrevista-Estagio-...-_1_.pdf\" target=\"_blank\" rel=\"noopener\">VISTA DE EST\u00c1GIO<\/a><\/p>\n<p>&nbsp;<\/p>\n<p><strong>3.3 SEURS: SEMIN\u00c1RIO DE EXTENS\u00c3O UNIVERSIT\u00c1RIA DA REGI\u00c3O SUL<\/strong><\/p>\n<p><a href=\"https:\/\/www2.uepg.br\/proex\/wp-content\/uploads\/sites\/8\/2022\/08\/Edital-PROEX-40-SEURS-retificacao.pdf\">Edital-PROEX-40-SEURS retifica\u00e7\u00e3o<\/a><\/p>\n<p><a href=\"https:\/\/www2.uepg.br\/proex\/wp-content\/uploads\/sites\/8\/2022\/07\/Edital-PROEX-40-SEURS-atualizacao-1.pdf\">Edital-PROEX-40-SEURS -\u00a0 inscri\u00e7\u00e3o \u00a0<\/a><\/p>\n<p><a href=\"https:\/\/www2.uepg.br\/proex\/wp-content\/uploads\/sites\/8\/2022\/08\/Edital-PROEX-40-SEURS-prorrogacao.pdf\">Edital-PROEX-40-SEURS prorroga\u00e7\u00e3o\u00a0 \u00a0 <\/a><\/p>\n<p><a href=\"https:\/\/www2.uepg.br\/proex\/wp-content\/uploads\/sites\/8\/2022\/08\/EDITAL-SEURS-RESULTADO-FINAL-2.pdf\">EDITAL-PROEX-40-SEURS RESULTADO FINAL <\/a><\/p>\n<p>&nbsp;<\/p>\n<p>&nbsp;<\/p>\n<p><strong>PROJETOS ESTRAT\u00c9GICOS - UGF\/SETI<\/strong><\/p>\n<p>&nbsp;<\/p>\n<p>&nbsp;<\/p>\n<p>&nbsp;<\/p>\n<p><strong>N\u00daCLEO MARIA DA PENHA - NUMAPE<\/strong><\/p>\n<p><a href=\"https:\/\/www2.uepg.br\/proex\/wp-content\/uploads\/sites\/8\/2022\/11\/EDITAL-010-2022-DE-RESULTADO-DE-SELECAO.pdf\">EDITAL 010-2022 DE RESULTADO DE SELE\u00c7\u00c3O<\/a><\/p>\n<p><a href=\"https:\/\/www2.uepg.br\/proex\/wp-content\/uploads\/sites\/8\/2022\/10\/EDITAL-009-2022-DE-RETIFICACAO.pdf\">EDITAL 009-2022 DE RETIFICA\u00c7\u00c3O<\/a><\/p>\n<p><a href=\"https:\/\/www2.uepg.br\/proex\/wp-content\/uploads\/sites\/8\/2022\/10\/EDITAL-008-2022-DE-HOMOLOGACAO-DE-INSCRICOES.pdf\">EDITAL 008-2022 DE HOMOLOGA\u00c7\u00c3O DE INSCRI\u00c7\u00d5ES<\/a><\/p>\n<p><a href=\"https:\/\/www2.uepg.br\/proex\/wp-content\/uploads\/sites\/8\/2022\/10\/EDITAL-007-2022-DE-PRORROGACAO-DE-INSCRICOES..pdf\">EDITAL 007-2022 DE PRORROGA\u00c7\u00c3O DE INSCRI\u00c7\u00d5ES.<\/a><\/p>\n<p><a href=\"https:\/\/www2.uepg.br\/proex\/wp-content\/uploads\/sites\/8\/2022\/10\/EDITAL-006-2022-SELECAO-BOLSISTAS-GRADUACAO-DIREITO-E-SERVICO-SOCIAL.pdf\">EDITAL 006-2022 SELE\u00c7\u00c3O BOLSISTAS GRADUA\u00c7\u00c3O DIREITO E SERVI\u00c7O SOCIAL<\/a><\/p>\n<p><a href=\"https:\/\/www2.uepg.br\/proex\/wp-content\/uploads\/sites\/8\/2022\/08\/Edital-005-2022-NUMAPE-2022-2\u00b0-convocacao-1-1.pdf\">EDITAL 005-2022\u00a0 - 2\u00b0 CONVOCA\u00c7\u00c3O<\/a><\/p>\n<p><a href=\"https:\/\/www2.uepg.br\/proex\/wp-content\/uploads\/sites\/8\/2022\/08\/EDITAL-004-2022-RESULTADO-FINAL.-ORGANIZADOdocx-1.pdf\">EDITAL 004-2022 RESULTADO FINAL<\/a><\/p>\n<p><a href=\"https:\/\/www2.uepg.br\/proex\/wp-content\/uploads\/sites\/8\/2022\/08\/EDITAL-003-2022-DE-HOMOLOGACAO-DAS-INCRICOES-.pdf\">EDITAL 003-2022 DE HOMOLOGA\u00c7\u00c3O DAS INCRI\u00c7\u00d5ES<\/a><\/p>\n<p><a href=\"https:\/\/www2.uepg.br\/proex\/wp-content\/uploads\/sites\/8\/2022\/08\/EDITAL-002-2022-SELECAO-BOLSA-PROFISSIONAL-GRADUADO-EM-DIREITO.pdf\">EDITAL 002-2022 SELE\u00c7\u00c3O BOLSISTAS PROFISSIONAL GRADUADO EM DIREITO<\/a><\/p>\n<p><a href=\"https:\/\/www2.uepg.br\/proex\/wp-content\/uploads\/sites\/8\/2022\/08\/EDITAL-001-2022-DE-CONVOCACAO-BOLSISTAS.pdf\">EDITAL 001-2022 DE CONVOCA\u00c7\u00c3O BOLSISTAS<\/a><\/p>\n<p>&nbsp;<\/p>\n<p><strong>UNIVERSIDADE SEM FRONTEIRAS - USF\/SETI<\/strong><\/p>\n<p><strong>4.1 - PROCESSOS MIGRAT\u00d3RIOS E INTERC\u00c2MBIO: INCLUS\u00c3O SOCIAL E DIVERSIDADE CULTURAL<\/strong><\/p>\n<p><a href=\"https:\/\/www2.uepg.br\/proex\/wp-content\/uploads\/sites\/8\/2022\/07\/Edital-04-CLASSIFICACAO-Processos-Migratorios.pdf\">Edital USF 04-2022\u00a0 Resultado da Sele\u00e7\u00e3o\u00a0 Processos Migrat\u00f3rios<\/a><\/p>\n<p><a href=\"https:\/\/www2.uepg.br\/proex\/wp-content\/uploads\/sites\/8\/2022\/06\/Edital-03-Deferimento-e-Horario-das-Entrevistas-retificacao.pdf\">Edital USF 03-2022\u00a0 Deferimento e Hor\u00e1rio das Entrevistas Retifica\u00e7\u00e3o<\/a><\/p>\n<p><a href=\"https:\/\/www2.uepg.br\/proex\/wp-content\/uploads\/sites\/8\/2022\/06\/Edital-02-Deferimento-e-Horario-das-Entrevistas-1.pdf\">Edital USF 02-2022\u00a0 Deferimento das Inscri\u00e7\u00f5es\u00a0 e Hor\u00e1rio das Entrevistas\u00a0<\/a><\/p>\n<p><a href=\"https:\/\/www2.uepg.br\/proex\/wp-content\/uploads\/sites\/8\/2022\/06\/Edital-01-2022-Abertura-Inscricoes-Bolsistas-USF.pdf\">Edital USF 01-2022-\u00a0 Abertura Inscri\u00e7\u00f5es Sele\u00e7\u00e3o de Bolsistas\u00a0<\/a><\/p>\n<p>&nbsp;<\/p>\n<p><strong>4.2 - NAS TEIAS DE ANANSE: BIBLIOTECA DE NARRATIVAS AFROIND\u00cdGENAS BRASILEIRAS E AFRICANAS NA ESCOLA<\/strong>.<\/p>\n<p><a href=\"https:\/\/www2.uepg.br\/proex\/wp-content\/uploads\/sites\/8\/2022\/05\/Edital-003-2022-Resultado-da-Selecao-Bolsista-de-Graducao-US-1.pdf\">Edital USF 03-2022-\u00a0 Resultado da Sele\u00e7\u00e3o - Bolsista de Gradu\u00e7\u00e3o US<\/a>F<\/p>\n<p><a href=\"https:\/\/www2.uepg.br\/proex\/wp-content\/uploads\/sites\/8\/2022\/05\/Edital-002-2022-Classificacao-Bolsistas-de-Graduacao-e-horario-de-entrevistas-remota-USF.pdf\">Edital\u00a0 USF 02-2022-\u00a0 Classifica\u00e7\u00e3o Bolsistas de Gradua\u00e7\u00e3o e hor\u00e1rio de entrevistas remota USF<\/a><\/p>\n<p><a href=\"https:\/\/www2.uepg.br\/proex\/wp-content\/uploads\/sites\/8\/2022\/05\/Edital-001-2022-Abertura-Inscricoes-Bolsas-Estudante-de-Graduacao-USF.pdf\">Edital USF\u00a0 01-2022-\u00a0 Abertura Inscri\u00e7\u00f5es Bolsas Estudante de Gradua\u00e7\u00e3o <\/a><\/p>\n<p>&nbsp;<\/p>\n<p><strong>4.4 - Educa\u00e7\u00e3o Ambiental no Contexto dos Sistemas Tradicionais e Agroecol\u00f3gicos da Erva-Mate: Valoriza\u00e7\u00e3o Cultural e Produ\u00e7\u00e3o Socioecon\u00f4mica da Agricultura Familiar em In\u00e1cio Martins<\/strong><\/p>\n<p><a href=\"https:\/\/www2.uepg.br\/proex\/wp-content\/uploads\/sites\/8\/2022\/04\/Edital-03-2022-USF-final.pdf\" target=\"_blank\" rel=\"noopener\">EDITAL USF 03\/2022 - CLASSIFICA\u00c7\u00c3O FINAL DOS APROVADOS<\/a><\/p>\n<p><a href=\"https:\/\/www2.uepg.br\/proex\/wp-content\/uploads\/sites\/8\/2022\/03\/Edital-02-2022-USF-homologac\u0327a\u0303o-estudantes-1.pdf\">EDITAL USF 02\/2022 - HOMOLOGA\u00c7\u00c3O DAS INSCRI\u00c7\u00d5ES<\/a><\/p>\n<p><a href=\"https:\/\/www2.uepg.br\/proex\/wp-content\/uploads\/sites\/8\/2022\/03\/Edital-001_-2022-USF-1.pdf\" target=\"_blank\" rel=\"noopener\">EDITAL USF 01\/2022 - ABERTURA DAS INSCRI\u00c7\u00d5ES<\/a><\/p>\n<p>&nbsp;<\/p>\n<p><strong>4.5- EDUCANTO : Educa\u00e7\u00e3o musical por meio do canto coral infantojuvenil.<\/strong><\/p>\n<p><a href=\"https:\/\/www2.uepg.br\/proex\/wp-content\/uploads\/sites\/8\/2022\/03\/Edital-USF-001-22-Inscricoes-Bolsistas-projeto-Educanto.pdf\">Edital USF 01-22 INSCRI\u00c7\u00d5ES BOLSISTAS DE\u00a0 GRADUA\u00c7\u00c3O E REC\u00c9M FORMADO<\/a><\/p>\n<p>&nbsp;<\/p>\n<p><strong>4.6- Produzir \u00e1gua e conservar os solos como pr\u00e1ticas b\u00e1sicas para o desenvolvimento local de Comunidades Rurais dos Campos Gerais, PR<\/strong><\/p>\n<p><a href=\"https:\/\/www2.uepg.br\/proex\/wp-content\/uploads\/sites\/8\/2022\/02\/Edital-03-2022-USF-BOLSISTAS-APROVADO-E-SUPLENTES.docx\">Edital USF 03-2022-BOLSISTAS APROVADO E SUPLENTES<\/a><\/p>\n<p><a href=\"https:\/\/www2.uepg.br\/proex\/wp-content\/uploads\/sites\/8\/2022\/02\/Edital-02-2022-USF-homologac\u0327a\u0303o-inscricao-BOLSISTA-DE-GRADUACAO.pdf\">Edital USF 02- 2022- HOMOLOGA\u00c7\u00c3O INSCRI\u00c7\u00d5ES BOLSISTA\u00a0 GRADUA\u00c7\u00c3O<\/a><\/p>\n<p><a href=\"https:\/\/www2.uepg.br\/proex\/wp-content\/uploads\/sites\/8\/2022\/02\/Edital-01-2022-substituicao-USF-BOLSISTA-GRAD.pdf\">Edital USF 01 -2022\u00a0 \u00a0ABERTURA DE INSCRI\u00c7\u00d5ES BOLSISTA\u00a0 GRADUA\u00c7\u00c3O<\/a><\/p>\n<p>&nbsp;<\/p>\n<p><strong>4.7- INCUBADORA DE EMPREENDIMENTOS SOLID\u00c1RIOS (IESOL\/UEPG) da UNIVERSIDADE ESTADUAL DE PONTA GROSSA\u2013UEPG na Cidade de Ponta Grossa\/PR<\/strong><\/p>\n<p><a href=\"https:\/\/www2.uepg.br\/proex\/wp-content\/uploads\/sites\/8\/2022\/01\/edital-convocacao-01-22-Reydi-1.pdf\">Edital USF 001\/22 CONVOCA\u00c7\u00c3O BOLSISTA<\/a><\/p>\n<p>&nbsp;<\/p>\n<p><strong>5. PROGRAMA INSTITUCIONAL UNIVERSIDADES AMIG@S: ACOLHIMENTO EXTENSIONISTA AOS CIENTISTAS UCRANIANOS<\/strong><\/p>\n<p><strong>5.1 DOCUMENT\u00c1RIO\u00a0<\/strong><\/p>\n<p><a href=\"https:\/\/www2.uepg.br\/proex\/wp-content\/uploads\/sites\/8\/2022\/06\/Documentario-Ucranianas-Edital-001-2022.pdf\">Document\u00e1rio Ucranianas Edital 001 2022<\/a><\/p>\n<p><a href=\"https:\/\/www2.uepg.br\/proex\/wp-content\/uploads\/sites\/8\/2022\/06\/Edital-02-Documentario-Ucranianas-Bolsistas-Selecionados.pdf\">Edital 02 Document\u00e1rio Ucranianas Bolsistas Selecionados<\/a><\/p>\n<p><a href=\"https:\/\/www2.uepg.br\/proex\/wp-content\/uploads\/sites\/8\/2022\/06\/Edital-03-Documentario-Ucranianas.pdf\">Edital 03 Document\u00e1rio Ucranianas<\/a><\/p>\n<p><a href=\"https:\/\/www2.uepg.br\/proex\/wp-content\/uploads\/sites\/8\/2022\/06\/Edital-04-Documentario-Ucranianas-vagas-remanescentes-bolsistas-Selecionados.pdf\">Edital 04 Document\u00e1rio Ucranianas - vagas remanescentes - bolsistas Selecionados<\/a><\/p>\n<p><a href=\"https:\/\/www2.uepg.br\/proex\/wp-content\/uploads\/sites\/8\/2022\/06\/Edital-05-Documentario-Ucranianas-vagas-remanescentes-convocacao.pdf\">Edital 05 Document\u00e1rio Ucranianas - vagas remanescentes - convoca\u00e7\u00e3o<\/a><\/p>\n<p>Edital 572 - SELE\u00c7\u00c3O DE T\u00c9CNICO-EXTENSIONISTA - INSCRI\u00c7\u00d5ES<\/p>\n<p>EDITAL PROEX - N\u00ba 2022.618 - Resultado final da sele\u00e7\u00e3o de t\u00e9cnico-extensionista -\u00a0<a href=\"https:\/\/www2.uepg.br\/proex\/wp-content\/uploads\/sites\/8\/2022\/10\/SEI_22.000066266_3.pdf\">SEI_22.000066266_3<\/a><\/p>\n<p>&nbsp;<\/p>\n<p><strong>5.2 UNIVERSIDADE AMIG@S: ACOLHIMENTO EXTENSIONISTA AOS CIENTISTAS UCRANIANOS<\/strong><\/p>\n<p><a href=\"https:\/\/www2.uepg.br\/proex\/wp-content\/uploads\/sites\/8\/2022\/10\/Edital-PROEX607.pdf\">Edital PROEX 607 - selecionados para entrevista<\/a><\/p>\n<p><a href=\"https:\/\/www2.uepg.br\/proex\/wp-content\/uploads\/sites\/8\/2022\/10\/Edital_Proex2022.572-1.pdf\">Edital_Proex2022.572<\/a><\/p>\n<p><a href=\"https:\/\/www2.uepg.br\/proex\/wp-content\/uploads\/sites\/8\/2022\/07\/Edital-Ucranianas-versao-final-4.pdf\">Edital 06\u00a0 Ucranianas -\u00a0 Sele\u00e7\u00e3o Orientador Extensionista<\/a><\/p>\n<p><strong><a href=\"https:\/\/www2.uepg.br\/proex\/wp-content\/uploads\/sites\/8\/2022\/08\/Edital-07-resultado-analise-de-merito.pdf\">Edital 07 resultado an\u00e1lise de m\u00e9rito<\/a><\/strong> -<\/p>\n<p><a href=\"https:\/\/www2.uepg.br\/proex\/wp-content\/uploads\/sites\/8\/2022\/08\/Edital-08-PROEX-Ucranianas-resultado-final.pdf\">Edital 08-PROEX-Ucranianas-resultado final<\/a><\/p>\n<p>&nbsp;<\/p>\n<p><strong>6. EDITAIS PROEX DAC<\/strong><\/p>\n<p>EDITAL PROEX\/DAC N\u00ba 2022 INSCRI\u00c7\u00d5ES CURSOS PARA COMUNIDADE - DAC<\/p>\n<p><a href=\"https:\/\/www2.uepg.br\/proex\/wp-content\/uploads\/sites\/8\/2022\/06\/EDITAL-FAUEPG-NSCRICOES-PARA-canto-e-flauta-doce-1.pdf\">EDITAL<\/a><\/p>\n<p>34\u00ba FESTIVAL UNIVERSIT\u00c1RIO DA CAN\u00c7\u00c3O - FUC<\/p>\n<p><a href=\"https:\/\/www2.uepg.br\/proex\/wp-content\/uploads\/sites\/8\/2022\/04\/Edital-completo-Regulamento-34-FUC-alterado-em-04-de-abril.pdf\">REGULAMENTO GERAL<\/a><\/p>\n<p>CHAMAMENTO P\u00daBLICO FAUEPG\u00a0 PROFESSORES - CURSOS DE FLAUTA DOCE, CORAL E VIOL\u00c3O POPULAR\/ACOMPANHAMENTO<\/p>\n<p><a href=\"https:\/\/www.fauepg.org.br\/wp-content\/uploads\/\/sites\/133\/2022\/04\/Edital-FAUEPG-No-41-2022-CHAMAMENTO-PUBLICO-PARA-CREDENCIAMENTO-DE-PROFESSORES-DE-DIFERENTES-AREAS-DE-CONHECIMENTO-PARA-ATUACAO-NOS-CURSOS-DE-EXTENSAO-DA-DAC-PROEX-UEPG.pdf\">EDITAL N\u00ba 41\/2022<\/a><\/p>\n<p>RESULTADO DA SELE\u00c7\u00c3O DO CREDENCIAMENTO PROFESSORES DAC\/PROEX<\/p>\n<p><a href=\"https:\/\/www.fauepg.org.br\/wp-content\/uploads\/\/sites\/133\/2022\/03\/Edital-FAUEPG-No-31-2022-RESULTADO-DO-CREDENCIAMENTO-PROFESSORES-DAC-PROEX-CONF.-EDITAL-No-08-2022-E-PRORROGACAO-CONF.-EDITAL-21-2022.pdf\">https:\/\/www.fauepg.org.br\/wp-content\/uploads\/\/sites\/133\/2022\/03\/Edital-FAUEPG-No-31-2022-RESULTADO-DO-CREDENCIAMENTO-PROFESSORES-DAC-PROEX-CONF.-EDITAL-No-08-2022-E-PRORROGACAO-CONF.-EDITAL-21-2022.pdf<\/a><\/p>\n<p>INSCRI\u00c7\u00d5ES CURSOS PIANO, VIOL\u00c3O INSTRUMENTAL, PINTURA, DESENHO, ARTES TEEN,\u00a0 YOGA - presencial (hor\u00e1rio piano retificado)<\/p>\n<p><a href=\"https:\/\/www2.uepg.br\/proex\/wp-content\/uploads\/sites\/8\/2022\/04\/EDITAL-FAUEPG-No-27-2022-INSCRICOES-PARA-CURSOS-DA-COMUNIDADE-DAC-PROEX-1.pdf\">EDITAL FAUEPG N\u00ba 27 2022 - INSCRI\u00c7\u00d5ES PARA CURSOS DA COMUNIDADE DAC-PROEX<\/a><\/p>\n<p><span dir=\"ltr\" role=\"presentation\">INSCRI\u00c7\u00d5ES CURSO VIOL\u00c3O INSTRUMENTAL<\/span> - <span dir=\"ltr\" role=\"presentation\">presencial e online<\/span><\/p>\n<p><a href=\"https:\/\/www2.uepg.br\/proex\/wp-content\/uploads\/sites\/8\/2022\/03\/EDITAL-01-22-CURSO-VIOLAO-INSTRUMENTAL-vagas-preenchidas-15-03.pdf\"><span dir=\"ltr\" role=\"presentation\">EDITAL PROEX\/DAC N.\u00b0 001\/2022<\/span><\/a><\/p>\n<p>INSCRI\u00c7\u00d5ES CREDENCIAMENTO DE PROFESSORES NOS CURSOS DE EXTENS\u00c3O DA DAC\/PROEX-UEPG<\/p>\n<p><a href=\"https:\/\/www.fauepg.org.br\/wp-content\/uploads\/\/sites\/133\/2022\/02\/Edital-FAUEPG-No-08-2022-CHAMAMENTO-PUBLICO-PARA-CREDENCIAMENTO-DE-PROFESSORES-DE-DIFERENTES-AREAS-DE-CONHECIMENTO-PARA-ATUACAO-NA-DAC-PROEX-UEPG.pdf\">EDITAL DE CHAMAMENTO P\u00daBLICO FAUEPG N\u00ba 08\/2022 - DAC\/PROEX-UEPG<\/a><\/p>\n<p><strong><a href=\"https:\/\/www2.uepg.br\/proex\/wp-content\/uploads\/sites\/8\/2022\/03\/Edital-FAUEPG-No-21-2022-PRORROGACAO-DE-PRAZO-DO-CHAMAMENTO-PUBLICO.pdf\">EDITAL FAUEPG N\u00ba 21\/2022 DE PRORROGA\u00c7\u00c3O DE PRAZO DO CHAMAMENTO P\u00daBLICO FAUEPG N\u00ba 08\/2022 - DAC\/PROEX-UEPG<\/a>\u00a0\u00a0<\/strong><\/p>\n<p>&nbsp;<\/p>\n\t\t\t\t<\/div>\n\t\t\t<\/div>\n\t\t<\/div>\n\t\t\t<div class=\"sow-accordion-panel\"\n\t\t\t data-anchor=\"2021\">\n\t\t\t\t<div class=\"sow-accordion-panel-header-container\" role=\"heading\" aria-level=\"2\">\n\t\t\t\t\t<div class=\"sow-accordion-panel-header\" tabindex=\"0\" role=\"button\" id=\"accordion-label-2021\" aria-controls=\"accordion-content-2021\" aria-expanded=\"false\">\n\t\t\t\t\t\t<div class=\"sow-accordion-title sow-accordion-title-icon-left\">\n\t\t\t\t\t\t\t\t\t\t\t\t\t\t2021\t\t\t\t\t\t\t\t\t\t\t\t\t<\/div>\n\t\t\t\t\t\t<div class=\"sow-accordion-open-close-button\">\n\t\t\t\t\t\t\t<div class=\"sow-accordion-open-button\">\n\t\t\t\t\t\t\t\t<span class=\"sow-icon-ionicons\" data-sow-icon=\"&#xf218;\"\n\t\t \n\t\taria-hidden=\"true\"><\/span>\t\t\t\t\t\t\t<\/div>\n\t\t\t\t\t\t\t<div class=\"sow-accordion-close-button\">\n\t\t\t\t\t\t\t\t<span class=\"sow-icon-ionicons\" data-sow-icon=\"&#xf209;\"\n\t\t \n\t\taria-hidden=\"true\"><\/span>\t\t\t\t\t\t\t<\/div>\n\t\t\t\t\t\t<\/div>\n\t\t\t\t\t<\/div>\n\t\t\t\t<\/div>\n\n\t\t\t<div\n\t\t\t\tclass=\"sow-accordion-panel-content\"\n\t\t\t\trole=\"region\"\n\t\t\t\taria-labelledby=\"accordion-label-2021\"\n\t\t\t\tid=\"accordion-content-2021\"\n\t\t\t\tstyle=\"display: none;\"\t\t\t>\n\t\t\t\t<div class=\"sow-accordion-panel-border\" tabindex=\"0\">\n\t\t\t\t\t<p><strong>1.Chamada Interna PROEX<\/strong><\/p>\n<p><strong><a href=\"https:\/\/www2.uepg.br\/proex\/wp-content\/uploads\/sites\/8\/2021\/12\/Chamada-Interna-001-Resultado-Edital.pdf\" target=\"_blank\" rel=\"noopener\">Resultado da Chamada Interna 001 - PROEX-DEU<\/a><\/strong><\/p>\n<p><a href=\"https:\/\/www2.uepg.br\/proex\/wp-content\/uploads\/sites\/8\/2021\/11\/Chamada-Interna-001-2021-PROEX-DEU.doc\" target=\"_blank\" rel=\"noopener\">Chamada Interna 001\/2021 PROEX-DEU<\/a><\/p>\n<p><strong>2. PIBEX (PROEX\/UEPG)<\/strong><\/p>\n<p>17\/12\/2021 - <a href=\"https:\/\/www2.uepg.br\/proex\/wp-content\/uploads\/sites\/8\/2021\/12\/XX-2021-CLASSIFICACAO-FINAL-PIBEX-RP.pdf\" target=\"_blank\" rel=\"noopener\">EDITAL PROEX\/DEU N\u00ba 20\/2021 - EDITAL DE CLASSIFICA\u00c7\u00c3O FINAL DO PROGRAMA INSTITUCIONAL DE BOLSAS DE EXTENS\u00c3O UNIVERSIT\u00c1RIA (PIBEX) PROEX\/UEPG, vig\u00eancia 2022<\/a><\/p>\n<p>10\/12\/2021 - <a href=\"https:\/\/www2.uepg.br\/proex\/wp-content\/uploads\/sites\/8\/2021\/12\/EDITAL-19-RETIFICACAO-DE-CLASSIFICACAO-PRELIMINAR.pdf\" target=\"_blank\" rel=\"noopener\">EDITAL PROEX\/DEU N\u00ba 19\/2021 - EDITAL DE RETIFICA\u00c7\u00c3O DA CLASSIFICA\u00c7\u00c3O PRELIMINAR DAS BOLSAS DE EXTENS\u00c3O UNIVERSIT\u00c1RIA (PIBEX) PROEX\/UEPG, vig\u00eancia 2022<\/a><\/p>\n<p>09\/12\/2021 - <a href=\"https:\/\/www2.uepg.br\/proex\/wp-content\/uploads\/sites\/8\/2021\/12\/EDITAL-18-DE-CLASSIFICACAO-PRELIMINAR.pdf\" target=\"_blank\" rel=\"noopener\">EDITAL PROEX\/DEU N\u00ba 18\/2021 - EDITAL DE CLASSIFICA\u00c7\u00c3O PRELIMINAR DAS INSCRI\u00c7\u00d5ES DO PROGRAMA INSTITUCIONAL DE BOLSAS DE EXTENS\u00c3O UNIVERSIT\u00c1RIA (PIBEX) PROEX\/UEPG, vig\u00eancia 2022<\/a><\/p>\n<p>19\/11\/2021 - <a href=\"https:\/\/www2.uepg.br\/proex\/wp-content\/uploads\/sites\/8\/2021\/11\/17-2021-PRORROGACAO.pdf\" target=\"_blank\" rel=\"noopener\">EDITAL PROEX\/DEU N\u00ba 17\/2021 - EDITAL DE PRORROGA\u00c7\u00c3O DAS INSCRI\u00c7\u00d5ES DO PROGRAMA INSTITUCIONAL DE BOLSAS DE EXTENS\u00c3O UNIVERSIT\u00c1RIA (PIBEX) PROEX\/UEPG, vig\u00eancia 2022<\/a><\/p>\n<p>29\/10\/2021 -\u00a0<a href=\"https:\/\/www2.uepg.br\/proex\/wp-content\/uploads\/sites\/8\/2021\/10\/15-2021-ABERTURA-PIBEX.pdf\">EDITAL PROEX\/DEU N\u00ba 15\/2021 - EDITAL DE ABERTURA DO PROGRAMA INSTITUCIONAL DE BOLSAS DE EXTENS\u00c3O UNIVERSIT\u00c1RIA (PIBEX) PROEX\/UEPG, vig\u00eancia 2022<\/a><\/p>\n<p><a href=\"https:\/\/www2.uepg.br\/proex\/wp-content\/uploads\/sites\/8\/2021\/10\/PLANO-DE-TRABALHO.doc\">PLANO DE TRABALHO DO ALUNO<\/a><\/p>\n<p>&nbsp;<\/p>\n<p><strong>3. PIBIS (FA)<\/strong><\/p>\n<p>03\/11\/2021 - <a href=\"https:\/\/www2.uepg.br\/proex\/wp-content\/uploads\/sites\/8\/2021\/11\/16-2021-EDITAL-DE-CONVOCACAO-PIBIS-1.pdf\">EDITAL PROEX\/DEU N\u00ba 16\/2021 - EDITAL DE CONVOCA\u00c7\u00c3O PIBIS<\/a><\/p>\n<p>23\/08\/2021 - <a href=\"https:\/\/www2.uepg.br\/proex\/wp-content\/uploads\/sites\/8\/2021\/08\/EDITAL-13-2021.pdf\">EDITAL PROEX\/DEU N\u00ba 13\/2021 - RETIFICA\u00c7\u00c3O DO EDITAL PROEX\/DEU N\u00ba 12\/2021 - PIBIS<\/a><\/p>\n<p>16\/08\/2021 - <a href=\"https:\/\/www2.uepg.br\/proex\/wp-content\/uploads\/sites\/8\/2021\/08\/12-2021-CLASSIFICACAO-FINAL-PIBIS.pdf\">EDITAL PROEX\/DEU N\u00ba 12\/2021 - EDITAL DE CLASSIFICA\u00c7\u00c3O FINAL DO PROGRAMA INSTITUCIONAL DE APOIO A INCLUS\u00c3O SOCIAL, PESQUISA E EXTENS\u00c3O UNIVERSIT\u00c1RIA - PIBIS FA, vig\u00eancia 2021-2022<\/a><\/p>\n<p>06\/07\/2021 - <a href=\"https:\/\/www2.uepg.br\/proex\/wp-content\/uploads\/sites\/8\/2021\/07\/EDITAL-10-2021-CLASSIFICACAO-PRELIMINAR.pdf\">EDITAL PROEX\/DEU N\u00ba 10\/2021 - EDITAL DE CLASSIFICA\u00c7\u00c3O PRELIMINAR DO PROGRAMA INSTITUCIONAL DE APOIO \u00c0 INCLUS\u00c3O SOCIAL, PESQUISA E EXTENS\u00c3O UNIVERSIT\u00c1RIA - PIBIS FA, vig\u00eancia 2021-2022<\/a><\/p>\n<p>23\/06\/2021 - <a href=\"https:\/\/www2.uepg.br\/proex\/wp-content\/uploads\/sites\/8\/2021\/06\/EDITAL-08-2021-PIBIS.pdf\">EDITAL PROEX\/DEU N\u00ba 08\/2021\u00a0 - EDITAL DE PRORROGA\u00c7\u00c3O DO PROGRAMA INSTITUCIONAL DE APOIO \u00c0 INCLUS\u00c3O SOCIAL, PESQUISA E EXTENS\u00c3O UNIVERSIT\u00c1RIA - PIBIS<\/a><\/p>\n<p>22\/06\/2021 - <a href=\"https:\/\/www2.uepg.br\/proex\/wp-content\/uploads\/sites\/8\/2021\/06\/EDITAL-06-2021-RETIFICACAO.pdf\">EDITAL PROEX\/DEU N\u00ba 06\/2021 - EDITAL DE RETIFICA\u00c7\u00c3O DOS EDITAIS N\u00baS 03 E 04\/2021<\/a><\/p>\n<p>15\/06\/2021 - <a href=\"https:\/\/www2.uepg.br\/proex\/wp-content\/uploads\/sites\/8\/2021\/06\/EDITAL-05-2021-RETIFICACAO-2.pdf\">EDITAL PROEX\/DEU N\u00ba 05\/2021 - EDITAL DE RETIFICA\u00c7\u00c3O DOS EDITAIS N\u00baS 03 E 04\/2021<\/a><\/p>\n<p>08\/06\/2021 - <a href=\"https:\/\/www2.uepg.br\/proex\/wp-content\/uploads\/sites\/8\/2021\/06\/EDITAL-PROEX-DEU-04-2021-EDITAL-DE-ABERTURA-DO-PROGRAMA-INSTITUCIONAL-DE-APOIO-A-INCLUSAO-SOCIAL-PESQUISA-E-EXTENSAO-1.pdf\">EDITAL PROEX\/DEU N\u00ba 04\/2021 - EDITAL DE ABERTURA DO PROGRAMA INSTITUCIONAL DE APOIO \u00c0 INCLUS\u00c3O SOCIAL, PESQUISA E EXTENS\u00c3O - PIBIS FA, vig\u00eancia 2021-2022<\/a><\/p>\n<p><a href=\"https:\/\/www2.uepg.br\/proex\/wp-content\/uploads\/sites\/8\/2021\/06\/ANEXO-I-Plano-de-Trabalho-e-Declaracao-do-Bolsista-PIBIS.doc\">ANEXO I - Plano de Trabalho e Declara\u00e7\u00e3o do Bolsista - PIBIS<\/a><\/p>\n<p><a href=\"https:\/\/www2.uepg.br\/proex\/wp-content\/uploads\/sites\/8\/2021\/06\/ANEXO-II-Formulario-de-inscricao-do-SISBEX-2.doc\">ANEXO II - Formul\u00e1rio de inscri\u00e7\u00e3o do Sistema de Bolsas de Extens\u00e3o (SISBEX)<\/a><\/p>\n<p><a href=\"https:\/\/drive.google.com\/file\/d\/1lJLmr0fz4EsIpMOvPmlT31gNiL_dNODk\/view?usp=sharing\">ATEN\u00c7\u00c3O! ORIENTA\u00c7\u00d5ES SOBRE O EDITAL PIBIS, vig\u00eancia 2021-2022<\/a><\/p>\n<p>&nbsp;<\/p>\n<p><strong>4. PIBEX (FA)<\/strong><\/p>\n<p>09\/10\/2021 - <a href=\"https:\/\/www2.uepg.br\/proex\/wp-content\/uploads\/sites\/8\/2021\/10\/EDITAL-14-2021-CONVOCACAO-PIBEX.pdf\">EDITAL PROEX\/DEU N\u00ba 14\/2021 - EDITAL DE CONVOCA\u00c7\u00c3O DO PROGRAMA INSTITUCIONAL DE BOLSAS DE EXTENS\u00c3O UNIVERSIT\u00c1RIA - PIBEX FA, vig\u00eancia 2021-2022<\/a><\/p>\n<p>30\/07\/2021 - <a href=\"https:\/\/www2.uepg.br\/proex\/wp-content\/uploads\/sites\/8\/2021\/07\/11-2021-CLASSIFICACAO-FINAL-PIBEX.pdf\">EDITAL PROEX\/DEU N\u00ba 11\/2021 - EDITAL DE CLASSIFICA\u00c7\u00c3O FINAL DO PROGRAMA INSTITUCIONAL DE BOLSAS DE EXTENS\u00c3O UNIVESIT\u00c1RIA - PIBEX FA, vig\u00eancia 2021-2022<\/a><\/p>\n<p>06\/07\/2021 - <a href=\"https:\/\/www2.uepg.br\/proex\/wp-content\/uploads\/sites\/8\/2021\/07\/EDITAL-09-2021-CLASSIFICACAO-PRELIMINAR.pdf\">EDITAL PROEX\/DEU N\u00ba 09\/2021 - EDITAL DE CLASSIFICA\u00c7\u00c3O PRELIMINAR DO PROGRAMA INSTITUCIONAL DE BOLSAS DE EXTENS\u00c3O UNIVERSIT\u00c1RIA - PIBEX FA, vig\u00eancia 2021-2022<\/a><\/p>\n<p>23\/06\/2021 - <a href=\"https:\/\/www2.uepg.br\/proex\/wp-content\/uploads\/sites\/8\/2021\/06\/EDITAL-07-2021-PRORROGACAO.pdf\">EDITAL PROEX\/DEU N\u00ba 07\/2021 - EDITAL DE PRORROGA\u00c7\u00c3O DO PROGRAMA INSTITUCIONAL DE BOLSAS DE EXTENS\u00c3O UNIVERSIT\u00c1RIA - PIBEX FA<\/a><\/p>\n<p>22\/06\/2021 - <a href=\"https:\/\/www2.uepg.br\/proex\/wp-content\/uploads\/sites\/8\/2021\/06\/EDITAL-06-2021-RETIFICACAO.pdf\">EDITAL PROEX\/DEU N\u00ba 06\/2021 - EDITAL DE RETIFICA\u00c7\u00c3O DOS EDITAIS N\u00baS 03 E 04\/2021<\/a><\/p>\n<p>15\/06\/2021 - <a href=\"https:\/\/www2.uepg.br\/proex\/wp-content\/uploads\/sites\/8\/2021\/06\/EDITAL-05-2021-RETIFICACAO-2.pdf\">EDITAL PROEX\/DEU N\u00ba 05\/2021 - EDITAL DE RETIFICA\u00c7\u00c3O DOS EDITAIS N\u00baS 03 E 04\/2021<\/a><\/p>\n<p>08\/06\/2021 - <a href=\"https:\/\/www2.uepg.br\/proex\/wp-content\/uploads\/sites\/8\/2021\/06\/EDITAL-PROEX-DEU-03-2021-EDITAL-DE-ABERTURA-DO-PROGRAMA-INSTITUCIONAL-DE-BOLSAS-DE-EXTENSAO-UNIVERSITARIA-1.pdf\">EDITAL PROEX\/DEU N\u00ba 03\/2021 - EDITAL DE ABERTURA DO PROGRAMA INSTITUCIONAL DE BOLSAS DE EXTENS\u00c3O UNIVERSIT\u00c1RIA - PIBEX FA, vig\u00eancia 2021-2022<\/a><\/p>\n<p><a href=\"https:\/\/www2.uepg.br\/proex\/wp-content\/uploads\/sites\/8\/2021\/06\/ANEXO-I-Plano-de-Trabalho-e-Declaracao-do-Bolsista-PIBEX.doc\">ANEXO I - Plano de Trabalho e Declara\u00e7\u00e3o do Bolsista - PIBEX<\/a><\/p>\n<p><a href=\"https:\/\/www2.uepg.br\/proex\/wp-content\/uploads\/sites\/8\/2021\/06\/ANEXO-II-Formulario-de-inscricao-do-SISBEX-3.doc\">ANEXO II - Formul\u00e1rio de inscri\u00e7\u00e3o do Sistema de Bolsas de Extens\u00e3o (SISBEX)<\/a><\/p>\n<p><a href=\"https:\/\/drive.google.com\/file\/d\/1lJLmr0fz4EsIpMOvPmlT31gNiL_dNODk\/view?usp=sharing\">ATEN\u00c7\u00c3O! ORIENTA\u00c7\u00d5ES SOBRE O EDITAL PIBEX, vig\u00eancia 2021-2022<\/a><\/p>\n<p>&nbsp;<\/p>\n<p><strong>5. PROJETO RONDON<\/strong><\/p>\n<p><a href=\"https:\/\/www2.uepg.br\/proex\/wp-content\/uploads\/sites\/8\/2021\/11\/EDITAL_05-2021_NER-UEPG_OperacaoAmapa-1.pdf\" target=\"_blank\" rel=\"noopener\">EDITAL NER-UEPG 05\/2021 - APERA\u00c7\u00c3O AMAP\u00c1 MAIS FORTE - Lista de Selecionados<\/a><\/p>\n<p><a href=\"https:\/\/www2.uepg.br\/proex\/wp-content\/uploads\/sites\/8\/2021\/11\/EDITAL_04-2021_NER-UEPG_OperacaoAmapa_VersaoSite.pdf\" target=\"_blank\" rel=\"noopener\">EDITAL NER-UEPG 04\/2021 - APERA\u00c7\u00c3O AMAP\u00c1 MAIS FORTE - Convoca\u00e7\u00e3o para 2\u00aa Fase<\/a><\/p>\n<p><a href=\"https:\/\/www2.uepg.br\/proex\/wp-content\/uploads\/sites\/8\/2021\/11\/EDITAL_03-2021_NER-UEPG_OperacaoAmapa_Final.pdf\" target=\"_blank\" rel=\"noopener\">EDITAL NER-UEPG 03\/2021 - APERA\u00c7\u00c3O AMAP\u00c1 MAIS FORTE - Resultado 1\u00aa Fase ap\u00f3s an\u00e1lise de recurso<\/a><\/p>\n<p><a href=\"https:\/\/www2.uepg.br\/proex\/wp-content\/uploads\/sites\/8\/2021\/11\/EDITAL_02-2021_NER-UEPG_OperacaoAmapa_Final.pdf\" target=\"_blank\" rel=\"noopener\">EDITAL NER-UEPG 02\/2021 - APERA\u00c7\u00c3O AMAP\u00c1 MAIS FORTE - Resultado 1\u00aa Fase (an\u00e1lise documental)<\/a><\/p>\n<p><a href=\"https:\/\/www2.uepg.br\/proex\/wp-content\/uploads\/sites\/8\/2021\/10\/EDITAL_01-2021_NER-UEPG_OperacaoAmapa_Final.pdf\" target=\"_blank\" rel=\"noopener\">EDITAL NER-UEPG 01\/2021 - OPERA\u00c7\u00c3O AMAP\u00c1 MAIS FORTE<\/a><\/p>\n<p>&nbsp;<\/p>\n<p><strong>6. UNIVERSIDADE SEM FRONTEIRAS (USF)<\/strong><\/p>\n<p><strong>N\u00facleo de Estudos e Defesa de Direitos da Inf\u00e2ncia e da Juventude (NEDDIJ)<\/strong><\/p>\n<p><a href=\"https:\/\/www2.uepg.br\/proex\/wp-content\/uploads\/sites\/8\/2021\/08\/NEDDIJ.pdf\" target=\"_blank\" rel=\"noopener\">EDITAL 03\/2021 - RESULTADO DA SELE\u00c7\u00c3O<\/a><\/p>\n<p><a href=\"https:\/\/www2.uepg.br\/proex\/wp-content\/uploads\/sites\/8\/2021\/08\/EDITAL-DE-SELECAO-NEDDIJ.pdf\" target=\"_blank\" rel=\"noopener\">EDITAL 02\/2021 - DEFERIMENTO DAS INSCRI\u00c7\u00d5ES<\/a><\/p>\n<p><a href=\"https:\/\/www2.uepg.br\/proex\/wp-content\/uploads\/sites\/8\/2021\/08\/EDITAL-01-2021-SELECAO-NEDDIJ-RETIFICACAO.pdf\" target=\"_blank\" rel=\"noopener\">RETIFICA\u00c7\u00c3O DO EDITAL 01\/2021 NEDDIJ<\/a><\/p>\n<p><a href=\"https:\/\/www2.uepg.br\/proex\/wp-content\/uploads\/sites\/8\/2021\/08\/EDITAL-01-2021-SELEA\u0303_A\u0303_O-NEDDIJ.pdf\" target=\"_blank\" rel=\"noopener\">EDITAL 01\/2021 - SELE\u00c7\u00c3O DE BOLSISTAS<\/a><\/p>\n<p><strong>N\u00facleo Maria da Penha - NUMAPE<\/strong><\/p>\n<p><a href=\"https:\/\/www2.uepg.br\/proex\/wp-content\/uploads\/sites\/8\/2021\/09\/Edital-final-NUMAPE-2021.pdf\" target=\"_blank\" rel=\"noopener\">EDITAL N\u00ba 06\/2021 - EDITAL DE RESULTADO FINAL - SELE\u00c7\u00c3O PARA AS VAGAS DE BOLSISTA<\/a><\/p>\n<p><a href=\"https:\/\/www2.uepg.br\/proex\/wp-content\/uploads\/sites\/8\/2021\/09\/Edital-RECURSOS.pdf\" target=\"_blank\" rel=\"noopener\">EDITAL N\u00ba 05\/2021 - EDITAL DE RESULTADO DE RECURSO<\/a><\/p>\n<p><a href=\"https:\/\/www2.uepg.br\/proex\/wp-content\/uploads\/sites\/8\/2021\/08\/Edital-NUMAPE-2021-convocacao-para-entrevista.pdf\" target=\"_blank\" rel=\"noopener\">EDITAL N\u00ba 04\/2021 - EDITAL DE HOMOLOGA\u00c7\u00c3O DAS INSCRI\u00c7\u00d5ES<\/a><\/p>\n<p><a href=\"https:\/\/www2.uepg.br\/proex\/wp-content\/uploads\/sites\/8\/2021\/08\/6926E267-B47E-4E40-8169-D77EAD27C74C-export-_1_.pdf\" target=\"_blank\" rel=\"noopener\">EDITAL N\u00ba 03\/2021 - EDITAL DE SELE\u00c7\u00c3O DE BOLSISTA<\/a><\/p>\n<p><a href=\"https:\/\/www2.uepg.br\/proex\/wp-content\/uploads\/sites\/8\/2021\/06\/EDITAL-02-2021-NUMAPE-UEPG.pdf\">EDITAL N\u00ba 02\/2021 - NUMAPE\/UEPG\u00a0\u00a0\u00a0<\/a><\/p>\n<p><a href=\"https:\/\/www2.uepg.br\/proex\/wp-content\/uploads\/sites\/8\/2021\/04\/EDITAL-NUMAPE_VAGA-ESTAGIO_2021.pdf\">EDITAL N\u00ba 001\/2021 - NUMAPE\/UEPG<\/a><\/p>\n<p><strong>Nas Teias de Ananse: Biblioteca de Narrativas Afro-Ind\u00edgenas Brasileiras e Africanas na Escola<\/strong><\/p>\n<p><a href=\"https:\/\/www2.uepg.br\/proex\/wp-content\/uploads\/sites\/8\/2021\/08\/Edital-USF_narrativas_3_final.pdf\" target=\"_blank\" rel=\"noopener\">EDITAL USF 03\/2021 - CLASSIFICA\u00c7\u00c3O FINAL<\/a><\/p>\n<p><a href=\"https:\/\/www2.uepg.br\/proex\/wp-content\/uploads\/sites\/8\/2021\/08\/modelo-edital-USF-2021.docx.pdf\" target=\"_blank\" rel=\"noopener\">EDITAL USF 02\/2021 - HOMOLOGA\u00c7\u00c3O DAS INSCRI\u00c7\u00d5ES<\/a><\/p>\n<p><a href=\"https:\/\/www2.uepg.br\/proex\/wp-content\/uploads\/sites\/8\/2021\/07\/Edital-USF-Ione-Jovino.pdf\" target=\"_blank\" rel=\"noopener\">EDITAL USF 01\/2021 - ABERTURA DAS INSCRI\u00c7\u00d5ES<\/a><\/p>\n<p><strong>Produzir \u00c1gua e Conservar os Solos Como Pr\u00e1ticas B\u00e1sicas para o Desenvolvimento Local de Comunidades Locais dos Campos Gerais - PR<\/strong><\/p>\n<p><a href=\"https:\/\/www2.uepg.br\/proex\/wp-content\/uploads\/sites\/8\/2021\/08\/Edital-06_-2021-USF-BOLSISTAS-aprovados-ASSINADO-.pdf\" target=\"_blank\" rel=\"noopener\">EDITAL USF 06\/2021 - APROVA\u00c7\u00c3O DE BOLSISTA<\/a><\/p>\n<p><a href=\"https:\/\/www2.uepg.br\/proex\/wp-content\/uploads\/sites\/8\/2021\/08\/Edital-05-2021-USFA-APROVACAO-DO-tecnico-ASSINADO.pdf\" target=\"_blank\" rel=\"noopener\">EDITAL USF 05\/2021 - APROVA\u00c7\u00c3O T\u00c9CNICO REC\u00c9M FORMADO<\/a><\/p>\n<p><a href=\"https:\/\/www2.uepg.br\/proex\/wp-content\/uploads\/sites\/8\/2021\/07\/ass-Edital-04-_-2021-USF-homologac\u0327a\u0303o-estudantes-1.pdf\" target=\"_blank\" rel=\"noopener\">EDITAL USF 04\/2021 - HOMOLOGA\u00c7\u00c3O DAS INSCRI\u00c7\u00d5ES<\/a><\/p>\n<p><a href=\"https:\/\/www2.uepg.br\/proex\/wp-content\/uploads\/sites\/8\/2021\/07\/Ass-_-Edital-03-2021-USF-homologac\u0327a\u0303o-profissionais-1-1.pdf\" target=\"_blank\" rel=\"noopener\">EDITAL USF 03\/2021 - HOMOLOGA\u00c7\u00c3O DAS INSCRI\u00c7\u00d5ES<\/a><\/p>\n<p><a href=\"https:\/\/www2.uepg.br\/proex\/wp-content\/uploads\/sites\/8\/2021\/07\/Edital-02-2021-USF-BOLSISTA-GRAD.-retificado.pdf\" target=\"_blank\" rel=\"noopener\">EDITAL USF 02\/2021 - ABERTURA DAS INSCRI\u00c7\u00d5ES<\/a><\/p>\n<p><a href=\"https:\/\/www2.uepg.br\/proex\/wp-content\/uploads\/sites\/8\/2021\/07\/Edital-001-2021-USF-TECNICO-retificado.pdf\" target=\"_blank\" rel=\"noopener\">EDITAL USF 01\/2021 - ABERTURA DAS INSCRI\u00c7\u00d5ES<\/a><\/p>\n<p><strong>Instala\u00e7\u00e3o do Museu de Ci\u00eancias Naturais da UEPG<\/strong><\/p>\n<p><a href=\"https:\/\/www2.uepg.br\/proex\/wp-content\/uploads\/sites\/8\/2021\/08\/EDITAL-DE-RESULTADO-DE-SELECAO-USF-Museu-de-Ciencias-Naturais-graduacao.pdf\">EDITAL USF 08\/2021 - RESULTADO FINAL DE SELE\u00c7\u00c3O DE BOLSISTA - GRADUA\u00c7\u00c3O<\/a><\/p>\n<p><a href=\"https:\/\/www2.uepg.br\/proex\/wp-content\/uploads\/sites\/8\/2021\/08\/EDITAL-DE-RESULTADO-DE-SELECAO-USF-Museu-de-Ciencias-Naturais-egresso.pdf\" target=\"_blank\" rel=\"noopener\">EDITAL USF 07\/2021 - RESULTADO FINAL DE SELE\u00c7\u00c3O DE BOLSISTA - EGRESSO<\/a><\/p>\n<p><a href=\"https:\/\/www2.uepg.br\/proex\/wp-content\/uploads\/sites\/8\/2021\/08\/EDITAL-DE-HOMOLOGACAO-DE-INSCRICOES-USF-Museu-de-Ciencias-Naturais-egresso.pdf\" target=\"_blank\" rel=\"noopener\">EDITAL USF 06\/2021 - HOMOLOGA\u00c7\u00c3O DE INSCRI\u00c7OES - EGRESSO - LICENCIATURA EM GEOGRAFIA<\/a><\/p>\n<p><a href=\"https:\/\/www2.uepg.br\/proex\/wp-content\/uploads\/sites\/8\/2021\/08\/EDITAL-DE-HOMOLOGACAO-DE-INSCRICOES-USF-Museu-de-Ciencias-Naturais-raduacao-1.pdf\" target=\"_blank\" rel=\"noopener\">EDITAL USF 05\/2021 - HOMOLOGA\u00c7\u00c3O DE INSCRI\u00c7OES - ALUNOS DA GRADUA\u00c7\u00c3O LICENCIATURA EM GEOGRAFIA<\/a><\/p>\n<p><a href=\"https:\/\/www2.uepg.br\/proex\/wp-content\/uploads\/sites\/8\/2021\/08\/EDITAL-04-DE-PRORROGACAO-DE-PRAZO-USF-Museu-de-Ciencias-Naturais-graduacao.pdf\" target=\"_blank\" rel=\"noopener\">EDITAL USF 04\/2021 - PRORROGA\u00c7\u00c3O DAS INSCRI\u00c7\u00d5ES<\/a><\/p>\n<p><a href=\"https:\/\/www2.uepg.br\/proex\/wp-content\/uploads\/sites\/8\/2021\/08\/EDITAL-DE-PRORROGACAO-DE-PRAZO-USF-Museu-de-Ciencias-Naturais-egresso.pdf\" target=\"_blank\" rel=\"noopener\">EDITAL USF 03\/2021 - PRORROGA\u00c7\u00c3O DAS INSCRI\u00c7\u00d5ES<\/a><\/p>\n<p><a href=\"https:\/\/www2.uepg.br\/proex\/wp-content\/uploads\/sites\/8\/2021\/07\/EDITAL-PARA-CHAMADA-DE-BOLSISTAS-AGOSTO-2021-graduacao.pdf\" target=\"_blank\" rel=\"noopener\">EDITAL USF 02\/2021 - ABERTURA DAS INSCRI\u00c7\u00d5ES<\/a><\/p>\n<p><a href=\"https:\/\/www2.uepg.br\/proex\/wp-content\/uploads\/sites\/8\/2021\/07\/EDITAL-PARA-CHAMADA-DE-BOLSISTAS-AGOSTO-2021-egresso.pdf\" target=\"_blank\" rel=\"noopener\">EDITAL USF 01\/2021 - ABERTURA DAS INSCRI\u00c7\u00d5ES<\/a><\/p>\n<p><strong>Educa\u00e7\u00e3o Ambiental no Contexto dos Sistemas Tradicionais e Agroecol\u00f3gicos da Erva-Mate: Valoriza\u00e7\u00e3o Cultural e Produ\u00e7\u00e3o Socioecon\u00f4mica da Agricultura Familiar em In\u00e1cio Martins<\/strong><\/p>\n<p><a href=\"https:\/\/www2.uepg.br\/proex\/wp-content\/uploads\/sites\/8\/2021\/08\/Edital-06-2021-Robson-resultado-graduandos.pdf\" target=\"_blank\" rel=\"noopener\">EDITAL 06\/2021 - RESULTADO DOS APROVADOS<\/a><\/p>\n<p><a href=\"https:\/\/www2.uepg.br\/proex\/wp-content\/uploads\/sites\/8\/2021\/08\/Edital-05-2001-Robson-resultado-profissionais.pdf\" target=\"_blank\" rel=\"noopener\">EDITAL 05\/2021 - RESULTADO DOS APROVADOS<\/a><\/p>\n<p><a href=\"https:\/\/www2.uepg.br\/proex\/wp-content\/uploads\/sites\/8\/2021\/07\/Edital-04-2021-USF-homologac\u0327a\u0303o-estudantes.pdf\" target=\"_blank\" rel=\"noopener\">EDITAL 04\/2021 - HOMOLOGA\u00c7\u00c3O DAS INSCRI\u00c7\u00d5ES<\/a><\/p>\n<p><a href=\"https:\/\/www2.uepg.br\/proex\/wp-content\/uploads\/sites\/8\/2021\/07\/Edital-03-2021-USF-homologac\u0327a\u0303o-profissionais-1-1.pdf\" target=\"_blank\" rel=\"noopener\">EDITAL 03\/2021 - HOMOLOGA\u00c7\u00c3O DAS INSCRI\u00c7\u00d5ES<\/a><\/p>\n<p><a href=\"https:\/\/www2.uepg.br\/proex\/wp-content\/uploads\/sites\/8\/2021\/07\/Edital-02-2021-USF-Redac\u0327a\u0303o-final.pdf\" target=\"_blank\" rel=\"noopener\">EDITAL 02\/2021 - ABERTURA DAS INSCRI\u00c7\u00d5ES<\/a><\/p>\n<p><a href=\"https:\/\/www2.uepg.br\/proex\/wp-content\/uploads\/sites\/8\/2021\/07\/Edital-01-2021-USF-Redac\u0327a\u0303o-Final.pdf\" target=\"_blank\" rel=\"noopener\">EDITAL 01\/2021 - ABERTURA DAS INSCRI\u00c7\u00d5ES<\/a><\/p>\n<p>&nbsp;<\/p>\n<p><strong>7<\/strong><strong>. <\/strong><strong>39\u00ba SEURS - Semin\u00e1rio de Extens\u00e3o Universit\u00e1ria da Regi\u00e3o Sul<\/strong><\/p>\n<p>13\/08\/2021 - <a href=\"https:\/\/www2.uepg.br\/proex\/wp-content\/uploads\/sites\/8\/2021\/08\/Edital-PROEX-resultado-videos.pdf\" target=\"_blank\" rel=\"noopener\">EDITAL PROEX N\u00ba 17\/2021 - EDITAL DE RESULTADO DO V\u00cdDEO ART\u00cdSTICO CULTURAL<\/a><\/p>\n<p>13\/08\/2021 - <a href=\"https:\/\/www2.uepg.br\/proex\/wp-content\/uploads\/sites\/8\/2021\/08\/Edital-PROEX-resultado-final-seurs.pdf\" target=\"_blank\" rel=\"noopener\">EDITAL PROEX N\u00ba 16\/2021 - EDITAL DE RESULTADO FINAL DOS TRABALHOS PARA O 39\u00ba SEURS<\/a><\/p>\n<p>30\/07\/2021 - <a href=\"https:\/\/www2.uepg.br\/proex\/wp-content\/uploads\/sites\/8\/2021\/07\/EDITAL-PROEX-SEURS-PRORROGACAO.pdf\" target=\"_blank\" rel=\"noopener\">EDITAL PROEX N\u00ba 15\/2021 - EDITAL DE PRORROGA\u00c7\u00c3O DA SUBMISS\u00c3O DE TRABALHOS PARA O 39\u00ba SEURS\u00a0<\/a><\/p>\n<p>27\/07\/2021 - <a href=\"https:\/\/www2.uepg.br\/proex\/wp-content\/uploads\/sites\/8\/2021\/07\/EDITAL-PROEX-SEURS-VIDEOS-2.pdf\" target=\"_blank\" rel=\"noopener\">EDITAL PROEX N\u00ba13\/2021 - EDITAL DE PRORROGA\u00c7\u00c3O DE INSCRI\u00c7\u00d5ES DO V\u00cdDEO ART\u00cdSTICO CULTURAL<\/a><\/p>\n<p>20\/07\/2021 - <a href=\"https:\/\/www2.uepg.br\/proex\/wp-content\/uploads\/sites\/8\/2021\/07\/EDITAL-PROEX-N-12-2021.pdf\">EDITAL PROEX N\u00ba 12\/2021 - EDITAL DE PRORROGA\u00c7\u00c3O DE INSCRI\u00c7\u00d5ES DO V\u00cdDEO ART\u00cdSTICO CULTURAL<\/a><\/p>\n<p>05\/07\/2021 -\u00a0<a href=\"https:\/\/www2.uepg.br\/proex\/wp-content\/uploads\/sites\/8\/2021\/07\/EDITAL-PROEX-SEURS-VIDEOS-1.pdf\" target=\"_blank\" rel=\"noopener\">EDITAL PROEX N\u00ba 10\/2021 - EDITAL CONCURSO CULTURAL 39\u00ba SEURS<\/a><\/p>\n<p>05\/07\/2021 -\u00a0<a href=\"https:\/\/www2.uepg.br\/proex\/wp-content\/uploads\/sites\/8\/2021\/07\/Edital-PROEX-39-SEURS.pdf\" target=\"_blank\" rel=\"noopener\">EDITAL PROEX N\u00ba 09\/2021 - EDITAL DE ABERTURA DE INSCRI\u00c7\u00d5ES DO 39\u00ba SEURS<\/a><\/p>\n<p><a href=\"https:\/\/www2.uepg.br\/proex\/wp-content\/uploads\/sites\/8\/2021\/07\/Regulamento-SEURS-2021-1.pdf\" target=\"_blank\" rel=\"noopener\">REGULAMENTO DO 39\u00ba SEURS<\/a><\/p>\n<p><a href=\"https:\/\/www2.uepg.br\/proex\/wp-content\/uploads\/sites\/8\/2021\/07\/Modelo-Artigo-39-SEURS-2021.docx\" target=\"_blank\" rel=\"noopener\">MODELO DO ARTIGO DO 39\u00ba SEURS<\/a><\/p>\n<p>&nbsp;<\/p>\n<p><strong>8. Editais PROEX:<\/strong><\/p>\n<p>27\/07\/2021 - <a href=\"https:\/\/www2.uepg.br\/proex\/wp-content\/uploads\/sites\/8\/2021\/07\/Edital-Resultado.pdf\" target=\"_blank\" rel=\"noopener\">EDITAL PROEX N\u00ba 14\/2021 - Resultado do EDITAL PROEX N\u00ba 09\/2021<\/a><\/p>\n<p>19\/07\/2021 - <a href=\"https:\/\/www2.uepg.br\/proex\/wp-content\/uploads\/sites\/8\/2021\/07\/Edital-Proex-11-retificacao-edital-09-Proex.pdf\" target=\"_blank\" rel=\"noopener\">EDITAL PROEX N\u00ba 11\/2021 - RETIFICA\u00c7\u00c3O DO EDITAL PROEX N\u00ba 09\/2021<\/a><\/p>\n<p>09\/07\/2021 - <a href=\"https:\/\/www2.uepg.br\/proex\/wp-content\/uploads\/sites\/8\/2021\/07\/EDITAL-PROEX-09-2021.pdf\" target=\"_blank\" rel=\"noopener\">EDITAL PROEX N\u00ba 09\/2021 - EDITAL DE ABERTURA DE INSCRI\u00c7\u00d5ES PARA BOLSISTA DO CURSO DE HIST\u00d3RIA<\/a><\/p>\n<p><a href=\"https:\/\/www2.uepg.br\/proex\/wp-content\/uploads\/sites\/8\/2021\/07\/Ficha-de-inscricao.doc\" target=\"_blank\" rel=\"noopener\">Anexo do EDITAL PROEX N\u00ba 09\/2021 - Ficha de inscri\u00e7\u00e3o<\/a><\/p>\n<p>01\/06\/2021 - <a href=\"https:\/\/www2.uepg.br\/proex\/wp-content\/uploads\/sites\/8\/2021\/06\/Edital-08-2021.pdf\">EDITAL PROEX N\u00ba 08\/2021 - Edital de resultado\u00a0<\/a><\/p>\n<p>27\/05\/2021 - <a href=\"https:\/\/www2.uepg.br\/proex\/wp-content\/uploads\/sites\/8\/2021\/05\/EDITAL-PROEX-N-07-2021-EDITAL-DE-ABERTURA.pdf\">EDITAL PROEX N\u00ba 07\/2021 - Edital de abertura<\/a><\/p>\n<p>ANEXO - <a href=\"https:\/\/www2.uepg.br\/proex\/wp-content\/uploads\/sites\/8\/2021\/05\/Ficha-de-inscricao-27-05-21-1.doc\">Ficha de inscri\u00e7\u00e3o<\/a><\/p>\n<p>07\/05\/2021 - <a href=\"https:\/\/www2.uepg.br\/proex\/wp-content\/uploads\/sites\/8\/2021\/05\/EDITAL-006-2021-1.pdf\">EDITAL PROEX N\u00ba 06\/2021 - Resultado do EDITAL PROEX N\u00ba 003\/2021<\/a><\/p>\n<p>07\/05\/2021 - <a href=\"https:\/\/www2.uepg.br\/proex\/wp-content\/uploads\/sites\/8\/2021\/05\/Edital-005-2021.pdf\">EDITAL PROEX N\u00ba 05\/2021 - Resultado do EDITAL PROEX N\u00ba 002\/2021<\/a><\/p>\n<p>06\/05\/2021 - <a href=\"https:\/\/www2.uepg.br\/proex\/wp-content\/uploads\/sites\/8\/2021\/05\/Edital-04-retificacao-editais-02-e-03.pdf\">EDITAL PROEX N\u00ba 04\/2021 - Retifica\u00e7\u00e3o dos EDITAIS N\u00baS 002 e 003\/2021<\/a><\/p>\n<p><a href=\"https:\/\/www2.uepg.br\/proex\/wp-content\/uploads\/sites\/8\/2021\/04\/Edital-bolsista-tecnico-PROEX.pdf\">EDITAL PROEX N\u00ba 03\/2021 - CP da FA 02\/2021 <\/a><\/p>\n<p><a href=\"https:\/\/www2.uepg.br\/proex\/wp-content\/uploads\/sites\/8\/2021\/04\/Ficha-de-inscricao-tecnico.doc\">ANEXO - Ficha de inscri\u00e7\u00e3o do t\u00e9cnico<\/a><\/p>\n<p><a href=\"https:\/\/www2.uepg.br\/proex\/wp-content\/uploads\/sites\/8\/2021\/04\/Edital-bolsista-discente-PROEX.pdf\">EDITAL PROEX N\u00ba 02\/2021 - CP da FA 02\/2021 <\/a><\/p>\n<p><a href=\"https:\/\/www2.uepg.br\/proex\/wp-content\/uploads\/sites\/8\/2021\/04\/Ficha-de-inscricao.doc\">ANEXO - Ficha de inscri\u00e7\u00e3o do discente<\/a><\/p>\n<p><a href=\"https:\/\/www2.uepg.br\/proex\/wp-content\/uploads\/sites\/8\/2021\/05\/Edital-Prorrogacao-LIvro-UEPG-Cinco-Decadas-de-Extensao-1.pdf\">Edital Prorroga\u00e7\u00e3o LIvro UEPG Cinco D\u00e9cadas de Extens\u00e3o<\/a><\/p>\n<p><a href=\"https:\/\/www2.uepg.br\/proex\/wp-content\/uploads\/sites\/8\/2021\/04\/Edital-PROEX-Livro-UEPG-Cinco-Decadas-de-Extensao-1.pdf\">Edital PROEX - Livro UEPG Cinco D\u00e9cadas de Extens\u00e3o<\/a><\/p>\n<p>&nbsp;<\/p>\n<p><strong>9. Programa de Apoio Institucional para A\u00e7\u00f5es Extensionistas junto \u00e0 Rede Paranaense de Diagn\u00f3stico Molecular de SARS-COV-2<\/strong><\/p>\n<p><a href=\"https:\/\/www2.uepg.br\/proex\/wp-content\/uploads\/sites\/8\/2021\/04\/EDITAL-PROEX-02-2021-Classificacao-Geral.pdf\">EDITAL PROEX\/DEU N\u00ba 02\/2021 - Edital de Resultado de Classifica\u00e7\u00e3o Geral<\/a><\/p>\n<p><a href=\"https:\/\/www2.uepg.br\/proex\/wp-content\/uploads\/sites\/8\/2021\/04\/EDITAL-PROEX-01-2021.pdf\">EDITAL PROEX\/DEU N\u00ba 01\/2021 - Edital de Abertura <\/a><\/p>\n\t\t\t\t<\/div>\n\t\t\t<\/div>\n\t\t<\/div>\n\t\t\t<div class=\"sow-accordion-panel\"\n\t\t\t data-anchor=\"2020\">\n\t\t\t\t<div class=\"sow-accordion-panel-header-container\" role=\"heading\" aria-level=\"2\">\n\t\t\t\t\t<div class=\"sow-accordion-panel-header\" tabindex=\"0\" role=\"button\" id=\"accordion-label-2020\" aria-controls=\"accordion-content-2020\" aria-expanded=\"false\">\n\t\t\t\t\t\t<div class=\"sow-accordion-title sow-accordion-title-icon-left\">\n\t\t\t\t\t\t\t\t\t\t\t\t\t\t2020\t\t\t\t\t\t\t\t\t\t\t\t\t<\/div>\n\t\t\t\t\t\t<div class=\"sow-accordion-open-close-button\">\n\t\t\t\t\t\t\t<div class=\"sow-accordion-open-button\">\n\t\t\t\t\t\t\t\t<span class=\"sow-icon-ionicons\" data-sow-icon=\"&#xf218;\"\n\t\t \n\t\taria-hidden=\"true\"><\/span>\t\t\t\t\t\t\t<\/div>\n\t\t\t\t\t\t\t<div class=\"sow-accordion-close-button\">\n\t\t\t\t\t\t\t\t<span class=\"sow-icon-ionicons\" data-sow-icon=\"&#xf209;\"\n\t\t \n\t\taria-hidden=\"true\"><\/span>\t\t\t\t\t\t\t<\/div>\n\t\t\t\t\t\t<\/div>\n\t\t\t\t\t<\/div>\n\t\t\t\t<\/div>\n\n\t\t\t<div\n\t\t\t\tclass=\"sow-accordion-panel-content\"\n\t\t\t\trole=\"region\"\n\t\t\t\taria-labelledby=\"accordion-label-2020\"\n\t\t\t\tid=\"accordion-content-2020\"\n\t\t\t\tstyle=\"display: none;\"\t\t\t>\n\t\t\t\t<div class=\"sow-accordion-panel-border\" tabindex=\"0\">\n\t\t\t\t\t<p><strong>1. Programa Institucional de Bolsas de Extens\u00e3o Universit\u00e1ria PROEX\/UEPG<\/strong><\/p>\n<p>18\/12\/2020 - <a href=\"https:\/\/www2.uepg.br\/proex\/wp-content\/uploads\/sites\/8\/2020\/12\/Edital-98-2020-PROEX-DEU-Edital-de-Classificacao-final-do-Programa-Institucional-de-Bolsas-de-Extensao-Universitaria.pdf\">Edital PROEX\/DEU n\u00ba 98\/2020 - Edital de Classifica\u00e7\u00e3o final do Programa Institucional de Bolsas de Extens\u00e3o Universit\u00e1ria PROEX\/UEPG - 2021<\/a><\/p>\n<p>09\/12\/2020 - <a href=\"https:\/\/www2.uepg.br\/proex\/wp-content\/uploads\/sites\/8\/2020\/12\/Edital-97-2020-PROEX-DEU-Edital-de-Classificacao-preliminar-do-Programa-Institucional-de-Bolsas-de-Extensao-Universitaria-1.pdf\">Edital PROEX\/DEU n\u00ba 97\/2020 - Edital de Classifica\u00e7\u00e3o preliminar do Programa Institucional de Bolsas de Extens\u00e3o Universit\u00e1ria PROEX\/UEPG - 2021<\/a><\/p>\n<p>10\/11\/2020 - <a href=\"https:\/\/www2.uepg.br\/proex\/wp-content\/uploads\/sites\/8\/2020\/11\/Edital-proex-deu-n-96-2020.pdf\">Edital PROEX\/DEU n\u00b0 96\/2020 - Edital de abertura do Programa Institucional de Bolsas de Extens\u00e3o Universit\u00e1ria PROEX\/UEPG - 2021<\/a><\/p>\n<p><a href=\"https:\/\/www2.uepg.br\/proex\/wp-content\/uploads\/sites\/8\/2020\/11\/ANEXO-I-Plano-de-trabalho.doc\">Plano de trabalho<\/a><\/p>\n<p>&nbsp;<\/p>\n<p><strong>2. Lama - Laborat\u00f3rio de Mecaniza\u00e7\u00e3o Agr\u00edcola<\/strong><\/p>\n<p>17\/11\/2020 - <a href=\"https:\/\/www2.uepg.br\/proex\/wp-content\/uploads\/sites\/8\/2020\/11\/Edital04_PARANAMAISORGANICO_UEPG_Resultado.pdf\">Edital LAMA n\u00ba 04\/2020 - Edital de resultado do projeto Paran\u00e1 mais org\u00e2nico<\/a><\/p>\n<p>30\/10\/2020 - <a href=\"https:\/\/www2.uepg.br\/proex\/wp-content\/uploads\/sites\/8\/2020\/10\/Edital-de-abertura-LAMA.pdf\">Edital LAMA n\u00ba 03\/2020 - Edital de sele\u00e7\u00e3o do projeto Paran\u00e1 Mais Org\u00e2nico - fase IV<\/a><\/p>\n<p>08\/06\/2020- <a href=\"https:\/\/www2.uepg.br\/proex\/wp-content\/uploads\/sites\/8\/2020\/06\/Edital02_PARAN\u00c1MAISORG\u00c2NICO_UEPG_Resultado.pdf\" target=\"_blank\" rel=\"noopener\">Edital LAMA n\u00ba 02\/2020 - Edital de resultado do projeto Paran\u00e1 mais org\u00e2nico <\/a><\/p>\n<p>08\/06\/2020 \u2013 <a href=\"https:\/\/www2.uepg.br\/proex\/wp-content\/uploads\/sites\/8\/2020\/06\/EditalLAMA012020.pdf\" target=\"_blank\" rel=\"noopener\">Edital LAMA n\u00ba 01\/2020 - Edital de sele\u00e7\u00e3o do projeto Paran\u00e1 mais org\u00e2nico<\/a><\/p>\n<p>&nbsp;<\/p>\n<p style=\"text-align: left\"><strong>3. 38\u00ba SEURS - Semin\u00e1rio de Extens\u00e3o Universit\u00e1ria da Regi\u00e3o Sul  <\/strong><\/p>\n<p><a href=\"https:\/\/www2.uepg.br\/proex\/wp-content\/uploads\/sites\/8\/2020\/10\/Edital-PROEX-DEU-n-90-2020-Resultado-final-do-38-SEURS.pdf\">Edital PROEX\/DEU n\u00ba 90\/2020 - Resultado final do 38\u00ba SEURS<\/a><\/p>\n<p><a href=\"https:\/\/www2.uepg.br\/proex\/wp-content\/uploads\/sites\/8\/2020\/09\/Edital-PROEX-842020-SEURS-1.pdf\">Edital PROEX n\u00ba 84\/2020 - Edital de abertura de inscri\u00e7\u00f5es do 38\u00ba SEURS<\/a><\/p>\n<p><a href=\"https:\/\/www2.uepg.br\/proex\/wp-content\/uploads\/sites\/8\/2020\/09\/REGULAMENTO-SEURS-2020.pdf\">REGULAMENTO do 38\u00ba SEURS <\/a><\/p>\n<p><a href=\"https:\/\/www2.uepg.br\/proex\/wp-content\/uploads\/sites\/8\/2020\/09\/Modelo-do-artigo-do-38-SEURS.pdf\">Modelo do artigo do 38\u00ba SEURS <\/a><\/p>\n<p><a href=\"https:\/\/www2.uepg.br\/proex\/wp-content\/uploads\/sites\/8\/2020\/09\/Modelo-Artigo-38-SEURS-UEL-2020-NOVO.doc\">Modelo do artigo do 38\u00ba SEURS <\/a>  (vers\u00e3o em word)<\/p>\n<p>&nbsp;<\/p>\n<p style=\"text-align: left\"><strong>4. 18\u00ba Encontro Conversando sobre Extens\u00e3o (CONEX) e 3\u00ba Encontro Anual de Extens\u00e3o (EAEX): <\/strong><\/p>\n<p style=\"text-align: left\"><strong>\"UEPG 50 anos - Cinco d\u00e9cadas de Extens\u00e3o\"<\/strong><\/p>\n<ol>\n<li><strong>Concurso de Fotografias<\/strong>:<\/li>\n<\/ol>\n<p><a href=\"https:\/\/www2.uepg.br\/proex\/wp-content\/uploads\/sites\/8\/2020\/08\/Edital-do-Concurso-de-Fotografias-18o-CONEX-e-3o-EAEX-1.pdf\">Edital do Concurso de Fotografias 18\u00ba CONEX e 3\u00ba EAEX<\/a><\/p>\n<p><a href=\"https:\/\/www2.uepg.br\/proex\/wp-content\/uploads\/sites\/8\/2020\/08\/ANEXO-I-Concurso-de-Fotografias-do-18o-CONEX-e-3o-EAEX.doc\">ANEXO I - Concurso de Fotografias do 18\u00ba CONEX e 3\u00ba EAEX<\/a><\/p>\n<p><a href=\"https:\/\/www2.uepg.br\/proex\/wp-content\/uploads\/sites\/8\/2020\/08\/ANEXO-II-Concurso-de-Fotografias-do-18o-CONEX-e-3o-EAEX.doc\">ANEXO II - Concurso de Fotografias do 18\u00ba CONEX e 3\u00ba EAEX<\/a><\/p>\n<p>&nbsp;<\/p>\n<p><strong>5. Editais PIBEX, 2020-2021:<\/strong><\/p>\n<p>15\/10\/2020 - <a href=\"https:\/\/www2.uepg.br\/proex\/wp-content\/uploads\/sites\/8\/2020\/10\/EDITAL-92-2020-CONVOCACAO.pdf\">Edital PROEX\/DEU n\u00ba 92\/2020 - Edital de convoca\u00e7\u00e3o do Programa Institucional de Bolsas de Extens\u00e3o Universit\u00e1ria - PIBEX, vig\u00eancia 2020-2021<\/a><\/p>\n<p>08\/09\/2020 - <a href=\"https:\/\/www2.uepg.br\/proex\/wp-content\/uploads\/sites\/8\/2020\/09\/EDITAL-75-2020-CLASSIFICACAO-FINAL.pdf\">Edital PROEX\/DEU n\u00ba 75\/2020 - Edital de Classifica\u00e7\u00e3o final da 1\u00aa chamada do Programa Institucional de Bolsas de Extens\u00e3o Universit\u00e1ria - PIBEX, vig\u00eancia 2020-2021<\/a><\/p>\n<p>10\/08\/2020  - <a href=\"https:\/\/www2.uepg.br\/proex\/wp-content\/uploads\/sites\/8\/2020\/08\/EDITAL-65-2020-RETIFICA\u00c7\u00c3O.pdf\">Edital PROEX\/DEU n\u00ba 65\/2020 - Edital de retifica\u00e7\u00e3o de classifica\u00e7\u00e3o do Programa Institucional de Bolsas de Extens\u00e3o Universit\u00e1ria - PIBEX, vig\u00eancia 2020-2021<\/a><\/p>\n<p>03\/07\/2020 - <a href=\"https:\/\/www2.uepg.br\/proex\/wp-content\/uploads\/sites\/8\/2020\/07\/EDITAL-50-2020-CLASSIFICA\u00c7\u00c3O-FINAL.pdf\">Edital PROEX\/DEU n\u00ba 50\/2020 - Edital de Classifica\u00e7\u00e3o geral do Programa Institucional de Bolsas de Extens\u00e3o Universit\u00e1ria - PIBEX, vig\u00eancia 2020-2021<\/a><\/p>\n<p>24\/06\/2020 - <a href=\"https:\/\/www2.uepg.br\/proex\/wp-content\/uploads\/sites\/8\/2020\/06\/EDITAL-47-2020-CLASSIFICA\u00c7\u00c3O-PRELIMINAR-1.pdf\">Edital PROEX\/DEU n\u00ba 47\/2020 - Classifica\u00e7\u00e3o preliminar do Programa Institucional de Bolsas de Extens\u00e3o Universit\u00e1ria - PIBEX, vig\u00eancia 2020-2021<\/a><\/p>\n<p>26\/05\/2020 - <a href=\"https:\/\/www2.uepg.br\/proex\/wp-content\/uploads\/sites\/8\/2020\/05\/EDITAL-RETIFICA\u00c7\u00c3O-37-2020-PIBEX-3.pdf\">Edital PROEX\/DEU n\u00ba 37\/2020 - Retifica\u00e7\u00e3o do Edital PROEX\/DEU n\u00ba 22\/2020 - PIBEX, vig\u00eancia 2020-2021<\/a><\/p>\n<p>22\/05\/2020 - <a href=\"https:\/\/www2.uepg.br\/proex\/wp-content\/uploads\/sites\/8\/2020\/05\/Edital-34-2020-PRORROGA\u00c7\u00c3O.pdf\">Edital PROEX\/DEU n\u00ba 34\/2020 - Prorroga\u00e7\u00e3o da inscri\u00e7\u00e3o do Programa Institucional de Bolsas de Extens\u00e3o Universit\u00e1ria - PIBEX, vig\u00eancia 2020-2021<\/a><\/p>\n<p>04\/05\/2020 - <a href=\"https:\/\/www2.uepg.br\/proex\/wp-content\/uploads\/sites\/8\/2020\/05\/EDITAL-PROEX-DEU-22-2020-ABERTURA-PIBEX.pdf\">Edital PROEX\/DEU n\u00ba 22\/2020 - Edital de abertura do Programa Institucional de Bolsas de Extens\u00e3o Universit\u00e1ria - PIBEX, vig\u00eancia 2020-2021 <\/a><\/p>\n<p><a href=\"https:\/\/www2.uepg.br\/proex\/wp-content\/uploads\/sites\/8\/2020\/05\/PLANO-DE-TRABALHO-DO-BOLSISTA-PIBEX.doc\">Plano de Trabalho do Bolsista PIBEX<\/a><\/p>\n<p>&nbsp;<\/p>\n<p><strong>6. Editais PIBIS, 2020-2021:<\/strong><\/p>\n<p>15\/10\/2020 - <a href=\"https:\/\/www2.uepg.br\/proex\/wp-content\/uploads\/sites\/8\/2020\/10\/EDITAL-93-2020-CONVOCACAO.pdf\">Edital PROEX\/DEU n\u00ba 93\/2020 - Edital de convoca\u00e7\u00e3o do Programa Institucional de Apoio \u00e0 Inclus\u00e3o Social, Pesquisa e Extens\u00e3o Universit\u00e1ria - PIBIS, vig\u00eancia 2020-2021<\/a><\/p>\n<p>08\/09\/2020 - <a href=\"https:\/\/www2.uepg.br\/proex\/wp-content\/uploads\/sites\/8\/2020\/09\/EDITAL-74-60-2020-CLASSIFICACAO-FINAL.pdf\">Edital PROEX\/DEU n\u00ba 74\/2020 - Edital de Classifica\u00e7\u00e3o final da 1\u00aa chamada do Programa Institucional de Apoio \u00e0 Inclus\u00e3o Social, Pesquisa e Extens\u00e3o Universit\u00e1ria - PIBIS, vig\u00eancia 2020-2021<\/a><\/p>\n<p>07\/08\/2020 - <a href=\"https:\/\/www2.uepg.br\/proex\/wp-content\/uploads\/sites\/8\/2020\/08\/EDITAL-64-2020-RETIFICA\u00c7\u00c3O.pdf\">Edital PROEX\/DEU n\u00ba 64\/2020 - Edital de retifica\u00e7\u00e3o de classifica\u00e7\u00e3o do Programa Institucional de Apoio \u00e0 Inclus\u00e3o Social, Pesquisa e Extens\u00e3o Universit\u00e1ria - PIBIS, vig\u00eancia 2020-2021<\/a><\/p>\n<p>03\/07\/2020 - <a href=\"https:\/\/www2.uepg.br\/proex\/wp-content\/uploads\/sites\/8\/2020\/07\/EDITAL-49-2020-CLASSIFICA\u00c7\u00c3O-FINAL.pdf\">Edital PROEX\/DEU n\u00ba 49\/2020 -  Edital de Classifica\u00e7\u00e3o geral do Programa Institucional de Apoio \u00e0 Inclus\u00e3o Social - Pesquisa e Extens\u00e3o Universit\u00e1ria - PIBIS, vig\u00eancia 2020-2021<\/a><\/p>\n<p>24\/06\/2020 -  <a href=\"https:\/\/www2.uepg.br\/proex\/wp-content\/uploads\/sites\/8\/2020\/06\/EDITAL-46-2020-CLASSIFICA\u00c7\u00c3O-PRELIMINAR-1.pdf\">Edital PROEX\/DEU n\u00ba 46\/2020  - Classifica\u00e7\u00e3o preliminar do Programa Institucional de Apoio \u00e0 Inclus\u00e3o Social - Pesquisa e Extens\u00e3o Universit\u00e1ria - PIBIS, vig\u00eancia 2020-2021<\/a><\/p>\n<p>26\/05\/2020 - <a href=\"https:\/\/www2.uepg.br\/proex\/wp-content\/uploads\/sites\/8\/2020\/05\/EDITAL-RETIFICA\u00c7\u00c3O-36-2020-PIBIS.pdf\">Edital PROEX\/DEU n\u00ba 36\/2020 -  Retifica\u00e7\u00e3o do Edital PROEX\/DEU n\u00ba 21\/2020 - PIBIS, vig\u00eancia 2020-2021<\/a><\/p>\n<p>22\/05\/2020 - <a href=\"https:\/\/www2.uepg.br\/proex\/wp-content\/uploads\/sites\/8\/2020\/05\/Edital-33-2020-PRORROGA\u00c7\u00c3O.pdf\">Edital PROEX\/DEU n\u00ba 33\/2020 - Prorroga\u00e7\u00e3o da inscri\u00e7\u00e3o do Programa Institucional de Apoio \u00e0 Inclus\u00e3o Social - Pesquisa e Extens\u00e3o Universit\u00e1ria - PIBIS, vig\u00eancia 2020-2021<\/a><\/p>\n<p>04\/05\/2020 - <a href=\"https:\/\/www2.uepg.br\/proex\/wp-content\/uploads\/sites\/8\/2020\/05\/EDITAL-PROEX-DEU-21-2020-ABERTURA-PIBIS.pdf\">Edital PROEX\/DEUn\u00ba 21\/2020 - Edital de abertura do Programa Institucional de Apoio \u00e0 Inclus\u00e3o Social - Pesquisa e Extens\u00e3o Universit\u00e1ria - PIBIS, vig\u00eancia 2020-2021<\/a><\/p>\n<p><a href=\"https:\/\/www2.uepg.br\/proex\/wp-content\/uploads\/sites\/8\/2020\/05\/PLANO-DE-TRABALHO-DO-BOLSISTA.doc\">Plano de Trabalho do bolsista PIBIS<\/a><\/p>\n<p>&nbsp;<\/p>\n<p><strong>7. Editais do \"PROGRAMA UEPG DE APOIO INSTITUCIONAL PARA A\u00c7\u00d5ES EXTENSIONISTAS DE PREVEN\u00c7\u00c3O, CUIDADOS E COMBATE \u00c0 PANDEMIA DO NOVO CORONAV\u00cdRUS\" :<\/strong><\/p>\n<p>20\/10\/2020 - <a href=\"https:\/\/www2.uepg.br\/proex\/wp-content\/uploads\/sites\/8\/2020\/10\/Edital-PROEX-DEU-n-95-2020.pdf\">Edital PROEX\/DEU n\u00ba 95\/2020 - Edital de classifica\u00e7\u00e3o do polo de Tel\u00eamaco Borba - PR<\/a><\/p>\n<p>16\/10\/2020 - <a href=\"https:\/\/www2.uepg.br\/proex\/wp-content\/uploads\/sites\/8\/2020\/10\/Edital-PROEX-DEU-n-94-2020.pdf\">Edital PROEX\/DEU n\u00ba 94\/2020 - Edital de classifica\u00e7\u00e3o DEPEN do polo de Curitiba e Regi\u00e3o Metropolitana<\/a><\/p>\n<p>12\/10\/2020 - <a href=\"https:\/\/www2.uepg.br\/proex\/wp-content\/uploads\/sites\/8\/2020\/10\/Edital-PROEX-DEU-n-91-2020.pdf\">Edital PROEX\/DEU n\u00ba 91\/2020 - Edital de classifica\u00e7\u00e3o DEPEN do polo de Curitiba e Regi\u00e3o Metropolitana<\/a><\/p>\n<p>02\/10\/2020 - <a href=\"https:\/\/www2.uepg.br\/proex\/wp-content\/uploads\/sites\/8\/2020\/10\/Edital-PROEX-DEU-n-89-2020.pdf\">Edital PROEX\/DEU n\u00ba 89\/2020 - Edital de sele\u00e7\u00e3o DEPEN do polo de Curitiba e Regi\u00e3o Metropolitana<\/a><\/p>\n<p>02\/10\/2020 - <a href=\"https:\/\/www2.uepg.br\/proex\/wp-content\/uploads\/sites\/8\/2020\/10\/Edital-PROEX-DEU-n-88-2020.pdf\">Edital PROEX\/DEU n\u00ba 88\/2020 - Edital de classifica\u00e7\u00e3o DEPEN do polo de Curitiba e Regi\u00e3o Metropolitana<\/a><\/p>\n<p>30\/09\/2020 - <a href=\"https:\/\/www2.uepg.br\/proex\/wp-content\/uploads\/sites\/8\/2020\/09\/Edital-PROEX-DEU-n-87-2020.pdf\">Edital PROEX\/DEU n\u00ba 87\/2020 - Edital de classifica\u00e7\u00e3o do polo de Ponta Grossa-PR<\/a><\/p>\n<p>28\/09\/2020 - <a href=\"https:\/\/www2.uepg.br\/proex\/wp-content\/uploads\/sites\/8\/2020\/09\/Edital-PROEX-DEU-n-86-2020.pdf\">Edital PROEX\/DEU n\u00ba 86\/2020 - Edital de sele\u00e7\u00e3o do polo de Ponta Grossa-PR<\/a><\/p>\n<p>28\/09\/2020 - <a href=\"https:\/\/www2.uepg.br\/proex\/wp-content\/uploads\/sites\/8\/2020\/09\/EDITAL-PROEX-DEU-N-85-2020-1.pdf\">Edital PROEX\/DEU n\u00ba 85\/2020 - Edital de classifica\u00e7\u00e3o do polo de Tel\u00eamaco Borba-PR<\/a><\/p>\n<p>16\/09\/2020 - <a href=\"https:\/\/www2.uepg.br\/proex\/wp-content\/uploads\/sites\/8\/2020\/09\/Edital-PROEX-DEU-832020-do-DEPEN-do-polo-de-Curitiba-PR-e-Regiao-Metropolitana.pdf\">Edital PROEX\/DEU n\u00ba 83\/2020 - Edital de classifica\u00e7\u00e3o geral do DEPEN do polo de Curitiba PR e Regi\u00e3o Metropolitana<\/a><\/p>\n<p>10\/09\/2020 - <a href=\"https:\/\/www2.uepg.br\/proex\/wp-content\/uploads\/sites\/8\/2020\/09\/Edital-PROEX-DEU-n-812020.pdf\">Edital PROEX\/DEU n\u00ba 82\/2020 - Edital de classifica\u00e7\u00e3o geral do DEPEN do polo de Curitiba-PR e Regi\u00e3o Metropolitana<\/a><\/p>\n<p>10\/09\/2020 - <a href=\"https:\/\/www2.uepg.br\/proex\/wp-content\/uploads\/sites\/8\/2020\/09\/EDITAL-PROEX-81.pdf\">Edital PROEX\/DEU n\u00ba 81\/2020 - Edital de sele\u00e7\u00e3o do polo de Curitiba-PR e Regi\u00e3o Metropolitana<\/a><\/p>\n<p>04\/09\/2020 - <a href=\"https:\/\/www2.uepg.br\/proex\/wp-content\/uploads\/sites\/8\/2020\/09\/EDITAL-PROEX-80-DEPEN.pdf\">Edital PROEX\/DEU n\u00ba 80\/2020 - Edital de sele\u00e7\u00e3o DEPEN do polo de Curitiba-PR e Regi\u00e3o Metropolitana<\/a><\/p>\n<p>31\/08\/2020 - <a href=\"https:\/\/www2.uepg.br\/proex\/wp-content\/uploads\/sites\/8\/2020\/08\/EDITAL-PROEX-79-DEPEN.pdf\">Edital PROEX\/DEU n\u00ba 79\/2020 - Edital de resultado DEPEN do polo de Curitiba-PR e Regi\u00e3o Metropolitana<\/a><\/p>\n<p>31\/08\/2020 - <a href=\"https:\/\/www2.uepg.br\/proex\/wp-content\/uploads\/sites\/8\/2020\/08\/EDITAL-PROEX-78.pdf\">Edital PROEX\/DEU n\u00ba 78\/2020 - Edital de resultado do polo de Ponta Grossa-PR<\/a><\/p>\n<p>27\/08\/2020 - <a href=\"https:\/\/www2.uepg.br\/proex\/wp-content\/uploads\/sites\/8\/2020\/08\/EDITAL-PROEX-77.pdf\">Edital PROEX\/DEU n\u00ba 77\/2020 - Edital de sele\u00e7\u00e3o do polo de Ponta Grossa-PR<\/a><\/p>\n<p>25\/08\/2020 - <a href=\"https:\/\/www2.uepg.br\/proex\/wp-content\/uploads\/sites\/8\/2020\/08\/EDITAL-PROEX-76.pdf\">Edital PROEX\/DEU n\u00ba 76\/2020 - Edital de resultado do polo de Ponta Grossa-PR<\/a><\/p>\n<p>18\/08\/2020 - <a href=\"https:\/\/www2.uepg.br\/proex\/wp-content\/uploads\/sites\/8\/2020\/08\/EDITAL-PROEX-73-DEPEN.pdf\">Edittal PROEX\/DEU n\u00ba 73\/2020 - Edital de sele\u00e7\u00e3o DEPEN do polo de Curitiba-PR e Regi\u00e3o Metropolitana<\/a><\/p>\n<p>17\/08\/2020 - <a href=\"https:\/\/www2.uepg.br\/proex\/wp-content\/uploads\/sites\/8\/2020\/08\/EDITAL-PROEX-72.pdf\">Edital PROEX\/DEU n\u00ba 72\/2020 - Edital de Classifica\u00e7\u00e3o do polo de Ponta Grossa-PR<\/a><\/p>\n<p>17\/08\/2020 - <a href=\"https:\/\/www2.uepg.br\/proex\/wp-content\/uploads\/sites\/8\/2020\/08\/EDITAL-PROEX-71.pdf\">Edital PROEX\/DEU n\u00ba 71\/2020 - Edital de sele\u00e7\u00e3o do polo de Ponta Grossa-PR <\/a><\/p>\n<p>13\/08\/2020 - <a href=\"https:\/\/www2.uepg.br\/proex\/wp-content\/uploads\/sites\/8\/2020\/08\/EDITAL-PROEX-70.pdf\">Edital PROEX\/DEU n\u00ba 70\/2020 - Edital de classifica\u00e7\u00e3o geral do polo de Ponta Grossa-PR<\/a><\/p>\n<p>12\/08\/2020 - <a href=\"https:\/\/www2.uepg.br\/proex\/wp-content\/uploads\/sites\/8\/2020\/08\/EDITAL-PROEX-69.pdf\">Edital PROEX\/DEU n\u00ba 69\/2020 - Edital de abertura de vagas do polo de Curitiba e Regi\u00e3o Metropolitana<\/a><\/p>\n<p>10\/08\/2020 - <a href=\"https:\/\/www2.uepg.br\/proex\/wp-content\/uploads\/sites\/8\/2020\/08\/EDITAL-PROEX-68-DEPEN.pdf\">Edital PROEX\/DEU n\u00ba 68\/2020 - Edital de abertura de vagas DEPEN do polo de Curitiba e Regi\u00e3o Metropolitana<\/a><\/p>\n<p>10\/08\/2020 - <a href=\"https:\/\/www2.uepg.br\/proex\/wp-content\/uploads\/sites\/8\/2020\/08\/EDITAL-PROEX-67-DEPEN.pdf\">Edital PROEX\/DEU n\u00ba 67\/2020 - Edital de Classifica\u00e7\u00e3o geral DEPEN do polo de Curitiba e Regi\u00e3o Metropolitana<\/a><\/p>\n<p>10\/08\/2020 - <a href=\"https:\/\/www2.uepg.br\/proex\/wp-content\/uploads\/sites\/8\/2020\/08\/EDITAL-PROEX-66.pdf\">Edital PROEX\/DEU n\u00ba 66\/2020 - Edital de classifica\u00e7\u00e3o do polo de Ponta Grossa-PR<\/a><\/p>\n<p>06\/08\/2020 - <a href=\"https:\/\/www2.uepg.br\/proex\/wp-content\/uploads\/sites\/8\/2020\/08\/EDITAL-PROEX-63.pdf\">Edital PROEX\/DEU n\u00ba 63\/2020 - Edital de Classifica\u00e7\u00e3o Geral do 1\u00ba aditivo do polo de Curitiba e Regi\u00e3o Metropolitana<\/a><\/p>\n<p>06\/08\/2020 - <a href=\"https:\/\/www2.uepg.br\/proex\/wp-content\/uploads\/sites\/8\/2020\/08\/EDITAL-PROEX-62.pdf\">Edital PROEX\/DEU n\u00ba 62\/2020 - Errata do Edital PROEX\/DEU n\u00ba 53\/2020<\/a><\/p>\n<p>05\/08\/2020 - <a href=\"https:\/\/www2.uepg.br\/proex\/wp-content\/uploads\/sites\/8\/2020\/08\/EDITAL-PROEX-61-1.pdf\">Edital PROEX\/DEU n\u00ba 61\/2020 - Edital de classifica\u00e7\u00e3o do polo de Tel\u00eamaco Borba-PR<\/a><\/p>\n<p>05\/08\/2020 - <a href=\"https:\/\/www2.uepg.br\/proex\/wp-content\/uploads\/sites\/8\/2020\/08\/EDITAL-PROEX-60-DEPEN.pdf\">Edital PROEX \/DEU n\u00ba 60\/2020 - Edital de sele\u00e7\u00e3o DEPEN do polo de Curitiba e Regi\u00e3o Metropolitana<\/a><\/p>\n<p>05\/08\/2020 - <a href=\"https:\/\/www2.uepg.br\/proex\/wp-content\/uploads\/sites\/8\/2020\/08\/EDITAL-PROEX-59.pdf\">Edital PROEX\/DEU n\u00ba 59\/2020 - Edital de prorroga\u00e7\u00e3o e redistribui\u00e7\u00e3o DEPEN do polo de Curitiba e Regi\u00e3o Metropolitana<\/a><\/p>\n<p>04\/08\/2020 - <a href=\"https:\/\/www2.uepg.br\/proex\/wp-content\/uploads\/sites\/8\/2020\/08\/EDITAL-PROEX-58-1.pdf\">Edital PROEX\/DEU n\u00ba 58\/2020 - Edital do 1\u00ba aditivo do polo de Tel\u00eamaco Borba-PR<\/a><\/p>\n<p>04\/08\/2020 - <a href=\"https:\/\/www2.uepg.br\/proex\/wp-content\/uploads\/sites\/8\/2020\/08\/EDITAL-PROEX-57.pdf\">Edital PROEX\/DEU n\u00ba 57\/2020 - Edital de sele\u00e7\u00e3o do polo de Ponta Grossa-PR e Regi\u00e3o<\/a><\/p>\n<p>04\/08\/2020- <a href=\"https:\/\/www2.uepg.br\/proex\/wp-content\/uploads\/sites\/8\/2020\/08\/EDITAL-PROEX-56.pdf\">Edital PROEX\/DEU n\u00ba 56\/2020 - Edital de convoca\u00e7\u00e3o, prorroga\u00e7\u00e3o e redistribui\u00e7\u00e3o polo de Ponta Grossa-PR e Regi\u00e3o<\/a><\/p>\n<p>03\/08\/2020 - <a href=\"https:\/\/www2.uepg.br\/proex\/wp-content\/uploads\/sites\/8\/2020\/08\/EDITAL-PROEX-55.pdf\">Edital PROEX\/DEU n\u00ba 55\/2020 - Edital de abertura de novas vagas do polo de Curitiba-PR e Regi\u00e3o Metropolitana<\/a><\/p>\n<p>03\/08\/2020 - <a href=\"https:\/\/www2.uepg.br\/proex\/wp-content\/uploads\/sites\/8\/2020\/08\/EDITAL-PROEX-54.pdf\">Edital PROEX\/DEU n\u00ba 54\/2020 - Edital de prorroga\u00e7\u00e3o do polo de Curitiba-PR e Regi\u00e3o Metropolitana<\/a><\/p>\n<p>03\/08\/2020 - <a href=\"https:\/\/www2.uepg.br\/proex\/wp-content\/uploads\/sites\/8\/2020\/08\/EDITAL-PROEX-53.pdf\">Edital PROEX\/DEU n\u00ba 53\/2020 - Edital de prorroga\u00e7\u00e3o do polo de Curitiba-PR e Regi\u00e3o Metropolitana <\/a><\/p>\n<p>03\/08\/2020 - <a href=\"https:\/\/www2.uepg.br\/proex\/wp-content\/uploads\/sites\/8\/2020\/08\/EDITAL-PROEX-52.pdf\">Edital PROEX\/DEU n\u00ba 52\/2020 - Edital de sele\u00e7\u00e3o do polo de Curitiba-PR e Regi\u00e3o Metropolitana<\/a><\/p>\n<p>07\/07\/2020 - <a href=\"https:\/\/www2.uepg.br\/proex\/wp-content\/uploads\/sites\/8\/2020\/07\/EDITAL-PROEX-51.pdf\">Edital PROEX\/DEU n\u00ba 51\/2020 - 15\u00aa Classifica\u00e7\u00e3o do polo de Ponta Grossa-PR <\/a><\/p>\n<p>30\/06\/2020 - <a href=\"https:\/\/www2.uepg.br\/proex\/wp-content\/uploads\/sites\/8\/2020\/06\/EDITAL-PROEX-48.pdf\">Edital PROEX\/DEU n\u00ba 48\/2020 - 14\u00aa Classifica\u00e7\u00e3o do polo de Ponta Grossa-PR<\/a><\/p>\n<p>18\/06\/2020 - <a href=\"https:\/\/www2.uepg.br\/proex\/wp-content\/uploads\/sites\/8\/2020\/06\/EDITAL-PROEX-45.pdf\">Edital PROEX\/DEU n\u00ba 45\/2020 - 13\u00aa Classifica\u00e7\u00e3o do polo de Ponta Grossa-PR<\/a><\/p>\n<p>10\/06\/2020 - <a href=\"https:\/\/www2.uepg.br\/proex\/wp-content\/uploads\/sites\/8\/2020\/06\/EDITAL-PROEX-44.pdf\">Edital PROEX\/DEU n\u00ba 44\/2020 - 12\u00aa Classifica\u00e7\u00e3o do polo de Ponta Grossa-PR<\/a><\/p>\n<p>04\/06\/2020 - <a href=\"https:\/\/www2.uepg.br\/proex\/wp-content\/uploads\/sites\/8\/2020\/06\/EDITAL-PROEX-43.pdf\">Edital PROEX\/DEU n\u00ba 43\/2020 - 7\u00aa Classifica\u00e7\u00e3o do polo de Paranagu\u00e1-PR<\/a><\/p>\n<p>03\/06\/2020 - <a href=\"https:\/\/www2.uepg.br\/proex\/wp-content\/uploads\/sites\/8\/2020\/06\/EDITAL-PROEX-42.pdf\">Edital PROEX\/DEU n\u00ba 42\/2020 - 4\u00aa Classifica\u00e7\u00e3o do polo de Tel\u00eamaco Borba-PR<\/a><\/p>\n<p>28\/05\/2020 - <a href=\"https:\/\/www2.uepg.br\/proex\/wp-content\/uploads\/sites\/8\/2020\/05\/EDITAL-PROEX-41.pdf\">Edital PROEX\/DEU n\u00ba 41\/2020 - Resultado da sele\u00e7\u00e3o para Apoio t\u00e9cnico \u00e0 Coordena\u00e7\u00e3o do polo de Curitiba-PR e Regi\u00e3o Metropolitana<\/a><\/p>\n<p>26\/05\/2020 - <a href=\"https:\/\/www2.uepg.br\/proex\/wp-content\/uploads\/sites\/8\/2020\/05\/EDITAL-PROEX-40.pdf\">Edital PROEX\/DEU n\u00ba 40\/2020 -  Edital de sele\u00e7\u00e3o para Apoio t\u00e9cnico \u00e0 Coordena\u00e7\u00e3o do polo de Curitiba-PR e Regi\u00e3o Metropolitana <\/a><\/p>\n<p>26\/05\/2020 - <a href=\"https:\/\/www2.uepg.br\/proex\/wp-content\/uploads\/sites\/8\/2020\/05\/EDITAL-PROEX-39-1.pdf\">Edital PROEX\/DEU n\u00ba 39\/2020 - 7\u00aa Classifica\u00e7\u00e3o do polo de Curitiba-PR e Regi\u00e3o Metroplitana<\/a><\/p>\n<p>26\/05\/2020 - <a href=\"https:\/\/www2.uepg.br\/proex\/wp-content\/uploads\/sites\/8\/2020\/05\/EDITAL-PROEX-38.pdf\">Edital PROEX\/DEU n\u00ba 38\/2020 - 6\u00aa Classifica\u00e7\u00e3o do polo de Curitiba-PR e Regi\u00e3o Metropolitana<\/a><\/p>\n<p>26\/05\/2020 - <a href=\"https:\/\/www2.uepg.br\/proex\/wp-content\/uploads\/sites\/8\/2020\/05\/EDITAL-PROEX-35.pdf\">Edital PROEX\/DEU n\u00ba 35\/2020 - 11\u00aa Classifica\u00e7\u00e3o do polo de Ponta Grossa-PR <\/a><\/p>\n<p>19\/05\/2020 - <a href=\"https:\/\/www2.uepg.br\/proex\/wp-content\/uploads\/sites\/8\/2020\/05\/EDITAL-PROEX-32.pdf\">Edital PROEX\/DEU n\u00ba 32\/2020 - 10\u00aa Classifica\u00e7\u00e3o do polo de Ponta Grossa-PR<\/a><\/p>\n<p>14\/05\/2020 - <a href=\"https:\/\/www2.uepg.br\/proex\/wp-content\/uploads\/sites\/8\/2020\/05\/EDITAL-PROEX-31.pdf\">Edital PROEX\/DEU n\u00ba 31\/2020 - 9\u00aa Classifica\u00e7\u00e3o do polo de Ponta Grossa-PR <\/a><\/p>\n<p>12\/05\/2020 - <a href=\"https:\/\/www2.uepg.br\/proex\/wp-content\/uploads\/sites\/8\/2020\/05\/EDITAL-PROEX-30.pdf\">Edital PROEX\/DEU n\u00ba 30\/2020 - 8\u00aa Classifica\u00e7\u00e3o do polo de Ponta Grossa-PR<\/a><\/p>\n<p>12\/05\/2020 - <a href=\"https:\/\/www2.uepg.br\/proex\/wp-content\/uploads\/sites\/8\/2020\/05\/edital-FA-sele\u00e7\u00e3o-publicit\u00e1rio_resultado.pdf\">Edital PROEX\/DEU n\u00ba 29\/2020 - Classifica\u00e7\u00e3o de sele\u00e7\u00e3o publicit\u00e1rio<\/a><\/p>\n<p>08\/05\/2020 -  <a href=\"https:\/\/www2.uepg.br\/proex\/wp-content\/uploads\/sites\/8\/2020\/05\/EDITAL-PROEX-28.pdf\">Edital PROEX\/DEU n\u00ba 28\/2020 - 5\u00aa Classifica\u00e7\u00e3o do polo de Curitiba-PR e Regi\u00e3o Metropolitana<\/a><\/p>\n<p>08\/05\/2020 - <a href=\"https:\/\/www2.uepg.br\/proex\/wp-content\/uploads\/sites\/8\/2020\/05\/EDITAL-PROEX-27.pdf\">Edital PROEX\/DEU n\u00ba 27\/2020 - 4\u00aa Classifica\u00e7\u00e3o do polo de Curitiba-PR e Regi\u00e3o Metropolitana<\/a><\/p>\n<p>07\/05\/2020 - <a href=\"https:\/\/www2.uepg.br\/proex\/wp-content\/uploads\/sites\/8\/2020\/05\/Edital-de-sele\u00e7\u00e3o-publicit\u00e1rio.pdf\">Edital PROEX\/DEU n\u00ba 26\/2020 - Edital de abertura de sele\u00e7\u00e3o publicit\u00e1rio <\/a><\/p>\n<p>07\/05\/2020 - <a href=\"https:\/\/www2.uepg.br\/proex\/wp-content\/uploads\/sites\/8\/2020\/05\/EDITAL-PROEX-25.pdf\">Edital PROEX\/DEU n\u00ba 25\/2020 - 7\u00aa Classifica\u00e7\u00e3o do polo de Ponta Grossa-PR<\/a><\/p>\n<p>06\/05\/2020 - <a href=\"https:\/\/www2.uepg.br\/proex\/wp-content\/uploads\/sites\/8\/2020\/05\/EDITAL-PROEX-24-2.pdf\">Edital PROEX\/DEU n\u00ba 24\/2020 - 6\u00aa Classifica\u00e7\u00e3o do polo de Ponta Grossa-PR<\/a><\/p>\n<p>04\/05\/2020 - <a href=\"https:\/\/www2.uepg.br\/proex\/wp-content\/uploads\/sites\/8\/2020\/05\/EDITAL-PROEX-23.pdf\">Edital PROEX\/DEU n\u00ba 23\/2020 - 3\u00aa Classifica\u00e7\u00e3o do polo de Tel\u00eamaco Borba-PR  <\/a><\/p>\n<p>27\/04\/2020 - <a href=\"https:\/\/www2.uepg.br\/proex\/wp-content\/uploads\/sites\/8\/2020\/04\/EDITAL-PROEX-20.pdf\">Edital PROEX\/DEU n\u00ba 20\/2020 - 6\u00aa Classifica\u00e7\u00e3o do polo de Paranagu\u00e1-PR<\/a><\/p>\n<p>17\/04\/2020 - <a href=\"https:\/\/www2.uepg.br\/proex\/wp-content\/uploads\/sites\/8\/2020\/05\/EDITAL-PROEX-18.pdf\">Edital PROEX\/DEU n\u00ba 18\/2020 - 2\u00aa Classifica\u00e7\u00e3o do polo de Tel\u00eamaco Borba-PR<\/a><\/p>\n<p>15\/04\/2020 - <a href=\"https:\/\/www2.uepg.br\/proex\/wp-content\/uploads\/sites\/8\/2020\/04\/EDITAL-PROEX-19.pdf\">Edital PROEX\/DEU n\u00ba 19\/2020 - 5\u00aa Classifica\u00e7\u00e3o do polo de Ponta Grossa-PR<\/a><\/p>\n<p>09\/04\/2020 - <a href=\"https:\/\/www2.uepg.br\/proex\/wp-content\/uploads\/sites\/8\/2020\/04\/EDITAL-PROEX-17.pdf\">Edital PROEX\/DEU n\u00ba 17\/2020 - 5\u00aa Classifica\u00e7\u00e3o do polo de Paranagu\u00e1-PR<\/a><\/p>\n<p>07\/04\/2020 - <a href=\"https:\/\/www2.uepg.br\/proex\/wp-content\/uploads\/sites\/8\/2020\/04\/EDITAL-PROEX-16.pdf\">Edital PROEX\/DEU n\u00ba 16\/2020 - 4\u00aa Classifica\u00e7\u00e3o do polo de Paranagu\u00e1-PR<\/a><\/p>\n<p>06\/04\/2020 - <a href=\"https:\/\/www2.uepg.br\/proex\/wp-content\/uploads\/sites\/8\/2020\/04\/EDITAL-PROEX-13-2.pdf\">Edital PROEX\/DEU n\u00ba 13\/2020 - 1\u00aa Classifica\u00e7\u00e3o do polo de Tel\u00eamaco Borba-PR<\/a><\/p>\n<p>06\/04\/2020 - <a href=\"https:\/\/www2.uepg.br\/proex\/wp-content\/uploads\/sites\/8\/2020\/04\/EDITAL-PROEX-15.pdf\">Edital PROEX\/DEU n\u00ba 15\/2020 - 3\u00aa Classifica\u00e7\u00e3o do polo de Curitiba-PR e Regi\u00e3o Metropolitana<\/a><\/p>\n<p>03\/04\/2020 - <a href=\"https:\/\/www2.uepg.br\/proex\/wp-content\/uploads\/sites\/8\/2020\/04\/EDITAL-PROEX-14.pdf\">Edital PROEX\/DEU n\u00ba 14\/2020 - 4\u00aa Classifica\u00e7\u00e3o do polo de Ponta Grossa-PR <\/a><\/p>\n<p>02\/04\/2020 - <a href=\"https:\/\/www2.uepg.br\/proex\/wp-content\/uploads\/sites\/8\/2020\/04\/EDITAL-PROEX-12.pdf\">Edital PROEX\/DEU n\u00ba 12\/2020 - 2\u00aa Classifica\u00e7\u00e3o do polo de Curitiba-PR e Regi\u00e3o Metropolitana<\/a><\/p>\n<p>01\/04\/2020 - <a href=\"https:\/\/www2.uepg.br\/proex\/wp-content\/uploads\/sites\/8\/2020\/04\/EDITAL-PROEX-11.pdf\">Edital PROEX\/DEU n\u00ba 11\/2020 - 3\u00aa Classifica\u00e7\u00e3o do polo de Paranagu\u00e1-PR<\/a><\/p>\n<p>01\/04\/2020 - <a href=\"https:\/\/www2.uepg.br\/proex\/wp-content\/uploads\/sites\/8\/2020\/04\/EDITAL-PROEX-10-1.pdf\">Edital PROEX\/DEU n\u00ba 10\/2020 - 3\u00aa Classifica\u00e7\u00e3o do polo de Ponta Grossa-PR<\/a><\/p>\n<p>01\/04\/2020 - <a href=\"https:\/\/www2.uepg.br\/proex\/wp-content\/uploads\/sites\/8\/2020\/04\/EDITAL-PROEX-9-atualizado-Carla.pdf\">Edital PROEX\/DEU n\u00ba 09\/2020 - 2\u00aa Classifica\u00e7\u00e3o do polo de Paranagu\u00e1-PR<\/a><\/p>\n<p>31\/03\/2020 - <a href=\"https:\/\/www2.uepg.br\/proex\/wp-content\/uploads\/sites\/8\/2020\/03\/EDITAL-PROEX-8.pdf\">Edital PROEX\/DEU n\u00ba 08\/2020 - 2\u00aa Classifica\u00e7\u00e3o do polo de Ponta Grossa-PR<\/a><\/p>\n<p>27\/03\/2020 - <a href=\"https:\/\/www2.uepg.br\/proex\/wp-content\/uploads\/sites\/8\/2020\/03\/EDITAL-PROEX-6-1.pdf\">Edital PROEX\/DEU n\u00ba 06\/2020 - 1\u00aa Classifica\u00e7\u00e3o do polo de Curitiba-PR e Regi\u00e3o Metropolitana<\/a><\/p>\n<p>27\/03\/2020 - <a href=\"https:\/\/www2.uepg.br\/proex\/wp-content\/uploads\/sites\/8\/2020\/03\/EDITAL-PROEX-5-1.pdf\">Edital PROEX\/DEU n\u00ba 05\/2020 - 1\u00aa Classifica\u00e7\u00e3o do polo de Ponta Grossa-PR<\/a><\/p>\n<p>26\/03\/2020 - <a href=\"https:\/\/www2.uepg.br\/proex\/wp-content\/uploads\/sites\/8\/2020\/03\/EDITAL-PROEX-7-3.pdf\">Edital PROEX\/DEU n\u00ba 07\/2020 - 1\u00aa Classifica\u00e7\u00e3o do polo de Paranagu\u00e1-PR<\/a><\/p>\n<p>Inscri\u00e7\u00f5es encerradas!<\/p>\n<p><a href=\"\/BACKUP%2013%2003%202020\/SE%C3%87%C3%83O%20DE%20BOLSAS%20OFICIAL\/CORONA\/FA\/chama_publica_combate_ao_coronavirus.pdf\">Edital - Funda\u00e7\u00e3o Arauc\u00e1ria - Chamada P\u00fablica 09\/2020<\/a><\/p>\n<p>&nbsp;<\/p>\n<p><strong>8. Programa \"VOLUNTARIADO EXTENSIONISTA PARA ENFRENTAMENTO DO NOVO CORONA V\u00cdRUS\":<\/strong><\/p>\n<p>24\/03\/2020 - <a href=\"https:\/\/www2.uepg.br\/proex\/wp-content\/uploads\/sites\/8\/2020\/03\/Chamada-004-2020.pdf\">Edital PROEX\/DEU n\u00ba 004\/2020 - Chamada Interna - Voluntariado Extensionista para enfrentamento do Novo Corona V\u00edrus<\/a><\/p>\n<p><a href=\"\/\/docs.google.com\/forms\/d\/e\/1FAIpQLScA6d9A1XssGZq3r7q6FyAeJlK0g7SYeWeC3IIX7wPT4c-D7Q\/viewform\">Incri\u00e7\u00f5es aqui!<\/a><\/p>\n<p>&nbsp;<\/p>\n<p><strong>9. Outros Editais<\/strong><\/p>\n<p>03\/03\/2020 -  <a href=\"https:\/\/www2.uepg.br\/proex\/wp-content\/uploads\/sites\/8\/2020\/03\/Retifica\u00e7\u00e3o-da-Chamada-Interna-001-2020-2.pdf\">Edital PROEX\/DEU n\u00ba 003\/2020 - Retifica\u00e7\u00e3o da Chamada Interna n\u00ba 001\/2020<\/a><\/p>\n<p>06\/02\/2020 - <a href=\"https:\/\/www2.uepg.br\/proex\/wp-content\/uploads\/sites\/8\/2020\/02\/Retifica\u00e7\u00e3o-Chamada-Interna-001-2020.pdf\">Edital PROEX\/DEU n\u00ba 002\/2020 - Retifica\u00e7\u00e3o Chamada Interna n\u00ba 001\/2020<\/a><\/p>\n<p>30\/01\/2020 - <a href=\"https:\/\/www2.uepg.br\/proex\/wp-content\/uploads\/sites\/8\/2020\/01\/Chamada-Interna-001-2020.pdf\">Edital PROEX\/DEU n\u00ba 001\/2020 - Chamada Interna<\/a><\/p>\n<p>&nbsp;<\/p>\n<p><strong>PROEX DAC:<\/strong><\/p>\n<p>18\/03\/2020 - <a href=\"https:\/\/www2.uepg.br\/proex\/wp-content\/uploads\/sites\/8\/2020\/03\/comunicadoGALERIA2020.pdf\">COMUNICADO IMPORTANTE<\/a> - Galeria PROEX UEPG<\/p>\n<p>11\/02\/2020 - <a href=\"https:\/\/www2.uepg.br\/proex\/wp-content\/uploads\/sites\/8\/2020\/02\/Edital-PROEXDAC-N\u00ba-002-2020-Edital-Galeria-PROEX-2020-Exposi\u00e7\u00f5es-sele\u00e7\u00e3o.pdf\">Edital PROEX\/DAC N\u00ba 002\/2020 Edital Galeria PROEX 2020 - Exposi\u00e7\u00f5es\/sele\u00e7\u00e3o <\/a><\/p>\n<ul>\n<li style=\"text-align: left\"><a href=\"https:\/\/www2.uepg.br\/proex\/wp-content\/uploads\/sites\/8\/2020\/02\/Edital-PROEXDAC-N\u00ba-002-2020-Edital-Galeria-PROEX-2020-Exposi\u00e7\u00f5es-sele\u00e7\u00e3o.pdf\">**<\/a><a href=\"https:\/\/www2.uepg.br\/proex\/wp-content\/uploads\/sites\/8\/2020\/02\/ANEXOS-edital-Galeria-2020.docx\">ANEXOS- Edital Galeria 2020**<\/a><\/li>\n<\/ul>\n<p style=\"text-align: left\">10\/02\/2020 - <a href=\"https:\/\/www2.uepg.br\/proex\/wp-content\/uploads\/sites\/8\/2020\/02\/Edital-Cursos-Dac-2020-atualizado-1.pdf\">Edital PROEX\/DAC N\u00b0 001\/2020 Inscri\u00e7\u00f5es Cursos DAC 2020 Atualizado<\/a><\/p>\n<p>10\/01\/2020 -<a href=\"https:\/\/www2.uepg.br\/proex\/wp-content\/uploads\/sites\/8\/2020\/01\/EDITAL-PROEX-I-DAC-N\u00b0-001-I-2020-Inscri\u00e7\u00f5es-Cursos-DAC-2.pdf\"> EDITAL PROEX\/DAC N\u00b0 001\/2020 Inscri\u00e7\u00f5es Cursos DAC 2020<\/a><\/p>\n<p>&nbsp;<\/p>\n<p>&nbsp;<\/p>\n<p>&nbsp;<\/p>\n<p>&nbsp;<\/p>\n\t\t\t\t<\/div>\n\t\t\t<\/div>\n\t\t<\/div>\n\t\t\t<div class=\"sow-accordion-panel\"\n\t\t\t data-anchor=\"2019\">\n\t\t\t\t<div class=\"sow-accordion-panel-header-container\" role=\"heading\" aria-level=\"2\">\n\t\t\t\t\t<div class=\"sow-accordion-panel-header\" tabindex=\"0\" role=\"button\" id=\"accordion-label-2019\" aria-controls=\"accordion-content-2019\" aria-expanded=\"false\">\n\t\t\t\t\t\t<div class=\"sow-accordion-title sow-accordion-title-icon-left\">\n\t\t\t\t\t\t\t\t\t\t\t\t\t\t2019\t\t\t\t\t\t\t\t\t\t\t\t\t<\/div>\n\t\t\t\t\t\t<div class=\"sow-accordion-open-close-button\">\n\t\t\t\t\t\t\t<div class=\"sow-accordion-open-button\">\n\t\t\t\t\t\t\t\t<span class=\"sow-icon-ionicons\" data-sow-icon=\"&#xf218;\"\n\t\t \n\t\taria-hidden=\"true\"><\/span>\t\t\t\t\t\t\t<\/div>\n\t\t\t\t\t\t\t<div class=\"sow-accordion-close-button\">\n\t\t\t\t\t\t\t\t<span class=\"sow-icon-ionicons\" data-sow-icon=\"&#xf209;\"\n\t\t \n\t\taria-hidden=\"true\"><\/span>\t\t\t\t\t\t\t<\/div>\n\t\t\t\t\t\t<\/div>\n\t\t\t\t\t<\/div>\n\t\t\t\t<\/div>\n\n\t\t\t<div\n\t\t\t\tclass=\"sow-accordion-panel-content\"\n\t\t\t\trole=\"region\"\n\t\t\t\taria-labelledby=\"accordion-label-2019\"\n\t\t\t\tid=\"accordion-content-2019\"\n\t\t\t\tstyle=\"display: none;\"\t\t\t>\n\t\t\t\t<div class=\"sow-accordion-panel-border\" tabindex=\"0\">\n\t\t\t\t\t<p>10\/12\/2019 - <a href=\"https:\/\/www2.uepg.br\/proex\/wp-content\/uploads\/sites\/8\/2020\/02\/EDITAL-PROEX-21-2019-CLASSIFICA\u00c7\u00c3O-FINAL.pdf\">EDITAL PROEX 21 2019 CLASSIFICA\u00c7\u00c3O FINAL DO PROGRAMA INSTITUCIONAL DE BOLSAS DE EXTENS\u00c3O UNIVERSIT\u00c1RIA, vig\u00eancia 01.02.2020 a 31.12.2020<\/a><\/p>\n<p>03\/12\/2019 - <a href=\"https:\/\/www2.uepg.br\/proex\/wp-content\/uploads\/sites\/8\/2019\/12\/EDITAL-PROEX-20-2019-CLASSIFICA\u00c7\u00c3O-PRELIMINAR.pdf\">EDITAL PROEX 20 2019 CLASSIFICA\u00c7\u00c3O PRELIMINAR DO PROGRAMA INSTITUCIONAL DE BOLSAS DE EXTENS\u00c3O UNIVERSIT\u00c1RIA, vig\u00eancia 01.02.2020 a 31.12.2020<\/a><\/p>\n<p>18\/11\/2019 - <a href=\"https:\/\/www2.uepg.br\/proex\/wp-content\/uploads\/sites\/8\/2019\/11\/EDITAL-DE-PRORROGA\u00c7\u00c3O-DO-PROGRAMA-INSTITUCIONAL-DE-BOLSAS-DE-EXTENS\u00c3O-UNIVERSIT\u00c1RIA-19-2019.pdf\">EDITAL PROEX 19 2019 - PRORROGA\u00c7\u00c3O DO PROGRAMA INSTITUCIONAL DE BOLSAS DE EXTENS\u00c3O UNIVERSIT\u00c1RIA, vig\u00eancia 01.02.2020 a 31.12.2020<\/a><\/p>\n<p>04\/11\/2019 - <a href=\"https:\/\/www2.uepg.br\/proex\/wp-content\/uploads\/sites\/8\/2019\/11\/PLANO-DE-TRABALHO-DO-BOLSISTA.doc\">PLANO DE TRABALHO DO BOLSISTA<\/a><\/p>\n<p>04\/11\/2019 - <a href=\"https:\/\/www2.uepg.br\/proex\/wp-content\/uploads\/sites\/8\/2019\/11\/EDITAL-PROEX-18-2019-2.pdf\">EDITAL PROEX 18 2019 - PROGRAMA INSTITUCIONAL DE BOLSAS DE EXTENS\u00c3O UNIVERSIT\u00c1RIA PROEX, vig\u00eancia 01.02.2020 a 31.12.2020<\/a><\/p>\n<p>12\/09\/2019 - <a href=\"https:\/\/www2.uepg.br\/proex\/wp-content\/uploads\/sites\/8\/2019\/09\/017-2019-1.pdf\" target=\"_blank\" rel=\"noopener\">EDITAL PROEX 17\/2019 \u2013 PROGRAMA INSTITUCIONAL DE APOIO \u00c0 ORGANIZA\u00c7\u00c3O DE EVENTOS DE EXTENS\u00c3O E DE DIFUS\u00c3O ACAD\u00caMICA - SALDO REMANESCENTE<\/a><\/p>\n<p>27\/08\/2019 -<a href=\"https:\/\/www2.uepg.br\/proex\/wp-content\/uploads\/sites\/8\/2019\/09\/PIBEX-FINAL-2019-2020-1.pdf\" target=\"_blank\" rel=\"noopener\">EDITAL PROEX 16\/2019 \u2013 Resultado da CLASSIFICA\u00c7\u00c3O FINAL dos candidatos ao PROGRAMA INSTITUCIONAL DE BOLSAS DE EXTENS\u00c3O UNIVERSIT\u00c1RIA - PIBEX - vig\u00eancia 2019-2020<\/a><\/p>\n<p>12\/08\/2019 -<a href=\"\/\/siseve.apps.uepg.br\/eaexconex2019\/noticia\/ensalamentos\" target=\"_blank\" rel=\"noopener\"> 17\u00ba CONEX - ENSALAMENTO<\/a><\/p>\n<p>02\/08\/2019 - <a href=\"https:\/\/www2.uepg.br\/proex\/wp-content\/uploads\/sites\/8\/2019\/09\/014-2019-1.pdf\" target=\"_blank\" rel=\"noopener\">EDITAL PROEX 14\/2019 \u2013 Resultado da CLASSIFICA\u00c7\u00c3O FINAL dos candidatos ao PROGRAMA INSTITUCIONAL DE APOIO \u00c0 INCLUS\u00c3O SOCIAL PESQUISA E EXTENS\u00c3O UNIVERSIT\u00c1RIA, - PIBIS, vig\u00eancia 2019-2020<\/a><\/p>\n<p>18\/06\/2019 - <a href=\"https:\/\/www2.uepg.br\/proex\/wp-content\/uploads\/sites\/8\/2019\/09\/PIBEX-GERAL-2019-1.pdf\" target=\"_blank\" rel=\"noopener\">EDITAL PROEX 013\/2019 \u2013 Resultado da CLASSIFICA\u00c7\u00c3O GERAL dos candidatos - PIBEX<\/a><\/p>\n<p>18\/06\/2019 - <a href=\"https:\/\/www2.uepg.br\/proex\/wp-content\/uploads\/sites\/8\/2019\/09\/PIBIS-GERAL-2019-1.pdf\" target=\"_blank\" rel=\"noopener\">EDITAL PROEX 012\/2019 \u2013 Resultado da CLASSIFICA\u00c7\u00c3O GERAL dos candidatos - PIBIS<\/a><\/p>\n<p>22\/05\/2019 - <a href=\"https:\/\/www2.uepg.br\/proex\/wp-content\/uploads\/sites\/8\/2019\/09\/Edital-011-2019-1.pdf\" target=\"_blank\" rel=\"noopener\">EDITAL PROEX 011\/2019 \u2013 Resultado da sele\u00e7\u00e3o interna para o SEURS<\/a><\/p>\n<p>17\/05\/2019 - <a href=\"https:\/\/www2.uepg.br\/proex\/wp-content\/uploads\/sites\/8\/2019\/09\/EDITAL-10-2019-1.pdf\" target=\"_blank\" rel=\"noopener\">EDITAL PROEX 010\/2019 \u2013 Resultado da 1\u00aa fase da sele\u00e7\u00e3o do edital 007\/2019<\/a><\/p>\n<p>17\/05\/2019 - <a href=\"https:\/\/www2.uepg.br\/proex\/wp-content\/uploads\/sites\/8\/2019\/09\/PIBEX-PRELIMINAR-1.pdf\" target=\"_blank\" rel=\"noopener\">EDITAL PROEX 009\/2019 \u2013 Classifica\u00e7\u00e3o Preliminar dos candidatos ao PIBEX<\/a><\/p>\n<p>17\/05\/2019 - <a href=\"https:\/\/www2.uepg.br\/proex\/wp-content\/uploads\/sites\/8\/2019\/09\/PIBIS-PRELIMINAR-1.pdf\" target=\"_blank\" rel=\"noopener\">EDITAL PROEX 008\/2019 \u2013 Classifica\u00e7\u00e3o Preliminar dos candidatos ao PIBIS<\/a><\/p>\n<p>14\/05\/2019 - <a href=\"https:\/\/www2.uepg.br\/proex\/wp-content\/uploads\/sites\/8\/2019\/09\/edital-007-2019-PBNP-graduando-1.pdf\" target=\"_blank\" rel=\"noopener\">EDITAL PROEX 007\/2019 \u2013 Abertura de inscri\u00e7\u00f5es para o Programa Bom Neg\u00f3cio Paran\u00e1 - graduando<\/a><\/p>\n<p>14\/05\/2019 - <a href=\"https:\/\/www2.uepg.br\/proex\/wp-content\/uploads\/sites\/8\/2019\/09\/Edital-006-19-Prorrogaca-Inscricoes-37-SEURS-1.pdf\" target=\"_blank\" rel=\"noopener\">EDITAL PROEX 006\/2019 \u2013 Prorroga\u00e7\u00e3o Sele\u00e7\u00e3o 37\u00ba SEURS - Submiss\u00e3o de Trabalhos<\/a><\/p>\n<p>08\/05\/2019 - <a href=\"https:\/\/www2.uepg.br\/proex\/wp-content\/uploads\/sites\/8\/2019\/09\/Anexo-1-Apresentacao-Cultural-e-Oficina-SEURS-1.docx\" target=\"_blank\" rel=\"noopener\">APRESENTA\u00c7\u00c3O CULTURAL E OFICINA .doc<\/a><\/p>\n<p>08\/05\/2019 - <a href=\"https:\/\/www2.uepg.br\/proex\/wp-content\/uploads\/sites\/8\/2019\/09\/Edital-005-2019-Submissao-de-Trabalhos-37-SEURS-1.pdf\" target=\"_blank\" rel=\"noopener\">EDITAL PROEX 005\/2019 \u2013 Sele\u00e7\u00e3o 37\u00ba SEURS - Submiss\u00e3o de Trabalhos<\/a><\/p>\n<p>30\/04\/2019 - <a href=\"https:\/\/www2.uepg.br\/proex\/wp-content\/uploads\/sites\/8\/2019\/09\/EDITAL-PROEX-resultadogaleria2019-1.pdf\" target=\"_blank\" rel=\"noopener\">Edital PROEX\/DAC 004 - 2019 - RESULTADO DO EDITAL DA SELE\u00c7\u00c3O PARA REALIZA\u00c7\u00c3O DE EXPOSI\u00c7\u00d5ES NA GALERIA DE ARTE<\/a><\/p>\n<p>09\/04\/2019 - <a href=\"https:\/\/www2.uepg.br\/proex\/wp-content\/uploads\/sites\/8\/2019\/09\/Plano-de-Trabalho-para-o-Bolsista-PIBIS-2019-1.docx\" target=\"_blank\" rel=\"noopener\">Plano de Trabalho para o Bolsista .doc<\/a><\/p>\n<p>09\/04\/2019 - <a href=\"https:\/\/www2.uepg.br\/proex\/wp-content\/uploads\/sites\/8\/2019\/09\/Edital-PROEX-PIBIS-004-2019-PROGRAMA-INSTITUCIONAL-DE-APOIO-INCLUSAO-SOCIAL-PESQUISA-E-EXTENSAO-UNIVERSITARIA-1.pdf\" target=\"_blank\" rel=\"noopener\">Edital 004 - 2019 PROGRAMA INSTITUCIONAL DE APOIO \u00c0 INCLUS\u00c3O SOCIAL PESQUISA E EXTENS\u00c3O UNIVERSIT\u00c1RIA - PIBIS<\/a><\/p>\n<p>09\/04\/2019 - <a href=\"https:\/\/www2.uepg.br\/proex\/wp-content\/uploads\/sites\/8\/2019\/09\/Plano-de-Trabalho-para-o-Bolsista-PIBEX-2019-1.docx\" target=\"_blank\" rel=\"noopener\">Plano de Trabalho para o Bolsista .doc<\/a><\/p>\n<p>09\/04\/2019 - <a href=\"https:\/\/www2.uepg.br\/proex\/wp-content\/uploads\/sites\/8\/2019\/09\/Edital-PROEX-PIBEX-003-2019-PROGRAMA-INSTITUCIONAL-DE-BOLSAS-DE-EXTENS\u00c3O-UNIVERSIT\u00c1RIA-PIBEX-1.pdf\" target=\"_blank\" rel=\"noopener\">Edital 003 - 2019 PROGRAMA INSTITUCIONAL DE BOLSAS DE EXTENS\u00c3O UNIVERSIT\u00c1RIA - PIBEX<\/a><\/p>\n<p>01\/04\/2019 - <a href=\"https:\/\/www2.uepg.br\/proex\/wp-content\/uploads\/sites\/8\/2019\/09\/02-19-RESULTADO-ORGANIZACAO-DE-EVENTOS-1.pdf\" target=\"_blank\" rel=\"noopener\">Edital PROEX 002 - 2019 - Resultado das solicita\u00e7\u00f5es de aux\u00edlio financeiro para a organiza\u00e7\u00e3o de eventos de extens\u00e3o e de difus\u00e3o acad\u00eamica \u2013 Funda\u00e7\u00e3o Arauc\u00e1ria\/UEPG<\/a><\/p>\n<p>22\/03\/2019 - <a href=\"https:\/\/www2.uepg.br\/proex\/wp-content\/uploads\/sites\/8\/2019\/09\/Edital-Proex-DAC-001-2019-galeria-2.pdf\" target=\"_blank\" rel=\"noopener\">Edital PROEX\/DAC 001 - 2019 - ABERTURA DE INSCRI\u00c7\u00d5ES PARA REALIZA\u00c7\u00c3O DE EXPOSI\u00c7\u00d5ES NA GALERIA DE ARTE<\/a><\/p>\n<p>08\/03\/2019 - <a href=\"https:\/\/www2.uepg.br\/proex\/wp-content\/uploads\/sites\/8\/2019\/09\/0001-2019-Organizacao-de-Eventos-Fundacao-Araucariaaa-1.pdf\" target=\"_blank\" rel=\"noopener\">Edital PROEX 001 - 2019 - PROGRAMA INSTITUCIONAL DE APOIO \u00c0 ORGANIZA\u00c7\u00c3O DE EVENTOS DE EXTENS\u00c3O E DE DIFUS\u00c3O ACAD\u00caMICA<\/a><\/p>\n<p>01\/03\/2019 - <a href=\"https:\/\/www2.uepg.br\/proex\/wp-content\/uploads\/sites\/8\/2019\/09\/Edital-006-2019-selecao-Graduandos-final-1.pdf\" target=\"_blank\" rel=\"noopener\">Edital PBNP 006 - 2019 - Resultado final da sele\u00e7\u00e3o de graduandos - Programa Bom Neg\u00f3cio Paran\u00e1<\/a><\/p>\n<p>01\/03\/2019 - <a href=\"https:\/\/www2.uepg.br\/proex\/wp-content\/uploads\/sites\/8\/2019\/09\/Edital-005-2019-selecao-recem-formados-final-1.pdf\" target=\"_blank\" rel=\"noopener\">Edital PBNP 005 - 2019 - Resultado da final da sele\u00e7\u00e3o de Rec\u00e9m-Formado - Programa Bom Neg\u00f3cio Paran\u00e1<\/a><\/p>\n<p>25\/02\/2019 - <a href=\"https:\/\/www2.uepg.br\/proex\/wp-content\/uploads\/sites\/8\/2019\/09\/Edital-004-2019-selecao-graduandos-fase-2-1.pdf\" target=\"_blank\" rel=\"noopener\">Edital PBNP 004 - 2019 - Resultado da sele\u00e7\u00e3o de graduandos 1\u00aa Fase - Programa Bom Neg\u00f3cio Paran\u00e1<\/a><\/p>\n<p>25\/02\/2019 - <a href=\"https:\/\/www2.uepg.br\/proex\/wp-content\/uploads\/sites\/8\/2019\/09\/Edital-003-2019-selecao-recem-formados-Etapa-1-1.pdf\" target=\"_blank\" rel=\"noopener\">Edital PBNP 003 - 2019 - Resultado da sele\u00e7\u00e3o de Rec\u00e9m-Formado 1\u00aa Fase - Programa Bom Neg\u00f3cio Paran\u00e1<\/a><\/p>\n<p>19\/02\/2019 - <a href=\"https:\/\/www2.uepg.br\/proex\/wp-content\/uploads\/sites\/8\/2019\/09\/edital_002-2019-PBNP-_graduando-1.pdf\" target=\"_blank\" rel=\"noopener\">Edital PBNP 002 - 2019 - Abertura de Inscri\u00e7\u00f5es para graduandos - Programa Bom Neg\u00f3cio Paran\u00e1<\/a><\/p>\n<p>19\/02\/2019 - <a href=\"https:\/\/www2.uepg.br\/proex\/wp-content\/uploads\/sites\/8\/2019\/09\/edital_001-2019-PBNP-_recem_formado-1.pdf\" target=\"_blank\" rel=\"noopener\">Edital PBNP 001 - 2019 - Abertura de Inscri\u00e7\u00f5es para rec\u00e9m-formados - Programa Bom Neg\u00f3cio Paran\u00e1<\/a><\/p>\n<p>&nbsp;<\/p>\n\t\t\t\t<\/div>\n\t\t\t<\/div>\n\t\t<\/div>\n\t\t\t<div class=\"sow-accordion-panel\"\n\t\t\t data-anchor=\"2018\">\n\t\t\t\t<div class=\"sow-accordion-panel-header-container\" role=\"heading\" aria-level=\"2\">\n\t\t\t\t\t<div class=\"sow-accordion-panel-header\" tabindex=\"0\" role=\"button\" id=\"accordion-label-2018\" aria-controls=\"accordion-content-2018\" aria-expanded=\"false\">\n\t\t\t\t\t\t<div class=\"sow-accordion-title sow-accordion-title-icon-left\">\n\t\t\t\t\t\t\t\t\t\t\t\t\t\t2018\t\t\t\t\t\t\t\t\t\t\t\t\t<\/div>\n\t\t\t\t\t\t<div class=\"sow-accordion-open-close-button\">\n\t\t\t\t\t\t\t<div class=\"sow-accordion-open-button\">\n\t\t\t\t\t\t\t\t<span class=\"sow-icon-ionicons\" data-sow-icon=\"&#xf218;\"\n\t\t \n\t\taria-hidden=\"true\"><\/span>\t\t\t\t\t\t\t<\/div>\n\t\t\t\t\t\t\t<div class=\"sow-accordion-close-button\">\n\t\t\t\t\t\t\t\t<span class=\"sow-icon-ionicons\" data-sow-icon=\"&#xf209;\"\n\t\t \n\t\taria-hidden=\"true\"><\/span>\t\t\t\t\t\t\t<\/div>\n\t\t\t\t\t\t<\/div>\n\t\t\t\t\t<\/div>\n\t\t\t\t<\/div>\n\n\t\t\t<div\n\t\t\t\tclass=\"sow-accordion-panel-content\"\n\t\t\t\trole=\"region\"\n\t\t\t\taria-labelledby=\"accordion-label-2018\"\n\t\t\t\tid=\"accordion-content-2018\"\n\t\t\t\tstyle=\"display: none;\"\t\t\t>\n\t\t\t\t<div class=\"sow-accordion-panel-border\" tabindex=\"0\">\n\t\t\t\t\t<p>28\/11\/2018 - <a href=\"https:\/\/www2.uepg.br\/proex\/wp-content\/uploads\/sites\/8\/2019\/09\/Edital-033-2018-Classificacao-Final.pdf\" target=\"_blank\" rel=\"noopener\">Edital PROEX 033 - 2018 - Programa Institucional de Bolsas PROEX - 2019 (CLASSIFICA\u00c7\u00c3O FINAL)<\/a><\/p>\n<p>21\/11\/2018 - <a href=\"https:\/\/www2.uepg.br\/proex\/wp-content\/uploads\/sites\/8\/2019\/09\/Edital-Proex-032-2018-Classificacao-Preliminar-Bolsas-PROEX.pdf\" target=\"_blank\" rel=\"noopener\">Edital PROEX 032 - 2018 - Programa Institucional de Bolsas PROEX - 2019 (CLASSIFICA\u00c7\u00c3O PRELIMINAR)<\/a><\/p>\n<p>29\/10\/2018 - <a href=\"https:\/\/www2.uepg.br\/proex\/wp-content\/uploads\/sites\/8\/2018\/10\/EDITAL_2018-031_ANEXO-PLANO-DE-TRABALHO.doc\" target=\"_blank\" rel=\"noopener\">anexo do edital 031 \u2013 2018 \u2013 Plano de trabalho do aluno .doc<\/a><\/p>\n<p>29\/10\/2018 - <a href=\"https:\/\/www2.uepg.br\/proex\/wp-content\/uploads\/sites\/8\/2018\/10\/EDITAL_2018-031_ANEXO-DECLARACAO.doc\" target=\"_blank\" rel=\"noopener\">anexo do edital 031 \u2013 2018 \u2013 Declara\u00e7\u00e3o .doc<\/a><\/p>\n<p>29\/10\/2018 - <a href=\"https:\/\/www2.uepg.br\/proex\/wp-content\/uploads\/sites\/8\/2018\/10\/Edital_2018-031_Programa-Institucional-de-Bolsas-PROEX-2019.pdf\" target=\"_blank\" rel=\"noopener\">Edital PROEX 031 \u2013 2018 \u2013 Programa Institucional de Bolsas PROEX \u2013 2019<\/a><\/p>\n<p>26\/09\/2018 - <a href=\"https:\/\/www2.uepg.br\/proex\/wp-content\/uploads\/sites\/8\/2018\/10\/EDITAL_2018-030_RESULTADO-PROGRAMA-INST-APOIO-ORG-EVENTOS-EXT-DIF-ACA.pdf\" target=\"_blank\" rel=\"noopener\">Edital PROEX 030 \u2013 2018 \u2013 PROGRAMA INSTITUCIONAL DE APOIO \u00c0 ORGANIZA\u00c7\u00c3O DE EVENTOS DE EXTENS\u00c3O E DE DIFUS\u00c3O ACAD\u00caMICA (RESULTADO)<\/a><\/p>\n<p>05\/09\/2018 - <a href=\"https:\/\/www2.uepg.br\/proex\/wp-content\/uploads\/sites\/8\/2018\/10\/EDITAL_2018-029_Organizacao-de-Eventos-Fundacao-Araucaria.pdf\" target=\"_blank\" rel=\"noopener\">Edital PROEX 029 \u2013 2018 \u2013 PROGRAMA INSTITUCIONAL DE APOIO \u00c0 ORGANIZA\u00c7\u00c3O DE EVENTOS DE EXTENS\u00c3O E DE DIFUS\u00c3O ACAD\u00caMICA<\/a><\/p>\n<p>17\/08\/2018 - <a href=\"https:\/\/www2.uepg.br\/proex\/wp-content\/uploads\/sites\/8\/2018\/10\/Edital_2018-028_Proex_Voluntarios_Eaex.pdf\" target=\"_blank\" rel=\"noopener\">Edital PROEX 028 \u2013 2018 \u2013 EAEX \u2013 Encontro Anual de Extens\u00e3o \u2013 Inscri\u00e7\u00e3o de Volunt\u00e1rios<\/a><\/p>\n<p>09\/08\/2018 - <a href=\"https:\/\/www2.uepg.br\/proex\/wp-content\/uploads\/sites\/8\/2018\/10\/EDITAL_2018-027_RESULTADO-PARTICIPACAO-eventos.pdf\" target=\"_blank\" rel=\"noopener\">Edital PROEX 027 \u2013 2018 \u2013 Participa\u00e7\u00e3o em Eventos \u2013 Funda\u00e7\u00e3o Arauc\u00e1ria \u2013 Resultado<\/a><\/p>\n<p>30\/07\/2018 - <a href=\"https:\/\/www2.uepg.br\/proex\/wp-content\/uploads\/sites\/8\/2018\/10\/Edital_2018-026_Participacao-em-eventos-Fundacao-Araucaria-Prorrogacao.pdf\" target=\"_blank\" rel=\"noopener\">Edital PROEX 026 \u2013 2018 \u2013 Participa\u00e7\u00e3o em Eventos \u2013 Funda\u00e7\u00e3o Arauc\u00e1ria \u2013 Prorroga\u00e7\u00e3o<\/a><\/p>\n<p>22\/07\/2018 - <a href=\"https:\/\/www2.uepg.br\/proex\/wp-content\/uploads\/sites\/8\/2018\/10\/Edital_2018-025_Participacao-eventos.pdf\" target=\"_blank\" rel=\"noopener\">Edital PROEX 025 \u2013 2018 \u2013 Participa\u00e7\u00e3o em Eventos \u2013 Funda\u00e7\u00e3o Arauc\u00e1ria<\/a><\/p>\n<p>06\/07\/2018 - <a href=\"https:\/\/www2.uepg.br\/proex\/wp-content\/uploads\/sites\/8\/2018\/10\/Edital_2018-024_resultado_final.pdf\" target=\"_blank\" rel=\"noopener\">Edital PROEX 024 \u2013 2018 \u2013 (CLASSIFICA\u00c7\u00c3O FINAL) Programa Institucional de Bolsas de Extens\u00e3o Universit\u00e1ria \u2013 PIBEX<\/a><\/p>\n<p>27\/06\/2018 - <a href=\"https:\/\/www2.uepg.br\/proex\/wp-content\/uploads\/sites\/8\/2018\/10\/Edital_2018-023_Classificacao-Final-2.pdf\" target=\"_blank\" rel=\"noopener\">Edital PROEX 023 \u2013 2018 \u2013 Resultado da classifica\u00e7\u00e3o final Programa de Bolsas PROEX \u2013 2018<\/a><\/p>\n<p>27\/06\/2018 - <a href=\"https:\/\/www2.uepg.br\/proex\/wp-content\/uploads\/sites\/8\/2018\/10\/Edital_2018-022_recursos.pdf\" target=\"_blank\" rel=\"noopener\">Edital PROEX 022 \u2013 2018 \u2013 Resultado da an\u00e1lise de recursos<\/a><\/p>\n<p>25\/06\/2018 - <a href=\"https:\/\/www2.uepg.br\/proex\/wp-content\/uploads\/sites\/8\/2018\/10\/Edital_2018-021_final.pdf\" target=\"_blank\" rel=\"noopener\">Edital PROEX 021 \u2013 2018 \u2013 Resultado final \u2013 Bolsas PIBIS<\/a><\/p>\n<p>20\/06\/2018 - <a href=\"https:\/\/www2.uepg.br\/proex\/wp-content\/uploads\/sites\/8\/2018\/10\/Edital_2018-020_preliminar.pdf\" target=\"_blank\" rel=\"noopener\">Edital PROEX 020 \u2013 2018 \u2013 Resultado da classifica\u00e7\u00e3o preliminar Bolsas Proex 2018<\/a><\/p>\n<p>14\/06\/2018 - <a href=\"https:\/\/www2.uepg.br\/proex\/wp-content\/uploads\/sites\/8\/2018\/10\/Edital_2018-019_recursos.pdf\" target=\"_blank\" rel=\"noopener\">Edital PROEX 019 \u2013 2018 \u2013 Resultado dos recursos \u2013 PIBEX<\/a><\/p>\n<p>14\/06\/2018 - <a href=\"https:\/\/www2.uepg.br\/proex\/wp-content\/uploads\/sites\/8\/2018\/10\/Edital_2018-018_recursos.pdf\" target=\"_blank\" rel=\"noopener\">Edital PROEX 018 \u2013 2018 \u2013 Resultado dos recursos \u2013 PIBIS<\/a><\/p>\n<p>14\/06\/2018 - <a href=\"https:\/\/www2.uepg.br\/proex\/wp-content\/uploads\/sites\/8\/2018\/10\/EDITAL_2018-017_proex-resultado-seurs36.pdf\" target=\"_blank\" rel=\"noopener\">Edital PROEX 017 \u2013 2018 \u2013 Sele\u00e7\u00e3o 36\u00ba SEURS \u2013 Resultado<\/a><\/p>\n<p>06\/06\/2018 - <a href=\"https:\/\/www2.uepg.br\/proex\/wp-content\/uploads\/sites\/8\/2018\/10\/Guia-de-cadastro-Junho-2018.pdf\" target=\"_blank\" rel=\"noopener\">guia do usu\u00e1rio para acesso ao sistema<\/a><\/p>\n<p>06\/06\/2018 - <a href=\"https:\/\/www2.uepg.br\/proex\/wp-content\/uploads\/sites\/8\/2018\/10\/EDITAL_2018-016_ANEXO-DECLARACAO-E-PLANO-DE-TRABALHO.doc\" target=\"_blank\" rel=\"noopener\">anexo do edital 016 \u2013 2018 \u2013 Declara\u00e7\u00e3o e Plano de Trabalho .doc<\/a><\/p>\n<p>06\/06\/2018 - <a href=\"https:\/\/www2.uepg.br\/proex\/wp-content\/uploads\/sites\/8\/2018\/10\/Edital_2018-016_PROEX.pdf\" target=\"_blank\" rel=\"noopener\">Edital 016 \u2013 2018 Programa de BOLSAS PROEX-2018<\/a><\/p>\n<p>04\/06\/2018 - <a href=\"https:\/\/www2.uepg.br\/proex\/wp-content\/uploads\/sites\/8\/2018\/10\/Edital_2018-015_Prorrogacao-prazo-recursos.pdf\" target=\"_blank\" rel=\"noopener\">Edital PROEX 015 \u2013 2018 \u2013 PRORROGA\u00c7\u00c3O DO PRAZO DE RECURSOS<\/a><\/p>\n<p>04\/06\/2018 - <a href=\"https:\/\/www2.uepg.br\/proex\/wp-content\/uploads\/sites\/8\/2018\/10\/Edital_2018-014_Prorrogacao-cronograma-execucao.pdf\" target=\"_blank\" rel=\"noopener\">Edital PROEX 014 \u2013 2018 \u2013 PRORROGA\u00c7\u00c3O DO CRONOGRAMA DE EXECU\u00c7\u00c3O<\/a><\/p>\n<p>23\/05\/2018 - <a href=\"https:\/\/www2.uepg.br\/proex\/wp-content\/uploads\/sites\/8\/2018\/10\/Edital_2018-013_preliminar-PIBEX.pdf\" target=\"_blank\" rel=\"noopener\">Edital PROEX 013 \u2013 2018 \u2013 RESULTADO PRELIMINAR \u2013 PIBEX<\/a><\/p>\n<p>23\/05\/2018 - <a href=\"https:\/\/www2.uepg.br\/proex\/wp-content\/uploads\/sites\/8\/2018\/10\/Edital_2018-012_preliminar-PIBIS.pdf\" target=\"_blank\" rel=\"noopener\">Edital PROEX 012 \u2013 2018 \u2013 RESULTADO PRELIMINAR \u2013 PIBIS<\/a><\/p>\n<p>11\/05\/2018 - <a href=\"https:\/\/www2.uepg.br\/proex\/wp-content\/uploads\/sites\/8\/2018\/10\/edital_2018-011_academicos-Operacao-Rondon-011-2018.pdf\" target=\"_blank\" rel=\"noopener\">Edital PROEX 011 \u2013 2018 \u2013 OPERA\u00c7\u00c3O RONDON \u2013 UEPG (Rela\u00e7\u00e3o dos acad\u00eamicos selecionados)<\/a><\/p>\n<p>11\/05\/2018 - <a href=\"https:\/\/www2.uepg.br\/proex\/wp-content\/uploads\/sites\/8\/2018\/10\/edital_2018-010_seurs.pdf\" target=\"_blank\" rel=\"noopener\">Edital PROEX 010 \u2013 2018 \u2013 Sele\u00e7\u00e3o 36\u00ba SEURS \u2013 Submiss\u00e3o de Trabalhos<\/a><\/p>\n<p>27\/04\/2018 - <a href=\"https:\/\/www2.uepg.br\/proex\/wp-content\/uploads\/sites\/8\/2018\/10\/edital_2018-009_PREMIO-DE-EXTENSAO-UNIVERSITARIA-2018-PRORROGACAO.doc\" target=\"_blank\" rel=\"noopener\">Edital PROEX 009 \u2013 2018 \u2013 PR\u00caMIO DE EXTENS\u00c3O UNIVERSIT\u00c1RIA 2018 (PRORROGA\u00c7\u00c3O)<\/a><\/p>\n<p>26\/04\/2018 - <a href=\"https:\/\/www2.uepg.br\/proex\/wp-content\/uploads\/sites\/8\/2018\/04\/TABELA_PONTUACAO-1.doc\" target=\"_blank\" rel=\"noopener\">Tabela de pontua\u00e7\u00e3o .doc<\/a><\/p>\n<p>26\/04\/2018 - <a href=\"https:\/\/www2.uepg.br\/proex\/wp-content\/uploads\/sites\/8\/2018\/10\/DECLARACAO-CHEFIA-DEPARTAMENTO-PIBEX.doc\" target=\"_blank\" rel=\"noopener\">Declara\u00e7\u00e3o .doc<\/a><\/p>\n<p>26\/04\/2018 - <a href=\"https:\/\/www2.uepg.br\/proex\/wp-content\/uploads\/sites\/8\/2018\/10\/PLANO-TRABALHO-BOLSISTA-PIBEX.doc\" target=\"_blank\" rel=\"noopener\">Plano de Trabalho para o Bolsista .doc<\/a><\/p>\n<p>26\/04\/2018 - <a href=\"https:\/\/www2.uepg.br\/proex\/wp-content\/uploads\/sites\/8\/2018\/10\/EDITAL_2018-008_prorrogacao_pibex.pdf\" target=\"_blank\" rel=\"noopener\">Edital 008 \u2013 2018 Edital de Prorroga\u00e7\u00e3o PIBEX<\/a><\/p>\n<p>26\/04\/2018 - <a href=\"https:\/\/www2.uepg.br\/proex\/wp-content\/uploads\/sites\/8\/2018\/04\/TABELA_PONTUACAO.doc\" target=\"_blank\" rel=\"noopener\">Tabela de pontua\u00e7\u00e3o .doc<\/a><\/p>\n<p>26\/04\/2018 - <a href=\"https:\/\/www2.uepg.br\/proex\/wp-content\/uploads\/sites\/8\/2018\/04\/DECLARACAO-CHEFIA-DEPARTAMENTO-PIBIS.doc\" target=\"_blank\" rel=\"noopener\">Declara\u00e7\u00e3o .doc<\/a><\/p>\n<p>26\/04\/2018 - <a href=\"https:\/\/www2.uepg.br\/proex\/wp-content\/uploads\/sites\/8\/2018\/04\/PLANO-TRABALHO-BOLSISTA-PIBIS.doc\" target=\"_blank\" rel=\"noopener\">Plano de Trabalho para o Bolsista .doc<\/a><\/p>\n<p>26\/04\/2018 - <a href=\"https:\/\/www2.uepg.br\/proex\/wp-content\/uploads\/sites\/8\/2018\/10\/edital_2018-007_PIBIS.pdf\" target=\"_blank\" rel=\"noopener\">Edital 007 \u2013 2018 Edital de Prorroga\u00e7\u00e3o PIBIS<\/a><\/p>\n<p>16\/04\/2018 - <a href=\"https:\/\/www2.uepg.br\/proex\/wp-content\/uploads\/sites\/8\/2018\/10\/edital_2018-001_DAC_ficha_inscricao.doc\" target=\"_blank\" rel=\"noopener\">Ficha de Inscri\u00e7\u00e3o .doc<\/a><\/p>\n<p>16\/04\/2018 - <a href=\"https:\/\/www2.uepg.br\/proex\/wp-content\/uploads\/sites\/8\/2018\/10\/edital_2018-001_DAC.pdf\" target=\"_blank\" rel=\"noopener\">Edital DAC 1\/2018 \u2013 Abertura de Inscri\u00e7\u00f5es para sele\u00e7\u00e3o de Artistas\/Exposi\u00e7\u00f5es para Galeria de Arte UEPG<\/a><\/p>\n<p>&nbsp;<\/p>\n<p>12\/04\/2018 - <a href=\"https:\/\/www2.uepg.br\/proex\/wp-content\/uploads\/sites\/8\/2018\/10\/Edital_2018-006_Academicos-Operacao-Rondon-2018.pdf\" target=\"_blank\" rel=\"noopener\">Edital 006 \u2013 2018 \u2013 Abertura de Inscri\u00e7\u00f5es para sele\u00e7\u00e3o de discentes \u00e0 OPERA\u00c7\u00c3O RONDON \u2013 UEPG<\/a><\/p>\n<p>10\/04\/2018 - <a href=\"https:\/\/www2.uepg.br\/proex\/wp-content\/uploads\/sites\/8\/2018\/10\/edital_2018-005_ANEXO-PLANO-TRABALHO-BOLSISTA-PIBEX.doc\" target=\"_blank\" rel=\"noopener\">Plano de Trabalho para o Bolsista .doc<\/a><\/p>\n<p>10\/04\/2018 - <a href=\"https:\/\/www2.uepg.br\/proex\/wp-content\/uploads\/sites\/8\/2018\/10\/edital_2018-005_DECLARACAO-CHEFIA-DEPARTAMENTO-PIBEX.doc\" target=\"_blank\" rel=\"noopener\">Declara\u00e7\u00e3o .doc<\/a><\/p>\n<p>10\/04\/2018 - <a href=\"https:\/\/www2.uepg.br\/proex\/wp-content\/uploads\/sites\/8\/2018\/10\/EDITAL_2018-005_PIBEX.pdf\" target=\"_blank\" rel=\"noopener\">Edital 005 \u2013 2018 PROGRAMA INSTITUCIONAL DE BOLSAS DE EXTENS\u00c3O UNIVERSIT\u00c1RIA \u2013 PIBEX<\/a><\/p>\n<p>10\/04\/2018 - <a href=\"https:\/\/www2.uepg.br\/proex\/wp-content\/uploads\/sites\/8\/2018\/04\/DECLARACAO-CHEFIA-DEPARTAMENTO-PIBIS.doc\" target=\"_blank\" rel=\"noopener\">Declara\u00e7\u00e3o .doc<\/a><\/p>\n<p>10\/04\/2018 - <a href=\"https:\/\/www2.uepg.br\/proex\/wp-content\/uploads\/sites\/8\/2018\/04\/PLANO-TRABALHO-BOLSISTA-PIBIS.doc\" target=\"_blank\" rel=\"noopener\">Plano de Trabalho para o Bolsista .doc<\/a><\/p>\n<p>10\/04\/2018 - <a href=\"https:\/\/www2.uepg.br\/proex\/wp-content\/uploads\/sites\/8\/2018\/10\/Edital_2018-004_PIBIS.pdf\" target=\"_blank\" rel=\"noopener\">Edital 004 \u2013 2018 PROGRAMA INSTITUCIONAL DE APOIO \u00c0 INCLUS\u00c3O SOCIAL PESQUISA E EXTENS\u00c3O UNIVERSIT\u00c1RIA \u2013 PIBIS<\/a><\/p>\n<p>05\/04\/2018 - <a href=\"https:\/\/www2.uepg.br\/proex\/wp-content\/uploads\/sites\/8\/2018\/04\/EDITAL_2018-003_ANEXO.doc\" target=\"_blank\" rel=\"noopener\">anexo 1 do edital 003 \u2013 2018 \u2013 Carta de aceite de indica\u00e7\u00e3o .doc<\/a><\/p>\n<p>05\/04\/2018 - <a href=\"https:\/\/www2.uepg.br\/proex\/wp-content\/uploads\/sites\/8\/2018\/10\/EDITAL_2018-003_PREMIO-DE-EXTENSAO-UNIVERSITARIA-2018.pdf\" target=\"_blank\" rel=\"noopener\">EDITAL 003 \u2013 2018 \u2013 PROEX \u2013 PR\u00caMIO DE EXTENS\u00c3O UNIVERSIT\u00c1RIA 2018<\/a><\/p>\n<p>15\/02\/2018 - <a href=\"https:\/\/www2.uepg.br\/proex\/wp-content\/uploads\/sites\/8\/2018\/10\/Edital_2018-002_PROEX.pdf\" target=\"_blank\" rel=\"noopener\">Edital 002 \u2013 2018 \u2013 PRORROGA\u00c7\u00c3O PROEX- UNIVERSIDADE SEM FRONTEIRAS \u2013 USF\/SETI<\/a><\/p>\n<p>15\/02\/2018 - <a href=\"https:\/\/www2.uepg.br\/proex\/wp-content\/uploads\/sites\/8\/2018\/10\/EDITAL_2018-001_ANEXO3.pdf\" target=\"_blank\" rel=\"noopener\">anexo 3 do edital 001 \u2013 2018 \u2013 Crit\u00e9rios para avalia\u00e7\u00e3o .pdf<\/a><\/p>\n<p>15\/02\/2018 - <a href=\"https:\/\/www2.uepg.br\/proex\/wp-content\/uploads\/sites\/8\/2018\/10\/edital_2018-001_ANEXO1-Plano-de-trabalho.doc\" target=\"_blank\" rel=\"noopener\">anexo 1 do edital 001 \u2013 2018 \u2013 Plano de trabalho .doc<\/a><\/p>\n<p>15\/02\/2018 - <a href=\"https:\/\/www2.uepg.br\/proex\/wp-content\/uploads\/sites\/8\/2018\/10\/edital_2018-001_SELECAO-DE-PROJETOS-USF-EDITAL-01-2018.pdf\" target=\"_blank\" rel=\"noopener\">Edital 001 \u2013 2018 \u2013 PROEX- UNIVERSIDADE SEM FRONTEIRAS \u2013 USF\/SETI<\/a><\/p>\n<p>&nbsp;<\/p>\n\t\t\t\t<\/div>\n\t\t\t<\/div>\n\t\t<\/div>\n\t\t\t<div class=\"sow-accordion-panel\"\n\t\t\t data-anchor=\"2017\">\n\t\t\t\t<div class=\"sow-accordion-panel-header-container\" role=\"heading\" aria-level=\"2\">\n\t\t\t\t\t<div class=\"sow-accordion-panel-header\" tabindex=\"0\" role=\"button\" id=\"accordion-label-2017\" aria-controls=\"accordion-content-2017\" aria-expanded=\"false\">\n\t\t\t\t\t\t<div class=\"sow-accordion-title sow-accordion-title-icon-left\">\n\t\t\t\t\t\t\t\t\t\t\t\t\t\t2017\t\t\t\t\t\t\t\t\t\t\t\t\t<\/div>\n\t\t\t\t\t\t<div class=\"sow-accordion-open-close-button\">\n\t\t\t\t\t\t\t<div class=\"sow-accordion-open-button\">\n\t\t\t\t\t\t\t\t<span class=\"sow-icon-ionicons\" data-sow-icon=\"&#xf218;\"\n\t\t \n\t\taria-hidden=\"true\"><\/span>\t\t\t\t\t\t\t<\/div>\n\t\t\t\t\t\t\t<div class=\"sow-accordion-close-button\">\n\t\t\t\t\t\t\t\t<span class=\"sow-icon-ionicons\" data-sow-icon=\"&#xf209;\"\n\t\t \n\t\taria-hidden=\"true\"><\/span>\t\t\t\t\t\t\t<\/div>\n\t\t\t\t\t\t<\/div>\n\t\t\t\t\t<\/div>\n\t\t\t\t<\/div>\n\n\t\t\t<div\n\t\t\t\tclass=\"sow-accordion-panel-content\"\n\t\t\t\trole=\"region\"\n\t\t\t\taria-labelledby=\"accordion-label-2017\"\n\t\t\t\tid=\"accordion-content-2017\"\n\t\t\t\tstyle=\"display: none;\"\t\t\t>\n\t\t\t\t<div class=\"sow-accordion-panel-border\" tabindex=\"0\">\n\t\t\t\t\t<p>18\/10\/2017 - <a href=\"https:\/\/www2.uepg.br\/proex\/wp-content\/uploads\/sites\/8\/2018\/10\/edital_2017-041_RESULTADO-PARTICIPACAO-eventos-Retificacao.pdf\" target=\"_blank\" rel=\"noopener\">Edital 041 \u2013 2017 \u2013 Retifica\u00e7\u00e3o do edital 39\/2017 de RESULTADO de PARTICIPA\u00c7\u00c3O em eventos<\/a><\/p>\n<p>18\/10\/2017 - <a href=\"https:\/\/www2.uepg.br\/proex\/wp-content\/uploads\/sites\/8\/2018\/10\/edital_2017-040_RESULTADO-ORGANIZACAO-DE-EVENTOS-Retificacao.pdf\" target=\"_blank\" rel=\"noopener\">Edital 040 \u2013 2017 \u2013 Retifica\u00e7\u00e3o do edital 38\/2017 de RESULTADO de ORGANIZA\u00c7\u00c3O DE EVENTOS<\/a><\/p>\n<p>11\/10\/2017 - <a href=\"https:\/\/www2.uepg.br\/proex\/wp-content\/uploads\/sites\/8\/2018\/10\/edital_2017-039_RESULTADO-PARTICIPACAO-eventos.pdf\" target=\"_blank\" rel=\"noopener\">Edital 039 \u2013 2017 \u2013 RESULTADO PARTICIPA\u00c7\u00c3O eventos<\/a><\/p>\n<p>11\/10\/2017 - <a href=\"https:\/\/www2.uepg.br\/proex\/wp-content\/uploads\/sites\/8\/2018\/10\/edital_2017-038_RESULTADO-ORGANIZACAO-DE-EVENTOS.pdf\" target=\"_blank\" rel=\"noopener\">Edital 038 \u2013 2017 \u2013 RESULTADO ORGANIZA\u00c7\u00c3O DE EVENTOS<\/a><\/p>\n<p>28\/09\/2017 - <a href=\"https:\/\/www2.uepg.br\/proex\/wp-content\/uploads\/sites\/8\/2018\/10\/edital_2017-037_participacao-em-eventos-Fundacao_Araucaria-Anexo-doc.doc\">Anexo 1 do edital 037 \u2013 2017 \u2013 FICHA DE INSCRI\u00c7\u00c3O.doc<\/a><\/p>\n<p>28\/09\/2017 - <a href=\"https:\/\/www2.uepg.br\/proex\/wp-content\/uploads\/sites\/8\/2018\/10\/edital_2017-037_participacao-em-eventos-Fundacao_Araucaria.pdf\" target=\"_blank\" rel=\"noopener\">Edital 037 \u2013 2017 \u2013 Participa\u00e7\u00e3o em eventos Funda\u00e7\u00e3o Arauc\u00e1ria<\/a><\/p>\n<p>28\/09\/2017 - <a href=\"https:\/\/www2.uepg.br\/proex\/wp-content\/uploads\/sites\/8\/2018\/10\/edital_2017-036_Organizacao-de-Eventos-Fundacao-Araucaria-Anexos-doc.doc\" target=\"_blank\" rel=\"noopener\">Anexos 1, 2 e 3 do edital 036 \u2013 2017 \u2013 NORMATIZA\u00c7\u00c3O.doc, FICHA DE INSCRI\u00c7\u00c3O.doc e PLANILHA OR\u00c7AMENT\u00c1RIA.doc<\/a><\/p>\n<p>28\/09\/2017 - <a href=\"https:\/\/www2.uepg.br\/proex\/wp-content\/uploads\/sites\/8\/2018\/10\/edital_2017-036_Organizacao-de-Eventos-Fundacao-Araucariaaa.pdf\" target=\"_blank\" rel=\"noopener\">Edital 036 \u2013 2017 \u2013 Organiza\u00e7\u00e3o de eventos Funda\u00e7\u00e3o Arauc\u00e1ria<\/a><\/p>\n<p>29\/08\/2017 - <a href=\"https:\/\/www2.uepg.br\/proex\/wp-content\/uploads\/sites\/8\/2018\/10\/Edital_2017-035_5final.pdf\" target=\"_blank\" rel=\"noopener\">Edital 035 \u2013 2017 \u2013 Convoca\u00e7\u00e3o dos Candidatos Selecionados \u00e0s Bolsas de Extens\u00e3o do Programa Institucional d3e Apoio \u00e0 Inclus\u00e3o Social, Pesquisa e Extens\u00e3o Universit\u00e1ria \u2013 PIBIS<\/a><\/p>\n<p>29\/08\/2017 - <a href=\"https:\/\/www2.uepg.br\/proex\/wp-content\/uploads\/sites\/8\/2018\/10\/Edital_2017-034_final.pdf\" target=\"_blank\" rel=\"noopener\">Edital 034 \u2013 2017 \u2013 Convoca\u00e7\u00e3o dos Candidatos Selecionados \u00e0s Bolsas de Extens\u00e3o do Programa Institucional de Extens\u00e3o Universit\u00e1ria \u2013 PIBEX<\/a><\/p>\n<p>21\/08\/2017 - <a href=\"https:\/\/www2.uepg.br\/proex\/wp-content\/uploads\/sites\/8\/2018\/10\/Edital_2017-033_Voluntarios-do-Conex.pdf\" target=\"_blank\" rel=\"noopener\">Edital 033 \u2013 2017 \u2013 Lista de acad\u00eamicos selecionados para serem volunt\u00e1rios no 15\u00ba CONEX<\/a><\/p>\n<p>18\/08\/2017 - <a href=\"https:\/\/www2.uepg.br\/proex\/wp-content\/uploads\/sites\/8\/2018\/10\/Edital_2017-032_Retificacao-35-Seurs.pdf\">Edital 032 \u2013 2017 \u2013 Retifica\u00e7\u00e3o do edital n\u00ba 31 \u2013 35\u00ba Seurs<\/a><\/p>\n<p>16\/08\/2017 - <a href=\"https:\/\/www2.uepg.br\/proex\/wp-content\/uploads\/sites\/8\/2018\/10\/EDITAL_2017-031_35-Seurs-Resultado.pdf\" target=\"_blank\" rel=\"noopener\">Edital 031 \u2013 2017 \u2013 Sele\u00e7\u00e3o 35\u00ba SEURS \u2013 Resultado<\/a><\/p>\n<p>11\/08\/2017 - <a href=\"https:\/\/www2.uepg.br\/proex\/wp-content\/uploads\/sites\/8\/2018\/10\/Edital_2017-030_Volunt%C3%A1rios.pdf\" target=\"_blank\" rel=\"noopener\">Edital 030 \u2013 2017 \u2013 Abertura de inscri\u00e7\u00f5es para sele\u00e7\u00e3o de discentes para atuarem como volunt\u00e1rios no 15\u00ba CONEX<\/a><\/p>\n<p>03\/08\/2017 - <a href=\"https:\/\/www2.uepg.br\/proex\/wp-content\/uploads\/sites\/8\/2018\/10\/EDITAL_2017-029_RESULTADO-ORGANIZACAO-DE-EVENTOS.pdf\" target=\"_blank\" rel=\"noopener\">Edital 029 \u2013 2017 \u2013 Resultado das solicita\u00e7\u00f5es de aux\u00edlio financeiro para a organiza\u00e7\u00e3o de eventos de extens\u00e3o e de difus\u00e3o acad\u00eamica \u2013 Funda\u00e7\u00e3o Arauc\u00e1ria\/UEPG<\/a><\/p>\n<p>31\/07\/2017 - <a href=\"https:\/\/www2.uepg.br\/proex\/wp-content\/uploads\/sites\/8\/2018\/10\/Edital_2017-028_35-Seurs.pdf\" target=\"_blank\" rel=\"noopener\">Edital 028 \u2013 2017 \u2013 Sele\u00e7\u00e3o 35\u00ba SEURS \u2013 Submiss\u00e3o de Trabalhos<\/a><\/p>\n<p>13\/07\/2017 - <a href=\"https:\/\/www2.uepg.br\/proex\/wp-content\/uploads\/sites\/8\/2018\/10\/Edital_2017-027_PIBIS-preliminar-remanescentes.pdf\" target=\"_blank\" rel=\"noopener\">Edital 027 \u2013 2017 \u2013 Resultado da classifica\u00e7\u00e3o preliminar dos candidatos ao PROGRAMA INSTITUCIONAL DE APOIO \u00c0 INCLUS\u00c3O SOCIAL PESQUISA E EXTENS\u00c3O UNIVERSIT\u00c1RIA, \u2013 PIBIS, vig\u00eancia 2017-2018, vagas remanescentes<\/a><\/p>\n<p>08\/07\/2017 - <a href=\"https:\/\/www2.uepg.br\/proex\/wp-content\/uploads\/sites\/8\/2018\/10\/Edital_2017-026_doc-recursos.pdf\" target=\"_blank\" rel=\"noopener\">Edital 026 \u2013 2017 \u2013 Resultado da an\u00e1lise dos recursos apresentados aos Editais n\u00ba 011 e 12\/2017<\/a><\/p>\n<p>07\/07\/2017 - <a href=\"https:\/\/www2.uepg.br\/proex\/wp-content\/uploads\/sites\/8\/2018\/10\/Edital_2017-025_ANEXO2.doc\" target=\"_blank\" rel=\"noopener\">anexo 2 do edital 025 \u2013 2017 \u2013 Declara\u00e7\u00e3o .doc<\/a><\/p>\n<p>07\/07\/2017 - <a href=\"https:\/\/www2.uepg.br\/proex\/wp-content\/uploads\/sites\/8\/2018\/10\/Edital_2017-025_ANEXO1.doc\" target=\"_blank\" rel=\"noopener\">anexo 1 do edital 025 \u2013 2017 \u2013 Plano de trabalho do aluno .doc<\/a><\/p>\n<p>07\/07\/2017 - <a href=\"https:\/\/www2.uepg.br\/proex\/wp-content\/uploads\/sites\/8\/2018\/10\/Edital_2017-025_vagas-remanscentes-PIBIS.pdf\" target=\"_blank\" rel=\"noopener\">Edital 025 \u2013 2017 PROGRAMA INSTITUCIONAL DE APOIO \u00c0 INCLUS\u00c3O SOCIAL PESQUISA E EXTENS\u00c3O UNIVERSIT\u00c1RIA, \u2013 PIBIS (vagas remanescentes)<\/a><\/p>\n<p>07\/07\/2017 - <a href=\"https:\/\/www2.uepg.br\/proex\/wp-content\/uploads\/sites\/8\/2018\/10\/Edital_2017-024_PIBIS-final.pdf\" target=\"_blank\" rel=\"noopener\">Edital 024 \u2013 2017 \u2013 classifica\u00e7\u00e3o final dos candidatos ao PROGRAMA INSTITUCIONAL DE APOIO \u00c0 INCLUS\u00c3O SOCIAL PESQUISA E EXTENS\u00c3O UNIVERSIT\u00c1RIA, \u2013 PIBIS<\/a><\/p>\n<p>05\/07\/2017 - <a href=\"https:\/\/www2.uepg.br\/proex\/wp-content\/uploads\/sites\/8\/2018\/10\/EditaL_2017-023_PIBEX-preliminar.pdf\" target=\"_blank\" rel=\"noopener\">Edital 023 \u2013 2017 \u2013 Classifica\u00e7\u00e3o preliminar dos candidatos ao PIBEX \u2013 PROGRAMA INSTITUCIONAL DE BOLSAS DE EXTENS\u00c3O UNIVERSIT\u00c1RIA<\/a><\/p>\n<p>05\/07\/2017 - <a href=\"https:\/\/www2.uepg.br\/proex\/wp-content\/uploads\/sites\/8\/2018\/10\/Edital_2017-022_PIBIS-preliminar.pdf\" target=\"_blank\" rel=\"noopener\">Edital 022 \u2013 2017 \u2013 Classifica\u00e7\u00e3o Preliminar dos candidatos ao PROGRAMA INSTITUCIONAL DE APOIO \u00c0 INCLUS\u00c3O SOCIAL PESQUISA E EXTENS\u00c3O UNIVERSIT\u00c1RIA, \u2013 PIBIS<\/a><\/p>\n<p>03\/07\/2017 - <a href=\"https:\/\/www2.uepg.br\/proex\/wp-content\/uploads\/sites\/8\/2017\/07\/EDITAL_2017-021_ANEXO.doc\" target=\"_blank\" rel=\"noopener\">Anexos .doc Edital 021 \u2013 2017<\/a><\/p>\n<p>03\/07\/2017 - <a href=\"https:\/\/www2.uepg.br\/proex\/wp-content\/uploads\/sites\/8\/2018\/10\/EDITAL_2017-021_Organizacao-de-Eventos-Fundacao-Araucaria.pdf\" target=\"_blank\" rel=\"noopener\">Edital 021 \u2013 2017 \u2013 Organizacao de Eventos Fundacao Araucaria<\/a><\/p>\n<p>28\/06\/2017 - <a href=\"https:\/\/www2.uepg.br\/proex\/wp-content\/uploads\/sites\/8\/2018\/10\/Edital_2017-020_classifica%C3%A7%C3%A3o-final.pdf\" target=\"_blank\" rel=\"noopener\">Edital 020 \u2013 2017 \u2013 Classifica\u00e7\u00e3o Final \u2013 Vagas Remanascentes Bolsas PROEX<\/a><\/p>\n<p>25\/06\/2017 - <a href=\"https:\/\/www2.uepg.br\/proex\/wp-content\/uploads\/sites\/8\/2018\/10\/Edital_2017-019_Prorroga%C3%A7%C3%A3o-do-per%C3%ADodo-de-Inscri%C3%A7%C3%B5es-PIBEX.pdf\" target=\"_blank\" rel=\"noopener\">Edital 019 \u2013 2017 \u2013 Prorroga\u00e7\u00e3o do per\u00edodo de Inscri\u00e7\u00f5es PIBEX<\/a><\/p>\n<p>25\/06\/2017 - <a href=\"https:\/\/www2.uepg.br\/proex\/wp-content\/uploads\/sites\/8\/2018\/10\/Edital_2017-018_Prorroga%C3%A7%C3%A3o-do-per%C3%ADodo-de-Inscri%C3%A7%C3%B5es-PIBIS.pdf\" target=\"_blank\" rel=\"noopener\">Edital 018 \u2013 2017 \u2013 Prorroga\u00e7\u00e3o do per\u00edodo de Inscri\u00e7\u00f5es PIBIS<\/a><\/p>\n<p>21\/06\/2017 - <a href=\"https:\/\/www2.uepg.br\/proex\/wp-content\/uploads\/sites\/8\/2018\/10\/Edital_2017-017_PROEX.pdf\" target=\"_blank\" rel=\"noopener\">Edital 017 \u2013 2017 \u2013 Resultado Preliminar do edital 008\/2017<\/a><\/p>\n<p>19\/06\/2017 - <a href=\"https:\/\/www2.uepg.br\/proex\/wp-content\/uploads\/sites\/8\/2018\/10\/Edital_2017-016_PROEX.pdf\" target=\"_blank\" rel=\"noopener\">Edital 016 \u2013 2017 Edital an\u00e1lise de recursos ao Edital PROEX 008\/2017<\/a><\/p>\n<p>14\/06\/2017 - <a href=\"https:\/\/www2.uepg.br\/proex\/wp-content\/uploads\/sites\/8\/2018\/10\/Edital_2017-015_classificacao-final.pdf\" target=\"_blank\" rel=\"noopener\">Edital 015 \u2013 2017 Classifica\u00e7\u00e3o final da sele\u00e7\u00e3o de bolsas PROEX 2017<\/a><\/p>\n<p>14\/06\/2017 - <a href=\"https:\/\/www2.uepg.br\/proex\/wp-content\/uploads\/sites\/8\/2018\/10\/Edital_2017-014_ANEXO2.doc\" target=\"_blank\" rel=\"noopener\">anexo do edital 014 \u2013 2017 \u2013 Plano de trabalho do aluno .doc<\/a><\/p>\n<p>14\/06\/2017 - <a href=\"https:\/\/www2.uepg.br\/proex\/wp-content\/uploads\/sites\/8\/2018\/10\/Edital_2017-014_ANEXO1.doc\" target=\"_blank\" rel=\"noopener\">anexo do edital 014 \u2013 2017 \u2013 Declara\u00e7\u00e3o .doc<\/a><\/p>\n<p>14\/06\/2017 - <a href=\"https:\/\/www2.uepg.br\/proex\/wp-content\/uploads\/sites\/8\/2018\/10\/Edital_2017-014.pdf\" target=\"_blank\" rel=\"noopener\">Edital 014 \u2013 2017 Vagas Remanescentes para bolsas de extens\u00e3o PROEX 2017<\/a><\/p>\n<p>08\/06\/2017 - <a href=\"https:\/\/www2.uepg.br\/proex\/wp-content\/uploads\/sites\/8\/2018\/10\/Edital_2017-013.pdf\" target=\"_blank\" rel=\"noopener\">Edital 013 \u2013 2017 Resultado de Classifica\u00e7\u00e3o Provis\u00f3ria<\/a><\/p>\n<p>05\/06\/2017 - <a href=\"https:\/\/www2.uepg.br\/proex\/wp-content\/uploads\/sites\/8\/2018\/10\/Edital_2017-012_ANEXO2.doc\" target=\"_blank\" rel=\"noopener\">anexo 2 do edital 012 \u2013 2017 \u2013 Declara\u00e7\u00e3o .doc<\/a><\/p>\n<p>05\/06\/2017 - <a href=\"https:\/\/www2.uepg.br\/proex\/wp-content\/uploads\/sites\/8\/2018\/10\/Edital_2017-012_ANEXO1.doc\" target=\"_blank\" rel=\"noopener\">anexo 1 do edital 012 \u2013 2017 \u2013 Plano de trabalho .doc<\/a><\/p>\n<p>05\/06\/2017 - <a href=\"https:\/\/www2.uepg.br\/proex\/wp-content\/uploads\/sites\/8\/2018\/10\/Edital_2017-012_Pibex.pdf\" target=\"_blank\" rel=\"noopener\">Edital 012 \u2013 2017 \u2013 PIBEX \u2013 PROGRAMA INSTITUCIONAL DE BOLSAS DE EXTENS\u00c3O UNIVERSIT\u00c1RIA, vig\u00eancia 2017-2018<\/a><\/p>\n<p>05\/06\/2017 - <a href=\"https:\/\/www2.uepg.br\/proex\/wp-content\/uploads\/sites\/8\/2018\/10\/Edital_2017-011_ANEXO2.doc\" target=\"_blank\" rel=\"noopener\">anexo 2 do edital 011 \u2013 2017 \u2013 Declara\u00e7\u00e3o .doc<\/a><\/p>\n<p>05\/06\/2017 - <a href=\"https:\/\/www2.uepg.br\/proex\/wp-content\/uploads\/sites\/8\/2018\/10\/Edital_2017-011_ANEXO1.doc\" target=\"_blank\" rel=\"noopener\">anexo 1 do edital 011 \u2013 2017 \u2013 Plano de trabalho .doc<\/a><\/p>\n<p>05\/06\/2017 - <a href=\"https:\/\/www2.uepg.br\/proex\/wp-content\/uploads\/sites\/8\/2018\/10\/Edital_2017-011_PIBIS.pdf\" target=\"_blank\" rel=\"noopener\">Edital 011 \u2013 2017 \u2013 PIBIS \u2013 PROGRAMA INSTITUCIONAL DE APOIO \u00c0 INCLUS\u00c3O SOCIAL PESQUISA E EXTENS\u00c3O UNIVERSIT\u00c1RIA, vig\u00eancia 2017-2018<\/a><\/p>\n<p>30\/05\/2017 - <a href=\"https:\/\/www2.uepg.br\/proex\/wp-content\/uploads\/sites\/8\/2018\/10\/edital_2017-010_academicos-Operacao-Rondon-010-2017.pdf\" target=\"_blank\" rel=\"noopener\">Edital 010 \u2013 2017 \u2013 PROEX OPERA\u00c7\u00c3O RONDON \u2013 UEPG<\/a><\/p>\n<p>11\/05\/2017 - <a href=\"https:\/\/www2.uepg.br\/proex\/wp-content\/uploads\/sites\/8\/2018\/10\/Edital_2017-009_retificacao.pdf\" target=\"_blank\" rel=\"noopener\">Edital 009 \u2013 2017 RETIFICA\u00c7\u00c3O DO EDITAL 008\/2017<\/a><\/p>\n<p>05\/05\/2017 - <a href=\"https:\/\/www2.uepg.br\/proex\/wp-content\/uploads\/sites\/8\/2018\/10\/EDITAL_2017-008_ANEXO-Guia-do-usuario.pdf\" target=\"_blank\" rel=\"noopener\">guia do usu\u00e1rio para acesso ao sistema<\/a><\/p>\n<p>05\/05\/2017 - <a href=\"https:\/\/www2.uepg.br\/proex\/wp-content\/uploads\/sites\/8\/2018\/10\/EDITAL_2017-008_ANEXO-PLANO-DE-TRABALHO-DO-ALUNO.doc\" target=\"_blank\" rel=\"noopener\">anexo do edital 008 \u2013 2017 \u2013 Plano de trabalho do aluno .doc<\/a><\/p>\n<p>05\/05\/2017 - <a href=\"https:\/\/www2.uepg.br\/proex\/wp-content\/uploads\/sites\/8\/2018\/10\/EDITAL_2017-008_ANEXO-DECLARACAO.doc\" target=\"_blank\" rel=\"noopener\">anexo do edital 008 \u2013 2017 \u2013 Declara\u00e7\u00e3o .doc<\/a><\/p>\n<p>05\/05\/2017 - <a href=\"https:\/\/www2.uepg.br\/proex\/wp-content\/uploads\/sites\/8\/2018\/10\/Edital_2017-008_PROEX.pdf\" target=\"_blank\" rel=\"noopener\">Edital 008 \u2013 2017 Programa de BOLSAS PROEX-2017<\/a><\/p>\n<p>04\/05\/2017 - <a href=\"https:\/\/www2.uepg.br\/proex\/wp-content\/uploads\/sites\/8\/2018\/10\/EDITAL_2017-007_edital-academicos-Operacao-Rondon.pdf\" target=\"_blank\" rel=\"noopener\">Edital 007 \u2013 2017 Edital de sele\u00e7\u00e3o de alunos para a Opera\u00e7\u00e3o Rondon 2017<\/a><\/p>\n<p>26\/04\/2017 - <a href=\"https:\/\/www2.uepg.br\/proex\/wp-content\/uploads\/sites\/8\/2018\/10\/edital_2017-006_academicos-Operacao-Rondon.pdf\" target=\"_blank\" rel=\"noopener\">Edital 006 \u2013 2017 Acad\u00eamicos Operacao Rondon<\/a><\/p>\n<p>11\/04\/2017 - <a href=\"https:\/\/www2.uepg.br\/proex\/wp-content\/uploads\/sites\/8\/2018\/10\/EDITAL_2017-005_Edital-Academicos-Operacao-Rondon-2017.pdf\" target=\"_blank\" rel=\"noopener\">Edital 005 \u2013 2017 \u2013 OPERA\u00c7\u00c3O RONDON \u2013 UEPG<\/a><\/p>\n<p>16\/03\/2017 - <a href=\"https:\/\/www2.uepg.br\/proex\/wp-content\/uploads\/sites\/8\/2018\/10\/EDITAL_2017-004_RESULTADO-PARTICIPA%C3%87%C3%83O-eventos.doc\">EDITAL_2017-004_RESULTADO PARTICIPA\u00c7\u00c3O eventos<\/a><\/p>\n<p>16\/03\/2017 - <a href=\"https:\/\/www2.uepg.br\/proex\/wp-content\/uploads\/sites\/8\/2018\/10\/EDITAL_2017-003_RESULTADO-ORGANIZA%C3%87%C3%83O-DE-EVENTOS.doc\" target=\"_blank\" rel=\"noopener\">Edital 003 \u2013 2017 \u2013 Resultado Organiza\u00e7\u00e3o de Eventos<\/a><\/p>\n<p>15\/02\/2017 - <a href=\"https:\/\/www2.uepg.br\/proex\/wp-content\/uploads\/sites\/8\/2018\/10\/EDITAL_2017-002_participacao-em-eventos-Fundacao_Araucaria.doc\" target=\"_blank\" rel=\"noopener\">Edital 002 \u2013 2017 \u2013 Participa\u00e7\u00e3o em eventos Funda\u00e7\u00e3o Arauc\u00e1ria<\/a><\/p>\n<p>15\/02\/2017 - <a href=\"https:\/\/www2.uepg.br\/proex\/wp-content\/uploads\/sites\/8\/2018\/10\/EDITAL_2017-001_Organizacao-de-Eventos-Fundacao-Araucaria.doc\" target=\"_blank\" rel=\"noopener\">Edital 001 \u2013 2017 \u2013 Organiza\u00e7\u00e3o de Eventos Funda\u00e7\u00e3o Arauc\u00e1ria<\/a><\/p>\n<p>&nbsp;<\/p>\n\t\t\t\t<\/div>\n\t\t\t<\/div>\n\t\t<\/div>\n\t\t\t<div class=\"sow-accordion-panel\"\n\t\t\t data-anchor=\"2016\">\n\t\t\t\t<div class=\"sow-accordion-panel-header-container\" role=\"heading\" aria-level=\"2\">\n\t\t\t\t\t<div class=\"sow-accordion-panel-header\" tabindex=\"0\" role=\"button\" id=\"accordion-label-2016\" aria-controls=\"accordion-content-2016\" aria-expanded=\"false\">\n\t\t\t\t\t\t<div class=\"sow-accordion-title sow-accordion-title-icon-left\">\n\t\t\t\t\t\t\t\t\t\t\t\t\t\t2016\t\t\t\t\t\t\t\t\t\t\t\t\t<\/div>\n\t\t\t\t\t\t<div class=\"sow-accordion-open-close-button\">\n\t\t\t\t\t\t\t<div class=\"sow-accordion-open-button\">\n\t\t\t\t\t\t\t\t<span class=\"sow-icon-ionicons\" data-sow-icon=\"&#xf218;\"\n\t\t \n\t\taria-hidden=\"true\"><\/span>\t\t\t\t\t\t\t<\/div>\n\t\t\t\t\t\t\t<div class=\"sow-accordion-close-button\">\n\t\t\t\t\t\t\t\t<span class=\"sow-icon-ionicons\" data-sow-icon=\"&#xf209;\"\n\t\t \n\t\taria-hidden=\"true\"><\/span>\t\t\t\t\t\t\t<\/div>\n\t\t\t\t\t\t<\/div>\n\t\t\t\t\t<\/div>\n\t\t\t\t<\/div>\n\n\t\t\t<div\n\t\t\t\tclass=\"sow-accordion-panel-content\"\n\t\t\t\trole=\"region\"\n\t\t\t\taria-labelledby=\"accordion-label-2016\"\n\t\t\t\tid=\"accordion-content-2016\"\n\t\t\t\tstyle=\"display: none;\"\t\t\t>\n\t\t\t\t<div class=\"sow-accordion-panel-border\" tabindex=\"0\">\n\t\t\t\t\t<p>03\/11\/2016 - <a href=\"https:\/\/www2.uepg.br\/proex\/wp-content\/uploads\/sites\/8\/2018\/10\/EDITAL_2016-030_PIBEX-FINAL.doc-retifica%C3%A7%C3%A3o.pdf\" target=\"_blank\" rel=\"noopener\">Edital N\u00ba030\/2016 \u2013 RETIFICA\u00c7\u00c3O DO EDITAL PIBEX 2016: PROGRAMA INSTITUCIONAL DE APOIO A INCLUS\u00c3O SOCIAL, PESQUISA E EXTENS\u00c3O UNIVERSIT\u00c1RIA<\/a><\/p>\n<p>25\/10\/2016 - <a href=\"https:\/\/www2.uepg.br\/proex\/wp-content\/uploads\/sites\/8\/2018\/10\/EDITAL_2016-029_PIBEX.pdf\" target=\"_blank\" rel=\"noopener\">Edital N\u00ba029\/2016 \u2013 PIBEX 2016: PROGRAMA INSTITUCIONAL DE APOIO A INCLUS\u00c3O SOCIAL, PESQUISA E EXTENS\u00c3O UNIVERSIT\u00c1RIA<\/a><\/p>\n<p>13\/10\/2016 - <a href=\"https:\/\/www2.uepg.br\/proex\/wp-content\/uploads\/sites\/8\/2018\/10\/Edital_2016-028_PROEX.pdf\" target=\"_blank\" rel=\"noopener\">Edital N\u00ba028\/2016 \u2013 Resultado final de bolsas para o Programa Institucional de Apoio \u00e0 Inclus\u00e3o Social, Pesquisa e Extens\u00e3o Universit\u00e1ria \u2013 PIBIS \/PROEX\/FUNDA\u00c7\u00c3O ARAUC\u00c1RIA<\/a><\/p>\n<p>23\/09\/2016 - <a href=\"https:\/\/www2.uepg.br\/proex\/wp-content\/uploads\/sites\/8\/2018\/10\/Edital_2016-027_PIBIS.pdf\" target=\"_blank\" rel=\"noopener\">EDITAL N\u00ba027\/2016 \u2013 Programa Institucional de Apoio \u00e0 Inclus\u00e3o Social, Pesquisa e Extens\u00e3o Universit\u00e1ria \u2013 PIBIS \/PROEX\/FUNDA\u00c7\u00c3O ARAUC\u00c1RIA<\/a><\/p>\n<p>23\/09\/2016 - <a href=\"https:\/\/www2.uepg.br\/proex\/wp-content\/uploads\/sites\/8\/2018\/10\/Edital_2016-026_PIBISfinal.pdf\" target=\"_blank\" rel=\"noopener\">EDITAL N\u00ba026\/2016 \u2013 PIBIS 2016: Programa Institucional de Apoio \u00e0 Inclus\u00e3o Social, Pesquisa e Extens\u00e3o Universit\u00e1ria<\/a><\/p>\n<p>05\/09\/2016 - <a href=\"https:\/\/www2.uepg.br\/proex\/wp-content\/uploads\/sites\/8\/2018\/10\/Edital_2016-025.pdf\" target=\"_blank\" rel=\"noopener\">EDITAL N\u00ba025\/2016 \u2013 Resultado preliminar para a participa\u00e7\u00e3o no Programa Institucional de Bolsas de Extens\u00e3o Universit\u00e1ria-PIBEX \/FUNDA\u00c7\u00c3O ARAUC\u00c1RIA 2016-2017<\/a><\/p>\n<p>05\/09\/2016 - <a href=\"https:\/\/www2.uepg.br\/proex\/wp-content\/uploads\/sites\/8\/2018\/10\/Edital_2016-024.pdf\" target=\"_blank\" rel=\"noopener\">EDITAL N\u00ba024\/2016 Resultado preliminar para a participa\u00e7\u00e3o no Programa de Apoio a Inclus\u00e3o Social em Atividades de Extens\u00e3o Universit\u00e1ria, vig\u00eancia 2016-2017<\/a><\/p>\n<p>02\/09\/2016 - <a href=\"https:\/\/www2.uepg.br\/proex\/wp-content\/uploads\/sites\/8\/2018\/10\/EDITAL_2016-023_RESULTADO-ORGANIZA%C3%87%C3%83O-DE-EVENTOS.pdf\" target=\"_blank\" rel=\"noopener\">EDITAL N\u00ba023\/2016 \u2013 RESULTADO DO EDITAL 022\/16 -APOIO \u00c0 ORGANIZA\u00c7\u00c3O DE EVENTOS<\/a><\/p>\n<p>19\/08\/2016 - <a href=\"https:\/\/www2.uepg.br\/proex\/wp-content\/uploads\/sites\/8\/2016\/08\/EDITAL_2016-022_ANEXO-DOC.doc\" target=\"_blank\" rel=\"noopener\">FICHA DE INSCRI\u00c7\u00c3O (Anexos II e III do edital) \u2013 Arquivo .DOC<\/a><\/p>\n<p>19\/08\/2016 - <a href=\"https:\/\/www2.uepg.br\/proex\/wp-content\/uploads\/sites\/8\/2018\/10\/EDITAL_2016-022_Organizacao-de-Eventos-Fundacao-Araucaria.pdf\" target=\"_blank\" rel=\"noopener\">EDITAL N\u00ba 022\/16 \u2013 PROGRAMA INSTITUCIONAL DE APOIO \u00c0 ORGANIZA\u00c7\u00c3O DE EVENTOS DE EXTENS\u00c3O E DE DIFUS\u00c3O ACAD\u00caMICA<\/a><\/p>\n<p>21\/07\/2016 - <a href=\"https:\/\/www2.uepg.br\/proex\/wp-content\/uploads\/sites\/8\/2018\/10\/Edital_2016-021_PROEX.pdf\" target=\"_blank\" rel=\"noopener\">EDITAL N\u00ba021\/2016 Prorroga\u00e7\u00e3o do per\u00edodo de inscri\u00e7\u00f5es para participa\u00e7\u00e3o no EDITAL PROEX N\u00ba 17\/2016<\/a><\/p>\n<p>21\/07\/2016 - <a href=\"https:\/\/www2.uepg.br\/proex\/wp-content\/uploads\/sites\/8\/2018\/10\/Edital_2016-020_PROEX.pdf\" target=\"_blank\" rel=\"noopener\">EDITAL N\u00ba020\/2016 Prorroga\u00e7\u00e3o do per\u00edodo de inscri\u00e7\u00f5es para participa\u00e7\u00e3o no EDITAL PROEX N\u00ba 16\/2016<\/a><\/p>\n<p>21\/07\/2016 - <a href=\"https:\/\/www2.uepg.br\/proex\/wp-content\/uploads\/sites\/8\/2018\/10\/Edital_2016-019_PROEX.pdf\" target=\"_blank\" rel=\"noopener\">EDITAL N\u00ba019\/2016 Resultados PARTICIPA\u00c7\u00c3O eventos<\/a><\/p>\n<p>01\/07\/2016 - <a href=\"https:\/\/www2.uepg.br\/proex\/wp-content\/uploads\/sites\/8\/2018\/10\/Edital_2016-018.pdf\">EDITAL N\u00ba018\/2016 Retifica\u00e7\u00e3o do edital 017-16 de Abertura de inscri\u00e7\u00f5es para a participa\u00e7\u00e3o no Programa Institucional de Bolsas de Extens\u00e3o Universit\u00e1ria-PIBEX \/FUNDA\u00c7\u00c3O ARAUC\u00c1RIA 2016-2017<\/a><\/p>\n<p>01\/07\/2016 - <a href=\"https:\/\/www2.uepg.br\/proex\/wp-content\/uploads\/sites\/8\/2018\/10\/Edital_2016-017_PROEX.doc\" target=\"_blank\" rel=\"noopener\">EDITAL N\u00ba017\/2016 Abertura de inscri\u00e7\u00f5es para a participa\u00e7\u00e3o no Programa Institucional de Bolsas de Extens\u00e3o Universit\u00e1ria-PIBEX \/FUNDA\u00c7\u00c3O ARAUC\u00c1RIA 2016-2017<\/a><\/p>\n<p>01\/07\/2016 - <a href=\"https:\/\/www2.uepg.br\/proex\/wp-content\/uploads\/sites\/8\/2018\/10\/EditaL_2016-016_PROEX.doc\" target=\"_blank\" rel=\"noopener\">EDITAL N\u00ba016\/2016 Abertura de inscri\u00e7\u00f5es para a participa\u00e7\u00e3o no Programa de Apoio a Inclus\u00e3o Social em Atividades de Extens\u00e3o Universit\u00e1ria, vig\u00eancia 2016-2017<\/a><\/p>\n<p>30\/06\/2016 - <a href=\"https:\/\/www2.uepg.br\/proex\/wp-content\/uploads\/sites\/8\/2018\/10\/Edital_2016-015_PROEX.pdf\" target=\"_blank\" rel=\"noopener\">015 \u2013 16 Programa de apoio institucional para participa\u00e7\u00e3o em eventos T\u00e9cnico-Cient\u00edficos Extensionistas \u2013 Funda\u00e7\u00e3o Arauc\u00e1ria<\/a><\/p>\n<p>30\/06\/2016 - <a href=\"https:\/\/www2.uepg.br\/proex\/wp-content\/uploads\/sites\/8\/2018\/10\/Edital_2016-014.pdf\" target=\"_blank\" rel=\"noopener\">EDITAL N\u00ba014\/2016 Rela\u00e7\u00e3o dos trabalhos selecionados que ser\u00e3o apresentados no 34\u00ba SEURS<\/a><\/p>\n<p>09\/06\/2016 - <a href=\"https:\/\/www2.uepg.br\/proex\/wp-content\/uploads\/sites\/8\/2018\/10\/Edital_2016-012.pdf\" target=\"_blank\" rel=\"noopener\">EDITAL N\u00ba012\/2016 Resultado da sele\u00e7\u00e3o para a Opera\u00e7\u00e3o Rondon \u2013 5 vagas \u2013 Professores<\/a><\/p>\n<p>19\/04\/2016 - <a href=\"https:\/\/www2.uepg.br\/proex\/wp-content\/uploads\/sites\/8\/2018\/10\/Edital_2016-005_Projeto-RONDON-Jornalismo-Resultado.pdf\">EDITAL N\u00ba005\/2016 Projeto RONDON Jornalismo Resultado<\/a><\/p>\n<p>19\/04\/2016 - <a href=\"https:\/\/www2.uepg.br\/proex\/wp-content\/uploads\/sites\/8\/2018\/10\/Edital_2016-004_Projeto-RONDON-Resultado1aEtapa.pdf\" target=\"_blank\" rel=\"noopener\">EDITAL N\u00ba004\/2016 Projeto RONDON Resultado 1\u00aa Etapa<\/a><\/p>\n<p>12\/04\/2016 - <a href=\"https:\/\/www2.uepg.br\/proex\/wp-content\/uploads\/sites\/8\/2018\/10\/Edital_2016-003_PROEX-Projeto-RONDON-Jornalismo.pdf\">EDITAL N\u00ba003\/2016 PROEX \u2013 Projeto RONDON-Jornalismo<\/a><\/p>\n<p>04\/03\/2016 - <a href=\"https:\/\/www2.uepg.br\/proex\/wp-content\/uploads\/sites\/8\/2018\/10\/EDITAL_2016-002_Resultados-PARTICIPA%C3%87%C3%83O-eventos.pdf\" target=\"_blank\" rel=\"noopener\">EDITAL N\u00ba002\/2016 Resultados PARTICIPA\u00c7\u00c3O eventos<\/a><\/p>\n<p>04\/03\/2016 - <a href=\"https:\/\/www2.uepg.br\/proex\/wp-content\/uploads\/sites\/8\/2018\/10\/EDITAL_2016-001_RESULTADO-ORGANIZA%C3%87%C3%83O-DE-EVENTOS.pdf\" target=\"_blank\" rel=\"noopener\">EDITAL N\u00ba 001\/2016 RESULTADO ORGANIZA\u00c7\u00c3O DE EVENTOS<\/a><\/p>\n<p>&nbsp;<\/p>\n\t\t\t\t<\/div>\n\t\t\t<\/div>\n\t\t<\/div>\n\t\t\t<div class=\"sow-accordion-panel\"\n\t\t\t data-anchor=\"2015\">\n\t\t\t\t<div class=\"sow-accordion-panel-header-container\" role=\"heading\" aria-level=\"2\">\n\t\t\t\t\t<div class=\"sow-accordion-panel-header\" tabindex=\"0\" role=\"button\" id=\"accordion-label-2015\" aria-controls=\"accordion-content-2015\" aria-expanded=\"false\">\n\t\t\t\t\t\t<div class=\"sow-accordion-title sow-accordion-title-icon-left\">\n\t\t\t\t\t\t\t\t\t\t\t\t\t\t2015\t\t\t\t\t\t\t\t\t\t\t\t\t<\/div>\n\t\t\t\t\t\t<div class=\"sow-accordion-open-close-button\">\n\t\t\t\t\t\t\t<div class=\"sow-accordion-open-button\">\n\t\t\t\t\t\t\t\t<span class=\"sow-icon-ionicons\" data-sow-icon=\"&#xf218;\"\n\t\t \n\t\taria-hidden=\"true\"><\/span>\t\t\t\t\t\t\t<\/div>\n\t\t\t\t\t\t\t<div class=\"sow-accordion-close-button\">\n\t\t\t\t\t\t\t\t<span class=\"sow-icon-ionicons\" data-sow-icon=\"&#xf209;\"\n\t\t \n\t\taria-hidden=\"true\"><\/span>\t\t\t\t\t\t\t<\/div>\n\t\t\t\t\t\t<\/div>\n\t\t\t\t\t<\/div>\n\t\t\t\t<\/div>\n\n\t\t\t<div\n\t\t\t\tclass=\"sow-accordion-panel-content\"\n\t\t\t\trole=\"region\"\n\t\t\t\taria-labelledby=\"accordion-label-2015\"\n\t\t\t\tid=\"accordion-content-2015\"\n\t\t\t\tstyle=\"display: none;\"\t\t\t>\n\t\t\t\t<div class=\"sow-accordion-panel-border\" tabindex=\"0\">\n\t\t\t\t\t<p>22\/12\/2015 - <a href=\"https:\/\/www2.uepg.br\/proex\/wp-content\/uploads\/sites\/8\/2018\/10\/edital_2015-029-participacao-em-eventos-Fundacao_Araucaria_1_.pdf\" target=\"_blank\" rel=\"noopener\">EDITAL N\u00ba 029\/15 \u2013 PROEX PROGRAMA DE APOIO INSTITUCIONAL PARA PARTICIPA\u00c7\u00c3O EM EVENTOS T\u00c9CNICO-CIENT\u00cdFICOS EXTENSIONISTAS \u2013 FUNDA\u00c7\u00c3O ARAUC\u00c1RIA\/UEPG<\/a><\/p>\n<p>22\/12\/2015 - <a href=\"https:\/\/www2.uepg.br\/proex\/wp-content\/uploads\/sites\/8\/2018\/10\/edital_2015-028_Organizacao-de-Eventos-Fundacao-Araucaria_1_.pdf\" target=\"_blank\" rel=\"noopener\">EDITAL N\u00ba 028\/15 \u2013 PROEX EDITAL PROEX N\u00ba 015\/2010 PROGRAMA INSTITUCIONAL DE APOIO \u00c0 ORGANIZA\u00c7\u00c3O DE EVENTOS DE EXTENS\u00c3O E DE DIFUS\u00c3O ACAD\u00caMICA<\/a><\/p>\n<p>04\/09\/2015 - <a href=\"https:\/\/www2.uepg.br\/proex\/wp-content\/uploads\/sites\/8\/2018\/10\/edital_2015-027.doc\" target=\"_blank\" rel=\"noopener\">EDITAL PROEX N\u00ba 027\/2015 Programa Institucional de Bolsas de Extens\u00e3o Universit\u00e1ria \u2013 Chamada n\u00ba 010\/2015- Funda\u00e7\u00e3o Arauc\u00e1ria<\/a><\/p>\n<p>04\/09\/2015 - <a href=\"https:\/\/www2.uepg.br\/proex\/wp-content\/uploads\/sites\/8\/2018\/10\/edital_2015-026.doc\" target=\"_blank\" rel=\"noopener\">EDITAL PROEX N\u00ba 026\/2015 Programa de Apoio a A\u00e7\u00f5es Afirmativas para Inclus\u00e3o Social em Atividades de Extens\u00e3o-Chamada n\u00ba 008\/2015- Funda\u00e7\u00e3o Arauc\u00e1ria<\/a><\/p>\n<p>18\/08\/2015 - <a href=\"https:\/\/www2.uepg.br\/proex\/wp-content\/uploads\/sites\/8\/2018\/10\/edital_2015-025_retifica%C3%A7%C3%A3o-do-Edital-021.doc\" target=\"_blank\" rel=\"noopener\">EDITAL PROEX N\u00ba 025\/2015 RETIFICA\u00c7\u00c3O DO EDITAL 021<\/a><\/p>\n<p>18\/08\/2015 - <a href=\"https:\/\/www2.uepg.br\/proex\/wp-content\/uploads\/sites\/8\/2018\/10\/edital_2015-024_retifica%C3%A7%C3%A3o-do-Edital-019.doc\" target=\"_blank\" rel=\"noopener\">EDITAL PROEX N\u00ba 024\/2015 RETIFICA\u00c7\u00c3O DO EDITAL 019<\/a><\/p>\n<p>23\/07\/2015 - <a href=\"https:\/\/www2.uepg.br\/proex\/wp-content\/uploads\/sites\/8\/2018\/10\/edital_2015-023_Resultados-PARTICIPA%C3%87%C3%83O-eventos.pdf\" target=\"_blank\" rel=\"noopener\">EDITAL PROEX N\u00ba 023\/2015 Resultados PARTICIPA\u00c7\u00c3O eventos<\/a><\/p>\n<p>23\/07\/2015 - <a href=\"https:\/\/www2.uepg.br\/proex\/wp-content\/uploads\/sites\/8\/2018\/10\/edital_2015-022_RESULTADO-ORGANIZA%C3%87%C3%83O-DE-EVENTOS.pdf\" target=\"_blank\" rel=\"noopener\">EDITAL PROEX N\u00ba 022\/2015 RESULTADO ORGANIZA\u00c7\u00c3O DE EVENTOS<\/a><\/p>\n<p>15\/07\/2015 - <a href=\"https:\/\/www2.uepg.br\/proex\/wp-content\/uploads\/sites\/8\/2018\/10\/EDITAL_2015-020_retifica%C3%A7%C3%A3o-do-Edital-019.doc\" target=\"_blank\" rel=\"noopener\">EDITAL PROEX N\u00ba 020\/2015 \u2013 PROGRAMA INSTITUCIONAL DE BOLSAS DE EXTENS\u00c3O UNIVERSIT\u00c1RIA \u2013 PIBEX- Funda\u00e7\u00e3o Arauc\u00e1ria<\/a><\/p>\n<p>15\/07\/2015 - <a href=\"https:\/\/www2.uepg.br\/proex\/wp-content\/uploads\/sites\/8\/2018\/10\/edital_2015-021.doc\" target=\"_blank\" rel=\"noopener\">EDITAL PROEX N\u00ba 021\/2015 Programa de Apoio a A\u00e7\u00f5es Afirmativas para Inclus\u00e3o Social em Atividades de Extens\u00e3o- Funda\u00e7\u00e3o Arauc\u00e1ria<\/a><\/p>\n<p>10\/07\/2015 - <a href=\"https:\/\/www2.uepg.br\/proex\/wp-content\/uploads\/sites\/8\/2018\/10\/Edital_2015-019.doc\" target=\"_blank\" rel=\"noopener\">EDITAL PROEX 019\/2015 \u2013 RESULTADO DA SELE\u00c7\u00c3O DAS BOLSAS PIBEX 2015-2016 \u2013 PROGRAMA INSTITUCIONAL DE BOLSAS DE EXTENS\u00c3O UNIVERSIT\u00c1RIA PIBEX- CHAMADA N\u00ba 010\/2015- Funda\u00e7\u00e3o Arauc\u00e1ria<\/a><\/p>\n<p>10\/07\/2015 - <a href=\"https:\/\/www2.uepg.br\/proex\/wp-content\/uploads\/sites\/8\/2018\/10\/Edital_2015-018.doc\" target=\"_blank\" rel=\"noopener\">EDITAL PROEX 018\/2015-RESULTADO DA SELE\u00c7\u00c3O BOLSAS BEC 2015-2016 \u2013 Programa de Apoio a A\u00e7\u00f5es Afirmativas para Inclus\u00e3o Social em Atividades de Extens\u00e3o-Chamada n\u00ba 008\/2015- Funda\u00e7\u00e3o Arauc\u00e1ria<\/a><\/p>\n<p>24\/06\/2015 - <a href=\"https:\/\/www2.uepg.br\/proex\/wp-content\/uploads\/sites\/8\/2018\/10\/EditaL_2015-016.pdf\" target=\"_blank\" rel=\"noopener\">EDITAL N\u00ba 16\/2015 \u2013 PROEX \u2013 Prorroga\u00e7\u00e3o dos editais 12 e 12 de 2015<\/a><\/p>\n<p>22\/06\/2015 - <a href=\"https:\/\/www2.uepg.br\/proex\/wp-content\/uploads\/sites\/8\/2018\/10\/EDITAL_2015-017_prorroga%C3%A7%C3%A3o-editais-09-e-10-FA-22-06-15.pdf\" target=\"_blank\" rel=\"noopener\">EDITAL N\u00ba 17\/2015 \u2013 PROEX \u2013 Prorroga\u00e7\u00e3o dos editais 09 e 10 de 2015<\/a><\/p>\n<p>15\/06\/2015 - <a href=\"https:\/\/www2.uepg.br\/proex\/wp-content\/uploads\/sites\/8\/2018\/10\/Edital_2015-015_Trabalhos-selecionados-para-participacao-no-SEURS.pdf\" target=\"_blank\" rel=\"noopener\">EDITAL N\u00ba 15\/2015 \u2013 PROEX \u2013 Trabalhos Selecionados para participa\u00e7\u00e3o no SEURS<\/a><\/p>\n<p>09\/06\/2015 - <a href=\"https:\/\/www2.uepg.br\/proex\/wp-content\/uploads\/sites\/8\/2018\/10\/Edital_2015-014.pdf\" target=\"_blank\" rel=\"noopener\">EDITAL N\u00ba 14\/2015 \u2013 PROEX \u2013 Retifica\u00e7\u00e3o do Edital PROEX n\u00ba 013\/2015 \u2013 Programa Institucional de Bolsas de Extens\u00e3o Universit\u00e1ria-PIBEX \/FUNDA\u00c7\u00c3O ARAUC\u00c1RIA<\/a><\/p>\n<p>03\/06\/2015 - <a href=\"https:\/\/www2.uepg.br\/proex\/wp-content\/uploads\/sites\/8\/2018\/10\/Edital_2015-013_PIBEX.doc\" target=\"_blank\" rel=\"noopener\">EDITAL N\u00ba 013\/2015 \u2013 PROEX \u2013 Programa Institucional de Bolsas de Extens\u00e3o Universit\u00e1ria-PIBEX \/FUNDA\u00c7\u00c3O ARAUC\u00c1RIA<\/a><\/p>\n<p>03\/06\/2015 - <a href=\"https:\/\/www2.uepg.br\/proex\/wp-content\/uploads\/sites\/8\/2018\/10\/Edital_2015-012.doc\" target=\"_blank\" rel=\"noopener\">EDITAL N\u00ba 012\/2015 \u2013 PROEX \u2013 Programa de Apoio \u00e0 Inclus\u00e3o Social em Atividades de Extens\u00e3o Universit\u00e1ria \u2013 BEC\/PROEX\/FUNDA\u00c7\u00c3O ARAUC\u00c1RIA<\/a><\/p>\n<p>01\/06\/2015 - <a href=\"https:\/\/www2.uepg.br\/proex\/wp-content\/uploads\/sites\/8\/2018\/10\/EDITAL_2015-010-Organizacao-de-Eventos-Fundacao-Araucaria.doc\" target=\"_blank\" rel=\"noopener\">EDITAL N\u00ba 010\/15 \u2013 PROEX \u2013 Organiza\u00e7\u00e3o de Eventos Funda\u00e7\u00e3o Arauc\u00e1ria<\/a><\/p>\n<p>01\/06\/2015 - <a href=\"https:\/\/www2.uepg.br\/proex\/wp-content\/uploads\/sites\/8\/2018\/10\/EDITAL_2015-009_participacao-em-eventos-Fundacao_Araucaria.doc\" target=\"_blank\" rel=\"noopener\">EDITAL N\u00ba 009\/15 \u2013 PROEX \u2013 Participa\u00e7\u00e3o em eventos Funda\u00e7\u00e3o Arauc\u00e1ria<\/a><\/p>\n<p>23\/05\/2015 - <a href=\"https:\/\/www2.uepg.br\/proex\/wp-content\/uploads\/sites\/8\/2018\/10\/Edital_2016-006.pdf\" target=\"_blank\" rel=\"noopener\">006 \u2013 16 Convoca\u00e7\u00e3o de Professores (as) Orientadores (as) de Programas e Projetos de Extens\u00e3o para confirma\u00e7\u00e3o da indica\u00e7\u00e3o dos acad\u00eamicos classificados em lista de espera em Edital PROEX n\u00ba 024\/2015<\/a><\/p>\n<p>16\/05\/2015 - <a href=\"https:\/\/www2.uepg.br\/proex\/wp-content\/uploads\/sites\/8\/2018\/10\/Edital_2016-011_PROEX.pdf\">EDITAL N\u00ba011\/2016 Prorroga\u00e7\u00e3o de inscri\u00e7\u00f5es para a Opera\u00e7\u00e3o Rondon \u2013 5 vagas \u2013 Professores<\/a><\/p>\n<p>10\/05\/2015 - <a href=\"https:\/\/www2.uepg.br\/proex\/wp-content\/uploads\/sites\/8\/2018\/10\/Edital_2016-010_CONEX.pdf\" target=\"_blank\" rel=\"noopener\">EDITAL N\u00ba 010\/2016 Edital de sele\u00e7\u00e3o de volunt\u00e1rios para o 14\u00ba CONEX<\/a><\/p>\n<p>20\/04\/2015 - <a href=\"https:\/\/www2.uepg.br\/proex\/wp-content\/uploads\/sites\/8\/2018\/10\/EDITAL_2015-003_ABERTURA-OPERA%C3%87%C3%83O-RONDON-REGIONAL-10-04-15.doc\" target=\"_blank\" rel=\"noopener\">EDITAL N\u00ba 003\/15 \u2013 PROEX \u2013 ABERTURA OPERA\u00c7\u00c3O RONDON \u2013 REGIONAL<\/a><\/p>\n<p>20\/03\/2015 - <a href=\"https:\/\/www2.uepg.br\/proex\/wp-content\/uploads\/sites\/8\/2018\/10\/Chamada-Interna_2015-001_PROEXT-em-20-03-15.doc\" target=\"_blank\" rel=\"noopener\">Edital PROEXT 01\/2015 \u2013 Chamada Interna para sele\u00e7\u00e3o de Projetos e Programas de Extens\u00e3o, em resposta ao Edital MEC-SESu \u2013 PROEXT 2016<\/a><\/p>\n<p>03\/03\/2015 - <a href=\"https:\/\/www2.uepg.br\/proex\/wp-content\/uploads\/sites\/8\/2018\/10\/EDITAL_2015-002_Resultados-PARTICIPA%C3%87%C3%83O-eventos.doc\" target=\"_blank\" rel=\"noopener\">EDITAL N\u00ba 002\/2015 \u2013 PROEX \u2013 PROGRAMA DE APOIO INSTITUCIONAL PARA PARTICIPA\u00c7\u00c3O EM EVENTOS T\u00c9CNICO-CIENT\u00cdFICOS EXTENSIONISTAS \u2013 FUNDA\u00c7\u00c3O ARAUC\u00c1RIA\/UEPG<\/a><\/p>\n<p>03\/03\/2015 - <a href=\"https:\/\/www2.uepg.br\/proex\/wp-content\/uploads\/sites\/8\/2018\/10\/EDITAL_2015-001_RESULTADO-ORGANIZA%C3%87%C3%83O-DE-EVENTOS.doc\" target=\"_blank\" rel=\"noopener\">EDITAL N\u00ba 001\/2015 \u2013 PROEX \u2013 PROGRAMA INSTITUCIONAL DE APOIO \u00c0 ORGANIZA\u00c7\u00c3O DE EVENTOS DE EXTENS\u00c3O E DE DIFUS\u00c3O ACAD\u00caMICA<\/a><\/p>\n<p>&nbsp;<\/p>\n\t\t\t\t<\/div>\n\t\t\t<\/div>\n\t\t<\/div>\n\t\t\t<div class=\"sow-accordion-panel\"\n\t\t\t data-anchor=\"2014\">\n\t\t\t\t<div class=\"sow-accordion-panel-header-container\" role=\"heading\" aria-level=\"2\">\n\t\t\t\t\t<div class=\"sow-accordion-panel-header\" tabindex=\"0\" role=\"button\" id=\"accordion-label-2014\" aria-controls=\"accordion-content-2014\" aria-expanded=\"false\">\n\t\t\t\t\t\t<div class=\"sow-accordion-title sow-accordion-title-icon-left\">\n\t\t\t\t\t\t\t\t\t\t\t\t\t\t2014\t\t\t\t\t\t\t\t\t\t\t\t\t<\/div>\n\t\t\t\t\t\t<div class=\"sow-accordion-open-close-button\">\n\t\t\t\t\t\t\t<div class=\"sow-accordion-open-button\">\n\t\t\t\t\t\t\t\t<span class=\"sow-icon-ionicons\" data-sow-icon=\"&#xf218;\"\n\t\t \n\t\taria-hidden=\"true\"><\/span>\t\t\t\t\t\t\t<\/div>\n\t\t\t\t\t\t\t<div class=\"sow-accordion-close-button\">\n\t\t\t\t\t\t\t\t<span class=\"sow-icon-ionicons\" data-sow-icon=\"&#xf209;\"\n\t\t \n\t\taria-hidden=\"true\"><\/span>\t\t\t\t\t\t\t<\/div>\n\t\t\t\t\t\t<\/div>\n\t\t\t\t\t<\/div>\n\t\t\t\t<\/div>\n\n\t\t\t<div\n\t\t\t\tclass=\"sow-accordion-panel-content\"\n\t\t\t\trole=\"region\"\n\t\t\t\taria-labelledby=\"accordion-label-2014\"\n\t\t\t\tid=\"accordion-content-2014\"\n\t\t\t\tstyle=\"display: none;\"\t\t\t>\n\t\t\t\t<div class=\"sow-accordion-panel-border\" tabindex=\"0\">\n\t\t\t\t\t<p>08\/12\/2014 - <a href=\"https:\/\/www2.uepg.br\/proex\/wp-content\/uploads\/sites\/8\/2018\/10\/EDITAL_2014-025_Anula-Edital-024-Bolsas-Extens%C3%A3o-03-12-14.pdf\" target=\"_blank\" rel=\"noopener\">EDITAL N\u00ba 0025\/2014 \u2013 PROEX \u2013 anula o Edital n\u00ba 0024\/2014 \u2013 referente ao PROGRAMA DE BOLSAS PROEX-2015<\/a><\/p>\n<p>13\/10\/2014 - <a href=\"https:\/\/www2.uepg.br\/proex\/wp-content\/uploads\/sites\/8\/2018\/10\/EDITAL_2014-023_Resultados-Edital-PARTICIPA%C3%87%C3%83O-eventos-outubro-2014.pdf\" target=\"_blank\" rel=\"noopener\">EDITAL N\u00ba 023\/2014 \u2013 PROEX \u2013 PROGRAMA DE APOIO INSTITUCIONAL PARA PARTICIPA\u00c7\u00c3O EM EVENTOS T\u00c9CNICO-CIENT\u00cdFICOS EXTENSIONISTAS \u2013 FUNDA\u00c7\u00c3O ARAUC\u00c1RIA<\/a><\/p>\n<p>13\/10\/2014 - <a href=\"https:\/\/www2.uepg.br\/proex\/wp-content\/uploads\/sites\/8\/2018\/10\/EDITAL_2014-022_RESULTADO-ORGANIZA%C3%87%C3%83O-DE-EVENTOS-2014.pdf\" target=\"_blank\" rel=\"noopener\">EDITAL N\u00ba 022\/2014 \u2013 PROEX \u2013 PROGRAMA INSTITUCIONAL DE APOIO \u00c0 ORGANIZA\u00c7\u00c3O DE EVENTOS DE EXTENS\u00c3O E DE DIFUS\u00c3O ACAD\u00caMICA<\/a><\/p>\n<p>03\/09\/2014 - <a href=\"https:\/\/www2.uepg.br\/proex\/wp-content\/uploads\/sites\/8\/2018\/10\/EDITAL_2014-021_Resultado-estag-Inform%C3%A1tica-para-a-DEU-02-09-14.pdf\" target=\"_blank\" rel=\"noopener\">EDITAL N\u00ba 021\/2014 \u2013 PROEX \u2013 Resultado Edital PROEX 020\/2014 \u2013 Vaga de est\u00e1gio para acad\u00eamicos do Curso de Inform\u00e1tica\/Bacharelado e ou Engenharia da Computa\u00e7\u00e3o<\/a><\/p>\n<p>27\/08\/2014 - <a href=\"https:\/\/www2.uepg.br\/proex\/wp-content\/uploads\/sites\/8\/2018\/10\/EDITAL_2014-007_Resultado-Sele%C3%A7%C3%A3o-Patronato.pdf\" target=\"_blank\" rel=\"noopener\">EDITAL N\u00ba 007\/2014 \u2013 PATRONATO \u2013 RESULTADO SELE\u00c7\u00c3O PATRONATO<\/a><\/p>\n<p>20\/08\/2014 - <a href=\"https:\/\/www2.uepg.br\/proex\/wp-content\/uploads\/sites\/8\/2018\/10\/EDITAL_2014-020_Resultado-Vaga-estagi%C3%A1rios-DAC-Turismo-e-Administra%C3%A7%C3%A3o-20-08-14.pdf\" target=\"_blank\" rel=\"noopener\">EDITAL N\u00ba 020\/2014 \u2013 PROEX \u2013 Resultado Edital PROEX 013\/2014 para as vagas de est\u00e1gio de natureza administrativa no plano de a\u00e7\u00e3o da Divis\u00e3o de Assuntos Culturais<\/a><\/p>\n<p>20\/08\/2014 - <a href=\"https:\/\/www2.uepg.br\/proex\/wp-content\/uploads\/sites\/8\/2018\/10\/Edital_2014-019_Vaga-Estagi%C3%A1rio-de-Inform%C3%A1tica.pdf\" target=\"_blank\" rel=\"noopener\">EDITAL N\u00ba 019\/2014 \u2013 PROEX \u2013 Vaga de est\u00e1gio para acad\u00eamicos do Curso de Inform\u00e1tica\/Bacharelado e ou Engenharia da Computa\u00e7\u00e3o<\/a><\/p>\n<p>20\/08\/2014 - <a href=\"https:\/\/www2.uepg.br\/proex\/wp-content\/uploads\/sites\/8\/2018\/10\/EDITAL_2014-018_Organizacao-de-Eventos-Fundacao-Araucaria.pdf\" target=\"_blank\" rel=\"noopener\">EDITAL N\u00ba 018\/2014 \u2013 PROEX \u2013 PROGRAMA INSTITUCIONAL DE APOIO \u00c0 ORGANIZA\u00c7\u00c3O DE EVENTOS DE EXTENS\u00c3O E DE DIFUS\u00c3O ACAD\u00caMICA<\/a><\/p>\n<p>20\/08\/2014 - <a href=\"https:\/\/www2.uepg.br\/proex\/wp-content\/uploads\/sites\/8\/2018\/10\/EDITAL_2014-018-Anexos.doc\" target=\"_blank\" rel=\"noopener\">FICHAS DE INSCRI\u00c7\u00c3O \u2013 Arquivo .DOC<\/a><\/p>\n<p>20\/08\/2014 - <a href=\"https:\/\/www2.uepg.br\/proex\/wp-content\/uploads\/sites\/8\/2018\/10\/EDITAL_2014-017-participacao-em-eventos-Fundacao_Araucaria.pdf\" target=\"_blank\" rel=\"noopener\">EDITAL N\u00ba 017\/2014 \u2013 PROEX \u2013 PROGRAMA DE APOIO INSTITUCIONAL PARA PARTICIPA\u00c7\u00c3O EM EVENTOS T\u00c9CNICO-CIENT\u00cdFICOS EXTENSIONISTAS \u2013 FUNDA\u00c7\u00c3O ARAUC\u00c1RIA\/UEPG<\/a><\/p>\n<p>20\/08\/2014 - <a href=\"https:\/\/www2.uepg.br\/proex\/wp-content\/uploads\/sites\/8\/2018\/10\/EDITAL_2014-017-Anexos.doc\" target=\"_blank\" rel=\"noopener\">FICHA DE INSCRI\u00c7\u00c3O \u2013 Arquivo .DOC<\/a><\/p>\n<p>19\/08\/2014 - <a href=\"https:\/\/www2.uepg.br\/proex\/wp-content\/uploads\/sites\/8\/2018\/10\/EDITAL_2014-016_Resultado-Rondon-op.-Mandacaru-p.-2015-19-08-14.pdf\" target=\"_blank\" rel=\"noopener\">EDITAL N\u00ba 016\/2014 \u2013 PROEX \u2013 PROJETO RONDON \u2013 Acad\u00eamicos selecionados para a Opera\u00e7\u00e3o Mandacaru, em Madalena \u2013 CE<\/a><\/p>\n<p>18\/08\/2014 - <a href=\"https:\/\/www2.uepg.br\/proex\/wp-content\/uploads\/sites\/8\/2018\/10\/Edital_2014-014.pdf\" target=\"_blank\" rel=\"noopener\">EDITAL N\u00ba 014\/2014 \u2013 PROEX- Resultado da Sele\u00e7\u00e3o de Candidatos a Bolsas do Programa de Apoio a A\u00e7\u00f5es Afirmativas para Inclus\u00e3o Social em Atividades de Extens\u00e3o-Chamada n\u00ba 004\/2014-Funda\u00e7\u00e3o Arauc\u00e1ria<\/a><\/p>\n<p>15\/08\/2014 - <a href=\"https:\/\/edital%20no%20015\/2014%20%E2%80%93%20PROEX-%20RESULTADO%20DA%20PRIMEIRA%20FASE%20DO%20PROJETO%20RONDON%20%E2%80%93%20Opera%C3%A7%C3%A3o%20Mandacaru\" target=\"_blank\" rel=\"noopener\">EDITAL N\u00ba 015\/2014 \u2013 PROEX- RESULTADO DA PRIMEIRA FASE DO PROJETO RONDON \u2013 Opera\u00e7\u00e3o Mandacaru<\/a><\/p>\n<p>11\/08\/2014 - <a href=\"https:\/\/www2.uepg.br\/proex\/wp-content\/uploads\/sites\/8\/2018\/10\/EDITAL_2014-013_Abertura-vaga-est%C3%A1gio-DAC-11-08-2014.pdf\" target=\"_blank\" rel=\"noopener\">EDITAL N\u00ba 013\/2014 \u2013 PROEX- Abertura de vaga de est\u00e1gio \u2013 DAC (Divis\u00e3o de Assuntos Culturais)<\/a><\/p>\n<p>31\/07\/2014 - <a href=\"https:\/\/www2.uepg.br\/proex\/wp-content\/uploads\/sites\/8\/2018\/10\/EDITAL_2014-012_PROJETO-RONDON-Opera%C3%A7%C3%A3o-Mandacaru-janeiro-2015.doc\" target=\"_blank\" rel=\"noopener\">EDITAL N\u00ba 012\/2014 \u2013 PROEX- PROJETO RONDON \u2013 Opera\u00e7\u00e3o MANDACARU<\/a><\/p>\n<p>24\/07\/2014 - <a href=\"https:\/\/www2.uepg.br\/proex\/wp-content\/uploads\/sites\/8\/2018\/10\/Chamada-Interna_2014-002-PIBEX-2014-retificacao.doc\" target=\"_blank\" rel=\"noopener\">CHAMADA INTERNA DE N\u00ba 002\/14 (RETIFICA\u00c7\u00c3O DA CHAMADA INTERNA N\u00ba 001\/14) \u2013 PROEX \u2013 Programa Institucional de Bolsas de Extens\u00e3o Universit\u00e1ria-PIBEX<\/a><\/p>\n<p>18\/07\/2014 - <a href=\"https:\/\/www2.uepg.br\/proex\/wp-content\/uploads\/sites\/8\/2018\/10\/Chamada-Interna_2014-001-PIBEX-2014.doc\" target=\"_blank\" rel=\"noopener\">CHAMADA INTERNA N\u00ba 001\/14 \u2013 PROEX \u2013 Programa Institucional de Bolsas de Extens\u00e3o Universit\u00e1ria-PIBEX<\/a><\/p>\n<p>03\/07\/2014 - <a href=\"https:\/\/www2.uepg.br\/proex\/wp-content\/uploads\/sites\/8\/2018\/10\/EditaL_2014-011.doc\" target=\"_blank\" rel=\"noopener\">EDITAL N\u00ba 011\/14 \u2013 Programa de Apoio \u00e0 Inclus\u00e3o Social em Atividades de Extens\u00e3o Universit\u00e1ria \u2013 BEC\/PROEX\/FUNDA\u00c7\u00c3O ARAUC\u00c1RIA<\/a><\/p>\n<p>13\/05\/2014 - <a href=\"https:\/\/www2.uepg.br\/proex\/wp-content\/uploads\/sites\/8\/2018\/10\/EDITAL_2014_ODONTO_RESULTADO.pdf\" target=\"_blank\" rel=\"noopener\">RESULTADO EDITAL \u2013 ODONTOLOGIA \u2013 ATEN\u00c7\u00c3O \u00c0 SA\u00daDE BUCAL DO PACIENTE EM UNIDADE DE TERAPIA INTENSIVA<\/a><\/p>\n<p>16\/04\/2014 - <a href=\"https:\/\/www2.uepg.br\/proex\/wp-content\/uploads\/sites\/8\/2018\/10\/EDITAL_2014-010-PROEXT-Resultado-Chamada-Interna-N%C2%BA-002-PROEXT-2014.pdf\" target=\"_blank\" rel=\"noopener\">EDITAL N\u00ba 010\/14 \u2013 PROEX \u2013 RESULTADO CHAMADA INTERNA N\u00ba 002 \u2013 PROEXT<\/a><\/p>\n<p>26\/03\/2014 - <a href=\"https:\/\/www2.uepg.br\/proex\/wp-content\/uploads\/sites\/8\/2018\/10\/EDITAL-PROJETO-ESCOLA-DA-BOLA-N%C2%BA-01-RESULTADO.pdf\" target=\"_blank\" rel=\"noopener\">RESULTADO EDITAL \u2013 PROJETO ESCOLA DA BOLA<\/a><\/p>\n<p>21\/03\/2014 - <a href=\"https:\/\/www2.uepg.br\/proex\/wp-content\/uploads\/sites\/8\/2018\/10\/EDITAL-PROJETO-ESCOLA-DA-BOLA-N%C2%BA-01.pdf\">EDITAL PROJETO ESCOLA DA BOLA N\u00ba 01<\/a><\/p>\n<p>20\/03\/2014 - <a href=\"https:\/\/www2.uepg.br\/proex\/wp-content\/uploads\/sites\/8\/2018\/10\/edital_2014-009-PROEXT-Chamada-Interna-N%C2%BA002-PRORROGA%C3%87%C3%83O.pdf\" target=\"_blank\" rel=\"noopener\">EDITAL N\u00ba 009\/14 \u2013 PROEX \u2013 PRORROGA\u00c7\u00c3O DE CALEND\u00c1RIO<\/a><\/p>\n<p>10\/03\/2014 - <a href=\"https:\/\/www2.uepg.br\/proex\/wp-content\/uploads\/sites\/8\/2018\/10\/edital_2014-008_Resultado-estag-Turismo-para-a-DEU-SACEEX-10-03-14.pdf\" target=\"_blank\" rel=\"noopener\">EDITAL N\u00ba 008\/14 \u2013 PROEX \u2013 RESULTADO VAGAS PARA EST\u00c1GIO \u2013 ACAD\u00caMICOS DO CURSO DE TURISMO<\/a><\/p>\n<p>25\/02\/2014 - <a href=\"https:\/\/www2.uepg.br\/proex\/wp-content\/uploads\/sites\/8\/2018\/10\/edital_2014-007-Resultado-Vaga-estagi%C3%A1rios-DAC-Artes.pdf\" target=\"_blank\" rel=\"noopener\">EDITAL N\u00ba 007\/14 \u2013 PROEX \u2013 RESULTADO VAGAS PARA EST\u00c1GIO \u2013 ACAD\u00caMICOS DO CURSO DE ARTES<\/a><\/p>\n<p>24\/02\/2014 - <a href=\"https:\/\/www2.uepg.br\/proex\/wp-content\/uploads\/sites\/8\/2018\/10\/edital_2014-006-Resultado-estag-letras-para-a-DEU-SESEX.pdf\" target=\"_blank\" rel=\"noopener\">EDITAL N\u00ba 006\/14 \u2013 PROEX \u2013 RESULTADO VAGAS PARA EST\u00c1GIO \u2013 ACAD\u00caMICOS DO CURSO DE LETRAS<\/a><\/p>\n<p>19\/02\/2014 - <a href=\"https:\/\/www2.uepg.br\/proex\/wp-content\/uploads\/sites\/8\/2018\/10\/edital_2014-005-Abertura-estagi%C3%A1rio-de-Turismo-DEU.pdf\" target=\"_blank\" rel=\"noopener\">EDITAL N\u00ba 005\/14 \u2013 PROEX \u2013 VAGA PARA EST\u00c1GIO \u2013 ACAD\u00caMICOS DO CURSO DE TURISMO<\/a><\/p>\n<p>14\/02\/2014 - <a href=\"https:\/\/www2.uepg.br\/proex\/wp-content\/uploads\/sites\/8\/2018\/10\/edital_2014-004-PROEXT-Chamada-Interna-N%C2%BA001.pdf\" target=\"_blank\" rel=\"noopener\">EDITAL N\u00ba 004\/14 \u2013 CHAMADA INTERNA PARA SELE\u00c7\u00c3O DE PROJETOS E PROGRAMAS DE EXTENS\u00c3O EM RESPOSTA AO EDITAL MEC-SESu \u2013 PROEXT 2015<\/a><\/p>\n<p>10\/02\/2014 - <a href=\"https:\/\/www2.uepg.br\/proex\/wp-content\/uploads\/sites\/8\/2018\/10\/Edital_2014-003-RONDON-Resultado-Final-Opera%C3%A7%C3%A3o-Guararapes-JUL-10-02-14.pdf\" target=\"_blank\" rel=\"noopener\">EDITAL N\u00ba 003\/14 \u2013 RESULTADO FINAL \u2013 PROJETO RONDON: DIN\u00c2MICA DE GRUPO \u2013 DA OPERA\u00c7\u00c3O GUARARAPES<\/a><\/p>\n<p>04\/02\/2014 - <a href=\"https:\/\/www2.uepg.br\/proex\/wp-content\/uploads\/sites\/8\/2018\/10\/Edital_2014-001-Resultado-RONDON-julho-2014-1%C2%AA-etapa-04-02-14.pdf\" target=\"_blank\" rel=\"noopener\">EDITAL N\u00ba 001\/14 \u2013 RELA\u00c7\u00c3O DOS ACAD\u00caMICOS SELECIONADOS PARA A 2\u00aa FASE DO PROJETO RONDON: DIN\u00c2MICA DE GRUPO \u2013 DA OPERA\u00c7\u00c3O GUARARAPES<\/a><\/p>\n<p>&nbsp;<\/p>\n\t\t\t\t<\/div>\n\t\t\t<\/div>\n\t\t<\/div>\n\t\t\t<div class=\"sow-accordion-panel\"\n\t\t\t data-anchor=\"2013\">\n\t\t\t\t<div class=\"sow-accordion-panel-header-container\" role=\"heading\" aria-level=\"2\">\n\t\t\t\t\t<div class=\"sow-accordion-panel-header\" tabindex=\"0\" role=\"button\" id=\"accordion-label-2013\" aria-controls=\"accordion-content-2013\" aria-expanded=\"false\">\n\t\t\t\t\t\t<div class=\"sow-accordion-title sow-accordion-title-icon-left\">\n\t\t\t\t\t\t\t\t\t\t\t\t\t\t2013\t\t\t\t\t\t\t\t\t\t\t\t\t<\/div>\n\t\t\t\t\t\t<div class=\"sow-accordion-open-close-button\">\n\t\t\t\t\t\t\t<div class=\"sow-accordion-open-button\">\n\t\t\t\t\t\t\t\t<span class=\"sow-icon-ionicons\" data-sow-icon=\"&#xf218;\"\n\t\t \n\t\taria-hidden=\"true\"><\/span>\t\t\t\t\t\t\t<\/div>\n\t\t\t\t\t\t\t<div class=\"sow-accordion-close-button\">\n\t\t\t\t\t\t\t\t<span class=\"sow-icon-ionicons\" data-sow-icon=\"&#xf209;\"\n\t\t \n\t\taria-hidden=\"true\"><\/span>\t\t\t\t\t\t\t<\/div>\n\t\t\t\t\t\t<\/div>\n\t\t\t\t\t<\/div>\n\t\t\t\t<\/div>\n\n\t\t\t<div\n\t\t\t\tclass=\"sow-accordion-panel-content\"\n\t\t\t\trole=\"region\"\n\t\t\t\taria-labelledby=\"accordion-label-2013\"\n\t\t\t\tid=\"accordion-content-2013\"\n\t\t\t\tstyle=\"display: none;\"\t\t\t>\n\t\t\t\t<div class=\"sow-accordion-panel-border\" tabindex=\"0\">\n\t\t\t\t\t<p>18\/12\/2013 - <a href=\"https:\/\/www2.uepg.br\/proex\/wp-content\/uploads\/sites\/8\/2018\/10\/Edital_025-2013_Abertura-inscri%C3%A7%C3%B5es-PROJETO-RONDON-NACIONAL-Opera%C3%A7%C3%A3o-Guararapes-jul.docx\">EDITAL N\u00ba 025\/2013 \u2013 ABERTAS AS INSCRI\u00c7\u00d5ES PARA O PROJETO RONDON NACIONAL \u2013 2014 \u2013 Opera\u00e7\u00e3o Guararapes \u2013 Munic\u00edpio Vertente do L\u00e9rio \u2013 PE<\/a><\/p>\n<p>17\/12\/2013 - <a href=\"https:\/\/www2.uepg.br\/proex\/wp-content\/uploads\/sites\/8\/2018\/10\/Edital_24-2013-Estagi%C3%A1rio-de-Letras.docx\" target=\"_blank\" rel=\"noopener\">EDITAL N\u00ba 024\/13 \u2013 PROEX \u2013 VAGAS PARA EST\u00c1GIO \u2013 ACAD\u00caMICOS DO CURSO DE LETRAS<\/a><\/p>\n<p>25\/10\/2013 - <a href=\"https:\/\/www2.uepg.br\/proex\/wp-content\/uploads\/sites\/8\/2018\/10\/Edital_023-2013.pdf\" target=\"_blank\" rel=\"noopener\">EDITAL N\u00ba 023\/2013 \u2013 PROEX \u2013 RESULTADO DA SELE\u00c7\u00c3O DAS BOLSAS PROEX 2014<\/a><\/p>\n<p>04\/10\/2013 - <a href=\"https:\/\/www2.uepg.br\/proex\/wp-content\/uploads\/sites\/8\/2018\/10\/edital_022-2013-Resultados-PARTICIPA%C3%87%C3%83O-eventos-04-10-13.pdf\">EDITAL N\u00ba 022\/13 \u2013 PROEX \u2013 PROGRAMA DE APOIO INSTITUCIONAL PARA PARTICIPA\u00c7\u00c3O EM EVENTOS T\u00c9CNICO-CIENT\u00cdFICOS EXTENSIONISTAS \u2013 FUNDA\u00c7\u00c3O ARAUC\u00c1RIA\/UEPG<\/a><\/p>\n<p>04\/10\/2013 - <a href=\"https:\/\/www2.uepg.br\/proex\/wp-content\/uploads\/sites\/8\/2018\/10\/edital_021-2013-Resultado-ORGANIZA%C3%87%C3%83O-de-eventos-04-10-13.pdf\">EDITAL N\u00ba 021\/2013 \u2013 PROEX \u2013 PROGRAMA INSTITUCIONAL DE APOIO \u00c0 ORGANIZA\u00c7\u00c3O DE EVENTOS DE EXTENS\u00c3O E DE DIFUS\u00c3O ACAD\u00caMICA<\/a><\/p>\n<p>17\/09\/2013 - <a href=\"https:\/\/www2.uepg.br\/proex\/wp-content\/uploads\/sites\/8\/2018\/10\/Edital_020-2013.doc\">EDITAL PROEX N\u00ba 020\/2013 \u2013 Programa de BOLSAS PROEX-2014<\/a><\/p>\n<p>06\/09\/2013 - <a href=\"https:\/\/www2.uepg.br\/proex\/wp-content\/uploads\/sites\/8\/2018\/10\/edital_018-2013-Organiza%C3%A7%C3%A3o-de-Eventos-05-09-13.pdf\">EDITAL N\u00ba 018\/2013 \u2013 PROEX \u2013 PROGRAMA INSTITUCIONAL DE APOIO \u00c0 ORGANIZA\u00c7\u00c3O DE EVENTOS DE EXTENS\u00c3O E DE DIFUS\u00c3O ACAD\u00caMICA<\/a><\/p>\n<p>01\/09\/2013 - <a href=\"https:\/\/www2.uepg.br\/proex\/wp-content\/uploads\/sites\/8\/2018\/10\/edital_019-2013-Apoio-a-participa%C3%A7%C3%A3o-em-eventos-saldo-16-09-13.doc\">EDITAL N\u00ba 019\/13 \u2013 PROEX PROGRAMA DE APOIO INSTITUCIONAL PARA PARTICIPA\u00c7\u00c3O EM EVENTOS T\u00c9CNICO-CIENT\u00cdFICOS EXTENSIONISTAS \u2013 FUNDA\u00c7\u00c3O ARAUC\u00c1RIA\/UEPG<\/a><\/p>\n<p>30\/08\/2013 - <a href=\"https:\/\/www2.uepg.br\/proex\/wp-content\/uploads\/sites\/8\/2018\/10\/edital_017-2013-Resultado-Final-Opera%C3%A7%C3%A3o-Amaz%C3%B4nia-2014-28-08-13.pdf\">Edital 017\/2013 \u2013 PROJETO RONDON \u2013 resultado final \u2013 acad\u00eamicos selecionados para a Opera\u00e7\u00e3o Portal da Amaz\u00f4nia \u2013 2014<\/a><\/p>\n<p>27\/08\/2013 - <a href=\"https:\/\/www2.uepg.br\/proex\/wp-content\/uploads\/sites\/8\/2018\/10\/edital_015-2013-Edital-Pr%C3%AAmio-Extens%C3%A3o-Universit%C3%A1ria-14-08-13.pdf\">Edital 015\/2013 \u2013 Pr\u00eamio Extens\u00e3o Universit\u00e1ria 2013<\/a><\/p>\n<p>20\/08\/2013 - <a href=\"https:\/\/www2.uepg.br\/proex\/wp-content\/uploads\/sites\/8\/2018\/10\/edital_016-2013-Resultado-RONDON-Janeiro-2014-19-08-13.pdf\">Edital 016\/2013 \u2013 Projeto RONDON \u2013 Acad\u00eamicos selecionados para a opera\u00e7\u00e3o Portal da Amaz\u00f4nia<\/a><\/p>\n<p>29\/07\/2013 - <a href=\"https:\/\/www2.uepg.br\/proex\/wp-content\/uploads\/sites\/8\/2018\/10\/edital_014-2013-PROJETO-RONDON-Opera%C3%A7%C3%A3o-Portal-da-Amazonia-29-07-13.pdf\">EDITAL N\u00ba 014\/2013 \u2013 PROEX \u2013 PROJETO RONDON \u2013 Opera\u00e7\u00e3o Portal da Amaz\u00f4nia<\/a><\/p>\n<p>12\/07\/2013 - <a href=\"https:\/\/www2.uepg.br\/proex\/wp-content\/uploads\/sites\/8\/2018\/10\/EDITAL_013-2013.pdf\">Edital PROEX n\u00ba 013\/2013 \u2013 Resultado da Sele\u00e7\u00e3o de Bolsas para Inclus\u00e3o Social em Atividades de Extens\u00e3o<\/a><\/p>\n<p>21\/06\/2013 - <a href=\"https:\/\/www2.uepg.br\/proex\/wp-content\/uploads\/sites\/8\/2018\/10\/Chamada-Interna_012-2013.doc\">CHAMADA INTERNA PROEX N\u00ba 012\/2013 \u2013 Programa de Apoio \u00e0 Inclus\u00e3o Social em Atividades de Extens\u00e3o \u2013 BEC\/PROEX\/FUNDA\u00c7\u00c3O ARAUC\u00c1RIA \u2013 2013\/2014<\/a><\/p>\n<p>29\/05\/2013 - <a href=\"https:\/\/www2.uepg.br\/proex\/wp-content\/uploads\/sites\/8\/2018\/10\/edital_011-2013-Resultado-Final-RONDON-JULHO-29-05-13-V%C3%A1lido.doc\">EDITAL N\u00ba 011\/2013 \u2013 PROEX \u2013 RESULTADO FINAL PROJETO RONDON \u2013 Opera\u00e7\u00e3o Forte do Pres\u00e9pio<\/a><\/p>\n<p>27\/05\/2013 - <a href=\"https:\/\/www2.uepg.br\/proex\/wp-content\/uploads\/sites\/8\/2018\/10\/edital_010-2013-Resultado-RONDON-JULHO-13-27-05-13.doc\">EDITAL N\u00ba 010\/2013 \u2013 PROEX \u2013 RESULTADO PROJETO RONDON \u2013 Opera\u00e7\u00e3o Forte do Pres\u00e9pio<\/a><\/p>\n<p>13\/05\/2013 - <a href=\"https:\/\/www2.uepg.br\/proex\/wp-content\/uploads\/sites\/8\/2018\/10\/edital_009-13-PROJETO-RONDON-%E2%80%93-Opera%C3%A7%C3%A3o-Forte-do-Pres%C3%A9pio-13-05-13.doc\">EDITAL PROEX N\u00ba 009\/2013 \u2013 PROJETO RONDON \u2013 Opera\u00e7\u00e3o Forte do Pres\u00e9pio<\/a><\/p>\n<p>04\/04\/2013 - <a href=\"https:\/\/www2.uepg.br\/proex\/wp-content\/uploads\/sites\/8\/2018\/10\/Edital_008-13-Resultado-Edital-F.-A.-apoio-%C3%A0-organiza%C3%A7%C3%A3o-de-eventos-de-extens%C3%A3o_.pdf\">EDITAL PROEX N\u00ba 008\/2013 \u2013 Resultado das Solicita\u00e7\u00f5es de Aux\u00edlio Financeiro para a Organiza\u00e7\u00e3o de Eventos de Extens\u00e3o e de Difus\u00e3o Acad\u00eamica \u2013 Funda\u00e7\u00e3o Arauc\u00e1ria\/UEPG<\/a><\/p>\n<p>26\/03\/2013 - <a href=\"https:\/\/www2.uepg.br\/proex\/wp-content\/uploads\/sites\/8\/2018\/10\/Edital_007-13-Resultado-Edital-Apoio-a-Organiza%C3%A7%C3%A3o-de-Eventos-de-Ext-e-Difus%C3%A3o-Cultural-22-03-13.doc_.pdf\">EDITAL PROEX N\u00ba 007\/2013 \u2013 Apoio de Eventos de Extens\u00e3o e Difus\u00e3o Cultural<\/a><\/p>\n<p>19\/03\/2013 - <a href=\"https:\/\/www2.uepg.br\/proex\/wp-content\/uploads\/sites\/8\/2018\/10\/EDITAL_006-2013_resultado.pdf\">EDITAL PROEX N\u00ba 006\/2013 \u2013 Resultado da Sele\u00e7\u00e3o Interna de Programas e Projetos de Extens\u00e3o em resposta ao Edital PROEXT 2014 \u2013 MEC-SESu 2014<\/a><\/p>\n<p>26\/02\/2013 - <a href=\"https:\/\/www2.uepg.br\/proex\/wp-content\/uploads\/sites\/8\/2018\/10\/Chamada_P%C3%BAblica_21-2012_Produtividade.pdf\">CHAMADA P\u00daBLICA n\u00ba 21\/2012 \u2013 Programa de Bolsas de Produtividade em Pesquisa e Desenvolvimento Tecnol\u00f3gico\/Extens\u00e3o<\/a><\/p>\n<p>26\/02\/2013 - <a href=\"https:\/\/www2.uepg.br\/proex\/wp-content\/uploads\/sites\/8\/2018\/10\/Edital_002-2013-Programa-de-apoio-a-participa%C3%A7%C3%A3o-em-eventos.....doc\">Edital 002\/2013 -PROGRAMA DE APOIO INSTITUCIONAL PARA PARTICIPA\u00c7\u00c3O EM EVENTOS T\u00c9CNICO-CIENT\u00cdFICOS EXTENSIONISTAS \u2013 FUNDA\u00c7\u00c3O ARAUC\u00c1RIA\/UEPG<\/a><\/p>\n<p>26\/02\/2013 - <a href=\"https:\/\/www2.uepg.br\/proex\/wp-content\/uploads\/sites\/8\/2013\/02\/Edital_003-2013-Apoio-a-organiza%C3%A7%C3%A3o-de-eventos-de-ext-e-difus%C3%A3o-cultural.doc\">Edital 003\/2013 \u2013 APOIO \u00c0 ORGANIZA\u00c7\u00c3O DE EVENTOS DE EXTENS\u00c3O E DE DIFUS\u00c3O ACAD\u00caMICA<\/a><\/p>\n<p>26\/02\/2013 - <a href=\"https:\/\/www2.uepg.br\/proex\/wp-content\/uploads\/sites\/8\/2018\/10\/Chamada_P%C3%BAblica_FA_25-2012.pdf\">Chamada P\u00fablica 25\/2012 Programa de Apoio Institucional para Organiza\u00e7\u00e3o e Participa\u00e7\u00e3o em Eventos T\u00e9cnico-Cient\u00edficos<\/a><\/p>\n<p>26\/02\/2013 -  <a href=\"https:\/\/www2.uepg.br\/proex\/wp-content\/uploads\/sites\/8\/2018\/10\/edital_001-2013.pdf\">EDITAL PROEX N\u00ba001\/2013 \u2013 Chamada Interna para Sele\u00e7\u00e3o de Projetos e Programas \u2013 MEC\/SESu\/PROEXT \u2013 2014<\/a><\/p>\n<p>20\/02\/2013 - <a href=\"https:\/\/www2.uepg.br\/proex\/wp-content\/uploads\/sites\/8\/2018\/10\/Encaminhamento-proposta-PROEXT-2014.doc\">ENCAMINHAMENTO DE PROPOSTA- Chamada Interna \u2013 PROEXT 2014<\/a><\/p>\n<p>&nbsp;<\/p>\n\t\t\t\t<\/div>\n\t\t\t<\/div>\n\t\t<\/div>\n\t\t\t<div class=\"sow-accordion-panel\"\n\t\t\t data-anchor=\"2012\">\n\t\t\t\t<div class=\"sow-accordion-panel-header-container\" role=\"heading\" aria-level=\"2\">\n\t\t\t\t\t<div class=\"sow-accordion-panel-header\" tabindex=\"0\" role=\"button\" id=\"accordion-label-2012\" aria-controls=\"accordion-content-2012\" aria-expanded=\"false\">\n\t\t\t\t\t\t<div class=\"sow-accordion-title sow-accordion-title-icon-left\">\n\t\t\t\t\t\t\t\t\t\t\t\t\t\t2012\t\t\t\t\t\t\t\t\t\t\t\t\t<\/div>\n\t\t\t\t\t\t<div class=\"sow-accordion-open-close-button\">\n\t\t\t\t\t\t\t<div class=\"sow-accordion-open-button\">\n\t\t\t\t\t\t\t\t<span class=\"sow-icon-ionicons\" data-sow-icon=\"&#xf218;\"\n\t\t \n\t\taria-hidden=\"true\"><\/span>\t\t\t\t\t\t\t<\/div>\n\t\t\t\t\t\t\t<div class=\"sow-accordion-close-button\">\n\t\t\t\t\t\t\t\t<span class=\"sow-icon-ionicons\" data-sow-icon=\"&#xf209;\"\n\t\t \n\t\taria-hidden=\"true\"><\/span>\t\t\t\t\t\t\t<\/div>\n\t\t\t\t\t\t<\/div>\n\t\t\t\t\t<\/div>\n\t\t\t\t<\/div>\n\n\t\t\t<div\n\t\t\t\tclass=\"sow-accordion-panel-content\"\n\t\t\t\trole=\"region\"\n\t\t\t\taria-labelledby=\"accordion-label-2012\"\n\t\t\t\tid=\"accordion-content-2012\"\n\t\t\t\tstyle=\"display: none;\"\t\t\t>\n\t\t\t\t<div class=\"sow-accordion-panel-border\" tabindex=\"0\">\n\t\t\t\t\t<p style=\"text-align: left\">23\/11\/2012 - <a href=\"https:\/\/www2.uepg.br\/proex\/wp-content\/uploads\/sites\/8\/2018\/10\/edital_013-2012.pdf\" target=\"_blank\" rel=\"noopener\">EDITAL PROEX N\u00ba 013\/2012 \u2013 RESULTADO \u2013 PROGRAMA INSTITUCIONAL DE BOLSAS PROEX-2013<\/a><\/p>\n<p style=\"text-align: left\">16\/10\/2012 - <a href=\"https:\/\/www2.uepg.br\/proex\/wp-content\/uploads\/sites\/8\/2018\/10\/edital_012-2012prorrogacao.pdf\" target=\"_blank\" rel=\"noopener\">EDITAL PROEX N\u00ba 012\/2012 \u2013 PRORROGA\u00c7\u00c3O \u2013 PROGRAMA INSTITUCIONAL DE BOLSAS PROEX-2013<\/a><\/p>\n<p style=\"text-align: left\">16\/10\/2012 - <a href=\"https:\/\/www2.uepg.br\/proex\/wp-content\/uploads\/sites\/8\/2018\/10\/edital_011-2012.pdf\">EDITAL PROEX N\u00ba 011\/2012 \u2013 Resultado da Sele\u00e7\u00e3o das Bolsas de Inclus\u00e3o Social \u2013 Funda\u00e7\u00e3o Arauc\u00e1ria<\/a><\/p>\n<p style=\"text-align: left\">04\/10\/2012 - <a href=\"https:\/\/www2.uepg.br\/proex\/wp-content\/uploads\/sites\/8\/2018\/10\/edital_010-2012.doc\" target=\"_blank\" rel=\"noopener\">EDITAL PROEX N\u00ba 010\/2012 \u2013 PROGRAMA INSTITUCIONAL DE BOLSAS PROEX-2013<\/a><\/p>\n<p style=\"text-align: left\">05\/09\/2012- <a href=\"https:\/\/www2.uepg.br\/proex\/wp-content\/uploads\/sites\/8\/2018\/10\/Edital_006-2012-ProexPremeio.pdf\" target=\"_blank\" rel=\"noopener\">EDITAL PROEX N\u00ba 006\/2012 \u2013 8\u00aa edi\u00e7\u00e3o do Pr\u00eamio Extens\u00e3o Universit\u00e1ria \u2013 Edital de abertura de inscri\u00e7\u00f5es<\/a><\/p>\n<p style=\"text-align: left\">30\/08\/2012 - <a href=\"https:\/\/www2.uepg.br\/proex\/wp-content\/uploads\/sites\/8\/2018\/10\/Edital_009-2012.doc\" target=\"_blank\" rel=\"noopener\">EDITAL PROEX N\u00ba 009\/2012 \u2013 Programa de Apoio \u00e0 Inclus\u00e3o Social em Atividades de Extens\u00e3o \u2013 BEC\/PROEX 2012\/2013<\/a><\/p>\n<p style=\"text-align: left\">21\/05\/2012 - <a href=\"https:\/\/www2.uepg.br\/proex\/wp-content\/uploads\/sites\/8\/2018\/10\/Chamada-Interna-002-2012.doc\" target=\"_blank\" rel=\"noopener\">Chamada interna n\u00ba 002\/2012 \u2013 PROEX \u2013 Pr\u00e9-Cadastramento para o programa de Apoio \u00e0s a\u00e7\u00f5es afirmativas para inclus\u00e3o social em atividades de extens\u00e3o<\/a><\/p>\n<p style=\"text-align: left\">10\/04\/2012 - <a href=\"https:\/\/www2.uepg.br\/proex\/wp-content\/uploads\/sites\/8\/2012\/04\/edital_002-2012_resultado.pdf\" target=\"_blank\" rel=\"noopener\">Edital de resultado da Sele\u00e7\u00e3o Interna de Programas e Projetos de Extens\u00e3o-Edi\u00e7\u00e3o PROEXT 2013<\/a><\/p>\n<p style=\"text-align: left\">07\/03\/2012 - <a href=\"https:\/\/www2.uepg.br\/proex\/wp-content\/uploads\/sites\/8\/2012\/03\/EDITAL_001-2012.pdf\" target=\"_blank\" rel=\"noopener\">Chamada Interna para Sele\u00e7\u00e3o de Programas e Projetos de Extens\u00e3o-Edital PROEX 001\/2012\/MEC-SESu-PROEXT 2013<\/a><\/p>\n<p style=\"text-align: left\">07\/03\/2012 - <a href=\"https:\/\/www2.uepg.br\/proex\/wp-content\/uploads\/sites\/8\/2018\/10\/Encaminhamento_proposta.doc\" target=\"_blank\" rel=\"noopener\">Encaminhamento proposta 001\/2013<\/a><\/p>\n<p style=\"text-align: left\">07\/03\/2012 - <a href=\"https:\/\/www2.uepg.br\/proex\/wp-content\/uploads\/sites\/8\/2018\/10\/Guia_de_cadastro_PROEXT_2013.pdf\">Guia de Cadastro de Propostas \u2013 Edi\u00e7\u00e3o PROEXT 2013<\/a><\/p>\n<p style=\"text-align: left\">\n<\/p>\t\t\t\t<\/div>\n\t\t\t<\/div>\n\t\t<\/div>\n\t\t<\/div>\n<\/div>\n<\/div><\/div><\/div><\/div><\/div>","protected":false},"excerpt":{"rendered":"<p>EDITAIS ENCERRADOS 2025 APOIO A EVENTOS EDITAL N\u00b021\/2025 \u2013 PROEX-DEU &#8211; EDITAL N\u00b002\/2025 \u2013 PROPESP\/DIPES \u2013 PROEX-DEU EDITAL N\u00b020\/2025 \u2013 PROEX-DEU &#8211; EDITAL N\u00b001\/2025 \u2013 PROPESP\/DIPES \u2013 PROEX-DEU ITAIPU PARQUETEC Edital PROEX 002\/2025 &#8211; Retifica\u00e7\u00e3o Edital PROEX 001-2025 ANEXO-I-Plano-de-trabalho ANEXO-II-Termo de articula\u00e7\u00e3o curriculariza\u00e7\u00e3o ANEXO-III-Termo de aceite da-institui\u00e7\u00e3o\/entidade parceira PROJETEK + CIDADES EDITAL 006\/2025 &#8211; RESULTADO&nbsp;&hellip;<\/p>\n","protected":false},"author":24,"featured_media":0,"parent":0,"menu_order":0,"comment_status":"closed","ping_status":"closed","template":"","meta":[],"_links":{"self":[{"href":"https:\/\/www2.uepg.br\/proex\/wp-json\/wp\/v2\/pages\/1219"}],"collection":[{"href":"https:\/\/www2.uepg.br\/proex\/wp-json\/wp\/v2\/pages"}],"about":[{"href":"https:\/\/www2.uepg.br\/proex\/wp-json\/wp\/v2\/types\/page"}],"author":[{"embeddable":true,"href":"https:\/\/www2.uepg.br\/proex\/wp-json\/wp\/v2\/users\/24"}],"replies":[{"embeddable":true,"href":"https:\/\/www2.uepg.br\/proex\/wp-json\/wp\/v2\/comments?post=1219"}],"version-history":[{"count":760,"href":"https:\/\/www2.uepg.br\/proex\/wp-json\/wp\/v2\/pages\/1219\/revisions"}],"predecessor-version":[{"id":11253,"href":"https:\/\/www2.uepg.br\/proex\/wp-json\/wp\/v2\/pages\/1219\/revisions\/11253"}],"wp:attachment":[{"href":"https:\/\/www2.uepg.br\/proex\/wp-json\/wp\/v2\/media?parent=1219"}],"curies":[{"name":"wp","href":"https:\/\/api.w.org\/{rel}","templated":true}]}}