{"id":178,"date":"2018-10-26T11:40:45","date_gmt":"2018-10-26T14:40:45","guid":{"rendered":"http:\/\/www2.uepg.br\/proex\/?page_id=178"},"modified":"2023-05-18T16:59:43","modified_gmt":"2023-05-18T19:59:43","slug":"publicacoes","status":"publish","type":"page","link":"https:\/\/www2.uepg.br\/proex\/publicacoes\/","title":{"rendered":"Publica\u00e7\u00f5es"},"content":{"rendered":"<div id=\"pl-178\"  class=\"panel-layout\" ><div id=\"pg-178-0\"  class=\"panel-grid panel-no-style\" ><div id=\"pgc-178-0-0\"  class=\"panel-grid-cell\" ><div id=\"panel-178-0-0-0\" class=\"so-panel widget widget_sow-editor panel-first-child panel-last-child\" data-index=\"0\" ><div\n\t\t\t\n\t\t\tclass=\"so-widget-sow-editor so-widget-sow-editor-base\"\n\t\t\t\n\t\t>\n<div class=\"siteorigin-widget-tinymce textwidget\">\n\t<h3 style=\"text-align: center\"><a href=\"https:\/\/www2.uepg.br\/proex\/wp-content\/uploads\/sites\/8\/2023\/04\/Normas_Publicacao_PortaldaProex.pdf\">NORMAS PARA SUBMISS\u00c3O DE PUBLICA\u00c7\u00d5ES<\/a><\/h3>\n<p>&nbsp;<\/p>\n<h3><\/h3>\n<h3 style=\"text-align: center\"><strong>eBooks<\/strong><\/h3>\n\t\t<div class=\"wppsac-slick-carousel-wrp wppsac-clearfix \">\r\n\t\t\t<div id=\"wppsac-post-carousel-1\" class=\"wppsac-post-slider-init wppsac-post-carousel design-1\">\r\n\t\t\t\t\r\n<div class=\"wppsac-carousel-slides\">\r\n\t\t\t<div class=\"wppsac-post-image-bg\">\r\n\t\t\t<a href=\"https:\/\/www2.uepg.br\/proex\/exercicios-para-o-cerebro-como-melhorar-a-memoria-e-prevenir-problemas-como-o-alzheimer-usando-o-estimulo-cerebral\/\">\r\n\t\t\t\t<img class=\"wppsac-post-image-bg\"  src=\"https:\/\/www2.uepg.br\/proex\/wp-content\/uploads\/sites\/8\/2025\/10\/Exercicios_para_o_Cerebro__compressed-1-188x300.png\" alt=\"EXERC\u00cdCIOS PARA O C\u00c9REBRO: Como melhorar a mem\u00f3ria e prevenir problemas como o Alzheimer usando o est\u00edmulo cerebral ?\" \/>\r\n\t\t\t<\/a>\r\n\t\t<\/div>\r\n\t\t<div class=\"wppsac-post-content-position\">\r\n\t\t\t\t\t<div class=\"wppsac-post-categories\"><ul class=\"wppsac-post-categories-list\"><li><a href=\"https:\/\/www2.uepg.br\/proex\/category\/ebook\/\" rel=\"category\"> ebook <\/a><\/li><\/ul><\/div>\r\n\t\t\t  \t<h2 class=\"wppsac-post-title\">\r\n\t\t\t<a href=\"https:\/\/www2.uepg.br\/proex\/exercicios-para-o-cerebro-como-melhorar-a-memoria-e-prevenir-problemas-como-o-alzheimer-usando-o-estimulo-cerebral\/\">EXERC\u00cdCIOS PARA O C\u00c9REBRO: Como melhorar a mem\u00f3ria e prevenir problemas como o Alzheimer usando o est\u00edmulo cerebral ?<\/a>\r\n\t\t<\/h2>\r\n\t\t\t\t\t<\/div>\r\n<\/div>\r\n<div class=\"wppsac-carousel-slides\">\r\n\t\t\t<div class=\"wppsac-post-image-bg\">\r\n\t\t\t<a href=\"https:\/\/www2.uepg.br\/proex\/coceira-persistente-na-pele-de-idosos-como-eliminar-esse-mal-de-forma-eficaz\/\">\r\n\t\t\t\t<img class=\"wppsac-post-image-bg\"  src=\"https:\/\/www2.uepg.br\/proex\/wp-content\/uploads\/sites\/8\/2025\/10\/Ebook_coceira-1-192x300.png\" alt=\"COCEIRA PERSISTENTE NA PELE DE IDOSOS: Como eliminar esse mal de forma eficaz?\" \/>\r\n\t\t\t<\/a>\r\n\t\t<\/div>\r\n\t\t<div class=\"wppsac-post-content-position\">\r\n\t\t\t\t\t<div class=\"wppsac-post-categories\"><ul class=\"wppsac-post-categories-list\"><li><a href=\"https:\/\/www2.uepg.br\/proex\/category\/ebook\/\" rel=\"category\"> ebook <\/a><\/li><\/ul><\/div>\r\n\t\t\t  \t<h2 class=\"wppsac-post-title\">\r\n\t\t\t<a href=\"https:\/\/www2.uepg.br\/proex\/coceira-persistente-na-pele-de-idosos-como-eliminar-esse-mal-de-forma-eficaz\/\">COCEIRA PERSISTENTE NA PELE DE IDOSOS: Como eliminar esse mal de forma eficaz?<\/a>\r\n\t\t<\/h2>\r\n\t\t\t\t\t<\/div>\r\n<\/div>\r\n<div class=\"wppsac-carousel-slides\">\r\n\t\t\t<div class=\"wppsac-post-image-bg\">\r\n\t\t\t<a href=\"https:\/\/www2.uepg.br\/proex\/assadura-no-idoso-como-evitar-e-tratar-a-dermatite-associada-a-incontinencia-guia-informativo\/\">\r\n\t\t\t\t<img class=\"wppsac-post-image-bg\"  src=\"https:\/\/www2.uepg.br\/proex\/wp-content\/uploads\/sites\/8\/2025\/10\/EBOOK_ASSADURAS__1_-1-192x300.png\" alt=\"ASSADURA NO IDOSO: COMO EVITAR E TRATAR A DERMATITE ASSOCIADA \u00c0 INCONTIN\u00caNCIA? Guia informativo\" \/>\r\n\t\t\t<\/a>\r\n\t\t<\/div>\r\n\t\t<div class=\"wppsac-post-content-position\">\r\n\t\t\t\t\t<div class=\"wppsac-post-categories\"><ul class=\"wppsac-post-categories-list\"><li><a href=\"https:\/\/www2.uepg.br\/proex\/category\/ebook\/\" rel=\"category\"> ebook <\/a><\/li><\/ul><\/div>\r\n\t\t\t  \t<h2 class=\"wppsac-post-title\">\r\n\t\t\t<a href=\"https:\/\/www2.uepg.br\/proex\/assadura-no-idoso-como-evitar-e-tratar-a-dermatite-associada-a-incontinencia-guia-informativo\/\">ASSADURA NO IDOSO: COMO EVITAR E TRATAR A DERMATITE ASSOCIADA \u00c0 INCONTIN\u00caNCIA? Guia informativo<\/a>\r\n\t\t<\/h2>\r\n\t\t\t\t\t<\/div>\r\n<\/div>\r\n<div class=\"wppsac-carousel-slides\">\r\n\t\t\t<div class=\"wppsac-post-image-bg\">\r\n\t\t\t<a href=\"https:\/\/www2.uepg.br\/proex\/comida-para-o-cerebro-como-melhorar-a-memoria-com-uma-alimentacao-saudavel\/\">\r\n\t\t\t\t<img class=\"wppsac-post-image-bg\"  src=\"https:\/\/www2.uepg.br\/proex\/wp-content\/uploads\/sites\/8\/2025\/10\/Comida_para_o_Cerebro_compressed-1-188x300.png\" alt=\"COMIDA PARA O C\u00c9REBRO: Como melhorar a mem\u00f3ria com uma alimenta\u00e7\u00e3o saud\u00e1vel?\" \/>\r\n\t\t\t<\/a>\r\n\t\t<\/div>\r\n\t\t<div class=\"wppsac-post-content-position\">\r\n\t\t\t\t\t<div class=\"wppsac-post-categories\"><ul class=\"wppsac-post-categories-list\"><li><a href=\"https:\/\/www2.uepg.br\/proex\/category\/ebook\/\" rel=\"category\"> ebook <\/a><\/li><\/ul><\/div>\r\n\t\t\t  \t<h2 class=\"wppsac-post-title\">\r\n\t\t\t<a href=\"https:\/\/www2.uepg.br\/proex\/comida-para-o-cerebro-como-melhorar-a-memoria-com-uma-alimentacao-saudavel\/\">COMIDA PARA O C\u00c9REBRO: Como melhorar a mem\u00f3ria com uma alimenta\u00e7\u00e3o saud\u00e1vel?<\/a>\r\n\t\t<\/h2>\r\n\t\t\t\t\t<\/div>\r\n<\/div>\r\n<div class=\"wppsac-carousel-slides\">\r\n\t\t\t<div class=\"wppsac-post-image-bg\">\r\n\t\t\t<a href=\"https:\/\/www2.uepg.br\/proex\/acoes-articuladoras-do-tripe-ensino-pesquisa-e-extensao-das-universidades-paranaenses\/\">\r\n\t\t\t\t<img class=\"wppsac-post-image-bg\"  src=\"https:\/\/www2.uepg.br\/proex\/wp-content\/uploads\/sites\/8\/2025\/04\/Acoes-Articuladoras-do-Tripe-Ensino-digital-1.png\" alt=\"A\u00e7\u00f5es Articuladoras do Trip\u00e9 Ensino, Pesquisa e Extens\u00e3o das Universidades Paranaenses\" \/>\r\n\t\t\t<\/a>\r\n\t\t<\/div>\r\n\t\t<div class=\"wppsac-post-content-position\">\r\n\t\t\t\t\t<div class=\"wppsac-post-categories\"><ul class=\"wppsac-post-categories-list\"><li><a href=\"https:\/\/www2.uepg.br\/proex\/category\/ebook\/\" rel=\"category\"> ebook <\/a><\/li><li><a href=\"https:\/\/www2.uepg.br\/proex\/category\/noticias\/\" rel=\"category\"> Not\u00edcias <\/a><\/li><\/ul><\/div>\r\n\t\t\t  \t<h2 class=\"wppsac-post-title\">\r\n\t\t\t<a href=\"https:\/\/www2.uepg.br\/proex\/acoes-articuladoras-do-tripe-ensino-pesquisa-e-extensao-das-universidades-paranaenses\/\">A\u00e7\u00f5es Articuladoras do Trip\u00e9 Ensino, Pesquisa e Extens\u00e3o das Universidades Paranaenses<\/a>\r\n\t\t<\/h2>\r\n\t\t\t\t\t<\/div>\r\n<\/div>\r\n<div class=\"wppsac-carousel-slides\">\r\n\t\t\t<div class=\"wppsac-post-image-bg\">\r\n\t\t\t<a href=\"https:\/\/www2.uepg.br\/proex\/cao-vagando-sozinho-nao\/\">\r\n\t\t\t\t<img class=\"wppsac-post-image-bg\"  src=\"https:\/\/www2.uepg.br\/proex\/wp-content\/uploads\/sites\/8\/2024\/12\/cao-vagando.jpg\" alt=\"C\u00e3o vagando sozinho, n\u00e3o!\" \/>\r\n\t\t\t<\/a>\r\n\t\t<\/div>\r\n\t\t<div class=\"wppsac-post-content-position\">\r\n\t\t\t\t\t<div class=\"wppsac-post-categories\"><ul class=\"wppsac-post-categories-list\"><li><a href=\"https:\/\/www2.uepg.br\/proex\/category\/ebook\/\" rel=\"category\"> ebook <\/a><\/li><\/ul><\/div>\r\n\t\t\t  \t<h2 class=\"wppsac-post-title\">\r\n\t\t\t<a href=\"https:\/\/www2.uepg.br\/proex\/cao-vagando-sozinho-nao\/\">C\u00e3o vagando sozinho, n\u00e3o!<\/a>\r\n\t\t<\/h2>\r\n\t\t\t\t\t<\/div>\r\n<\/div>\r\n<div class=\"wppsac-carousel-slides\">\r\n\t\t\t<div class=\"wppsac-post-image-bg\">\r\n\t\t\t<a href=\"https:\/\/www2.uepg.br\/proex\/a-historia-do-pelego\/\">\r\n\t\t\t\t<img class=\"wppsac-post-image-bg\"  src=\"https:\/\/www2.uepg.br\/proex\/wp-content\/uploads\/sites\/8\/2024\/12\/Pelego.jpg\" alt=\"A hist\u00f3ria do Pelego\" \/>\r\n\t\t\t<\/a>\r\n\t\t<\/div>\r\n\t\t<div class=\"wppsac-post-content-position\">\r\n\t\t\t\t\t<div class=\"wppsac-post-categories\"><ul class=\"wppsac-post-categories-list\"><li><a href=\"https:\/\/www2.uepg.br\/proex\/category\/ebook\/\" rel=\"category\"> ebook <\/a><\/li><\/ul><\/div>\r\n\t\t\t  \t<h2 class=\"wppsac-post-title\">\r\n\t\t\t<a href=\"https:\/\/www2.uepg.br\/proex\/a-historia-do-pelego\/\">A hist\u00f3ria do Pelego<\/a>\r\n\t\t<\/h2>\r\n\t\t\t\t\t<\/div>\r\n<\/div>\r\n<div class=\"wppsac-carousel-slides\">\r\n\t\t\t<div class=\"wppsac-post-image-bg\">\r\n\t\t\t<a href=\"https:\/\/www2.uepg.br\/proex\/big\/\">\r\n\t\t\t\t<img class=\"wppsac-post-image-bg\"  src=\"https:\/\/www2.uepg.br\/proex\/wp-content\/uploads\/sites\/8\/2024\/12\/BIG-1.jpg\" alt=\"BIG!\" \/>\r\n\t\t\t<\/a>\r\n\t\t<\/div>\r\n\t\t<div class=\"wppsac-post-content-position\">\r\n\t\t\t\t\t<div class=\"wppsac-post-categories\"><ul class=\"wppsac-post-categories-list\"><li><a href=\"https:\/\/www2.uepg.br\/proex\/category\/ebook\/\" rel=\"category\"> ebook <\/a><\/li><\/ul><\/div>\r\n\t\t\t  \t<h2 class=\"wppsac-post-title\">\r\n\t\t\t<a href=\"https:\/\/www2.uepg.br\/proex\/big\/\">BIG!<\/a>\r\n\t\t<\/h2>\r\n\t\t\t\t\t<\/div>\r\n<\/div>\r\n<div class=\"wppsac-carousel-slides\">\r\n\t\t\t<div class=\"wppsac-post-image-bg\">\r\n\t\t\t<a href=\"https:\/\/www2.uepg.br\/proex\/a-amizade-de-tito-e-tika\/\">\r\n\t\t\t\t<img class=\"wppsac-post-image-bg\"  src=\"https:\/\/www2.uepg.br\/proex\/wp-content\/uploads\/sites\/8\/2024\/12\/A-amizade.jpg\" alt=\"A Amizade de Tito e Tika\" \/>\r\n\t\t\t<\/a>\r\n\t\t<\/div>\r\n\t\t<div class=\"wppsac-post-content-position\">\r\n\t\t\t\t\t<div class=\"wppsac-post-categories\"><ul class=\"wppsac-post-categories-list\"><li><a href=\"https:\/\/www2.uepg.br\/proex\/category\/ebook\/\" rel=\"category\"> ebook <\/a><\/li><\/ul><\/div>\r\n\t\t\t  \t<h2 class=\"wppsac-post-title\">\r\n\t\t\t<a href=\"https:\/\/www2.uepg.br\/proex\/a-amizade-de-tito-e-tika\/\">A Amizade de Tito e Tika<\/a>\r\n\t\t<\/h2>\r\n\t\t\t\t\t<\/div>\r\n<\/div>\r\n<div class=\"wppsac-carousel-slides\">\r\n\t\t\t<div class=\"wppsac-post-image-bg\">\r\n\t\t\t<a href=\"https:\/\/www2.uepg.br\/proex\/mel-enxerga-tudo\/\">\r\n\t\t\t\t<img class=\"wppsac-post-image-bg\"  src=\"https:\/\/www2.uepg.br\/proex\/wp-content\/uploads\/sites\/8\/2024\/12\/Mel-enxerga.jpg\" alt=\"Mel enxerga tudo!\" \/>\r\n\t\t\t<\/a>\r\n\t\t<\/div>\r\n\t\t<div class=\"wppsac-post-content-position\">\r\n\t\t\t\t\t<div class=\"wppsac-post-categories\"><ul class=\"wppsac-post-categories-list\"><li><a href=\"https:\/\/www2.uepg.br\/proex\/category\/ebook\/\" rel=\"category\"> ebook <\/a><\/li><\/ul><\/div>\r\n\t\t\t  \t<h2 class=\"wppsac-post-title\">\r\n\t\t\t<a href=\"https:\/\/www2.uepg.br\/proex\/mel-enxerga-tudo\/\">Mel enxerga tudo!<\/a>\r\n\t\t<\/h2>\r\n\t\t\t\t\t<\/div>\r\n<\/div>\r\n<div class=\"wppsac-carousel-slides\">\r\n\t\t\t<div class=\"wppsac-post-image-bg\">\r\n\t\t\t<a href=\"https:\/\/www2.uepg.br\/proex\/caic-uepg-30-anos-a-historia-e-as-vivencias-da-primeira-escola-de-tempo-integral-de-ponta-grossa\/\">\r\n\t\t\t\t<img class=\"wppsac-post-image-bg\"  src=\"https:\/\/www2.uepg.br\/proex\/wp-content\/uploads\/sites\/8\/2024\/08\/caic_30.png\" alt=\"CAIC\/ UEPG 30 anos: a hist\u00f3ria e as viv\u00eancias da primeira escola de tempo integral de Ponta Grossa\" \/>\r\n\t\t\t<\/a>\r\n\t\t<\/div>\r\n\t\t<div class=\"wppsac-post-content-position\">\r\n\t\t\t\t\t<div class=\"wppsac-post-categories\"><ul class=\"wppsac-post-categories-list\"><li><a href=\"https:\/\/www2.uepg.br\/proex\/category\/ebook\/\" rel=\"category\"> ebook <\/a><\/li><\/ul><\/div>\r\n\t\t\t  \t<h2 class=\"wppsac-post-title\">\r\n\t\t\t<a href=\"https:\/\/www2.uepg.br\/proex\/caic-uepg-30-anos-a-historia-e-as-vivencias-da-primeira-escola-de-tempo-integral-de-ponta-grossa\/\">CAIC\/ UEPG 30 anos: a hist\u00f3ria e as viv\u00eancias da primeira escola de tempo integral de Ponta Grossa<\/a>\r\n\t\t<\/h2>\r\n\t\t\t\t\t<\/div>\r\n<\/div>\r\n<div class=\"wppsac-carousel-slides\">\r\n\t\t\t<div class=\"wppsac-post-image-bg\">\r\n\t\t\t<a href=\"https:\/\/www2.uepg.br\/proex\/9131-2\/\">\r\n\t\t\t\t<img class=\"wppsac-post-image-bg\"  src=\"https:\/\/www2.uepg.br\/proex\/wp-content\/uploads\/sites\/8\/2024\/08\/ebook-antes-e-depois-FINAL-1.png\" alt=\"Antes e Depois &#8211; volume II\" \/>\r\n\t\t\t<\/a>\r\n\t\t<\/div>\r\n\t\t<div class=\"wppsac-post-content-position\">\r\n\t\t\t\t\t<div class=\"wppsac-post-categories\"><ul class=\"wppsac-post-categories-list\"><li><a href=\"https:\/\/www2.uepg.br\/proex\/category\/ebook\/\" rel=\"category\"> ebook <\/a><\/li><\/ul><\/div>\r\n\t\t\t  \t<h2 class=\"wppsac-post-title\">\r\n\t\t\t<a href=\"https:\/\/www2.uepg.br\/proex\/9131-2\/\">Antes e Depois &#8211; volume II<\/a>\r\n\t\t<\/h2>\r\n\t\t\t\t\t<\/div>\r\n<\/div>\r\n<div class=\"wppsac-carousel-slides\">\r\n\t\t\t<div class=\"wppsac-post-image-bg\">\r\n\t\t\t<a href=\"https:\/\/www2.uepg.br\/proex\/protocolo-de-apoio-ao-aleitamento-materno-exclusivo-diamante-do-cuidado\/\">\r\n\t\t\t\t<img class=\"wppsac-post-image-bg\"  src=\"https:\/\/www2.uepg.br\/proex\/wp-content\/uploads\/sites\/8\/2024\/04\/Diamante_do_cuidado.png\" alt=\"Protocolo de apoio ao aleitamento materno exclusivo: &#8220;Diamante do Cuidado&#8221;\" \/>\r\n\t\t\t<\/a>\r\n\t\t<\/div>\r\n\t\t<div class=\"wppsac-post-content-position\">\r\n\t\t\t\t\t<div class=\"wppsac-post-categories\"><ul class=\"wppsac-post-categories-list\"><li><a href=\"https:\/\/www2.uepg.br\/proex\/category\/ebook\/\" rel=\"category\"> ebook <\/a><\/li><\/ul><\/div>\r\n\t\t\t  \t<h2 class=\"wppsac-post-title\">\r\n\t\t\t<a href=\"https:\/\/www2.uepg.br\/proex\/protocolo-de-apoio-ao-aleitamento-materno-exclusivo-diamante-do-cuidado\/\">Protocolo de apoio ao aleitamento materno exclusivo: &#8220;Diamante do Cuidado&#8221;<\/a>\r\n\t\t<\/h2>\r\n\t\t\t\t\t<\/div>\r\n<\/div>\r\n<div class=\"wppsac-carousel-slides\">\r\n\t\t\t<div class=\"wppsac-post-image-bg\">\r\n\t\t\t<a href=\"https:\/\/www2.uepg.br\/proex\/acorrentar-nao-faz-bem\/\">\r\n\t\t\t\t<img class=\"wppsac-post-image-bg\"  src=\"https:\/\/www2.uepg.br\/proex\/wp-content\/uploads\/sites\/8\/2023\/11\/Acorretar-Nao-Faz-Bem.png\" alt=\"Acorrentar N\u00e3o Faz Bem\" \/>\r\n\t\t\t<\/a>\r\n\t\t<\/div>\r\n\t\t<div class=\"wppsac-post-content-position\">\r\n\t\t\t\t\t<div class=\"wppsac-post-categories\"><ul class=\"wppsac-post-categories-list\"><li><a href=\"https:\/\/www2.uepg.br\/proex\/category\/ebook\/\" rel=\"category\"> ebook <\/a><\/li><\/ul><\/div>\r\n\t\t\t  \t<h2 class=\"wppsac-post-title\">\r\n\t\t\t<a href=\"https:\/\/www2.uepg.br\/proex\/acorrentar-nao-faz-bem\/\">Acorrentar N\u00e3o Faz Bem<\/a>\r\n\t\t<\/h2>\r\n\t\t\t\t\t<\/div>\r\n<\/div>\r\n<div class=\"wppsac-carousel-slides\">\r\n\t\t\t<div class=\"wppsac-post-image-bg\">\r\n\t\t\t<a href=\"https:\/\/www2.uepg.br\/proex\/deka-a-peralta\/\">\r\n\t\t\t\t<img class=\"wppsac-post-image-bg\"  src=\"https:\/\/www2.uepg.br\/proex\/wp-content\/uploads\/sites\/8\/2023\/11\/Deka-A-Peralta.png\" alt=\"Deka A Peralta\" \/>\r\n\t\t\t<\/a>\r\n\t\t<\/div>\r\n\t\t<div class=\"wppsac-post-content-position\">\r\n\t\t\t\t\t<div class=\"wppsac-post-categories\"><ul class=\"wppsac-post-categories-list\"><li><a href=\"https:\/\/www2.uepg.br\/proex\/category\/ebook\/\" rel=\"category\"> ebook <\/a><\/li><\/ul><\/div>\r\n\t\t\t  \t<h2 class=\"wppsac-post-title\">\r\n\t\t\t<a href=\"https:\/\/www2.uepg.br\/proex\/deka-a-peralta\/\">Deka A Peralta<\/a>\r\n\t\t<\/h2>\r\n\t\t\t\t\t<\/div>\r\n<\/div>\r\n<div class=\"wppsac-carousel-slides\">\r\n\t\t\t<div class=\"wppsac-post-image-bg\">\r\n\t\t\t<a href=\"https:\/\/www2.uepg.br\/proex\/missy-a-gata-corajosa\/\">\r\n\t\t\t\t<img class=\"wppsac-post-image-bg\"  src=\"https:\/\/www2.uepg.br\/proex\/wp-content\/uploads\/sites\/8\/2023\/11\/Missy-A-Gata-Corajosa.png\" alt=\"Missy A Gata Corajosa\" \/>\r\n\t\t\t<\/a>\r\n\t\t<\/div>\r\n\t\t<div class=\"wppsac-post-content-position\">\r\n\t\t\t\t\t<div class=\"wppsac-post-categories\"><ul class=\"wppsac-post-categories-list\"><li><a href=\"https:\/\/www2.uepg.br\/proex\/category\/ebook\/\" rel=\"category\"> ebook <\/a><\/li><\/ul><\/div>\r\n\t\t\t  \t<h2 class=\"wppsac-post-title\">\r\n\t\t\t<a href=\"https:\/\/www2.uepg.br\/proex\/missy-a-gata-corajosa\/\">Missy A Gata Corajosa<\/a>\r\n\t\t<\/h2>\r\n\t\t\t\t\t<\/div>\r\n<\/div>\r\n<div class=\"wppsac-carousel-slides\">\r\n\t\t\t<div class=\"wppsac-post-image-bg\">\r\n\t\t\t<a href=\"https:\/\/www2.uepg.br\/proex\/o-frio-doi\/\">\r\n\t\t\t\t<img class=\"wppsac-post-image-bg\"  src=\"https:\/\/www2.uepg.br\/proex\/wp-content\/uploads\/sites\/8\/2023\/11\/O-Frio-Doi.png\" alt=\"O Frio D\u00f3i\" \/>\r\n\t\t\t<\/a>\r\n\t\t<\/div>\r\n\t\t<div class=\"wppsac-post-content-position\">\r\n\t\t\t\t\t<div class=\"wppsac-post-categories\"><ul class=\"wppsac-post-categories-list\"><li><a href=\"https:\/\/www2.uepg.br\/proex\/category\/ebook\/\" rel=\"category\"> ebook <\/a><\/li><\/ul><\/div>\r\n\t\t\t  \t<h2 class=\"wppsac-post-title\">\r\n\t\t\t<a href=\"https:\/\/www2.uepg.br\/proex\/o-frio-doi\/\">O Frio D\u00f3i<\/a>\r\n\t\t<\/h2>\r\n\t\t\t\t\t<\/div>\r\n<\/div>\r\n<div class=\"wppsac-carousel-slides\">\r\n\t\t\t<div class=\"wppsac-post-image-bg\">\r\n\t\t\t<a href=\"https:\/\/www2.uepg.br\/proex\/o-resgate-do-filho-da-pipoca\/\">\r\n\t\t\t\t<img class=\"wppsac-post-image-bg\"  src=\"https:\/\/www2.uepg.br\/proex\/wp-content\/uploads\/sites\/8\/2023\/11\/O-resgate-do-filho-da-Pipoca.png\" alt=\"O Resgate do Filho da pipoca\" \/>\r\n\t\t\t<\/a>\r\n\t\t<\/div>\r\n\t\t<div class=\"wppsac-post-content-position\">\r\n\t\t\t\t\t<div class=\"wppsac-post-categories\"><ul class=\"wppsac-post-categories-list\"><li><a href=\"https:\/\/www2.uepg.br\/proex\/category\/ebook\/\" rel=\"category\"> ebook <\/a><\/li><\/ul><\/div>\r\n\t\t\t  \t<h2 class=\"wppsac-post-title\">\r\n\t\t\t<a href=\"https:\/\/www2.uepg.br\/proex\/o-resgate-do-filho-da-pipoca\/\">O Resgate do Filho da pipoca<\/a>\r\n\t\t<\/h2>\r\n\t\t\t\t\t<\/div>\r\n<\/div>\r\n<div class=\"wppsac-carousel-slides\">\r\n\t\t\t<div class=\"wppsac-post-image-bg\">\r\n\t\t\t<a href=\"https:\/\/www2.uepg.br\/proex\/transposicao-relatos-poeticos-sobre-uma-exposicao-virtual\/\">\r\n\t\t\t\t<img class=\"wppsac-post-image-bg\"  src=\"https:\/\/www2.uepg.br\/proex\/wp-content\/uploads\/sites\/8\/2023\/08\/TRANSPOSICAO.png\" alt=\"Transposi\u00e7\u00e3o: relatos po\u00e9ticos sobre uma exposi\u00e7\u00e3o virtual\" \/>\r\n\t\t\t<\/a>\r\n\t\t<\/div>\r\n\t\t<div class=\"wppsac-post-content-position\">\r\n\t\t\t\t\t<div class=\"wppsac-post-categories\"><ul class=\"wppsac-post-categories-list\"><li><a href=\"https:\/\/www2.uepg.br\/proex\/category\/ebook\/\" rel=\"category\"> ebook <\/a><\/li><\/ul><\/div>\r\n\t\t\t  \t<h2 class=\"wppsac-post-title\">\r\n\t\t\t<a href=\"https:\/\/www2.uepg.br\/proex\/transposicao-relatos-poeticos-sobre-uma-exposicao-virtual\/\">Transposi\u00e7\u00e3o: relatos po\u00e9ticos sobre uma exposi\u00e7\u00e3o virtual<\/a>\r\n\t\t<\/h2>\r\n\t\t\t\t\t<\/div>\r\n<\/div>\r\n<div class=\"wppsac-carousel-slides\">\r\n\t\t\t<div class=\"wppsac-post-image-bg\">\r\n\t\t\t<a href=\"https:\/\/www2.uepg.br\/proex\/a-microbiologia-nos-tempos-de-covid-19\/\">\r\n\t\t\t\t<img class=\"wppsac-post-image-bg\"  src=\"https:\/\/www2.uepg.br\/proex\/wp-content\/uploads\/sites\/8\/2023\/08\/micro_e_boook.jpg\" alt=\"A Microbiologia nos tempos de Covid-19\" \/>\r\n\t\t\t<\/a>\r\n\t\t<\/div>\r\n\t\t<div class=\"wppsac-post-content-position\">\r\n\t\t\t\t\t<div class=\"wppsac-post-categories\"><ul class=\"wppsac-post-categories-list\"><li><a href=\"https:\/\/www2.uepg.br\/proex\/category\/ebook\/\" rel=\"category\"> ebook <\/a><\/li><\/ul><\/div>\r\n\t\t\t  \t<h2 class=\"wppsac-post-title\">\r\n\t\t\t<a href=\"https:\/\/www2.uepg.br\/proex\/a-microbiologia-nos-tempos-de-covid-19\/\">A Microbiologia nos tempos de Covid-19<\/a>\r\n\t\t<\/h2>\r\n\t\t\t\t\t<\/div>\r\n<\/div>\r\n<div class=\"wppsac-carousel-slides\">\r\n\t\t\t<div class=\"wppsac-post-image-bg\">\r\n\t\t\t<a href=\"https:\/\/www2.uepg.br\/proex\/processos-e-desafios-sobre-a-insercao-curricular-da-extensao-nos-cursos-de-de-graduacao-das-ies-estaduais-e-municipais\/\">\r\n\t\t\t\t<img class=\"wppsac-post-image-bg\"  src=\"https:\/\/www2.uepg.br\/proex\/wp-content\/uploads\/sites\/8\/2023\/05\/publicacao_abruem_2-212x300.png\" alt=\"Processos e Desafios sobre a inser\u00e7\u00e3o curricular da extens\u00e3o nos cursos de de gradua\u00e7\u00e3o das IES Estaduais e Municipais\" \/>\r\n\t\t\t<\/a>\r\n\t\t<\/div>\r\n\t\t<div class=\"wppsac-post-content-position\">\r\n\t\t\t\t\t<div class=\"wppsac-post-categories\"><ul class=\"wppsac-post-categories-list\"><li><a href=\"https:\/\/www2.uepg.br\/proex\/category\/ebook\/\" rel=\"category\"> ebook <\/a><\/li><\/ul><\/div>\r\n\t\t\t  \t<h2 class=\"wppsac-post-title\">\r\n\t\t\t<a href=\"https:\/\/www2.uepg.br\/proex\/processos-e-desafios-sobre-a-insercao-curricular-da-extensao-nos-cursos-de-de-graduacao-das-ies-estaduais-e-municipais\/\">Processos e Desafios sobre a inser\u00e7\u00e3o curricular da extens\u00e3o nos cursos de de gradua\u00e7\u00e3o das IES Estaduais e Municipais<\/a>\r\n\t\t<\/h2>\r\n\t\t\t\t\t<\/div>\r\n<\/div>\r\n<div class=\"wppsac-carousel-slides\">\r\n\t\t\t<div class=\"wppsac-post-image-bg\">\r\n\t\t\t<a href=\"https:\/\/www2.uepg.br\/proex\/atividades-de-extensao-inseridas-no-curriculo-contribuicoes-sobre-o-fazer-pedagogico\/\">\r\n\t\t\t\t<img class=\"wppsac-post-image-bg\"  src=\"https:\/\/www2.uepg.br\/proex\/wp-content\/uploads\/sites\/8\/2023\/05\/PUBLICACAO_ABRUEM-212x300.png\" alt=\"ATIVIDADES DE EXTENS\u00c3O INSERIDAS NO CURR\u00cdCULO: CONTRIBUI\u00c7\u00d5ES SOBRE O FAZER PEDAG\u00d3GICO\" \/>\r\n\t\t\t<\/a>\r\n\t\t<\/div>\r\n\t\t<div class=\"wppsac-post-content-position\">\r\n\t\t\t\t\t<div class=\"wppsac-post-categories\"><ul class=\"wppsac-post-categories-list\"><li><a href=\"https:\/\/www2.uepg.br\/proex\/category\/ebook\/\" rel=\"category\"> ebook <\/a><\/li><\/ul><\/div>\r\n\t\t\t  \t<h2 class=\"wppsac-post-title\">\r\n\t\t\t<a href=\"https:\/\/www2.uepg.br\/proex\/atividades-de-extensao-inseridas-no-curriculo-contribuicoes-sobre-o-fazer-pedagogico\/\">ATIVIDADES DE EXTENS\u00c3O INSERIDAS NO CURR\u00cdCULO: CONTRIBUI\u00c7\u00d5ES SOBRE O FAZER PEDAG\u00d3GICO<\/a>\r\n\t\t<\/h2>\r\n\t\t\t\t\t<\/div>\r\n<\/div>\r\n<div class=\"wppsac-carousel-slides\">\r\n\t\t\t<div class=\"wppsac-post-image-bg\">\r\n\t\t\t<a href=\"https:\/\/www2.uepg.br\/proex\/relatos-de-experiencias-sobre-a-extensao-universitaria-em-instituicoes-estaduais-e-municipais-de-ensino-superior-do-brasil\/\">\r\n\t\t\t\t<img class=\"wppsac-post-image-bg\"  src=\"https:\/\/www2.uepg.br\/proex\/wp-content\/uploads\/sites\/8\/2023\/04\/ebook_abruem-212x300.png\" alt=\"Relatos de experi\u00eancias sobre a extens\u00e3o universit\u00e1ria em institui\u00e7\u00f5es estaduais e municipais de ensino superior do Brasil\" \/>\r\n\t\t\t<\/a>\r\n\t\t<\/div>\r\n\t\t<div class=\"wppsac-post-content-position\">\r\n\t\t\t\t\t<div class=\"wppsac-post-categories\"><ul class=\"wppsac-post-categories-list\"><li><a href=\"https:\/\/www2.uepg.br\/proex\/category\/ebook\/\" rel=\"category\"> ebook <\/a><\/li><\/ul><\/div>\r\n\t\t\t  \t<h2 class=\"wppsac-post-title\">\r\n\t\t\t<a href=\"https:\/\/www2.uepg.br\/proex\/relatos-de-experiencias-sobre-a-extensao-universitaria-em-instituicoes-estaduais-e-municipais-de-ensino-superior-do-brasil\/\">Relatos de experi\u00eancias sobre a extens\u00e3o universit\u00e1ria em institui\u00e7\u00f5es estaduais e municipais de ensino superior do Brasil<\/a>\r\n\t\t<\/h2>\r\n\t\t\t\t\t<\/div>\r\n<\/div>\r\n<div class=\"wppsac-carousel-slides\">\r\n\t\t\t<div class=\"wppsac-post-image-bg\">\r\n\t\t\t<a href=\"https:\/\/www2.uepg.br\/proex\/protocolo-de-atendimento-dos-hospitais-universitarios-da-uepg-as-vitimas-de-violencia\/\">\r\n\t\t\t\t<img class=\"wppsac-post-image-bg\"  src=\"https:\/\/www2.uepg.br\/proex\/wp-content\/uploads\/sites\/8\/2023\/02\/capa_protocolo_2023_1-212x300.png\" alt=\"Protocolo de Atendimento dos Hospitais Universit\u00e1rios da UEPG \u00e0s v\u00edtimas de viol\u00eancia\" \/>\r\n\t\t\t<\/a>\r\n\t\t<\/div>\r\n\t\t<div class=\"wppsac-post-content-position\">\r\n\t\t\t\t\t<div class=\"wppsac-post-categories\"><ul class=\"wppsac-post-categories-list\"><li><a href=\"https:\/\/www2.uepg.br\/proex\/category\/ebook\/\" rel=\"category\"> ebook <\/a><\/li><\/ul><\/div>\r\n\t\t\t  \t<h2 class=\"wppsac-post-title\">\r\n\t\t\t<a href=\"https:\/\/www2.uepg.br\/proex\/protocolo-de-atendimento-dos-hospitais-universitarios-da-uepg-as-vitimas-de-violencia\/\">Protocolo de Atendimento dos Hospitais Universit\u00e1rios da UEPG \u00e0s v\u00edtimas de viol\u00eancia<\/a>\r\n\t\t<\/h2>\r\n\t\t\t\t\t<\/div>\r\n<\/div>\r\n<div class=\"wppsac-carousel-slides\">\r\n\t\t\t<div class=\"wppsac-post-image-bg\">\r\n\t\t\t<a href=\"https:\/\/www2.uepg.br\/proex\/e-book-foto-poema-volume-3\/\">\r\n\t\t\t\t<img class=\"wppsac-post-image-bg\"  src=\"https:\/\/www2.uepg.br\/proex\/wp-content\/uploads\/sites\/8\/2022\/03\/ebook-1232x1743-1-212x300.png\" alt=\"Foto &amp; Poema &#8211; volume 3\" \/>\r\n\t\t\t<\/a>\r\n\t\t<\/div>\r\n\t\t<div class=\"wppsac-post-content-position\">\r\n\t\t\t\t\t<div class=\"wppsac-post-categories\"><ul class=\"wppsac-post-categories-list\"><li><a href=\"https:\/\/www2.uepg.br\/proex\/category\/ebook\/\" rel=\"category\"> ebook <\/a><\/li><\/ul><\/div>\r\n\t\t\t  \t<h2 class=\"wppsac-post-title\">\r\n\t\t\t<a href=\"https:\/\/www2.uepg.br\/proex\/e-book-foto-poema-volume-3\/\">Foto &amp; Poema &#8211; volume 3<\/a>\r\n\t\t<\/h2>\r\n\t\t\t\t\t<\/div>\r\n<\/div>\r\n<div class=\"wppsac-carousel-slides\">\r\n\t\t\t<div class=\"wppsac-post-image-bg\">\r\n\t\t\t<a href=\"https:\/\/www2.uepg.br\/proex\/ebook-uepg-cinco-decadas-de-extensao\/\">\r\n\t\t\t\t<img class=\"wppsac-post-image-bg\"  src=\"https:\/\/www2.uepg.br\/proex\/wp-content\/uploads\/sites\/8\/2021\/11\/Ebook-UEPG-5-decadas-209x300.png\" alt=\"UEPG Cinco D\u00e9cadas de Extens\u00e3o\" \/>\r\n\t\t\t<\/a>\r\n\t\t<\/div>\r\n\t\t<div class=\"wppsac-post-content-position\">\r\n\t\t\t\t\t<div class=\"wppsac-post-categories\"><ul class=\"wppsac-post-categories-list\"><li><a href=\"https:\/\/www2.uepg.br\/proex\/category\/ebook\/\" rel=\"category\"> ebook <\/a><\/li><li><a href=\"https:\/\/www2.uepg.br\/proex\/category\/noticias\/\" rel=\"category\"> Not\u00edcias <\/a><\/li><\/ul><\/div>\r\n\t\t\t  \t<h2 class=\"wppsac-post-title\">\r\n\t\t\t<a href=\"https:\/\/www2.uepg.br\/proex\/ebook-uepg-cinco-decadas-de-extensao\/\">UEPG Cinco D\u00e9cadas de Extens\u00e3o<\/a>\r\n\t\t<\/h2>\r\n\t\t\t\t\t<\/div>\r\n<\/div>\r\n<div class=\"wppsac-carousel-slides\">\r\n\t\t\t<div class=\"wppsac-post-image-bg\">\r\n\t\t\t<a href=\"https:\/\/www2.uepg.br\/proex\/e-book\/\">\r\n\t\t\t\t<img class=\"wppsac-post-image-bg\"  src=\"https:\/\/www2.uepg.br\/proex\/wp-content\/uploads\/sites\/8\/2021\/09\/uepg-300x300.png\" alt=\"UEPG 50 anos 1969\/2019 &#8211; Livro 1\" \/>\r\n\t\t\t<\/a>\r\n\t\t<\/div>\r\n\t\t<div class=\"wppsac-post-content-position\">\r\n\t\t\t\t\t<div class=\"wppsac-post-categories\"><ul class=\"wppsac-post-categories-list\"><li><a href=\"https:\/\/www2.uepg.br\/proex\/category\/ebook\/\" rel=\"category\"> ebook <\/a><\/li><\/ul><\/div>\r\n\t\t\t  \t<h2 class=\"wppsac-post-title\">\r\n\t\t\t<a href=\"https:\/\/www2.uepg.br\/proex\/e-book\/\">UEPG 50 anos 1969\/2019 &#8211; Livro 1<\/a>\r\n\t\t<\/h2>\r\n\t\t\t\t\t<\/div>\r\n<\/div>\r\n<div class=\"wppsac-carousel-slides\">\r\n\t\t\t<div class=\"wppsac-post-image-bg\">\r\n\t\t\t<a href=\"https:\/\/www2.uepg.br\/proex\/ebook-48o-fenata\/\">\r\n\t\t\t\t<img class=\"wppsac-post-image-bg\"  src=\"https:\/\/www2.uepg.br\/proex\/wp-content\/uploads\/sites\/8\/2021\/08\/48-Fenata-ebook-1-296x300.png\" alt=\"48\u00ba FENATA\" \/>\r\n\t\t\t<\/a>\r\n\t\t<\/div>\r\n\t\t<div class=\"wppsac-post-content-position\">\r\n\t\t\t\t\t<div class=\"wppsac-post-categories\"><ul class=\"wppsac-post-categories-list\"><li><a href=\"https:\/\/www2.uepg.br\/proex\/category\/ebook\/\" rel=\"category\"> ebook <\/a><\/li><\/ul><\/div>\r\n\t\t\t  \t<h2 class=\"wppsac-post-title\">\r\n\t\t\t<a href=\"https:\/\/www2.uepg.br\/proex\/ebook-48o-fenata\/\">48\u00ba FENATA<\/a>\r\n\t\t<\/h2>\r\n\t\t\t\t\t<\/div>\r\n<\/div>\r\n<div class=\"wppsac-carousel-slides\">\r\n\t\t\t<div class=\"wppsac-post-image-bg\">\r\n\t\t\t<a href=\"https:\/\/www2.uepg.br\/proex\/ebook-caderneta-do-idoso-fragilizado\/\">\r\n\t\t\t\t<img class=\"wppsac-post-image-bg\"  src=\"https:\/\/www2.uepg.br\/proex\/wp-content\/uploads\/sites\/8\/2021\/04\/Caderneta-do-idoso-pos-prova-backup-211x300.png\" alt=\"Caderneta do idoso fragilizado\" \/>\r\n\t\t\t<\/a>\r\n\t\t<\/div>\r\n\t\t<div class=\"wppsac-post-content-position\">\r\n\t\t\t\t\t<div class=\"wppsac-post-categories\"><ul class=\"wppsac-post-categories-list\"><li><a href=\"https:\/\/www2.uepg.br\/proex\/category\/ebook\/\" rel=\"category\"> ebook <\/a><\/li><\/ul><\/div>\r\n\t\t\t  \t<h2 class=\"wppsac-post-title\">\r\n\t\t\t<a href=\"https:\/\/www2.uepg.br\/proex\/ebook-caderneta-do-idoso-fragilizado\/\">Caderneta do idoso fragilizado<\/a>\r\n\t\t<\/h2>\r\n\t\t\t\t\t<\/div>\r\n<\/div>\r\n<div class=\"wppsac-carousel-slides\">\r\n\t\t\t<div class=\"wppsac-post-image-bg\">\r\n\t\t\t<a href=\"https:\/\/www2.uepg.br\/proex\/foto-poema-volume-2\/\">\r\n\t\t\t\t<img class=\"wppsac-post-image-bg\"  src=\"https:\/\/www2.uepg.br\/proex\/wp-content\/uploads\/sites\/8\/2020\/12\/Colecao-FotoPoema-volume-2-212x300.png\" alt=\"Foto &amp; Poema &#8211; Volume 2\" \/>\r\n\t\t\t<\/a>\r\n\t\t<\/div>\r\n\t\t<div class=\"wppsac-post-content-position\">\r\n\t\t\t\t\t<div class=\"wppsac-post-categories\"><ul class=\"wppsac-post-categories-list\"><li><a href=\"https:\/\/www2.uepg.br\/proex\/category\/ebook\/\" rel=\"category\"> ebook <\/a><\/li><\/ul><\/div>\r\n\t\t\t  \t<h2 class=\"wppsac-post-title\">\r\n\t\t\t<a href=\"https:\/\/www2.uepg.br\/proex\/foto-poema-volume-2\/\">Foto &amp; Poema &#8211; Volume 2<\/a>\r\n\t\t<\/h2>\r\n\t\t\t\t\t<\/div>\r\n<\/div>\r\n<div class=\"wppsac-carousel-slides\">\r\n\t\t\t<div class=\"wppsac-post-image-bg\">\r\n\t\t\t<a href=\"https:\/\/www2.uepg.br\/proex\/https-drive-google-com-file-d-16emh9ek4vnjwvecsxl4a8czjzno3zw4x-viewuspsharing\/\">\r\n\t\t\t\t<img class=\"wppsac-post-image-bg\"  src=\"https:\/\/www2.uepg.br\/proex\/wp-content\/uploads\/sites\/8\/2020\/11\/Antes_e_depois_foca_foto-300x211.png\" alt=\"Antes &amp; Depois &#8211; Volume 1\" \/>\r\n\t\t\t<\/a>\r\n\t\t<\/div>\r\n\t\t<div class=\"wppsac-post-content-position\">\r\n\t\t\t\t\t<div class=\"wppsac-post-categories\"><ul class=\"wppsac-post-categories-list\"><li><a href=\"https:\/\/www2.uepg.br\/proex\/category\/ebook\/\" rel=\"category\"> ebook <\/a><\/li><\/ul><\/div>\r\n\t\t\t  \t<h2 class=\"wppsac-post-title\">\r\n\t\t\t<a href=\"https:\/\/www2.uepg.br\/proex\/https-drive-google-com-file-d-16emh9ek4vnjwvecsxl4a8czjzno3zw4x-viewuspsharing\/\">Antes &amp; Depois &#8211; Volume 1<\/a>\r\n\t\t<\/h2>\r\n\t\t\t\t\t<\/div>\r\n<\/div>\r\n<div class=\"wppsac-carousel-slides\">\r\n\t\t\t<div class=\"wppsac-post-image-bg\">\r\n\t\t\t<a href=\"https:\/\/www2.uepg.br\/proex\/propostas-de-politicas-publicas-para-a-retomada-do-crescimento-economico-de-ponta-grossa-no-pos-pandemia\/\">\r\n\t\t\t\t<img class=\"wppsac-post-image-bg\"  src=\"https:\/\/www2.uepg.br\/proex\/wp-content\/uploads\/sites\/8\/2020\/10\/UEPG-Propostas-de-Politicas-Publicas-Para-a-Retomada-do-Crescimento-Economico-de-Ponta-Grossa-no-Pos-Pandemia-225x300.png\" alt=\"Propostas de pol\u00edticas p\u00fablicas para a retomada do crescimento econ\u00f4mico de Ponta Grossa no p\u00f3s-pandemia\" \/>\r\n\t\t\t<\/a>\r\n\t\t<\/div>\r\n\t\t<div class=\"wppsac-post-content-position\">\r\n\t\t\t\t\t<div class=\"wppsac-post-categories\"><ul class=\"wppsac-post-categories-list\"><li><a href=\"https:\/\/www2.uepg.br\/proex\/category\/ebook\/\" rel=\"category\"> ebook <\/a><\/li><\/ul><\/div>\r\n\t\t\t  \t<h2 class=\"wppsac-post-title\">\r\n\t\t\t<a href=\"https:\/\/www2.uepg.br\/proex\/propostas-de-politicas-publicas-para-a-retomada-do-crescimento-economico-de-ponta-grossa-no-pos-pandemia\/\">Propostas de pol\u00edticas p\u00fablicas para a retomada do crescimento econ\u00f4mico de Ponta Grossa no p\u00f3s-pandemia<\/a>\r\n\t\t<\/h2>\r\n\t\t\t\t\t<\/div>\r\n<\/div>\r\n<div class=\"wppsac-carousel-slides\">\r\n\t\t\t<div class=\"wppsac-post-image-bg\">\r\n\t\t\t<a href=\"https:\/\/www2.uepg.br\/proex\/ensaios-e-fotorreportagens-do-cotidiano-no-isolamento-social\/\">\r\n\t\t\t\t<img class=\"wppsac-post-image-bg\"  src=\"https:\/\/www2.uepg.br\/proex\/wp-content\/uploads\/sites\/8\/2020\/09\/ensaios_fotorreportagens-300x212.png\" alt=\"Ensaios &amp; Fotorreportagens do cotidiano no isolamento social\" \/>\r\n\t\t\t<\/a>\r\n\t\t<\/div>\r\n\t\t<div class=\"wppsac-post-content-position\">\r\n\t\t\t\t\t<div class=\"wppsac-post-categories\"><ul class=\"wppsac-post-categories-list\"><li><a href=\"https:\/\/www2.uepg.br\/proex\/category\/ebook\/\" rel=\"category\"> ebook <\/a><\/li><\/ul><\/div>\r\n\t\t\t  \t<h2 class=\"wppsac-post-title\">\r\n\t\t\t<a href=\"https:\/\/www2.uepg.br\/proex\/ensaios-e-fotorreportagens-do-cotidiano-no-isolamento-social\/\">Ensaios &amp; Fotorreportagens do cotidiano no isolamento social<\/a>\r\n\t\t<\/h2>\r\n\t\t\t\t\t<\/div>\r\n<\/div>\r\n<div class=\"wppsac-carousel-slides\">\r\n\t\t\t<div class=\"wppsac-post-image-bg\">\r\n\t\t\t<a href=\"https:\/\/www2.uepg.br\/proex\/colecao-producoes-foca-foto\/\">\r\n\t\t\t\t<img class=\"wppsac-post-image-bg\"  src=\"https:\/\/www2.uepg.br\/proex\/wp-content\/uploads\/sites\/8\/2020\/03\/Foca-Foto-e1671542149403-300x211.jpg\" alt=\"Cole\u00e7\u00e3o Produ\u00e7\u00f5es Foca Foto &#8211; volume 1\" \/>\r\n\t\t\t<\/a>\r\n\t\t<\/div>\r\n\t\t<div class=\"wppsac-post-content-position\">\r\n\t\t\t\t\t<div class=\"wppsac-post-categories\"><ul class=\"wppsac-post-categories-list\"><li><a href=\"https:\/\/www2.uepg.br\/proex\/category\/ebook\/\" rel=\"category\"> ebook <\/a><\/li><\/ul><\/div>\r\n\t\t\t  \t<h2 class=\"wppsac-post-title\">\r\n\t\t\t<a href=\"https:\/\/www2.uepg.br\/proex\/colecao-producoes-foca-foto\/\">Cole\u00e7\u00e3o Produ\u00e7\u00f5es Foca Foto &#8211; volume 1<\/a>\r\n\t\t<\/h2>\r\n\t\t\t\t\t<\/div>\r\n<\/div>\r\n<div class=\"wppsac-carousel-slides\">\r\n\t\t\t<div class=\"wppsac-post-image-bg\">\r\n\t\t\t<a href=\"https:\/\/www2.uepg.br\/proex\/colecao-fotopoema-volume-1\/\">\r\n\t\t\t\t<img class=\"wppsac-post-image-bg\"  src=\"https:\/\/www2.uepg.br\/proex\/wp-content\/uploads\/sites\/8\/2020\/03\/Colecao-FotoPoema-volume-1-300x212.png\" alt=\"Cole\u00e7\u00e3o Foto&amp;Poema &#8211; volume 1\" \/>\r\n\t\t\t<\/a>\r\n\t\t<\/div>\r\n\t\t<div class=\"wppsac-post-content-position\">\r\n\t\t\t\t\t<div class=\"wppsac-post-categories\"><ul class=\"wppsac-post-categories-list\"><li><a href=\"https:\/\/www2.uepg.br\/proex\/category\/ebook\/\" rel=\"category\"> ebook <\/a><\/li><\/ul><\/div>\r\n\t\t\t  \t<h2 class=\"wppsac-post-title\">\r\n\t\t\t<a href=\"https:\/\/www2.uepg.br\/proex\/colecao-fotopoema-volume-1\/\">Cole\u00e7\u00e3o Foto&amp;Poema &#8211; volume 1<\/a>\r\n\t\t<\/h2>\r\n\t\t\t\t\t<\/div>\r\n<\/div>\r\n<div class=\"wppsac-carousel-slides\">\r\n\t\t\t<div class=\"wppsac-post-image-bg\">\r\n\t\t\t<a href=\"https:\/\/www2.uepg.br\/proex\/rede-de-protecao-as-mulheres-em-situacao-de-violencia\/\">\r\n\t\t\t\t<img class=\"wppsac-post-image-bg\"  src=\"https:\/\/www2.uepg.br\/proex\/wp-content\/uploads\/sites\/8\/2019\/11\/e-book-rede-de-protecao-as-mulheres2-compressed_compressed_reduce-1-209x300.png\" alt=\"Rede de prote\u00e7\u00e3o \u00e0s mulheres em situa\u00e7\u00e3o de viol\u00eancia\" \/>\r\n\t\t\t<\/a>\r\n\t\t<\/div>\r\n\t\t<div class=\"wppsac-post-content-position\">\r\n\t\t\t\t\t<div class=\"wppsac-post-categories\"><ul class=\"wppsac-post-categories-list\"><li><a href=\"https:\/\/www2.uepg.br\/proex\/category\/ebook\/\" rel=\"category\"> ebook <\/a><\/li><\/ul><\/div>\r\n\t\t\t  \t<h2 class=\"wppsac-post-title\">\r\n\t\t\t<a href=\"https:\/\/www2.uepg.br\/proex\/rede-de-protecao-as-mulheres-em-situacao-de-violencia\/\">Rede de prote\u00e7\u00e3o \u00e0s mulheres em situa\u00e7\u00e3o de viol\u00eancia<\/a>\r\n\t\t<\/h2>\r\n\t\t\t\t\t<\/div>\r\n<\/div>\r\n<div class=\"wppsac-carousel-slides\">\r\n\t\t\t<div class=\"wppsac-post-image-bg\">\r\n\t\t\t<a href=\"https:\/\/www2.uepg.br\/proex\/premio-extensao-universitaria-2015-narrativas-e-reflexoes\/\">\r\n\t\t\t\t<img class=\"wppsac-post-image-bg\"  src=\"https:\/\/www2.uepg.br\/proex\/wp-content\/uploads\/sites\/8\/2018\/10\/LIVRO-Premio-de-Extensao-Universitaria-2015-narrativas-e-reflexoes-237x300.png\" alt=\"Pr\u00eamio Extens\u00e3o Universit\u00e1ria 2015: narrativas e reflex\u00f5es\" \/>\r\n\t\t\t<\/a>\r\n\t\t<\/div>\r\n\t\t<div class=\"wppsac-post-content-position\">\r\n\t\t\t\t\t<div class=\"wppsac-post-categories\"><ul class=\"wppsac-post-categories-list\"><li><a href=\"https:\/\/www2.uepg.br\/proex\/category\/ebook\/\" rel=\"category\"> ebook <\/a><\/li><\/ul><\/div>\r\n\t\t\t  \t<h2 class=\"wppsac-post-title\">\r\n\t\t\t<a href=\"https:\/\/www2.uepg.br\/proex\/premio-extensao-universitaria-2015-narrativas-e-reflexoes\/\">Pr\u00eamio Extens\u00e3o Universit\u00e1ria 2015: narrativas e reflex\u00f5es<\/a>\r\n\t\t<\/h2>\r\n\t\t\t\t\t<\/div>\r\n<\/div>\r\n<div class=\"wppsac-carousel-slides\">\r\n\t\t\t<div class=\"wppsac-post-image-bg\">\r\n\t\t\t<a href=\"https:\/\/www2.uepg.br\/proex\/cuba-fragmentos-do-cotidiano-de-havana\/\">\r\n\t\t\t\t<img class=\"wppsac-post-image-bg\"  src=\"https:\/\/www2.uepg.br\/proex\/wp-content\/uploads\/sites\/8\/2018\/10\/LIVRO-Cuba-Fragmentos-de-Havana-300x203.png\" alt=\"CUBA &#8211; Fragmentos do cotidiano de Havana\" \/>\r\n\t\t\t<\/a>\r\n\t\t<\/div>\r\n\t\t<div class=\"wppsac-post-content-position\">\r\n\t\t\t\t\t<div class=\"wppsac-post-categories\"><ul class=\"wppsac-post-categories-list\"><li><a href=\"https:\/\/www2.uepg.br\/proex\/category\/ebook\/\" rel=\"category\"> ebook <\/a><\/li><\/ul><\/div>\r\n\t\t\t  \t<h2 class=\"wppsac-post-title\">\r\n\t\t\t<a href=\"https:\/\/www2.uepg.br\/proex\/cuba-fragmentos-do-cotidiano-de-havana\/\">CUBA &#8211; Fragmentos do cotidiano de Havana<\/a>\r\n\t\t<\/h2>\r\n\t\t\t\t\t<\/div>\r\n<\/div>\r\n<div class=\"wppsac-carousel-slides\">\r\n\t\t\t<div class=\"wppsac-post-image-bg\">\r\n\t\t\t<a href=\"https:\/\/www2.uepg.br\/proex\/instrumentais-tecnico-operativos-no-servico-social-um-debate-necessario\/\">\r\n\t\t\t\t<img class=\"wppsac-post-image-bg\"  src=\"https:\/\/www2.uepg.br\/proex\/wp-content\/uploads\/sites\/8\/2018\/10\/LIVRO-INSTRUMENTAIS-TECNICO-OPERATIVOS-NO-SERVICO-SOCIAL-205x300.png\" alt=\"Instrumentais T\u00e9cnico-Operativos no Servi\u00e7o Social &#8211; Um debate necess\u00e1rio\" \/>\r\n\t\t\t<\/a>\r\n\t\t<\/div>\r\n\t\t<div class=\"wppsac-post-content-position\">\r\n\t\t\t\t\t<div class=\"wppsac-post-categories\"><ul class=\"wppsac-post-categories-list\"><li><a href=\"https:\/\/www2.uepg.br\/proex\/category\/ebook\/\" rel=\"category\"> ebook <\/a><\/li><\/ul><\/div>\r\n\t\t\t  \t<h2 class=\"wppsac-post-title\">\r\n\t\t\t<a href=\"https:\/\/www2.uepg.br\/proex\/instrumentais-tecnico-operativos-no-servico-social-um-debate-necessario\/\">Instrumentais T\u00e9cnico-Operativos no Servi\u00e7o Social &#8211; Um debate necess\u00e1rio<\/a>\r\n\t\t<\/h2>\r\n\t\t\t\t\t<\/div>\r\n<\/div>\r\n<div class=\"wppsac-carousel-slides\">\r\n\t\t\t<div class=\"wppsac-post-image-bg\">\r\n\t\t\t<a href=\"https:\/\/www2.uepg.br\/proex\/geodiversidade-na-educacao\/\">\r\n\t\t\t\t<img class=\"wppsac-post-image-bg\"  src=\"https:\/\/www2.uepg.br\/proex\/wp-content\/uploads\/sites\/8\/2018\/10\/LIVRO-Geodiversidade-na-Educacao-211x300.png\" alt=\"Geodiversidade na Educa\u00e7\u00e3o\" \/>\r\n\t\t\t<\/a>\r\n\t\t<\/div>\r\n\t\t<div class=\"wppsac-post-content-position\">\r\n\t\t\t\t\t<div class=\"wppsac-post-categories\"><ul class=\"wppsac-post-categories-list\"><li><a href=\"https:\/\/www2.uepg.br\/proex\/category\/ebook\/\" rel=\"category\"> ebook <\/a><\/li><\/ul><\/div>\r\n\t\t\t  \t<h2 class=\"wppsac-post-title\">\r\n\t\t\t<a href=\"https:\/\/www2.uepg.br\/proex\/geodiversidade-na-educacao\/\">Geodiversidade na Educa\u00e7\u00e3o<\/a>\r\n\t\t<\/h2>\r\n\t\t\t\t\t<\/div>\r\n<\/div>\r\n<div class=\"wppsac-carousel-slides\">\r\n\t\t\t<div class=\"wppsac-post-image-bg\">\r\n\t\t\t<a href=\"https:\/\/www2.uepg.br\/proex\/minerais-caracteristicas-e-principais-proriedades\/\">\r\n\t\t\t\t<img class=\"wppsac-post-image-bg\"  src=\"https:\/\/www2.uepg.br\/proex\/wp-content\/uploads\/sites\/8\/2018\/10\/LIVRO-MINERAIS-CARACTERISTICAS-E-PRINCIPAIS-PROPRIEDADES-212x300.png\" alt=\"Minerais &#8211; Caracter\u00edsticas e principais proriedades\" \/>\r\n\t\t\t<\/a>\r\n\t\t<\/div>\r\n\t\t<div class=\"wppsac-post-content-position\">\r\n\t\t\t\t\t<div class=\"wppsac-post-categories\"><ul class=\"wppsac-post-categories-list\"><li><a href=\"https:\/\/www2.uepg.br\/proex\/category\/ebook\/\" rel=\"category\"> ebook <\/a><\/li><\/ul><\/div>\r\n\t\t\t  \t<h2 class=\"wppsac-post-title\">\r\n\t\t\t<a href=\"https:\/\/www2.uepg.br\/proex\/minerais-caracteristicas-e-principais-proriedades\/\">Minerais &#8211; Caracter\u00edsticas e principais proriedades<\/a>\r\n\t\t<\/h2>\r\n\t\t\t\t\t<\/div>\r\n<\/div>\r\n<div class=\"wppsac-carousel-slides\">\r\n\t\t\t<div class=\"wppsac-post-image-bg\">\r\n\t\t\t<a href=\"https:\/\/www2.uepg.br\/proex\/estetica-da-morte-paisagens-de-cemiterios\/\">\r\n\t\t\t\t<img class=\"wppsac-post-image-bg\"  src=\"https:\/\/www2.uepg.br\/proex\/wp-content\/uploads\/sites\/8\/2018\/10\/LIVRO_ESTETICA-DA-MORTE-PAISAGENS-DE-CEMITERIOS-300x221.png\" alt=\"EST\u00c9TICA DA MORTE &#8211; PAISAGENS DE CEMIT\u00c9RIOS\" \/>\r\n\t\t\t<\/a>\r\n\t\t<\/div>\r\n\t\t<div class=\"wppsac-post-content-position\">\r\n\t\t\t\t\t<div class=\"wppsac-post-categories\"><ul class=\"wppsac-post-categories-list\"><li><a href=\"https:\/\/www2.uepg.br\/proex\/category\/ebook\/\" rel=\"category\"> ebook <\/a><\/li><\/ul><\/div>\r\n\t\t\t  \t<h2 class=\"wppsac-post-title\">\r\n\t\t\t<a href=\"https:\/\/www2.uepg.br\/proex\/estetica-da-morte-paisagens-de-cemiterios\/\">EST\u00c9TICA DA MORTE &#8211; PAISAGENS DE CEMIT\u00c9RIOS<\/a>\r\n\t\t<\/h2>\r\n\t\t\t\t\t<\/div>\r\n<\/div>\t\t\t<\/div>\r\n\t\t\t<div class=\"wppsac-carousel-conf wppsac-hide\" data-conf=\"{&quot;slides_to_show&quot;:&quot;4&quot;,&quot;slides_to_scroll&quot;:1,&quot;dots&quot;:&quot;false&quot;,&quot;arrows&quot;:&quot;true&quot;,&quot;autoplay&quot;:&quot;true&quot;,&quot;autoplay_interval&quot;:&quot;19500&quot;,&quot;speed&quot;:500,&quot;rtl&quot;:&quot;false&quot;,&quot;lazyload&quot;:&quot;&quot;}\"><\/div>\r\n\t\t<\/div>\r\n\t\n<h3 style=\"text-align: center\"><strong>Cartilhas<\/strong><\/h3>\n\t\t<div class=\"wppsac-slick-carousel-wrp wppsac-clearfix \">\r\n\t\t\t<div id=\"wppsac-post-carousel-2\" class=\"wppsac-post-slider-init wppsac-post-carousel design-1\">\r\n\t\t\t\t\r\n<div class=\"wppsac-carousel-slides\">\r\n\t\t\t<div class=\"wppsac-post-image-bg\">\r\n\t\t\t<a href=\"https:\/\/www2.uepg.br\/proex\/cartilha-de-cuidados-bucais-da-crianca\/\">\r\n\t\t\t\t<img class=\"wppsac-post-image-bg\"  src=\"https:\/\/www2.uepg.br\/proex\/wp-content\/uploads\/sites\/8\/2026\/03\/cuidados_bucais-212x300.png\" alt=\"CARTILHA DE CUIDADOS BUCAIS DA CRIAN\u00c7A\" \/>\r\n\t\t\t<\/a>\r\n\t\t<\/div>\r\n\t\t<div class=\"wppsac-post-content-position\">\r\n\t\t\t\t\t<div class=\"wppsac-post-categories\"><ul class=\"wppsac-post-categories-list\"><li><a href=\"https:\/\/www2.uepg.br\/proex\/category\/cartilhas\/\" rel=\"category\"> Cartilhas <\/a><\/li><\/ul><\/div>\r\n\t\t\t  \t<h2 class=\"wppsac-post-title\">\r\n\t\t\t<a href=\"https:\/\/www2.uepg.br\/proex\/cartilha-de-cuidados-bucais-da-crianca\/\">CARTILHA DE CUIDADOS BUCAIS DA CRIAN\u00c7A<\/a>\r\n\t\t<\/h2>\r\n\t\t\t\t\t<\/div>\r\n<\/div>\r\n<div class=\"wppsac-carousel-slides\">\r\n\t\t\t<div class=\"wppsac-post-image-bg\">\r\n\t\t\t<a href=\"https:\/\/www2.uepg.br\/proex\/projeto-de-extensao-nos-na-rede-contribuicoes-da-odontologia-para-a-educacao-prevencao-e-manutencao-da-saude\/\">\r\n\t\t\t\t<img class=\"wppsac-post-image-bg\"  src=\"https:\/\/www2.uepg.br\/proex\/wp-content\/uploads\/sites\/8\/2025\/11\/projeto-de-extensao-nos-na-rede-1-1-212x300.png\" alt=\"Projeto de Extens\u00e3o N\u00f3s na Rede: Contribui\u00e7\u00f5es da Odontologia para a Educa\u00e7\u00e3o, Preven\u00e7\u00e3o e Manuten\u00e7\u00e3o da Sa\u00fade\" \/>\r\n\t\t\t<\/a>\r\n\t\t<\/div>\r\n\t\t<div class=\"wppsac-post-content-position\">\r\n\t\t\t\t\t<div class=\"wppsac-post-categories\"><ul class=\"wppsac-post-categories-list\"><li><a href=\"https:\/\/www2.uepg.br\/proex\/category\/cartilhas\/\" rel=\"category\"> Cartilhas <\/a><\/li><\/ul><\/div>\r\n\t\t\t  \t<h2 class=\"wppsac-post-title\">\r\n\t\t\t<a href=\"https:\/\/www2.uepg.br\/proex\/projeto-de-extensao-nos-na-rede-contribuicoes-da-odontologia-para-a-educacao-prevencao-e-manutencao-da-saude\/\">Projeto de Extens\u00e3o N\u00f3s na Rede: Contribui\u00e7\u00f5es da Odontologia para a Educa\u00e7\u00e3o, Preven\u00e7\u00e3o e Manuten\u00e7\u00e3o da Sa\u00fade<\/a>\r\n\t\t<\/h2>\r\n\t\t\t\t\t<\/div>\r\n<\/div>\r\n<div class=\"wppsac-carousel-slides\">\r\n\t\t\t<div class=\"wppsac-post-image-bg\">\r\n\t\t\t<a href=\"https:\/\/www2.uepg.br\/proex\/voce-sabia-10-curiosidades-sobre-saude-bucal\/\">\r\n\t\t\t\t<img class=\"wppsac-post-image-bg\"  src=\"https:\/\/www2.uepg.br\/proex\/wp-content\/uploads\/sites\/8\/2025\/11\/projeto-voce-sabia-1-1-212x300.png\" alt=\"Voc\u00ea Sabia? 10 Curiosidades sobre Sa\u00fade Bucal\" \/>\r\n\t\t\t<\/a>\r\n\t\t<\/div>\r\n\t\t<div class=\"wppsac-post-content-position\">\r\n\t\t\t\t\t<div class=\"wppsac-post-categories\"><ul class=\"wppsac-post-categories-list\"><li><a href=\"https:\/\/www2.uepg.br\/proex\/category\/cartilhas\/\" rel=\"category\"> Cartilhas <\/a><\/li><\/ul><\/div>\r\n\t\t\t  \t<h2 class=\"wppsac-post-title\">\r\n\t\t\t<a href=\"https:\/\/www2.uepg.br\/proex\/voce-sabia-10-curiosidades-sobre-saude-bucal\/\">Voc\u00ea Sabia? 10 Curiosidades sobre Sa\u00fade Bucal<\/a>\r\n\t\t<\/h2>\r\n\t\t\t\t\t<\/div>\r\n<\/div>\r\n<div class=\"wppsac-carousel-slides\">\r\n\t\t\t<div class=\"wppsac-post-image-bg\">\r\n\t\t\t<a href=\"https:\/\/www2.uepg.br\/proex\/guia-de-saude-bucal\/\">\r\n\t\t\t\t<img class=\"wppsac-post-image-bg\"  src=\"https:\/\/www2.uepg.br\/proex\/wp-content\/uploads\/sites\/8\/2025\/11\/projeto-guia-de-saude-bucal-1-1-212x300.png\" alt=\"Guia da sa\u00fade bucal &#8211; Sorriso em foco\" \/>\r\n\t\t\t<\/a>\r\n\t\t<\/div>\r\n\t\t<div class=\"wppsac-post-content-position\">\r\n\t\t\t\t\t<div class=\"wppsac-post-categories\"><ul class=\"wppsac-post-categories-list\"><li><a href=\"https:\/\/www2.uepg.br\/proex\/category\/cartilhas\/\" rel=\"category\"> Cartilhas <\/a><\/li><\/ul><\/div>\r\n\t\t\t  \t<h2 class=\"wppsac-post-title\">\r\n\t\t\t<a href=\"https:\/\/www2.uepg.br\/proex\/guia-de-saude-bucal\/\">Guia da sa\u00fade bucal &#8211; Sorriso em foco<\/a>\r\n\t\t<\/h2>\r\n\t\t\t\t\t<\/div>\r\n<\/div>\r\n<div class=\"wppsac-carousel-slides\">\r\n\t\t\t<div class=\"wppsac-post-image-bg\">\r\n\t\t\t<a href=\"https:\/\/www2.uepg.br\/proex\/experimentos-de-quimica-organica-na-perspectiva-da-quimica-verde-vol-2-sinteses\/\">\r\n\t\t\t\t<img class=\"wppsac-post-image-bg\"  src=\"https:\/\/www2.uepg.br\/proex\/wp-content\/uploads\/sites\/8\/2025\/10\/quimica_Vol2-211x300.png\" alt=\"Experimentos de Qu\u00edmica Org\u00e2nica na perspectiva da Qu\u00edmica Verde (vol. 2) &#8211; S\u00ednteses\" \/>\r\n\t\t\t<\/a>\r\n\t\t<\/div>\r\n\t\t<div class=\"wppsac-post-content-position\">\r\n\t\t\t\t\t<div class=\"wppsac-post-categories\"><ul class=\"wppsac-post-categories-list\"><li><a href=\"https:\/\/www2.uepg.br\/proex\/category\/cartilhas\/\" rel=\"category\"> Cartilhas <\/a><\/li><\/ul><\/div>\r\n\t\t\t  \t<h2 class=\"wppsac-post-title\">\r\n\t\t\t<a href=\"https:\/\/www2.uepg.br\/proex\/experimentos-de-quimica-organica-na-perspectiva-da-quimica-verde-vol-2-sinteses\/\">Experimentos de Qu\u00edmica Org\u00e2nica na perspectiva da Qu\u00edmica Verde (vol. 2) &#8211; S\u00ednteses<\/a>\r\n\t\t<\/h2>\r\n\t\t\t\t\t<\/div>\r\n<\/div>\r\n<div class=\"wppsac-carousel-slides\">\r\n\t\t\t<div class=\"wppsac-post-image-bg\">\r\n\t\t\t<a href=\"https:\/\/www2.uepg.br\/proex\/experimentos-de-quimica-organica-na-perspectiva-da-quimica-verde-vol-1-tecnicas\/\">\r\n\t\t\t\t<img class=\"wppsac-post-image-bg\"  src=\"https:\/\/www2.uepg.br\/proex\/wp-content\/uploads\/sites\/8\/2025\/10\/quimica_Vol1-211x300.png\" alt=\"Experimentos de Qu\u00edmica Org\u00e2nica na perspectiva da Qu\u00edmica Verde (vol. 1) &#8211; T\u00e9cnicas\" \/>\r\n\t\t\t<\/a>\r\n\t\t<\/div>\r\n\t\t<div class=\"wppsac-post-content-position\">\r\n\t\t\t\t\t<div class=\"wppsac-post-categories\"><ul class=\"wppsac-post-categories-list\"><li><a href=\"https:\/\/www2.uepg.br\/proex\/category\/cartilhas\/\" rel=\"category\"> Cartilhas <\/a><\/li><\/ul><\/div>\r\n\t\t\t  \t<h2 class=\"wppsac-post-title\">\r\n\t\t\t<a href=\"https:\/\/www2.uepg.br\/proex\/experimentos-de-quimica-organica-na-perspectiva-da-quimica-verde-vol-1-tecnicas\/\">Experimentos de Qu\u00edmica Org\u00e2nica na perspectiva da Qu\u00edmica Verde (vol. 1) &#8211; T\u00e9cnicas<\/a>\r\n\t\t<\/h2>\r\n\t\t\t\t\t<\/div>\r\n<\/div>\r\n<div class=\"wppsac-carousel-slides\">\r\n\t\t\t<div class=\"wppsac-post-image-bg\">\r\n\t\t\t<a href=\"https:\/\/www2.uepg.br\/proex\/estrategias-didaticas-para-combater-a-desinformacao-no-parana\/\">\r\n\t\t\t\t<img class=\"wppsac-post-image-bg\"  src=\"https:\/\/www2.uepg.br\/proex\/wp-content\/uploads\/sites\/8\/2025\/09\/Cartilha-Combate-a\u0300-Desinformac\u0327a\u0303o-211x300.png\" alt=\"ESTRAT\u00c9GIAS DID\u00c1TICAS PARA COMBATER A DESINFORMA\u00c7\u00c3O NO PARAN\u00c1\" \/>\r\n\t\t\t<\/a>\r\n\t\t<\/div>\r\n\t\t<div class=\"wppsac-post-content-position\">\r\n\t\t\t\t\t<div class=\"wppsac-post-categories\"><ul class=\"wppsac-post-categories-list\"><li><a href=\"https:\/\/www2.uepg.br\/proex\/category\/cartilhas\/\" rel=\"category\"> Cartilhas <\/a><\/li><\/ul><\/div>\r\n\t\t\t  \t<h2 class=\"wppsac-post-title\">\r\n\t\t\t<a href=\"https:\/\/www2.uepg.br\/proex\/estrategias-didaticas-para-combater-a-desinformacao-no-parana\/\">ESTRAT\u00c9GIAS DID\u00c1TICAS PARA COMBATER A DESINFORMA\u00c7\u00c3O NO PARAN\u00c1<\/a>\r\n\t\t<\/h2>\r\n\t\t\t\t\t<\/div>\r\n<\/div>\r\n<div class=\"wppsac-carousel-slides\">\r\n\t\t\t<div class=\"wppsac-post-image-bg\">\r\n\t\t\t<a href=\"https:\/\/www2.uepg.br\/proex\/um-dialogo-sobre-a-primeirissima-infancia-e-o-papel-singular-da-mulher-na-contribuicao-do-desenvolvimento-humano\/\">\r\n\t\t\t\t<img class=\"wppsac-post-image-bg\"  src=\"https:\/\/www2.uepg.br\/proex\/wp-content\/uploads\/sites\/8\/2025\/09\/papel_singular-192x300.png\" alt=\"&#8220;Um di\u00e1logo sobre a primeir\u00edssima inf\u00e2ncia e o papel singular da mulher na contribui\u00e7\u00e3o do desenvolvimento humano&#8221;\" \/>\r\n\t\t\t<\/a>\r\n\t\t<\/div>\r\n\t\t<div class=\"wppsac-post-content-position\">\r\n\t\t\t\t\t<div class=\"wppsac-post-categories\"><ul class=\"wppsac-post-categories-list\"><li><a href=\"https:\/\/www2.uepg.br\/proex\/category\/cartilhas\/\" rel=\"category\"> Cartilhas <\/a><\/li><\/ul><\/div>\r\n\t\t\t  \t<h2 class=\"wppsac-post-title\">\r\n\t\t\t<a href=\"https:\/\/www2.uepg.br\/proex\/um-dialogo-sobre-a-primeirissima-infancia-e-o-papel-singular-da-mulher-na-contribuicao-do-desenvolvimento-humano\/\">&#8220;Um di\u00e1logo sobre a primeir\u00edssima inf\u00e2ncia e o papel singular da mulher na contribui\u00e7\u00e3o do desenvolvimento humano&#8221;<\/a>\r\n\t\t<\/h2>\r\n\t\t\t\t\t<\/div>\r\n<\/div>\r\n<div class=\"wppsac-carousel-slides\">\r\n\t\t\t<div class=\"wppsac-post-image-bg\">\r\n\t\t\t<a href=\"https:\/\/www2.uepg.br\/proex\/sinais-de-violencia-contra-crianca-e-adolescentes-no-ambiente-escolar-saber-e-cuidar\/\">\r\n\t\t\t\t<img class=\"wppsac-post-image-bg\"  src=\"https:\/\/www2.uepg.br\/proex\/wp-content\/uploads\/sites\/8\/2025\/03\/Nepia_CARTILHA-1.png\" alt=\"Sinais de viol\u00eancia contra crian\u00e7a e adolescentes no ambiente escolar &#8211; Saber \u00e9 Cuidar\" \/>\r\n\t\t\t<\/a>\r\n\t\t<\/div>\r\n\t\t<div class=\"wppsac-post-content-position\">\r\n\t\t\t\t\t<div class=\"wppsac-post-categories\"><ul class=\"wppsac-post-categories-list\"><li><a href=\"https:\/\/www2.uepg.br\/proex\/category\/cartilhas\/\" rel=\"category\"> Cartilhas <\/a><\/li><\/ul><\/div>\r\n\t\t\t  \t<h2 class=\"wppsac-post-title\">\r\n\t\t\t<a href=\"https:\/\/www2.uepg.br\/proex\/sinais-de-violencia-contra-crianca-e-adolescentes-no-ambiente-escolar-saber-e-cuidar\/\">Sinais de viol\u00eancia contra crian\u00e7a e adolescentes no ambiente escolar &#8211; Saber \u00e9 Cuidar<\/a>\r\n\t\t<\/h2>\r\n\t\t\t\t\t<\/div>\r\n<\/div>\r\n<div class=\"wppsac-carousel-slides\">\r\n\t\t\t<div class=\"wppsac-post-image-bg\">\r\n\t\t\t<a href=\"https:\/\/www2.uepg.br\/proex\/formacao-do-docente-universitario-para-a-inclusao-de-pessoas-com-tea\/\">\r\n\t\t\t\t<img class=\"wppsac-post-image-bg\"  src=\"https:\/\/www2.uepg.br\/proex\/wp-content\/uploads\/sites\/8\/2025\/03\/Ebook-Assessoria-Autismo-1-212x300.png\" alt=\"Forma\u00e7\u00e3o do docente universit\u00e1rio para a Inclus\u00e3o de pessoas com TEA\" \/>\r\n\t\t\t<\/a>\r\n\t\t<\/div>\r\n\t\t<div class=\"wppsac-post-content-position\">\r\n\t\t\t\t\t<div class=\"wppsac-post-categories\"><ul class=\"wppsac-post-categories-list\"><li><a href=\"https:\/\/www2.uepg.br\/proex\/category\/cartilhas\/\" rel=\"category\"> Cartilhas <\/a><\/li><\/ul><\/div>\r\n\t\t\t  \t<h2 class=\"wppsac-post-title\">\r\n\t\t\t<a href=\"https:\/\/www2.uepg.br\/proex\/formacao-do-docente-universitario-para-a-inclusao-de-pessoas-com-tea\/\">Forma\u00e7\u00e3o do docente universit\u00e1rio para a Inclus\u00e3o de pessoas com TEA<\/a>\r\n\t\t<\/h2>\r\n\t\t\t\t\t<\/div>\r\n<\/div>\r\n<div class=\"wppsac-carousel-slides\">\r\n\t\t\t<div class=\"wppsac-post-image-bg\">\r\n\t\t\t<a href=\"https:\/\/www2.uepg.br\/proex\/colesterol-alto-o-que-voce-precisa-saber\/\">\r\n\t\t\t\t<img class=\"wppsac-post-image-bg\"  src=\"https:\/\/www2.uepg.br\/proex\/wp-content\/uploads\/sites\/8\/2024\/10\/capa_colesterol_alto.png\" alt=\"COLESTEROL ALTO &#8211; O QUE VOC\u00ca PRECISA SABER\" \/>\r\n\t\t\t<\/a>\r\n\t\t<\/div>\r\n\t\t<div class=\"wppsac-post-content-position\">\r\n\t\t\t\t\t<div class=\"wppsac-post-categories\"><ul class=\"wppsac-post-categories-list\"><li><a href=\"https:\/\/www2.uepg.br\/proex\/category\/cartilhas\/\" rel=\"category\"> Cartilhas <\/a><\/li><\/ul><\/div>\r\n\t\t\t  \t<h2 class=\"wppsac-post-title\">\r\n\t\t\t<a href=\"https:\/\/www2.uepg.br\/proex\/colesterol-alto-o-que-voce-precisa-saber\/\">COLESTEROL ALTO &#8211; O QUE VOC\u00ca PRECISA SABER<\/a>\r\n\t\t<\/h2>\r\n\t\t\t\t\t<\/div>\r\n<\/div>\r\n<div class=\"wppsac-carousel-slides\">\r\n\t\t\t<div class=\"wppsac-post-image-bg\">\r\n\t\t\t<a href=\"https:\/\/www2.uepg.br\/proex\/psiquiatria-conceitos-essenciais\/\">\r\n\t\t\t\t<img class=\"wppsac-post-image-bg\"  src=\"https:\/\/www2.uepg.br\/proex\/wp-content\/uploads\/sites\/8\/2024\/09\/cartilha_bipolar.png\" alt=\"PSIQUIATRIA: CONCEITOS ESSENCIAIS\" \/>\r\n\t\t\t<\/a>\r\n\t\t<\/div>\r\n\t\t<div class=\"wppsac-post-content-position\">\r\n\t\t\t\t\t<div class=\"wppsac-post-categories\"><ul class=\"wppsac-post-categories-list\"><li><a href=\"https:\/\/www2.uepg.br\/proex\/category\/cartilhas\/\" rel=\"category\"> Cartilhas <\/a><\/li><\/ul><\/div>\r\n\t\t\t  \t<h2 class=\"wppsac-post-title\">\r\n\t\t\t<a href=\"https:\/\/www2.uepg.br\/proex\/psiquiatria-conceitos-essenciais\/\">PSIQUIATRIA: CONCEITOS ESSENCIAIS<\/a>\r\n\t\t<\/h2>\r\n\t\t\t\t\t<\/div>\r\n<\/div>\r\n<div class=\"wppsac-carousel-slides\">\r\n\t\t\t<div class=\"wppsac-post-image-bg\">\r\n\t\t\t<a href=\"https:\/\/www2.uepg.br\/proex\/como-escolher-o-lar-de-idosos-ideal\/\">\r\n\t\t\t\t<img class=\"wppsac-post-image-bg\"  src=\"https:\/\/www2.uepg.br\/proex\/wp-content\/uploads\/sites\/8\/2024\/05\/Ebook-Lar-de-Idosos-2-1.png\" alt=\"Como escolher o Lar de Idosos ideal?\" \/>\r\n\t\t\t<\/a>\r\n\t\t<\/div>\r\n\t\t<div class=\"wppsac-post-content-position\">\r\n\t\t\t\t\t<div class=\"wppsac-post-categories\"><ul class=\"wppsac-post-categories-list\"><li><a href=\"https:\/\/www2.uepg.br\/proex\/category\/cartilhas\/\" rel=\"category\"> Cartilhas <\/a><\/li><\/ul><\/div>\r\n\t\t\t  \t<h2 class=\"wppsac-post-title\">\r\n\t\t\t<a href=\"https:\/\/www2.uepg.br\/proex\/como-escolher-o-lar-de-idosos-ideal\/\">Como escolher o Lar de Idosos ideal?<\/a>\r\n\t\t<\/h2>\r\n\t\t\t\t\t<\/div>\r\n<\/div>\r\n<div class=\"wppsac-carousel-slides\">\r\n\t\t\t<div class=\"wppsac-post-image-bg\">\r\n\t\t\t<a href=\"https:\/\/www2.uepg.br\/proex\/mais-meditacao-menos-medicacao-terapias-complementares-para-o-autocuidado-e-o-bem-viver\/\">\r\n\t\t\t\t<img class=\"wppsac-post-image-bg\"  src=\"https:\/\/www2.uepg.br\/proex\/wp-content\/uploads\/sites\/8\/2024\/04\/e_book_meditacao.png\" alt=\"Mais medita\u00e7\u00e3o &amp; menos medica\u00e7\u00e3o: terapias complementares para o autocuidado e o bem viver\" \/>\r\n\t\t\t<\/a>\r\n\t\t<\/div>\r\n\t\t<div class=\"wppsac-post-content-position\">\r\n\t\t\t\t\t<div class=\"wppsac-post-categories\"><ul class=\"wppsac-post-categories-list\"><li><a href=\"https:\/\/www2.uepg.br\/proex\/category\/cartilhas\/\" rel=\"category\"> Cartilhas <\/a><\/li><\/ul><\/div>\r\n\t\t\t  \t<h2 class=\"wppsac-post-title\">\r\n\t\t\t<a href=\"https:\/\/www2.uepg.br\/proex\/mais-meditacao-menos-medicacao-terapias-complementares-para-o-autocuidado-e-o-bem-viver\/\">Mais medita\u00e7\u00e3o &amp; menos medica\u00e7\u00e3o: terapias complementares para o autocuidado e o bem viver<\/a>\r\n\t\t<\/h2>\r\n\t\t\t\t\t<\/div>\r\n<\/div>\r\n<div class=\"wppsac-carousel-slides\">\r\n\t\t\t<div class=\"wppsac-post-image-bg\">\r\n\t\t\t<a href=\"https:\/\/www2.uepg.br\/proex\/guia-basico-de-receituario-medico-para-municipios-da-3a-regional-de-saude-do-parana\/\">\r\n\t\t\t\t<img class=\"wppsac-post-image-bg\"  src=\"https:\/\/www2.uepg.br\/proex\/wp-content\/uploads\/sites\/8\/2024\/04\/guia_basico_receituario.png\" alt=\"Guia b\u00e1sico de receitu\u00e1rio m\u00e9dico para munic\u00edpios da 3\u00aa Regional de Sa\u00fade do Paran\u00e1\" \/>\r\n\t\t\t<\/a>\r\n\t\t<\/div>\r\n\t\t<div class=\"wppsac-post-content-position\">\r\n\t\t\t\t\t<div class=\"wppsac-post-categories\"><ul class=\"wppsac-post-categories-list\"><li><a href=\"https:\/\/www2.uepg.br\/proex\/category\/cartilhas\/\" rel=\"category\"> Cartilhas <\/a><\/li><\/ul><\/div>\r\n\t\t\t  \t<h2 class=\"wppsac-post-title\">\r\n\t\t\t<a href=\"https:\/\/www2.uepg.br\/proex\/guia-basico-de-receituario-medico-para-municipios-da-3a-regional-de-saude-do-parana\/\">Guia b\u00e1sico de receitu\u00e1rio m\u00e9dico para munic\u00edpios da 3\u00aa Regional de Sa\u00fade do Paran\u00e1<\/a>\r\n\t\t<\/h2>\r\n\t\t\t\t\t<\/div>\r\n<\/div>\r\n<div class=\"wppsac-carousel-slides\">\r\n\t\t\t<div class=\"wppsac-post-image-bg\">\r\n\t\t\t<a href=\"https:\/\/www2.uepg.br\/proex\/saude-cardiovascular-o-que-voce-precisa-saber-sobre-sindrome-metabolica\/\">\r\n\t\t\t\t<img class=\"wppsac-post-image-bg\"  src=\"https:\/\/www2.uepg.br\/proex\/wp-content\/uploads\/sites\/8\/2023\/08\/cardio.png\" alt=\"Sa\u00fade Cardiovascular: O que voc\u00ea precisa saber sobre S\u00edndrome Metab\u00f3lica\" \/>\r\n\t\t\t<\/a>\r\n\t\t<\/div>\r\n\t\t<div class=\"wppsac-post-content-position\">\r\n\t\t\t\t\t<div class=\"wppsac-post-categories\"><ul class=\"wppsac-post-categories-list\"><li><a href=\"https:\/\/www2.uepg.br\/proex\/category\/cartilhas\/\" rel=\"category\"> Cartilhas <\/a><\/li><\/ul><\/div>\r\n\t\t\t  \t<h2 class=\"wppsac-post-title\">\r\n\t\t\t<a href=\"https:\/\/www2.uepg.br\/proex\/saude-cardiovascular-o-que-voce-precisa-saber-sobre-sindrome-metabolica\/\">Sa\u00fade Cardiovascular: O que voc\u00ea precisa saber sobre S\u00edndrome Metab\u00f3lica<\/a>\r\n\t\t<\/h2>\r\n\t\t\t\t\t<\/div>\r\n<\/div>\r\n<div class=\"wppsac-carousel-slides\">\r\n\t\t\t<div class=\"wppsac-post-image-bg\">\r\n\t\t\t<a href=\"https:\/\/www2.uepg.br\/proex\/formas-farmaceuticas-orais-e-dificuldade-de-degluticao\/\">\r\n\t\t\t\t<img class=\"wppsac-post-image-bg\"  src=\"https:\/\/www2.uepg.br\/proex\/wp-content\/uploads\/sites\/8\/2023\/06\/formas.png\" alt=\"FORMAS FARMAC\u00caUTICAS ORAIS E DIFICULDADE DE DEGLUTI\u00c7\u00c3O\" \/>\r\n\t\t\t<\/a>\r\n\t\t<\/div>\r\n\t\t<div class=\"wppsac-post-content-position\">\r\n\t\t\t\t\t<div class=\"wppsac-post-categories\"><ul class=\"wppsac-post-categories-list\"><li><a href=\"https:\/\/www2.uepg.br\/proex\/category\/cartilhas\/\" rel=\"category\"> Cartilhas <\/a><\/li><\/ul><\/div>\r\n\t\t\t  \t<h2 class=\"wppsac-post-title\">\r\n\t\t\t<a href=\"https:\/\/www2.uepg.br\/proex\/formas-farmaceuticas-orais-e-dificuldade-de-degluticao\/\">FORMAS FARMAC\u00caUTICAS ORAIS E DIFICULDADE DE DEGLUTI\u00c7\u00c3O<\/a>\r\n\t\t<\/h2>\r\n\t\t\t\t\t<\/div>\r\n<\/div>\r\n<div class=\"wppsac-carousel-slides\">\r\n\t\t\t<div class=\"wppsac-post-image-bg\">\r\n\t\t\t<a href=\"https:\/\/www2.uepg.br\/proex\/traumatismo-dentario-infantil-do-diagnostico-ao-manejo-clinico\/\">\r\n\t\t\t\t<img class=\"wppsac-post-image-bg\"  src=\"https:\/\/www2.uepg.br\/proex\/wp-content\/uploads\/sites\/8\/2023\/06\/traumatismo.png\" alt=\"TRAUMATISMO DENT\u00c1RIO INFANTIL DO DIAGN\u00d3STICO AO MANEJO CL\u00cdNICO\" \/>\r\n\t\t\t<\/a>\r\n\t\t<\/div>\r\n\t\t<div class=\"wppsac-post-content-position\">\r\n\t\t\t\t\t<div class=\"wppsac-post-categories\"><ul class=\"wppsac-post-categories-list\"><li><a href=\"https:\/\/www2.uepg.br\/proex\/category\/cartilhas\/\" rel=\"category\"> Cartilhas <\/a><\/li><\/ul><\/div>\r\n\t\t\t  \t<h2 class=\"wppsac-post-title\">\r\n\t\t\t<a href=\"https:\/\/www2.uepg.br\/proex\/traumatismo-dentario-infantil-do-diagnostico-ao-manejo-clinico\/\">TRAUMATISMO DENT\u00c1RIO INFANTIL DO DIAGN\u00d3STICO AO MANEJO CL\u00cdNICO<\/a>\r\n\t\t<\/h2>\r\n\t\t\t\t\t<\/div>\r\n<\/div>\r\n<div class=\"wppsac-carousel-slides\">\r\n\t\t\t<div class=\"wppsac-post-image-bg\">\r\n\t\t\t<a href=\"https:\/\/www2.uepg.br\/proex\/guia-informativo-oncologico\/\">\r\n\t\t\t\t<img class=\"wppsac-post-image-bg\"  src=\"https:\/\/www2.uepg.br\/proex\/wp-content\/uploads\/sites\/8\/2023\/04\/cancer.png\" alt=\"Guia informativo oncol\u00f3gico\" \/>\r\n\t\t\t<\/a>\r\n\t\t<\/div>\r\n\t\t<div class=\"wppsac-post-content-position\">\r\n\t\t\t\t\t<div class=\"wppsac-post-categories\"><ul class=\"wppsac-post-categories-list\"><li><a href=\"https:\/\/www2.uepg.br\/proex\/category\/cartilhas\/\" rel=\"category\"> Cartilhas <\/a><\/li><\/ul><\/div>\r\n\t\t\t  \t<h2 class=\"wppsac-post-title\">\r\n\t\t\t<a href=\"https:\/\/www2.uepg.br\/proex\/guia-informativo-oncologico\/\">Guia informativo oncol\u00f3gico<\/a>\r\n\t\t<\/h2>\r\n\t\t\t\t\t<\/div>\r\n<\/div>\r\n<div class=\"wppsac-carousel-slides\">\r\n\t\t\t<div class=\"wppsac-post-image-bg\">\r\n\t\t\t<a href=\"https:\/\/www2.uepg.br\/proex\/e-book-alice-e-o-reino-secreto-de-dentinholandia\/\">\r\n\t\t\t\t<img class=\"wppsac-post-image-bg\"  src=\"https:\/\/www2.uepg.br\/proex\/wp-content\/uploads\/sites\/8\/2022\/12\/alice.png\" alt=\"Alice e o Reino Secreto de Dentinhol\u00e2ndia\" \/>\r\n\t\t\t<\/a>\r\n\t\t<\/div>\r\n\t\t<div class=\"wppsac-post-content-position\">\r\n\t\t\t\t\t<div class=\"wppsac-post-categories\"><ul class=\"wppsac-post-categories-list\"><li><a href=\"https:\/\/www2.uepg.br\/proex\/category\/cartilhas\/\" rel=\"category\"> Cartilhas <\/a><\/li><\/ul><\/div>\r\n\t\t\t  \t<h2 class=\"wppsac-post-title\">\r\n\t\t\t<a href=\"https:\/\/www2.uepg.br\/proex\/e-book-alice-e-o-reino-secreto-de-dentinholandia\/\">Alice e o Reino Secreto de Dentinhol\u00e2ndia<\/a>\r\n\t\t<\/h2>\r\n\t\t\t\t\t<\/div>\r\n<\/div>\r\n<div class=\"wppsac-carousel-slides\">\r\n\t\t\t<div class=\"wppsac-post-image-bg\">\r\n\t\t\t<a href=\"https:\/\/www2.uepg.br\/proex\/cartilha-de-educacao-em-sexualidade\/\">\r\n\t\t\t\t<img class=\"wppsac-post-image-bg\"  src=\"https:\/\/www2.uepg.br\/proex\/wp-content\/uploads\/sites\/8\/2022\/11\/Cartilha-Ed.-Sexual-LASF-187x300.png\" alt=\"Cartilha de Educa\u00e7\u00e3o em Sexualidade\" \/>\r\n\t\t\t<\/a>\r\n\t\t<\/div>\r\n\t\t<div class=\"wppsac-post-content-position\">\r\n\t\t\t\t\t<div class=\"wppsac-post-categories\"><ul class=\"wppsac-post-categories-list\"><li><a href=\"https:\/\/www2.uepg.br\/proex\/category\/cartilhas\/\" rel=\"category\"> Cartilhas <\/a><\/li><\/ul><\/div>\r\n\t\t\t  \t<h2 class=\"wppsac-post-title\">\r\n\t\t\t<a href=\"https:\/\/www2.uepg.br\/proex\/cartilha-de-educacao-em-sexualidade\/\">Cartilha de Educa\u00e7\u00e3o em Sexualidade<\/a>\r\n\t\t<\/h2>\r\n\t\t\t\t\t<\/div>\r\n<\/div>\r\n<div class=\"wppsac-carousel-slides\">\r\n\t\t\t<div class=\"wppsac-post-image-bg\">\r\n\t\t\t<a href=\"https:\/\/www2.uepg.br\/proex\/e-book-pre-natal-odontologico\/\">\r\n\t\t\t\t<img class=\"wppsac-post-image-bg\"  src=\"https:\/\/www2.uepg.br\/proex\/wp-content\/uploads\/sites\/8\/2022\/10\/PRE-NATAL-ODONTOLOGICO-212x300.png\" alt=\"Pr\u00e9-Natal Odontol\u00f3gico\" \/>\r\n\t\t\t<\/a>\r\n\t\t<\/div>\r\n\t\t<div class=\"wppsac-post-content-position\">\r\n\t\t\t\t\t<div class=\"wppsac-post-categories\"><ul class=\"wppsac-post-categories-list\"><li><a href=\"https:\/\/www2.uepg.br\/proex\/category\/cartilhas\/\" rel=\"category\"> Cartilhas <\/a><\/li><\/ul><\/div>\r\n\t\t\t  \t<h2 class=\"wppsac-post-title\">\r\n\t\t\t<a href=\"https:\/\/www2.uepg.br\/proex\/e-book-pre-natal-odontologico\/\">Pr\u00e9-Natal Odontol\u00f3gico<\/a>\r\n\t\t<\/h2>\r\n\t\t\t\t\t<\/div>\r\n<\/div>\r\n<div class=\"wppsac-carousel-slides\">\r\n\t\t\t<div class=\"wppsac-post-image-bg\">\r\n\t\t\t<a href=\"https:\/\/www2.uepg.br\/proex\/e-book-revelacao-espontanea-orientacoes-para-a-nao-revitimizacao-de-criancas-e-adolescentes\/\">\r\n\t\t\t\t<img class=\"wppsac-post-image-bg\"  src=\"https:\/\/www2.uepg.br\/proex\/wp-content\/uploads\/sites\/8\/2022\/08\/Revelacao-espontanea-impresso_Pagina_01-300x300.png\" alt=\"Revela\u00e7\u00e3o espont\u00e2nea: Orienta\u00e7\u00f5es para a n\u00e3o revitimiza\u00e7\u00e3o de crian\u00e7as e adolescentes\" \/>\r\n\t\t\t<\/a>\r\n\t\t<\/div>\r\n\t\t<div class=\"wppsac-post-content-position\">\r\n\t\t\t\t\t<div class=\"wppsac-post-categories\"><ul class=\"wppsac-post-categories-list\"><li><a href=\"https:\/\/www2.uepg.br\/proex\/category\/cartilhas\/\" rel=\"category\"> Cartilhas <\/a><\/li><\/ul><\/div>\r\n\t\t\t  \t<h2 class=\"wppsac-post-title\">\r\n\t\t\t<a href=\"https:\/\/www2.uepg.br\/proex\/e-book-revelacao-espontanea-orientacoes-para-a-nao-revitimizacao-de-criancas-e-adolescentes\/\">Revela\u00e7\u00e3o espont\u00e2nea: Orienta\u00e7\u00f5es para a n\u00e3o revitimiza\u00e7\u00e3o de crian\u00e7as e adolescentes<\/a>\r\n\t\t<\/h2>\r\n\t\t\t\t\t<\/div>\r\n<\/div>\r\n<div class=\"wppsac-carousel-slides\">\r\n\t\t\t<div class=\"wppsac-post-image-bg\">\r\n\t\t\t<a href=\"https:\/\/www2.uepg.br\/proex\/e-book-pressao-alta-o-que-voce-precisa-saber\/\">\r\n\t\t\t\t<img class=\"wppsac-post-image-bg\"  src=\"https:\/\/www2.uepg.br\/proex\/wp-content\/uploads\/sites\/8\/2022\/12\/Pressao-alta-212x300.png\" alt=\"Press\u00e3o alta: o que voc\u00ea precisa saber\" \/>\r\n\t\t\t<\/a>\r\n\t\t<\/div>\r\n\t\t<div class=\"wppsac-post-content-position\">\r\n\t\t\t\t\t<div class=\"wppsac-post-categories\"><ul class=\"wppsac-post-categories-list\"><li><a href=\"https:\/\/www2.uepg.br\/proex\/category\/cartilhas\/\" rel=\"category\"> Cartilhas <\/a><\/li><\/ul><\/div>\r\n\t\t\t  \t<h2 class=\"wppsac-post-title\">\r\n\t\t\t<a href=\"https:\/\/www2.uepg.br\/proex\/e-book-pressao-alta-o-que-voce-precisa-saber\/\">Press\u00e3o alta: o que voc\u00ea precisa saber<\/a>\r\n\t\t<\/h2>\r\n\t\t\t\t\t<\/div>\r\n<\/div>\r\n<div class=\"wppsac-carousel-slides\">\r\n\t\t\t<div class=\"wppsac-post-image-bg\">\r\n\t\t\t<a href=\"https:\/\/www2.uepg.br\/proex\/e-book-protagonismo-infantojuvenil-no-enfrentamento-as-violencias\/\">\r\n\t\t\t\t<img class=\"wppsac-post-image-bg\"  src=\"https:\/\/www2.uepg.br\/proex\/wp-content\/uploads\/sites\/8\/2022\/05\/Protagonismo-Infantojuvenil-no-Enfrentamento-as-Violencias-192x300.png\" alt=\"Protagonismo Infantojuvenil no Enfrentamento \u00e0s Viol\u00eancias\" \/>\r\n\t\t\t<\/a>\r\n\t\t<\/div>\r\n\t\t<div class=\"wppsac-post-content-position\">\r\n\t\t\t\t\t<div class=\"wppsac-post-categories\"><ul class=\"wppsac-post-categories-list\"><li><a href=\"https:\/\/www2.uepg.br\/proex\/category\/cartilhas\/\" rel=\"category\"> Cartilhas <\/a><\/li><\/ul><\/div>\r\n\t\t\t  \t<h2 class=\"wppsac-post-title\">\r\n\t\t\t<a href=\"https:\/\/www2.uepg.br\/proex\/e-book-protagonismo-infantojuvenil-no-enfrentamento-as-violencias\/\">Protagonismo Infantojuvenil no Enfrentamento \u00e0s Viol\u00eancias<\/a>\r\n\t\t<\/h2>\r\n\t\t\t\t\t<\/div>\r\n<\/div>\r\n<div class=\"wppsac-carousel-slides\">\r\n\t\t\t<div class=\"wppsac-post-image-bg\">\r\n\t\t\t<a href=\"https:\/\/www2.uepg.br\/proex\/e-book-fake-news-e-saude-como-se-proteger\/\">\r\n\t\t\t\t<img class=\"wppsac-post-image-bg\"  src=\"https:\/\/www2.uepg.br\/proex\/wp-content\/uploads\/sites\/8\/2021\/08\/Ebook-Fake-News_corrigido-1-213x300.png\" alt=\"Fake news e sa\u00fade: como se proteger\" \/>\r\n\t\t\t<\/a>\r\n\t\t<\/div>\r\n\t\t<div class=\"wppsac-post-content-position\">\r\n\t\t\t\t\t<div class=\"wppsac-post-categories\"><ul class=\"wppsac-post-categories-list\"><li><a href=\"https:\/\/www2.uepg.br\/proex\/category\/cartilhas\/\" rel=\"category\"> Cartilhas <\/a><\/li><\/ul><\/div>\r\n\t\t\t  \t<h2 class=\"wppsac-post-title\">\r\n\t\t\t<a href=\"https:\/\/www2.uepg.br\/proex\/e-book-fake-news-e-saude-como-se-proteger\/\">Fake news e sa\u00fade: como se proteger<\/a>\r\n\t\t<\/h2>\r\n\t\t\t\t\t<\/div>\r\n<\/div>\r\n<div class=\"wppsac-carousel-slides\">\r\n\t\t\t<div class=\"wppsac-post-image-bg\">\r\n\t\t\t<a href=\"https:\/\/www2.uepg.br\/proex\/ebook-orientacoes-farmaceuticas-uso-de-medicamentos-durante-o-aleitamento-materno\/\">\r\n\t\t\t\t<img class=\"wppsac-post-image-bg\"  src=\"https:\/\/www2.uepg.br\/proex\/wp-content\/uploads\/sites\/8\/2021\/08\/cartilha-orientacoes-farmaceuticas-212x300.png\" alt=\"Orienta\u00e7\u00f5es farmac\u00eauticas (Uso de medicamentos durante o aleitamento materno).\" \/>\r\n\t\t\t<\/a>\r\n\t\t<\/div>\r\n\t\t<div class=\"wppsac-post-content-position\">\r\n\t\t\t\t\t<div class=\"wppsac-post-categories\"><ul class=\"wppsac-post-categories-list\"><li><a href=\"https:\/\/www2.uepg.br\/proex\/category\/cartilhas\/\" rel=\"category\"> Cartilhas <\/a><\/li><\/ul><\/div>\r\n\t\t\t  \t<h2 class=\"wppsac-post-title\">\r\n\t\t\t<a href=\"https:\/\/www2.uepg.br\/proex\/ebook-orientacoes-farmaceuticas-uso-de-medicamentos-durante-o-aleitamento-materno\/\">Orienta\u00e7\u00f5es farmac\u00eauticas (Uso de medicamentos durante o aleitamento materno).<\/a>\r\n\t\t<\/h2>\r\n\t\t\t\t\t<\/div>\r\n<\/div>\r\n<div class=\"wppsac-carousel-slides\">\r\n\t\t\t<div class=\"wppsac-post-image-bg\">\r\n\t\t\t<a href=\"https:\/\/www2.uepg.br\/proex\/gibi-trio-imbativel-contra-a-carie\/\">\r\n\t\t\t\t<img class=\"wppsac-post-image-bg\"  src=\"https:\/\/www2.uepg.br\/proex\/wp-content\/uploads\/sites\/8\/2021\/07\/Gibi-Trio-Imbativel-contra-a-carie-208x300.png\" alt=\"&#8220;Gibi &#8211; Trio imbat\u00edvel contra a c\u00e1rie&#8221;\" \/>\r\n\t\t\t<\/a>\r\n\t\t<\/div>\r\n\t\t<div class=\"wppsac-post-content-position\">\r\n\t\t\t\t\t<div class=\"wppsac-post-categories\"><ul class=\"wppsac-post-categories-list\"><li><a href=\"https:\/\/www2.uepg.br\/proex\/category\/cartilhas\/\" rel=\"category\"> Cartilhas <\/a><\/li><\/ul><\/div>\r\n\t\t\t  \t<h2 class=\"wppsac-post-title\">\r\n\t\t\t<a href=\"https:\/\/www2.uepg.br\/proex\/gibi-trio-imbativel-contra-a-carie\/\">&#8220;Gibi &#8211; Trio imbat\u00edvel contra a c\u00e1rie&#8221;<\/a>\r\n\t\t<\/h2>\r\n\t\t\t\t\t<\/div>\r\n<\/div>\r\n<div class=\"wppsac-carousel-slides\">\r\n\t\t\t<div class=\"wppsac-post-image-bg\">\r\n\t\t\t<a href=\"https:\/\/www2.uepg.br\/proex\/ebook-exercicio-fisico-e-a-covid-19\/\">\r\n\t\t\t\t<img class=\"wppsac-post-image-bg\"  src=\"https:\/\/www2.uepg.br\/proex\/wp-content\/uploads\/sites\/8\/2021\/07\/Exercicio-Fisico-e-a-COVID19-214x300.png\" alt=\"Exerc\u00edcio F\u00edsico e a COVID-19\" \/>\r\n\t\t\t<\/a>\r\n\t\t<\/div>\r\n\t\t<div class=\"wppsac-post-content-position\">\r\n\t\t\t\t\t<div class=\"wppsac-post-categories\"><ul class=\"wppsac-post-categories-list\"><li><a href=\"https:\/\/www2.uepg.br\/proex\/category\/cartilhas\/\" rel=\"category\"> Cartilhas <\/a><\/li><\/ul><\/div>\r\n\t\t\t  \t<h2 class=\"wppsac-post-title\">\r\n\t\t\t<a href=\"https:\/\/www2.uepg.br\/proex\/ebook-exercicio-fisico-e-a-covid-19\/\">Exerc\u00edcio F\u00edsico e a COVID-19<\/a>\r\n\t\t<\/h2>\r\n\t\t\t\t\t<\/div>\r\n<\/div>\r\n<div class=\"wppsac-carousel-slides\">\r\n\t\t\t<div class=\"wppsac-post-image-bg\">\r\n\t\t\t<a href=\"https:\/\/www2.uepg.br\/proex\/e-book-combatendo-o-tabagismo\/\">\r\n\t\t\t\t<img class=\"wppsac-post-image-bg\"  src=\"https:\/\/www2.uepg.br\/proex\/wp-content\/uploads\/sites\/8\/2021\/05\/Cartilha-combate-ao-tabagismo-1-214x300.png\" alt=\"Combatendo o tabagismo\" \/>\r\n\t\t\t<\/a>\r\n\t\t<\/div>\r\n\t\t<div class=\"wppsac-post-content-position\">\r\n\t\t\t\t\t<div class=\"wppsac-post-categories\"><ul class=\"wppsac-post-categories-list\"><li><a href=\"https:\/\/www2.uepg.br\/proex\/category\/cartilhas\/\" rel=\"category\"> Cartilhas <\/a><\/li><\/ul><\/div>\r\n\t\t\t  \t<h2 class=\"wppsac-post-title\">\r\n\t\t\t<a href=\"https:\/\/www2.uepg.br\/proex\/e-book-combatendo-o-tabagismo\/\">Combatendo o tabagismo<\/a>\r\n\t\t<\/h2>\r\n\t\t\t\t\t<\/div>\r\n<\/div>\r\n<div class=\"wppsac-carousel-slides\">\r\n\t\t\t<div class=\"wppsac-post-image-bg\">\r\n\t\t\t<a href=\"https:\/\/www2.uepg.br\/proex\/e-book-vacinacao-em-tempos-de-covid\/\">\r\n\t\t\t\t<img class=\"wppsac-post-image-bg\"  src=\"https:\/\/www2.uepg.br\/proex\/wp-content\/uploads\/sites\/8\/2021\/05\/VACINACAO-EM-TEMPOS-DE-COVID-212x300.png\" alt=\"Vacina\u00e7\u00e3o em tempos de COVID\" \/>\r\n\t\t\t<\/a>\r\n\t\t<\/div>\r\n\t\t<div class=\"wppsac-post-content-position\">\r\n\t\t\t\t\t<div class=\"wppsac-post-categories\"><ul class=\"wppsac-post-categories-list\"><li><a href=\"https:\/\/www2.uepg.br\/proex\/category\/cartilhas\/\" rel=\"category\"> Cartilhas <\/a><\/li><\/ul><\/div>\r\n\t\t\t  \t<h2 class=\"wppsac-post-title\">\r\n\t\t\t<a href=\"https:\/\/www2.uepg.br\/proex\/e-book-vacinacao-em-tempos-de-covid\/\">Vacina\u00e7\u00e3o em tempos de COVID<\/a>\r\n\t\t<\/h2>\r\n\t\t\t\t\t<\/div>\r\n<\/div>\r\n<div class=\"wppsac-carousel-slides\">\r\n\t\t\t<div class=\"wppsac-post-image-bg\">\r\n\t\t\t<a href=\"https:\/\/www2.uepg.br\/proex\/e-book-violencia-contra-a-mulher-durante-a-pandemia-de-covid-19\/\">\r\n\t\t\t\t<img class=\"wppsac-post-image-bg\"  src=\"https:\/\/www2.uepg.br\/proex\/wp-content\/uploads\/sites\/8\/2021\/04\/VIOLENCIA-CONTRA-A-MULHER-DURANTE-A-PANDEMIA-DE-COVID-19-188x300.png\" alt=\"Viol\u00eancia contra a mulher durante a pandemia de COVID-19\" \/>\r\n\t\t\t<\/a>\r\n\t\t<\/div>\r\n\t\t<div class=\"wppsac-post-content-position\">\r\n\t\t\t\t\t<div class=\"wppsac-post-categories\"><ul class=\"wppsac-post-categories-list\"><li><a href=\"https:\/\/www2.uepg.br\/proex\/category\/cartilhas\/\" rel=\"category\"> Cartilhas <\/a><\/li><\/ul><\/div>\r\n\t\t\t  \t<h2 class=\"wppsac-post-title\">\r\n\t\t\t<a href=\"https:\/\/www2.uepg.br\/proex\/e-book-violencia-contra-a-mulher-durante-a-pandemia-de-covid-19\/\">Viol\u00eancia contra a mulher durante a pandemia de COVID-19<\/a>\r\n\t\t<\/h2>\r\n\t\t\t\t\t<\/div>\r\n<\/div>\r\n<div class=\"wppsac-carousel-slides\">\r\n\t\t\t<div class=\"wppsac-post-image-bg\">\r\n\t\t\t<a href=\"https:\/\/www2.uepg.br\/proex\/ebook-manejo-de-corpos-em-suspeitos-ou-confirmados-covid-19-um-apoio-aos-municipios-em-caso-de-obito\/\">\r\n\t\t\t\t<img class=\"wppsac-post-image-bg\"  src=\"https:\/\/www2.uepg.br\/proex\/wp-content\/uploads\/sites\/8\/2021\/03\/manejo-de-corpos-214x300.png\" alt=\"Manejo de corpos em suspeitos ou confirmados COVID-19: um apoio aos munic\u00edpios em caso de \u00f3bito\" \/>\r\n\t\t\t<\/a>\r\n\t\t<\/div>\r\n\t\t<div class=\"wppsac-post-content-position\">\r\n\t\t\t\t\t<div class=\"wppsac-post-categories\"><ul class=\"wppsac-post-categories-list\"><li><a href=\"https:\/\/www2.uepg.br\/proex\/category\/cartilhas\/\" rel=\"category\"> Cartilhas <\/a><\/li><\/ul><\/div>\r\n\t\t\t  \t<h2 class=\"wppsac-post-title\">\r\n\t\t\t<a href=\"https:\/\/www2.uepg.br\/proex\/ebook-manejo-de-corpos-em-suspeitos-ou-confirmados-covid-19-um-apoio-aos-municipios-em-caso-de-obito\/\">Manejo de corpos em suspeitos ou confirmados COVID-19: um apoio aos munic\u00edpios em caso de \u00f3bito<\/a>\r\n\t\t<\/h2>\r\n\t\t\t\t\t<\/div>\r\n<\/div>\r\n<div class=\"wppsac-carousel-slides\">\r\n\t\t\t<div class=\"wppsac-post-image-bg\">\r\n\t\t\t<a href=\"https:\/\/www2.uepg.br\/proex\/covid-19-saude-mental\/\">\r\n\t\t\t\t<img class=\"wppsac-post-image-bg\"  src=\"https:\/\/www2.uepg.br\/proex\/wp-content\/uploads\/sites\/8\/2020\/12\/Covid-19-Saude-Mental-3-212x300.png\" alt=\"Sa\u00fade Mental em Tempos de COVID-19\" \/>\r\n\t\t\t<\/a>\r\n\t\t<\/div>\r\n\t\t<div class=\"wppsac-post-content-position\">\r\n\t\t\t\t\t<div class=\"wppsac-post-categories\"><ul class=\"wppsac-post-categories-list\"><li><a href=\"https:\/\/www2.uepg.br\/proex\/category\/cartilhas\/\" rel=\"category\"> Cartilhas <\/a><\/li><\/ul><\/div>\r\n\t\t\t  \t<h2 class=\"wppsac-post-title\">\r\n\t\t\t<a href=\"https:\/\/www2.uepg.br\/proex\/covid-19-saude-mental\/\">Sa\u00fade Mental em Tempos de COVID-19<\/a>\r\n\t\t<\/h2>\r\n\t\t\t\t\t<\/div>\r\n<\/div>\r\n<div class=\"wppsac-carousel-slides\">\r\n\t\t\t<div class=\"wppsac-post-image-bg\">\r\n\t\t\t<a href=\"https:\/\/www2.uepg.br\/proex\/orientacoes-para-a-gestante\/\">\r\n\t\t\t\t<img class=\"wppsac-post-image-bg\"  src=\"https:\/\/www2.uepg.br\/proex\/wp-content\/uploads\/sites\/8\/2020\/12\/ORIENTACOES-PARA-A-GESTANTE-FINAL-192x300.png\" alt=\"Orienta\u00e7\u00f5es para a gestante\" \/>\r\n\t\t\t<\/a>\r\n\t\t<\/div>\r\n\t\t<div class=\"wppsac-post-content-position\">\r\n\t\t\t\t\t<div class=\"wppsac-post-categories\"><ul class=\"wppsac-post-categories-list\"><li><a href=\"https:\/\/www2.uepg.br\/proex\/category\/cartilhas\/\" rel=\"category\"> Cartilhas <\/a><\/li><\/ul><\/div>\r\n\t\t\t  \t<h2 class=\"wppsac-post-title\">\r\n\t\t\t<a href=\"https:\/\/www2.uepg.br\/proex\/orientacoes-para-a-gestante\/\">Orienta\u00e7\u00f5es para a gestante<\/a>\r\n\t\t<\/h2>\r\n\t\t\t\t\t<\/div>\r\n<\/div>\r\n<div class=\"wppsac-carousel-slides\">\r\n\t\t\t<div class=\"wppsac-post-image-bg\">\r\n\t\t\t<a href=\"https:\/\/www2.uepg.br\/proex\/saude-bucal-mitos-ou-verdades\/\">\r\n\t\t\t\t<img class=\"wppsac-post-image-bg\"  src=\"https:\/\/www2.uepg.br\/proex\/wp-content\/uploads\/sites\/8\/2020\/11\/Ebook-No\u0301s-na-Rede-Mitos-ou-Verdades-208x300.png\" alt=\"Sa\u00fade Bucal  Mitos ou Verdades?\" \/>\r\n\t\t\t<\/a>\r\n\t\t<\/div>\r\n\t\t<div class=\"wppsac-post-content-position\">\r\n\t\t\t\t\t<div class=\"wppsac-post-categories\"><ul class=\"wppsac-post-categories-list\"><li><a href=\"https:\/\/www2.uepg.br\/proex\/category\/cartilhas\/\" rel=\"category\"> Cartilhas <\/a><\/li><\/ul><\/div>\r\n\t\t\t  \t<h2 class=\"wppsac-post-title\">\r\n\t\t\t<a href=\"https:\/\/www2.uepg.br\/proex\/saude-bucal-mitos-ou-verdades\/\">Sa\u00fade Bucal  Mitos ou Verdades?<\/a>\r\n\t\t<\/h2>\r\n\t\t\t\t\t<\/div>\r\n<\/div>\r\n<div class=\"wppsac-carousel-slides\">\r\n\t\t\t<div class=\"wppsac-post-image-bg\">\r\n\t\t\t<a href=\"https:\/\/www2.uepg.br\/proex\/oa-assistente-social-na-linha-de-frente-da-covid-19-nos-centros-de-referencia-de-assistencia-social\/\">\r\n\t\t\t\t<img class=\"wppsac-post-image-bg\"  src=\"https:\/\/www2.uepg.br\/proex\/wp-content\/uploads\/sites\/8\/2020\/11\/O-A-ASSISTENTE-SOCIAL-posprova-1-211x300.png\" alt=\"O Assistente Social na linha de frente da COVID-19 nos centros de refer\u00eancia de  assist\u00eancia social\" \/>\r\n\t\t\t<\/a>\r\n\t\t<\/div>\r\n\t\t<div class=\"wppsac-post-content-position\">\r\n\t\t\t\t\t<div class=\"wppsac-post-categories\"><ul class=\"wppsac-post-categories-list\"><li><a href=\"https:\/\/www2.uepg.br\/proex\/category\/cartilhas\/\" rel=\"category\"> Cartilhas <\/a><\/li><\/ul><\/div>\r\n\t\t\t  \t<h2 class=\"wppsac-post-title\">\r\n\t\t\t<a href=\"https:\/\/www2.uepg.br\/proex\/oa-assistente-social-na-linha-de-frente-da-covid-19-nos-centros-de-referencia-de-assistencia-social\/\">O Assistente Social na linha de frente da COVID-19 nos centros de refer\u00eancia de  assist\u00eancia social<\/a>\r\n\t\t<\/h2>\r\n\t\t\t\t\t<\/div>\r\n<\/div>\r\n<div class=\"wppsac-carousel-slides\">\r\n\t\t\t<div class=\"wppsac-post-image-bg\">\r\n\t\t\t<a href=\"https:\/\/www2.uepg.br\/proex\/saude-mental-e-covid-19-no-contexto-universitario\/\">\r\n\t\t\t\t<img class=\"wppsac-post-image-bg\"  src=\"https:\/\/www2.uepg.br\/proex\/wp-content\/uploads\/sites\/8\/2020\/09\/Saude-mental-e-COVID-19-no-contexto-universitario-200x300.png\" alt=\"Sa\u00fade mental e COVID-19 no contexto universit\u00e1rio\" \/>\r\n\t\t\t<\/a>\r\n\t\t<\/div>\r\n\t\t<div class=\"wppsac-post-content-position\">\r\n\t\t\t\t\t<div class=\"wppsac-post-categories\"><ul class=\"wppsac-post-categories-list\"><li><a href=\"https:\/\/www2.uepg.br\/proex\/category\/cartilhas\/\" rel=\"category\"> Cartilhas <\/a><\/li><\/ul><\/div>\r\n\t\t\t  \t<h2 class=\"wppsac-post-title\">\r\n\t\t\t<a href=\"https:\/\/www2.uepg.br\/proex\/saude-mental-e-covid-19-no-contexto-universitario\/\">Sa\u00fade mental e COVID-19 no contexto universit\u00e1rio<\/a>\r\n\t\t<\/h2>\r\n\t\t\t\t\t<\/div>\r\n<\/div>\r\n<div class=\"wppsac-carousel-slides\">\r\n\t\t\t<div class=\"wppsac-post-image-bg\">\r\n\t\t\t<a href=\"https:\/\/www2.uepg.br\/proex\/boas-praticas-em-biosseguranca-do-curso-de-odontologia\/\">\r\n\t\t\t\t<img class=\"wppsac-post-image-bg\"  src=\"https:\/\/www2.uepg.br\/proex\/wp-content\/uploads\/sites\/8\/2020\/09\/BOAS-PRATICAS-EM-BIOSSEGURANCA-DO-CURSO-DE-ODONTOLOGIA-200x300.png\" alt=\"BOAS PR\u00c1TICAS EM BIOSSEGURAN\u00c7A DO CURSO DE ODONTOLOGIA DA UEPG PARA A PREVEN\u00c7\u00c3O DE INFEC\u00c7\u00c3O DE COVID-19\" \/>\r\n\t\t\t<\/a>\r\n\t\t<\/div>\r\n\t\t<div class=\"wppsac-post-content-position\">\r\n\t\t\t\t\t<div class=\"wppsac-post-categories\"><ul class=\"wppsac-post-categories-list\"><li><a href=\"https:\/\/www2.uepg.br\/proex\/category\/cartilhas\/\" rel=\"category\"> Cartilhas <\/a><\/li><\/ul><\/div>\r\n\t\t\t  \t<h2 class=\"wppsac-post-title\">\r\n\t\t\t<a href=\"https:\/\/www2.uepg.br\/proex\/boas-praticas-em-biosseguranca-do-curso-de-odontologia\/\">BOAS PR\u00c1TICAS EM BIOSSEGURAN\u00c7A DO CURSO DE ODONTOLOGIA DA UEPG PARA A PREVEN\u00c7\u00c3O DE INFEC\u00c7\u00c3O DE COVID-19<\/a>\r\n\t\t<\/h2>\r\n\t\t\t\t\t<\/div>\r\n<\/div>\r\n<div class=\"wppsac-carousel-slides\">\r\n\t\t\t<div class=\"wppsac-post-image-bg\">\r\n\t\t\t<a href=\"https:\/\/www2.uepg.br\/proex\/covid-19-orientacoes-para-professores\/\">\r\n\t\t\t\t<img class=\"wppsac-post-image-bg\"  src=\"https:\/\/www2.uepg.br\/proex\/wp-content\/uploads\/sites\/8\/2020\/09\/COVID-19-Orientacoes-para-PROFESSORES-211x300.png\" alt=\"COVID-19: Orienta\u00e7\u00f5es para PROFESSORES\" \/>\r\n\t\t\t<\/a>\r\n\t\t<\/div>\r\n\t\t<div class=\"wppsac-post-content-position\">\r\n\t\t\t\t\t<div class=\"wppsac-post-categories\"><ul class=\"wppsac-post-categories-list\"><li><a href=\"https:\/\/www2.uepg.br\/proex\/category\/cartilhas\/\" rel=\"category\"> Cartilhas <\/a><\/li><\/ul><\/div>\r\n\t\t\t  \t<h2 class=\"wppsac-post-title\">\r\n\t\t\t<a href=\"https:\/\/www2.uepg.br\/proex\/covid-19-orientacoes-para-professores\/\">COVID-19: Orienta\u00e7\u00f5es para PROFESSORES<\/a>\r\n\t\t<\/h2>\r\n\t\t\t\t\t<\/div>\r\n<\/div>\r\n<div class=\"wppsac-carousel-slides\">\r\n\t\t\t<div class=\"wppsac-post-image-bg\">\r\n\t\t\t<a href=\"https:\/\/www2.uepg.br\/proex\/sars-cov-2-e-a-covid-19\/\">\r\n\t\t\t\t<img class=\"wppsac-post-image-bg\"  src=\"https:\/\/www2.uepg.br\/proex\/wp-content\/uploads\/sites\/8\/2020\/07\/Aspectos-patologicos06-07-211x300.png\" alt=\"SARS-COV-2 e a COVID-19\" \/>\r\n\t\t\t<\/a>\r\n\t\t<\/div>\r\n\t\t<div class=\"wppsac-post-content-position\">\r\n\t\t\t\t\t<div class=\"wppsac-post-categories\"><ul class=\"wppsac-post-categories-list\"><li><a href=\"https:\/\/www2.uepg.br\/proex\/category\/cartilhas\/\" rel=\"category\"> Cartilhas <\/a><\/li><\/ul><\/div>\r\n\t\t\t  \t<h2 class=\"wppsac-post-title\">\r\n\t\t\t<a href=\"https:\/\/www2.uepg.br\/proex\/sars-cov-2-e-a-covid-19\/\">SARS-COV-2 e a COVID-19<\/a>\r\n\t\t<\/h2>\r\n\t\t\t\t\t<\/div>\r\n<\/div>\r\n<div class=\"wppsac-carousel-slides\">\r\n\t\t\t<div class=\"wppsac-post-image-bg\">\r\n\t\t\t<a href=\"https:\/\/www2.uepg.br\/proex\/covid-19-orientacoes-para-idosos-e-cuidadores\/\">\r\n\t\t\t\t<img class=\"wppsac-post-image-bg\"  src=\"https:\/\/www2.uepg.br\/proex\/wp-content\/uploads\/sites\/8\/2020\/06\/COVID-19-Orientac\u0327o\u0303es-para-idosos-e-cuidadores-211x300.png\" alt=\"COVID-19: Orienta\u00e7\u00f5es para idosos e cuidadores\" \/>\r\n\t\t\t<\/a>\r\n\t\t<\/div>\r\n\t\t<div class=\"wppsac-post-content-position\">\r\n\t\t\t\t\t<div class=\"wppsac-post-categories\"><ul class=\"wppsac-post-categories-list\"><li><a href=\"https:\/\/www2.uepg.br\/proex\/category\/cartilhas\/\" rel=\"category\"> Cartilhas <\/a><\/li><\/ul><\/div>\r\n\t\t\t  \t<h2 class=\"wppsac-post-title\">\r\n\t\t\t<a href=\"https:\/\/www2.uepg.br\/proex\/covid-19-orientacoes-para-idosos-e-cuidadores\/\">COVID-19: Orienta\u00e7\u00f5es para idosos e cuidadores<\/a>\r\n\t\t<\/h2>\r\n\t\t\t\t\t<\/div>\r\n<\/div>\r\n<div class=\"wppsac-carousel-slides\">\r\n\t\t\t<div class=\"wppsac-post-image-bg\">\r\n\t\t\t<a href=\"https:\/\/www2.uepg.br\/proex\/manejo-da-infeccao-pelo-novo-coronavirus\/\">\r\n\t\t\t\t<img class=\"wppsac-post-image-bg\"  src=\"https:\/\/www2.uepg.br\/proex\/wp-content\/uploads\/sites\/8\/2020\/06\/Manejo-da-infeccao-211x300.png\" alt=\"MANEJO DA INFEC\u00c7\u00c3O PELO NOVO CORONAV\u00cdRUS\" \/>\r\n\t\t\t<\/a>\r\n\t\t<\/div>\r\n\t\t<div class=\"wppsac-post-content-position\">\r\n\t\t\t\t\t<div class=\"wppsac-post-categories\"><ul class=\"wppsac-post-categories-list\"><li><a href=\"https:\/\/www2.uepg.br\/proex\/category\/cartilhas\/\" rel=\"category\"> Cartilhas <\/a><\/li><\/ul><\/div>\r\n\t\t\t  \t<h2 class=\"wppsac-post-title\">\r\n\t\t\t<a href=\"https:\/\/www2.uepg.br\/proex\/manejo-da-infeccao-pelo-novo-coronavirus\/\">MANEJO DA INFEC\u00c7\u00c3O PELO NOVO CORONAV\u00cdRUS<\/a>\r\n\t\t<\/h2>\r\n\t\t\t\t\t<\/div>\r\n<\/div>\r\n<div class=\"wppsac-carousel-slides\">\r\n\t\t\t<div class=\"wppsac-post-image-bg\">\r\n\t\t\t<a href=\"https:\/\/www2.uepg.br\/proex\/sars-cov-2-covid-19-aspectos-fundamentais\/\">\r\n\t\t\t\t<img class=\"wppsac-post-image-bg\"  src=\"https:\/\/www2.uepg.br\/proex\/wp-content\/uploads\/sites\/8\/2020\/06\/Aspectos-fundamentais-12-08-211x300.png\" alt=\"SARS-COV-2 &amp; COVID-19: aspectos fundamentais\" \/>\r\n\t\t\t<\/a>\r\n\t\t<\/div>\r\n\t\t<div class=\"wppsac-post-content-position\">\r\n\t\t\t\t\t<div class=\"wppsac-post-categories\"><ul class=\"wppsac-post-categories-list\"><li><a href=\"https:\/\/www2.uepg.br\/proex\/category\/cartilhas\/\" rel=\"category\"> Cartilhas <\/a><\/li><\/ul><\/div>\r\n\t\t\t  \t<h2 class=\"wppsac-post-title\">\r\n\t\t\t<a href=\"https:\/\/www2.uepg.br\/proex\/sars-cov-2-covid-19-aspectos-fundamentais\/\">SARS-COV-2 &amp; COVID-19: aspectos fundamentais<\/a>\r\n\t\t<\/h2>\r\n\t\t\t\t\t<\/div>\r\n<\/div>\r\n<div class=\"wppsac-carousel-slides\">\r\n\t\t\t<div class=\"wppsac-post-image-bg\">\r\n\t\t\t<a href=\"https:\/\/www2.uepg.br\/proex\/covid-19-orientacoes-a-populacao-em-situacao-de-rua\/\">\r\n\t\t\t\t<img class=\"wppsac-post-image-bg\"  src=\"https:\/\/www2.uepg.br\/proex\/wp-content\/uploads\/sites\/8\/2020\/06\/Pessoas-em-situacao-de-rua-1-210x300.png\" alt=\"COVID-19: Orienta\u00e7\u00f5es \u00e0 popula\u00e7\u00e3o em situa\u00e7\u00e3o de rua\" \/>\r\n\t\t\t<\/a>\r\n\t\t<\/div>\r\n\t\t<div class=\"wppsac-post-content-position\">\r\n\t\t\t\t\t<div class=\"wppsac-post-categories\"><ul class=\"wppsac-post-categories-list\"><li><a href=\"https:\/\/www2.uepg.br\/proex\/category\/cartilhas\/\" rel=\"category\"> Cartilhas <\/a><\/li><\/ul><\/div>\r\n\t\t\t  \t<h2 class=\"wppsac-post-title\">\r\n\t\t\t<a href=\"https:\/\/www2.uepg.br\/proex\/covid-19-orientacoes-a-populacao-em-situacao-de-rua\/\">COVID-19: Orienta\u00e7\u00f5es \u00e0 popula\u00e7\u00e3o em situa\u00e7\u00e3o de rua<\/a>\r\n\t\t<\/h2>\r\n\t\t\t\t\t<\/div>\r\n<\/div>\r\n<div class=\"wppsac-carousel-slides\">\r\n\t\t\t<div class=\"wppsac-post-image-bg\">\r\n\t\t\t<a href=\"https:\/\/www2.uepg.br\/proex\/covid-19-e-alimentacao\/\">\r\n\t\t\t\t<img class=\"wppsac-post-image-bg\"  src=\"https:\/\/www2.uepg.br\/proex\/wp-content\/uploads\/sites\/8\/2020\/06\/Covid-19-e-Alimentac\u0327a\u0303o-03-06-211x300.png\" alt=\"COVID-19 e ALIMENTA\u00c7\u00c3O\" \/>\r\n\t\t\t<\/a>\r\n\t\t<\/div>\r\n\t\t<div class=\"wppsac-post-content-position\">\r\n\t\t\t\t\t<div class=\"wppsac-post-categories\"><ul class=\"wppsac-post-categories-list\"><li><a href=\"https:\/\/www2.uepg.br\/proex\/category\/cartilhas\/\" rel=\"category\"> Cartilhas <\/a><\/li><\/ul><\/div>\r\n\t\t\t  \t<h2 class=\"wppsac-post-title\">\r\n\t\t\t<a href=\"https:\/\/www2.uepg.br\/proex\/covid-19-e-alimentacao\/\">COVID-19 e ALIMENTA\u00c7\u00c3O<\/a>\r\n\t\t<\/h2>\r\n\t\t\t\t\t<\/div>\r\n<\/div>\r\n<div class=\"wppsac-carousel-slides\">\r\n\t\t\t<div class=\"wppsac-post-image-bg\">\r\n\t\t\t<a href=\"https:\/\/www2.uepg.br\/proex\/covid-19-orientacoes-para-criancas-e-responsaveis\/\">\r\n\t\t\t\t<img class=\"wppsac-post-image-bg\"  src=\"https:\/\/www2.uepg.br\/proex\/wp-content\/uploads\/sites\/8\/2020\/05\/Criancas-e-responsaveis-1-213x300.png\" alt=\"COVID-19: orienta\u00e7\u00f5es para crian\u00e7as e respons\u00e1veis\" \/>\r\n\t\t\t<\/a>\r\n\t\t<\/div>\r\n\t\t<div class=\"wppsac-post-content-position\">\r\n\t\t\t\t\t<div class=\"wppsac-post-categories\"><ul class=\"wppsac-post-categories-list\"><li><a href=\"https:\/\/www2.uepg.br\/proex\/category\/cartilhas\/\" rel=\"category\"> Cartilhas <\/a><\/li><\/ul><\/div>\r\n\t\t\t  \t<h2 class=\"wppsac-post-title\">\r\n\t\t\t<a href=\"https:\/\/www2.uepg.br\/proex\/covid-19-orientacoes-para-criancas-e-responsaveis\/\">COVID-19: orienta\u00e7\u00f5es para crian\u00e7as e respons\u00e1veis<\/a>\r\n\t\t<\/h2>\r\n\t\t\t\t\t<\/div>\r\n<\/div>\r\n<div class=\"wppsac-carousel-slides\">\r\n\t\t\t<div class=\"wppsac-post-image-bg\">\r\n\t\t\t<a href=\"https:\/\/www2.uepg.br\/proex\/vida-e-futuro\/\">\r\n\t\t\t\t<img class=\"wppsac-post-image-bg\"  src=\"https:\/\/www2.uepg.br\/proex\/wp-content\/uploads\/sites\/8\/2020\/05\/Vida-e-futuro-as-relacoes-sociais-e-economicas-durante-e-pos-coronavirus-208x300.png\" alt=\"Vida e futuro &#8211; as rela\u00e7\u00f5es sociais e econ\u00f4micas durante e p\u00f3s coronav\u00edrus\" \/>\r\n\t\t\t<\/a>\r\n\t\t<\/div>\r\n\t\t<div class=\"wppsac-post-content-position\">\r\n\t\t\t\t\t<div class=\"wppsac-post-categories\"><ul class=\"wppsac-post-categories-list\"><li><a href=\"https:\/\/www2.uepg.br\/proex\/category\/cartilhas\/\" rel=\"category\"> Cartilhas <\/a><\/li><\/ul><\/div>\r\n\t\t\t  \t<h2 class=\"wppsac-post-title\">\r\n\t\t\t<a href=\"https:\/\/www2.uepg.br\/proex\/vida-e-futuro\/\">Vida e futuro &#8211; as rela\u00e7\u00f5es sociais e econ\u00f4micas durante e p\u00f3s coronav\u00edrus<\/a>\r\n\t\t<\/h2>\r\n\t\t\t\t\t<\/div>\r\n<\/div>\r\n<div class=\"wppsac-carousel-slides\">\r\n\t\t\t<div class=\"wppsac-post-image-bg\">\r\n\t\t\t<a href=\"https:\/\/www2.uepg.br\/proex\/covid-19-orientacoes-para-gestantes-e-puerperas\/\">\r\n\t\t\t\t<img class=\"wppsac-post-image-bg\"  src=\"https:\/\/www2.uepg.br\/proex\/wp-content\/uploads\/sites\/8\/2020\/04\/EB-Covid19-Gestantes-e-Puerperas-210x300.png\" alt=\"COVID-19: Orienta\u00e7\u00f5es para gestantes e pu\u00e9rperas\" \/>\r\n\t\t\t<\/a>\r\n\t\t<\/div>\r\n\t\t<div class=\"wppsac-post-content-position\">\r\n\t\t\t\t\t<div class=\"wppsac-post-categories\"><ul class=\"wppsac-post-categories-list\"><li><a href=\"https:\/\/www2.uepg.br\/proex\/category\/cartilhas\/\" rel=\"category\"> Cartilhas <\/a><\/li><\/ul><\/div>\r\n\t\t\t  \t<h2 class=\"wppsac-post-title\">\r\n\t\t\t<a href=\"https:\/\/www2.uepg.br\/proex\/covid-19-orientacoes-para-gestantes-e-puerperas\/\">COVID-19: Orienta\u00e7\u00f5es para gestantes e pu\u00e9rperas<\/a>\r\n\t\t<\/h2>\r\n\t\t\t\t\t<\/div>\r\n<\/div>\r\n<div class=\"wppsac-carousel-slides\">\r\n\t\t\t<div class=\"wppsac-post-image-bg\">\r\n\t\t\t<a href=\"https:\/\/www2.uepg.br\/proex\/covid-19-orientacoes-para-grupos-de-risco\/\">\r\n\t\t\t\t<img class=\"wppsac-post-image-bg\"  src=\"https:\/\/www2.uepg.br\/proex\/wp-content\/uploads\/sites\/8\/2020\/04\/Covid-19-Grupo-Risco-UEPG-SETI-211x300.png\" alt=\"COVID-19 Orienta\u00e7\u00f5es para grupos de risco\" \/>\r\n\t\t\t<\/a>\r\n\t\t<\/div>\r\n\t\t<div class=\"wppsac-post-content-position\">\r\n\t\t\t\t\t<div class=\"wppsac-post-categories\"><ul class=\"wppsac-post-categories-list\"><li><a href=\"https:\/\/www2.uepg.br\/proex\/category\/cartilhas\/\" rel=\"category\"> Cartilhas <\/a><\/li><\/ul><\/div>\r\n\t\t\t  \t<h2 class=\"wppsac-post-title\">\r\n\t\t\t<a href=\"https:\/\/www2.uepg.br\/proex\/covid-19-orientacoes-para-grupos-de-risco\/\">COVID-19 Orienta\u00e7\u00f5es para grupos de risco<\/a>\r\n\t\t<\/h2>\r\n\t\t\t\t\t<\/div>\r\n<\/div>\t\t\t<\/div>\r\n\t\t\t<div class=\"wppsac-carousel-conf wppsac-hide\" data-conf=\"{&quot;slides_to_show&quot;:&quot;4&quot;,&quot;slides_to_scroll&quot;:1,&quot;dots&quot;:&quot;false&quot;,&quot;arrows&quot;:&quot;true&quot;,&quot;autoplay&quot;:&quot;true&quot;,&quot;autoplay_interval&quot;:&quot;19500&quot;,&quot;speed&quot;:500,&quot;rtl&quot;:&quot;false&quot;,&quot;lazyload&quot;:&quot;&quot;}\"><\/div>\r\n\t\t<\/div>\r\n\t\n<h3 style=\"text-align: center\"><strong>Cole\u00e7\u00e3o Imag\u00e9tica<\/strong><\/h3>\n\t\t<div class=\"wppsac-slick-carousel-wrp wppsac-clearfix \">\r\n\t\t\t<div id=\"wppsac-post-carousel-3\" class=\"wppsac-post-slider-init wppsac-post-carousel design-1\">\r\n\t\t\t\t\r\n<div class=\"wppsac-carousel-slides\">\r\n\t\t\t<div class=\"wppsac-post-image-bg\">\r\n\t\t\t<a href=\"https:\/\/www2.uepg.br\/proex\/colecao-imagetica-fotografia-e-fotojornalismo-vol-6-curitiba\/\">\r\n\t\t\t\t<img class=\"wppsac-post-image-bg\"  src=\"https:\/\/www2.uepg.br\/proex\/wp-content\/uploads\/sites\/8\/2020\/03\/LIVRO_COLECAO-IMAGETICA-VOL-6-CURITIBA-1-300x211.png\" alt=\"Cole\u00e7\u00e3o Imag\u00e9tica &#8211; Fotografia e Fotojornalismo &#8211; Vol.6 &#8211; Curitiba\" \/>\r\n\t\t\t<\/a>\r\n\t\t<\/div>\r\n\t\t<div class=\"wppsac-post-content-position\">\r\n\t\t\t\t\t<div class=\"wppsac-post-categories\"><ul class=\"wppsac-post-categories-list\"><li><a href=\"https:\/\/www2.uepg.br\/proex\/category\/colecao-imagetica-fotografia-e-fotojornalismo\/\" rel=\"category\"> Cole\u00e7\u00e3o Imag\u00e9tica - Fotografia e Fotojornalismo <\/a><\/li><\/ul><\/div>\r\n\t\t\t  \t<h2 class=\"wppsac-post-title\">\r\n\t\t\t<a href=\"https:\/\/www2.uepg.br\/proex\/colecao-imagetica-fotografia-e-fotojornalismo-vol-6-curitiba\/\">Cole\u00e7\u00e3o Imag\u00e9tica &#8211; Fotografia e Fotojornalismo &#8211; Vol.6 &#8211; Curitiba<\/a>\r\n\t\t<\/h2>\r\n\t\t\t\t\t<\/div>\r\n<\/div>\r\n<div class=\"wppsac-carousel-slides\">\r\n\t\t\t<div class=\"wppsac-post-image-bg\">\r\n\t\t\t<a href=\"https:\/\/www2.uepg.br\/proex\/colecao-imagetica-fotografia-e-fotojornalismo-vol-5-castro\/\">\r\n\t\t\t\t<img class=\"wppsac-post-image-bg\"  src=\"https:\/\/www2.uepg.br\/proex\/wp-content\/uploads\/sites\/8\/2018\/10\/COLECAO-IMAGETICA-VOL-5-CASTRO-300x212.png\" alt=\"Cole\u00e7\u00e3o Imag\u00e9tica &#8211; Fotografia e Fotojornalismo &#8211; Vol.5 &#8211; Castro\" \/>\r\n\t\t\t<\/a>\r\n\t\t<\/div>\r\n\t\t<div class=\"wppsac-post-content-position\">\r\n\t\t\t\t\t<div class=\"wppsac-post-categories\"><ul class=\"wppsac-post-categories-list\"><li><a href=\"https:\/\/www2.uepg.br\/proex\/category\/colecao-imagetica-fotografia-e-fotojornalismo\/\" rel=\"category\"> Cole\u00e7\u00e3o Imag\u00e9tica - Fotografia e Fotojornalismo <\/a><\/li><\/ul><\/div>\r\n\t\t\t  \t<h2 class=\"wppsac-post-title\">\r\n\t\t\t<a href=\"https:\/\/www2.uepg.br\/proex\/colecao-imagetica-fotografia-e-fotojornalismo-vol-5-castro\/\">Cole\u00e7\u00e3o Imag\u00e9tica &#8211; Fotografia e Fotojornalismo &#8211; Vol.5 &#8211; Castro<\/a>\r\n\t\t<\/h2>\r\n\t\t\t\t\t<\/div>\r\n<\/div>\r\n<div class=\"wppsac-carousel-slides\">\r\n\t\t\t<div class=\"wppsac-post-image-bg\">\r\n\t\t\t<a href=\"https:\/\/www2.uepg.br\/proex\/colecao-imagetica-fotografia-e-fotojornalismo-vol-4-morretes\/\">\r\n\t\t\t\t<img class=\"wppsac-post-image-bg\"  src=\"https:\/\/www2.uepg.br\/proex\/wp-content\/uploads\/sites\/8\/2018\/10\/COLECAO-IMAGETICA-VOL-4-MORRETES-300x228.png\" alt=\"Cole\u00e7\u00e3o Imag\u00e9tica &#8211; Fotografia e Fotojornalismo &#8211; Vol.4 &#8211; Morretes\" \/>\r\n\t\t\t<\/a>\r\n\t\t<\/div>\r\n\t\t<div class=\"wppsac-post-content-position\">\r\n\t\t\t\t\t<div class=\"wppsac-post-categories\"><ul class=\"wppsac-post-categories-list\"><li><a href=\"https:\/\/www2.uepg.br\/proex\/category\/colecao-imagetica-fotografia-e-fotojornalismo\/\" rel=\"category\"> Cole\u00e7\u00e3o Imag\u00e9tica - Fotografia e Fotojornalismo <\/a><\/li><\/ul><\/div>\r\n\t\t\t  \t<h2 class=\"wppsac-post-title\">\r\n\t\t\t<a href=\"https:\/\/www2.uepg.br\/proex\/colecao-imagetica-fotografia-e-fotojornalismo-vol-4-morretes\/\">Cole\u00e7\u00e3o Imag\u00e9tica &#8211; Fotografia e Fotojornalismo &#8211; Vol.4 &#8211; Morretes<\/a>\r\n\t\t<\/h2>\r\n\t\t\t\t\t<\/div>\r\n<\/div>\r\n<div class=\"wppsac-carousel-slides\">\r\n\t\t\t<div class=\"wppsac-post-image-bg\">\r\n\t\t\t<a href=\"https:\/\/www2.uepg.br\/proex\/colecao-imagetica-fotografia-e-fotojornalismo-vol-3-ponta-grossa\/\">\r\n\t\t\t\t<img class=\"wppsac-post-image-bg\"  src=\"https:\/\/www2.uepg.br\/proex\/wp-content\/uploads\/sites\/8\/2018\/10\/COLECAO-IMAGETICA-VOL-3-PONTA-GROSSA-300x225.png\" alt=\"Cole\u00e7\u00e3o Imag\u00e9tica &#8211; Fotografia e Fotojornalismo &#8211; Vol.3 &#8211; Ponta Grossa\" \/>\r\n\t\t\t<\/a>\r\n\t\t<\/div>\r\n\t\t<div class=\"wppsac-post-content-position\">\r\n\t\t\t\t\t<div class=\"wppsac-post-categories\"><ul class=\"wppsac-post-categories-list\"><li><a href=\"https:\/\/www2.uepg.br\/proex\/category\/colecao-imagetica-fotografia-e-fotojornalismo\/\" rel=\"category\"> Cole\u00e7\u00e3o Imag\u00e9tica - Fotografia e Fotojornalismo <\/a><\/li><\/ul><\/div>\r\n\t\t\t  \t<h2 class=\"wppsac-post-title\">\r\n\t\t\t<a href=\"https:\/\/www2.uepg.br\/proex\/colecao-imagetica-fotografia-e-fotojornalismo-vol-3-ponta-grossa\/\">Cole\u00e7\u00e3o Imag\u00e9tica &#8211; Fotografia e Fotojornalismo &#8211; Vol.3 &#8211; Ponta Grossa<\/a>\r\n\t\t<\/h2>\r\n\t\t\t\t\t<\/div>\r\n<\/div>\r\n<div class=\"wppsac-carousel-slides\">\r\n\t\t\t<div class=\"wppsac-post-image-bg\">\r\n\t\t\t<a href=\"https:\/\/www2.uepg.br\/proex\/colecao-imagetica-fotografia-e-fotojornalismo-vol-2-paranagua\/\">\r\n\t\t\t\t<img class=\"wppsac-post-image-bg\"  src=\"https:\/\/www2.uepg.br\/proex\/wp-content\/uploads\/sites\/8\/2018\/10\/Paginas-de-colec3a7c3a3o-imagc3a9tica-2-300x228.png\" alt=\"Cole\u00e7\u00e3o Imag\u00e9tica &#8211; Fotografia e Fotojornalismo &#8211; Vol.2 &#8211; Paranagu\u00e1\" \/>\r\n\t\t\t<\/a>\r\n\t\t<\/div>\r\n\t\t<div class=\"wppsac-post-content-position\">\r\n\t\t\t\t\t<div class=\"wppsac-post-categories\"><ul class=\"wppsac-post-categories-list\"><li><a href=\"https:\/\/www2.uepg.br\/proex\/category\/colecao-imagetica-fotografia-e-fotojornalismo\/\" rel=\"category\"> Cole\u00e7\u00e3o Imag\u00e9tica - Fotografia e Fotojornalismo <\/a><\/li><\/ul><\/div>\r\n\t\t\t  \t<h2 class=\"wppsac-post-title\">\r\n\t\t\t<a href=\"https:\/\/www2.uepg.br\/proex\/colecao-imagetica-fotografia-e-fotojornalismo-vol-2-paranagua\/\">Cole\u00e7\u00e3o Imag\u00e9tica &#8211; Fotografia e Fotojornalismo &#8211; Vol.2 &#8211; Paranagu\u00e1<\/a>\r\n\t\t<\/h2>\r\n\t\t\t\t\t<\/div>\r\n<\/div>\r\n<div class=\"wppsac-carousel-slides\">\r\n\t\t\t<div class=\"wppsac-post-image-bg\">\r\n\t\t\t<a href=\"https:\/\/www2.uepg.br\/proex\/colecao-imagetica-fotografia-e-fotojornalismo-vol-1-lapa\/\">\r\n\t\t\t\t<img class=\"wppsac-post-image-bg\"  src=\"https:\/\/www2.uepg.br\/proex\/wp-content\/uploads\/sites\/8\/2018\/10\/COLECAO-IMAGETICA-VOL-1-LAPA-1-300x225.png\" alt=\"Cole\u00e7\u00e3o Imag\u00e9tica &#8211; Fotografia e Fotojornalismo &#8211; Vol.1 &#8211; Lapa\" \/>\r\n\t\t\t<\/a>\r\n\t\t<\/div>\r\n\t\t<div class=\"wppsac-post-content-position\">\r\n\t\t\t\t\t<div class=\"wppsac-post-categories\"><ul class=\"wppsac-post-categories-list\"><li><a href=\"https:\/\/www2.uepg.br\/proex\/category\/colecao-imagetica-fotografia-e-fotojornalismo\/\" rel=\"category\"> Cole\u00e7\u00e3o Imag\u00e9tica - Fotografia e Fotojornalismo <\/a><\/li><\/ul><\/div>\r\n\t\t\t  \t<h2 class=\"wppsac-post-title\">\r\n\t\t\t<a href=\"https:\/\/www2.uepg.br\/proex\/colecao-imagetica-fotografia-e-fotojornalismo-vol-1-lapa\/\">Cole\u00e7\u00e3o Imag\u00e9tica &#8211; Fotografia e Fotojornalismo &#8211; Vol.1 &#8211; Lapa<\/a>\r\n\t\t<\/h2>\r\n\t\t\t\t\t<\/div>\r\n<\/div>\t\t\t<\/div>\r\n\t\t\t<div class=\"wppsac-carousel-conf wppsac-hide\" data-conf=\"{&quot;slides_to_show&quot;:&quot;4&quot;,&quot;slides_to_scroll&quot;:1,&quot;dots&quot;:&quot;false&quot;,&quot;arrows&quot;:&quot;true&quot;,&quot;autoplay&quot;:&quot;true&quot;,&quot;autoplay_interval&quot;:&quot;19500&quot;,&quot;speed&quot;:500,&quot;rtl&quot;:&quot;false&quot;,&quot;lazyload&quot;:&quot;&quot;}\"><\/div>\r\n\t\t<\/div>\r\n\t\n<p>&nbsp;<\/p>\n<h3 style=\"text-align: center\"><strong>M\u00eddias Contempor\u00e2neas<\/strong><\/h3>\n\t\t<div class=\"wppsac-slick-carousel-wrp wppsac-clearfix \">\r\n\t\t\t<div id=\"wppsac-post-carousel-4\" class=\"wppsac-post-slider-init wppsac-post-carousel design-1\">\r\n\t\t\t\t\r\n<div class=\"wppsac-carousel-slides\">\r\n\t\t\t<div class=\"wppsac-post-image-bg\">\r\n\t\t\t<a href=\"https:\/\/www2.uepg.br\/proex\/midias-contemporaneas-volume-iii\/\">\r\n\t\t\t\t<img class=\"wppsac-post-image-bg\"  src=\"https:\/\/www2.uepg.br\/proex\/wp-content\/uploads\/sites\/8\/2021\/06\/Midias-Contemporaneas-volume-3-212x300.png\" alt=\"M\u00eddias contempor\u00e2neas &#8211; Volume III\" \/>\r\n\t\t\t<\/a>\r\n\t\t<\/div>\r\n\t\t<div class=\"wppsac-post-content-position\">\r\n\t\t\t\t\t<div class=\"wppsac-post-categories\"><ul class=\"wppsac-post-categories-list\"><li><a href=\"https:\/\/www2.uepg.br\/proex\/category\/midias-contemporaneas\/\" rel=\"category\"> M\u00eddias Contempor\u00e2neas <\/a><\/li><\/ul><\/div>\r\n\t\t\t  \t<h2 class=\"wppsac-post-title\">\r\n\t\t\t<a href=\"https:\/\/www2.uepg.br\/proex\/midias-contemporaneas-volume-iii\/\">M\u00eddias contempor\u00e2neas &#8211; Volume III<\/a>\r\n\t\t<\/h2>\r\n\t\t\t\t\t<\/div>\r\n<\/div>\r\n<div class=\"wppsac-carousel-slides\">\r\n\t\t\t<div class=\"wppsac-post-image-bg\">\r\n\t\t\t<a href=\"https:\/\/www2.uepg.br\/proex\/midias-contemporaneas-convergencias-midiaticas-educacao-e-cidadania-aproximacoes-jovens-volume-ii\/\">\r\n\t\t\t\t<img class=\"wppsac-post-image-bg\"  src=\"https:\/\/www2.uepg.br\/proex\/wp-content\/uploads\/sites\/8\/2018\/10\/capas-mc3addias-contemporc3a2neas-v2-205x300.png\" alt=\"M\u00eddias Contempor\u00e2neas: Converg\u00eancias Midi\u00e1ticas, Educa\u00e7\u00e3o e Cidadania: aproxima\u00e7\u00f5es jovens [ Volume II ]\" \/>\r\n\t\t\t<\/a>\r\n\t\t<\/div>\r\n\t\t<div class=\"wppsac-post-content-position\">\r\n\t\t\t\t\t<div class=\"wppsac-post-categories\"><ul class=\"wppsac-post-categories-list\"><li><a href=\"https:\/\/www2.uepg.br\/proex\/category\/midias-contemporaneas\/\" rel=\"category\"> M\u00eddias Contempor\u00e2neas <\/a><\/li><\/ul><\/div>\r\n\t\t\t  \t<h2 class=\"wppsac-post-title\">\r\n\t\t\t<a href=\"https:\/\/www2.uepg.br\/proex\/midias-contemporaneas-convergencias-midiaticas-educacao-e-cidadania-aproximacoes-jovens-volume-ii\/\">M\u00eddias Contempor\u00e2neas: Converg\u00eancias Midi\u00e1ticas, Educa\u00e7\u00e3o e Cidadania: aproxima\u00e7\u00f5es jovens [ Volume II ]<\/a>\r\n\t\t<\/h2>\r\n\t\t\t\t\t<\/div>\r\n<\/div>\r\n<div class=\"wppsac-carousel-slides\">\r\n\t\t\t<div class=\"wppsac-post-image-bg\">\r\n\t\t\t<a href=\"https:\/\/www2.uepg.br\/proex\/midias-contemporaneas-possibilidades-e-desafios-volume-i\/\">\r\n\t\t\t\t<img class=\"wppsac-post-image-bg\"  src=\"https:\/\/www2.uepg.br\/proex\/wp-content\/uploads\/sites\/8\/2018\/10\/MIDIAS-CONTEMPORANEAS-VOL1-EBOOK-MORALES-OFELIA-SOUZA-CARLOS-DEZ.-2014-212x300.png\" alt=\"M\u00eddias Contempor\u00e2neas: possibilidades e desafios [ Volume I ]\" \/>\r\n\t\t\t<\/a>\r\n\t\t<\/div>\r\n\t\t<div class=\"wppsac-post-content-position\">\r\n\t\t\t\t\t<div class=\"wppsac-post-categories\"><ul class=\"wppsac-post-categories-list\"><li><a href=\"https:\/\/www2.uepg.br\/proex\/category\/midias-contemporaneas\/\" rel=\"category\"> M\u00eddias Contempor\u00e2neas <\/a><\/li><\/ul><\/div>\r\n\t\t\t  \t<h2 class=\"wppsac-post-title\">\r\n\t\t\t<a href=\"https:\/\/www2.uepg.br\/proex\/midias-contemporaneas-possibilidades-e-desafios-volume-i\/\">M\u00eddias Contempor\u00e2neas: possibilidades e desafios [ Volume I ]<\/a>\r\n\t\t<\/h2>\r\n\t\t\t\t\t<\/div>\r\n<\/div>\t\t\t<\/div>\r\n\t\t\t<div class=\"wppsac-carousel-conf wppsac-hide\" data-conf=\"{&quot;slides_to_show&quot;:&quot;4&quot;,&quot;slides_to_scroll&quot;:1,&quot;dots&quot;:&quot;false&quot;,&quot;arrows&quot;:&quot;true&quot;,&quot;autoplay&quot;:&quot;true&quot;,&quot;autoplay_interval&quot;:&quot;19500&quot;,&quot;speed&quot;:500,&quot;rtl&quot;:&quot;false&quot;,&quot;lazyload&quot;:&quot;&quot;}\"><\/div>\r\n\t\t<\/div>\r\n\t\n<p>&nbsp;<\/p>\n<h3 style=\"text-align: center\"><strong>Edi\u00e7\u00f5es do CEAI\/LET<\/strong><\/h3>\n\t\t<div class=\"wppsac-slick-carousel-wrp wppsac-clearfix \">\r\n\t\t\t<div id=\"wppsac-post-carousel-5\" class=\"wppsac-post-slider-init wppsac-post-carousel design-1\">\r\n\t\t\t\t\r\n<div class=\"wppsac-carousel-slides\">\r\n\t\t\t<div class=\"wppsac-post-image-bg\">\r\n\t\t\t<a href=\"https:\/\/www2.uepg.br\/proex\/historias-de-um-guarani\/\">\r\n\t\t\t\t<img class=\"wppsac-post-image-bg\"  src=\"https:\/\/www2.uepg.br\/proex\/wp-content\/uploads\/sites\/8\/2023\/04\/capa-definitiva-1-300x202.jpg\" alt=\"Hist\u00f3rias de um Guarani\" \/>\r\n\t\t\t<\/a>\r\n\t\t<\/div>\r\n\t\t<div class=\"wppsac-post-content-position\">\r\n\t\t\t\t\t<div class=\"wppsac-post-categories\"><ul class=\"wppsac-post-categories-list\"><li><a href=\"https:\/\/www2.uepg.br\/proex\/category\/edicoes-do-ceai-let\/\" rel=\"category\"> Edi\u00e7\u00f5es do CEAI\/LET <\/a><\/li><\/ul><\/div>\r\n\t\t\t  \t<h2 class=\"wppsac-post-title\">\r\n\t\t\t<a href=\"https:\/\/www2.uepg.br\/proex\/historias-de-um-guarani\/\">Hist\u00f3rias de um Guarani<\/a>\r\n\t\t<\/h2>\r\n\t\t\t\t\t<\/div>\r\n<\/div>\r\n<div class=\"wppsac-carousel-slides\">\r\n\t\t\t<div class=\"wppsac-post-image-bg\">\r\n\t\t\t<a href=\"https:\/\/www2.uepg.br\/proex\/remedios-kaingang\/\">\r\n\t\t\t\t<img class=\"wppsac-post-image-bg\"  src=\"https:\/\/www2.uepg.br\/proex\/wp-content\/uploads\/sites\/8\/2023\/04\/capa-remedios-kaingang-1-200x300.jpg\" alt=\"Rem\u00e9dios Kaingang\" \/>\r\n\t\t\t<\/a>\r\n\t\t<\/div>\r\n\t\t<div class=\"wppsac-post-content-position\">\r\n\t\t\t\t\t<div class=\"wppsac-post-categories\"><ul class=\"wppsac-post-categories-list\"><li><a href=\"https:\/\/www2.uepg.br\/proex\/category\/edicoes-do-ceai-let\/\" rel=\"category\"> Edi\u00e7\u00f5es do CEAI\/LET <\/a><\/li><\/ul><\/div>\r\n\t\t\t  \t<h2 class=\"wppsac-post-title\">\r\n\t\t\t<a href=\"https:\/\/www2.uepg.br\/proex\/remedios-kaingang\/\">Rem\u00e9dios Kaingang<\/a>\r\n\t\t<\/h2>\r\n\t\t\t\t\t<\/div>\r\n<\/div>\r\n<div class=\"wppsac-carousel-slides\">\r\n\t\t\t<div class=\"wppsac-post-image-bg\">\r\n\t\t\t<a href=\"https:\/\/www2.uepg.br\/proex\/6568-2\/\">\r\n\t\t\t\t<img class=\"wppsac-post-image-bg\"  src=\"https:\/\/www2.uepg.br\/proex\/wp-content\/uploads\/sites\/8\/2022\/09\/A-lenda-do-fogo-ebook-300x211.png\" alt=\"E-book &#8220;A lenda do fogo&#8221;\" \/>\r\n\t\t\t<\/a>\r\n\t\t<\/div>\r\n\t\t<div class=\"wppsac-post-content-position\">\r\n\t\t\t\t\t<div class=\"wppsac-post-categories\"><ul class=\"wppsac-post-categories-list\"><li><a href=\"https:\/\/www2.uepg.br\/proex\/category\/edicoes-do-ceai-let\/\" rel=\"category\"> Edi\u00e7\u00f5es do CEAI\/LET <\/a><\/li><\/ul><\/div>\r\n\t\t\t  \t<h2 class=\"wppsac-post-title\">\r\n\t\t\t<a href=\"https:\/\/www2.uepg.br\/proex\/6568-2\/\">E-book &#8220;A lenda do fogo&#8221;<\/a>\r\n\t\t<\/h2>\r\n\t\t\t\t\t<\/div>\r\n<\/div>\r\n<div class=\"wppsac-carousel-slides\">\r\n\t\t\t<div class=\"wppsac-post-image-bg\">\r\n\t\t\t<a href=\"https:\/\/www2.uepg.br\/proex\/6564-2\/\">\r\n\t\t\t\t<img class=\"wppsac-post-image-bg\"  src=\"https:\/\/www2.uepg.br\/proex\/wp-content\/uploads\/sites\/8\/2022\/09\/WUPY-TAOWA-ebook-210x300.png\" alt=\"\" \/>\r\n\t\t\t<\/a>\r\n\t\t<\/div>\r\n\t\t<div class=\"wppsac-post-content-position\">\r\n\t\t\t\t\t<div class=\"wppsac-post-categories\"><ul class=\"wppsac-post-categories-list\"><li><a href=\"https:\/\/www2.uepg.br\/proex\/category\/edicoes-do-ceai-let\/\" rel=\"category\"> Edi\u00e7\u00f5es do CEAI\/LET <\/a><\/li><\/ul><\/div>\r\n\t\t\t  \t<h2 class=\"wppsac-post-title\">\r\n\t\t\t<a href=\"https:\/\/www2.uepg.br\/proex\/6564-2\/\"><\/a>\r\n\t\t<\/h2>\r\n\t\t\t\t\t<\/div>\r\n<\/div>\r\n<div class=\"wppsac-carousel-slides\">\r\n\t\t\t<div class=\"wppsac-post-image-bg\">\r\n\t\t\t<a href=\"https:\/\/www2.uepg.br\/proex\/venhra-diabetes-gestacional\/\">\r\n\t\t\t\t<img class=\"wppsac-post-image-bg\"  src=\"https:\/\/www2.uepg.br\/proex\/wp-content\/uploads\/sites\/8\/2022\/04\/Venhra-Diabetes-Gestacional-to-1-212x300.png\" alt=\"VENHR\u00c1 Diabetes Gestacional\" \/>\r\n\t\t\t<\/a>\r\n\t\t<\/div>\r\n\t\t<div class=\"wppsac-post-content-position\">\r\n\t\t\t\t\t<div class=\"wppsac-post-categories\"><ul class=\"wppsac-post-categories-list\"><li><a href=\"https:\/\/www2.uepg.br\/proex\/category\/edicoes-do-ceai-let\/\" rel=\"category\"> Edi\u00e7\u00f5es do CEAI\/LET <\/a><\/li><\/ul><\/div>\r\n\t\t\t  \t<h2 class=\"wppsac-post-title\">\r\n\t\t\t<a href=\"https:\/\/www2.uepg.br\/proex\/venhra-diabetes-gestacional\/\">VENHR\u00c1 Diabetes Gestacional<\/a>\r\n\t\t<\/h2>\r\n\t\t\t\t\t<\/div>\r\n<\/div>\r\n<div class=\"wppsac-carousel-slides\">\r\n\t\t\t<div class=\"wppsac-post-image-bg\">\r\n\t\t\t<a href=\"https:\/\/www2.uepg.br\/proex\/venhra-hipertensao-gestacional\/\">\r\n\t\t\t\t<img class=\"wppsac-post-image-bg\"  src=\"https:\/\/www2.uepg.br\/proex\/wp-content\/uploads\/sites\/8\/2022\/04\/Venhra-Hipertensao-gestacional-to-212x300.png\" alt=\"VENHR\u00c1 Hipertens\u00e3o Gestacional\" \/>\r\n\t\t\t<\/a>\r\n\t\t<\/div>\r\n\t\t<div class=\"wppsac-post-content-position\">\r\n\t\t\t\t\t<div class=\"wppsac-post-categories\"><ul class=\"wppsac-post-categories-list\"><li><a href=\"https:\/\/www2.uepg.br\/proex\/category\/edicoes-do-ceai-let\/\" rel=\"category\"> Edi\u00e7\u00f5es do CEAI\/LET <\/a><\/li><\/ul><\/div>\r\n\t\t\t  \t<h2 class=\"wppsac-post-title\">\r\n\t\t\t<a href=\"https:\/\/www2.uepg.br\/proex\/venhra-hipertensao-gestacional\/\">VENHR\u00c1 Hipertens\u00e3o Gestacional<\/a>\r\n\t\t<\/h2>\r\n\t\t\t\t\t<\/div>\r\n<\/div>\r\n<div class=\"wppsac-carousel-slides\">\r\n\t\t\t<div class=\"wppsac-post-image-bg\">\r\n\t\t\t<a href=\"https:\/\/www2.uepg.br\/proex\/jenky-ki-rir-ha-han-ke\/\">\r\n\t\t\t\t<img class=\"wppsac-post-image-bg\"  src=\"https:\/\/www2.uepg.br\/proex\/wp-content\/uploads\/sites\/8\/2022\/04\/capa-210x300.jpg\" alt=\"JENKY KI RIR H\u00c1 HAN KE\" \/>\r\n\t\t\t<\/a>\r\n\t\t<\/div>\r\n\t\t<div class=\"wppsac-post-content-position\">\r\n\t\t\t\t\t<div class=\"wppsac-post-categories\"><ul class=\"wppsac-post-categories-list\"><li><a href=\"https:\/\/www2.uepg.br\/proex\/category\/edicoes-do-ceai-let\/\" rel=\"category\"> Edi\u00e7\u00f5es do CEAI\/LET <\/a><\/li><\/ul><\/div>\r\n\t\t\t  \t<h2 class=\"wppsac-post-title\">\r\n\t\t\t<a href=\"https:\/\/www2.uepg.br\/proex\/jenky-ki-rir-ha-han-ke\/\">JENKY KI RIR H\u00c1 HAN KE<\/a>\r\n\t\t<\/h2>\r\n\t\t\t\t\t<\/div>\r\n<\/div>\r\n<div class=\"wppsac-carousel-slides\">\r\n\t\t\t<div class=\"wppsac-post-image-bg\">\r\n\t\t\t<a href=\"https:\/\/www2.uepg.br\/proex\/kyvenh-ki-asuka-tapry\/\">\r\n\t\t\t\t<img class=\"wppsac-post-image-bg\"  src=\"https:\/\/www2.uepg.br\/proex\/wp-content\/uploads\/sites\/8\/2022\/04\/Kyvenh-ki-asuka-tapry-225x300.png\" alt=\"KYV\u00c9NH KI ASUKA T\u00c3PRY\" \/>\r\n\t\t\t<\/a>\r\n\t\t<\/div>\r\n\t\t<div class=\"wppsac-post-content-position\">\r\n\t\t\t\t\t<div class=\"wppsac-post-categories\"><ul class=\"wppsac-post-categories-list\"><li><a href=\"https:\/\/www2.uepg.br\/proex\/category\/edicoes-do-ceai-let\/\" rel=\"category\"> Edi\u00e7\u00f5es do CEAI\/LET <\/a><\/li><\/ul><\/div>\r\n\t\t\t  \t<h2 class=\"wppsac-post-title\">\r\n\t\t\t<a href=\"https:\/\/www2.uepg.br\/proex\/kyvenh-ki-asuka-tapry\/\">KYV\u00c9NH KI ASUKA T\u00c3PRY<\/a>\r\n\t\t<\/h2>\r\n\t\t\t\t\t<\/div>\r\n<\/div>\r\n<div class=\"wppsac-carousel-slides\">\r\n\t\t\t<div class=\"wppsac-post-image-bg\">\r\n\t\t\t<a href=\"https:\/\/www2.uepg.br\/proex\/nug-ga-tum\/\">\r\n\t\t\t\t<img class=\"wppsac-post-image-bg\"  src=\"https:\/\/www2.uepg.br\/proex\/wp-content\/uploads\/sites\/8\/2022\/04\/Nug-ga-Tum-212x300.png\" alt=\"NUG GA TUM\" \/>\r\n\t\t\t<\/a>\r\n\t\t<\/div>\r\n\t\t<div class=\"wppsac-post-content-position\">\r\n\t\t\t\t\t<div class=\"wppsac-post-categories\"><ul class=\"wppsac-post-categories-list\"><li><a href=\"https:\/\/www2.uepg.br\/proex\/category\/edicoes-do-ceai-let\/\" rel=\"category\"> Edi\u00e7\u00f5es do CEAI\/LET <\/a><\/li><\/ul><\/div>\r\n\t\t\t  \t<h2 class=\"wppsac-post-title\">\r\n\t\t\t<a href=\"https:\/\/www2.uepg.br\/proex\/nug-ga-tum\/\">NUG GA TUM<\/a>\r\n\t\t<\/h2>\r\n\t\t\t\t\t<\/div>\r\n<\/div>\r\n<div class=\"wppsac-carousel-slides\">\r\n\t\t\t<div class=\"wppsac-post-image-bg\">\r\n\t\t\t<a href=\"https:\/\/www2.uepg.br\/proex\/ebook-alienindi-os-portais-dos-mundos\/\">\r\n\t\t\t\t<img class=\"wppsac-post-image-bg\"  src=\"https:\/\/www2.uepg.br\/proex\/wp-content\/uploads\/sites\/8\/2022\/03\/Alienindi-Os-portais-dos-mundos-ebook-209x300.png\" alt=\"ebook: ALIENINDI &#8220;Os portais dos mundos&#8221;\" \/>\r\n\t\t\t<\/a>\r\n\t\t<\/div>\r\n\t\t<div class=\"wppsac-post-content-position\">\r\n\t\t\t\t\t<div class=\"wppsac-post-categories\"><ul class=\"wppsac-post-categories-list\"><li><a href=\"https:\/\/www2.uepg.br\/proex\/category\/edicoes-do-ceai-let\/\" rel=\"category\"> Edi\u00e7\u00f5es do CEAI\/LET <\/a><\/li><\/ul><\/div>\r\n\t\t\t  \t<h2 class=\"wppsac-post-title\">\r\n\t\t\t<a href=\"https:\/\/www2.uepg.br\/proex\/ebook-alienindi-os-portais-dos-mundos\/\">ebook: ALIENINDI &#8220;Os portais dos mundos&#8221;<\/a>\r\n\t\t<\/h2>\r\n\t\t\t\t\t<\/div>\r\n<\/div>\t\t\t<\/div>\r\n\t\t\t<div class=\"wppsac-carousel-conf wppsac-hide\" data-conf=\"{&quot;slides_to_show&quot;:&quot;4&quot;,&quot;slides_to_scroll&quot;:1,&quot;dots&quot;:&quot;false&quot;,&quot;arrows&quot;:&quot;true&quot;,&quot;autoplay&quot;:&quot;true&quot;,&quot;autoplay_interval&quot;:&quot;19500&quot;,&quot;speed&quot;:500,&quot;rtl&quot;:&quot;false&quot;,&quot;lazyload&quot;:&quot;&quot;}\"><\/div>\r\n\t\t<\/div>\r\n\t\n<h3 style=\"text-align: center\"><strong>Anais de Eventos<\/strong><\/h3>\n\t\t<div class=\"wppsac-slick-carousel-wrp wppsac-clearfix \">\r\n\t\t\t<div id=\"wppsac-post-carousel-6\" class=\"wppsac-post-slider-init wppsac-post-carousel design-1\">\r\n\t\t\t\t\r\n<div class=\"wppsac-carousel-slides\">\r\n\t\t\t<div class=\"wppsac-post-image-bg\">\r\n\t\t\t<a href=\"https:\/\/www2.uepg.br\/proex\/22o-conversando-sobre-extensao-conex-e-7o-encontro-anual-de-extensao-eaex\/\">\r\n\t\t\t\t<img class=\"wppsac-post-image-bg\"  src=\"https:\/\/www2.uepg.br\/proex\/wp-content\/uploads\/sites\/8\/2024\/12\/anais_conex_24.png\" alt=\"22\u00ba CONVERSANDO SOBRE EXTENS\u00c3O &#8211; CONEX e 7\u00ba ENCONTRO ANUAL DE EXTENS\u00c3O &#8211; EAEX\" \/>\r\n\t\t\t<\/a>\r\n\t\t<\/div>\r\n\t\t<div class=\"wppsac-post-content-position\">\r\n\t\t\t\t\t<div class=\"wppsac-post-categories\"><ul class=\"wppsac-post-categories-list\"><li><a href=\"https:\/\/www2.uepg.br\/proex\/category\/anais-de-eventos\/\" rel=\"category\"> Anais de Eventos <\/a><\/li><li><a href=\"https:\/\/www2.uepg.br\/proex\/category\/noticias\/\" rel=\"category\"> Not\u00edcias <\/a><\/li><\/ul><\/div>\r\n\t\t\t  \t<h2 class=\"wppsac-post-title\">\r\n\t\t\t<a href=\"https:\/\/www2.uepg.br\/proex\/22o-conversando-sobre-extensao-conex-e-7o-encontro-anual-de-extensao-eaex\/\">22\u00ba CONVERSANDO SOBRE EXTENS\u00c3O &#8211; CONEX e 7\u00ba ENCONTRO ANUAL DE EXTENS\u00c3O &#8211; EAEX<\/a>\r\n\t\t<\/h2>\r\n\t\t\t\t\t<\/div>\r\n<\/div>\r\n<div class=\"wppsac-carousel-slides\">\r\n\t\t\t<div class=\"wppsac-post-image-bg\">\r\n\t\t\t<a href=\"https:\/\/www2.uepg.br\/proex\/anais-41o-seminario-de-extensao-universitaria-da-regiao-sul-seurs\/\">\r\n\t\t\t\t<img class=\"wppsac-post-image-bg\"  src=\"https:\/\/www2.uepg.br\/proex\/wp-content\/uploads\/sites\/8\/2023\/12\/capa-1.png\" alt=\"ANAIS &#8211; 41\u00ba SEMIN\u00c1RIO DE EXTENS\u00c3O UNIVERSIT\u00c1RIA DA REGI\u00c3O SUL &#8211; SEURS\" \/>\r\n\t\t\t<\/a>\r\n\t\t<\/div>\r\n\t\t<div class=\"wppsac-post-content-position\">\r\n\t\t\t\t\t<div class=\"wppsac-post-categories\"><ul class=\"wppsac-post-categories-list\"><li><a href=\"https:\/\/www2.uepg.br\/proex\/category\/anais-de-eventos\/\" rel=\"category\"> Anais de Eventos <\/a><\/li><li><a href=\"https:\/\/www2.uepg.br\/proex\/category\/noticias\/\" rel=\"category\"> Not\u00edcias <\/a><\/li><\/ul><\/div>\r\n\t\t\t  \t<h2 class=\"wppsac-post-title\">\r\n\t\t\t<a href=\"https:\/\/www2.uepg.br\/proex\/anais-41o-seminario-de-extensao-universitaria-da-regiao-sul-seurs\/\">ANAIS &#8211; 41\u00ba SEMIN\u00c1RIO DE EXTENS\u00c3O UNIVERSIT\u00c1RIA DA REGI\u00c3O SUL &#8211; SEURS<\/a>\r\n\t\t<\/h2>\r\n\t\t\t\t\t<\/div>\r\n<\/div>\r\n<div class=\"wppsac-carousel-slides\">\r\n\t\t\t<div class=\"wppsac-post-image-bg\">\r\n\t\t\t<a href=\"https:\/\/www2.uepg.br\/proex\/anais-da-ii-jornada-virtual-xvii-semana-academica-e-mostra-cientifica-de-farmacia-uepg\/\">\r\n\t\t\t\t<img class=\"wppsac-post-image-bg\"  src=\"https:\/\/www2.uepg.br\/proex\/wp-content\/uploads\/sites\/8\/2023\/04\/Paginas-de-Anais-II-JOVIFAR-212x300.png\" alt=\"II Jornada Virtual, XVII Semana Acad\u00eamica e Mostras Cient\u00edfica de Farm\u00e1cia\" \/>\r\n\t\t\t<\/a>\r\n\t\t<\/div>\r\n\t\t<div class=\"wppsac-post-content-position\">\r\n\t\t\t\t\t<div class=\"wppsac-post-categories\"><ul class=\"wppsac-post-categories-list\"><li><a href=\"https:\/\/www2.uepg.br\/proex\/category\/anais-de-eventos\/\" rel=\"category\"> Anais de Eventos <\/a><\/li><\/ul><\/div>\r\n\t\t\t  \t<h2 class=\"wppsac-post-title\">\r\n\t\t\t<a href=\"https:\/\/www2.uepg.br\/proex\/anais-da-ii-jornada-virtual-xvii-semana-academica-e-mostra-cientifica-de-farmacia-uepg\/\">II Jornada Virtual, XVII Semana Acad\u00eamica e Mostras Cient\u00edfica de Farm\u00e1cia<\/a>\r\n\t\t<\/h2>\r\n\t\t\t\t\t<\/div>\r\n<\/div>\t\t\t<\/div>\r\n\t\t\t<div class=\"wppsac-carousel-conf wppsac-hide\" data-conf=\"{&quot;slides_to_show&quot;:&quot;4&quot;,&quot;slides_to_scroll&quot;:1,&quot;dots&quot;:&quot;false&quot;,&quot;arrows&quot;:&quot;true&quot;,&quot;autoplay&quot;:&quot;true&quot;,&quot;autoplay_interval&quot;:&quot;19500&quot;,&quot;speed&quot;:500,&quot;rtl&quot;:&quot;false&quot;,&quot;lazyload&quot;:&quot;&quot;}\"><\/div>\r\n\t\t<\/div>\r\n\t\n<h3 style=\"text-align: center\"><strong>HQs<\/strong><\/h3>\n\t\t<div class=\"wppsac-slick-carousel-wrp wppsac-clearfix \">\r\n\t\t\t<div id=\"wppsac-post-carousel-7\" class=\"wppsac-post-slider-init wppsac-post-carousel design-1\">\r\n\t\t\t\t\r\n<div class=\"wppsac-carousel-slides\">\r\n\t\t\t<div class=\"wppsac-post-image-bg\">\r\n\t\t\t<a href=\"https:\/\/www2.uepg.br\/proex\/projeto-educanto-hq-elias-o-elisao-no-5\/\">\r\n\t\t\t\t<img class=\"wppsac-post-image-bg\"  src=\"https:\/\/www2.uepg.br\/proex\/wp-content\/uploads\/sites\/8\/2023\/10\/eliasHQ5.jpg\" alt=\"Projeto Educanto \u2013 HQ \u2013 ELIAS, O ELIS\u00c3O \u2013 n\u00ba 5\" \/>\r\n\t\t\t<\/a>\r\n\t\t<\/div>\r\n\t\t<div class=\"wppsac-post-content-position\">\r\n\t\t\t\t\t<div class=\"wppsac-post-categories\"><ul class=\"wppsac-post-categories-list\"><li><a href=\"https:\/\/www2.uepg.br\/proex\/category\/historias-em-quadrinhos\/\" rel=\"category\"> HQs <\/a><\/li><\/ul><\/div>\r\n\t\t\t  \t<h2 class=\"wppsac-post-title\">\r\n\t\t\t<a href=\"https:\/\/www2.uepg.br\/proex\/projeto-educanto-hq-elias-o-elisao-no-5\/\">Projeto Educanto \u2013 HQ \u2013 ELIAS, O ELIS\u00c3O \u2013 n\u00ba 5<\/a>\r\n\t\t<\/h2>\r\n\t\t\t\t\t<\/div>\r\n<\/div>\r\n<div class=\"wppsac-carousel-slides\">\r\n\t\t\t<div class=\"wppsac-post-image-bg\">\r\n\t\t\t<a href=\"https:\/\/www2.uepg.br\/proex\/projeto-educanto-hq-elias-o-elisao-no-4\/\">\r\n\t\t\t\t<img class=\"wppsac-post-image-bg\"  src=\"https:\/\/www2.uepg.br\/proex\/wp-content\/uploads\/sites\/8\/2023\/08\/elia4.png\" alt=\"Projeto Educanto \u2013 HQ \u2013 ELIAS, O ELIS\u00c3O \u2013 n\u00ba 4\" \/>\r\n\t\t\t<\/a>\r\n\t\t<\/div>\r\n\t\t<div class=\"wppsac-post-content-position\">\r\n\t\t\t\t\t<div class=\"wppsac-post-categories\"><ul class=\"wppsac-post-categories-list\"><li><a href=\"https:\/\/www2.uepg.br\/proex\/category\/historias-em-quadrinhos\/\" rel=\"category\"> HQs <\/a><\/li><\/ul><\/div>\r\n\t\t\t  \t<h2 class=\"wppsac-post-title\">\r\n\t\t\t<a href=\"https:\/\/www2.uepg.br\/proex\/projeto-educanto-hq-elias-o-elisao-no-4\/\">Projeto Educanto \u2013 HQ \u2013 ELIAS, O ELIS\u00c3O \u2013 n\u00ba 4<\/a>\r\n\t\t<\/h2>\r\n\t\t\t\t\t<\/div>\r\n<\/div>\r\n<div class=\"wppsac-carousel-slides\">\r\n\t\t\t<div class=\"wppsac-post-image-bg\">\r\n\t\t\t<a href=\"https:\/\/www2.uepg.br\/proex\/lady-hpv-a-tropa-anticorpo\/\">\r\n\t\t\t\t<img class=\"wppsac-post-image-bg\"  src=\"https:\/\/www2.uepg.br\/proex\/wp-content\/uploads\/sites\/8\/2023\/07\/LADY_HPV.png\" alt=\"LADY HPV: A TROPA ANTICORPO\" \/>\r\n\t\t\t<\/a>\r\n\t\t<\/div>\r\n\t\t<div class=\"wppsac-post-content-position\">\r\n\t\t\t\t\t<div class=\"wppsac-post-categories\"><ul class=\"wppsac-post-categories-list\"><li><a href=\"https:\/\/www2.uepg.br\/proex\/category\/historias-em-quadrinhos\/\" rel=\"category\"> HQs <\/a><\/li><\/ul><\/div>\r\n\t\t\t  \t<h2 class=\"wppsac-post-title\">\r\n\t\t\t<a href=\"https:\/\/www2.uepg.br\/proex\/lady-hpv-a-tropa-anticorpo\/\">LADY HPV: A TROPA ANTICORPO<\/a>\r\n\t\t<\/h2>\r\n\t\t\t\t\t<\/div>\r\n<\/div>\r\n<div class=\"wppsac-carousel-slides\">\r\n\t\t\t<div class=\"wppsac-post-image-bg\">\r\n\t\t\t<a href=\"https:\/\/www2.uepg.br\/proex\/projeto-educanto-hq-elias-o-elisao-no-3\/\">\r\n\t\t\t\t<img class=\"wppsac-post-image-bg\"  src=\"https:\/\/www2.uepg.br\/proex\/wp-content\/uploads\/sites\/8\/2023\/06\/eliasHQ.png\" alt=\"Projeto Educanto \u2013 HQ \u2013 ELIAS, O ELIS\u00c3O \u2013 n\u00ba 3\" \/>\r\n\t\t\t<\/a>\r\n\t\t<\/div>\r\n\t\t<div class=\"wppsac-post-content-position\">\r\n\t\t\t\t\t<div class=\"wppsac-post-categories\"><ul class=\"wppsac-post-categories-list\"><li><a href=\"https:\/\/www2.uepg.br\/proex\/category\/historias-em-quadrinhos\/\" rel=\"category\"> HQs <\/a><\/li><\/ul><\/div>\r\n\t\t\t  \t<h2 class=\"wppsac-post-title\">\r\n\t\t\t<a href=\"https:\/\/www2.uepg.br\/proex\/projeto-educanto-hq-elias-o-elisao-no-3\/\">Projeto Educanto \u2013 HQ \u2013 ELIAS, O ELIS\u00c3O \u2013 n\u00ba 3<\/a>\r\n\t\t<\/h2>\r\n\t\t\t\t\t<\/div>\r\n<\/div>\r\n<div class=\"wppsac-carousel-slides\">\r\n\t\t\t<div class=\"wppsac-post-image-bg\">\r\n\t\t\t<a href=\"https:\/\/www2.uepg.br\/proex\/projeto-educanto-hq-elias-o-elisao-no-2\/\">\r\n\t\t\t\t<img class=\"wppsac-post-image-bg\"  src=\"https:\/\/www2.uepg.br\/proex\/wp-content\/uploads\/sites\/8\/2023\/05\/elias2-1.jpg\" alt=\"Projeto Educanto &#8211; HQ \u2013 ELIAS, O ELIS\u00c3O &#8211; n\u00ba 2\" \/>\r\n\t\t\t<\/a>\r\n\t\t<\/div>\r\n\t\t<div class=\"wppsac-post-content-position\">\r\n\t\t\t\t\t<div class=\"wppsac-post-categories\"><ul class=\"wppsac-post-categories-list\"><li><a href=\"https:\/\/www2.uepg.br\/proex\/category\/historias-em-quadrinhos\/\" rel=\"category\"> HQs <\/a><\/li><\/ul><\/div>\r\n\t\t\t  \t<h2 class=\"wppsac-post-title\">\r\n\t\t\t<a href=\"https:\/\/www2.uepg.br\/proex\/projeto-educanto-hq-elias-o-elisao-no-2\/\">Projeto Educanto &#8211; HQ \u2013 ELIAS, O ELIS\u00c3O &#8211; n\u00ba 2<\/a>\r\n\t\t<\/h2>\r\n\t\t\t\t\t<\/div>\r\n<\/div>\r\n<div class=\"wppsac-carousel-slides\">\r\n\t\t\t<div class=\"wppsac-post-image-bg\">\r\n\t\t\t<a href=\"https:\/\/www2.uepg.br\/proex\/projeto-educanto-hq-elias-o-elisao\/\">\r\n\t\t\t\t<img class=\"wppsac-post-image-bg\"  src=\"https:\/\/www2.uepg.br\/proex\/wp-content\/uploads\/sites\/8\/2023\/05\/hq_ELIAS1-1.jpg\" alt=\"Projeto Educanto &#8211; HQ \u2013 ELIAS, O ELIS\u00c3O &#8211; n\u00ba 1\" \/>\r\n\t\t\t<\/a>\r\n\t\t<\/div>\r\n\t\t<div class=\"wppsac-post-content-position\">\r\n\t\t\t\t\t<div class=\"wppsac-post-categories\"><ul class=\"wppsac-post-categories-list\"><li><a href=\"https:\/\/www2.uepg.br\/proex\/category\/historias-em-quadrinhos\/\" rel=\"category\"> HQs <\/a><\/li><\/ul><\/div>\r\n\t\t\t  \t<h2 class=\"wppsac-post-title\">\r\n\t\t\t<a href=\"https:\/\/www2.uepg.br\/proex\/projeto-educanto-hq-elias-o-elisao\/\">Projeto Educanto &#8211; HQ \u2013 ELIAS, O ELIS\u00c3O &#8211; n\u00ba 1<\/a>\r\n\t\t<\/h2>\r\n\t\t\t\t\t<\/div>\r\n<\/div>\t\t\t<\/div>\r\n\t\t\t<div class=\"wppsac-carousel-conf wppsac-hide\" data-conf=\"{&quot;slides_to_show&quot;:&quot;4&quot;,&quot;slides_to_scroll&quot;:1,&quot;dots&quot;:&quot;false&quot;,&quot;arrows&quot;:&quot;true&quot;,&quot;autoplay&quot;:&quot;true&quot;,&quot;autoplay_interval&quot;:&quot;19500&quot;,&quot;speed&quot;:500,&quot;rtl&quot;:&quot;false&quot;,&quot;lazyload&quot;:&quot;&quot;}\"><\/div>\r\n\t\t<\/div>\r\n\t\n<\/div>\n<\/div><\/div><\/div><\/div><\/div>","protected":false},"excerpt":{"rendered":"<p>NORMAS PARA SUBMISS\u00c3O DE PUBLICA\u00c7\u00d5ES &nbsp; eBooks Cartilhas Cole\u00e7\u00e3o Imag\u00e9tica &nbsp; M\u00eddias Contempor\u00e2neas &nbsp; Edi\u00e7\u00f5es do CEAI\/LET Anais de Eventos HQs @import url(https:\/\/www2.uepg.br\/proex\/wp-content\/plugins\/siteorigin-panels\/css\/front-flex.min.css); #pgc-178-0-0 { width:100%;width:calc(100% &#8211; ( 0 * 30px ) ) } #pl-178 .so-panel { margin-bottom:30px } #pl-178 .so-panel:last-of-type { margin-bottom:0px } #pg-178-0.panel-has-style &gt; .panel-row-style, #pg-178-0.panel-no-style { -webkit-align-items:flex-start;align-items:flex-start } @media (max-width:780px){ #pg-178-0.panel-no-style, #pg-178-0.panel-has-style&nbsp;&hellip;<\/p>\n","protected":false},"author":85,"featured_media":0,"parent":0,"menu_order":0,"comment_status":"closed","ping_status":"closed","template":"","meta":[],"_links":{"self":[{"href":"https:\/\/www2.uepg.br\/proex\/wp-json\/wp\/v2\/pages\/178"}],"collection":[{"href":"https:\/\/www2.uepg.br\/proex\/wp-json\/wp\/v2\/pages"}],"about":[{"href":"https:\/\/www2.uepg.br\/proex\/wp-json\/wp\/v2\/types\/page"}],"author":[{"embeddable":true,"href":"https:\/\/www2.uepg.br\/proex\/wp-json\/wp\/v2\/users\/85"}],"replies":[{"embeddable":true,"href":"https:\/\/www2.uepg.br\/proex\/wp-json\/wp\/v2\/comments?post=178"}],"version-history":[{"count":68,"href":"https:\/\/www2.uepg.br\/proex\/wp-json\/wp\/v2\/pages\/178\/revisions"}],"predecessor-version":[{"id":7801,"href":"https:\/\/www2.uepg.br\/proex\/wp-json\/wp\/v2\/pages\/178\/revisions\/7801"}],"wp:attachment":[{"href":"https:\/\/www2.uepg.br\/proex\/wp-json\/wp\/v2\/media?parent=178"}],"curies":[{"name":"wp","href":"https:\/\/api.w.org\/{rel}","templated":true}]}}