{"id":1067,"date":"2019-06-27T14:24:13","date_gmt":"2019-06-27T17:24:13","guid":{"rendered":"http:\/\/www2.uepg.br\/prograd\/?page_id=1067"},"modified":"2026-08-18T13:56:52","modified_gmt":"2026-08-18T16:56:52","slug":"equipe","status":"publish","type":"page","link":"https:\/\/www2.uepg.br\/prograd\/equipe\/","title":{"rendered":"Equipe"},"content":{"rendered":"<table style=\"height: 2459px\" width=\"624\">\n<tbody>\n<tr>\n<td style=\"text-align: center\" width=\"623\"><strong>PR\u00d3-REITOR DE GRADUA\u00c7\u00c3O<\/strong><\/p>\n<p>Miguel Archanjo de Freitas Junior<\/td>\n<\/tr>\n<tr>\n<td style=\"text-align: center\"><\/td>\n<\/tr>\n<tr>\n<td style=\"text-align: center\"><strong>SECRETARIA (Pr\u00f3-Reitor)<\/strong><\/p>\n<p><strong>(42)3220-3701<\/strong><\/p>\n<p>Claudia Andreia Moreira Wonsowicz<\/td>\n<\/tr>\n<tr>\n<td style=\"text-align: center\"><\/td>\n<\/tr>\n<tr>\n<td style=\"text-align: center\"><strong>DIRETORIA ACAD\u00caMICA &#8211; DIAC<\/strong><\/p>\n<p>Anderson Santos Costa<\/td>\n<\/tr>\n<tr>\n<td style=\"text-align: center\"><strong>Divis\u00e3o de Matr\u00edcula e Acompanhamento Acad\u00eamico &#8211; Presencial<\/strong><\/p>\n<p><strong style=\"font-family: inherit;font-size: inherit\">(42) 3220-3705<\/strong><\/p>\n<p>Abel Josinei de Arruda<\/td>\n<\/tr>\n<tr>\n<td style=\"text-align: center\"><strong>Se\u00e7\u00e3o de Controle Acad\u00eamico<\/strong><\/p>\n<p>Antonio Rafael dos Santos Avila<\/p>\n<p>Evelyn Raiane Rosa de Lima<\/p>\n<p>Leonardo Chibinski<\/td>\n<\/tr>\n<tr>\n<td style=\"text-align: center\"><strong>Divis\u00e3o de Matr\u00edcula e Acompanhamento Acad\u00eamico &#8211; EAD<\/strong><\/p>\n<p><strong> (42)3220-3722<\/strong><\/p>\n<p>Joanice de J. Kuster de Azevedo<\/p>\n<p>Edenilce Leuch Machado<\/p>\n<p>Karoline Tanello da Silva<\/p>\n<p>Agna Cristina de Souza<\/td>\n<\/tr>\n<tr>\n<td style=\"text-align: center\"><strong>Central de salas &#8211; CSA <\/strong><\/p>\n<p><strong>(42)3220-3182<\/strong><\/p>\n<p>Luciana Cristina de Oliveira<\/p>\n<p>Ana Kochan<\/td>\n<\/tr>\n<tr>\n<td style=\"text-align: center\"><strong>DIRETORIA ADMINISTRATIVA- DIADM<\/strong><\/p>\n<p><strong>(42)3220-3708<\/strong><\/p>\n<p>Rodrigo\u00a0 Simionato<\/td>\n<\/tr>\n<tr>\n<td style=\"text-align: center\"><strong>Divis\u00e3o de Regula\u00e7\u00e3o e Programas Acad\u00eamicos<\/strong><\/p>\n<p><strong>(42)3220-3711\/(42)3220-3709<\/strong><\/p>\n<p>Jo\u00e3o M\u00e1rcio D. Inglez<\/p>\n<p>Stefanie Koch da Rocha<\/td>\n<\/tr>\n<tr>\n<td style=\"text-align: center\"><strong>Registro Geral &#8211; Diplomas <\/strong><\/p>\n<p><strong>(42) 3220-3719<\/strong><\/p>\n<p>Jo\u00e3o Paulo G. de Andrade<\/td>\n<\/tr>\n<tr>\n<td style=\"text-align: center\"><strong>DIRETORIA DE ENSINO &#8211; DIREN<\/strong><\/p>\n<p><strong> (42)3220-3714<\/strong><\/p>\n<p>Cristiane Aparecida Woytichoski<\/td>\n<\/tr>\n<tr>\n<td style=\"text-align: center\"><strong>Divis\u00e3o de Projetos Pedag\u00f3gicos e Atividades Acad\u00eamicas<\/strong><\/p>\n<p><strong>\u00a0(Programas e Curr\u00edculos)<\/strong><\/p>\n<p><strong> (42)3220-3716<\/strong><\/p>\n<p>Arielle Cristina Tozetto<\/td>\n<\/tr>\n<tr>\n<td style=\"text-align: center\"><strong>Se\u00e7\u00e3o de Est\u00e1gios<\/strong><\/p>\n<p><strong>(42)3220-3224<\/strong><\/p>\n<p>Ana Ap\u00aa R. Santana da Roza<\/p>\n<p><strong>(42)3220-3715<\/strong><\/p>\n<p><strong>(42)3220-3723<\/strong><\/p>\n<p>Ilza Ap\u00aa de Matos<\/p>\n<p>Allan do E. Santo Machado<\/p>\n<p>&nbsp;<\/td>\n<\/tr>\n<tr>\n<td style=\"text-align: center\"><\/td>\n<\/tr>\n<tr>\n<td style=\"text-align: center\"><\/td>\n<\/tr>\n<tr>\n<td style=\"text-align: center\"><\/td>\n<\/tr>\n<tr>\n<td style=\"text-align: center\"><\/td>\n<\/tr>\n<tr>\n<td style=\"text-align: center\"><\/td>\n<\/tr>\n<tr>\n<td style=\"text-align: center\"><\/td>\n<\/tr>\n<tr>\n<td style=\"text-align: center\"><\/td>\n<\/tr>\n<tr>\n<td style=\"text-align: center\"><\/td>\n<\/tr>\n<tr>\n<td style=\"text-align: center\"><\/td>\n<\/tr>\n<tr>\n<td style=\"text-align: center\"><\/td>\n<\/tr>\n<tr>\n<td style=\"text-align: center\"><\/td>\n<\/tr>\n<tr>\n<td style=\"text-align: center\"><\/td>\n<\/tr>\n<tr>\n<td style=\"text-align: center\"><\/td>\n<\/tr>\n<tr>\n<td style=\"text-align: center\"><\/td>\n<\/tr>\n<tr>\n<td style=\"text-align: center\">&nbsp;<\/p>\n<p>&nbsp;<\/td>\n<\/tr>\n<tr>\n<td style=\"text-align: center\"><\/td>\n<\/tr>\n<tr>\n<td style=\"text-align: center\" width=\"623\"><\/td>\n<\/tr>\n<tr>\n<td style=\"text-align: center\"><\/td>\n<\/tr>\n<tr>\n<td style=\"text-align: center\" width=\"623\"><\/td>\n<\/tr>\n<tr>\n<td style=\"text-align: center\"><\/td>\n<\/tr>\n<tr>\n<td style=\"text-align: center\"><\/td>\n<\/tr>\n<tr>\n<td style=\"text-align: center\"><\/td>\n<\/tr>\n<tr>\n<td style=\"text-align: center\"><\/td>\n<\/tr>\n<tr>\n<td style=\"text-align: center\"><\/td>\n<\/tr>\n<tr>\n<td style=\"text-align: center\"><\/td>\n<\/tr>\n<\/tbody>\n<\/table>\n","protected":false},"excerpt":{"rendered":"<p>PR\u00d3-REITOR DE GRADUA\u00c7\u00c3O Miguel Archanjo de Freitas Junior SECRETARIA (Pr\u00f3-Reitor) (42)3220-3701 Claudia Andreia Moreira Wonsowicz DIRETORIA ACAD\u00caMICA &#8211; DIAC Anderson Santos Costa Divis\u00e3o de Matr\u00edcula e Acompanhamento Acad\u00eamico &#8211; Presencial (42) 3220-3705 Abel Josinei de Arruda Se\u00e7\u00e3o de Controle Acad\u00eamico Antonio Rafael dos Santos Avila Evelyn Raiane Rosa de Lima Leonardo Chibinski Divis\u00e3o de Matr\u00edcula&nbsp;&hellip;<\/p>\n","protected":false},"author":24,"featured_media":0,"parent":0,"menu_order":0,"comment_status":"closed","ping_status":"closed","template":"","meta":[],"_links":{"self":[{"href":"https:\/\/www2.uepg.br\/prograd\/wp-json\/wp\/v2\/pages\/1067"}],"collection":[{"href":"https:\/\/www2.uepg.br\/prograd\/wp-json\/wp\/v2\/pages"}],"about":[{"href":"https:\/\/www2.uepg.br\/prograd\/wp-json\/wp\/v2\/types\/page"}],"author":[{"embeddable":true,"href":"https:\/\/www2.uepg.br\/prograd\/wp-json\/wp\/v2\/users\/24"}],"replies":[{"embeddable":true,"href":"https:\/\/www2.uepg.br\/prograd\/wp-json\/wp\/v2\/comments?post=1067"}],"version-history":[{"count":49,"href":"https:\/\/www2.uepg.br\/prograd\/wp-json\/wp\/v2\/pages\/1067\/revisions"}],"predecessor-version":[{"id":11024,"href":"https:\/\/www2.uepg.br\/prograd\/wp-json\/wp\/v2\/pages\/1067\/revisions\/11024"}],"wp:attachment":[{"href":"https:\/\/www2.uepg.br\/prograd\/wp-json\/wp\/v2\/media?parent=1067"}],"curies":[{"name":"wp","href":"https:\/\/api.w.org\/{rel}","templated":true}]}}