{"id":2759,"date":"2021-03-12T11:24:09","date_gmt":"2021-03-12T14:24:09","guid":{"rendered":"https:\/\/www2.uepg.br\/prograd\/?page_id=2759"},"modified":"2024-08-02T14:19:22","modified_gmt":"2024-08-02T17:19:22","slug":"catalogo-de-cursos-2020","status":"publish","type":"page","link":"https:\/\/www2.uepg.br\/prograd\/catalogo-de-cursos-2020\/","title":{"rendered":"Cat\u00e1logo de Cursos de 2020"},"content":{"rendered":"<div id=\"pl-2759\"  class=\"panel-layout\" ><div id=\"pg-2759-0\"  class=\"panel-grid panel-no-style\" ><div id=\"pgc-2759-0-0\"  class=\"panel-grid-cell\" ><div id=\"panel-2759-0-0-0\" class=\"so-panel widget widget_sow-accordion panel-first-child panel-last-child\" data-index=\"0\" ><div\n\t\t\t\n\t\t\tclass=\"so-widget-sow-accordion so-widget-sow-accordion-default-cfe741d4f49c-2759\"\n\t\t\t\n\t\t><div>\n\t<div class=\"sow-accordion\">\n\t\t\t<div class=\"sow-accordion-panel\"\n\t\t\t data-anchor=\"setor-i-%e2%80%93-ci%c3%aancias-exatas-e-naturais\">\n\t\t\t\t<div class=\"sow-accordion-panel-header-container\" role=\"heading\" aria-level=\"2\">\n\t\t\t\t\t<div class=\"sow-accordion-panel-header\" tabindex=\"0\" role=\"button\" id=\"accordion-label-setor-i-%e2%80%93-ci%c3%aancias-exatas-e-naturais\" aria-controls=\"accordion-content-setor-i-%e2%80%93-ci%c3%aancias-exatas-e-naturais\" aria-expanded=\"false\">\n\t\t\t\t\t\t<div class=\"sow-accordion-title sow-accordion-title-icon-left\">\n\t\t\t\t\t\t\t\t\t\t\t\t\t\tSetor I \u2013 Ci\u00eancias Exatas e Naturais\t\t\t\t\t\t\t\t\t\t\t\t\t<\/div>\n\t\t\t\t\t\t<div class=\"sow-accordion-open-close-button\">\n\t\t\t\t\t\t\t<div class=\"sow-accordion-open-button\">\n\t\t\t\t\t\t\t\t<span class=\"sow-icon-ionicons\" data-sow-icon=\"&#xf218;\"\n\t\t \n\t\taria-hidden=\"true\"><\/span>\t\t\t\t\t\t\t<\/div>\n\t\t\t\t\t\t\t<div class=\"sow-accordion-close-button\">\n\t\t\t\t\t\t\t\t<span class=\"sow-icon-ionicons\" data-sow-icon=\"&#xf209;\"\n\t\t \n\t\taria-hidden=\"true\"><\/span>\t\t\t\t\t\t\t<\/div>\n\t\t\t\t\t\t<\/div>\n\t\t\t\t\t<\/div>\n\t\t\t\t<\/div>\n\n\t\t\t<div\n\t\t\t\tclass=\"sow-accordion-panel-content\"\n\t\t\t\trole=\"region\"\n\t\t\t\taria-labelledby=\"accordion-label-setor-i-%e2%80%93-ci%c3%aancias-exatas-e-naturais\"\n\t\t\t\tid=\"accordion-content-setor-i-%e2%80%93-ci%c3%aancias-exatas-e-naturais\"\n\t\t\t\tstyle=\"display: none;\"\t\t\t>\n\t\t\t\t<div class=\"sow-accordion-panel-border\" tabindex=\"0\">\n\t\t\t\t\t<h4>Cursos Presenciais<\/h4>\n<ul>\n<li>Licenciatura em Matem\u00e1tica\n<ul>\n<li><a href=\"http:\/\/www2.uepg.br\/prograd\/wp-content\/uploads\/sites\/19\/2021\/08\/Matriz-Curricular_site.pdf\">Matriz Curricular \u2013 Curr\u00edculo 7 para ingressantes a partir de 2020<\/a><\/li>\n<\/ul>\n<\/li>\n<li>Bacharelado em Matem\u00e1tica Aplicada\n<ul>\n<li><a href=\"http:\/\/www2.uepg.br\/prograd\/wp-content\/uploads\/sites\/19\/2023\/05\/MATRIZ-ATUALIZADA_MAIO_2023_CURRICULO-1.pdf\" target=\"_blank\" rel=\"noopener\">Matriz Curricular \u2013 Curr\u00edculo 1 para ingressantes a partir de 2017.<\/a><\/li>\n<\/ul>\n<\/li>\n<li>Licenciatura em Geografia\n<ul>\n<li><a href=\"http:\/\/www2.uepg.br\/prograd\/wp-content\/uploads\/sites\/19\/2023\/02\/Lic-em-Geografia_Curr-5-24_02.pdf\" target=\"_blank\" rel=\"noopener\">Matriz Curricular \u2013 Curr\u00edculo 5 para ingressantes a partir de 2020<\/a><\/li>\n<\/ul>\n<\/li>\n<li>Bacharelado em Geografia\n<ul>\n<li><a href=\"http:\/\/www2.uepg.br\/prograd\/wp-content\/uploads\/sites\/19\/2021\/06\/Bac-Geografia-matriz_Completa_Site.pdf\">Matriz Curricular \u2013 Curr\u00edculo 3 para ingressantes a partir de 2007<\/a><\/li>\n<\/ul>\n<\/li>\n<li>Licenciatura em F\u00edsica\n<ul>\n<li><a href=\"http:\/\/www2.uepg.br\/prograd\/wp-content\/uploads\/sites\/19\/2021\/06\/Matriz-Curricular_Lic-Fisica_SITE.pdf\">Matriz Curricular \u2013 Curr\u00edculo 7<\/a><\/li>\n<\/ul>\n<\/li>\n<li>Bacharelado em F\u00edsica\n<ul>\n<li><a href=\"http:\/\/www2.uepg.br\/prograd\/wp-content\/uploads\/sites\/19\/2021\/06\/Bach-em-Fisica-Public-Site.pdf\">Matriz Curricular \u2013 Curr\u00edculo 3<\/a><\/li>\n<\/ul>\n<\/li>\n<li>Licenciatura em Qu\u00edmica\n<ul>\n<li><a href=\"http:\/\/www2.uepg.br\/prograd\/wp-content\/uploads\/sites\/19\/2022\/03\/Lic-em-Quimica_Site_Alteracao-Resol_2020_1.pdf\" target=\"_blank\" rel=\"noopener\">Matriz Curricular \u2013 Curr\u00edculo 9 para ingressantes a partir de 2019<\/a><\/li>\n<\/ul>\n<\/li>\n<li>Bacharelado em Qu\u00edmica Tecnol\u00f3gica\n<ul>\n<li><a href=\"http:\/\/www2.uepg.br\/prograd\/wp-content\/uploads\/sites\/19\/2021\/06\/Quim-Tecnologica-CORRIGIDO-SITE.pdf\">Matriz Curricular \u2013 Curr\u00edculo 4 para ingressantes a partir de 2018<\/a><\/li>\n<\/ul>\n<\/li>\n<\/ul>\n<h4>Cursos a Dist\u00e2ncia<\/h4>\n<ul>\n<li>Licenciatura em Matem\u00e1tica \u2013 EaD\n<ul>\n<li><a href=\"http:\/\/www2.uepg.br\/prograd\/wp-content\/uploads\/sites\/19\/2021\/06\/Matriz-Matematica-EAD_Curr_1.pdf\">Matriz Curricular \u2013 Curr\u00edculo 1 \u2013 Para ingressantes a partir de 2009<\/a><\/li>\n<\/ul>\n<\/li>\n<li>Licenciatura em Geografia \u2013 EaD\n<ul>\n<li><a href=\"http:\/\/www2.uepg.br\/prograd\/wp-content\/uploads\/sites\/19\/2021\/06\/Geografia-EAD.pdf\">Matriz Curricular \u2013 Curr\u00edculo 2 \u2013 Para ingressantes a partir de 2013<\/a><\/li>\n<\/ul>\n<\/li>\n<\/ul>\n\t\t\t\t<\/div>\n\t\t\t<\/div>\n\t\t<\/div>\n\t\t\t<div class=\"sow-accordion-panel\"\n\t\t\t data-anchor=\"setor-ii-%e2%80%93-engenharias-ci%c3%aancias-agr%c3%a1rias-e-de-tecnologia\">\n\t\t\t\t<div class=\"sow-accordion-panel-header-container\" role=\"heading\" aria-level=\"2\">\n\t\t\t\t\t<div class=\"sow-accordion-panel-header\" tabindex=\"0\" role=\"button\" id=\"accordion-label-setor-ii-%e2%80%93-engenharias-ci%c3%aancias-agr%c3%a1rias-e-de-tecnologia\" aria-controls=\"accordion-content-setor-ii-%e2%80%93-engenharias-ci%c3%aancias-agr%c3%a1rias-e-de-tecnologia\" aria-expanded=\"false\">\n\t\t\t\t\t\t<div class=\"sow-accordion-title sow-accordion-title-icon-left\">\n\t\t\t\t\t\t\t\t\t\t\t\t\t\tSetor II \u2013  Engenharias, Ci\u00eancias Agr\u00e1rias e de Tecnologia\t\t\t\t\t\t\t\t\t\t\t\t\t<\/div>\n\t\t\t\t\t\t<div class=\"sow-accordion-open-close-button\">\n\t\t\t\t\t\t\t<div class=\"sow-accordion-open-button\">\n\t\t\t\t\t\t\t\t<span class=\"sow-icon-ionicons\" data-sow-icon=\"&#xf218;\"\n\t\t \n\t\taria-hidden=\"true\"><\/span>\t\t\t\t\t\t\t<\/div>\n\t\t\t\t\t\t\t<div class=\"sow-accordion-close-button\">\n\t\t\t\t\t\t\t\t<span class=\"sow-icon-ionicons\" data-sow-icon=\"&#xf209;\"\n\t\t \n\t\taria-hidden=\"true\"><\/span>\t\t\t\t\t\t\t<\/div>\n\t\t\t\t\t\t<\/div>\n\t\t\t\t\t<\/div>\n\t\t\t\t<\/div>\n\n\t\t\t<div\n\t\t\t\tclass=\"sow-accordion-panel-content\"\n\t\t\t\trole=\"region\"\n\t\t\t\taria-labelledby=\"accordion-label-setor-ii-%e2%80%93-engenharias-ci%c3%aancias-agr%c3%a1rias-e-de-tecnologia\"\n\t\t\t\tid=\"accordion-content-setor-ii-%e2%80%93-engenharias-ci%c3%aancias-agr%c3%a1rias-e-de-tecnologia\"\n\t\t\t\tstyle=\"display: none;\"\t\t\t>\n\t\t\t\t<div class=\"sow-accordion-panel-border\" tabindex=\"0\">\n\t\t\t\t\t<h4>Cursos Presenciais<\/h4>\n<ul>\n<li>Engenharia Civil\n<ul>\n<li><a href=\"http:\/\/www2.uepg.br\/prograd\/wp-content\/uploads\/sites\/19\/2021\/11\/Matriz-Curricular_Curr_08_Atualizada_05_Novembro_2021-2.pdf\">Matriz Curricular- Curr\u00edculo 8 para ingressantes a partir de 2017<\/a><\/li>\n<\/ul>\n<\/li>\n<li>Agronomia\n<ul>\n<li><a href=\"http:\/\/www2.uepg.br\/prograd\/wp-content\/uploads\/sites\/19\/2022\/11\/Agronomia_Atualizada_Julho_2022_Reconhecimento1.pdf\">Matriz Curricular- Curr\u00edculo 7 para ingressantes a partir de 2019<\/a><\/li>\n<\/ul>\n<\/li>\n<li>Bacharelado em Engenharia de Software\n<ul>\n<li><a href=\"http:\/\/www2.uepg.br\/prograd\/wp-content\/uploads\/sites\/19\/2021\/06\/Bach-em-Software_Matriz-Atualizada.pdf\">Matriz Curricular- Curr\u00edculo 2 para ingressantes a partir de 2006<\/a><\/li>\n<\/ul>\n<\/li>\n<li>Engenharia de Materiais\n<ul>\n<li><a href=\"http:\/\/www2.uepg.br\/prograd\/wp-content\/uploads\/sites\/19\/2021\/07\/Eng-de-Materiais_MATRIZ_Site_organized.pdf\">Matriz Curricular- Curr\u00edculo 8 para ingressantes a partir de 2015<\/a><\/li>\n<\/ul>\n<\/li>\n<li>Engenharia de Alimentos\n<ul>\n<li><a href=\"http:\/\/www2.uepg.br\/prograd\/wp-content\/uploads\/sites\/19\/2021\/07\/Matriz-Eng-de-Alimentos_Site.pdf\">Matriz Curricular- Curr\u00edculo 4 para ingressantes a partir de 2016<\/a><\/li>\n<\/ul>\n<\/li>\n<li>Engenharia de Computa\u00e7\u00e3o\n<ul>\n<li><a href=\"http:\/\/www2.uepg.br\/prograd\/wp-content\/uploads\/sites\/19\/2021\/07\/Matriz-Eng-de-Computacao_Site1-1.pdf\">Matriz Curricular- Curr\u00edculo 3 para ingressantes a partir de 2016<\/a><\/li>\n<\/ul>\n<\/li>\n<li>Zootecnia\n<ul>\n<li><a href=\"http:\/\/www2.uepg.br\/prograd\/wp-content\/uploads\/sites\/19\/2021\/07\/MAtriz-Zootecnia.pdf\">Matriz Curricular- Curr\u00edculo 3 para ingressantes a partir de 2015<\/a><\/li>\n<\/ul>\n<\/li>\n<\/ul>\n<h4>Cursos a Dist\u00e2ncia<\/h4>\n<ul>\n<li>Licenciatura em Computa\u00e7\u00e3o \u2013 EaD\n<ul>\n<li><a href=\"http:\/\/www2.uepg.br\/prograd\/wp-content\/uploads\/sites\/19\/2021\/06\/Lic-em-Computacao-UAB.pdf\">Matriz Curricular_Curr\u00edculo 1\u00a0 \u2013 Para ingressantes a partir de 2017<\/a><\/li>\n<\/ul>\n<\/li>\n<\/ul>\n\t\t\t\t<\/div>\n\t\t\t<\/div>\n\t\t<\/div>\n\t\t\t<div class=\"sow-accordion-panel\"\n\t\t\t data-anchor=\"setor-iii-%e2%80%93-ci%c3%aancias-biol%c3%b3gicas-e-da-sa%c3%bade\">\n\t\t\t\t<div class=\"sow-accordion-panel-header-container\" role=\"heading\" aria-level=\"2\">\n\t\t\t\t\t<div class=\"sow-accordion-panel-header\" tabindex=\"0\" role=\"button\" id=\"accordion-label-setor-iii-%e2%80%93-ci%c3%aancias-biol%c3%b3gicas-e-da-sa%c3%bade\" aria-controls=\"accordion-content-setor-iii-%e2%80%93-ci%c3%aancias-biol%c3%b3gicas-e-da-sa%c3%bade\" aria-expanded=\"false\">\n\t\t\t\t\t\t<div class=\"sow-accordion-title sow-accordion-title-icon-left\">\n\t\t\t\t\t\t\t\t\t\t\t\t\t\tSetor III \u2013  Ci\u00eancias Biol\u00f3gicas e da Sa\u00fade\t\t\t\t\t\t\t\t\t\t\t\t\t<\/div>\n\t\t\t\t\t\t<div class=\"sow-accordion-open-close-button\">\n\t\t\t\t\t\t\t<div class=\"sow-accordion-open-button\">\n\t\t\t\t\t\t\t\t<span class=\"sow-icon-ionicons\" data-sow-icon=\"&#xf218;\"\n\t\t \n\t\taria-hidden=\"true\"><\/span>\t\t\t\t\t\t\t<\/div>\n\t\t\t\t\t\t\t<div class=\"sow-accordion-close-button\">\n\t\t\t\t\t\t\t\t<span class=\"sow-icon-ionicons\" data-sow-icon=\"&#xf209;\"\n\t\t \n\t\taria-hidden=\"true\"><\/span>\t\t\t\t\t\t\t<\/div>\n\t\t\t\t\t\t<\/div>\n\t\t\t\t\t<\/div>\n\t\t\t\t<\/div>\n\n\t\t\t<div\n\t\t\t\tclass=\"sow-accordion-panel-content\"\n\t\t\t\trole=\"region\"\n\t\t\t\taria-labelledby=\"accordion-label-setor-iii-%e2%80%93-ci%c3%aancias-biol%c3%b3gicas-e-da-sa%c3%bade\"\n\t\t\t\tid=\"accordion-content-setor-iii-%e2%80%93-ci%c3%aancias-biol%c3%b3gicas-e-da-sa%c3%bade\"\n\t\t\t\tstyle=\"display: none;\"\t\t\t>\n\t\t\t\t<div class=\"sow-accordion-panel-border\" tabindex=\"0\">\n\t\t\t\t\t<h4>Cursos Presenciais<\/h4>\n<ul>\n<li>Medicina\n<ul>\n<li><a href=\"http:\/\/www2.uepg.br\/prograd\/wp-content\/uploads\/sites\/19\/2024\/05\/MAtriz-currricular-de-2020-a-2022.pdf\" target=\"_blank\" rel=\"noopener\">Matriz Curricular- Curr\u00edculo 2 para ingressantes a partir de 2009<\/a><\/li>\n<\/ul>\n<\/li>\n<li>Farm\u00e1cia\n<ul>\n<li><a href=\"http:\/\/www2.uepg.br\/prograd\/wp-content\/uploads\/sites\/19\/2024\/05\/farmacia-2020-a-2022.pdf\" target=\"_blank\" rel=\"noopener\">Matriz Curricular- Curr\u00edculo 5 para ingressantes a partir de 2005<\/a><\/li>\n<\/ul>\n<\/li>\n<li>Odontologia\n<ul>\n<li><a href=\"http:\/\/www2.uepg.br\/prograd\/wp-content\/uploads\/sites\/19\/2021\/07\/Matriz_SITE-1.pdf\">Matriz Curricular- Curr\u00edculo 11 para ingressantes a partir de 2016<\/a><\/li>\n<\/ul>\n<\/li>\n<li>Licenciatura em Ci\u00eancias Biol\u00f3gicas\n<ul>\n<li><a href=\"http:\/\/www2.uepg.br\/prograd\/wp-content\/uploads\/sites\/19\/2022\/06\/Matriz_Site_2020-e-2021.pdf\" target=\"_blank\" rel=\"noopener\">Matriz Curricular- Curr\u00edculo 4 para ingressantes a partir de 2019<\/a><\/li>\n<\/ul>\n<\/li>\n<li>Bacharelado em Ci\u00eancias Biol\u00f3gicas\n<ul>\n<li><a href=\"http:\/\/www2.uepg.br\/prograd\/wp-content\/uploads\/sites\/19\/2021\/07\/MATRIZ-Site.pdf\">Matriz Curricular- Curr\u00edculo 4 para ingressantes a partir de 2018<\/a><\/li>\n<\/ul>\n<\/li>\n<li>Bacharelado em Educa\u00e7\u00e3o F\u00edsica\n<ul>\n<li><a href=\"http:\/\/www2.uepg.br\/prograd\/wp-content\/uploads\/sites\/19\/2021\/07\/Matriz-4SITE.pdf\">Matriz Curricular- Curr\u00edculo 1 para ingressantes a partir de 2019<\/a><\/li>\n<\/ul>\n<\/li>\n<li>Licenciatura em Educa\u00e7\u00e3o F\u00edsica\n<ul>\n<li><a href=\"http:\/\/www2.uepg.br\/prograd\/wp-content\/uploads\/sites\/19\/2021\/07\/Matriz-Curric_SITE-1.pdf\">Matriz Curricular \u2013 Curr\u00edculo 8 \u2013 Para ingressantes a partir de 2014<\/a><\/li>\n<\/ul>\n<\/li>\n<li>Bacharelado em Enfermagem\n<ul>\n<li><a href=\"http:\/\/www2.uepg.br\/prograd\/wp-content\/uploads\/sites\/19\/2021\/07\/Matriz_Enfremagem.pdf\">Matriz Curricular \u2013 Curr\u00edculo 4 \u2013 Para ingressantes a partir de 2014<\/a><\/li>\n<\/ul>\n<\/li>\n<\/ul>\n<h4>Cursos a Dist\u00e2ncia<\/h4>\n<ul>\n<li>Licenciatura em Educa\u00e7\u00e3o F\u00edsica \u2013 EaD\n<ul>\n<li><a href=\"http:\/\/www2.uepg.br\/prograd\/wp-content\/uploads\/sites\/19\/2021\/06\/Educ-Fisica-EAD.pdf\">Matriz Curricular- Curr\u00edculo 2 \u2013 Para ingressantes a partir de 2017<\/a><\/li>\n<\/ul>\n<\/li>\n<\/ul>\n\t\t\t\t<\/div>\n\t\t\t<\/div>\n\t\t<\/div>\n\t\t\t<div class=\"sow-accordion-panel\"\n\t\t\t data-anchor=\"setor-iv-%e2%80%93-ci%c3%aancias-sociais-e-aplicadas\">\n\t\t\t\t<div class=\"sow-accordion-panel-header-container\" role=\"heading\" aria-level=\"2\">\n\t\t\t\t\t<div class=\"sow-accordion-panel-header\" tabindex=\"0\" role=\"button\" id=\"accordion-label-setor-iv-%e2%80%93-ci%c3%aancias-sociais-e-aplicadas\" aria-controls=\"accordion-content-setor-iv-%e2%80%93-ci%c3%aancias-sociais-e-aplicadas\" aria-expanded=\"false\">\n\t\t\t\t\t\t<div class=\"sow-accordion-title sow-accordion-title-icon-left\">\n\t\t\t\t\t\t\t\t\t\t\t\t\t\tSetor IV \u2013  Ci\u00eancias Sociais e Aplicadas\t\t\t\t\t\t\t\t\t\t\t\t\t<\/div>\n\t\t\t\t\t\t<div class=\"sow-accordion-open-close-button\">\n\t\t\t\t\t\t\t<div class=\"sow-accordion-open-button\">\n\t\t\t\t\t\t\t\t<span class=\"sow-icon-ionicons\" data-sow-icon=\"&#xf218;\"\n\t\t \n\t\taria-hidden=\"true\"><\/span>\t\t\t\t\t\t\t<\/div>\n\t\t\t\t\t\t\t<div class=\"sow-accordion-close-button\">\n\t\t\t\t\t\t\t\t<span class=\"sow-icon-ionicons\" data-sow-icon=\"&#xf209;\"\n\t\t \n\t\taria-hidden=\"true\"><\/span>\t\t\t\t\t\t\t<\/div>\n\t\t\t\t\t\t<\/div>\n\t\t\t\t\t<\/div>\n\t\t\t\t<\/div>\n\n\t\t\t<div\n\t\t\t\tclass=\"sow-accordion-panel-content\"\n\t\t\t\trole=\"region\"\n\t\t\t\taria-labelledby=\"accordion-label-setor-iv-%e2%80%93-ci%c3%aancias-sociais-e-aplicadas\"\n\t\t\t\tid=\"accordion-content-setor-iv-%e2%80%93-ci%c3%aancias-sociais-e-aplicadas\"\n\t\t\t\tstyle=\"display: none;\"\t\t\t>\n\t\t\t\t<div class=\"sow-accordion-panel-border\" tabindex=\"0\">\n\t\t\t\t\t<h4>Cursos Presenciais<\/h4>\n<ul>\n<li>Administra\u00e7\u00e3o \u2013 Noturno\n<ul>\n<li><a href=\"http:\/\/www2.uepg.br\/prograd\/wp-content\/uploads\/sites\/19\/2021\/08\/MAtriz_adm-site-1.pdf\">Matriz Curricular \u2013 Curr\u00edculo 6 \u2013 Para ingressantes a partir de 2009<\/a><\/li>\n<\/ul>\n<\/li>\n<li>Ci\u00eancias Econ\u00f4micas<\/li>\n<li><a href=\"http:\/\/www2.uepg.br\/prograd\/wp-content\/uploads\/sites\/19\/2021\/09\/CURSO-DE-LICENCIATURA-EM-FISICA-TURNO_-NOT_Mat_SITE.pdf\">Matriz Curricular \u2013 Curr\u00edculo 9 \u2013 Para ingressantes a partir de 2013<\/a><\/li>\n<li>Servi\u00e7o Social\n<ul>\n<li>Matriz Curricular- Curr\u00edculo X para ingressantes a partir de 20XX (Atualizando...)<\/li>\n<\/ul>\n<\/li>\n<li>Ci\u00eancias Cont\u00e1beis\n<ul>\n<li><a href=\"http:\/\/www2.uepg.br\/prograd\/wp-content\/uploads\/sites\/19\/2021\/09\/Matriz-contabeis_.pdf\">Matriz Curricular \u2013 Curr\u00edculo 9 \u2013 Para ingressantes a partir de 2016<\/a><\/li>\n<\/ul>\n<\/li>\n<li>Bacharelado em Jornalismo\n<ul>\n<li><a href=\"http:\/\/www2.uepg.br\/prograd\/wp-content\/uploads\/sites\/19\/2021\/11\/jornalismo-matriz-1.pdf\">Matriz Curricular \u2013 Curr\u00edculo 7- Para ingressantes a partir de 2015<\/a><\/li>\n<\/ul>\n<\/li>\n<li>Administra\u00e7\u00e3o Com\u00e9rcio Exterior \u2013 Matutino\n<ul>\n<li><a href=\"http:\/\/www2.uepg.br\/prograd\/wp-content\/uploads\/sites\/19\/2024\/05\/comercioexterior.pdf\" target=\"_blank\" rel=\"noopener\">Matriz Curricular- Curr\u00edculo 1 para ingressantes a partir de 2008<\/a><\/li>\n<\/ul>\n<\/li>\n<li>Bacharelado em Turismo\n<ul>\n<li><a href=\"http:\/\/www2.uepg.br\/prograd\/wp-content\/uploads\/sites\/19\/2021\/11\/turismo-matriz-1.pdf\">Matriz Curricular \u2013 Curr\u00edculo 10 \u2013 Para ingressantes a partir de 2009<\/a><\/li>\n<\/ul>\n<\/li>\n<\/ul>\n<h4>Cursos a Dist\u00e2ncia<\/h4>\n<ul>\n<li>Bacharelado em Administra\u00e7\u00e3o P\u00fablica \u2013 EaD\n<ul>\n<li><a href=\"http:\/\/www2.uepg.br\/prograd\/wp-content\/uploads\/sites\/19\/2021\/06\/ADM-CURR-1.pdf\">Matriz Curricular \u2013 Curr\u00edculo 1 \u2013 Para ingressantes de 2009 a 2020<\/a><\/li>\n<li><a href=\"http:\/\/www2.uepg.br\/prograd\/wp-content\/uploads\/sites\/19\/2021\/11\/Matriz-Adm-Publica_Curr-2.pdf\">Matriz Curricular \u2013 Curr\u00edculo 2 \u2013 Para ingressantes a partir de 2020<\/a><\/li>\n<\/ul>\n<\/li>\n<li>Tecnologia em Gest\u00e3o P\u00fablica \u2013 EaD\n<ul>\n<li><a href=\"http:\/\/www2.uepg.br\/prograd\/wp-content\/uploads\/sites\/19\/2021\/07\/Matriz-Tec-em-Gestao-Publica-1.pdf\">Matriz Curricular \u2013 Curr\u00edculo 1 \u2013 Para ingressantes a partir de 2017<\/a><\/li>\n<\/ul>\n<\/li>\n<\/ul>\n\t\t\t\t<\/div>\n\t\t\t<\/div>\n\t\t<\/div>\n\t\t\t<div class=\"sow-accordion-panel\"\n\t\t\t data-anchor=\"setor-v-%e2%80%93-ci%c3%aancias-humanas-letras-e-artes\">\n\t\t\t\t<div class=\"sow-accordion-panel-header-container\" role=\"heading\" aria-level=\"2\">\n\t\t\t\t\t<div class=\"sow-accordion-panel-header\" tabindex=\"0\" role=\"button\" id=\"accordion-label-setor-v-%e2%80%93-ci%c3%aancias-humanas-letras-e-artes\" aria-controls=\"accordion-content-setor-v-%e2%80%93-ci%c3%aancias-humanas-letras-e-artes\" aria-expanded=\"false\">\n\t\t\t\t\t\t<div class=\"sow-accordion-title sow-accordion-title-icon-left\">\n\t\t\t\t\t\t\t\t\t\t\t\t\t\tSetor V \u2013  Ci\u00eancias Humanas, Letras e Artes\t\t\t\t\t\t\t\t\t\t\t\t\t<\/div>\n\t\t\t\t\t\t<div class=\"sow-accordion-open-close-button\">\n\t\t\t\t\t\t\t<div class=\"sow-accordion-open-button\">\n\t\t\t\t\t\t\t\t<span class=\"sow-icon-ionicons\" data-sow-icon=\"&#xf218;\"\n\t\t \n\t\taria-hidden=\"true\"><\/span>\t\t\t\t\t\t\t<\/div>\n\t\t\t\t\t\t\t<div class=\"sow-accordion-close-button\">\n\t\t\t\t\t\t\t\t<span class=\"sow-icon-ionicons\" data-sow-icon=\"&#xf209;\"\n\t\t \n\t\taria-hidden=\"true\"><\/span>\t\t\t\t\t\t\t<\/div>\n\t\t\t\t\t\t<\/div>\n\t\t\t\t\t<\/div>\n\t\t\t\t<\/div>\n\n\t\t\t<div\n\t\t\t\tclass=\"sow-accordion-panel-content\"\n\t\t\t\trole=\"region\"\n\t\t\t\taria-labelledby=\"accordion-label-setor-v-%e2%80%93-ci%c3%aancias-humanas-letras-e-artes\"\n\t\t\t\tid=\"accordion-content-setor-v-%e2%80%93-ci%c3%aancias-humanas-letras-e-artes\"\n\t\t\t\tstyle=\"display: none;\"\t\t\t>\n\t\t\t\t<div class=\"sow-accordion-panel-border\" tabindex=\"0\">\n\t\t\t\t\t<h4>Cursos Presenciais<\/h4>\n<ul>\n<li>Licenciatura em Pedagogia\n<ul>\n<li><a href=\"http:\/\/www2.uepg.br\/prograd\/wp-content\/uploads\/sites\/19\/2021\/06\/Pedag-Presencial.pdf\">Matriz Curricular \u2013 Curr\u00edculo 2 \u2013 Para ingressantes a partir de 2013<\/a><\/li>\n<\/ul>\n<\/li>\n<li>Licenciatura em Letras Portugu\u00eas\/Franc\u00eas e Respectivas Literaturas\n<ul>\n<li><a href=\"http:\/\/www2.uepg.br\/prograd\/wp-content\/uploads\/sites\/19\/2021\/05\/MATRIZ-LETRAS-FRANCES-2015.pdf\">Matriz Curricular \u2013 Curriculo 3 \u2013 Para ingressantes a partir de 2015<\/a><\/li>\n<\/ul>\n<\/li>\n<li>Licenciatura em Letras Portugu\u00eas\/Espanhol e Respectivas Literaturas\n<ul>\n<li><a href=\"http:\/\/www2.uepg.br\/prograd\/wp-content\/uploads\/sites\/19\/2021\/05\/Matriz-Letras-Espanhol_Curr-3.pdf\">Matriz Curricular \u2013\u00a0 Curr\u00edculo 3 \u2013 Para ingressantes a partir de 2015<\/a><\/li>\n<\/ul>\n<\/li>\n<li>Licenciatura em Letras Portugu\u00eas\/Ingl\u00eas e Respectivas Literaturas\n<ul>\n<li><a href=\"http:\/\/www2.uepg.br\/prograd\/wp-content\/uploads\/sites\/19\/2021\/05\/MATRIZ-CURRICULAR-_SITE.pdf\">Matriz Curricular \u2013 Para ingressantes a partir de 2015<\/a><\/li>\n<\/ul>\n<\/li>\n<li>Licenciatura em M\u00fasica\n<ul>\n<li><a href=\"http:\/\/www2.uepg.br\/prograd\/wp-content\/uploads\/sites\/19\/2021\/08\/Matriz-Curr_2_Site-1.pdf\">Matriz Curricular \u2013 Curr\u00edculo 2 A partir de 2008<\/a><\/li>\n<\/ul>\n<\/li>\n<li>Licenciatura em Artes Visuais\n<ul>\n<li><a href=\"http:\/\/www2.uepg.br\/prograd\/wp-content\/uploads\/sites\/19\/2021\/08\/Matriz-6Artes.pdf\">Matriz Curricular \u2013 Curr\u00edculo 3 A partir de 2015<\/a><\/li>\n<\/ul>\n<\/li>\n<li>Licenciatura em Hist\u00f3ria\n<ul>\n<li><a href=\"http:\/\/www2.uepg.br\/prograd\/wp-content\/uploads\/sites\/19\/2021\/06\/Matriz-Curricular-Curriculo-9-A-partir-de-2019.pdf\">Matriz Curricular \u2013 Curr\u00edculo 9 \u2013 A partir de 2019<\/a><\/li>\n<\/ul>\n<\/li>\n<li>Bacharelado em Hist\u00f3ria\n<ul>\n<li><a href=\"http:\/\/www2.uepg.br\/prograd\/wp-content\/uploads\/sites\/19\/2023\/05\/Matriz-Curricular-2020.pdf\" target=\"_blank\" rel=\"noopener\">Matriz Curricular- Curr\u00edculo 3 para ingressantes a partir de 2020.<\/a><\/li>\n<\/ul>\n<\/li>\n<\/ul>\n<h4>Cursos a Dist\u00e2ncia<\/h4>\n<ul>\n<li>Licenciatura em Pedagogia \u2013 EaD\n<ul>\n<li><a href=\"http:\/\/www2.uepg.br\/prograd\/wp-content\/uploads\/sites\/19\/2021\/06\/Matriz-Pedagogia-EAD-Curr-1.pdf\">Matriz Curricular \u2013 Curr\u00edculo 1 \u2013 Para ingressantes a partir de 2009<\/a><\/li>\n<\/ul>\n<\/li>\n<li>Licenciatura em Letras\/Espanhol \u2013 EaD\n<ul>\n<li><a href=\"http:\/\/www2.uepg.br\/prograd\/wp-content\/uploads\/sites\/19\/2024\/08\/Matriz-Curricular-Curriculo-2-A-partir-de-2019-1.pdf\" target=\"_blank\" rel=\"noopener\">Matriz Curricular \u2013 Curr\u00edculo 2 \u2013 A partir de 2019<\/a><\/li>\n<\/ul>\n<\/li>\n<li>Licenciatura em Hist\u00f3ria \u2013 EaD\n<ul>\n<li><a href=\"http:\/\/www2.uepg.br\/prograd\/wp-content\/uploads\/sites\/19\/2021\/06\/Historia-EAD_.pdf\">Matriz Curricular \u2013 Curr\u00edculo 2 \u2013 Para ingressantes a partir 2011<\/a><\/li>\n<\/ul>\n<\/li>\n<\/ul>\n\t\t\t\t<\/div>\n\t\t\t<\/div>\n\t\t<\/div>\n\t\t\t<div class=\"sow-accordion-panel\"\n\t\t\t data-anchor=\"setor-vi-%e2%80%93-ci%c3%aancias-jur%c3%addicas\">\n\t\t\t\t<div class=\"sow-accordion-panel-header-container\" role=\"heading\" aria-level=\"2\">\n\t\t\t\t\t<div class=\"sow-accordion-panel-header\" tabindex=\"0\" role=\"button\" id=\"accordion-label-setor-vi-%e2%80%93-ci%c3%aancias-jur%c3%addicas\" aria-controls=\"accordion-content-setor-vi-%e2%80%93-ci%c3%aancias-jur%c3%addicas\" aria-expanded=\"false\">\n\t\t\t\t\t\t<div class=\"sow-accordion-title sow-accordion-title-icon-left\">\n\t\t\t\t\t\t\t\t\t\t\t\t\t\tSetor VI \u2013  Ci\u00eancias Jur\u00eddicas\t\t\t\t\t\t\t\t\t\t\t\t\t<\/div>\n\t\t\t\t\t\t<div class=\"sow-accordion-open-close-button\">\n\t\t\t\t\t\t\t<div class=\"sow-accordion-open-button\">\n\t\t\t\t\t\t\t\t<span class=\"sow-icon-ionicons\" data-sow-icon=\"&#xf218;\"\n\t\t \n\t\taria-hidden=\"true\"><\/span>\t\t\t\t\t\t\t<\/div>\n\t\t\t\t\t\t\t<div class=\"sow-accordion-close-button\">\n\t\t\t\t\t\t\t\t<span class=\"sow-icon-ionicons\" data-sow-icon=\"&#xf209;\"\n\t\t \n\t\taria-hidden=\"true\"><\/span>\t\t\t\t\t\t\t<\/div>\n\t\t\t\t\t\t<\/div>\n\t\t\t\t\t<\/div>\n\t\t\t\t<\/div>\n\n\t\t\t<div\n\t\t\t\tclass=\"sow-accordion-panel-content\"\n\t\t\t\trole=\"region\"\n\t\t\t\taria-labelledby=\"accordion-label-setor-vi-%e2%80%93-ci%c3%aancias-jur%c3%addicas\"\n\t\t\t\tid=\"accordion-content-setor-vi-%e2%80%93-ci%c3%aancias-jur%c3%addicas\"\n\t\t\t\tstyle=\"display: none;\"\t\t\t>\n\t\t\t\t<div class=\"sow-accordion-panel-border\" tabindex=\"0\">\n\t\t\t\t\t<h4>Cursos Presenciais<\/h4>\n<ul>\n<li>Direito\n<ul>\n<li><a href=\"http:\/\/www2.uepg.br\/prograd\/wp-content\/uploads\/sites\/19\/2022\/06\/Matriz-Direito_2020.pdf\" target=\"_blank\" rel=\"noopener\">Matriz Curricular- Curr\u00edculo 8 \u2013 Para ingressantes a partir de 2017<\/a><\/li>\n<\/ul>\n<\/li>\n<\/ul>\n\t\t\t\t<\/div>\n\t\t\t<\/div>\n\t\t<\/div>\n\t\t<\/div>\n<\/div>\n<\/div><\/div><\/div><\/div><div id=\"pg-2759-1\"  class=\"panel-grid panel-no-style\" ><div id=\"pgc-2759-1-0\"  class=\"panel-grid-cell panel-grid-cell-empty\" ><\/div><\/div><\/div>","protected":false},"excerpt":{"rendered":"<p>Setor I \u2013 Ci\u00eancias Exatas e Naturais Cursos Presenciais Licenciatura em Matem\u00e1tica Matriz Curricular \u2013 Curr\u00edculo 7 para ingressantes a partir de 2020 Bacharelado em Matem\u00e1tica Aplicada Matriz Curricular \u2013 Curr\u00edculo 1 para ingressantes a partir de 2017. Licenciatura em Geografia Matriz Curricular \u2013 Curr\u00edculo 5 para ingressantes a partir de 2020 Bacharelado em Geografia&nbsp;&hellip;<\/p>\n","protected":false},"author":204,"featured_media":3681,"parent":0,"menu_order":0,"comment_status":"closed","ping_status":"closed","template":"","meta":[],"_links":{"self":[{"href":"https:\/\/www2.uepg.br\/prograd\/wp-json\/wp\/v2\/pages\/2759"}],"collection":[{"href":"https:\/\/www2.uepg.br\/prograd\/wp-json\/wp\/v2\/pages"}],"about":[{"href":"https:\/\/www2.uepg.br\/prograd\/wp-json\/wp\/v2\/types\/page"}],"author":[{"embeddable":true,"href":"https:\/\/www2.uepg.br\/prograd\/wp-json\/wp\/v2\/users\/204"}],"replies":[{"embeddable":true,"href":"https:\/\/www2.uepg.br\/prograd\/wp-json\/wp\/v2\/comments?post=2759"}],"version-history":[{"count":108,"href":"https:\/\/www2.uepg.br\/prograd\/wp-json\/wp\/v2\/pages\/2759\/revisions"}],"predecessor-version":[{"id":8543,"href":"https:\/\/www2.uepg.br\/prograd\/wp-json\/wp\/v2\/pages\/2759\/revisions\/8543"}],"wp:featuredmedia":[{"embeddable":true,"href":"https:\/\/www2.uepg.br\/prograd\/wp-json\/wp\/v2\/media\/3681"}],"wp:attachment":[{"href":"https:\/\/www2.uepg.br\/prograd\/wp-json\/wp\/v2\/media?parent=2759"}],"curies":[{"name":"wp","href":"https:\/\/api.w.org\/{rel}","templated":true}]}}