{"id":3524,"date":"2021-10-04T10:17:11","date_gmt":"2021-10-04T13:17:11","guid":{"rendered":"https:\/\/www2.uepg.br\/prograd\/?page_id=3524"},"modified":"2026-04-17T15:44:42","modified_gmt":"2026-04-17T18:44:42","slug":"matricula-de-calouros-presencial","status":"publish","type":"page","link":"https:\/\/www2.uepg.br\/prograd\/matricula-de-calouros-presencial\/","title":{"rendered":"Matr\u00edcula de Calouros(as) Cursos Presenciais"},"content":{"rendered":"<div id=\"pl-3524\"  class=\"panel-layout\" ><div id=\"pg-3524-0\"  class=\"panel-grid panel-no-style\" ><div id=\"pgc-3524-0-0\"  class=\"panel-grid-cell\" ><div id=\"panel-3524-0-0-0\" class=\"so-panel widget widget_sow-accordion panel-first-child panel-last-child\" data-index=\"0\" ><div\n\t\t\t\n\t\t\tclass=\"so-widget-sow-accordion so-widget-sow-accordion-default-cfe741d4f49c-3524\"\n\t\t\t\n\t\t><div>\n\t<div class=\"sow-accordion\">\n\t\t\t<div class=\"sow-accordion-panel sow-accordion-panel-open\"\n\t\t\t data-anchor=\"aprova-paran%c3%a1-universidades-prova-paran%c3%a1-mais-2025-para-ingresso-em-2026\">\n\t\t\t\t<div class=\"sow-accordion-panel-header-container\" role=\"heading\" aria-level=\"2\">\n\t\t\t\t\t<div class=\"sow-accordion-panel-header\" tabindex=\"0\" role=\"button\" id=\"accordion-label-aprova-paran%c3%a1-universidades-prova-paran%c3%a1-mais-2025-para-ingresso-em-2026\" aria-controls=\"accordion-content-aprova-paran%c3%a1-universidades-prova-paran%c3%a1-mais-2025-para-ingresso-em-2026\" aria-expanded=\"true\">\n\t\t\t\t\t\t<div class=\"sow-accordion-title sow-accordion-title-icon-left\">\n\t\t\t\t\t\t\t\t\t\t\t\t\t\tAprova Paran\u00e1 Universidades (Prova Paran\u00e1 Mais 2025) para Ingresso em 2026\t\t\t\t\t\t\t\t\t\t\t\t\t<\/div>\n\t\t\t\t\t\t<div class=\"sow-accordion-open-close-button\">\n\t\t\t\t\t\t\t<div class=\"sow-accordion-open-button\">\n\t\t\t\t\t\t\t\t<span class=\"sow-icon-ionicons\" data-sow-icon=\"&#xf218;\"\n\t\t \n\t\taria-hidden=\"true\"><\/span>\t\t\t\t\t\t\t<\/div>\n\t\t\t\t\t\t\t<div class=\"sow-accordion-close-button\">\n\t\t\t\t\t\t\t\t<span class=\"sow-icon-ionicons\" data-sow-icon=\"&#xf209;\"\n\t\t \n\t\taria-hidden=\"true\"><\/span>\t\t\t\t\t\t\t<\/div>\n\t\t\t\t\t\t<\/div>\n\t\t\t\t\t<\/div>\n\t\t\t\t<\/div>\n\n\t\t\t<div\n\t\t\t\tclass=\"sow-accordion-panel-content\"\n\t\t\t\trole=\"region\"\n\t\t\t\taria-labelledby=\"accordion-label-aprova-paran%c3%a1-universidades-prova-paran%c3%a1-mais-2025-para-ingresso-em-2026\"\n\t\t\t\tid=\"accordion-content-aprova-paran%c3%a1-universidades-prova-paran%c3%a1-mais-2025-para-ingresso-em-2026\"\n\t\t\t\t\t\t\t>\n\t\t\t\t<div class=\"sow-accordion-panel-border\" tabindex=\"0\">\n\t\t\t\t\t<p style=\"text-align: center\">\ud83d\udce2 <strong data-start=\"3\" data-end=\"31\">Aten\u00e7\u00e3o, candidatos(as)!<\/strong><\/p>\n<p style=\"text-align: center\" data-start=\"33\" data-end=\"118\">Informamos o encerramento das chamadas para matr\u00edcula de calouros(as) 2026 da UEPG \ud83c\udf93<\/p>\n<p style=\"text-align: center\" data-start=\"120\" data-end=\"210\">\ud83d\udcc4 O documento abaixo oficializa o t\u00e9rmino das convoca\u00e7\u00f5es para ingresso neste ano letivo.<\/p>\n<p style=\"text-align: center\"><strong><a href=\"http:\/\/www2.uepg.br\/prograd\/wp-content\/uploads\/sites\/19\/2026\/04\/Edital-de-Encerramento-Matricula-Calourosas-2026.pdf\" target=\"_blank\" rel=\"noopener\">EDITAL DE ENCERRAMENTO MATR\u00cdCULA CALOUROS(AS) 2026<\/a><\/strong><\/p>\n<p style=\"text-align: center\">-------------------------------------------------------------<\/p>\n<p style=\"text-align: center\">(Prazo encerrado para envio da documenta\u00e7\u00e3o)<\/p>\n<p style=\"text-align: center\">-------------------------------------------------------------<\/p>\n<p style=\"text-align: center\"><strong>\u00a0<a href=\"https:\/\/cadmo.apps.uepg.br\/\" target=\"_blank\" rel=\"noopener\">\u00c0REA P\u00daBLICA CLIQUE AQUI\u00a0<\/a><\/strong><\/p>\n<p style=\"text-align: center\" data-start=\"130\" data-end=\"369\">Para aqueles(as) que possuem o status de <strong data-start=\"160\" data-end=\"178\">Matriculado(a)<\/strong>, independentemente de qual Processo Seletivo (PSS, Vestibular ou Aprova Paran\u00e1 Universidades), devem acessar o sistema acad\u00eamico para consultar as informa\u00e7\u00f5es referentes ao seu ingresso.<\/p>\n<p style=\"text-align: center\" data-start=\"371\" data-end=\"495\">Para verificar <strong data-start=\"386\" data-end=\"461\">local de aula (ensalamento), documentos afetos a sua matr\u00edcula e demais informa\u00e7\u00f5es acad\u00eamicas<\/strong>, acesse o sistema no link abaixo:<\/p>\n<p style=\"text-align: center\" data-start=\"497\" data-end=\"525\"><a class=\"decorated-link\" href=\"https:\/\/kairos.apps.uepg.br\/\" target=\"_new\" rel=\"noopener\" data-start=\"497\" data-end=\"525\">https:\/\/kairos.apps.uepg.br\/<\/a><\/p>\n<p style=\"text-align: center\" data-start=\"527\" data-end=\"640\">No acesso ao sistema, utilize <strong data-start=\"557\" data-end=\"639\">seu login e a senha gerada no momento do envio dos documentos.<\/strong><\/p>\n<p style=\"text-align: center\">-------------------------------------------------------------<\/p>\n<p style=\"text-align: center\"><strong>ATEN\u00c7\u00c3O !!!<\/strong><\/p>\n<p style=\"text-align: center\">Candidatos(as) que, al\u00e9m do Aprova Paran\u00e1 Universidades, tamb\u00e9m possuem classifica\u00e7\u00e3o nos processos seletivos PSS e\/ou Vestibular, dever\u00e3o, realizar a leitura atenta do <strong>\u00a0<a href=\"http:\/\/www2.uepg.br\/prograd\/wp-content\/uploads\/sites\/19\/2026\/02\/Informativo-Varias-calassificacoes-1.pdf\" target=\"_blank\" rel=\"noopener\">Informativo<\/a><\/strong><\/p>\n<p style=\"text-align: center\" data-start=\"208\" data-end=\"445\"><strong>Candidatos(as) classificados(as) para o Curso de Licenciatura em M\u00fasica, em primeira chamada e em lista de espera, dever\u00e3o realizar o THE\u00a0<\/strong><\/p>\n<p class=\"Texto_Justificado\" style=\"text-align: center\"><strong><a href=\"http:\/\/www2.uepg.br\/prograd\/wp-content\/uploads\/sites\/19\/2026\/02\/THE-Mu\u0301sica-Aprova-PR-Edital-Resultado-Final.pdf\" target=\"_blank\" rel=\"noopener\">THE M\u00daSICA - APROVA PR - EDITAL RESULTADO FINAL<\/a>\u00a0<\/strong><\/p>\n<p class=\"Texto_Justificado\" style=\"text-align: center\"><strong><a href=\"https:\/\/www2.uepg.br\/prograd\/wp-content\/uploads\/sites\/19\/2026\/02\/Convocacao-para-osas-classificadosas-para-o-curso-de-Licenciatura-em-Musica.pdf\" target=\"_blank\" rel=\"noopener\">EDITAL COLLICMUS - N\u00ba 2026.127\u00a0<\/a><\/strong><\/p>\n<p style=\"text-align: center\" data-start=\"208\" data-end=\"445\"><b>-------------------------------------------------------------<\/b><\/p>\n<p style=\"text-align: center\"><strong><a href=\"http:\/\/www2.uepg.br\/prograd\/wp-content\/uploads\/sites\/19\/2026\/02\/Manual-de-Matricula-Parte-II-Aprova-PR-2026.pdf\">Manual de Matricula Parte II\u00a0<\/a><\/strong><\/p>\n<p style=\"text-align: center\"><b>(LEITURA OBRIGAT\u00d3RIA)<\/b><\/p>\n<p style=\"text-align: center\"><b>-------------------------------------------------------------<\/b><\/p>\n<p style=\"text-align: center\"><b>Aqueles(as) que, porventura, n\u00e3o tenham recebido da Institui\u00e7\u00e3o de Ensino o Hist\u00f3rico Escolar em tempo h\u00e1bil, poder\u00e3o solicitar diretamente ao Col\u00e9gio a emiss\u00e3o de Certid\u00e3o e\/ou Declara\u00e7\u00e3o que comprove, de forma detalhada, as s\u00e9ries cursadas nos respectivos n\u00edveis de ensino, conforme os modelos disponibilizados nos Anexos. Ressalta-se que tais documentos devem conter todas as informa\u00e7\u00f5es exigidas.<\/b><\/p>\n<p style=\"text-align: center\"><a href=\"http:\/\/www2.uepg.br\/prograd\/wp-content\/uploads\/sites\/19\/2026\/01\/Anexo-I-Certidao-do-Ensino-Fundamental-II.pdf\"><b>Anexo I - Certid\u00e3o do Ensino Fundamental<\/b><\/a><\/p>\n<p style=\"text-align: center\"><a href=\"http:\/\/www2.uepg.br\/prograd\/wp-content\/uploads\/sites\/19\/2026\/01\/Anexo-II-Certidao-do-Ensino-Medio-Regular.pdf\"><b>Anexo II - Certid\u00e3o do Ensino M\u00e9dio Regular<\/b><\/a><\/p>\n<p style=\"text-align: center\"><a href=\"http:\/\/www2.uepg.br\/prograd\/wp-content\/uploads\/sites\/19\/2026\/01\/Anexo-III-Certidao-do-Ensino-Medio-Tecnico.pdf\"><b>Anexo III - Certid\u00e3o do Ensino M\u00e9dio T\u00e9cnico<\/b><\/a><\/p>\n<p style=\"text-align: center\"><b>-------------------------------------------------------------<\/b><\/p>\n<p style=\"text-align: center\"><b>\u00a0Essa <\/b><a href=\"https:\/\/www.ilovepdf.com\/pt\"><b>FERRAMENTA <\/b><b><i>on-line<\/i><\/b><b> de uso geral<\/b><\/a><b>, pode auxiliar na digitaliza\u00e7\u00e3o e organiza\u00e7\u00e3o de arquivos.<\/b><\/p>\n<p style=\"text-align: center\"><b>-------------------------------------------------------------<\/b><\/p>\n<p style=\"text-align: center\"><b>Tais Procedimentos referem-se a classifica\u00e7\u00e3o no seguinte Processos Seletivo<\/b><\/p>\n<p style=\"text-align: center\"><a href=\"https:\/\/aprova.pr.gov.br\/\"><b>Aprova Paran\u00e1 Universidades<\/b><\/a><\/p>\n<p style=\"text-align: center\"><a href=\"https:\/\/www2.uepg.br\/prograd\/wp-content\/uploads\/sites\/19\/2026\/02\/Resultado-Aprova-Parana-Universidades-para-ingresso-em-2026-UEPG.pdf\"><b>Resultado Aprova Paran\u00e1 Universidades UEPG\u00a0<\/b><\/a><\/p>\n<p style=\"text-align: center\"><strong><a href=\"https:\/\/www.youtube.com\/watch?v=86Uz4ZQOTWo\" target=\"_blank\" rel=\"noopener\">Live do Resultado Aprova Paran\u00e1 Universidades para ingresso em 2026 UEPG\u00a0<\/a><\/strong><\/p>\n<p style=\"text-align: center\"><b>------------------------------------------------------------<\/b><\/p>\n\t\t\t\t<\/div>\n\t\t\t<\/div>\n\t\t<\/div>\n\t\t\t<div class=\"sow-accordion-panel sow-accordion-panel-open\"\n\t\t\t data-anchor=\"pss-e-vestibular-2025-para-ingresso-em-2026\">\n\t\t\t\t<div class=\"sow-accordion-panel-header-container\" role=\"heading\" aria-level=\"2\">\n\t\t\t\t\t<div class=\"sow-accordion-panel-header\" tabindex=\"0\" role=\"button\" id=\"accordion-label-pss-e-vestibular-2025-para-ingresso-em-2026\" aria-controls=\"accordion-content-pss-e-vestibular-2025-para-ingresso-em-2026\" aria-expanded=\"true\">\n\t\t\t\t\t\t<div class=\"sow-accordion-title sow-accordion-title-icon-left\">\n\t\t\t\t\t\t\t\t\t\t\t\t\t\tPSS e Vestibular 2025 para Ingresso em 2026 \t\t\t\t\t\t\t\t\t\t\t\t\t<\/div>\n\t\t\t\t\t\t<div class=\"sow-accordion-open-close-button\">\n\t\t\t\t\t\t\t<div class=\"sow-accordion-open-button\">\n\t\t\t\t\t\t\t\t<span class=\"sow-icon-ionicons\" data-sow-icon=\"&#xf218;\"\n\t\t \n\t\taria-hidden=\"true\"><\/span>\t\t\t\t\t\t\t<\/div>\n\t\t\t\t\t\t\t<div class=\"sow-accordion-close-button\">\n\t\t\t\t\t\t\t\t<span class=\"sow-icon-ionicons\" data-sow-icon=\"&#xf209;\"\n\t\t \n\t\taria-hidden=\"true\"><\/span>\t\t\t\t\t\t\t<\/div>\n\t\t\t\t\t\t<\/div>\n\t\t\t\t\t<\/div>\n\t\t\t\t<\/div>\n\n\t\t\t<div\n\t\t\t\tclass=\"sow-accordion-panel-content\"\n\t\t\t\trole=\"region\"\n\t\t\t\taria-labelledby=\"accordion-label-pss-e-vestibular-2025-para-ingresso-em-2026\"\n\t\t\t\tid=\"accordion-content-pss-e-vestibular-2025-para-ingresso-em-2026\"\n\t\t\t\t\t\t\t>\n\t\t\t\t<div class=\"sow-accordion-panel-border\" tabindex=\"0\">\n\t\t\t\t\t<p style=\"text-align: center\">\ud83d\udce2 <strong data-start=\"3\" data-end=\"31\">Aten\u00e7\u00e3o, candidatos(as)!<\/strong><\/p>\n<p style=\"text-align: center\" data-start=\"33\" data-end=\"118\">Informamos o encerramento das chamadas para matr\u00edcula de calouros(as) 2026 da UEPG \ud83c\udf93<\/p>\n<p style=\"text-align: center\" data-start=\"120\" data-end=\"210\">\ud83d\udcc4 O documento abaixo oficializa o t\u00e9rmino das convoca\u00e7\u00f5es para ingresso neste ano letivo.<\/p>\n<p style=\"text-align: center\"><strong><a href=\"http:\/\/www2.uepg.br\/prograd\/wp-content\/uploads\/sites\/19\/2026\/04\/Edital-de-Encerramento-Matricula-Calourosas-2026.pdf\" target=\"_blank\" rel=\"noopener\">EDITAL DE ENCERRAMENTO MATR\u00cdCULA CALOUROS(AS) 2026<\/a><\/strong><\/p>\n<p style=\"text-align: center\">-------------------------------------------------------------<\/p>\n<p>&nbsp;<\/p>\n<p style=\"text-align: center\"><b>\u00a0CLASSIFICADOS(AS) (1\u00aa CHAMADA E LISTA DE ESPERA PSSIII E VESTIBULAR 2025)<\/b><\/p>\n<p style=\"text-align: center\"><strong><a href=\"http:\/\/www2.uepg.br\/prograd\/wp-content\/uploads\/sites\/19\/2026\/01\/Manual-de-Matricula-Parte-II-2026-1.pdf\" target=\"_blank\" rel=\"noopener\">Manual de Matricula Parte II<\/a><\/strong><\/p>\n<p style=\"text-align: center\"><span style=\"font-weight: 400\">(LEITURA OBRIGAT\u00d3RIA)<\/span><\/p>\n<p style=\"text-align: center\"><span style=\"font-weight: 400\">-------------------------------------------------------------<\/span><\/p>\n<p style=\"text-align: center\">(Prazo encerrado para envio da documenta\u00e7\u00e3o)<\/p>\n<p style=\"text-align: center\"><span style=\"font-weight: 400\">-------------------------------------------------------------<\/span><\/p>\n<p style=\"text-align: center\"><strong>\u00a0<a href=\"https:\/\/cadmo.apps.uepg.br\/\" target=\"_blank\" rel=\"noopener\">\u00c0REA P\u00daBLICA CLIQUE AQUI\u00a0<\/a><\/strong><\/p>\n<p style=\"text-align: center\" data-start=\"130\" data-end=\"369\">Para aqueles(as) que possuem o status de <strong data-start=\"160\" data-end=\"178\">Matriculado(a)<\/strong>, independentemente de qual Processo Seletivo (PSS, Vestibular ou Aprova Paran\u00e1 Universidades), devem acessar o sistema acad\u00eamico para consultar as informa\u00e7\u00f5es referentes ao seu ingresso.<\/p>\n<p style=\"text-align: center\" data-start=\"371\" data-end=\"495\">Para verificar <strong data-start=\"386\" data-end=\"461\">local de aula (ensalamento), documentos afetos a sua matr\u00edcula e demais informa\u00e7\u00f5es acad\u00eamicas<\/strong>, acesse o sistema no link abaixo:<\/p>\n<p style=\"text-align: center\" data-start=\"497\" data-end=\"525\"><a class=\"decorated-link\" href=\"https:\/\/kairos.apps.uepg.br\/\" target=\"_new\" rel=\"noopener\" data-start=\"497\" data-end=\"525\">https:\/\/kairos.apps.uepg.br\/<\/a><\/p>\n<p style=\"text-align: center\" data-start=\"527\" data-end=\"640\">No acesso ao sistema, utilize <strong data-start=\"557\" data-end=\"639\">seu login e a senha gerada no momento do envio dos documentos.<\/strong><\/p>\n<p style=\"text-align: center\"><span style=\"font-weight: 400\">-------------------------------------------------------------<\/span><\/p>\n<p style=\"text-align: center\"><b>Para informa\u00e7\u00f5es relativas a Cotas acesse os <\/b><b><i>links<\/i><\/b><b>:<\/b><\/p>\n<p style=\"text-align: center\"><a href=\"https:\/\/www2.uepg.br\/prae\/cotas\/\"><span style=\"font-weight: 400\">Informa\u00e7\u00f5es da PRAE sobre a Cota Negro e Cota PcD.<\/span><\/a><\/p>\n<p style=\"text-align: center\"><a href=\"https:\/\/www2.uepg.br\/prae\/editais\/\"><span style=\"font-weight: 400\">Editais da PRAE relativos a Cota Negro e Cota PcD.<\/span><\/a><\/p>\n<p style=\"text-align: center\"><span style=\"font-weight: 400\">------------------------------------------------------------<\/span><\/p>\n<p style=\"text-align: center\"><span style=\"font-weight: 400\">Tais Procedimentos referem-se a classifica\u00e7\u00e3o nos seguintes Processos Seletivos<\/span><\/p>\n<p style=\"text-align: center\"><a href=\"https:\/\/www2.uepg.br\/cps\/pss-2025\/\"><span style=\"font-weight: 400\">Resultado PSS tri\u00eanio 2023-2025<\/span><\/a><\/p>\n<p style=\"text-align: center\"><a href=\"https:\/\/www2.uepg.br\/cps\/vestibular-2025\/\"><span style=\"font-weight: 400\">Resultado Vestibular 2025<\/span><\/a><\/p>\n<p style=\"text-align: center\"><span style=\"font-weight: 400\">------------------------------------------------------------<\/span><\/p>\n<p style=\"text-align: center\" data-start=\"891\" data-end=\"956\">\ud83d\udd17 <strong>PROCESSO \u201cAPROVA PARAN\u00c1 UNIVERSIDADES (PROVA PARAN\u00c1 MAIS)\u201d<\/strong><\/p>\n<p style=\"text-align: center\" data-start=\"1162\" data-end=\"1250\">\ud83d\udc49<strong> <a href=\"https:\/\/www2.uepg.br\/prograd\/aprovaparanauniversidades\/\" target=\"_blank\" rel=\"noopener\">Acompanhe aqui as informa\u00e7\u00f5es do Aprova Paran\u00e1 Universidades (Prova Paran\u00e1 Mais)<\/a><\/strong><\/p>\n<p style=\"text-align: center\">\n<\/p>\t\t\t\t<\/div>\n\t\t\t<\/div>\n\t\t<\/div>\n\t\t\t<div class=\"sow-accordion-panel\"\n\t\t\t data-anchor=\"2025-aprova-paran%c3%a1-universidades-prova-paran%c3%a1-mais-uepg\">\n\t\t\t\t<div class=\"sow-accordion-panel-header-container\" role=\"heading\" aria-level=\"2\">\n\t\t\t\t\t<div class=\"sow-accordion-panel-header\" tabindex=\"0\" role=\"button\" id=\"accordion-label-2025-aprova-paran%c3%a1-universidades-prova-paran%c3%a1-mais-uepg\" aria-controls=\"accordion-content-2025-aprova-paran%c3%a1-universidades-prova-paran%c3%a1-mais-uepg\" aria-expanded=\"false\">\n\t\t\t\t\t\t<div class=\"sow-accordion-title sow-accordion-title-icon-left\">\n\t\t\t\t\t\t\t\t\t\t\t\t\t\t2025  Aprova Paran\u00e1 Universidades (Prova Paran\u00e1 Mais) UEPG\t\t\t\t\t\t\t\t\t\t\t\t\t<\/div>\n\t\t\t\t\t\t<div class=\"sow-accordion-open-close-button\">\n\t\t\t\t\t\t\t<div class=\"sow-accordion-open-button\">\n\t\t\t\t\t\t\t\t<span class=\"sow-icon-ionicons\" data-sow-icon=\"&#xf218;\"\n\t\t \n\t\taria-hidden=\"true\"><\/span>\t\t\t\t\t\t\t<\/div>\n\t\t\t\t\t\t\t<div class=\"sow-accordion-close-button\">\n\t\t\t\t\t\t\t\t<span class=\"sow-icon-ionicons\" data-sow-icon=\"&#xf209;\"\n\t\t \n\t\taria-hidden=\"true\"><\/span>\t\t\t\t\t\t\t<\/div>\n\t\t\t\t\t\t<\/div>\n\t\t\t\t\t<\/div>\n\t\t\t\t<\/div>\n\n\t\t\t<div\n\t\t\t\tclass=\"sow-accordion-panel-content\"\n\t\t\t\trole=\"region\"\n\t\t\t\taria-labelledby=\"accordion-label-2025-aprova-paran%c3%a1-universidades-prova-paran%c3%a1-mais-uepg\"\n\t\t\t\tid=\"accordion-content-2025-aprova-paran%c3%a1-universidades-prova-paran%c3%a1-mais-uepg\"\n\t\t\t\tstyle=\"display: none;\"\t\t\t>\n\t\t\t\t<div class=\"sow-accordion-panel-border\" tabindex=\"0\">\n\t\t\t\t\t<p>&nbsp;<\/p>\n<h3 style=\"text-align: center\" data-start=\"410\" data-end=\"460\"><a href=\"https:\/\/www2.uepg.br\/prograd\/aprovaparanauniversidades\/\" target=\"_blank\" rel=\"noopener\">\ud83d\udccc Aprova Paran\u00e1 Universidades \u2013 Ingresso 2026<\/a><\/h3>\n<p style=\"text-align: center\" data-start=\"462\" data-end=\"718\">Com rela\u00e7\u00e3o aos procedimentos referentes ao evento <strong>Aprova Paran\u00e1 Universidades (Prova Paran\u00e1 Mais 2025), para ingresso nos cursos presenciais da UEPG no ano letivo de 2026<\/strong>, as orienta\u00e7\u00f5es atualizadas encontram-se em p\u00e1gina espec\u00edfica do evento.<\/p>\n<p style=\"text-align: center\" data-start=\"720\" data-end=\"818\">\ud83d\udc49 <a href=\"https:\/\/www2.uepg.br\/prograd\/aprovaparanauniversidades\/\" target=\"_blank\" rel=\"noopener\"><strong>CLIQUE AQUI\u00a0<\/strong><\/a> para acessar as informa\u00e7\u00f5es do <strong>Aprova Paran\u00e1 Universidades (Prova Paran\u00e1 Mais 2025) para <\/strong><strong data-start=\"770\" data-end=\"817\">Ingresso em 2026<\/strong>.<\/p>\n<p style=\"text-align: center\" data-start=\"720\" data-end=\"818\">_____________________________________________________________________________________________________________________________<\/p>\n<p style=\"text-align: center\" data-start=\"820\" data-end=\"1031\">\u26a0\ufe0f <strong data-start=\"823\" data-end=\"835\">Aten\u00e7\u00e3o:<\/strong> As informa\u00e7\u00f5es e documentos disponibilizados <strong data-start=\"881\" data-end=\"964\">abaixo nesta p\u00e1gina referem-se exclusivamente ao ingresso no ano letivo de 2025<\/strong>, permanecendo publicadas apenas para fins de consulta e hist\u00f3rico.<\/p>\n<p style=\"text-align: center\"><strong><a href=\"http:\/\/www2.uepg.br\/prograd\/wp-content\/uploads\/sites\/19\/2025\/04\/EDITAL-DE-ENCERRAMENTO-DO-PROCESSO-DE-MATRICULAS-DE-CALOUROSAS-2025.pdf\" target=\"_blank\" rel=\"noopener\">EDITAL DE ENCERRAMENTO DO PROCESSO DE MATR\u00cdCULAS DE CALOUROS(AS) 2025<\/a><\/strong><\/p>\n<p style=\"text-align: center\"><a href=\"https:\/\/www2.uepg.br\/prograd\/wp-content\/uploads\/sites\/19\/2024\/12\/SEI_UEPG-2350396-Edital.pdf\" target=\"_blank\" rel=\"noopener\">EDITAL - N\u00ba 2024.980<\/a><\/p>\n<p style=\"text-align: center\"><a href=\"http:\/\/www2.uepg.br\/prograd\/wp-content\/uploads\/sites\/19\/2025\/02\/EDITAL-DE-RESULTADO-APROVA-PARANA-MAIS.pdf\" target=\"_blank\" rel=\"noopener\">EDITAL DE RESULTADO<\/a><\/p>\n<p style=\"text-align: center\"><a href=\"http:\/\/www2.uepg.br\/prograd\/wp-content\/uploads\/sites\/19\/2025\/02\/ANEXO-EDITAL-DE-RESULTADO_-PROVA-PARANA-MAIS-UEPG.pdf\" target=\"_blank\" rel=\"noopener\">ANEXO EDITAL DE RESULTADO<\/a><\/p>\n<p style=\"text-align: center\"><a href=\"https:\/\/www.youtube.com\/watch?v=8SI7o4biY3w\"><span style=\"color: #ff0000\"><strong>Assista o resultado na Live oficial da UEPG\u00a0<\/strong><\/span><\/a><\/p>\n<p style=\"text-align: center\">------------------------------------------------------------<\/p>\n<p style=\"text-align: center\"><strong>Aten\u00e7\u00e3o todos(as) os(as) Candidatos(as) Classificados(as), independente da sua coloca\u00e7\u00e3o:<\/strong> Providencie e digitalize seus documentos de escolaridade da cota p\u00fablica (s\u00e9ries finais do Ensino Fundamental - 6\u00ba ao 9\u00ba ano e\u00a0 Ensino M\u00e9dio), nomeando os arquivos corretamente conforme o Manual abaixo:<\/p>\n<p style=\"text-align: center\"><a href=\"https:\/\/www2.uepg.br\/prograd\/wp-content\/uploads\/sites\/19\/2025\/02\/Manual-de-Matricula-Parte-II-Ap-PR-e-Ves.-Especial.pdf\" target=\"_blank\" rel=\"noopener\">Manual de Matricula Parte II- 2025 Aprova Paran\u00e1 Universidades<\/a><\/p>\n<p style=\"text-align: center\">------------------------------------------------<\/p>\n<p style=\"text-align: center\"><strong>Do prazo (\u00fanico) para o envio dos documentos on-line<\/strong><\/p>\n<p style=\"text-align: center\">(Chamada e Lista de Espera, independente da coloca\u00e7\u00e3o)<\/p>\n<p style=\"text-align: center\"><strong>In\u00edcio:\u00a0<\/strong>a partir das 10h de 20\/02\/2025 (quinta-feira)<strong><br \/>\nT\u00e9rmino:\u00a0<\/strong>at\u00e9 as 17h de 24\/02\/2025 (segunda-feira)<\/p>\n<p>&nbsp;<\/p>\n<p style=\"text-align: center\">Todos os classificados, independente da posi\u00e7\u00e3o na classifica\u00e7\u00e3o devem realizar\u00a0 os procedimentos descritos abaixo<\/p>\n<p style=\"text-align: center\"><b>PASSO 1 -\u00a0<\/b>Acesse seu n\u00ba de Usu\u00e1rio(s) e crie sua senha.<\/p>\n<p style=\"text-align: center\"><a href=\"https:\/\/www2.uepg.br\/prograd\/wp-content\/uploads\/sites\/19\/2025\/02\/Manual-de-Matricula-Parte-II-Ap-PR-e-Ves.-Especial.pdf\" target=\"_blank\" rel=\"noopener\"><b>Vide item 4.4 do Manual\u00a0<\/b><\/a><\/p>\n<p style=\"text-align: center\"><b>PASSO 2 - <\/b>Atualize e confira seus dados pessoais\u00a0 e assine o Termo de Declara\u00e7\u00e3o e Ci\u00eancia.<\/p>\n<p style=\"text-align: center\"><a href=\"https:\/\/www2.uepg.br\/prograd\/wp-content\/uploads\/sites\/19\/2025\/02\/Manual-de-Matricula-Parte-II-Ap-PR-e-Ves.-Especial.pdf\" target=\"_blank\" rel=\"noopener\"><strong>Vide item 4.5 do Manual<\/strong><\/a><\/p>\n<p style=\"text-align: center\"><b>PASSO 3 -\u00a0<\/b>Envie seus documentos conforme cada cota.<\/p>\n<p style=\"text-align: center\"><a href=\"https:\/\/www2.uepg.br\/prograd\/wp-content\/uploads\/sites\/19\/2025\/02\/Manual-de-Matricula-Parte-II-Ap-PR-e-Ves.-Especial.pdf\" target=\"_blank\" rel=\"noopener\"><strong>Vide item 4.6 do Manual<\/strong><\/a><\/p>\n<p style=\"text-align: center\">O n\u00e3o envio dos documentos dentro do prazo estabelecido, ou o envio em desconformidade, implica na sum\u00e1ria elimina\u00e7\u00e3o do candidato, independente da classifica\u00e7\u00e3o<\/p>\n<p style=\"text-align: center\">-------------------------------------------------------------<\/p>\n<p style=\"text-align: center\">Caso voc\u00ea tenha sido classificado nos processos anteriores (PSS Tri\u00eanio 2022-2024 e Vestibular 2024), verifique se o seu <em>status<\/em> est\u00e1 atualizado como matriculado em algum desses processos.<\/p>\n<p style=\"text-align: center\">Independente de estar matriculado, siga as orienta\u00e7\u00f5es contidas no:<\/p>\n<p style=\"text-align: center\">Manual de Matricula Parte II- 2025 Aprova Paran\u00e1 Universidades<\/p>\n<p style=\"text-align: center\">-------------------------------------------------------------<\/p>\n\t\t\t\t<\/div>\n\t\t\t<\/div>\n\t\t<\/div>\n\t\t\t<div class=\"sow-accordion-panel\"\n\t\t\t data-anchor=\"2025-vestibular-especial-arquitetura-e-psicologia\">\n\t\t\t\t<div class=\"sow-accordion-panel-header-container\" role=\"heading\" aria-level=\"2\">\n\t\t\t\t\t<div class=\"sow-accordion-panel-header\" tabindex=\"0\" role=\"button\" id=\"accordion-label-2025-vestibular-especial-arquitetura-e-psicologia\" aria-controls=\"accordion-content-2025-vestibular-especial-arquitetura-e-psicologia\" aria-expanded=\"false\">\n\t\t\t\t\t\t<div class=\"sow-accordion-title sow-accordion-title-icon-left\">\n\t\t\t\t\t\t\t\t\t\t\t\t\t\t2025 Vestibular Especial Arquitetura e Psicologia \t\t\t\t\t\t\t\t\t\t\t\t\t<\/div>\n\t\t\t\t\t\t<div class=\"sow-accordion-open-close-button\">\n\t\t\t\t\t\t\t<div class=\"sow-accordion-open-button\">\n\t\t\t\t\t\t\t\t<span class=\"sow-icon-ionicons\" data-sow-icon=\"&#xf218;\"\n\t\t \n\t\taria-hidden=\"true\"><\/span>\t\t\t\t\t\t\t<\/div>\n\t\t\t\t\t\t\t<div class=\"sow-accordion-close-button\">\n\t\t\t\t\t\t\t\t<span class=\"sow-icon-ionicons\" data-sow-icon=\"&#xf209;\"\n\t\t \n\t\taria-hidden=\"true\"><\/span>\t\t\t\t\t\t\t<\/div>\n\t\t\t\t\t\t<\/div>\n\t\t\t\t\t<\/div>\n\t\t\t\t<\/div>\n\n\t\t\t<div\n\t\t\t\tclass=\"sow-accordion-panel-content\"\n\t\t\t\trole=\"region\"\n\t\t\t\taria-labelledby=\"accordion-label-2025-vestibular-especial-arquitetura-e-psicologia\"\n\t\t\t\tid=\"accordion-content-2025-vestibular-especial-arquitetura-e-psicologia\"\n\t\t\t\tstyle=\"display: none;\"\t\t\t>\n\t\t\t\t<div class=\"sow-accordion-panel-border\" tabindex=\"0\">\n\t\t\t\t\t<p style=\"text-align: center\"><strong><a href=\"http:\/\/www2.uepg.br\/prograd\/wp-content\/uploads\/sites\/19\/2025\/04\/EDITAL-DE-ENCERRAMENTO-DO-PROCESSO-DE-MATRICULAS-DE-CALOUROSAS-2025.pdf\" target=\"_blank\" rel=\"noopener\">EDITAL DE ENCERRAMENTO DO PROCESSO DE MATR\u00cdCULAS DE CALOUROS(AS) 2025<\/a><\/strong><\/p>\n<p style=\"text-align: center\"><strong>Aten\u00e7\u00e3o todos(as) os(as) Candidatos(as) Classificados(as), independente da sua coloca\u00e7\u00e3o:<\/strong> Providencie e digitalize seus documentos de escolaridade conforme sua cota, nomeando os arquivos corretamente conforme o Manual abaixo:<\/p>\n<p style=\"text-align: center\"><a href=\"https:\/\/www2.uepg.br\/prograd\/wp-content\/uploads\/sites\/19\/2025\/02\/Manual-de-Matricula-Parte-II-Ap-PR-e-Ves.-Especial.pdf\" target=\"_blank\" rel=\"noopener\">Manual de Matricula Parte II - 2025 Vestibular Especial - Arquitetura- Urbanismo e Psicologia<\/a><\/p>\n<p style=\"text-align: center\"><strong>Do prazo (\u00fanico) para o envio dos documentos <em>on-line<\/em><\/strong><\/p>\n<p style=\"text-align: center\">(Chamada e Lista de Espera, independente da coloca\u00e7\u00e3o)<\/p>\n<p style=\"text-align: center\"><strong>In\u00edcio:\u00a0<\/strong>a partir das 10h de 20\/02\/2025 (quinta-feira)<strong><br \/>\nT\u00e9rmino:\u00a0<\/strong>at\u00e9 as 17h de 24\/02\/2025 (segunda-feira)<\/p>\n<p style=\"text-align: center\">\n<\/p><p style=\"text-align: center\">Todos os classificados, independente da posi\u00e7\u00e3o na classifica\u00e7\u00e3o devem realizar\u00a0 os procedimentos descritos abaixo<\/p>\n<p style=\"text-align: center\"><b>PASSO 1 -\u00a0<\/b>Acesse seu n\u00ba de Usu\u00e1rio(s) e crie sua senha.<\/p>\n<p style=\"text-align: center\"><a href=\"https:\/\/www2.uepg.br\/prograd\/wp-content\/uploads\/sites\/19\/2025\/02\/Manual-de-Matricula-Parte-II-Ap-PR-e-Ves.-Especial.pdf\" target=\"_blank\" rel=\"noopener\"><b>Vide item 4.4 do Manual\u00a0<\/b><\/a><\/p>\n<p style=\"text-align: center\"><b>PASSO 2 - <\/b>Atualize e confira seus dados pessoais\u00a0 e assine o Termo de Declara\u00e7\u00e3o e Ci\u00eancia.<\/p>\n<p style=\"text-align: center\"><a href=\"https:\/\/www2.uepg.br\/prograd\/wp-content\/uploads\/sites\/19\/2025\/02\/Manual-de-Matricula-Parte-II-Ap-PR-e-Ves.-Especial.pdf\" target=\"_blank\" rel=\"noopener\"><strong>Vide item 4.5 do Manual<\/strong><\/a><\/p>\n<p style=\"text-align: center\"><b>PASSO 3 -\u00a0<\/b>Envie seus documentos conforme cada cota.<\/p>\n<p style=\"text-align: center\"><a href=\"https:\/\/www2.uepg.br\/prograd\/wp-content\/uploads\/sites\/19\/2025\/02\/Manual-de-Matricula-Parte-II-Ap-PR-e-Ves.-Especial.pdf\" target=\"_blank\" rel=\"noopener\"><strong>Vide item 4.6 do Manual<\/strong><\/a><\/p>\n<p style=\"text-align: center\">O n\u00e3o envio dos documentos dentro do prazo estabelecido, ou o envio em desconformidade, implica na sum\u00e1ria elimina\u00e7\u00e3o do candidato, independente da classifica\u00e7\u00e3o<\/p>\n<p style=\"text-align: center\">-------------------------------------------------------------<\/p>\n<p style=\"text-align: center\">Caso voc\u00ea tenha sido classificado nos processos anteriores (PSS Tri\u00eanio 2022-2024 e Vestibular 2024), verifique se o seu <em>status<\/em> est\u00e1 atualizado como matriculado em algum desses processos.<\/p>\n<p style=\"text-align: center\">Independente de estar matriculado, siga as orienta\u00e7\u00f5es contidas no:<\/p>\n<p style=\"text-align: center\">Manual de Matricula Parte II- 2025 Aprova Paran\u00e1 Universidades<\/p>\n<p style=\"text-align: center\">------------------------------------------------------------<\/p>\n<p style=\"text-align: center\"><strong>Para informa\u00e7\u00f5es relativas a Cotas acesse os <em>links<\/em>:<\/strong><\/p>\n<p style=\"text-align: center\"><a href=\"https:\/\/www2.uepg.br\/prae\/cotas\/\" target=\"_blank\" rel=\"noopener noreferrer\">Informa\u00e7\u00f5es da PRAE sobre a Cota Negro e Cota PcD.<\/a><\/p>\n<p style=\"text-align: center\"><a href=\"https:\/\/www2.uepg.br\/prae\/editais\/\" target=\"_blank\" rel=\"noopener noreferrer\">Editais da PRAE relativos a Cota Negro e Cota PcD.<\/a><\/p>\n<p style=\"text-align: center\">------------------------------------------------------------<\/p>\n<p style=\"text-align: center\"><a href=\"https:\/\/cps.uepg.br\/inicio\/uepg_2024_especial\/1\/Resultado_UEPG.htm\" target=\"_blank\" rel=\"noopener\">Resultado <u><span dir=\"LTR\">Vestibular Especial para Arquitetura\/Urbanismo e Psicologia<\/span><\/u><\/a><\/p>\n\t\t\t\t<\/div>\n\t\t\t<\/div>\n\t\t<\/div>\n\t\t\t<div class=\"sow-accordion-panel\"\n\t\t\t data-anchor=\"2025-pss-e-vestibular-2024\">\n\t\t\t\t<div class=\"sow-accordion-panel-header-container\" role=\"heading\" aria-level=\"2\">\n\t\t\t\t\t<div class=\"sow-accordion-panel-header\" tabindex=\"0\" role=\"button\" id=\"accordion-label-2025-pss-e-vestibular-2024\" aria-controls=\"accordion-content-2025-pss-e-vestibular-2024\" aria-expanded=\"false\">\n\t\t\t\t\t\t<div class=\"sow-accordion-title sow-accordion-title-icon-left\">\n\t\t\t\t\t\t\t\t\t\t\t\t\t\t2025 PSS e Vestibular 2024\t\t\t\t\t\t\t\t\t\t\t\t\t<\/div>\n\t\t\t\t\t\t<div class=\"sow-accordion-open-close-button\">\n\t\t\t\t\t\t\t<div class=\"sow-accordion-open-button\">\n\t\t\t\t\t\t\t\t<span class=\"sow-icon-ionicons\" data-sow-icon=\"&#xf218;\"\n\t\t \n\t\taria-hidden=\"true\"><\/span>\t\t\t\t\t\t\t<\/div>\n\t\t\t\t\t\t\t<div class=\"sow-accordion-close-button\">\n\t\t\t\t\t\t\t\t<span class=\"sow-icon-ionicons\" data-sow-icon=\"&#xf209;\"\n\t\t \n\t\taria-hidden=\"true\"><\/span>\t\t\t\t\t\t\t<\/div>\n\t\t\t\t\t\t<\/div>\n\t\t\t\t\t<\/div>\n\t\t\t\t<\/div>\n\n\t\t\t<div\n\t\t\t\tclass=\"sow-accordion-panel-content\"\n\t\t\t\trole=\"region\"\n\t\t\t\taria-labelledby=\"accordion-label-2025-pss-e-vestibular-2024\"\n\t\t\t\tid=\"accordion-content-2025-pss-e-vestibular-2024\"\n\t\t\t\tstyle=\"display: none;\"\t\t\t>\n\t\t\t\t<div class=\"sow-accordion-panel-border\" tabindex=\"0\">\n\t\t\t\t\t<p style=\"text-align: center\"><strong><a href=\"http:\/\/www2.uepg.br\/prograd\/wp-content\/uploads\/sites\/19\/2025\/04\/EDITAL-DE-ENCERRAMENTO-DO-PROCESSO-DE-MATRICULAS-DE-CALOUROSAS-2025.pdf\" target=\"_blank\" rel=\"noopener\">EDITAL DE ENCERRAMENTO DO PROCESSO DE MATR\u00cdCULAS DE CALOUROS(AS) 2025<\/a><\/strong><\/p>\n<p style=\"text-align: center\"><strong>Aten\u00e7\u00e3o todos(as) os(as) Candidatos(as) Classificados(as), independente da sua coloca\u00e7\u00e3o:<\/strong> Providencie e digitalize seus documentos de escolaridade conforme sua cota<b> (Independente do Evento PSS 2024 e\/ou Vestibular 2024)<\/b>, organizando os em pastas espec\u00edficas, nomeando os arquivos corretamente conforme o Manual abaixo:<\/p>\n<p style=\"text-align: center\"><a href=\"https:\/\/www2.uepg.br\/prograd\/wp-content\/uploads\/sites\/19\/2025\/01\/Manual-de-Matricula-de-Calourosas-parte-II.pdf\" target=\"_blank\" rel=\"noopener\">MANUAL DE MATR\u00cdCULA PARTE II\u00a0<\/a><\/p>\n<hr \/>\n<p style=\"text-align: center\">ENCERRADO O PRAZO PARA ENVIO DA DOCUMENTA\u00c7\u00c3O<\/p>\n<p style=\"text-align: center\"><strong>T\u00e9rmino: <\/strong>at\u00e9 as 17h de 04\/02\/2025 (ter\u00e7a-feira)<\/p>\n<p style=\"text-align: center\"><a href=\"http:\/\/www2.uepg.br\/prograd\/wp-content\/uploads\/sites\/19\/2025\/02\/Edital-de-prorrogacao.pdf\">Edital de prorroga\u00e7\u00e3o<\/a><\/p>\n<p style=\"text-align: center\"><strong>Do prazo (\u00fanico) para o envio dos documentos on-line<\/strong><\/p>\n<p style=\"text-align: center\">(Chamada e Lista de Espera, independente da coloca\u00e7\u00e3o)<\/p>\n<p style=\"text-align: center\"><strong>In\u00edcio: <\/strong>a partir das 10h de 30\/01\/2025 (quinta-feira)<strong><br \/>\nT\u00e9rmino: <\/strong>at\u00e9 as 17h de 04\/02\/2025 (ter\u00e7a-feira)<\/p>\n<p style=\"text-align: center\">\n<\/p><p style=\"text-align: center\">Todos os classificados, independente da posi\u00e7\u00e3o na classifica\u00e7\u00e3o devem realizar\u00a0 os procedimentos descritos abaixo<\/p>\n<p style=\"text-align: center\"><b>PASSO 1 -\u00a0<\/b>Acesse seu n\u00ba de Usu\u00e1rio(s) e crie sua senha.<\/p>\n<p style=\"text-align: center\"><b><a href=\"https:\/\/www2.uepg.br\/prograd\/wp-content\/uploads\/sites\/19\/2025\/01\/Manual-de-Matricula-de-Calourosas-parte-II.pdf\">Vide item 4.4 do Manual<\/a>\u00a0<\/b><\/p>\n<p style=\"text-align: center\"><b>PASSO 2 -<\/b>Atualize e confira seus dados pessoais\u00a0 e assine o Termo de Declara\u00e7\u00e3o e Ci\u00eancia.<\/p>\n<p style=\"text-align: center\"><strong><a href=\"https:\/\/www2.uepg.br\/prograd\/wp-content\/uploads\/sites\/19\/2025\/01\/Manual-de-Matricula-de-Calourosas-parte-II.pdf\">Vide item 4.5 do Manual<\/a><\/strong><\/p>\n<p style=\"text-align: center\"><b>PASSO 3 -\u00a0<\/b>Envie seus documentos conforme cada cota.<\/p>\n<p style=\"text-align: center\"><strong><a href=\"https:\/\/www2.uepg.br\/prograd\/wp-content\/uploads\/sites\/19\/2025\/01\/Manual-de-Matricula-de-Calourosas-parte-II.pdf\">Vide item 4.6 do Manual<\/a><\/strong><\/p>\n<p style=\"text-align: center\">O n\u00e3o envio dos documentos dentro do prazo estabelecido, ou o envio em desconformidade, implica na sum\u00e1ria elimina\u00e7\u00e3o do candidato, independente da classifica\u00e7\u00e3o<\/p>\n<p style=\"text-align: center\">-------------------------------------------------------------<\/p>\n<p style=\"text-align: center\"><b>OBS.1 O envio dos documentos, dentro dos prazos estipulados, somente pode ser realizado uma \u00fanica vez para cada classifica\u00e7\u00e3o!<\/b><\/p>\n<p style=\"text-align: center\"><b>OBS.2 Caso voc\u00ea possua duas ou mais classifica\u00e7\u00f5es:<\/b><\/p>\n<p style=\"text-align: center\"><b>A) Para o mesmo curso e turno<\/b><\/p>\n<p style=\"text-align: center\"><a href=\"https:\/\/www2.uepg.br\/prograd\/wp-content\/uploads\/sites\/19\/2025\/01\/Manual-de-Matricula-de-Calourosas-parte-II.pdf\"><strong>Vide item 7.1.1 do Manual<\/strong><\/a><\/p>\n<p style=\"text-align: center\"><strong>B) Para o mesmo curso por\u00e9m para turnos diferentes<\/strong><\/p>\n<p style=\"text-align: center\"><strong><a href=\"https:\/\/www2.uepg.br\/prograd\/wp-content\/uploads\/sites\/19\/2025\/01\/Manual-de-Matricula-de-Calourosas-parte-II.pdf\">Vide item 7.1.2 do Manual<\/a><\/strong><\/p>\n<p style=\"text-align: center\"><strong>C) Para cursos diferentes<\/strong><\/p>\n<p style=\"text-align: center\"><strong><a href=\"https:\/\/www2.uepg.br\/prograd\/wp-content\/uploads\/sites\/19\/2025\/01\/Manual-de-Matricula-de-Calourosas-parte-II.pdf\">Vide item 7.1.3 do Manual<\/a><\/strong><\/p>\n<p>&nbsp;<\/p>\n<p style=\"text-align: center\"><strong>Para informa\u00e7\u00f5es relativas a Cotas acesse os links:<\/strong><\/p>\n<p style=\"text-align: center\"><a href=\"https:\/\/www2.uepg.br\/prae\/cotas\/\" target=\"_blank\" rel=\"noopener noreferrer\">Informa\u00e7\u00f5es da PRAE sobre a Cota Negro e Cota PcD.<\/a><\/p>\n<p style=\"text-align: center\"><a href=\"https:\/\/www2.uepg.br\/prae\/editais\/\" target=\"_blank\" rel=\"noopener noreferrer\">Editais da PRAE relativos a Cota Negro e Cota PcD.<\/a><\/p>\n<p style=\"text-align: center\">------------------------------------------------------------<\/p>\n<p style=\"text-align: center\"><a href=\"https:\/\/cps.uepg.br\/inicio\/resultado_pss3_2024.htm\" target=\"_blank\" rel=\"noopener\">Resultado PSS tri\u00eanio 2022-2024<\/a><\/p>\n<p style=\"text-align: center\"><a href=\"https:\/\/cps.uepg.br\/inicio\/resultado_uepg2024.htm\" target=\"_blank\" rel=\"noopener\">Resultado Vestibular 2024<\/a><\/p>\n\t\t\t\t<\/div>\n\t\t\t<\/div>\n\t\t<\/div>\n\t\t\t<div class=\"sow-accordion-panel\"\n\t\t\t data-anchor=\"2024\">\n\t\t\t\t<div class=\"sow-accordion-panel-header-container\" role=\"heading\" aria-level=\"2\">\n\t\t\t\t\t<div class=\"sow-accordion-panel-header\" tabindex=\"0\" role=\"button\" id=\"accordion-label-2024\" aria-controls=\"accordion-content-2024\" aria-expanded=\"false\">\n\t\t\t\t\t\t<div class=\"sow-accordion-title sow-accordion-title-icon-left\">\n\t\t\t\t\t\t\t\t\t\t\t\t\t\t2024\t\t\t\t\t\t\t\t\t\t\t\t\t<\/div>\n\t\t\t\t\t\t<div class=\"sow-accordion-open-close-button\">\n\t\t\t\t\t\t\t<div class=\"sow-accordion-open-button\">\n\t\t\t\t\t\t\t\t<span class=\"sow-icon-ionicons\" data-sow-icon=\"&#xf218;\"\n\t\t \n\t\taria-hidden=\"true\"><\/span>\t\t\t\t\t\t\t<\/div>\n\t\t\t\t\t\t\t<div class=\"sow-accordion-close-button\">\n\t\t\t\t\t\t\t\t<span class=\"sow-icon-ionicons\" data-sow-icon=\"&#xf209;\"\n\t\t \n\t\taria-hidden=\"true\"><\/span>\t\t\t\t\t\t\t<\/div>\n\t\t\t\t\t\t<\/div>\n\t\t\t\t\t<\/div>\n\t\t\t\t<\/div>\n\n\t\t\t<div\n\t\t\t\tclass=\"sow-accordion-panel-content\"\n\t\t\t\trole=\"region\"\n\t\t\t\taria-labelledby=\"accordion-label-2024\"\n\t\t\t\tid=\"accordion-content-2024\"\n\t\t\t\tstyle=\"display: none;\"\t\t\t>\n\t\t\t\t<div class=\"sow-accordion-panel-border\" tabindex=\"0\">\n\t\t\t\t\t<p style=\"text-align: center\"><strong><a href=\"http:\/\/www2.uepg.br\/prograd\/wp-content\/uploads\/sites\/19\/2024\/04\/ENCERRAMENTO-MATRICULAS-DE-CALOUROS-2024.pdf\" target=\"_blank\" rel=\"noopener\">EDITAL DE ENCERRAMENTO DO PROCESSO DE MATR\u00cdCULAS DE CALOUROS(AS) 2024<\/a><\/strong><\/p>\n<p style=\"text-align: center\"><strong>Aten\u00e7\u00e3o todos(as) os(as) Candidatos(as) Classificados(as), independente da sua coloca\u00e7\u00e3o:<\/strong> Providencie e digitalize seus documentos de escolaridade conforme sua cota<b>\u00a0(<a href=\"http:\/\/www2.uepg.br\/prograd\/wp-content\/uploads\/sites\/19\/2023\/12\/MANUAL-DE-MATRICULA-II-2024.pdf\" target=\"_blank\" rel=\"noopener\">Vide item 3 do Manual<\/a>)<\/b>, organizando os em pastas espec\u00edficas, nomeando os arquivos corretamente e aguarde o per\u00edodo para realizar as a\u00e7\u00f5es de sua responsabilidade previstas no<\/p>\n<p style=\"text-align: center\"><strong><a href=\"http:\/\/www2.uepg.br\/prograd\/wp-content\/uploads\/sites\/19\/2023\/12\/MANUAL-DE-MATRICULA-II-2024.pdf\" target=\"_blank\" rel=\"noopener\">MANUAL DE MATR\u00cdCULA DE CALOUROS(AS) PARTE II- 2024<\/a><\/strong><\/p>\n<p style=\"text-align: center\"><span style=\"color: #ff0000\">(LEITURA OBRIGAT\u00d3RIA)<\/span><\/p>\n<p style=\"text-align: center\">-------------------------------------------------------------<\/p>\n<p style=\"text-align: center\">(ETAPA \u00daNICA)<\/p>\n<p style=\"text-align: center\"><b>Dispon\u00edvel a partir das 10:00h do dia 01\/02\/2024 at\u00e9 \u00e0s 17:00h do dia 05\/02\/2024<\/b><\/p>\n<p style=\"text-align: center\"><span style=\"color: #ff0000\">Todos os classificados, independente da posi\u00e7\u00e3o na classifica\u00e7\u00e3o devem realizar\u00a0 os procedimentos descritos abaixo<\/span><\/p>\n<p style=\"text-align: center\"><b>PASSO 1 - <\/b><span style=\"font-weight: 400\">Acesse seu n\u00ba de Usu\u00e1rio(s) e crie sua senha.\u00a0<\/span><\/p>\n<p style=\"text-align: center\"><span style=\"color: #3366ff\"><b>\u00a0(<a style=\"color: #3366ff\" href=\"http:\/\/www2.uepg.br\/prograd\/wp-content\/uploads\/sites\/19\/2023\/12\/MANUAL-DE-MATRICULA-II-2024.pdf\" target=\"_blank\" rel=\"noopener\">Vide item 4.4 do Manual<\/a>)<\/b><\/span><\/p>\n<p style=\"text-align: center\"><span style=\"font-weight: 400\"> <b>PASSO 2 -<\/b><\/span>Atualize e confira seus dados pessoais\u00a0 e assine o Termo de Declara\u00e7\u00e3o e Ci\u00eancia.<\/p>\n<p style=\"text-align: center\"><span style=\"color: #3366ff\"><b>\u00a0(<a style=\"color: #3366ff\" href=\"http:\/\/www2.uepg.br\/prograd\/wp-content\/uploads\/sites\/19\/2023\/12\/MANUAL-DE-MATRICULA-II-2024.pdf\" target=\"_blank\" rel=\"noopener\">Vide item 4.5 do Manual<\/a>)<\/b><\/span><\/p>\n<p style=\"text-align: center\"><span style=\"font-weight: 400\"> <b>PASSO 3 - <\/b>E<\/span><span style=\"text-align: center\">nvie seus documentos conforme cada cota.<\/span><\/p>\n<p style=\"text-align: center\"><span style=\"color: #3366ff\"><b>(<a style=\"color: #3366ff\" href=\"http:\/\/www2.uepg.br\/prograd\/wp-content\/uploads\/sites\/19\/2023\/12\/MANUAL-DE-MATRICULA-II-2024.pdf\" target=\"_blank\" rel=\"noopener\">Vide item 4.6 do Manual<\/a>)<\/b><\/span><\/p>\n<p style=\"text-align: center\"><span style=\"color: #ff0000\">O n\u00e3o envio dos documentos dentro do prazo estabelecido, ou o envio em desconformidade, implica na sum\u00e1ria elimina\u00e7\u00e3o do candidato, independente da classifica\u00e7\u00e3o<\/span><\/p>\n<p style=\"text-align: center\">-------------------------------------------------------------<\/p>\n<p style=\"text-align: center\"><b>OBS.1 O envio dos documentos, dentro dos prazos estipulados, somente pode ser realizado uma \u00fanica vez para cada classifica\u00e7\u00e3o!<\/b><\/p>\n<p style=\"text-align: center\"><b>OBS.2 Caso voc\u00ea possua duas ou mais classifica\u00e7\u00f5es:<\/b><\/p>\n<p style=\"text-align: center\"><b>A) Para o mesmo curso e turno <\/b><\/p>\n<p style=\"text-align: center\"><span style=\"color: #3366ff\"><b>(<a style=\"color: #3366ff\" href=\"http:\/\/www2.uepg.br\/prograd\/wp-content\/uploads\/sites\/19\/2023\/12\/MANUAL-DE-MATRICULA-II-2024.pdf\" target=\"_blank\" rel=\"noopener\">Vide letra A do item 6.3 do Manual<\/a>)<\/b><\/span><\/p>\n<p style=\"text-align: center\"><strong>B) Para o mesmo curso por\u00e9m para turnos diferentes <\/strong><\/p>\n<p style=\"text-align: center\"><span style=\"color: #3366ff\"><strong><b>(<a style=\"color: #3366ff\" href=\"http:\/\/www2.uepg.br\/prograd\/wp-content\/uploads\/sites\/19\/2023\/12\/MANUAL-DE-MATRICULA-II-2024.pdf\" target=\"_blank\" rel=\"noopener\">Vide letra B do item 6.3 do Manual<\/a>)<\/b><\/strong><\/span><\/p>\n<p style=\"text-align: center\"><strong>C) Para cursos diferentes <\/strong><\/p>\n<p style=\"text-align: center\"><span style=\"color: #3366ff\"><strong><b>(<a style=\"color: #3366ff\" href=\"http:\/\/www2.uepg.br\/prograd\/wp-content\/uploads\/sites\/19\/2023\/12\/MANUAL-DE-MATRICULA-II-2024.pdf\" target=\"_blank\" rel=\"noopener\">Vide letra C do item 6.3 do Manual<\/a>)<\/b><\/strong><\/span><\/p>\n<p style=\"text-align: center\">-------------------------------------------------------------<\/p>\n<p style=\"text-align: center\"><strong>Para informa\u00e7\u00f5es relativas a Cotas acesse os links:<\/strong><\/p>\n<p style=\"text-align: center\"><a href=\"https:\/\/www2.uepg.br\/prae\/cotas\/\" target=\"_blank\" rel=\"noopener noreferrer\">Informa\u00e7\u00f5es da PRAE sobre a Cota Negro e Cota PcD.<\/a><\/p>\n<p style=\"text-align: center\"><a href=\"https:\/\/www2.uepg.br\/prae\/editais\/\" target=\"_blank\" rel=\"noopener noreferrer\">Editais da PRAE relativos a Cota Negro e Cota PcD.<\/a><\/p>\n<p style=\"text-align: center\">\n<\/p>\t\t\t\t<\/div>\n\t\t\t<\/div>\n\t\t<\/div>\n\t\t\t<div class=\"sow-accordion-panel\"\n\t\t\t data-anchor=\"2023\">\n\t\t\t\t<div class=\"sow-accordion-panel-header-container\" role=\"heading\" aria-level=\"2\">\n\t\t\t\t\t<div class=\"sow-accordion-panel-header\" tabindex=\"0\" role=\"button\" id=\"accordion-label-2023\" aria-controls=\"accordion-content-2023\" aria-expanded=\"false\">\n\t\t\t\t\t\t<div class=\"sow-accordion-title sow-accordion-title-icon-left\">\n\t\t\t\t\t\t\t\t\t\t\t\t\t\t2023\t\t\t\t\t\t\t\t\t\t\t\t\t<\/div>\n\t\t\t\t\t\t<div class=\"sow-accordion-open-close-button\">\n\t\t\t\t\t\t\t<div class=\"sow-accordion-open-button\">\n\t\t\t\t\t\t\t\t<span class=\"sow-icon-ionicons\" data-sow-icon=\"&#xf218;\"\n\t\t \n\t\taria-hidden=\"true\"><\/span>\t\t\t\t\t\t\t<\/div>\n\t\t\t\t\t\t\t<div class=\"sow-accordion-close-button\">\n\t\t\t\t\t\t\t\t<span class=\"sow-icon-ionicons\" data-sow-icon=\"&#xf209;\"\n\t\t \n\t\taria-hidden=\"true\"><\/span>\t\t\t\t\t\t\t<\/div>\n\t\t\t\t\t\t<\/div>\n\t\t\t\t\t<\/div>\n\t\t\t\t<\/div>\n\n\t\t\t<div\n\t\t\t\tclass=\"sow-accordion-panel-content\"\n\t\t\t\trole=\"region\"\n\t\t\t\taria-labelledby=\"accordion-label-2023\"\n\t\t\t\tid=\"accordion-content-2023\"\n\t\t\t\tstyle=\"display: none;\"\t\t\t>\n\t\t\t\t<div class=\"sow-accordion-panel-border\" tabindex=\"0\">\n\t\t\t\t\t<p style=\"text-align: center\"><a href=\"http:\/\/www2.uepg.br\/prograd\/wp-content\/uploads\/sites\/19\/2023\/05\/Edital-de-Prorrogacao-1.pdf\" target=\"_blank\" rel=\"noopener\">EDITAL DE PRORROGA\u00c7\u00c3O DE ENCERRAMENTO DO PROCESSO DE MATR\u00cdCULAS DE CALOUROS(AS) 2023<\/a><\/p>\n<p style=\"text-align: center\"><a href=\"http:\/\/www2.uepg.br\/prograd\/wp-content\/uploads\/sites\/19\/2023\/05\/EDITAL-DE-ENCERRAMENTO-DO-PROCESSO-DE-MATRICULAS-DE-CALOUROSAS-2023.pdf\">EDITAL DE ENCERRAMENTO DO PROCESSO DE MATR\u00cdCULAS DE CALOUROS(AS) 2023<\/a><\/p>\n<p style=\"text-align: center\"><span style=\"font-weight: 400\">Prezado(a) Candidato(a), antes de acessar o Sistema de Matr\u00edcula abaixo, leia atentamente o <a href=\"http:\/\/www2.uepg.br\/prograd\/wp-content\/uploads\/sites\/19\/2023\/01\/MANUAL-DE-MATRICULA-PARTE-2-2023.pdf\" target=\"_blank\" rel=\"noopener\">MANUAL DE MATR\u00cdCULA PARTE 2 2023<\/a><\/span><\/p>\n<p>&nbsp;<\/p>\n<p>&nbsp;<\/p>\n<p style=\"text-align: center\"><strong><a href=\"https:\/\/sisacad.apps.uepg.br\/vestibular\/index\">\u00a0SISTEMA DE MATR\u00cdCULA clique aqui<\/a> para:<\/strong><\/p>\n<p style=\"text-align: center\">Acompanhar em tempo real pela \u00c1rea P\u00fablica e pela \u00c1rea do Candidato o processo de matr\u00edcula.<\/p>\n<p style=\"text-align: center\">(o prazo para envio dos documentos encerrou as 17:00h do dia 06 de fevereiro de 2023)<\/p>\n<h6 style=\"text-align: center\"><\/h6>\n<p>&nbsp;<\/p>\n<p style=\"text-align: center;font-size: 0.8rem\">Para informa\u00e7\u00f5es relativas a Cotas acesse os links:<\/p>\n<p style=\"text-align: center;font-size: 0.8rem\"><a href=\"https:\/\/www2.uepg.br\/prae\/cotas\/\" target=\"_blank\" rel=\"noopener noreferrer\">Informa\u00e7\u00f5es da PRAE sobre a Cota Negro e Cota PcD.<\/a><\/p>\n<p style=\"text-align: center;font-size: 0.8rem\"><a href=\"https:\/\/www2.uepg.br\/prae\/editais\/\" target=\"_blank\" rel=\"noopener noreferrer\">Editais da PRAE relativos a Cota Negro e Cota PcD.<\/a><\/p>\n\t\t\t\t<\/div>\n\t\t\t<\/div>\n\t\t<\/div>\n\t\t\t<div class=\"sow-accordion-panel\"\n\t\t\t data-anchor=\"2022\">\n\t\t\t\t<div class=\"sow-accordion-panel-header-container\" role=\"heading\" aria-level=\"2\">\n\t\t\t\t\t<div class=\"sow-accordion-panel-header\" tabindex=\"0\" role=\"button\" id=\"accordion-label-2022\" aria-controls=\"accordion-content-2022\" aria-expanded=\"false\">\n\t\t\t\t\t\t<div class=\"sow-accordion-title sow-accordion-title-icon-left\">\n\t\t\t\t\t\t\t\t\t\t\t\t\t\t2022\t\t\t\t\t\t\t\t\t\t\t\t\t<\/div>\n\t\t\t\t\t\t<div class=\"sow-accordion-open-close-button\">\n\t\t\t\t\t\t\t<div class=\"sow-accordion-open-button\">\n\t\t\t\t\t\t\t\t<span class=\"sow-icon-ionicons\" data-sow-icon=\"&#xf218;\"\n\t\t \n\t\taria-hidden=\"true\"><\/span>\t\t\t\t\t\t\t<\/div>\n\t\t\t\t\t\t\t<div class=\"sow-accordion-close-button\">\n\t\t\t\t\t\t\t\t<span class=\"sow-icon-ionicons\" data-sow-icon=\"&#xf209;\"\n\t\t \n\t\taria-hidden=\"true\"><\/span>\t\t\t\t\t\t\t<\/div>\n\t\t\t\t\t\t<\/div>\n\t\t\t\t\t<\/div>\n\t\t\t\t<\/div>\n\n\t\t\t<div\n\t\t\t\tclass=\"sow-accordion-panel-content\"\n\t\t\t\trole=\"region\"\n\t\t\t\taria-labelledby=\"accordion-label-2022\"\n\t\t\t\tid=\"accordion-content-2022\"\n\t\t\t\tstyle=\"display: none;\"\t\t\t>\n\t\t\t\t<div class=\"sow-accordion-panel-border\" tabindex=\"0\">\n\t\t\t\t\t<h3 style=\"text-align: center\"><strong><a href=\"http:\/\/www2.uepg.br\/prograd\/wp-content\/uploads\/sites\/19\/2022\/06\/SEI_UEPG-1030436-Edital-encerramento-das-matriculas-de-calouros.pdf\" target=\"_blank\" rel=\"noopener noreferrer\">Edital de Encerramento do Processo de Matr\u00edculas de Calouros(as) 2022<\/a><\/strong><\/h3>\n<h3 style=\"text-align: center\"><\/h3>\n<h4 style=\"text-align: center\"><\/h4>\n<p style=\"text-align: center\">\n<\/p>\t\t\t\t<\/div>\n\t\t\t<\/div>\n\t\t<\/div>\n\t\t\t<div class=\"sow-accordion-panel\"\n\t\t\t data-anchor=\"2021-med\">\n\t\t\t\t<div class=\"sow-accordion-panel-header-container\" role=\"heading\" aria-level=\"2\">\n\t\t\t\t\t<div class=\"sow-accordion-panel-header\" tabindex=\"0\" role=\"button\" id=\"accordion-label-2021-med\" aria-controls=\"accordion-content-2021-med\" aria-expanded=\"false\">\n\t\t\t\t\t\t<div class=\"sow-accordion-title sow-accordion-title-icon-left\">\n\t\t\t\t\t\t\t\t\t\t\t\t\t\t2021 MED\t\t\t\t\t\t\t\t\t\t\t\t\t<\/div>\n\t\t\t\t\t\t<div class=\"sow-accordion-open-close-button\">\n\t\t\t\t\t\t\t<div class=\"sow-accordion-open-button\">\n\t\t\t\t\t\t\t\t<span class=\"sow-icon-ionicons\" data-sow-icon=\"&#xf218;\"\n\t\t \n\t\taria-hidden=\"true\"><\/span>\t\t\t\t\t\t\t<\/div>\n\t\t\t\t\t\t\t<div class=\"sow-accordion-close-button\">\n\t\t\t\t\t\t\t\t<span class=\"sow-icon-ionicons\" data-sow-icon=\"&#xf209;\"\n\t\t \n\t\taria-hidden=\"true\"><\/span>\t\t\t\t\t\t\t<\/div>\n\t\t\t\t\t\t<\/div>\n\t\t\t\t\t<\/div>\n\t\t\t\t<\/div>\n\n\t\t\t<div\n\t\t\t\tclass=\"sow-accordion-panel-content\"\n\t\t\t\trole=\"region\"\n\t\t\t\taria-labelledby=\"accordion-label-2021-med\"\n\t\t\t\tid=\"accordion-content-2021-med\"\n\t\t\t\tstyle=\"display: none;\"\t\t\t>\n\t\t\t\t<div class=\"sow-accordion-panel-border\" tabindex=\"0\">\n\t\t\t\t\t<p style=\"text-align: center\"><a href=\"http:\/\/www2.uepg.br\/prograd\/wp-content\/uploads\/sites\/19\/2021\/08\/11-08-2021-EDITAL-PROGRAD-No-2021.347-DO-INGRESSO-NO-CURSO-DE-MEDICINA.pdf\">11\/08\/2021-EDITAL PROGRAD N\u00ba 2021.347 - Do Ingresso no Curso de Medicina<\/a><\/p>\n<p style=\"text-align: center\">\n<\/p><p style=\"text-align: center\"><a href=\"http:\/\/www2.uepg.br\/prograd\/wp-content\/uploads\/sites\/19\/2021\/08\/EDITAL-PROGRAD-No-2021.320-Atualizacao-das-Informacoes-aosas-Calourosas-de-Medicina.pdf\">16\/07\/2021- EDITAL PROGRAD N\u00ba 2021.320- Atualiza\u00e7\u00e3o das\u00a0 Informa\u00e7\u00f5es aos(\u00e0s) Calouros(as) de Medicina<\/a><\/p>\n<p style=\"text-align: center\">\n<\/p><p style=\"text-align: center\"><a href=\"http:\/\/www2.uepg.br\/prograd\/wp-content\/uploads\/sites\/19\/2021\/07\/EDITAL-PROGRAD-No-2021.314.pdf\">09\/07\/2021-EDITAL PROGRAD N\u00ba 2021.314 -\u00a0<\/a><a href=\"http:\/\/www2.uepg.br\/prograd\/wp-content\/uploads\/sites\/19\/2021\/07\/EDITAL-PROGRAD-No-2021.314.pdf\">Atualiza\u00e7\u00e3o das\u00a0 Informa\u00e7\u00f5es aos(\u00e0s) Calouros(as) de Medicina<\/a><\/p>\n<p style=\"text-align: center\">\n<\/p><p style=\"text-align: center\"><a href=\"http:\/\/www2.uepg.br\/prograd\/wp-content\/uploads\/sites\/19\/2021\/06\/EDITAL-PROGRAD-DIVMP-No-2021.297.pdf\">29\/06\/2021- EDITAL PROGRAD N\u00ba 2021.297 - Do Ingresso no Curso de Medicina<\/a><\/p>\n<p style=\"text-align: center\">\n<\/p><p style=\"text-align: center\"><a href=\"http:\/\/www2.uepg.br\/prograd\/wp-content\/uploads\/sites\/19\/2021\/06\/EDITAL-PROGRAD-No-2021.-279-Informacoes-aosas-Calourosas-de-Medicina.pdf\">18\/06\/2021- EDITAL PROGRAD N\u00ba 2021. 279 -\u00a0 Atualiza\u00e7\u00e3o das\u00a0 Informa\u00e7\u00f5es aos(\u00e0s) Calouros(as) de Medicina<\/a><\/p>\n<p style=\"text-align: center\">\n<\/p><p style=\"text-align: center\"><a href=\"http:\/\/www2.uepg.br\/prograd\/wp-content\/uploads\/sites\/19\/2021\/06\/EDITAL-PROGRAD-No-2021.-273-Informacoes-Calouros-de-Medicina.pdf\">16\/06\/2021-EDITAL PROGRAD N\u00ba 2021. 273 -\u00a0 Informa\u00e7\u00f5es aos(\u00e0s) Calouros(as) de Medicina<\/a><\/p>\n<p>&nbsp;<\/p>\n\t\t\t\t<\/div>\n\t\t\t<\/div>\n\t\t<\/div>\n\t\t\t<div class=\"sow-accordion-panel\"\n\t\t\t data-anchor=\"2021\">\n\t\t\t\t<div class=\"sow-accordion-panel-header-container\" role=\"heading\" aria-level=\"2\">\n\t\t\t\t\t<div class=\"sow-accordion-panel-header\" tabindex=\"0\" role=\"button\" id=\"accordion-label-2021\" aria-controls=\"accordion-content-2021\" aria-expanded=\"false\">\n\t\t\t\t\t\t<div class=\"sow-accordion-title sow-accordion-title-icon-left\">\n\t\t\t\t\t\t\t\t\t\t\t\t\t\t2021\t\t\t\t\t\t\t\t\t\t\t\t\t<\/div>\n\t\t\t\t\t\t<div class=\"sow-accordion-open-close-button\">\n\t\t\t\t\t\t\t<div class=\"sow-accordion-open-button\">\n\t\t\t\t\t\t\t\t<span class=\"sow-icon-ionicons\" data-sow-icon=\"&#xf218;\"\n\t\t \n\t\taria-hidden=\"true\"><\/span>\t\t\t\t\t\t\t<\/div>\n\t\t\t\t\t\t\t<div class=\"sow-accordion-close-button\">\n\t\t\t\t\t\t\t\t<span class=\"sow-icon-ionicons\" data-sow-icon=\"&#xf209;\"\n\t\t \n\t\taria-hidden=\"true\"><\/span>\t\t\t\t\t\t\t<\/div>\n\t\t\t\t\t\t<\/div>\n\t\t\t\t\t<\/div>\n\t\t\t\t<\/div>\n\n\t\t\t<div\n\t\t\t\tclass=\"sow-accordion-panel-content\"\n\t\t\t\trole=\"region\"\n\t\t\t\taria-labelledby=\"accordion-label-2021\"\n\t\t\t\tid=\"accordion-content-2021\"\n\t\t\t\tstyle=\"display: none;\"\t\t\t>\n\t\t\t\t<div class=\"sow-accordion-panel-border\" tabindex=\"0\">\n\t\t\t\t\t<h4 style=\"text-align: center\"><strong>VAGAS REMANESCENTES 2021<\/strong><\/h4>\n<h4 style=\"text-align: center\"><span style=\"color: #3366ff\"><a style=\"color: #3366ff\" href=\"http:\/\/www2.uepg.br\/prograd\/wp-content\/uploads\/sites\/19\/2021\/08\/Edital-345.2021-Manual-de-Vagas-Remanescentes-2021.pdf\"><strong>MANUAL DE VAGAS REMANESCENTES 2021\u00a0<\/strong><\/a><\/span><\/h4>\n<h4 style=\"text-align: center\"><span style=\"color: #3366ff\"><strong><a style=\"color: #3366ff\" href=\"http:\/\/www2.uepg.br\/prograd\/wp-content\/uploads\/sites\/19\/2021\/08\/SEI_UEPG-0586798-Edital.pdf\">RESULTADO - VAGAS REMANESCENTES 2021<\/a><\/strong><\/span><\/h4>\n<p>&nbsp;<\/p>\n<p style=\"text-align: center\"><a href=\"http:\/\/www2.uepg.br\/prograd\/wp-content\/uploads\/sites\/19\/2021\/08\/SEI_UEPG-0574846-Edital.pdf\">Edital de Encerramento do Processo de Matr\u00edculas de Calouros(as) 2021<\/a><\/p>\n<p>&nbsp;<\/p>\n<p style=\"text-align: center\"><a href=\"http:\/\/www2.uepg.br\/prograd\/wp-content\/uploads\/sites\/19\/2021\/06\/SEI_UEPG-0525902-Edital.pdf\">EDITAL PROGRAD-DIAC - N\u00ba 2021.270<\/a><\/p>\n<p style=\"text-align: center\"><strong><a href=\"https:\/\/sisacad.apps.uepg.br\/login\">\u00c1REA DO(A) CANDIDATO(A)<\/a>\u00a0(Conforme item 8.1 do\u00a0<a href=\"https:\/\/www2.uepg.br\/prograd\/wp-content\/uploads\/sites\/19\/2021\/05\/Manual-de-Matricula-Parte-II.pdf\">Manual de Matr\u00edcula Parte II<\/a>)<\/strong><\/p>\n<p style=\"text-align: center\"><strong><a href=\"https:\/\/sisacad.apps.uepg.br\/vestibular\/selecionarModalidadeCurso\">\u00c1REA P\u00daBLICA\u00a0<\/a>\u00a0(Conforme item 8.2 do\u00a0<a href=\"https:\/\/www2.uepg.br\/prograd\/wp-content\/uploads\/sites\/19\/2021\/05\/Manual-de-Matricula-Parte-II.pdf\">Manual\u00a0<\/a><a href=\"https:\/\/www2.uepg.br\/prograd\/wp-content\/uploads\/sites\/19\/2021\/05\/Manual-de-Matricula-Parte-II.pdf\">de Matr\u00edcula\u00a0<\/a><a href=\"https:\/\/www2.uepg.br\/prograd\/wp-content\/uploads\/sites\/19\/2021\/05\/Manual-de-Matricula-Parte-II.pdf\">Parte II<\/a>)<\/strong><\/p>\n\t\t\t\t<\/div>\n\t\t\t<\/div>\n\t\t<\/div>\n\t\t\t<div class=\"sow-accordion-panel\"\n\t\t\t data-anchor=\"2020\">\n\t\t\t\t<div class=\"sow-accordion-panel-header-container\" role=\"heading\" aria-level=\"2\">\n\t\t\t\t\t<div class=\"sow-accordion-panel-header\" tabindex=\"0\" role=\"button\" id=\"accordion-label-2020\" aria-controls=\"accordion-content-2020\" aria-expanded=\"false\">\n\t\t\t\t\t\t<div class=\"sow-accordion-title sow-accordion-title-icon-left\">\n\t\t\t\t\t\t\t\t\t\t\t\t\t\t2020\t\t\t\t\t\t\t\t\t\t\t\t\t<\/div>\n\t\t\t\t\t\t<div class=\"sow-accordion-open-close-button\">\n\t\t\t\t\t\t\t<div class=\"sow-accordion-open-button\">\n\t\t\t\t\t\t\t\t<span class=\"sow-icon-ionicons\" data-sow-icon=\"&#xf218;\"\n\t\t \n\t\taria-hidden=\"true\"><\/span>\t\t\t\t\t\t\t<\/div>\n\t\t\t\t\t\t\t<div class=\"sow-accordion-close-button\">\n\t\t\t\t\t\t\t\t<span class=\"sow-icon-ionicons\" data-sow-icon=\"&#xf209;\"\n\t\t \n\t\taria-hidden=\"true\"><\/span>\t\t\t\t\t\t\t<\/div>\n\t\t\t\t\t\t<\/div>\n\t\t\t\t\t<\/div>\n\t\t\t\t<\/div>\n\n\t\t\t<div\n\t\t\t\tclass=\"sow-accordion-panel-content\"\n\t\t\t\trole=\"region\"\n\t\t\t\taria-labelledby=\"accordion-label-2020\"\n\t\t\t\tid=\"accordion-content-2020\"\n\t\t\t\tstyle=\"display: none;\"\t\t\t>\n\t\t\t\t<div class=\"sow-accordion-panel-border\" tabindex=\"0\">\n\t\t\t\t\t<p style=\"text-align: center\"><strong>Matr\u00edculas de Calouros(as) 2020<\/strong><\/p>\n<p style=\"text-align: center\">Aten\u00e7\u00e3o candidatos(as) classificados(as) em\u00a0 Lista de Espera da Primeira Chamada, que tiveram sua documenta\u00e7\u00e3o deferida\u00a0 e est\u00e3o aguardando a atualiza\u00e7\u00e3o do sistema de matr\u00edculas, fiquem atentos(as) pois esta semana ser\u00e3o retomadas essas a\u00e7\u00f5es, para os cursos que possuem vagas em aberto.<\/p>\n<p style=\"text-align: center\"><strong>\u00c1REA DO(A) CANDIDATO(A)<\/strong><\/p>\n<p style=\"text-align: center\"><a href=\"https:\/\/sisacad.apps.uepg.br\/vestibular\/selecionarModalidadeCurso\"><strong>\u00c1REA P\u00daBLICA<\/strong><\/a><\/p>\n<p style=\"text-align: center\"><strong>MENSAGEM\u00a0 DESTINADA A TODOS(AS) OS INGRESSANTES CALOUROS(AS) MATRICULADOS(AS) NO ANO LETIVO DE 2020:<\/strong><\/p>\n<p style=\"text-align: center\">Sejam Bem-vindos(as), calouros e calouras 2020!<br \/>\nA UEPG parabeniza-os(as) pela conquista da t\u00e3o estimada vaga em nossa Institui\u00e7\u00e3o! Cada uma destas vagas representa num futuro pr\u00f3ximo, mais um profissional de qualidade formado para contribuir com nossa sociedade. Como a Educa\u00e7\u00e3o \u00e9 um direito fundamental de todos, n\u00e3o medimos esfor\u00e7os em prol de uma Universidade gratuita, p\u00fablica e de qualidade. Voc\u00ea, atrav\u00e9s de sua participa\u00e7\u00e3o, \u00e9 elemento fundamental para que isso seja ainda mais efetivo!<br \/>\nCaso seus planos tenham mudado ap\u00f3s se matricular na UEPG e por algum motivo voc\u00ea n\u00e3o pretende mais estudar em determinado curso de nossa Institui\u00e7\u00e3o, solicitamos a gentileza que atualize sua op\u00e7\u00e3o na \u00c1rea do(a) Candidato(a) optando pela Desist\u00eancia da vaga para que ela seja destinada e aproveitada por outro(a) candidato(a), pois \u00e9 importante lembrar que cada vaga em curso de gradua\u00e7\u00e3o possui um custo p\u00fablico correspondente. Por isso, a empatia e a colabora\u00e7\u00e3o de todos(as) neste processo \u00e9 muito importante para que mais pessoas usufruam das vagas ofertadas pela Universidade Estadual de Ponta Grossa. Contamos com voc\u00ea!<\/p>\n<p style=\"text-align: center\">Cordialmente,<br \/>\nDivis\u00e3o de Matr\u00edcula<br \/>\nDiretoria Acad\u00eamica<br \/>\nPROGRAD - UEPG<\/p>\n<p style=\"text-align: center\">Para maiores informa\u00e7\u00f5es, leia o Manual abaixo:<\/p>\n<p style=\"text-align: center\"><strong><a href=\"http:\/\/www2.uepg.br\/prograd\/wp-content\/uploads\/sites\/19\/2019\/12\/manual-para-matriculas-2020-parte-II-versao-final.pdf\" target=\"_blank\" rel=\"noopener\">Manual de Matr\u00edcula Parte II<\/a><\/strong><\/p>\n<p style=\"text-align: center\">\n<\/p>\t\t\t\t<\/div>\n\t\t\t<\/div>\n\t\t<\/div>\n\t\t\t<div class=\"sow-accordion-panel\"\n\t\t\t data-anchor=\"2019\">\n\t\t\t\t<div class=\"sow-accordion-panel-header-container\" role=\"heading\" aria-level=\"2\">\n\t\t\t\t\t<div class=\"sow-accordion-panel-header\" tabindex=\"0\" role=\"button\" id=\"accordion-label-2019\" aria-controls=\"accordion-content-2019\" aria-expanded=\"false\">\n\t\t\t\t\t\t<div class=\"sow-accordion-title sow-accordion-title-icon-left\">\n\t\t\t\t\t\t\t\t\t\t\t\t\t\t2019\t\t\t\t\t\t\t\t\t\t\t\t\t<\/div>\n\t\t\t\t\t\t<div class=\"sow-accordion-open-close-button\">\n\t\t\t\t\t\t\t<div class=\"sow-accordion-open-button\">\n\t\t\t\t\t\t\t\t<span class=\"sow-icon-ionicons\" data-sow-icon=\"&#xf218;\"\n\t\t \n\t\taria-hidden=\"true\"><\/span>\t\t\t\t\t\t\t<\/div>\n\t\t\t\t\t\t\t<div class=\"sow-accordion-close-button\">\n\t\t\t\t\t\t\t\t<span class=\"sow-icon-ionicons\" data-sow-icon=\"&#xf209;\"\n\t\t \n\t\taria-hidden=\"true\"><\/span>\t\t\t\t\t\t\t<\/div>\n\t\t\t\t\t\t<\/div>\n\t\t\t\t\t<\/div>\n\t\t\t\t<\/div>\n\n\t\t\t<div\n\t\t\t\tclass=\"sow-accordion-panel-content\"\n\t\t\t\trole=\"region\"\n\t\t\t\taria-labelledby=\"accordion-label-2019\"\n\t\t\t\tid=\"accordion-content-2019\"\n\t\t\t\tstyle=\"display: none;\"\t\t\t>\n\t\t\t\t<div class=\"sow-accordion-panel-border\" tabindex=\"0\">\n\t\t\t\t\t<p style=\"text-align: center\"><strong>MATR\u00cdCULA DE MEDICINA<\/strong><\/p>\n<p style=\"text-align: center\"><strong>ATEN\u00c7\u00c3O CANDIDATOS!<\/strong><\/p>\n<p style=\"text-align: center\"><a href=\"http:\/\/www2.uepg.br\/prograd\/wp-content\/uploads\/sites\/19\/2019\/09\/Edital-2-chamada-e-lista-de-espera-Medicina-2019-1.pdf\">EDITAL 022\/2019 \u2013 2\u00aa CHAMADA\/LISTA DE ESPERA \u2013 MEDICINA *(NOVO)<\/a><\/p>\n<p style=\"text-align: center\"><a href=\"http:\/\/www2.uepg.br\/prograd\/wp-content\/uploads\/sites\/19\/2019\/06\/Edital-019-LE-1a-chamada-MEDICINA-vestibulares-PSS-2019-DM-BL.pdf\" target=\"_blank\" rel=\"noopener\">EDITAL 019\/2019 \u2013 LISTA DE ESPERA DA 1\u00aa CHAMADA \u2013 MEDICINA<\/a><\/p>\n<hr \/>\n<p style=\"text-align: center\"><a href=\"http:\/\/sistemas.uepg.br\/calouro\" target=\"_blank\" rel=\"noopener\"><strong>FICHA DE REGISTRO ACAD\u00caMICO\/TERMO DE DECLARA\u00c7\u00c3O E CI\u00caNCIA\/AUTO DECLARA\u00c7\u00c3O COTISTA<\/strong><\/a><\/p>\n<p style=\"text-align: center\"><strong>Clique e siga as orienta\u00e7\u00f5es abaixo:<\/strong><\/p>\n<table class=\" aligncenter\" width=\"785\">\n<tbody>\n<tr>\n<td><strong>1.<\/strong>\u00a0Revise e preencha os dados solicitados;<\/td>\n<td><strong>4.<\/strong>\u00a0Abra o arquivo e imprima duas vias;<\/td>\n<\/tr>\n<tr>\n<td><strong>2.<\/strong>\u00a0Salve os dados;<\/td>\n<td><strong>5.<\/strong>\u00a0Leia atentamente todos os itens;<\/td>\n<\/tr>\n<tr>\n<td><strong>3.<\/strong>\u00a0Clique em\u00a0<em>Requerimento de Matr\u00edcula<\/em>\u00a0e salve o arquivo;<\/td>\n<td><strong>6.<\/strong>\u00a0Date e assine somente no ato da matr\u00edcula.<\/td>\n<\/tr>\n<\/tbody>\n<\/table>\n<p style=\"text-align: center\"><strong>(OBS:\u00a0Todos estes itens est\u00e3o contemplados no mesmo\u00a0documento.)<\/strong><\/p>\n<p style=\"text-align: center\"><strong>INFORMA\u00c7\u00d5ES DETALHADAS:\u00a0<a href=\"http:\/\/cps.uepg.br\/vestibular\/documentos\/2018\/verao\/MANUAL_DE_MATR%C3%8DCULA_CALOUROS_2019.pdf\" target=\"_blank\" rel=\"noopener\">MANUAL DE MATR\u00cdCULA CALOUROS 2019<\/a><\/strong><\/p>\n<hr \/>\n<table class=\" aligncenter\">\n<tbody>\n<tr>\n<td><b>EDITAIS ANTERIORES<\/b><\/td>\n<\/tr>\n<tr>\n<td><a href=\"http:\/\/www2.uepg.br\/prograd\/wp-content\/uploads\/sites\/19\/2019\/06\/EDITAL-PRIMIERA-CHAMADA-2019.pdf\" target=\"_blank\" rel=\"noopener\">EDITAL 004\/2019 \u2013\u00a0PROGRAD \u2013\u00a01\u00aa CHAMADA<\/a><\/td>\n<\/tr>\n<tr>\n<td><a href=\"http:\/\/www2.uepg.br\/prograd\/wp-content\/uploads\/sites\/19\/2019\/06\/EDITAL-005-LISTA-DE-ESPERA-PRIMEIRA-CHAMADA-DM-BL-2019.pdf\" target=\"_blank\" rel=\"noopener\">EDITAL 005\/2019 \u2013 PROGRAD \u2013 LISTA DE ESPERA 1\u00aa CHAMADA<\/a><\/td>\n<\/tr>\n<tr>\n<td><a href=\"http:\/\/www2.uepg.br\/prograd\/wp-content\/uploads\/sites\/19\/2019\/06\/2-CHAMADA-2019-last-version-27-02-2019-20-05.pdf\" target=\"_blank\" rel=\"noopener\">EDITAL 008\/2019 \u2013\u00a0PROGRAD \u2013\u00a02\u00aa\u00a0CHAMADA\/LISTA DE ESPERA<\/a><\/td>\n<\/tr>\n<tr>\n<td><a href=\"http:\/\/www2.uepg.br\/prograd\/wp-content\/uploads\/sites\/19\/2019\/06\/3-CHAMADA-LISTA-DE-ESPERA-REVISADO-DMBL.pdf\">EDITAL 009\/2019 \u2013\u00a0PROGRAD \u2013\u00a03\u00aa CHAMADA\/LISTA DE ESPERA<\/a><\/td>\n<\/tr>\n<tr>\n<td><a href=\"http:\/\/www2.uepg.br\/prograd\/wp-content\/uploads\/sites\/19\/2019\/06\/edital-011-2019-PROGRAD-vagas-remanescentes-2019.pdf\" target=\"_blank\" rel=\"noopener\">EDITAL 011\/2019 \u2013\u00a0PROGRAD \u2013\u00a0VAGAS REMANESCENTES 2019<\/a><\/td>\n<\/tr>\n<tr>\n<td><a href=\"http:\/\/www2.uepg.br\/prograd\/wp-content\/uploads\/sites\/19\/2019\/06\/Edital-012-2019-DEFERIMENTO-E-INDEFERIMENTO-vagas-remanescentes-2019.pdf\" target=\"_blank\" rel=\"noopener\">EDITAL 012\/2019 \u2013\u00a0PROGRAD \u2013\u00a0VAGAS REMANESCENTES DEFERIDO\/INDEFERIDO<\/a><\/td>\n<\/tr>\n<tr>\n<td><a href=\"http:\/\/www2.uepg.br\/prograd\/wp-content\/uploads\/sites\/19\/2019\/06\/Edital-016-2019-PROGRAD-vagas-remanscentes-de-2019-resultado-final.pdf\" target=\"_blank\" rel=\"noopener\">EDITAL 016\/2019 \u2013\u00a0PROGRAD \u2013\u00a0VAGAS REMANESCENTES RESULTADO FINAL<\/a><\/td>\n<\/tr>\n<tr>\n<td><a href=\"http:\/\/www2.uepg.br\/prograd\/wp-content\/uploads\/sites\/19\/2019\/06\/Edital-No-017-2019-%E2%80%93-PROGRAD-4a-Chamada-e-Lista-de-Espera.pdf\" target=\"_blank\" rel=\"noopener\">EDITAL 017\/2019 \u2013\u00a0PROGRAD \u2013\u00a04\u00aa CHAMADA\/LISTA DE ESPERA<\/a><\/td>\n<\/tr>\n<\/tbody>\n<\/table>\n<hr \/>\n<p style=\"text-align: center\"><strong>CLASSIFICA\u00c7\u00c3O PARA A 1\u00ba CHAMADA E LISTA DE ESPERA<\/strong><\/p>\n<table class=\" aligncenter\">\n<tbody>\n<tr>\n<td><a href=\"http:\/\/cps.uepg.br\/inicio\/pss_2018\/1\/Resultado_UEPG_PSS.htm\"><strong>PSS 2016-2018<\/strong><\/a><\/td>\n<td><a href=\"http:\/\/cps.uepg.br\/inicio\/inverno_2018\/1\/Resultado_UEPG.htm\"><strong>VESTIBULAR DE INVERNO 2018<\/strong><\/a><\/td>\n<td><a href=\"http:\/\/cps.uepg.br\/inicio\/verao_2018\/1\/Resultado_UEPG.htm\"><strong>VESTIBULAR DE VER\u00c3O 2018<\/strong><\/a><\/td>\n<\/tr>\n<\/tbody>\n<\/table>\n<hr \/>\n<p style=\"text-align: center\"><strong>CLASSIFICA\u00c7\u00c3O GERAL (por cotas)<\/strong><\/p>\n<table class=\" aligncenter\">\n<tbody>\n<tr>\n<td><a href=\"http:\/\/cps.uepg.br\/inicio\/pss_2018\/1\/Classificados_PSS3_Geral_Curso.pdf\"><strong>PSS 2016-2018<\/strong><\/a><\/td>\n<td><a href=\"http:\/\/cps.uepg.br\/inicio\/inverno_2018\/1\/ClassificadosGeral_Alfab%C3%A9tico.pdf\"><strong>VESTIBULAR DE INVERNO 2018<\/strong><\/a><\/td>\n<td><a href=\"http:\/\/cps.uepg.br\/inicio\/verao_2018\/1\/ClassificadosGeral_Alfab%C3%A9tico.pdf\"><strong>VESTIBULAR DE VER\u00c3O 2018<\/strong><\/a><\/td>\n<\/tr>\n<\/tbody>\n<\/table>\n<p style=\"text-align: center\"><span style=\"color: #ff0000\">(OBS\u00b9: H\u00e1 classifica\u00e7\u00f5es repetidas, por\u00e9m cada classifica\u00e7\u00e3o corresponde a uma cota em espec\u00edfico.)<\/span><\/p>\n<p style=\"text-align: center\"><span style=\"color: #ff0000\">(OBS\u00b2: Candidatos\u00a0 que n\u00e3o obtiveram a pontua\u00e7\u00e3o\u00a0m\u00ednima \u00a0na prova vocacionada foram desclassificados e n\u00e3o constam na classifica\u00e7\u00e3o geral.)<\/span><\/p>\n<p style=\"text-align: center\">\n<\/p>\t\t\t\t<\/div>\n\t\t\t<\/div>\n\t\t<\/div>\n\t\t\t<div class=\"sow-accordion-panel\"\n\t\t\t data-anchor=\"2018\">\n\t\t\t\t<div class=\"sow-accordion-panel-header-container\" role=\"heading\" aria-level=\"2\">\n\t\t\t\t\t<div class=\"sow-accordion-panel-header\" tabindex=\"0\" role=\"button\" id=\"accordion-label-2018\" aria-controls=\"accordion-content-2018\" aria-expanded=\"false\">\n\t\t\t\t\t\t<div class=\"sow-accordion-title sow-accordion-title-icon-left\">\n\t\t\t\t\t\t\t\t\t\t\t\t\t\t2018\t\t\t\t\t\t\t\t\t\t\t\t\t<\/div>\n\t\t\t\t\t\t<div class=\"sow-accordion-open-close-button\">\n\t\t\t\t\t\t\t<div class=\"sow-accordion-open-button\">\n\t\t\t\t\t\t\t\t<span class=\"sow-icon-ionicons\" data-sow-icon=\"&#xf218;\"\n\t\t \n\t\taria-hidden=\"true\"><\/span>\t\t\t\t\t\t\t<\/div>\n\t\t\t\t\t\t\t<div class=\"sow-accordion-close-button\">\n\t\t\t\t\t\t\t\t<span class=\"sow-icon-ionicons\" data-sow-icon=\"&#xf209;\"\n\t\t \n\t\taria-hidden=\"true\"><\/span>\t\t\t\t\t\t\t<\/div>\n\t\t\t\t\t\t<\/div>\n\t\t\t\t\t<\/div>\n\t\t\t\t<\/div>\n\n\t\t\t<div\n\t\t\t\tclass=\"sow-accordion-panel-content\"\n\t\t\t\trole=\"region\"\n\t\t\t\taria-labelledby=\"accordion-label-2018\"\n\t\t\t\tid=\"accordion-content-2018\"\n\t\t\t\tstyle=\"display: none;\"\t\t\t>\n\t\t\t\t<div class=\"sow-accordion-panel-border\" tabindex=\"0\">\n\t\t\t\t\t<table class=\" aligncenter\">\n<tbody>\n<tr>\n<td><strong>INFORMA\u00c7\u00d5ES SOBRE MATR\u00cdCULA<\/strong><\/td>\n<\/tr>\n<tr>\n<td><a href=\"http:\/\/www2.uepg.br\/prograd\/wp-content\/uploads\/sites\/19\/2019\/06\/BOLETIM-INFORMATIVO-002-medicina.pdf\" target=\"_blank\" rel=\"noopener\">CANCELAMENTO DAS DATAS: BOLETIM INFORMATIVO 002\/2018-PROGRAD<\/a><\/td>\n<\/tr>\n<tr>\n<td><a href=\"http:\/\/www2.uepg.br\/prograd\/wp-content\/uploads\/sites\/19\/2019\/06\/BOLETIM-INFORMATIVO-001-2018-VERSAO-DEFINITIVA.pdf\" target=\"_blank\" rel=\"noopener\">INFORMA\u00c7\u00d5ES RESUMIDAS:\u00a0BOLETIM INFORMATIVO 001\/2018-PROGRAD<\/a><\/td>\n<\/tr>\n<tr>\n<td><a href=\"http:\/\/www2.uepg.br\/prograd\/wp-content\/uploads\/sites\/19\/2019\/06\/MANUAL-DE-MATR%C3%8DCULA-calouros-2018.pdf\" target=\"_blank\" rel=\"noopener\">INFORMA\u00c7\u00d5ES DETALHADAS: MANUAL DE MATR\u00cdCULA CALOUROS 2018<\/a><\/td>\n<\/tr>\n<tr>\n<td><\/td>\n<\/tr>\n<tr>\n<td><\/td>\n<\/tr>\n<tr>\n<td><strong>EDITAIS ANTERIORES<\/strong><\/td>\n<\/tr>\n<tr>\n<td><a href=\"http:\/\/www2.uepg.br\/prograd\/wp-content\/uploads\/sites\/19\/2019\/06\/3-CHAMADA-2018-DM-BL-MEDICINA.pdf\" target=\"_blank\" rel=\"noopener\">EDITAL N\u00b0 163\/2018 - PROGRAD - 3\u00aa\u00a0CHAMADA \/\u00a0LISTA DE ESPERA DE MEDICINA<\/a><\/td>\n<\/tr>\n<tr>\n<td><a href=\"http:\/\/www2.uepg.br\/prograd\/wp-content\/uploads\/sites\/19\/2019\/06\/2-CHAMADA-2018-DM-BL-MEDICINA.pdf\" target=\"_blank\" rel=\"noopener\">EDITAL N\u00b0 030\/2018 - PROGRAD - 2\u00aa\u00a0CHAMADA \/\u00a0LISTA DE ESPERA DE MEDICINA<\/a><\/td>\n<\/tr>\n<tr>\n<td><a href=\"http:\/\/www2.uepg.br\/prograd\/wp-content\/uploads\/sites\/19\/2019\/06\/Edital-029-LE-1a-chamada-vestibulares-PSS-2017-DM-BL-medicina.pdf\" target=\"_blank\" rel=\"noopener\">EDITAL N\u00b0 029\/2018 - PROGRAD - LISTA DE ESPERA DA 1\u00b0 CHAMADA DE MEDICINA<\/a><\/td>\n<\/tr>\n<tr>\n<td><a href=\"http:\/\/www2.uepg.br\/prograd\/wp-content\/uploads\/sites\/19\/2019\/06\/BOLETIM-INFORMATIVO-003-2018-MEDICINA-3.pdf\" target=\"_blank\" rel=\"noopener\">BOLETIM INFORMATIVO 003\/2018-PROGRAD- MEDICINA NOVAS DATAS DE MATR\u00cdCULA<\/a><\/td>\n<\/tr>\n<tr>\n<td><a href=\"http:\/\/www2.uepg.br\/prograd\/wp-content\/uploads\/sites\/19\/2019\/06\/Edital-de-vagas-remanscentes-de-2018-resultado-final.pdf\" target=\"_blank\" rel=\"noopener\">EDITAL 025\/2018 - PROGRAD - RESULTADO\/VAGAS REMANESCENTES<\/a><\/td>\n<\/tr>\n<tr>\n<td><a href=\"http:\/\/www2.uepg.br\/prograd\/wp-content\/uploads\/sites\/19\/2019\/06\/edital-vagas-remanescentes-2018-DM-BL.pdf\" target=\"_blank\" rel=\"noopener\">EDITAL 021\/2018 - PROGRAD - VAGAS REMANESCENTES<\/a><\/td>\n<\/tr>\n<tr>\n<td><a href=\"http:\/\/www2.uepg.br\/prograd\/wp-content\/uploads\/sites\/19\/2019\/06\/5-CHAMADA-2018-VARIAS-LISTA-DE-ESPERA-14032018-DM-BL-REV.pdf\" target=\"_blank\" rel=\"noopener\">EDITAL 020\/2018 - PROGRAD - 5\u00aa CHAMADA\/LISTA DE ESPERA<\/a><\/td>\n<\/tr>\n<tr>\n<td><a href=\"http:\/\/www2.uepg.br\/prograd\/wp-content\/uploads\/sites\/19\/2019\/06\/4-CHAMADA-2018-28-02-2018-DM-BL-PUBLICAR2.pdf\" target=\"_blank\" rel=\"noopener\">EDITAL 017\/2018 - PROGRAD - 4\u00aa CHAMADA\/LISTA DE ESPERA<\/a><\/td>\n<\/tr>\n<tr>\n<td><a href=\"http:\/\/www2.uepg.br\/prograd\/wp-content\/uploads\/sites\/19\/2019\/06\/3-CHAMADA-2018-REVISADO.pdf\" target=\"_blank\" rel=\"noopener\">EDITAL 010\/2018 - PROGRAD - 3\u00aa CHAMADA\/LISTA DE ESPERA<\/a><\/td>\n<\/tr>\n<tr>\n<td><a href=\"http:\/\/www2.uepg.br\/prograd\/wp-content\/uploads\/sites\/19\/2019\/06\/2-CHAMADA-2018-14-02-2018-DM-BL-VERSAO-POSTAGEM-1.pdf\" target=\"_blank\" rel=\"noopener\">EDITAL 005\/2018 - PROGRAD - 2\u00aa CHAMADA\/LISTA DE ESPERA<\/a><\/td>\n<\/tr>\n<tr>\n<td><a href=\"http:\/\/www2.uepg.br\/prograd\/wp-content\/uploads\/sites\/19\/2019\/06\/EDITAL-002-LISTA-DE-ESPERA-PRIMEIRA-CHAMADA-DM-BL.pdf\" target=\"_blank\" rel=\"noopener\">EDITAL 002\/2018 - PROGRAD - LISTA DE ESPERA 1\u00aa CHAMADA<\/a><\/td>\n<\/tr>\n<tr>\n<td><\/td>\n<\/tr>\n<tr>\n<td><\/td>\n<\/tr>\n<tr>\n<td><strong>EDITAIS ANTERIORES DE TEL\u00caMACO BORBA<\/strong><\/td>\n<\/tr>\n<tr>\n<td><a href=\"http:\/\/www2.uepg.br\/prograd\/wp-content\/uploads\/sites\/19\/2019\/06\/2-CHAMADA-2018-TELEMACO-BORBA-09-03-2018-REVISADO.pdf\" target=\"_blank\" rel=\"noopener\">EDITAL 022\/2018 - PROGRAD - DIREITO -\u00a0TEL\u00caMACO BORBA - 2\u00aa CHAMADA\/LISTA DE ESPERA<\/a><\/td>\n<\/tr>\n<tr>\n<td><a href=\"http:\/\/www2.uepg.br\/prograd\/wp-content\/uploads\/sites\/19\/2019\/06\/EDITAL-004-2018-LISTA-DE-ESPERA-PRIMEIRA-CHAMADA-DM-BL-telemaco-vers%C3%A3o-publica%C3%A7%C3%A3o.pdf\" target=\"_blank\" rel=\"noopener\">EDITAL 004\/2018 - PROGRAD - DIREITO - TEL\u00caMACO BORBA - LISTA DE ESPERA DA 1\u00aa CHAMADA<\/a><\/td>\n<\/tr>\n<tr>\n<td><\/td>\n<\/tr>\n<tr>\n<td><\/td>\n<\/tr>\n<tr>\n<td><strong>FICHA DE REGISTRO ACAD\u00caMICO\/TERMO DE DECLARA\u00c7\u00c3O E CI\u00caNCIA\/AUTO DECLARA\u00c7\u00c3O COTISTA<\/strong><\/td>\n<\/tr>\n<tr>\n<td><strong><a href=\"https:\/\/sistemas.uepg.br\/calouro\" target=\"_blank\" rel=\"noopener\">(OBS:\u00a0Todos estes itens est\u00e3o contemplados no mesmo\u00a0documento.)<\/a><\/strong><\/td>\n<\/tr>\n<tr>\n<td><span style=\"color: #ff0000\">ATEN\u00c7\u00c3O: CLASSIFICADOS EM MEDICINA, O TERMO DE CI\u00caNCIA ESTAR\u00c1 DISPON\u00cdVEL A PARTIR DO DIA 01 DE MAIO.<\/span><\/td>\n<\/tr>\n<tr>\n<td><strong>Clique e siga as orienta\u00e7\u00f5es abaixo:<\/strong><\/td>\n<\/tr>\n<tr>\n<td><strong>1. Revise e preencha os dados solicitados;<br \/>\n<\/strong><\/td>\n<\/tr>\n<tr>\n<td><strong>2. Salve os dados;<\/strong><\/td>\n<\/tr>\n<tr>\n<td><strong>3. Clique em\u00a0<em>Requerimento de Matr\u00edcula<\/em>\u00a0e salve o arquivo;<\/strong><\/td>\n<\/tr>\n<tr>\n<td><strong>4. Abra o arquivo e imprima duas vias;<\/strong><\/td>\n<\/tr>\n<tr>\n<td><strong>5. Leia atentamente todos os itens;<\/strong><\/td>\n<\/tr>\n<tr>\n<td><strong>6. Date e assine somente no ato da matr\u00edcula.<\/strong><\/td>\n<\/tr>\n<tr>\n<td><\/td>\n<\/tr>\n<tr>\n<td><\/td>\n<\/tr>\n<tr>\n<td><strong>CLASSIFICA\u00c7\u00c3O PARA A 1\u00ba CHAMADA E LISTA DE ESPERA<\/strong><\/td>\n<\/tr>\n<tr>\n<td><strong><a href=\"http:\/\/cps.uepg.br\/inicio\/pss_2017\/1\/Resultado_UEPG_PSS.htm\" target=\"_blank\" rel=\"noopener\">PSS 2015-2017<\/a><\/strong><\/td>\n<\/tr>\n<tr>\n<td><strong><a href=\"http:\/\/cps.uepg.br\/inicio\/inverno_2017\/1\/Resultado_UEPG.htm\" target=\"_blank\" rel=\"noopener\">VESTIBULAR DE INVERNO 2017<\/a><\/strong><\/td>\n<\/tr>\n<tr>\n<td><a href=\"http:\/\/cps.uepg.br\/inicio\/verao_2017\/1\/Resultado_UEPG.htm\" target=\"_blank\" rel=\"noopener\"><strong>VESTIBULAR DE VER\u00c3O 2017<\/strong><\/a><\/td>\n<\/tr>\n<tr>\n<td><\/td>\n<\/tr>\n<tr>\n<td><\/td>\n<\/tr>\n<tr>\n<td><strong>CLASSIFICA\u00c7\u00c3O GERAL (por cotas)<\/strong><\/td>\n<\/tr>\n<tr>\n<td><strong><a href=\"https:\/\/prograd.sites.uepg.br\/wp-content\/uploads\/2017\/08\/Classificados_PSS3_Geral_Curso.pdf\" target=\"_blank\" rel=\"noopener\">PSS 2015-2017<\/a><\/strong><\/td>\n<\/tr>\n<tr>\n<td><strong><a href=\"http:\/\/cps.uepg.br\/inicio\/inverno_2017\/1\/ClassificadosGeral_Alfab%C3%A9tico.pdf\" target=\"_blank\" rel=\"noopener\">VESTIBULAR DE INVERNO 2017<\/a><\/strong><\/td>\n<\/tr>\n<tr>\n<td><a href=\"http:\/\/cps.uepg.br\/inicio\/verao_2017\/1\/ClassificadosGeral_Alfab%C3%A9tico.pdf\" target=\"_blank\" rel=\"noopener\"><strong>VESTIBULAR DE VER\u00c3O 2017<\/strong><\/a><\/td>\n<\/tr>\n<tr>\n<td>(OBS\u00b9: H\u00e1 classifica\u00e7\u00f5es repetidas, por\u00e9m cada classifica\u00e7\u00e3o corresponde a uma cota em espec\u00edfico.)<\/td>\n<\/tr>\n<tr>\n<td><span style=\"color: #ff0000\">(OBS\u00b2: Candidatos\u00a0 que n\u00e3o obtiveram a pontua\u00e7\u00e3o\u00a0m\u00ednima \u00a0na prova vocacionada foram desclassificados e n\u00e3o constam na classifica\u00e7\u00e3o geral.)<\/span><\/td>\n<\/tr>\n<\/tbody>\n<\/table>\n<p style=\"text-align: center\">\n<\/p>\t\t\t\t<\/div>\n\t\t\t<\/div>\n\t\t<\/div>\n\t\t\t<div class=\"sow-accordion-panel\"\n\t\t\t data-anchor=\"2017\">\n\t\t\t\t<div class=\"sow-accordion-panel-header-container\" role=\"heading\" aria-level=\"2\">\n\t\t\t\t\t<div class=\"sow-accordion-panel-header\" tabindex=\"0\" role=\"button\" id=\"accordion-label-2017\" aria-controls=\"accordion-content-2017\" aria-expanded=\"false\">\n\t\t\t\t\t\t<div class=\"sow-accordion-title sow-accordion-title-icon-left\">\n\t\t\t\t\t\t\t\t\t\t\t\t\t\t2017\t\t\t\t\t\t\t\t\t\t\t\t\t<\/div>\n\t\t\t\t\t\t<div class=\"sow-accordion-open-close-button\">\n\t\t\t\t\t\t\t<div class=\"sow-accordion-open-button\">\n\t\t\t\t\t\t\t\t<span class=\"sow-icon-ionicons\" data-sow-icon=\"&#xf218;\"\n\t\t \n\t\taria-hidden=\"true\"><\/span>\t\t\t\t\t\t\t<\/div>\n\t\t\t\t\t\t\t<div class=\"sow-accordion-close-button\">\n\t\t\t\t\t\t\t\t<span class=\"sow-icon-ionicons\" data-sow-icon=\"&#xf209;\"\n\t\t \n\t\taria-hidden=\"true\"><\/span>\t\t\t\t\t\t\t<\/div>\n\t\t\t\t\t\t<\/div>\n\t\t\t\t\t<\/div>\n\t\t\t\t<\/div>\n\n\t\t\t<div\n\t\t\t\tclass=\"sow-accordion-panel-content\"\n\t\t\t\trole=\"region\"\n\t\t\t\taria-labelledby=\"accordion-label-2017\"\n\t\t\t\tid=\"accordion-content-2017\"\n\t\t\t\tstyle=\"display: none;\"\t\t\t>\n\t\t\t\t<div class=\"sow-accordion-panel-border\" tabindex=\"0\">\n\t\t\t\t\t<table class=\" aligncenter\" width=\"789\">\n<tbody>\n<tr>\n<td><strong>Descri\u00e7\u00e3o<\/strong><\/td>\n<\/tr>\n<tr>\n<td><a href=\"http:\/\/www2.uepg.br\/prograd\/wp-content\/uploads\/sites\/19\/2019\/06\/BOLETIM-INFORMATIVO-001-2017-NEW-VERSION.pdf\" target=\"_blank\" rel=\"noopener\">BOLETIM INFORMATIVO - 2017<\/a><\/td>\n<\/tr>\n<tr>\n<td>DIVIS\u00c3O DE MATR\u00cdCULAS - CHAMADAS 2017<\/td>\n<\/tr>\n<\/tbody>\n<\/table>\n<p style=\"text-align: center\"><a href=\"http:\/\/www2.uepg.br\/prograd\/wp-content\/uploads\/sites\/19\/2019\/06\/edital-2017-2-chamada-med-final-777.pdf\" target=\"_blank\" rel=\"noopener\">EDITAL 041\/2017- PROGRAD \u2013 2\u00aaCHAMADA-MEDICINA<\/a><\/p>\n<p style=\"text-align: center\"><a href=\"http:\/\/www2.uepg.br\/prograd\/wp-content\/uploads\/sites\/19\/2019\/06\/EDITAL-DE-INSCRI%C3%87%C3%95ES-PARA-MONITORIA-DE-MEDICINA1-2017-2018.pdf\" target=\"_blank\" rel=\"noopener\">EDITAL DE INSCRI\u00c7\u00d5ES PARA MONITORIA DE MEDICINA1 2017-2018<\/a><\/p>\n<p style=\"text-align: center\">VAGAS REMANESCENTES<\/p>\n<p style=\"text-align: center\"><a href=\"http:\/\/www2.uepg.br\/prograd\/wp-content\/uploads\/sites\/19\/2019\/06\/edital-VR-DEFERIDOS-2017-LAST-VERSION1.pdf\" target=\"_blank\" rel=\"noopener\">INSCRI\u00c7\u00d5ES DEFERIDAS \u2013 VR 2017<\/a><\/p>\n<p style=\"text-align: center\"><a href=\"http:\/\/www2.uepg.br\/prograd\/wp-content\/uploads\/sites\/19\/2019\/06\/Edital-de-INDEFERIMENTO-vagas-remanescentes-2017.pdf\" target=\"_blank\" rel=\"noopener\">INSCRI\u00c7\u00d5ES INDEFERIDAS \u2013 VR 2017<\/a><\/p>\n<p style=\"text-align: center\"><a href=\"http:\/\/www2.uepg.br\/prograd\/wp-content\/uploads\/sites\/19\/2019\/06\/Edital-025-VR-2017.pdf\" target=\"_blank\" rel=\"noopener\">VAGAS REMANESCENTES \u2013 2017<\/a><\/p>\n<p style=\"text-align: center\"><a href=\"http:\/\/www2.uepg.br\/prograd\/wp-content\/uploads\/sites\/19\/2019\/06\/EDITAL-DE-NAO-CONFIRMA%C3%87%C3%83O-DE-MATR%C3%8DCULA.pdf\" target=\"_blank\" rel=\"noopener\">N\u00c3O CONFIRMA\u00c7\u00c3O DE MATR\u00cdCULA \u2013 VR 2017<\/a><\/p>\n<p style=\"text-align: center\">\n<blockquote>\n<p>*PREZADO CANDIDATO AS INSTRU\u00c7\u00d5ES COMO DATAS, HOR\u00c1RIOS, LOCAIS E OS DOCUMENTOS PARA MATR\u00cdCULA ENCONTRAM-SE DEVIDAMENTE EXPLICADAS NOS MANUAIS ABAIXO. LEIA COM ATEN\u00c7\u00c3O!!!*<\/p>\n<\/blockquote>\n<\/p><p style=\"text-align: center\"><strong>Manuais e Resultados do Vestibular\u00a0 PSS\/INVERNO\/VER\u00c3O<\/strong><\/p>\n<table class=\" aligncenter\" width=\"789\">\n<tbody>\n<tr>\n<td><strong>Manuais do Candidato<\/strong><\/td>\n<td><strong>Resultado<\/strong><\/td>\n<td><strong>Classifica\u00e7\u00e3o Geral<\/strong><\/td>\n<\/tr>\n<tr>\n<td><a href=\"http:\/\/www2.uepg.br\/prograd\/wp-content\/uploads\/sites\/19\/2019\/06\/2016_MANUAL_DO_CANDIDATO_PSS_III.pdf\" target=\"_blank\" rel=\"noopener\">PSS Tri\u00eanio - 2014\/2016<\/a><\/td>\n<td><a href=\"http:\/\/cps.uepg.br\/inicio\/pss_2016\/1\/Resultado_UEPG_PSS.htm\" target=\"_blank\" rel=\"noopener\">PSS<\/a><\/td>\n<td>-<\/td>\n<\/tr>\n<tr>\n<td><a href=\"http:\/\/www2.uepg.br\/prograd\/wp-content\/uploads\/sites\/19\/2019\/06\/2016_MANUAL_VESTIBULAR_INVERNO.pdf\" target=\"_blank\" rel=\"noopener\">Vestibular INVERNO - 2016<\/a><\/td>\n<td><a href=\"http:\/\/cps.uepg.br\/inicio\/inverno_2016\/1\/Resultado_UEPG.htm\" target=\"_blank\" rel=\"noopener\">1\u00ba CHAMADA\/LISTA DE ESPERA<\/a><\/td>\n<td><a href=\"http:\/\/www2.uepg.br\/prograd\/wp-content\/uploads\/sites\/19\/2019\/06\/ClassificadosGeral_Alfab%C3%A9tico.pdf\" target=\"_blank\" rel=\"noopener\">CLASSIFICA\u00c7\u00c3O GERAL<\/a><\/td>\n<\/tr>\n<tr>\n<td><a href=\"http:\/\/www2.uepg.br\/prograd\/wp-content\/uploads\/sites\/19\/2019\/06\/2016_MANUAL_VESTIBULAR_VER%C3%83O.pdf\" target=\"_blank\" rel=\"noopener\">Vestibular VER\u00c3O - 2016<\/a><\/td>\n<td><a href=\"http:\/\/cps.uepg.br\/inicio\/verao_2016\/1\/Resultado_UEPG.htm\" target=\"_blank\" rel=\"noopener\">1\u00ba CHAMADA\/LISTA DE ESPERA<\/a><\/td>\n<td><a href=\"http:\/\/www2.uepg.br\/prograd\/wp-content\/uploads\/sites\/19\/2019\/06\/ClassificadosGeral_Alfab%C3%A9tico-1.pdf\" target=\"_blank\" rel=\"noopener\">CLASSIFICA\u00c7\u00c3O GERAL<\/a><\/td>\n<\/tr>\n<\/tbody>\n<\/table>\n<p style=\"text-align: center\"><strong>Lista de espera 2017<\/strong><\/p>\n<table class=\" aligncenter\" width=\"792\">\n<tbody>\n<tr>\n<td><strong>Descri\u00e7\u00e3o<\/strong><\/td>\n<\/tr>\n<tr>\n<td><a href=\"http:\/\/www2.uepg.br\/prograd\/wp-content\/uploads\/sites\/19\/2019\/06\/7chamada-777-2017-Salvo-Automaticamente.pdf\" target=\"_blank\" rel=\"noopener\">EDITAL N\u00b0 030\/2017 \u2013 PROGRAD 7\u00b0 CHAMADA<\/a><\/td>\n<\/tr>\n<tr>\n<td><a href=\"http:\/\/www2.uepg.br\/prograd\/wp-content\/uploads\/sites\/19\/2019\/06\/6chamada-777-2017.pdf\" target=\"_blank\" rel=\"noopener\">EDITAL N\u00b0 022\/2017 \u2013 PROGRAD 6\u00b0 CHAMADA<\/a><\/td>\n<\/tr>\n<tr>\n<td><a href=\"http:\/\/www2.uepg.br\/prograd\/wp-content\/uploads\/sites\/19\/2019\/06\/5chamada-777-2017.pdf\" target=\"_blank\" rel=\"noopener\">EDITAL 015\/2017- PROGRAD 5\u00ba CHAMADA<\/a><\/td>\n<\/tr>\n<tr>\n<td><a href=\"http:\/\/www2.uepg.br\/prograd\/wp-content\/uploads\/sites\/19\/2019\/06\/4chamada-777-2017.pdf\" target=\"_blank\" rel=\"noopener\">EDITAL 013\/2017- PROGRAD 4\u00ba CHAMADA<\/a><\/td>\n<\/tr>\n<tr>\n<td><a href=\"http:\/\/www2.uepg.br\/prograd\/wp-content\/uploads\/sites\/19\/2019\/06\/3chamada-777-2017.pdf\" target=\"_blank\" rel=\"noopener\">EDITAL 013\/2017- PROGRAD 3\u00ba CHAMADA<\/a><\/td>\n<\/tr>\n<tr>\n<td><a href=\"http:\/\/www2.uepg.br\/prograd\/wp-content\/uploads\/sites\/19\/2019\/06\/Candidatos-aprovados-na-2%C2%AA-chamada-1%C2%BA-Concurso-Vestibular-de-2009.pdf\" target=\"_blank\" rel=\"noopener\">EDITAL 003\/2017 \u2013 PROGRAD 2\u00ba CHAMADA<\/a><\/td>\n<\/tr>\n<tr>\n<td><a href=\"http:\/\/www2.uepg.br\/prograd\/wp-content\/uploads\/sites\/19\/2019\/06\/EDITAL-002-2017-PROGRAD-LISTA-DE-ESPERA-DA-1-CHAMADA.pdf\" target=\"_blank\" rel=\"noopener\">EDITAL 002\/2017 - PROGRAD 1\u00b0 CHAMADA<\/a><\/td>\n<\/tr>\n<\/tbody>\n<\/table>\n<p style=\"text-align: center\">\n<\/p>\t\t\t\t<\/div>\n\t\t\t<\/div>\n\t\t<\/div>\n\t\t\t<div class=\"sow-accordion-panel\"\n\t\t\t data-anchor=\"2016\">\n\t\t\t\t<div class=\"sow-accordion-panel-header-container\" role=\"heading\" aria-level=\"2\">\n\t\t\t\t\t<div class=\"sow-accordion-panel-header\" tabindex=\"0\" role=\"button\" id=\"accordion-label-2016\" aria-controls=\"accordion-content-2016\" aria-expanded=\"false\">\n\t\t\t\t\t\t<div class=\"sow-accordion-title sow-accordion-title-icon-left\">\n\t\t\t\t\t\t\t\t\t\t\t\t\t\t2016\t\t\t\t\t\t\t\t\t\t\t\t\t<\/div>\n\t\t\t\t\t\t<div class=\"sow-accordion-open-close-button\">\n\t\t\t\t\t\t\t<div class=\"sow-accordion-open-button\">\n\t\t\t\t\t\t\t\t<span class=\"sow-icon-ionicons\" data-sow-icon=\"&#xf218;\"\n\t\t \n\t\taria-hidden=\"true\"><\/span>\t\t\t\t\t\t\t<\/div>\n\t\t\t\t\t\t\t<div class=\"sow-accordion-close-button\">\n\t\t\t\t\t\t\t\t<span class=\"sow-icon-ionicons\" data-sow-icon=\"&#xf209;\"\n\t\t \n\t\taria-hidden=\"true\"><\/span>\t\t\t\t\t\t\t<\/div>\n\t\t\t\t\t\t<\/div>\n\t\t\t\t\t<\/div>\n\t\t\t\t<\/div>\n\n\t\t\t<div\n\t\t\t\tclass=\"sow-accordion-panel-content\"\n\t\t\t\trole=\"region\"\n\t\t\t\taria-labelledby=\"accordion-label-2016\"\n\t\t\t\tid=\"accordion-content-2016\"\n\t\t\t\tstyle=\"display: none;\"\t\t\t>\n\t\t\t\t<div class=\"sow-accordion-panel-border\" tabindex=\"0\">\n\t\t\t\t\t<blockquote>\n<p style=\"text-align: center\">OBS: \u00a0TODAS AS INFORMA\u00c7\u00d5ES NECESS\u00c1RIAS (PROCEDIMENTOS, N\u00daMERO DE VAGAS, \u00a0DATAS, ETC.) ENCONTRAM-SE NOS RESPECTIVOS EDITAIS!<\/p>\n<\/blockquote>\n<p style=\"text-align: center\"><a href=\"http:\/\/www2.uepg.br\/prograd\/wp-content\/uploads\/sites\/19\/2019\/06\/BOLETIM-INVERNO-VERAO-E-PSS-4.pdf\" target=\"_blank\" rel=\"noopener\">BOLETIM INFORMATIVO 01\/2016<\/a>\u00a0 \u00a0 \u00a0 \u00a0 \u00a0 \u00a0 \u00a0 \u00a0 \u00a0<a href=\"http:\/\/www2.uepg.br\/prograd\/wp-content\/uploads\/sites\/19\/2019\/06\/OS-MAT.pdf\" target=\"_blank\" rel=\"noopener\">ORDEM DE SERVI\u00c7O PROGRAD \u2013 01\/2016<\/a><\/p>\n<table class=\" aligncenter\" width=\"786\">\n<tbody>\n<tr>\n<td><strong>Descri\u00e7\u00e3o<\/strong><\/td>\n<\/tr>\n<tr>\n<td><a href=\"http:\/\/www2.uepg.br\/prograd\/wp-content\/uploads\/sites\/19\/2019\/06\/3-CHAMADA.pdf\">EDITAL 050\/2016 \u2013 3\u00ba CHAMADA \/ LISTA DE ESPERA<\/a><\/td>\n<\/tr>\n<tr>\n<td><a href=\"http:\/\/www2.uepg.br\/prograd\/wp-content\/uploads\/sites\/19\/2019\/06\/LISTA-DE-ESPERA-DA-SEGUNDA-CHAMADA-MEDICINA-2016-versao-para-postagem.pdf\" target=\"_blank\" rel=\"noopener\">EDITAL 036\/2016 \u2013 LISTA DE ESPERA DA 2\u00ba CHAMADA<\/a><\/td>\n<\/tr>\n<tr>\n<td><a href=\"http:\/\/www2.uepg.br\/prograd\/wp-content\/uploads\/sites\/19\/2019\/06\/2CHAMADA-777-dm-bl-vers%C3%A3o-para-postagem.pdf\" target=\"_blank\" rel=\"noopener\">EDITAL 035\/2016 \u2013 2\u00aa CHAMADA\/LISTA DE ESPERA<\/a><\/td>\n<\/tr>\n<tr>\n<td><a href=\"http:\/\/www2.uepg.br\/prograd\/wp-content\/uploads\/sites\/19\/2019\/06\/Edital-033-LE-1a-chamada-vestibulares-PSS-2016-DM-BL-medicina.pdf\" target=\"_blank\" rel=\"noopener\">EDITAL 033\/2016 \u2013 LISTA DE ESPERA 1\u00aa CHAMADA<\/a><\/td>\n<\/tr>\n<\/tbody>\n<\/table>\n<p style=\"text-align: center\">\n<\/p><p style=\"text-align: center\">\n<table class=\" aligncenter\" width=\"787\">\n<tbody>\n<tr>\n<td><strong>Vagas Remanescentes<\/strong><\/td>\n<\/tr>\n<tr>\n<td>EDITAL 029\/2016 \u2013 VAGAS REMANESCENTES \u2013 DEFERIDOS<\/td>\n<\/tr>\n<tr>\n<td><a href=\"http:\/\/www2.uepg.br\/prograd\/wp-content\/uploads\/sites\/19\/2019\/06\/Edital-de-INDEFERIMENTO-vagas-remanescentes-2016.pdf\" target=\"_blank\" rel=\"noopener\">EDITAL 030\/2016 \u2013 VAGAS REMANESCENTES \u2013 INDEFERIDOS<\/a><\/td>\n<\/tr>\n<tr>\n<td>EDITAL 025\/2016 VAGAS REMANESCENTES<\/td>\n<\/tr>\n<\/tbody>\n<\/table>\n<\/p><p style=\"text-align: center\">\n<\/p><p style=\"text-align: center\">\n<table class=\" aligncenter\" width=\"785\">\n<tbody>\n<tr>\n<td><strong>Lista de Espera<\/strong><\/td>\n<\/tr>\n<tr>\n<td><a href=\"http:\/\/www2.uepg.br\/prograd\/wp-content\/uploads\/sites\/19\/2019\/06\/6-chamada-VERSAO-PARA-POSTAGEM.pdf\" target=\"_blank\" rel=\"noopener\">EDITAL 026\/2016 6\u00aa CHAMADA\/LISTA DE ESPERA<\/a><\/td>\n<\/tr>\n<tr>\n<td>EDITAL 023\/2016 \u2013 5\u00aa CHAMADA \/ LISTA DE ESPERA<\/td>\n<\/tr>\n<tr>\n<td><a href=\"http:\/\/www2.uepg.br\/prograd\/wp-content\/uploads\/sites\/19\/2019\/06\/4chamada-777-888.pdf\" target=\"_blank\" rel=\"noopener\">EDITAL 020\/2016- 4\u00aa CHAMADA \/LISTA DE ESPERA<\/a><\/td>\n<\/tr>\n<tr>\n<td><a href=\"http:\/\/www2.uepg.br\/prograd\/wp-content\/uploads\/sites\/19\/2019\/06\/3chamada-777-PUBLICAR.pdf\" target=\"_blank\" rel=\"noopener\">EDITAL 016\/2016 \u2013 3\u00aa CHAMADA \/ LISTA DE ESPERA<\/a><\/td>\n<\/tr>\n<tr>\n<td><a href=\"http:\/\/www2.uepg.br\/prograd\/wp-content\/uploads\/sites\/19\/2019\/06\/le-2-chamda-2-21.pdf\" target=\"_blank\" rel=\"noopener\">EDITAL 013\/2016 \u2013 LISTA DE ESPERA DA 2\u00aa CHAMADA<\/a><\/td>\n<\/tr>\n<tr>\n<td><a href=\"http:\/\/www2.uepg.br\/prograd\/wp-content\/uploads\/sites\/19\/2019\/06\/2CHAMADA-777-8881.pdf\" target=\"_blank\" rel=\"noopener\">EDITAL 011\/2016 \u2013 2\u00aa CHAMADA<\/a><\/td>\n<\/tr>\n<tr>\n<td><a href=\"http:\/\/www2.uepg.br\/prograd\/wp-content\/uploads\/sites\/19\/2019\/06\/1-chamada-le-777.pdf\">EDITAL 009\/2016 \u2013 LISTA DE ESPERA 1\u00aa CHAMADA<\/a><\/td>\n<\/tr>\n<\/tbody>\n<\/table>\n<\/p><p style=\"text-align: center\">\n<\/p>\t\t\t\t<\/div>\n\t\t\t<\/div>\n\t\t<\/div>\n\t\t\t<div class=\"sow-accordion-panel\"\n\t\t\t data-anchor=\"2015\">\n\t\t\t\t<div class=\"sow-accordion-panel-header-container\" role=\"heading\" aria-level=\"2\">\n\t\t\t\t\t<div class=\"sow-accordion-panel-header\" tabindex=\"0\" role=\"button\" id=\"accordion-label-2015\" aria-controls=\"accordion-content-2015\" aria-expanded=\"false\">\n\t\t\t\t\t\t<div class=\"sow-accordion-title sow-accordion-title-icon-left\">\n\t\t\t\t\t\t\t\t\t\t\t\t\t\t2015\t\t\t\t\t\t\t\t\t\t\t\t\t<\/div>\n\t\t\t\t\t\t<div class=\"sow-accordion-open-close-button\">\n\t\t\t\t\t\t\t<div class=\"sow-accordion-open-button\">\n\t\t\t\t\t\t\t\t<span class=\"sow-icon-ionicons\" data-sow-icon=\"&#xf218;\"\n\t\t \n\t\taria-hidden=\"true\"><\/span>\t\t\t\t\t\t\t<\/div>\n\t\t\t\t\t\t\t<div class=\"sow-accordion-close-button\">\n\t\t\t\t\t\t\t\t<span class=\"sow-icon-ionicons\" data-sow-icon=\"&#xf209;\"\n\t\t \n\t\taria-hidden=\"true\"><\/span>\t\t\t\t\t\t\t<\/div>\n\t\t\t\t\t\t<\/div>\n\t\t\t\t\t<\/div>\n\t\t\t\t<\/div>\n\n\t\t\t<div\n\t\t\t\tclass=\"sow-accordion-panel-content\"\n\t\t\t\trole=\"region\"\n\t\t\t\taria-labelledby=\"accordion-label-2015\"\n\t\t\t\tid=\"accordion-content-2015\"\n\t\t\t\tstyle=\"display: none;\"\t\t\t>\n\t\t\t\t<div class=\"sow-accordion-panel-border\" tabindex=\"0\">\n\t\t\t\t\t<ul>\n<li style=\"text-align: center\">Lista de espera Medicina\/Cursos Presenciais 2015<\/li>\n<\/ul>\n<table class=\" aligncenter\" width=\"781\">\n<tbody>\n<tr>\n<td style=\"text-align: left\"><strong>Descri\u00e7\u00e3o<\/strong><\/td>\n<\/tr>\n<tr>\n<td><a href=\"http:\/\/www2.uepg.br\/prograd\/wp-content\/uploads\/sites\/19\/2019\/06\/EDITAL3CHAMADAMEDICINADMBL.pdf\" target=\"_blank\" rel=\"noopener\">MEDICINA \u2013 Edital 099 3\u00aa chamada Vestibulares PSS 2014\u00a0<\/a><\/td>\n<\/tr>\n<tr>\n<td><a href=\"http:\/\/www2.uepg.br\/prograd\/wp-content\/uploads\/sites\/19\/2019\/06\/Edital-078-LE-2a-chamada-vestibulares-2015-DM-BL.pdf\" target=\"_blank\" rel=\"noopener\">MEDICINA \u2013 Edital 078 LE 2\u00aa chamada Vestibulares PSS 2014<\/a><\/td>\n<\/tr>\n<tr>\n<td><a href=\"http:\/\/www2.uepg.br\/prograd\/wp-content\/uploads\/sites\/19\/2019\/06\/EDITAL-2-CHAMADA-MEDICINA-DM-BL.pdf\" target=\"_blank\" rel=\"noopener\">MEDICINA \u2013 Edital 076 2\u00aa Chamada Vestibulares \u2013 PSS 2014<\/a><\/td>\n<\/tr>\n<tr>\n<td><a href=\"http:\/\/www2.uepg.br\/prograd\/wp-content\/uploads\/sites\/19\/2019\/06\/COMUNICADO-Curso-de-Medicina.pdf\" target=\"_blank\" rel=\"noopener\">MEDICINA \u2013 COMUNICADO<\/a><\/td>\n<\/tr>\n<tr>\n<td><a href=\"http:\/\/www2.uepg.br\/prograd\/wp-content\/uploads\/sites\/19\/2019\/06\/Edital-068-LE-1a-chamada-vestibulares-PSS-2014-revisado.pdf\" target=\"_blank\" rel=\"noopener\">MEDICINA \u2013 Edital 068 LE 1\u00aa chamada Vestibulares PSS 2014<\/a><\/td>\n<\/tr>\n<tr>\n<td><\/td>\n<\/tr>\n<tr>\n<td><\/td>\n<\/tr>\n<\/tbody>\n<\/table>\n<ul style=\"text-align: center\">\n<li>Lista de espera Medicina\/Cursos a Dist\u00e2ncia 2015<\/li>\n<\/ul>\n<p style=\"text-align: center\"><a href=\"http:\/\/www2.uepg.br\/prograd\/wp-content\/uploads\/sites\/19\/2019\/06\/Boletim-informativo-concurso-vestibular-2015-Ensino-a-Distancia1.pdf\" target=\"_blank\" rel=\"noopener\">Boletim informativo concurso vestibular 2015 Ensino a Dist\u00e2ncia<\/a><\/p>\n\t\t\t\t<\/div>\n\t\t\t<\/div>\n\t\t<\/div>\n\t\t<\/div>\n<\/div>\n<\/div><\/div><\/div><\/div><\/div>","protected":false},"excerpt":{"rendered":"<p>Aprova Paran\u00e1 Universidades (Prova Paran\u00e1 Mais 2025) para Ingresso em 2026 \ud83d\udce2 Aten\u00e7\u00e3o, candidatos(as)! Informamos o encerramento das chamadas para matr\u00edcula de calouros(as) 2026 da UEPG \ud83c\udf93 \ud83d\udcc4 O documento abaixo oficializa o t\u00e9rmino das convoca\u00e7\u00f5es para ingresso neste ano letivo. EDITAL DE ENCERRAMENTO MATR\u00cdCULA CALOUROS(AS) 2026 &#8212;&#8212;&#8212;&#8212;&#8212;&#8212;&#8212;&#8212;&#8212;&#8212;&#8212;&#8212;&#8212;&#8212;&#8212;&#8212;&#8212;&#8212;&#8212;&#8212;- (Prazo encerrado para envio da documenta\u00e7\u00e3o) &#8212;&#8212;&#8212;&#8212;&#8212;&#8212;&#8212;&#8212;&#8212;&#8212;&#8212;&#8212;&#8212;&#8212;&#8212;&#8212;&#8212;&#8212;&#8212;&#8212;-&nbsp;&hellip;<\/p>\n","protected":false},"author":24,"featured_media":3748,"parent":0,"menu_order":0,"comment_status":"closed","ping_status":"closed","template":"","meta":[],"_links":{"self":[{"href":"https:\/\/www2.uepg.br\/prograd\/wp-json\/wp\/v2\/pages\/3524"}],"collection":[{"href":"https:\/\/www2.uepg.br\/prograd\/wp-json\/wp\/v2\/pages"}],"about":[{"href":"https:\/\/www2.uepg.br\/prograd\/wp-json\/wp\/v2\/types\/page"}],"author":[{"embeddable":true,"href":"https:\/\/www2.uepg.br\/prograd\/wp-json\/wp\/v2\/users\/24"}],"replies":[{"embeddable":true,"href":"https:\/\/www2.uepg.br\/prograd\/wp-json\/wp\/v2\/comments?post=3524"}],"version-history":[{"count":372,"href":"https:\/\/www2.uepg.br\/prograd\/wp-json\/wp\/v2\/pages\/3524\/revisions"}],"predecessor-version":[{"id":10593,"href":"https:\/\/www2.uepg.br\/prograd\/wp-json\/wp\/v2\/pages\/3524\/revisions\/10593"}],"wp:featuredmedia":[{"embeddable":true,"href":"https:\/\/www2.uepg.br\/prograd\/wp-json\/wp\/v2\/media\/3748"}],"wp:attachment":[{"href":"https:\/\/www2.uepg.br\/prograd\/wp-json\/wp\/v2\/media?parent=3524"}],"curies":[{"name":"wp","href":"https:\/\/api.w.org\/{rel}","templated":true}]}}