{"id":3911,"date":"2021-12-01T10:02:03","date_gmt":"2021-12-01T13:02:03","guid":{"rendered":"https:\/\/www2.uepg.br\/prograd\/?page_id=3911"},"modified":"2024-08-02T14:24:07","modified_gmt":"2024-08-02T17:24:07","slug":"catalogo-de-cursos-2022","status":"publish","type":"page","link":"https:\/\/www2.uepg.br\/prograd\/catalogo-de-cursos-2022\/","title":{"rendered":"Cat\u00e1logo de Cursos 2022"},"content":{"rendered":"<div id=\"pl-3911\"  class=\"panel-layout\" ><div id=\"pg-3911-0\"  class=\"panel-grid panel-no-style\" ><div id=\"pgc-3911-0-0\"  class=\"panel-grid-cell\" ><div id=\"panel-3911-0-0-0\" class=\"so-panel widget widget_sow-accordion panel-first-child panel-last-child\" data-index=\"0\" ><div\n\t\t\t\n\t\t\tclass=\"so-widget-sow-accordion so-widget-sow-accordion-default-cfe741d4f49c-3911\"\n\t\t\t\n\t\t><div>\n\t<div class=\"sow-accordion\">\n\t\t\t<div class=\"sow-accordion-panel\"\n\t\t\t data-anchor=\"setor-i-%e2%80%93-ci%c3%aancias-exatas-e-naturais\">\n\t\t\t\t<div class=\"sow-accordion-panel-header-container\" role=\"heading\" aria-level=\"2\">\n\t\t\t\t\t<div class=\"sow-accordion-panel-header\" tabindex=\"0\" role=\"button\" id=\"accordion-label-setor-i-%e2%80%93-ci%c3%aancias-exatas-e-naturais\" aria-controls=\"accordion-content-setor-i-%e2%80%93-ci%c3%aancias-exatas-e-naturais\" aria-expanded=\"false\">\n\t\t\t\t\t\t<div class=\"sow-accordion-title sow-accordion-title-icon-left\">\n\t\t\t\t\t\t\t\t\t\t\t\t\t\tSetor I \u2013 Ci\u00eancias Exatas e Naturais\t\t\t\t\t\t\t\t\t\t\t\t\t<\/div>\n\t\t\t\t\t\t<div class=\"sow-accordion-open-close-button\">\n\t\t\t\t\t\t\t<div class=\"sow-accordion-open-button\">\n\t\t\t\t\t\t\t\t<span class=\"sow-icon-ionicons\" data-sow-icon=\"&#xf218;\"\n\t\t \n\t\taria-hidden=\"true\"><\/span>\t\t\t\t\t\t\t<\/div>\n\t\t\t\t\t\t\t<div class=\"sow-accordion-close-button\">\n\t\t\t\t\t\t\t\t<span class=\"sow-icon-ionicons\" data-sow-icon=\"&#xf209;\"\n\t\t \n\t\taria-hidden=\"true\"><\/span>\t\t\t\t\t\t\t<\/div>\n\t\t\t\t\t\t<\/div>\n\t\t\t\t\t<\/div>\n\t\t\t\t<\/div>\n\n\t\t\t<div\n\t\t\t\tclass=\"sow-accordion-panel-content\"\n\t\t\t\trole=\"region\"\n\t\t\t\taria-labelledby=\"accordion-label-setor-i-%e2%80%93-ci%c3%aancias-exatas-e-naturais\"\n\t\t\t\tid=\"accordion-content-setor-i-%e2%80%93-ci%c3%aancias-exatas-e-naturais\"\n\t\t\t\tstyle=\"display: none;\"\t\t\t>\n\t\t\t\t<div class=\"sow-accordion-panel-border\" tabindex=\"0\">\n\t\t\t\t\t<h4>Cursos Presenciais<\/h4>\n<ul>\n<li>Licenciatura em Matem\u00e1tica\n<ul>\n<li><a href=\"http:\/\/www2.uepg.br\/prograd\/wp-content\/uploads\/sites\/19\/2021\/08\/Matriz-Curricular_site.pdf\">Matriz Curricular \u2013 Curr\u00edculo 7 para ingressantes a partir de 2020<\/a><\/li>\n<\/ul>\n<\/li>\n<li>Bacharelado em Matem\u00e1tica Aplicada\n<ul>\n<li><a href=\"http:\/\/www2.uepg.br\/prograd\/wp-content\/uploads\/sites\/19\/2023\/05\/MATRIZ-ATUALIZADA_MAIO_2023_CURRICULO-1.pdf\" target=\"_blank\" rel=\"noopener\">Matriz Curricular \u2013 Curr\u00edculo 1 para ingressantes a partir de 2017.<\/a><\/li>\n<\/ul>\n<\/li>\n<li>Licenciatura em Geografia\n<ul>\n<li><a href=\"http:\/\/www2.uepg.br\/prograd\/wp-content\/uploads\/sites\/19\/2023\/02\/Lic-em-Geografia_Curr-5-24_02.pdf\" target=\"_blank\" rel=\"noopener\">Matriz Curricular \u2013 Curr\u00edculo 5 para ingressantes a partir de 2020<\/a><\/li>\n<\/ul>\n<\/li>\n<li>Bacharelado em Geografia\n<ul>\n<li><a href=\"http:\/\/www2.uepg.br\/prograd\/wp-content\/uploads\/sites\/19\/2021\/06\/Bac-Geografia-matriz_Completa_Site.pdf\">Matriz Curricular \u2013 Curr\u00edculo 3 para ingressantes a partir de 2007<\/a><\/li>\n<\/ul>\n<\/li>\n<li>Licenciatura em F\u00edsica\n<ul>\n<li><a href=\"http:\/\/www2.uepg.br\/prograd\/wp-content\/uploads\/sites\/19\/2021\/06\/Matriz-Curricular_Lic-Fisica_SITE.pdf\">Matriz Curricular \u2013 Curr\u00edculo 7<\/a><\/li>\n<\/ul>\n<\/li>\n<li>Bacharelado em F\u00edsica\n<ul>\n<li><a href=\"http:\/\/www2.uepg.br\/prograd\/wp-content\/uploads\/sites\/19\/2021\/06\/Bach-em-Fisica-Public-Site.pdf\">Matriz Curricular \u2013 Curr\u00edculo 3<\/a><\/li>\n<\/ul>\n<\/li>\n<li>Licenciatura em Qu\u00edmica\n<ul>\n<li><a href=\"http:\/\/www2.uepg.br\/prograd\/wp-content\/uploads\/sites\/19\/2021\/11\/Lic-em-Quimica_Site_Alteracao-Resol.pdf\">Matriz Curricular \u2013 Curr\u00edculo 9 para ingressantes a partir de 2019<\/a><\/li>\n<\/ul>\n<\/li>\n<li>Bacharelado em Qu\u00edmica Tecnol\u00f3gica\n<ul>\n<li><a href=\"http:\/\/www2.uepg.br\/prograd\/wp-content\/uploads\/sites\/19\/2021\/06\/Quim-Tecnologica-CORRIGIDO-SITE.pdf\">Matriz Curricular \u2013 Curr\u00edculo 4 para ingressantes a partir de 2018<\/a><\/li>\n<\/ul>\n<\/li>\n<\/ul>\n<h4>Cursos a Dist\u00e2ncia<\/h4>\n<ul>\n<li>Licenciatura em Matem\u00e1tica \u2013 EaD\n<ul>\n<li><a href=\"http:\/\/www2.uepg.br\/prograd\/wp-content\/uploads\/sites\/19\/2021\/06\/Matriz-Matematica-EAD_Curr_1.pdf\">Matriz Curricular \u2013 Curr\u00edculo 1 \u2013 Para ingressantes a partir de 2009<\/a><\/li>\n<\/ul>\n<\/li>\n<li>Licenciatura em Geografia \u2013 EaD\n<ul>\n<li><a href=\"http:\/\/www2.uepg.br\/prograd\/wp-content\/uploads\/sites\/19\/2021\/06\/Geografia-EAD.pdf\">Matriz Curricular \u2013 Curr\u00edculo 2 \u2013 Para ingressantes a partir de 2013<\/a><\/li>\n<\/ul>\n<\/li>\n<\/ul>\n\t\t\t\t<\/div>\n\t\t\t<\/div>\n\t\t<\/div>\n\t\t\t<div class=\"sow-accordion-panel\"\n\t\t\t data-anchor=\"setor-ii-%e2%80%93-engenharias-ci%c3%aancias-agr%c3%a1rias-e-de-tecnologia\">\n\t\t\t\t<div class=\"sow-accordion-panel-header-container\" role=\"heading\" aria-level=\"2\">\n\t\t\t\t\t<div class=\"sow-accordion-panel-header\" tabindex=\"0\" role=\"button\" id=\"accordion-label-setor-ii-%e2%80%93-engenharias-ci%c3%aancias-agr%c3%a1rias-e-de-tecnologia\" aria-controls=\"accordion-content-setor-ii-%e2%80%93-engenharias-ci%c3%aancias-agr%c3%a1rias-e-de-tecnologia\" aria-expanded=\"false\">\n\t\t\t\t\t\t<div class=\"sow-accordion-title sow-accordion-title-icon-left\">\n\t\t\t\t\t\t\t\t\t\t\t\t\t\tSetor II \u2013  Engenharias, Ci\u00eancias Agr\u00e1rias e de Tecnologia\t\t\t\t\t\t\t\t\t\t\t\t\t<\/div>\n\t\t\t\t\t\t<div class=\"sow-accordion-open-close-button\">\n\t\t\t\t\t\t\t<div class=\"sow-accordion-open-button\">\n\t\t\t\t\t\t\t\t<span class=\"sow-icon-ionicons\" data-sow-icon=\"&#xf218;\"\n\t\t \n\t\taria-hidden=\"true\"><\/span>\t\t\t\t\t\t\t<\/div>\n\t\t\t\t\t\t\t<div class=\"sow-accordion-close-button\">\n\t\t\t\t\t\t\t\t<span class=\"sow-icon-ionicons\" data-sow-icon=\"&#xf209;\"\n\t\t \n\t\taria-hidden=\"true\"><\/span>\t\t\t\t\t\t\t<\/div>\n\t\t\t\t\t\t<\/div>\n\t\t\t\t\t<\/div>\n\t\t\t\t<\/div>\n\n\t\t\t<div\n\t\t\t\tclass=\"sow-accordion-panel-content\"\n\t\t\t\trole=\"region\"\n\t\t\t\taria-labelledby=\"accordion-label-setor-ii-%e2%80%93-engenharias-ci%c3%aancias-agr%c3%a1rias-e-de-tecnologia\"\n\t\t\t\tid=\"accordion-content-setor-ii-%e2%80%93-engenharias-ci%c3%aancias-agr%c3%a1rias-e-de-tecnologia\"\n\t\t\t\tstyle=\"display: none;\"\t\t\t>\n\t\t\t\t<div class=\"sow-accordion-panel-border\" tabindex=\"0\">\n\t\t\t\t\t<h4>Cursos Presenciais<\/h4>\n<ul>\n<li>Engenharia Civil\n<ul>\n<li><a href=\"http:\/\/www2.uepg.br\/prograd\/wp-content\/uploads\/sites\/19\/2022\/06\/Matriz-Curricular_Curr_08_Atualizada_2022.pdf\" target=\"_blank\" rel=\"noopener\">Matriz Curricular- Curr\u00edculo 8 para ingressantes a partir de 2017.<\/a><\/li>\n<\/ul>\n<\/li>\n<li>Agronomia\n<ul>\n<li><a href=\"http:\/\/www2.uepg.br\/prograd\/wp-content\/uploads\/sites\/19\/2024\/02\/Agronomia_Atualizada_Fevereiro_2024_Disc-a-Div-e-Aprof_SITE.pdf\">Matriz Curricular- Curr\u00edculo 7 para ingressantes a partir de 2019.<\/a><\/li>\n<\/ul>\n<\/li>\n<li>Bacharelado em Engenharia de Software\n<ul>\n<li><a href=\"http:\/\/www2.uepg.br\/prograd\/wp-content\/uploads\/sites\/19\/2021\/06\/Bach-em-Software_Matriz-Atualizada.pdf\">Matriz Curricular- Curr\u00edculo 2 para ingressantes a partir de 2006<\/a><\/li>\n<\/ul>\n<\/li>\n<li>Engenharia de Materiais\n<ul>\n<li><a href=\"http:\/\/www2.uepg.br\/prograd\/wp-content\/uploads\/sites\/19\/2021\/07\/Eng-de-Materiais_MATRIZ_Site_organized.pdf\">Matriz Curricular- Curr\u00edculo 8 para ingressantes a partir de 2015<\/a><\/li>\n<\/ul>\n<\/li>\n<li>Engenharia de Alimentos\n<ul>\n<li><a href=\"http:\/\/www2.uepg.br\/prograd\/wp-content\/uploads\/sites\/19\/2021\/07\/Matriz-Eng-de-Alimentos_Site.pdf\">Matriz Curricular- Curr\u00edculo 4 para ingressantes a partir de 2016<\/a><\/li>\n<\/ul>\n<\/li>\n<li>Engenharia de Computa\u00e7\u00e3o\n<ul>\n<li><a href=\"http:\/\/www2.uepg.br\/prograd\/wp-content\/uploads\/sites\/19\/2021\/07\/Matriz-Eng-de-Computacao_Site1-1.pdf\">Matriz Curricular- Curr\u00edculo 3 para ingressantes a partir de 2016<\/a><\/li>\n<\/ul>\n<\/li>\n<li>Zootecnia\n<ul>\n<li><a href=\"http:\/\/www2.uepg.br\/prograd\/wp-content\/uploads\/sites\/19\/2021\/07\/MAtriz-Zootecnia.pdf\">Matriz Curricular- Curr\u00edculo 3 para ingressantes a partir de 2015<\/a><\/li>\n<\/ul>\n<\/li>\n<\/ul>\n<h4>Cursos a Dist\u00e2ncia<\/h4>\n<ul>\n<li>Licenciatura em Computa\u00e7\u00e3o \u2013 EaD\n<ul>\n<li><a href=\"http:\/\/www2.uepg.br\/prograd\/wp-content\/uploads\/sites\/19\/2021\/06\/Lic-em-Computacao-UAB.pdf\">Matriz Curricular_Curr\u00edculo 1\u00a0 \u2013 Para ingressantes a partir de 2017<\/a><\/li>\n<\/ul>\n<\/li>\n<\/ul>\n\t\t\t\t<\/div>\n\t\t\t<\/div>\n\t\t<\/div>\n\t\t\t<div class=\"sow-accordion-panel\"\n\t\t\t data-anchor=\"setor-iii-%e2%80%93-ci%c3%aancias-biol%c3%b3gicas-e-da-sa%c3%bade\">\n\t\t\t\t<div class=\"sow-accordion-panel-header-container\" role=\"heading\" aria-level=\"2\">\n\t\t\t\t\t<div class=\"sow-accordion-panel-header\" tabindex=\"0\" role=\"button\" id=\"accordion-label-setor-iii-%e2%80%93-ci%c3%aancias-biol%c3%b3gicas-e-da-sa%c3%bade\" aria-controls=\"accordion-content-setor-iii-%e2%80%93-ci%c3%aancias-biol%c3%b3gicas-e-da-sa%c3%bade\" aria-expanded=\"false\">\n\t\t\t\t\t\t<div class=\"sow-accordion-title sow-accordion-title-icon-left\">\n\t\t\t\t\t\t\t\t\t\t\t\t\t\tSetor III \u2013  Ci\u00eancias Biol\u00f3gicas e da Sa\u00fade\t\t\t\t\t\t\t\t\t\t\t\t\t<\/div>\n\t\t\t\t\t\t<div class=\"sow-accordion-open-close-button\">\n\t\t\t\t\t\t\t<div class=\"sow-accordion-open-button\">\n\t\t\t\t\t\t\t\t<span class=\"sow-icon-ionicons\" data-sow-icon=\"&#xf218;\"\n\t\t \n\t\taria-hidden=\"true\"><\/span>\t\t\t\t\t\t\t<\/div>\n\t\t\t\t\t\t\t<div class=\"sow-accordion-close-button\">\n\t\t\t\t\t\t\t\t<span class=\"sow-icon-ionicons\" data-sow-icon=\"&#xf209;\"\n\t\t \n\t\taria-hidden=\"true\"><\/span>\t\t\t\t\t\t\t<\/div>\n\t\t\t\t\t\t<\/div>\n\t\t\t\t\t<\/div>\n\t\t\t\t<\/div>\n\n\t\t\t<div\n\t\t\t\tclass=\"sow-accordion-panel-content\"\n\t\t\t\trole=\"region\"\n\t\t\t\taria-labelledby=\"accordion-label-setor-iii-%e2%80%93-ci%c3%aancias-biol%c3%b3gicas-e-da-sa%c3%bade\"\n\t\t\t\tid=\"accordion-content-setor-iii-%e2%80%93-ci%c3%aancias-biol%c3%b3gicas-e-da-sa%c3%bade\"\n\t\t\t\tstyle=\"display: none;\"\t\t\t>\n\t\t\t\t<div class=\"sow-accordion-panel-border\" tabindex=\"0\">\n\t\t\t\t\t<h4>Cursos Presenciais<\/h4>\n<ul>\n<li>Medicina\n<ul>\n<li><a href=\"http:\/\/www2.uepg.br\/prograd\/wp-content\/uploads\/sites\/19\/2024\/05\/MATRIZ-CURRICULAR-Medicina-ADEQUACAO-2021-1CORRIGIDA_inserir-na-pagina-1.pdf\" target=\"_blank\" rel=\"noopener\">Matriz Curricular- Curr\u00edculo 2 para ingressantes a partir de 2021<\/a><\/li>\n<\/ul>\n<\/li>\n<li>Farm\u00e1cia\n<ul>\n<li><a href=\"http:\/\/www2.uepg.br\/prograd\/wp-content\/uploads\/sites\/19\/2024\/05\/farmacia-2020-a-2022.pdf\" target=\"_blank\" rel=\"noopener\">Matriz Curricular- Curr\u00edculo 5 para ingressantes a partir de 2005<\/a><\/li>\n<\/ul>\n<\/li>\n<li>Odontologia\n<ul>\n<li><a href=\"http:\/\/www2.uepg.br\/prograd\/wp-content\/uploads\/sites\/19\/2021\/07\/Matriz_SITE-1.pdf\" target=\"_blank\" rel=\"noopener\">Matriz Curricular- Curr\u00edculo 11 para ingressantes a partir de 2016<\/a><\/li>\n<\/ul>\n<\/li>\n<li>Licenciatura em Ci\u00eancias Biol\u00f3gicas\n<ul>\n<li><a href=\"http:\/\/www2.uepg.br\/prograd\/wp-content\/uploads\/sites\/19\/2021\/07\/Matriz_Site.pdf\" target=\"_blank\" rel=\"noopener\">Matriz Curricular- Curr\u00edculo 4 para ingressantes a partir de 2019<\/a><\/li>\n<\/ul>\n<\/li>\n<li>Bacharelado em Ci\u00eancias Biol\u00f3gicas\n<ul>\n<li><a href=\"http:\/\/www2.uepg.br\/prograd\/wp-content\/uploads\/sites\/19\/2021\/07\/MATRIZ-Site.pdf\" target=\"_blank\" rel=\"noopener\">Matriz Curricular- Curr\u00edculo 4 para ingressantes a partir de 2018<\/a><\/li>\n<\/ul>\n<\/li>\n<li>Bacharelado em Educa\u00e7\u00e3o F\u00edsica\n<ul>\n<li><a href=\"http:\/\/www2.uepg.br\/prograd\/wp-content\/uploads\/sites\/19\/2021\/07\/Matriz-4SITE.pdf\" target=\"_blank\" rel=\"noopener\">Matriz Curricular- Curr\u00edculo 1 para ingressantes a partir de 2019<\/a><\/li>\n<\/ul>\n<\/li>\n<li>Licenciatura em Educa\u00e7\u00e3o F\u00edsica\n<ul>\n<li><a href=\"http:\/\/www2.uepg.br\/prograd\/wp-content\/uploads\/sites\/19\/2021\/07\/Matriz-Curric_SITE-1.pdf\" target=\"_blank\" rel=\"noopener\">Matriz Curricular \u2013 Curr\u00edculo 8 \u2013 Para ingressantes a partir de 2014<\/a><\/li>\n<\/ul>\n<\/li>\n<li>Bacharelado em Enfermagem\n<ul>\n<li><a href=\"http:\/\/www2.uepg.br\/prograd\/wp-content\/uploads\/sites\/19\/2021\/07\/Matriz_Enfremagem.pdf\" target=\"_blank\" rel=\"noopener\">Matriz Curricular \u2013 Curr\u00edculo 4 \u2013 Para ingressantes a partir de 2014<\/a><\/li>\n<\/ul>\n<\/li>\n<\/ul>\n<h4>Cursos a Dist\u00e2ncia<\/h4>\n<ul>\n<li>Licenciatura em Educa\u00e7\u00e3o F\u00edsica \u2013 EaD\n<ul>\n<li><a href=\"http:\/\/www2.uepg.br\/prograd\/wp-content\/uploads\/sites\/19\/2021\/06\/Educ-Fisica-EAD.pdf\" target=\"_blank\" rel=\"noopener\">Matriz Curricular- Curr\u00edculo 2 \u2013 Para ingressantes a partir de 2017<\/a><\/li>\n<\/ul>\n<\/li>\n<\/ul>\n\t\t\t\t<\/div>\n\t\t\t<\/div>\n\t\t<\/div>\n\t\t\t<div class=\"sow-accordion-panel\"\n\t\t\t data-anchor=\"setor-iv-%e2%80%93-ci%c3%aancias-sociais-e-aplicadas\">\n\t\t\t\t<div class=\"sow-accordion-panel-header-container\" role=\"heading\" aria-level=\"2\">\n\t\t\t\t\t<div class=\"sow-accordion-panel-header\" tabindex=\"0\" role=\"button\" id=\"accordion-label-setor-iv-%e2%80%93-ci%c3%aancias-sociais-e-aplicadas\" aria-controls=\"accordion-content-setor-iv-%e2%80%93-ci%c3%aancias-sociais-e-aplicadas\" aria-expanded=\"false\">\n\t\t\t\t\t\t<div class=\"sow-accordion-title sow-accordion-title-icon-left\">\n\t\t\t\t\t\t\t\t\t\t\t\t\t\tSetor IV \u2013  Ci\u00eancias Sociais e Aplicadas\t\t\t\t\t\t\t\t\t\t\t\t\t<\/div>\n\t\t\t\t\t\t<div class=\"sow-accordion-open-close-button\">\n\t\t\t\t\t\t\t<div class=\"sow-accordion-open-button\">\n\t\t\t\t\t\t\t\t<span class=\"sow-icon-ionicons\" data-sow-icon=\"&#xf218;\"\n\t\t \n\t\taria-hidden=\"true\"><\/span>\t\t\t\t\t\t\t<\/div>\n\t\t\t\t\t\t\t<div class=\"sow-accordion-close-button\">\n\t\t\t\t\t\t\t\t<span class=\"sow-icon-ionicons\" data-sow-icon=\"&#xf209;\"\n\t\t \n\t\taria-hidden=\"true\"><\/span>\t\t\t\t\t\t\t<\/div>\n\t\t\t\t\t\t<\/div>\n\t\t\t\t\t<\/div>\n\t\t\t\t<\/div>\n\n\t\t\t<div\n\t\t\t\tclass=\"sow-accordion-panel-content\"\n\t\t\t\trole=\"region\"\n\t\t\t\taria-labelledby=\"accordion-label-setor-iv-%e2%80%93-ci%c3%aancias-sociais-e-aplicadas\"\n\t\t\t\tid=\"accordion-content-setor-iv-%e2%80%93-ci%c3%aancias-sociais-e-aplicadas\"\n\t\t\t\tstyle=\"display: none;\"\t\t\t>\n\t\t\t\t<div class=\"sow-accordion-panel-border\" tabindex=\"0\">\n\t\t\t\t\t<h4>Cursos Presenciais<\/h4>\n<ul>\n<li>Administra\u00e7\u00e3o \u2013 Noturno\n<ul>\n<li><a href=\"http:\/\/www2.uepg.br\/prograd\/wp-content\/uploads\/sites\/19\/2021\/08\/MAtriz_adm-site-1.pdf\" target=\"_blank\" rel=\"noopener\">Matriz Curricular \u2013 Curr\u00edculo 6 \u2013 Para ingressantes a partir de 2009<\/a><\/li>\n<\/ul>\n<\/li>\n<li>Ci\u00eancias Econ\u00f4micas<\/li>\n<li><a href=\"http:\/\/www2.uepg.br\/prograd\/wp-content\/uploads\/sites\/19\/2021\/09\/CURSO-DE-LICENCIATURA-EM-FISICA-TURNO_-NOT_Mat_SITE.pdf\" target=\"_blank\" rel=\"noopener\">Matriz Curricular \u2013 Curr\u00edculo 9 \u2013 Para ingressantes a partir de 2013<\/a><\/li>\n<li>Servi\u00e7o Social\n<ul>\n<li><a href=\"http:\/\/www2.uepg.br\/prograd\/wp-content\/uploads\/sites\/19\/2022\/06\/MATRIZ-CURRICULARFLUXOGRAMA-SER.-SOCIAL-CURR.-07-_pagenumber.pdf\" target=\"_blank\" rel=\"noopener\">Matriz Curricular- Curr\u00edculo 7 para ingressantes a partir de 2022.<\/a><\/li>\n<\/ul>\n<\/li>\n<li>Ci\u00eancias Cont\u00e1beis\n<ul>\n<li><a href=\"http:\/\/www2.uepg.br\/prograd\/wp-content\/uploads\/sites\/19\/2021\/09\/Matriz-contabeis_.pdf\" target=\"_blank\" rel=\"noopener\">Matriz Curricular \u2013 Curr\u00edculo 9 \u2013 Para ingressantes a partir de 2016<\/a><\/li>\n<\/ul>\n<\/li>\n<li>Bacharelado em Jornalismo\n<ul>\n<li><a href=\"http:\/\/www2.uepg.br\/prograd\/wp-content\/uploads\/sites\/19\/2021\/11\/jornalismo-matriz-1.pdf\" target=\"_blank\" rel=\"noopener\">Matriz Curricular \u2013 Curr\u00edculo 7- Para ingressantes a partir de 2015<\/a><\/li>\n<\/ul>\n<\/li>\n<li>Administra\u00e7\u00e3o Com\u00e9rcio Exterior \u2013 Matutino\n<ul>\n<li><a href=\"http:\/\/www2.uepg.br\/prograd\/wp-content\/uploads\/sites\/19\/2024\/05\/comercioexterior.pdf\">Matriz Curricular- Curr\u00edculo 1 para ingressantes a partir de 2008<\/a><\/li>\n<\/ul>\n<\/li>\n<li>Bacharelado em Turismo\n<ul>\n<li><a href=\"http:\/\/www2.uepg.br\/prograd\/wp-content\/uploads\/sites\/19\/2021\/11\/turismo-matriz-1.pdf\" target=\"_blank\" rel=\"noopener\">Matriz Curricular \u2013 Curr\u00edculo 10 \u2013 Para ingressantes a partir de 2009<\/a><\/li>\n<\/ul>\n<\/li>\n<\/ul>\n<h4>Cursos a Dist\u00e2ncia<\/h4>\n<ul>\n<li>Bacharelado em Administra\u00e7\u00e3o P\u00fablica \u2013 EaD\n<ul>\n<li><a href=\"http:\/\/www2.uepg.br\/prograd\/wp-content\/uploads\/sites\/19\/2021\/11\/Matriz-Adm-Publica_Curr-2.pdf\" target=\"_blank\" rel=\"noopener\">Matriz Curricular \u2013 Curr\u00edculo 2 \u2013 Para ingressantes a partir de 2020<\/a><\/li>\n<\/ul>\n<\/li>\n<li>Tecnologia em Gest\u00e3o P\u00fablica \u2013 EaD\n<ul>\n<li><a href=\"http:\/\/www2.uepg.br\/prograd\/wp-content\/uploads\/sites\/19\/2021\/07\/Matriz-Tec-em-Gestao-Publica-1.pdf\" target=\"_blank\" rel=\"noopener\">Matriz Curricular \u2013 Curr\u00edculo 1 \u2013 Para ingressantes a partir de 2017<\/a><\/li>\n<\/ul>\n<\/li>\n<\/ul>\n\t\t\t\t<\/div>\n\t\t\t<\/div>\n\t\t<\/div>\n\t\t\t<div class=\"sow-accordion-panel\"\n\t\t\t data-anchor=\"setor-v-%e2%80%93-ci%c3%aancias-humanas-letras-e-artes\">\n\t\t\t\t<div class=\"sow-accordion-panel-header-container\" role=\"heading\" aria-level=\"2\">\n\t\t\t\t\t<div class=\"sow-accordion-panel-header\" tabindex=\"0\" role=\"button\" id=\"accordion-label-setor-v-%e2%80%93-ci%c3%aancias-humanas-letras-e-artes\" aria-controls=\"accordion-content-setor-v-%e2%80%93-ci%c3%aancias-humanas-letras-e-artes\" aria-expanded=\"false\">\n\t\t\t\t\t\t<div class=\"sow-accordion-title sow-accordion-title-icon-left\">\n\t\t\t\t\t\t\t\t\t\t\t\t\t\tSetor V \u2013  Ci\u00eancias Humanas, Letras e Artes\t\t\t\t\t\t\t\t\t\t\t\t\t<\/div>\n\t\t\t\t\t\t<div class=\"sow-accordion-open-close-button\">\n\t\t\t\t\t\t\t<div class=\"sow-accordion-open-button\">\n\t\t\t\t\t\t\t\t<span class=\"sow-icon-ionicons\" data-sow-icon=\"&#xf218;\"\n\t\t \n\t\taria-hidden=\"true\"><\/span>\t\t\t\t\t\t\t<\/div>\n\t\t\t\t\t\t\t<div class=\"sow-accordion-close-button\">\n\t\t\t\t\t\t\t\t<span class=\"sow-icon-ionicons\" data-sow-icon=\"&#xf209;\"\n\t\t \n\t\taria-hidden=\"true\"><\/span>\t\t\t\t\t\t\t<\/div>\n\t\t\t\t\t\t<\/div>\n\t\t\t\t\t<\/div>\n\t\t\t\t<\/div>\n\n\t\t\t<div\n\t\t\t\tclass=\"sow-accordion-panel-content\"\n\t\t\t\trole=\"region\"\n\t\t\t\taria-labelledby=\"accordion-label-setor-v-%e2%80%93-ci%c3%aancias-humanas-letras-e-artes\"\n\t\t\t\tid=\"accordion-content-setor-v-%e2%80%93-ci%c3%aancias-humanas-letras-e-artes\"\n\t\t\t\tstyle=\"display: none;\"\t\t\t>\n\t\t\t\t<div class=\"sow-accordion-panel-border\" tabindex=\"0\">\n\t\t\t\t\t<h4>Cursos Presenciais<\/h4>\n<ul>\n<li>Licenciatura em Pedagogia\n<ul>\n<li><a href=\"http:\/\/www2.uepg.br\/prograd\/wp-content\/uploads\/sites\/19\/2021\/06\/Pedag-Presencial.pdf\">Matriz Curricular \u2013 Curr\u00edculo 2 \u2013 Para ingressantes a partir de 2013<\/a><\/li>\n<\/ul>\n<\/li>\n<li>Licenciatura em Letras Portugu\u00eas\/Franc\u00eas e Respectivas Literaturas\n<ul>\n<li><a href=\"http:\/\/www2.uepg.br\/prograd\/wp-content\/uploads\/sites\/19\/2021\/05\/MATRIZ-LETRAS-FRANCES-2015.pdf\">Matriz Curricular \u2013 Curriculo 3 \u2013 Para ingressantes a partir de 2015<\/a><\/li>\n<\/ul>\n<\/li>\n<li>Licenciatura em Letras Portugu\u00eas\/Espanhol e Respectivas Literaturas\n<ul>\n<li><a href=\"http:\/\/www2.uepg.br\/prograd\/wp-content\/uploads\/sites\/19\/2021\/05\/Matriz-Letras-Espanhol_Curr-3.pdf\">Matriz Curricular \u2013\u00a0 Curr\u00edculo 3 \u2013 Para ingressantes a partir de 2015<\/a><\/li>\n<\/ul>\n<\/li>\n<li>Licenciatura em Letras Portugu\u00eas\/Ingl\u00eas e Respectivas Literaturas\n<ul>\n<li><a href=\"http:\/\/www2.uepg.br\/prograd\/wp-content\/uploads\/sites\/19\/2021\/05\/MATRIZ-CURRICULAR-_SITE.pdf\">Matriz Curricular \u2013 Curr\u00edculo 3- Para ingressantes a partir de 2015<\/a><\/li>\n<\/ul>\n<\/li>\n<li>Licenciatura em M\u00fasica\n<ul>\n<li><a href=\"http:\/\/www2.uepg.br\/prograd\/wp-content\/uploads\/sites\/19\/2021\/08\/Matriz-Curr_2_Site-1.pdf\">Matriz Curricular \u2013 Curr\u00edculo 2 - Para ingressantes a partir de 2008.<\/a><\/li>\n<\/ul>\n<\/li>\n<li>Licenciatura em Artes Visuais\n<ul>\n<li><a href=\"http:\/\/www2.uepg.br\/prograd\/wp-content\/uploads\/sites\/19\/2021\/08\/Matriz-6Artes.pdf\">Matriz Curricular \u2013 Curr\u00edculo 3 - Para ingressantes a partir de 2015.<\/a><\/li>\n<\/ul>\n<\/li>\n<li>Licenciatura em Hist\u00f3ria\n<ul>\n<li><a href=\"http:\/\/www2.uepg.br\/prograd\/wp-content\/uploads\/sites\/19\/2021\/06\/Matriz-Curricular-Curriculo-9-A-partir-de-2019.pdf\">Matriz Curricular \u2013 Curr\u00edculo 9 \u2013 Para ingressantes a partir de 2019<\/a><\/li>\n<\/ul>\n<\/li>\n<li>Bacharelado em Hist\u00f3ria\n<ul>\n<li><a href=\"http:\/\/www2.uepg.br\/prograd\/wp-content\/uploads\/sites\/19\/2023\/05\/Matriz-Curricular-2020.pdf\" target=\"_blank\" rel=\"noopener\">Matriz Curricular - Curr\u00edculo 3 - Para ingressantes a partir de 2020.<\/a><\/li>\n<\/ul>\n<\/li>\n<\/ul>\n<h4>Cursos a Dist\u00e2ncia<\/h4>\n<ul>\n<li>Licenciatura em Pedagogia \u2013 EaD\n<ul>\n<li><a href=\"http:\/\/www2.uepg.br\/prograd\/wp-content\/uploads\/sites\/19\/2021\/06\/Matriz-Pedagogia-EAD-Curr-1.pdf\">Matriz Curricular \u2013 Curr\u00edculo 1 \u2013 Para ingressantes a partir de 2009<\/a><\/li>\n<\/ul>\n<\/li>\n<li>Licenciatura em Letras\/Espanhol \u2013 EaD\n<ul>\n<li><a href=\"http:\/\/www2.uepg.br\/prograd\/wp-content\/uploads\/sites\/19\/2024\/08\/Matriz-Curricular-Curriculo-2-A-partir-de-2019-1.pdf\" target=\"_blank\" rel=\"noopener\">Matriz Curricular \u2013 Curr\u00edculo 2 \u2013 A partir de 2019<\/a><\/li>\n<\/ul>\n<\/li>\n<\/ul>\n\t\t\t\t<\/div>\n\t\t\t<\/div>\n\t\t<\/div>\n\t\t\t<div class=\"sow-accordion-panel\"\n\t\t\t data-anchor=\"setor-vi-%e2%80%93-ci%c3%aancias-jur%c3%addicas\">\n\t\t\t\t<div class=\"sow-accordion-panel-header-container\" role=\"heading\" aria-level=\"2\">\n\t\t\t\t\t<div class=\"sow-accordion-panel-header\" tabindex=\"0\" role=\"button\" id=\"accordion-label-setor-vi-%e2%80%93-ci%c3%aancias-jur%c3%addicas\" aria-controls=\"accordion-content-setor-vi-%e2%80%93-ci%c3%aancias-jur%c3%addicas\" aria-expanded=\"false\">\n\t\t\t\t\t\t<div class=\"sow-accordion-title sow-accordion-title-icon-left\">\n\t\t\t\t\t\t\t\t\t\t\t\t\t\tSetor VI \u2013  Ci\u00eancias Jur\u00eddicas\t\t\t\t\t\t\t\t\t\t\t\t\t<\/div>\n\t\t\t\t\t\t<div class=\"sow-accordion-open-close-button\">\n\t\t\t\t\t\t\t<div class=\"sow-accordion-open-button\">\n\t\t\t\t\t\t\t\t<span class=\"sow-icon-ionicons\" data-sow-icon=\"&#xf218;\"\n\t\t \n\t\taria-hidden=\"true\"><\/span>\t\t\t\t\t\t\t<\/div>\n\t\t\t\t\t\t\t<div class=\"sow-accordion-close-button\">\n\t\t\t\t\t\t\t\t<span class=\"sow-icon-ionicons\" data-sow-icon=\"&#xf209;\"\n\t\t \n\t\taria-hidden=\"true\"><\/span>\t\t\t\t\t\t\t<\/div>\n\t\t\t\t\t\t<\/div>\n\t\t\t\t\t<\/div>\n\t\t\t\t<\/div>\n\n\t\t\t<div\n\t\t\t\tclass=\"sow-accordion-panel-content\"\n\t\t\t\trole=\"region\"\n\t\t\t\taria-labelledby=\"accordion-label-setor-vi-%e2%80%93-ci%c3%aancias-jur%c3%addicas\"\n\t\t\t\tid=\"accordion-content-setor-vi-%e2%80%93-ci%c3%aancias-jur%c3%addicas\"\n\t\t\t\tstyle=\"display: none;\"\t\t\t>\n\t\t\t\t<div class=\"sow-accordion-panel-border\" tabindex=\"0\">\n\t\t\t\t\t<h4>Cursos Presenciais<\/h4>\n<ul>\n<li>Direito\n<ul>\n<li><a href=\"http:\/\/www2.uepg.br\/prograd\/wp-content\/uploads\/sites\/19\/2022\/06\/Matriz-Direito_2021.pdf\" target=\"_blank\" rel=\"noopener\">Matriz Curricular- Curr\u00edculo 8 \u2013 Para ingressantes a partir de 2017<\/a><\/li>\n<\/ul>\n<\/li>\n<\/ul>\n\t\t\t\t<\/div>\n\t\t\t<\/div>\n\t\t<\/div>\n\t\t<\/div>\n<\/div>\n<\/div><\/div><\/div><\/div><\/div>","protected":false},"excerpt":{"rendered":"<p>Setor I \u2013 Ci\u00eancias Exatas e Naturais Cursos Presenciais Licenciatura em Matem\u00e1tica Matriz Curricular \u2013 Curr\u00edculo 7 para ingressantes a partir de 2020 Bacharelado em Matem\u00e1tica Aplicada Matriz Curricular \u2013 Curr\u00edculo 1 para ingressantes a partir de 2017. Licenciatura em Geografia Matriz Curricular \u2013 Curr\u00edculo 5 para ingressantes a partir de 2020 Bacharelado em Geografia&nbsp;&hellip;<\/p>\n","protected":false},"author":130,"featured_media":0,"parent":0,"menu_order":0,"comment_status":"closed","ping_status":"closed","template":"","meta":[],"_links":{"self":[{"href":"https:\/\/www2.uepg.br\/prograd\/wp-json\/wp\/v2\/pages\/3911"}],"collection":[{"href":"https:\/\/www2.uepg.br\/prograd\/wp-json\/wp\/v2\/pages"}],"about":[{"href":"https:\/\/www2.uepg.br\/prograd\/wp-json\/wp\/v2\/types\/page"}],"author":[{"embeddable":true,"href":"https:\/\/www2.uepg.br\/prograd\/wp-json\/wp\/v2\/users\/130"}],"replies":[{"embeddable":true,"href":"https:\/\/www2.uepg.br\/prograd\/wp-json\/wp\/v2\/comments?post=3911"}],"version-history":[{"count":44,"href":"https:\/\/www2.uepg.br\/prograd\/wp-json\/wp\/v2\/pages\/3911\/revisions"}],"predecessor-version":[{"id":8549,"href":"https:\/\/www2.uepg.br\/prograd\/wp-json\/wp\/v2\/pages\/3911\/revisions\/8549"}],"wp:attachment":[{"href":"https:\/\/www2.uepg.br\/prograd\/wp-json\/wp\/v2\/media?parent=3911"}],"curies":[{"name":"wp","href":"https:\/\/api.w.org\/{rel}","templated":true}]}}