{"id":6,"date":"2020-04-20T14:56:52","date_gmt":"2020-04-20T17:56:52","guid":{"rendered":"http:\/\/www2.uepg.br\/sexatas\/?page_id=6"},"modified":"2023-09-04T14:43:08","modified_gmt":"2023-09-04T17:43:08","slug":"home","status":"publish","type":"page","link":"https:\/\/www2.uepg.br\/sexatas\/","title":{"rendered":"Home"},"content":{"rendered":"<div id=\"pl-6\"  class=\"panel-layout\" ><div id=\"pg-6-0\"  class=\"panel-grid panel-no-style\" ><div id=\"pgc-6-0-0\"  class=\"panel-grid-cell panel-grid-cell-empty\" ><\/div><\/div><div id=\"pg-6-1\"  class=\"panel-grid panel-no-style\" ><div id=\"pgc-6-1-0\"  class=\"panel-grid-cell\" ><div id=\"panel-6-1-0-0\" class=\"so-panel widget widget_sow-editor panel-first-child panel-last-child\" data-index=\"0\" ><div class=\"panel-widget-style panel-widget-style-for-6-1-0-0\" ><div\n\t\t\t\n\t\t\tclass=\"so-widget-sow-editor so-widget-sow-editor-base\"\n\t\t\t\n\t\t>\n<div class=\"siteorigin-widget-tinymce textwidget\">\n\t<h1 style=\"text-align: center\">\u00daltimas Not\u00edcias<\/h1>\n<p><img loading=\"lazy\" class=\"wp-image-354 aligncenter\" src=\"https:\/\/www2.uepg.br\/sexatas\/wp-content\/uploads\/sites\/205\/2023\/09\/gALILEU.jpg\" alt=\"\" width=\"336\" height=\"232\" \/><\/p>\n<p>Feira de Profiss\u00f5es da UEPG - Aconteceu dia 1\u00ba de Setembro e aqui se encontram as <a href=\"https:\/\/drive.google.com\/drive\/folders\/1hyQh7Yw3NHzFxvvcxK6gImEQcC3BhI75?usp=drive_link\">fotos<\/a> do Setor de Ci\u00eancias Exatas e Naturais com sua excelente participa\u00e7\u00e3o.<\/p>\n<p>Foram eleitos nossos representantes discentes, conhe\u00e7a quais foram atrav\u00e9s da <a href=\"https:\/\/www2.uepg.br\/sexatas\/wp-content\/uploads\/sites\/205\/2023\/07\/SEI_UEPG-1541175-Portaria.pdf\">Portaria SEXATAS n\u00ba 57\/2023<\/a>. Os mandatos iniciam em 01\/08\/2023 e se encerram em 31\/07\/2025. Contamos com a participa\u00e7\u00e3o efetiva destes discentes.<\/p>\n<p>Assista na \u00edntegra o <a href=\"https:\/\/www.youtube.com\/watch?v=MRCIHKniU0E&amp;t=4193s\">Painel Sobre Autismo<\/a> apresentado no dia 07\/07\/2023, em uma promo\u00e7\u00e3o da PRAE, Coordena\u00e7\u00e3o do Curso de Bacharelado em Qu\u00edmica Tecnol\u00f3gica e SEXATAS.<\/p>\n<\/div>\n<\/div><\/div><\/div><\/div><\/div><div id=\"pg-6-2\"  class=\"panel-grid panel-no-style\" ><div id=\"pgc-6-2-0\"  class=\"panel-grid-cell\" ><div id=\"panel-6-2-0-0\" class=\"so-panel widget widget_sow-button panel-first-child panel-last-child\" data-index=\"1\" ><div class=\"panel-widget-style panel-widget-style-for-6-2-0-0\" ><div\n\t\t\t\n\t\t\tclass=\"so-widget-sow-button so-widget-sow-button-atom-f28947f507e4-6\"\n\t\t\t\n\t\t><div class=\"ow-button-base ow-button-align-center\">\n\t<a href=\"https:\/\/www.uepg.br\/noticias\/\" class=\"ow-icon-placement-left ow-button-hover\" target=\"_blank\" rel=\"noopener noreferrer\" \t\t>\n\t\t<span>\n\t\t\t\n\t\t\tveja todas as not\u00edcias\t\t<\/span>\n\t<\/a>\n<\/div>\n<\/div><\/div><\/div><\/div><\/div><div id=\"pg-6-3\"  class=\"panel-grid panel-no-style\" ><div id=\"pgc-6-3-0\"  class=\"panel-grid-cell\" ><div id=\"panel-6-3-0-0\" class=\"so-panel widget widget_sow-features panel-first-child panel-last-child\" data-index=\"2\" ><div class=\"panel-widget-style panel-widget-style-for-6-3-0-0\" ><div\n\t\t\t\n\t\t\tclass=\"so-widget-sow-features so-widget-sow-features-default-6ad04bc5162e-6\"\n\t\t\t\n\t\t>\n<div class=\"sow-features-list sow-features-responsive\">\n\n\t\t\t\t\t\t<div\n\t\t\t\tclass=\"sow-features-feature sow-icon-container-position-top sow-features-feature-last-row\"\n\t\t\t\tstyle=\"display: flex; flex-direction: column; float: left; width: 50%;\"\n\t\t\t>\n\n\t\t\t\t\t\t\t\t\t<a\n\t\t\t\t\t\thref=\"https:\/\/www.uepg.br\/\"\n\t\t\t\t\t\t\t\t\t\t\t>\n\t\t\t\t\t\t\t\t<div\n\t\t\t\t\tclass=\"sow-icon-container sow-container-rounded-square\"\n                    style=\"color: #03336c; \"\n\t\t\t\t\ttitle=\"Portal UEPG\">\n\t\t\t\t\t<span class=\"sow-icon-fontawesome sow-fas\" data-sow-icon=\"&#xf19c;\"\n\t\tstyle=\"font-size: 50px; color: #FFFFFF\" \n\t\taria-hidden=\"true\"><\/span>\t\t\t\t<\/div>\n\t\t\t\t\t\t\t\t\t<\/a>\n\t\t\t\t\n\t\t\t\t<div class=\"textwidget\">\n\t\t\t\t\t\t\t\t\t\t\t<h5>\n\t\t\t\t\t\t\t\t\t\t\t\t\t\t\t<a\n\t\t\t\t\t\t\t\t\thref=\"https:\/\/www.uepg.br\/\"\n\t\t\t\t\t\t\t\t\t\t\t\t\t\t\t\t\t>\n\t\t\t\t\t\t\t\n\t\t\t\t\t\t\tPortal UEPG\t\t\t\t\t\t\t\t\t\t\t\t\t\t\t<\/a>\n\t\t\t\t\t\t\t\t\t\t\t\t\t<\/h5>\n\t\t\t\t\t\n\t\t\t\t\t\n\t\t\t\t\t\t\t\t\t<\/div>\n\t\t\t\t\t\t\t<\/div>\n\n\t\t\t\t\t<div\n\t\t\t\tclass=\"sow-features-feature sow-icon-container-position-top sow-features-feature-last-row\"\n\t\t\t\tstyle=\"display: flex; flex-direction: column; float: left; width: 50%;\"\n\t\t\t>\n\n\t\t\t\t\t\t\t\t\t<a\n\t\t\t\t\t\thref=\"https:\/\/sei.uepg.br\/\"\n\t\t\t\t\t\t\t\t\t\t\t>\n\t\t\t\t\t\t\t\t<div\n\t\t\t\t\tclass=\"sow-icon-container sow-container-rounded-square\"\n                    style=\"color: #ffffff; \"\n\t\t\t\t\ttitle=\"Protocolo Digital\">\n\t\t\t\t\t<div class=\"sow-icon-image\" style=\"background-image: url(https:\/\/www2.uepg.br\/sexatas\/wp-content\/uploads\/sites\/205\/2020\/04\/sei.jpg); font-size: 50px\"><\/div>\t\t\t\t<\/div>\n\t\t\t\t\t\t\t\t\t<\/a>\n\t\t\t\t\n\t\t\t\t<div class=\"textwidget\">\n\t\t\t\t\t\t\t\t\t\t\t<h5>\n\t\t\t\t\t\t\t\t\t\t\t\t\t\t\t<a\n\t\t\t\t\t\t\t\t\thref=\"https:\/\/sei.uepg.br\/\"\n\t\t\t\t\t\t\t\t\t\t\t\t\t\t\t\t\t>\n\t\t\t\t\t\t\t\n\t\t\t\t\t\t\tProtocolo Digital\t\t\t\t\t\t\t\t\t\t\t\t\t\t\t<\/a>\n\t\t\t\t\t\t\t\t\t\t\t\t\t<\/h5>\n\t\t\t\t\t\n\t\t\t\t\t\n\t\t\t\t\t\t\t\t\t<\/div>\n\t\t\t\t\t\t\t<\/div>\n\n\t\t\t\n<\/div>\n<\/div><\/div><\/div><\/div><\/div><\/div>","protected":false},"excerpt":{"rendered":"<p>\u00daltimas Not\u00edcias Feira de Profiss\u00f5es da UEPG &#8211; Aconteceu dia 1\u00ba de Setembro e aqui se encontram as fotos do Setor de Ci\u00eancias Exatas e Naturais com sua excelente participa\u00e7\u00e3o. Foram eleitos nossos representantes discentes, conhe\u00e7a quais foram atrav\u00e9s da Portaria SEXATAS n\u00ba 57\/2023. Os mandatos iniciam em 01\/08\/2023 e se encerram em 31\/07\/2025. Contamos&nbsp;&hellip;<\/p>\n","protected":false},"author":24,"featured_media":0,"parent":0,"menu_order":0,"comment_status":"closed","ping_status":"closed","template":"","meta":[],"_links":{"self":[{"href":"https:\/\/www2.uepg.br\/sexatas\/wp-json\/wp\/v2\/pages\/6"}],"collection":[{"href":"https:\/\/www2.uepg.br\/sexatas\/wp-json\/wp\/v2\/pages"}],"about":[{"href":"https:\/\/www2.uepg.br\/sexatas\/wp-json\/wp\/v2\/types\/page"}],"author":[{"embeddable":true,"href":"https:\/\/www2.uepg.br\/sexatas\/wp-json\/wp\/v2\/users\/24"}],"replies":[{"embeddable":true,"href":"https:\/\/www2.uepg.br\/sexatas\/wp-json\/wp\/v2\/comments?post=6"}],"version-history":[{"count":25,"href":"https:\/\/www2.uepg.br\/sexatas\/wp-json\/wp\/v2\/pages\/6\/revisions"}],"predecessor-version":[{"id":367,"href":"https:\/\/www2.uepg.br\/sexatas\/wp-json\/wp\/v2\/pages\/6\/revisions\/367"}],"wp:attachment":[{"href":"https:\/\/www2.uepg.br\/sexatas\/wp-json\/wp\/v2\/media?parent=6"}],"curies":[{"name":"wp","href":"https:\/\/api.w.org\/{rel}","templated":true}]}}