{"id":344,"date":"2026-04-22T11:31:39","date_gmt":"2026-04-22T14:31:39","guid":{"rendered":"https:\/\/www2.uepg.br\/transparencia\/?page_id=344"},"modified":"2026-04-22T11:31:36","modified_gmt":"2026-04-22T14:31:36","slug":"lei-geral-de-protecao-de-dados","status":"publish","type":"page","link":"https:\/\/www2.uepg.br\/transparencia\/lei-geral-de-protecao-de-dados\/","title":{"rendered":"Lei Geral de Prote\u00e7\u00e3o de Dados"},"content":{"rendered":"<div id=\"pl-344\"  class=\"panel-layout\" ><div id=\"pg-344-0\"  class=\"panel-grid panel-no-style\" ><div id=\"pgc-344-0-0\"  class=\"panel-grid-cell\" ><div id=\"panel-344-0-0-0\" class=\"so-panel widget widget_sow-editor panel-first-child panel-last-child\" data-index=\"0\" ><div\n\t\t\t\n\t\t\tclass=\"so-widget-sow-editor so-widget-sow-editor-base\"\n\t\t\t\n\t\t>\n<div class=\"siteorigin-widget-tinymce textwidget\">\n\t<h2><strong>Prote\u00e7\u00e3o de Dados Pessoais (LGPD)<\/strong><\/h2>\n<p>Em conformidade com a <strong>Lei Geral de Prote\u00e7\u00e3o de Dados Pessoais (Lei n\u00ba 13.709\/2018)<\/strong>, a Universidade Estadual de Ponta Grossa UEPG) estabelece os canais de comunica\u00e7\u00e3o e medidas de transpar\u00eancia e seguran\u00e7a para o tratamento de dados pessoais no \u00e2mbito institucional.<\/p>\n<\/div>\n<\/div><\/div><\/div><\/div><div id=\"pg-344-1\"  class=\"panel-grid panel-no-style\" ><div id=\"pgc-344-1-0\"  class=\"panel-grid-cell\" ><div id=\"panel-344-1-0-0\" class=\"so-panel widget widget_sow-accordion panel-first-child panel-last-child\" data-index=\"1\" ><div\n\t\t\t\n\t\t\tclass=\"so-widget-sow-accordion so-widget-sow-accordion-default-0f1e3f7a2df5-344\"\n\t\t\t\n\t\t><div>\n\t<div class=\"sow-accordion\">\n\t\t\t<div class=\"sow-accordion-panel\"\n\t\t\t data-anchor=\"encarregada-pelo-tratamento-de-dados-pessoais\">\n\t\t\t\t<div class=\"sow-accordion-panel-header-container\" role=\"heading\" aria-level=\"2\">\n\t\t\t\t\t<div class=\"sow-accordion-panel-header\" tabindex=\"0\" role=\"button\" id=\"accordion-label-encarregada-pelo-tratamento-de-dados-pessoais\" aria-controls=\"accordion-content-encarregada-pelo-tratamento-de-dados-pessoais\" aria-expanded=\"false\">\n\t\t\t\t\t\t<div class=\"sow-accordion-title sow-accordion-title-icon-left\">\n\t\t\t\t\t\t\t\t\t\t\t\t\t\tEncarregada pelo Tratamento de Dados Pessoais\t\t\t\t\t\t\t\t\t\t\t\t\t<\/div>\n\t\t\t\t\t\t<div class=\"sow-accordion-open-close-button\">\n\t\t\t\t\t\t\t<div class=\"sow-accordion-open-button\">\n\t\t\t\t\t\t\t\t<span class=\"sow-icon-ionicons\" data-sow-icon=\"&#xf218;\"\n\t\t \n\t\taria-hidden=\"true\"><\/span>\t\t\t\t\t\t\t<\/div>\n\t\t\t\t\t\t\t<div class=\"sow-accordion-close-button\">\n\t\t\t\t\t\t\t\t<span class=\"sow-icon-ionicons\" data-sow-icon=\"&#xf209;\"\n\t\t \n\t\taria-hidden=\"true\"><\/span>\t\t\t\t\t\t\t<\/div>\n\t\t\t\t\t\t<\/div>\n\t\t\t\t\t<\/div>\n\t\t\t\t<\/div>\n\n\t\t\t<div\n\t\t\t\tclass=\"sow-accordion-panel-content\"\n\t\t\t\trole=\"region\"\n\t\t\t\taria-labelledby=\"accordion-label-encarregada-pelo-tratamento-de-dados-pessoais\"\n\t\t\t\tid=\"accordion-content-encarregada-pelo-tratamento-de-dados-pessoais\"\n\t\t\t\tstyle=\"display: none;\"\t\t\t>\n\t\t\t\t<div class=\"sow-accordion-panel-border\" tabindex=\"0\">\n\t\t\t\t\t<p>Nos termos da\u00a0<strong>Portaria R. n\u00ba 250, de 11 de abril de 2025<\/strong>, a Encarregada pelo Tratamento de Dados Pessoais, deve atuar como canal de comunica\u00e7\u00e3o entre a UEPG, os titulares de dados pessoais e a Ag\u00eancia Nacional de Prote\u00e7\u00e3o de Dados.\u00a0<a href=\"https:\/\/legislacao.apps.uepg.br\/documentosPublico\/22502025-04-1113.pdf\">Link da Portaria<\/a><\/p>\n<ul>\n<li><strong>Encarregada e Presidente do Comit\u00ea Gestor de Prote\u00e7\u00e3o de Dados Pessoais:\u00a0<\/strong><\/li>\n<\/ul>\n<p>Prof.\u00aa Luana M\u00e1rcia de Oliveira Billerbeck<\/p>\n<ul>\n<li><strong>Contato Institucional:\u00a0<\/strong><\/li>\n<\/ul>\n<p><a href=\"mailto:lgpd@uepg.br\">lgpd@uepg.br<\/a><\/p>\n<ul>\n<li>Telefone: (42) 3220-3253<\/li>\n<\/ul>\n\t\t\t\t<\/div>\n\t\t\t<\/div>\n\t\t<\/div>\n\t\t\t<div class=\"sow-accordion-panel\"\n\t\t\t data-anchor=\"atendimento-ao-cidad%c3%a3o-solicita%c3%a7%c3%b5es-e-d%c3%bavidas\">\n\t\t\t\t<div class=\"sow-accordion-panel-header-container\" role=\"heading\" aria-level=\"2\">\n\t\t\t\t\t<div class=\"sow-accordion-panel-header\" tabindex=\"0\" role=\"button\" id=\"accordion-label-atendimento-ao-cidad%c3%a3o-solicita%c3%a7%c3%b5es-e-d%c3%bavidas\" aria-controls=\"accordion-content-atendimento-ao-cidad%c3%a3o-solicita%c3%a7%c3%b5es-e-d%c3%bavidas\" aria-expanded=\"false\">\n\t\t\t\t\t\t<div class=\"sow-accordion-title sow-accordion-title-icon-left\">\n\t\t\t\t\t\t\t\t\t\t\t\t\t\tAtendimento ao Cidad\u00e3o (Solicita\u00e7\u00f5es e D\u00favidas)\t\t\t\t\t\t\t\t\t\t\t\t\t<\/div>\n\t\t\t\t\t\t<div class=\"sow-accordion-open-close-button\">\n\t\t\t\t\t\t\t<div class=\"sow-accordion-open-button\">\n\t\t\t\t\t\t\t\t<span class=\"sow-icon-ionicons\" data-sow-icon=\"&#xf218;\"\n\t\t \n\t\taria-hidden=\"true\"><\/span>\t\t\t\t\t\t\t<\/div>\n\t\t\t\t\t\t\t<div class=\"sow-accordion-close-button\">\n\t\t\t\t\t\t\t\t<span class=\"sow-icon-ionicons\" data-sow-icon=\"&#xf209;\"\n\t\t \n\t\taria-hidden=\"true\"><\/span>\t\t\t\t\t\t\t<\/div>\n\t\t\t\t\t\t<\/div>\n\t\t\t\t\t<\/div>\n\t\t\t\t<\/div>\n\n\t\t\t<div\n\t\t\t\tclass=\"sow-accordion-panel-content\"\n\t\t\t\trole=\"region\"\n\t\t\t\taria-labelledby=\"accordion-label-atendimento-ao-cidad%c3%a3o-solicita%c3%a7%c3%b5es-e-d%c3%bavidas\"\n\t\t\t\tid=\"accordion-content-atendimento-ao-cidad%c3%a3o-solicita%c3%a7%c3%b5es-e-d%c3%bavidas\"\n\t\t\t\tstyle=\"display: none;\"\t\t\t>\n\t\t\t\t<div class=\"sow-accordion-panel-border\" tabindex=\"0\">\n\t\t\t\t\t<p>Para exercer seus direitos como titular, solicitar informa\u00e7\u00f5es ou sanar d\u00favidas sobre como seus dados s\u00e3o tratados na Universidade Estadual de Ponta Grossa UEPG, utilize o sistema oficial de suporte:<\/p>\n<p>-\u00a0<a href=\"https:\/\/suporte.uepg.br\/otrs\/public.pl?Action=PublicFAQZoom;ItemID=310;ZoomBackLink=QWN0aW9uPVB1YmxpY0ZBUVNlYXJjaDtTdWJhY3Rpb249U2VhcmNoO0tleXdvcmQ9ZXh0cmHn4287%0AU29ydEJ5PUZBUUlEO09yZGVyPURvd247U3RhcnRIaXQ9MQ%3D%3D%0A\">Acessar Portal de Solicita\u00e7\u00f5es LGPD - Suporte UEPG<\/a><\/p>\n\t\t\t\t<\/div>\n\t\t\t<\/div>\n\t\t<\/div>\n\t\t\t<div class=\"sow-accordion-panel\"\n\t\t\t data-anchor=\"comit%c3%aa-gestor-de-prote%c3%a7%c3%a3o-de-dados\">\n\t\t\t\t<div class=\"sow-accordion-panel-header-container\" role=\"heading\" aria-level=\"2\">\n\t\t\t\t\t<div class=\"sow-accordion-panel-header\" tabindex=\"0\" role=\"button\" id=\"accordion-label-comit%c3%aa-gestor-de-prote%c3%a7%c3%a3o-de-dados\" aria-controls=\"accordion-content-comit%c3%aa-gestor-de-prote%c3%a7%c3%a3o-de-dados\" aria-expanded=\"false\">\n\t\t\t\t\t\t<div class=\"sow-accordion-title sow-accordion-title-icon-left\">\n\t\t\t\t\t\t\t\t\t\t\t\t\t\tComit\u00ea Gestor de Prote\u00e7\u00e3o de Dados\t\t\t\t\t\t\t\t\t\t\t\t\t<\/div>\n\t\t\t\t\t\t<div class=\"sow-accordion-open-close-button\">\n\t\t\t\t\t\t\t<div class=\"sow-accordion-open-button\">\n\t\t\t\t\t\t\t\t<span class=\"sow-icon-ionicons\" data-sow-icon=\"&#xf218;\"\n\t\t \n\t\taria-hidden=\"true\"><\/span>\t\t\t\t\t\t\t<\/div>\n\t\t\t\t\t\t\t<div class=\"sow-accordion-close-button\">\n\t\t\t\t\t\t\t\t<span class=\"sow-icon-ionicons\" data-sow-icon=\"&#xf209;\"\n\t\t \n\t\taria-hidden=\"true\"><\/span>\t\t\t\t\t\t\t<\/div>\n\t\t\t\t\t\t<\/div>\n\t\t\t\t\t<\/div>\n\t\t\t\t<\/div>\n\n\t\t\t<div\n\t\t\t\tclass=\"sow-accordion-panel-content\"\n\t\t\t\trole=\"region\"\n\t\t\t\taria-labelledby=\"accordion-label-comit%c3%aa-gestor-de-prote%c3%a7%c3%a3o-de-dados\"\n\t\t\t\tid=\"accordion-content-comit%c3%aa-gestor-de-prote%c3%a7%c3%a3o-de-dados\"\n\t\t\t\tstyle=\"display: none;\"\t\t\t>\n\t\t\t\t<div class=\"sow-accordion-panel-border\" tabindex=\"0\">\n\t\t\t\t\t<p>O Comit\u00ea Gestor de Prote\u00e7\u00e3o de Dados Pessoais \u00e9 respons\u00e1vel pela coordena\u00e7\u00e3o e acompanhamento das a\u00e7\u00f5es de conformidade com a Lei Geral de Prote\u00e7\u00e3o de Dados Pessoais -LGPD na Universidade Estadual de Ponta Grossa.<\/p>\n<p><strong>\u00a0<\/strong><strong>Composi\u00e7\u00e3o atual:<\/strong><\/p>\n<ul>\n<li>Luana Marcia de Oliveira Billerbeck (Presidente)<\/li>\n<li>C\u00e9lia Alejandra Pais Zyskowski<\/li>\n<li>Cristiane Galv\u00e3o Fidelis<\/li>\n<li>Daniella Aparecida Molina Vargas<\/li>\n<li>Edson Luis Marchinski<\/li>\n<li>Edson Luiz Batista Maia<\/li>\n<li>Jo\u00e3o Paulo Gon\u00e7alves de Andrade<\/li>\n<li>Karla Cristine Falc\u00e3o de Souza<\/li>\n<li>Luiz Gustavo Barros<\/li>\n<li>Rosaly Machado<\/li>\n<li>Vladimir Alexandrino de Souza<\/li>\n<li>Giselle Ferreira de Mello<\/li>\n<li>Kelen Koupak<\/li>\n<li>Ilse Renate Lauer Sanson<\/li>\n<\/ul>\n\t\t\t\t<\/div>\n\t\t\t<\/div>\n\t\t<\/div>\n\t\t\t<div class=\"sow-accordion-panel\"\n\t\t\t data-anchor=\"pol%c3%adtica-de-privacidade-e-prote%c3%a7%c3%a3o-de-dados-da-universidade-estadual-de-ponta-grossa\">\n\t\t\t\t<div class=\"sow-accordion-panel-header-container\" role=\"heading\" aria-level=\"2\">\n\t\t\t\t\t<div class=\"sow-accordion-panel-header\" tabindex=\"0\" role=\"button\" id=\"accordion-label-pol%c3%adtica-de-privacidade-e-prote%c3%a7%c3%a3o-de-dados-da-universidade-estadual-de-ponta-grossa\" aria-controls=\"accordion-content-pol%c3%adtica-de-privacidade-e-prote%c3%a7%c3%a3o-de-dados-da-universidade-estadual-de-ponta-grossa\" aria-expanded=\"false\">\n\t\t\t\t\t\t<div class=\"sow-accordion-title sow-accordion-title-icon-left\">\n\t\t\t\t\t\t\t\t\t\t\t\t\t\tPol\u00edtica de Privacidade e Prote\u00e7\u00e3o de Dados da Universidade Estadual de Ponta Grossa\t\t\t\t\t\t\t\t\t\t\t\t\t<\/div>\n\t\t\t\t\t\t<div class=\"sow-accordion-open-close-button\">\n\t\t\t\t\t\t\t<div class=\"sow-accordion-open-button\">\n\t\t\t\t\t\t\t\t<span class=\"sow-icon-ionicons\" data-sow-icon=\"&#xf218;\"\n\t\t \n\t\taria-hidden=\"true\"><\/span>\t\t\t\t\t\t\t<\/div>\n\t\t\t\t\t\t\t<div class=\"sow-accordion-close-button\">\n\t\t\t\t\t\t\t\t<span class=\"sow-icon-ionicons\" data-sow-icon=\"&#xf209;\"\n\t\t \n\t\taria-hidden=\"true\"><\/span>\t\t\t\t\t\t\t<\/div>\n\t\t\t\t\t\t<\/div>\n\t\t\t\t\t<\/div>\n\t\t\t\t<\/div>\n\n\t\t\t<div\n\t\t\t\tclass=\"sow-accordion-panel-content\"\n\t\t\t\trole=\"region\"\n\t\t\t\taria-labelledby=\"accordion-label-pol%c3%adtica-de-privacidade-e-prote%c3%a7%c3%a3o-de-dados-da-universidade-estadual-de-ponta-grossa\"\n\t\t\t\tid=\"accordion-content-pol%c3%adtica-de-privacidade-e-prote%c3%a7%c3%a3o-de-dados-da-universidade-estadual-de-ponta-grossa\"\n\t\t\t\tstyle=\"display: none;\"\t\t\t>\n\t\t\t\t<div class=\"sow-accordion-panel-border\" tabindex=\"0\">\n\t\t\t\t\t<p>Portaria n\u00b0 854 de 20 de dezembro de 2022 - Aprova a Pol\u00edtica de Privacidade e Prote\u00e7\u00e3o de Dados da UEPG.<\/p>\n<p><a href=\"https:\/\/legislacao.apps.uepg.br\/documentosPublico\/28542022-12-2013.pdf\">Pol\u00edtica de Privacidade e Prote\u00e7\u00e3o de Dados<\/a><\/p>\n\t\t\t\t<\/div>\n\t\t\t<\/div>\n\t\t<\/div>\n\t\t\t<div class=\"sow-accordion-panel\"\n\t\t\t data-anchor=\"cartilha-da-cgepr-sobre-a-lei-geral-de-prote%c3%a7%c3%a3o-de-dados\">\n\t\t\t\t<div class=\"sow-accordion-panel-header-container\" role=\"heading\" aria-level=\"2\">\n\t\t\t\t\t<div class=\"sow-accordion-panel-header\" tabindex=\"0\" role=\"button\" id=\"accordion-label-cartilha-da-cgepr-sobre-a-lei-geral-de-prote%c3%a7%c3%a3o-de-dados\" aria-controls=\"accordion-content-cartilha-da-cgepr-sobre-a-lei-geral-de-prote%c3%a7%c3%a3o-de-dados\" aria-expanded=\"false\">\n\t\t\t\t\t\t<div class=\"sow-accordion-title sow-accordion-title-icon-left\">\n\t\t\t\t\t\t\t\t\t\t\t\t\t\tCartilha da CGE\/PR sobre a Lei Geral de Prote\u00e7\u00e3o de Dados\t\t\t\t\t\t\t\t\t\t\t\t\t<\/div>\n\t\t\t\t\t\t<div class=\"sow-accordion-open-close-button\">\n\t\t\t\t\t\t\t<div class=\"sow-accordion-open-button\">\n\t\t\t\t\t\t\t\t<span class=\"sow-icon-ionicons\" data-sow-icon=\"&#xf218;\"\n\t\t \n\t\taria-hidden=\"true\"><\/span>\t\t\t\t\t\t\t<\/div>\n\t\t\t\t\t\t\t<div class=\"sow-accordion-close-button\">\n\t\t\t\t\t\t\t\t<span class=\"sow-icon-ionicons\" data-sow-icon=\"&#xf209;\"\n\t\t \n\t\taria-hidden=\"true\"><\/span>\t\t\t\t\t\t\t<\/div>\n\t\t\t\t\t\t<\/div>\n\t\t\t\t\t<\/div>\n\t\t\t\t<\/div>\n\n\t\t\t<div\n\t\t\t\tclass=\"sow-accordion-panel-content\"\n\t\t\t\trole=\"region\"\n\t\t\t\taria-labelledby=\"accordion-label-cartilha-da-cgepr-sobre-a-lei-geral-de-prote%c3%a7%c3%a3o-de-dados\"\n\t\t\t\tid=\"accordion-content-cartilha-da-cgepr-sobre-a-lei-geral-de-prote%c3%a7%c3%a3o-de-dados\"\n\t\t\t\tstyle=\"display: none;\"\t\t\t>\n\t\t\t\t<div class=\"sow-accordion-panel-border\" tabindex=\"0\">\n\t\t\t\t\t<p><a href=\"https:\/\/www.cge.pr.gov.br\/sites\/default\/arquivos_restritos\/files\/documento\/2025-07\/cartilha%20LGPD%20-%20Versao%202025.pdf\">Cartilha da CGE\/PR<\/a><\/p>\n\t\t\t\t<\/div>\n\t\t\t<\/div>\n\t\t<\/div>\n\t\t\t<div class=\"sow-accordion-panel\"\n\t\t\t data-anchor=\"legisla%c3%a7%c3%a3o-federal\">\n\t\t\t\t<div class=\"sow-accordion-panel-header-container\" role=\"heading\" aria-level=\"2\">\n\t\t\t\t\t<div class=\"sow-accordion-panel-header\" tabindex=\"0\" role=\"button\" id=\"accordion-label-legisla%c3%a7%c3%a3o-federal\" aria-controls=\"accordion-content-legisla%c3%a7%c3%a3o-federal\" aria-expanded=\"false\">\n\t\t\t\t\t\t<div class=\"sow-accordion-title sow-accordion-title-icon-left\">\n\t\t\t\t\t\t\t\t\t\t\t\t\t\tLegisla\u00e7\u00e3o Federal\t\t\t\t\t\t\t\t\t\t\t\t\t<\/div>\n\t\t\t\t\t\t<div class=\"sow-accordion-open-close-button\">\n\t\t\t\t\t\t\t<div class=\"sow-accordion-open-button\">\n\t\t\t\t\t\t\t\t<span class=\"sow-icon-ionicons\" data-sow-icon=\"&#xf218;\"\n\t\t \n\t\taria-hidden=\"true\"><\/span>\t\t\t\t\t\t\t<\/div>\n\t\t\t\t\t\t\t<div class=\"sow-accordion-close-button\">\n\t\t\t\t\t\t\t\t<span class=\"sow-icon-ionicons\" data-sow-icon=\"&#xf209;\"\n\t\t \n\t\taria-hidden=\"true\"><\/span>\t\t\t\t\t\t\t<\/div>\n\t\t\t\t\t\t<\/div>\n\t\t\t\t\t<\/div>\n\t\t\t\t<\/div>\n\n\t\t\t<div\n\t\t\t\tclass=\"sow-accordion-panel-content\"\n\t\t\t\trole=\"region\"\n\t\t\t\taria-labelledby=\"accordion-label-legisla%c3%a7%c3%a3o-federal\"\n\t\t\t\tid=\"accordion-content-legisla%c3%a7%c3%a3o-federal\"\n\t\t\t\tstyle=\"display: none;\"\t\t\t>\n\t\t\t\t<div class=\"sow-accordion-panel-border\" tabindex=\"0\">\n\t\t\t\t\t<p><a href=\"https:\/\/www.planalto.gov.br\/ccivil_03\/_ato2015-2018\/2018\/lei\/l13709.htm\">Lei Geral de Prote\u00e7\u00e3o de Dados Pessoais<\/a><\/p>\n\t\t\t\t<\/div>\n\t\t\t<\/div>\n\t\t<\/div>\n\t\t\t<div class=\"sow-accordion-panel\"\n\t\t\t data-anchor=\"legisla%c3%a7%c3%a3o-estadual\">\n\t\t\t\t<div class=\"sow-accordion-panel-header-container\" role=\"heading\" aria-level=\"2\">\n\t\t\t\t\t<div class=\"sow-accordion-panel-header\" tabindex=\"0\" role=\"button\" id=\"accordion-label-legisla%c3%a7%c3%a3o-estadual\" aria-controls=\"accordion-content-legisla%c3%a7%c3%a3o-estadual\" aria-expanded=\"false\">\n\t\t\t\t\t\t<div class=\"sow-accordion-title sow-accordion-title-icon-left\">\n\t\t\t\t\t\t\t\t\t\t\t\t\t\tLegisla\u00e7\u00e3o Estadual\t\t\t\t\t\t\t\t\t\t\t\t\t<\/div>\n\t\t\t\t\t\t<div class=\"sow-accordion-open-close-button\">\n\t\t\t\t\t\t\t<div class=\"sow-accordion-open-button\">\n\t\t\t\t\t\t\t\t<span class=\"sow-icon-ionicons\" data-sow-icon=\"&#xf218;\"\n\t\t \n\t\taria-hidden=\"true\"><\/span>\t\t\t\t\t\t\t<\/div>\n\t\t\t\t\t\t\t<div class=\"sow-accordion-close-button\">\n\t\t\t\t\t\t\t\t<span class=\"sow-icon-ionicons\" data-sow-icon=\"&#xf209;\"\n\t\t \n\t\taria-hidden=\"true\"><\/span>\t\t\t\t\t\t\t<\/div>\n\t\t\t\t\t\t<\/div>\n\t\t\t\t\t<\/div>\n\t\t\t\t<\/div>\n\n\t\t\t<div\n\t\t\t\tclass=\"sow-accordion-panel-content\"\n\t\t\t\trole=\"region\"\n\t\t\t\taria-labelledby=\"accordion-label-legisla%c3%a7%c3%a3o-estadual\"\n\t\t\t\tid=\"accordion-content-legisla%c3%a7%c3%a3o-estadual\"\n\t\t\t\tstyle=\"display: none;\"\t\t\t>\n\t\t\t\t<div class=\"sow-accordion-panel-border\" tabindex=\"0\">\n\t\t\t\t\t<p>Decreto Estadual n\u00ba 6474, de 14 de dezembro de 2020 - <em>Regulamenta a aplica\u00e7\u00e3o da Lei Federal n\u00ba 13.709, de 14 de agosto de 2018 - Lei Geral de Prote\u00e7\u00e3o de Dados Pessoais (LGPD), no \u00e2mbito da Administra\u00e7\u00e3o P\u00fablica Estadual direta, aut\u00e1rquica e fundacional do Poder Executivo do Estado do Paran\u00e1. <\/em>\u00a0<a href=\"https:\/\/www.legisweb.com.br\/legislacao\/?id=406039\">Link do Decreto<\/a><\/p>\n<p>Decreto Estadual n\u00ba 9185, de 26 de outubro de 2021 - <em>Altera e acrescenta os dispositivos que especifica no Decreto n\u00ba 6.474, de 14 de dezembro de 2020, que regulamenta a aplica\u00e7\u00e3o da Lei Federal n\u00ba 13.709, de 14 de agosto de 2018 - Lei Geral de Prote\u00e7\u00e3o de Dados Pessoais (LGPD), no \u00e2mbito da Administra\u00e7\u00e3o P\u00fablica Estadual direta, aut\u00e1rquica e fundacional do Poder Executivo do Estado do Paran\u00e1<\/em>. <a href=\"https:\/\/www.legisweb.com.br\/legislacao\/?id=422214\">Link do Decreto<\/a><\/p>\n\t\t\t\t<\/div>\n\t\t\t<\/div>\n\t\t<\/div>\n\t\t\t<div class=\"sow-accordion-panel\"\n\t\t\t data-anchor=\"defini%c3%a7%c3%b5es-legais-conforme-a-lei-geral-de-prote%c3%a7%c3%a3o-de-dados-pessoais\">\n\t\t\t\t<div class=\"sow-accordion-panel-header-container\" role=\"heading\" aria-level=\"2\">\n\t\t\t\t\t<div class=\"sow-accordion-panel-header\" tabindex=\"0\" role=\"button\" id=\"accordion-label-defini%c3%a7%c3%b5es-legais-conforme-a-lei-geral-de-prote%c3%a7%c3%a3o-de-dados-pessoais\" aria-controls=\"accordion-content-defini%c3%a7%c3%b5es-legais-conforme-a-lei-geral-de-prote%c3%a7%c3%a3o-de-dados-pessoais\" aria-expanded=\"false\">\n\t\t\t\t\t\t<div class=\"sow-accordion-title sow-accordion-title-icon-left\">\n\t\t\t\t\t\t\t\t\t\t\t\t\t\tDefini\u00e7\u00f5es Legais conforme a Lei Geral de Prote\u00e7\u00e3o de Dados Pessoais\t\t\t\t\t\t\t\t\t\t\t\t\t<\/div>\n\t\t\t\t\t\t<div class=\"sow-accordion-open-close-button\">\n\t\t\t\t\t\t\t<div class=\"sow-accordion-open-button\">\n\t\t\t\t\t\t\t\t<span class=\"sow-icon-ionicons\" data-sow-icon=\"&#xf218;\"\n\t\t \n\t\taria-hidden=\"true\"><\/span>\t\t\t\t\t\t\t<\/div>\n\t\t\t\t\t\t\t<div class=\"sow-accordion-close-button\">\n\t\t\t\t\t\t\t\t<span class=\"sow-icon-ionicons\" data-sow-icon=\"&#xf209;\"\n\t\t \n\t\taria-hidden=\"true\"><\/span>\t\t\t\t\t\t\t<\/div>\n\t\t\t\t\t\t<\/div>\n\t\t\t\t\t<\/div>\n\t\t\t\t<\/div>\n\n\t\t\t<div\n\t\t\t\tclass=\"sow-accordion-panel-content\"\n\t\t\t\trole=\"region\"\n\t\t\t\taria-labelledby=\"accordion-label-defini%c3%a7%c3%b5es-legais-conforme-a-lei-geral-de-prote%c3%a7%c3%a3o-de-dados-pessoais\"\n\t\t\t\tid=\"accordion-content-defini%c3%a7%c3%b5es-legais-conforme-a-lei-geral-de-prote%c3%a7%c3%a3o-de-dados-pessoais\"\n\t\t\t\tstyle=\"display: none;\"\t\t\t>\n\t\t\t\t<div class=\"sow-accordion-panel-border\" tabindex=\"0\">\n\t\t\t\t\t<p><span style=\"font-weight: 400\">Art. 5\u00ba Para os fins desta Lei, considera-se:<\/span><\/p>\n<p><span style=\"font-weight: 400\">I - dado pessoal: informa\u00e7\u00e3o relacionada a pessoa natural identificada ou identific\u00e1vel;<\/span><\/p>\n<p><span style=\"font-weight: 400\">II - dado pessoal sens\u00edvel: dado pessoal sobre origem racial ou \u00e9tnica, convic\u00e7\u00e3o religiosa, opini\u00e3o pol\u00edtica, filia\u00e7\u00e3o a sindicato ou a organiza\u00e7\u00e3o de car\u00e1ter religioso, filos\u00f3fico ou pol\u00edtico, dado referente \u00e0 sa\u00fade ou \u00e0 vida sexual, dado gen\u00e9tico ou biom\u00e9trico, quando vinculado a uma pessoa natural;<\/span><\/p>\n<p><span style=\"font-weight: 400\">III - dado anonimizado: dado relativo a titular que n\u00e3o possa ser identificado, considerando a utiliza\u00e7\u00e3o de meios t\u00e9cnicos razo\u00e1veis e dispon\u00edveis na ocasi\u00e3o de seu tratamento;<\/span><\/p>\n<p><span style=\"font-weight: 400\">IV - banco de dados: conjunto estruturado de dados pessoais, estabelecido em um ou em v\u00e1rios locais, em suporte eletr\u00f4nico ou f\u00edsico;<\/span><\/p>\n<p><span style=\"font-weight: 400\">V - titular: pessoa natural a quem se referem os dados pessoais que s\u00e3o objeto de tratamento;<\/span><\/p>\n<p><span style=\"font-weight: 400\">VI - controlador: pessoa natural ou jur\u00eddica, de direito p\u00fablico ou privado, a quem competem as decis\u00f5es referentes ao tratamento de dados pessoais;<\/span><\/p>\n<p><span style=\"font-weight: 400\">VII - operador: pessoa natural ou jur\u00eddica, de direito p\u00fablico ou privado, que realiza o tratamento de dados pessoais em nome do controlador;<\/span><\/p>\n<p><span style=\"font-weight: 400\">VIII - encarregado: pessoa indicada pelo controlador e operador para atuar como canal de comunica\u00e7\u00e3o entre o controlador, os titulares dos dados e a Ag\u00eancia Nacional de Prote\u00e7\u00e3o de Dados (ANPD);\u00a0\u00a0<\/span><\/p>\n<p><span style=\"font-weight: 400\">IX - agentes de tratamento: o controlador e o operador;<\/span><\/p>\n<p><span style=\"font-weight: 400\">X - tratamento: toda opera\u00e7\u00e3o realizada com dados pessoais, como as que se referem a coleta, produ\u00e7\u00e3o, recep\u00e7\u00e3o, classifica\u00e7\u00e3o, utiliza\u00e7\u00e3o, acesso, reprodu\u00e7\u00e3o, transmiss\u00e3o, distribui\u00e7\u00e3o, processamento, arquivamento, armazenamento, elimina\u00e7\u00e3o, avalia\u00e7\u00e3o ou controle da informa\u00e7\u00e3o, modifica\u00e7\u00e3o, comunica\u00e7\u00e3o, transfer\u00eancia, difus\u00e3o ou extra\u00e7\u00e3o;<\/span><\/p>\n<p><span style=\"font-weight: 400\">XI - anonimiza\u00e7\u00e3o: utiliza\u00e7\u00e3o de meios t\u00e9cnicos razo\u00e1veis e dispon\u00edveis no momento do tratamento, por meio dos quais um dado perde a possibilidade de associa\u00e7\u00e3o, direta ou indireta, a um indiv\u00edduo;<\/span><\/p>\n<p><span style=\"font-weight: 400\">XII - consentimento: manifesta\u00e7\u00e3o livre, informada e inequ\u00edvoca pela qual o titular concorda com o tratamento de seus dados pessoais para uma finalidade determinada;<\/span><\/p>\n<p><span style=\"font-weight: 400\">XIII - bloqueio: suspens\u00e3o tempor\u00e1ria de qualquer opera\u00e7\u00e3o de tratamento, mediante guarda do dado pessoal ou do banco de dados;<\/span><\/p>\n<p><span style=\"font-weight: 400\">XIV - elimina\u00e7\u00e3o: exclus\u00e3o de dado ou de conjunto de dados armazenados em banco de dados, independentemente do procedimento empregado;<\/span><\/p>\n<p><span style=\"font-weight: 400\">XV - transfer\u00eancia internacional de dados: transfer\u00eancia de dados pessoais para pa\u00eds estrangeiro ou organismo internacional do qual o pa\u00eds seja membro;<\/span><\/p>\n<p><span style=\"font-weight: 400\">XVI - uso compartilhado de dados: comunica\u00e7\u00e3o, difus\u00e3o, transfer\u00eancia internacional, interconex\u00e3o de dados pessoais ou tratamento compartilhado de bancos de dados pessoais por \u00f3rg\u00e3os e entidades p\u00fablicos no cumprimento de suas compet\u00eancias legais, ou entre esses e entes privados, reciprocamente, com autoriza\u00e7\u00e3o espec\u00edfica, para uma ou mais modalidades de tratamento permitidas por esses entes p\u00fablicos, ou entre entes privados;<\/span><\/p>\n<p><span style=\"font-weight: 400\">XVII - relat\u00f3rio de impacto \u00e0 prote\u00e7\u00e3o de dados pessoais: documenta\u00e7\u00e3o do controlador que cont\u00e9m a descri\u00e7\u00e3o dos processos de tratamento de dados pessoais que podem gerar riscos \u00e0s liberdades civis e aos direitos fundamentais, bem como medidas, salvaguardas e mecanismos de mitiga\u00e7\u00e3o de risco;<\/span><\/p>\n<p><span style=\"font-weight: 400\">XVIII - \u00f3rg\u00e3o de pesquisa: \u00f3rg\u00e3o ou entidade da administra\u00e7\u00e3o p\u00fablica direta ou indireta ou pessoa jur\u00eddica de direito privado sem fins lucrativos legalmente constitu\u00edda sob as leis brasileiras, com sede e foro no Pa\u00eds, que inclua em sua miss\u00e3o institucional ou em seu objetivo social ou estatut\u00e1rio a pesquisa b\u00e1sica ou aplicada de car\u00e1ter hist\u00f3rico, cient\u00edfico, tecnol\u00f3gico ou estat\u00edstico; e\u00a0<\/span><\/p>\n<p><span style=\"font-weight: 400\">XIX - autoridade nacional: entidade da administra\u00e7\u00e3o p\u00fablica respons\u00e1vel por zelar, implementar e fiscalizar o cumprimento desta Lei em todo o territ\u00f3rio nacional.\u00a0\u00a0\u00a0<\/span><\/p>\n\t\t\t\t<\/div>\n\t\t\t<\/div>\n\t\t<\/div>\n\t\t<\/div>\n<\/div>\n<\/div><\/div><\/div><\/div><\/div>","protected":false},"excerpt":{"rendered":"<p>Prote\u00e7\u00e3o de Dados Pessoais (LGPD) Em conformidade com a Lei Geral de Prote\u00e7\u00e3o de Dados Pessoais (Lei n\u00ba 13.709\/2018), a Universidade Estadual de Ponta Grossa UEPG) estabelece os canais de comunica\u00e7\u00e3o e medidas de transpar\u00eancia e seguran\u00e7a para o tratamento de dados pessoais no \u00e2mbito institucional.<\/p>\n","protected":false},"author":247,"featured_media":0,"parent":0,"menu_order":0,"comment_status":"closed","ping_status":"closed","template":"","meta":[],"_links":{"self":[{"href":"https:\/\/www2.uepg.br\/transparencia\/wp-json\/wp\/v2\/pages\/344"}],"collection":[{"href":"https:\/\/www2.uepg.br\/transparencia\/wp-json\/wp\/v2\/pages"}],"about":[{"href":"https:\/\/www2.uepg.br\/transparencia\/wp-json\/wp\/v2\/types\/page"}],"author":[{"embeddable":true,"href":"https:\/\/www2.uepg.br\/transparencia\/wp-json\/wp\/v2\/users\/247"}],"replies":[{"embeddable":true,"href":"https:\/\/www2.uepg.br\/transparencia\/wp-json\/wp\/v2\/comments?post=344"}],"version-history":[{"count":29,"href":"https:\/\/www2.uepg.br\/transparencia\/wp-json\/wp\/v2\/pages\/344\/revisions"}],"predecessor-version":[{"id":656,"href":"https:\/\/www2.uepg.br\/transparencia\/wp-json\/wp\/v2\/pages\/344\/revisions\/656"}],"wp:attachment":[{"href":"https:\/\/www2.uepg.br\/transparencia\/wp-json\/wp\/v2\/media?parent=344"}],"curies":[{"name":"wp","href":"https:\/\/api.w.org\/{rel}","templated":true}]}}